{"version":"1.0","provider_name":"DAKARMANIA.cz","provider_url":"https:\/\/www.dakarmania.cz","author_name":"Zden\u011bk Zelenka","author_url":"https:\/\/www.dakarmania.cz\/index.php\/author\/dakarmania\/","title":"Dakar 2020: Indicie nasv\u011bd\u010duj\u00ed n\u00e1vratu do Afriky - DAKARMANIA.cz","type":"rich","width":600,"height":338,"html":"<blockquote class=\"wp-embedded-content\" data-secret=\"SCIIAI3SE1\"><a href=\"https:\/\/www.dakarmania.cz\/index.php\/2019\/02\/01\/dakar-2020-indicie-nasvedcuji-navratu-do-afriky\/\">Dakar 2020: Indicie nasv\u011bd\u010duj\u00ed n\u00e1vratu do Afriky<\/a><\/blockquote><iframe sandbox=\"allow-scripts\" security=\"restricted\" src=\"https:\/\/www.dakarmania.cz\/index.php\/2019\/02\/01\/dakar-2020-indicie-nasvedcuji-navratu-do-afriky\/embed\/#?secret=SCIIAI3SE1\" width=\"600\" height=\"338\" title=\"&#8222;Dakar 2020: Indicie nasv\u011bd\u010duj\u00ed n\u00e1vratu do Afriky&#8220; &#8212; DAKARMANIA.cz\" data-secret=\"SCIIAI3SE1\" frameborder=\"0\" marginwidth=\"0\" marginheight=\"0\" scrolling=\"no\" class=\"wp-embedded-content\"><\/iframe><script type=\"text\/javascript\">\n\/* <![CDATA[ *\/\n\/*! This file is auto-generated *\/\n!function(d,l){\"use strict\";l.querySelector&&d.addEventListener&&\"undefined\"!=typeof URL&&(d.wp=d.wp||{},d.wp.receiveEmbedMessage||(d.wp.receiveEmbedMessage=function(e){var t=e.data;if((t||t.secret||t.message||t.value)&&!\/[^a-zA-Z0-9]\/.test(t.secret)){for(var s,r,n,a=l.querySelectorAll('iframe[data-secret=\"'+t.secret+'\"]'),o=l.querySelectorAll('blockquote[data-secret=\"'+t.secret+'\"]'),c=new RegExp(\"^https?:$\",\"i\"),i=0;i<o.length;i++)o[i].style.display=\"none\";for(i=0;i<a.length;i++)s=a[i],e.source===s.contentWindow&&(s.removeAttribute(\"style\"),\"height\"===t.message?(1e3<(r=parseInt(t.value,10))?r=1e3:~~r<200&&(r=200),s.height=r):\"link\"===t.message&&(r=new URL(s.getAttribute(\"src\")),n=new URL(t.value),c.test(n.protocol))&&n.host===r.host&&l.activeElement===s&&(d.top.location.href=t.value))}},d.addEventListener(\"message\",d.wp.receiveEmbedMessage,!1),l.addEventListener(\"DOMContentLoaded\",function(){for(var e,t,s=l.querySelectorAll(\"iframe.wp-embedded-content\"),r=0;r<s.length;r++)(t=(e=s[r]).getAttribute(\"data-secret\"))||(t=Math.random().toString(36).substring(2,12),e.src+=\"#?secret=\"+t,e.setAttribute(\"data-secret\",t)),e.contentWindow.postMessage({message:\"ready\",secret:t},\"*\")},!1)))}(window,document);\n\/\/# sourceURL=https:\/\/www.dakarmania.cz\/wp-includes\/js\/wp-embed.min.js\n\/* ]]> *\/\n<\/script>\n","thumbnail_url":"https:\/\/www.dakarmania.cz\/wp-content\/uploads\/2019\/02\/19-dakar-al-attiyah-25.jpg","thumbnail_width":2048,"thumbnail_height":1365,"description":"Ji\u017en\u00ed Amerika se z pohledu organiz\u00e1tor\u016f Rally Dakar z\u0159ejm\u011b vy\u010derpala. Dakar se tak p\u0159ibl\u00ed\u017eil sv\u00e9mu n\u00e1vratu do Afriky, i kdy\u017e ve h\u0159e jsou i dal\u0161\u00ed destinace."}