{"id":11510,"date":"2019-09-13T16:22:03","date_gmt":"2019-09-13T14:22:03","guid":{"rendered":"https:\/\/www.dakarmania.cz\/?page_id=11510"},"modified":"2023-03-16T17:26:33","modified_gmt":"2023-03-16T16:26:33","slug":"david-schovanek","status":"publish","type":"page","link":"https:\/\/www.dakarmania.cz\/index.php\/osobnosti\/david-schovanek\/","title":{"rendered":"David Schov\u00e1nek"},"content":{"rendered":"<p>[vc_row][vc_column][vc_btn title=&#8221;Osobnosti&#8221; style=&#8221;outline&#8221; shape=&#8221;square&#8221; size=&#8221;xs&#8221; align=&#8221;right&#8221; i_align=&#8221;right&#8221; i_icon_fontawesome=&#8221;fa fa-chevron-up&#8221; css_animation=&#8221;fadeIn&#8221; add_icon=&#8221;true&#8221; css=&#8221;.vc_custom_1565871840851{padding-right: 1px !important;padding-left: 1px !important;}&#8221; link=&#8221;url:%2Findex.php%2Fosobnosti%2F|||&#8221;][vc_column_text css_animation=&#8221;fadeIn&#8221; css=&#8221;.vc_custom_1568383874280{padding-top: 200px !important;padding-right: 15px !important;padding-bottom: 15px !important;padding-left: 15px !important;background: #f2f2f2 url(https:\/\/www.dakarmania.cz\/wp-content\/uploads\/2019\/09\/profile-schovanek-01.jpg?id=11505) !important;background-position: center !important;background-repeat: no-repeat !important;background-size: cover !important;}&#8221;]<\/p>\n<h1 style=\"text-align: left;\"><span style=\"background-color: #ee8027; opacity: 0.7;\"><span style=\"color: #ffffff; padding: 10px;\">DAVID SCHOV\u00c1NEK<\/span><\/span><\/h1>\n<p>[\/vc_column_text][vc_column_text css_animation=&#8221;fadeIn&#8221; css=&#8221;.vc_custom_1579781284286{padding-top: 10px !important;padding-right: 10px !important;padding-bottom: 10px !important;padding-left: 10px !important;}&#8221;]<img decoding=\"async\" style=\"border: 1px solid gray;\" src=\"\/wp-content\/uploads\/2019\/02\/flag-cz-18x12.png\" \/> <strong>\u010cesk\u00e1 republika<\/strong> | * 20. \u010dervence 1978, P\u0159\u00edbram<\/p>\n<p>11. m\u00edsto na Rally Dakar (2020)[\/vc_column_text][vc_tta_tour shape=&#8221;square&#8221; alignment=&#8221;center&#8221; active_section=&#8221;1&#8243; css_animation=&#8221;fadeIn&#8221;][vc_tta_section title=&#8221;Dakar&#8221; tab_id=&#8221;dakar&#8221;][vc_column_text css_animation=&#8221;fadeIn&#8221;]<\/p>\n<table style=\"width: 97.7654%;\" rules=\"rows\" cellpadding=\"4px\">\n<tbody>\n<tr style=\"background-color: #9e9d9d; color: white;\">\n<td class=\"nomobile\" style=\"text-align: center;\"><span style=\"font-size: 8pt;\"><strong>\u00fa\u010dast<\/strong><\/span><\/td>\n<td style=\"text-align: center;\"><span style=\"font-size: 8pt;\"><strong>ro\u010dn\u00edk<\/strong><\/span><\/td>\n<td class=\"nomobile\" style=\"text-align: center;\"><span style=\"font-size: 8pt;\"><strong>datum<\/strong><\/span><\/td>\n<td><span style=\"font-size: 8pt;\"><strong>jezdec,<br \/>\nmechanik<\/strong><\/span><\/td>\n<td><span style=\"font-size: 8pt;\"><strong>v\u016fz, t\u00fdm<\/strong><\/span><\/td>\n<td style=\"text-align: center;\"><span style=\"font-size: 8pt;\"><strong>v\u00fdsledek<\/strong><\/span><\/td>\n<td class=\"nomobile\" style=\"text-align: center;\"><span style=\"font-size: 8pt;\"><strong>kategorie<\/strong><\/span><\/td>\n<\/tr>\n<tr style=\"background-color: #f2f2f2;\">\n<td class=\"nomobile\" style=\"text-align: center;\">1.<\/td>\n<td style=\"text-align: center;\">2017<\/td>\n<td class=\"nomobile\" style=\"text-align: center;\">02-14\/01<\/td>\n<td>Karel Trn\u011bn\u00fd<br \/>\n<a href=\"\/index.php\/osobnosti\/petr-pokora\/\"><span style=\"color: #ee8027;\">Petr Pokora<\/span><\/a><\/td>\n<td>MAN TGA<br \/>\nMP-Sports<\/td>\n<td style=\"text-align: center;\">DNF<\/td>\n<td class=\"nomobile\" style=\"text-align: center;\">kamiony<\/td>\n<\/tr>\n<tr style=\"background-color: #dbd9d9;\">\n<td class=\"nomobile\" style=\"text-align: center;\">2.<\/td>\n<td style=\"text-align: center;\">2018<br \/>\n<img decoding=\"async\" src=\"\/wp-content\/uploads\/2019\/03\/flag-pe-18x12.png\" \/> <img decoding=\"async\" src=\"\/wp-content\/uploads\/2019\/08\/flag-bo-18x12.png\" \/> <img decoding=\"async\" src=\"\/wp-content\/uploads\/2019\/06\/flag-ar-18x12.png\" \/><\/td>\n<td class=\"nomobile\" style=\"text-align: center;\">06-20\/01<\/td>\n<td>Robert Rand\u00fdsek<br \/>\n<a href=\"\/index.php\/osobnosti\/petr-pokora\/\"><span style=\"color: #ee8027;\">Petr Pokora<\/span><\/a><\/td>\n<td>MAN TGA<br \/>\nMP-Sports<\/td>\n<td style=\"text-align: center;\">DNF<\/td>\n<td class=\"nomobile\" style=\"text-align: center;\">kamiony<\/td>\n<\/tr>\n<tr style=\"background-color: #f2f2f2;\">\n<td class=\"nomobile\" style=\"text-align: center;\">3.<\/td>\n<td style=\"text-align: center;\"><a href=\"\/index.php\/souteze\/dakar-2019\/\"><span style=\"color: #ee8027;\">2019<\/span><\/a><br \/>\n<img decoding=\"async\" src=\"\/wp-content\/uploads\/2019\/03\/flag-pe-18x12.png\" \/><\/td>\n<td class=\"nomobile\" style=\"text-align: center;\">06-17\/01<\/td>\n<td><a href=\"\/index.php\/osobnosti\/martin-soltys\/\"><span style=\"color: #ee8027;\">Martin \u0160oltys<\/span><\/a><br \/>\n<a href=\"\/index.php\/osobnosti\/tomas-sikola\/\"><span style=\"color: #ee8027;\">Tom\u00e1\u0161 \u0160ikola<\/span><\/a><\/td>\n<td>Tatra Phoenix<br \/>\nTatra Buggyra Racing<\/td>\n<td style=\"text-align: center;\">DNF<\/td>\n<td class=\"nomobile\" style=\"text-align: center;\">kamiony<\/td>\n<\/tr>\n<tr style=\"background-color: #dbd9d9;\">\n<td class=\"nomobile\" style=\"text-align: center;\">4.<\/td>\n<td style=\"text-align: center;\"><a href=\"\/index.php\/souteze\/dakar-2020\/\"><span style=\"color: #ee8027;\">2020<\/span><\/a><br \/>\n<img decoding=\"async\" src=\"\/wp-content\/uploads\/2019\/03\/flag-sa-18x12.png\" \/><\/td>\n<td class=\"nomobile\" style=\"text-align: center;\">04-17\/01<\/td>\n<td><a href=\"\/index.php\/osobnosti\/martin-soltys\/\"><span style=\"color: #ee8027;\">Martin \u0160oltys<\/span><\/a><br \/>\n<a href=\"\/index.php\/osobnosti\/tomas-sikola\/\"><span style=\"color: #ee8027;\">Tom\u00e1\u0161 \u0160ikola<\/span><\/a><\/td>\n<td>Tatra Phoenix<br \/>\nTatra Buggyra Racing<\/td>\n<td style=\"text-align: center;\">11.<\/td>\n<td class=\"nomobile\" style=\"text-align: center;\">kamiony<\/td>\n<\/tr>\n<tr style=\"background-color: #f2f2f2;\">\n<td class=\"nomobile\" style=\"text-align: center;\">5.<\/td>\n<td style=\"text-align: center;\"><a href=\"\/index.php\/souteze\/dakar-2021\/\"><span style=\"color: #ee8027;\">2021<\/span><\/a><br \/>\n<img decoding=\"async\" src=\"\/wp-content\/uploads\/2019\/03\/flag-sa-18x12.png\" \/><\/td>\n<td class=\"nomobile\" style=\"text-align: center;\">02-15\/01<\/td>\n<td><a href=\"\/index.php\/osobnosti\/martin-soltys\/\"><span style=\"color: #ee8027;\">Martin \u0160oltys<\/span><\/a><br \/>\n<a href=\"\/index.php\/osobnosti\/tomas-sikola\/\"><span style=\"color: #ee8027;\">Tom\u00e1\u0161 \u0160ikola<\/span><\/a><\/td>\n<td>Tatra Phoenix<br \/>\nTatra Buggyra Racing<\/td>\n<td style=\"text-align: center;\"><\/td>\n<td class=\"nomobile\" style=\"text-align: center;\">kamiony<\/td>\n<\/tr>\n<\/tbody>\n<\/table>\n<p>[\/vc_column_text][\/vc_tta_section][vc_tta_section title=&#8221;2020&#8243; tab_id=&#8221;2020&#8243;][vc_column_text css_animation=&#8221;fadeIn&#8221;]<\/p>\n<table style=\"width: 97.7654%;\" rules=\"rows\" cellpadding=\"4px\">\n<tbody>\n<tr style=\"background-color: #9e9d9d; color: white;\">\n<td style=\"text-align: center;\"><span style=\"font-size: 8pt;\"><strong>sout\u011b\u017e<\/strong><\/span><\/td>\n<td class=\"nomobile\" style=\"text-align: center;\"><span style=\"font-size: 8pt;\"><strong>\u0161ampion\u00e1t,<br \/>\ndatum<\/strong><\/span><\/td>\n<td><span style=\"font-size: 8pt;\"><strong>jezdec,<br \/>\nmechanik<\/strong><\/span><\/td>\n<td><span style=\"font-size: 8pt;\"><strong>v\u016fz, t\u00fdm<\/strong><\/span><\/td>\n<td style=\"text-align: center;\"><span style=\"font-size: 8pt;\"><strong>v\u00fdsledek<\/strong><\/span><\/td>\n<td class=\"nomobile\" style=\"text-align: center;\"><span style=\"font-size: 8pt;\"><strong>kategorie<\/strong><\/span><\/td>\n<\/tr>\n<tr style=\"background-color: #f2f2f2;\">\n<td style=\"text-align: center;\"><a href=\"\/index.php\/souteze\/dakar-2020\/\"><span style=\"color: #ee8027;\">Rally Dakar<\/span><\/a><br \/>\n<img decoding=\"async\" src=\"\/wp-content\/uploads\/2019\/03\/flag-sa-18x12.png\" \/><\/td>\n<td class=\"nomobile\" style=\"text-align: center;\">04-17\/01<\/td>\n<td><a href=\"\/index.php\/osobnosti\/martin-soltys\/\"><span style=\"color: #ee8027;\">Martin \u0160oltys<\/span><\/a><br \/>\n<a href=\"\/index.php\/osobnosti\/tomas-sikola\/\"><span style=\"color: #ee8027;\">Tom\u00e1\u0161 \u0160ikola<\/span><\/a><\/td>\n<td>Tatra Phoenix<br \/>\nTatra Buggyra Racing<\/td>\n<td style=\"text-align: center;\">11.<\/td>\n<td class=\"nomobile\" style=\"text-align: center;\">kamiony<\/td>\n<\/tr>\n<\/tbody>\n<\/table>\n<p>[\/vc_column_text][vc_column_text css_animation=&#8221;fadeIn&#8221;]<strong>Dakar:<\/strong> p\u0159i \u010dtvrt\u00e9m startu poprv\u00e9 dokon\u010dil[\/vc_column_text][\/vc_tta_section][vc_tta_section title=&#8221;2019&#8243; tab_id=&#8221;2019&#8243;][vc_column_text css_animation=&#8221;fadeIn&#8221;]<\/p>\n<table style=\"width: 97.7654%;\" rules=\"rows\" cellpadding=\"4px\">\n<tbody>\n<tr style=\"background-color: #9e9d9d; color: white;\">\n<td style=\"text-align: center;\"><span style=\"font-size: 8pt;\"><strong>sout\u011b\u017e<\/strong><\/span><\/td>\n<td class=\"nomobile\" style=\"text-align: center;\"><span style=\"font-size: 8pt;\"><strong>\u0161ampion\u00e1t,<br \/>\ndatum<\/strong><\/span><\/td>\n<td><span style=\"font-size: 8pt;\"><strong>jezdec,<br \/>\nmechanik<\/strong><\/span><\/td>\n<td><span style=\"font-size: 8pt;\"><strong>v\u016fz, t\u00fdm<\/strong><\/span><\/td>\n<td style=\"text-align: center;\"><span style=\"font-size: 8pt;\"><strong>v\u00fdsledek<\/strong><\/span><\/td>\n<td class=\"nomobile\" style=\"text-align: center;\"><span style=\"font-size: 8pt;\"><strong>kategorie<\/strong><\/span><\/td>\n<\/tr>\n<tr style=\"background-color: #f2f2f2;\">\n<td style=\"text-align: center;\"><a href=\"\/index.php\/souteze\/dakar-2019\/\"><span style=\"color: #ee8027;\">Rally Dakar<\/span><\/a><br \/>\n<img decoding=\"async\" src=\"\/wp-content\/uploads\/2019\/03\/flag-pe-18x12.png\" \/><\/td>\n<td class=\"nomobile\" style=\"text-align: center;\">06-17\/01<\/td>\n<td><a href=\"\/index.php\/osobnosti\/martin-soltys\/\"><span style=\"color: #ee8027;\">Martin \u0160oltys<\/span><\/a><br \/>\n<a href=\"\/index.php\/osobnosti\/tomas-sikola\/\"><span style=\"color: #ee8027;\">Tom\u00e1\u0161 \u0160ikola<\/span><\/a><\/td>\n<td>Tatra Phoenix<br \/>\nTatra Buggyra Racing<\/td>\n<td style=\"text-align: center;\">DNF<\/td>\n<td class=\"nomobile\" style=\"text-align: center;\">kamiony<\/td>\n<\/tr>\n<\/tbody>\n<\/table>\n<p>[\/vc_column_text][\/vc_tta_section][\/vc_tta_tour][vc_raw_html]JTVCZm9vZ2FsbGVyeS1hbGJ1bSUyMGlkJTNEJTIyMTE1MDklMjIlNUQ=[\/vc_raw_html][\/vc_column][\/vc_row][vc_row][vc_column][vc_masonry_grid post_type=&#8221;post&#8221; max_items=&#8221;100&#8243; style=&#8221;lazy&#8221; items_per_page=&#8221;3&#8243; show_filter=&#8221;yes&#8221; gap=&#8221;5&#8243; filter_style=&#8221;filled&#8221; item=&#8221;3404&#8243; grid_id=&#8221;vc_gid:1609422678060-e355903c-039e-0&#8243; taxonomies=&#8221;138&#8243; filter_source=&#8221;category&#8221;][\/vc_column][\/vc_row]<\/p>\n","protected":false},"excerpt":{"rendered":"<p>[vc_row][vc_column][vc_btn title=&#8221;Osobnosti&#8221; style=&#8221;outline&#8221; shape=&#8221;square&#8221; size=&#8221;xs&#8221; align=&#8221;right&#8221; i_align=&#8221;right&#8221; i_icon_fontawesome=&#8221;fa fa-chevron-up&#8221; css_animation=&#8221;fadeIn&#8221; add_icon=&#8221;true&#8221; css=&#8221;.vc_custom_1565871840851{padding-right: 1px !important;padding-left: 1px !important;}&#8221; link=&#8221;url:%2Findex.php%2Fosobnosti%2F|||&#8221;][vc_column_text css_animation=&#8221;fadeIn&#8221; css=&#8221;.vc_custom_1568383874280{padding-top: 200px !important;padding-right: 15px !important;padding-bottom: 15px !important;padding-left: 15px !important;background: #f2f2f2 url(https:\/\/www.dakarmania.cz\/wp-content\/uploads\/2019\/09\/profile-schovanek-01.jpg?id=11505) !important;background-position: center !important;background-repeat: no-repeat !important;background-size: cover !important;}&#8221;] DAVID SCHOV\u00c1NEK [\/vc_column_text][vc_column_text css_animation=&#8221;fadeIn&#8221; css=&#8221;.vc_custom_1579781284286{padding-top: 10px !important;padding-right: 10px !important;padding-bottom: 10px !important;padding-left: 10px !important;}&#8221;] \u010cesk\u00e1 republika | * 20. \u010dervence [&hellip;]<\/p>\n","protected":false},"author":1,"featured_media":11505,"parent":3629,"menu_order":2311,"comment_status":"closed","ping_status":"closed","template":"page-templates\/builder.php","meta":{"footnotes":""},"class_list":["post-11510","page","type-page","status-publish","has-post-thumbnail","hentry"],"yoast_head":"<!-- This site is optimized with the Yoast SEO plugin v24.9 - https:\/\/yoast.com\/wordpress\/plugins\/seo\/ -->\n<title>David Schov\u00e1nek - DAKARMANIA.cz<\/title>\n<meta name=\"description\" content=\"David Schov\u00e1nek je \u010desk\u00fd automobilov\u00fd z\u00e1vodn\u00edk, navig\u00e1tor, n\u011bkolikan\u00e1sobn\u00fd \u00fa\u010dastn\u00edk Rally Dakar a dal\u0161\u00edch cross-country rally.\" \/>\n<meta name=\"robots\" content=\"index, follow, max-snippet:-1, max-image-preview:large, max-video-preview:-1\" \/>\n<link rel=\"canonical\" href=\"https:\/\/www.dakarmania.cz\/index.php\/osobnosti\/david-schovanek\/\" \/>\n<meta property=\"og:locale\" content=\"cs_CZ\" \/>\n<meta property=\"og:type\" content=\"article\" \/>\n<meta property=\"og:title\" content=\"David Schov\u00e1nek - DAKARMANIA.cz\" \/>\n<meta property=\"og:description\" content=\"David Schov\u00e1nek je \u010desk\u00fd automobilov\u00fd z\u00e1vodn\u00edk, navig\u00e1tor, n\u011bkolikan\u00e1sobn\u00fd \u00fa\u010dastn\u00edk Rally Dakar a dal\u0161\u00edch cross-country rally.\" \/>\n<meta property=\"og:url\" content=\"https:\/\/www.dakarmania.cz\/index.php\/osobnosti\/david-schovanek\/\" \/>\n<meta property=\"og:site_name\" content=\"DAKARMANIA.cz\" \/>\n<meta property=\"article:publisher\" content=\"https:\/\/www.facebook.com\/dakarmania\/\" \/>\n<meta property=\"article:modified_time\" content=\"2023-03-16T16:26:33+00:00\" \/>\n<meta property=\"og:image\" content=\"https:\/\/www.dakarmania.cz\/wp-content\/uploads\/2019\/09\/profile-schovanek-01.jpg\" \/>\n\t<meta property=\"og:image:width\" content=\"1600\" \/>\n\t<meta property=\"og:image:height\" content=\"711\" \/>\n\t<meta property=\"og:image:type\" content=\"image\/jpeg\" \/>\n<meta name=\"twitter:card\" content=\"summary_large_image\" \/>\n<meta name=\"twitter:label1\" content=\"Odhadovan\u00e1 doba \u010dten\u00ed\" \/>\n\t<meta name=\"twitter:data1\" content=\"2 minuty\" \/>\n<script type=\"application\/ld+json\" class=\"yoast-schema-graph\">{\"@context\":\"https:\/\/schema.org\",\"@graph\":[{\"@type\":\"WebPage\",\"@id\":\"https:\/\/www.dakarmania.cz\/index.php\/osobnosti\/david-schovanek\/\",\"url\":\"https:\/\/www.dakarmania.cz\/index.php\/osobnosti\/david-schovanek\/\",\"name\":\"David Schov\u00e1nek - DAKARMANIA.cz\",\"isPartOf\":{\"@id\":\"https:\/\/www.dakarmania.cz\/#website\"},\"primaryImageOfPage\":{\"@id\":\"https:\/\/www.dakarmania.cz\/index.php\/osobnosti\/david-schovanek\/#primaryimage\"},\"image\":{\"@id\":\"https:\/\/www.dakarmania.cz\/index.php\/osobnosti\/david-schovanek\/#primaryimage\"},\"thumbnailUrl\":\"https:\/\/www.dakarmania.cz\/wp-content\/uploads\/2019\/09\/profile-schovanek-01.jpg\",\"datePublished\":\"2019-09-13T14:22:03+00:00\",\"dateModified\":\"2023-03-16T16:26:33+00:00\",\"description\":\"David Schov\u00e1nek je \u010desk\u00fd automobilov\u00fd z\u00e1vodn\u00edk, navig\u00e1tor, n\u011bkolikan\u00e1sobn\u00fd \u00fa\u010dastn\u00edk Rally Dakar a dal\u0161\u00edch cross-country rally.\",\"breadcrumb\":{\"@id\":\"https:\/\/www.dakarmania.cz\/index.php\/osobnosti\/david-schovanek\/#breadcrumb\"},\"inLanguage\":\"cs\",\"potentialAction\":[{\"@type\":\"ReadAction\",\"target\":[\"https:\/\/www.dakarmania.cz\/index.php\/osobnosti\/david-schovanek\/\"]}]},{\"@type\":\"ImageObject\",\"inLanguage\":\"cs\",\"@id\":\"https:\/\/www.dakarmania.cz\/index.php\/osobnosti\/david-schovanek\/#primaryimage\",\"url\":\"https:\/\/www.dakarmania.cz\/wp-content\/uploads\/2019\/09\/profile-schovanek-01.jpg\",\"contentUrl\":\"https:\/\/www.dakarmania.cz\/wp-content\/uploads\/2019\/09\/profile-schovanek-01.jpg\",\"width\":1600,\"height\":711,\"caption\":\"David Schov\u00e1nek, Tatra Buggyra Racing. Rally Dakar 2019. \u00a9 Buggyra Racing\"},{\"@type\":\"BreadcrumbList\",\"@id\":\"https:\/\/www.dakarmania.cz\/index.php\/osobnosti\/david-schovanek\/#breadcrumb\",\"itemListElement\":[{\"@type\":\"ListItem\",\"position\":1,\"name\":\"Dom\u016f\",\"item\":\"https:\/\/www.dakarmania.cz\/\"},{\"@type\":\"ListItem\",\"position\":2,\"name\":\"Osobnosti\",\"item\":\"https:\/\/www.dakarmania.cz\/index.php\/osobnosti\/\"},{\"@type\":\"ListItem\",\"position\":3,\"name\":\"David Schov\u00e1nek\"}]},{\"@type\":\"WebSite\",\"@id\":\"https:\/\/www.dakarmania.cz\/#website\",\"url\":\"https:\/\/www.dakarmania.cz\/\",\"name\":\"DAKARMANIA.cz\",\"description\":\"\u017dijeme Dakarem cel\u00fd rok\",\"publisher\":{\"@id\":\"https:\/\/www.dakarmania.cz\/#organization\"},\"potentialAction\":[{\"@type\":\"SearchAction\",\"target\":{\"@type\":\"EntryPoint\",\"urlTemplate\":\"https:\/\/www.dakarmania.cz\/?s={search_term_string}\"},\"query-input\":{\"@type\":\"PropertyValueSpecification\",\"valueRequired\":true,\"valueName\":\"search_term_string\"}}],\"inLanguage\":\"cs\"},{\"@type\":\"Organization\",\"@id\":\"https:\/\/www.dakarmania.cz\/#organization\",\"name\":\"DAKAR MANIA\",\"url\":\"https:\/\/www.dakarmania.cz\/\",\"logo\":{\"@type\":\"ImageObject\",\"inLanguage\":\"cs\",\"@id\":\"https:\/\/www.dakarmania.cz\/#\/schema\/logo\/image\/\",\"url\":\"https:\/\/www.dakarmania.cz\/wp-content\/uploads\/2018\/12\/Dakar-Mania-Logo-Square-Orange.png\",\"contentUrl\":\"https:\/\/www.dakarmania.cz\/wp-content\/uploads\/2018\/12\/Dakar-Mania-Logo-Square-Orange.png\",\"width\":992,\"height\":992,\"caption\":\"DAKAR MANIA\"},\"image\":{\"@id\":\"https:\/\/www.dakarmania.cz\/#\/schema\/logo\/image\/\"},\"sameAs\":[\"https:\/\/www.facebook.com\/dakarmania\/\"]}]}<\/script>\n<!-- \/ Yoast SEO plugin. -->","yoast_head_json":{"title":"David Schov\u00e1nek - DAKARMANIA.cz","description":"David Schov\u00e1nek je \u010desk\u00fd automobilov\u00fd z\u00e1vodn\u00edk, navig\u00e1tor, n\u011bkolikan\u00e1sobn\u00fd \u00fa\u010dastn\u00edk Rally Dakar a dal\u0161\u00edch cross-country rally.","robots":{"index":"index","follow":"follow","max-snippet":"max-snippet:-1","max-image-preview":"max-image-preview:large","max-video-preview":"max-video-preview:-1"},"canonical":"https:\/\/www.dakarmania.cz\/index.php\/osobnosti\/david-schovanek\/","og_locale":"cs_CZ","og_type":"article","og_title":"David Schov\u00e1nek - DAKARMANIA.cz","og_description":"David Schov\u00e1nek je \u010desk\u00fd automobilov\u00fd z\u00e1vodn\u00edk, navig\u00e1tor, n\u011bkolikan\u00e1sobn\u00fd \u00fa\u010dastn\u00edk Rally Dakar a dal\u0161\u00edch cross-country rally.","og_url":"https:\/\/www.dakarmania.cz\/index.php\/osobnosti\/david-schovanek\/","og_site_name":"DAKARMANIA.cz","article_publisher":"https:\/\/www.facebook.com\/dakarmania\/","article_modified_time":"2023-03-16T16:26:33+00:00","og_image":[{"width":1600,"height":711,"url":"https:\/\/www.dakarmania.cz\/wp-content\/uploads\/2019\/09\/profile-schovanek-01.jpg","type":"image\/jpeg"}],"twitter_card":"summary_large_image","twitter_misc":{"Odhadovan\u00e1 doba \u010dten\u00ed":"2 minuty"},"schema":{"@context":"https:\/\/schema.org","@graph":[{"@type":"WebPage","@id":"https:\/\/www.dakarmania.cz\/index.php\/osobnosti\/david-schovanek\/","url":"https:\/\/www.dakarmania.cz\/index.php\/osobnosti\/david-schovanek\/","name":"David Schov\u00e1nek - DAKARMANIA.cz","isPartOf":{"@id":"https:\/\/www.dakarmania.cz\/#website"},"primaryImageOfPage":{"@id":"https:\/\/www.dakarmania.cz\/index.php\/osobnosti\/david-schovanek\/#primaryimage"},"image":{"@id":"https:\/\/www.dakarmania.cz\/index.php\/osobnosti\/david-schovanek\/#primaryimage"},"thumbnailUrl":"https:\/\/www.dakarmania.cz\/wp-content\/uploads\/2019\/09\/profile-schovanek-01.jpg","datePublished":"2019-09-13T14:22:03+00:00","dateModified":"2023-03-16T16:26:33+00:00","description":"David Schov\u00e1nek je \u010desk\u00fd automobilov\u00fd z\u00e1vodn\u00edk, navig\u00e1tor, n\u011bkolikan\u00e1sobn\u00fd \u00fa\u010dastn\u00edk Rally Dakar a dal\u0161\u00edch cross-country rally.","breadcrumb":{"@id":"https:\/\/www.dakarmania.cz\/index.php\/osobnosti\/david-schovanek\/#breadcrumb"},"inLanguage":"cs","potentialAction":[{"@type":"ReadAction","target":["https:\/\/www.dakarmania.cz\/index.php\/osobnosti\/david-schovanek\/"]}]},{"@type":"ImageObject","inLanguage":"cs","@id":"https:\/\/www.dakarmania.cz\/index.php\/osobnosti\/david-schovanek\/#primaryimage","url":"https:\/\/www.dakarmania.cz\/wp-content\/uploads\/2019\/09\/profile-schovanek-01.jpg","contentUrl":"https:\/\/www.dakarmania.cz\/wp-content\/uploads\/2019\/09\/profile-schovanek-01.jpg","width":1600,"height":711,"caption":"David Schov\u00e1nek, Tatra Buggyra Racing. Rally Dakar 2019. \u00a9 Buggyra Racing"},{"@type":"BreadcrumbList","@id":"https:\/\/www.dakarmania.cz\/index.php\/osobnosti\/david-schovanek\/#breadcrumb","itemListElement":[{"@type":"ListItem","position":1,"name":"Dom\u016f","item":"https:\/\/www.dakarmania.cz\/"},{"@type":"ListItem","position":2,"name":"Osobnosti","item":"https:\/\/www.dakarmania.cz\/index.php\/osobnosti\/"},{"@type":"ListItem","position":3,"name":"David Schov\u00e1nek"}]},{"@type":"WebSite","@id":"https:\/\/www.dakarmania.cz\/#website","url":"https:\/\/www.dakarmania.cz\/","name":"DAKARMANIA.cz","description":"\u017dijeme Dakarem cel\u00fd rok","publisher":{"@id":"https:\/\/www.dakarmania.cz\/#organization"},"potentialAction":[{"@type":"SearchAction","target":{"@type":"EntryPoint","urlTemplate":"https:\/\/www.dakarmania.cz\/?s={search_term_string}"},"query-input":{"@type":"PropertyValueSpecification","valueRequired":true,"valueName":"search_term_string"}}],"inLanguage":"cs"},{"@type":"Organization","@id":"https:\/\/www.dakarmania.cz\/#organization","name":"DAKAR MANIA","url":"https:\/\/www.dakarmania.cz\/","logo":{"@type":"ImageObject","inLanguage":"cs","@id":"https:\/\/www.dakarmania.cz\/#\/schema\/logo\/image\/","url":"https:\/\/www.dakarmania.cz\/wp-content\/uploads\/2018\/12\/Dakar-Mania-Logo-Square-Orange.png","contentUrl":"https:\/\/www.dakarmania.cz\/wp-content\/uploads\/2018\/12\/Dakar-Mania-Logo-Square-Orange.png","width":992,"height":992,"caption":"DAKAR MANIA"},"image":{"@id":"https:\/\/www.dakarmania.cz\/#\/schema\/logo\/image\/"},"sameAs":["https:\/\/www.facebook.com\/dakarmania\/"]}]}},"amp_enabled":false,"_links":{"self":[{"href":"https:\/\/www.dakarmania.cz\/index.php\/wp-json\/wp\/v2\/pages\/11510","targetHints":{"allow":["GET"]}}],"collection":[{"href":"https:\/\/www.dakarmania.cz\/index.php\/wp-json\/wp\/v2\/pages"}],"about":[{"href":"https:\/\/www.dakarmania.cz\/index.php\/wp-json\/wp\/v2\/types\/page"}],"author":[{"embeddable":true,"href":"https:\/\/www.dakarmania.cz\/index.php\/wp-json\/wp\/v2\/users\/1"}],"replies":[{"embeddable":true,"href":"https:\/\/www.dakarmania.cz\/index.php\/wp-json\/wp\/v2\/comments?post=11510"}],"version-history":[{"count":8,"href":"https:\/\/www.dakarmania.cz\/index.php\/wp-json\/wp\/v2\/pages\/11510\/revisions"}],"predecessor-version":[{"id":17464,"href":"https:\/\/www.dakarmania.cz\/index.php\/wp-json\/wp\/v2\/pages\/11510\/revisions\/17464"}],"up":[{"embeddable":true,"href":"https:\/\/www.dakarmania.cz\/index.php\/wp-json\/wp\/v2\/pages\/3629"}],"wp:featuredmedia":[{"embeddable":true,"href":"https:\/\/www.dakarmania.cz\/index.php\/wp-json\/wp\/v2\/media\/11505"}],"wp:attachment":[{"href":"https:\/\/www.dakarmania.cz\/index.php\/wp-json\/wp\/v2\/media?parent=11510"}],"curies":[{"name":"wp","href":"https:\/\/api.w.org\/{rel}","templated":true}]}}