{"id":11522,"date":"2019-09-19T00:33:50","date_gmt":"2019-09-18T22:33:50","guid":{"rendered":"https:\/\/www.dakarmania.cz\/?page_id=11522"},"modified":"2023-08-28T15:38:38","modified_gmt":"2023-08-28T13:38:38","slug":"addc-vitezove","status":"publish","type":"page","link":"https:\/\/www.dakarmania.cz\/index.php\/souteze\/addc-vitezove\/","title":{"rendered":"Abu Dhabi Desert Challenge: V\u00edt\u011bzov\u00e9"},"content":{"rendered":"<p>[vc_row][vc_column][vc_btn title=&#8221;Abu Dhabi Desert Challenge&#8221; style=&#8221;outline&#8221; shape=&#8221;square&#8221; color=&#8221;warning&#8221; size=&#8221;xs&#8221; align=&#8221;right&#8221; i_align=&#8221;right&#8221; i_icon_fontawesome=&#8221;fa fa-chevron-up&#8221; css_animation=&#8221;fadeIn&#8221; add_icon=&#8221;true&#8221; css=&#8221;.vc_custom_1627737626279{padding-right: 1px !important;padding-left: 1px !important;}&#8221; link=&#8221;url:%2Findex.php%2Fsouteze%2F%23addc|||&#8221;][vc_btn title=&#8221;Auto&#8221; style=&#8221;classic&#8221; shape=&#8221;square&#8221; color=&#8221;warning&#8221; size=&#8221;xs&#8221; css_animation=&#8221;fadeIn&#8221; css=&#8221;.vc_custom_1627737653080{padding-right: 1px !important;padding-left: 1px !important;}&#8221; link=&#8221;url:%2Findex.php%2Fsouteze%2Faddc-vitezove%2F%23auto|||&#8221;][vc_btn title=&#8221;Moto&#8221; style=&#8221;classic&#8221; shape=&#8221;square&#8221; color=&#8221;warning&#8221; size=&#8221;xs&#8221; css_animation=&#8221;fadeIn&#8221; css=&#8221;.vc_custom_1627737662572{padding-right: 1px !important;padding-left: 1px !important;}&#8221; link=&#8221;url:%2Findex.php%2Fsouteze%2Faddc-vitezove%2F%23moto|||&#8221;][vc_btn title=&#8221;Quad&#8221; style=&#8221;classic&#8221; shape=&#8221;square&#8221; color=&#8221;warning&#8221; size=&#8221;xs&#8221; css_animation=&#8221;fadeIn&#8221; css=&#8221;.vc_custom_1627737674015{padding-right: 1px !important;padding-left: 1px !important;}&#8221; link=&#8221;url:%2Findex.php%2Fsouteze%2Faddc-vitezove%2F%23quad|||&#8221;][vc_tta_pageable no_fill_content_area=&#8221;1&#8243; active_section=&#8221;3&#8243; pagination_style=&#8221;&#8221; css_animation=&#8221;fadeIn&#8221;][vc_tta_section title=&#8221;Moto&#8221; tab_id=&#8221;moto&#8221;][vc_column_text css_animation=&#8221;fadeIn&#8221; css=&#8221;.vc_custom_1627739301717{padding-top: 200px !important;padding-right: 15px !important;padding-bottom: 15px !important;padding-left: 15px !important;background: #f2f2f2 url(https:\/\/www.dakarmania.cz\/wp-content\/uploads\/2019\/09\/12-addc-coma-header-01.jpg?id=11565) !important;background-position: center !important;background-repeat: no-repeat !important;background-size: cover !important;}&#8221;]<\/p>\n<h1 style=\"text-align: left;\"><span style=\"background-color: #ee8027; opacity: 0.7;\"><span style=\"color: #ffffff; padding: 10px;\">V\u00cdT\u011aZOV\u00c9<\/span><br \/>\n<span style=\"color: #ffffff; padding: 10px;\">ABU DHABI<\/span><br \/>\n<span style=\"color: #ffffff; padding: 10px;\">DESERT CHALLENGE<\/span><br \/>\n<span style=\"color: #ffffff; padding: 10px;\">MOTOCYKLY<\/span><\/span><\/h1>\n<p>[\/vc_column_text][vc_row_inner][vc_column_inner width=&#8221;1\/2&#8243;][vc_column_text css_animation=&#8221;fadeIn&#8221;]<\/p>\n<h4><span style=\"color: #808080;\">MOTOCYKLY<\/span><\/h4>\n<table style=\"width: 97.7654%;\" rules=\"rows\" cellpadding=\"4px\">\n<tbody>\n<tr style=\"background-color: #dbd9d9;\">\n<td style=\"vertical-align: top; width: 11.5152%;\"><a href=\"\/index.php\/sampionaty\/svetovy-pohar-fia-v-cross-country-rally-2019\/addc-2019\/\"><span style=\"color: #ee8027;\">2019<\/span><\/a><\/td>\n<td style=\"vertical-align: top; width: 46.6667%;\"><a href=\"\/index.php\/osobnosti\/sunderland-sam\/\"><span style=\"color: #ee8027;\">Sam Sunderland<\/span><\/a><\/td>\n<td style=\"vertical-align: top; width: 41.8182%;\">KTM 450 Rally<\/td>\n<\/tr>\n<tr style=\"background-color: #f2f2f2;\">\n<td style=\"vertical-align: top; width: 11.5152%;\">2018<\/td>\n<td style=\"vertical-align: top; width: 46.6667%;\"><a href=\"\/index.php\/osobnosti\/pablo-quintanilla\/\"><span style=\"color: #ee8027;\">Pablo Quintanilla<\/span><\/a><\/td>\n<td style=\"vertical-align: top; width: 41.8182%;\">Husqvarna FR 450 Rally<\/td>\n<\/tr>\n<tr style=\"background-color: #dbd9d9;\">\n<td style=\"vertical-align: top; width: 11.5152%;\">2017<\/td>\n<td style=\"vertical-align: top; width: 46.6667%;\"><a href=\"\/index.php\/osobnosti\/sunderland-sam\/\"><span style=\"color: #ee8027;\">Sam Sunderland<\/span><\/a><\/td>\n<td style=\"vertical-align: top; width: 41.8182%;\">KTM 450 Rally<\/td>\n<\/tr>\n<tr style=\"background-color: #f2f2f2;\">\n<td style=\"vertical-align: top; width: 11.5152%;\">2016<\/td>\n<td style=\"vertical-align: top; width: 46.6667%;\"><a href=\"\/index.php\/osobnosti\/toby-price\/\"><span style=\"color: #ee8027;\">Toby Price<\/span><\/a><\/td>\n<td style=\"vertical-align: top; width: 41.8182%;\">KTM 450 Rally<\/td>\n<\/tr>\n<tr style=\"background-color: #dbd9d9;\">\n<td style=\"vertical-align: top; width: 11.5152%;\">2015<\/td>\n<td style=\"vertical-align: top; width: 46.6667%;\"><a href=\"\/index.php\/osobnosti\/marc-coma\/\"><span style=\"color: #ee8027;\">Marc Coma<\/span><\/a><\/td>\n<td style=\"vertical-align: top; width: 41.8182%;\">KTM 450 Rally<\/td>\n<\/tr>\n<tr style=\"background-color: #f2f2f2;\">\n<td style=\"vertical-align: top; width: 11.5152%;\">2014<\/td>\n<td style=\"vertical-align: top; width: 46.6667%;\">Paulo Gon\u00e7alves<\/td>\n<td style=\"vertical-align: top; width: 41.8182%;\">Honda 450<\/td>\n<\/tr>\n<tr style=\"background-color: #dbd9d9;\">\n<td style=\"vertical-align: top; width: 11.5152%;\">2013<\/td>\n<td style=\"vertical-align: top; width: 46.6667%;\"><a href=\"\/index.php\/osobnosti\/marc-coma\/\"><span style=\"color: #ee8027;\">Marc Coma<\/span><\/a><\/td>\n<td style=\"vertical-align: top; width: 41.8182%;\">KTM 450 Rally<\/td>\n<\/tr>\n<tr style=\"background-color: #f2f2f2;\">\n<td style=\"vertical-align: top; width: 11.5152%;\">2012<\/td>\n<td style=\"vertical-align: top; width: 46.6667%;\"><a href=\"\/index.php\/osobnosti\/marc-coma\/\"><span style=\"color: #ee8027;\">Marc Coma<\/span><\/a><\/td>\n<td style=\"vertical-align: top; width: 41.8182%;\">KTM 690<\/td>\n<\/tr>\n<tr style=\"background-color: #dbd9d9;\">\n<td style=\"vertical-align: top; width: 11.5152%;\">2011<\/td>\n<td style=\"vertical-align: top; width: 46.6667%;\"><a href=\"\/index.php\/osobnosti\/marc-coma\/\"><span style=\"color: #ee8027;\">Marc Coma<\/span><\/a><\/td>\n<td style=\"vertical-align: top; width: 41.8182%;\">KTM 690<\/td>\n<\/tr>\n<tr style=\"background-color: #f2f2f2;\">\n<td style=\"vertical-align: top; width: 11.5152%;\">2010<\/td>\n<td style=\"vertical-align: top; width: 46.6667%;\"><a href=\"\/index.php\/osobnosti\/marc-coma\/\"><span style=\"color: #ee8027;\">Marc Coma<\/span><\/a><\/td>\n<td style=\"vertical-align: top; width: 41.8182%;\">KTM 690<\/td>\n<\/tr>\n<tr style=\"background-color: #dbd9d9;\">\n<td style=\"vertical-align: top; width: 11.5152%;\">2009<\/td>\n<td style=\"vertical-align: top; width: 46.6667%;\"><a href=\"\/index.php\/osobnosti\/marc-coma\/\"><span style=\"color: #ee8027;\">Marc Coma<\/span><\/a><\/td>\n<td style=\"vertical-align: top; width: 41.8182%;\">KTM 690<\/td>\n<\/tr>\n<tr style=\"background-color: #f2f2f2;\">\n<td style=\"vertical-align: top; width: 11.5152%;\">2008<\/td>\n<td style=\"vertical-align: top; width: 46.6667%;\"><a href=\"\/index.php\/osobnosti\/despres-cyril\/\"><span style=\"color: #ee8027;\">Cyril Despres<\/span><\/a><\/td>\n<td style=\"vertical-align: top; width: 41.8182%;\">KTM 690<\/td>\n<\/tr>\n<tr style=\"background-color: #dbd9d9;\">\n<td style=\"vertical-align: top; width: 11.5152%;\">2007<\/td>\n<td style=\"vertical-align: top; width: 46.6667%;\"><a href=\"\/index.php\/osobnosti\/marc-coma\/\"><span style=\"color: #ee8027;\">Marc Coma<\/span><\/a><\/td>\n<td style=\"vertical-align: top; width: 41.8182%;\">KTM 660<\/td>\n<\/tr>\n<tr style=\"background-color: #f2f2f2;\">\n<td style=\"vertical-align: top; width: 11.5152%;\">2006<\/td>\n<td style=\"vertical-align: top; width: 46.6667%;\"><a href=\"\/index.php\/osobnosti\/marc-coma\/\"><span style=\"color: #ee8027;\">Marc Coma<\/span><\/a><\/td>\n<td style=\"vertical-align: top; width: 41.8182%;\">KTM 660<\/td>\n<\/tr>\n<tr style=\"background-color: #dbd9d9;\">\n<td style=\"vertical-align: top; width: 11.5152%;\">2005<\/td>\n<td style=\"vertical-align: top; width: 46.6667%;\"><a href=\"\/index.php\/osobnosti\/despres-cyril\/\"><span style=\"color: #ee8027;\">Cyril Despres<\/span><\/a><\/td>\n<td style=\"vertical-align: top; width: 41.8182%;\">KTM 660<\/td>\n<\/tr>\n<tr style=\"background-color: #f2f2f2;\">\n<td style=\"vertical-align: top; width: 11.5152%;\">2004<\/td>\n<td style=\"vertical-align: top; width: 46.6667%;\">Isidre Esteve Pujol<\/td>\n<td style=\"vertical-align: top; width: 41.8182%;\">KTM 660<\/td>\n<\/tr>\n<tr style=\"background-color: #dbd9d9;\">\n<td style=\"vertical-align: top; width: 11.5152%;\">2003<\/td>\n<td style=\"vertical-align: top; width: 46.6667%;\"><a href=\"\/index.php\/osobnosti\/despres-cyril\/\"><span style=\"color: #ee8027;\">Cyril Despres<\/span><\/a><\/td>\n<td style=\"vertical-align: top; width: 41.8182%;\">KTM 660<\/td>\n<\/tr>\n<tr style=\"background-color: #f2f2f2;\">\n<td style=\"vertical-align: top; width: 11.5152%;\">2002<\/td>\n<td style=\"vertical-align: top; width: 46.6667%;\"><a href=\"\/index.php\/osobnosti\/despres-cyril\/\"><span style=\"color: #ee8027;\">Cyril Despres<\/span><\/a><\/td>\n<td style=\"vertical-align: top; width: 41.8182%;\">KTM 660<\/td>\n<\/tr>\n<tr style=\"background-color: #dbd9d9;\">\n<td style=\"vertical-align: top; width: 11.5152%;\">2001<\/td>\n<td style=\"vertical-align: top; width: 46.6667%;\"><a href=\"\/index.php\/osobnosti\/despres-cyril\/\"><span style=\"color: #ee8027;\">Cyril Despres<\/span><\/a><\/td>\n<td style=\"vertical-align: top; width: 41.8182%;\">KTM 660<\/td>\n<\/tr>\n<tr style=\"background-color: #f2f2f2;\">\n<td style=\"vertical-align: top; width: 11.5152%;\">2000<\/td>\n<td style=\"vertical-align: top; width: 46.6667%;\">Jimmy Lewis<\/td>\n<td style=\"vertical-align: top; width: 41.8182%;\">BMW 900 RR<\/td>\n<\/tr>\n<tr style=\"background-color: #dbd9d9;\">\n<td style=\"vertical-align: top; width: 11.5152%;\">1999<\/td>\n<td style=\"vertical-align: top; width: 46.6667%;\">Fabrizio Meoni<\/td>\n<td style=\"vertical-align: top; width: 41.8182%;\">KTM 660<\/td>\n<\/tr>\n<tr style=\"background-color: #f2f2f2;\">\n<td style=\"vertical-align: top; width: 11.5152%;\">1998<\/td>\n<td style=\"vertical-align: top; width: 46.6667%;\">Heinz Kinigadner<\/td>\n<td style=\"vertical-align: top; width: 41.8182%;\">KTM LC4 660<\/td>\n<\/tr>\n<tr style=\"background-color: #dbd9d9;\">\n<td style=\"vertical-align: top; width: 11.5152%;\">1997<\/td>\n<td style=\"vertical-align: top; width: 46.6667%;\">Jordi Arcarons<\/td>\n<td style=\"vertical-align: top; width: 41.8182%;\">KTM 660<\/td>\n<\/tr>\n<tr style=\"background-color: #f2f2f2;\">\n<td style=\"vertical-align: top; width: 11.5152%;\">1996<\/td>\n<td style=\"vertical-align: top; width: 46.6667%;\"><a href=\"\/index.php\/osobnosti\/stephane-peterhansel\/\"><span style=\"color: #ee8027;\">St\u00e9phane Peterhansel<\/span><\/a><\/td>\n<td style=\"vertical-align: top; width: 41.8182%;\">Yamaha M3<\/td>\n<\/tr>\n<tr style=\"background-color: #dbd9d9;\">\n<td style=\"vertical-align: top; width: 11.5152%;\">1995<\/td>\n<td style=\"vertical-align: top; width: 46.6667%;\">Heinz Kinigadner<\/td>\n<td style=\"vertical-align: top; width: 41.8182%;\">KTM LC4<\/td>\n<\/tr>\n<\/tbody>\n<\/table>\n<p>[\/vc_column_text][\/vc_column_inner][vc_column_inner width=&#8221;1\/2&#8243;][vc_column_text css_animation=&#8221;fadeIn&#8221;]<\/p>\n<h4><span style=\"color: #808080;\">JEZDCI PODLE PO\u010cTU V\u00cdT\u011aZSTV\u00cd<\/span><\/h4>\n<table style=\"width: 97.7654%;\" rules=\"rows\" cellpadding=\"4px\">\n<tbody>\n<tr style=\"background-color: #dbd9d9;\">\n<td style=\"vertical-align: top;\">8<\/td>\n<td style=\"vertical-align: top;\"><a href=\"\/index.php\/osobnosti\/marc-coma\/\"><span style=\"color: #ee8027;\">Marc Coma<\/span><\/a><\/td>\n<td style=\"vertical-align: top;\">2006, 2007, 2009-13, 2015<\/td>\n<\/tr>\n<tr style=\"background-color: #f2f2f2;\">\n<td style=\"vertical-align: top;\">5<\/td>\n<td style=\"vertical-align: top;\"><a href=\"\/index.php\/osobnosti\/despres-cyril\/\"><span style=\"color: #ee8027;\">Cyril Despres<\/span><\/a><\/td>\n<td style=\"vertical-align: top;\">2001-03, 2005, 2008<\/td>\n<\/tr>\n<tr style=\"background-color: #dbd9d9;\">\n<td style=\"vertical-align: top;\">2<\/td>\n<td style=\"vertical-align: top;\">Heinz Kinigadner<\/td>\n<td style=\"vertical-align: top;\">1995, 1998<\/td>\n<\/tr>\n<tr style=\"background-color: #f2f2f2;\">\n<td style=\"vertical-align: top;\">2<\/td>\n<td style=\"vertical-align: top;\"><a href=\"\/index.php\/osobnosti\/sunderland-sam\/\"><span style=\"color: #ee8027;\">Sam Sunderland<\/span><\/a><\/td>\n<td style=\"vertical-align: top;\">2017, 2019<\/td>\n<\/tr>\n<tr style=\"background-color: #dbd9d9;\">\n<td style=\"vertical-align: top;\">1<\/td>\n<td style=\"vertical-align: top;\"><a href=\"\/index.php\/osobnosti\/stephane-peterhansel\/\"><span style=\"color: #ee8027;\">St\u00e9phane Peterhansel<\/span><\/a><\/td>\n<td style=\"vertical-align: top;\">1996<\/td>\n<\/tr>\n<tr style=\"background-color: #f2f2f2;\">\n<td style=\"vertical-align: top;\">1<\/td>\n<td style=\"vertical-align: top;\">Jordi Arcarons<\/td>\n<td style=\"vertical-align: top;\">1997<\/td>\n<\/tr>\n<tr style=\"background-color: #dbd9d9;\">\n<td style=\"vertical-align: top;\">1<\/td>\n<td style=\"vertical-align: top;\">Fabrizio Meoni<\/td>\n<td style=\"vertical-align: top;\">1999<\/td>\n<\/tr>\n<tr style=\"background-color: #f2f2f2;\">\n<td style=\"vertical-align: top;\">1<\/td>\n<td style=\"vertical-align: top;\">Jimmy Lewis<\/td>\n<td style=\"vertical-align: top;\">2000<\/td>\n<\/tr>\n<tr style=\"background-color: #dbd9d9;\">\n<td style=\"vertical-align: top;\">1<\/td>\n<td style=\"vertical-align: top;\">Isidre Esteve Pujol<\/td>\n<td style=\"vertical-align: top;\">2004<\/td>\n<\/tr>\n<tr style=\"background-color: #f2f2f2;\">\n<td style=\"vertical-align: top;\">1<\/td>\n<td style=\"vertical-align: top;\">Paulo Gon\u00e7alves<\/td>\n<td style=\"vertical-align: top;\">2014<\/td>\n<\/tr>\n<tr style=\"background-color: #dbd9d9;\">\n<td style=\"vertical-align: top;\">1<\/td>\n<td style=\"vertical-align: top;\"><a href=\"\/index.php\/osobnosti\/toby-price\/\"><span style=\"color: #ee8027;\">Toby Price<\/span><\/a><\/td>\n<td style=\"vertical-align: top;\">2016<\/td>\n<\/tr>\n<tr style=\"background-color: #f2f2f2;\">\n<td style=\"vertical-align: top;\">1<\/td>\n<td style=\"vertical-align: top;\"><a href=\"\/index.php\/osobnosti\/pablo-quintanilla\/\"><span style=\"color: #ee8027;\">Pablo Quintanilla<\/span><\/a><\/td>\n<td style=\"vertical-align: top;\">2018<\/td>\n<\/tr>\n<\/tbody>\n<\/table>\n<p>[\/vc_column_text][\/vc_column_inner][\/vc_row_inner][\/vc_tta_section][vc_tta_section title=&#8221;Quad&#8221; tab_id=&#8221;quad&#8221;][vc_column_text css_animation=&#8221;fadeIn&#8221; css=&#8221;.vc_custom_1627739346690{padding-top: 200px !important;padding-right: 15px !important;padding-bottom: 15px !important;padding-left: 15px !important;background: #f2f2f2 url(https:\/\/www.dakarmania.cz\/wp-content\/uploads\/2021\/07\/19-addc-al-musallam-header-01.jpg?id=21395) !important;background-position: center !important;background-repeat: no-repeat !important;background-size: cover !important;}&#8221;]<\/p>\n<h1 style=\"text-align: left;\"><span style=\"background-color: #ee8027; opacity: 0.7;\"><span style=\"color: #ffffff; padding: 10px;\">V\u00cdT\u011aZOV\u00c9<\/span><br \/>\n<span style=\"color: #ffffff; padding: 10px;\">ABU DHABI<\/span><br \/>\n<span style=\"color: #ffffff; padding: 10px;\">DESERT CHALLENGE<\/span><br \/>\n<span style=\"color: #ffffff; padding: 10px;\">\u010cTY\u0158KOLKY<\/span><\/span><\/h1>\n<p>[\/vc_column_text][vc_row_inner][vc_column_inner width=&#8221;1\/2&#8243;][vc_column_text css_animation=&#8221;fadeIn&#8221;]<\/p>\n<h4><span style=\"color: #808080;\">\u010cTY\u0158KOLKY<\/span><\/h4>\n<table style=\"width: 97.7654%;\" rules=\"rows\" cellpadding=\"4px\">\n<tbody>\n<tr style=\"background-color: #dbd9d9;\">\n<td style=\"vertical-align: top; width: 11.5152%;\"><a href=\"\/index.php\/sampionaty\/svetovy-pohar-fia-v-cross-country-rally-2019\/addc-2019\/\"><span style=\"color: #ee8027;\">2019<\/span><\/a><\/td>\n<td style=\"vertical-align: top; width: 46.6667%;\">Fahad Al Musallam<\/td>\n<td style=\"vertical-align: top; width: 41.8182%;\">Yamaha Raptor 700<\/td>\n<\/tr>\n<tr style=\"background-color: #f2f2f2;\">\n<td style=\"vertical-align: top; width: 11.5152%;\">2018<\/td>\n<td style=\"vertical-align: top; width: 46.6667%;\">Kees Koolen<\/td>\n<td style=\"vertical-align: top; width: 41.8182%;\">Barren Racer 690<\/td>\n<\/tr>\n<tr style=\"background-color: #dbd9d9;\">\n<td style=\"vertical-align: top; width: 11.5152%;\">2017<\/td>\n<td style=\"vertical-align: top; width: 46.6667%;\">Fahad Al Musallam<\/td>\n<td style=\"vertical-align: top; width: 41.8182%;\">Yamaha<\/td>\n<\/tr>\n<tr style=\"background-color: #f2f2f2;\">\n<td style=\"vertical-align: top; width: 11.5152%;\">2016<\/td>\n<td style=\"vertical-align: top; width: 46.6667%;\">Rafa\u0142 Sonik<\/td>\n<td style=\"vertical-align: top; width: 41.8182%;\">Honda<\/td>\n<\/tr>\n<tr style=\"background-color: #dbd9d9;\">\n<td style=\"vertical-align: top; width: 11.5152%;\">2015<\/td>\n<td style=\"vertical-align: top; width: 46.6667%;\">Mohammed Abu Issa<\/td>\n<td style=\"vertical-align: top; width: 41.8182%;\">Yamaha<\/td>\n<\/tr>\n<tr style=\"background-color: #f2f2f2;\">\n<td style=\"vertical-align: top; width: 11.5152%;\">2014<\/td>\n<td style=\"vertical-align: top; width: 46.6667%;\">Rafa\u0142 Sonik<\/td>\n<td style=\"vertical-align: top; width: 41.8182%;\">Yamaha<\/td>\n<\/tr>\n<tr style=\"background-color: #dbd9d9;\">\n<td style=\"vertical-align: top; width: 11.5152%;\">2013<\/td>\n<td style=\"vertical-align: top; width: 46.6667%;\">Mohammed Abu Issa<\/td>\n<td style=\"vertical-align: top; width: 41.8182%;\">Yamaha<\/td>\n<\/tr>\n<tr style=\"background-color: #f2f2f2;\">\n<td style=\"vertical-align: top; width: 11.5152%;\">2012<\/td>\n<td style=\"vertical-align: top; width: 46.6667%;\">Obaid Al Kitbe<\/td>\n<td style=\"vertical-align: top; width: 41.8182%;\">Honda<\/td>\n<\/tr>\n<tr style=\"background-color: #dbd9d9;\">\n<td style=\"vertical-align: top; width: 11.5152%;\">2011<\/td>\n<td style=\"vertical-align: top; width: 46.6667%;\">Nick Black<\/td>\n<td style=\"vertical-align: top; width: 41.8182%;\">Yamaha<\/td>\n<\/tr>\n<tr style=\"background-color: #f2f2f2;\">\n<td style=\"vertical-align: top; width: 11.5152%;\">2010<\/td>\n<td style=\"vertical-align: top; width: 46.6667%;\">Obaid Al Kitbe<\/td>\n<td style=\"vertical-align: top; width: 41.8182%;\">Honda<\/td>\n<\/tr>\n<tr style=\"background-color: #dbd9d9;\">\n<td style=\"vertical-align: top; width: 11.5152%;\">2009<\/td>\n<td style=\"vertical-align: top; width: 46.6667%;\">Sebastien Husseini<\/td>\n<td style=\"vertical-align: top; width: 41.8182%;\">KTM<\/td>\n<\/tr>\n<tr style=\"background-color: #f2f2f2;\">\n<td style=\"vertical-align: top; width: 11.5152%;\">2008<\/td>\n<td style=\"vertical-align: top; width: 46.6667%;\">Lionel Laine<\/td>\n<td style=\"vertical-align: top; width: 41.8182%;\">KTM<\/td>\n<\/tr>\n<tr style=\"background-color: #dbd9d9;\">\n<td style=\"vertical-align: top; width: 11.5152%;\">2007<\/td>\n<td style=\"vertical-align: top; width: 46.6667%;\">Sebastien Husseini<\/td>\n<td style=\"vertical-align: top; width: 41.8182%;\">Suzuki<\/td>\n<\/tr>\n<tr style=\"background-color: #f2f2f2;\">\n<td style=\"vertical-align: top; width: 11.5152%;\">2006<\/td>\n<td style=\"vertical-align: top; width: 46.6667%;\">Atif Al Zarouni<\/td>\n<td style=\"vertical-align: top; width: 41.8182%;\">Honda<\/td>\n<\/tr>\n<tr style=\"background-color: #dbd9d9;\">\n<td style=\"vertical-align: top; width: 11.5152%;\">2005<\/td>\n<td style=\"vertical-align: top; width: 46.6667%;\">Ricardo Leal Dos Santos<\/td>\n<td style=\"vertical-align: top; width: 41.8182%;\">Yamaha<\/td>\n<\/tr>\n<\/tbody>\n<\/table>\n<p>[\/vc_column_text][\/vc_column_inner][vc_column_inner width=&#8221;1\/2&#8243;][vc_column_text css_animation=&#8221;fadeIn&#8221;]<\/p>\n<h4><span style=\"color: #808080;\">JEZDCI PODLE PO\u010cTU V\u00cdT\u011aZSTV\u00cd<\/span><\/h4>\n<table style=\"width: 97.7654%;\" rules=\"rows\" cellpadding=\"4px\">\n<tbody>\n<tr style=\"background-color: #dbd9d9;\">\n<td style=\"vertical-align: top;\">2<\/td>\n<td style=\"vertical-align: top;\">Sebastien Husseini<\/td>\n<td style=\"vertical-align: top;\">2007, 2009<\/td>\n<\/tr>\n<tr style=\"background-color: #f2f2f2;\">\n<td style=\"vertical-align: top;\">2<\/td>\n<td style=\"vertical-align: top;\">Obaid Al Kitbe<\/td>\n<td style=\"vertical-align: top;\">2010, 2012<\/td>\n<\/tr>\n<tr style=\"background-color: #dbd9d9;\">\n<td style=\"vertical-align: top;\">2<\/td>\n<td style=\"vertical-align: top;\">Mohammed Abu Issa<\/td>\n<td style=\"vertical-align: top;\">2013, 2015<\/td>\n<\/tr>\n<tr style=\"background-color: #f2f2f2;\">\n<td style=\"vertical-align: top;\">2<\/td>\n<td style=\"vertical-align: top;\">Rafa\u0142 Sonik<\/td>\n<td style=\"vertical-align: top;\">2014, 2016<\/td>\n<\/tr>\n<tr style=\"background-color: #dbd9d9;\">\n<td style=\"vertical-align: top;\">2<\/td>\n<td style=\"vertical-align: top;\">Fahad Al Musallam<\/td>\n<td style=\"vertical-align: top;\">2017, 2019<\/td>\n<\/tr>\n<tr style=\"background-color: #f2f2f2;\">\n<td style=\"vertical-align: top;\">1<\/td>\n<td style=\"vertical-align: top;\">Ricardo Leal Dos Santos<\/td>\n<td style=\"vertical-align: top;\">2005<\/td>\n<\/tr>\n<tr style=\"background-color: #dbd9d9;\">\n<td style=\"vertical-align: top;\">1<\/td>\n<td style=\"vertical-align: top;\">Atif Al Zarouni<\/td>\n<td style=\"vertical-align: top;\">2006<\/td>\n<\/tr>\n<tr style=\"background-color: #f2f2f2;\">\n<td style=\"vertical-align: top;\">1<\/td>\n<td style=\"vertical-align: top;\">Lionel Laine<\/td>\n<td style=\"vertical-align: top;\">2008<\/td>\n<\/tr>\n<tr style=\"background-color: #dbd9d9;\">\n<td style=\"vertical-align: top;\">1<\/td>\n<td style=\"vertical-align: top;\">Nick Black<\/td>\n<td style=\"vertical-align: top;\">2011<\/td>\n<\/tr>\n<tr style=\"background-color: #f2f2f2;\">\n<td style=\"vertical-align: top;\">1<\/td>\n<td style=\"vertical-align: top;\">Kees Koolen<\/td>\n<td style=\"vertical-align: top;\">2018<\/td>\n<\/tr>\n<\/tbody>\n<\/table>\n<p>[\/vc_column_text][\/vc_column_inner][\/vc_row_inner][\/vc_tta_section][vc_tta_section title=&#8221;Auto&#8221; tab_id=&#8221;auto&#8221;][vc_column_text css_animation=&#8221;fadeIn&#8221; css=&#8221;.vc_custom_1627739402403{padding-top: 200px !important;padding-right: 15px !important;padding-bottom: 15px !important;padding-left: 15px !important;background: #f2f2f2 url(https:\/\/www.dakarmania.cz\/wp-content\/uploads\/2021\/07\/19-addc-peterhansel-header-31.jpg?id=21396) !important;background-position: center !important;background-repeat: no-repeat !important;background-size: cover !important;}&#8221;]<\/p>\n<h1 style=\"text-align: left;\"><span style=\"background-color: #ee8027; opacity: 0.7;\"><span style=\"color: #ffffff; padding: 10px;\">V\u00cdT\u011aZOV\u00c9<\/span><br \/>\n<span style=\"color: #ffffff; padding: 10px;\">ABU DHABI<\/span><br \/>\n<span style=\"color: #ffffff; padding: 10px;\">DESERT CHALLENGE<\/span><br \/>\n<span style=\"color: #ffffff; padding: 10px;\">AUTOMOBILY<\/span><\/span><\/h1>\n<p>[\/vc_column_text][vc_row_inner][vc_column_inner width=&#8221;1\/2&#8243;][vc_column_text css_animation=&#8221;fadeIn&#8221;]<\/p>\n<h4><span style=\"color: #808080;\">AUTOMOBILY<\/span><\/h4>\n<table style=\"width: 97.7654%;\" rules=\"rows\" cellpadding=\"4px\">\n<tbody>\n<tr style=\"background-color: #dbd9d9;\">\n<td style=\"vertical-align: top; width: 11.5152%;\"><a href=\"\/index.php\/sampionaty\/svetovy-pohar-fia-v-cross-country-rally-2019\/addc-2019\/\"><span style=\"color: #ee8027;\">2019<\/span><\/a><\/td>\n<td style=\"vertical-align: top; width: 46.6667%;\"><a href=\"\/index.php\/osobnosti\/stephane-peterhansel\/\"><span style=\"color: #ee8027;\">St\u00e9phane Peterhansel<\/span><\/a><br \/>\n<a href=\"\/index.php\/osobnosti\/peterhansel-andrea\/\"><span style=\"color: #ee8027;\">Andrea Peterhansel<\/span><\/a><\/td>\n<td style=\"vertical-align: top; width: 41.8182%;\">Mini JCW Rally<\/td>\n<\/tr>\n<tr style=\"background-color: #f2f2f2;\">\n<td style=\"vertical-align: top; width: 11.5152%;\">2018<\/td>\n<td style=\"vertical-align: top; width: 46.6667%;\"><a href=\"\/index.php\/osobnosti\/martin-prokop\/\"><span style=\"color: #ee8027;\">Martin Prokop<\/span><\/a><br \/>\n<a href=\"\/index.php\/osobnosti\/david-pabiska\/\"><span style=\"color: #ee8027;\">David Pabi\u0161ka<\/span><\/a><\/td>\n<td style=\"vertical-align: top; width: 41.8182%;\">Ford F-150 Evo<\/td>\n<\/tr>\n<tr style=\"background-color: #dbd9d9;\">\n<td style=\"vertical-align: top; width: 11.5152%;\">2017<\/td>\n<td style=\"vertical-align: top; width: 46.6667%;\"><a href=\"\/index.php\/osobnosti\/khalid-al-qassimi\/\"><span style=\"color: #ee8027;\">Khalid Al Qassimi<\/span><\/a><br \/>\n<a href=\"\/index.php\/osobnosti\/khalid-alkendi\/\"><span style=\"color: #ee8027;\">Khalid Alkendi<\/span><\/a><\/td>\n<td style=\"vertical-align: top; width: 41.8182%;\">Peugeot 3008 DKR<\/td>\n<\/tr>\n<tr style=\"background-color: #f2f2f2;\">\n<td style=\"vertical-align: top; width: 11.5152%;\">2016<\/td>\n<td style=\"vertical-align: top; width: 46.6667%;\"><a href=\"\/index.php\/osobnosti\/nasser-al-attiyah\/\"><span style=\"color: #ee8027;\">Nasser Al-Attiyah<\/span><\/a><br \/>\n<a href=\"\/index.php\/osobnosti\/mathieu-baumel\/\"><span style=\"color: #ee8027;\">Mathieu Baumel<\/span><\/a><\/td>\n<td style=\"vertical-align: top; width: 41.8182%;\">Toyota Hilux<\/td>\n<\/tr>\n<tr style=\"background-color: #dbd9d9;\">\n<td style=\"vertical-align: top; width: 11.5152%;\">2015<\/td>\n<td style=\"vertical-align: top; width: 46.6667%;\"><a href=\"\/index.php\/osobnosti\/vladimir-vasiljev\/\"><span style=\"color: #ee8027;\">Vladimir Vasiljev<\/span><\/a><br \/>\n<a href=\"\/index.php\/osobnosti\/konstantin-zilcov\/\"><span style=\"color: #ee8027;\">Konstantin \u017dilcov<\/span><\/a><\/td>\n<td style=\"vertical-align: top; width: 41.8182%;\">Mini All4 Racing<\/td>\n<\/tr>\n<tr style=\"background-color: #f2f2f2;\">\n<td style=\"vertical-align: top; width: 11.5152%;\">2014<\/td>\n<td style=\"vertical-align: top; width: 46.6667%;\"><a href=\"\/index.php\/osobnosti\/vladimir-vasiljev\/\"><span style=\"color: #ee8027;\">Vladimir Vasiljev<\/span><\/a><br \/>\n<a href=\"\/index.php\/osobnosti\/konstantin-zilcov\/\"><span style=\"color: #ee8027;\">Konstantin \u017dilcov<\/span><\/a><\/td>\n<td style=\"vertical-align: top; width: 41.8182%;\">Mini All4 Racing<\/td>\n<\/tr>\n<tr style=\"background-color: #dbd9d9;\">\n<td style=\"vertical-align: top; width: 11.5152%;\">2013<\/td>\n<td style=\"vertical-align: top; width: 46.6667%;\"><a href=\"\/index.php\/osobnosti\/nani-roma\/\"><span style=\"color: #ee8027;\">Nani Roma<\/span><\/a><br \/>\nMichel P\u00e9rin<\/td>\n<td style=\"vertical-align: top; width: 41.8182%;\">Mini All4 Racing<\/td>\n<\/tr>\n<tr style=\"background-color: #f2f2f2;\">\n<td style=\"vertical-align: top; width: 11.5152%;\">2012<\/td>\n<td style=\"vertical-align: top; width: 46.6667%;\">Jean-Louis Schlesser<br \/>\n<a href=\"\/index.php\/osobnosti\/konstantin-zilcov\/\"><span style=\"color: #ee8027;\">Konstantin \u017dilcov<\/span><\/a><\/td>\n<td style=\"vertical-align: top; width: 41.8182%;\">Schlesser Original<\/td>\n<\/tr>\n<tr style=\"background-color: #dbd9d9;\">\n<td style=\"vertical-align: top; width: 11.5152%;\">2011<\/td>\n<td style=\"vertical-align: top; width: 46.6667%;\"><a href=\"\/index.php\/osobnosti\/stephane-peterhansel\/\"><span style=\"color: #ee8027;\">St\u00e9phane Peterhansel<\/span><\/a><br \/>\n<a href=\"\/index.php\/osobnosti\/jean-paul-cottret\/\"><span style=\"color: #ee8027;\">Jean-Paul Cottret<\/span><\/a><\/td>\n<td style=\"vertical-align: top; width: 41.8182%;\">Mini All4 Racing<\/td>\n<\/tr>\n<tr style=\"background-color: #f2f2f2;\">\n<td style=\"vertical-align: top; width: 11.5152%;\">2010<\/td>\n<td style=\"vertical-align: top; width: 46.6667%;\">Leonid Novickij<br \/>\nAndreas Schulz<\/td>\n<td style=\"vertical-align: top; width: 41.8182%;\">BMW X3<\/td>\n<\/tr>\n<tr style=\"background-color: #dbd9d9;\">\n<td style=\"vertical-align: top; width: 11.5152%;\">2009<\/td>\n<td style=\"vertical-align: top; width: 46.6667%;\">Guerlain Chicherit<br \/>\nTina Th\u00f6rner<\/td>\n<td style=\"vertical-align: top; width: 41.8182%;\">BMW X3<\/td>\n<\/tr>\n<tr style=\"background-color: #f2f2f2;\">\n<td style=\"vertical-align: top; width: 11.5152%;\">2008<\/td>\n<td style=\"vertical-align: top; width: 46.6667%;\"><a href=\"\/index.php\/osobnosti\/nasser-al-attiyah\/\"><span style=\"color: #ee8027;\">Nasser Al-Attiyah<\/span><\/a><br \/>\nTina Th\u00f6rner<\/td>\n<td style=\"vertical-align: top; width: 41.8182%;\">BMW X3<\/td>\n<\/tr>\n<tr style=\"background-color: #dbd9d9;\">\n<td style=\"vertical-align: top; width: 11.5152%;\">2007<\/td>\n<td style=\"vertical-align: top; width: 46.6667%;\"><a href=\"\/index.php\/osobnosti\/stephane-peterhansel\/\"><span style=\"color: #ee8027;\">St\u00e9phane Peterhansel<\/span><\/a><br \/>\n<a href=\"\/index.php\/osobnosti\/jean-paul-cottret\/\"><span style=\"color: #ee8027;\">Jean-Paul Cottret<\/span><\/a><\/td>\n<td style=\"vertical-align: top; width: 41.8182%;\">Mitsubishi Lancer Evo<\/td>\n<\/tr>\n<tr style=\"background-color: #f2f2f2;\">\n<td style=\"vertical-align: top; width: 11.5152%;\">2006<\/td>\n<td style=\"vertical-align: top; width: 46.6667%;\">Luc Alphand<br \/>\nGilles Picard<\/td>\n<td style=\"vertical-align: top; width: 41.8182%;\">Mitsubishi Lancer Evo<\/td>\n<\/tr>\n<tr style=\"background-color: #dbd9d9;\">\n<td style=\"vertical-align: top; width: 11.5152%;\">2005<\/td>\n<td style=\"vertical-align: top; width: 46.6667%;\"><a href=\"\/index.php\/osobnosti\/stephane-peterhansel\/\"><span style=\"color: #ee8027;\">St\u00e9phane Peterhansel<\/span><\/a><br \/>\n<a href=\"\/index.php\/osobnosti\/jean-paul-cottret\/\"><span style=\"color: #ee8027;\">Jean-Paul Cottret<\/span><\/a><\/td>\n<td style=\"vertical-align: top; width: 41.8182%;\">Mitsubishi Lancer Evo<\/td>\n<\/tr>\n<tr style=\"background-color: #f2f2f2;\">\n<td style=\"vertical-align: top; width: 11.5152%;\">2004<\/td>\n<td style=\"vertical-align: top; width: 46.6667%;\">Hiro\u0161i Masuoka<br \/>\nAndreas Schulz<\/td>\n<td style=\"vertical-align: top; width: 41.8182%;\">Mitsubishi Pajero<\/td>\n<\/tr>\n<tr style=\"background-color: #dbd9d9;\">\n<td style=\"vertical-align: top; width: 11.5152%;\">2003<\/td>\n<td style=\"vertical-align: top; width: 46.6667%;\"><a href=\"\/index.php\/osobnosti\/stephane-peterhansel\/\"><span style=\"color: #ee8027;\">St\u00e9phane Peterhansel<\/span><\/a><br \/>\n<a href=\"\/index.php\/osobnosti\/jean-paul-cottret\/\"><span style=\"color: #ee8027;\">Jean-Paul Cottret<\/span><\/a><\/td>\n<td style=\"vertical-align: top; width: 41.8182%;\">Mitsubishi Pajero<\/td>\n<\/tr>\n<tr style=\"background-color: #f2f2f2;\">\n<td style=\"vertical-align: top; width: 11.5152%;\">2002<\/td>\n<td style=\"vertical-align: top; width: 46.6667%;\"><a href=\"\/index.php\/osobnosti\/stephane-peterhansel\/\"><span style=\"color: #ee8027;\">St\u00e9phane Peterhansel<\/span><\/a><br \/>\n<a href=\"\/index.php\/osobnosti\/jean-paul-cottret\/\"><span style=\"color: #ee8027;\">Jean-Paul Cottret<\/span><\/a><\/td>\n<td style=\"vertical-align: top; width: 41.8182%;\">Mitsubishi Pajero<\/td>\n<\/tr>\n<tr style=\"background-color: #dbd9d9;\">\n<td style=\"vertical-align: top; width: 11.5152%;\">2001<\/td>\n<td style=\"vertical-align: top; width: 46.6667%;\">Jean-Louis Schlesser<br \/>\nHenri Magne<\/td>\n<td style=\"vertical-align: top; width: 41.8182%;\">Schlesser M\u00e9gane<\/td>\n<\/tr>\n<tr style=\"background-color: #f2f2f2;\">\n<td style=\"vertical-align: top; width: 11.5152%;\">2000<\/td>\n<td style=\"vertical-align: top; width: 46.6667%;\">Jean-Louis Schlesser<br \/>\nJean-Marie Lurquin<\/td>\n<td style=\"vertical-align: top; width: 41.8182%;\">Schlesser Renault<\/td>\n<\/tr>\n<tr style=\"background-color: #dbd9d9;\">\n<td style=\"vertical-align: top; width: 11.5152%;\">1999<\/td>\n<td style=\"vertical-align: top; width: 46.6667%;\">Jean-Louis Schlesser<br \/>\nHenri Magne<\/td>\n<td style=\"vertical-align: top; width: 41.8182%;\">Schlesser Renault<\/td>\n<\/tr>\n<tr style=\"background-color: #f2f2f2;\">\n<td style=\"vertical-align: top; width: 11.5152%;\">1998<\/td>\n<td style=\"vertical-align: top; width: 46.6667%;\">Jean-Pierre Fontenay<br \/>\nGilles Picard<\/td>\n<td style=\"vertical-align: top; width: 41.8182%;\">Mitsubishi Pajero<\/td>\n<\/tr>\n<tr style=\"background-color: #dbd9d9;\">\n<td style=\"vertical-align: top; width: 11.5152%;\">1997<\/td>\n<td style=\"vertical-align: top; width: 46.6667%;\">Ari Vatanen<br \/>\nFred Gallagher<\/td>\n<td style=\"vertical-align: top; width: 41.8182%;\">Citro\u00ebn Rally Raid<\/td>\n<\/tr>\n<tr style=\"background-color: #f2f2f2;\">\n<td style=\"vertical-align: top; width: 11.5152%;\">1996<\/td>\n<td style=\"vertical-align: top; width: 46.6667%;\">Bruno Saby<br \/>\nDominique Serieys<\/td>\n<td style=\"vertical-align: top; width: 41.8182%;\">Mitsubishi Pajero<\/td>\n<\/tr>\n<tr style=\"background-color: #dbd9d9;\">\n<td style=\"vertical-align: top; width: 11.5152%;\">1995<\/td>\n<td style=\"vertical-align: top; width: 46.6667%;\">Jean-Louis Schlesser<\/td>\n<td style=\"vertical-align: top; width: 41.8182%;\">Schlesser Original<\/td>\n<\/tr>\n<tr style=\"background-color: #f2f2f2;\">\n<td style=\"vertical-align: top; width: 11.5152%;\">1994<\/td>\n<td style=\"vertical-align: top; width: 46.6667%;\">Jean-Louis Schlesser<\/td>\n<td style=\"vertical-align: top; width: 41.8182%;\">Schlesser Original<\/td>\n<\/tr>\n<tr style=\"background-color: #dbd9d9;\">\n<td style=\"vertical-align: top; width: 11.5152%;\">1993<\/td>\n<td style=\"vertical-align: top; width: 46.6667%;\">Saeed Al-Hajri<br \/>\nHenri Magne<\/td>\n<td style=\"vertical-align: top; width: 41.8182%;\">Mitsubishi Pajero<\/td>\n<\/tr>\n<tr style=\"background-color: #f2f2f2;\">\n<td style=\"vertical-align: top; width: 11.5152%;\">1992<\/td>\n<td style=\"vertical-align: top; width: 46.6667%;\">Mohammed Mattar<br \/>\nHasan Ali Ben Shahdoor<\/td>\n<td style=\"vertical-align: top; width: 41.8182%;\">Land Rover Defender 110<\/td>\n<\/tr>\n<tr style=\"background-color: #dbd9d9;\">\n<td style=\"vertical-align: top; width: 11.5152%;\">1991<\/td>\n<td style=\"vertical-align: top; width: 46.6667%;\">Mohammed Mattar<br \/>\nHasan Ali Ben Shahdoor<\/td>\n<td style=\"vertical-align: top; width: 41.8182%;\">Land Rover Defender 110<\/td>\n<\/tr>\n<\/tbody>\n<\/table>\n<p>[\/vc_column_text][\/vc_column_inner][vc_column_inner width=&#8221;1\/2&#8243;][vc_column_text css_animation=&#8221;fadeIn&#8221;]<\/p>\n<h4><span style=\"color: #808080;\">JEZDCI PODLE PO\u010cTU V\u00cdT\u011aZSTV\u00cd<\/span><\/h4>\n<table style=\"width: 97.7654%;\" rules=\"rows\" cellpadding=\"4px\">\n<tbody>\n<tr style=\"background-color: #dbd9d9;\">\n<td style=\"vertical-align: top;\">6<\/td>\n<td style=\"vertical-align: top;\">Jean-Louis Schlesser<\/td>\n<td style=\"vertical-align: top;\">1994, 1995, 1999-01, 2012<\/td>\n<\/tr>\n<tr style=\"background-color: #f2f2f2;\">\n<td style=\"vertical-align: top;\">6<\/td>\n<td style=\"vertical-align: top;\"><a href=\"\/index.php\/osobnosti\/stephane-peterhansel\/\"><span style=\"color: #ee8027;\">St\u00e9phane Peterhansel<\/span><\/a><\/td>\n<td style=\"vertical-align: top;\">2002, 2003, 2005, 2007, 2011, 2019<\/td>\n<\/tr>\n<tr style=\"background-color: #dbd9d9;\">\n<td style=\"vertical-align: top;\">2<\/td>\n<td style=\"vertical-align: top;\">Mohammed Mattar<\/td>\n<td style=\"vertical-align: top;\">1991, 1992<\/td>\n<\/tr>\n<tr style=\"background-color: #f2f2f2;\">\n<td style=\"vertical-align: top;\">2<\/td>\n<td style=\"vertical-align: top;\"><a href=\"\/index.php\/osobnosti\/vladimir-vasiljev\/\"><span style=\"color: #ee8027;\">Vladimir Vasiljev<\/span><\/a><\/td>\n<td style=\"vertical-align: top;\">2014, 2015<\/td>\n<\/tr>\n<tr style=\"background-color: #dbd9d9;\">\n<td style=\"vertical-align: top;\">2<\/td>\n<td style=\"vertical-align: top;\"><a href=\"\/index.php\/osobnosti\/nasser-al-attiyah\/\"><span style=\"color: #ee8027;\">Nasser Al-Attiyah<\/span><\/a><\/td>\n<td style=\"vertical-align: top;\">2008, 2016<\/td>\n<\/tr>\n<tr style=\"background-color: #f2f2f2;\">\n<td style=\"vertical-align: top;\">1<\/td>\n<td style=\"vertical-align: top;\">Saeed Al-Hajri<\/td>\n<td style=\"vertical-align: top;\">1993<\/td>\n<\/tr>\n<tr style=\"background-color: #dbd9d9;\">\n<td style=\"vertical-align: top;\">1<\/td>\n<td style=\"vertical-align: top;\">Bruno Saby<\/td>\n<td style=\"vertical-align: top;\">1996<\/td>\n<\/tr>\n<tr style=\"background-color: #f2f2f2;\">\n<td style=\"vertical-align: top;\">1<\/td>\n<td style=\"vertical-align: top;\">Ari Vatanen<\/td>\n<td style=\"vertical-align: top;\">1997<\/td>\n<\/tr>\n<tr style=\"background-color: #dbd9d9;\">\n<td style=\"vertical-align: top;\">1<\/td>\n<td style=\"vertical-align: top;\">Jean-Pierre Fontenay<\/td>\n<td style=\"vertical-align: top;\">1998<\/td>\n<\/tr>\n<tr style=\"background-color: #f2f2f2;\">\n<td style=\"vertical-align: top;\">1<\/td>\n<td style=\"vertical-align: top;\">Hiro\u0161i Masuoka<\/td>\n<td style=\"vertical-align: top;\">2004<\/td>\n<\/tr>\n<tr style=\"background-color: #dbd9d9;\">\n<td style=\"vertical-align: top;\">1<\/td>\n<td style=\"vertical-align: top;\">Luc Alphand<\/td>\n<td style=\"vertical-align: top;\">2006<\/td>\n<\/tr>\n<tr style=\"background-color: #f2f2f2;\">\n<td style=\"vertical-align: top;\">1<\/td>\n<td style=\"vertical-align: top;\">Guerlain Chicherit<\/td>\n<td style=\"vertical-align: top;\">2009<\/td>\n<\/tr>\n<tr style=\"background-color: #dbd9d9;\">\n<td style=\"vertical-align: top;\">1<\/td>\n<td style=\"vertical-align: top;\">Leonid Novickij<\/td>\n<td style=\"vertical-align: top;\">2010<\/td>\n<\/tr>\n<tr style=\"background-color: #f2f2f2;\">\n<td style=\"vertical-align: top;\">1<\/td>\n<td style=\"vertical-align: top;\"><a href=\"\/index.php\/osobnosti\/nani-roma\/\"><span style=\"color: #ee8027;\">Nani Roma<\/span><\/a><\/td>\n<td style=\"vertical-align: top;\">2013<\/td>\n<\/tr>\n<tr style=\"background-color: #dbd9d9;\">\n<td style=\"vertical-align: top;\">1<\/td>\n<td style=\"vertical-align: top;\"><a href=\"\/index.php\/osobnosti\/khalid-al-qassimi\/\"><span style=\"color: #ee8027;\">Khalid Al Qassimi<\/span><\/a><\/td>\n<td style=\"vertical-align: top;\">2017<\/td>\n<\/tr>\n<tr style=\"background-color: #f2f2f2;\">\n<td style=\"vertical-align: top;\">1<\/td>\n<td style=\"vertical-align: top;\"><a href=\"\/index.php\/osobnosti\/martin-prokop\/\"><span style=\"color: #ee8027;\">Martin Prokop<\/span><\/a><\/td>\n<td style=\"vertical-align: top;\">2018<\/td>\n<\/tr>\n<\/tbody>\n<\/table>\n<p>[\/vc_column_text][vc_column_text css_animation=&#8221;fadeIn&#8221;]<\/p>\n<h4><span style=\"color: #808080;\">NAVIG\u00c1TO\u0158I PODLE PO\u010cTU V\u00cdT\u011aZSTV\u00cd<\/span><\/h4>\n<table style=\"width: 97.7654%;\" rules=\"rows\" cellpadding=\"4px\">\n<tbody>\n<tr style=\"background-color: #dbd9d9;\">\n<td style=\"vertical-align: top;\">5<\/td>\n<td style=\"vertical-align: top;\"><a href=\"\/index.php\/osobnosti\/jean-paul-cottret\/\"><span style=\"color: #ee8027;\">Jean-Paul Cottret<\/span><\/a><\/td>\n<td style=\"vertical-align: top;\">2002, 2003, 2005, 2007, 2011<\/td>\n<\/tr>\n<tr style=\"background-color: #f2f2f2;\">\n<td style=\"vertical-align: top;\">3<\/td>\n<td style=\"vertical-align: top;\">Henri Magne<\/td>\n<td style=\"vertical-align: top;\">1993, 1999, 2001<\/td>\n<\/tr>\n<tr style=\"background-color: #dbd9d9;\">\n<td style=\"vertical-align: top;\">3<\/td>\n<td style=\"vertical-align: top;\"><a href=\"\/index.php\/osobnosti\/konstantin-zilcov\/\"><span style=\"color: #ee8027;\">Konstantin \u017dilcov<\/span><\/a><\/td>\n<td style=\"vertical-align: top;\">2012, 2014, 2015<\/td>\n<\/tr>\n<tr style=\"background-color: #f2f2f2;\">\n<td style=\"vertical-align: top;\">2<\/td>\n<td style=\"vertical-align: top;\">Hasan Ali Ben Shahdoor<\/td>\n<td style=\"vertical-align: top;\">1991, 1992<\/td>\n<\/tr>\n<tr style=\"background-color: #dbd9d9;\">\n<td style=\"vertical-align: top;\">2<\/td>\n<td style=\"vertical-align: top;\">Gilles Picard<\/td>\n<td style=\"vertical-align: top;\">1998, 2006<\/td>\n<\/tr>\n<tr style=\"background-color: #f2f2f2;\">\n<td style=\"vertical-align: top;\">2<\/td>\n<td style=\"vertical-align: top;\">Tina Th\u00f6rner<\/td>\n<td style=\"vertical-align: top;\">2008, 2009<\/td>\n<\/tr>\n<tr style=\"background-color: #dbd9d9;\">\n<td style=\"vertical-align: top;\">2<\/td>\n<td style=\"vertical-align: top;\">Andreas Schulz<\/td>\n<td style=\"vertical-align: top;\">2004, 2010<\/td>\n<\/tr>\n<tr style=\"background-color: #f2f2f2;\">\n<td style=\"vertical-align: top;\">1<\/td>\n<td style=\"vertical-align: top;\">Dominique Serieys<\/td>\n<td style=\"vertical-align: top;\">1996<\/td>\n<\/tr>\n<tr style=\"background-color: #dbd9d9;\">\n<td style=\"vertical-align: top;\">1<\/td>\n<td style=\"vertical-align: top;\">Fred Gallagher<\/td>\n<td style=\"vertical-align: top;\">1997<\/td>\n<\/tr>\n<tr style=\"background-color: #f2f2f2;\">\n<td style=\"vertical-align: top;\">1<\/td>\n<td style=\"vertical-align: top;\">Jean-Marie Lurquin<\/td>\n<td style=\"vertical-align: top;\">2000<\/td>\n<\/tr>\n<tr style=\"background-color: #dbd9d9;\">\n<td style=\"vertical-align: top;\">1<\/td>\n<td style=\"vertical-align: top;\">Michel P\u00e9rin<\/td>\n<td style=\"vertical-align: top;\">2013<\/td>\n<\/tr>\n<tr style=\"background-color: #f2f2f2;\">\n<td style=\"vertical-align: top;\">1<\/td>\n<td style=\"vertical-align: top;\"><a href=\"\/index.php\/osobnosti\/mathieu-baumel\/\"><span style=\"color: #ee8027;\">Mathieu Baumel<\/span><\/a><\/td>\n<td style=\"vertical-align: top;\">2016<\/td>\n<\/tr>\n<tr style=\"background-color: #dbd9d9;\">\n<td style=\"vertical-align: top;\">1<\/td>\n<td style=\"vertical-align: top;\"><a href=\"\/index.php\/osobnosti\/khalid-alkendi\/\"><span style=\"color: #ee8027;\">Khalid Alkendi<\/span><\/a><\/td>\n<td style=\"vertical-align: top;\">2017<\/td>\n<\/tr>\n<tr style=\"background-color: #f2f2f2;\">\n<td style=\"vertical-align: top;\">1<\/td>\n<td style=\"vertical-align: top;\"><a href=\"\/index.php\/osobnosti\/david-pabiska\/\"><span style=\"color: #ee8027;\">David Pabi\u0161ka<\/span><\/a><\/td>\n<td style=\"vertical-align: top;\">2018<\/td>\n<\/tr>\n<tr style=\"background-color: #dbd9d9;\">\n<td style=\"vertical-align: top;\">1<\/td>\n<td style=\"vertical-align: top;\"><a href=\"\/index.php\/osobnosti\/peterhansel-andrea\/\"><span style=\"color: #ee8027;\">Andrea Peterhansel<\/span><\/a><\/td>\n<td style=\"vertical-align: top;\">2019<\/td>\n<\/tr>\n<\/tbody>\n<\/table>\n<p>[\/vc_column_text][\/vc_column_inner][\/vc_row_inner][\/vc_tta_section][\/vc_tta_pageable][\/vc_column][\/vc_row]<\/p>\n","protected":false},"excerpt":{"rendered":"<p>P\u0159ehled v\u00edt\u011bz\u016f Abu Dhabi Desert Challenge, d\u0159\u00edve zn\u00e1m\u00e9 jako UAE Desert Challenge.<\/p>\n","protected":false},"author":1,"featured_media":21396,"parent":4410,"menu_order":0,"comment_status":"closed","ping_status":"closed","template":"page-templates\/builder.php","meta":{"footnotes":""},"class_list":["post-11522","page","type-page","status-publish","has-post-thumbnail","hentry"],"yoast_head":"<!-- This site is optimized with the Yoast SEO plugin v24.9 - https:\/\/yoast.com\/wordpress\/plugins\/seo\/ -->\n<title>Abu Dhabi Desert Challenge: V\u00edt\u011bzov\u00e9 - DAKARMANIA.cz<\/title>\n<meta name=\"description\" content=\"P\u0159ehled v\u00edt\u011bz\u016f Abu Dhabi Desert Challenge, d\u0159\u00edve zn\u00e1m\u00e9 jako UAE Desert Challenge.\" \/>\n<meta name=\"robots\" content=\"index, follow, max-snippet:-1, max-image-preview:large, max-video-preview:-1\" \/>\n<link rel=\"canonical\" href=\"https:\/\/www.dakarmania.cz\/index.php\/souteze\/addc-vitezove\/\" \/>\n<meta property=\"og:locale\" content=\"cs_CZ\" \/>\n<meta property=\"og:type\" content=\"article\" \/>\n<meta property=\"og:title\" content=\"Abu Dhabi Desert Challenge: V\u00edt\u011bzov\u00e9 - DAKARMANIA.cz\" \/>\n<meta property=\"og:description\" content=\"P\u0159ehled v\u00edt\u011bz\u016f Abu Dhabi Desert Challenge, d\u0159\u00edve zn\u00e1m\u00e9 jako UAE Desert Challenge.\" \/>\n<meta property=\"og:url\" content=\"https:\/\/www.dakarmania.cz\/index.php\/souteze\/addc-vitezove\/\" \/>\n<meta property=\"og:site_name\" content=\"DAKARMANIA.cz\" \/>\n<meta property=\"article:publisher\" content=\"https:\/\/www.facebook.com\/dakarmania\/\" \/>\n<meta property=\"article:modified_time\" content=\"2023-08-28T13:38:38+00:00\" \/>\n<meta property=\"og:image\" content=\"https:\/\/www.dakarmania.cz\/wp-content\/uploads\/2021\/07\/19-addc-peterhansel-header-31.jpg\" \/>\n\t<meta property=\"og:image:width\" content=\"1600\" \/>\n\t<meta property=\"og:image:height\" content=\"711\" \/>\n\t<meta property=\"og:image:type\" content=\"image\/jpeg\" \/>\n<meta name=\"twitter:card\" content=\"summary_large_image\" \/>\n<meta name=\"twitter:label1\" content=\"Odhadovan\u00e1 doba \u010dten\u00ed\" \/>\n\t<meta name=\"twitter:data1\" content=\"5 minut\" \/>\n<script type=\"application\/ld+json\" class=\"yoast-schema-graph\">{\"@context\":\"https:\/\/schema.org\",\"@graph\":[{\"@type\":\"WebPage\",\"@id\":\"https:\/\/www.dakarmania.cz\/index.php\/souteze\/addc-vitezove\/\",\"url\":\"https:\/\/www.dakarmania.cz\/index.php\/souteze\/addc-vitezove\/\",\"name\":\"Abu Dhabi Desert Challenge: V\u00edt\u011bzov\u00e9 - DAKARMANIA.cz\",\"isPartOf\":{\"@id\":\"https:\/\/www.dakarmania.cz\/#website\"},\"primaryImageOfPage\":{\"@id\":\"https:\/\/www.dakarmania.cz\/index.php\/souteze\/addc-vitezove\/#primaryimage\"},\"image\":{\"@id\":\"https:\/\/www.dakarmania.cz\/index.php\/souteze\/addc-vitezove\/#primaryimage\"},\"thumbnailUrl\":\"https:\/\/www.dakarmania.cz\/wp-content\/uploads\/2021\/07\/19-addc-peterhansel-header-31.jpg\",\"datePublished\":\"2019-09-18T22:33:50+00:00\",\"dateModified\":\"2023-08-28T13:38:38+00:00\",\"description\":\"P\u0159ehled v\u00edt\u011bz\u016f Abu Dhabi Desert Challenge, d\u0159\u00edve zn\u00e1m\u00e9 jako UAE Desert Challenge.\",\"breadcrumb\":{\"@id\":\"https:\/\/www.dakarmania.cz\/index.php\/souteze\/addc-vitezove\/#breadcrumb\"},\"inLanguage\":\"cs\",\"potentialAction\":[{\"@type\":\"ReadAction\",\"target\":[\"https:\/\/www.dakarmania.cz\/index.php\/souteze\/addc-vitezove\/\"]}]},{\"@type\":\"ImageObject\",\"inLanguage\":\"cs\",\"@id\":\"https:\/\/www.dakarmania.cz\/index.php\/souteze\/addc-vitezove\/#primaryimage\",\"url\":\"https:\/\/www.dakarmania.cz\/wp-content\/uploads\/2021\/07\/19-addc-peterhansel-header-31.jpg\",\"contentUrl\":\"https:\/\/www.dakarmania.cz\/wp-content\/uploads\/2021\/07\/19-addc-peterhansel-header-31.jpg\",\"width\":1600,\"height\":711,\"caption\":\"St\u00e9phane & Andrea Peterhansel, X-raid Mini JCW Team. Abu Dhabi Desert Challenge 2019. \u00a9 Red Bull Content Pool\"},{\"@type\":\"BreadcrumbList\",\"@id\":\"https:\/\/www.dakarmania.cz\/index.php\/souteze\/addc-vitezove\/#breadcrumb\",\"itemListElement\":[{\"@type\":\"ListItem\",\"position\":1,\"name\":\"Dom\u016f\",\"item\":\"https:\/\/www.dakarmania.cz\/\"},{\"@type\":\"ListItem\",\"position\":2,\"name\":\"Sout\u011b\u017ee\",\"item\":\"https:\/\/www.dakarmania.cz\/index.php\/souteze\/\"},{\"@type\":\"ListItem\",\"position\":3,\"name\":\"Abu Dhabi Desert Challenge: V\u00edt\u011bzov\u00e9\"}]},{\"@type\":\"WebSite\",\"@id\":\"https:\/\/www.dakarmania.cz\/#website\",\"url\":\"https:\/\/www.dakarmania.cz\/\",\"name\":\"DAKARMANIA.cz\",\"description\":\"\u017dijeme Dakarem cel\u00fd rok\",\"publisher\":{\"@id\":\"https:\/\/www.dakarmania.cz\/#organization\"},\"potentialAction\":[{\"@type\":\"SearchAction\",\"target\":{\"@type\":\"EntryPoint\",\"urlTemplate\":\"https:\/\/www.dakarmania.cz\/?s={search_term_string}\"},\"query-input\":{\"@type\":\"PropertyValueSpecification\",\"valueRequired\":true,\"valueName\":\"search_term_string\"}}],\"inLanguage\":\"cs\"},{\"@type\":\"Organization\",\"@id\":\"https:\/\/www.dakarmania.cz\/#organization\",\"name\":\"DAKAR MANIA\",\"url\":\"https:\/\/www.dakarmania.cz\/\",\"logo\":{\"@type\":\"ImageObject\",\"inLanguage\":\"cs\",\"@id\":\"https:\/\/www.dakarmania.cz\/#\/schema\/logo\/image\/\",\"url\":\"https:\/\/www.dakarmania.cz\/wp-content\/uploads\/2018\/12\/Dakar-Mania-Logo-Square-Orange.png\",\"contentUrl\":\"https:\/\/www.dakarmania.cz\/wp-content\/uploads\/2018\/12\/Dakar-Mania-Logo-Square-Orange.png\",\"width\":992,\"height\":992,\"caption\":\"DAKAR MANIA\"},\"image\":{\"@id\":\"https:\/\/www.dakarmania.cz\/#\/schema\/logo\/image\/\"},\"sameAs\":[\"https:\/\/www.facebook.com\/dakarmania\/\"]}]}<\/script>\n<!-- \/ Yoast SEO plugin. -->","yoast_head_json":{"title":"Abu Dhabi Desert Challenge: V\u00edt\u011bzov\u00e9 - DAKARMANIA.cz","description":"P\u0159ehled v\u00edt\u011bz\u016f Abu Dhabi Desert Challenge, d\u0159\u00edve zn\u00e1m\u00e9 jako UAE Desert Challenge.","robots":{"index":"index","follow":"follow","max-snippet":"max-snippet:-1","max-image-preview":"max-image-preview:large","max-video-preview":"max-video-preview:-1"},"canonical":"https:\/\/www.dakarmania.cz\/index.php\/souteze\/addc-vitezove\/","og_locale":"cs_CZ","og_type":"article","og_title":"Abu Dhabi Desert Challenge: V\u00edt\u011bzov\u00e9 - DAKARMANIA.cz","og_description":"P\u0159ehled v\u00edt\u011bz\u016f Abu Dhabi Desert Challenge, d\u0159\u00edve zn\u00e1m\u00e9 jako UAE Desert Challenge.","og_url":"https:\/\/www.dakarmania.cz\/index.php\/souteze\/addc-vitezove\/","og_site_name":"DAKARMANIA.cz","article_publisher":"https:\/\/www.facebook.com\/dakarmania\/","article_modified_time":"2023-08-28T13:38:38+00:00","og_image":[{"width":1600,"height":711,"url":"https:\/\/www.dakarmania.cz\/wp-content\/uploads\/2021\/07\/19-addc-peterhansel-header-31.jpg","type":"image\/jpeg"}],"twitter_card":"summary_large_image","twitter_misc":{"Odhadovan\u00e1 doba \u010dten\u00ed":"5 minut"},"schema":{"@context":"https:\/\/schema.org","@graph":[{"@type":"WebPage","@id":"https:\/\/www.dakarmania.cz\/index.php\/souteze\/addc-vitezove\/","url":"https:\/\/www.dakarmania.cz\/index.php\/souteze\/addc-vitezove\/","name":"Abu Dhabi Desert Challenge: V\u00edt\u011bzov\u00e9 - DAKARMANIA.cz","isPartOf":{"@id":"https:\/\/www.dakarmania.cz\/#website"},"primaryImageOfPage":{"@id":"https:\/\/www.dakarmania.cz\/index.php\/souteze\/addc-vitezove\/#primaryimage"},"image":{"@id":"https:\/\/www.dakarmania.cz\/index.php\/souteze\/addc-vitezove\/#primaryimage"},"thumbnailUrl":"https:\/\/www.dakarmania.cz\/wp-content\/uploads\/2021\/07\/19-addc-peterhansel-header-31.jpg","datePublished":"2019-09-18T22:33:50+00:00","dateModified":"2023-08-28T13:38:38+00:00","description":"P\u0159ehled v\u00edt\u011bz\u016f Abu Dhabi Desert Challenge, d\u0159\u00edve zn\u00e1m\u00e9 jako UAE Desert Challenge.","breadcrumb":{"@id":"https:\/\/www.dakarmania.cz\/index.php\/souteze\/addc-vitezove\/#breadcrumb"},"inLanguage":"cs","potentialAction":[{"@type":"ReadAction","target":["https:\/\/www.dakarmania.cz\/index.php\/souteze\/addc-vitezove\/"]}]},{"@type":"ImageObject","inLanguage":"cs","@id":"https:\/\/www.dakarmania.cz\/index.php\/souteze\/addc-vitezove\/#primaryimage","url":"https:\/\/www.dakarmania.cz\/wp-content\/uploads\/2021\/07\/19-addc-peterhansel-header-31.jpg","contentUrl":"https:\/\/www.dakarmania.cz\/wp-content\/uploads\/2021\/07\/19-addc-peterhansel-header-31.jpg","width":1600,"height":711,"caption":"St\u00e9phane & Andrea Peterhansel, X-raid Mini JCW Team. Abu Dhabi Desert Challenge 2019. \u00a9 Red Bull Content Pool"},{"@type":"BreadcrumbList","@id":"https:\/\/www.dakarmania.cz\/index.php\/souteze\/addc-vitezove\/#breadcrumb","itemListElement":[{"@type":"ListItem","position":1,"name":"Dom\u016f","item":"https:\/\/www.dakarmania.cz\/"},{"@type":"ListItem","position":2,"name":"Sout\u011b\u017ee","item":"https:\/\/www.dakarmania.cz\/index.php\/souteze\/"},{"@type":"ListItem","position":3,"name":"Abu Dhabi Desert Challenge: V\u00edt\u011bzov\u00e9"}]},{"@type":"WebSite","@id":"https:\/\/www.dakarmania.cz\/#website","url":"https:\/\/www.dakarmania.cz\/","name":"DAKARMANIA.cz","description":"\u017dijeme Dakarem cel\u00fd rok","publisher":{"@id":"https:\/\/www.dakarmania.cz\/#organization"},"potentialAction":[{"@type":"SearchAction","target":{"@type":"EntryPoint","urlTemplate":"https:\/\/www.dakarmania.cz\/?s={search_term_string}"},"query-input":{"@type":"PropertyValueSpecification","valueRequired":true,"valueName":"search_term_string"}}],"inLanguage":"cs"},{"@type":"Organization","@id":"https:\/\/www.dakarmania.cz\/#organization","name":"DAKAR MANIA","url":"https:\/\/www.dakarmania.cz\/","logo":{"@type":"ImageObject","inLanguage":"cs","@id":"https:\/\/www.dakarmania.cz\/#\/schema\/logo\/image\/","url":"https:\/\/www.dakarmania.cz\/wp-content\/uploads\/2018\/12\/Dakar-Mania-Logo-Square-Orange.png","contentUrl":"https:\/\/www.dakarmania.cz\/wp-content\/uploads\/2018\/12\/Dakar-Mania-Logo-Square-Orange.png","width":992,"height":992,"caption":"DAKAR MANIA"},"image":{"@id":"https:\/\/www.dakarmania.cz\/#\/schema\/logo\/image\/"},"sameAs":["https:\/\/www.facebook.com\/dakarmania\/"]}]}},"amp_enabled":false,"_links":{"self":[{"href":"https:\/\/www.dakarmania.cz\/index.php\/wp-json\/wp\/v2\/pages\/11522","targetHints":{"allow":["GET"]}}],"collection":[{"href":"https:\/\/www.dakarmania.cz\/index.php\/wp-json\/wp\/v2\/pages"}],"about":[{"href":"https:\/\/www.dakarmania.cz\/index.php\/wp-json\/wp\/v2\/types\/page"}],"author":[{"embeddable":true,"href":"https:\/\/www.dakarmania.cz\/index.php\/wp-json\/wp\/v2\/users\/1"}],"replies":[{"embeddable":true,"href":"https:\/\/www.dakarmania.cz\/index.php\/wp-json\/wp\/v2\/comments?post=11522"}],"version-history":[{"count":25,"href":"https:\/\/www.dakarmania.cz\/index.php\/wp-json\/wp\/v2\/pages\/11522\/revisions"}],"predecessor-version":[{"id":29010,"href":"https:\/\/www.dakarmania.cz\/index.php\/wp-json\/wp\/v2\/pages\/11522\/revisions\/29010"}],"up":[{"embeddable":true,"href":"https:\/\/www.dakarmania.cz\/index.php\/wp-json\/wp\/v2\/pages\/4410"}],"wp:featuredmedia":[{"embeddable":true,"href":"https:\/\/www.dakarmania.cz\/index.php\/wp-json\/wp\/v2\/media\/21396"}],"wp:attachment":[{"href":"https:\/\/www.dakarmania.cz\/index.php\/wp-json\/wp\/v2\/media?parent=11522"}],"curies":[{"name":"wp","href":"https:\/\/api.w.org\/{rel}","templated":true}]}}