{"id":11766,"date":"2019-09-24T01:25:18","date_gmt":"2019-09-23T23:25:18","guid":{"rendered":"https:\/\/www.dakarmania.cz\/?page_id=11766"},"modified":"2023-08-05T10:58:37","modified_gmt":"2023-08-05T08:58:37","slug":"martin-plechaty","status":"publish","type":"page","link":"https:\/\/www.dakarmania.cz\/index.php\/osobnosti\/martin-plechaty\/","title":{"rendered":"Martin Plechat\u00fd"},"content":{"rendered":"<p>[vc_row][vc_column][vc_btn title=&#8221;Osobnosti&#8221; style=&#8221;outline&#8221; shape=&#8221;square&#8221; size=&#8221;xs&#8221; align=&#8221;right&#8221; i_align=&#8221;right&#8221; i_icon_fontawesome=&#8221;fa fa-chevron-up&#8221; css_animation=&#8221;fadeIn&#8221; add_icon=&#8221;true&#8221; css=&#8221;.vc_custom_1565871840851{padding-right: 1px !important;padding-left: 1px !important;}&#8221; link=&#8221;url:%2Findex.php%2Fosobnosti%2F|||&#8221;][vc_column_text css_animation=&#8221;fadeIn&#8221; css=&#8221;.vc_custom_1569280844795{padding-top: 200px !important;padding-right: 15px !important;padding-bottom: 15px !important;padding-left: 15px !important;background: #f2f2f2 url(https:\/\/www.dakarmania.cz\/wp-content\/uploads\/2019\/09\/profile-plechaty-01.jpg?id=11757) !important;background-position: center !important;background-repeat: no-repeat !important;background-size: cover !important;}&#8221;]<\/p>\n<h1 style=\"text-align: left;\"><span style=\"background-color: #ee8027; opacity: 0.7;\"><span style=\"color: #ffffff; padding: 10px;\">MARTIN PLECHAT\u00dd<\/span><\/span><\/h1>\n<p>[\/vc_column_text][vc_column_text css_animation=&#8221;fadeIn&#8221; css=&#8221;.vc_custom_1579780079446{padding-top: 10px !important;padding-right: 10px !important;padding-bottom: 10px !important;padding-left: 10px !important;}&#8221;]<img decoding=\"async\" style=\"border: 1px solid gray;\" src=\"\/wp-content\/uploads\/2019\/02\/flag-cz-18x12.png\" \/> <strong>\u010cesk\u00e1 republika<\/strong> | * 26. z\u00e1\u0159\u00ed 1974, Mlad\u00e1 Boleslav<\/p>\n<p>56. m\u00edsto na Rally Dakar (2020)[\/vc_column_text][vc_tta_tour shape=&#8221;square&#8221; alignment=&#8221;center&#8221; active_section=&#8221;1&#8243; css_animation=&#8221;fadeIn&#8221;][vc_tta_section title=&#8221;2020&#8243; tab_id=&#8221;2020&#8243;][vc_column_text css_animation=&#8221;fadeIn&#8221;]<\/p>\n<table style=\"width: 97.7654%;\" rules=\"rows\" cellpadding=\"4px\">\n<tbody>\n<tr style=\"background-color: #9e9d9d; color: white;\">\n<td style=\"text-align: center;\"><span style=\"font-size: 8pt;\"><strong>sout\u011b\u017e<\/strong><\/span><\/td>\n<td class=\"nomobile\" style=\"text-align: center;\"><span style=\"font-size: 8pt;\"><strong>\u0161ampion\u00e1t,<br \/>\ndatum<\/strong><\/span><\/td>\n<td><span style=\"font-size: 8pt;\"><strong>jezdec<\/strong><\/span><\/td>\n<td><span style=\"font-size: 8pt;\"><strong>v\u016fz, t\u00fdm<\/strong><\/span><\/td>\n<td style=\"text-align: center;\"><span style=\"font-size: 8pt;\"><strong>v\u00fdsledek<\/strong><\/span><\/td>\n<td class=\"nomobile\" style=\"text-align: center;\"><span style=\"font-size: 8pt;\"><strong>kategorie<\/strong><\/span><\/td>\n<\/tr>\n<tr style=\"background-color: #f2f2f2;\">\n<td style=\"text-align: center;\"><a href=\"\/index.php\/souteze\/dakar-2020\/\"><span style=\"color: #ee8027;\">Rally Dakar<\/span><\/a><br \/>\n<img decoding=\"async\" src=\"\/wp-content\/uploads\/2019\/03\/flag-sa-18x12.png\" \/><\/td>\n<td class=\"nomobile\" style=\"text-align: center;\">04-17\/01<\/td>\n<td><a href=\"\/index.php\/osobnosti\/boris-vaculik\/\"><span style=\"color: #ee8027;\">Boris Vacul\u00edk<\/span><\/a><\/td>\n<td>Ford F-150 Evo<br \/>\n3RCZ.com<\/td>\n<td style=\"text-align: center;\">56.<\/td>\n<td class=\"nomobile\" style=\"text-align: center;\">auto<\/td>\n<\/tr>\n<\/tbody>\n<\/table>\n<p>[\/vc_column_text][vc_column_text css_animation=&#8221;fadeIn&#8221;]<strong>Dakar:<\/strong> p\u0159i p\u00e1t\u00e9m startu poprv\u00e9 dokon\u010dil[\/vc_column_text][\/vc_tta_section][vc_tta_section title=&#8221;2019&#8243; tab_id=&#8221;20191f43-ceb3&#8243;][vc_column_text css_animation=&#8221;fadeIn&#8221;]<\/p>\n<table style=\"width: 97.7654%;\" rules=\"rows\" cellpadding=\"4px\">\n<tbody>\n<tr style=\"background-color: #9e9d9d; color: white;\">\n<td style=\"text-align: center;\"><span style=\"font-size: 8pt;\"><strong>sout\u011b\u017e<\/strong><\/span><\/td>\n<td class=\"nomobile\" style=\"text-align: center;\"><span style=\"font-size: 8pt;\"><strong>\u0161ampion\u00e1t,<br \/>\ndatum<\/strong><\/span><\/td>\n<td><span style=\"font-size: 8pt;\"><strong>jezdec<\/strong><\/span><\/td>\n<td><span style=\"font-size: 8pt;\"><strong>v\u016fz, t\u00fdm<\/strong><\/span><\/td>\n<td style=\"text-align: center;\"><span style=\"font-size: 8pt;\"><strong>v\u00fdsledek<\/strong><\/span><\/td>\n<td class=\"nomobile\" style=\"text-align: center;\"><span style=\"font-size: 8pt;\"><strong>kategorie<\/strong><\/span><\/td>\n<\/tr>\n<tr style=\"background-color: #f2f2f2;\">\n<td style=\"text-align: center;\">Baja Szczecinek<br \/>\n<img decoding=\"async\" src=\"\/wp-content\/uploads\/2019\/02\/flag-pl-18x12.png\" \/><\/td>\n<td class=\"nomobile\" style=\"text-align: center;\">20-21\/09<\/td>\n<td><a href=\"\/index.php\/osobnosti\/boris-vaculik\/\"><span style=\"color: #ee8027;\">Boris Vacul\u00edk<\/span><\/a><\/td>\n<td>Ford F-150 Evo<br \/>\n3RCZ.com<\/td>\n<td style=\"text-align: center;\">3.<\/td>\n<td class=\"nomobile\" style=\"text-align: center;\">celkov\u011b<\/td>\n<\/tr>\n<tr style=\"background-color: #dbd9d9;\">\n<td style=\"text-align: center;\"><a href=\"\/index.php\/souteze\/maroc-2019\/\"><span style=\"color: #ee8027;\">Rallye du Maroc<\/span><\/a><br \/>\n<img decoding=\"async\" src=\"\/wp-content\/uploads\/2019\/02\/flag-ma-18x12.png\" \/><\/td>\n<td class=\"nomobile\" style=\"text-align: center;\"><a href=\"\/index.php\/sampionaty\/svetovy-pohar-fia-v-cross-country-rally-2019\/\"><span style=\"color: #ee8027;\">SP FIA rally<\/span><\/a><br \/>\n03-09\/10<\/td>\n<td><a href=\"\/index.php\/osobnosti\/boris-vaculik\/\"><span style=\"color: #ee8027;\">Boris Vacul\u00edk<\/span><\/a><\/td>\n<td>Ford F-150 Evo<br \/>\n3RCZ.com<\/td>\n<td style=\"text-align: center;\">23.<\/td>\n<td class=\"nomobile\" style=\"text-align: center;\">SP FIA<\/td>\n<\/tr>\n<\/tbody>\n<\/table>\n<p>[\/vc_column_text][\/vc_tta_section][vc_tta_section title=&#8221;Dakar&#8221; tab_id=&#8221;dakar&#8221;][vc_column_text css_animation=&#8221;fadeIn&#8221;]<\/p>\n<table style=\"width: 97.7654%;\" rules=\"rows\" cellpadding=\"4px\">\n<tbody>\n<tr style=\"background-color: #9e9d9d; color: white;\">\n<td class=\"nomobile\" style=\"text-align: center;\"><span style=\"font-size: 8pt;\"><strong>\u00fa\u010dast<\/strong><\/span><\/td>\n<td style=\"text-align: center;\"><span style=\"font-size: 8pt;\"><strong>ro\u010dn\u00edk<\/strong><\/span><\/td>\n<td class=\"nomobile\" style=\"text-align: center;\"><span style=\"font-size: 8pt;\"><strong>datum<\/strong><\/span><\/td>\n<td><\/td>\n<td><span style=\"font-size: 8pt;\"><strong>quad, t\u00fdm<\/strong><\/span><\/td>\n<td style=\"text-align: center;\"><span style=\"font-size: 8pt;\"><strong>v\u00fdsledek<\/strong><\/span><\/td>\n<td class=\"nomobile\" style=\"text-align: center;\"><span style=\"font-size: 8pt;\"><strong>kategorie<\/strong><\/span><\/td>\n<\/tr>\n<tr style=\"background-color: #f2f2f2;\">\n<td class=\"nomobile\" style=\"text-align: center;\">1.<\/td>\n<td style=\"text-align: center;\">2010<\/td>\n<td class=\"nomobile\" style=\"text-align: center;\">01-16\/01<\/td>\n<td><\/td>\n<td>Yamaha Raptor<br \/>\nKM Racing<\/td>\n<td style=\"text-align: center;\">DNF<\/td>\n<td class=\"nomobile\" style=\"text-align: center;\">quad<\/td>\n<\/tr>\n<tr style=\"background-color: #dbd9d9;\">\n<td class=\"nomobile\" style=\"text-align: center;\">2.<\/td>\n<td style=\"text-align: center;\">2011<\/td>\n<td class=\"nomobile\" style=\"text-align: center;\">01-16\/01<\/td>\n<td><\/td>\n<td>Yamaha Raptor 900<br \/>\nKM Racing<\/td>\n<td style=\"text-align: center;\">DNF<\/td>\n<td class=\"nomobile\" style=\"text-align: center;\">quad<\/td>\n<\/tr>\n<tr style=\"background-color: #9e9d9d; color: white;\">\n<td class=\"nomobile\" style=\"text-align: center;\"><span style=\"font-size: 8pt;\"><strong>\u00fa\u010dast<\/strong><\/span><\/td>\n<td style=\"text-align: center;\"><span style=\"font-size: 8pt;\"><strong>ro\u010dn\u00edk<\/strong><\/span><\/td>\n<td class=\"nomobile\" style=\"text-align: center;\"><span style=\"font-size: 8pt;\"><strong>datum<\/strong><\/span><\/td>\n<td><span style=\"font-size: 8pt;\"><strong>jezdec<\/strong><\/span><\/td>\n<td><span style=\"font-size: 8pt;\"><strong>v\u016fz, t\u00fdm<\/strong><\/span><\/td>\n<td style=\"text-align: center;\"><span style=\"font-size: 8pt;\"><strong>v\u00fdsledek<\/strong><\/span><\/td>\n<td class=\"nomobile\" style=\"text-align: center;\"><span style=\"font-size: 8pt;\"><strong>kategorie<\/strong><\/span><\/td>\n<\/tr>\n<tr style=\"background-color: #f2f2f2;\">\n<td class=\"nomobile\" style=\"text-align: center;\">3.<\/td>\n<td style=\"text-align: center;\">2016<\/td>\n<td class=\"nomobile\" style=\"text-align: center;\">02-16\/01<\/td>\n<td><a href=\"\/index.php\/osobnosti\/josef-machacek\/\"><span style=\"color: #ee8027;\">Josef Mach\u00e1\u010dek<\/span><\/a><\/td>\n<td>Optimus MD<br \/>\nBarth Racing<\/td>\n<td style=\"text-align: center;\">DNF<\/td>\n<td class=\"nomobile\" style=\"text-align: center;\">auto<\/td>\n<\/tr>\n<tr style=\"background-color: #dbd9d9;\">\n<td class=\"nomobile\" style=\"text-align: center;\">4.<\/td>\n<td style=\"text-align: center;\">2018<\/td>\n<td class=\"nomobile\" style=\"text-align: center;\">06-20\/01<\/td>\n<td><a href=\"\/index.php\/osobnosti\/boris-vaculik\/\"><span style=\"color: #ee8027;\">Boris Vacul\u00edk<\/span><\/a><\/td>\n<td>Ford F-150 Evo<br \/>\nBarth Racing<\/td>\n<td style=\"text-align: center;\">DNF<\/td>\n<td class=\"nomobile\" style=\"text-align: center;\">auto<\/td>\n<\/tr>\n<tr style=\"background-color: #f2f2f2;\">\n<td class=\"nomobile\" style=\"text-align: center;\">5.<\/td>\n<td style=\"text-align: center;\"><a href=\"\/index.php\/souteze\/dakar-2020\/\"><span style=\"color: #ee8027;\">2020<\/span><\/a><br \/>\n<img decoding=\"async\" src=\"\/wp-content\/uploads\/2019\/03\/flag-sa-18x12.png\" \/><\/td>\n<td class=\"nomobile\" style=\"text-align: center;\">04-17\/01<\/td>\n<td><a href=\"\/index.php\/osobnosti\/boris-vaculik\/\"><span style=\"color: #ee8027;\">Boris Vacul\u00edk<\/span><\/a><\/td>\n<td>Ford F-150 Evo<br \/>\n3RCZ.com<\/td>\n<td style=\"text-align: center;\">56.<\/td>\n<td class=\"nomobile\" style=\"text-align: center;\">auto<\/td>\n<\/tr>\n<\/tbody>\n<\/table>\n<p>[\/vc_column_text][vc_column_text css_animation=&#8221;fadeIn&#8221;]<strong>2010:<\/strong> odstoupil ze 6. m\u00edsta; p\u00e1d v 5. etap\u011b, zran\u011bn\u00e9 rameno | <strong>2011:<\/strong> odstoupil ze 4. m\u00edsta; praskl\u00e1 t\u011bhlice \u0159\u00edzen\u00ed v 6. etap\u011b | <strong>2016:<\/strong> odstoupili; porucha p\u0159evodovky v 6. etap\u011b | <strong>2018:<\/strong> odstoupili ze 26. m\u00edsta; hav\u00e1rie v 8. etap\u011b[\/vc_column_text][\/vc_tta_section][\/vc_tta_tour][\/vc_column][\/vc_row][vc_row][vc_column][vc_masonry_grid post_type=&#8221;post&#8221; max_items=&#8221;100&#8243; style=&#8221;lazy&#8221; items_per_page=&#8221;3&#8243; show_filter=&#8221;yes&#8221; gap=&#8221;5&#8243; filter_style=&#8221;filled&#8221; item=&#8221;3404&#8243; grid_id=&#8221;vc_gid:1691225341473-945aa10e-7891-9&#8243; taxonomies=&#8221;1513&#8243; filter_source=&#8221;category&#8221;][\/vc_column][\/vc_row]<\/p>\n","protected":false},"excerpt":{"rendered":"<p>Martin Plechat\u00fd je \u010desk\u00fd motocyklov\u00fd a automobilov\u00fd z\u00e1vodn\u00edk, navig\u00e1tor, n\u011bkolikan\u00e1sobn\u00fd \u00fa\u010dastn\u00edk Rally Dakar a dal\u0161\u00edch mezin\u00e1rodn\u00edch cross-country rally.<\/p>\n","protected":false},"author":1,"featured_media":11757,"parent":3629,"menu_order":1907,"comment_status":"closed","ping_status":"closed","template":"page-templates\/builder.php","meta":{"footnotes":""},"class_list":["post-11766","page","type-page","status-publish","has-post-thumbnail","hentry"],"yoast_head":"<!-- This site is optimized with the Yoast SEO plugin v24.9 - https:\/\/yoast.com\/wordpress\/plugins\/seo\/ -->\n<title>Martin Plechat\u00fd - DAKARMANIA.cz<\/title>\n<meta name=\"description\" content=\"Martin Plechat\u00fd je \u010desk\u00fd motocyklov\u00fd a automobilov\u00fd z\u00e1vodn\u00edk, navig\u00e1tor, n\u011bkolikan\u00e1sobn\u00fd \u00fa\u010dastn\u00edk Rally Dakar a dal\u0161\u00edch mezin\u00e1rodn\u00edch cross-country rally.\" \/>\n<meta name=\"robots\" content=\"index, follow, max-snippet:-1, max-image-preview:large, max-video-preview:-1\" \/>\n<link rel=\"canonical\" href=\"https:\/\/www.dakarmania.cz\/index.php\/osobnosti\/martin-plechaty\/\" \/>\n<meta property=\"og:locale\" content=\"cs_CZ\" \/>\n<meta property=\"og:type\" content=\"article\" \/>\n<meta property=\"og:title\" content=\"Martin Plechat\u00fd - DAKARMANIA.cz\" \/>\n<meta property=\"og:description\" content=\"Martin Plechat\u00fd je \u010desk\u00fd motocyklov\u00fd a automobilov\u00fd z\u00e1vodn\u00edk, navig\u00e1tor, n\u011bkolikan\u00e1sobn\u00fd \u00fa\u010dastn\u00edk Rally Dakar a dal\u0161\u00edch mezin\u00e1rodn\u00edch cross-country rally.\" \/>\n<meta property=\"og:url\" content=\"https:\/\/www.dakarmania.cz\/index.php\/osobnosti\/martin-plechaty\/\" \/>\n<meta property=\"og:site_name\" content=\"DAKARMANIA.cz\" \/>\n<meta property=\"article:publisher\" content=\"https:\/\/www.facebook.com\/dakarmania\/\" \/>\n<meta property=\"article:modified_time\" content=\"2023-08-05T08:58:37+00:00\" \/>\n<meta property=\"og:image\" content=\"https:\/\/www.dakarmania.cz\/wp-content\/uploads\/2019\/09\/profile-plechaty-01.jpg\" \/>\n\t<meta property=\"og:image:width\" content=\"1600\" \/>\n\t<meta property=\"og:image:height\" content=\"710\" \/>\n\t<meta property=\"og:image:type\" content=\"image\/jpeg\" \/>\n<meta name=\"twitter:card\" content=\"summary_large_image\" \/>\n<meta name=\"twitter:label1\" content=\"Odhadovan\u00e1 doba \u010dten\u00ed\" \/>\n\t<meta name=\"twitter:data1\" content=\"3 minuty\" \/>\n<script type=\"application\/ld+json\" class=\"yoast-schema-graph\">{\"@context\":\"https:\/\/schema.org\",\"@graph\":[{\"@type\":\"WebPage\",\"@id\":\"https:\/\/www.dakarmania.cz\/index.php\/osobnosti\/martin-plechaty\/\",\"url\":\"https:\/\/www.dakarmania.cz\/index.php\/osobnosti\/martin-plechaty\/\",\"name\":\"Martin Plechat\u00fd - DAKARMANIA.cz\",\"isPartOf\":{\"@id\":\"https:\/\/www.dakarmania.cz\/#website\"},\"primaryImageOfPage\":{\"@id\":\"https:\/\/www.dakarmania.cz\/index.php\/osobnosti\/martin-plechaty\/#primaryimage\"},\"image\":{\"@id\":\"https:\/\/www.dakarmania.cz\/index.php\/osobnosti\/martin-plechaty\/#primaryimage\"},\"thumbnailUrl\":\"https:\/\/www.dakarmania.cz\/wp-content\/uploads\/2019\/09\/profile-plechaty-01.jpg\",\"datePublished\":\"2019-09-23T23:25:18+00:00\",\"dateModified\":\"2023-08-05T08:58:37+00:00\",\"description\":\"Martin Plechat\u00fd je \u010desk\u00fd motocyklov\u00fd a automobilov\u00fd z\u00e1vodn\u00edk, navig\u00e1tor, n\u011bkolikan\u00e1sobn\u00fd \u00fa\u010dastn\u00edk Rally Dakar a dal\u0161\u00edch mezin\u00e1rodn\u00edch cross-country rally.\",\"breadcrumb\":{\"@id\":\"https:\/\/www.dakarmania.cz\/index.php\/osobnosti\/martin-plechaty\/#breadcrumb\"},\"inLanguage\":\"cs\",\"potentialAction\":[{\"@type\":\"ReadAction\",\"target\":[\"https:\/\/www.dakarmania.cz\/index.php\/osobnosti\/martin-plechaty\/\"]}]},{\"@type\":\"ImageObject\",\"inLanguage\":\"cs\",\"@id\":\"https:\/\/www.dakarmania.cz\/index.php\/osobnosti\/martin-plechaty\/#primaryimage\",\"url\":\"https:\/\/www.dakarmania.cz\/wp-content\/uploads\/2019\/09\/profile-plechaty-01.jpg\",\"contentUrl\":\"https:\/\/www.dakarmania.cz\/wp-content\/uploads\/2019\/09\/profile-plechaty-01.jpg\",\"width\":1600,\"height\":710,\"caption\":\"Martin Plechat\u00fd, 3RCZ.com. Baja Szczecinek 2019. \u00a9 3RCZ.com\"},{\"@type\":\"BreadcrumbList\",\"@id\":\"https:\/\/www.dakarmania.cz\/index.php\/osobnosti\/martin-plechaty\/#breadcrumb\",\"itemListElement\":[{\"@type\":\"ListItem\",\"position\":1,\"name\":\"Dom\u016f\",\"item\":\"https:\/\/www.dakarmania.cz\/\"},{\"@type\":\"ListItem\",\"position\":2,\"name\":\"Osobnosti\",\"item\":\"https:\/\/www.dakarmania.cz\/index.php\/osobnosti\/\"},{\"@type\":\"ListItem\",\"position\":3,\"name\":\"Martin Plechat\u00fd\"}]},{\"@type\":\"WebSite\",\"@id\":\"https:\/\/www.dakarmania.cz\/#website\",\"url\":\"https:\/\/www.dakarmania.cz\/\",\"name\":\"DAKARMANIA.cz\",\"description\":\"\u017dijeme Dakarem cel\u00fd rok\",\"publisher\":{\"@id\":\"https:\/\/www.dakarmania.cz\/#organization\"},\"potentialAction\":[{\"@type\":\"SearchAction\",\"target\":{\"@type\":\"EntryPoint\",\"urlTemplate\":\"https:\/\/www.dakarmania.cz\/?s={search_term_string}\"},\"query-input\":{\"@type\":\"PropertyValueSpecification\",\"valueRequired\":true,\"valueName\":\"search_term_string\"}}],\"inLanguage\":\"cs\"},{\"@type\":\"Organization\",\"@id\":\"https:\/\/www.dakarmania.cz\/#organization\",\"name\":\"DAKAR MANIA\",\"url\":\"https:\/\/www.dakarmania.cz\/\",\"logo\":{\"@type\":\"ImageObject\",\"inLanguage\":\"cs\",\"@id\":\"https:\/\/www.dakarmania.cz\/#\/schema\/logo\/image\/\",\"url\":\"https:\/\/www.dakarmania.cz\/wp-content\/uploads\/2018\/12\/Dakar-Mania-Logo-Square-Orange.png\",\"contentUrl\":\"https:\/\/www.dakarmania.cz\/wp-content\/uploads\/2018\/12\/Dakar-Mania-Logo-Square-Orange.png\",\"width\":992,\"height\":992,\"caption\":\"DAKAR MANIA\"},\"image\":{\"@id\":\"https:\/\/www.dakarmania.cz\/#\/schema\/logo\/image\/\"},\"sameAs\":[\"https:\/\/www.facebook.com\/dakarmania\/\"]}]}<\/script>\n<!-- \/ Yoast SEO plugin. -->","yoast_head_json":{"title":"Martin Plechat\u00fd - DAKARMANIA.cz","description":"Martin Plechat\u00fd je \u010desk\u00fd motocyklov\u00fd a automobilov\u00fd z\u00e1vodn\u00edk, navig\u00e1tor, n\u011bkolikan\u00e1sobn\u00fd \u00fa\u010dastn\u00edk Rally Dakar a dal\u0161\u00edch mezin\u00e1rodn\u00edch cross-country rally.","robots":{"index":"index","follow":"follow","max-snippet":"max-snippet:-1","max-image-preview":"max-image-preview:large","max-video-preview":"max-video-preview:-1"},"canonical":"https:\/\/www.dakarmania.cz\/index.php\/osobnosti\/martin-plechaty\/","og_locale":"cs_CZ","og_type":"article","og_title":"Martin Plechat\u00fd - DAKARMANIA.cz","og_description":"Martin Plechat\u00fd je \u010desk\u00fd motocyklov\u00fd a automobilov\u00fd z\u00e1vodn\u00edk, navig\u00e1tor, n\u011bkolikan\u00e1sobn\u00fd \u00fa\u010dastn\u00edk Rally Dakar a dal\u0161\u00edch mezin\u00e1rodn\u00edch cross-country rally.","og_url":"https:\/\/www.dakarmania.cz\/index.php\/osobnosti\/martin-plechaty\/","og_site_name":"DAKARMANIA.cz","article_publisher":"https:\/\/www.facebook.com\/dakarmania\/","article_modified_time":"2023-08-05T08:58:37+00:00","og_image":[{"width":1600,"height":710,"url":"https:\/\/www.dakarmania.cz\/wp-content\/uploads\/2019\/09\/profile-plechaty-01.jpg","type":"image\/jpeg"}],"twitter_card":"summary_large_image","twitter_misc":{"Odhadovan\u00e1 doba \u010dten\u00ed":"3 minuty"},"schema":{"@context":"https:\/\/schema.org","@graph":[{"@type":"WebPage","@id":"https:\/\/www.dakarmania.cz\/index.php\/osobnosti\/martin-plechaty\/","url":"https:\/\/www.dakarmania.cz\/index.php\/osobnosti\/martin-plechaty\/","name":"Martin Plechat\u00fd - DAKARMANIA.cz","isPartOf":{"@id":"https:\/\/www.dakarmania.cz\/#website"},"primaryImageOfPage":{"@id":"https:\/\/www.dakarmania.cz\/index.php\/osobnosti\/martin-plechaty\/#primaryimage"},"image":{"@id":"https:\/\/www.dakarmania.cz\/index.php\/osobnosti\/martin-plechaty\/#primaryimage"},"thumbnailUrl":"https:\/\/www.dakarmania.cz\/wp-content\/uploads\/2019\/09\/profile-plechaty-01.jpg","datePublished":"2019-09-23T23:25:18+00:00","dateModified":"2023-08-05T08:58:37+00:00","description":"Martin Plechat\u00fd je \u010desk\u00fd motocyklov\u00fd a automobilov\u00fd z\u00e1vodn\u00edk, navig\u00e1tor, n\u011bkolikan\u00e1sobn\u00fd \u00fa\u010dastn\u00edk Rally Dakar a dal\u0161\u00edch mezin\u00e1rodn\u00edch cross-country rally.","breadcrumb":{"@id":"https:\/\/www.dakarmania.cz\/index.php\/osobnosti\/martin-plechaty\/#breadcrumb"},"inLanguage":"cs","potentialAction":[{"@type":"ReadAction","target":["https:\/\/www.dakarmania.cz\/index.php\/osobnosti\/martin-plechaty\/"]}]},{"@type":"ImageObject","inLanguage":"cs","@id":"https:\/\/www.dakarmania.cz\/index.php\/osobnosti\/martin-plechaty\/#primaryimage","url":"https:\/\/www.dakarmania.cz\/wp-content\/uploads\/2019\/09\/profile-plechaty-01.jpg","contentUrl":"https:\/\/www.dakarmania.cz\/wp-content\/uploads\/2019\/09\/profile-plechaty-01.jpg","width":1600,"height":710,"caption":"Martin Plechat\u00fd, 3RCZ.com. Baja Szczecinek 2019. \u00a9 3RCZ.com"},{"@type":"BreadcrumbList","@id":"https:\/\/www.dakarmania.cz\/index.php\/osobnosti\/martin-plechaty\/#breadcrumb","itemListElement":[{"@type":"ListItem","position":1,"name":"Dom\u016f","item":"https:\/\/www.dakarmania.cz\/"},{"@type":"ListItem","position":2,"name":"Osobnosti","item":"https:\/\/www.dakarmania.cz\/index.php\/osobnosti\/"},{"@type":"ListItem","position":3,"name":"Martin Plechat\u00fd"}]},{"@type":"WebSite","@id":"https:\/\/www.dakarmania.cz\/#website","url":"https:\/\/www.dakarmania.cz\/","name":"DAKARMANIA.cz","description":"\u017dijeme Dakarem cel\u00fd rok","publisher":{"@id":"https:\/\/www.dakarmania.cz\/#organization"},"potentialAction":[{"@type":"SearchAction","target":{"@type":"EntryPoint","urlTemplate":"https:\/\/www.dakarmania.cz\/?s={search_term_string}"},"query-input":{"@type":"PropertyValueSpecification","valueRequired":true,"valueName":"search_term_string"}}],"inLanguage":"cs"},{"@type":"Organization","@id":"https:\/\/www.dakarmania.cz\/#organization","name":"DAKAR MANIA","url":"https:\/\/www.dakarmania.cz\/","logo":{"@type":"ImageObject","inLanguage":"cs","@id":"https:\/\/www.dakarmania.cz\/#\/schema\/logo\/image\/","url":"https:\/\/www.dakarmania.cz\/wp-content\/uploads\/2018\/12\/Dakar-Mania-Logo-Square-Orange.png","contentUrl":"https:\/\/www.dakarmania.cz\/wp-content\/uploads\/2018\/12\/Dakar-Mania-Logo-Square-Orange.png","width":992,"height":992,"caption":"DAKAR MANIA"},"image":{"@id":"https:\/\/www.dakarmania.cz\/#\/schema\/logo\/image\/"},"sameAs":["https:\/\/www.facebook.com\/dakarmania\/"]}]}},"amp_enabled":false,"_links":{"self":[{"href":"https:\/\/www.dakarmania.cz\/index.php\/wp-json\/wp\/v2\/pages\/11766","targetHints":{"allow":["GET"]}}],"collection":[{"href":"https:\/\/www.dakarmania.cz\/index.php\/wp-json\/wp\/v2\/pages"}],"about":[{"href":"https:\/\/www.dakarmania.cz\/index.php\/wp-json\/wp\/v2\/types\/page"}],"author":[{"embeddable":true,"href":"https:\/\/www.dakarmania.cz\/index.php\/wp-json\/wp\/v2\/users\/1"}],"replies":[{"embeddable":true,"href":"https:\/\/www.dakarmania.cz\/index.php\/wp-json\/wp\/v2\/comments?post=11766"}],"version-history":[{"count":16,"href":"https:\/\/www.dakarmania.cz\/index.php\/wp-json\/wp\/v2\/pages\/11766\/revisions"}],"predecessor-version":[{"id":28345,"href":"https:\/\/www.dakarmania.cz\/index.php\/wp-json\/wp\/v2\/pages\/11766\/revisions\/28345"}],"up":[{"embeddable":true,"href":"https:\/\/www.dakarmania.cz\/index.php\/wp-json\/wp\/v2\/pages\/3629"}],"wp:featuredmedia":[{"embeddable":true,"href":"https:\/\/www.dakarmania.cz\/index.php\/wp-json\/wp\/v2\/media\/11757"}],"wp:attachment":[{"href":"https:\/\/www.dakarmania.cz\/index.php\/wp-json\/wp\/v2\/media?parent=11766"}],"curies":[{"name":"wp","href":"https:\/\/api.w.org\/{rel}","templated":true}]}}