{"id":12859,"date":"2019-10-25T17:05:39","date_gmt":"2019-10-25T15:05:39","guid":{"rendered":"https:\/\/www.dakarmania.cz\/?page_id=12859"},"modified":"2023-08-05T10:33:12","modified_gmt":"2023-08-05T08:33:12","slug":"josef-machacek","status":"publish","type":"page","link":"https:\/\/www.dakarmania.cz\/index.php\/osobnosti\/josef-machacek\/","title":{"rendered":"Josef Mach\u00e1\u010dek"},"content":{"rendered":"<p>[vc_row][vc_column][vc_btn title=&#8221;Osobnosti&#8221; style=&#8221;outline&#8221; shape=&#8221;square&#8221; color=&#8221;warning&#8221; size=&#8221;xs&#8221; align=&#8221;right&#8221; i_align=&#8221;right&#8221; i_icon_fontawesome=&#8221;fa fa-chevron-up&#8221; css_animation=&#8221;fadeIn&#8221; add_icon=&#8221;true&#8221; css=&#8221;.vc_custom_1619647236504{padding-right: 1px !important;padding-left: 1px !important;}&#8221; link=&#8221;url:%2Findex.php%2Fosobnosti%2F|||&#8221;][vc_column_text css_animation=&#8221;fadeIn&#8221; css=&#8221;.vc_custom_1690293075782{padding-top: 200px !important;padding-right: 15px !important;padding-bottom: 15px !important;padding-left: 15px !important;background: #f2f2f2 url(https:\/\/www.dakarmania.cz\/wp-content\/uploads\/2023\/07\/profile-machacek-02.jpg?id=28146) !important;background-position: center !important;background-repeat: no-repeat !important;background-size: cover !important;}&#8221;]<\/p>\n<h1 style=\"text-align: left;\"><span style=\"background-color: #ee8027; opacity: 0.7;\"><span style=\"color: #ffffff; padding: 10px;\">JOSEF MACH\u00c1\u010cEK<\/span><\/span><\/h1>\n<p>[\/vc_column_text][vc_column_text css_animation=&#8221;fadeIn&#8221; css=&#8221;.vc_custom_1690293454877{padding-top: 10px !important;padding-right: 10px !important;padding-bottom: 10px !important;padding-left: 10px !important;}&#8221;]<\/p>\n<p style=\"text-align: center;\"><img decoding=\"async\" style=\"border: 1px solid gray;\" src=\"\/wp-content\/uploads\/2019\/02\/flag-cz-18x12.png\" \/> <strong>\u010cesk\u00e1 republika<\/strong> | * 13. b\u0159ezna 1957, Chrudim<\/p>\n<p style=\"text-align: center;\"><strong>V\u00edt\u011bz Rally Dakar<\/strong> (2009)<br \/>\nTrojn\u00e1sobn\u00fd v\u00edt\u011bz skupiny Experimental na Rally Dakar (2000, 2001, 2003)<br \/>\nV\u00edt\u011bz skupiny Quad na Rally Dakar (2007)<br \/>\nV\u00edt\u011bz skupiny T3 na Rally Dakar (2021)<\/p>\n<p>[\/vc_column_text][\/vc_column][\/vc_row][vc_row][vc_column][vc_btn title=&#8221;Dakar&#8221; style=&#8221;classic&#8221; shape=&#8221;square&#8221; color=&#8221;warning&#8221; size=&#8221;xs&#8221; css_animation=&#8221;fadeIn&#8221; css=&#8221;.vc_custom_1626959689086{padding-right: 1px !important;padding-left: 1px !important;}&#8221; link=&#8221;url:%2Findex.php%2Fosobnosti%2Fjosef-machacek%2F%23dakar|||&#8221;][vc_btn title=&#8221;W2RC&#8221; style=&#8221;classic&#8221; shape=&#8221;square&#8221; color=&#8221;warning&#8221; size=&#8221;xs&#8221; css_animation=&#8221;fadeIn&#8221; css=&#8221;.vc_custom_1690293667960{padding-right: 1px !important;padding-left: 1px !important;}&#8221; link=&#8221;url:%2Findex.php%2Fosobnosti%2Fjosef-machacek%2F%23w2rc|||&#8221;][vc_tta_pageable no_fill_content_area=&#8221;1&#8243; active_section=&#8221;1&#8243; pagination_style=&#8221;&#8221; css_animation=&#8221;fadeIn&#8221;][vc_tta_section title=&#8221;Dakar&#8221; tab_id=&#8221;dakar&#8221;][vc_column_text css_animation=&#8221;fadeIn&#8221;]<\/p>\n<table style=\"width: 97.7654%;\" rules=\"rows\" cellpadding=\"4px\">\n<tbody>\n<tr style=\"background-color: #808080; color: white;\">\n<td style=\"text-align: center;\" colspan=\"7\"><span style=\"font-size: 12pt;\"><strong>RALLY DAKAR<\/strong><\/span><\/td>\n<\/tr>\n<tr style=\"vertical-align: top; background-color: #f2f2f2;\">\n<td style=\"text-align: center;\"><a href=\"\/index.php\/rally-dakar\/dakar-2023\/\"><span style=\"color: #ee8027;\"><strong>2023<\/strong><\/span><\/a><\/td>\n<td class=\"nomobile\" style=\"text-align: center;\"><img decoding=\"async\" src=\"\/wp-content\/uploads\/2019\/03\/flag-sa-18x12.png\" \/><\/td>\n<td style=\"text-align: center;\"><strong>S\u00d7S<\/strong><br \/>\njezdec<\/td>\n<td class=\"nomobile\" style=\"text-align: center;\">17. start<\/td>\n<td><strong>Buggyra Can-Am DV 21<\/strong><br \/>\nBuggyra ZM Racing<\/td>\n<td><a href=\"\/index.php\/osobnosti\/david-schovanek\/\"><span style=\"color: #ee8027;\">David Schov\u00e1nek<\/span><\/a><\/td>\n<td style=\"text-align: center;\"><strong>27.<\/strong><br \/>\n<span style=\"font-size: 8pt;\">11. sk. T3<\/span><\/td>\n<\/tr>\n<tr style=\"vertical-align: top; background-color: #dbd9d9;\">\n<td style=\"text-align: center;\"><a href=\"\/index.php\/rally-dakar\/dakar-2022\/\"><span style=\"color: #ee8027;\"><strong>2022<\/strong><\/span><\/a><\/td>\n<td class=\"nomobile\" style=\"text-align: center;\"><img decoding=\"async\" src=\"\/wp-content\/uploads\/2019\/03\/flag-sa-18x12.png\" \/><\/td>\n<td style=\"text-align: center;\"><strong>S\u00d7S<\/strong><br \/>\njezdec<\/td>\n<td class=\"nomobile\" style=\"text-align: center;\">16. start<\/td>\n<td><strong>Buggyra Can-Am DV 21<\/strong><br \/>\nBuggyra ZM Racing<\/td>\n<td><a href=\"\/index.php\/osobnosti\/pavel-vyoral\/\"><span style=\"color: #ee8027;\">Pavel Vyoral<\/span><\/a><\/td>\n<td style=\"text-align: center;\"><strong>58.<\/strong><br \/>\n<span style=\"font-size: 8pt;\">25. sk. T3<\/span><\/td>\n<\/tr>\n<tr style=\"vertical-align: top; background-color: #f2f2f2;\">\n<td style=\"text-align: center;\"><a href=\"\/index.php\/souteze\/dakar-2021\/\"><span style=\"color: #ee8027;\"><strong>2021<\/strong><\/span><\/a><\/td>\n<td class=\"nomobile\" style=\"text-align: center;\"><img decoding=\"async\" src=\"\/wp-content\/uploads\/2019\/03\/flag-sa-18x12.png\" \/><\/td>\n<td style=\"text-align: center;\"><strong>S\u00d7S<\/strong><br \/>\njezdec<\/td>\n<td class=\"nomobile\" style=\"text-align: center;\">15. start<\/td>\n<td><strong>Buggyra Can-Am DV 21<\/strong><br \/>\nBuggyra Zero Mileage Racing<\/td>\n<td><a href=\"\/index.php\/osobnosti\/pavel-vyoral\/\"><span style=\"color: #ee8027;\">Pavel Vyoral<\/span><\/a><\/td>\n<td style=\"text-align: center;\"><strong>12.<\/strong><br \/>\n<span style=\"font-size: 8pt;\">1. sk. T3<\/span><\/td>\n<\/tr>\n<tr style=\"vertical-align: top; background-color: #dbd9d9;\">\n<td style=\"text-align: center;\"><a href=\"\/index.php\/souteze\/dakar-2020\/\"><span style=\"color: #ee8027;\"><strong>2020<\/strong><\/span><\/a><\/td>\n<td class=\"nomobile\" style=\"text-align: center;\"><img decoding=\"async\" src=\"\/wp-content\/uploads\/2019\/03\/flag-sa-18x12.png\" \/><\/td>\n<td style=\"text-align: center;\"><strong>S\u00d7S<\/strong><br \/>\njezdec<\/td>\n<td class=\"nomobile\" style=\"text-align: center;\">14. start<\/td>\n<td><strong>Can-Am Buggyra MK50 XRS<\/strong><br \/>\nBuggyra Racing<\/td>\n<td><a href=\"\/index.php\/osobnosti\/vlastimil-tosenovsky\/\"><span style=\"color: #ee8027;\">Vlastimil To\u0161enovsk\u00fd<\/span><\/a><\/td>\n<td style=\"text-align: center;\"><strong>27.<\/strong><br \/>\n<span style=\"font-size: 8pt;\">19. t\u0159. T3P<\/span><\/td>\n<\/tr>\n<tr style=\"vertical-align: top; background-color: #f2f2f2;\">\n<td style=\"text-align: center;\"><a href=\"\/index.php\/souteze\/dakar-2018\/\"><span style=\"color: #ee8027;\"><strong>2018<\/strong><\/span><\/a><\/td>\n<td class=\"nomobile\" style=\"text-align: center;\"><img decoding=\"async\" src=\"\/wp-content\/uploads\/2019\/03\/flag-pe-18x12.png\" \/> <img decoding=\"async\" src=\"\/wp-content\/uploads\/2019\/08\/flag-bo-18x12.png\" \/> <img decoding=\"async\" src=\"\/wp-content\/uploads\/2019\/06\/flag-ar-18x12.png\" \/><\/td>\n<td style=\"text-align: center;\"><strong>quad<\/strong><\/td>\n<td class=\"nomobile\" style=\"text-align: center;\">13. start<\/td>\n<td><strong>Yamaha QDY 700 L <\/strong>\u201eLegenda\u201c<br \/>\nBarth Racing<\/td>\n<td><\/td>\n<td style=\"text-align: center;\"><strong>12.<\/strong><\/td>\n<\/tr>\n<tr style=\"vertical-align: top; background-color: #dbd9d9;\">\n<td style=\"text-align: center;\"><a href=\"\/index.php\/souteze\/dakar-2017\/\"><span style=\"color: #ee8027;\"><strong>2017<\/strong><\/span><\/a><\/td>\n<td class=\"nomobile\" style=\"text-align: center;\"><img decoding=\"async\" src=\"\/wp-content\/uploads\/2021\/03\/flag-py-18x12-1.png\" \/> <img decoding=\"async\" src=\"\/wp-content\/uploads\/2019\/08\/flag-bo-18x12.png\" \/> <img decoding=\"async\" src=\"\/wp-content\/uploads\/2019\/06\/flag-ar-18x12.png\" \/><\/td>\n<td style=\"text-align: center;\"><strong>quad<\/strong><\/td>\n<td class=\"nomobile\" style=\"text-align: center;\">12. start<\/td>\n<td><strong>Yamaha QDY 700 L<\/strong><br \/>\nBarth Racing<\/td>\n<td><\/td>\n<td style=\"text-align: center;\"><strong>DNF<\/strong><\/td>\n<\/tr>\n<tr style=\"vertical-align: top; background-color: #f2f2f2;\">\n<td style=\"text-align: center;\"><a href=\"\/index.php\/souteze\/dakar-2016\/\"><span style=\"color: #ee8027;\"><strong>2016<\/strong><\/span><\/a><\/td>\n<td class=\"nomobile\" style=\"text-align: center;\"><img decoding=\"async\" src=\"\/wp-content\/uploads\/2019\/06\/flag-ar-18x12.png\" \/> <img decoding=\"async\" src=\"\/wp-content\/uploads\/2019\/08\/flag-bo-18x12.png\" \/><\/td>\n<td style=\"text-align: center;\"><strong>auto<\/strong><br \/>\njezdec<\/td>\n<td class=\"nomobile\" style=\"text-align: center;\">11. start<\/td>\n<td><strong>Optimus Nissan<\/strong><br \/>\nBarth Racing<\/td>\n<td><a href=\"\/index.php\/osobnosti\/martin-plechaty\/\"><span style=\"color: #ee8027;\">Martin Plechat\u00fd<\/span><\/a><\/td>\n<td style=\"text-align: center;\"><strong>DNF<\/strong><\/td>\n<\/tr>\n<tr style=\"vertical-align: top; background-color: #dbd9d9;\">\n<td style=\"text-align: center;\"><strong>2014<\/strong><\/td>\n<td class=\"nomobile\" style=\"text-align: center;\"><img decoding=\"async\" src=\"\/wp-content\/uploads\/2019\/06\/flag-ar-18x12.png\" \/> <img decoding=\"async\" src=\"\/wp-content\/uploads\/2019\/03\/flag-cl-18x12.png\" \/><\/td>\n<td style=\"text-align: center;\"><strong>auto<\/strong><br \/>\njezdec<\/td>\n<td class=\"nomobile\" style=\"text-align: center;\">10. start<\/td>\n<td><strong>Optimus 01 Nissan<\/strong><br \/>\nKM Racing<\/td>\n<td><a href=\"\/index.php\/osobnosti\/vlastimil-tosenovsky\/\"><span style=\"color: #ee8027;\">Vlastimil To\u0161enovsk\u00fd<\/span><\/a><\/td>\n<td style=\"text-align: center;\"><strong>DNF<\/strong><\/td>\n<\/tr>\n<tr style=\"vertical-align: top; background-color: #f2f2f2;\">\n<td style=\"text-align: center;\"><em>2012<\/em><\/td>\n<td class=\"nomobile\" style=\"text-align: center;\"><img decoding=\"async\" src=\"\/wp-content\/uploads\/2019\/06\/flag-ar-18x12.png\" \/> <img decoding=\"async\" src=\"\/wp-content\/uploads\/2019\/03\/flag-cl-18x12.png\" \/> <img decoding=\"async\" src=\"\/wp-content\/uploads\/2019\/03\/flag-pe-18x12.png\" \/><\/td>\n<td style=\"text-align: center;\"><em>quad<\/em><\/td>\n<td class=\"nomobile\" style=\"text-align: center;\"><\/td>\n<td><em>Yamaha 750 \u201ePanda\u201c<\/em><br \/>\n<em>KM Racing<\/em><\/td>\n<td><\/td>\n<td style=\"text-align: center;\"><em>DSQ<sup>\u2217\u2217\u2217<\/sup><\/em><\/td>\n<\/tr>\n<tr style=\"vertical-align: top; background-color: #dbd9d9;\">\n<td style=\"text-align: center;\"><strong>2011<\/strong><\/td>\n<td class=\"nomobile\" style=\"text-align: center;\"><img decoding=\"async\" src=\"\/wp-content\/uploads\/2019\/06\/flag-ar-18x12.png\" \/> <img decoding=\"async\" src=\"\/wp-content\/uploads\/2019\/03\/flag-cl-18x12.png\" \/><\/td>\n<td style=\"text-align: center;\"><strong>quad<\/strong><\/td>\n<td class=\"nomobile\" style=\"text-align: center;\">9. start<\/td>\n<td><strong>Yamaha Raptor 900<\/strong> \u201eKomtesa\u201c<br \/>\nKM Racing<\/td>\n<td><\/td>\n<td style=\"text-align: center;\"><strong>DNF<\/strong><\/td>\n<\/tr>\n<tr style=\"vertical-align: top; background-color: #f2f2f2;\">\n<td style=\"text-align: center;\"><strong>2010<\/strong><\/td>\n<td class=\"nomobile\" style=\"text-align: center;\"><img decoding=\"async\" src=\"\/wp-content\/uploads\/2019\/06\/flag-ar-18x12.png\" \/> <img decoding=\"async\" src=\"\/wp-content\/uploads\/2019\/03\/flag-cl-18x12.png\" \/><\/td>\n<td style=\"text-align: center;\"><strong>quad<\/strong><\/td>\n<td class=\"nomobile\" style=\"text-align: center;\">8. start<\/td>\n<td><strong>Yamaha Raptor 900 <\/strong>\u201eNezmar\u201c<br \/>\nKM Racing<\/td>\n<td><\/td>\n<td style=\"text-align: center;\"><strong>DNF<\/strong><\/td>\n<\/tr>\n<tr style=\"vertical-align: top; background-color: #dbd9d9;\">\n<td style=\"text-align: center;\"><strong>2009<\/strong><\/td>\n<td class=\"nomobile\" style=\"text-align: center;\"><img decoding=\"async\" src=\"\/wp-content\/uploads\/2019\/06\/flag-ar-18x12.png\" \/> <img decoding=\"async\" src=\"\/wp-content\/uploads\/2019\/03\/flag-cl-18x12.png\" \/><\/td>\n<td style=\"text-align: center;\"><strong>quad<\/strong><\/td>\n<td class=\"nomobile\" style=\"text-align: center;\">7. start<\/td>\n<td><strong>Yamaha Raptor <\/strong>\u201eDiktator\u201c<strong><br \/>\n<\/strong>KM Racing<\/td>\n<td><\/td>\n<td style=\"text-align: center;\"><strong>1.<\/strong><\/td>\n<\/tr>\n<tr style=\"vertical-align: top; background-color: #f2f2f2;\">\n<td style=\"text-align: center;\"><strong>2007<\/strong><\/td>\n<td class=\"nomobile\" style=\"text-align: center;\"><img decoding=\"async\" src=\"\/wp-content\/uploads\/2019\/02\/flag-pt-18x12.png\" \/> <img decoding=\"async\" src=\"\/wp-content\/uploads\/2019\/02\/flag-es-18x12.png\" \/> <img decoding=\"async\" src=\"\/wp-content\/uploads\/2019\/02\/flag-ma-18x12.png\" \/><br \/>\n<img decoding=\"async\" src=\"\/wp-content\/uploads\/2021\/03\/flag-mr-old-18\u00d712.png\" \/> <img decoding=\"async\" src=\"\/wp-content\/uploads\/2021\/03\/flag-ml-18x12-1.png\" \/> <img decoding=\"async\" src=\"\/wp-content\/uploads\/2019\/10\/flag-sn-18x12.png\" \/><\/td>\n<td style=\"text-align: center;\"><strong>moto<\/strong><sup>\u2217\u2217<\/sup><br \/>\n(quad)<\/td>\n<td class=\"nomobile\" style=\"text-align: center;\">6. start<\/td>\n<td><strong>Yamaha YFZ 350<\/strong><\/td>\n<td><\/td>\n<td style=\"text-align: center;\"><strong>65.<\/strong><br \/>\n<span style=\"font-size: 8pt;\">1. sk. quad<\/span><\/td>\n<\/tr>\n<tr style=\"vertical-align: top; background-color: #dbd9d9;\">\n<td style=\"text-align: center;\"><a href=\"\/index.php\/souteze\/dakar-2003\/\"><span style=\"color: #ee8027;\"><strong>2003<\/strong><\/span><\/a><\/td>\n<td class=\"nomobile\" style=\"text-align: center;\"><img decoding=\"async\" src=\"\/wp-content\/uploads\/2019\/03\/flag-fr-18x12.png\" \/> <img decoding=\"async\" src=\"\/wp-content\/uploads\/2019\/02\/flag-es-18x12.png\" \/> <img decoding=\"async\" src=\"\/wp-content\/uploads\/2019\/10\/flag-tn-18x12.png\" \/><br \/>\n<img decoding=\"async\" src=\"\/wp-content\/uploads\/2021\/04\/flag-ly-old-18x12-1.png\" \/> <img decoding=\"async\" src=\"\/wp-content\/uploads\/2021\/04\/flag-eg-18x12-1.png\" \/><\/td>\n<td style=\"text-align: center;\"><strong>moto<\/strong><sup>\u2217<\/sup><br \/>\n(quad)<\/td>\n<td class=\"nomobile\" style=\"text-align: center;\">5. start<\/td>\n<td><strong>Yamaha 850<\/strong><\/td>\n<td><\/td>\n<td style=\"text-align: center;\"><strong>46.<\/strong><br \/>\n<span style=\"font-size: 8pt;\">1. sk. Experimental<br \/>\n<\/span><\/td>\n<\/tr>\n<tr style=\"vertical-align: top; background-color: #f2f2f2;\">\n<td style=\"text-align: center;\"><a href=\"\/index.php\/souteze\/dakar-2002\/\"><span style=\"color: #ee8027;\"><strong>2002<\/strong><\/span><\/a><\/td>\n<td class=\"nomobile\" style=\"text-align: center;\"><img decoding=\"async\" src=\"\/wp-content\/uploads\/2019\/03\/flag-fr-18x12.png\" \/> <img decoding=\"async\" src=\"\/wp-content\/uploads\/2019\/02\/flag-es-18x12.png\" \/> <img decoding=\"async\" src=\"\/wp-content\/uploads\/2019\/02\/flag-ma-18x12.png\" \/><br \/>\n<img decoding=\"async\" src=\"\/wp-content\/uploads\/2021\/03\/flag-mr-old-18\u00d712.png\" \/> <img decoding=\"async\" src=\"\/wp-content\/uploads\/2019\/10\/flag-sn-18x12.png\" \/><\/td>\n<td style=\"text-align: center;\"><strong>moto<\/strong><sup>\u2217<\/sup><br \/>\n(quad)<\/td>\n<td class=\"nomobile\" style=\"text-align: center;\">4. start<\/td>\n<td><strong>Yamaha Banshee<\/strong><\/td>\n<td><\/td>\n<td style=\"text-align: center;\"><strong>DNF<\/strong><\/td>\n<\/tr>\n<tr style=\"vertical-align: top; background-color: #dbd9d9;\">\n<td style=\"text-align: center;\"><strong><a href=\"\/index.php\/souteze\/dakar-2001\/\"><span style=\"color: #ee8027;\">2001<\/span><\/a><\/strong><\/td>\n<td class=\"nomobile\" style=\"text-align: center;\"><img decoding=\"async\" src=\"\/wp-content\/uploads\/2019\/03\/flag-fr-18x12.png\" \/> <img decoding=\"async\" src=\"\/wp-content\/uploads\/2019\/02\/flag-es-18x12.png\" \/> <img decoding=\"async\" src=\"\/wp-content\/uploads\/2019\/02\/flag-ma-18x12.png\" \/><br \/>\n<img decoding=\"async\" src=\"\/wp-content\/uploads\/2021\/03\/flag-mr-old-18\u00d712.png\" \/> <img decoding=\"async\" src=\"\/wp-content\/uploads\/2021\/03\/flag-ml-18x12-1.png\" \/> <img decoding=\"async\" src=\"\/wp-content\/uploads\/2019\/10\/flag-sn-18x12.png\" \/><\/td>\n<td style=\"text-align: center;\"><strong>moto<\/strong><sup>\u2217<\/sup><br \/>\n(quad)<\/td>\n<td class=\"nomobile\" style=\"text-align: center;\">3. start<\/td>\n<td><strong>Yamaha Banshee<\/strong><\/td>\n<td><\/td>\n<td style=\"text-align: center;\"><strong>43.<\/strong><br \/>\n<span style=\"font-size: 8pt;\">1. sk. Experimental<br \/>\n<\/span><\/td>\n<\/tr>\n<tr style=\"vertical-align: top; background-color: #f2f2f2;\">\n<td style=\"text-align: center;\"><strong><a href=\"\/index.php\/souteze\/dakar-2000\/\"><span style=\"color: #ee8027;\">2000<\/span><\/a><\/strong><\/td>\n<td class=\"nomobile\" style=\"text-align: center;\"><img decoding=\"async\" src=\"\/wp-content\/uploads\/2019\/10\/flag-sn-18x12.png\" \/> <img decoding=\"async\" src=\"\/wp-content\/uploads\/2021\/03\/flag-ml-18x12-1.png\" \/> <img decoding=\"async\" src=\"\/wp-content\/uploads\/2021\/04\/flag-bf-18x12-1.png\" \/><br \/>\n<img decoding=\"async\" src=\"\/wp-content\/uploads\/2021\/04\/flag-ne-18x12-1.png\" \/> <img decoding=\"async\" src=\"\/wp-content\/uploads\/2021\/04\/flag-ly-old-18x12-1.png\" \/> <img decoding=\"async\" src=\"\/wp-content\/uploads\/2021\/04\/flag-eg-18x12-1.png\" \/><\/td>\n<td style=\"text-align: center;\"><strong>moto<\/strong><sup>\u2217<\/sup><br \/>\n(quad)<\/td>\n<td class=\"nomobile\" style=\"text-align: center;\">2. start<\/td>\n<td><strong>Yamaha Banshee<\/strong><\/td>\n<td><\/td>\n<td style=\"text-align: center;\"><strong>67.<\/strong><br \/>\n<span style=\"font-size: 8pt;\">1. sk. Experimental<br \/>\n<\/span><\/td>\n<\/tr>\n<tr style=\"vertical-align: top; background-color: #dbd9d9;\">\n<td style=\"text-align: center;\"><strong><a href=\"\/index.php\/souteze\/dakar-1999\/\"><span style=\"color: #ee8027;\">1999<\/span><\/a><\/strong><\/td>\n<td class=\"nomobile\" style=\"text-align: center;\"><img decoding=\"async\" src=\"\/wp-content\/uploads\/2019\/02\/flag-es-18x12.png\" \/> <img decoding=\"async\" src=\"\/wp-content\/uploads\/2019\/02\/flag-ma-18x12.png\" \/> <img decoding=\"async\" src=\"\/wp-content\/uploads\/2021\/03\/flag-mr-old-18\u00d712.png\" \/><br \/>\n<img decoding=\"async\" src=\"\/wp-content\/uploads\/2021\/03\/flag-ml-18x12-1.png\" \/> <img decoding=\"async\" src=\"\/wp-content\/uploads\/2021\/04\/flag-bf-18x12-1.png\" \/> <img decoding=\"async\" src=\"\/wp-content\/uploads\/2019\/10\/flag-sn-18x12.png\" \/><\/td>\n<td style=\"text-align: center;\"><strong>moto<\/strong><sup>\u2217<\/sup><br \/>\n(quad)<\/td>\n<td class=\"nomobile\" style=\"text-align: center;\">1. start<\/td>\n<td><strong>Yamaha Banshee<br \/>\n<\/strong><\/td>\n<td><\/td>\n<td style=\"text-align: center;\"><strong>DNF<\/strong><\/td>\n<\/tr>\n<tr style=\"background-color: #808080; color: white;\">\n<td style=\"text-align: left;\" colspan=\"7\"><span style=\"font-size: 8pt;\"><sup>\u2217<\/sup> Do roku 2004 startovali \u010dty\u0159kolk\u00e1\u0159i na Dakaru v kategorii motocykl\u016f ve skupin\u011b Experimental<\/span>.<br \/>\n<span style=\"font-size: 8pt;\"><sup>\u2217\u2217<\/sup> V letech 2005-2007 startovali \u010dty\u0159kolk\u00e1\u0159i na Dakaru v kategorii motocykl\u016f, v jej\u00edm\u017e r\u00e1mci pro n\u011b byla vyps\u00e1na samostatn\u00e1 skupina.<\/span><br \/>\n<span style=\"font-size: 8pt;\"><sup>\u2217\u2217\u2217<\/sup> Josef Mach\u00e1\u010dek a dal\u0161\u00edch \u0161est jezdc\u016f nepro\u0161lo kv\u016fli nepovolen\u00fdm \u00faprav\u00e1m technick\u00fdmi p\u0159ej\u00edmkami a nebyli ofici\u00e1ln\u011b p\u0159ipu\u0161t\u011bni do z\u00e1vodu. Mach\u00e1\u010dek podal protest a mimo klasifikaci absolvoval \u00favodn\u00ed etapy. Po zam\u00edtnut\u00ed protestu po 2. etap\u011b ji\u017e nepokra\u010doval.<\/span><\/td>\n<\/tr>\n<\/tbody>\n<\/table>\n<p>[\/vc_column_text][\/vc_tta_section][vc_tta_section title=&#8221;W2RC&#8221; tab_id=&#8221;w2rc&#8221;][vc_column_text css_animation=&#8221;fadeIn&#8221;]<\/p>\n<table style=\"width: 97.7654%;\" rules=\"rows\" cellpadding=\"4px\">\n<tbody>\n<tr style=\"background-color: #808080; color: white;\">\n<td style=\"text-align: center;\" colspan=\"6\"><span style=\"font-size: 12pt;\"><strong>MISTROVSTV\u00cd SV\u011aTA V D\u00c1LKOV\u00ddCH RALLY<\/strong><\/span><br \/>\n<strong> World Rally-Raid Championship<\/strong><\/td>\n<\/tr>\n<tr style=\"background-color: #9e9d9d; color: #ffffff;\">\n<td><a href=\"\/index.php\/w2rc\/w2rc-2023\/\"><span style=\"color: #ee8027;\"><strong><span style=\"color: #ffffff;\">2023<\/span><\/strong><\/span><\/a><\/td>\n<td style=\"text-align: right;\" colspan=\"5\">NC<sup>\u2217<\/sup><\/td>\n<\/tr>\n<tr style=\"vertical-align: top; background-color: #f2f2f2;\">\n<td><strong><a href=\"\/index.php\/rally-dakar\/dakar-2023\/\"><span style=\"color: #ee8027;\">Rally Dakar<\/span><\/a><\/strong><\/td>\n<td class=\"nomobile\" style=\"text-align: center;\"><img decoding=\"async\" src=\"\/wp-content\/uploads\/2019\/03\/flag-sa-18x12.png\" \/><\/td>\n<td style=\"text-align: center;\"><strong>S\u00d7S <\/strong>(T3)<br \/>\njezdec<\/td>\n<td><strong>Buggyra Can-Am DV 21<\/strong><br \/>\nBuggyra ZM Racing<\/td>\n<td><a href=\"\/index.php\/osobnosti\/david-schovanek\/\"><span style=\"color: #ee8027;\">David Schov\u00e1nek<\/span><\/a><\/td>\n<td style=\"text-align: right;\"><strong>62. <\/strong>(FIA)<br \/>\n<span style=\"font-size: 8pt;\">11. T3<\/span><\/td>\n<\/tr>\n<tr style=\"background-color: #9e9d9d; color: #ffffff;\">\n<td><a href=\"\/index.php\/w2rc\/w2rc-2022\/\"><span style=\"color: #ee8027;\"><strong><span style=\"color: #ffffff;\">2022<\/span><\/strong><\/span><\/a><\/td>\n<td style=\"text-align: right;\" colspan=\"5\">NC<sup>\u2217<\/sup><\/td>\n<\/tr>\n<tr style=\"vertical-align: top; background-color: #dbd9d9;\">\n<td><strong><a href=\"\/index.php\/rally-dakar\/dakar-2022\/\"><span style=\"color: #ee8027;\">Rally Dakar<\/span><\/a><\/strong><\/td>\n<td class=\"nomobile\" style=\"text-align: center;\"><img decoding=\"async\" src=\"\/wp-content\/uploads\/2019\/03\/flag-sa-18x12.png\" \/><\/td>\n<td style=\"text-align: center;\"><strong>S\u00d7S <\/strong>(T3)<br \/>\njezdec<\/td>\n<td><strong>Buggyra Can-Am DV 21<\/strong><br \/>\nBuggyra ZM Racing<\/td>\n<td><a href=\"\/index.php\/osobnosti\/pavel-vyoral\/\"><span style=\"color: #ee8027;\">Pavel Vyoral<\/span><\/a><\/td>\n<td style=\"text-align: right;\"><strong>128. <\/strong>(FIA)<br \/>\n<span style=\"font-size: 8pt;\">25. T3<\/span><\/td>\n<\/tr>\n<tr style=\"background-color: #808080; color: white;\">\n<td style=\"text-align: left;\" colspan=\"6\"><span style=\"font-size: 8pt;\"><sup>\u2217<\/sup> Neklasifikov\u00e1n. Nebyli p\u0159ihl\u00e1\u0161eni do \u0161ampion\u00e1tu. Mohli se tedy \u00fa\u010dastnit jednotliv\u00fdch podnik\u016f, ale bez n\u00e1roku na zisk bod\u016f do celkov\u00e9ho hodnocen\u00ed \u0161ampion\u00e1tu.<\/span><\/td>\n<\/tr>\n<\/tbody>\n<\/table>\n<p>[\/vc_column_text][\/vc_tta_section][vc_tta_section title=&#8221;Ostatni&#8221; tab_id=&#8221;ostatni&#8221;][vc_column_text css_animation=&#8221;fadeIn&#8221;]<\/p>\n<table style=\"width: 97.7654%;\" rules=\"rows\" cellpadding=\"4px\">\n<tbody>\n<tr style=\"background-color: #808080; color: white;\">\n<td style=\"text-align: center;\" colspan=\"6\"><span style=\"font-size: 12pt;\"><strong>OSTATN\u00cd CROSS-COUNTRY RALLY A BAJI<\/strong><\/span><\/td>\n<\/tr>\n<tr style=\"background-color: #9e9d9d; color: #ffffff;\">\n<td><strong>2019<\/strong><\/td>\n<td style=\"text-align: right;\" colspan=\"5\"><\/td>\n<\/tr>\n<tr style=\"vertical-align: top; background-color: #dbd9d9;\">\n<td><strong>Tuareg Rallye<\/strong><\/td>\n<td class=\"nomobile\" style=\"text-align: center;\"><img decoding=\"async\" src=\"\/wp-content\/uploads\/2019\/10\/flag-dz-18x12.png\" \/><\/td>\n<td style=\"text-align: center;\"><strong>quad<\/strong><\/td>\n<td><strong>Yamaha<\/strong><\/td>\n<td><\/td>\n<td><strong>5.<\/strong><\/td>\n<\/tr>\n<\/tbody>\n<\/table>\n<p>[\/vc_column_text][\/vc_tta_section][\/vc_tta_pageable][\/vc_column][\/vc_row][vc_row][vc_column][vc_masonry_grid post_type=&#8221;post&#8221; max_items=&#8221;-1&#8243; style=&#8221;lazy&#8221; items_per_page=&#8221;3&#8243; gap=&#8221;5&#8243; item=&#8221;3404&#8243; grid_id=&#8221;vc_gid:1691224137277-4d8de03c-6ae3-1&#8243; taxonomies=&#8221;684&#8243;][\/vc_column][\/vc_row]<\/p>\n","protected":false},"excerpt":{"rendered":"<p>Josef Mach\u00e1\u010dek je \u010desk\u00fd motocyklov\u00fd a automobilov\u00fd z\u00e1vodn\u00edk, v\u00edt\u011bz Rally Dakar v kategorii \u010dty\u0159kolek, \u00fa\u010dastn\u00edk dal\u0161\u00edch mezin\u00e1rodn\u00edch cross-country rally.<\/p>\n","protected":false},"author":1,"featured_media":28146,"parent":3629,"menu_order":1603,"comment_status":"closed","ping_status":"closed","template":"page-templates\/builder.php","meta":{"footnotes":""},"class_list":["post-12859","page","type-page","status-publish","has-post-thumbnail","hentry"],"yoast_head":"<!-- This site is optimized with the Yoast SEO plugin v24.9 - https:\/\/yoast.com\/wordpress\/plugins\/seo\/ -->\n<title>Josef Mach\u00e1\u010dek - DAKARMANIA.cz<\/title>\n<meta name=\"description\" content=\"Josef Mach\u00e1\u010dek je \u010desk\u00fd z\u00e1vodn\u00edk, v\u00edt\u011bz Rally Dakar v kategorii \u010dty\u0159kolek, \u00fa\u010dastn\u00edk \u0159ady dal\u0161\u00edch mezin\u00e1rodn\u00edch cross-country rally.\" \/>\n<meta name=\"robots\" content=\"index, follow, max-snippet:-1, max-image-preview:large, max-video-preview:-1\" \/>\n<link rel=\"canonical\" href=\"https:\/\/www.dakarmania.cz\/index.php\/osobnosti\/josef-machacek\/\" \/>\n<meta property=\"og:locale\" content=\"cs_CZ\" \/>\n<meta property=\"og:type\" content=\"article\" \/>\n<meta property=\"og:title\" content=\"Josef Mach\u00e1\u010dek - DAKARMANIA.cz\" \/>\n<meta property=\"og:description\" content=\"Josef Mach\u00e1\u010dek je \u010desk\u00fd z\u00e1vodn\u00edk, v\u00edt\u011bz Rally Dakar v kategorii \u010dty\u0159kolek, \u00fa\u010dastn\u00edk \u0159ady dal\u0161\u00edch mezin\u00e1rodn\u00edch cross-country rally.\" \/>\n<meta property=\"og:url\" content=\"https:\/\/www.dakarmania.cz\/index.php\/osobnosti\/josef-machacek\/\" \/>\n<meta property=\"og:site_name\" content=\"DAKARMANIA.cz\" \/>\n<meta property=\"article:publisher\" content=\"https:\/\/www.facebook.com\/dakarmania\/\" \/>\n<meta property=\"article:modified_time\" content=\"2023-08-05T08:33:12+00:00\" \/>\n<meta property=\"og:image\" content=\"https:\/\/www.dakarmania.cz\/wp-content\/uploads\/2023\/07\/profile-machacek-02.jpg\" \/>\n\t<meta property=\"og:image:width\" content=\"1600\" \/>\n\t<meta property=\"og:image:height\" content=\"711\" \/>\n\t<meta property=\"og:image:type\" content=\"image\/jpeg\" \/>\n<meta name=\"twitter:card\" content=\"summary_large_image\" \/>\n<meta name=\"twitter:label1\" content=\"Odhadovan\u00e1 doba \u010dten\u00ed\" \/>\n\t<meta name=\"twitter:data1\" content=\"16 minut\" \/>\n<script type=\"application\/ld+json\" class=\"yoast-schema-graph\">{\"@context\":\"https:\/\/schema.org\",\"@graph\":[{\"@type\":\"WebPage\",\"@id\":\"https:\/\/www.dakarmania.cz\/index.php\/osobnosti\/josef-machacek\/\",\"url\":\"https:\/\/www.dakarmania.cz\/index.php\/osobnosti\/josef-machacek\/\",\"name\":\"Josef Mach\u00e1\u010dek - DAKARMANIA.cz\",\"isPartOf\":{\"@id\":\"https:\/\/www.dakarmania.cz\/#website\"},\"primaryImageOfPage\":{\"@id\":\"https:\/\/www.dakarmania.cz\/index.php\/osobnosti\/josef-machacek\/#primaryimage\"},\"image\":{\"@id\":\"https:\/\/www.dakarmania.cz\/index.php\/osobnosti\/josef-machacek\/#primaryimage\"},\"thumbnailUrl\":\"https:\/\/www.dakarmania.cz\/wp-content\/uploads\/2023\/07\/profile-machacek-02.jpg\",\"datePublished\":\"2019-10-25T15:05:39+00:00\",\"dateModified\":\"2023-08-05T08:33:12+00:00\",\"description\":\"Josef Mach\u00e1\u010dek je \u010desk\u00fd z\u00e1vodn\u00edk, v\u00edt\u011bz Rally Dakar v kategorii \u010dty\u0159kolek, \u00fa\u010dastn\u00edk \u0159ady dal\u0161\u00edch mezin\u00e1rodn\u00edch cross-country rally.\",\"breadcrumb\":{\"@id\":\"https:\/\/www.dakarmania.cz\/index.php\/osobnosti\/josef-machacek\/#breadcrumb\"},\"inLanguage\":\"cs\",\"potentialAction\":[{\"@type\":\"ReadAction\",\"target\":[\"https:\/\/www.dakarmania.cz\/index.php\/osobnosti\/josef-machacek\/\"]}]},{\"@type\":\"ImageObject\",\"inLanguage\":\"cs\",\"@id\":\"https:\/\/www.dakarmania.cz\/index.php\/osobnosti\/josef-machacek\/#primaryimage\",\"url\":\"https:\/\/www.dakarmania.cz\/wp-content\/uploads\/2023\/07\/profile-machacek-02.jpg\",\"contentUrl\":\"https:\/\/www.dakarmania.cz\/wp-content\/uploads\/2023\/07\/profile-machacek-02.jpg\",\"width\":1600,\"height\":711,\"caption\":\"Josef Mach\u00e1\u010dek, Buggyra ZM Racing. Rally Dakar 2023. \u00a9 Buggyra Media\"},{\"@type\":\"BreadcrumbList\",\"@id\":\"https:\/\/www.dakarmania.cz\/index.php\/osobnosti\/josef-machacek\/#breadcrumb\",\"itemListElement\":[{\"@type\":\"ListItem\",\"position\":1,\"name\":\"Dom\u016f\",\"item\":\"https:\/\/www.dakarmania.cz\/\"},{\"@type\":\"ListItem\",\"position\":2,\"name\":\"Osobnosti\",\"item\":\"https:\/\/www.dakarmania.cz\/index.php\/osobnosti\/\"},{\"@type\":\"ListItem\",\"position\":3,\"name\":\"Josef Mach\u00e1\u010dek\"}]},{\"@type\":\"WebSite\",\"@id\":\"https:\/\/www.dakarmania.cz\/#website\",\"url\":\"https:\/\/www.dakarmania.cz\/\",\"name\":\"DAKARMANIA.cz\",\"description\":\"\u017dijeme Dakarem cel\u00fd rok\",\"publisher\":{\"@id\":\"https:\/\/www.dakarmania.cz\/#organization\"},\"potentialAction\":[{\"@type\":\"SearchAction\",\"target\":{\"@type\":\"EntryPoint\",\"urlTemplate\":\"https:\/\/www.dakarmania.cz\/?s={search_term_string}\"},\"query-input\":{\"@type\":\"PropertyValueSpecification\",\"valueRequired\":true,\"valueName\":\"search_term_string\"}}],\"inLanguage\":\"cs\"},{\"@type\":\"Organization\",\"@id\":\"https:\/\/www.dakarmania.cz\/#organization\",\"name\":\"DAKAR MANIA\",\"url\":\"https:\/\/www.dakarmania.cz\/\",\"logo\":{\"@type\":\"ImageObject\",\"inLanguage\":\"cs\",\"@id\":\"https:\/\/www.dakarmania.cz\/#\/schema\/logo\/image\/\",\"url\":\"https:\/\/www.dakarmania.cz\/wp-content\/uploads\/2018\/12\/Dakar-Mania-Logo-Square-Orange.png\",\"contentUrl\":\"https:\/\/www.dakarmania.cz\/wp-content\/uploads\/2018\/12\/Dakar-Mania-Logo-Square-Orange.png\",\"width\":992,\"height\":992,\"caption\":\"DAKAR MANIA\"},\"image\":{\"@id\":\"https:\/\/www.dakarmania.cz\/#\/schema\/logo\/image\/\"},\"sameAs\":[\"https:\/\/www.facebook.com\/dakarmania\/\"]}]}<\/script>\n<!-- \/ Yoast SEO plugin. -->","yoast_head_json":{"title":"Josef Mach\u00e1\u010dek - DAKARMANIA.cz","description":"Josef Mach\u00e1\u010dek je \u010desk\u00fd z\u00e1vodn\u00edk, v\u00edt\u011bz Rally Dakar v kategorii \u010dty\u0159kolek, \u00fa\u010dastn\u00edk \u0159ady dal\u0161\u00edch mezin\u00e1rodn\u00edch cross-country rally.","robots":{"index":"index","follow":"follow","max-snippet":"max-snippet:-1","max-image-preview":"max-image-preview:large","max-video-preview":"max-video-preview:-1"},"canonical":"https:\/\/www.dakarmania.cz\/index.php\/osobnosti\/josef-machacek\/","og_locale":"cs_CZ","og_type":"article","og_title":"Josef Mach\u00e1\u010dek - DAKARMANIA.cz","og_description":"Josef Mach\u00e1\u010dek je \u010desk\u00fd z\u00e1vodn\u00edk, v\u00edt\u011bz Rally Dakar v kategorii \u010dty\u0159kolek, \u00fa\u010dastn\u00edk \u0159ady dal\u0161\u00edch mezin\u00e1rodn\u00edch cross-country rally.","og_url":"https:\/\/www.dakarmania.cz\/index.php\/osobnosti\/josef-machacek\/","og_site_name":"DAKARMANIA.cz","article_publisher":"https:\/\/www.facebook.com\/dakarmania\/","article_modified_time":"2023-08-05T08:33:12+00:00","og_image":[{"width":1600,"height":711,"url":"https:\/\/www.dakarmania.cz\/wp-content\/uploads\/2023\/07\/profile-machacek-02.jpg","type":"image\/jpeg"}],"twitter_card":"summary_large_image","twitter_misc":{"Odhadovan\u00e1 doba \u010dten\u00ed":"16 minut"},"schema":{"@context":"https:\/\/schema.org","@graph":[{"@type":"WebPage","@id":"https:\/\/www.dakarmania.cz\/index.php\/osobnosti\/josef-machacek\/","url":"https:\/\/www.dakarmania.cz\/index.php\/osobnosti\/josef-machacek\/","name":"Josef Mach\u00e1\u010dek - DAKARMANIA.cz","isPartOf":{"@id":"https:\/\/www.dakarmania.cz\/#website"},"primaryImageOfPage":{"@id":"https:\/\/www.dakarmania.cz\/index.php\/osobnosti\/josef-machacek\/#primaryimage"},"image":{"@id":"https:\/\/www.dakarmania.cz\/index.php\/osobnosti\/josef-machacek\/#primaryimage"},"thumbnailUrl":"https:\/\/www.dakarmania.cz\/wp-content\/uploads\/2023\/07\/profile-machacek-02.jpg","datePublished":"2019-10-25T15:05:39+00:00","dateModified":"2023-08-05T08:33:12+00:00","description":"Josef Mach\u00e1\u010dek je \u010desk\u00fd z\u00e1vodn\u00edk, v\u00edt\u011bz Rally Dakar v kategorii \u010dty\u0159kolek, \u00fa\u010dastn\u00edk \u0159ady dal\u0161\u00edch mezin\u00e1rodn\u00edch cross-country rally.","breadcrumb":{"@id":"https:\/\/www.dakarmania.cz\/index.php\/osobnosti\/josef-machacek\/#breadcrumb"},"inLanguage":"cs","potentialAction":[{"@type":"ReadAction","target":["https:\/\/www.dakarmania.cz\/index.php\/osobnosti\/josef-machacek\/"]}]},{"@type":"ImageObject","inLanguage":"cs","@id":"https:\/\/www.dakarmania.cz\/index.php\/osobnosti\/josef-machacek\/#primaryimage","url":"https:\/\/www.dakarmania.cz\/wp-content\/uploads\/2023\/07\/profile-machacek-02.jpg","contentUrl":"https:\/\/www.dakarmania.cz\/wp-content\/uploads\/2023\/07\/profile-machacek-02.jpg","width":1600,"height":711,"caption":"Josef Mach\u00e1\u010dek, Buggyra ZM Racing. Rally Dakar 2023. \u00a9 Buggyra Media"},{"@type":"BreadcrumbList","@id":"https:\/\/www.dakarmania.cz\/index.php\/osobnosti\/josef-machacek\/#breadcrumb","itemListElement":[{"@type":"ListItem","position":1,"name":"Dom\u016f","item":"https:\/\/www.dakarmania.cz\/"},{"@type":"ListItem","position":2,"name":"Osobnosti","item":"https:\/\/www.dakarmania.cz\/index.php\/osobnosti\/"},{"@type":"ListItem","position":3,"name":"Josef Mach\u00e1\u010dek"}]},{"@type":"WebSite","@id":"https:\/\/www.dakarmania.cz\/#website","url":"https:\/\/www.dakarmania.cz\/","name":"DAKARMANIA.cz","description":"\u017dijeme Dakarem cel\u00fd rok","publisher":{"@id":"https:\/\/www.dakarmania.cz\/#organization"},"potentialAction":[{"@type":"SearchAction","target":{"@type":"EntryPoint","urlTemplate":"https:\/\/www.dakarmania.cz\/?s={search_term_string}"},"query-input":{"@type":"PropertyValueSpecification","valueRequired":true,"valueName":"search_term_string"}}],"inLanguage":"cs"},{"@type":"Organization","@id":"https:\/\/www.dakarmania.cz\/#organization","name":"DAKAR MANIA","url":"https:\/\/www.dakarmania.cz\/","logo":{"@type":"ImageObject","inLanguage":"cs","@id":"https:\/\/www.dakarmania.cz\/#\/schema\/logo\/image\/","url":"https:\/\/www.dakarmania.cz\/wp-content\/uploads\/2018\/12\/Dakar-Mania-Logo-Square-Orange.png","contentUrl":"https:\/\/www.dakarmania.cz\/wp-content\/uploads\/2018\/12\/Dakar-Mania-Logo-Square-Orange.png","width":992,"height":992,"caption":"DAKAR MANIA"},"image":{"@id":"https:\/\/www.dakarmania.cz\/#\/schema\/logo\/image\/"},"sameAs":["https:\/\/www.facebook.com\/dakarmania\/"]}]}},"amp_enabled":false,"_links":{"self":[{"href":"https:\/\/www.dakarmania.cz\/index.php\/wp-json\/wp\/v2\/pages\/12859","targetHints":{"allow":["GET"]}}],"collection":[{"href":"https:\/\/www.dakarmania.cz\/index.php\/wp-json\/wp\/v2\/pages"}],"about":[{"href":"https:\/\/www.dakarmania.cz\/index.php\/wp-json\/wp\/v2\/types\/page"}],"author":[{"embeddable":true,"href":"https:\/\/www.dakarmania.cz\/index.php\/wp-json\/wp\/v2\/users\/1"}],"replies":[{"embeddable":true,"href":"https:\/\/www.dakarmania.cz\/index.php\/wp-json\/wp\/v2\/comments?post=12859"}],"version-history":[{"count":47,"href":"https:\/\/www.dakarmania.cz\/index.php\/wp-json\/wp\/v2\/pages\/12859\/revisions"}],"predecessor-version":[{"id":28342,"href":"https:\/\/www.dakarmania.cz\/index.php\/wp-json\/wp\/v2\/pages\/12859\/revisions\/28342"}],"up":[{"embeddable":true,"href":"https:\/\/www.dakarmania.cz\/index.php\/wp-json\/wp\/v2\/pages\/3629"}],"wp:featuredmedia":[{"embeddable":true,"href":"https:\/\/www.dakarmania.cz\/index.php\/wp-json\/wp\/v2\/media\/28146"}],"wp:attachment":[{"href":"https:\/\/www.dakarmania.cz\/index.php\/wp-json\/wp\/v2\/media?parent=12859"}],"curies":[{"name":"wp","href":"https:\/\/api.w.org\/{rel}","templated":true}]}}