{"id":13052,"date":"2019-10-31T15:33:30","date_gmt":"2019-10-31T14:33:30","guid":{"rendered":"https:\/\/www.dakarmania.cz\/?page_id=13052"},"modified":"2021-08-31T23:01:58","modified_gmt":"2021-08-31T21:01:58","slug":"sp-fia-ccr-vitezove","status":"publish","type":"page","link":"https:\/\/www.dakarmania.cz\/index.php\/sampionaty\/sp-fia-ccr-vitezove\/","title":{"rendered":"Sv\u011btov\u00fd poh\u00e1r FIA v cross-country rally: V\u00edt\u011bzov\u00e9"},"content":{"rendered":"<p>[vc_row][vc_column][vc_btn title=&#8221;SP FIA CCR&#8221; style=&#8221;outline&#8221; shape=&#8221;square&#8221; color=&#8221;warning&#8221; size=&#8221;xs&#8221; align=&#8221;right&#8221; i_align=&#8221;right&#8221; i_icon_fontawesome=&#8221;fa fa-chevron-up&#8221; css_animation=&#8221;fadeIn&#8221; add_icon=&#8221;true&#8221; css=&#8221;.vc_custom_1619630203660{padding-right: 1px !important;padding-left: 1px !important;}&#8221; link=&#8221;url:%2Findex.php%2Fsampionaty%2F%23fia-rally|||&#8221;][vc_column_text css_animation=&#8221;fadeIn&#8221; css=&#8221;.vc_custom_1572528156933{padding-top: 200px !important;padding-right: 15px !important;padding-bottom: 15px !important;padding-left: 15px !important;background: #f2f2f2 url(https:\/\/www.dakarmania.cz\/wp-content\/uploads\/2019\/10\/19-maroc-peterhansel-header-04.jpg?id=13051) !important;background-position: center !important;background-repeat: no-repeat !important;background-size: cover !important;}&#8221;]<\/p>\n<h1 style=\"text-align: left;\"><span style=\"background-color: #ee8027; opacity: 0.7;\"><span style=\"color: #ffffff; padding: 10px;\">V\u00cdT\u011aZOV\u00c9<\/span><br \/>\n<span style=\"color: #ffffff; padding: 10px;\">SV\u011aTOV\u00c9HO POH\u00c1RU FIA<\/span><br \/>\n<span style=\"color: #ffffff; padding: 10px;\">V CROSS-COUNTRY RALLY<\/span><\/span><\/h1>\n<p>[\/vc_column_text][vc_btn title=&#8221;Jezdci&#8221; style=&#8221;classic&#8221; shape=&#8221;square&#8221; color=&#8221;warning&#8221; size=&#8221;xs&#8221; css_animation=&#8221;fadeIn&#8221; css=&#8221;.vc_custom_1618440857660{padding-right: 1px !important;padding-left: 1px !important;}&#8221; link=&#8221;url:%2Findex.php%2Fsouteze%2Fsp-fia-ccr-vitezove%2F%23jezdci|||&#8221;][vc_tta_pageable no_fill_content_area=&#8221;1&#8243; active_section=&#8221;1&#8243; pagination_style=&#8221;&#8221; css_animation=&#8221;fadeIn&#8221;][vc_tta_section title=&#8221;Jezdci&#8221; tab_id=&#8221;jezdci&#8221;][vc_row_inner][vc_column_inner width=&#8221;1\/2&#8243;][vc_column_text css_animation=&#8221;fadeIn&#8221;]<\/p>\n<h4><span style=\"color: #808080;\">JEZDCI<\/span><\/h4>\n<table style=\"width: 97.7654%;\" rules=\"rows\" cellpadding=\"4px\">\n<tbody>\n<tr style=\"background-color: #dbd9d9;\">\n<td style=\"vertical-align: top; width: 11.5152%; text-align: center;\"><a href=\"\/index.php\/sampionaty\/sp-fia-ccr-2020\/\"><span style=\"color: #ee8027;\">2020<\/span><\/a><\/td>\n<td><em>v\u00edt\u011bz nebyl vyhl\u00e1\u0161en<\/em><\/td>\n<\/tr>\n<tr style=\"background-color: #f2f2f2;\">\n<td style=\"vertical-align: top; width: 11.5152%; text-align: center;\"><a href=\"\/index.php\/sampionaty\/svetovy-pohar-fia-v-cross-country-rally-2019\/\"><span style=\"color: #ee8027;\">2019<\/span><\/a><\/td>\n<td><a href=\"\/index.php\/osobnosti\/stephane-peterhansel\/\"><span style=\"color: #ee8027;\">St\u00e9phane Peterhansel<\/span><\/a><\/td>\n<\/tr>\n<tr style=\"background-color: #dbd9d9;\">\n<td style=\"vertical-align: top; width: 11.5152%; text-align: center;\">2018<\/td>\n<td><a href=\"\/index.php\/osobnosti\/kuba-przygonski\/\"><span style=\"color: #ee8027;\">Kuba Przygo\u0144ski<\/span><\/a><\/td>\n<\/tr>\n<tr style=\"background-color: #f2f2f2;\">\n<td style=\"vertical-align: top; width: 11.5152%; text-align: center;\">2017<\/td>\n<td>Nasser Al-Attiyah<\/td>\n<\/tr>\n<tr style=\"background-color: #dbd9d9;\">\n<td style=\"vertical-align: top; width: 11.5152%; text-align: center;\">2016<\/td>\n<td>Nasser Al-Attiyah<\/td>\n<\/tr>\n<tr style=\"background-color: #f2f2f2;\">\n<td style=\"text-align: center;\">2015<\/td>\n<td>Nasser Al-Attiyah<\/td>\n<\/tr>\n<tr style=\"background-color: #dbd9d9;\">\n<td style=\"vertical-align: top; width: 11.5152%; text-align: center;\">2014<\/td>\n<td>Vladimir Vasiljev<\/td>\n<\/tr>\n<tr style=\"background-color: #f2f2f2;\">\n<td style=\"vertical-align: top; width: 11.5152%; text-align: center;\">2013<\/td>\n<td><a href=\"\/index.php\/osobnosti\/krzysztof-holowczyc\/\"><span style=\"color: #ee8027;\">Krzysztof Ho\u0142owczyc<\/span><\/a><\/td>\n<\/tr>\n<tr style=\"background-color: #dbd9d9;\">\n<td style=\"vertical-align: top; width: 11.5152%; text-align: center;\">2012<\/td>\n<td>Khalifa Al Mutaiwei<\/td>\n<\/tr>\n<tr style=\"background-color: #f2f2f2;\">\n<td style=\"vertical-align: top; width: 11.5152%; text-align: center;\">2011<\/td>\n<td>Leonid Novickij<\/td>\n<\/tr>\n<tr style=\"background-color: #dbd9d9;\">\n<td style=\"vertical-align: top; width: 11.5152%; text-align: center;\">2010<\/td>\n<td>Leonid Novickij<\/td>\n<\/tr>\n<tr style=\"background-color: #f2f2f2;\">\n<td style=\"vertical-align: top; width: 11.5152%; text-align: center;\">2009<\/td>\n<td>Guerlain Chicherit<\/td>\n<\/tr>\n<tr style=\"background-color: #dbd9d9;\">\n<td style=\"vertical-align: top; width: 11.5152%; text-align: center;\">2008<\/td>\n<td>Nasser Al-Attiyah<\/td>\n<\/tr>\n<tr style=\"background-color: #f2f2f2;\">\n<td style=\"vertical-align: top; width: 11.5152%; text-align: center;\">2007<\/td>\n<td>Carlos Sainz<\/td>\n<\/tr>\n<tr style=\"background-color: #dbd9d9;\">\n<td style=\"vertical-align: top; width: 11.5152%; text-align: center;\">2006<\/td>\n<td>Sergej \u0160makov<\/td>\n<\/tr>\n<tr style=\"background-color: #f2f2f2;\">\n<td style=\"vertical-align: top; width: 11.5152%; text-align: center;\">2005<\/td>\n<td>Bruno Saby<\/td>\n<\/tr>\n<tr style=\"background-color: #dbd9d9;\">\n<td style=\"vertical-align: top; width: 11.5152%; text-align: center;\">2004<\/td>\n<td>Khalifa Al Mutaiwei<\/td>\n<\/tr>\n<tr style=\"background-color: #f2f2f2;\">\n<td style=\"vertical-align: top; width: 11.5152%; text-align: center;\">2003<\/td>\n<td>Carlos Sousa<\/td>\n<\/tr>\n<tr style=\"background-color: #dbd9d9;\">\n<td style=\"vertical-align: top; width: 11.5152%; text-align: center;\">2002<\/td>\n<td>Jean-Louis Schlesser<\/td>\n<\/tr>\n<tr style=\"background-color: #f2f2f2;\">\n<td style=\"vertical-align: top; width: 11.5152%; text-align: center;\">2001<\/td>\n<td>Jean-Louis Schlesser<\/td>\n<\/tr>\n<tr style=\"background-color: #dbd9d9;\">\n<td style=\"vertical-align: top; width: 11.5152%; text-align: center;\">2000<\/td>\n<td>Jean-Louis Schlesser<\/td>\n<\/tr>\n<tr style=\"background-color: #f2f2f2;\">\n<td style=\"vertical-align: top; width: 11.5152%; text-align: center;\"><a href=\"\/index.php\/sampionaty\/sp-fia-ccr-1999\/\"><span style=\"color: #ee8027;\">1999<\/span><\/a><\/td>\n<td>Jean-Louis Schlesser<\/td>\n<\/tr>\n<tr style=\"background-color: #dbd9d9;\">\n<td style=\"vertical-align: top; width: 11.5152%; text-align: center;\">1998<\/td>\n<td>Jean-Louis Schlesser<\/td>\n<\/tr>\n<tr style=\"background-color: #f2f2f2;\">\n<td style=\"vertical-align: top; width: 11.5152%; text-align: center;\">1997<\/td>\n<td>Ari Vatanen<\/td>\n<\/tr>\n<tr style=\"background-color: #dbd9d9;\">\n<td style=\"vertical-align: top; width: 11.5152%; text-align: center;\">1996<\/td>\n<td>Pierre Lartigue<\/td>\n<\/tr>\n<tr style=\"background-color: #f2f2f2;\">\n<td style=\"vertical-align: top; width: 11.5152%; text-align: center;\">1995<\/td>\n<td>Pierre Lartigue<\/td>\n<\/tr>\n<tr style=\"background-color: #dbd9d9;\">\n<td style=\"vertical-align: top; width: 11.5152%; text-align: center;\">1994<\/td>\n<td>Pierre Lartigue<\/td>\n<\/tr>\n<tr style=\"background-color: #f2f2f2;\">\n<td style=\"vertical-align: top; width: 11.5152%; text-align: center;\">1993<\/td>\n<td>Pierre Lartigue<\/td>\n<\/tr>\n<\/tbody>\n<\/table>\n<p>[\/vc_column_text][\/vc_column_inner][vc_column_inner width=&#8221;1\/2&#8243;][vc_column_text css_animation=&#8221;fadeIn&#8221;]<\/p>\n<h4><span style=\"color: #808080;\">JEZDCI PODLE PO\u010cTU V\u00cdT\u011aZSTV\u00cd<\/span><\/h4>\n<table style=\"width: 97.7654%;\" rules=\"rows\" cellpadding=\"4px\">\n<tbody>\n<tr style=\"background-color: #dbd9d9;\">\n<td style=\"vertical-align: top; text-align: center;\">5<\/td>\n<td style=\"vertical-align: top;\">Jean-Louis Schlesser<\/td>\n<td style=\"vertical-align: top;\">1998-2002<\/td>\n<\/tr>\n<tr style=\"background-color: #f2f2f2;\">\n<td style=\"vertical-align: top; text-align: center;\">4<\/td>\n<td style=\"vertical-align: top;\">Pierre Lartigue<\/td>\n<td style=\"vertical-align: top;\">1993-96<\/td>\n<\/tr>\n<tr style=\"background-color: #dbd9d9;\">\n<td style=\"vertical-align: top; text-align: center;\">4<\/td>\n<td style=\"vertical-align: top;\">Nasser Al-Attiyah<\/td>\n<td style=\"vertical-align: top;\">2008, 2015-17<\/td>\n<\/tr>\n<tr style=\"background-color: #f2f2f2;\">\n<td style=\"vertical-align: top; text-align: center;\">2<\/td>\n<td style=\"vertical-align: top;\">Leonid Novickij<\/td>\n<td style=\"vertical-align: top;\">2010, 2011<\/td>\n<\/tr>\n<tr style=\"background-color: #dbd9d9;\">\n<td style=\"vertical-align: top; text-align: center;\">2<\/td>\n<td style=\"vertical-align: top;\">Khalifa Al Mutaiwei<\/td>\n<td style=\"vertical-align: top;\">2004, 2012<\/td>\n<\/tr>\n<tr style=\"background-color: #f2f2f2;\">\n<td style=\"vertical-align: top; text-align: center;\">1<\/td>\n<td style=\"vertical-align: top;\">Ari Vatanen<\/td>\n<td style=\"vertical-align: top;\">1997<\/td>\n<\/tr>\n<tr style=\"background-color: #dbd9d9;\">\n<td style=\"vertical-align: top; text-align: center;\">1<\/td>\n<td style=\"vertical-align: top;\">Carlos Sousa<\/td>\n<td style=\"vertical-align: top;\">2003<\/td>\n<\/tr>\n<tr style=\"background-color: #f2f2f2;\">\n<td style=\"vertical-align: top; text-align: center;\">1<\/td>\n<td style=\"vertical-align: top;\">Bruno Saby<\/td>\n<td style=\"vertical-align: top;\">2005<\/td>\n<\/tr>\n<tr style=\"background-color: #dbd9d9;\">\n<td style=\"vertical-align: top; text-align: center;\">1<\/td>\n<td style=\"vertical-align: top;\">Sergej \u0160makov<\/td>\n<td style=\"vertical-align: top;\">2006<\/td>\n<\/tr>\n<tr style=\"background-color: #f2f2f2;\">\n<td style=\"vertical-align: top; text-align: center;\">1<\/td>\n<td style=\"vertical-align: top;\">Carlos Sainz<\/td>\n<td style=\"vertical-align: top;\">2007<\/td>\n<\/tr>\n<tr style=\"background-color: #dbd9d9;\">\n<td style=\"vertical-align: top; text-align: center;\">1<\/td>\n<td style=\"vertical-align: top;\">Guerlain Chicherit<\/td>\n<td style=\"vertical-align: top;\">2009<\/td>\n<\/tr>\n<tr style=\"background-color: #f2f2f2;\">\n<td style=\"vertical-align: top; text-align: center;\">1<\/td>\n<td style=\"vertical-align: top;\"><a href=\"\/index.php\/osobnosti\/krzysztof-holowczyc\/\"><span style=\"color: #ee8027;\">Krzysztof Ho\u0142owczyc<\/span><\/a><\/td>\n<td style=\"vertical-align: top;\">2013<\/td>\n<\/tr>\n<tr style=\"background-color: #dbd9d9;\">\n<td style=\"vertical-align: top; text-align: center;\">1<\/td>\n<td style=\"vertical-align: top;\">Vladimir Vasiljev<\/td>\n<td style=\"vertical-align: top;\">2014<\/td>\n<\/tr>\n<tr style=\"background-color: #f2f2f2;\">\n<td style=\"vertical-align: top; text-align: center;\">1<\/td>\n<td style=\"vertical-align: top;\"><a href=\"\/index.php\/osobnosti\/kuba-przygonski\/\"><span style=\"color: #ee8027;\">Kuba Przygo\u0144ski<\/span><\/a><\/td>\n<td style=\"vertical-align: top;\">2018<\/td>\n<\/tr>\n<tr style=\"background-color: #dbd9d9;\">\n<td style=\"vertical-align: top; text-align: center;\">1<\/td>\n<td style=\"vertical-align: top;\"><a href=\"\/index.php\/osobnosti\/stephane-peterhansel\/\"><span style=\"color: #ee8027;\">St\u00e9phane Peterhansel<\/span><\/a><\/td>\n<td style=\"vertical-align: top;\">2019<\/td>\n<\/tr>\n<\/tbody>\n<\/table>\n<p>[\/vc_column_text][\/vc_column_inner][\/vc_row_inner][\/vc_tta_section][vc_tta_section title=&#8221;Sekce 2&#8243; tab_id=&#8221;1566309378718-fb670e21-7abb4d94-3b0b&#8221;][\/vc_tta_section][\/vc_tta_pageable][\/vc_column][\/vc_row]<\/p>\n","protected":false},"excerpt":{"rendered":"<p>Sv\u011btov\u00fd poh\u00e1r v cross-country rally je nejpresti\u017en\u011bj\u0161\u00ed s\u00e9ri\u00ed Mezin\u00e1rodn\u00ed automobilov\u00e9 federace (FIA) v t\u00e9to discipl\u00edn\u011b. Poprv\u00e9 byl vyps\u00e1n v roce 1993.<\/p>\n","protected":false},"author":1,"featured_media":13051,"parent":3273,"menu_order":0,"comment_status":"closed","ping_status":"closed","template":"page-templates\/builder.php","meta":{"footnotes":""},"class_list":["post-13052","page","type-page","status-publish","has-post-thumbnail","hentry"],"yoast_head":"<!-- This site is optimized with the Yoast SEO plugin v24.9 - https:\/\/yoast.com\/wordpress\/plugins\/seo\/ -->\n<title>Sv\u011btov\u00fd poh\u00e1r FIA v cross-country rally: V\u00edt\u011bzov\u00e9 - DAKARMANIA.cz<\/title>\n<meta name=\"description\" content=\"Sv\u011btov\u00fd poh\u00e1r v cross-country rally je nejpresti\u017en\u011bj\u0161\u00ed s\u00e9ri\u00ed Mezin\u00e1rodn\u00ed automobilov\u00e9 federace (FIA) v t\u00e9to discipl\u00edn\u011b. Poprv\u00e9 byl vyps\u00e1n v roce 1993.\" \/>\n<meta name=\"robots\" content=\"index, follow, max-snippet:-1, max-image-preview:large, max-video-preview:-1\" \/>\n<link rel=\"canonical\" href=\"https:\/\/www.dakarmania.cz\/index.php\/sampionaty\/sp-fia-ccr-vitezove\/\" \/>\n<meta property=\"og:locale\" content=\"cs_CZ\" \/>\n<meta property=\"og:type\" content=\"article\" \/>\n<meta property=\"og:title\" content=\"Sv\u011btov\u00fd poh\u00e1r FIA v cross-country rally: V\u00edt\u011bzov\u00e9 - DAKARMANIA.cz\" \/>\n<meta property=\"og:description\" content=\"Sv\u011btov\u00fd poh\u00e1r v cross-country rally je nejpresti\u017en\u011bj\u0161\u00ed s\u00e9ri\u00ed Mezin\u00e1rodn\u00ed automobilov\u00e9 federace (FIA) v t\u00e9to discipl\u00edn\u011b. Poprv\u00e9 byl vyps\u00e1n v roce 1993.\" \/>\n<meta property=\"og:url\" content=\"https:\/\/www.dakarmania.cz\/index.php\/sampionaty\/sp-fia-ccr-vitezove\/\" \/>\n<meta property=\"og:site_name\" content=\"DAKARMANIA.cz\" \/>\n<meta property=\"article:publisher\" content=\"https:\/\/www.facebook.com\/dakarmania\/\" \/>\n<meta property=\"article:modified_time\" content=\"2021-08-31T21:01:58+00:00\" \/>\n<meta property=\"og:image\" content=\"https:\/\/www.dakarmania.cz\/wp-content\/uploads\/2019\/10\/19-maroc-peterhansel-header-04.jpg\" \/>\n\t<meta property=\"og:image:width\" content=\"1600\" \/>\n\t<meta property=\"og:image:height\" content=\"710\" \/>\n\t<meta property=\"og:image:type\" content=\"image\/jpeg\" \/>\n<meta name=\"twitter:card\" content=\"summary_large_image\" \/>\n<meta name=\"twitter:label1\" content=\"Odhadovan\u00e1 doba \u010dten\u00ed\" \/>\n\t<meta name=\"twitter:data1\" content=\"2 minuty\" \/>\n<script type=\"application\/ld+json\" class=\"yoast-schema-graph\">{\"@context\":\"https:\/\/schema.org\",\"@graph\":[{\"@type\":\"WebPage\",\"@id\":\"https:\/\/www.dakarmania.cz\/index.php\/sampionaty\/sp-fia-ccr-vitezove\/\",\"url\":\"https:\/\/www.dakarmania.cz\/index.php\/sampionaty\/sp-fia-ccr-vitezove\/\",\"name\":\"Sv\u011btov\u00fd poh\u00e1r FIA v cross-country rally: V\u00edt\u011bzov\u00e9 - DAKARMANIA.cz\",\"isPartOf\":{\"@id\":\"https:\/\/www.dakarmania.cz\/#website\"},\"primaryImageOfPage\":{\"@id\":\"https:\/\/www.dakarmania.cz\/index.php\/sampionaty\/sp-fia-ccr-vitezove\/#primaryimage\"},\"image\":{\"@id\":\"https:\/\/www.dakarmania.cz\/index.php\/sampionaty\/sp-fia-ccr-vitezove\/#primaryimage\"},\"thumbnailUrl\":\"https:\/\/www.dakarmania.cz\/wp-content\/uploads\/2019\/10\/19-maroc-peterhansel-header-04.jpg\",\"datePublished\":\"2019-10-31T14:33:30+00:00\",\"dateModified\":\"2021-08-31T21:01:58+00:00\",\"description\":\"Sv\u011btov\u00fd poh\u00e1r v cross-country rally je nejpresti\u017en\u011bj\u0161\u00ed s\u00e9ri\u00ed Mezin\u00e1rodn\u00ed automobilov\u00e9 federace (FIA) v t\u00e9to discipl\u00edn\u011b. Poprv\u00e9 byl vyps\u00e1n v roce 1993.\",\"breadcrumb\":{\"@id\":\"https:\/\/www.dakarmania.cz\/index.php\/sampionaty\/sp-fia-ccr-vitezove\/#breadcrumb\"},\"inLanguage\":\"cs\",\"potentialAction\":[{\"@type\":\"ReadAction\",\"target\":[\"https:\/\/www.dakarmania.cz\/index.php\/sampionaty\/sp-fia-ccr-vitezove\/\"]}]},{\"@type\":\"ImageObject\",\"inLanguage\":\"cs\",\"@id\":\"https:\/\/www.dakarmania.cz\/index.php\/sampionaty\/sp-fia-ccr-vitezove\/#primaryimage\",\"url\":\"https:\/\/www.dakarmania.cz\/wp-content\/uploads\/2019\/10\/19-maroc-peterhansel-header-04.jpg\",\"contentUrl\":\"https:\/\/www.dakarmania.cz\/wp-content\/uploads\/2019\/10\/19-maroc-peterhansel-header-04.jpg\",\"width\":1600,\"height\":710,\"caption\":\"Andrea Peterhansel & St\u00e9phane Peterhansel, X-raid. Rallye du Maroc 2019. \u00a9 Red Bull Content Pool\"},{\"@type\":\"BreadcrumbList\",\"@id\":\"https:\/\/www.dakarmania.cz\/index.php\/sampionaty\/sp-fia-ccr-vitezove\/#breadcrumb\",\"itemListElement\":[{\"@type\":\"ListItem\",\"position\":1,\"name\":\"Dom\u016f\",\"item\":\"https:\/\/www.dakarmania.cz\/\"},{\"@type\":\"ListItem\",\"position\":2,\"name\":\"\u0160ampion\u00e1ty\",\"item\":\"https:\/\/www.dakarmania.cz\/index.php\/sampionaty\/\"},{\"@type\":\"ListItem\",\"position\":3,\"name\":\"Sv\u011btov\u00fd poh\u00e1r FIA v cross-country rally: V\u00edt\u011bzov\u00e9\"}]},{\"@type\":\"WebSite\",\"@id\":\"https:\/\/www.dakarmania.cz\/#website\",\"url\":\"https:\/\/www.dakarmania.cz\/\",\"name\":\"DAKARMANIA.cz\",\"description\":\"\u017dijeme Dakarem cel\u00fd rok\",\"publisher\":{\"@id\":\"https:\/\/www.dakarmania.cz\/#organization\"},\"potentialAction\":[{\"@type\":\"SearchAction\",\"target\":{\"@type\":\"EntryPoint\",\"urlTemplate\":\"https:\/\/www.dakarmania.cz\/?s={search_term_string}\"},\"query-input\":{\"@type\":\"PropertyValueSpecification\",\"valueRequired\":true,\"valueName\":\"search_term_string\"}}],\"inLanguage\":\"cs\"},{\"@type\":\"Organization\",\"@id\":\"https:\/\/www.dakarmania.cz\/#organization\",\"name\":\"DAKAR MANIA\",\"url\":\"https:\/\/www.dakarmania.cz\/\",\"logo\":{\"@type\":\"ImageObject\",\"inLanguage\":\"cs\",\"@id\":\"https:\/\/www.dakarmania.cz\/#\/schema\/logo\/image\/\",\"url\":\"https:\/\/www.dakarmania.cz\/wp-content\/uploads\/2018\/12\/Dakar-Mania-Logo-Square-Orange.png\",\"contentUrl\":\"https:\/\/www.dakarmania.cz\/wp-content\/uploads\/2018\/12\/Dakar-Mania-Logo-Square-Orange.png\",\"width\":992,\"height\":992,\"caption\":\"DAKAR MANIA\"},\"image\":{\"@id\":\"https:\/\/www.dakarmania.cz\/#\/schema\/logo\/image\/\"},\"sameAs\":[\"https:\/\/www.facebook.com\/dakarmania\/\"]}]}<\/script>\n<!-- \/ Yoast SEO plugin. -->","yoast_head_json":{"title":"Sv\u011btov\u00fd poh\u00e1r FIA v cross-country rally: V\u00edt\u011bzov\u00e9 - DAKARMANIA.cz","description":"Sv\u011btov\u00fd poh\u00e1r v cross-country rally je nejpresti\u017en\u011bj\u0161\u00ed s\u00e9ri\u00ed Mezin\u00e1rodn\u00ed automobilov\u00e9 federace (FIA) v t\u00e9to discipl\u00edn\u011b. Poprv\u00e9 byl vyps\u00e1n v roce 1993.","robots":{"index":"index","follow":"follow","max-snippet":"max-snippet:-1","max-image-preview":"max-image-preview:large","max-video-preview":"max-video-preview:-1"},"canonical":"https:\/\/www.dakarmania.cz\/index.php\/sampionaty\/sp-fia-ccr-vitezove\/","og_locale":"cs_CZ","og_type":"article","og_title":"Sv\u011btov\u00fd poh\u00e1r FIA v cross-country rally: V\u00edt\u011bzov\u00e9 - DAKARMANIA.cz","og_description":"Sv\u011btov\u00fd poh\u00e1r v cross-country rally je nejpresti\u017en\u011bj\u0161\u00ed s\u00e9ri\u00ed Mezin\u00e1rodn\u00ed automobilov\u00e9 federace (FIA) v t\u00e9to discipl\u00edn\u011b. Poprv\u00e9 byl vyps\u00e1n v roce 1993.","og_url":"https:\/\/www.dakarmania.cz\/index.php\/sampionaty\/sp-fia-ccr-vitezove\/","og_site_name":"DAKARMANIA.cz","article_publisher":"https:\/\/www.facebook.com\/dakarmania\/","article_modified_time":"2021-08-31T21:01:58+00:00","og_image":[{"width":1600,"height":710,"url":"https:\/\/www.dakarmania.cz\/wp-content\/uploads\/2019\/10\/19-maroc-peterhansel-header-04.jpg","type":"image\/jpeg"}],"twitter_card":"summary_large_image","twitter_misc":{"Odhadovan\u00e1 doba \u010dten\u00ed":"2 minuty"},"schema":{"@context":"https:\/\/schema.org","@graph":[{"@type":"WebPage","@id":"https:\/\/www.dakarmania.cz\/index.php\/sampionaty\/sp-fia-ccr-vitezove\/","url":"https:\/\/www.dakarmania.cz\/index.php\/sampionaty\/sp-fia-ccr-vitezove\/","name":"Sv\u011btov\u00fd poh\u00e1r FIA v cross-country rally: V\u00edt\u011bzov\u00e9 - DAKARMANIA.cz","isPartOf":{"@id":"https:\/\/www.dakarmania.cz\/#website"},"primaryImageOfPage":{"@id":"https:\/\/www.dakarmania.cz\/index.php\/sampionaty\/sp-fia-ccr-vitezove\/#primaryimage"},"image":{"@id":"https:\/\/www.dakarmania.cz\/index.php\/sampionaty\/sp-fia-ccr-vitezove\/#primaryimage"},"thumbnailUrl":"https:\/\/www.dakarmania.cz\/wp-content\/uploads\/2019\/10\/19-maroc-peterhansel-header-04.jpg","datePublished":"2019-10-31T14:33:30+00:00","dateModified":"2021-08-31T21:01:58+00:00","description":"Sv\u011btov\u00fd poh\u00e1r v cross-country rally je nejpresti\u017en\u011bj\u0161\u00ed s\u00e9ri\u00ed Mezin\u00e1rodn\u00ed automobilov\u00e9 federace (FIA) v t\u00e9to discipl\u00edn\u011b. Poprv\u00e9 byl vyps\u00e1n v roce 1993.","breadcrumb":{"@id":"https:\/\/www.dakarmania.cz\/index.php\/sampionaty\/sp-fia-ccr-vitezove\/#breadcrumb"},"inLanguage":"cs","potentialAction":[{"@type":"ReadAction","target":["https:\/\/www.dakarmania.cz\/index.php\/sampionaty\/sp-fia-ccr-vitezove\/"]}]},{"@type":"ImageObject","inLanguage":"cs","@id":"https:\/\/www.dakarmania.cz\/index.php\/sampionaty\/sp-fia-ccr-vitezove\/#primaryimage","url":"https:\/\/www.dakarmania.cz\/wp-content\/uploads\/2019\/10\/19-maroc-peterhansel-header-04.jpg","contentUrl":"https:\/\/www.dakarmania.cz\/wp-content\/uploads\/2019\/10\/19-maroc-peterhansel-header-04.jpg","width":1600,"height":710,"caption":"Andrea Peterhansel & St\u00e9phane Peterhansel, X-raid. Rallye du Maroc 2019. \u00a9 Red Bull Content Pool"},{"@type":"BreadcrumbList","@id":"https:\/\/www.dakarmania.cz\/index.php\/sampionaty\/sp-fia-ccr-vitezove\/#breadcrumb","itemListElement":[{"@type":"ListItem","position":1,"name":"Dom\u016f","item":"https:\/\/www.dakarmania.cz\/"},{"@type":"ListItem","position":2,"name":"\u0160ampion\u00e1ty","item":"https:\/\/www.dakarmania.cz\/index.php\/sampionaty\/"},{"@type":"ListItem","position":3,"name":"Sv\u011btov\u00fd poh\u00e1r FIA v cross-country rally: V\u00edt\u011bzov\u00e9"}]},{"@type":"WebSite","@id":"https:\/\/www.dakarmania.cz\/#website","url":"https:\/\/www.dakarmania.cz\/","name":"DAKARMANIA.cz","description":"\u017dijeme Dakarem cel\u00fd rok","publisher":{"@id":"https:\/\/www.dakarmania.cz\/#organization"},"potentialAction":[{"@type":"SearchAction","target":{"@type":"EntryPoint","urlTemplate":"https:\/\/www.dakarmania.cz\/?s={search_term_string}"},"query-input":{"@type":"PropertyValueSpecification","valueRequired":true,"valueName":"search_term_string"}}],"inLanguage":"cs"},{"@type":"Organization","@id":"https:\/\/www.dakarmania.cz\/#organization","name":"DAKAR MANIA","url":"https:\/\/www.dakarmania.cz\/","logo":{"@type":"ImageObject","inLanguage":"cs","@id":"https:\/\/www.dakarmania.cz\/#\/schema\/logo\/image\/","url":"https:\/\/www.dakarmania.cz\/wp-content\/uploads\/2018\/12\/Dakar-Mania-Logo-Square-Orange.png","contentUrl":"https:\/\/www.dakarmania.cz\/wp-content\/uploads\/2018\/12\/Dakar-Mania-Logo-Square-Orange.png","width":992,"height":992,"caption":"DAKAR MANIA"},"image":{"@id":"https:\/\/www.dakarmania.cz\/#\/schema\/logo\/image\/"},"sameAs":["https:\/\/www.facebook.com\/dakarmania\/"]}]}},"amp_enabled":false,"_links":{"self":[{"href":"https:\/\/www.dakarmania.cz\/index.php\/wp-json\/wp\/v2\/pages\/13052","targetHints":{"allow":["GET"]}}],"collection":[{"href":"https:\/\/www.dakarmania.cz\/index.php\/wp-json\/wp\/v2\/pages"}],"about":[{"href":"https:\/\/www.dakarmania.cz\/index.php\/wp-json\/wp\/v2\/types\/page"}],"author":[{"embeddable":true,"href":"https:\/\/www.dakarmania.cz\/index.php\/wp-json\/wp\/v2\/users\/1"}],"replies":[{"embeddable":true,"href":"https:\/\/www.dakarmania.cz\/index.php\/wp-json\/wp\/v2\/comments?post=13052"}],"version-history":[{"count":22,"href":"https:\/\/www.dakarmania.cz\/index.php\/wp-json\/wp\/v2\/pages\/13052\/revisions"}],"predecessor-version":[{"id":23399,"href":"https:\/\/www.dakarmania.cz\/index.php\/wp-json\/wp\/v2\/pages\/13052\/revisions\/23399"}],"up":[{"embeddable":true,"href":"https:\/\/www.dakarmania.cz\/index.php\/wp-json\/wp\/v2\/pages\/3273"}],"wp:featuredmedia":[{"embeddable":true,"href":"https:\/\/www.dakarmania.cz\/index.php\/wp-json\/wp\/v2\/media\/13051"}],"wp:attachment":[{"href":"https:\/\/www.dakarmania.cz\/index.php\/wp-json\/wp\/v2\/media?parent=13052"}],"curies":[{"name":"wp","href":"https:\/\/api.w.org\/{rel}","templated":true}]}}