{"id":18498,"date":"2021-06-22T13:08:58","date_gmt":"2021-06-22T11:08:58","guid":{"rendered":"https:\/\/www.dakarmania.cz\/?page_id=18498"},"modified":"2023-09-06T12:07:48","modified_gmt":"2023-09-06T10:07:48","slug":"dakar-2018","status":"publish","type":"page","link":"https:\/\/www.dakarmania.cz\/index.php\/rally-dakar\/dakar-2018\/","title":{"rendered":"Rally Dakar 2018"},"content":{"rendered":"<p>[vc_row css_animation=&#8221;fadeIn&#8221; no_sep_borders=&#8221;yes&#8221;][vc_column][vc_btn title=&#8221;Rally Dakar&#8221; style=&#8221;outline&#8221; shape=&#8221;square&#8221; color=&#8221;warning&#8221; size=&#8221;xs&#8221; align=&#8221;right&#8221; i_align=&#8221;right&#8221; i_icon_fontawesome=&#8221;fa fa-chevron-up&#8221; css_animation=&#8221;fadeIn&#8221; add_icon=&#8221;true&#8221; css=&#8221;.vc_custom_1674233630999{padding-right: 1px !important;padding-left: 1px !important;}&#8221; link=&#8221;url:%2Findex.php%2Frally-dakar%2F|||&#8221;][vc_column_text css_animation=&#8221;fadeIn&#8221; css=&#8221;.vc_custom_1691165719105{padding-top: 200px !important;padding-right: 15px !important;padding-bottom: 15px !important;padding-left: 15px !important;background: #f2f2f2 url(https:\/\/www.dakarmania.cz\/wp-content\/uploads\/2021\/06\/18-dakar-sainz-header-01.jpg?id=19786) !important;background-position: center !important;background-repeat: no-repeat !important;background-size: cover !important;}&#8221;]<\/p>\n<h1 style=\"text-align: left;\"><span style=\"background-color: #ee8027; opacity: 0.7;\"><span style=\"color: #ffffff; padding: 10px;\">RALLY DAKAR 2018<\/span><\/span><\/h1>\n<p style=\"text-align: left;\"><span style=\"background-color: #ee8027; opacity: 0.7;\"><span style=\"color: #ffffff; padding: 10px;\">Peru &#8211; Bol\u00edvie &#8211; Argentina<\/span><\/span><\/p>\n<p>[\/vc_column_text][vc_empty_space height=&#8221;5px&#8221;][vc_row_inner][vc_column_inner][vc_column_text css_animation=&#8221;fadeIn&#8221;]<\/p>\n<h4 style=\"text-align: center;\">40. ro\u010dn\u00edk | 6. a\u017e 20. ledna 2018 | Peru, Bol\u00edvie, Argentina<\/h4>\n<p style=\"text-align: center;\">14 etap | motocykly a quady absolvovaly celkem 7\u00a0659 km, z toho 3\u00a0617 km rychlostn\u00edch zkou\u0161ek | automobily a kamiony absolvovaly celkem 8\u00a0468 km, z toho 4\u00a0087 km rychlostn\u00edch zkou\u0161ek<\/p>\n<p>[\/vc_column_text][\/vc_column_inner][\/vc_row_inner][\/vc_column][\/vc_row][vc_row css_animation=&#8221;fadeIn&#8221;][vc_column][vc_btn title=&#8221;MOTO&#8221; style=&#8221;classic&#8221; shape=&#8221;square&#8221; color=&#8221;warning&#8221; size=&#8221;xs&#8221; i_icon_fontawesome=&#8221;fa fa-list-ol&#8221; css_animation=&#8221;fadeIn&#8221; add_icon=&#8221;true&#8221; css=&#8221;.vc_custom_1627641010773{padding-right: 1px !important;padding-left: 1px !important;}&#8221; link=&#8221;url:%2Findex.php%2Fsouteze%2Fdakar-2018%2F%23moto|||&#8221;][vc_btn title=&#8221;QUAD&#8221; style=&#8221;classic&#8221; shape=&#8221;square&#8221; color=&#8221;warning&#8221; size=&#8221;xs&#8221; i_icon_fontawesome=&#8221;fa fa-list-ol&#8221; css_animation=&#8221;fadeIn&#8221; add_icon=&#8221;true&#8221; css=&#8221;.vc_custom_1627641016960{padding-right: 1px !important;padding-left: 1px !important;}&#8221; link=&#8221;url:%2Findex.php%2Fsouteze%2Fdakar-2018%2F%23quad|||&#8221;][vc_btn title=&#8221;AUTO&#8221; style=&#8221;classic&#8221; shape=&#8221;square&#8221; color=&#8221;warning&#8221; size=&#8221;xs&#8221; i_icon_fontawesome=&#8221;fa fa-list-ol&#8221; css_animation=&#8221;fadeIn&#8221; add_icon=&#8221;true&#8221; css=&#8221;.vc_custom_1627641023444{padding-right: 1px !important;padding-left: 1px !important;}&#8221; link=&#8221;url:%2Findex.php%2Fsouteze%2Fdakar-2018%2F%23auto|||&#8221;][vc_btn title=&#8221;S\u00d7S&#8221; style=&#8221;classic&#8221; shape=&#8221;square&#8221; color=&#8221;warning&#8221; size=&#8221;xs&#8221; i_icon_fontawesome=&#8221;fa fa-list-ol&#8221; css_animation=&#8221;fadeIn&#8221; add_icon=&#8221;true&#8221; css=&#8221;.vc_custom_1679067510659{padding-right: 1px !important;padding-left: 1px !important;}&#8221; link=&#8221;url:%2Findex.php%2Fsouteze%2Fdakar-2018%2F%23sxs|||&#8221;][vc_btn title=&#8221;KAMIONY&#8221; style=&#8221;classic&#8221; shape=&#8221;square&#8221; color=&#8221;warning&#8221; size=&#8221;xs&#8221; i_icon_fontawesome=&#8221;fa fa-list-ol&#8221; css_animation=&#8221;fadeIn&#8221; add_icon=&#8221;true&#8221; css=&#8221;.vc_custom_1627641036873{padding-right: 1px !important;padding-left: 1px !important;}&#8221; link=&#8221;url:%2Findex.php%2Fsouteze%2Fdakar-2018%2F%23kamiony|||&#8221;][vc_tta_pageable no_fill_content_area=&#8221;1&#8243; active_section=&#8221;3&#8243; pagination_style=&#8221;&#8221; css_animation=&#8221;fadeIn&#8221; el_id=&#8221;vysledky&#8221; css=&#8221;.vc_custom_1693231367082{padding-right: 10px !important;padding-left: 10px !important;background-color: #f4f4f4 !important;}&#8221;][vc_tta_section title=&#8221;Moto&#8221; tab_id=&#8221;moto&#8221;][vc_row_inner][vc_column_inner][vc_column_text css_animation=&#8221;fadeIn&#8221;]<\/p>\n<table style=\"width: 97.7654%;\" rules=\"rows\" cellpadding=\"4px\">\n<tbody>\n<tr style=\"background-color: #808080; color: white;\">\n<td style=\"text-align: center;\" colspan=\"6\"><span style=\"font-size: 10pt;\"><strong>DAKAR 2018<br \/>\nMOTOCYKLY<br \/>\nkone\u010dn\u00e9 v\u00fdsledky<\/strong><\/span><\/td>\n<\/tr>\n<tr style=\"vertical-align: top; background-color: #f2f2f2;\">\n<td style=\"text-align: center;\"><strong>1.<\/strong><\/td>\n<td class=\"nomobile\" style=\"text-align: center;\">2<\/td>\n<td><a href=\"\/index.php\/osobnosti\/matthias-walkner\/\"><span style=\"color: #ee8027;\"><strong>Matthias Walkner<\/strong><\/span><\/a><\/td>\n<td>KTM 450 Rally<\/td>\n<td class=\"nomobile\">Red Bull KTM Factory Racing<\/td>\n<td style=\"text-align: right; padding-right: 15px;\"><strong>43:06:01<\/strong><\/td>\n<\/tr>\n<tr style=\"vertical-align: top; background-color: #dbd9d9;\">\n<td style=\"text-align: center;\"><strong>2.<\/strong><\/td>\n<td class=\"nomobile\" style=\"text-align: center;\">47<\/td>\n<td><strong><a href=\"\/index.php\/osobnosti\/kevin-benavides\/\"><span style=\"color: #ee8027;\">Kevin Benavides<\/span><\/a><\/strong><\/td>\n<td>Honda CRF450 Rally<\/td>\n<td class=\"nomobile\">Monster Energy Honda Team<\/td>\n<td style=\"text-align: right; padding-right: 15px;\"><strong>+16:53<\/strong><\/td>\n<\/tr>\n<tr style=\"vertical-align: top; background-color: #f2f2f2;\">\n<td style=\"text-align: center;\"><strong>3.<\/strong><\/td>\n<td class=\"nomobile\" style=\"text-align: center;\">8<\/td>\n<td><strong><a href=\"\/index.php\/osobnosti\/toby-price\/\"><span style=\"color: #ee8027;\">Toby Price<\/span><\/a><\/strong><\/td>\n<td>KTM 450 Rally<\/td>\n<td class=\"nomobile\">Red Bull KTM Factory Racing<\/td>\n<td style=\"text-align: right; padding-right: 15px;\"><strong>+23:01<\/strong><\/td>\n<\/tr>\n<tr style=\"vertical-align: top; background-color: #dbd9d9;\">\n<td style=\"text-align: center;\"><strong>4.<\/strong><\/td>\n<td class=\"nomobile\" style=\"text-align: center;\">19<\/td>\n<td><strong>Antoine Meo<\/strong><\/td>\n<td>KTM 450 Rally<\/td>\n<td class=\"nomobile\">Red Bull KTM Factory Racing<\/td>\n<td style=\"text-align: right; padding-right: 15px;\"><strong>+47:28<\/strong><\/td>\n<\/tr>\n<tr style=\"vertical-align: top; background-color: #f2f2f2;\">\n<td style=\"text-align: center;\"><strong>5.<\/strong><\/td>\n<td class=\"nomobile\" style=\"text-align: center;\">3<\/td>\n<td><a href=\"\/index.php\/osobnosti\/gerard-farres\/\"><span style=\"color: #ee8027;\"><strong>Gerard Farr\u00e9s<\/strong><\/span><\/a><\/td>\n<td>KTM 450 Rally<\/td>\n<td class=\"nomobile\">Himoinsa Racing Team<\/td>\n<td style=\"text-align: right; padding-right: 15px;\"><strong>+1:01:04<\/strong><\/td>\n<\/tr>\n<tr style=\"vertical-align: top; background-color: #dbd9d9;\">\n<td style=\"text-align: center;\"><strong>6.<\/strong><\/td>\n<td class=\"nomobile\" style=\"text-align: center;\">40<\/td>\n<td><strong>Johnny Aubert<\/strong><\/td>\n<td>GasGas 450 Rally<\/td>\n<td class=\"nomobile\">GasGas Motorsport<\/td>\n<td style=\"text-align: right; padding-right: 15px;\"><strong>+1:53:53<\/strong><\/td>\n<\/tr>\n<tr style=\"vertical-align: top; background-color: #f2f2f2;\">\n<td style=\"text-align: center;\"><strong>7.<\/strong><\/td>\n<td class=\"nomobile\" style=\"text-align: center;\">61<\/td>\n<td><strong>Oriol Mena<\/strong><\/td>\n<td>Hero 450 Rally<\/td>\n<td class=\"nomobile\">Hero MotoSports Team Rally<\/td>\n<td style=\"text-align: right; padding-right: 15px;\"><strong>+2:22:52<\/strong><\/td>\n<\/tr>\n<tr style=\"vertical-align: top; background-color: #dbd9d9;\">\n<td style=\"text-align: center;\"><strong>8.<\/strong><\/td>\n<td class=\"nomobile\" style=\"text-align: center;\">10<\/td>\n<td><a href=\"\/index.php\/osobnosti\/pablo-quintanilla\/\"><span style=\"color: #ee8027;\"><strong>Pablo Quintanilla<\/strong><\/span><\/a><\/td>\n<td>Husqvarna FR 450 Rally<\/td>\n<td class=\"nomobile\">Rockstar Energy Husqvarna Factory Racing<\/td>\n<td style=\"text-align: right; padding-right: 15px;\"><strong>+2:24:05<\/strong><\/td>\n<\/tr>\n<tr style=\"vertical-align: top; background-color: #f2f2f2;\">\n<td style=\"text-align: center;\"><strong>9.<\/strong><\/td>\n<td class=\"nomobile\" style=\"text-align: center;\">29<\/td>\n<td><strong><a href=\"\/index.php\/osobnosti\/daniel-oliveras\/\"><span style=\"color: #ee8027;\">Daniel Oliveras<\/span><\/a><\/strong><\/td>\n<td>KTM 450 Rally<\/td>\n<td class=\"nomobile\">Himoinsa Racing Team<\/td>\n<td style=\"text-align: right; padding-right: 15px;\"><strong>+2:37:20<\/strong><\/td>\n<\/tr>\n<tr style=\"vertical-align: top; background-color: #dbd9d9;\">\n<td style=\"text-align: center;\"><strong>10.<\/strong><\/td>\n<td class=\"nomobile\" style=\"text-align: center;\">68<\/td>\n<td><a href=\"\/index.php\/osobnosti\/nacho-cornejo\/\"><span style=\"color: #ee8027;\"><strong>Nacho Cornejo<\/strong><\/span><\/a><\/td>\n<td>Honda CRF450 Rally<\/td>\n<td class=\"nomobile\">Monster Energy Honda Team<\/td>\n<td style=\"text-align: right; padding-right: 15px;\"><strong>+2:42:36<\/strong><\/td>\n<\/tr>\n<tr style=\"vertical-align: top; background-color: #f2f2f2;\">\n<td style=\"text-align: center;\"><strong>11.<\/strong><\/td>\n<td class=\"nomobile\" style=\"text-align: center;\">12<\/td>\n<td><strong>Joan Pedrero<\/strong><\/td>\n<td>Honda CRF450 Rally<\/td>\n<td class=\"nomobile\">Sherco TVS Rally Factory<\/td>\n<td style=\"text-align: right; padding-right: 15px;\"><strong>+2:45:58<\/strong><\/td>\n<\/tr>\n<tr style=\"vertical-align: top; background-color: #dbd9d9;\">\n<td style=\"text-align: center;\"><strong>12.<\/strong><\/td>\n<td class=\"nomobile\" style=\"text-align: center;\">15<\/td>\n<td><a href=\"\/index.php\/osobnosti\/laia-sanz\/\"><span style=\"color: #ee8027;\"><strong>Laia Sanz<\/strong><\/span><\/a><\/td>\n<td>KTM 450 Rally<\/td>\n<td class=\"nomobile\">KTM Factory Racing<\/td>\n<td style=\"text-align: right; padding-right: 15px;\"><strong>+2:56:02<\/strong><\/td>\n<\/tr>\n<tr style=\"vertical-align: top; background-color: #f2f2f2;\">\n<td style=\"text-align: center;\"><strong>13.<\/strong><\/td>\n<td class=\"nomobile\" style=\"text-align: center;\">33<\/td>\n<td><strong>Daniel Nosiglia Jager<\/strong><\/td>\n<td>Husqvarna FR 450 Rally<\/td>\n<td class=\"nomobile\">HT Rally Raid Husqvarna Racing<\/td>\n<td style=\"text-align: right; padding-right: 15px;\"><strong>+2:58:29<\/strong><\/td>\n<\/tr>\n<tr style=\"vertical-align: top; background-color: #dbd9d9;\">\n<td style=\"text-align: center;\"><strong>14.<\/strong><\/td>\n<td class=\"nomobile\" style=\"text-align: center;\">17<\/td>\n<td><a href=\"\/index.php\/osobnosti\/armand-monleon\/\"><span style=\"color: #ee8027;\"><strong>Armand Monle\u00f3n<\/strong><\/span><\/a><\/td>\n<td>KTM 450 Rally<\/td>\n<td class=\"nomobile\">Daming Racing Team<\/td>\n<td style=\"text-align: right; padding-right: 15px;\"><strong>+3:06:41<\/strong><\/td>\n<\/tr>\n<tr style=\"vertical-align: top; background-color: #f2f2f2;\">\n<td style=\"text-align: center;\"><strong>15.<\/strong><\/td>\n<td class=\"nomobile\" style=\"text-align: center;\">60<\/td>\n<td><strong>Jonathan Barragan Nevado<\/strong><\/td>\n<td>GasGas 450 Rally<\/td>\n<td class=\"nomobile\">GasGas Motorsport<\/td>\n<td style=\"text-align: right; padding-right: 15px;\"><strong>+3:13:02<\/strong><\/td>\n<\/tr>\n<tr style=\"vertical-align: top; background-color: #808080;\">\n<td colspan=\"6\"><\/td>\n<\/tr>\n<tr style=\"vertical-align: top; background-color: #dbd9d9;\">\n<td style=\"text-align: center;\"><strong>17.<\/strong><\/td>\n<td class=\"nomobile\" style=\"text-align: center;\">54<\/td>\n<td><a href=\"\/index.php\/osobnosti\/andrew-short\/\"><span style=\"color: #ee8027;\"><strong>Andrew Short<\/strong><\/span><\/a><\/td>\n<td>Husqvarna FR 450 Rally<\/td>\n<td class=\"nomobile\">Rockstar Energy Husqvarna Factory Racing<\/td>\n<td style=\"text-align: right; padding-right: 15px;\"><strong>+4:13:42<\/strong><\/td>\n<\/tr>\n<tr style=\"vertical-align: top; background-color: #f2f2f2;\">\n<td style=\"text-align: center;\"><strong>20.<\/strong><\/td>\n<td class=\"nomobile\" style=\"text-align: center;\">52<\/td>\n<td><strong><a href=\"\/index.php\/osobnosti\/jacopo-cerutti\/\"><span style=\"color: #ee8027;\">Jacopo Cerutti<\/span><\/a><\/strong><\/td>\n<td>Husqvarna FR 450 Rally<\/td>\n<td class=\"nomobile\">Moto Racing Group<\/td>\n<td style=\"text-align: right; padding-right: 15px;\"><strong>+5:38:44<\/strong><\/td>\n<\/tr>\n<tr style=\"vertical-align: top; background-color: #dbd9d9;\">\n<td style=\"text-align: center;\"><strong>27.<\/strong><\/td>\n<td class=\"nomobile\" style=\"text-align: center;\">35<\/td>\n<td><strong><a href=\"\/index.php\/osobnosti\/loic-minaudier\/\"><span style=\"color: #ee8027;\">Lo\u00efc Minaudier<\/span><\/a><\/strong><\/td>\n<td>KTM 450 Rally<\/td>\n<td class=\"nomobile\">Nomade Racing<\/td>\n<td style=\"text-align: right; padding-right: 15px;\"><strong>+9:21:04<\/strong><\/td>\n<\/tr>\n<tr style=\"vertical-align: top; background-color: #f2f2f2;\">\n<td style=\"text-align: center;\"><strong>39.<\/strong><\/td>\n<td class=\"nomobile\" style=\"text-align: center;\">91<\/td>\n<td><strong><a href=\"\/index.php\/osobnosti\/jan-brabec\/\"><span style=\"color: #ee8027;\">Jan Brabec<\/span><\/a><\/strong><\/td>\n<td>Husqvarna FR 450 Rally<\/td>\n<td class=\"nomobile\">Big Shock Racing<\/td>\n<td style=\"text-align: right; padding-right: 15px;\"><strong>+12:42:00<\/strong><\/td>\n<\/tr>\n<tr style=\"vertical-align: top; background-color: #dbd9d9;\">\n<td style=\"text-align: center;\"><strong>42.<\/strong><\/td>\n<td class=\"nomobile\" style=\"text-align: center;\">43<\/td>\n<td><a href=\"\/index.php\/osobnosti\/david-pabiska\/\"><span style=\"color: #ee8027;\"><strong>David Pabi\u0161ka<\/strong><\/span><\/a><\/td>\n<td>KTM 450 Rally<\/td>\n<td class=\"nomobile\">Barth Racing<\/td>\n<td style=\"text-align: right; padding-right: 15px;\"><strong>+13:25:26<\/strong><\/td>\n<\/tr>\n<tr style=\"vertical-align: top; background-color: #f2f2f2;\">\n<td style=\"text-align: center;\"><strong>47.<\/strong><\/td>\n<td class=\"nomobile\" style=\"text-align: center;\">82<\/td>\n<td><strong><a href=\"\/index.php\/osobnosti\/petr-vlcek\/\"><span style=\"color: #ee8027;\">Petr Vl\u010dek<\/span><\/a><\/strong><\/td>\n<td>Husqvarna FR 450 Rally<\/td>\n<td class=\"nomobile\">Klym\u010diw Racing<\/td>\n<td style=\"text-align: right; padding-right: 15px;\"><strong>+17:19:21<\/strong><\/td>\n<\/tr>\n<tr style=\"vertical-align: top; background-color: #dbd9d9;\">\n<td style=\"text-align: center;\"><strong>68.<\/strong><\/td>\n<td class=\"nomobile\" style=\"text-align: center;\">88<\/td>\n<td><strong>Jan Vesel\u00fd<\/strong><\/td>\n<td>KTM 450 Rally<\/td>\n<td class=\"nomobile\">Moto Racing Group<\/td>\n<td style=\"text-align: right; padding-right: 15px;\"><strong>+29:48:15<\/strong><\/td>\n<\/tr>\n<tr style=\"vertical-align: top; background-color: #f2f2f2;\">\n<td style=\"text-align: center;\"><\/td>\n<td class=\"nomobile\" style=\"text-align: center;\"><\/td>\n<td><\/td>\n<td><\/td>\n<td class=\"nomobile\"><\/td>\n<td style=\"text-align: right; padding-right: 15px;\"><\/td>\n<\/tr>\n<tr style=\"vertical-align: top; background-color: #dbd9d9;\">\n<td style=\"text-align: center;\"><\/td>\n<td class=\"nomobile\" style=\"text-align: center;\"><\/td>\n<td><\/td>\n<td><\/td>\n<td class=\"nomobile\"><\/td>\n<td style=\"text-align: right; padding-right: 15px;\"><\/td>\n<\/tr>\n<tr style=\"background-color: #808080;\">\n<td colspan=\"6\"><\/td>\n<\/tr>\n<tr style=\"vertical-align: top; background-color: #f2f2f2;\">\n<td style=\"text-align: center;\"><strong>DNF<\/strong><\/td>\n<td class=\"nomobile\" style=\"text-align: center;\">1<\/td>\n<td><a href=\"\/index.php\/osobnosti\/sunderland-sam\/\"><span style=\"color: #ee8027;\"><strong>Sam Sunderland<\/strong><\/span><\/a><\/td>\n<td>KTM 450 Rally<\/td>\n<td class=\"nomobile\">Red Bull KTM Factory Racing<\/td>\n<td style=\"text-align: right; padding-right: 15px;\"><\/td>\n<\/tr>\n<tr style=\"vertical-align: top; background-color: #dbd9d9;\">\n<td style=\"text-align: center;\"><strong>DNF<\/strong><\/td>\n<td class=\"nomobile\" style=\"text-align: center;\">4<\/td>\n<td><a href=\"\/index.php\/osobnosti\/adrien-van-beveren\/\"><span style=\"color: #ee8027;\"><strong>Adrien Van Beveren<\/strong><\/span><\/a><\/td>\n<td>Yamaha WR450F Rally<\/td>\n<td class=\"nomobile\">Yamalube Yamaha Official Rally Team<\/td>\n<td style=\"text-align: right; padding-right: 15px;\"><\/td>\n<\/tr>\n<tr style=\"vertical-align: top; background-color: #f2f2f2;\">\n<td style=\"text-align: center;\"><strong>DNF<\/strong><\/td>\n<td class=\"nomobile\" style=\"text-align: center;\">5<\/td>\n<td><strong><a href=\"\/index.php\/osobnosti\/joan-barreda\/\"><span style=\"color: #ee8027;\">Joan Barreda<\/span><\/a><\/strong><\/td>\n<td>Honda CRF450 Rally<\/td>\n<td class=\"nomobile\">Monster Energy Honda Team<\/td>\n<td style=\"text-align: right; padding-right: 15px;\"><\/td>\n<\/tr>\n<tr style=\"vertical-align: top; background-color: #dbd9d9;\">\n<td style=\"text-align: center;\"><strong>DNF<\/strong><\/td>\n<td class=\"nomobile\" style=\"text-align: center;\">7<\/td>\n<td><strong><a href=\"\/index.php\/osobnosti\/franco-caimi\/\"><span style=\"color: #ee8027;\">Franco Caimi<\/span><\/a><\/strong><\/td>\n<td>Yamaha WR450F Rally<\/td>\n<td class=\"nomobile\">Yamalube Yamaha Official Rally Team<\/td>\n<td style=\"text-align: right; padding-right: 15px;\"><\/td>\n<\/tr>\n<tr style=\"vertical-align: top; background-color: #f2f2f2;\">\n<td style=\"text-align: center;\"><strong>DNF<\/strong><\/td>\n<td class=\"nomobile\" style=\"text-align: center;\">9<\/td>\n<td><strong><a href=\"\/index.php\/osobnosti\/stefan-svitko\/\"><span style=\"color: #ee8027;\">\u0160tefan Svitko<\/span><\/a><\/strong><\/td>\n<td>KTM 450 Rally<\/td>\n<td class=\"nomobile\">Slovnaft Rally Team<\/td>\n<td style=\"text-align: right; padding-right: 15px;\"><\/td>\n<\/tr>\n<tr style=\"vertical-align: top; background-color: #dbd9d9;\">\n<td style=\"text-align: center;\"><strong>DNF<\/strong><\/td>\n<td class=\"nomobile\" style=\"text-align: center;\">20<\/td>\n<td><strong><a href=\"\/index.php\/osobnosti\/ricky-brabec\/\"><span style=\"color: #ee8027;\">Ricky Brabec<\/span><\/a><\/strong><\/td>\n<td>Honda CRF450 Rally<\/td>\n<td class=\"nomobile\">Monster Energy Honda Team<\/td>\n<td style=\"text-align: right; padding-right: 15px;\"><\/td>\n<\/tr>\n<tr style=\"vertical-align: top; background-color: #f2f2f2;\">\n<td style=\"text-align: center;\"><strong>DNF<\/strong><\/td>\n<td class=\"nomobile\" style=\"text-align: center;\">22<\/td>\n<td><strong>Ond\u0159ej Klym\u010diw<\/strong><\/td>\n<td>Husqvarna FR 450 Rally<\/td>\n<td class=\"nomobile\">Klym\u010diw Racing<\/td>\n<td style=\"text-align: right; padding-right: 15px;\"><\/td>\n<\/tr>\n<tr style=\"vertical-align: top; background-color: #dbd9d9;\">\n<td style=\"text-align: center;\"><strong>DNF<\/strong><\/td>\n<td class=\"nomobile\" style=\"text-align: center;\">37<\/td>\n<td><a href=\"\/index.php\/osobnosti\/milan-engel\/\"><span style=\"color: #ee8027;\"><strong>Milan Engel<\/strong><\/span><\/a><\/td>\n<td>KTM 450 Rally<\/td>\n<td class=\"nomobile\">Moto Racing Group<\/td>\n<td style=\"text-align: right; padding-right: 15px;\"><\/td>\n<\/tr>\n<tr style=\"vertical-align: top; background-color: #f2f2f2;\">\n<td style=\"text-align: center;\"><strong>DNF<\/strong><\/td>\n<td class=\"nomobile\" style=\"text-align: center;\">75<\/td>\n<td><a href=\"\/index.php\/osobnosti\/rudolf-lhotsky\/\"><span style=\"color: #ee8027;\"><strong>Rudolf Lhotsk\u00fd<\/strong><\/span><\/a><\/td>\n<td>KTM 450 Rally<\/td>\n<td class=\"nomobile\">Barth Racing<\/td>\n<td style=\"text-align: right; padding-right: 15px;\"><\/td>\n<\/tr>\n<tr style=\"vertical-align: top; background-color: #dbd9d9;\">\n<td style=\"text-align: center;\"><strong>DNF<\/strong><\/td>\n<td class=\"nomobile\" style=\"text-align: center;\">77<\/td>\n<td><a href=\"\/index.php\/osobnosti\/luciano-benavides\/\"><span style=\"color: #ee8027;\"><strong>Luciano Benavides<\/strong><\/span><\/a><\/td>\n<td>KTM 450 Rally<\/td>\n<td class=\"nomobile\">KTM Factory Racing<\/td>\n<td style=\"text-align: right; padding-right: 15px;\"><\/td>\n<\/tr>\n<tr style=\"vertical-align: top; background-color: #f2f2f2;\">\n<td style=\"text-align: center;\"><strong>DNF<\/strong><\/td>\n<td class=\"nomobile\" style=\"text-align: center;\">90<\/td>\n<td><strong><a href=\"\/index.php\/osobnosti\/gabriela-budinova\/\"><span style=\"color: #ee8027;\">Gabriela Novotn\u00e1<\/span><\/a><\/strong><\/td>\n<td>Husqvarna FE 450<\/td>\n<td class=\"nomobile\">Indigo Racing \/ Klym\u010diw Racing<\/td>\n<td style=\"text-align: right; padding-right: 15px;\"><\/td>\n<\/tr>\n<tr style=\"vertical-align: top; background-color: #dbd9d9;\">\n<td style=\"text-align: center;\"><\/td>\n<td class=\"nomobile\" style=\"text-align: center;\"><\/td>\n<td><\/td>\n<td><\/td>\n<td class=\"nomobile\"><\/td>\n<td style=\"text-align: right; padding-right: 15px;\"><\/td>\n<\/tr>\n<tr style=\"vertical-align: top; background-color: #f2f2f2;\">\n<td style=\"text-align: center;\"><\/td>\n<td class=\"nomobile\" style=\"text-align: center;\"><\/td>\n<td><\/td>\n<td><\/td>\n<td class=\"nomobile\"><\/td>\n<td style=\"text-align: right; padding-right: 15px;\"><\/td>\n<\/tr>\n<\/tbody>\n<\/table>\n<p>[\/vc_column_text][\/vc_column_inner][\/vc_row_inner][\/vc_tta_section][vc_tta_section title=&#8221;Quad&#8221; tab_id=&#8221;quad&#8221;][vc_row_inner][vc_column_inner][vc_column_text css_animation=&#8221;fadeIn&#8221;]<\/p>\n<table style=\"width: 97.7654%;\" rules=\"rows\" cellpadding=\"4px\">\n<tbody>\n<tr style=\"background-color: #808080; color: white;\">\n<td style=\"text-align: center;\" colspan=\"6\"><span style=\"font-size: 10pt;\"><strong>DAKAR 2018<br \/>\n\u010cTY\u0158KOLKY<br \/>\nkone\u010dn\u00e9 v\u00fdsledky<\/strong><\/span><\/td>\n<\/tr>\n<tr style=\"vertical-align: top; background-color: #dbd9d9;\">\n<td style=\"text-align: center;\">1.<\/td>\n<td class=\"nomobile\" style=\"text-align: center;\">241<\/td>\n<td><a href=\"\/index.php\/osobnosti\/ignacio-casale\/\"><span style=\"color: #ee8027;\">Ignacio Casale<\/span><\/a><\/td>\n<td>Yamaha Raptor 700<\/td>\n<td class=\"nomobile\">Casale Racing<\/td>\n<td style=\"text-align: right; padding-right: 15px;\">53:47:04<\/td>\n<\/tr>\n<tr style=\"vertical-align: top; background-color: #f2f2f2;\">\n<td style=\"text-align: center;\">2.<\/td>\n<td class=\"nomobile\" style=\"text-align: center;\">249<\/td>\n<td>Nicol\u00e1s Cavigliasso<\/td>\n<td>Yamaha YFZ 450<\/td>\n<td class=\"nomobile\">Team Al Desert<\/td>\n<td style=\"text-align: right; padding-right: 15px;\">+1:38:52<\/td>\n<\/tr>\n<tr style=\"vertical-align: top; background-color: #dbd9d9;\">\n<td style=\"text-align: center;\">3.<\/td>\n<td class=\"nomobile\" style=\"text-align: center;\">246<\/td>\n<td>Jeremias Gonzalez Ferioli<\/td>\n<td>Yamaha Raptor 700<\/td>\n<td class=\"nomobile\">Consultores de Empresas<\/td>\n<td style=\"text-align: right; padding-right: 15px;\">+2:08:14<\/td>\n<\/tr>\n<tr style=\"vertical-align: top; background-color: #f2f2f2;\">\n<td style=\"text-align: center;\">4.<\/td>\n<td class=\"nomobile\" style=\"text-align: center;\">282<\/td>\n<td>Marcelo Medeiros<\/td>\n<td>Yamaha Raptor 700<\/td>\n<td class=\"nomobile\">Taguatur Racing Team<\/td>\n<td style=\"text-align: right; padding-right: 15px;\">+4:30:00<\/td>\n<\/tr>\n<tr style=\"vertical-align: top; background-color: #dbd9d9;\">\n<td style=\"text-align: center;\">5.<\/td>\n<td class=\"nomobile\" style=\"text-align: center;\">248<\/td>\n<td>Alexis Hern\u00e1ndez<\/td>\n<td>Yamaha Raptor 700<\/td>\n<td class=\"nomobile\">Alexis Hern\u00e1ndez Racing<\/td>\n<td style=\"text-align: right; padding-right: 15px;\">+4:38:53<\/td>\n<\/tr>\n<tr style=\"vertical-align: top; background-color: #f2f2f2;\">\n<td style=\"text-align: center;\">6.<\/td>\n<td class=\"nomobile\" style=\"text-align: center;\">266<\/td>\n<td>Dmitrij \u0160ilov<\/td>\n<td>Yamaha Raptor 700<\/td>\n<td class=\"nomobile\">Astana Motorsports 2017<\/td>\n<td style=\"text-align: right; padding-right: 15px;\">+6:44:57<\/td>\n<\/tr>\n<tr style=\"vertical-align: top; background-color: #dbd9d9;\">\n<td style=\"text-align: center;\">7.<\/td>\n<td class=\"nomobile\" style=\"text-align: center;\">251<\/td>\n<td>Nelson Sanabria<\/td>\n<td>Yamaha Raptor<\/td>\n<td class=\"nomobile\">Sanabria Dakar Team<\/td>\n<td style=\"text-align: right; padding-right: 15px;\">+8:02:56<\/td>\n<\/tr>\n<tr style=\"vertical-align: top; background-color: #f2f2f2;\">\n<td style=\"text-align: center;\">8.<\/td>\n<td class=\"nomobile\" style=\"text-align: center;\">254<\/td>\n<td>Kees Koolen<\/td>\n<td>Barren Racer BR 1 690<\/td>\n<td class=\"nomobile\">Maxxis Super B Dakarteam<\/td>\n<td style=\"text-align: right; padding-right: 15px;\">+8:24:58<\/td>\n<\/tr>\n<tr style=\"vertical-align: top; background-color: #dbd9d9;\">\n<td style=\"text-align: center;\">9.<\/td>\n<td class=\"nomobile\" style=\"text-align: center;\">245<\/td>\n<td>Axel Dutrie<\/td>\n<td>Yamaha Raptor 700<\/td>\n<td class=\"nomobile\">Drag&#8217;On Rally Team<\/td>\n<td style=\"text-align: right; padding-right: 15px;\">+8:30:22<\/td>\n<\/tr>\n<tr style=\"vertical-align: top; background-color: #f2f2f2;\">\n<td style=\"text-align: center;\">10.<\/td>\n<td class=\"nomobile\" style=\"text-align: center;\">280<\/td>\n<td>Giuliano Giordana<\/td>\n<td>Yamaha Raptor 700<\/td>\n<td class=\"nomobile\">Giordana Dakar Team<\/td>\n<td style=\"text-align: right; padding-right: 15px;\">+9:18:25<\/td>\n<\/tr>\n<tr style=\"vertical-align: top; background-color: #dbd9d9;\">\n<td style=\"text-align: center;\">11.<\/td>\n<td class=\"nomobile\" style=\"text-align: center;\">260<\/td>\n<td><a href=\"\/index.php\/osobnosti\/alexandre-giroud\/\"><span style=\"color: #ee8027;\">Alexandre Giroud<\/span><\/a><\/td>\n<td>Yamaha YFZ 700<\/td>\n<td class=\"nomobile\">Team Giroud<\/td>\n<td style=\"text-align: right; padding-right: 15px;\">+10:24:38<\/td>\n<\/tr>\n<tr style=\"vertical-align: top; background-color: #f2f2f2;\">\n<td style=\"text-align: center;\">12.<\/td>\n<td class=\"nomobile\" style=\"text-align: center;\">247<\/td>\n<td><a href=\"\/index.php\/osobnosti\/josef-machacek\/\"><span style=\"color: #ee8027;\">Josef Mach\u00e1\u010dek<\/span><\/a><\/td>\n<td>Yamaha QDY 700 L<\/td>\n<td class=\"nomobile\">Barth Racing<\/td>\n<td style=\"text-align: right; padding-right: 15px;\">+10:53:41<\/td>\n<\/tr>\n<tr style=\"background-color: #808080;\">\n<td style=\"text-align: center;\" colspan=\"6\"><\/td>\n<\/tr>\n<tr style=\"vertical-align: top; background-color: #dbd9d9;\">\n<td style=\"text-align: center;\">15.<\/td>\n<td class=\"nomobile\" style=\"text-align: center;\">261<\/td>\n<td>Zden\u011bk T\u016fma<\/td>\n<td>Yamaha Raptor<\/td>\n<td class=\"nomobile\">Barth Racing<\/td>\n<td style=\"text-align: right; padding-right: 15px;\">+13:52:42<\/td>\n<\/tr>\n<tr style=\"vertical-align: top; background-color: #f2f2f2;\">\n<td style=\"text-align: center;\">26.<\/td>\n<td class=\"nomobile\" style=\"text-align: center;\">277<\/td>\n<td><a href=\"\/index.php\/osobnosti\/olga-rouckova\/\"><span style=\"color: #ee8027;\">Olga Rou\u010dkov\u00e1<\/span><\/a><\/td>\n<td>Yamaha QDY 700 L<\/td>\n<td class=\"nomobile\">Moto Racing Group<\/td>\n<td style=\"text-align: right; padding-right: 15px;\">+47:31:12<\/td>\n<\/tr>\n<tr style=\"vertical-align: top; background-color: #dbd9d9;\">\n<td><\/td>\n<td class=\"nomobile\" style=\"text-align: center;\"><\/td>\n<td><\/td>\n<td><\/td>\n<td class=\"nomobile\"><\/td>\n<td style=\"text-align: right; padding-right: 15px;\"><\/td>\n<\/tr>\n<tr style=\"vertical-align: top; background-color: #f2f2f2;\">\n<td><\/td>\n<td class=\"nomobile\" style=\"text-align: center;\"><\/td>\n<td><\/td>\n<td><\/td>\n<td class=\"nomobile\"><\/td>\n<td style=\"text-align: right; padding-right: 15px;\"><\/td>\n<\/tr>\n<tr style=\"background-color: #808080;\">\n<td style=\"text-align: center;\" colspan=\"6\"><\/td>\n<\/tr>\n<tr style=\"vertical-align: top; background-color: #dbd9d9;\">\n<td style=\"text-align: center;\">DNF<\/td>\n<td class=\"nomobile\" style=\"text-align: center;\">242<\/td>\n<td><a href=\"\/index.php\/osobnosti\/pablo-copetti\/\"><span style=\"color: #ee8027;\">Pablo Copetti<\/span><\/a><\/td>\n<td>Yamaha Raptor 700<\/td>\n<td class=\"nomobile\">MX Devesa by Berta<\/td>\n<td style=\"text-align: right; padding-right: 15px;\"><span style=\"font-size: 8pt;\">7. etapa<\/span><\/td>\n<\/tr>\n<tr style=\"vertical-align: top; background-color: #f2f2f2;\">\n<td style=\"text-align: center;\">DNF<\/td>\n<td class=\"nomobile\" style=\"text-align: center;\">264<\/td>\n<td><a href=\"\/index.php\/osobnosti\/tomas-kubiena\/\"><span style=\"color: #ee8027;\">Tom\u00e1\u0161 Kubiena<\/span><\/a><\/td>\n<td>Ibos Hawk 690<\/td>\n<td class=\"nomobile\">Moto Racing Group<\/td>\n<td style=\"text-align: right; padding-right: 15px;\"><\/td>\n<\/tr>\n<tr style=\"vertical-align: top; background-color: #dbd9d9;\">\n<td style=\"text-align: center;\">DNF<\/td>\n<td class=\"nomobile\" style=\"text-align: center;\">278<\/td>\n<td><a href=\"\/index.php\/osobnosti\/giovanni-enrico\/\"><span style=\"color: #ee8027;\">Giovanni Enrico<\/span><\/a><\/td>\n<td>Yamaha Raptor 700<\/td>\n<td class=\"nomobile\">Enrico Racing Team<\/td>\n<td style=\"text-align: right; padding-right: 15px;\"><\/td>\n<\/tr>\n<tr style=\"vertical-align: top; background-color: #f2f2f2;\">\n<td><\/td>\n<td class=\"nomobile\" style=\"text-align: center;\"><\/td>\n<td><\/td>\n<td><\/td>\n<td class=\"nomobile\"><\/td>\n<td style=\"text-align: right; padding-right: 15px;\"><\/td>\n<\/tr>\n<tr style=\"vertical-align: top; background-color: #dbd9d9;\">\n<td><\/td>\n<td class=\"nomobile\" style=\"text-align: center;\"><\/td>\n<td><\/td>\n<td><\/td>\n<td class=\"nomobile\"><\/td>\n<td style=\"text-align: right; padding-right: 15px;\"><\/td>\n<\/tr>\n<\/tbody>\n<\/table>\n<p>[\/vc_column_text][\/vc_column_inner][\/vc_row_inner][\/vc_tta_section][vc_tta_section title=&#8221;Auto&#8221; tab_id=&#8221;auto&#8221;][vc_row_inner][vc_column_inner][vc_column_text css_animation=&#8221;fadeIn&#8221;]<\/p>\n<table style=\"width: 97.7654%;\" rules=\"rows\" cellpadding=\"4px\">\n<tbody>\n<tr style=\"background-color: #808080; color: white;\">\n<td style=\"text-align: center;\" colspan=\"6\"><span style=\"font-size: 10pt;\"><strong>DAKAR 2018<br \/>\nAUTOMOBILY<br \/>\nkone\u010dn\u00e9 v\u00fdsledky<\/strong><\/span><\/td>\n<\/tr>\n<tr style=\"vertical-align: top; background-color: #f2f2f2;\">\n<td style=\"text-align: center;\"><strong>1.<\/strong><\/td>\n<td class=\"nomobile\" style=\"text-align: center;\">303<\/td>\n<td><strong><a href=\"\/index.php\/osobnosti\/carlos-sainz\/\"><span style=\"color: #ee8027;\">Carlos Sainz<\/span><\/a><\/strong><br \/>\n<a href=\"\/index.php\/osobnosti\/lucas-cruz\/\"><span style=\"color: #ee8027;\"><strong>Lucas Cruz<\/strong><\/span><\/a><\/td>\n<td>Peugeot 3008 DKR<\/td>\n<td class=\"nomobile\">Team Peugeot Total<\/td>\n<td style=\"text-align: right; padding-right: 15px;\"><strong>49:16:18<\/strong><\/td>\n<\/tr>\n<tr style=\"vertical-align: top; background-color: #dbd9d9;\">\n<td style=\"text-align: center;\"><strong>2.<\/strong><\/td>\n<td class=\"nomobile\" style=\"text-align: center;\">301<\/td>\n<td><strong><a href=\"\/index.php\/osobnosti\/nasser-al-attiyah\/\"><span style=\"color: #ee8027;\">Nasser Al-Attiyah<\/span><\/a><\/strong><br \/>\n<a href=\"\/index.php\/osobnosti\/mathieu-baumel\/\"><span style=\"color: #ee8027;\"><strong>Mathieu Baumel<\/strong><\/span><\/a><\/td>\n<td>Toyota Hilux<\/td>\n<td class=\"nomobile\">Toyota Gazoo Racing SA<\/td>\n<td style=\"text-align: right; padding-right: 15px;\"><strong>+43:40<\/strong><\/td>\n<\/tr>\n<tr style=\"vertical-align: top; background-color: #f2f2f2;\">\n<td style=\"text-align: center;\"><strong>3.<\/strong><\/td>\n<td class=\"nomobile\" style=\"text-align: center;\">304<\/td>\n<td><strong><a href=\"\/index.php\/osobnosti\/giniel-de-villiers\/\"><span style=\"color: #ee8027;\">Giniel de Villiers<\/span><\/a><\/strong><br \/>\n<a href=\"\/index.php\/osobnosti\/dirk-von-zitzewitz\/\"><span style=\"color: #ee8027;\"><strong>Dirk von Zitzewitz<\/strong><\/span><\/a><\/td>\n<td>Toyota Hilux<\/td>\n<td class=\"nomobile\">Toyota Gazoo Racing SA<\/td>\n<td style=\"text-align: right; padding-right: 15px;\"><strong>+1:16:41<\/strong><\/td>\n<\/tr>\n<tr style=\"vertical-align: top; background-color: #dbd9d9;\">\n<td style=\"text-align: center;\"><strong>4.<\/strong><\/td>\n<td class=\"nomobile\" style=\"text-align: center;\">300<\/td>\n<td><a href=\"\/index.php\/osobnosti\/stephane-peterhansel\/\"><span style=\"color: #ee8027;\"><strong>St\u00e9phane Peterhansel<\/strong><\/span><\/a><br \/>\n<a href=\"\/index.php\/osobnosti\/jean-paul-cottret\/\"><span style=\"color: #ee8027;\"><strong>Jean-Paul Cottret<\/strong><\/span><\/a><\/td>\n<td>Peugeot 3008 DKR<\/td>\n<td class=\"nomobile\">Team Peugeot Total<\/td>\n<td style=\"text-align: right; padding-right: 15px;\"><strong>+1:25:29<\/strong><\/td>\n<\/tr>\n<tr style=\"vertical-align: top; background-color: #f2f2f2;\">\n<td style=\"text-align: center;\"><strong>5.<\/strong><\/td>\n<td class=\"nomobile\" style=\"text-align: center;\">312<\/td>\n<td><a href=\"\/index.php\/osobnosti\/kuba-przygonski\/\"><span style=\"color: #ee8027;\"><strong>Kuba Przygo\u0144ski<\/strong><\/span><\/a><br \/>\n<a href=\"\/index.php\/osobnosti\/tom-colsoul\/\"><span style=\"color: #ee8027;\"><strong>Tom Colsoul<\/strong><\/span><\/a><\/td>\n<td>Mini JCW Rally<\/td>\n<td class=\"nomobile\">Orlen Team \/ X-raid<\/td>\n<td style=\"text-align: right; padding-right: 15px;\"><strong>+2:45:24<\/strong><\/td>\n<\/tr>\n<tr style=\"vertical-align: top; background-color: #dbd9d9;\">\n<td style=\"text-align: center;\"><strong>6.<\/strong><\/td>\n<td class=\"nomobile\" style=\"text-align: center;\">319<\/td>\n<td><a href=\"\/index.php\/osobnosti\/khalid-al-qassimi\/\"><span style=\"color: #ee8027;\"><strong>Khalid Al Qassimi<\/strong><\/span><\/a><br \/>\n<a href=\"\/index.php\/osobnosti\/xavier-panseri\/\"><span style=\"color: #ee8027;\"><strong>Xavier Panseri<\/strong><\/span><\/a><\/td>\n<td>Peugeot 3008 DKR Maxi<\/td>\n<td class=\"nomobile\">PH Sport<\/td>\n<td style=\"text-align: right; padding-right: 15px;\"><strong>+4:20:58<\/strong><\/td>\n<\/tr>\n<tr style=\"vertical-align: top; background-color: #f2f2f2;\">\n<td style=\"text-align: center;\"><strong>7.<\/strong><\/td>\n<td class=\"nomobile\" style=\"text-align: center;\">311<\/td>\n<td><strong><a href=\"\/index.php\/osobnosti\/martin-prokop\/\"><span style=\"color: #ee8027;\">Martin Prokop<\/span><\/a><\/strong><br \/>\n<strong>Jan Tom\u00e1nek<\/strong><\/td>\n<td>Ford F-150 Evo<\/td>\n<td class=\"nomobile\">MP-Sports<\/td>\n<td style=\"text-align: right; padding-right: 15px;\"><strong>+7:20:49<\/strong><\/td>\n<\/tr>\n<tr style=\"vertical-align: top; background-color: #dbd9d9;\">\n<td style=\"text-align: center;\"><strong>8.<\/strong><\/td>\n<td class=\"nomobile\" style=\"text-align: center;\">334<\/td>\n<td><strong>Peter van Merksteijn<\/strong><br \/>\n<strong><span style=\"color: #ee8027;\">Maciej Marton<\/span><\/strong><\/td>\n<td>Toyota Hilux<\/td>\n<td class=\"nomobile\">Overdrive Toyota<\/td>\n<td style=\"text-align: right; padding-right: 15px;\"><strong>+7:41:28<\/strong><\/td>\n<\/tr>\n<tr style=\"vertical-align: top; background-color: #f2f2f2;\">\n<td style=\"text-align: center;\"><strong>9.<\/strong><\/td>\n<td class=\"nomobile\" style=\"text-align: center;\">331<\/td>\n<td><strong><a href=\"\/index.php\/osobnosti\/sebastian-halpern\/\"><span style=\"color: #ee8027;\">Sebasti\u00e1n Halpern<\/span><\/a><\/strong><br \/>\n<strong>Eduardo Pulenta<\/strong><\/td>\n<td>Toyota Hilux<\/td>\n<td class=\"nomobile\">South Racing<\/td>\n<td style=\"text-align: right; padding-right: 15px;\"><strong>+9:08:10<\/strong><\/td>\n<\/tr>\n<tr style=\"vertical-align: top; background-color: #dbd9d9;\">\n<td style=\"text-align: center;\"><strong>10.<\/strong><\/td>\n<td class=\"nomobile\" style=\"text-align: center;\">318<\/td>\n<td><strong><a href=\"\/index.php\/osobnosti\/lucio-alvarez\/\"><span style=\"color: #ee8027;\">Lucio \u00c1lvarez<\/span><\/a><\/strong><br \/>\n<strong>Robert Howie<\/strong><\/td>\n<td>Toyota Hilux<\/td>\n<td class=\"nomobile\">Overdrive Toyota<\/td>\n<td style=\"text-align: right; padding-right: 15px;\"><strong>+9:18:46<\/strong><\/td>\n<\/tr>\n<tr style=\"background-color: #808080;\">\n<td colspan=\"6\"><\/td>\n<\/tr>\n<tr style=\"vertical-align: top; background-color: #f2f2f2;\">\n<td style=\"text-align: center;\"><strong>20.<\/strong><\/td>\n<td class=\"nomobile\" style=\"text-align: center;\">307<\/td>\n<td><strong>Orlando Terranova<\/strong><br \/>\n<a href=\"\/index.php\/osobnosti\/ronnie-graue\/\"><span style=\"color: #ee8027;\"><strong>Ronnie Graue<\/strong><\/span><\/a><\/td>\n<td>Mini JCW Rally<\/td>\n<td class=\"nomobile\">X-raid Team<\/td>\n<td style=\"text-align: right; padding-right: 15px;\"><strong>+18:54:01<\/strong><\/td>\n<\/tr>\n<tr style=\"vertical-align: top; background-color: #dbd9d9;\">\n<td style=\"text-align: center;\"><strong>25.<\/strong><\/td>\n<td class=\"nomobile\" style=\"text-align: center;\">337<\/td>\n<td><strong>Akira Miura<\/strong><br \/>\n<a href=\"\/index.php\/osobnosti\/laurent-lichtleuchter\/\"><span style=\"color: #ee8027;\"><strong>Laurent Lichtleuchter<\/strong><\/span><\/a><\/td>\n<td>Toyota VDJ200<\/td>\n<td class=\"nomobile\">Team Land Cruiser Toyota Auto Body<\/td>\n<td style=\"text-align: right; padding-right: 15px;\"><strong>+31:04:40<\/strong><\/td>\n<\/tr>\n<tr style=\"vertical-align: top; background-color: #f2f2f2;\">\n<td style=\"text-align: center;\"><strong>31.<\/strong><\/td>\n<td class=\"nomobile\" style=\"text-align: center;\">308<\/td>\n<td><strong><a href=\"\/index.php\/osobnosti\/despres-cyril\/\"><span style=\"color: #ee8027;\">Cyril Despres<\/span><\/a><\/strong><br \/>\n<a href=\"\/index.php\/osobnosti\/david-castera\/\"><span style=\"color: #ee8027;\"><strong>David Castera<\/strong><\/span><\/a><\/td>\n<td>Peugeot 3008 DKR<\/td>\n<td class=\"nomobile\">Team Peugeot Total<\/td>\n<td style=\"text-align: right; padding-right: 15px;\"><strong>+45:19:10<\/strong><\/td>\n<\/tr>\n<tr style=\"vertical-align: top; background-color: #dbd9d9;\">\n<td style=\"text-align: center;\"><strong>33.<\/strong><\/td>\n<td class=\"nomobile\" style=\"text-align: center;\">340<\/td>\n<td><strong><a href=\"\/index.php\/osobnosti\/tomas-ourednicek\/\"><span style=\"color: #ee8027;\">Tom\u00e1\u0161 Ou\u0159edn\u00ed\u010dek<\/span><\/a><\/strong><br \/>\n<a href=\"\/index.php\/osobnosti\/david-kripal\/\"><span style=\"color: #ee8027;\"><strong>David K\u0159\u00edpal<\/strong><\/span><\/a><\/td>\n<td>Ford Ranger<\/td>\n<td class=\"nomobile\">South Racing<\/td>\n<td style=\"text-align: right; padding-right: 15px;\"><strong>+53:48:32<\/strong><\/td>\n<\/tr>\n<tr style=\"vertical-align: top; background-color: #f2f2f2;\">\n<td style=\"text-align: center;\"><strong>38.<\/strong><\/td>\n<td class=\"nomobile\" style=\"text-align: center;\">354<\/td>\n<td><strong><a href=\"\/index.php\/osobnosti\/cristina-gutierrez\/\"><span style=\"color: #ee8027;\">Cristina Guti\u00e9rrez<\/span><\/a><\/strong><br \/>\n<strong>Gabriel Moiset Ferrer<\/strong><\/td>\n<td>Mitsubishi Proto ARC<\/td>\n<td class=\"nomobile\">DKR Raid Service<\/td>\n<td style=\"text-align: right; padding-right: 15px;\"><strong>+89:50:22<\/strong><\/td>\n<\/tr>\n<tr style=\"vertical-align: top; background-color: #dbd9d9;\">\n<td style=\"text-align: center;\"><\/td>\n<td class=\"nomobile\" style=\"text-align: center;\"><\/td>\n<td><\/td>\n<td><\/td>\n<td class=\"nomobile\"><\/td>\n<td style=\"text-align: right; padding-right: 15px;\"><\/td>\n<\/tr>\n<tr style=\"vertical-align: top; background-color: #f2f2f2;\">\n<td style=\"text-align: center;\"><\/td>\n<td class=\"nomobile\" style=\"text-align: center;\"><\/td>\n<td><\/td>\n<td><\/td>\n<td class=\"nomobile\"><\/td>\n<td style=\"text-align: right; padding-right: 15px;\"><\/td>\n<\/tr>\n<tr style=\"background-color: #808080;\">\n<td colspan=\"6\"><\/td>\n<\/tr>\n<tr style=\"vertical-align: top; background-color: #dbd9d9;\">\n<td style=\"text-align: center;\"><strong>DNF<\/strong><\/td>\n<td class=\"nomobile\" style=\"text-align: center;\">302<\/td>\n<td><strong><a href=\"\/index.php\/osobnosti\/nani-roma\/\"><span style=\"color: #ee8027;\">Nani Roma<\/span><\/a><\/strong><br \/>\n<a href=\"\/index.php\/osobnosti\/alex-haro\/\"><span style=\"color: #ee8027;\"><strong>\u00c0lex Haro<\/strong><\/span><\/a><\/td>\n<td>Mini JCW Rally<\/td>\n<td class=\"nomobile\">X-raid Team<\/td>\n<td style=\"text-align: right; padding-right: 15px;\"><\/td>\n<\/tr>\n<tr style=\"vertical-align: top; background-color: #f2f2f2;\">\n<td style=\"text-align: center;\"><strong>DNF<\/strong><\/td>\n<td class=\"nomobile\" style=\"text-align: center;\">306<\/td>\n<td><a href=\"\/index.php\/osobnosti\/loeb-sebastien\/\"><span style=\"color: #ee8027;\"><strong>S\u00e9bastien Loeb<\/strong><\/span><\/a><br \/>\n<a href=\"\/index.php\/osobnosti\/daniel-elena\/\"><span style=\"color: #ee8027;\"><strong>Daniel Elena<\/strong><\/span><\/a><\/td>\n<td>Peugeot 3008 DKR<\/td>\n<td class=\"nomobile\">Team Peugeot Total<\/td>\n<td style=\"text-align: right; padding-right: 15px;\"><\/td>\n<\/tr>\n<tr style=\"vertical-align: top; background-color: #dbd9d9;\">\n<td style=\"text-align: center;\"><strong>DNF<\/strong><\/td>\n<td class=\"nomobile\" style=\"text-align: center;\">310<\/td>\n<td><strong><a href=\"\/index.php\/osobnosti\/bryce-menzies\/\"><span style=\"color: #ee8027;\">Bryce Menzies<\/span><\/a><\/strong><br \/>\n<strong>Pete Mortensen<\/strong><\/td>\n<td>Mini JCW Buggy<\/td>\n<td class=\"nomobile\">X-raid Team<\/td>\n<td style=\"text-align: right; padding-right: 15px;\"><\/td>\n<\/tr>\n<tr style=\"vertical-align: top; background-color: #f2f2f2;\">\n<td style=\"text-align: center;\"><strong>DSQ<\/strong><\/td>\n<td class=\"nomobile\" style=\"text-align: center;\">314<\/td>\n<td><strong><a href=\"\/index.php\/osobnosti\/yazeed-al-rajhi\/\"><span style=\"color: #ee8027;\">Yazeed Al-Rajhi<\/span><\/a><\/strong><br \/>\n<a href=\"\/index.php\/osobnosti\/timo-gottschalk\/\"><span style=\"color: #ee8027;\"><strong>Timo Gottschalk<\/strong><\/span><\/a><\/td>\n<td>Mini JCW Buggy<\/td>\n<td class=\"nomobile\">X-raid Team<\/td>\n<td style=\"text-align: right; padding-right: 15px;\"><\/td>\n<\/tr>\n<tr style=\"vertical-align: top; background-color: #dbd9d9;\">\n<td style=\"text-align: center;\"><strong>DNF<\/strong><\/td>\n<td class=\"nomobile\" style=\"text-align: center;\">316<\/td>\n<td><a href=\"\/index.php\/osobnosti\/ronan-chabot\/\"><span style=\"color: #ee8027;\"><strong>Ronan Chabot<\/strong><\/span><\/a><br \/>\n<a href=\"\/index.php\/osobnosti\/gilles-pillot\/\"><span style=\"color: #ee8027;\"><strong>Gilles Pillot<\/strong><\/span><\/a><\/td>\n<td>Toyota Hilux<\/td>\n<td class=\"nomobile\">Overdrive Toyota<\/td>\n<td style=\"text-align: right; padding-right: 15px;\"><\/td>\n<\/tr>\n<tr style=\"vertical-align: top; background-color: #f2f2f2;\">\n<td style=\"text-align: center;\"><strong>DNF<\/strong><\/td>\n<td class=\"nomobile\" style=\"text-align: center;\">328<\/td>\n<td><strong><a href=\"\/index.php\/osobnosti\/christian-lavieille\/\"><span style=\"color: #ee8027;\">Christian Lavieille<\/span><\/a><\/strong><br \/>\n<strong>Jean-Pierre Garcin<\/strong><\/td>\n<td>Toyota VDJ200<\/td>\n<td class=\"nomobile\">Team Land Cruiser Toyota Auto Body<\/td>\n<td style=\"text-align: right; padding-right: 15px;\"><strong><span style=\"font-size: 8pt;\">4. etapa<\/span><\/strong><\/td>\n<\/tr>\n<tr style=\"vertical-align: top; background-color: #dbd9d9;\">\n<td style=\"text-align: center;\"><strong>DNF<\/strong><\/td>\n<td class=\"nomobile\" style=\"text-align: center;\">335<\/td>\n<td><strong><a href=\"\/index.php\/osobnosti\/eugenio-amos\/\"><span style=\"color: #ee8027;\">Eugenio Amos<\/span><\/a><\/strong><br \/>\n<a href=\"\/index.php\/osobnosti\/sebastien-delaunay\/\"><span style=\"color: #ee8027;\"><strong>S\u00e9bastien Delaunay<\/strong><\/span><\/a><\/td>\n<td>2WD Buggy SMG<\/td>\n<td class=\"nomobile\">Two Wheels Drive<\/td>\n<td style=\"text-align: right; padding-right: 15px;\"><\/td>\n<\/tr>\n<tr style=\"vertical-align: top; background-color: #f2f2f2;\">\n<td style=\"text-align: center;\"><strong>DNF<\/strong><\/td>\n<td class=\"nomobile\" style=\"text-align: center;\">372<\/td>\n<td><strong>Boris Vacul\u00edk<\/strong><br \/>\n<strong>Martin Plechat\u00fd<\/strong><\/td>\n<td>Ford F-150 Evo<\/td>\n<td class=\"nomobile\">Barth Racing<\/td>\n<td style=\"text-align: right; padding-right: 15px;\"><\/td>\n<\/tr>\n<tr style=\"vertical-align: top; background-color: #dbd9d9;\">\n<td style=\"text-align: center;\"><\/td>\n<td class=\"nomobile\" style=\"text-align: center;\"><\/td>\n<td><\/td>\n<td><\/td>\n<td class=\"nomobile\"><\/td>\n<td style=\"text-align: right; padding-right: 15px;\"><\/td>\n<\/tr>\n<tr style=\"vertical-align: top; background-color: #f2f2f2;\">\n<td style=\"text-align: center;\"><\/td>\n<td class=\"nomobile\" style=\"text-align: center;\"><\/td>\n<td><\/td>\n<td><\/td>\n<td class=\"nomobile\"><\/td>\n<td style=\"text-align: right; padding-right: 15px;\"><\/td>\n<\/tr>\n<\/tbody>\n<\/table>\n<p>[\/vc_column_text][\/vc_column_inner][\/vc_row_inner][\/vc_tta_section][vc_tta_section title=&#8221;SxS&#8221; tab_id=&#8221;sxs&#8221;][vc_row_inner][vc_column_inner][vc_column_text css_animation=&#8221;fadeIn&#8221;]<\/p>\n<table style=\"width: 97.7654%;\" rules=\"rows\" cellpadding=\"4px\">\n<tbody>\n<tr style=\"background-color: #808080; color: white;\">\n<td style=\"text-align: center;\" colspan=\"6\"><span style=\"font-size: 10pt;\"><strong>DAKAR 2018 &#8211; S\u00d7S<br \/>\nkone\u010dn\u00e9 v\u00fdsledky<\/strong><\/span><\/td>\n<\/tr>\n<tr style=\"background-color: #f2f2f2;\">\n<td>1.<\/td>\n<td class=\"nomobile\" style=\"text-align: center;\">356<\/td>\n<td>Reinaldo Varela \/ <a href=\"\/index.php\/osobnosti\/gustavo-gugelmin\/\"><span style=\"color: #ee8027;\">Gustavo Gugelmin<\/span><\/a><\/td>\n<td>Can-Am Maverick X3<\/td>\n<td class=\"nomobile\">South Racing<\/td>\n<td style=\"text-align: right;\">72:44:06<\/td>\n<\/tr>\n<tr style=\"background-color: #dbd9d9;\">\n<td>2.<\/td>\n<td class=\"nomobile\" style=\"text-align: center;\">361<\/td>\n<td>Patrice Garrouste \/ Steven Griener<\/td>\n<td>Polaris RZR 1000 Turbo<\/td>\n<td class=\"nomobile\">Xtreme Plus Polaris Factory Team<\/td>\n<td style=\"text-align: right;\">+ 57:37<\/td>\n<\/tr>\n<tr style=\"background-color: #f2f2f2;\">\n<td>3.<\/td>\n<td class=\"nomobile\" style=\"text-align: center;\">387<\/td>\n<td><a href=\"\/index.php\/osobnosti\/claude-fournier\/\"><span style=\"color: #ee8027;\">Claude Fournier<\/span><\/a> \/ Szymon Gospodarczyk<\/td>\n<td>Polaris RZR 1000 XP<\/td>\n<td class=\"nomobile\">Xtreme Plus Polaris Factory Team<\/td>\n<td style=\"text-align: right;\">+ 10:09:25<\/td>\n<\/tr>\n<\/tbody>\n<\/table>\n<p>[\/vc_column_text][\/vc_column_inner][\/vc_row_inner][\/vc_tta_section][vc_tta_section title=&#8221;Kamiony&#8221; tab_id=&#8221;kamiony&#8221;][vc_row_inner][vc_column_inner][vc_column_text css_animation=&#8221;fadeIn&#8221;]<\/p>\n<table style=\"width: 97.7654%;\" rules=\"rows\" cellpadding=\"4px\">\n<tbody>\n<tr style=\"background-color: #808080; color: white;\">\n<td style=\"text-align: center;\" colspan=\"6\"><span style=\"font-size: 10pt;\"><strong>DAKAR 2018<br \/>\nKAMIONY<br \/>\nkone\u010dn\u00e9 v\u00fdsledky<\/strong><\/span><\/td>\n<\/tr>\n<tr style=\"vertical-align: top; background-color: #f2f2f2;\">\n<td style=\"text-align: center;\"><strong>1.<\/strong><\/td>\n<td class=\"nomobile\" style=\"text-align: center;\">500<\/td>\n<td><a href=\"\/index.php\/osobnosti\/eduard-nikolajev\/\"><span style=\"color: #ee8027;\"><strong>Eduard Nikolajev<\/strong><\/span><\/a><br \/>\n<strong><a href=\"\/index.php\/osobnosti\/jevgenij-jakovlev\/\"><span style=\"color: #ee8027;\">Jevgenij Jakovlev<\/span><\/a><\/strong><br \/>\n<strong><a href=\"\/index.php\/osobnosti\/vladimir-rybakov\/\"><span style=\"color: #ee8027;\">Vladimir Rybakov<\/span><\/a><\/strong><\/td>\n<td>Kamaz 4326<\/td>\n<td class=\"nomobile\">Kamaz-Master<\/td>\n<td style=\"text-align: right; padding-right: 15px;\"><strong>54:57:37<\/strong><\/td>\n<\/tr>\n<tr style=\"vertical-align: top; background-color: #dbd9d9;\">\n<td style=\"text-align: center;\"><strong>2.<\/strong><\/td>\n<td class=\"nomobile\" style=\"text-align: center;\">512<\/td>\n<td><a href=\"\/index.php\/osobnosti\/sergej-vjazovic\/\"><span style=\"color: #ee8027;\"><strong>Sergej Vjazovi\u010d<\/strong><\/span><\/a><br \/>\n<strong><a href=\"\/index.php\/osobnosti\/pavel-haranin\/\"><span style=\"color: #ee8027;\">Pavel Haranin<\/span><\/a><\/strong><br \/>\n<strong>Andrej \u017digulin<\/strong><\/td>\n<td>MAZ 5309RR<\/td>\n<td class=\"nomobile\">MAZ-Sportauto<\/td>\n<td style=\"text-align: right; padding-right: 15px;\"><strong>+3:57:17<\/strong><\/td>\n<\/tr>\n<tr style=\"vertical-align: top; background-color: #f2f2f2;\">\n<td style=\"text-align: center;\"><strong>3.<\/strong><\/td>\n<td class=\"nomobile\" style=\"text-align: center;\">507<\/td>\n<td><a href=\"\/index.php\/osobnosti\/ajrat-mardejev\/\"><span style=\"color: #ee8027;\"><strong>Ajrat Mard\u011bjev<\/strong><\/span><\/a><br \/>\n<strong>Ajdar B\u011bljajev<\/strong><br \/>\n<a href=\"\/index.php\/osobnosti\/dmitrij-svistunov\/\"><span style=\"color: #ee8027;\"><strong>Dmitrij Svistunov<\/strong><\/span><\/a><\/td>\n<td>Kamaz 4326<\/td>\n<td class=\"nomobile\">Kamaz-Master<\/td>\n<td style=\"text-align: right; padding-right: 15px;\"><strong>+5:22:34<\/strong><\/td>\n<\/tr>\n<tr style=\"vertical-align: top; background-color: #dbd9d9;\">\n<td style=\"text-align: center;\"><strong>4.<\/strong><\/td>\n<td class=\"nomobile\" style=\"text-align: center;\">508<\/td>\n<td><strong>Artur Ardavi\u010dus<\/strong><br \/>\n<strong>Serge Bruynkens<\/strong><br \/>\n<strong>Michel Huisman<\/strong><\/td>\n<td>Iveco Powerstar<\/td>\n<td class=\"nomobile\">Astana Motorsport Team De Rooy Iveco<\/td>\n<td style=\"text-align: right; padding-right: 15px;\"><strong>+6:38:22<\/strong><\/td>\n<\/tr>\n<tr style=\"vertical-align: top; background-color: #f2f2f2;\">\n<td style=\"text-align: center;\"><strong>5.<\/strong><\/td>\n<td class=\"nomobile\" style=\"text-align: center;\">510<\/td>\n<td><a href=\"\/index.php\/osobnosti\/martin-macik-ml\/\"><span style=\"color: #ee8027;\"><strong>Martin Mac\u00edk ml.<\/strong><\/span><\/a><br \/>\n<strong><a href=\"\/index.php\/osobnosti\/frantisek-tomasek\/\"><span style=\"color: #ee8027;\">Franti\u0161ek Tom\u00e1\u0161ek<\/span><\/a><\/strong><br \/>\n<strong>Michal Mrkva<\/strong><\/td>\n<td>Liaz 111.154<\/td>\n<td class=\"nomobile\">Big Shock Racing<\/td>\n<td style=\"text-align: right; padding-right: 15px;\"><strong>+7:58:45<\/strong><\/td>\n<\/tr>\n<tr style=\"background-color: #808080;\">\n<td style=\"text-align: center;\" colspan=\"6\"><\/td>\n<\/tr>\n<tr style=\"vertical-align: top; background-color: #dbd9d9;\">\n<td style=\"text-align: center;\"><strong>10.<\/strong><\/td>\n<td class=\"nomobile\" style=\"text-align: center;\">502<\/td>\n<td><a href=\"\/index.php\/osobnosti\/dmitrij-sotnikov\/\"><span style=\"color: #ee8027;\"><strong>Dmitrij Sotnikov<\/strong><\/span><\/a><br \/>\n<a href=\"\/index.php\/osobnosti\/ruslan-achmadejev\/\"><span style=\"color: #ee8027;\"><strong>Ruslan Achmad\u011bjev<\/strong><\/span><\/a><br \/>\n<strong>Ilnur Mustafin<\/strong><\/td>\n<td>Kamaz 43509<\/td>\n<td class=\"nomobile\">Kamaz-Master<\/td>\n<td style=\"text-align: right; padding-right: 15px;\"><strong>+10:03:47<\/strong><\/td>\n<\/tr>\n<tr style=\"vertical-align: top; background-color: #f2f2f2;\">\n<td style=\"text-align: center;\"><strong>11.<\/strong><\/td>\n<td class=\"nomobile\" style=\"text-align: center;\">505<\/td>\n<td><a href=\"\/index.php\/osobnosti\/martin-kolomy\/\"><span style=\"color: #ee8027;\"><strong>Martin Kolom\u00fd<\/strong><\/span><\/a><br \/>\n<strong>Rostislav Pln\u00fd<\/strong><br \/>\n<strong>Ji\u0159\u00ed Stross<\/strong><\/td>\n<td>Tatra Phoenix<\/td>\n<td class=\"nomobile\">Tatra Buggyra Racing<\/td>\n<td style=\"text-align: right; padding-right: 15px;\"><strong>+13:20:46<\/strong><\/td>\n<\/tr>\n<tr style=\"vertical-align: top; background-color: #dbd9d9;\">\n<td style=\"text-align: center;\"><strong>12.<\/strong><\/td>\n<td class=\"nomobile\" style=\"text-align: center;\">532<\/td>\n<td><a href=\"\/index.php\/osobnosti\/martin-soltys\/\"><span style=\"color: #ee8027;\"><strong>Martin \u0160oltys<\/strong><\/span><\/a><br \/>\n<strong>Josef Kalina<\/strong><br \/>\n<strong><a href=\"\/index.php\/osobnosti\/tomas-sikola\/\"><span style=\"color: #ee8027;\">Tom\u00e1\u0161 \u0160ikola<\/span><\/a><\/strong><\/td>\n<td>Tatra Phoenix<\/td>\n<td class=\"nomobile\">Tatra Buggyra Racing<\/td>\n<td style=\"text-align: right; padding-right: 15px;\"><strong>+21:57:39<\/strong><\/td>\n<\/tr>\n<tr style=\"vertical-align: top; background-color: #f2f2f2;\">\n<td style=\"text-align: center;\"><strong>13.<\/strong><\/td>\n<td class=\"nomobile\" style=\"text-align: center;\">503<\/td>\n<td><strong>Alexandr Vasiljevskij<\/strong><br \/>\n<strong>Dmitrij Vichrenko<\/strong><br \/>\n<strong><a href=\"\/index.php\/osobnosti\/anton-zaporoscenko\/\"><span style=\"color: #ee8027;\">Anton Zaporo\u0161\u010denko<\/span><\/a><\/strong><\/td>\n<td>MAZ 5309RR<\/td>\n<td class=\"nomobile\">MAZ-Sportauto<\/td>\n<td style=\"text-align: right; padding-right: 15px;\"><strong>+26:03:58<\/strong><\/td>\n<\/tr>\n<tr style=\"vertical-align: top; background-color: #dbd9d9;\">\n<td style=\"text-align: center;\"><strong>14.<\/strong><\/td>\n<td class=\"nomobile\" style=\"text-align: center;\">518<\/td>\n<td><strong><a href=\"\/index.php\/osobnosti\/alexej-visnevskij\/\"><span style=\"color: #ee8027;\">Alexej Vi\u0161n\u011bvskij<\/span><\/a><\/strong><br \/>\n<strong><a href=\"\/index.php\/osobnosti\/maxim-novikov\/\"><span style=\"color: #ee8027;\">Maxim Novikov<\/span><\/a><\/strong><br \/>\n<strong>Andrej N\u011bvjarovi\u010d<\/strong><\/td>\n<td>MAZ 5309RR<\/td>\n<td class=\"nomobile\">MAZ-Sportauto<\/td>\n<td style=\"text-align: right; padding-right: 15px;\"><strong>+43:02:15<\/strong><\/td>\n<\/tr>\n<tr style=\"vertical-align: top; background-color: #f2f2f2;\">\n<td style=\"text-align: center;\"><\/td>\n<td class=\"nomobile\" style=\"text-align: center;\"><\/td>\n<td><\/td>\n<td><\/td>\n<td class=\"nomobile\"><\/td>\n<td style=\"text-align: right; padding-right: 15px;\"><\/td>\n<\/tr>\n<tr style=\"vertical-align: top; background-color: #dbd9d9;\">\n<td style=\"text-align: center;\"><\/td>\n<td class=\"nomobile\" style=\"text-align: center;\"><\/td>\n<td><\/td>\n<td><\/td>\n<td class=\"nomobile\"><\/td>\n<td style=\"text-align: right; padding-right: 15px;\"><\/td>\n<\/tr>\n<tr style=\"background-color: #808080;\">\n<td style=\"text-align: center;\" colspan=\"6\"><\/td>\n<\/tr>\n<tr style=\"vertical-align: top; background-color: #f2f2f2;\">\n<td style=\"text-align: center;\"><strong>DNF<\/strong><\/td>\n<td class=\"nomobile\" style=\"text-align: center;\">504<\/td>\n<td><strong><a href=\"\/index.php\/osobnosti\/ales-loprais\/\"><span style=\"color: #ee8027;\">Ale\u0161 Loprais<\/span><\/a><\/strong><br \/>\n<a href=\"\/index.php\/osobnosti\/ferran-marco-alcayna\/\"><span style=\"color: #ee8027;\"><strong>Ferran Marco<\/strong><\/span><\/a><br \/>\n<strong>Luk\u00e1\u0161 Janda<\/strong><\/td>\n<td>Tatra Jamal &#8211; Queen 69<\/td>\n<td class=\"nomobile\">Instaforex Loprais Team<\/td>\n<td style=\"text-align: right; padding-right: 15px;\"><\/td>\n<\/tr>\n<tr style=\"vertical-align: top; background-color: #dbd9d9;\">\n<td style=\"text-align: center;\"><strong>DNF<\/strong><\/td>\n<td class=\"nomobile\" style=\"text-align: center;\">506<\/td>\n<td><a href=\"\/index.php\/osobnosti\/martin-van-den-brink\/\"><span style=\"color: #ee8027;\"><strong>Martin van den Brink<\/strong><\/span><\/a><br \/>\n<strong>Wouter Rosegaar<\/strong><br \/>\n<strong><a href=\"\/index.php\/osobnosti\/daniel-kozlovsky\/\"><span style=\"color: #ee8027;\">Daniel Kozlovsk\u00fd<\/span><\/a><\/strong><\/td>\n<td>Renault CBH 385 Sherpa<\/td>\n<td class=\"nomobile\">Mammoet Rallysport<\/td>\n<td style=\"text-align: right;\"><\/td>\n<\/tr>\n<tr style=\"vertical-align: top; background-color: #f2f2f2;\">\n<td style=\"text-align: center;\"><strong>DNF<\/strong><\/td>\n<td class=\"nomobile\" style=\"text-align: center;\">515<\/td>\n<td><strong><a href=\"\/index.php\/osobnosti\/anton-sibalov\/\"><span style=\"color: #ee8027;\">Anton \u0160ibalov<\/span><\/a><\/strong><br \/>\n<strong><a href=\"\/index.php\/osobnosti\/dmitrij-nikitin\/\"><span style=\"color: #ee8027;\">Dmitrij Nikitin<\/span><\/a><\/strong><br \/>\n<strong>Ivan Romanov<\/strong><\/td>\n<td>Kamaz 4326<\/td>\n<td class=\"nomobile\">Kamaz-Master<\/td>\n<td style=\"text-align: right;\"><\/td>\n<\/tr>\n<tr style=\"vertical-align: top; background-color: #dbd9d9;\">\n<td style=\"text-align: center;\"><strong>DNF<\/strong><\/td>\n<td class=\"nomobile\" style=\"text-align: center;\">531<\/td>\n<td><a href=\"\/index.php\/osobnosti\/janus-van-kasteren\/\"><span style=\"color: #ee8027;\"><strong>Janus van Kasteren<\/strong><\/span><\/a><br \/>\n<a href=\"\/index.php\/osobnosti\/wouter-de-graaff\/\"><span style=\"color: #ee8027;\"><strong>Wouter de Graaff<\/strong><\/span><\/a><br \/>\n<strong>Rijk Mouw<\/strong><\/td>\n<td>Renault K520<\/td>\n<td class=\"nomobile\">Mammoet Rallysport<\/td>\n<td style=\"text-align: right;\"><strong><span style=\"font-size: 8pt;\">11. etapa<\/span><\/strong><\/td>\n<\/tr>\n<tr style=\"vertical-align: top; background-color: #f2f2f2;\">\n<td style=\"text-align: center;\"><strong>DNF<\/strong><\/td>\n<td class=\"nomobile\" style=\"text-align: center;\">540<\/td>\n<td><strong>Robert Rand\u00fdsek<\/strong><br \/>\n<strong>David Schov\u00e1nek<\/strong><br \/>\n<strong><a href=\"\/index.php\/osobnosti\/petr-pokora\/\"><span style=\"color: #ee8027;\">Petr Pokora<\/span><\/a><\/strong><\/td>\n<td>MAN TGA<\/td>\n<td class=\"nomobile\">MP-Sports<\/td>\n<td style=\"text-align: right; padding-right: 15px;\"><\/td>\n<\/tr>\n<tr style=\"vertical-align: top; background-color: #dbd9d9;\">\n<td style=\"text-align: center;\"><strong>DNF<\/strong><\/td>\n<td class=\"nomobile\" style=\"text-align: center;\">541<\/td>\n<td><strong>Pavel Vr\u0148\u00e1k<\/strong><br \/>\n<strong>Petr Les\u00e1k<\/strong><br \/>\n<strong>Filip \u0160krob\u00e1nek<\/strong><\/td>\n<td>Tatra 815<\/td>\n<td class=\"nomobile\">Tatra Buggyra Racing<\/td>\n<td style=\"text-align: right; padding-right: 15px;\"><\/td>\n<\/tr>\n<tr style=\"vertical-align: top; background-color: #f2f2f2;\">\n<td style=\"text-align: center;\"><\/td>\n<td class=\"nomobile\" style=\"text-align: center;\"><\/td>\n<td><\/td>\n<td><\/td>\n<td class=\"nomobile\"><\/td>\n<td style=\"text-align: right; padding-right: 15px;\"><\/td>\n<\/tr>\n<tr style=\"vertical-align: top; background-color: #dbd9d9;\">\n<td style=\"text-align: center;\"><\/td>\n<td class=\"nomobile\" style=\"text-align: center;\"><\/td>\n<td><\/td>\n<td><\/td>\n<td class=\"nomobile\"><\/td>\n<td style=\"text-align: right; padding-right: 15px;\"><\/td>\n<\/tr>\n<tr style=\"background-color: #808080; color: white;\">\n<td style=\"text-align: left;\" colspan=\"6\"><span style=\"font-size: 8pt;\">Odstartovalo 44 kamion\u016f, v c\u00edli klasifikov\u00e1no 19.<\/span><\/td>\n<\/tr>\n<\/tbody>\n<\/table>\n<p>[\/vc_column_text][\/vc_column_inner][\/vc_row_inner][\/vc_tta_section][\/vc_tta_pageable][\/vc_column][\/vc_row]<\/p>\n","protected":false},"excerpt":{"rendered":"<p>Rally Dakar 2018. 40. ro\u010dn\u00edk nejpopul\u00e1rn\u011bj\u0161\u00ed maratonsk\u00e9 rally sv\u011bta. 6. a\u017e 20. ledna 2018. Peru, Bol\u00edvie, Argentina.<\/p>\n","protected":false},"author":1,"featured_media":19786,"parent":24284,"menu_order":0,"comment_status":"closed","ping_status":"closed","template":"page-templates\/builder.php","meta":{"footnotes":""},"class_list":["post-18498","page","type-page","status-publish","has-post-thumbnail","hentry"],"yoast_head":"<!-- This site is optimized with the Yoast SEO plugin v24.9 - https:\/\/yoast.com\/wordpress\/plugins\/seo\/ -->\n<title>Rally Dakar 2018 - DAKARMANIA.cz<\/title>\n<meta name=\"description\" content=\"Rally Dakar 2018. 40. ro\u010dn\u00edk nejpopul\u00e1rn\u011bj\u0161\u00ed maratonsk\u00e9 rally sv\u011bta. 6. a\u017e 20. ledna 2018. Peru, Bol\u00edvie, Argentina.\" \/>\n<meta name=\"robots\" content=\"index, follow, max-snippet:-1, max-image-preview:large, max-video-preview:-1\" \/>\n<link rel=\"canonical\" href=\"https:\/\/www.dakarmania.cz\/index.php\/rally-dakar\/dakar-2018\/\" \/>\n<meta property=\"og:locale\" content=\"cs_CZ\" \/>\n<meta property=\"og:type\" content=\"article\" \/>\n<meta property=\"og:title\" content=\"Rally Dakar 2018 - DAKARMANIA.cz\" \/>\n<meta property=\"og:description\" content=\"Rally Dakar 2018. 40. ro\u010dn\u00edk nejpopul\u00e1rn\u011bj\u0161\u00ed maratonsk\u00e9 rally sv\u011bta. 6. a\u017e 20. ledna 2018. Peru, Bol\u00edvie, Argentina.\" \/>\n<meta property=\"og:url\" content=\"https:\/\/www.dakarmania.cz\/index.php\/rally-dakar\/dakar-2018\/\" \/>\n<meta property=\"og:site_name\" content=\"DAKARMANIA.cz\" \/>\n<meta property=\"article:publisher\" content=\"https:\/\/www.facebook.com\/dakarmania\/\" \/>\n<meta property=\"article:modified_time\" content=\"2023-09-06T10:07:48+00:00\" \/>\n<meta property=\"og:image\" content=\"https:\/\/www.dakarmania.cz\/wp-content\/uploads\/2021\/06\/18-dakar-sainz-header-01.jpg\" \/>\n\t<meta property=\"og:image:width\" content=\"1600\" \/>\n\t<meta property=\"og:image:height\" content=\"711\" \/>\n\t<meta property=\"og:image:type\" content=\"image\/jpeg\" \/>\n<meta name=\"twitter:card\" content=\"summary_large_image\" \/>\n<meta name=\"twitter:label1\" content=\"Odhadovan\u00e1 doba \u010dten\u00ed\" \/>\n\t<meta name=\"twitter:data1\" content=\"8 minut\" \/>\n<script type=\"application\/ld+json\" class=\"yoast-schema-graph\">{\"@context\":\"https:\/\/schema.org\",\"@graph\":[{\"@type\":\"WebPage\",\"@id\":\"https:\/\/www.dakarmania.cz\/index.php\/rally-dakar\/dakar-2018\/\",\"url\":\"https:\/\/www.dakarmania.cz\/index.php\/rally-dakar\/dakar-2018\/\",\"name\":\"Rally Dakar 2018 - DAKARMANIA.cz\",\"isPartOf\":{\"@id\":\"https:\/\/www.dakarmania.cz\/#website\"},\"primaryImageOfPage\":{\"@id\":\"https:\/\/www.dakarmania.cz\/index.php\/rally-dakar\/dakar-2018\/#primaryimage\"},\"image\":{\"@id\":\"https:\/\/www.dakarmania.cz\/index.php\/rally-dakar\/dakar-2018\/#primaryimage\"},\"thumbnailUrl\":\"https:\/\/www.dakarmania.cz\/wp-content\/uploads\/2021\/06\/18-dakar-sainz-header-01.jpg\",\"datePublished\":\"2021-06-22T11:08:58+00:00\",\"dateModified\":\"2023-09-06T10:07:48+00:00\",\"description\":\"Rally Dakar 2018. 40. ro\u010dn\u00edk nejpopul\u00e1rn\u011bj\u0161\u00ed maratonsk\u00e9 rally sv\u011bta. 6. a\u017e 20. ledna 2018. Peru, Bol\u00edvie, Argentina.\",\"breadcrumb\":{\"@id\":\"https:\/\/www.dakarmania.cz\/index.php\/rally-dakar\/dakar-2018\/#breadcrumb\"},\"inLanguage\":\"cs\",\"potentialAction\":[{\"@type\":\"ReadAction\",\"target\":[\"https:\/\/www.dakarmania.cz\/index.php\/rally-dakar\/dakar-2018\/\"]}]},{\"@type\":\"ImageObject\",\"inLanguage\":\"cs\",\"@id\":\"https:\/\/www.dakarmania.cz\/index.php\/rally-dakar\/dakar-2018\/#primaryimage\",\"url\":\"https:\/\/www.dakarmania.cz\/wp-content\/uploads\/2021\/06\/18-dakar-sainz-header-01.jpg\",\"contentUrl\":\"https:\/\/www.dakarmania.cz\/wp-content\/uploads\/2021\/06\/18-dakar-sainz-header-01.jpg\",\"width\":1600,\"height\":711,\"caption\":\"Carlos Sainz\/Lucas Cruz, Peugeot 3008 DKR, Team Peugeot Total. Rally Dakar 2018. \u00a9 Red Bull Content Pool\"},{\"@type\":\"BreadcrumbList\",\"@id\":\"https:\/\/www.dakarmania.cz\/index.php\/rally-dakar\/dakar-2018\/#breadcrumb\",\"itemListElement\":[{\"@type\":\"ListItem\",\"position\":1,\"name\":\"Dom\u016f\",\"item\":\"https:\/\/www.dakarmania.cz\/\"},{\"@type\":\"ListItem\",\"position\":2,\"name\":\"RALLY DAKAR\",\"item\":\"https:\/\/www.dakarmania.cz\/index.php\/rally-dakar\/\"},{\"@type\":\"ListItem\",\"position\":3,\"name\":\"Rally Dakar 2018\"}]},{\"@type\":\"WebSite\",\"@id\":\"https:\/\/www.dakarmania.cz\/#website\",\"url\":\"https:\/\/www.dakarmania.cz\/\",\"name\":\"DAKARMANIA.cz\",\"description\":\"\u017dijeme Dakarem cel\u00fd rok\",\"publisher\":{\"@id\":\"https:\/\/www.dakarmania.cz\/#organization\"},\"potentialAction\":[{\"@type\":\"SearchAction\",\"target\":{\"@type\":\"EntryPoint\",\"urlTemplate\":\"https:\/\/www.dakarmania.cz\/?s={search_term_string}\"},\"query-input\":{\"@type\":\"PropertyValueSpecification\",\"valueRequired\":true,\"valueName\":\"search_term_string\"}}],\"inLanguage\":\"cs\"},{\"@type\":\"Organization\",\"@id\":\"https:\/\/www.dakarmania.cz\/#organization\",\"name\":\"DAKAR MANIA\",\"url\":\"https:\/\/www.dakarmania.cz\/\",\"logo\":{\"@type\":\"ImageObject\",\"inLanguage\":\"cs\",\"@id\":\"https:\/\/www.dakarmania.cz\/#\/schema\/logo\/image\/\",\"url\":\"https:\/\/www.dakarmania.cz\/wp-content\/uploads\/2018\/12\/Dakar-Mania-Logo-Square-Orange.png\",\"contentUrl\":\"https:\/\/www.dakarmania.cz\/wp-content\/uploads\/2018\/12\/Dakar-Mania-Logo-Square-Orange.png\",\"width\":992,\"height\":992,\"caption\":\"DAKAR MANIA\"},\"image\":{\"@id\":\"https:\/\/www.dakarmania.cz\/#\/schema\/logo\/image\/\"},\"sameAs\":[\"https:\/\/www.facebook.com\/dakarmania\/\"]}]}<\/script>\n<!-- \/ Yoast SEO plugin. -->","yoast_head_json":{"title":"Rally Dakar 2018 - DAKARMANIA.cz","description":"Rally Dakar 2018. 40. ro\u010dn\u00edk nejpopul\u00e1rn\u011bj\u0161\u00ed maratonsk\u00e9 rally sv\u011bta. 6. a\u017e 20. ledna 2018. Peru, Bol\u00edvie, Argentina.","robots":{"index":"index","follow":"follow","max-snippet":"max-snippet:-1","max-image-preview":"max-image-preview:large","max-video-preview":"max-video-preview:-1"},"canonical":"https:\/\/www.dakarmania.cz\/index.php\/rally-dakar\/dakar-2018\/","og_locale":"cs_CZ","og_type":"article","og_title":"Rally Dakar 2018 - DAKARMANIA.cz","og_description":"Rally Dakar 2018. 40. ro\u010dn\u00edk nejpopul\u00e1rn\u011bj\u0161\u00ed maratonsk\u00e9 rally sv\u011bta. 6. a\u017e 20. ledna 2018. Peru, Bol\u00edvie, Argentina.","og_url":"https:\/\/www.dakarmania.cz\/index.php\/rally-dakar\/dakar-2018\/","og_site_name":"DAKARMANIA.cz","article_publisher":"https:\/\/www.facebook.com\/dakarmania\/","article_modified_time":"2023-09-06T10:07:48+00:00","og_image":[{"width":1600,"height":711,"url":"https:\/\/www.dakarmania.cz\/wp-content\/uploads\/2021\/06\/18-dakar-sainz-header-01.jpg","type":"image\/jpeg"}],"twitter_card":"summary_large_image","twitter_misc":{"Odhadovan\u00e1 doba \u010dten\u00ed":"8 minut"},"schema":{"@context":"https:\/\/schema.org","@graph":[{"@type":"WebPage","@id":"https:\/\/www.dakarmania.cz\/index.php\/rally-dakar\/dakar-2018\/","url":"https:\/\/www.dakarmania.cz\/index.php\/rally-dakar\/dakar-2018\/","name":"Rally Dakar 2018 - DAKARMANIA.cz","isPartOf":{"@id":"https:\/\/www.dakarmania.cz\/#website"},"primaryImageOfPage":{"@id":"https:\/\/www.dakarmania.cz\/index.php\/rally-dakar\/dakar-2018\/#primaryimage"},"image":{"@id":"https:\/\/www.dakarmania.cz\/index.php\/rally-dakar\/dakar-2018\/#primaryimage"},"thumbnailUrl":"https:\/\/www.dakarmania.cz\/wp-content\/uploads\/2021\/06\/18-dakar-sainz-header-01.jpg","datePublished":"2021-06-22T11:08:58+00:00","dateModified":"2023-09-06T10:07:48+00:00","description":"Rally Dakar 2018. 40. ro\u010dn\u00edk nejpopul\u00e1rn\u011bj\u0161\u00ed maratonsk\u00e9 rally sv\u011bta. 6. a\u017e 20. ledna 2018. Peru, Bol\u00edvie, Argentina.","breadcrumb":{"@id":"https:\/\/www.dakarmania.cz\/index.php\/rally-dakar\/dakar-2018\/#breadcrumb"},"inLanguage":"cs","potentialAction":[{"@type":"ReadAction","target":["https:\/\/www.dakarmania.cz\/index.php\/rally-dakar\/dakar-2018\/"]}]},{"@type":"ImageObject","inLanguage":"cs","@id":"https:\/\/www.dakarmania.cz\/index.php\/rally-dakar\/dakar-2018\/#primaryimage","url":"https:\/\/www.dakarmania.cz\/wp-content\/uploads\/2021\/06\/18-dakar-sainz-header-01.jpg","contentUrl":"https:\/\/www.dakarmania.cz\/wp-content\/uploads\/2021\/06\/18-dakar-sainz-header-01.jpg","width":1600,"height":711,"caption":"Carlos Sainz\/Lucas Cruz, Peugeot 3008 DKR, Team Peugeot Total. Rally Dakar 2018. \u00a9 Red Bull Content Pool"},{"@type":"BreadcrumbList","@id":"https:\/\/www.dakarmania.cz\/index.php\/rally-dakar\/dakar-2018\/#breadcrumb","itemListElement":[{"@type":"ListItem","position":1,"name":"Dom\u016f","item":"https:\/\/www.dakarmania.cz\/"},{"@type":"ListItem","position":2,"name":"RALLY DAKAR","item":"https:\/\/www.dakarmania.cz\/index.php\/rally-dakar\/"},{"@type":"ListItem","position":3,"name":"Rally Dakar 2018"}]},{"@type":"WebSite","@id":"https:\/\/www.dakarmania.cz\/#website","url":"https:\/\/www.dakarmania.cz\/","name":"DAKARMANIA.cz","description":"\u017dijeme Dakarem cel\u00fd rok","publisher":{"@id":"https:\/\/www.dakarmania.cz\/#organization"},"potentialAction":[{"@type":"SearchAction","target":{"@type":"EntryPoint","urlTemplate":"https:\/\/www.dakarmania.cz\/?s={search_term_string}"},"query-input":{"@type":"PropertyValueSpecification","valueRequired":true,"valueName":"search_term_string"}}],"inLanguage":"cs"},{"@type":"Organization","@id":"https:\/\/www.dakarmania.cz\/#organization","name":"DAKAR MANIA","url":"https:\/\/www.dakarmania.cz\/","logo":{"@type":"ImageObject","inLanguage":"cs","@id":"https:\/\/www.dakarmania.cz\/#\/schema\/logo\/image\/","url":"https:\/\/www.dakarmania.cz\/wp-content\/uploads\/2018\/12\/Dakar-Mania-Logo-Square-Orange.png","contentUrl":"https:\/\/www.dakarmania.cz\/wp-content\/uploads\/2018\/12\/Dakar-Mania-Logo-Square-Orange.png","width":992,"height":992,"caption":"DAKAR MANIA"},"image":{"@id":"https:\/\/www.dakarmania.cz\/#\/schema\/logo\/image\/"},"sameAs":["https:\/\/www.facebook.com\/dakarmania\/"]}]}},"amp_enabled":false,"_links":{"self":[{"href":"https:\/\/www.dakarmania.cz\/index.php\/wp-json\/wp\/v2\/pages\/18498","targetHints":{"allow":["GET"]}}],"collection":[{"href":"https:\/\/www.dakarmania.cz\/index.php\/wp-json\/wp\/v2\/pages"}],"about":[{"href":"https:\/\/www.dakarmania.cz\/index.php\/wp-json\/wp\/v2\/types\/page"}],"author":[{"embeddable":true,"href":"https:\/\/www.dakarmania.cz\/index.php\/wp-json\/wp\/v2\/users\/1"}],"replies":[{"embeddable":true,"href":"https:\/\/www.dakarmania.cz\/index.php\/wp-json\/wp\/v2\/comments?post=18498"}],"version-history":[{"count":127,"href":"https:\/\/www.dakarmania.cz\/index.php\/wp-json\/wp\/v2\/pages\/18498\/revisions"}],"predecessor-version":[{"id":29270,"href":"https:\/\/www.dakarmania.cz\/index.php\/wp-json\/wp\/v2\/pages\/18498\/revisions\/29270"}],"up":[{"embeddable":true,"href":"https:\/\/www.dakarmania.cz\/index.php\/wp-json\/wp\/v2\/pages\/24284"}],"wp:featuredmedia":[{"embeddable":true,"href":"https:\/\/www.dakarmania.cz\/index.php\/wp-json\/wp\/v2\/media\/19786"}],"wp:attachment":[{"href":"https:\/\/www.dakarmania.cz\/index.php\/wp-json\/wp\/v2\/media?parent=18498"}],"curies":[{"name":"wp","href":"https:\/\/api.w.org\/{rel}","templated":true}]}}