{"id":18923,"date":"2021-04-20T19:29:08","date_gmt":"2021-04-20T17:29:08","guid":{"rendered":"https:\/\/www.dakarmania.cz\/?page_id=18923"},"modified":"2021-08-05T16:02:52","modified_gmt":"2021-08-05T14:02:52","slug":"sp-fia-ccr-cesi","status":"publish","type":"page","link":"https:\/\/www.dakarmania.cz\/index.php\/sampionaty\/sp-fia-ccr-cesi\/","title":{"rendered":"Sv\u011btov\u00fd poh\u00e1r FIA v cross-country rally: \u010ce\u0161i"},"content":{"rendered":"<p>[vc_row][vc_column][vc_btn title=&#8221;SP FIA CCR&#8221; style=&#8221;outline&#8221; shape=&#8221;square&#8221; color=&#8221;warning&#8221; size=&#8221;xs&#8221; align=&#8221;right&#8221; i_align=&#8221;right&#8221; i_icon_fontawesome=&#8221;fa fa-chevron-up&#8221; css_animation=&#8221;fadeIn&#8221; add_icon=&#8221;true&#8221; css=&#8221;.vc_custom_1627906609391{padding-right: 1px !important;padding-left: 1px !important;}&#8221; link=&#8221;url:%2Findex.php%2Fsampionaty%2Fsp-fia-ccr%2F|||&#8221;][vc_column_text css_animation=&#8221;fadeIn&#8221; css=&#8221;.vc_custom_1618939133557{padding-top: 200px !important;padding-right: 15px !important;padding-bottom: 15px !important;padding-left: 15px !important;background: #f2f2f2 url(https:\/\/www.dakarmania.cz\/wp-content\/uploads\/2021\/04\/18-addc-prokop-header-20.jpg?id=18922) !important;background-position: center !important;background-repeat: no-repeat !important;background-size: cover !important;}&#8221;]<\/p>\n<h1 style=\"text-align: left;\"><span style=\"background-color: #ee8027; opacity: 0.7;\"><span style=\"color: #ffffff; padding: 10px;\">\u010cE\u0160I<\/span><br \/>\n<span style=\"color: #ffffff; padding: 10px;\">VE SV\u011aTOV\u00c9M POH\u00c1RU FIA<\/span><br \/>\n<span style=\"color: #ffffff; padding: 10px;\">V CROSS-COUNTRY RALLY<\/span><\/span><\/h1>\n<p>[\/vc_column_text][vc_empty_space height=&#8221;2px&#8221;][vc_tta_pageable no_fill_content_area=&#8221;1&#8243; active_section=&#8221;1&#8243; pagination_style=&#8221;&#8221; css_animation=&#8221;fadeIn&#8221;][vc_tta_section title=&#8221;Sekce 1&#8243;][vc_row_inner][vc_column_inner][vc_column_text css_animation=&#8221;fadeIn&#8221;]<\/p>\n<table style=\"width: 97.7654%;\" rules=\"rows\" cellpadding=\"4px\">\n<tbody>\n<tr>\n<td colspan=\"3\">\n<h3><a href=\"\/index.php\/sampionaty\/sp-fia-ccr-2021\/\"><span style=\"color: #ee8027;\">2021<\/span><\/a><\/h3>\n<\/td>\n<\/tr>\n<tr style=\"vertical-align: top; background-color: #dbd9d9;\">\n<td><strong><a href=\"\/index.php\/osobnosti\/miroslav-zapletal\/\"><span style=\"color: #ee8027;\">Miroslav Zapletal<\/span><\/a><\/strong><\/td>\n<td style=\"text-align: right;\"><\/td>\n<td style=\"text-align: right;\"><a href=\"\/index.php\/souteze\/rally-kazakhstan-2021\/\"><span style=\"color: #ee8027;\">Kazachst\u00e1n<\/span><\/a><\/td>\n<\/tr>\n<tr>\n<td colspan=\"3\">\n<h3><a href=\"\/index.php\/sampionaty\/sp-fia-ccr-2020\/\"><span style=\"color: #ee8027;\">2020<\/span><\/a><\/h3>\n<\/td>\n<\/tr>\n<tr style=\"vertical-align: top; background-color: #dbd9d9;\">\n<td style=\"text-align: center;\" colspan=\"3\"><em>v jedin\u00e9m odjet\u00e9m z\u00e1vod\u011b (Katar) \u017e\u00e1dn\u00fd \u010desk\u00fd z\u00e1vodn\u00edk nestartoval<\/em><\/td>\n<\/tr>\n<tr>\n<td colspan=\"3\">\n<h3><a href=\"\/index.php\/sampionaty\/svetovy-pohar-fia-v-cross-country-rally-2019\/\"><span style=\"color: #ee8027;\">2019<\/span><\/a><\/h3>\n<\/td>\n<\/tr>\n<tr style=\"vertical-align: top; background-color: #dbd9d9;\">\n<td><strong><a href=\"\/index.php\/osobnosti\/miroslav-zapletal\/\"><span style=\"color: #ee8027;\">Miroslav Zapletal<\/span><\/a><\/strong><\/td>\n<td style=\"text-align: right;\"><strong>12. v SP jezdc\u016f<\/strong> | 13 bod\u016f<\/td>\n<td style=\"text-align: right;\"><strong>3 starty<\/strong><br \/>\nKatar, Abu Dhabi, Kazachst\u00e1n<\/td>\n<\/tr>\n<tr style=\"vertical-align: top; background-color: #f2f2f2;\">\n<td><strong><a href=\"\/index.php\/osobnosti\/martin-prokop\/\"><span style=\"color: #ee8027;\">Martin Prokop<\/span><\/a><\/strong><\/td>\n<td style=\"text-align: right;\"><strong>21. v SP jezdc\u016f<\/strong> | 6 bod\u016f<\/td>\n<td style=\"text-align: right;\"><strong>2 starty<\/strong><br \/>\nAbu Dhabi, Maroko<\/td>\n<\/tr>\n<tr style=\"vertical-align: top; background-color: #dbd9d9;\">\n<td><strong><a href=\"\/index.php\/osobnosti\/viktor-chytka\/\"><span style=\"color: #ee8027;\">Viktor Chytka<\/span><\/a><\/strong><\/td>\n<td style=\"text-align: right;\"><strong>21. v SP spolujezdc\u016f<\/strong> | 6 bod\u016f<\/td>\n<td style=\"text-align: right;\"><strong>1 start<\/strong><br \/>\nAbu Dhabi<\/td>\n<\/tr>\n<tr style=\"vertical-align: top; background-color: #f2f2f2;\">\n<td><strong>Jan Tom\u00e1nek<\/strong><\/td>\n<td style=\"text-align: right;\">0 bod\u016f<\/td>\n<td style=\"text-align: right;\"><strong>1 start<\/strong><br \/>\nMaroko<\/td>\n<\/tr>\n<\/tbody>\n<\/table>\n<p>[\/vc_column_text][\/vc_column_inner][\/vc_row_inner][\/vc_tta_section][\/vc_tta_pageable][\/vc_column][\/vc_row]<\/p>\n","protected":false},"excerpt":{"rendered":"<p>P\u0159ehled \u010desk\u00fdch \u00fa\u010dastn\u00edk\u016f Sv\u011btov\u00e9ho poh\u00e1ru FIA v cross-country rally.<\/p>\n","protected":false},"author":1,"featured_media":18922,"parent":3273,"menu_order":0,"comment_status":"closed","ping_status":"closed","template":"page-templates\/builder.php","meta":{"footnotes":""},"class_list":["post-18923","page","type-page","status-publish","has-post-thumbnail","hentry"],"yoast_head":"<!-- This site is optimized with the Yoast SEO plugin v24.9 - https:\/\/yoast.com\/wordpress\/plugins\/seo\/ -->\n<title>Sv\u011btov\u00fd poh\u00e1r FIA v cross-country rally: \u010ce\u0161i - DAKARMANIA.cz<\/title>\n<meta name=\"description\" content=\"P\u0159ehled \u010desk\u00fdch \u00fa\u010dastn\u00edk\u016f Sv\u011btov\u00e9ho poh\u00e1ru FIA v cross-country rally.\" \/>\n<meta name=\"robots\" content=\"index, follow, max-snippet:-1, max-image-preview:large, max-video-preview:-1\" \/>\n<link rel=\"canonical\" href=\"https:\/\/www.dakarmania.cz\/index.php\/sampionaty\/sp-fia-ccr-cesi\/\" \/>\n<meta property=\"og:locale\" content=\"cs_CZ\" \/>\n<meta property=\"og:type\" content=\"article\" \/>\n<meta property=\"og:title\" content=\"Sv\u011btov\u00fd poh\u00e1r FIA v cross-country rally: \u010ce\u0161i - DAKARMANIA.cz\" \/>\n<meta property=\"og:description\" content=\"P\u0159ehled \u010desk\u00fdch \u00fa\u010dastn\u00edk\u016f Sv\u011btov\u00e9ho poh\u00e1ru FIA v cross-country rally.\" \/>\n<meta property=\"og:url\" content=\"https:\/\/www.dakarmania.cz\/index.php\/sampionaty\/sp-fia-ccr-cesi\/\" \/>\n<meta property=\"og:site_name\" content=\"DAKARMANIA.cz\" \/>\n<meta property=\"article:publisher\" content=\"https:\/\/www.facebook.com\/dakarmania\/\" \/>\n<meta property=\"article:modified_time\" content=\"2021-08-05T14:02:52+00:00\" \/>\n<meta property=\"og:image\" content=\"https:\/\/www.dakarmania.cz\/wp-content\/uploads\/2021\/04\/18-addc-prokop-header-20.jpg\" \/>\n\t<meta property=\"og:image:width\" content=\"1600\" \/>\n\t<meta property=\"og:image:height\" content=\"711\" \/>\n\t<meta property=\"og:image:type\" content=\"image\/jpeg\" \/>\n<meta name=\"twitter:card\" content=\"summary_large_image\" \/>\n<meta name=\"twitter:label1\" content=\"Odhadovan\u00e1 doba \u010dten\u00ed\" \/>\n\t<meta name=\"twitter:data1\" content=\"1 minuta\" \/>\n<script type=\"application\/ld+json\" class=\"yoast-schema-graph\">{\"@context\":\"https:\/\/schema.org\",\"@graph\":[{\"@type\":\"WebPage\",\"@id\":\"https:\/\/www.dakarmania.cz\/index.php\/sampionaty\/sp-fia-ccr-cesi\/\",\"url\":\"https:\/\/www.dakarmania.cz\/index.php\/sampionaty\/sp-fia-ccr-cesi\/\",\"name\":\"Sv\u011btov\u00fd poh\u00e1r FIA v cross-country rally: \u010ce\u0161i - DAKARMANIA.cz\",\"isPartOf\":{\"@id\":\"https:\/\/www.dakarmania.cz\/#website\"},\"primaryImageOfPage\":{\"@id\":\"https:\/\/www.dakarmania.cz\/index.php\/sampionaty\/sp-fia-ccr-cesi\/#primaryimage\"},\"image\":{\"@id\":\"https:\/\/www.dakarmania.cz\/index.php\/sampionaty\/sp-fia-ccr-cesi\/#primaryimage\"},\"thumbnailUrl\":\"https:\/\/www.dakarmania.cz\/wp-content\/uploads\/2021\/04\/18-addc-prokop-header-20.jpg\",\"datePublished\":\"2021-04-20T17:29:08+00:00\",\"dateModified\":\"2021-08-05T14:02:52+00:00\",\"description\":\"P\u0159ehled \u010desk\u00fdch \u00fa\u010dastn\u00edk\u016f Sv\u011btov\u00e9ho poh\u00e1ru FIA v cross-country rally.\",\"breadcrumb\":{\"@id\":\"https:\/\/www.dakarmania.cz\/index.php\/sampionaty\/sp-fia-ccr-cesi\/#breadcrumb\"},\"inLanguage\":\"cs\",\"potentialAction\":[{\"@type\":\"ReadAction\",\"target\":[\"https:\/\/www.dakarmania.cz\/index.php\/sampionaty\/sp-fia-ccr-cesi\/\"]}]},{\"@type\":\"ImageObject\",\"inLanguage\":\"cs\",\"@id\":\"https:\/\/www.dakarmania.cz\/index.php\/sampionaty\/sp-fia-ccr-cesi\/#primaryimage\",\"url\":\"https:\/\/www.dakarmania.cz\/wp-content\/uploads\/2021\/04\/18-addc-prokop-header-20.jpg\",\"contentUrl\":\"https:\/\/www.dakarmania.cz\/wp-content\/uploads\/2021\/04\/18-addc-prokop-header-20.jpg\",\"width\":1600,\"height\":711,\"caption\":\"Martin Prokop\/David Pabi\u0161ka, Ford Raptor RS Cross-Country, MP-Sports. Abu Dhabi Desert Challenge 2018. \u00a9 MP-Sports\"},{\"@type\":\"BreadcrumbList\",\"@id\":\"https:\/\/www.dakarmania.cz\/index.php\/sampionaty\/sp-fia-ccr-cesi\/#breadcrumb\",\"itemListElement\":[{\"@type\":\"ListItem\",\"position\":1,\"name\":\"Dom\u016f\",\"item\":\"https:\/\/www.dakarmania.cz\/\"},{\"@type\":\"ListItem\",\"position\":2,\"name\":\"\u0160ampion\u00e1ty\",\"item\":\"https:\/\/www.dakarmania.cz\/index.php\/sampionaty\/\"},{\"@type\":\"ListItem\",\"position\":3,\"name\":\"Sv\u011btov\u00fd poh\u00e1r FIA v cross-country rally: \u010ce\u0161i\"}]},{\"@type\":\"WebSite\",\"@id\":\"https:\/\/www.dakarmania.cz\/#website\",\"url\":\"https:\/\/www.dakarmania.cz\/\",\"name\":\"DAKARMANIA.cz\",\"description\":\"\u017dijeme Dakarem cel\u00fd rok\",\"publisher\":{\"@id\":\"https:\/\/www.dakarmania.cz\/#organization\"},\"potentialAction\":[{\"@type\":\"SearchAction\",\"target\":{\"@type\":\"EntryPoint\",\"urlTemplate\":\"https:\/\/www.dakarmania.cz\/?s={search_term_string}\"},\"query-input\":{\"@type\":\"PropertyValueSpecification\",\"valueRequired\":true,\"valueName\":\"search_term_string\"}}],\"inLanguage\":\"cs\"},{\"@type\":\"Organization\",\"@id\":\"https:\/\/www.dakarmania.cz\/#organization\",\"name\":\"DAKAR MANIA\",\"url\":\"https:\/\/www.dakarmania.cz\/\",\"logo\":{\"@type\":\"ImageObject\",\"inLanguage\":\"cs\",\"@id\":\"https:\/\/www.dakarmania.cz\/#\/schema\/logo\/image\/\",\"url\":\"https:\/\/www.dakarmania.cz\/wp-content\/uploads\/2018\/12\/Dakar-Mania-Logo-Square-Orange.png\",\"contentUrl\":\"https:\/\/www.dakarmania.cz\/wp-content\/uploads\/2018\/12\/Dakar-Mania-Logo-Square-Orange.png\",\"width\":992,\"height\":992,\"caption\":\"DAKAR MANIA\"},\"image\":{\"@id\":\"https:\/\/www.dakarmania.cz\/#\/schema\/logo\/image\/\"},\"sameAs\":[\"https:\/\/www.facebook.com\/dakarmania\/\"]}]}<\/script>\n<!-- \/ Yoast SEO plugin. -->","yoast_head_json":{"title":"Sv\u011btov\u00fd poh\u00e1r FIA v cross-country rally: \u010ce\u0161i - DAKARMANIA.cz","description":"P\u0159ehled \u010desk\u00fdch \u00fa\u010dastn\u00edk\u016f Sv\u011btov\u00e9ho poh\u00e1ru FIA v cross-country rally.","robots":{"index":"index","follow":"follow","max-snippet":"max-snippet:-1","max-image-preview":"max-image-preview:large","max-video-preview":"max-video-preview:-1"},"canonical":"https:\/\/www.dakarmania.cz\/index.php\/sampionaty\/sp-fia-ccr-cesi\/","og_locale":"cs_CZ","og_type":"article","og_title":"Sv\u011btov\u00fd poh\u00e1r FIA v cross-country rally: \u010ce\u0161i - DAKARMANIA.cz","og_description":"P\u0159ehled \u010desk\u00fdch \u00fa\u010dastn\u00edk\u016f Sv\u011btov\u00e9ho poh\u00e1ru FIA v cross-country rally.","og_url":"https:\/\/www.dakarmania.cz\/index.php\/sampionaty\/sp-fia-ccr-cesi\/","og_site_name":"DAKARMANIA.cz","article_publisher":"https:\/\/www.facebook.com\/dakarmania\/","article_modified_time":"2021-08-05T14:02:52+00:00","og_image":[{"width":1600,"height":711,"url":"https:\/\/www.dakarmania.cz\/wp-content\/uploads\/2021\/04\/18-addc-prokop-header-20.jpg","type":"image\/jpeg"}],"twitter_card":"summary_large_image","twitter_misc":{"Odhadovan\u00e1 doba \u010dten\u00ed":"1 minuta"},"schema":{"@context":"https:\/\/schema.org","@graph":[{"@type":"WebPage","@id":"https:\/\/www.dakarmania.cz\/index.php\/sampionaty\/sp-fia-ccr-cesi\/","url":"https:\/\/www.dakarmania.cz\/index.php\/sampionaty\/sp-fia-ccr-cesi\/","name":"Sv\u011btov\u00fd poh\u00e1r FIA v cross-country rally: \u010ce\u0161i - DAKARMANIA.cz","isPartOf":{"@id":"https:\/\/www.dakarmania.cz\/#website"},"primaryImageOfPage":{"@id":"https:\/\/www.dakarmania.cz\/index.php\/sampionaty\/sp-fia-ccr-cesi\/#primaryimage"},"image":{"@id":"https:\/\/www.dakarmania.cz\/index.php\/sampionaty\/sp-fia-ccr-cesi\/#primaryimage"},"thumbnailUrl":"https:\/\/www.dakarmania.cz\/wp-content\/uploads\/2021\/04\/18-addc-prokop-header-20.jpg","datePublished":"2021-04-20T17:29:08+00:00","dateModified":"2021-08-05T14:02:52+00:00","description":"P\u0159ehled \u010desk\u00fdch \u00fa\u010dastn\u00edk\u016f Sv\u011btov\u00e9ho poh\u00e1ru FIA v cross-country rally.","breadcrumb":{"@id":"https:\/\/www.dakarmania.cz\/index.php\/sampionaty\/sp-fia-ccr-cesi\/#breadcrumb"},"inLanguage":"cs","potentialAction":[{"@type":"ReadAction","target":["https:\/\/www.dakarmania.cz\/index.php\/sampionaty\/sp-fia-ccr-cesi\/"]}]},{"@type":"ImageObject","inLanguage":"cs","@id":"https:\/\/www.dakarmania.cz\/index.php\/sampionaty\/sp-fia-ccr-cesi\/#primaryimage","url":"https:\/\/www.dakarmania.cz\/wp-content\/uploads\/2021\/04\/18-addc-prokop-header-20.jpg","contentUrl":"https:\/\/www.dakarmania.cz\/wp-content\/uploads\/2021\/04\/18-addc-prokop-header-20.jpg","width":1600,"height":711,"caption":"Martin Prokop\/David Pabi\u0161ka, Ford Raptor RS Cross-Country, MP-Sports. Abu Dhabi Desert Challenge 2018. \u00a9 MP-Sports"},{"@type":"BreadcrumbList","@id":"https:\/\/www.dakarmania.cz\/index.php\/sampionaty\/sp-fia-ccr-cesi\/#breadcrumb","itemListElement":[{"@type":"ListItem","position":1,"name":"Dom\u016f","item":"https:\/\/www.dakarmania.cz\/"},{"@type":"ListItem","position":2,"name":"\u0160ampion\u00e1ty","item":"https:\/\/www.dakarmania.cz\/index.php\/sampionaty\/"},{"@type":"ListItem","position":3,"name":"Sv\u011btov\u00fd poh\u00e1r FIA v cross-country rally: \u010ce\u0161i"}]},{"@type":"WebSite","@id":"https:\/\/www.dakarmania.cz\/#website","url":"https:\/\/www.dakarmania.cz\/","name":"DAKARMANIA.cz","description":"\u017dijeme Dakarem cel\u00fd rok","publisher":{"@id":"https:\/\/www.dakarmania.cz\/#organization"},"potentialAction":[{"@type":"SearchAction","target":{"@type":"EntryPoint","urlTemplate":"https:\/\/www.dakarmania.cz\/?s={search_term_string}"},"query-input":{"@type":"PropertyValueSpecification","valueRequired":true,"valueName":"search_term_string"}}],"inLanguage":"cs"},{"@type":"Organization","@id":"https:\/\/www.dakarmania.cz\/#organization","name":"DAKAR MANIA","url":"https:\/\/www.dakarmania.cz\/","logo":{"@type":"ImageObject","inLanguage":"cs","@id":"https:\/\/www.dakarmania.cz\/#\/schema\/logo\/image\/","url":"https:\/\/www.dakarmania.cz\/wp-content\/uploads\/2018\/12\/Dakar-Mania-Logo-Square-Orange.png","contentUrl":"https:\/\/www.dakarmania.cz\/wp-content\/uploads\/2018\/12\/Dakar-Mania-Logo-Square-Orange.png","width":992,"height":992,"caption":"DAKAR MANIA"},"image":{"@id":"https:\/\/www.dakarmania.cz\/#\/schema\/logo\/image\/"},"sameAs":["https:\/\/www.facebook.com\/dakarmania\/"]}]}},"amp_enabled":false,"_links":{"self":[{"href":"https:\/\/www.dakarmania.cz\/index.php\/wp-json\/wp\/v2\/pages\/18923","targetHints":{"allow":["GET"]}}],"collection":[{"href":"https:\/\/www.dakarmania.cz\/index.php\/wp-json\/wp\/v2\/pages"}],"about":[{"href":"https:\/\/www.dakarmania.cz\/index.php\/wp-json\/wp\/v2\/types\/page"}],"author":[{"embeddable":true,"href":"https:\/\/www.dakarmania.cz\/index.php\/wp-json\/wp\/v2\/users\/1"}],"replies":[{"embeddable":true,"href":"https:\/\/www.dakarmania.cz\/index.php\/wp-json\/wp\/v2\/comments?post=18923"}],"version-history":[{"count":8,"href":"https:\/\/www.dakarmania.cz\/index.php\/wp-json\/wp\/v2\/pages\/18923\/revisions"}],"predecessor-version":[{"id":21883,"href":"https:\/\/www.dakarmania.cz\/index.php\/wp-json\/wp\/v2\/pages\/18923\/revisions\/21883"}],"up":[{"embeddable":true,"href":"https:\/\/www.dakarmania.cz\/index.php\/wp-json\/wp\/v2\/pages\/3273"}],"wp:featuredmedia":[{"embeddable":true,"href":"https:\/\/www.dakarmania.cz\/index.php\/wp-json\/wp\/v2\/media\/18922"}],"wp:attachment":[{"href":"https:\/\/www.dakarmania.cz\/index.php\/wp-json\/wp\/v2\/media?parent=18923"}],"curies":[{"name":"wp","href":"https:\/\/api.w.org\/{rel}","templated":true}]}}