{"id":18941,"date":"2021-04-20T23:31:20","date_gmt":"2021-04-20T21:31:20","guid":{"rendered":"https:\/\/www.dakarmania.cz\/?page_id=18941"},"modified":"2021-06-07T23:26:11","modified_gmt":"2021-06-07T21:26:11","slug":"andalucia-rally-vitezove","status":"publish","type":"page","link":"https:\/\/www.dakarmania.cz\/index.php\/souteze\/andalucia-rally-vitezove\/","title":{"rendered":"Andaluc\u00eda Rally: V\u00edt\u011bzov\u00e9"},"content":{"rendered":"<p>[vc_row][vc_column][vc_btn title=&#8221;Andaluc\u00eda Rally&#8221; style=&#8221;outline&#8221; shape=&#8221;square&#8221; color=&#8221;warning&#8221; size=&#8221;xs&#8221; align=&#8221;right&#8221; i_align=&#8221;right&#8221; i_icon_fontawesome=&#8221;fa fa-chevron-up&#8221; css_animation=&#8221;fadeIn&#8221; add_icon=&#8221;true&#8221; css=&#8221;.vc_custom_1618949238491{padding-right: 1px !important;padding-left: 1px !important;}&#8221; link=&#8221;url:%2Findex.php%2Fsouteze%2F%23andalucia|||&#8221;][vc_btn title=&#8221;Auto&#8221; style=&#8221;classic&#8221; shape=&#8221;square&#8221; color=&#8221;warning&#8221; size=&#8221;xs&#8221; css_animation=&#8221;fadeIn&#8221; css=&#8221;.vc_custom_1618949223469{padding-right: 1px !important;padding-left: 1px !important;}&#8221; link=&#8221;url:%2Findex.php%2Fsouteze%2Fandalucia-rally-vitezove%2F%23auto|||&#8221;][vc_btn title=&#8221;Moto&#8221; style=&#8221;classic&#8221; shape=&#8221;square&#8221; color=&#8221;warning&#8221; size=&#8221;xs&#8221; css_animation=&#8221;fadeIn&#8221; css=&#8221;.vc_custom_1618953786660{padding-right: 1px !important;padding-left: 1px !important;}&#8221; link=&#8221;url:%2Findex.php%2Fsouteze%2Fandalucia-rally-vitezove%2F%23moto|||&#8221;][vc_btn title=&#8221;Quad&#8221; style=&#8221;classic&#8221; shape=&#8221;square&#8221; color=&#8221;warning&#8221; size=&#8221;xs&#8221; css_animation=&#8221;fadeIn&#8221; css=&#8221;.vc_custom_1623100851818{padding-right: 1px !important;padding-left: 1px !important;}&#8221; link=&#8221;url:%2Findex.php%2Fsouteze%2Fandalucia-rally-vitezove%2F%23quad|||&#8221;][vc_tta_pageable no_fill_content_area=&#8221;1&#8243; active_section=&#8221;1&#8243; pagination_style=&#8221;&#8221; css_animation=&#8221;fadeIn&#8221;][vc_tta_section title=&#8221;Auto&#8221; tab_id=&#8221;auto&#8221;][vc_column_text css_animation=&#8221;fadeIn&#8221; css=&#8221;.vc_custom_1623100813810{padding-top: 200px !important;padding-right: 15px !important;padding-bottom: 15px !important;padding-left: 15px !important;background: #f2f2f2 url(https:\/\/www.dakarmania.cz\/wp-content\/uploads\/2021\/06\/21-andalucia-al-attiyah-header-02.jpg?id=19575) !important;background-position: center !important;background-repeat: no-repeat !important;background-size: cover !important;}&#8221;]<\/p>\n<h1 style=\"text-align: left;\"><span style=\"background-color: #ee8027; opacity: 0.7;\"><span style=\"color: #ffffff; padding: 10px;\">V\u00cdT\u011aZOV\u00c9<\/span><br \/>\n<span style=\"color: #ffffff; padding: 10px;\">ANDALUC\u00cdA RALLY<\/span><br \/>\n<span style=\"color: #ffffff; padding: 10px;\">AUTOMOBILY<\/span><\/span><\/h1>\n<p>[\/vc_column_text][vc_row_inner][vc_column_inner width=&#8221;1\/2&#8243;][vc_column_text css_animation=&#8221;fadeIn&#8221;]<\/p>\n<h4><span style=\"color: #808080;\">AUTOMOBILY<\/span><\/h4>\n<table style=\"width: 97.7654%;\" rules=\"rows\" cellpadding=\"4px\">\n<tbody>\n<tr style=\"background-color: #f2f2f2;\">\n<td style=\"vertical-align: top; width: 11.5152%;\"><a href=\"\/index.php\/souteze\/andalucia-rally-2021\/\"><span style=\"color: #ee8027;\">2021<\/span><\/a><\/td>\n<td style=\"vertical-align: top; width: 46.6667%;\"><a href=\"\/index.php\/osobnosti\/nasser-al-attiyah\/\"><span style=\"color: #ee8027;\">Nasser Al-Attiyah<\/span><\/a><br \/>\n<a href=\"\/index.php\/osobnosti\/mathieu-baumel\/\"><span style=\"color: #ee8027;\">Mathieu Baumel<\/span><\/a><\/td>\n<td style=\"vertical-align: top; width: 41.8182%;\">Toyota Hilux<\/td>\n<\/tr>\n<tr style=\"background-color: #dbd9d9;\">\n<td style=\"vertical-align: top; width: 11.5152%;\"><a href=\"\/index.php\/souteze\/andalucia-rally-2020\/\"><span style=\"color: #ee8027;\">2020<\/span><\/a><\/td>\n<td style=\"vertical-align: top; width: 46.6667%;\"><a href=\"\/index.php\/osobnosti\/nasser-al-attiyah\/\"><span style=\"color: #ee8027;\">Nasser Al-Attiyah<\/span><\/a><br \/>\n<a href=\"\/index.php\/osobnosti\/mathieu-baumel\/\"><span style=\"color: #ee8027;\">Mathieu Baumel<\/span><\/a><\/td>\n<td style=\"vertical-align: top; width: 41.8182%;\">Toyota Hilux<\/td>\n<\/tr>\n<\/tbody>\n<\/table>\n<p>[\/vc_column_text][\/vc_column_inner][vc_column_inner width=&#8221;1\/2&#8243;][vc_column_text css_animation=&#8221;fadeIn&#8221;]<\/p>\n<h4><span style=\"color: #808080;\">JEZDCI PODLE PO\u010cTU V\u00cdT\u011aZSTV\u00cd<\/span><\/h4>\n<table style=\"width: 97.7654%;\" rules=\"rows\" cellpadding=\"4px\">\n<tbody>\n<tr style=\"background-color: #dbd9d9;\">\n<td style=\"vertical-align: top;\">2<\/td>\n<td style=\"vertical-align: top;\"><a href=\"\/index.php\/osobnosti\/nasser-al-attiyah\/\"><span style=\"color: #ee8027;\">Nasser Al-Attiyah<\/span><\/a><\/td>\n<td style=\"vertical-align: top;\">2020, 2021<\/td>\n<\/tr>\n<\/tbody>\n<\/table>\n<p>[\/vc_column_text][vc_column_text css_animation=&#8221;fadeIn&#8221;]<\/p>\n<h4><span style=\"color: #808080;\">SPOLUJEZDCI PODLE PO\u010cTU V\u00cdT\u011aZSTV\u00cd<\/span><\/h4>\n<table style=\"width: 97.7654%;\" rules=\"rows\" cellpadding=\"4px\">\n<tbody>\n<tr style=\"background-color: #dbd9d9;\">\n<td style=\"vertical-align: top;\">2<\/td>\n<td style=\"vertical-align: top;\"><a href=\"\/index.php\/osobnosti\/mathieu-baumel\/\"><span style=\"color: #ee8027;\">Mathieu Baumel<\/span><\/a><\/td>\n<td style=\"vertical-align: top;\">2020, 2021<\/td>\n<\/tr>\n<\/tbody>\n<\/table>\n<p>[\/vc_column_text][\/vc_column_inner][\/vc_row_inner][\/vc_tta_section][vc_tta_section title=&#8221;Moto&#8221; tab_id=&#8221;moto&#8221;][vc_column_text css_animation=&#8221;fadeIn&#8221; css=&#8221;.vc_custom_1618954190606{padding-top: 200px !important;padding-right: 15px !important;padding-bottom: 15px !important;padding-left: 15px !important;background: #f2f2f2 url(https:\/\/www.dakarmania.cz\/wp-content\/uploads\/2021\/04\/20-andalucia-benavidesk-header-01.jpg?id=18939) !important;background-position: center !important;background-repeat: no-repeat !important;background-size: cover !important;}&#8221;]<\/p>\n<h1 style=\"text-align: left;\"><span style=\"background-color: #ee8027; opacity: 0.7;\"><span style=\"color: #ffffff; padding: 10px;\">V\u00cdT\u011aZOV\u00c9<\/span><br \/>\n<span style=\"color: #ffffff; padding: 10px;\">ANDALUC\u00cdA RALLY<\/span><br \/>\n<span style=\"color: #ffffff; padding: 10px;\">MOTOCYKLY<\/span><\/span><\/h1>\n<p>[\/vc_column_text][vc_row_inner][vc_column_inner width=&#8221;1\/2&#8243;][vc_column_text css_animation=&#8221;fadeIn&#8221;]<\/p>\n<h4><span style=\"color: #808080;\">MOTOCYKLY<\/span><\/h4>\n<table style=\"width: 97.7654%;\" rules=\"rows\" cellpadding=\"4px\">\n<tbody>\n<tr style=\"background-color: #f2f2f2;\">\n<td style=\"vertical-align: top; width: 11.5152%;\"><a href=\"\/index.php\/souteze\/andalucia-rally-2021\/\"><span style=\"color: #ee8027;\">2021<\/span><\/a><\/td>\n<td style=\"vertical-align: top; width: 46.6667%;\"><a href=\"\/index.php\/osobnosti\/joan-barreda\/\"><span style=\"color: #ee8027;\">Joan Barreda<\/span><\/a><\/td>\n<td style=\"vertical-align: top; width: 41.8182%;\">Honda CRF450 Rally<\/td>\n<\/tr>\n<tr style=\"background-color: #dbd9d9;\">\n<td style=\"vertical-align: top; width: 11.5152%;\"><a href=\"\/index.php\/souteze\/andalucia-rally-2020\/\"><span style=\"color: #ee8027;\">2020<\/span><\/a><\/td>\n<td style=\"vertical-align: top; width: 46.6667%;\"><a href=\"\/index.php\/osobnosti\/kevin-benavides\/\"><span style=\"color: #ee8027;\">Kevin Benavides<\/span><\/a><\/td>\n<td style=\"vertical-align: top; width: 41.8182%;\">Honda CRF450 Rally<\/td>\n<\/tr>\n<\/tbody>\n<\/table>\n<p>[\/vc_column_text][\/vc_column_inner][vc_column_inner width=&#8221;1\/2&#8243;][vc_column_text css_animation=&#8221;fadeIn&#8221;]<\/p>\n<h4><span style=\"color: #808080;\">JEZDCI PODLE PO\u010cTU V\u00cdT\u011aZSTV\u00cd<\/span><\/h4>\n<table style=\"width: 97.7654%;\" rules=\"rows\" cellpadding=\"4px\">\n<tbody>\n<tr style=\"background-color: #dbd9d9;\">\n<td style=\"vertical-align: top;\">1<\/td>\n<td style=\"vertical-align: top;\"><a href=\"\/index.php\/osobnosti\/kevin-benavides\/\"><span style=\"color: #ee8027;\">Kevin Benavides<\/span><\/a><\/td>\n<td style=\"vertical-align: top;\">2020<\/td>\n<\/tr>\n<tr style=\"background-color: #f2f2f2;\">\n<td style=\"vertical-align: top;\">1<\/td>\n<td style=\"vertical-align: top;\"><a href=\"\/index.php\/osobnosti\/joan-barreda\/\"><span style=\"color: #ee8027;\">Joan Barreda<\/span><\/a><\/td>\n<td style=\"vertical-align: top;\">2021<\/td>\n<\/tr>\n<\/tbody>\n<\/table>\n<p>[\/vc_column_text][\/vc_column_inner][\/vc_row_inner][\/vc_tta_section][vc_tta_section title=&#8221;Quad&#8221; tab_id=&#8221;quad&#8221;][vc_column_text css_animation=&#8221;fadeIn&#8221; css=&#8221;.vc_custom_1623100914377{padding-top: 200px !important;padding-right: 15px !important;padding-bottom: 15px !important;padding-left: 15px !important;background: #f2f2f2 url(https:\/\/www.dakarmania.cz\/wp-content\/uploads\/2021\/06\/21-andalucia-souday-header-01.jpg?id=19576) !important;background-position: center !important;background-repeat: no-repeat !important;background-size: cover !important;}&#8221;]<\/p>\n<h1 style=\"text-align: left;\"><span style=\"background-color: #ee8027; opacity: 0.7;\"><span style=\"color: #ffffff; padding: 10px;\">V\u00cdT\u011aZOV\u00c9<\/span><br \/>\n<span style=\"color: #ffffff; padding: 10px;\">ANDALUC\u00cdA RALLY<\/span><br \/>\n<span style=\"color: #ffffff; padding: 10px;\">\u010cTY\u0158KOLKY<\/span><\/span><\/h1>\n<p>[\/vc_column_text][vc_row_inner][vc_column_inner width=&#8221;1\/2&#8243;][vc_column_text css_animation=&#8221;fadeIn&#8221;]<\/p>\n<h4><span style=\"color: #808080;\">\u010cTY\u0158KOLKY<\/span><\/h4>\n<table style=\"width: 97.7654%;\" rules=\"rows\" cellpadding=\"4px\">\n<tbody>\n<tr style=\"background-color: #f2f2f2;\">\n<td style=\"vertical-align: top; width: 11.5152%;\"><a href=\"\/index.php\/souteze\/andalucia-rally-2021\/\"><span style=\"color: #ee8027;\">2021<\/span><\/a><\/td>\n<td style=\"vertical-align: top; width: 46.6667%;\">S\u00e9bastien Souday<\/td>\n<td style=\"vertical-align: top; width: 41.8182%;\">Yamaha 450 YFZR<\/td>\n<\/tr>\n<tr style=\"background-color: #dbd9d9;\">\n<td style=\"vertical-align: top; width: 11.5152%;\"><a href=\"\/index.php\/souteze\/andalucia-rally-2020\/\"><span style=\"color: #ee8027;\">2020<\/span><\/a><\/td>\n<td style=\"vertical-align: top; width: 46.6667%;\">J\u00e9r\u00f4me Connart<\/td>\n<td style=\"vertical-align: top; width: 41.8182%;\">Yamaha Raptor 700<\/td>\n<\/tr>\n<\/tbody>\n<\/table>\n<p>[\/vc_column_text][\/vc_column_inner][vc_column_inner width=&#8221;1\/2&#8243;][vc_column_text css_animation=&#8221;fadeIn&#8221;]<\/p>\n<h4><span style=\"color: #808080;\">JEZDCI PODLE PO\u010cTU V\u00cdT\u011aZSTV\u00cd<\/span><\/h4>\n<table style=\"width: 97.7654%;\" rules=\"rows\" cellpadding=\"4px\">\n<tbody>\n<tr style=\"background-color: #dbd9d9;\">\n<td style=\"vertical-align: top;\">1<\/td>\n<td style=\"vertical-align: top;\">J\u00e9r\u00f4me Connart<\/td>\n<td style=\"vertical-align: top;\">2020<\/td>\n<\/tr>\n<tr style=\"background-color: #f2f2f2;\">\n<td style=\"vertical-align: top;\">1<\/td>\n<td style=\"vertical-align: top;\">S\u00e9bastien Souday<\/td>\n<td style=\"vertical-align: top;\">2021<\/td>\n<\/tr>\n<\/tbody>\n<\/table>\n<p>[\/vc_column_text][\/vc_column_inner][\/vc_row_inner][\/vc_tta_section][\/vc_tta_pageable][\/vc_column][\/vc_row]<\/p>\n","protected":false},"excerpt":{"rendered":"<p>P\u0159ehled v\u00edt\u011bz\u016f Andaluc\u00eda Rally<\/p>\n","protected":false},"author":1,"featured_media":19575,"parent":4410,"menu_order":0,"comment_status":"closed","ping_status":"closed","template":"page-templates\/builder.php","meta":{"footnotes":""},"class_list":["post-18941","page","type-page","status-publish","has-post-thumbnail","hentry"],"yoast_head":"<!-- This site is optimized with the Yoast SEO plugin v24.9 - https:\/\/yoast.com\/wordpress\/plugins\/seo\/ -->\n<title>Andaluc\u00eda Rally: V\u00edt\u011bzov\u00e9 - DAKARMANIA.cz<\/title>\n<meta name=\"description\" content=\"P\u0159ehled v\u00edt\u011bz\u016f Andaluc\u00eda Rally\" \/>\n<meta name=\"robots\" content=\"index, follow, max-snippet:-1, max-image-preview:large, max-video-preview:-1\" \/>\n<link rel=\"canonical\" href=\"https:\/\/www.dakarmania.cz\/index.php\/souteze\/andalucia-rally-vitezove\/\" \/>\n<meta property=\"og:locale\" content=\"cs_CZ\" \/>\n<meta property=\"og:type\" content=\"article\" \/>\n<meta property=\"og:title\" content=\"Andaluc\u00eda Rally: V\u00edt\u011bzov\u00e9 - DAKARMANIA.cz\" \/>\n<meta property=\"og:description\" content=\"P\u0159ehled v\u00edt\u011bz\u016f Andaluc\u00eda Rally\" \/>\n<meta property=\"og:url\" content=\"https:\/\/www.dakarmania.cz\/index.php\/souteze\/andalucia-rally-vitezove\/\" \/>\n<meta property=\"og:site_name\" content=\"DAKARMANIA.cz\" \/>\n<meta property=\"article:publisher\" content=\"https:\/\/www.facebook.com\/dakarmania\/\" \/>\n<meta property=\"article:modified_time\" content=\"2021-06-07T21:26:11+00:00\" \/>\n<meta property=\"og:image\" content=\"https:\/\/www.dakarmania.cz\/wp-content\/uploads\/2021\/06\/21-andalucia-al-attiyah-header-02.jpg\" \/>\n\t<meta property=\"og:image:width\" content=\"1600\" \/>\n\t<meta property=\"og:image:height\" content=\"711\" \/>\n\t<meta property=\"og:image:type\" content=\"image\/jpeg\" \/>\n<meta name=\"twitter:card\" content=\"summary_large_image\" \/>\n<meta name=\"twitter:label1\" content=\"Odhadovan\u00e1 doba \u010dten\u00ed\" \/>\n\t<meta name=\"twitter:data1\" content=\"2 minuty\" \/>\n<script type=\"application\/ld+json\" class=\"yoast-schema-graph\">{\"@context\":\"https:\/\/schema.org\",\"@graph\":[{\"@type\":\"WebPage\",\"@id\":\"https:\/\/www.dakarmania.cz\/index.php\/souteze\/andalucia-rally-vitezove\/\",\"url\":\"https:\/\/www.dakarmania.cz\/index.php\/souteze\/andalucia-rally-vitezove\/\",\"name\":\"Andaluc\u00eda Rally: V\u00edt\u011bzov\u00e9 - DAKARMANIA.cz\",\"isPartOf\":{\"@id\":\"https:\/\/www.dakarmania.cz\/#website\"},\"primaryImageOfPage\":{\"@id\":\"https:\/\/www.dakarmania.cz\/index.php\/souteze\/andalucia-rally-vitezove\/#primaryimage\"},\"image\":{\"@id\":\"https:\/\/www.dakarmania.cz\/index.php\/souteze\/andalucia-rally-vitezove\/#primaryimage\"},\"thumbnailUrl\":\"https:\/\/www.dakarmania.cz\/wp-content\/uploads\/2021\/06\/21-andalucia-al-attiyah-header-02.jpg\",\"datePublished\":\"2021-04-20T21:31:20+00:00\",\"dateModified\":\"2021-06-07T21:26:11+00:00\",\"description\":\"P\u0159ehled v\u00edt\u011bz\u016f Andaluc\u00eda Rally\",\"breadcrumb\":{\"@id\":\"https:\/\/www.dakarmania.cz\/index.php\/souteze\/andalucia-rally-vitezove\/#breadcrumb\"},\"inLanguage\":\"cs\",\"potentialAction\":[{\"@type\":\"ReadAction\",\"target\":[\"https:\/\/www.dakarmania.cz\/index.php\/souteze\/andalucia-rally-vitezove\/\"]}]},{\"@type\":\"ImageObject\",\"inLanguage\":\"cs\",\"@id\":\"https:\/\/www.dakarmania.cz\/index.php\/souteze\/andalucia-rally-vitezove\/#primaryimage\",\"url\":\"https:\/\/www.dakarmania.cz\/wp-content\/uploads\/2021\/06\/21-andalucia-al-attiyah-header-02.jpg\",\"contentUrl\":\"https:\/\/www.dakarmania.cz\/wp-content\/uploads\/2021\/06\/21-andalucia-al-attiyah-header-02.jpg\",\"width\":1600,\"height\":711,\"caption\":\"Nasser Al-Attiyah\/Mathieu Baumel, Nasser Racing. Andaluc\u00eda Rally 2021. \u00a9 ODC Events\"},{\"@type\":\"BreadcrumbList\",\"@id\":\"https:\/\/www.dakarmania.cz\/index.php\/souteze\/andalucia-rally-vitezove\/#breadcrumb\",\"itemListElement\":[{\"@type\":\"ListItem\",\"position\":1,\"name\":\"Dom\u016f\",\"item\":\"https:\/\/www.dakarmania.cz\/\"},{\"@type\":\"ListItem\",\"position\":2,\"name\":\"Sout\u011b\u017ee\",\"item\":\"https:\/\/www.dakarmania.cz\/index.php\/souteze\/\"},{\"@type\":\"ListItem\",\"position\":3,\"name\":\"Andaluc\u00eda Rally: V\u00edt\u011bzov\u00e9\"}]},{\"@type\":\"WebSite\",\"@id\":\"https:\/\/www.dakarmania.cz\/#website\",\"url\":\"https:\/\/www.dakarmania.cz\/\",\"name\":\"DAKARMANIA.cz\",\"description\":\"\u017dijeme Dakarem cel\u00fd rok\",\"publisher\":{\"@id\":\"https:\/\/www.dakarmania.cz\/#organization\"},\"potentialAction\":[{\"@type\":\"SearchAction\",\"target\":{\"@type\":\"EntryPoint\",\"urlTemplate\":\"https:\/\/www.dakarmania.cz\/?s={search_term_string}\"},\"query-input\":{\"@type\":\"PropertyValueSpecification\",\"valueRequired\":true,\"valueName\":\"search_term_string\"}}],\"inLanguage\":\"cs\"},{\"@type\":\"Organization\",\"@id\":\"https:\/\/www.dakarmania.cz\/#organization\",\"name\":\"DAKAR MANIA\",\"url\":\"https:\/\/www.dakarmania.cz\/\",\"logo\":{\"@type\":\"ImageObject\",\"inLanguage\":\"cs\",\"@id\":\"https:\/\/www.dakarmania.cz\/#\/schema\/logo\/image\/\",\"url\":\"https:\/\/www.dakarmania.cz\/wp-content\/uploads\/2018\/12\/Dakar-Mania-Logo-Square-Orange.png\",\"contentUrl\":\"https:\/\/www.dakarmania.cz\/wp-content\/uploads\/2018\/12\/Dakar-Mania-Logo-Square-Orange.png\",\"width\":992,\"height\":992,\"caption\":\"DAKAR MANIA\"},\"image\":{\"@id\":\"https:\/\/www.dakarmania.cz\/#\/schema\/logo\/image\/\"},\"sameAs\":[\"https:\/\/www.facebook.com\/dakarmania\/\"]}]}<\/script>\n<!-- \/ Yoast SEO plugin. -->","yoast_head_json":{"title":"Andaluc\u00eda Rally: V\u00edt\u011bzov\u00e9 - DAKARMANIA.cz","description":"P\u0159ehled v\u00edt\u011bz\u016f Andaluc\u00eda Rally","robots":{"index":"index","follow":"follow","max-snippet":"max-snippet:-1","max-image-preview":"max-image-preview:large","max-video-preview":"max-video-preview:-1"},"canonical":"https:\/\/www.dakarmania.cz\/index.php\/souteze\/andalucia-rally-vitezove\/","og_locale":"cs_CZ","og_type":"article","og_title":"Andaluc\u00eda Rally: V\u00edt\u011bzov\u00e9 - DAKARMANIA.cz","og_description":"P\u0159ehled v\u00edt\u011bz\u016f Andaluc\u00eda Rally","og_url":"https:\/\/www.dakarmania.cz\/index.php\/souteze\/andalucia-rally-vitezove\/","og_site_name":"DAKARMANIA.cz","article_publisher":"https:\/\/www.facebook.com\/dakarmania\/","article_modified_time":"2021-06-07T21:26:11+00:00","og_image":[{"width":1600,"height":711,"url":"https:\/\/www.dakarmania.cz\/wp-content\/uploads\/2021\/06\/21-andalucia-al-attiyah-header-02.jpg","type":"image\/jpeg"}],"twitter_card":"summary_large_image","twitter_misc":{"Odhadovan\u00e1 doba \u010dten\u00ed":"2 minuty"},"schema":{"@context":"https:\/\/schema.org","@graph":[{"@type":"WebPage","@id":"https:\/\/www.dakarmania.cz\/index.php\/souteze\/andalucia-rally-vitezove\/","url":"https:\/\/www.dakarmania.cz\/index.php\/souteze\/andalucia-rally-vitezove\/","name":"Andaluc\u00eda Rally: V\u00edt\u011bzov\u00e9 - DAKARMANIA.cz","isPartOf":{"@id":"https:\/\/www.dakarmania.cz\/#website"},"primaryImageOfPage":{"@id":"https:\/\/www.dakarmania.cz\/index.php\/souteze\/andalucia-rally-vitezove\/#primaryimage"},"image":{"@id":"https:\/\/www.dakarmania.cz\/index.php\/souteze\/andalucia-rally-vitezove\/#primaryimage"},"thumbnailUrl":"https:\/\/www.dakarmania.cz\/wp-content\/uploads\/2021\/06\/21-andalucia-al-attiyah-header-02.jpg","datePublished":"2021-04-20T21:31:20+00:00","dateModified":"2021-06-07T21:26:11+00:00","description":"P\u0159ehled v\u00edt\u011bz\u016f Andaluc\u00eda Rally","breadcrumb":{"@id":"https:\/\/www.dakarmania.cz\/index.php\/souteze\/andalucia-rally-vitezove\/#breadcrumb"},"inLanguage":"cs","potentialAction":[{"@type":"ReadAction","target":["https:\/\/www.dakarmania.cz\/index.php\/souteze\/andalucia-rally-vitezove\/"]}]},{"@type":"ImageObject","inLanguage":"cs","@id":"https:\/\/www.dakarmania.cz\/index.php\/souteze\/andalucia-rally-vitezove\/#primaryimage","url":"https:\/\/www.dakarmania.cz\/wp-content\/uploads\/2021\/06\/21-andalucia-al-attiyah-header-02.jpg","contentUrl":"https:\/\/www.dakarmania.cz\/wp-content\/uploads\/2021\/06\/21-andalucia-al-attiyah-header-02.jpg","width":1600,"height":711,"caption":"Nasser Al-Attiyah\/Mathieu Baumel, Nasser Racing. Andaluc\u00eda Rally 2021. \u00a9 ODC Events"},{"@type":"BreadcrumbList","@id":"https:\/\/www.dakarmania.cz\/index.php\/souteze\/andalucia-rally-vitezove\/#breadcrumb","itemListElement":[{"@type":"ListItem","position":1,"name":"Dom\u016f","item":"https:\/\/www.dakarmania.cz\/"},{"@type":"ListItem","position":2,"name":"Sout\u011b\u017ee","item":"https:\/\/www.dakarmania.cz\/index.php\/souteze\/"},{"@type":"ListItem","position":3,"name":"Andaluc\u00eda Rally: V\u00edt\u011bzov\u00e9"}]},{"@type":"WebSite","@id":"https:\/\/www.dakarmania.cz\/#website","url":"https:\/\/www.dakarmania.cz\/","name":"DAKARMANIA.cz","description":"\u017dijeme Dakarem cel\u00fd rok","publisher":{"@id":"https:\/\/www.dakarmania.cz\/#organization"},"potentialAction":[{"@type":"SearchAction","target":{"@type":"EntryPoint","urlTemplate":"https:\/\/www.dakarmania.cz\/?s={search_term_string}"},"query-input":{"@type":"PropertyValueSpecification","valueRequired":true,"valueName":"search_term_string"}}],"inLanguage":"cs"},{"@type":"Organization","@id":"https:\/\/www.dakarmania.cz\/#organization","name":"DAKAR MANIA","url":"https:\/\/www.dakarmania.cz\/","logo":{"@type":"ImageObject","inLanguage":"cs","@id":"https:\/\/www.dakarmania.cz\/#\/schema\/logo\/image\/","url":"https:\/\/www.dakarmania.cz\/wp-content\/uploads\/2018\/12\/Dakar-Mania-Logo-Square-Orange.png","contentUrl":"https:\/\/www.dakarmania.cz\/wp-content\/uploads\/2018\/12\/Dakar-Mania-Logo-Square-Orange.png","width":992,"height":992,"caption":"DAKAR MANIA"},"image":{"@id":"https:\/\/www.dakarmania.cz\/#\/schema\/logo\/image\/"},"sameAs":["https:\/\/www.facebook.com\/dakarmania\/"]}]}},"amp_enabled":false,"_links":{"self":[{"href":"https:\/\/www.dakarmania.cz\/index.php\/wp-json\/wp\/v2\/pages\/18941","targetHints":{"allow":["GET"]}}],"collection":[{"href":"https:\/\/www.dakarmania.cz\/index.php\/wp-json\/wp\/v2\/pages"}],"about":[{"href":"https:\/\/www.dakarmania.cz\/index.php\/wp-json\/wp\/v2\/types\/page"}],"author":[{"embeddable":true,"href":"https:\/\/www.dakarmania.cz\/index.php\/wp-json\/wp\/v2\/users\/1"}],"replies":[{"embeddable":true,"href":"https:\/\/www.dakarmania.cz\/index.php\/wp-json\/wp\/v2\/comments?post=18941"}],"version-history":[{"count":5,"href":"https:\/\/www.dakarmania.cz\/index.php\/wp-json\/wp\/v2\/pages\/18941\/revisions"}],"predecessor-version":[{"id":19578,"href":"https:\/\/www.dakarmania.cz\/index.php\/wp-json\/wp\/v2\/pages\/18941\/revisions\/19578"}],"up":[{"embeddable":true,"href":"https:\/\/www.dakarmania.cz\/index.php\/wp-json\/wp\/v2\/pages\/4410"}],"wp:featuredmedia":[{"embeddable":true,"href":"https:\/\/www.dakarmania.cz\/index.php\/wp-json\/wp\/v2\/media\/19575"}],"wp:attachment":[{"href":"https:\/\/www.dakarmania.cz\/index.php\/wp-json\/wp\/v2\/media?parent=18941"}],"curies":[{"name":"wp","href":"https:\/\/api.w.org\/{rel}","templated":true}]}}