{"id":19539,"date":"2021-06-07T15:30:34","date_gmt":"2021-06-07T13:30:34","guid":{"rendered":"https:\/\/www.dakarmania.cz\/?page_id=19539"},"modified":"2023-08-22T17:48:47","modified_gmt":"2023-08-22T15:48:47","slug":"andalucia-rally-2021","status":"publish","type":"page","link":"https:\/\/www.dakarmania.cz\/index.php\/souteze\/andalucia-rally-2021\/","title":{"rendered":"Andaluc\u00eda Rally 2021"},"content":{"rendered":"<p>[vc_row css_animation=&#8221;fadeIn&#8221; no_sep_borders=&#8221;yes&#8221;][vc_column][vc_btn title=&#8221;Sout\u011b\u017ee&#8221; style=&#8221;outline&#8221; shape=&#8221;square&#8221; color=&#8221;warning&#8221; size=&#8221;xs&#8221; align=&#8221;right&#8221; i_align=&#8221;right&#8221; i_icon_fontawesome=&#8221;fa fa-chevron-up&#8221; css_animation=&#8221;fadeIn&#8221; add_icon=&#8221;true&#8221; css=&#8221;.vc_custom_1619641442353{padding-right: 1px !important;padding-left: 1px !important;}&#8221; link=&#8221;url:%2Findex.php%2Fsouteze%2F|||&#8221;][vc_column_text css_animation=&#8221;fadeIn&#8221; css=&#8221;.vc_custom_1623023179059{padding-top: 200px !important;padding-right: 15px !important;padding-bottom: 15px !important;padding-left: 15px !important;background: #f2f2f2 url(https:\/\/www.dakarmania.cz\/wp-content\/uploads\/2021\/06\/21-andalucia-header-01.jpg?id=19542) !important;background-position: center !important;background-repeat: no-repeat !important;background-size: cover !important;}&#8221;]<\/p>\n<h1 style=\"text-align: left;\"><span style=\"background-color: #ee8027; opacity: 0.7;\"><span style=\"color: #ffffff; padding: 10px;\">ANDALUC\u00cdA RALLY 2021<\/span><br \/>\n<\/span><\/h1>\n<p>[\/vc_column_text][vc_empty_space height=&#8221;2px&#8221;][vc_row_inner el_id=&#8221;info&#8221;][vc_column_inner width=&#8221;1\/2&#8243;][vc_column_text css_animation=&#8221;fadeIn&#8221;]<strong>2. ro\u010dn\u00edk | 12. a\u017e 16. kv\u011btna | Villamart\u00edn, Andalusie, \u0160pan\u011blsko<\/strong><\/p>\n<p>Celkem 1547 km, z toho 1133 km rychlostn\u00edch zkou\u0161ek<\/p>\n<p>1. podnik <a href=\"\/index.php\/sampionaty\/sp-fia-ccr-2021\/\"><span style=\"color: #ee8027;\">Sv\u011btov\u00e9ho poh\u00e1ru FIA v cross-country rally 2021<\/span><\/a>[\/vc_column_text][\/vc_column_inner][vc_column_inner width=&#8221;1\/2&#8243;][vc_btn title=&#8221;V\u00edt\u011bzov\u00e9&#8221; style=&#8221;outline&#8221; shape=&#8221;square&#8221; color=&#8221;warning&#8221; size=&#8221;sm&#8221; align=&#8221;center&#8221; i_icon_fontawesome=&#8221;fa fa-trophy&#8221; css_animation=&#8221;fadeIn&#8221; button_block=&#8221;true&#8221; add_icon=&#8221;true&#8221; link=&#8221;url:%2Findex.php%2Fsouteze%2Fandalucia-rally-vitezove%2F|||&#8221; css=&#8221;.vc_custom_1625063488447{margin-top: 2px !important;margin-right: 5px !important;margin-bottom: 2px !important;margin-left: 5px !important;}&#8221;][vc_btn title=&#8221;\u010ce\u0161i na Andaluc\u00eda Rally&#8221; style=&#8221;outline&#8221; shape=&#8221;square&#8221; color=&#8221;warning&#8221; size=&#8221;sm&#8221; align=&#8221;center&#8221; i_icon_fontawesome=&#8221;fa fa-user-circle&#8221; css_animation=&#8221;fadeIn&#8221; button_block=&#8221;true&#8221; add_icon=&#8221;true&#8221; link=&#8221;url:%2Findex.php%2Fsouteze%2Fandalucia-rally-cesi%2F|||&#8221; css=&#8221;.vc_custom_1625063497969{margin-top: 2px !important;margin-right: 5px !important;margin-bottom: 2px !important;margin-left: 5px !important;}&#8221;][\/vc_column_inner][\/vc_row_inner][vc_btn title=&#8221;MOTO&#8221; style=&#8221;classic&#8221; shape=&#8221;square&#8221; color=&#8221;warning&#8221; size=&#8221;xs&#8221; i_icon_fontawesome=&#8221;fa fa-list-ol&#8221; css_animation=&#8221;fadeIn&#8221; add_icon=&#8221;true&#8221; css=&#8221;.vc_custom_1627723199243{padding-right: 1px !important;padding-left: 1px !important;}&#8221; link=&#8221;url:%2Findex.php%2Fsouteze%2Fandalucia-rally-2021%2F%23moto|||&#8221;][vc_btn title=&#8221;QUAD&#8221; style=&#8221;classic&#8221; shape=&#8221;square&#8221; color=&#8221;warning&#8221; size=&#8221;xs&#8221; i_icon_fontawesome=&#8221;fa fa-list-ol&#8221; css_animation=&#8221;fadeIn&#8221; add_icon=&#8221;true&#8221; css=&#8221;.vc_custom_1627723191730{padding-right: 1px !important;padding-left: 1px !important;}&#8221; link=&#8221;url:%2Findex.php%2Fsouteze%2Fandalucia-rally-2021%2F%23quad|||&#8221;][vc_btn title=&#8221;AUTO (SP FIA)&#8221; style=&#8221;classic&#8221; shape=&#8221;square&#8221; color=&#8221;warning&#8221; size=&#8221;xs&#8221; i_icon_fontawesome=&#8221;fa fa-list-ol&#8221; css_animation=&#8221;fadeIn&#8221; add_icon=&#8221;true&#8221; css=&#8221;.vc_custom_1627723169150{padding-right: 1px !important;padding-left: 1px !important;}&#8221; link=&#8221;url:%2Findex.php%2Fsouteze%2Fandalucia-rally-2021%2F%23sp-fia|||&#8221;][vc_btn title=&#8221;T3 (SP FIA)&#8221; style=&#8221;classic&#8221; shape=&#8221;square&#8221; color=&#8221;warning&#8221; size=&#8221;xs&#8221; i_icon_fontawesome=&#8221;fa fa-list-ol&#8221; css_animation=&#8221;fadeIn&#8221; add_icon=&#8221;true&#8221; css=&#8221;.vc_custom_1627723151084{padding-right: 1px !important;padding-left: 1px !important;}&#8221; link=&#8221;url:%2Findex.php%2Fsouteze%2Fandalucia-rally-2021%2F%23sp-fia-t3|||&#8221;][vc_btn title=&#8221;T4 (SP FIA)&#8221; style=&#8221;classic&#8221; shape=&#8221;square&#8221; color=&#8221;warning&#8221; size=&#8221;xs&#8221; i_icon_fontawesome=&#8221;fa fa-list-ol&#8221; css_animation=&#8221;fadeIn&#8221; add_icon=&#8221;true&#8221; css=&#8221;.vc_custom_1627723216035{padding-right: 1px !important;padding-left: 1px !important;}&#8221; link=&#8221;url:%2Findex.php%2Fsouteze%2Fandalucia-rally-2021%2F%23sp-fia-t4|||&#8221;][vc_tta_pageable no_fill_content_area=&#8221;1&#8243; active_section=&#8221;1&#8243; pagination_style=&#8221;&#8221; css_animation=&#8221;fadeIn&#8221; el_id=&#8221;vysledky&#8221; css=&#8221;.vc_custom_1566586979997{padding-right: 10px !important;padding-left: 10px !important;background-color: #f4f4f4 !important;}&#8221;][vc_tta_section title=&#8221;SP FIA&#8221; tab_id=&#8221;sp-fia&#8221;][vc_row_inner][vc_column_inner][vc_column_text css_animation=&#8221;fadeIn&#8221;]<\/p>\n<table style=\"width: 97.7654%;\" rules=\"rows\" cellpadding=\"4px\">\n<tbody>\n<tr style=\"background-color: #808080; color: white;\">\n<td style=\"text-align: center;\" colspan=\"4\"><span style=\"font-size: 10pt;\"><strong>ANDALUC\u00cdA RALLY 2021<br \/>\nSV\u011aTOV\u00dd POH\u00c1R FIA<br \/>\nkone\u010dn\u00e9 v\u00fdsledky<\/strong><\/span><\/td>\n<\/tr>\n<tr style=\"background-color: #dbd9d9; vertical-align: top;\">\n<td>1.<\/td>\n<td><a href=\"\/index.php\/osobnosti\/nasser-al-attiyah\/\"><span style=\"color: #ee8027;\">Nasser Al-Attiyah<\/span><\/a> \/ <a href=\"\/index.php\/osobnosti\/mathieu-baumel\/\"><span style=\"color: #ee8027;\">Mathieu Baumel<\/span><\/a><\/td>\n<td>Toyota Hilux<\/td>\n<td style=\"text-align: right;\">10:22:49<\/td>\n<\/tr>\n<tr style=\"background-color: #f2f2f2; vertical-align: top;\">\n<td>2.<\/td>\n<td><a href=\"\/index.php\/osobnosti\/carlos-sainz\/\"><span style=\"color: #ee8027;\">Carlos Sainz<\/span><\/a> \/ <a href=\"\/index.php\/osobnosti\/lucas-cruz\/\"><span style=\"color: #ee8027;\">Lucas Cruz<\/span><\/a><\/td>\n<td>Mini JCW Rally<\/td>\n<td style=\"text-align: right;\">+ 43<\/td>\n<\/tr>\n<tr style=\"background-color: #dbd9d9; vertical-align: top;\">\n<td>3.<\/td>\n<td><a href=\"\/index.php\/osobnosti\/yazeed-al-rajhi\/\"><span style=\"color: #ee8027;\">Yazeed Al-Rajhi<\/span><\/a> \/ <a href=\"\/index.php\/osobnosti\/dirk-von-zitzewitz\/\"><span style=\"color: #ee8027;\">Dirk von Zitzewitz<\/span><\/a><\/td>\n<td>Toyota Hilux<\/td>\n<td style=\"text-align: right;\">+ 11:26<\/td>\n<\/tr>\n<tr style=\"background-color: #f2f2f2; vertical-align: top;\">\n<td>4.<\/td>\n<td>Erik van Loon \/ <a href=\"\/index.php\/osobnosti\/sebastien-delaunay\/\"><span style=\"color: #ee8027;\">S\u00e9bastien Delaunay<\/span><\/a><\/td>\n<td>Toyota Hilux<\/td>\n<td style=\"text-align: right;\">+ 22:37<\/td>\n<\/tr>\n<tr style=\"background-color: #dbd9d9; vertical-align: top;\">\n<td>5.<\/td>\n<td><a href=\"\/index.php\/osobnosti\/mattias-ekstrom\/\"><span style=\"color: #ee8027;\">Mattias Ekstr\u00f6m<\/span><\/a> \/ <a href=\"\/index.php\/osobnosti\/emil-bergkvist\/\"><span style=\"color: #ee8027;\">Emil Bergkvist<\/span><\/a><\/td>\n<td>Mini JCW Buggy<\/td>\n<td style=\"text-align: right;\">+ 31:14<\/td>\n<\/tr>\n<tr style=\"background-color: #f2f2f2; vertical-align: top;\">\n<td>6.<\/td>\n<td>Vaidotas \u017dala \/ Paulo Fi\u00faza<\/td>\n<td>Mini JCW Rally<\/td>\n<td style=\"text-align: right;\">+ 35:56<\/td>\n<\/tr>\n<tr style=\"background-color: #dbd9d9; vertical-align: top;\">\n<td>7.<\/td>\n<td><a href=\"\/index.php\/osobnosti\/cristina-gutierrez\/\"><span style=\"color: #ee8027;\">Cristina Guti\u00e9rrez<\/span><\/a> \/ <a href=\"\/index.php\/osobnosti\/francois-cazalet\/\"><span style=\"color: #ee8027;\">Fran\u00e7ois Cazalet<\/span><\/a><\/td>\n<td>OT3<\/td>\n<td style=\"text-align: right;\">+ 45:10<\/td>\n<\/tr>\n<tr style=\"background-color: #f2f2f2; vertical-align: top;\">\n<td>8.<\/td>\n<td>Laia Sanz \/ <a href=\"\/index.php\/osobnosti\/daniel-oliveras\/\"><span style=\"color: #ee8027;\">Daniel Oliveras<\/span><\/a><\/td>\n<td>Mini All4 Racing<\/td>\n<td style=\"text-align: right;\">+ 49:43<\/td>\n<\/tr>\n<tr style=\"background-color: #dbd9d9; vertical-align: top;\">\n<td>9.<\/td>\n<td>Joao Ferreira \/ David Monteiro<\/td>\n<td>Toyota Hilux<\/td>\n<td style=\"text-align: right;\">+ 1:01:15<\/td>\n<\/tr>\n<tr style=\"background-color: #f2f2f2; vertical-align: top;\">\n<td>10.<\/td>\n<td>Gr\u00e9goire de Mevius \/ Andr\u00e9 Leyh<\/td>\n<td>Henrard Dunbee<\/td>\n<td style=\"text-align: right;\">+ 1:05:05<\/td>\n<\/tr>\n<tr style=\"background-color: #dbd9d9; vertical-align: top;\">\n<td>11.<\/td>\n<td><a href=\"\/index.php\/osobnosti\/denis-krotov\/\"><span style=\"color: #ee8027;\">Denis Krotov<\/span><\/a> \/ <a href=\"\/index.php\/osobnosti\/konstantin-zilcov\/\"><span style=\"color: #ee8027;\">Konstantin \u017dilcov<\/span><\/a><\/td>\n<td>Mini JCW Rally<\/td>\n<td style=\"text-align: right;\">+ 1:06:55<\/td>\n<\/tr>\n<tr style=\"background-color: #f2f2f2; vertical-align: top;\">\n<td>12.<\/td>\n<td><a href=\"\/index.php\/osobnosti\/austin-jones\/\"><span style=\"color: #ee8027;\">Austin Jones<\/span><\/a> \/ <a href=\"\/index.php\/osobnosti\/gustavo-gugelmin\/\"><span style=\"color: #ee8027;\">Gustavo Gugelmin<\/span><\/a><\/td>\n<td>Can-Am Maverick X3<\/td>\n<td style=\"text-align: right;\">+ 1:08:19<\/td>\n<\/tr>\n<tr style=\"background-color: #dbd9d9; vertical-align: top;\">\n<td>13.<\/td>\n<td>Lionel Baud \/ Lo\u00efc Minaudier<\/td>\n<td>PH Sport Zephyr<\/td>\n<td style=\"text-align: right;\">+ 1:09:12<\/td>\n<\/tr>\n<tr style=\"background-color: #f2f2f2; vertical-align: top;\">\n<td>14.<\/td>\n<td>Santiago Carnicer Colomer \/ Guifr\u00e9 Pujol Solsona<\/td>\n<td>Ford Ranger<\/td>\n<td style=\"text-align: right;\">+ 1:14:35<\/td>\n<\/tr>\n<tr style=\"background-color: #dbd9d9; vertical-align: top;\">\n<td>15.<\/td>\n<td>Khalifa Al-Attiyah \/ <a href=\"\/index.php\/osobnosti\/xavier-panseri\/\"><span style=\"color: #ee8027;\">Xavier Panseri<\/span><\/a><\/td>\n<td>Can-Am Maverick X3 XRS<\/td>\n<td style=\"text-align: right;\">+ 1:21:43<\/td>\n<\/tr>\n<tr style=\"background-color: #f2f2f2; vertical-align: top;\">\n<td>16.<\/td>\n<td>Guy Housset \/ G\u00e9rard Dubuy<\/td>\n<td>Optimus MD<\/td>\n<td style=\"text-align: right;\">+ 1:29:42<\/td>\n<\/tr>\n<tr style=\"background-color: #dbd9d9; vertical-align: top;\">\n<td>17.<\/td>\n<td>Paulo Ferreira \/ Jorge Monteiro<\/td>\n<td>Toyota Hilux<\/td>\n<td style=\"text-align: right;\">+ 1:35:10<\/td>\n<\/tr>\n<tr style=\"background-color: #f2f2f2; vertical-align: top;\">\n<td>18.<\/td>\n<td>Kees Koolen \/ Mirjam Pol<\/td>\n<td>Can-Am Maverick X3 XRS<\/td>\n<td style=\"text-align: right;\">+ 1:39:08<\/td>\n<\/tr>\n<tr style=\"background-color: #dbd9d9; vertical-align: top;\">\n<td>19.<\/td>\n<td>Micha\u00ebl Pisano \/ Max Delfino<\/td>\n<td>Optimus MD<\/td>\n<td style=\"text-align: right;\">+ 1:48:06<\/td>\n<\/tr>\n<tr style=\"background-color: #f2f2f2; vertical-align: top;\">\n<td>20.<\/td>\n<td>Hernan Garces \/ Juan Pablo Latrach Vinagre<\/td>\n<td>Can-Am Maverick X3 XRS<\/td>\n<td style=\"text-align: right;\">+ 1:48:47<\/td>\n<\/tr>\n<tr style=\"background-color: #dbd9d9; vertical-align: top;\">\n<td>21.<\/td>\n<td>David Zille \/ Bruno Jacomy<\/td>\n<td>Can-Am Maverick X3 XRS<\/td>\n<td style=\"text-align: right;\">+ 1:50:38<\/td>\n<\/tr>\n<tr style=\"background-color: #f2f2f2; vertical-align: top;\">\n<td>22.<\/td>\n<td>Jean-Luc Pisson \/ Nicolas Gilsoul<\/td>\n<td>PH Sport Zephyr<\/td>\n<td style=\"text-align: right;\">+ 1:52:12<\/td>\n<\/tr>\n<tr style=\"background-color: #dbd9d9; vertical-align: top;\">\n<td>23.<\/td>\n<td>Romain Locmane \/ Maxime Fourmaux<\/td>\n<td>Can-Am Maverick X3 XRS<\/td>\n<td style=\"text-align: right;\">+ 1:52:52<\/td>\n<\/tr>\n<tr style=\"background-color: #f2f2f2; vertical-align: top;\">\n<td>24.<\/td>\n<td>Geoffrey Moreau \/ Jeremy Caszalot<\/td>\n<td>MMP Rally Raid<\/td>\n<td style=\"text-align: right;\">+ 1:54:12<\/td>\n<\/tr>\n<tr style=\"background-color: #dbd9d9; vertical-align: top;\">\n<td>25.<\/td>\n<td><a href=\"\/index.php\/osobnosti\/fernando-alvarez\/\"><span style=\"color: #ee8027;\">Fernando \u00c1lvarez<\/span><\/a> \/ Antonio Gimeno<\/td>\n<td>Can-Am Maverick X3 XRS<\/td>\n<td style=\"text-align: right;\">+ 1:54:19<\/td>\n<\/tr>\n<tr style=\"background-color: #f2f2f2; vertical-align: top;\">\n<td>26.<\/td>\n<td>Florent Vayssade \/ Nicolas Rey<\/td>\n<td>Can-Am Maverick X3 XRS<\/td>\n<td style=\"text-align: right;\">+ 1:56:12<\/td>\n<\/tr>\n<tr style=\"background-color: #dbd9d9; vertical-align: top;\">\n<td>27.<\/td>\n<td>Alfredo Rubio Fernandez \/ Luis Alberto Benedicto San Antoni<\/td>\n<td>Can-Am Maverick<\/td>\n<td style=\"text-align: right;\">+ 2:08:29<\/td>\n<\/tr>\n<tr style=\"background-color: #f2f2f2; vertical-align: top;\">\n<td>28.<\/td>\n<td>Jose Maria Naranjo Gutierrez \/ Jose Antonio Alvarez Guerrero<\/td>\n<td>Can-Am Maverick<\/td>\n<td style=\"text-align: right;\">+ 2:13:12<\/td>\n<\/tr>\n<tr style=\"background-color: #dbd9d9; vertical-align: top;\">\n<td>29.<\/td>\n<td>Benjamin Lattard \/ Patrick Jimbert<\/td>\n<td>Can-Am Maverick XR XRS<\/td>\n<td style=\"text-align: right;\">+ 2:13:35<\/td>\n<\/tr>\n<tr style=\"background-color: #f2f2f2; vertical-align: top;\">\n<td>30.<\/td>\n<td>Ronald Schoolderman \/ Marcel Blankestijn<\/td>\n<td>Toyota ORD 150<\/td>\n<td style=\"text-align: right;\">+ 2:18:17<\/td>\n<\/tr>\n<tr style=\"background-color: #dbd9d9; vertical-align: top;\">\n<td>31.<\/td>\n<td>Lucas Del Rio \/ Marcello Scola<\/td>\n<td>Can-Am Maverick X3 XRS<\/td>\n<td style=\"text-align: right;\">+ 2:24:44<\/td>\n<\/tr>\n<tr style=\"background-color: #f2f2f2; vertical-align: top;\">\n<td>32.<\/td>\n<td>Eric de Seynes \/ Camelia Liparoti<\/td>\n<td>Yamaha YXZ1000R<\/td>\n<td style=\"text-align: right;\">+ 2:31:48<\/td>\n<\/tr>\n<tr style=\"background-color: #dbd9d9; vertical-align: top;\">\n<td>33.<\/td>\n<td>Jean-Pascal Besson \/ Patrice Roissac<\/td>\n<td>Can-Am T3RR<\/td>\n<td style=\"text-align: right;\">+ 2:32:17<\/td>\n<\/tr>\n<tr style=\"background-color: #f2f2f2; vertical-align: top;\">\n<td>34.<\/td>\n<td>Nazareno Lopez \/ Ricardo Adrian Torlaschi<\/td>\n<td>Polaris RZR Pro XP<\/td>\n<td style=\"text-align: right;\">+ 2:38:17<\/td>\n<\/tr>\n<tr style=\"background-color: #dbd9d9; vertical-align: top;\">\n<td>35.<\/td>\n<td>Jean-Claude Pla \/ Jerome Pla<\/td>\n<td>Polaris RZR Pro XP<\/td>\n<td style=\"text-align: right;\">+ 2:39:23<\/td>\n<\/tr>\n<tr style=\"background-color: #f2f2f2; vertical-align: top;\">\n<td>36.<\/td>\n<td>Lucas Verdet \/ Delphine Delfino<\/td>\n<td>Can-Am T3RR<\/td>\n<td style=\"text-align: right;\">+ 2:44:58<\/td>\n<\/tr>\n<tr style=\"background-color: #dbd9d9; vertical-align: top;\">\n<td>37.<\/td>\n<td>Jos\u00e9 Luis Pe\u00f1a Campo \/ Rafael Tornabell Cordoba<\/td>\n<td>Polaris RZR Pro XP<\/td>\n<td style=\"text-align: right;\">+ 2:59:00<\/td>\n<\/tr>\n<tr style=\"background-color: #f2f2f2; vertical-align: top;\">\n<td>38.<\/td>\n<td>Henri Vansteenbergen \/ Eyck Willemse<\/td>\n<td>Rally Raid UK Oryx DW<\/td>\n<td style=\"text-align: right;\">+ 3:07:21<\/td>\n<\/tr>\n<tr style=\"background-color: #dbd9d9; vertical-align: top;\">\n<td>39.<\/td>\n<td>Victor Concei\u00e7\u00e3o \/ Valeria Nacarato Geo<\/td>\n<td>Toyota Hilux<\/td>\n<td style=\"text-align: right;\">+ 3:08:31<\/td>\n<\/tr>\n<tr style=\"background-color: #f2f2f2; vertical-align: top;\">\n<td>40.<\/td>\n<td>Stefan Carmans \/ Antonius van Tiel<\/td>\n<td>Nissan VK 56<\/td>\n<td style=\"text-align: right;\">+ 3:14:48<\/td>\n<\/tr>\n<tr style=\"background-color: #dbd9d9; vertical-align: top;\">\n<td>41.<\/td>\n<td>Jordi Segura \/ Marc Sol\u00e0 Terradellas<\/td>\n<td>Can-Am Maverick X3 XRS<\/td>\n<td style=\"text-align: right;\">+ 3:22:02<\/td>\n<\/tr>\n<tr style=\"background-color: #f2f2f2; vertical-align: top;\">\n<td>42.<\/td>\n<td>Rik van den Brink \/ Hendrik Gerardus Heimans<\/td>\n<td>Toyota ORD 150<\/td>\n<td style=\"text-align: right;\">+ 3:26:21<\/td>\n<\/tr>\n<tr style=\"background-color: #dbd9d9; vertical-align: top;\">\n<td>43.<\/td>\n<td>Philippe Jacquot \/ Eric Simonin<\/td>\n<td>PH Sport Zephyr<\/td>\n<td style=\"text-align: right;\">+ 3:33:33<\/td>\n<\/tr>\n<tr style=\"background-color: #f2f2f2; vertical-align: top;\">\n<td>44.<\/td>\n<td>Fanny Jacquot \/ Marie Marconot<\/td>\n<td>PH Sport Zephyr<\/td>\n<td style=\"text-align: right;\">+ 3:37:25<\/td>\n<\/tr>\n<tr style=\"background-color: #dbd9d9; vertical-align: top;\">\n<td>45.<\/td>\n<td>Mitch Guthrie \/ Ola Fl\u00f8ene<\/td>\n<td>OT3<\/td>\n<td style=\"text-align: right;\">+ 3:50:15<\/td>\n<\/tr>\n<tr style=\"background-color: #f2f2f2; vertical-align: top;\">\n<td>46.<\/td>\n<td>David Spranger Gomes \/ Jaqueline Ricci Ferris<\/td>\n<td>Herrator Inzane X3<\/td>\n<td style=\"text-align: right;\">+ 4:45:43<\/td>\n<\/tr>\n<tr style=\"background-color: #dbd9d9; vertical-align: top;\">\n<td>47.<\/td>\n<td>Annett Fischer \/ Manuel Por\u00e9m<\/td>\n<td>Can-Am Maverick X3 XRS<\/td>\n<td style=\"text-align: right;\">+ 5:03:08<\/td>\n<\/tr>\n<tr style=\"background-color: #f2f2f2; vertical-align: top;\">\n<td>48.<\/td>\n<td>Eduardo Eslava Sanchez \/ Laura Diaz Fernandez<\/td>\n<td>Herrator Inzane X3<\/td>\n<td style=\"text-align: right;\">+ 6:07:02<\/td>\n<\/tr>\n<tr style=\"background-color: #dbd9d9; vertical-align: top;\">\n<td>49.<\/td>\n<td>Delphine Crosse \/ Aurelia Roquesalane<\/td>\n<td>Polaris RZR 1000 XP Turbo<\/td>\n<td style=\"text-align: right;\">+ 12:07:30<\/td>\n<\/tr>\n<tr style=\"background-color: #f2f2f2; vertical-align: top;\">\n<td>50.<\/td>\n<td>Jean-Luc Martineau \/ Cedric Chatris<\/td>\n<td>Optimus MD<\/td>\n<td style=\"text-align: right;\">+ 18:56:56<\/td>\n<\/tr>\n<tr style=\"background-color: #dbd9d9; vertical-align: top;\">\n<td>51.<\/td>\n<td>Roberto Rodriguez Gamboa \/ Herman Rodriguez Gamboa<\/td>\n<td>Can-Am Maverick X3 Turbo R<\/td>\n<td style=\"text-align: right;\">+ 20:48:55<\/td>\n<\/tr>\n<tr style=\"background-color: #f2f2f2; vertical-align: top;\">\n<td>52.<\/td>\n<td>Dominique Housieaux \/ Fr\u00e9d\u00e9ric Lefebvre<\/td>\n<td>Optimus MD<\/td>\n<td style=\"text-align: right;\">+ 21:47:38<\/td>\n<\/tr>\n<tr style=\"background-color: #dbd9d9; vertical-align: top;\">\n<td>53.<\/td>\n<td>Enrico Gaspari \/ Massimo Salvatore<\/td>\n<td>Polaris RZR Pro XP<\/td>\n<td style=\"text-align: right;\">+ 22:36:49<\/td>\n<\/tr>\n<tr style=\"background-color: #f2f2f2; vertical-align: top;\">\n<td>54.<\/td>\n<td>Thierry Porte \/ Jerome Doudard<\/td>\n<td>ORT Scorpion<\/td>\n<td style=\"text-align: right;\">+ 23:37:19<\/td>\n<\/tr>\n<tr style=\"background-color: #dbd9d9; vertical-align: top;\">\n<td>55.<\/td>\n<td>Hugues Moilet \/ Antoine Galland<\/td>\n<td>Fouquet Chevrolet FC2<\/td>\n<td style=\"text-align: right;\">+ 24:01:43<\/td>\n<\/tr>\n<tr style=\"background-color: #f2f2f2; vertical-align: top;\">\n<td>56.<\/td>\n<td>Andre Thewessen \/ Stijn Bastings<\/td>\n<td>Can-Am Maverick X3 XRS<\/td>\n<td style=\"text-align: right;\">+ 24:28:11<\/td>\n<\/tr>\n<tr style=\"background-color: #dbd9d9; vertical-align: top;\">\n<td>57.<\/td>\n<td>Aron Dom\u017ca\u0142a \/ <a href=\"\/index.php\/osobnosti\/maciej-marton\/\"><span style=\"color: #ee8027;\">Maciej Marton<\/span><\/a><\/td>\n<td>Can-Am Maverick X3 XRS<\/td>\n<td style=\"text-align: right;\">+ 26:08:57<\/td>\n<\/tr>\n<tr style=\"background-color: #f2f2f2; vertical-align: top;\">\n<td>58.<\/td>\n<td>Manuel Plaza Perez \/ Monica Plaza Vazquez<\/td>\n<td>Buggy Dazon<\/td>\n<td style=\"text-align: right;\">+ 26:32:45<\/td>\n<\/tr>\n<tr style=\"background-color: #dbd9d9; vertical-align: top;\">\n<td>59.<\/td>\n<td>Lionel Costes \/ Christophe Tressens<\/td>\n<td>PH Sport Zephyr<\/td>\n<td style=\"text-align: right;\">+ 35:58:08<\/td>\n<\/tr>\n<tr style=\"background-color: #f2f2f2; vertical-align: top;\">\n<td>60.<\/td>\n<td>Ricardo Ramilo Suarez \/ Oriol Vidal Montijano<\/td>\n<td>Can-Am Maverick X3 XRS<\/td>\n<td style=\"text-align: right;\">+ 40:07:40<\/td>\n<\/tr>\n<tr style=\"background-color: #dbd9d9; vertical-align: top;\">\n<td>61.<\/td>\n<td>Seth Quintero \/ Dennis Zenz<\/td>\n<td>OT3<\/td>\n<td style=\"text-align: right;\">+ 40:09:53<\/td>\n<\/tr>\n<tr style=\"background-color: #f2f2f2; vertical-align: top;\">\n<td>62.<\/td>\n<td>Ghislain de Mevius \/ Johan Jalet<\/td>\n<td>Yamaha Interceptor<\/td>\n<td style=\"text-align: right;\">+ 54:24:07<\/td>\n<\/tr>\n<tr style=\"background-color: #808080;\">\n<td style=\"text-align: center;\" colspan=\"4\"><\/td>\n<\/tr>\n<tr style=\"background-color: #dbd9d9; vertical-align: top;\">\n<td>DNF<\/td>\n<td>Vladimir Vasiljev \/ <a href=\"\/index.php\/osobnosti\/alexej-kuzmic\/\"><span style=\"color: #ee8027;\">Alexej Kuzmi\u010d<\/span><\/a><\/td>\n<td>BMW X5<\/td>\n<td style=\"text-align: right;\"><\/td>\n<\/tr>\n<tr style=\"background-color: #f2f2f2; vertical-align: top;\">\n<td>DNF<\/td>\n<td>Martin Kaczmarski \/ Tapio Suominen<\/td>\n<td>Toyota Hilux<\/td>\n<td style=\"text-align: right;\"><\/td>\n<\/tr>\n<tr style=\"background-color: #dbd9d9; vertical-align: top;\">\n<td>DNF<\/td>\n<td>Stephane Barbry \/ Jean-Pierre Garcin<\/td>\n<td>Barbry Factory Nemesis RS<\/td>\n<td style=\"text-align: right;\"><\/td>\n<\/tr>\n<tr style=\"background-color: #f2f2f2; vertical-align: top;\">\n<td>DNF<\/td>\n<td>Philippe Voisin \/ Carlos Fernandez<\/td>\n<td>Mitsubishi Eclipse Cross<\/td>\n<td style=\"text-align: right;\"><\/td>\n<\/tr>\n<tr style=\"background-color: #dbd9d9; vertical-align: top;\">\n<td>DNF<\/td>\n<td>Guillaume de Mevius \/ <a href=\"\/index.php\/osobnosti\/tom-colsoul\/\"><span style=\"color: #ee8027;\">Tom Colsoul<\/span><\/a><\/td>\n<td>OT3<\/td>\n<td style=\"text-align: right;\"><\/td>\n<\/tr>\n<tr style=\"background-color: #f2f2f2; vertical-align: top;\">\n<td>DNF<\/td>\n<td>Philippe Pinchedez \/ Thomas Gaidella<\/td>\n<td>Can-Am T3RR<\/td>\n<td style=\"text-align: right;\"><\/td>\n<\/tr>\n<tr style=\"background-color: #dbd9d9; vertical-align: top;\">\n<td>DNF<\/td>\n<td>Rui Carneiro \/ Jose Janela<\/td>\n<td>MMP Rally Raid<\/td>\n<td style=\"text-align: right;\"><\/td>\n<\/tr>\n<tr style=\"background-color: #f2f2f2; vertical-align: top;\">\n<td>DNF<\/td>\n<td>Frantz Comoli \/ Tom Piallat<\/td>\n<td>PH Sport Zephyr<\/td>\n<td style=\"text-align: right;\"><\/td>\n<\/tr>\n<tr style=\"background-color: #dbd9d9; vertical-align: top;\">\n<td>DNF<\/td>\n<td>Matthieu Margaillan \/ Axelle Roux-Decima<\/td>\n<td>Can-Am Maverick X3 XRS<\/td>\n<td style=\"text-align: right;\"><\/td>\n<\/tr>\n<tr style=\"background-color: #f2f2f2; vertical-align: top;\">\n<td>DNF<\/td>\n<td>Victor Grasa \/ Manuel Navarro<\/td>\n<td>Can-Am Maverick X3 XRS<\/td>\n<td style=\"text-align: right;\"><\/td>\n<\/tr>\n<tr style=\"background-color: #dbd9d9; vertical-align: top;\">\n<td>DNF<\/td>\n<td>Jean-Philippe B\u00e9ziat \/ Vincent Albira<\/td>\n<td>Can-Am Maverick X3 XRS<\/td>\n<td style=\"text-align: right;\"><\/td>\n<\/tr>\n<tr style=\"background-color: #f2f2f2; vertical-align: top;\">\n<td>DNF<\/td>\n<td>Josep Fallada Pouget \/ Raul Ortiz Navas<\/td>\n<td>Can-Am Maverick X3 XRS<\/td>\n<td style=\"text-align: right;\"><\/td>\n<\/tr>\n<\/tbody>\n<\/table>\n<p>[\/vc_column_text][\/vc_column_inner][\/vc_row_inner][\/vc_tta_section][vc_tta_section title=&#8221;Moto (Rally)&#8221; tab_id=&#8221;moto&#8221;][vc_row_inner][vc_column_inner][vc_column_text css_animation=&#8221;fadeIn&#8221;]<\/p>\n<table style=\"width: 97.7654%;\" rules=\"rows\" cellpadding=\"4px\">\n<tbody>\n<tr style=\"background-color: #808080; color: white;\">\n<td style=\"text-align: center;\" colspan=\"6\"><span style=\"font-size: 10pt;\"><strong>ANDALUC\u00cdA RALLY 2021<br \/>\nMOTO RALLY (voln\u00fd podnik)<br \/>\nkone\u010dn\u00e9 v\u00fdsledky<\/strong><\/span><\/td>\n<\/tr>\n<tr style=\"background-color: #dbd9d9; vertical-align: top;\">\n<td>1.<\/td>\n<td class=\"nomobile\" style=\"text-align: center;\">88<\/td>\n<td><a href=\"\/index.php\/osobnosti\/joan-barreda\/\"><span style=\"color: #ee8027;\">Joan Barreda<\/span><\/a><\/td>\n<td>Honda CRF450 Rally<\/td>\n<td class=\"nomobile\">Monster Energy Honda Team<\/td>\n<td style=\"text-align: right;\">10:47:32<\/td>\n<\/tr>\n<tr style=\"background-color: #f2f2f2; vertical-align: top;\">\n<td>2.<\/td>\n<td class=\"nomobile\" style=\"text-align: center;\">1<\/td>\n<td><a href=\"\/index.php\/osobnosti\/lorenzo-santolino\/\"><span style=\"color: #ee8027;\">Lorenzo Santolino<\/span><\/a><\/td>\n<td>Sherco Factory 450 RTR<\/td>\n<td class=\"nomobile\">Team Sherco Rallye<\/td>\n<td style=\"text-align: right;\">+3:28<\/td>\n<\/tr>\n<tr style=\"background-color: #dbd9d9; vertical-align: top;\">\n<td>3.<\/td>\n<td class=\"nomobile\" style=\"text-align: center;\">7<\/td>\n<td><a href=\"\/index.php\/osobnosti\/pablo-quintanilla\/\"><span style=\"color: #ee8027;\">Pablo Quintanilla<\/span><\/a><\/td>\n<td>Honda CRF450 Rally<\/td>\n<td class=\"nomobile\">Monster Energy Honda Team<\/td>\n<td style=\"text-align: right;\">+10:29<\/td>\n<\/tr>\n<tr style=\"background-color: #f2f2f2; vertical-align: top;\">\n<td>4.<\/td>\n<td class=\"nomobile\" style=\"text-align: center;\">27<\/td>\n<td>Joaquim Rodrigues<\/td>\n<td>Hero 450 Rally<\/td>\n<td class=\"nomobile\">Hero MotoSports Team Rally<\/td>\n<td style=\"text-align: right;\">+13:50<\/td>\n<\/tr>\n<tr style=\"background-color: #dbd9d9; vertical-align: top;\">\n<td>5.<\/td>\n<td class=\"nomobile\" style=\"text-align: center;\">2<\/td>\n<td><a href=\"\/index.php\/osobnosti\/franco-caimi\/\"><span style=\"color: #ee8027;\">Franco Caimi<\/span><\/a><\/td>\n<td>Hero 450 Rally<\/td>\n<td class=\"nomobile\">Hero MotoSports Team Rally<\/td>\n<td style=\"text-align: right;\">+14:05<\/td>\n<\/tr>\n<tr style=\"background-color: #f2f2f2; vertical-align: top;\">\n<td>6.<\/td>\n<td class=\"nomobile\" style=\"text-align: center;\">15<\/td>\n<td><a href=\"\/index.php\/osobnosti\/jacopo-cerutti\/\"><span style=\"color: #ee8027;\">Jacopo Cerutti<\/span><\/a><\/td>\n<td>Husqvarna FR 450 Rally<\/td>\n<td class=\"nomobile\">Solarys Racing<\/td>\n<td style=\"text-align: right;\">+22:05<\/td>\n<\/tr>\n<tr style=\"background-color: #dbd9d9; vertical-align: top;\">\n<td>7.<\/td>\n<td class=\"nomobile\" style=\"text-align: center;\">6<\/td>\n<td>Joan Pedrero<\/td>\n<td>Rieju 450<\/td>\n<td class=\"nomobile\">Shad \/ LS2<\/td>\n<td style=\"text-align: right;\">+23:29<\/td>\n<\/tr>\n<tr style=\"background-color: #f2f2f2; vertical-align: top;\">\n<td>8.<\/td>\n<td class=\"nomobile\" style=\"text-align: center;\">5<\/td>\n<td><a href=\"\/index.php\/osobnosti\/sebastian-buhler\/\"><span style=\"color: #ee8027;\">Sebastian B\u00fchler<\/span><\/a><\/td>\n<td>Hero 450 Rally<\/td>\n<td class=\"nomobile\">Hero MotoSports Team Rally<\/td>\n<td style=\"text-align: right;\">+26:04<\/td>\n<\/tr>\n<tr style=\"background-color: #dbd9d9; vertical-align: top;\">\n<td>9.<\/td>\n<td class=\"nomobile\" style=\"text-align: center;\">9<\/td>\n<td><a href=\"\/index.php\/osobnosti\/mathieu-doveze\/\"><span style=\"color: #ee8027;\">Mathieu Doveze<\/span><\/a><\/td>\n<td>KTM 450 Rally Replica<\/td>\n<td class=\"nomobile\">Nomade Racing<\/td>\n<td style=\"text-align: right;\">+40:44<\/td>\n<\/tr>\n<tr style=\"background-color: #f2f2f2; vertical-align: top;\">\n<td>10.<\/td>\n<td class=\"nomobile\" style=\"text-align: center;\">3<\/td>\n<td>Rui Gon\u00e7alves<\/td>\n<td>Sherco Factory 450 RTR<\/td>\n<td class=\"nomobile\">Team Sherco Rallye<\/td>\n<td style=\"text-align: right;\">+42:39<\/td>\n<\/tr>\n<tr style=\"background-color: #dbd9d9; vertical-align: top;\">\n<td>11.<\/td>\n<td class=\"nomobile\" style=\"text-align: center;\">17<\/td>\n<td>Julien Jagu<\/td>\n<td>KTM 450 Rally Replica<\/td>\n<td class=\"nomobile\">LG Rally Team<\/td>\n<td style=\"text-align: right;\">+49:49<\/td>\n<\/tr>\n<tr style=\"background-color: #f2f2f2; vertical-align: top;\">\n<td>12.<\/td>\n<td class=\"nomobile\" style=\"text-align: center;\">4<\/td>\n<td><a href=\"\/index.php\/osobnosti\/jan-brabec\/\"><span style=\"color: #ee8027;\">Jan Brabec<\/span><\/a><\/td>\n<td>KTM 450 Rally Replica<\/td>\n<td class=\"nomobile\">Strojrent Racing<\/td>\n<td style=\"text-align: right;\">+56:30<\/td>\n<\/tr>\n<tr style=\"background-color: #dbd9d9; vertical-align: top;\">\n<td>13.<\/td>\n<td class=\"nomobile\" style=\"text-align: center;\">48<\/td>\n<td>Paolo Lucci<\/td>\n<td>Husqvarna FR 450 Rally<\/td>\n<td class=\"nomobile\">Solarys Racing<\/td>\n<td style=\"text-align: right;\">+59:29<\/td>\n<\/tr>\n<tr style=\"background-color: #f2f2f2; vertical-align: top;\">\n<td>14.<\/td>\n<td class=\"nomobile\" style=\"text-align: center;\">61<\/td>\n<td>Jerome Martiny<\/td>\n<td>Husqvarna FE 450<\/td>\n<td class=\"nomobile\"><\/td>\n<td style=\"text-align: right;\">+1:31:54<\/td>\n<\/tr>\n<tr style=\"background-color: #dbd9d9; vertical-align: top;\">\n<td>15.<\/td>\n<td class=\"nomobile\" style=\"text-align: center;\">26<\/td>\n<td>James Hillier<\/td>\n<td>KTM 450 Rally Replica<\/td>\n<td class=\"nomobile\">Rich Energy OMG Racing<\/td>\n<td style=\"text-align: right;\">+1:40:12<\/td>\n<\/tr>\n<tr style=\"background-color: #f2f2f2; vertical-align: top;\">\n<td>16.<\/td>\n<td class=\"nomobile\" style=\"text-align: center;\">39<\/td>\n<td>Juan Jess Sanchez Recio<\/td>\n<td>Sherco 450 SEF Factory<\/td>\n<td class=\"nomobile\">Ottomocion<\/td>\n<td style=\"text-align: right;\">+1:49:41<\/td>\n<\/tr>\n<tr style=\"background-color: #dbd9d9; vertical-align: top;\">\n<td>17.<\/td>\n<td class=\"nomobile\" style=\"text-align: center;\">43<\/td>\n<td>Albert Martin Garcia<\/td>\n<td>Husqvarna FR 450 Rally<\/td>\n<td class=\"nomobile\">Twintrail Racing Team<\/td>\n<td style=\"text-align: right;\">+1:50:50<\/td>\n<\/tr>\n<tr style=\"background-color: #f2f2f2; vertical-align: top;\">\n<td>18.<\/td>\n<td class=\"nomobile\" style=\"text-align: center;\">49<\/td>\n<td>Jean-Loup Lepan<\/td>\n<td>KTM 450 Rally Replica<\/td>\n<td class=\"nomobile\">Nomade Racing<\/td>\n<td style=\"text-align: right;\">\u00a0+1:52:18<\/td>\n<\/tr>\n<tr style=\"background-color: #dbd9d9; vertical-align: top;\">\n<td>19.<\/td>\n<td class=\"nomobile\" style=\"text-align: center;\">55<\/td>\n<td>Andrea Giuseppe Fili Winkler<\/td>\n<td>KTM 450 Rally Replica<\/td>\n<td class=\"nomobile\">Solarys Racing<\/td>\n<td style=\"text-align: right;\">+2:02:27<\/td>\n<\/tr>\n<tr style=\"background-color: #f2f2f2; vertical-align: top;\">\n<td>20.<\/td>\n<td class=\"nomobile\" style=\"text-align: center;\">14<\/td>\n<td>Richard Kaye<\/td>\n<td>KTM 450 Rally Replica<\/td>\n<td class=\"nomobile\">Enduro Greece Rally Adventure Team<\/td>\n<td style=\"text-align: right;\">+2:10:14<\/td>\n<\/tr>\n<tr style=\"background-color: #dbd9d9; vertical-align: top;\">\n<td>21.<\/td>\n<td class=\"nomobile\" style=\"text-align: center;\">60<\/td>\n<td>Bertrand Gavard<\/td>\n<td>KTM 450 Rally Replica<\/td>\n<td class=\"nomobile\">Team RS Concept<\/td>\n<td style=\"text-align: right;\">+2:13:11<\/td>\n<\/tr>\n<tr style=\"background-color: #f2f2f2; vertical-align: top;\">\n<td>22.<\/td>\n<td class=\"nomobile\" style=\"text-align: center;\">24<\/td>\n<td>Vasileios Boudros<\/td>\n<td>KTM 450 EXC-F<\/td>\n<td class=\"nomobile\">Club Aventura Touareg<\/td>\n<td style=\"text-align: right;\">+2:16:50<\/td>\n<\/tr>\n<tr style=\"background-color: #dbd9d9; vertical-align: top;\">\n<td>23.<\/td>\n<td class=\"nomobile\" style=\"text-align: center;\">62<\/td>\n<td>Cedric Busin<\/td>\n<td>KTM 450 EXC-F<\/td>\n<td class=\"nomobile\">Team RS Concept<\/td>\n<td style=\"text-align: right;\">+2:20:10<\/td>\n<\/tr>\n<tr style=\"background-color: #f2f2f2; vertical-align: top;\">\n<td>24.<\/td>\n<td class=\"nomobile\" style=\"text-align: center;\">72<\/td>\n<td>Philippe Gendron<\/td>\n<td>KTM 450 Rally Replica<\/td>\n<td class=\"nomobile\">Nomade Racing<\/td>\n<td style=\"text-align: right;\">+2:20:30<\/td>\n<\/tr>\n<tr style=\"background-color: #dbd9d9; vertical-align: top;\">\n<td>25.<\/td>\n<td class=\"nomobile\" style=\"text-align: center;\">40<\/td>\n<td>Fabio Lottero<\/td>\n<td>KTM 450 EXC-F<\/td>\n<td class=\"nomobile\">Club Aventura Touareg<\/td>\n<td style=\"text-align: right;\">+2:32:39<\/td>\n<\/tr>\n<tr style=\"background-color: #f2f2f2; vertical-align: top;\">\n<td>26.<\/td>\n<td class=\"nomobile\" style=\"text-align: center;\">68<\/td>\n<td>Modestas Siliunas<\/td>\n<td>KTM 450 Rally Replica<\/td>\n<td class=\"nomobile\">Asociacija A. Gelazninko Projektai<\/td>\n<td style=\"text-align: right;\">+2:34:17<\/td>\n<\/tr>\n<tr style=\"background-color: #dbd9d9; vertical-align: top;\">\n<td>27.<\/td>\n<td class=\"nomobile\" style=\"text-align: center;\">53<\/td>\n<td>Benjamin Defr\u00e8re<\/td>\n<td>KTM 450 Rally Replica<\/td>\n<td class=\"nomobile\"><\/td>\n<td style=\"text-align: right;\">+2:36:02<\/td>\n<\/tr>\n<tr style=\"background-color: #f2f2f2; vertical-align: top;\">\n<td>28.<\/td>\n<td class=\"nomobile\" style=\"text-align: center;\">19<\/td>\n<td>Francesco Puocci<\/td>\n<td>KTM 450 Rally Replica<\/td>\n<td class=\"nomobile\">Team Puocci<\/td>\n<td style=\"text-align: right;\">+2:39:35<\/td>\n<\/tr>\n<tr style=\"background-color: #dbd9d9; vertical-align: top;\">\n<td>29.<\/td>\n<td class=\"nomobile\" style=\"text-align: center;\">65<\/td>\n<td>Guillaume Chollet<\/td>\n<td>Yamaha<\/td>\n<td class=\"nomobile\">Drag&#8217;on Rally Team<\/td>\n<td style=\"text-align: right;\">+2:39:36<\/td>\n<\/tr>\n<tr style=\"background-color: #f2f2f2; vertical-align: top;\">\n<td>30.<\/td>\n<td class=\"nomobile\" style=\"text-align: center;\">35<\/td>\n<td>Isaac Feliu<\/td>\n<td>KTM 450 Rally Replica<\/td>\n<td class=\"nomobile\">Twintrail Racing Team<\/td>\n<td style=\"text-align: right;\">+2:42:24<\/td>\n<\/tr>\n<tr style=\"background-color: #dbd9d9; vertical-align: top;\">\n<td>31.<\/td>\n<td class=\"nomobile\" style=\"text-align: center;\">65<\/td>\n<td>Lucas Poch Sagnier<\/td>\n<td>KTM 450 Rally Replica<\/td>\n<td class=\"nomobile\">Drag&#8217;on Rally Team<\/td>\n<td style=\"text-align: right;\">+2:57:49<\/td>\n<\/tr>\n<tr style=\"background-color: #f2f2f2; vertical-align: top;\">\n<td>32.<\/td>\n<td class=\"nomobile\" style=\"text-align: center;\">29<\/td>\n<td>Mattia Riva<\/td>\n<td>KTM 450 Rally Replica<\/td>\n<td class=\"nomobile\">Riva Motors<\/td>\n<td style=\"text-align: right;\">+2:59:10<\/td>\n<\/tr>\n<tr style=\"background-color: #dbd9d9; vertical-align: top;\">\n<td>33.<\/td>\n<td class=\"nomobile\" style=\"text-align: center;\">37<\/td>\n<td>Stephane Grignac<\/td>\n<td>KTM 450<\/td>\n<td class=\"nomobile\">Team Grignac Stephane<\/td>\n<td style=\"text-align: right;\">+3:17:34<\/td>\n<\/tr>\n<tr style=\"background-color: #f2f2f2; vertical-align: top;\">\n<td>34.<\/td>\n<td class=\"nomobile\" style=\"text-align: center;\">54<\/td>\n<td>Gin\u00e9s Belzunces Vi\u00fadez<\/td>\n<td>KTM 450 EXC-F<\/td>\n<td class=\"nomobile\">Club Aventura Touareg<\/td>\n<td style=\"text-align: right;\">+3:20:19<\/td>\n<\/tr>\n<tr style=\"background-color: #dbd9d9; vertical-align: top;\">\n<td>35.<\/td>\n<td class=\"nomobile\" style=\"text-align: center;\">11<\/td>\n<td>Juan Pablo Guillen Rivera<\/td>\n<td>KTM 450 Rally Replica<\/td>\n<td class=\"nomobile\">Nomadas Adventure<\/td>\n<td style=\"text-align: right;\">+3:21:27<\/td>\n<\/tr>\n<tr style=\"background-color: #f2f2f2; vertical-align: top;\">\n<td>36.<\/td>\n<td class=\"nomobile\" style=\"text-align: center;\">44<\/td>\n<td>Gad Nachmani<\/td>\n<td>KTM 450 Aventura Touareg<\/td>\n<td class=\"nomobile\">Club Aventura Touareg<\/td>\n<td style=\"text-align: right;\">+3:23:36<\/td>\n<\/tr>\n<tr style=\"background-color: #dbd9d9; vertical-align: top;\">\n<td>37.<\/td>\n<td class=\"nomobile\" style=\"text-align: center;\">50<\/td>\n<td>Miquel Angel Boet Serra<\/td>\n<td>KTM 450 Rally Replica<\/td>\n<td class=\"nomobile\">Joyride Race Service<\/td>\n<td style=\"text-align: right;\">+3:25:58<\/td>\n<\/tr>\n<tr style=\"background-color: #f2f2f2; vertical-align: top;\">\n<td>38.<\/td>\n<td class=\"nomobile\" style=\"text-align: center;\">59<\/td>\n<td>Ugo Domenico Pietro Peila<\/td>\n<td>KTM 450 Rally Replica<\/td>\n<td class=\"nomobile\">Solarys Racing<\/td>\n<td style=\"text-align: right;\">+3:29:14<\/td>\n<\/tr>\n<tr style=\"background-color: #dbd9d9; vertical-align: top;\">\n<td>39.<\/td>\n<td class=\"nomobile\" style=\"text-align: center;\">42<\/td>\n<td>Mohamed Said Aoulad Ali<\/td>\n<td>KTM 450 EXC-F<\/td>\n<td class=\"nomobile\">Team Maroc2<\/td>\n<td style=\"text-align: right;\">+3:31:32<\/td>\n<\/tr>\n<tr style=\"background-color: #f2f2f2; vertical-align: top;\">\n<td>40.<\/td>\n<td class=\"nomobile\" style=\"text-align: center;\">33<\/td>\n<td>Carles Falcon<\/td>\n<td>KTM 450 Rally Replica<\/td>\n<td class=\"nomobile\">Twintrail Racing Team<\/td>\n<td style=\"text-align: right;\">+3:39:43<\/td>\n<\/tr>\n<tr style=\"background-color: #dbd9d9; vertical-align: top;\">\n<td>41.<\/td>\n<td class=\"nomobile\" style=\"text-align: center;\">57<\/td>\n<td>Aldo Winkler<\/td>\n<td>KTM 450 Rally Replica<\/td>\n<td class=\"nomobile\">Solarys Racing<\/td>\n<td style=\"text-align: right;\">+3:43:14<\/td>\n<\/tr>\n<tr style=\"background-color: #f2f2f2; vertical-align: top;\">\n<td>42.<\/td>\n<td class=\"nomobile\" style=\"text-align: center;\">67<\/td>\n<td>Bruno Scheurer<\/td>\n<td>KTM 450 Rally Replica<\/td>\n<td class=\"nomobile\">Nomade Racing<\/td>\n<td style=\"text-align: right;\">+3:53:45<\/td>\n<\/tr>\n<tr style=\"background-color: #dbd9d9; vertical-align: top;\">\n<td>43.<\/td>\n<td class=\"nomobile\" style=\"text-align: center;\">64<\/td>\n<td>Jean-Philippe R\u00e9volte<\/td>\n<td>KTM 450 Rally Replica<\/td>\n<td class=\"nomobile\">Happyness Racing JBS Moto<\/td>\n<td style=\"text-align: right;\">+4:10:14<\/td>\n<\/tr>\n<tr style=\"background-color: #f2f2f2; vertical-align: top;\">\n<td>44.<\/td>\n<td class=\"nomobile\" style=\"text-align: center;\">31<\/td>\n<td>Pablo Diez Negrete<\/td>\n<td>Husqvarna FE 450<\/td>\n<td class=\"nomobile\">Club Aventura Touareg<\/td>\n<td style=\"text-align: right;\">+4:19:56<\/td>\n<\/tr>\n<tr style=\"background-color: #dbd9d9; vertical-align: top;\">\n<td>45.<\/td>\n<td class=\"nomobile\" style=\"text-align: center;\">20<\/td>\n<td>Juan Carlos Torres Maxia<\/td>\n<td>Yamaha WR450<\/td>\n<td class=\"nomobile\">Club Aventura Touareg<\/td>\n<td style=\"text-align: right;\">+4:24:13<\/td>\n<\/tr>\n<tr style=\"background-color: #f2f2f2; vertical-align: top;\">\n<td>46.<\/td>\n<td class=\"nomobile\" style=\"text-align: center;\">45<\/td>\n<td>Massimo Ferrari<\/td>\n<td>KTM 450 Rally Replica<\/td>\n<td class=\"nomobile\">Rally Pov<\/td>\n<td style=\"text-align: right;\">+4:38:16<\/td>\n<\/tr>\n<tr style=\"background-color: #dbd9d9; vertical-align: top;\">\n<td>47.<\/td>\n<td class=\"nomobile\" style=\"text-align: center;\">25<\/td>\n<td>Romain Leboeuf<\/td>\n<td>KTM<\/td>\n<td class=\"nomobile\">Nomade Racing<\/td>\n<td style=\"text-align: right;\">+4:40:15<\/td>\n<\/tr>\n<tr style=\"background-color: #f2f2f2; vertical-align: top;\">\n<td>48.<\/td>\n<td class=\"nomobile\" style=\"text-align: center;\">52<\/td>\n<td>Eric Chapsal<\/td>\n<td>KTM 450 EXC-F<\/td>\n<td class=\"nomobile\">Team Raid Adventure TKC<\/td>\n<td style=\"text-align: right;\">+4:47:44<\/td>\n<\/tr>\n<tr style=\"background-color: #dbd9d9; vertical-align: top;\">\n<td>49.<\/td>\n<td class=\"nomobile\" style=\"text-align: center;\">38<\/td>\n<td>Mostapha Khottoul<\/td>\n<td>KTM 450 EXC-F<\/td>\n<td class=\"nomobile\"><\/td>\n<td style=\"text-align: right;\">+5:04:47<\/td>\n<\/tr>\n<tr style=\"background-color: #f2f2f2; vertical-align: top;\">\n<td>50.<\/td>\n<td class=\"nomobile\" style=\"text-align: center;\">18<\/td>\n<td>Stephan Helm<\/td>\n<td>Husqvarna FR 450 Rally<\/td>\n<td class=\"nomobile\">HT Rally Raid Husqvarna Racing<\/td>\n<td style=\"text-align: right;\">+5:47:20<\/td>\n<\/tr>\n<tr style=\"background-color: #dbd9d9; vertical-align: top;\">\n<td>51.<\/td>\n<td class=\"nomobile\" style=\"text-align: center;\">30<\/td>\n<td>Pablo Diaz-Miguel Sanchez<\/td>\n<td>KTM 450 EXC-F<\/td>\n<td class=\"nomobile\">Club Aventura Touareg<\/td>\n<td style=\"text-align: right;\">+5:58:20<\/td>\n<\/tr>\n<tr style=\"background-color: #f2f2f2; vertical-align: top;\">\n<td>52.<\/td>\n<td class=\"nomobile\" style=\"text-align: center;\">66<\/td>\n<td>Francis Brengues<\/td>\n<td>KTM 450<\/td>\n<td class=\"nomobile\">Casteu Adventure<\/td>\n<td style=\"text-align: right;\">+10:03:33<\/td>\n<\/tr>\n<tr style=\"background-color: #dbd9d9; vertical-align: top;\">\n<td>53.<\/td>\n<td class=\"nomobile\" style=\"text-align: center;\">58<\/td>\n<td>Bernardo Ramirez Garcia<\/td>\n<td>KTM 450 EXC-F<\/td>\n<td class=\"nomobile\">Club Aventura Touareg<\/td>\n<td style=\"text-align: right;\">+14:44:12<\/td>\n<\/tr>\n<tr style=\"background-color: #808080;\">\n<td style=\"text-align: center;\" colspan=\"6\"><\/td>\n<\/tr>\n<tr style=\"background-color: #f2f2f2; vertical-align: top;\">\n<td>DNF<\/td>\n<td class=\"nomobile\" style=\"text-align: center;\">34<\/td>\n<td>Lorenzo Maria Fanottoli<\/td>\n<td>KTM 450 Rally Replica<\/td>\n<td class=\"nomobile\"><\/td>\n<td style=\"text-align: right;\"><\/td>\n<\/tr>\n<tr style=\"background-color: #dbd9d9; vertical-align: top;\">\n<td>DNF<\/td>\n<td class=\"nomobile\" style=\"text-align: center;\">36<\/td>\n<td>David Gaits<\/td>\n<td>KTM 450 Rally Replica<\/td>\n<td class=\"nomobile\">Happyness Racing JBS Moto<\/td>\n<td style=\"text-align: right;\"><\/td>\n<\/tr>\n<\/tbody>\n<\/table>\n<p>[\/vc_column_text][\/vc_column_inner][\/vc_row_inner][\/vc_tta_section][vc_tta_section title=&#8221;Quad (Rally)&#8221; tab_id=&#8221;quad&#8221;][vc_row_inner][vc_column_inner][vc_column_text css_animation=&#8221;fadeIn&#8221;]<\/p>\n<table style=\"width: 97.7654%;\" rules=\"rows\" cellpadding=\"4px\">\n<tbody>\n<tr style=\"background-color: #808080; color: white;\">\n<td style=\"text-align: center;\" colspan=\"4\"><span style=\"font-size: 10pt;\"><strong>ANDALUC\u00cdA RALLY 2021<br \/>\nQUAD RALLY (voln\u00fd podnik)<br \/>\nkone\u010dn\u00e9 v\u00fdsledky<\/strong><\/span><\/td>\n<\/tr>\n<tr style=\"background-color: #dbd9d9; vertical-align: top;\">\n<td>1.<\/td>\n<td>S\u00e9bastien Souday<\/td>\n<td>Yamaha 450 YFZR<\/td>\n<td style=\"text-align: right;\">12:32:19<\/td>\n<\/tr>\n<tr style=\"background-color: #f2f2f2; vertical-align: top;\">\n<td>2.<\/td>\n<td>Vincent Padrona<\/td>\n<td>Yamaha Raptor 700<\/td>\n<td style=\"text-align: right;\">+ 30:02<\/td>\n<\/tr>\n<tr style=\"background-color: #dbd9d9; vertical-align: top;\">\n<td>3.<\/td>\n<td>Toni Vingut<\/td>\n<td>Yamaha Raptor 700<\/td>\n<td style=\"text-align: right;\">+ 38:54<\/td>\n<\/tr>\n<tr style=\"background-color: #f2f2f2; vertical-align: top;\">\n<td>4.<\/td>\n<td>Laisvydas Kancius<\/td>\n<td>Yamaha YFM700<\/td>\n<td style=\"text-align: right;\">+ 1:18:32<\/td>\n<\/tr>\n<tr style=\"background-color: #dbd9d9; vertical-align: top;\">\n<td>5.<\/td>\n<td>Zden\u011bk T\u016fma<\/td>\n<td>Yamaha Raptor 700<\/td>\n<td style=\"text-align: right;\">+ 1:33:59<\/td>\n<\/tr>\n<tr style=\"background-color: #f2f2f2; vertical-align: top;\">\n<td>6.<\/td>\n<td>Nicolas Martinez<\/td>\n<td>Yamaha Raptor 700<\/td>\n<td style=\"text-align: right;\">+ 2:02:20<\/td>\n<\/tr>\n<tr style=\"background-color: #dbd9d9; vertical-align: top;\">\n<td>7.<\/td>\n<td>\u00c0lex Feliu Sol\u00e0<\/td>\n<td>Can-Am Renegade 1000 XXC<\/td>\n<td style=\"text-align: right;\">+ 19:29:28<\/td>\n<\/tr>\n<\/tbody>\n<\/table>\n<p>[\/vc_column_text][\/vc_column_inner][\/vc_row_inner][\/vc_tta_section][vc_tta_section title=&#8221;T3&#8243; tab_id=&#8221;sp-fia-t3&#8243;][vc_row_inner][vc_column_inner][vc_column_text css_animation=&#8221;fadeIn&#8221;]<\/p>\n<table style=\"width: 97.7654%;\" rules=\"rows\" cellpadding=\"4px\">\n<tbody>\n<tr style=\"background-color: #808080; color: white;\">\n<td style=\"text-align: center;\" colspan=\"4\"><span style=\"font-size: 10pt;\"><strong>ANDALUC\u00cdA RALLY 2021<br \/>\nSV\u011aTOV\u00dd POH\u00c1R FIA &#8211; SKUPINA T3<br \/>\nkone\u010dn\u00e9 v\u00fdsledky<\/strong><\/span><\/td>\n<\/tr>\n<tr style=\"background-color: #dbd9d9; vertical-align: top;\">\n<td>1.<\/td>\n<td><a href=\"\/index.php\/osobnosti\/cristina-gutierrez\/\"><span style=\"color: #ee8027;\">Cristina Guti\u00e9rrez<\/span><\/a> \/ <a href=\"\/index.php\/osobnosti\/francois-cazalet\/\"><span style=\"color: #ee8027;\">Fran\u00e7ois Cazalet<\/span><\/a><\/td>\n<td>OT3<\/td>\n<td style=\"text-align: right;\">11:07:59<\/td>\n<\/tr>\n<tr style=\"background-color: #f2f2f2; vertical-align: top;\">\n<td>2.<\/td>\n<td>Lionel Baud \/ Lo\u00efc Minaudier<\/td>\n<td>PH Sport Zephyr<\/td>\n<td style=\"text-align: right;\">+ 24:02<\/td>\n<\/tr>\n<tr style=\"background-color: #dbd9d9; vertical-align: top;\">\n<td>3.<\/td>\n<td>Jean-Luc Pisson \/ Nicolas Gilsoul<\/td>\n<td>PH Sport Zephyr<\/td>\n<td style=\"text-align: right;\">+ 1:07:02<\/td>\n<\/tr>\n<tr style=\"background-color: #f2f2f2; vertical-align: top;\">\n<td>4.<\/td>\n<td>Geoffrey Moreau \/ Jeremy Caszalot<\/td>\n<td>MMP Rally Raid<\/td>\n<td style=\"text-align: right;\">+ 1:09:02<\/td>\n<\/tr>\n<tr style=\"background-color: #dbd9d9; vertical-align: top;\">\n<td>5.<\/td>\n<td><a href=\"\/index.php\/osobnosti\/fernando-alvarez\/\"><span style=\"color: #ee8027;\">Fernando \u00c1lvarez<\/span><\/a> \/ Antonio Gimeno<\/td>\n<td>Can-Am Maverick X3 XRS<\/td>\n<td style=\"text-align: right;\">+ 1:09:09<\/td>\n<\/tr>\n<tr style=\"background-color: #f2f2f2; vertical-align: top;\">\n<td>6.<\/td>\n<td>Alfredo Rubio Fernandez \/ Luis Alberto Benedicto San Antoni<\/td>\n<td>Can-Am Maverick<\/td>\n<td style=\"text-align: right;\">+ 1:23:19<\/td>\n<\/tr>\n<tr style=\"background-color: #dbd9d9; vertical-align: top;\">\n<td>7.<\/td>\n<td>Jose Maria Naranjo Gutierrez \/ Jose Antonio Alvarez Guerrero<\/td>\n<td>Can-Am Maverick<\/td>\n<td style=\"text-align: right;\">+ 1:28:02<\/td>\n<\/tr>\n<tr style=\"background-color: #f2f2f2; vertical-align: top;\">\n<td>8.<\/td>\n<td>Eric de Seynes \/ Camelia Liparoti<\/td>\n<td>Yamaha YXZ1000R<\/td>\n<td style=\"text-align: right;\">+ 1:46:38<\/td>\n<\/tr>\n<tr style=\"background-color: #dbd9d9; vertical-align: top;\">\n<td>9.<\/td>\n<td>Jean-Pascal Besson \/ Patrice Roissac<\/td>\n<td>Can-Am T3RR<\/td>\n<td style=\"text-align: right;\">+ 1:47:07<\/td>\n<\/tr>\n<tr style=\"background-color: #f2f2f2; vertical-align: top;\">\n<td>10.<\/td>\n<td>Lucas Verdet \/ Delphine Delfino<\/td>\n<td>Can-Am T3RR<\/td>\n<td style=\"text-align: right;\">+ 1:59:48<\/td>\n<\/tr>\n<tr style=\"background-color: #dbd9d9; vertical-align: top;\">\n<td>11.<\/td>\n<td>Jos\u00e9 Luis Pe\u00f1a Campo \/ Rafael Tornabell Cordoba<\/td>\n<td>Polaris RZR Pro XP<\/td>\n<td style=\"text-align: right;\">+ 1:50:41<\/td>\n<\/tr>\n<tr style=\"background-color: #f2f2f2; vertical-align: top;\">\n<td>12.<\/td>\n<td>Philippe Jacquot \/ Eric Simonin<\/td>\n<td>PH Sport Zephyr<\/td>\n<td style=\"text-align: right;\">+ 2:48:23<\/td>\n<\/tr>\n<tr style=\"background-color: #dbd9d9; vertical-align: top;\">\n<td>13.<\/td>\n<td>Fanny Jacquot \/ Marie Marconot<\/td>\n<td>PH Sport Zephyr<\/td>\n<td style=\"text-align: right;\">+ 2:52:15<\/td>\n<\/tr>\n<tr style=\"background-color: #f2f2f2; vertical-align: top;\">\n<td>14.<\/td>\n<td>Mitch Guthrie \/ Ola Fl\u00f8ene<\/td>\n<td>OT3<\/td>\n<td style=\"text-align: right;\">+ 3:05:05<\/td>\n<\/tr>\n<tr style=\"background-color: #dbd9d9; vertical-align: top;\">\n<td>15.<\/td>\n<td>David Spranger Gomes \/ Jaqueline Ricci Ferris<\/td>\n<td>Herrator Inzane X3<\/td>\n<td style=\"text-align: right;\">+ 4:00:33<\/td>\n<\/tr>\n<tr style=\"background-color: #f2f2f2; vertical-align: top;\">\n<td>16.<\/td>\n<td>Annett Fischer \/ Manuel Por\u00e9m<\/td>\n<td>Can-Am Maverick X3 XRS<\/td>\n<td style=\"text-align: right;\">+ 4:17:58<\/td>\n<\/tr>\n<tr style=\"background-color: #dbd9d9; vertical-align: top;\">\n<td>17.<\/td>\n<td>Eduardo Eslava Sanchez \/ Laura Diaz Fernandez<\/td>\n<td>Herrator Inzane X3<\/td>\n<td style=\"text-align: right;\">+ 5:21:52<\/td>\n<\/tr>\n<tr style=\"background-color: #f2f2f2; vertical-align: top;\">\n<td>18.<\/td>\n<td>Delphine Crosse \/ Aurelia Roquesalane<\/td>\n<td>Polaris RZR 1000 XP Turbo<\/td>\n<td style=\"text-align: right;\">+ 11:22:20<\/td>\n<\/tr>\n<tr style=\"background-color: #dbd9d9; vertical-align: top;\">\n<td>19.<\/td>\n<td>Roberto Rodriguez Gamboa \/ Herman Rodriguez Gamboa<\/td>\n<td>Can-Am Maverick X3 Turbo R<\/td>\n<td style=\"text-align: right;\">+ 20:48:55<\/td>\n<\/tr>\n<tr style=\"background-color: #f2f2f2; vertical-align: top;\">\n<td>20.<\/td>\n<td>Enrico Gaspari \/ Massimo Salvatore<\/td>\n<td>Polaris RZR Pro XP<\/td>\n<td style=\"text-align: right;\">+ 21:51:39<\/td>\n<\/tr>\n<tr style=\"background-color: #dbd9d9; vertical-align: top;\">\n<td>21.<\/td>\n<td>Thierry Porte \/ Jerome Doudard<\/td>\n<td>ORT Scorpion<\/td>\n<td style=\"text-align: right;\">+ 22:52:09<\/td>\n<\/tr>\n<tr style=\"background-color: #f2f2f2; vertical-align: top;\">\n<td>22.<\/td>\n<td>Lionel Costes \/ Christophe Tressens<\/td>\n<td>PH Sport Zephyr<\/td>\n<td style=\"text-align: right;\">+ 35:12:58<\/td>\n<\/tr>\n<tr style=\"background-color: #dbd9d9; vertical-align: top;\">\n<td>23.<\/td>\n<td>Seth Quintero \/ Dennis Zenz<\/td>\n<td>OT3<\/td>\n<td style=\"text-align: right;\">+ 39:24:43<\/td>\n<\/tr>\n<tr style=\"background-color: #f2f2f2; vertical-align: top;\">\n<td>24.<\/td>\n<td>Ghislain de Mevius \/ Johan Jalet<\/td>\n<td>Yamaha Interceptor<\/td>\n<td style=\"text-align: right;\">+ 53:38:57<\/td>\n<\/tr>\n<tr style=\"background-color: #808080;\">\n<td style=\"text-align: center;\" colspan=\"4\"><\/td>\n<\/tr>\n<tr style=\"background-color: #dbd9d9; vertical-align: top;\">\n<td>DNF<\/td>\n<td>Guillaume de Mevius \/ <a href=\"\/index.php\/osobnosti\/tom-colsoul\/\"><span style=\"color: #ee8027;\">Tom Colsoul<\/span><\/a><\/td>\n<td>OT3<\/td>\n<td style=\"text-align: right;\"><\/td>\n<\/tr>\n<tr style=\"background-color: #f2f2f2; vertical-align: top;\">\n<td>DNF<\/td>\n<td>Philippe Pinchedez \/ Thomas Gaidella<\/td>\n<td>Can-Am T3RR<\/td>\n<td style=\"text-align: right;\"><\/td>\n<\/tr>\n<tr style=\"background-color: #dbd9d9; vertical-align: top;\">\n<td>DNF<\/td>\n<td>Rui Carneiro \/ Jose Janela<\/td>\n<td>MMP Rally Raid<\/td>\n<td style=\"text-align: right;\"><\/td>\n<\/tr>\n<tr style=\"background-color: #f2f2f2; vertical-align: top;\">\n<td>DNF<\/td>\n<td>Frantz Comoli \/ Tom Piallat<\/td>\n<td>PH Sport Zephyr<\/td>\n<td style=\"text-align: right;\"><\/td>\n<\/tr>\n<\/tbody>\n<\/table>\n<p>[\/vc_column_text][\/vc_column_inner][\/vc_row_inner][\/vc_tta_section][vc_tta_section title=&#8221;T4&#8243; tab_id=&#8221;sp-fia-t4&#8243;][vc_row_inner][vc_column_inner][vc_column_text css_animation=&#8221;fadeIn&#8221;]<\/p>\n<table style=\"width: 97.7654%;\" rules=\"rows\" cellpadding=\"4px\">\n<tbody>\n<tr style=\"background-color: #808080; color: white;\">\n<td style=\"text-align: center;\" colspan=\"4\"><span style=\"font-size: 10pt;\"><strong>ANDALUC\u00cdA RALLY 2021<br \/>\nSV\u011aTOV\u00dd POH\u00c1R FIA &#8211; SKUPINA T4<br \/>\nkone\u010dn\u00e9 v\u00fdsledky<\/strong><\/span><\/td>\n<\/tr>\n<tr style=\"background-color: #dbd9d9; vertical-align: top;\">\n<td>1.<\/td>\n<td><a href=\"\/index.php\/osobnosti\/austin-jones\/\"><span style=\"color: #ee8027;\">Austin Jones<\/span><\/a> \/ <a href=\"\/index.php\/osobnosti\/gustavo-gugelmin\/\"><span style=\"color: #ee8027;\">Gustavo Gugelmin<\/span><\/a><\/td>\n<td>Can-Am Maverick X3 XRS<\/td>\n<td style=\"text-align: right;\">11:31:08<\/td>\n<\/tr>\n<tr style=\"background-color: #f2f2f2; vertical-align: top;\">\n<td>2.<\/td>\n<td>Khalifa Al-Attiyah \/ <a href=\"\/index.php\/osobnosti\/xavier-panseri\/\"><span style=\"color: #ee8027;\">Xavier Panseri<\/span><\/a><\/td>\n<td>Can-Am Maverick X3 XRS<\/td>\n<td style=\"text-align: right;\">+ 13:24<\/td>\n<\/tr>\n<tr style=\"background-color: #dbd9d9; vertical-align: top;\">\n<td>3.<\/td>\n<td>Kees Koolen \/ Mirjam Pol<\/td>\n<td>Can-Am Maverick X3 XRS<\/td>\n<td style=\"text-align: right;\">+ 30:49<\/td>\n<\/tr>\n<tr style=\"background-color: #f2f2f2; vertical-align: top;\">\n<td>4.<\/td>\n<td>Hernan Garces \/ Juan Pablo Latrach Vinagre<\/td>\n<td>Can-Am Maverick X3 XRS<\/td>\n<td style=\"text-align: right;\">+ 40:28<\/td>\n<\/tr>\n<tr style=\"background-color: #dbd9d9; vertical-align: top;\">\n<td>5.<\/td>\n<td>David Zille \/ Bruno Jacomy<\/td>\n<td>Can-Am Maverick X3 XRS<\/td>\n<td style=\"text-align: right;\">+ 42:19<\/td>\n<\/tr>\n<tr style=\"background-color: #f2f2f2; vertical-align: top;\">\n<td>6.<\/td>\n<td>Romain Locmane \/ Maxime Fourmaux<\/td>\n<td>Can-Am Maverick X3 XRS<\/td>\n<td style=\"text-align: right;\">+ 44:33<\/td>\n<\/tr>\n<tr style=\"background-color: #dbd9d9; vertical-align: top;\">\n<td>7.<\/td>\n<td>Florent Vayssade \/ Nicolas Rey<\/td>\n<td>Can-Am Maverick X3 XRS<\/td>\n<td style=\"text-align: right;\">+ 47:53<\/td>\n<\/tr>\n<tr style=\"background-color: #f2f2f2; vertical-align: top;\">\n<td>8.<\/td>\n<td>Benjamin Lattard \/ Patrick Jimbert<\/td>\n<td>Can-Am Maverick XR XRS<\/td>\n<td style=\"text-align: right;\">+ 1:05:16<\/td>\n<\/tr>\n<tr style=\"background-color: #dbd9d9; vertical-align: top;\">\n<td>9.<\/td>\n<td>Lucas Del Rio \/ Marcello Scola<\/td>\n<td>Can-Am Maverick XR XRS<\/td>\n<td style=\"text-align: right;\">+ 1:16:25<\/td>\n<\/tr>\n<tr style=\"background-color: #f2f2f2; vertical-align: top;\">\n<td>10.<\/td>\n<td>Nazareno Lopez \/ Ricardo Adrian Torlaschi<\/td>\n<td>Polaris RZR Pro XP<\/td>\n<td style=\"text-align: right;\">+ 1:29:58<\/td>\n<\/tr>\n<tr style=\"background-color: #dbd9d9; vertical-align: top;\">\n<td>11.<\/td>\n<td>Jean-Claude Pla \/ Jerome Pla<\/td>\n<td>Polaris RZR Pro XP<\/td>\n<td style=\"text-align: right;\">+ 1:31:04<\/td>\n<\/tr>\n<tr style=\"background-color: #f2f2f2; vertical-align: top;\">\n<td>12.<\/td>\n<td>Jordi Segura \/ Marc Sol\u00e0 Terradellas<\/td>\n<td>Can-Am Maverick X3 XRS<\/td>\n<td style=\"text-align: right;\">+ 2:13:43<\/td>\n<\/tr>\n<tr style=\"background-color: #dbd9d9; vertical-align: top;\">\n<td>13.<\/td>\n<td>Andre Thewessen \/ Stijn Bastings<\/td>\n<td>Can-Am Maverick X3 XRS<\/td>\n<td style=\"text-align: right;\">+ 23:19:52<\/td>\n<\/tr>\n<tr style=\"background-color: #f2f2f2; vertical-align: top;\">\n<td>14.<\/td>\n<td>Aron Dom\u017ca\u0142a \/ <a href=\"\/index.php\/osobnosti\/maciej-marton\/\"><span style=\"color: #ee8027;\">Maciej Marton<\/span><\/a><\/td>\n<td>Can-Am Maverick X3 XRS<\/td>\n<td style=\"text-align: right;\">+ 24:37:49<\/td>\n<\/tr>\n<tr style=\"background-color: #dbd9d9; vertical-align: top;\">\n<td>15.<\/td>\n<td>Ricardo Ramilo Suarez \/ Oriol Vidal Montijano<\/td>\n<td>Can-Am Maverick X3 XRS<\/td>\n<td style=\"text-align: right;\">+ 38:59:21<\/td>\n<\/tr>\n<tr style=\"background-color: #808080;\">\n<td style=\"text-align: center;\" colspan=\"4\"><\/td>\n<\/tr>\n<tr style=\"background-color: #f2f2f2; vertical-align: top;\">\n<td>DNF<\/td>\n<td>Matthieu Margaillan \/ Axelle Roux-Decima<\/td>\n<td>Can-Am Maverick X3 XRS<\/td>\n<td style=\"text-align: right;\"><\/td>\n<\/tr>\n<tr style=\"background-color: #dbd9d9; vertical-align: top;\">\n<td>DNF<\/td>\n<td>Victor Grasa \/ Manuel Navarro<\/td>\n<td>Can-Am Maverick X3 XRS<\/td>\n<td style=\"text-align: right;\"><\/td>\n<\/tr>\n<tr style=\"background-color: #f2f2f2; vertical-align: top;\">\n<td>DNF<\/td>\n<td>Jean-Philippe B\u00e9ziat \/ Vincent Albira<\/td>\n<td>Can-Am Maverick X3 XRS<\/td>\n<td style=\"text-align: right;\"><\/td>\n<\/tr>\n<tr style=\"background-color: #dbd9d9; vertical-align: top;\">\n<td>DNF<\/td>\n<td>Josep Fallada Pouget \/ Raul Ortiz Navas<\/td>\n<td>Can-Am Maverick X3 XRS<\/td>\n<td style=\"text-align: right;\"><\/td>\n<\/tr>\n<\/tbody>\n<\/table>\n<p>[\/vc_column_text][\/vc_column_inner][\/vc_row_inner][\/vc_tta_section][\/vc_tta_pageable][\/vc_column][\/vc_row][vc_row css_animation=&#8221;fadeIn&#8221; el_id=&#8221;clanky&#8221;][vc_column][vc_masonry_grid post_type=&#8221;post&#8221; max_items=&#8221;-1&#8243; style=&#8221;lazy&#8221; items_per_page=&#8221;3&#8243; show_filter=&#8221;yes&#8221; gap=&#8221;5&#8243; filter_style=&#8221;filled&#8221; item=&#8221;3404&#8243; grid_id=&#8221;vc_gid:1692719250590-473f28cb-5292-3&#8243; taxonomies=&#8221;1852&#8243; filter_source=&#8221;category&#8221;][\/vc_column][\/vc_row]<\/p>\n","protected":false},"excerpt":{"rendered":"<p>Druh\u00fd ro\u010dn\u00edk Andaluc\u00eda Rally se jel jako \u00favodn\u00ed podnik Sv\u011btov\u00e9ho poh\u00e1ru FIA v cross-country rally 2021.<\/p>\n","protected":false},"author":1,"featured_media":19542,"parent":4410,"menu_order":0,"comment_status":"closed","ping_status":"closed","template":"page-templates\/builder.php","meta":{"footnotes":""},"class_list":["post-19539","page","type-page","status-publish","has-post-thumbnail","hentry"],"yoast_head":"<!-- This site is optimized with the Yoast SEO plugin v24.9 - https:\/\/yoast.com\/wordpress\/plugins\/seo\/ -->\n<title>Andaluc\u00eda Rally 2021 - DAKARMANIA.cz<\/title>\n<meta name=\"description\" content=\"Druh\u00fd ro\u010dn\u00edk Andaluc\u00eda Rally se jel jako \u00favodn\u00ed podnik Sv\u011btov\u00e9ho poh\u00e1ru FIA v cross-country rally 2021.\" \/>\n<meta name=\"robots\" content=\"index, follow, max-snippet:-1, max-image-preview:large, max-video-preview:-1\" \/>\n<link rel=\"canonical\" href=\"https:\/\/www.dakarmania.cz\/index.php\/souteze\/andalucia-rally-2021\/\" \/>\n<meta property=\"og:locale\" content=\"cs_CZ\" \/>\n<meta property=\"og:type\" content=\"article\" \/>\n<meta property=\"og:title\" content=\"Andaluc\u00eda Rally 2021 - DAKARMANIA.cz\" \/>\n<meta property=\"og:description\" content=\"Druh\u00fd ro\u010dn\u00edk Andaluc\u00eda Rally se jel jako \u00favodn\u00ed podnik Sv\u011btov\u00e9ho poh\u00e1ru FIA v cross-country rally 2021.\" \/>\n<meta property=\"og:url\" content=\"https:\/\/www.dakarmania.cz\/index.php\/souteze\/andalucia-rally-2021\/\" \/>\n<meta property=\"og:site_name\" content=\"DAKARMANIA.cz\" \/>\n<meta property=\"article:publisher\" content=\"https:\/\/www.facebook.com\/dakarmania\/\" \/>\n<meta property=\"article:modified_time\" content=\"2023-08-22T15:48:47+00:00\" \/>\n<meta property=\"og:image\" content=\"https:\/\/www.dakarmania.cz\/wp-content\/uploads\/2021\/06\/21-andalucia-header-01.jpg\" \/>\n\t<meta property=\"og:image:width\" content=\"1600\" \/>\n\t<meta property=\"og:image:height\" content=\"711\" \/>\n\t<meta property=\"og:image:type\" content=\"image\/jpeg\" \/>\n<meta name=\"twitter:card\" content=\"summary_large_image\" \/>\n<meta name=\"twitter:label1\" content=\"Odhadovan\u00e1 doba \u010dten\u00ed\" \/>\n\t<meta name=\"twitter:data1\" content=\"13 minut\" \/>\n<script type=\"application\/ld+json\" class=\"yoast-schema-graph\">{\"@context\":\"https:\/\/schema.org\",\"@graph\":[{\"@type\":\"WebPage\",\"@id\":\"https:\/\/www.dakarmania.cz\/index.php\/souteze\/andalucia-rally-2021\/\",\"url\":\"https:\/\/www.dakarmania.cz\/index.php\/souteze\/andalucia-rally-2021\/\",\"name\":\"Andaluc\u00eda Rally 2021 - DAKARMANIA.cz\",\"isPartOf\":{\"@id\":\"https:\/\/www.dakarmania.cz\/#website\"},\"primaryImageOfPage\":{\"@id\":\"https:\/\/www.dakarmania.cz\/index.php\/souteze\/andalucia-rally-2021\/#primaryimage\"},\"image\":{\"@id\":\"https:\/\/www.dakarmania.cz\/index.php\/souteze\/andalucia-rally-2021\/#primaryimage\"},\"thumbnailUrl\":\"https:\/\/www.dakarmania.cz\/wp-content\/uploads\/2021\/06\/21-andalucia-header-01.jpg\",\"datePublished\":\"2021-06-07T13:30:34+00:00\",\"dateModified\":\"2023-08-22T15:48:47+00:00\",\"description\":\"Druh\u00fd ro\u010dn\u00edk Andaluc\u00eda Rally se jel jako \u00favodn\u00ed podnik Sv\u011btov\u00e9ho poh\u00e1ru FIA v cross-country rally 2021.\",\"breadcrumb\":{\"@id\":\"https:\/\/www.dakarmania.cz\/index.php\/souteze\/andalucia-rally-2021\/#breadcrumb\"},\"inLanguage\":\"cs\",\"potentialAction\":[{\"@type\":\"ReadAction\",\"target\":[\"https:\/\/www.dakarmania.cz\/index.php\/souteze\/andalucia-rally-2021\/\"]}]},{\"@type\":\"ImageObject\",\"inLanguage\":\"cs\",\"@id\":\"https:\/\/www.dakarmania.cz\/index.php\/souteze\/andalucia-rally-2021\/#primaryimage\",\"url\":\"https:\/\/www.dakarmania.cz\/wp-content\/uploads\/2021\/06\/21-andalucia-header-01.jpg\",\"contentUrl\":\"https:\/\/www.dakarmania.cz\/wp-content\/uploads\/2021\/06\/21-andalucia-header-01.jpg\",\"width\":1600,\"height\":711,\"caption\":\"Nasser Al-Attiyah\/Mathieu Baumel, Toyota Hilux, Nasser Racing. Andaluc\u00eda Rally 2021. \u00a9 RallyZone\"},{\"@type\":\"BreadcrumbList\",\"@id\":\"https:\/\/www.dakarmania.cz\/index.php\/souteze\/andalucia-rally-2021\/#breadcrumb\",\"itemListElement\":[{\"@type\":\"ListItem\",\"position\":1,\"name\":\"Dom\u016f\",\"item\":\"https:\/\/www.dakarmania.cz\/\"},{\"@type\":\"ListItem\",\"position\":2,\"name\":\"Sout\u011b\u017ee\",\"item\":\"https:\/\/www.dakarmania.cz\/index.php\/souteze\/\"},{\"@type\":\"ListItem\",\"position\":3,\"name\":\"Andaluc\u00eda Rally 2021\"}]},{\"@type\":\"WebSite\",\"@id\":\"https:\/\/www.dakarmania.cz\/#website\",\"url\":\"https:\/\/www.dakarmania.cz\/\",\"name\":\"DAKARMANIA.cz\",\"description\":\"\u017dijeme Dakarem cel\u00fd rok\",\"publisher\":{\"@id\":\"https:\/\/www.dakarmania.cz\/#organization\"},\"potentialAction\":[{\"@type\":\"SearchAction\",\"target\":{\"@type\":\"EntryPoint\",\"urlTemplate\":\"https:\/\/www.dakarmania.cz\/?s={search_term_string}\"},\"query-input\":{\"@type\":\"PropertyValueSpecification\",\"valueRequired\":true,\"valueName\":\"search_term_string\"}}],\"inLanguage\":\"cs\"},{\"@type\":\"Organization\",\"@id\":\"https:\/\/www.dakarmania.cz\/#organization\",\"name\":\"DAKAR MANIA\",\"url\":\"https:\/\/www.dakarmania.cz\/\",\"logo\":{\"@type\":\"ImageObject\",\"inLanguage\":\"cs\",\"@id\":\"https:\/\/www.dakarmania.cz\/#\/schema\/logo\/image\/\",\"url\":\"https:\/\/www.dakarmania.cz\/wp-content\/uploads\/2018\/12\/Dakar-Mania-Logo-Square-Orange.png\",\"contentUrl\":\"https:\/\/www.dakarmania.cz\/wp-content\/uploads\/2018\/12\/Dakar-Mania-Logo-Square-Orange.png\",\"width\":992,\"height\":992,\"caption\":\"DAKAR MANIA\"},\"image\":{\"@id\":\"https:\/\/www.dakarmania.cz\/#\/schema\/logo\/image\/\"},\"sameAs\":[\"https:\/\/www.facebook.com\/dakarmania\/\"]}]}<\/script>\n<!-- \/ Yoast SEO plugin. -->","yoast_head_json":{"title":"Andaluc\u00eda Rally 2021 - DAKARMANIA.cz","description":"Druh\u00fd ro\u010dn\u00edk Andaluc\u00eda Rally se jel jako \u00favodn\u00ed podnik Sv\u011btov\u00e9ho poh\u00e1ru FIA v cross-country rally 2021.","robots":{"index":"index","follow":"follow","max-snippet":"max-snippet:-1","max-image-preview":"max-image-preview:large","max-video-preview":"max-video-preview:-1"},"canonical":"https:\/\/www.dakarmania.cz\/index.php\/souteze\/andalucia-rally-2021\/","og_locale":"cs_CZ","og_type":"article","og_title":"Andaluc\u00eda Rally 2021 - DAKARMANIA.cz","og_description":"Druh\u00fd ro\u010dn\u00edk Andaluc\u00eda Rally se jel jako \u00favodn\u00ed podnik Sv\u011btov\u00e9ho poh\u00e1ru FIA v cross-country rally 2021.","og_url":"https:\/\/www.dakarmania.cz\/index.php\/souteze\/andalucia-rally-2021\/","og_site_name":"DAKARMANIA.cz","article_publisher":"https:\/\/www.facebook.com\/dakarmania\/","article_modified_time":"2023-08-22T15:48:47+00:00","og_image":[{"width":1600,"height":711,"url":"https:\/\/www.dakarmania.cz\/wp-content\/uploads\/2021\/06\/21-andalucia-header-01.jpg","type":"image\/jpeg"}],"twitter_card":"summary_large_image","twitter_misc":{"Odhadovan\u00e1 doba \u010dten\u00ed":"13 minut"},"schema":{"@context":"https:\/\/schema.org","@graph":[{"@type":"WebPage","@id":"https:\/\/www.dakarmania.cz\/index.php\/souteze\/andalucia-rally-2021\/","url":"https:\/\/www.dakarmania.cz\/index.php\/souteze\/andalucia-rally-2021\/","name":"Andaluc\u00eda Rally 2021 - DAKARMANIA.cz","isPartOf":{"@id":"https:\/\/www.dakarmania.cz\/#website"},"primaryImageOfPage":{"@id":"https:\/\/www.dakarmania.cz\/index.php\/souteze\/andalucia-rally-2021\/#primaryimage"},"image":{"@id":"https:\/\/www.dakarmania.cz\/index.php\/souteze\/andalucia-rally-2021\/#primaryimage"},"thumbnailUrl":"https:\/\/www.dakarmania.cz\/wp-content\/uploads\/2021\/06\/21-andalucia-header-01.jpg","datePublished":"2021-06-07T13:30:34+00:00","dateModified":"2023-08-22T15:48:47+00:00","description":"Druh\u00fd ro\u010dn\u00edk Andaluc\u00eda Rally se jel jako \u00favodn\u00ed podnik Sv\u011btov\u00e9ho poh\u00e1ru FIA v cross-country rally 2021.","breadcrumb":{"@id":"https:\/\/www.dakarmania.cz\/index.php\/souteze\/andalucia-rally-2021\/#breadcrumb"},"inLanguage":"cs","potentialAction":[{"@type":"ReadAction","target":["https:\/\/www.dakarmania.cz\/index.php\/souteze\/andalucia-rally-2021\/"]}]},{"@type":"ImageObject","inLanguage":"cs","@id":"https:\/\/www.dakarmania.cz\/index.php\/souteze\/andalucia-rally-2021\/#primaryimage","url":"https:\/\/www.dakarmania.cz\/wp-content\/uploads\/2021\/06\/21-andalucia-header-01.jpg","contentUrl":"https:\/\/www.dakarmania.cz\/wp-content\/uploads\/2021\/06\/21-andalucia-header-01.jpg","width":1600,"height":711,"caption":"Nasser Al-Attiyah\/Mathieu Baumel, Toyota Hilux, Nasser Racing. Andaluc\u00eda Rally 2021. \u00a9 RallyZone"},{"@type":"BreadcrumbList","@id":"https:\/\/www.dakarmania.cz\/index.php\/souteze\/andalucia-rally-2021\/#breadcrumb","itemListElement":[{"@type":"ListItem","position":1,"name":"Dom\u016f","item":"https:\/\/www.dakarmania.cz\/"},{"@type":"ListItem","position":2,"name":"Sout\u011b\u017ee","item":"https:\/\/www.dakarmania.cz\/index.php\/souteze\/"},{"@type":"ListItem","position":3,"name":"Andaluc\u00eda Rally 2021"}]},{"@type":"WebSite","@id":"https:\/\/www.dakarmania.cz\/#website","url":"https:\/\/www.dakarmania.cz\/","name":"DAKARMANIA.cz","description":"\u017dijeme Dakarem cel\u00fd rok","publisher":{"@id":"https:\/\/www.dakarmania.cz\/#organization"},"potentialAction":[{"@type":"SearchAction","target":{"@type":"EntryPoint","urlTemplate":"https:\/\/www.dakarmania.cz\/?s={search_term_string}"},"query-input":{"@type":"PropertyValueSpecification","valueRequired":true,"valueName":"search_term_string"}}],"inLanguage":"cs"},{"@type":"Organization","@id":"https:\/\/www.dakarmania.cz\/#organization","name":"DAKAR MANIA","url":"https:\/\/www.dakarmania.cz\/","logo":{"@type":"ImageObject","inLanguage":"cs","@id":"https:\/\/www.dakarmania.cz\/#\/schema\/logo\/image\/","url":"https:\/\/www.dakarmania.cz\/wp-content\/uploads\/2018\/12\/Dakar-Mania-Logo-Square-Orange.png","contentUrl":"https:\/\/www.dakarmania.cz\/wp-content\/uploads\/2018\/12\/Dakar-Mania-Logo-Square-Orange.png","width":992,"height":992,"caption":"DAKAR MANIA"},"image":{"@id":"https:\/\/www.dakarmania.cz\/#\/schema\/logo\/image\/"},"sameAs":["https:\/\/www.facebook.com\/dakarmania\/"]}]}},"amp_enabled":false,"_links":{"self":[{"href":"https:\/\/www.dakarmania.cz\/index.php\/wp-json\/wp\/v2\/pages\/19539","targetHints":{"allow":["GET"]}}],"collection":[{"href":"https:\/\/www.dakarmania.cz\/index.php\/wp-json\/wp\/v2\/pages"}],"about":[{"href":"https:\/\/www.dakarmania.cz\/index.php\/wp-json\/wp\/v2\/types\/page"}],"author":[{"embeddable":true,"href":"https:\/\/www.dakarmania.cz\/index.php\/wp-json\/wp\/v2\/users\/1"}],"replies":[{"embeddable":true,"href":"https:\/\/www.dakarmania.cz\/index.php\/wp-json\/wp\/v2\/comments?post=19539"}],"version-history":[{"count":52,"href":"https:\/\/www.dakarmania.cz\/index.php\/wp-json\/wp\/v2\/pages\/19539\/revisions"}],"predecessor-version":[{"id":28834,"href":"https:\/\/www.dakarmania.cz\/index.php\/wp-json\/wp\/v2\/pages\/19539\/revisions\/28834"}],"up":[{"embeddable":true,"href":"https:\/\/www.dakarmania.cz\/index.php\/wp-json\/wp\/v2\/pages\/4410"}],"wp:featuredmedia":[{"embeddable":true,"href":"https:\/\/www.dakarmania.cz\/index.php\/wp-json\/wp\/v2\/media\/19542"}],"wp:attachment":[{"href":"https:\/\/www.dakarmania.cz\/index.php\/wp-json\/wp\/v2\/media?parent=19539"}],"curies":[{"name":"wp","href":"https:\/\/api.w.org\/{rel}","templated":true}]}}