{"id":19678,"date":"2021-06-15T17:24:17","date_gmt":"2021-06-15T15:24:17","guid":{"rendered":"https:\/\/www.dakarmania.cz\/?page_id=19678"},"modified":"2023-04-14T16:14:07","modified_gmt":"2023-04-14T14:14:07","slug":"lucio-alvarez","status":"publish","type":"page","link":"https:\/\/www.dakarmania.cz\/index.php\/osobnosti\/lucio-alvarez\/","title":{"rendered":"Lucio \u00c1lvarez"},"content":{"rendered":"<p>[vc_row][vc_column][vc_btn title=&#8221;Osobnosti&#8221; style=&#8221;outline&#8221; shape=&#8221;square&#8221; color=&#8221;warning&#8221; size=&#8221;xs&#8221; align=&#8221;right&#8221; i_align=&#8221;right&#8221; i_icon_fontawesome=&#8221;fa fa-chevron-up&#8221; css_animation=&#8221;fadeIn&#8221; add_icon=&#8221;true&#8221; css=&#8221;.vc_custom_1619647236504{padding-right: 1px !important;padding-left: 1px !important;}&#8221; link=&#8221;url:%2Findex.php%2Fosobnosti%2F|||&#8221;][vc_column_text css_animation=&#8221;fadeIn&#8221; css=&#8221;.vc_custom_1681458417437{padding-top: 200px !important;padding-right: 15px !important;padding-bottom: 15px !important;padding-left: 15px !important;background: #f2f2f2 url(https:\/\/www.dakarmania.cz\/wp-content\/uploads\/2023\/04\/profile-alvarez-l-01.jpg?id=26898) !important;background-position: center !important;background-repeat: no-repeat !important;background-size: cover !important;}&#8221;]<\/p>\n<h1 style=\"text-align: left;\"><span style=\"background-color: #ee8027; opacity: 0.7;\"><span style=\"color: #ffffff; padding: 10px;\">LUCIO EZEQUIEL<\/span><br \/>\n<span style=\"color: #ffffff; padding: 10px;\">\u00c1LVAREZ<\/span><\/span><\/h1>\n<p>[\/vc_column_text][vc_column_text css_animation=&#8221;fadeIn&#8221; css=&#8221;.vc_custom_1681480406185{padding-top: 10px !important;padding-right: 10px !important;padding-bottom: 10px !important;padding-left: 10px !important;}&#8221;]<\/p>\n<p style=\"text-align: center;\"><img decoding=\"async\" style=\"border: 1px solid gray;\" src=\"\/wp-content\/uploads\/2019\/06\/flag-ar-18x12.png\" \/> <strong>Argentina<\/strong> | * 1. \u00fanora 1977, San Rafael, Mendoza<\/p>\n<p style=\"text-align: center;\">5. m\u00edsto na Rally Dakar (2012)<\/p>\n<p>[\/vc_column_text][\/vc_column][\/vc_row][vc_row][vc_column][vc_btn title=&#8221;Dakar&#8221; style=&#8221;classic&#8221; shape=&#8221;square&#8221; color=&#8221;warning&#8221; size=&#8221;xs&#8221; css_animation=&#8221;fadeIn&#8221; css=&#8221;.vc_custom_1681477468052{padding-right: 1px !important;padding-left: 1px !important;}&#8221; link=&#8221;url:%2Findex.php%2Fosobnosti%2Flucio-alvarez%2F%23dakar|||&#8221;][vc_btn title=&#8221;W2RC&#8221; style=&#8221;classic&#8221; shape=&#8221;square&#8221; color=&#8221;warning&#8221; size=&#8221;xs&#8221; css_animation=&#8221;fadeIn&#8221; css=&#8221;.vc_custom_1681477485551{padding-right: 1px !important;padding-left: 1px !important;}&#8221; link=&#8221;url:%2Findex.php%2Fosobnosti%2Flucio-alvarez%2F%23w2rc|||&#8221;][vc_tta_pageable no_fill_content_area=&#8221;1&#8243; active_section=&#8221;1&#8243; pagination_style=&#8221;&#8221; css_animation=&#8221;fadeIn&#8221;][vc_tta_section title=&#8221;Dakar&#8221; tab_id=&#8221;dakar&#8221;][vc_column_text css_animation=&#8221;fadeIn&#8221;]<\/p>\n<table style=\"width: 97.7654%;\" rules=\"rows\" cellpadding=\"4px\">\n<tbody>\n<tr style=\"background-color: #808080; color: white;\">\n<td style=\"text-align: center;\" colspan=\"7\"><span style=\"font-size: 12pt;\"><strong>RALLY DAKAR<\/strong><\/span><\/td>\n<\/tr>\n<tr style=\"vertical-align: top; background-color: #f2f2f2;\">\n<td style=\"text-align: center;\"><a href=\"\/index.php\/rally-dakar\/dakar-2022\/\"><span style=\"color: #ee8027;\"><strong>2022<\/strong><\/span><\/a><\/td>\n<td class=\"nomobile\" style=\"text-align: center;\"><img decoding=\"async\" src=\"\/wp-content\/uploads\/2019\/03\/flag-sa-18x12.png\" \/><\/td>\n<td style=\"text-align: center;\"><strong>auto<\/strong><br \/>\njezdec<\/td>\n<td class=\"nomobile\" style=\"text-align: center;\">8. start<\/td>\n<td><strong>Toyota Hilux Overdrive<\/strong><br \/>\nOverdrive Racing<\/td>\n<td><a href=\"\/index.php\/osobnosti\/armand-monleon\/\"><span style=\"color: #ee8027;\">Armand Monle\u00f3n<\/span><\/a><\/td>\n<td style=\"text-align: center;\"><strong>18.<\/strong><\/td>\n<\/tr>\n<tr style=\"vertical-align: top; background-color: #dbd9d9;\">\n<td style=\"text-align: center;\"><a href=\"\/index.php\/souteze\/dakar-2018\/\"><span style=\"color: #ee8027;\"><strong>2018<\/strong><\/span><\/a><\/td>\n<td class=\"nomobile\" style=\"text-align: center;\"><img decoding=\"async\" src=\"\/wp-content\/uploads\/2019\/03\/flag-pe-18x12.png\" \/> <img decoding=\"async\" src=\"\/wp-content\/uploads\/2019\/08\/flag-bo-18x12.png\" \/> <img decoding=\"async\" src=\"\/wp-content\/uploads\/2019\/06\/flag-ar-18x12.png\" \/><\/td>\n<td style=\"text-align: center;\"><strong>auto<\/strong><br \/>\njezdec<\/td>\n<td class=\"nomobile\" style=\"text-align: center;\">7. start<\/td>\n<td><strong>Toyota Hilux<\/strong><br \/>\nOverdrive Toyota<\/td>\n<td>Robert Howie<\/td>\n<td style=\"text-align: center;\"><strong>10.<\/strong><\/td>\n<\/tr>\n<tr style=\"vertical-align: top; background-color: #f2f2f2;\">\n<td style=\"text-align: center;\"><a href=\"\/index.php\/souteze\/dakar-2015\/\"><span style=\"color: #ee8027;\"><strong>2015<\/strong><\/span><\/a><\/td>\n<td class=\"nomobile\" style=\"text-align: center;\"><img decoding=\"async\" src=\"\/wp-content\/uploads\/2019\/06\/flag-ar-18x12.png\" \/> <img decoding=\"async\" src=\"\/wp-content\/uploads\/2019\/08\/flag-bo-18x12.png\" \/> <img decoding=\"async\" src=\"\/wp-content\/uploads\/2019\/03\/flag-cl-18x12.png\" \/><\/td>\n<td style=\"text-align: center;\"><strong>auto<\/strong><br \/>\njezdec<\/td>\n<td class=\"nomobile\" style=\"text-align: center;\">6. start<\/td>\n<td><strong>Toyota Hilux<\/strong><br \/>\nOverdrive Toyota<\/td>\n<td>Roberto Patti<\/td>\n<td style=\"text-align: center;\"><strong>DNF<\/strong><\/td>\n<\/tr>\n<tr style=\"vertical-align: top; background-color: #dbd9d9;\">\n<td style=\"text-align: center;\"><strong>2014<\/strong><\/td>\n<td class=\"nomobile\" style=\"text-align: center;\"><img decoding=\"async\" src=\"\/wp-content\/uploads\/2019\/06\/flag-ar-18x12.png\" \/> <img decoding=\"async\" src=\"\/wp-content\/uploads\/2019\/03\/flag-cl-18x12.png\" \/><\/td>\n<td style=\"text-align: center;\"><strong>auto<\/strong><br \/>\njezdec<\/td>\n<td class=\"nomobile\" style=\"text-align: center;\">5. start<\/td>\n<td><strong>Ford Ranger<\/strong><br \/>\nTeam Ford Racing<\/td>\n<td><a href=\"\/index.php\/osobnosti\/ronnie-graue\/\"><span style=\"color: #ee8027;\">Ronnie Graue<\/span><\/a><\/td>\n<td style=\"text-align: center;\"><strong>22.<\/strong><\/td>\n<\/tr>\n<tr style=\"vertical-align: top; background-color: #f2f2f2;\">\n<td style=\"text-align: center;\"><strong>2013<\/strong><\/td>\n<td class=\"nomobile\" style=\"text-align: center;\"><img decoding=\"async\" src=\"\/wp-content\/uploads\/2019\/03\/flag-pe-18x12.png\" \/> <img decoding=\"async\" src=\"\/wp-content\/uploads\/2019\/06\/flag-ar-18x12.png\" \/> <img decoding=\"async\" src=\"\/wp-content\/uploads\/2019\/03\/flag-cl-18x12.png\" \/><\/td>\n<td style=\"text-align: center;\"><strong>auto<\/strong><br \/>\njezdec<\/td>\n<td class=\"nomobile\" style=\"text-align: center;\">4. start<\/td>\n<td><strong>Toyota Hilux<\/strong><br \/>\nToyota Overdrive<\/td>\n<td><a href=\"\/index.php\/osobnosti\/ronnie-graue\/\"><span style=\"color: #ee8027;\">Ronnie Graue<\/span><\/a><\/td>\n<td style=\"text-align: center;\"><strong>10.<\/strong><\/td>\n<\/tr>\n<tr style=\"vertical-align: top; background-color: #dbd9d9;\">\n<td style=\"text-align: center;\"><strong>2012<\/strong><\/td>\n<td class=\"nomobile\" style=\"text-align: center;\"><img decoding=\"async\" src=\"\/wp-content\/uploads\/2019\/06\/flag-ar-18x12.png\" \/> <img decoding=\"async\" src=\"\/wp-content\/uploads\/2019\/03\/flag-cl-18x12.png\" \/> <img decoding=\"async\" src=\"\/wp-content\/uploads\/2019\/03\/flag-pe-18x12.png\" \/><\/td>\n<td style=\"text-align: center;\"><strong>auto<\/strong><br \/>\njezdec<\/td>\n<td class=\"nomobile\" style=\"text-align: center;\">3. start<\/td>\n<td><strong>Toyota Hilux<\/strong><br \/>\nToyota Overdrive<\/td>\n<td><a href=\"\/index.php\/osobnosti\/ronnie-graue\/\"><span style=\"color: #ee8027;\">Ronnie Graue<\/span><\/a><\/td>\n<td style=\"text-align: center;\"><strong>5.<\/strong><\/td>\n<\/tr>\n<tr style=\"vertical-align: top; background-color: #f2f2f2;\">\n<td style=\"text-align: center;\"><strong>2011<\/strong><\/td>\n<td class=\"nomobile\" style=\"text-align: center;\"><img decoding=\"async\" src=\"\/wp-content\/uploads\/2019\/06\/flag-ar-18x12.png\" \/> <img decoding=\"async\" src=\"\/wp-content\/uploads\/2019\/03\/flag-cl-18x12.png\" \/><\/td>\n<td style=\"text-align: center;\"><strong>auto<\/strong><br \/>\njezdec<\/td>\n<td class=\"nomobile\" style=\"text-align: center;\">2. start<\/td>\n<td><strong>Subaru Forester<\/strong><br \/>\nEl Andino<\/td>\n<td>Antonio Walter Belarde<\/td>\n<td style=\"text-align: center;\"><strong>15.<\/strong><\/td>\n<\/tr>\n<tr style=\"vertical-align: top; background-color: #dbd9d9;\">\n<td style=\"text-align: center;\"><strong>2010<\/strong><\/td>\n<td class=\"nomobile\" style=\"text-align: center;\"><img decoding=\"async\" src=\"\/wp-content\/uploads\/2019\/06\/flag-ar-18x12.png\" \/> <img decoding=\"async\" src=\"\/wp-content\/uploads\/2019\/03\/flag-cl-18x12.png\" \/><\/td>\n<td style=\"text-align: center;\"><strong>quad<\/strong><\/td>\n<td class=\"nomobile\" style=\"text-align: center;\">1. start<\/td>\n<td><strong>Can-Am Renegade 800 X<\/strong><\/td>\n<td><\/td>\n<td style=\"text-align: center;\"><strong>DNF<\/strong><\/td>\n<\/tr>\n<\/tbody>\n<\/table>\n<p>[\/vc_column_text][\/vc_tta_section][vc_tta_section title=&#8221;W2RC&#8221; tab_id=&#8221;w2rc&#8221;][vc_column_text css_animation=&#8221;fadeIn&#8221;]<\/p>\n<table style=\"width: 97.7654%;\" rules=\"rows\" cellpadding=\"4px\">\n<tbody>\n<tr style=\"background-color: #808080; color: white;\">\n<td style=\"text-align: center;\" colspan=\"6\"><span style=\"font-size: 12pt;\"><strong>MISTROVSTV\u00cd SV\u011aTA V D\u00c1LKOV\u00ddCH RALLY<\/strong><\/span><br \/>\n<strong> World Rally-Raid Championship<\/strong><\/td>\n<\/tr>\n<tr style=\"background-color: #9e9d9d; color: #ffffff;\">\n<td><a href=\"\/index.php\/w2rc\/w2rc-2022\/\"><span style=\"color: #ee8027;\"><strong><span style=\"color: #ffffff;\">2022<\/span><\/strong><\/span><\/a><\/td>\n<td style=\"text-align: right;\" colspan=\"5\">13. m\u00edsto | 25 bod\u016f<\/td>\n<\/tr>\n<tr style=\"vertical-align: top; background-color: #dbd9d9;\">\n<td><strong><a href=\"\/index.php\/rally-dakar\/dakar-2022\/\"><span style=\"color: #ee8027;\">Rally Dakar<\/span><\/a><\/strong><\/td>\n<td class=\"nomobile\" style=\"text-align: center;\"><img decoding=\"async\" src=\"\/wp-content\/uploads\/2019\/03\/flag-sa-18x12.png\" \/><\/td>\n<td style=\"text-align: center;\"><strong>auto <\/strong>(T1)<br \/>\njezdec<\/td>\n<td><strong>Toyota Hilux Overdrive<\/strong><br \/>\nOverdrive Racing<\/td>\n<td><a href=\"\/index.php\/osobnosti\/armand-monleon\/\"><span style=\"color: #ee8027;\">Armand Monle\u00f3n<\/span><\/a><\/td>\n<td style=\"text-align: right;\"><strong>22. <\/strong>(FIA)<\/td>\n<\/tr>\n<\/tbody>\n<\/table>\n<p>[\/vc_column_text][\/vc_tta_section][vc_tta_section title=&#8221;SP FIA CCR&#8221; tab_id=&#8221;sp-fia-ccr&#8221;][vc_column_text css_animation=&#8221;fadeIn&#8221;]<\/p>\n<table style=\"width: 97.7654%;\" rules=\"rows\" cellpadding=\"4px\">\n<tbody>\n<tr style=\"background-color: #808080; color: white;\">\n<td style=\"text-align: center;\" colspan=\"6\"><span style=\"font-size: 12pt;\"><strong>SV\u011aTOV\u00dd POH\u00c1R FIA V CROSS-COUNTRY RALLY<\/strong><\/span><\/td>\n<\/tr>\n<tr style=\"background-color: #9e9d9d; color: #ffffff;\">\n<td><a href=\"\/index.php\/sampionaty\/sp-fia-ccr-2021\/\"><span style=\"color: #ee8027;\"><strong><span style=\"color: #ffffff;\">2021<\/span><\/strong><\/span><\/a><\/td>\n<td style=\"text-align: right;\" colspan=\"5\"><\/td>\n<\/tr>\n<tr style=\"vertical-align: top; background-color: #f2f2f2;\">\n<td><strong><a href=\"\/index.php\/souteze\/rally-kazakhstan-2021\/\"><span style=\"color: #ee8027;\">Rally Kazakhstan<\/span><\/a><\/strong><\/td>\n<td class=\"nomobile\" style=\"text-align: center;\"><img decoding=\"async\" src=\"\/wp-content\/uploads\/2019\/02\/flag-kz-18x12.png\" \/><\/td>\n<td style=\"text-align: center;\">jezdec<\/td>\n<td><strong>Toyota Hilux<\/strong><br \/>\nOverdrive SA<\/td>\n<td><a href=\"\/index.php\/osobnosti\/armand-monleon\/\"><span style=\"color: #ee8027;\">Armand Monle\u00f3n<\/span><\/a><\/td>\n<td><strong>1.<\/strong><\/td>\n<\/tr>\n<\/tbody>\n<\/table>\n<p>[\/vc_column_text][\/vc_tta_section][\/vc_tta_pageable][\/vc_column][\/vc_row][vc_row css_animation=&#8221;fadeIn&#8221;][vc_column][vc_masonry_grid post_type=&#8221;post&#8221; max_items=&#8221;-1&#8243; style=&#8221;lazy&#8221; items_per_page=&#8221;3&#8243; gap=&#8221;5&#8243; item=&#8221;3404&#8243; grid_id=&#8221;vc_gid:1681481291418-d8270f5f-6d53-3&#8243; taxonomies=&#8221;1875&#8243;][\/vc_column][\/vc_row]<\/p>\n","protected":false},"excerpt":{"rendered":"<p>Lucio \u00c1lvarez je argentinsk\u00fd \u010dty\u0159kolk\u00e1\u0159 a automobilov\u00fd z\u00e1vodn\u00edk, \u00fa\u010dastn\u00edk Rally Dakar a dal\u0161\u00edch mezin\u00e1rodn\u00edch cross-country rally. <\/p>\n","protected":false},"author":1,"featured_media":26898,"parent":3629,"menu_order":10,"comment_status":"closed","ping_status":"closed","template":"page-templates\/builder.php","meta":{"footnotes":""},"class_list":["post-19678","page","type-page","status-publish","has-post-thumbnail","hentry"],"yoast_head":"<!-- This site is optimized with the Yoast SEO plugin v24.9 - https:\/\/yoast.com\/wordpress\/plugins\/seo\/ -->\n<title>Lucio \u00c1lvarez - DAKARMANIA.cz<\/title>\n<meta name=\"description\" content=\"Lucio \u00c1lvarez je argentinsk\u00fd \u010dty\u0159kolk\u00e1\u0159 a automobilov\u00fd z\u00e1vodn\u00edk, \u00fa\u010dastn\u00edk Rally Dakar a dal\u0161\u00edch mezin\u00e1rodn\u00edch cross-country rally.\" \/>\n<meta name=\"robots\" content=\"index, follow, max-snippet:-1, max-image-preview:large, max-video-preview:-1\" \/>\n<link rel=\"canonical\" href=\"https:\/\/www.dakarmania.cz\/index.php\/osobnosti\/lucio-alvarez\/\" \/>\n<meta property=\"og:locale\" content=\"cs_CZ\" \/>\n<meta property=\"og:type\" content=\"article\" \/>\n<meta property=\"og:title\" content=\"Lucio \u00c1lvarez - DAKARMANIA.cz\" \/>\n<meta property=\"og:description\" content=\"Lucio \u00c1lvarez je argentinsk\u00fd \u010dty\u0159kolk\u00e1\u0159 a automobilov\u00fd z\u00e1vodn\u00edk, \u00fa\u010dastn\u00edk Rally Dakar a dal\u0161\u00edch mezin\u00e1rodn\u00edch cross-country rally.\" \/>\n<meta property=\"og:url\" content=\"https:\/\/www.dakarmania.cz\/index.php\/osobnosti\/lucio-alvarez\/\" \/>\n<meta property=\"og:site_name\" content=\"DAKARMANIA.cz\" \/>\n<meta property=\"article:publisher\" content=\"https:\/\/www.facebook.com\/dakarmania\/\" \/>\n<meta property=\"article:modified_time\" content=\"2023-04-14T14:14:07+00:00\" \/>\n<meta property=\"og:image\" content=\"https:\/\/www.dakarmania.cz\/wp-content\/uploads\/2023\/04\/profile-alvarez-l-01.jpg\" \/>\n\t<meta property=\"og:image:width\" content=\"1600\" \/>\n\t<meta property=\"og:image:height\" content=\"711\" \/>\n\t<meta property=\"og:image:type\" content=\"image\/jpeg\" \/>\n<meta name=\"twitter:card\" content=\"summary_large_image\" \/>\n<meta name=\"twitter:label1\" content=\"Odhadovan\u00e1 doba \u010dten\u00ed\" \/>\n\t<meta name=\"twitter:data1\" content=\"6 minut\" \/>\n<script type=\"application\/ld+json\" class=\"yoast-schema-graph\">{\"@context\":\"https:\/\/schema.org\",\"@graph\":[{\"@type\":\"WebPage\",\"@id\":\"https:\/\/www.dakarmania.cz\/index.php\/osobnosti\/lucio-alvarez\/\",\"url\":\"https:\/\/www.dakarmania.cz\/index.php\/osobnosti\/lucio-alvarez\/\",\"name\":\"Lucio \u00c1lvarez - DAKARMANIA.cz\",\"isPartOf\":{\"@id\":\"https:\/\/www.dakarmania.cz\/#website\"},\"primaryImageOfPage\":{\"@id\":\"https:\/\/www.dakarmania.cz\/index.php\/osobnosti\/lucio-alvarez\/#primaryimage\"},\"image\":{\"@id\":\"https:\/\/www.dakarmania.cz\/index.php\/osobnosti\/lucio-alvarez\/#primaryimage\"},\"thumbnailUrl\":\"https:\/\/www.dakarmania.cz\/wp-content\/uploads\/2023\/04\/profile-alvarez-l-01.jpg\",\"datePublished\":\"2021-06-15T15:24:17+00:00\",\"dateModified\":\"2023-04-14T14:14:07+00:00\",\"description\":\"Lucio \u00c1lvarez je argentinsk\u00fd \u010dty\u0159kolk\u00e1\u0159 a automobilov\u00fd z\u00e1vodn\u00edk, \u00fa\u010dastn\u00edk Rally Dakar a dal\u0161\u00edch mezin\u00e1rodn\u00edch cross-country rally.\",\"breadcrumb\":{\"@id\":\"https:\/\/www.dakarmania.cz\/index.php\/osobnosti\/lucio-alvarez\/#breadcrumb\"},\"inLanguage\":\"cs\",\"potentialAction\":[{\"@type\":\"ReadAction\",\"target\":[\"https:\/\/www.dakarmania.cz\/index.php\/osobnosti\/lucio-alvarez\/\"]}]},{\"@type\":\"ImageObject\",\"inLanguage\":\"cs\",\"@id\":\"https:\/\/www.dakarmania.cz\/index.php\/osobnosti\/lucio-alvarez\/#primaryimage\",\"url\":\"https:\/\/www.dakarmania.cz\/wp-content\/uploads\/2023\/04\/profile-alvarez-l-01.jpg\",\"contentUrl\":\"https:\/\/www.dakarmania.cz\/wp-content\/uploads\/2023\/04\/profile-alvarez-l-01.jpg\",\"width\":1600,\"height\":711,\"caption\":\"Lucio \u00c1lvarez, Overdrive Toyota. Dakar 2018. \u00a9 Overdrive Racing\"},{\"@type\":\"BreadcrumbList\",\"@id\":\"https:\/\/www.dakarmania.cz\/index.php\/osobnosti\/lucio-alvarez\/#breadcrumb\",\"itemListElement\":[{\"@type\":\"ListItem\",\"position\":1,\"name\":\"Dom\u016f\",\"item\":\"https:\/\/www.dakarmania.cz\/\"},{\"@type\":\"ListItem\",\"position\":2,\"name\":\"Osobnosti\",\"item\":\"https:\/\/www.dakarmania.cz\/index.php\/osobnosti\/\"},{\"@type\":\"ListItem\",\"position\":3,\"name\":\"Lucio \u00c1lvarez\"}]},{\"@type\":\"WebSite\",\"@id\":\"https:\/\/www.dakarmania.cz\/#website\",\"url\":\"https:\/\/www.dakarmania.cz\/\",\"name\":\"DAKARMANIA.cz\",\"description\":\"\u017dijeme Dakarem cel\u00fd rok\",\"publisher\":{\"@id\":\"https:\/\/www.dakarmania.cz\/#organization\"},\"potentialAction\":[{\"@type\":\"SearchAction\",\"target\":{\"@type\":\"EntryPoint\",\"urlTemplate\":\"https:\/\/www.dakarmania.cz\/?s={search_term_string}\"},\"query-input\":{\"@type\":\"PropertyValueSpecification\",\"valueRequired\":true,\"valueName\":\"search_term_string\"}}],\"inLanguage\":\"cs\"},{\"@type\":\"Organization\",\"@id\":\"https:\/\/www.dakarmania.cz\/#organization\",\"name\":\"DAKAR MANIA\",\"url\":\"https:\/\/www.dakarmania.cz\/\",\"logo\":{\"@type\":\"ImageObject\",\"inLanguage\":\"cs\",\"@id\":\"https:\/\/www.dakarmania.cz\/#\/schema\/logo\/image\/\",\"url\":\"https:\/\/www.dakarmania.cz\/wp-content\/uploads\/2018\/12\/Dakar-Mania-Logo-Square-Orange.png\",\"contentUrl\":\"https:\/\/www.dakarmania.cz\/wp-content\/uploads\/2018\/12\/Dakar-Mania-Logo-Square-Orange.png\",\"width\":992,\"height\":992,\"caption\":\"DAKAR MANIA\"},\"image\":{\"@id\":\"https:\/\/www.dakarmania.cz\/#\/schema\/logo\/image\/\"},\"sameAs\":[\"https:\/\/www.facebook.com\/dakarmania\/\"]}]}<\/script>\n<!-- \/ Yoast SEO plugin. -->","yoast_head_json":{"title":"Lucio \u00c1lvarez - DAKARMANIA.cz","description":"Lucio \u00c1lvarez je argentinsk\u00fd \u010dty\u0159kolk\u00e1\u0159 a automobilov\u00fd z\u00e1vodn\u00edk, \u00fa\u010dastn\u00edk Rally Dakar a dal\u0161\u00edch mezin\u00e1rodn\u00edch cross-country rally.","robots":{"index":"index","follow":"follow","max-snippet":"max-snippet:-1","max-image-preview":"max-image-preview:large","max-video-preview":"max-video-preview:-1"},"canonical":"https:\/\/www.dakarmania.cz\/index.php\/osobnosti\/lucio-alvarez\/","og_locale":"cs_CZ","og_type":"article","og_title":"Lucio \u00c1lvarez - DAKARMANIA.cz","og_description":"Lucio \u00c1lvarez je argentinsk\u00fd \u010dty\u0159kolk\u00e1\u0159 a automobilov\u00fd z\u00e1vodn\u00edk, \u00fa\u010dastn\u00edk Rally Dakar a dal\u0161\u00edch mezin\u00e1rodn\u00edch cross-country rally.","og_url":"https:\/\/www.dakarmania.cz\/index.php\/osobnosti\/lucio-alvarez\/","og_site_name":"DAKARMANIA.cz","article_publisher":"https:\/\/www.facebook.com\/dakarmania\/","article_modified_time":"2023-04-14T14:14:07+00:00","og_image":[{"width":1600,"height":711,"url":"https:\/\/www.dakarmania.cz\/wp-content\/uploads\/2023\/04\/profile-alvarez-l-01.jpg","type":"image\/jpeg"}],"twitter_card":"summary_large_image","twitter_misc":{"Odhadovan\u00e1 doba \u010dten\u00ed":"6 minut"},"schema":{"@context":"https:\/\/schema.org","@graph":[{"@type":"WebPage","@id":"https:\/\/www.dakarmania.cz\/index.php\/osobnosti\/lucio-alvarez\/","url":"https:\/\/www.dakarmania.cz\/index.php\/osobnosti\/lucio-alvarez\/","name":"Lucio \u00c1lvarez - DAKARMANIA.cz","isPartOf":{"@id":"https:\/\/www.dakarmania.cz\/#website"},"primaryImageOfPage":{"@id":"https:\/\/www.dakarmania.cz\/index.php\/osobnosti\/lucio-alvarez\/#primaryimage"},"image":{"@id":"https:\/\/www.dakarmania.cz\/index.php\/osobnosti\/lucio-alvarez\/#primaryimage"},"thumbnailUrl":"https:\/\/www.dakarmania.cz\/wp-content\/uploads\/2023\/04\/profile-alvarez-l-01.jpg","datePublished":"2021-06-15T15:24:17+00:00","dateModified":"2023-04-14T14:14:07+00:00","description":"Lucio \u00c1lvarez je argentinsk\u00fd \u010dty\u0159kolk\u00e1\u0159 a automobilov\u00fd z\u00e1vodn\u00edk, \u00fa\u010dastn\u00edk Rally Dakar a dal\u0161\u00edch mezin\u00e1rodn\u00edch cross-country rally.","breadcrumb":{"@id":"https:\/\/www.dakarmania.cz\/index.php\/osobnosti\/lucio-alvarez\/#breadcrumb"},"inLanguage":"cs","potentialAction":[{"@type":"ReadAction","target":["https:\/\/www.dakarmania.cz\/index.php\/osobnosti\/lucio-alvarez\/"]}]},{"@type":"ImageObject","inLanguage":"cs","@id":"https:\/\/www.dakarmania.cz\/index.php\/osobnosti\/lucio-alvarez\/#primaryimage","url":"https:\/\/www.dakarmania.cz\/wp-content\/uploads\/2023\/04\/profile-alvarez-l-01.jpg","contentUrl":"https:\/\/www.dakarmania.cz\/wp-content\/uploads\/2023\/04\/profile-alvarez-l-01.jpg","width":1600,"height":711,"caption":"Lucio \u00c1lvarez, Overdrive Toyota. Dakar 2018. \u00a9 Overdrive Racing"},{"@type":"BreadcrumbList","@id":"https:\/\/www.dakarmania.cz\/index.php\/osobnosti\/lucio-alvarez\/#breadcrumb","itemListElement":[{"@type":"ListItem","position":1,"name":"Dom\u016f","item":"https:\/\/www.dakarmania.cz\/"},{"@type":"ListItem","position":2,"name":"Osobnosti","item":"https:\/\/www.dakarmania.cz\/index.php\/osobnosti\/"},{"@type":"ListItem","position":3,"name":"Lucio \u00c1lvarez"}]},{"@type":"WebSite","@id":"https:\/\/www.dakarmania.cz\/#website","url":"https:\/\/www.dakarmania.cz\/","name":"DAKARMANIA.cz","description":"\u017dijeme Dakarem cel\u00fd rok","publisher":{"@id":"https:\/\/www.dakarmania.cz\/#organization"},"potentialAction":[{"@type":"SearchAction","target":{"@type":"EntryPoint","urlTemplate":"https:\/\/www.dakarmania.cz\/?s={search_term_string}"},"query-input":{"@type":"PropertyValueSpecification","valueRequired":true,"valueName":"search_term_string"}}],"inLanguage":"cs"},{"@type":"Organization","@id":"https:\/\/www.dakarmania.cz\/#organization","name":"DAKAR MANIA","url":"https:\/\/www.dakarmania.cz\/","logo":{"@type":"ImageObject","inLanguage":"cs","@id":"https:\/\/www.dakarmania.cz\/#\/schema\/logo\/image\/","url":"https:\/\/www.dakarmania.cz\/wp-content\/uploads\/2018\/12\/Dakar-Mania-Logo-Square-Orange.png","contentUrl":"https:\/\/www.dakarmania.cz\/wp-content\/uploads\/2018\/12\/Dakar-Mania-Logo-Square-Orange.png","width":992,"height":992,"caption":"DAKAR MANIA"},"image":{"@id":"https:\/\/www.dakarmania.cz\/#\/schema\/logo\/image\/"},"sameAs":["https:\/\/www.facebook.com\/dakarmania\/"]}]}},"amp_enabled":false,"_links":{"self":[{"href":"https:\/\/www.dakarmania.cz\/index.php\/wp-json\/wp\/v2\/pages\/19678","targetHints":{"allow":["GET"]}}],"collection":[{"href":"https:\/\/www.dakarmania.cz\/index.php\/wp-json\/wp\/v2\/pages"}],"about":[{"href":"https:\/\/www.dakarmania.cz\/index.php\/wp-json\/wp\/v2\/types\/page"}],"author":[{"embeddable":true,"href":"https:\/\/www.dakarmania.cz\/index.php\/wp-json\/wp\/v2\/users\/1"}],"replies":[{"embeddable":true,"href":"https:\/\/www.dakarmania.cz\/index.php\/wp-json\/wp\/v2\/comments?post=19678"}],"version-history":[{"count":12,"href":"https:\/\/www.dakarmania.cz\/index.php\/wp-json\/wp\/v2\/pages\/19678\/revisions"}],"predecessor-version":[{"id":26915,"href":"https:\/\/www.dakarmania.cz\/index.php\/wp-json\/wp\/v2\/pages\/19678\/revisions\/26915"}],"up":[{"embeddable":true,"href":"https:\/\/www.dakarmania.cz\/index.php\/wp-json\/wp\/v2\/pages\/3629"}],"wp:featuredmedia":[{"embeddable":true,"href":"https:\/\/www.dakarmania.cz\/index.php\/wp-json\/wp\/v2\/media\/26898"}],"wp:attachment":[{"href":"https:\/\/www.dakarmania.cz\/index.php\/wp-json\/wp\/v2\/media?parent=19678"}],"curies":[{"name":"wp","href":"https:\/\/api.w.org\/{rel}","templated":true}]}}