{"id":24275,"date":"2023-01-20T15:35:43","date_gmt":"2023-01-20T14:35:43","guid":{"rendered":"https:\/\/www.dakarmania.cz\/?page_id=24275"},"modified":"2023-09-08T10:16:41","modified_gmt":"2023-09-08T08:16:41","slug":"dakar-2023","status":"publish","type":"page","link":"https:\/\/www.dakarmania.cz\/index.php\/rally-dakar\/dakar-2023\/","title":{"rendered":"Rally Dakar 2023"},"content":{"rendered":"<p>[vc_row css_animation=&#8221;fadeIn&#8221; no_sep_borders=&#8221;yes&#8221;][vc_column][vc_btn title=&#8221;Rally Dakar&#8221; style=&#8221;outline&#8221; shape=&#8221;square&#8221; color=&#8221;warning&#8221; size=&#8221;xs&#8221; align=&#8221;right&#8221; i_align=&#8221;right&#8221; i_icon_fontawesome=&#8221;fa fa-chevron-up&#8221; css_animation=&#8221;fadeIn&#8221; add_icon=&#8221;true&#8221; css=&#8221;.vc_custom_1674233086397{padding-right: 1px !important;padding-left: 1px !important;}&#8221; link=&#8221;url:%2Findex.php%2Frally-dakar%2F|||&#8221;][vc_column_text css_animation=&#8221;fadeIn&#8221; css=&#8221;.vc_custom_1691222408024{padding-top: 200px !important;padding-right: 15px !important;padding-bottom: 15px !important;padding-left: 15px !important;background: #f2f2f2 url(https:\/\/www.dakarmania.cz\/wp-content\/uploads\/2023\/01\/23-dakar-al-attiyah-header-01.jpg?id=24280) !important;background-position: center !important;background-repeat: no-repeat !important;background-size: cover !important;}&#8221;]<\/p>\n<h1 style=\"text-align: left;\"><span style=\"background-color: #ee8027; opacity: 0.7;\"><span style=\"color: #ffffff; padding: 10px;\">RALLY DAKAR 2023<\/span><\/span><\/h1>\n<p style=\"text-align: left;\"><span style=\"background-color: #ee8027; opacity: 0.7;\"><span style=\"color: #ffffff; padding: 10px;\">Sa\u00fadsk\u00e1 Ar\u00e1bie<\/span><\/span><\/p>\n<p>[\/vc_column_text][vc_empty_space height=&#8221;5px&#8221;][vc_row_inner][vc_column_inner][vc_column_text css_animation=&#8221;fadeIn&#8221;]<\/p>\n<p style=\"text-align: center;\"><strong>45. ro\u010dn\u00edk | 31. prosince 2022 a\u017e 15. ledna 2023 | Sa\u00fadsk\u00e1 Ar\u00e1bie<br \/>\n<\/strong><\/p>\n<p style=\"text-align: center;\">14 etap | celkem 8\u00a0515 km, z toho 4\u00a0614 km rychlostn\u00edch zkou\u0161ek<br \/>\n1. podnik <a href=\"\/index.php\/w2rc\/w2rc-2023\/\"><span style=\"color: #ee8027;\">Mistrovstv\u00ed sv\u011bta v d\u00e1lkov\u00fdch sout\u011b\u017e\u00edch 2023<\/span><\/a><\/p>\n<p>[\/vc_column_text][\/vc_column_inner][\/vc_row_inner][\/vc_column][\/vc_row][vc_row css_animation=&#8221;fadeIn&#8221;][vc_column][vc_btn title=&#8221;FIA&#8221; shape=&#8221;square&#8221; color=&#8221;warning&#8221; size=&#8221;xs&#8221; i_icon_fontawesome=&#8221;fa fa-list-ol&#8221; css_animation=&#8221;fadeIn&#8221; add_icon=&#8221;true&#8221; css=&#8221;.vc_custom_1674307153278{padding-right: 1px !important;padding-left: 1px !important;}&#8221; link=&#8221;url:%2Findex.php%2Fsouteze%2Fdakar-2023%2F%23fia|||&#8221;][vc_btn title=&#8221;AUTO&#8221; shape=&#8221;square&#8221; color=&#8221;warning&#8221; size=&#8221;xs&#8221; i_icon_fontawesome=&#8221;fa fa-list-ol&#8221; css_animation=&#8221;fadeIn&#8221; add_icon=&#8221;true&#8221; css=&#8221;.vc_custom_1674307310696{padding-right: 1px !important;padding-left: 1px !important;}&#8221; link=&#8221;url:%2Findex.php%2Fsouteze%2Fdakar-2023%2F%23auto|||&#8221;][vc_btn title=&#8221;S\u00d7S&#8221; shape=&#8221;square&#8221; color=&#8221;warning&#8221; size=&#8221;xs&#8221; i_icon_fontawesome=&#8221;fa fa-list-ol&#8221; css_animation=&#8221;fadeIn&#8221; add_icon=&#8221;true&#8221; css=&#8221;.vc_custom_1674307763435{padding-right: 1px !important;padding-left: 1px !important;}&#8221; link=&#8221;url:%2Findex.php%2Fsouteze%2Fdakar-2023%2F%23sxs|||&#8221;][vc_btn title=&#8221;T3&#8243; shape=&#8221;square&#8221; color=&#8221;warning&#8221; size=&#8221;xs&#8221; i_icon_fontawesome=&#8221;fa fa-list-ol&#8221; css_animation=&#8221;fadeIn&#8221; add_icon=&#8221;true&#8221; css=&#8221;.vc_custom_1674382650937{padding-right: 1px !important;padding-left: 1px !important;}&#8221; link=&#8221;url:%2Findex.php%2Fsouteze%2Fdakar-2023%2F%23t3|||&#8221;][vc_btn title=&#8221;T4&#8243; shape=&#8221;square&#8221; color=&#8221;warning&#8221; size=&#8221;xs&#8221; i_icon_fontawesome=&#8221;fa fa-list-ol&#8221; css_animation=&#8221;fadeIn&#8221; add_icon=&#8221;true&#8221; css=&#8221;.vc_custom_1674434028475{padding-right: 1px !important;padding-left: 1px !important;}&#8221; link=&#8221;url:%2Findex.php%2Fsouteze%2Fdakar-2023%2F%23t4|||&#8221;][vc_btn title=&#8221;KAMIONY&#8221; shape=&#8221;square&#8221; color=&#8221;warning&#8221; size=&#8221;xs&#8221; i_icon_fontawesome=&#8221;fa fa-list-ol&#8221; css_animation=&#8221;fadeIn&#8221; add_icon=&#8221;true&#8221; css=&#8221;.vc_custom_1674308004185{padding-right: 1px !important;padding-left: 1px !important;}&#8221; link=&#8221;url:%2Findex.php%2Fsouteze%2Fdakar-2023%2F%23kamiony|||&#8221;][vc_empty_space height=&#8221;1px&#8221;][vc_btn title=&#8221;MOTO&#8221; shape=&#8221;square&#8221; color=&#8221;warning&#8221; size=&#8221;xs&#8221; i_icon_fontawesome=&#8221;fa fa-list-ol&#8221; css_animation=&#8221;fadeIn&#8221; add_icon=&#8221;true&#8221; css=&#8221;.vc_custom_1674382727949{padding-right: 1px !important;padding-left: 1px !important;}&#8221; link=&#8221;url:%2Findex.php%2Fsouteze%2Fdakar-2023%2F%23moto|||&#8221;][vc_btn title=&#8221;RALLYGP&#8221; shape=&#8221;square&#8221; color=&#8221;warning&#8221; size=&#8221;xs&#8221; i_icon_fontawesome=&#8221;fa fa-list-ol&#8221; css_animation=&#8221;fadeIn&#8221; add_icon=&#8221;true&#8221; css=&#8221;.vc_custom_1674682120634{padding-right: 1px !important;padding-left: 1px !important;}&#8221; link=&#8221;url:%2Findex.php%2Fsouteze%2Fdakar-2023%2F%23rallygp|||&#8221;][vc_btn title=&#8221;RALLY2&#8243; shape=&#8221;square&#8221; color=&#8221;warning&#8221; size=&#8221;xs&#8221; i_icon_fontawesome=&#8221;fa fa-list-ol&#8221; css_animation=&#8221;fadeIn&#8221; add_icon=&#8221;true&#8221; css=&#8221;.vc_custom_1674382753794{padding-right: 1px !important;padding-left: 1px !important;}&#8221; link=&#8221;url:%2Findex.php%2Fsouteze%2Fdakar-2023%2F%23rally2|||&#8221;][vc_btn title=&#8221;QUAD&#8221; shape=&#8221;square&#8221; color=&#8221;warning&#8221; size=&#8221;xs&#8221; i_icon_fontawesome=&#8221;fa fa-list-ol&#8221; css_animation=&#8221;fadeIn&#8221; add_icon=&#8221;true&#8221; css=&#8221;.vc_custom_1674382774164{padding-right: 1px !important;padding-left: 1px !important;}&#8221; link=&#8221;url:%2Findex.php%2Fsouteze%2Fdakar-2023%2F%23quad|||&#8221;][vc_tta_pageable no_fill_content_area=&#8221;1&#8243; active_section=&#8221;2&#8243; pagination_style=&#8221;&#8221; css_animation=&#8221;fadeIn&#8221; el_id=&#8221;vysledky&#8221; css=&#8221;.vc_custom_1674309301985{padding-right: 10px !important;padding-left: 10px !important;background-color: #f4f4f4 !important;}&#8221;][vc_tta_section title=&#8221;FIA&#8221; tab_id=&#8221;fia&#8221;][vc_row_inner][vc_column_inner][vc_column_text css_animation=&#8221;fadeIn&#8221;]<\/p>\n<table style=\"width: 97.7654%;\" rules=\"rows\" cellpadding=\"4px\">\n<tbody>\n<tr style=\"background-color: #808080; color: white;\">\n<td style=\"text-align: center;\" colspan=\"8\"><span style=\"font-size: 12pt;\"><strong>RALLY DAKAR 2023<br \/>\nFIA<br \/>\nkone\u010dn\u00e9 v\u00fdsledky<\/strong><\/span><\/td>\n<\/tr>\n<tr style=\"vertical-align: top; background-color: #dbd9d9;\">\n<td style=\"text-align: center;\"><strong>1.<\/strong><\/td>\n<td class=\"nomobile\" style=\"text-align: center;\">200<\/td>\n<td class=\"nomobile\" style=\"text-align: center;\"><span style=\"font-size: 8pt;\">T1<\/span><\/td>\n<td class=\"nomobile\" style=\"text-align: center;\"><span style=\"font-size: 8pt;\"><a href=\"\/index.php\/w2rc\/w2rc-2023\/\"><span style=\"color: #ee8027;\">W2RC<\/span><\/a><\/span><\/td>\n<td><a href=\"\/index.php\/osobnosti\/nasser-al-attiyah\/\"><span style=\"color: #ee8027;\"><strong>Nasser Al-Attiyah<\/strong><\/span><\/a><br \/>\n<strong><a href=\"\/index.php\/osobnosti\/mathieu-baumel\/\"><span style=\"color: #ee8027;\">Mathieu Baumel<\/span><\/a><\/strong><\/td>\n<td>Toyota GR DKR Hilux<\/td>\n<td class=\"nomobile\">Toyota Gazoo Racing<\/td>\n<td style=\"text-align: right; padding-right: 15px;\"><strong>45:03:15<\/strong><\/td>\n<\/tr>\n<tr style=\"vertical-align: top; background-color: #f2f2f2;\">\n<td style=\"text-align: center;\"><strong>2.<\/strong><\/td>\n<td class=\"nomobile\" style=\"text-align: center;\">201<\/td>\n<td class=\"nomobile\" style=\"text-align: center;\"><span style=\"font-size: 8pt;\">T1<\/span><\/td>\n<td class=\"nomobile\" style=\"text-align: center;\"><span style=\"font-size: 8pt;\"><a href=\"\/index.php\/w2rc\/w2rc-2023\/\"><span style=\"color: #ee8027;\">W2RC<\/span><\/a><\/span><\/td>\n<td><strong><a href=\"\/index.php\/osobnosti\/loeb-sebastien\/\"><span style=\"color: #ee8027;\">S\u00e9bastien Loeb<\/span><\/a><\/strong><br \/>\n<strong><a href=\"\/index.php\/osobnosti\/fabian-lurquin\/\"><span style=\"color: #ee8027;\">Fabian Lurquin<\/span><\/a><\/strong><\/td>\n<td>Prodrive Hunter<\/td>\n<td class=\"nomobile\">Bahrain Raid Xtreme<\/td>\n<td style=\"text-align: right; padding-right: 15px;\"><strong>+1:20:49<\/strong><\/td>\n<\/tr>\n<tr style=\"vertical-align: top; background-color: #dbd9d9;\">\n<td style=\"text-align: center;\"><strong>3.<\/strong><\/td>\n<td class=\"nomobile\" style=\"text-align: center;\">230<\/td>\n<td class=\"nomobile\" style=\"text-align: center;\"><span style=\"font-size: 8pt;\">T1<\/span><\/td>\n<td class=\"nomobile\" style=\"text-align: center;\"><\/td>\n<td><strong><a href=\"\/index.php\/osobnosti\/moraes-lucas\/\"><span style=\"color: #ee8027;\">Lucas Moraes<\/span><\/a><\/strong><br \/>\n<a href=\"\/index.php\/osobnosti\/timo-gottschalk\/\"><span style=\"color: #ee8027;\"><strong>Timo Gottschalk<\/strong><\/span><\/a><\/td>\n<td>Toyota Hilux Overdrive<\/td>\n<td class=\"nomobile\">Overdrive Racing<\/td>\n<td style=\"text-align: right; padding-right: 15px;\"><strong>+1:38:31<\/strong><\/td>\n<\/tr>\n<tr style=\"vertical-align: top; background-color: #f2f2f2;\">\n<td style=\"text-align: center;\"><strong>4.<\/strong><\/td>\n<td class=\"nomobile\" style=\"text-align: center;\">205<\/td>\n<td class=\"nomobile\" style=\"text-align: center;\"><span style=\"font-size: 8pt;\">T1<\/span><\/td>\n<td class=\"nomobile\" style=\"text-align: center;\"><\/td>\n<td><strong><a href=\"\/index.php\/osobnosti\/giniel-de-villiers\/\"><span style=\"color: #ee8027;\">Giniel de Villiers<\/span><\/a><\/strong><br \/>\n<strong><a href=\"\/index.php\/osobnosti\/dennis-murphy\/\"><span style=\"color: #ee8027;\">Dennis Murphy<\/span><\/a><\/strong><\/td>\n<td>Toyota GR DKR Hilux<\/td>\n<td class=\"nomobile\">Toyota Gazoo Racing<\/td>\n<td style=\"text-align: right; padding-right: 15px;\"><strong>+2:31:12<\/strong><\/td>\n<\/tr>\n<tr style=\"vertical-align: top; background-color: #dbd9d9;\">\n<td style=\"text-align: center;\"><strong>5.<\/strong><\/td>\n<td class=\"nomobile\" style=\"text-align: center;\">217<\/td>\n<td class=\"nomobile\" style=\"text-align: center;\"><span style=\"font-size: 8pt;\">T1<\/span><\/td>\n<td class=\"nomobile\" style=\"text-align: center;\"><\/td>\n<td><strong><a href=\"\/index.php\/osobnosti\/henk-lategan\/\"><span style=\"color: #ee8027;\">Henk Lategan<\/span><\/a><\/strong><br \/>\n<a href=\"\/index.php\/osobnosti\/brett-cummings\/\"><span style=\"color: #ee8027;\"><strong>Brett Cummings<\/strong><\/span><\/a><\/td>\n<td>Toyota GR DKR Hilux<\/td>\n<td class=\"nomobile\">Toyota Gazoo Racing<\/td>\n<td style=\"text-align: right; padding-right: 15px;\"><strong>+2:36:23<\/strong><\/td>\n<\/tr>\n<tr style=\"vertical-align: top; background-color: #f2f2f2;\">\n<td style=\"text-align: center;\"><strong>6.<\/strong><\/td>\n<td class=\"nomobile\" style=\"text-align: center;\">210<\/td>\n<td class=\"nomobile\" style=\"text-align: center;\"><span style=\"font-size: 8pt;\">T1<\/span><\/td>\n<td class=\"nomobile\" style=\"text-align: center;\"><span style=\"font-size: 8pt;\"><a href=\"\/index.php\/w2rc\/w2rc-2023\/\"><span style=\"color: #ee8027;\">W2RC<\/span><\/a><\/span><\/td>\n<td><strong><a href=\"\/index.php\/osobnosti\/martin-prokop\/\"><span style=\"color: #ee8027;\">Martin Prokop<\/span><\/a><\/strong><br \/>\n<strong><a href=\"\/index.php\/osobnosti\/viktor-chytka\/\"><span style=\"color: #ee8027;\">Viktor Chytka<\/span><\/a><\/strong><\/td>\n<td>Ford Raptor RS Cross Country<\/td>\n<td class=\"nomobile\">Orlen Benzina Team<\/td>\n<td style=\"text-align: right; padding-right: 15px;\"><strong>+3:40:44<\/strong><\/td>\n<\/tr>\n<tr style=\"vertical-align: top; background-color: #dbd9d9;\">\n<td style=\"text-align: center;\"><strong>7.<\/strong><\/td>\n<td class=\"nomobile\" style=\"text-align: center;\">220<\/td>\n<td class=\"nomobile\" style=\"text-align: center;\"><span style=\"font-size: 8pt;\">T1<\/span><\/td>\n<td class=\"nomobile\" style=\"text-align: center;\"><span style=\"font-size: 8pt;\"><a href=\"\/index.php\/w2rc\/w2rc-2023\/\"><span style=\"color: #ee8027;\">W2RC<\/span><\/a><\/span><\/td>\n<td><a href=\"\/index.php\/osobnosti\/juan-cruz-yacopini\/\"><span style=\"color: #ee8027;\"><strong>Juan Cruz Yacopini<\/strong><\/span><\/a><br \/>\n<strong><a href=\"\/index.php\/osobnosti\/daniel-oliveras\/\"><span style=\"color: #ee8027;\">Daniel Oliveras<\/span><\/a><\/strong><\/td>\n<td>Toyota Hilux Overdrive<\/td>\n<td class=\"nomobile\">Overdrive Racing<\/td>\n<td style=\"text-align: right; padding-right: 15px;\"><strong>+4:27:09<\/strong><\/td>\n<\/tr>\n<tr style=\"vertical-align: top; background-color: #f2f2f2;\">\n<td style=\"text-align: center;\"><strong>8.<\/strong><\/td>\n<td class=\"nomobile\" style=\"text-align: center;\">224<\/td>\n<td class=\"nomobile\" style=\"text-align: center;\"><span style=\"font-size: 8pt;\">T1<\/span><\/td>\n<td class=\"nomobile\" style=\"text-align: center;\"><span style=\"font-size: 8pt;\"><a href=\"\/index.php\/w2rc\/w2rc-2023\/\"><span style=\"color: #ee8027;\">W2RC<\/span><\/a><\/span><\/td>\n<td><strong><a href=\"\/index.php\/osobnosti\/wei-han\/\"><span style=\"color: #ee8027;\">Wei Han<\/span><\/a><\/strong><br \/>\n<strong><a href=\"\/index.php\/osobnosti\/li-ma\/\"><span style=\"color: #ee8027;\">Li Ma<\/span><\/a><\/strong><\/td>\n<td>SMG HW2021<\/td>\n<td class=\"nomobile\">Hanwei Motorsport Team<\/td>\n<td style=\"text-align: right; padding-right: 15px;\"><strong>+4:29:21<\/strong><\/td>\n<\/tr>\n<tr style=\"vertical-align: top; background-color: #dbd9d9;\">\n<td style=\"text-align: center;\"><strong>9.<\/strong><\/td>\n<td class=\"nomobile\" style=\"text-align: center;\">212<\/td>\n<td class=\"nomobile\" style=\"text-align: center;\"><span style=\"font-size: 8pt;\">T1<\/span><\/td>\n<td class=\"nomobile\" style=\"text-align: center;\"><span style=\"font-size: 8pt;\"><a href=\"\/index.php\/w2rc\/w2rc-2023\/\"><span style=\"color: #ee8027;\">W2RC<\/span><\/a><\/span><\/td>\n<td><a href=\"\/index.php\/osobnosti\/sebastian-halpern\/\"><span style=\"color: #ee8027;\"><strong>Sebasti\u00e1n Halpern<\/strong><\/span><\/a><br \/>\n<strong><a href=\"\/index.php\/osobnosti\/ronnie-graue\/\"><span style=\"color: #ee8027;\">Ronnie Graue<\/span><\/a><\/strong><\/td>\n<td>Mini JCW Rally Plus<\/td>\n<td class=\"nomobile\">X-raid Mini JCW Team<\/td>\n<td style=\"text-align: right; padding-right: 15px;\"><strong>+4:42:38<\/strong><\/td>\n<\/tr>\n<tr style=\"vertical-align: top; background-color: #f2f2f2;\">\n<td style=\"text-align: center;\"><strong>10.<\/strong><\/td>\n<td class=\"nomobile\" style=\"text-align: center;\">206<\/td>\n<td class=\"nomobile\" style=\"text-align: center;\"><span style=\"font-size: 8pt;\">T1<\/span><\/td>\n<td class=\"nomobile\" style=\"text-align: center;\"><span style=\"font-size: 8pt;\"><a href=\"\/index.php\/w2rc\/w2rc-2023\/\"><span style=\"color: #ee8027;\">W2RC<\/span><\/a><\/span><\/td>\n<td><a href=\"\/index.php\/osobnosti\/guerlain-chicherit\/\"><span style=\"color: #ee8027;\"><strong>Guerlain Chicherit<\/strong><\/span><\/a><br \/>\n<strong><a href=\"\/index.php\/osobnosti\/alexandre-winocq\/\"><span style=\"color: #ee8027;\">Alex Winocq<\/span><\/a><\/strong><\/td>\n<td>Prodrive Hunter<\/td>\n<td class=\"nomobile\">GCK Motorsport<\/td>\n<td style=\"text-align: right; padding-right: 15px;\"><strong>+5:22:10<\/strong><\/td>\n<\/tr>\n<tr style=\"vertical-align: top; background-color: #dbd9d9;\">\n<td style=\"text-align: center;\"><strong>11.<\/strong><\/td>\n<td class=\"nomobile\" style=\"text-align: center;\">218<\/td>\n<td class=\"nomobile\" style=\"text-align: center;\"><span style=\"font-size: 8pt;\">T1<\/span><\/td>\n<td class=\"nomobile\" style=\"text-align: center;\"><\/td>\n<td><a href=\"\/index.php\/osobnosti\/christian-lavieille\/\"><span style=\"color: #ee8027;\"><strong>Christian Lavieille<\/strong><\/span><\/a><br \/>\n<strong><a href=\"\/index.php\/osobnosti\/valentin-sarreaud\/\"><span style=\"color: #ee8027;\">Valentin Sarreaud<\/span><\/a><\/strong><\/td>\n<td>MD Optimus<\/td>\n<td class=\"nomobile\">MD Rallye Sport<\/td>\n<td style=\"text-align: right; padding-right: 15px;\"><strong>+5:42:32<\/strong><\/td>\n<\/tr>\n<tr style=\"vertical-align: top; background-color: #f2f2f2;\">\n<td style=\"text-align: center;\"><strong>12.<\/strong><\/td>\n<td class=\"nomobile\" style=\"text-align: center;\">209<\/td>\n<td class=\"nomobile\" style=\"text-align: center;\"><span style=\"font-size: 8pt;\">T1<\/span><\/td>\n<td class=\"nomobile\" style=\"text-align: center;\"><span style=\"font-size: 8pt;\"><a href=\"\/index.php\/w2rc\/w2rc-2023\/\"><span style=\"color: #ee8027;\">W2RC<\/span><\/a><\/span><\/td>\n<td><strong><a href=\"\/index.php\/osobnosti\/mathieu-serradori\/\"><span style=\"color: #ee8027;\">Mathieu Serradori<\/span><\/a><\/strong><br \/>\n<strong><a href=\"\/index.php\/osobnosti\/loic-minaudier\/\"><span style=\"color: #ee8027;\">Lo\u00efc Minaudier<\/span><\/a><\/strong><\/td>\n<td>Century CR6-T<\/td>\n<td class=\"nomobile\">Century Racing Factory Team<\/td>\n<td style=\"text-align: right; padding-right: 15px;\"><strong>+6:28:12<\/strong><\/td>\n<\/tr>\n<tr style=\"vertical-align: top; background-color: #dbd9d9;\">\n<td style=\"text-align: center;\"><strong>13.<\/strong><\/td>\n<td class=\"nomobile\" style=\"text-align: center;\">223<\/td>\n<td class=\"nomobile\" style=\"text-align: center;\"><span style=\"font-size: 8pt;\">T1<\/span><\/td>\n<td class=\"nomobile\" style=\"text-align: center;\"><\/td>\n<td><strong>Pierre Lachaume<\/strong><br \/>\n<strong>Fran\u00e7ois B\u00e9guin<\/strong><\/td>\n<td>MD Optimus<\/td>\n<td class=\"nomobile\">MD Rallye Sport<\/td>\n<td style=\"text-align: right; padding-right: 15px;\"><strong>+6:41:17<\/strong><\/td>\n<\/tr>\n<tr style=\"vertical-align: top; background-color: #f2f2f2;\">\n<td style=\"text-align: center;\"><strong>14.<\/strong><\/td>\n<td class=\"nomobile\" style=\"text-align: center;\">211<\/td>\n<td class=\"nomobile\" style=\"text-align: center;\"><span style=\"font-size: 8pt;\">T1<\/span><\/td>\n<td class=\"nomobile\" style=\"text-align: center;\"><span style=\"font-size: 8pt;\"><a href=\"\/index.php\/w2rc\/w2rc-2023\/\"><span style=\"color: #ee8027;\">W2RC<\/span><\/a><\/span><\/td>\n<td><a href=\"\/index.php\/osobnosti\/mattias-ekstrom\/\"><span style=\"color: #ee8027;\"><strong>Mattias Ekstr\u00f6m<\/strong><\/span><\/a><br \/>\n<strong><a href=\"\/index.php\/osobnosti\/emil-bergkvist\/\"><span style=\"color: #ee8027;\">Emil Bergkvist<\/span><\/a><\/strong><\/td>\n<td>Audi RS Q e-tron E2<\/td>\n<td class=\"nomobile\">Team Audi Sport<\/td>\n<td style=\"text-align: right; padding-right: 15px;\"><strong>+6:51:00<\/strong><\/td>\n<\/tr>\n<tr style=\"vertical-align: top; background-color: #dbd9d9;\">\n<td style=\"text-align: center;\"><strong>15.<\/strong><\/td>\n<td class=\"nomobile\" style=\"text-align: center;\">303<\/td>\n<td class=\"nomobile\" style=\"text-align: center;\"><span style=\"font-size: 8pt;\">T3<\/span><\/td>\n<td class=\"nomobile\" style=\"text-align: center;\"><span style=\"font-size: 8pt;\"><a href=\"\/index.php\/w2rc\/w2rc-2023\/\"><span style=\"color: #ee8027;\">W2RC<\/span><\/a><\/span><\/td>\n<td><strong><a href=\"\/index.php\/osobnosti\/austin-jones\/\"><span style=\"color: #ee8027;\">Austin Jones<\/span><\/a><\/strong><br \/>\n<a href=\"\/index.php\/osobnosti\/gustavo-gugelmin\/\"><span style=\"color: #ee8027;\"><strong>Gustavo Gugelmin<\/strong><\/span><\/a><\/td>\n<td>Can-Am Maverick X3<\/td>\n<td class=\"nomobile\">Red Bull Off-Road Junior Team USA<\/td>\n<td style=\"text-align: right; padding-right: 15px;\"><strong>+6:52:38<\/strong><\/td>\n<\/tr>\n<tr style=\"vertical-align: top; background-color: #f2f2f2;\">\n<td style=\"text-align: center;\"><strong>16.<\/strong><\/td>\n<td class=\"nomobile\" style=\"text-align: center;\">233<\/td>\n<td class=\"nomobile\" style=\"text-align: center;\"><span style=\"font-size: 8pt;\">T1<\/span><\/td>\n<td class=\"nomobile\" style=\"text-align: center;\"><span style=\"font-size: 8pt;\"><a href=\"\/index.php\/w2rc\/w2rc-2023\/\"><span style=\"color: #ee8027;\">W2RC<\/span><\/a><\/span><\/td>\n<td><strong>Guoyu Zhang<\/strong><br \/>\n<strong>Jean-Pierre Garcin<\/strong><\/td>\n<td>BAIC BJ40<\/td>\n<td class=\"nomobile\">BAIC ORV<\/td>\n<td style=\"text-align: right; padding-right: 15px;\"><strong>+7:05:48<\/strong><\/td>\n<\/tr>\n<tr style=\"vertical-align: top; background-color: #dbd9d9;\">\n<td style=\"text-align: center;\"><strong>17.<\/strong><\/td>\n<td class=\"nomobile\" style=\"text-align: center;\">221<\/td>\n<td class=\"nomobile\" style=\"text-align: center;\"><span style=\"font-size: 8pt;\">T1<\/span><\/td>\n<td class=\"nomobile\" style=\"text-align: center;\"><\/td>\n<td><strong><a href=\"\/index.php\/osobnosti\/khalid-al-qassimi\/\"><span style=\"color: #ee8027;\">Khalid Al Qassimi<\/span><\/a><\/strong><br \/>\n<strong><a href=\"\/index.php\/osobnosti\/floene-ola\/\"><span style=\"color: #ee8027;\">Ola Fl\u00f8ene<\/span><\/a><\/strong><\/td>\n<td>Mini JCW Buggy<\/td>\n<td class=\"nomobile\">X-raid Mini JCW Team<\/td>\n<td style=\"text-align: right; padding-right: 15px;\"><strong>+7:10:29<\/strong><\/td>\n<\/tr>\n<tr style=\"vertical-align: top; background-color: #f2f2f2;\">\n<td style=\"text-align: center;\"><strong>18.<\/strong><\/td>\n<td class=\"nomobile\" style=\"text-align: center;\">203<\/td>\n<td class=\"nomobile\" style=\"text-align: center;\"><span style=\"font-size: 8pt;\">T1<\/span><\/td>\n<td class=\"nomobile\" style=\"text-align: center;\"><\/td>\n<td><strong>Kuba Przygo\u0144ski<\/strong><br \/>\n<strong><a href=\"\/index.php\/osobnosti\/armand-monleon\/\"><span style=\"color: #ee8027;\">Armand Monle\u00f3n<\/span><\/a><\/strong><\/td>\n<td>Mini JCW Rally Plus<\/td>\n<td class=\"nomobile\">X-raid Mini JCW Team<\/td>\n<td style=\"text-align: right; padding-right: 15px;\"><strong>+7:28:50<\/strong><\/td>\n<\/tr>\n<tr style=\"vertical-align: top; background-color: #dbd9d9;\">\n<td style=\"text-align: center;\"><strong>19.<\/strong><\/td>\n<td class=\"nomobile\" style=\"text-align: center;\">239<\/td>\n<td class=\"nomobile\" style=\"text-align: center;\"><span style=\"font-size: 8pt;\">T1<\/span><\/td>\n<td class=\"nomobile\" style=\"text-align: center;\"><\/td>\n<td><strong>Pascal Thomasse<\/strong><br \/>\n<strong>G\u00e9rard Dubuy<\/strong><\/td>\n<td>MD Optimus<\/td>\n<td class=\"nomobile\">MD Rallye Sport<\/td>\n<td style=\"text-align: right; padding-right: 15px;\"><strong>+7:41:56<\/strong><\/td>\n<\/tr>\n<tr style=\"vertical-align: top; background-color: #f2f2f2;\">\n<td style=\"text-align: center;\"><strong>20.<\/strong><\/td>\n<td class=\"nomobile\" style=\"text-align: center;\">301<\/td>\n<td class=\"nomobile\" style=\"text-align: center;\"><span style=\"font-size: 8pt;\">T3<\/span><\/td>\n<td class=\"nomobile\" style=\"text-align: center;\"><span style=\"font-size: 8pt;\"><a href=\"\/index.php\/w2rc\/w2rc-2023\/\"><span style=\"color: #ee8027;\">W2RC<\/span><\/a><\/span><\/td>\n<td><strong>Seth Quintero<\/strong><br \/>\n<strong>Dennis Zenz<\/strong><\/td>\n<td>Can-Am Maverick X3<\/td>\n<td class=\"nomobile\">Red Bull Off-Road Junior Team USA<\/td>\n<td style=\"text-align: right; padding-right: 15px;\"><strong>+7:44:43<\/strong><\/td>\n<\/tr>\n<tr style=\"vertical-align: top; background-color: #dbd9d9;\">\n<td style=\"text-align: center;\"><strong>21.<\/strong><\/td>\n<td class=\"nomobile\" style=\"text-align: center;\">232<\/td>\n<td class=\"nomobile\" style=\"text-align: center;\"><span style=\"font-size: 8pt;\">T1<\/span><\/td>\n<td class=\"nomobile\" style=\"text-align: center;\"><\/td>\n<td><strong>J\u00e9r\u00f4me P\u00e9lichet<\/strong><br \/>\n<strong>Pascal Larroque<\/strong><\/td>\n<td>MD Optimus<\/td>\n<td class=\"nomobile\">Raidlynx<\/td>\n<td style=\"text-align: right; padding-right: 15px;\"><strong>+7:52:15<\/strong><\/td>\n<\/tr>\n<tr style=\"vertical-align: top; background-color: #f2f2f2;\">\n<td style=\"text-align: center;\"><strong>22.<\/strong><\/td>\n<td class=\"nomobile\" style=\"text-align: center;\">428<\/td>\n<td class=\"nomobile\" style=\"text-align: center;\"><span style=\"font-size: 8pt;\">T4<\/span><\/td>\n<td class=\"nomobile\" style=\"text-align: center;\"><span style=\"font-size: 8pt;\"><a href=\"\/index.php\/w2rc\/w2rc-2023\/\"><span style=\"color: #ee8027;\">W2RC<\/span><\/a><\/span><\/td>\n<td><strong>Eryk Gocza\u0142<\/strong><br \/>\n<strong>Oriol Mena<\/strong><\/td>\n<td>Can-Am Maverick X3<\/td>\n<td class=\"nomobile\">Energylandia Rally Team<\/td>\n<td style=\"text-align: right; padding-right: 15px;\"><strong>+8:06:59<\/strong><\/td>\n<\/tr>\n<tr style=\"vertical-align: top; background-color: #dbd9d9;\">\n<td style=\"text-align: center;\"><strong>23.<\/strong><\/td>\n<td class=\"nomobile\" style=\"text-align: center;\">400<\/td>\n<td class=\"nomobile\" style=\"text-align: center;\"><span style=\"font-size: 8pt;\">T4<\/span><\/td>\n<td class=\"nomobile\" style=\"text-align: center;\"><span style=\"font-size: 8pt;\"><a href=\"\/index.php\/w2rc\/w2rc-2023\/\"><span style=\"color: #ee8027;\">W2RC<\/span><\/a><\/span><\/td>\n<td><strong>Rokas Baciu\u0161ka<\/strong><br \/>\n<strong>Oriol Vidal<\/strong><\/td>\n<td>Can-Am Maverick X3<\/td>\n<td class=\"nomobile\">Red Bull Can-Am Factory Team<\/td>\n<td style=\"text-align: right; padding-right: 15px;\"><strong>+8:23:43<\/strong><\/td>\n<\/tr>\n<tr style=\"vertical-align: top; background-color: #f2f2f2;\">\n<td style=\"text-align: center;\"><strong>24.<\/strong><\/td>\n<td class=\"nomobile\" style=\"text-align: center;\">401<\/td>\n<td class=\"nomobile\" style=\"text-align: center;\"><span style=\"font-size: 8pt;\">T4<\/span><\/td>\n<td class=\"nomobile\" style=\"text-align: center;\"><span style=\"font-size: 8pt;\"><a href=\"\/index.php\/w2rc\/w2rc-2023\/\"><span style=\"color: #ee8027;\">W2RC<\/span><\/a><\/span><\/td>\n<td><strong>Marek Gocza\u0142<\/strong><br \/>\n<strong><a href=\"\/index.php\/osobnosti\/maciej-marton\/\"><span style=\"color: #ee8027;\">Maciej Marton<\/span><\/a><\/strong><\/td>\n<td>Can-Am Maverick X3<\/td>\n<td class=\"nomobile\">Energylandia Rally Team<\/td>\n<td style=\"text-align: right; padding-right: 15px;\"><strong>+8:25:14<\/strong><\/td>\n<\/tr>\n<tr style=\"vertical-align: top; background-color: #dbd9d9;\">\n<td style=\"text-align: center;\"><strong>25.<\/strong><\/td>\n<td class=\"nomobile\" style=\"text-align: center;\">304<\/td>\n<td class=\"nomobile\" style=\"text-align: center;\"><span style=\"font-size: 8pt;\">T3<\/span><\/td>\n<td class=\"nomobile\" style=\"text-align: center;\"><\/td>\n<td><strong>Guillaume de M\u00e9vius<\/strong><br \/>\n<strong><a href=\"\/index.php\/osobnosti\/francois-cazalet\/\"><span style=\"color: #ee8027;\">Fran\u00e7ois Cazalet<\/span><\/a><\/strong><\/td>\n<td>GRallyTeam OT3<\/td>\n<td class=\"nomobile\">GRallyTeam<\/td>\n<td style=\"text-align: right; padding-right: 15px;\"><strong>+8:28:20<\/strong><\/td>\n<\/tr>\n<tr style=\"vertical-align: top; background-color: #f2f2f2;\">\n<td style=\"text-align: center;\"><strong>26.<\/strong><\/td>\n<td class=\"nomobile\" style=\"text-align: center;\">262<\/td>\n<td class=\"nomobile\" style=\"text-align: center;\"><span style=\"font-size: 8pt;\">T1<\/span><\/td>\n<td class=\"nomobile\" style=\"text-align: center;\"><\/td>\n<td><strong>Ludovic Gherardi<\/strong><br \/>\n<strong>Fran\u00e7ois Borsotto<\/strong><\/td>\n<td>MD Optimus<\/td>\n<td class=\"nomobile\">MD Rallye Sport<\/td>\n<td style=\"text-align: right; padding-right: 15px;\"><strong>+8:39:01<\/strong><\/td>\n<\/tr>\n<tr style=\"vertical-align: top; background-color: #dbd9d9;\">\n<td style=\"text-align: center;\"><strong>27.<\/strong><\/td>\n<td class=\"nomobile\" style=\"text-align: center;\">238<\/td>\n<td class=\"nomobile\" style=\"text-align: center;\"><span style=\"font-size: 8pt;\">T1<\/span><\/td>\n<td class=\"nomobile\" style=\"text-align: center;\"><span style=\"font-size: 8pt;\"><a href=\"\/index.php\/w2rc\/w2rc-2023\/\"><span style=\"color: #ee8027;\">W2RC<\/span><\/a><\/span><\/td>\n<td><a href=\"\/index.php\/osobnosti\/denis-krotov\/\"><span style=\"color: #ee8027;\"><strong>Denis Krotov<\/strong><\/span><\/a><br \/>\n<strong>Konstantin \u017dilcov<\/strong><\/td>\n<td>Mini JCW Buggy<\/td>\n<td class=\"nomobile\">X-raid Mini JCW Team<\/td>\n<td style=\"text-align: right; padding-right: 15px;\"><strong>+8:42:16<\/strong><\/td>\n<\/tr>\n<tr style=\"vertical-align: top; background-color: #f2f2f2;\">\n<td style=\"text-align: center;\"><strong>28.<\/strong><\/td>\n<td class=\"nomobile\" style=\"text-align: center;\">502<\/td>\n<td class=\"nomobile\" style=\"text-align: center;\"><span style=\"font-size: 8pt;\">T5<\/span><\/td>\n<td class=\"nomobile\" style=\"text-align: center;\"><span style=\"font-size: 8pt;\"><a href=\"\/index.php\/w2rc\/w2rc-2023\/\"><span style=\"color: #ee8027;\">W2RC<\/span><\/a><\/span><\/td>\n<td><a href=\"\/index.php\/osobnosti\/janus-van-kasteren\/\"><span style=\"color: #ee8027;\"><strong>Janus van Kasteren<\/strong><\/span><\/a><br \/>\n<strong><a href=\"\/index.php\/osobnosti\/marcel-snijders\/\"><span style=\"color: #ee8027;\">Marcel Snijders<\/span><\/a><\/strong><br \/>\n<strong><a href=\"\/index.php\/osobnosti\/darek-rodewald\/\"><span style=\"color: #ee8027;\">Darek Rodewald<\/span><\/a><\/strong><\/td>\n<td>Iveco Powerstar<\/td>\n<td class=\"nomobile\">Boss Machinery Team De Rooy Iveco<\/td>\n<td style=\"text-align: right; padding-right: 15px;\"><strong>+9:00:18<\/strong><\/td>\n<\/tr>\n<tr style=\"vertical-align: top; background-color: #dbd9d9;\">\n<td style=\"text-align: center;\"><strong>29.<\/strong><\/td>\n<td class=\"nomobile\" style=\"text-align: center;\">412<\/td>\n<td class=\"nomobile\" style=\"text-align: center;\"><span style=\"font-size: 8pt;\">T4<\/span><\/td>\n<td class=\"nomobile\" style=\"text-align: center;\"><\/td>\n<td><strong>Jerem\u00edas Gonzalez<\/strong><br \/>\n<strong>Pedro Gonzalo Rinaldi<\/strong><\/td>\n<td>Can-Am Maverick X3<\/td>\n<td class=\"nomobile\">South Racing Can-Am<\/td>\n<td style=\"text-align: right; padding-right: 15px;\"><strong>+9:13:59<\/strong><\/td>\n<\/tr>\n<tr style=\"vertical-align: top; background-color: #f2f2f2;\">\n<td style=\"text-align: center;\"><strong>30.<\/strong><\/td>\n<td class=\"nomobile\" style=\"text-align: center;\">231<\/td>\n<td class=\"nomobile\" style=\"text-align: center;\"><span style=\"font-size: 8pt;\">T1<\/span><\/td>\n<td class=\"nomobile\" style=\"text-align: center;\"><\/td>\n<td><strong>Romain Dumas<\/strong><br \/>\n<strong>Max Delfino<\/strong><\/td>\n<td>Toyota Hilux<\/td>\n<td class=\"nomobile\">Rebellion Racing<\/td>\n<td style=\"text-align: right; padding-right: 15px;\"><strong>+9:46:26<\/strong><\/td>\n<\/tr>\n<tr style=\"vertical-align: top; background-color: #dbd9d9;\">\n<td style=\"text-align: center;\"><strong>31.<\/strong><\/td>\n<td class=\"nomobile\" style=\"text-align: center;\">302<\/td>\n<td class=\"nomobile\" style=\"text-align: center;\"><span style=\"font-size: 8pt;\">T3<\/span><\/td>\n<td class=\"nomobile\" style=\"text-align: center;\"><span style=\"font-size: 8pt;\"><a href=\"\/index.php\/w2rc\/w2rc-2023\/\"><span style=\"color: #ee8027;\">W2RC<\/span><\/a><\/span><\/td>\n<td><a href=\"\/index.php\/osobnosti\/cristina-gutierrez\/\"><span style=\"color: #ee8027;\"><strong>Cristina Guti\u00e9rrez<\/strong><\/span><\/a><br \/>\n<strong>Pablo Moreno<\/strong><\/td>\n<td>Can-Am Maverick X3<\/td>\n<td class=\"nomobile\">Red Bull Can-Am Factory Team<\/td>\n<td style=\"text-align: right; padding-right: 15px;\"><strong>+9:48:58<\/strong><\/td>\n<\/tr>\n<tr style=\"vertical-align: top; background-color: #f2f2f2;\">\n<td style=\"text-align: center;\"><strong>32.<\/strong><\/td>\n<td class=\"nomobile\" style=\"text-align: center;\">300<\/td>\n<td class=\"nomobile\" style=\"text-align: center;\"><span style=\"font-size: 8pt;\">T3<\/span><\/td>\n<td class=\"nomobile\" style=\"text-align: center;\"><span style=\"font-size: 8pt;\"><a href=\"\/index.php\/w2rc\/w2rc-2023\/\"><span style=\"color: #ee8027;\">W2RC<\/span><\/a><\/span><\/td>\n<td><strong>Chaleco L\u00f3pez<\/strong><br \/>\n<strong>Juan Pablo Latrach<\/strong><\/td>\n<td>Can-Am Maverick X3<\/td>\n<td class=\"nomobile\">Red Bull Can-Am Factory Team<\/td>\n<td style=\"text-align: right; padding-right: 15px;\"><strong>+9:52:26<\/strong><\/td>\n<\/tr>\n<tr style=\"vertical-align: top; background-color: #dbd9d9;\">\n<td style=\"text-align: center;\"><strong>33.<\/strong><\/td>\n<td class=\"nomobile\" style=\"text-align: center;\">242<\/td>\n<td class=\"nomobile\" style=\"text-align: center;\"><span style=\"font-size: 8pt;\">T1<\/span><\/td>\n<td class=\"nomobile\" style=\"text-align: center;\"><\/td>\n<td><strong>Carlos Checa<\/strong><br \/>\n<strong>Marc Sol\u00e0<\/strong><\/td>\n<td>Astara 01 Concept<\/td>\n<td class=\"nomobile\">Astara Team<\/td>\n<td style=\"text-align: right; padding-right: 15px;\"><strong>+9:52:28<\/strong><\/td>\n<\/tr>\n<tr style=\"vertical-align: top; background-color: #f2f2f2;\">\n<td style=\"text-align: center;\"><strong>34.<\/strong><\/td>\n<td class=\"nomobile\" style=\"text-align: center;\">402<\/td>\n<td class=\"nomobile\" style=\"text-align: center;\"><span style=\"font-size: 8pt;\">T4<\/span><\/td>\n<td class=\"nomobile\" style=\"text-align: center;\"><\/td>\n<td><a href=\"\/index.php\/osobnosti\/gerard-farres\/\"><span style=\"color: #ee8027;\"><strong>Gerard Farr\u00e9s<\/strong><\/span><\/a><br \/>\n<strong>Diego Ortega<\/strong><\/td>\n<td>Can-Am Maverick X3<\/td>\n<td class=\"nomobile\">South Racing Can-Am<\/td>\n<td style=\"text-align: right; padding-right: 15px;\"><strong>+9:56:17<\/strong><\/td>\n<\/tr>\n<tr style=\"vertical-align: top; background-color: #dbd9d9;\">\n<td style=\"text-align: center;\"><strong>35.<\/strong><\/td>\n<td class=\"nomobile\" style=\"text-align: center;\">501<\/td>\n<td class=\"nomobile\" style=\"text-align: center;\"><span style=\"font-size: 8pt;\">T5<\/span><\/td>\n<td class=\"nomobile\" style=\"text-align: center;\"><span style=\"font-size: 8pt;\"><a href=\"\/index.php\/w2rc\/w2rc-2023\/\"><span style=\"color: #ee8027;\">W2RC<\/span><\/a><\/span><\/td>\n<td><a href=\"\/index.php\/osobnosti\/martin-macik-ml\/\"><span style=\"color: #ee8027;\"><strong>Martin Mac\u00edk ml.<\/strong><\/span><\/a><br \/>\n<strong><a href=\"\/index.php\/osobnosti\/frantisek-tomasek\/\"><span style=\"color: #ee8027;\">Franti\u0161ek Tom\u00e1\u0161ek<\/span><\/a><\/strong><br \/>\n<strong><a href=\"\/index.php\/osobnosti\/david-svanda\/\"><span style=\"color: #ee8027;\">David \u0160vanda<\/span><\/a><\/strong><\/td>\n<td>Iveco Powerstar<\/td>\n<td class=\"nomobile\">MM Technology<\/td>\n<td style=\"text-align: right; padding-right: 15px;\"><strong>+10:14:52<\/strong><\/td>\n<\/tr>\n<tr style=\"vertical-align: top; background-color: #f2f2f2;\">\n<td style=\"text-align: center;\"><strong>36.<\/strong><\/td>\n<td class=\"nomobile\" style=\"text-align: center;\">229<\/td>\n<td class=\"nomobile\" style=\"text-align: center;\"><span style=\"font-size: 8pt;\">T1<\/span><\/td>\n<td class=\"nomobile\" style=\"text-align: center;\"><\/td>\n<td><strong>Isidre Esteve<\/strong><br \/>\n<strong>Jos\u00e9 Maria Villalobos<\/strong><\/td>\n<td>Toyota Hilux Overdrive<\/td>\n<td class=\"nomobile\">Repsol Toyota Rally Team \/ Overdrive Racing<\/td>\n<td style=\"text-align: right; padding-right: 15px;\"><strong>+10:39:35<\/strong><\/td>\n<\/tr>\n<tr style=\"vertical-align: top; background-color: #dbd9d9;\">\n<td style=\"text-align: center;\"><strong>37.<\/strong><\/td>\n<td class=\"nomobile\" style=\"text-align: center;\">309<\/td>\n<td class=\"nomobile\" style=\"text-align: center;\"><span style=\"font-size: 8pt;\">T3<\/span><\/td>\n<td class=\"nomobile\" style=\"text-align: center;\"><\/td>\n<td><a href=\"\/index.php\/osobnosti\/saleh-al-saif\/\"><span style=\"color: #ee8027;\"><strong>Saleh Al-Saif<\/strong><\/span><\/a><br \/>\n<strong>Jo\u00e3o Pedro Vit\u00f3ria Re<\/strong><\/td>\n<td>Can-Am Maverick X3<\/td>\n<td class=\"nomobile\">Black Horse Team<\/td>\n<td style=\"text-align: right; padding-right: 15px;\"><strong>+11:06:46<\/strong><\/td>\n<\/tr>\n<tr style=\"vertical-align: top; background-color: #f2f2f2;\">\n<td style=\"text-align: center;\"><strong>38.<\/strong><\/td>\n<td class=\"nomobile\" style=\"text-align: center;\">409<\/td>\n<td class=\"nomobile\" style=\"text-align: center;\"><span style=\"font-size: 8pt;\">T4<\/span><\/td>\n<td class=\"nomobile\" style=\"text-align: center;\"><span style=\"font-size: 8pt;\"><a href=\"\/index.php\/w2rc\/w2rc-2023\/\"><span style=\"color: #ee8027;\">W2RC<\/span><\/a><\/span><\/td>\n<td><strong>Bruno Conti de Oliveira<\/strong><br \/>\n<strong>Pedro Bianchi<\/strong><\/td>\n<td>Can-Am Maverick X3<\/td>\n<td class=\"nomobile\">South Racing Can-Am<\/td>\n<td style=\"text-align: right; padding-right: 15px;\"><strong>+11:09:20<\/strong><\/td>\n<\/tr>\n<tr style=\"vertical-align: top; background-color: #dbd9d9;\">\n<td style=\"text-align: center;\"><strong>39.<\/strong><\/td>\n<td class=\"nomobile\" style=\"text-align: center;\">506<\/td>\n<td class=\"nomobile\" style=\"text-align: center;\"><span style=\"font-size: 8pt;\">T5<\/span><\/td>\n<td class=\"nomobile\" style=\"text-align: center;\"><\/td>\n<td><strong>Martin van den Brink<\/strong><br \/>\n<strong>Rijk Mouw<\/strong><br \/>\n<strong>Erik Kofman<\/strong><\/td>\n<td>Iveco Powerstar<\/td>\n<td class=\"nomobile\">Eurol Team De Rooy Iveco<\/td>\n<td style=\"text-align: right; padding-right: 15px;\"><strong>+11:40:40<\/strong><\/td>\n<\/tr>\n<tr style=\"vertical-align: top; background-color: #f2f2f2;\">\n<td style=\"text-align: center;\"><strong>40.<\/strong><\/td>\n<td class=\"nomobile\" style=\"text-align: center;\">339<\/td>\n<td class=\"nomobile\" style=\"text-align: center;\"><span style=\"font-size: 8pt;\">T3<\/span><\/td>\n<td class=\"nomobile\" style=\"text-align: center;\"><\/td>\n<td><strong>Ebenhaezer Basson<\/strong><br \/>\n<strong>Bertus Leander Pienaar<\/strong><\/td>\n<td>GRallyTeam OT3<\/td>\n<td class=\"nomobile\">GRallyTeam<\/td>\n<td style=\"text-align: right; padding-right: 15px;\"><strong>+11:46:44<\/strong><\/td>\n<\/tr>\n<tr style=\"vertical-align: top; background-color: #dbd9d9;\">\n<td style=\"text-align: center;\"><strong>41.<\/strong><\/td>\n<td class=\"nomobile\" style=\"text-align: center;\">405<\/td>\n<td class=\"nomobile\" style=\"text-align: center;\"><span style=\"font-size: 8pt;\">T4<\/span><\/td>\n<td class=\"nomobile\" style=\"text-align: center;\"><span style=\"font-size: 8pt;\"><a href=\"\/index.php\/w2rc\/w2rc-2023\/\"><span style=\"color: #ee8027;\">W2RC<\/span><\/a><\/span><\/td>\n<td><strong>Micha\u0142 Gocza\u0142<\/strong><br \/>\n<strong>Szymon Gospodarczyk<\/strong><\/td>\n<td>Can-Am Maverick X3<\/td>\n<td class=\"nomobile\">Energylandia Rally Team<\/td>\n<td style=\"text-align: right; padding-right: 15px;\"><strong>+12:09:38<\/strong><\/td>\n<\/tr>\n<tr style=\"vertical-align: top; background-color: #f2f2f2;\">\n<td style=\"text-align: center;\"><strong>42.<\/strong><\/td>\n<td class=\"nomobile\" style=\"text-align: center;\">430<\/td>\n<td class=\"nomobile\" style=\"text-align: center;\"><span style=\"font-size: 8pt;\">T4<\/span><\/td>\n<td class=\"nomobile\" style=\"text-align: center;\"><span style=\"font-size: 8pt;\"><a href=\"\/index.php\/w2rc\/w2rc-2023\/\"><span style=\"color: #ee8027;\">W2RC<\/span><\/a><\/span><\/td>\n<td><strong>Sebastian Guayasamin<\/strong><br \/>\n<strong>Ricardo Adrian Torlaschi<\/strong><\/td>\n<td>Can-Am Maverick X3<\/td>\n<td class=\"nomobile\">South Racing Can-Am<\/td>\n<td style=\"text-align: right; padding-right: 15px;\"><strong>+12:54:33<\/strong><\/td>\n<\/tr>\n<tr style=\"vertical-align: top; background-color: #dbd9d9;\">\n<td style=\"text-align: center;\"><strong>43.<\/strong><\/td>\n<td class=\"nomobile\" style=\"text-align: center;\">407<\/td>\n<td class=\"nomobile\" style=\"text-align: center;\"><span style=\"font-size: 8pt;\">T4<\/span><\/td>\n<td class=\"nomobile\" style=\"text-align: center;\"><span style=\"font-size: 8pt;\"><a href=\"\/index.php\/w2rc\/w2rc-2023\/\"><span style=\"color: #ee8027;\">W2RC<\/span><\/a><\/span><\/td>\n<td><strong>Pau Navarro<\/strong><br \/>\n<strong>Micha\u00ebl Metge<\/strong><\/td>\n<td>Can-Am Maverick X3<\/td>\n<td class=\"nomobile\">FN Speed Team<\/td>\n<td style=\"text-align: right; padding-right: 15px;\"><strong>+12:57:59<\/strong><\/td>\n<\/tr>\n<tr style=\"vertical-align: top; background-color: #f2f2f2;\">\n<td style=\"text-align: center;\"><strong>44.<\/strong><\/td>\n<td class=\"nomobile\" style=\"text-align: center;\">228<\/td>\n<td class=\"nomobile\" style=\"text-align: center;\"><span style=\"font-size: 8pt;\">T1<\/span><\/td>\n<td class=\"nomobile\" style=\"text-align: center;\"><\/td>\n<td><strong>Jean-R\u00e9my Bergounhe<\/strong><br \/>\n<strong>Lionel Costes<\/strong><\/td>\n<td>MD Optimus<\/td>\n<td class=\"nomobile\">MD Rallye Sport<\/td>\n<td style=\"text-align: right; padding-right: 15px;\"><strong>+13:01:50<\/strong><\/td>\n<\/tr>\n<tr style=\"vertical-align: top; background-color: #dbd9d9;\">\n<td style=\"text-align: center;\"><strong>45.<\/strong><\/td>\n<td class=\"nomobile\" style=\"text-align: center;\">511<\/td>\n<td class=\"nomobile\" style=\"text-align: center;\"><span style=\"font-size: 8pt;\">T5<\/span><\/td>\n<td class=\"nomobile\" style=\"text-align: center;\"><\/td>\n<td><strong>Mitchel van den Brink<\/strong><br \/>\n<strong><a href=\"\/index.php\/osobnosti\/moi-torrallardona\/\"><span style=\"color: #ee8027;\">Moi Torrallardona<\/span><\/a><\/strong><br \/>\n<strong>Jarno van de Pol<\/strong><\/td>\n<td>Iveco Powerstar<\/td>\n<td class=\"nomobile\">Eurol Team De Rooy Iveco<\/td>\n<td style=\"text-align: right; padding-right: 15px;\"><strong>+13:02:47<\/strong><\/td>\n<\/tr>\n<tr style=\"vertical-align: top; background-color: #f2f2f2;\">\n<td style=\"text-align: center;\"><strong>46.<\/strong><\/td>\n<td class=\"nomobile\" style=\"text-align: center;\">340<\/td>\n<td class=\"nomobile\" style=\"text-align: center;\"><span style=\"font-size: 8pt;\">T3<\/span><\/td>\n<td class=\"nomobile\" style=\"text-align: center;\"><\/td>\n<td><strong>Hans Weijs Jr.<\/strong><br \/>\n<strong>Rudolf Meijer<\/strong><\/td>\n<td>Arcane T3<\/td>\n<td class=\"nomobile\">Arcane Racing<\/td>\n<td style=\"text-align: right; padding-right: 15px;\"><strong>+13:05:43<\/strong><\/td>\n<\/tr>\n<tr style=\"vertical-align: top; background-color: #dbd9d9;\">\n<td style=\"text-align: center;\"><strong>47.<\/strong><\/td>\n<td class=\"nomobile\" style=\"text-align: center;\">305<\/td>\n<td class=\"nomobile\" style=\"text-align: center;\"><span style=\"font-size: 8pt;\">T3<\/span><\/td>\n<td class=\"nomobile\" style=\"text-align: center;\"><\/td>\n<td><strong>Santiago Navarro<\/strong><br \/>\n<strong>Adrien Metge<\/strong><\/td>\n<td>Can-Am Maverick X3<\/td>\n<td class=\"nomobile\">FN Speed Team<\/td>\n<td style=\"text-align: right; padding-right: 15px;\"><strong>+13:27:25<\/strong><\/td>\n<\/tr>\n<tr style=\"vertical-align: top; background-color: #f2f2f2;\">\n<td style=\"text-align: center;\"><strong>48.<\/strong><\/td>\n<td class=\"nomobile\" style=\"text-align: center;\">322<\/td>\n<td class=\"nomobile\" style=\"text-align: center;\"><span style=\"font-size: 8pt;\">T3<\/span><\/td>\n<td class=\"nomobile\" style=\"text-align: center;\"><\/td>\n<td><a href=\"\/index.php\/osobnosti\/ignacio-casale\/\"><span style=\"color: #ee8027;\"><strong>Ignacio Casale<\/strong><\/span><\/a><br \/>\n<strong><a href=\"\/index.php\/osobnosti\/alvaro-leon\/\"><span style=\"color: #ee8027;\">\u00c1lvaro Le\u00f3n<\/span><\/a><\/strong><\/td>\n<td>Yamaha X-raid YXZ1000R Turbo<\/td>\n<td class=\"nomobile\">X-raid Yamaha supported team<\/td>\n<td style=\"text-align: right; padding-right: 15px;\"><strong>+13:46:05<\/strong><\/td>\n<\/tr>\n<tr style=\"vertical-align: top; background-color: #dbd9d9;\">\n<td style=\"text-align: center;\"><strong>49.<\/strong><\/td>\n<td class=\"nomobile\" style=\"text-align: center;\">505<\/td>\n<td class=\"nomobile\" style=\"text-align: center;\"><span style=\"font-size: 8pt;\">T5<\/span><\/td>\n<td class=\"nomobile\" style=\"text-align: center;\"><\/td>\n<td><strong>Jaroslav Valtr<\/strong><br \/>\n<strong>Ren\u00e9 Kilian<\/strong><br \/>\n<strong><a href=\"\/index.php\/osobnosti\/tomas-sikola\/\"><span style=\"color: #ee8027;\">Tom\u00e1\u0161 \u0160ikola<\/span><\/a><\/strong><\/td>\n<td>Tatra Phoenix Buggyra<\/td>\n<td class=\"nomobile\">Tatra Buggyra ZM Racing<\/td>\n<td style=\"text-align: right; padding-right: 15px;\"><strong>+14:06:27<\/strong><\/td>\n<\/tr>\n<tr style=\"vertical-align: top; background-color: #f2f2f2;\">\n<td style=\"text-align: center;\"><strong>50.<\/strong><\/td>\n<td class=\"nomobile\" style=\"text-align: center;\">418<\/td>\n<td class=\"nomobile\" style=\"text-align: center;\"><span style=\"font-size: 8pt;\">T4<\/span><\/td>\n<td class=\"nomobile\" style=\"text-align: center;\"><\/td>\n<td><strong>Florent Vayssade<\/strong><br \/>\n<strong>Nicolas Rey<\/strong><\/td>\n<td>Polaris RZR PRO R<\/td>\n<td class=\"nomobile\">S\u00e9bastien Leob Racing &#8211; Bardahl Team<\/td>\n<td style=\"text-align: right; padding-right: 15px;\"><strong>+14:18:43<\/strong><\/td>\n<\/tr>\n<tr style=\"vertical-align: top; background-color: #dbd9d9;\">\n<td style=\"text-align: center;\"><strong>51.<\/strong><\/td>\n<td class=\"nomobile\" style=\"text-align: center;\">425<\/td>\n<td class=\"nomobile\" style=\"text-align: center;\"><span style=\"font-size: 8pt;\">T4<\/span><\/td>\n<td class=\"nomobile\" style=\"text-align: center;\"><\/td>\n<td><strong>Toomas Triisa<\/strong><br \/>\n<strong>Mart Meeru<\/strong><\/td>\n<td>Can-Am Maverick X3<\/td>\n<td class=\"nomobile\">Rally Raid Estonia<\/td>\n<td style=\"text-align: right; padding-right: 15px;\"><strong>+14:25:37<\/strong><\/td>\n<\/tr>\n<tr style=\"vertical-align: top; background-color: #f2f2f2;\">\n<td style=\"text-align: center;\"><strong>52.<\/strong><\/td>\n<td class=\"nomobile\" style=\"text-align: center;\">414<\/td>\n<td class=\"nomobile\" style=\"text-align: center;\"><span style=\"font-size: 8pt;\">T4<\/span><\/td>\n<td class=\"nomobile\" style=\"text-align: center;\"><span style=\"font-size: 8pt;\"><a href=\"\/index.php\/w2rc\/w2rc-2023\/\"><span style=\"color: #ee8027;\">W2RC<\/span><\/a><\/span><\/td>\n<td><strong>Molly Taylor<\/strong><br \/>\n<strong>Andrew Short<\/strong><\/td>\n<td>Can-Am Maverick X3<\/td>\n<td class=\"nomobile\">South Racing Can-Am<\/td>\n<td style=\"text-align: right; padding-right: 15px;\"><strong>+14:35:21<\/strong><\/td>\n<\/tr>\n<tr style=\"vertical-align: top; background-color: #dbd9d9;\">\n<td style=\"text-align: center;\"><strong>53.<\/strong><\/td>\n<td class=\"nomobile\" style=\"text-align: center;\">408<\/td>\n<td class=\"nomobile\" style=\"text-align: center;\"><span style=\"font-size: 8pt;\">T4<\/span><\/td>\n<td class=\"nomobile\" style=\"text-align: center;\"><\/td>\n<td><strong>Eric Abel<\/strong><br \/>\n<strong>Serge Gounon<\/strong><\/td>\n<td>Can-Am Maverick X3<\/td>\n<td class=\"nomobile\">Team BBR \/ Pole Position 77<\/td>\n<td style=\"text-align: right; padding-right: 15px;\"><strong>+14:57:38<\/strong><\/td>\n<\/tr>\n<tr style=\"vertical-align: top; background-color: #f2f2f2;\">\n<td style=\"text-align: center;\"><strong>54.<\/strong><\/td>\n<td class=\"nomobile\" style=\"text-align: center;\">253<\/td>\n<td class=\"nomobile\" style=\"text-align: center;\"><span style=\"font-size: 8pt;\">T1<\/span><\/td>\n<td class=\"nomobile\" style=\"text-align: center;\"><\/td>\n<td><strong>Jean-Pierre Strugo<\/strong><br \/>\n<strong>Christophe Crespo<\/strong><\/td>\n<td>MD Optimus<\/td>\n<td class=\"nomobile\">MD Rallye Sport<\/td>\n<td style=\"text-align: right; padding-right: 15px;\"><strong>+15:16:27<\/strong><\/td>\n<\/tr>\n<tr style=\"vertical-align: top; background-color: #dbd9d9;\">\n<td style=\"text-align: center;\"><strong>55.<\/strong><\/td>\n<td class=\"nomobile\" style=\"text-align: center;\">248<\/td>\n<td class=\"nomobile\" style=\"text-align: center;\"><span style=\"font-size: 8pt;\">T1<\/span><\/td>\n<td class=\"nomobile\" style=\"text-align: center;\"><span style=\"font-size: 8pt;\"><a href=\"\/index.php\/w2rc\/w2rc-2023\/\"><span style=\"color: #ee8027;\">W2RC<\/span><\/a><\/span><\/td>\n<td><strong>Yunliang Zi<\/strong><br \/>\n<strong>Sha He<\/strong><\/td>\n<td>BAIC BJ40<\/td>\n<td class=\"nomobile\">BAIC ORV<\/td>\n<td style=\"text-align: right; padding-right: 15px;\"><strong>+15:24:38<\/strong><\/td>\n<\/tr>\n<tr style=\"vertical-align: top; background-color: #f2f2f2;\">\n<td style=\"text-align: center;\"><strong>56.<\/strong><\/td>\n<td class=\"nomobile\" style=\"text-align: center;\">421<\/td>\n<td class=\"nomobile\" style=\"text-align: center;\"><span style=\"font-size: 8pt;\">T4<\/span><\/td>\n<td class=\"nomobile\" style=\"text-align: center;\"><\/td>\n<td><strong>Paul Spierings<\/strong><br \/>\n<strong>Jan Pieter van der Stelt<\/strong><\/td>\n<td>Can-Am Maverick X3<\/td>\n<td class=\"nomobile\">Dakarteam Spierings<\/td>\n<td style=\"text-align: right; padding-right: 15px;\"><strong>+15:36:17<\/strong><\/td>\n<\/tr>\n<tr style=\"vertical-align: top; background-color: #dbd9d9;\">\n<td style=\"text-align: center;\"><strong>57.<\/strong><\/td>\n<td class=\"nomobile\" style=\"text-align: center;\">235<\/td>\n<td class=\"nomobile\" style=\"text-align: center;\"><span style=\"font-size: 8pt;\">T1<\/span><\/td>\n<td class=\"nomobile\" style=\"text-align: center;\"><\/td>\n<td><strong>Daniel Schr\u00f6der<\/strong><br \/>\n<strong>Ryan Bland<\/strong><\/td>\n<td>Nissan Navara VK50<\/td>\n<td class=\"nomobile\">PS Laser<\/td>\n<td style=\"text-align: right; padding-right: 15px;\"><strong>+15:44:32<\/strong><\/td>\n<\/tr>\n<tr style=\"vertical-align: top; background-color: #f2f2f2;\">\n<td style=\"text-align: center;\"><strong>58.<\/strong><\/td>\n<td class=\"nomobile\" style=\"text-align: center;\">241<\/td>\n<td class=\"nomobile\" style=\"text-align: center;\"><span style=\"font-size: 8pt;\">T1<\/span><\/td>\n<td class=\"nomobile\" style=\"text-align: center;\"><\/td>\n<td><strong>Andrea Patricia Lafarja Bittar<\/strong><br \/>\n<strong>Hector Ashley Garcia Chavez<\/strong><\/td>\n<td>Toyota Hilux Overdrive<\/td>\n<td class=\"nomobile\">Overdrive Racing<\/td>\n<td style=\"text-align: right; padding-right: 15px;\"><strong>+15:50:30<\/strong><\/td>\n<\/tr>\n<tr style=\"vertical-align: top; background-color: #dbd9d9;\">\n<td style=\"text-align: center;\"><strong>59.<\/strong><\/td>\n<td class=\"nomobile\" style=\"text-align: center;\">440<\/td>\n<td class=\"nomobile\" style=\"text-align: center;\"><span style=\"font-size: 8pt;\">T4<\/span><\/td>\n<td class=\"nomobile\" style=\"text-align: center;\"><\/td>\n<td><strong>Gert-Jan van der Valk<\/strong><br \/>\n<strong>Branco de Lange<\/strong><\/td>\n<td>Can-Am Maverick X3<\/td>\n<td class=\"nomobile\">South Racing Can-Am<\/td>\n<td style=\"text-align: right; padding-right: 15px;\"><strong>+15:52:56<\/strong><\/td>\n<\/tr>\n<tr style=\"vertical-align: top; background-color: #f2f2f2;\">\n<td style=\"text-align: center;\"><strong>60.<\/strong><\/td>\n<td class=\"nomobile\" style=\"text-align: center;\">419<\/td>\n<td class=\"nomobile\" style=\"text-align: center;\"><span style=\"font-size: 8pt;\">T4<\/span><\/td>\n<td class=\"nomobile\" style=\"text-align: center;\"><\/td>\n<td><strong>Juan Manuel Silva<\/strong><br \/>\n<strong>Xavier Flick<\/strong><\/td>\n<td>Can-Am Maverick X3<\/td>\n<td class=\"nomobile\">FN Speed Team<\/td>\n<td style=\"text-align: right; padding-right: 15px;\"><strong>+16:04:20<\/strong><\/td>\n<\/tr>\n<tr style=\"vertical-align: top; background-color: #dbd9d9;\">\n<td style=\"text-align: center;\"><strong>61.<\/strong><\/td>\n<td class=\"nomobile\" style=\"text-align: center;\">251<\/td>\n<td class=\"nomobile\" style=\"text-align: center;\"><span style=\"font-size: 8pt;\">T1<\/span><\/td>\n<td class=\"nomobile\" style=\"text-align: center;\"><\/td>\n<td><strong>Alexandre Pesci<\/strong><br \/>\n<strong>Stephan K\u00fchni<\/strong><\/td>\n<td>Toyota Hillux<\/td>\n<td class=\"nomobile\">Rebellion Racing<\/td>\n<td style=\"text-align: right; padding-right: 15px;\"><strong>+16:54:36<\/strong><\/td>\n<\/tr>\n<tr style=\"vertical-align: top; background-color: #f2f2f2;\">\n<td style=\"text-align: center;\"><strong>62.<\/strong><\/td>\n<td class=\"nomobile\" style=\"text-align: center;\">345<\/td>\n<td class=\"nomobile\" style=\"text-align: center;\"><span style=\"font-size: 8pt;\">T3<\/span><\/td>\n<td class=\"nomobile\" style=\"text-align: center;\"><\/td>\n<td><a href=\"\/index.php\/osobnosti\/josef-machacek\/\"><span style=\"color: #ee8027;\"><strong>Josef Mach\u00e1\u010dek<\/strong><\/span><\/a><br \/>\n<strong>David Schov\u00e1nek<\/strong><\/td>\n<td>Buggyra Can-Am DV 21<\/td>\n<td class=\"nomobile\">Buggyra ZM Racing<\/td>\n<td style=\"text-align: right; padding-right: 15px;\"><strong>+16:58:39<\/strong><\/td>\n<\/tr>\n<tr style=\"vertical-align: top; background-color: #dbd9d9;\">\n<td style=\"text-align: center;\"><strong>63.<\/strong><\/td>\n<td class=\"nomobile\" style=\"text-align: center;\">422<\/td>\n<td class=\"nomobile\" style=\"text-align: center;\"><span style=\"font-size: 8pt;\">T4<\/span><\/td>\n<td class=\"nomobile\" style=\"text-align: center;\"><\/td>\n<td><strong>Nicolas Brabeck-Letmathe<\/strong><br \/>\n<strong>Brice Aloth<\/strong><\/td>\n<td>Can-Am Maverick X3<\/td>\n<td class=\"nomobile\">Team Casteu<\/td>\n<td style=\"text-align: right; padding-right: 15px;\"><strong>+17:27:44<\/strong><\/td>\n<\/tr>\n<tr style=\"vertical-align: top; background-color: #f2f2f2;\">\n<td style=\"text-align: center;\"><strong>64.<\/strong><\/td>\n<td class=\"nomobile\" style=\"text-align: center;\">328<\/td>\n<td class=\"nomobile\" style=\"text-align: center;\"><span style=\"font-size: 8pt;\">T3<\/span><\/td>\n<td class=\"nomobile\" style=\"text-align: center;\"><\/td>\n<td><strong>Ricardo Por\u00e9m<\/strong><br \/>\n<strong>Augusto Sanz<\/strong><\/td>\n<td>Yamaha X-raid YXZ 1000R Turbo<\/td>\n<td class=\"nomobile\">X-raid Yamaha supported team<\/td>\n<td style=\"text-align: right; padding-right: 15px;\"><strong>+17:39:19<\/strong><\/td>\n<\/tr>\n<tr style=\"vertical-align: top; background-color: #dbd9d9;\">\n<td style=\"text-align: center;\"><strong>65.<\/strong><\/td>\n<td class=\"nomobile\" style=\"text-align: center;\">416<\/td>\n<td class=\"nomobile\" style=\"text-align: center;\"><span style=\"font-size: 8pt;\">T4<\/span><\/td>\n<td class=\"nomobile\" style=\"text-align: center;\"><\/td>\n<td><strong>Tomas Jan\u010dys<\/strong><br \/>\n<strong>Irmantas Bra\u017ei\u016bnas<\/strong><\/td>\n<td>Can-Am Maverick X3<\/td>\n<td class=\"nomobile\">Teltonika Racing<\/td>\n<td style=\"text-align: right; padding-right: 15px;\"><strong>+17:50:34<\/strong><\/td>\n<\/tr>\n<tr style=\"vertical-align: top; background-color: #f2f2f2;\">\n<td style=\"text-align: center;\"><strong>66.<\/strong><\/td>\n<td class=\"nomobile\" style=\"text-align: center;\">341<\/td>\n<td class=\"nomobile\" style=\"text-align: center;\"><span style=\"font-size: 8pt;\">T3<\/span><\/td>\n<td class=\"nomobile\" style=\"text-align: center;\"><\/td>\n<td><strong>Geoffrey Minnitt<\/strong><br \/>\n<strong>Gerhard Snyman<\/strong><\/td>\n<td>Can-Am Maverick X3<\/td>\n<td class=\"nomobile\">South Racing Can-Am<\/td>\n<td style=\"text-align: right; padding-right: 15px;\"><strong>+17:54:52<\/strong><\/td>\n<\/tr>\n<tr style=\"vertical-align: top; background-color: #dbd9d9;\">\n<td style=\"text-align: center;\"><strong>67.<\/strong><\/td>\n<td class=\"nomobile\" style=\"text-align: center;\">415<\/td>\n<td class=\"nomobile\" style=\"text-align: center;\"><span style=\"font-size: 8pt;\">T4<\/span><\/td>\n<td class=\"nomobile\" style=\"text-align: center;\"><\/td>\n<td><strong>Xavier de Soultrait<\/strong><br \/>\n<strong>Martin Bonnet<\/strong><\/td>\n<td>Polaris RZR PRO R<\/td>\n<td class=\"nomobile\">S\u00e9bastien Loeb Racing &#8211; Bardahl Team<\/td>\n<td style=\"text-align: right; padding-right: 15px;\"><strong>+18:02:18<\/strong><\/td>\n<\/tr>\n<tr style=\"vertical-align: top; background-color: #f2f2f2;\">\n<td style=\"text-align: center;\"><strong>68.<\/strong><\/td>\n<td class=\"nomobile\" style=\"text-align: center;\">503<\/td>\n<td class=\"nomobile\" style=\"text-align: center;\"><span style=\"font-size: 8pt;\">T5<\/span><\/td>\n<td class=\"nomobile\" style=\"text-align: center;\"><\/td>\n<td><a href=\"\/index.php\/osobnosti\/martin-soltys\/\"><span style=\"color: #ee8027;\"><strong>Martin \u0160oltys<\/strong><\/span><\/a><br \/>\n<strong><a href=\"\/index.php\/osobnosti\/roman-krejci\/\"><span style=\"color: #ee8027;\">Roman Krej\u010d\u00ed<\/span><\/a><\/strong><br \/>\n<a href=\"\/index.php\/osobnosti\/david-hoffmann\/\"><span style=\"color: #ee8027;\"><strong>David Hoffmann<\/strong><\/span><\/a><\/td>\n<td>Tatra 815<\/td>\n<td class=\"nomobile\">Tatra Buggyra ZM Racing<\/td>\n<td style=\"text-align: right; padding-right: 15px;\"><strong>+18:09:01<\/strong><\/td>\n<\/tr>\n<tr style=\"vertical-align: top; background-color: #dbd9d9;\">\n<td style=\"text-align: center;\"><strong>69.<\/strong><\/td>\n<td class=\"nomobile\" style=\"text-align: center;\">327<\/td>\n<td class=\"nomobile\" style=\"text-align: center;\"><span style=\"font-size: 8pt;\">T3<\/span><\/td>\n<td class=\"nomobile\" style=\"text-align: center;\"><\/td>\n<td><strong>Anja van Loon<\/strong><br \/>\n<strong><a href=\"\/index.php\/osobnosti\/dmitrij-cyro\/\"><span style=\"color: #ee8027;\">Dmitrij Cyro<\/span><\/a><\/strong><\/td>\n<td>Can-Am Maverick X3<\/td>\n<td class=\"nomobile\">South Racing Can-Am<\/td>\n<td style=\"text-align: right; padding-right: 15px;\"><strong>+18:26:15<\/strong><\/td>\n<\/tr>\n<tr style=\"vertical-align: top; background-color: #f2f2f2;\">\n<td style=\"text-align: center;\"><strong>70.<\/strong><\/td>\n<td class=\"nomobile\" style=\"text-align: center;\">237<\/td>\n<td class=\"nomobile\" style=\"text-align: center;\"><span style=\"font-size: 8pt;\">T1<\/span><\/td>\n<td class=\"nomobile\" style=\"text-align: center;\"><span style=\"font-size: 8pt;\"><a href=\"\/index.php\/w2rc\/w2rc-2023\/\"><span style=\"color: #ee8027;\">W2RC<\/span><\/a><\/span><\/td>\n<td><strong>Po Tian<\/strong><br \/>\n<strong>Xuanyi Du<\/strong><\/td>\n<td>SMG HW2021<\/td>\n<td class=\"nomobile\">Hanwei Motorsport Team<\/td>\n<td style=\"text-align: right; padding-right: 15px;\"><strong>+18:35:54<\/strong><\/td>\n<\/tr>\n<tr style=\"vertical-align: top; background-color: #dbd9d9;\">\n<td style=\"text-align: center;\"><strong>71.<\/strong><\/td>\n<td class=\"nomobile\" style=\"text-align: center;\">222<\/td>\n<td class=\"nomobile\" style=\"text-align: center;\"><span style=\"font-size: 8pt;\">T1<\/span><\/td>\n<td class=\"nomobile\" style=\"text-align: center;\"><\/td>\n<td><a href=\"\/index.php\/osobnosti\/laia-sanz\/\"><span style=\"color: #ee8027;\"><strong>Laia Sanz<\/strong><\/span><\/a><br \/>\n<strong>Maurizio Gerini<\/strong><\/td>\n<td>Astara 01 Concept<\/td>\n<td class=\"nomobile\">Astara Team<\/td>\n<td style=\"text-align: right; padding-right: 15px;\"><strong>+19:18:39<\/strong><\/td>\n<\/tr>\n<tr style=\"vertical-align: top; background-color: #f2f2f2;\">\n<td style=\"text-align: center;\"><strong>72.<\/strong><\/td>\n<td class=\"nomobile\" style=\"text-align: center;\">434<\/td>\n<td class=\"nomobile\" style=\"text-align: center;\"><span style=\"font-size: 8pt;\">T4<\/span><\/td>\n<td class=\"nomobile\" style=\"text-align: center;\"><\/td>\n<td><strong>Christophe Cresp<\/strong><br \/>\n<strong>Jean Brucy<\/strong><\/td>\n<td>Can-Am Maverick X3<\/td>\n<td class=\"nomobile\">MMP<\/td>\n<td style=\"text-align: right; padding-right: 15px;\"><strong>+19:24:42<\/strong><\/td>\n<\/tr>\n<tr style=\"vertical-align: top; background-color: #dbd9d9;\">\n<td style=\"text-align: center;\"><strong>73.<\/strong><\/td>\n<td class=\"nomobile\" style=\"text-align: center;\">512<\/td>\n<td class=\"nomobile\" style=\"text-align: center;\"><span style=\"font-size: 8pt;\">T5<\/span><\/td>\n<td class=\"nomobile\" style=\"text-align: center;\"><\/td>\n<td><strong>Ben van de Laar<\/strong><br \/>\n<strong>Jan van de Laar<\/strong><br \/>\n<strong>Dolph Huijgens<\/strong><\/td>\n<td>Iveco 4\u00d74 DRNL<\/td>\n<td class=\"nomobile\">Fried van de Laar Racing<\/td>\n<td style=\"text-align: right; padding-right: 15px;\"><strong>+19:49:44<\/strong><\/td>\n<\/tr>\n<tr style=\"vertical-align: top; background-color: #f2f2f2;\">\n<td style=\"text-align: center;\"><strong>74.<\/strong><\/td>\n<td class=\"nomobile\" style=\"text-align: center;\">441<\/td>\n<td class=\"nomobile\" style=\"text-align: center;\"><span style=\"font-size: 8pt;\">T4<\/span><\/td>\n<td class=\"nomobile\" style=\"text-align: center;\"><\/td>\n<td><strong>Stephane Consani<\/strong><br \/>\n<strong>Thibault de la Haye<\/strong><\/td>\n<td>Can-Am Maverick X3<\/td>\n<td class=\"nomobile\">MMP<\/td>\n<td style=\"text-align: right; padding-right: 15px;\"><strong>+19:57:47<\/strong><\/td>\n<\/tr>\n<tr style=\"vertical-align: top; background-color: #dbd9d9;\">\n<td style=\"text-align: center;\"><strong>75.<\/strong><\/td>\n<td class=\"nomobile\" style=\"text-align: center;\">306<\/td>\n<td class=\"nomobile\" style=\"text-align: center;\"><span style=\"font-size: 8pt;\">T3<\/span><\/td>\n<td class=\"nomobile\" style=\"text-align: center;\"><span style=\"font-size: 8pt;\"><a href=\"\/index.php\/w2rc\/w2rc-2023\/\"><span style=\"color: #ee8027;\">W2RC<\/span><\/a><\/span><\/td>\n<td><strong>Jean-Luc Ceccaldi-Pisson<\/strong><br \/>\n<strong>Cedric Duple<\/strong><\/td>\n<td>PH Sport Zephyr<\/td>\n<td class=\"nomobile\">JLC Racing<\/td>\n<td style=\"text-align: right; padding-right: 15px;\"><strong>+20:36:59<\/strong><\/td>\n<\/tr>\n<tr style=\"vertical-align: top; background-color: #f2f2f2;\">\n<td style=\"text-align: center;\"><strong>76.<\/strong><\/td>\n<td class=\"nomobile\" style=\"text-align: center;\">469<\/td>\n<td class=\"nomobile\" style=\"text-align: center;\"><span style=\"font-size: 8pt;\">T4<\/span><\/td>\n<td class=\"nomobile\" style=\"text-align: center;\"><\/td>\n<td><strong>Jeffrey Otten<\/strong><br \/>\n<strong>Marco Bouman<\/strong><\/td>\n<td>Can-Am Maverick X3<\/td>\n<td class=\"nomobile\">Gaia-Motorsports<\/td>\n<td style=\"text-align: right; padding-right: 15px;\"><strong>+22:01:04<\/strong><\/td>\n<\/tr>\n<tr style=\"vertical-align: top; background-color: #dbd9d9;\">\n<td style=\"text-align: center;\"><strong>77.<\/strong><\/td>\n<td class=\"nomobile\" style=\"text-align: center;\">510<\/td>\n<td class=\"nomobile\" style=\"text-align: center;\"><span style=\"font-size: 8pt;\">T5<\/span><\/td>\n<td class=\"nomobile\" style=\"text-align: center;\"><\/td>\n<td><strong>Richard de Groot<\/strong><br \/>\n<strong>Markus Laan<\/strong><br \/>\n<strong>Johannes Hulsebosch<\/strong><\/td>\n<td>Iveco Powerstar<\/td>\n<td class=\"nomobile\">Firemen Dakar Team<\/td>\n<td style=\"text-align: right; padding-right: 15px;\"><strong>+22:45:33<\/strong><\/td>\n<\/tr>\n<tr style=\"vertical-align: top; background-color: #f2f2f2;\">\n<td style=\"text-align: center;\"><strong>78.<\/strong><\/td>\n<td class=\"nomobile\" style=\"text-align: center;\">509<\/td>\n<td class=\"nomobile\" style=\"text-align: center;\"><span style=\"font-size: 8pt;\">T5<\/span><\/td>\n<td class=\"nomobile\" style=\"text-align: center;\"><span style=\"font-size: 8pt;\"><a href=\"\/index.php\/w2rc\/w2rc-2023\/\"><span style=\"color: #ee8027;\">W2RC<\/span><\/a><\/span><\/td>\n<td><strong>Tom\u00e1\u0161 Vr\u00e1tn\u00fd<\/strong><br \/>\n<strong>Bart\u0142omiej Boba<\/strong><br \/>\n<strong>Jarom\u00edr Martinec<\/strong><\/td>\n<td>Tatra Jamal<\/td>\n<td class=\"nomobile\">Fesh Fesh Team<\/td>\n<td style=\"text-align: right; padding-right: 15px;\"><strong>+23:24:10<\/strong><\/td>\n<\/tr>\n<tr style=\"vertical-align: top; background-color: #dbd9d9;\">\n<td style=\"text-align: center;\"><strong>79.<\/strong><\/td>\n<td class=\"nomobile\" style=\"text-align: center;\">318<\/td>\n<td class=\"nomobile\" style=\"text-align: center;\"><span style=\"font-size: 8pt;\">T3<\/span><\/td>\n<td class=\"nomobile\" style=\"text-align: center;\"><\/td>\n<td><strong>Joan Font<\/strong><br \/>\n<strong>Themistocles Lopez<\/strong><\/td>\n<td>Can-Am Maverick X3<\/td>\n<td class=\"nomobile\">FN Speed Team<\/td>\n<td style=\"text-align: right; padding-right: 15px;\"><strong>+23:26:14<\/strong><\/td>\n<\/tr>\n<tr style=\"vertical-align: top; background-color: #f2f2f2;\">\n<td style=\"text-align: center;\"><strong>80.<\/strong><\/td>\n<td class=\"nomobile\" style=\"text-align: center;\">321<\/td>\n<td class=\"nomobile\" style=\"text-align: center;\"><span style=\"font-size: 8pt;\">T3<\/span><\/td>\n<td class=\"nomobile\" style=\"text-align: center;\"><\/td>\n<td><strong>Ahmed Alkuwari<\/strong><br \/>\n<strong>Manuel Lucchese<\/strong><\/td>\n<td>Yamaha X-raid YXZ 1000R Turbo<\/td>\n<td class=\"nomobile\">X-raid Yamaha supported team<\/td>\n<td style=\"text-align: right; padding-right: 15px;\"><strong>+23:56:59<\/strong><\/td>\n<\/tr>\n<tr style=\"vertical-align: top; background-color: #dbd9d9;\">\n<td style=\"text-align: center;\"><strong>81.<\/strong><\/td>\n<td class=\"nomobile\" style=\"text-align: center;\">245<\/td>\n<td class=\"nomobile\" style=\"text-align: center;\"><span style=\"font-size: 8pt;\">T1<\/span><\/td>\n<td class=\"nomobile\" style=\"text-align: center;\"><\/td>\n<td><strong>Thomas Bell<\/strong><br \/>\n<strong>Gerhardt Schutte<\/strong><\/td>\n<td>Nissan Navara VK56<\/td>\n<td class=\"nomobile\">Red-Lined TBR<\/td>\n<td style=\"text-align: right; padding-right: 15px;\"><strong>+24:05:57<\/strong><\/td>\n<\/tr>\n<tr style=\"vertical-align: top; background-color: #f2f2f2;\">\n<td style=\"text-align: center;\"><strong>82.<\/strong><\/td>\n<td class=\"nomobile\" style=\"text-align: center;\">410<\/td>\n<td class=\"nomobile\" style=\"text-align: center;\"><span style=\"font-size: 8pt;\">T4<\/span><\/td>\n<td class=\"nomobile\" style=\"text-align: center;\"><span style=\"font-size: 8pt;\"><a href=\"\/index.php\/w2rc\/w2rc-2023\/\"><span style=\"color: #ee8027;\">W2RC<\/span><\/a><\/span><\/td>\n<td><strong>Yasir Seaidan<\/strong><br \/>\n<strong><a href=\"\/index.php\/osobnosti\/alexej-kuzmic\/\"><span style=\"color: #ee8027;\">Alexej Kuzmi\u010d<\/span><\/a><\/strong><\/td>\n<td>Can-Am Maverick X3<\/td>\n<td class=\"nomobile\">Race World Team<\/td>\n<td style=\"text-align: right; padding-right: 15px;\"><strong>+25:23:31<\/strong><\/td>\n<\/tr>\n<tr style=\"vertical-align: top; background-color: #dbd9d9;\">\n<td style=\"text-align: center;\"><strong>83.<\/strong><\/td>\n<td class=\"nomobile\" style=\"text-align: center;\">216<\/td>\n<td class=\"nomobile\" style=\"text-align: center;\"><span style=\"font-size: 8pt;\">T1<\/span><\/td>\n<td class=\"nomobile\" style=\"text-align: center;\"><\/td>\n<td><strong>Brian Baragwanath<\/strong><br \/>\n<strong>Leonard Cremer<\/strong><\/td>\n<td>Century CR6-T<\/td>\n<td class=\"nomobile\">Century Racing Factory Team<\/td>\n<td style=\"text-align: right; padding-right: 15px;\"><strong>+25:32:17<\/strong><\/td>\n<\/tr>\n<tr style=\"vertical-align: top; background-color: #f2f2f2;\">\n<td style=\"text-align: center;\"><strong>84.<\/strong><\/td>\n<td class=\"nomobile\" style=\"text-align: center;\">332<\/td>\n<td class=\"nomobile\" style=\"text-align: center;\"><span style=\"font-size: 8pt;\">T3<\/span><\/td>\n<td class=\"nomobile\" style=\"text-align: center;\"><span style=\"font-size: 8pt;\"><a href=\"\/index.php\/w2rc\/w2rc-2023\/\"><span style=\"color: #ee8027;\">W2RC<\/span><\/a><\/span><\/td>\n<td><a href=\"\/index.php\/osobnosti\/claude-fournier\/\"><span style=\"color: #ee8027;\"><strong>Claude Fournier<\/strong><\/span><\/a><br \/>\n<strong>Arnold Brucy<\/strong><\/td>\n<td>Can-Am Maverick X3<\/td>\n<td class=\"nomobile\">Team BBR \/ Pole Position 77<\/td>\n<td style=\"text-align: right; padding-right: 15px;\"><strong>+26:22:00<\/strong><\/td>\n<\/tr>\n<tr style=\"vertical-align: top; background-color: #dbd9d9;\">\n<td style=\"text-align: center;\"><strong>85.<\/strong><\/td>\n<td class=\"nomobile\" style=\"text-align: center;\">243<\/td>\n<td class=\"nomobile\" style=\"text-align: center;\"><span style=\"font-size: 8pt;\">T1<\/span><\/td>\n<td class=\"nomobile\" style=\"text-align: center;\"><\/td>\n<td><strong>Maik Willems<\/strong><br \/>\n<strong>Robert van Pelt<\/strong><\/td>\n<td>Toyota Hilux<\/td>\n<td class=\"nomobile\">Bastion Hotels Dakar Team<\/td>\n<td style=\"text-align: right; padding-right: 15px;\"><strong>+26:27:18<\/strong><\/td>\n<\/tr>\n<tr style=\"vertical-align: top; background-color: #f2f2f2;\">\n<td style=\"text-align: center;\"><strong>86.<\/strong><\/td>\n<td class=\"nomobile\" style=\"text-align: center;\">325<\/td>\n<td class=\"nomobile\" style=\"text-align: center;\"><span style=\"font-size: 8pt;\">T3<\/span><\/td>\n<td class=\"nomobile\" style=\"text-align: center;\"><\/td>\n<td><strong>Jean-Pascal Besson<\/strong><br \/>\n<strong>Delphine Delfino<\/strong><\/td>\n<td>Can-Am MMP<\/td>\n<td class=\"nomobile\">MMP<\/td>\n<td style=\"text-align: right; padding-right: 15px;\"><strong>+26:55:46<\/strong><\/td>\n<\/tr>\n<tr style=\"vertical-align: top; background-color: #dbd9d9;\">\n<td style=\"text-align: center;\"><strong>87.<\/strong><\/td>\n<td class=\"nomobile\" style=\"text-align: center;\">336<\/td>\n<td class=\"nomobile\" style=\"text-align: center;\"><span style=\"font-size: 8pt;\">T3<\/span><\/td>\n<td class=\"nomobile\" style=\"text-align: center;\"><\/td>\n<td><strong>Bradley Salazar<\/strong><br \/>\n<strong>Eugenio Arrieta<\/strong><\/td>\n<td>Can-Am Maverick X3<\/td>\n<td class=\"nomobile\">FN Speed Team<\/td>\n<td style=\"text-align: right; padding-right: 15px;\"><strong>+27:37:44<\/strong><\/td>\n<\/tr>\n<tr style=\"vertical-align: top; background-color: #f2f2f2;\">\n<td style=\"text-align: center;\"><strong>88.<\/strong><\/td>\n<td class=\"nomobile\" style=\"text-align: center;\">519<\/td>\n<td class=\"nomobile\" style=\"text-align: center;\"><span style=\"font-size: 8pt;\">T5<\/span><\/td>\n<td class=\"nomobile\" style=\"text-align: center;\"><\/td>\n<td><strong>Teruhito Sugawara<\/strong><br \/>\n<strong>Hirokazu Somemiya<\/strong><br \/>\n<strong>Jud\u017ei Mo\u010dizuki<\/strong><\/td>\n<td>Hino 600-Hybrid<\/td>\n<td class=\"nomobile\">Hino Team Sugawara<\/td>\n<td style=\"text-align: right; padding-right: 15px;\"><strong>+27:55:18<\/strong><\/td>\n<\/tr>\n<tr style=\"vertical-align: top; background-color: #dbd9d9;\">\n<td style=\"text-align: center;\"><strong>89.<\/strong><\/td>\n<td class=\"nomobile\" style=\"text-align: center;\">326<\/td>\n<td class=\"nomobile\" style=\"text-align: center;\"><span style=\"font-size: 8pt;\">T3<\/span><\/td>\n<td class=\"nomobile\" style=\"text-align: center;\"><\/td>\n<td><strong>Xavier Foj<\/strong><br \/>\n<strong>Antonio Angulo<\/strong><\/td>\n<td>Oryx T3<\/td>\n<td class=\"nomobile\">Foj Motorsport<\/td>\n<td style=\"text-align: right; padding-right: 15px;\"><strong>+28:26:23<\/strong><\/td>\n<\/tr>\n<tr style=\"vertical-align: top; background-color: #f2f2f2;\">\n<td style=\"text-align: center;\"><strong>90.<\/strong><\/td>\n<td class=\"nomobile\" style=\"text-align: center;\">266<\/td>\n<td class=\"nomobile\" style=\"text-align: center;\"><span style=\"font-size: 8pt;\">T1<\/span><\/td>\n<td class=\"nomobile\" style=\"text-align: center;\"><\/td>\n<td><strong>Dave Klaassen<\/strong><br \/>\n<strong>Tessa Rooth<\/strong><\/td>\n<td>Nissan Navara VK56<\/td>\n<td class=\"nomobile\">Daklapack Rally Sport<\/td>\n<td style=\"text-align: right; padding-right: 15px;\"><strong>+29:23:03<\/strong><\/td>\n<\/tr>\n<tr style=\"vertical-align: top; background-color: #dbd9d9;\">\n<td style=\"text-align: center;\"><strong>91.<\/strong><\/td>\n<td class=\"nomobile\" style=\"text-align: center;\">525<\/td>\n<td class=\"nomobile\" style=\"text-align: center;\"><span style=\"font-size: 8pt;\">T5<\/span><\/td>\n<td class=\"nomobile\" style=\"text-align: center;\"><\/td>\n<td><strong>Ad Hofmans<\/strong><br \/>\n<strong>Remon van der Steen<\/strong><br \/>\n<strong>Mark Salomons<\/strong><\/td>\n<td>DAF CF 75<\/td>\n<td class=\"nomobile\">De Groot Sport<\/td>\n<td style=\"text-align: right; padding-right: 15px;\"><strong>+31:23:51<\/strong><\/td>\n<\/tr>\n<tr style=\"vertical-align: top; background-color: #f2f2f2;\">\n<td style=\"text-align: center;\"><strong>92.<\/strong><\/td>\n<td class=\"nomobile\" style=\"text-align: center;\">342<\/td>\n<td class=\"nomobile\" style=\"text-align: center;\"><span style=\"font-size: 8pt;\">T3<\/span><\/td>\n<td class=\"nomobile\" style=\"text-align: center;\"><\/td>\n<td><strong>Benjamin Lattard<\/strong><br \/>\n<strong>Patrick Jimbert<\/strong><\/td>\n<td>MMP Rally Raid<\/td>\n<td class=\"nomobile\">MMP<\/td>\n<td style=\"text-align: right; padding-right: 15px;\"><strong>+33:58:44<\/strong><\/td>\n<\/tr>\n<tr style=\"vertical-align: top; background-color: #dbd9d9;\">\n<td style=\"text-align: center;\"><strong>93.<\/strong><\/td>\n<td class=\"nomobile\" style=\"text-align: center;\">538<\/td>\n<td class=\"nomobile\" style=\"text-align: center;\"><span style=\"font-size: 8pt;\">T5<\/span><\/td>\n<td class=\"nomobile\" style=\"text-align: center;\"><\/td>\n<td><strong>Adwin Hoondert<\/strong><br \/>\n<strong>Jasper Riezebos<\/strong><br \/>\n<strong>Erwin de Vos<\/strong><\/td>\n<td>Renault K520<\/td>\n<td class=\"nomobile\">Riwald Dakar Team<\/td>\n<td style=\"text-align: right; padding-right: 15px;\"><strong>+34:40:52<\/strong><\/td>\n<\/tr>\n<tr style=\"vertical-align: top; background-color: #f2f2f2;\">\n<td style=\"text-align: center;\"><strong>94.<\/strong><\/td>\n<td class=\"nomobile\" style=\"text-align: center;\">314<\/td>\n<td class=\"nomobile\" style=\"text-align: center;\"><span style=\"font-size: 8pt;\">T3<\/span><\/td>\n<td class=\"nomobile\" style=\"text-align: center;\"><span style=\"font-size: 8pt;\"><a href=\"\/index.php\/w2rc\/w2rc-2023\/\"><span style=\"color: #ee8027;\">W2RC<\/span><\/a><\/span><\/td>\n<td><strong>Mitch Guthrie<\/strong><br \/>\n<strong>Kellon Walch<\/strong><\/td>\n<td>MCE-5 T3M<\/td>\n<td class=\"nomobile\">Red Bull Off-Road Junior Team USA by BF Goodrich<\/td>\n<td style=\"text-align: right; padding-right: 15px;\"><strong>+34:50:46<\/strong><\/td>\n<\/tr>\n<tr style=\"vertical-align: top; background-color: #dbd9d9;\">\n<td style=\"text-align: center;\"><strong>95.<\/strong><\/td>\n<td class=\"nomobile\" style=\"text-align: center;\">320<\/td>\n<td class=\"nomobile\" style=\"text-align: center;\"><span style=\"font-size: 8pt;\">T3<\/span><\/td>\n<td class=\"nomobile\" style=\"text-align: center;\"><\/td>\n<td><strong>Mashael Alobaidan<\/strong><br \/>\n<strong><a href=\"\/index.php\/osobnosti\/paolo-ceci\/\"><span style=\"color: #ee8027;\">Paolo Ceci<\/span><\/a><\/strong><\/td>\n<td>Can-Am Maverick X3<\/td>\n<td class=\"nomobile\">South Racing Can-Am<\/td>\n<td style=\"text-align: right; padding-right: 15px;\"><strong>+35:39:06<\/strong><\/td>\n<\/tr>\n<tr style=\"vertical-align: top; background-color: #f2f2f2;\">\n<td style=\"text-align: center;\"><strong>96.<\/strong><\/td>\n<td class=\"nomobile\" style=\"text-align: center;\">348<\/td>\n<td class=\"nomobile\" style=\"text-align: center;\"><span style=\"font-size: 8pt;\">T3<\/span><\/td>\n<td class=\"nomobile\" style=\"text-align: center;\"><\/td>\n<td><strong>Antonio Marmolejo<\/strong><br \/>\n<strong>Ariel Jaton<\/strong><\/td>\n<td>Can-Am Maverick X3<\/td>\n<td class=\"nomobile\">South Racing Can-Am<\/td>\n<td style=\"text-align: right; padding-right: 15px;\"><strong>+36:24:19<\/strong><\/td>\n<\/tr>\n<tr style=\"vertical-align: top; background-color: #dbd9d9;\">\n<td style=\"text-align: center;\"><strong>97.<\/strong><\/td>\n<td class=\"nomobile\" style=\"text-align: center;\">424<\/td>\n<td class=\"nomobile\" style=\"text-align: center;\"><span style=\"font-size: 8pt;\">T4<\/span><\/td>\n<td class=\"nomobile\" style=\"text-align: center;\"><\/td>\n<td><strong>Frederic Chesneau<\/strong><br \/>\n<strong>Stephane Chesneau<\/strong><\/td>\n<td>Can-Am Maverick X3<\/td>\n<td class=\"nomobile\">FS 21<\/td>\n<td style=\"text-align: right; padding-right: 15px;\"><strong>+36:24:55<\/strong><\/td>\n<\/tr>\n<tr style=\"vertical-align: top; background-color: #f2f2f2;\">\n<td style=\"text-align: center;\"><strong>98.<\/strong><\/td>\n<td class=\"nomobile\" style=\"text-align: center;\">202<\/td>\n<td class=\"nomobile\" style=\"text-align: center;\"><span style=\"font-size: 8pt;\">T1<\/span><\/td>\n<td class=\"nomobile\" style=\"text-align: center;\"><span style=\"font-size: 8pt;\"><a href=\"\/index.php\/w2rc\/w2rc-2023\/\"><span style=\"color: #ee8027;\">W2RC<\/span><\/a><\/span><\/td>\n<td><a href=\"\/index.php\/osobnosti\/yazeed-al-rajhi\/\"><span style=\"color: #ee8027;\"><strong>Yazeed Al-Rajhi<\/strong><\/span><\/a><br \/>\n<strong>Dirk von Zitzewitz<\/strong><\/td>\n<td>Toyota Hilux Overdrive<\/td>\n<td class=\"nomobile\">Ovedrive Racing<\/td>\n<td style=\"text-align: right; padding-right: 15px;\"><strong>+36:52:15<\/strong><\/td>\n<\/tr>\n<tr style=\"vertical-align: top; background-color: #dbd9d9;\">\n<td style=\"text-align: center;\"><strong>99.<\/strong><\/td>\n<td class=\"nomobile\" style=\"text-align: center;\">411<\/td>\n<td class=\"nomobile\" style=\"text-align: center;\"><span style=\"font-size: 8pt;\">T4<\/span><\/td>\n<td class=\"nomobile\" style=\"text-align: center;\"><span style=\"font-size: 8pt;\"><a href=\"\/index.php\/w2rc\/w2rc-2023\/\"><span style=\"color: #ee8027;\">W2RC<\/span><\/a><\/span><\/td>\n<td><strong>Nicol\u00e1s Cavigliasso<\/strong><br \/>\n<strong>Valentina Pertegarini<\/strong><\/td>\n<td>Can-Am Maverick X3<\/td>\n<td class=\"nomobile\">Caviglissio \/ Drag\u2019on Rally Team<\/td>\n<td style=\"text-align: right; padding-right: 15px;\"><strong>+37:10:09<\/strong><\/td>\n<\/tr>\n<tr style=\"vertical-align: top; background-color: #f2f2f2;\">\n<td style=\"text-align: center;\"><strong>100.<\/strong><\/td>\n<td class=\"nomobile\" style=\"text-align: center;\">515<\/td>\n<td class=\"nomobile\" style=\"text-align: center;\"><span style=\"font-size: 8pt;\">T5<\/span><\/td>\n<td class=\"nomobile\" style=\"text-align: center;\"><\/td>\n<td><strong>Claudio Bellina<\/strong><br \/>\n<strong>Bruno Gotti<\/strong><br \/>\n<strong>Giulio Minelli<\/strong><\/td>\n<td>Iveco Powerstar<\/td>\n<td class=\"nomobile\">MM Technology<\/td>\n<td style=\"text-align: right; padding-right: 15px;\"><strong>+37:13:27<\/strong><\/td>\n<\/tr>\n<tr style=\"vertical-align: top; background-color: #dbd9d9;\">\n<td style=\"text-align: center;\"><strong>101.<\/strong><\/td>\n<td class=\"nomobile\" style=\"text-align: center;\">330<\/td>\n<td class=\"nomobile\" style=\"text-align: center;\"><span style=\"font-size: 8pt;\">T3<\/span><\/td>\n<td class=\"nomobile\" style=\"text-align: center;\"><\/td>\n<td><strong>Javier Velez<\/strong><br \/>\n<strong>Mateo Moreno<\/strong><\/td>\n<td>Can-Am Maverick X3<\/td>\n<td class=\"nomobile\">FN Speed Team<\/td>\n<td style=\"text-align: right; padding-right: 15px;\"><strong>+38:59:59<\/strong><\/td>\n<\/tr>\n<tr style=\"vertical-align: top; background-color: #f2f2f2;\">\n<td style=\"text-align: center;\"><strong>102.<\/strong><\/td>\n<td class=\"nomobile\" style=\"text-align: center;\">431<\/td>\n<td class=\"nomobile\" style=\"text-align: center;\"><span style=\"font-size: 8pt;\">T4<\/span><\/td>\n<td class=\"nomobile\" style=\"text-align: center;\"><\/td>\n<td><strong>Ramon Nu\u00f1es<\/strong><br \/>\n<strong>Mauro Esteban Lipez<\/strong><\/td>\n<td>Can-Am Maverick X3<\/td>\n<td class=\"nomobile\">Sodicars Racing<\/td>\n<td style=\"text-align: right; padding-right: 15px;\"><strong>+40:13:38<\/strong><\/td>\n<\/tr>\n<tr style=\"vertical-align: top; background-color: #dbd9d9;\">\n<td style=\"text-align: center;\"><strong>103.<\/strong><\/td>\n<td class=\"nomobile\" style=\"text-align: center;\">439<\/td>\n<td class=\"nomobile\" style=\"text-align: center;\"><span style=\"font-size: 8pt;\">T4<\/span><\/td>\n<td class=\"nomobile\" style=\"text-align: center;\"><span style=\"font-size: 8pt;\"><a href=\"\/index.php\/w2rc\/w2rc-2023\/\"><span style=\"color: #ee8027;\">W2RC<\/span><\/a><\/span><\/td>\n<td><strong>\u0160insuke Umeda<\/strong><br \/>\n<strong>Facundo Jaton<\/strong><\/td>\n<td>Polariz RZR PRO R<\/td>\n<td class=\"nomobile\">Xtreme Plus Polaris Factory Team<\/td>\n<td style=\"text-align: right; padding-right: 15px;\"><strong>+40:14:50<\/strong><\/td>\n<\/tr>\n<tr style=\"vertical-align: top; background-color: #f2f2f2;\">\n<td style=\"text-align: center;\"><strong>104.<\/strong><\/td>\n<td class=\"nomobile\" style=\"text-align: center;\">448<\/td>\n<td class=\"nomobile\" style=\"text-align: center;\"><span style=\"font-size: 8pt;\">T4<\/span><\/td>\n<td class=\"nomobile\" style=\"text-align: center;\"><\/td>\n<td><strong>Luis D\u00edaz<\/strong><br \/>\n<strong>Stanley Sherrington<\/strong><\/td>\n<td>Can-Am Maverick X3<\/td>\n<td class=\"nomobile\">FN Speed Team<\/td>\n<td style=\"text-align: right; padding-right: 15px;\"><strong>+40:41:00<\/strong><\/td>\n<\/tr>\n<tr style=\"vertical-align: top; background-color: #dbd9d9;\">\n<td style=\"text-align: center;\"><strong>105.<\/strong><\/td>\n<td class=\"nomobile\" style=\"text-align: center;\">319<\/td>\n<td class=\"nomobile\" style=\"text-align: center;\"><span style=\"font-size: 8pt;\">T3<\/span><\/td>\n<td class=\"nomobile\" style=\"text-align: center;\"><span style=\"font-size: 8pt;\"><a href=\"\/index.php\/w2rc\/w2rc-2023\/\"><span style=\"color: #ee8027;\">W2RC<\/span><\/a><\/span><\/td>\n<td><strong>H\u00e9lder Rodrigues<\/strong><br \/>\n<strong>Gon\u00e7alo Reis<\/strong><\/td>\n<td>Can-Am Maverick X3<\/td>\n<td class=\"nomobile\">South Racing Can-Am<\/td>\n<td style=\"text-align: right; padding-right: 15px;\"><strong>+42:10:57<\/strong><\/td>\n<\/tr>\n<tr style=\"vertical-align: top; background-color: #f2f2f2;\">\n<td style=\"text-align: center;\"><strong>106.<\/strong><\/td>\n<td class=\"nomobile\" style=\"text-align: center;\">312<\/td>\n<td class=\"nomobile\" style=\"text-align: center;\"><span style=\"font-size: 8pt;\">T3<\/span><\/td>\n<td class=\"nomobile\" style=\"text-align: center;\"><span style=\"font-size: 8pt;\"><a href=\"\/index.php\/w2rc\/w2rc-2023\/\"><span style=\"color: #ee8027;\">W2RC<\/span><\/a><\/span><\/td>\n<td><strong>Dania Akeel<\/strong><br \/>\n<strong>Sergio Lafuente<\/strong><\/td>\n<td>Can-Am Maverick X3<\/td>\n<td class=\"nomobile\">South Racing Can-Am<\/td>\n<td style=\"text-align: right; padding-right: 15px;\"><strong>+42:36:07<\/strong><\/td>\n<\/tr>\n<tr style=\"vertical-align: top; background-color: #dbd9d9;\">\n<td style=\"text-align: center;\"><strong>107.<\/strong><\/td>\n<td class=\"nomobile\" style=\"text-align: center;\">406<\/td>\n<td class=\"nomobile\" style=\"text-align: center;\"><span style=\"font-size: 8pt;\">T4<\/span><\/td>\n<td class=\"nomobile\" style=\"text-align: center;\"><span style=\"font-size: 8pt;\"><a href=\"\/index.php\/w2rc\/w2rc-2023\/\"><span style=\"color: #ee8027;\">W2RC<\/span><\/a><\/span><\/td>\n<td><strong>Rodrigo Luppi de Oliveira<\/strong><br \/>\n<strong>Maykel Justo<\/strong><\/td>\n<td>Can-Am Maverick X3<\/td>\n<td class=\"nomobile\">South Racing Can-Am<\/td>\n<td style=\"text-align: right; padding-right: 15px;\"><strong>+42:47:56<\/strong><\/td>\n<\/tr>\n<tr style=\"vertical-align: top; background-color: #f2f2f2;\">\n<td style=\"text-align: center;\"><strong>108.<\/strong><\/td>\n<td class=\"nomobile\" style=\"text-align: center;\">334<\/td>\n<td class=\"nomobile\" style=\"text-align: center;\"><span style=\"font-size: 8pt;\">T3<\/span><\/td>\n<td class=\"nomobile\" style=\"text-align: center;\"><\/td>\n<td><strong>Jose Castan<\/strong><br \/>\n<strong>Jean-Fran\u00e7ois Palissier<\/strong><\/td>\n<td>Can-Am Mamba RM Sport<\/td>\n<td class=\"nomobile\">RM Sport<\/td>\n<td style=\"text-align: right; padding-right: 15px;\"><strong>+43:24:12<\/strong><\/td>\n<\/tr>\n<tr style=\"vertical-align: top; background-color: #dbd9d9;\">\n<td style=\"text-align: center;\"><strong>109.<\/strong><\/td>\n<td class=\"nomobile\" style=\"text-align: center;\">276<\/td>\n<td class=\"nomobile\" style=\"text-align: center;\"><span style=\"font-size: 8pt;\">T1<\/span><\/td>\n<td class=\"nomobile\" style=\"text-align: center;\"><\/td>\n<td><strong>Jean-Philippe Beziat<\/strong><br \/>\n<strong>Vincent Albira<\/strong><\/td>\n<td>MD Optimus<\/td>\n<td class=\"nomobile\">MD Rallye Sport<\/td>\n<td style=\"text-align: right; padding-right: 15px;\"><strong>+45:47:19<\/strong><\/td>\n<\/tr>\n<tr style=\"vertical-align: top; background-color: #f2f2f2;\">\n<td style=\"text-align: center;\"><strong>110.<\/strong><\/td>\n<td class=\"nomobile\" style=\"text-align: center;\">420<\/td>\n<td class=\"nomobile\" style=\"text-align: center;\"><span style=\"font-size: 8pt;\">T4<\/span><\/td>\n<td class=\"nomobile\" style=\"text-align: center;\"><\/td>\n<td><strong>Pietro Cinotto<\/strong><br \/>\n<strong>Alberto Bertoldi<\/strong><\/td>\n<td>Polaris RZR PRO R<\/td>\n<td class=\"nomobile\">Xtreme Plus Polaris Factory Team<\/td>\n<td style=\"text-align: right; padding-right: 15px;\"><strong>+46:30:02<\/strong><\/td>\n<\/tr>\n<tr style=\"vertical-align: top; background-color: #dbd9d9;\">\n<td style=\"text-align: center;\"><strong>111.<\/strong><\/td>\n<td class=\"nomobile\" style=\"text-align: center;\">329<\/td>\n<td class=\"nomobile\" style=\"text-align: center;\"><span style=\"font-size: 8pt;\">T3<\/span><\/td>\n<td class=\"nomobile\" style=\"text-align: center;\"><span style=\"font-size: 8pt;\"><a href=\"\/index.php\/w2rc\/w2rc-2023\/\"><span style=\"color: #ee8027;\">W2RC<\/span><\/a><\/span><\/td>\n<td><strong>David Zille<\/strong><br \/>\n<strong>Sebastian Cesana<\/strong><\/td>\n<td>Can-Am Maverick X3<\/td>\n<td class=\"nomobile\">South Racing Can-Am<\/td>\n<td style=\"text-align: right; padding-right: 15px;\"><strong>+46:58:03<\/strong><\/td>\n<\/tr>\n<tr style=\"vertical-align: top; background-color: #f2f2f2;\">\n<td style=\"text-align: center;\"><strong>112.<\/strong><\/td>\n<td class=\"nomobile\" style=\"text-align: center;\">317<\/td>\n<td class=\"nomobile\" style=\"text-align: center;\"><span style=\"font-size: 8pt;\">T3<\/span><\/td>\n<td class=\"nomobile\" style=\"text-align: center;\"><\/td>\n<td><strong>Antoine Meo<\/strong><br \/>\n<strong>Fabien Planet<\/strong><\/td>\n<td>PH Sport Zephyr<\/td>\n<td class=\"nomobile\">PH Sport<\/td>\n<td style=\"text-align: right; padding-right: 15px;\"><strong>+48:24:14<\/strong><\/td>\n<\/tr>\n<tr style=\"vertical-align: top; background-color: #dbd9d9;\">\n<td style=\"text-align: center;\"><strong>113.<\/strong><\/td>\n<td class=\"nomobile\" style=\"text-align: center;\">254<\/td>\n<td class=\"nomobile\" style=\"text-align: center;\"><span style=\"font-size: 8pt;\">T1<\/span><\/td>\n<td class=\"nomobile\" style=\"text-align: center;\"><\/td>\n<td><strong>Hugues Moilet<\/strong><br \/>\n<strong>Olivier Imschoot<\/strong><\/td>\n<td>MD Optimus<\/td>\n<td class=\"nomobile\">Off Road Concept<\/td>\n<td style=\"text-align: right; padding-right: 15px;\"><strong>+49:32:01<\/strong><\/td>\n<\/tr>\n<tr style=\"vertical-align: top; background-color: #f2f2f2;\">\n<td style=\"text-align: center;\"><strong>114.<\/strong><\/td>\n<td class=\"nomobile\" style=\"text-align: center;\">443<\/td>\n<td class=\"nomobile\" style=\"text-align: center;\"><span style=\"font-size: 8pt;\">T4<\/span><\/td>\n<td class=\"nomobile\" style=\"text-align: center;\"><\/td>\n<td><strong>Oscar Ral<\/strong><br \/>\n<strong>Carlos Jimenez<\/strong><\/td>\n<td>Can-Am Maverick X3<\/td>\n<td class=\"nomobile\">Buggy Masters Team<\/td>\n<td style=\"text-align: right; padding-right: 15px;\"><strong>+49:41:46<\/strong><\/td>\n<\/tr>\n<tr style=\"vertical-align: top; background-color: #dbd9d9;\">\n<td style=\"text-align: center;\"><strong>115.<\/strong><\/td>\n<td class=\"nomobile\" style=\"text-align: center;\">346<\/td>\n<td class=\"nomobile\" style=\"text-align: center;\"><span style=\"font-size: 8pt;\">T3<\/span><\/td>\n<td class=\"nomobile\" style=\"text-align: center;\"><\/td>\n<td><strong>Pamela Bozzano<\/strong><br \/>\n<strong>Carlos Sachs<\/strong><\/td>\n<td>Can-Am Maverick X3<\/td>\n<td class=\"nomobile\">Team BBR \/ Pole Position 77<\/td>\n<td style=\"text-align: right; padding-right: 15px;\"><strong>+52:06:01<\/strong><\/td>\n<\/tr>\n<tr style=\"vertical-align: top; background-color: #f2f2f2;\">\n<td style=\"text-align: center;\"><strong>116.<\/strong><\/td>\n<td class=\"nomobile\" style=\"text-align: center;\">437<\/td>\n<td class=\"nomobile\" style=\"text-align: center;\"><span style=\"font-size: 8pt;\">T4<\/span><\/td>\n<td class=\"nomobile\" style=\"text-align: center;\"><\/td>\n<td><strong>Cristiano Batista<\/strong><br \/>\n<strong>Fausto de Almeida<\/strong><\/td>\n<td>Can-Am Maverick X3<\/td>\n<td class=\"nomobile\">South Racing Can-Am<\/td>\n<td style=\"text-align: right; padding-right: 15px;\"><strong>+53:44:25<\/strong><\/td>\n<\/tr>\n<tr style=\"vertical-align: top; background-color: #dbd9d9;\">\n<td style=\"text-align: center;\"><strong>117.<\/strong><\/td>\n<td class=\"nomobile\" style=\"text-align: center;\">347<\/td>\n<td class=\"nomobile\" style=\"text-align: center;\"><span style=\"font-size: 8pt;\">T3<\/span><\/td>\n<td class=\"nomobile\" style=\"text-align: center;\"><\/td>\n<td><strong>Enio Bozzano jr.<\/strong><br \/>\n<strong>Luciano Gomes<\/strong><\/td>\n<td>Can-Am Maverick X3<\/td>\n<td class=\"nomobile\">Team BBR \/ Pole Position 77<\/td>\n<td style=\"text-align: right; padding-right: 15px;\"><strong>+53:54:22<\/strong><\/td>\n<\/tr>\n<tr style=\"vertical-align: top; background-color: #f2f2f2;\">\n<td style=\"text-align: center;\"><strong>118.<\/strong><\/td>\n<td class=\"nomobile\" style=\"text-align: center;\">521<\/td>\n<td class=\"nomobile\" style=\"text-align: center;\"><span style=\"font-size: 8pt;\">T5<\/span><\/td>\n<td class=\"nomobile\" style=\"text-align: center;\"><\/td>\n<td><strong>Gerrit Zuurmond<\/strong><br \/>\n<strong>Tjeerd van Ballegooy<\/strong><br \/>\n<strong>Klaas Kwakkel<\/strong><\/td>\n<td>MAN TGA<\/td>\n<td class=\"nomobile\">Stichting Rainbow Truck Team<\/td>\n<td style=\"text-align: right; padding-right: 15px;\"><strong>+57:44:07<\/strong><\/td>\n<\/tr>\n<tr style=\"vertical-align: top; background-color: #dbd9d9;\">\n<td style=\"text-align: center;\"><strong>119.<\/strong><\/td>\n<td class=\"nomobile\" style=\"text-align: center;\">263<\/td>\n<td class=\"nomobile\" style=\"text-align: center;\"><span style=\"font-size: 8pt;\">T1<\/span><\/td>\n<td class=\"nomobile\" style=\"text-align: center;\"><\/td>\n<td><strong>Ronald van Loon<\/strong><br \/>\n<strong>Erik Lemmen<\/strong><\/td>\n<td>Nissan Navara VK50<\/td>\n<td class=\"nomobile\">Oase Motorsport<\/td>\n<td style=\"text-align: right; padding-right: 15px;\"><strong>+59:06:17<\/strong><\/td>\n<\/tr>\n<tr style=\"vertical-align: top; background-color: #f2f2f2;\">\n<td style=\"text-align: center;\"><strong>120.<\/strong><\/td>\n<td class=\"nomobile\" style=\"text-align: center;\">344<\/td>\n<td class=\"nomobile\" style=\"text-align: center;\"><span style=\"font-size: 8pt;\">T3<\/span><\/td>\n<td class=\"nomobile\" style=\"text-align: center;\"><span style=\"font-size: 8pt;\"><a href=\"\/index.php\/w2rc\/w2rc-2023\/\"><span style=\"color: #ee8027;\">W2RC<\/span><\/a><\/span><\/td>\n<td><strong>Aliyyah Koloc<\/strong><br \/>\n<strong>Stephane Duple<\/strong><\/td>\n<td>Buggyra Can-Am DV 21<\/td>\n<td class=\"nomobile\">Buggyra ZM Racing<\/td>\n<td style=\"text-align: right; padding-right: 15px;\"><strong>+61:14:44<\/strong><\/td>\n<\/tr>\n<tr style=\"vertical-align: top; background-color: #dbd9d9;\">\n<td style=\"text-align: center;\"><strong>121.<\/strong><\/td>\n<td class=\"nomobile\" style=\"text-align: center;\">250<\/td>\n<td class=\"nomobile\" style=\"text-align: center;\"><span style=\"font-size: 8pt;\">T2<\/span><\/td>\n<td class=\"nomobile\" style=\"text-align: center;\"><\/td>\n<td><strong>Ronald Basso<\/strong><br \/>\n<strong>Jean Michel Polato<\/strong><\/td>\n<td>Toyota Land Cruiser GR Sport<\/td>\n<td class=\"nomobile\">Team Land Cruiser Toyota Auto Body<\/td>\n<td style=\"text-align: right; padding-right: 15px;\"><strong>+62:36:27<\/strong><\/td>\n<\/tr>\n<tr style=\"vertical-align: top; background-color: #f2f2f2;\">\n<td style=\"text-align: center;\"><strong>122.<\/strong><\/td>\n<td class=\"nomobile\" style=\"text-align: center;\">507<\/td>\n<td class=\"nomobile\" style=\"text-align: center;\"><span style=\"font-size: 8pt;\">T5<\/span><\/td>\n<td class=\"nomobile\" style=\"text-align: center;\"><\/td>\n<td><strong>Pascal de Baar<\/strong><br \/>\n<strong>Marcin Kr\u00fcger<\/strong><br \/>\n<strong>Stefan Slootjes<\/strong><\/td>\n<td>Renault C460<\/td>\n<td class=\"nomobile\">Riwald Dakar Team<\/td>\n<td style=\"text-align: right; padding-right: 15px;\"><strong>+65:04:14<\/strong><\/td>\n<\/tr>\n<tr style=\"vertical-align: top; background-color: #dbd9d9;\">\n<td style=\"text-align: center;\"><strong>123.<\/strong><\/td>\n<td class=\"nomobile\" style=\"text-align: center;\">531<\/td>\n<td class=\"nomobile\" style=\"text-align: center;\"><span style=\"font-size: 8pt;\">T5<\/span><\/td>\n<td class=\"nomobile\" style=\"text-align: center;\"><\/td>\n<td><strong>Robert Kas\u00e1k<\/strong><br \/>\n<strong>Tom\u00e1\u0161 Kazarka<\/strong><br \/>\n<strong>Jaroslav Kol\u00e1\u0159<\/strong><\/td>\n<td>Tatra Phoenix Buggyra<\/td>\n<td class=\"nomobile\">Tatra Buggyra Slovakia<\/td>\n<td style=\"text-align: right; padding-right: 15px;\"><strong>+65:09:40<\/strong><\/td>\n<\/tr>\n<tr style=\"vertical-align: top; background-color: #f2f2f2;\">\n<td style=\"text-align: center;\"><strong>124.<\/strong><\/td>\n<td class=\"nomobile\" style=\"text-align: center;\">246<\/td>\n<td class=\"nomobile\" style=\"text-align: center;\"><span style=\"font-size: 8pt;\">T2<\/span><\/td>\n<td class=\"nomobile\" style=\"text-align: center;\"><\/td>\n<td><strong>Akira Miura<\/strong><br \/>\n<a href=\"\/index.php\/osobnosti\/laurent-lichtleuchter\/\"><span style=\"color: #ee8027;\"><strong>Laurent Lichtleuchter<\/strong><\/span><\/a><\/td>\n<td>Toyota Land Cruiser GR Sport<\/td>\n<td class=\"nomobile\">Team Land Cruiser Toyota Auto Body<\/td>\n<td style=\"text-align: right; padding-right: 15px;\"><strong>+69:45:53<\/strong><\/td>\n<\/tr>\n<tr style=\"vertical-align: top; background-color: #dbd9d9;\">\n<td style=\"text-align: center;\"><strong>125.<\/strong><\/td>\n<td class=\"nomobile\" style=\"text-align: center;\">432<\/td>\n<td class=\"nomobile\" style=\"text-align: center;\"><span style=\"font-size: 8pt;\">T4<\/span><\/td>\n<td class=\"nomobile\" style=\"text-align: center;\"><\/td>\n<td><strong>Ferdinando Brachetti<\/strong><br \/>\n<strong>Matteo Casuccio<\/strong><\/td>\n<td>Polaris RZR PRO R<\/td>\n<td class=\"nomobile\">Xtreme Plus Polaris Factory Team<\/td>\n<td style=\"text-align: right; padding-right: 15px;\"><strong>+70:42:52<\/strong><\/td>\n<\/tr>\n<tr style=\"vertical-align: top; background-color: #f2f2f2;\">\n<td style=\"text-align: center;\"><strong>126.<\/strong><\/td>\n<td class=\"nomobile\" style=\"text-align: center;\">427<\/td>\n<td class=\"nomobile\" style=\"text-align: center;\"><span style=\"font-size: 8pt;\">T4<\/span><\/td>\n<td class=\"nomobile\" style=\"text-align: center;\"><\/td>\n<td><strong>Pedro Pe\u00f1ate<\/strong><br \/>\n<strong>Rosa Romero<\/strong><\/td>\n<td>Can-Am Maverick X3<\/td>\n<td class=\"nomobile\">TH-Trucks Canarias Team<\/td>\n<td style=\"text-align: right; padding-right: 15px;\"><strong>+70:50:29<\/strong><\/td>\n<\/tr>\n<tr style=\"vertical-align: top; background-color: #dbd9d9;\">\n<td style=\"text-align: center;\"><strong>127.<\/strong><\/td>\n<td class=\"nomobile\" style=\"text-align: center;\">311<\/td>\n<td class=\"nomobile\" style=\"text-align: center;\"><span style=\"font-size: 8pt;\">T3<\/span><\/td>\n<td class=\"nomobile\" style=\"text-align: center;\"><\/td>\n<td><strong>Camelia Liparoti<\/strong><br \/>\n<strong>Xavier Blanco<\/strong><\/td>\n<td>Yamaha X-raid YXZ 1000R Turbo<\/td>\n<td class=\"nomobile\">X-raid Yamaha supported team<\/td>\n<td style=\"text-align: right; padding-right: 15px;\"><strong>+71:38:43<\/strong><\/td>\n<\/tr>\n<tr style=\"vertical-align: top; background-color: #f2f2f2;\">\n<td style=\"text-align: center;\"><strong>128.<\/strong><\/td>\n<td class=\"nomobile\" style=\"text-align: center;\">227<\/td>\n<td class=\"nomobile\" style=\"text-align: center;\"><span style=\"font-size: 8pt;\">T1<\/span><\/td>\n<td class=\"nomobile\" style=\"text-align: center;\"><\/td>\n<td><strong>Tim Coronel<\/strong><br \/>\n<strong>Tom Coronel<\/strong><\/td>\n<td>Century CR6<\/td>\n<td class=\"nomobile\">Coronel Dakar Team<\/td>\n<td style=\"text-align: right; padding-right: 15px;\"><strong>+76:05:05<\/strong><\/td>\n<\/tr>\n<tr style=\"vertical-align: top; background-color: #dbd9d9;\">\n<td style=\"text-align: center;\"><strong>129.<\/strong><\/td>\n<td class=\"nomobile\" style=\"text-align: center;\">240<\/td>\n<td class=\"nomobile\" style=\"text-align: center;\"><span style=\"font-size: 8pt;\">T1<\/span><\/td>\n<td class=\"nomobile\" style=\"text-align: center;\"><\/td>\n<td><strong>Gintas Petrus<\/strong><br \/>\n<strong>Jos\u00e9 Marques<\/strong><\/td>\n<td>MD Optimus<\/td>\n<td class=\"nomobile\">Petrus Racing<\/td>\n<td style=\"text-align: right; padding-right: 15px;\"><strong>+76:16:15<\/strong><\/td>\n<\/tr>\n<tr style=\"vertical-align: top; background-color: #f2f2f2;\">\n<td style=\"text-align: center;\"><strong>130.<\/strong><\/td>\n<td class=\"nomobile\" style=\"text-align: center;\">436<\/td>\n<td class=\"nomobile\" style=\"text-align: center;\"><span style=\"font-size: 8pt;\">T4<\/span><\/td>\n<td class=\"nomobile\" style=\"text-align: center;\"><\/td>\n<td><strong>Beno\u00eet Lepi\u00e8tre<\/strong><br \/>\n<strong>Peter Serra<\/strong><\/td>\n<td>Can-Am Maverick X3<\/td>\n<td class=\"nomobile\">My X Racing<\/td>\n<td style=\"text-align: right; padding-right: 15px;\"><strong>+82:30:57<\/strong><\/td>\n<\/tr>\n<tr style=\"vertical-align: top; background-color: #dbd9d9;\">\n<td style=\"text-align: center;\"><strong>131.<\/strong><\/td>\n<td class=\"nomobile\" style=\"text-align: center;\">514<\/td>\n<td class=\"nomobile\" style=\"text-align: center;\"><span style=\"font-size: 8pt;\">T5<\/span><\/td>\n<td class=\"nomobile\" style=\"text-align: center;\"><\/td>\n<td><strong>Vaidotas Pa\u0161kevi\u010dius<\/strong><br \/>\n<strong>Slavomir Volkov<\/strong><br \/>\n<strong>Tomas Gu\u017eauskas<\/strong><\/td>\n<td>Tatra Jamal<\/td>\n<td class=\"nomobile\">Fesh Fesh Team<\/td>\n<td style=\"text-align: right; padding-right: 15px;\"><strong>+85:03:41<\/strong><\/td>\n<\/tr>\n<tr style=\"vertical-align: top; background-color: #f2f2f2;\">\n<td style=\"text-align: center;\"><strong>132.<\/strong><\/td>\n<td class=\"nomobile\" style=\"text-align: center;\">429<\/td>\n<td class=\"nomobile\" style=\"text-align: center;\"><span style=\"font-size: 8pt;\">T4<\/span><\/td>\n<td class=\"nomobile\" style=\"text-align: center;\"><\/td>\n<td><strong>Jean-Claude Pla<\/strong><br \/>\n<strong>Cyril Pla<\/strong><\/td>\n<td>Polaris RZR PRO R<\/td>\n<td class=\"nomobile\">Xtreme Plus Polaris Factory Team<\/td>\n<td style=\"text-align: right; padding-right: 15px;\"><strong>+85:48:40<\/strong><\/td>\n<\/tr>\n<tr style=\"vertical-align: top; background-color: #dbd9d9;\">\n<td style=\"text-align: center;\"><strong>133.<\/strong><\/td>\n<td class=\"nomobile\" style=\"text-align: center;\">350<\/td>\n<td class=\"nomobile\" style=\"text-align: center;\"><span style=\"font-size: 8pt;\">T3<\/span><\/td>\n<td class=\"nomobile\" style=\"text-align: center;\"><\/td>\n<td><strong>Patricia Pita Gago<\/strong><br \/>\n<strong>Ruben Garcia<\/strong><\/td>\n<td>Can-Am Maverick X3<\/td>\n<td class=\"nomobile\">Proracing Competicion Rallye Servicios<\/td>\n<td style=\"text-align: right; padding-right: 15px;\"><strong>+88:03:15<\/strong><\/td>\n<\/tr>\n<tr style=\"vertical-align: top; background-color: #f2f2f2;\">\n<td style=\"text-align: center;\"><strong>134.<\/strong><\/td>\n<td class=\"nomobile\" style=\"text-align: center;\">417<\/td>\n<td class=\"nomobile\" style=\"text-align: center;\"><span style=\"font-size: 8pt;\">T4<\/span><\/td>\n<td class=\"nomobile\" style=\"text-align: center;\"><\/td>\n<td><strong>Paulo Oliveira<\/strong><br \/>\n<strong>Miguel Alberty<\/strong><\/td>\n<td>Can-Am Maverick X3<\/td>\n<td class=\"nomobile\">Mozambique 2023<\/td>\n<td style=\"text-align: right; padding-right: 15px;\"><strong>+89:04:03<\/strong><\/td>\n<\/tr>\n<tr style=\"vertical-align: top; background-color: #dbd9d9;\">\n<td style=\"text-align: center;\"><strong>135.<\/strong><\/td>\n<td class=\"nomobile\" style=\"text-align: center;\">444<\/td>\n<td class=\"nomobile\" style=\"text-align: center;\"><span style=\"font-size: 8pt;\">T4<\/span><\/td>\n<td class=\"nomobile\" style=\"text-align: center;\"><\/td>\n<td><strong>Carlos Vento<\/strong><br \/>\n<strong>Carlos Ruiz<\/strong><\/td>\n<td>Can-Am Maverick X3<\/td>\n<td class=\"nomobile\">Patriots Racing Team<\/td>\n<td style=\"text-align: right; padding-right: 15px;\"><strong>+106:56:47<\/strong><\/td>\n<\/tr>\n<tr style=\"vertical-align: top; background-color: #f2f2f2;\">\n<td style=\"text-align: center;\"><strong>136.<\/strong><\/td>\n<td class=\"nomobile\" style=\"text-align: center;\">534<\/td>\n<td class=\"nomobile\" style=\"text-align: center;\"><span style=\"font-size: 8pt;\">T5<\/span><\/td>\n<td class=\"nomobile\" style=\"text-align: center;\"><\/td>\n<td><strong>Igor Bouwens<\/strong><br \/>\n<strong>Syndiely Wade<\/strong><br \/>\n<strong>Ulrich Boerboom<\/strong><\/td>\n<td>Iveco T-Way<\/td>\n<td class=\"nomobile\">Gregoor Racing Team<\/td>\n<td style=\"text-align: right; padding-right: 15px;\"><strong>+110:58:32<\/strong><\/td>\n<\/tr>\n<tr style=\"vertical-align: top; background-color: #dbd9d9;\">\n<td style=\"text-align: center;\"><strong>137.<\/strong><\/td>\n<td class=\"nomobile\" style=\"text-align: center;\">529<\/td>\n<td class=\"nomobile\" style=\"text-align: center;\"><span style=\"font-size: 8pt;\">T5<\/span><\/td>\n<td class=\"nomobile\" style=\"text-align: center;\"><\/td>\n<td><strong>Dave Ingels<\/strong><br \/>\n<strong>Jos Schotanus<\/strong><br \/>\n<strong>Joao Dias<\/strong><\/td>\n<td>MAN TGS 26.480<\/td>\n<td class=\"nomobile\">X-raid Yamaha supported team<\/td>\n<td style=\"text-align: right; padding-right: 15px;\"><strong>+112:33:54<\/strong><\/td>\n<\/tr>\n<tr style=\"vertical-align: top; background-color: #f2f2f2;\">\n<td style=\"text-align: center;\"><strong>138.<\/strong><\/td>\n<td class=\"nomobile\" style=\"text-align: center;\">267<\/td>\n<td class=\"nomobile\" style=\"text-align: center;\"><span style=\"font-size: 8pt;\">T1<\/span><\/td>\n<td class=\"nomobile\" style=\"text-align: center;\"><\/td>\n<td><strong>Roger Audas<\/strong><br \/>\n<strong>Patrick Prot<\/strong><\/td>\n<td>Sodicars BV2<\/td>\n<td class=\"nomobile\">Sodicars Racing<\/td>\n<td style=\"text-align: right; padding-right: 15px;\"><strong>+112:39:16<\/strong><\/td>\n<\/tr>\n<tr style=\"vertical-align: top; background-color: #dbd9d9;\">\n<td style=\"text-align: center;\"><strong>139.<\/strong><\/td>\n<td class=\"nomobile\" style=\"text-align: center;\">532<\/td>\n<td class=\"nomobile\" style=\"text-align: center;\"><span style=\"font-size: 8pt;\">T5<\/span><\/td>\n<td class=\"nomobile\" style=\"text-align: center;\"><\/td>\n<td><strong>Jos\u00e9 Martins<\/strong><br \/>\n<strong>Jeremie Gimbre<\/strong><br \/>\n<strong>Eric Simonin<\/strong><\/td>\n<td>Iveco Trakker<\/td>\n<td class=\"nomobile\">Team Boucou<\/td>\n<td style=\"text-align: right; padding-right: 15px;\"><strong>+113:16:59<\/strong><\/td>\n<\/tr>\n<tr style=\"vertical-align: top; background-color: #f2f2f2;\">\n<td style=\"text-align: center;\"><strong>140.<\/strong><\/td>\n<td class=\"nomobile\" style=\"text-align: center;\">446<\/td>\n<td class=\"nomobile\" style=\"text-align: center;\"><span style=\"font-size: 8pt;\">T4<\/span><\/td>\n<td class=\"nomobile\" style=\"text-align: center;\"><\/td>\n<td><strong>Christophe Baillet<\/strong><br \/>\n<strong>Jean-Louis Herbeth<\/strong><\/td>\n<td>Can-Am Maverick X3<\/td>\n<td class=\"nomobile\">MMP<\/td>\n<td style=\"text-align: right; padding-right: 15px;\"><strong>+113:57:42<\/strong><\/td>\n<\/tr>\n<tr style=\"vertical-align: top; background-color: #dbd9d9;\">\n<td style=\"text-align: center;\"><strong>141.<\/strong><\/td>\n<td class=\"nomobile\" style=\"text-align: center;\">536<\/td>\n<td class=\"nomobile\" style=\"text-align: center;\"><span style=\"font-size: 8pt;\">T5<\/span><\/td>\n<td class=\"nomobile\" style=\"text-align: center;\"><\/td>\n<td><strong>Tom\u00e1\u0161 Tome\u010dek<\/strong><br \/>\n<strong>Niccolo Funaioli<\/strong><br \/>\n<strong>Ard Munster<\/strong><\/td>\n<td>Tatra 815-2T0R45<\/td>\n<td class=\"nomobile\">South Racing Service<\/td>\n<td style=\"text-align: right; padding-right: 15px;\"><strong>+122:14:44<\/strong><\/td>\n<\/tr>\n<tr style=\"vertical-align: top; background-color: #f2f2f2;\">\n<td style=\"text-align: center;\"><strong>142.<\/strong><\/td>\n<td class=\"nomobile\" style=\"text-align: center;\">337<\/td>\n<td class=\"nomobile\" style=\"text-align: center;\"><span style=\"font-size: 8pt;\">T3<\/span><\/td>\n<td class=\"nomobile\" style=\"text-align: center;\"><\/td>\n<td><strong>Jo\u00e3o Ferreira<\/strong><br \/>\n<strong>Filipe Palmeiro<\/strong><\/td>\n<td>Yamaha X-raid YXZ 1000R Turbo<\/td>\n<td class=\"nomobile\">X-raid Yamaha supported team<\/td>\n<td style=\"text-align: right; padding-right: 15px;\"><strong>+130:47:18<\/strong><\/td>\n<\/tr>\n<tr style=\"vertical-align: top; background-color: #dbd9d9;\">\n<td style=\"text-align: center;\"><strong>143.<\/strong><\/td>\n<td class=\"nomobile\" style=\"text-align: center;\">335<\/td>\n<td class=\"nomobile\" style=\"text-align: center;\"><span style=\"font-size: 8pt;\">T3<\/span><\/td>\n<td class=\"nomobile\" style=\"text-align: center;\"><\/td>\n<td><strong>Lucas del R\u00edo<\/strong><br \/>\n<strong>Bruno Jacomy<\/strong><\/td>\n<td>Can-Am Maverick X3<\/td>\n<td class=\"nomobile\">South Racing Can-Am<\/td>\n<td style=\"text-align: right; padding-right: 15px;\"><strong>+151:16:04<\/strong><\/td>\n<\/tr>\n<tr style=\"background-color: #808080; color: white;\">\n<td style=\"text-align: left;\" colspan=\"8\"><\/td>\n<\/tr>\n<tr style=\"vertical-align: top; background-color: #f2f2f2;\">\n<td style=\"text-align: center;\"><strong>DNF<\/strong><\/td>\n<td class=\"nomobile\" style=\"text-align: center;\">204<\/td>\n<td class=\"nomobile\" style=\"text-align: center;\"><span style=\"font-size: 8pt;\">T1<\/span><\/td>\n<td class=\"nomobile\" style=\"text-align: center;\"><span style=\"font-size: 8pt;\"><a href=\"\/index.php\/w2rc\/w2rc-2023\/\"><span style=\"color: #ee8027;\">W2RC<\/span><\/a><\/span><\/td>\n<td><a href=\"\/index.php\/osobnosti\/stephane-peterhansel\/\"><span style=\"color: #ee8027;\"><strong>St\u00e9phane Peterhansel<\/strong><\/span><\/a><br \/>\n<strong><a href=\"\/index.php\/osobnosti\/edouard-boulanger\/\"><span style=\"color: #ee8027;\">Edouard Boulanger<\/span><\/a><\/strong><\/td>\n<td>Audi RS Q e-tron E2<\/td>\n<td class=\"nomobile\">Team Audi Sport<\/td>\n<td style=\"text-align: right; padding-right: 15px;\"><strong><span style=\"font-size: 8pt;\">6. etapa<\/span><\/strong><\/td>\n<\/tr>\n<tr style=\"vertical-align: top; background-color: #dbd9d9;\">\n<td style=\"text-align: center;\"><strong>DNF<\/strong><\/td>\n<td class=\"nomobile\" style=\"text-align: center;\">207<\/td>\n<td class=\"nomobile\" style=\"text-align: center;\"><span style=\"font-size: 8pt;\">T1<\/span><\/td>\n<td class=\"nomobile\" style=\"text-align: center;\"><span style=\"font-size: 8pt;\"><a href=\"\/index.php\/w2rc\/w2rc-2023\/\"><span style=\"color: #ee8027;\">W2RC<\/span><\/a><\/span><\/td>\n<td><strong><a href=\"\/index.php\/osobnosti\/carlos-sainz\/\"><span style=\"color: #ee8027;\">Carlos Sainz<\/span><\/a><\/strong><br \/>\n<strong><a href=\"\/index.php\/osobnosti\/lucas-cruz\/\"><span style=\"color: #ee8027;\">Lucas Cruz<\/span><\/a><\/strong><\/td>\n<td>Audi RS Q e-tron E2<\/td>\n<td class=\"nomobile\">Team Audi Sport<\/td>\n<td style=\"text-align: right; padding-right: 15px;\"><\/td>\n<\/tr>\n<tr style=\"vertical-align: top; background-color: #f2f2f2;\">\n<td style=\"text-align: center;\"><strong>DNF<\/strong><\/td>\n<td class=\"nomobile\" style=\"text-align: center;\">208<\/td>\n<td class=\"nomobile\" style=\"text-align: center;\"><span style=\"font-size: 8pt;\">T1<\/span><\/td>\n<td class=\"nomobile\" style=\"text-align: center;\"><span style=\"font-size: 8pt;\"><a href=\"\/index.php\/w2rc\/w2rc-2023\/\"><span style=\"color: #ee8027;\">W2RC<\/span><\/a><\/span><\/td>\n<td><strong>Orlando Terranova<\/strong><br \/>\n<strong><a href=\"\/index.php\/osobnosti\/alex-haro\/\"><span style=\"color: #ee8027;\">\u00c0lex Haro<\/span><\/a><\/strong><\/td>\n<td>Prodrive Hunter<\/td>\n<td class=\"nomobile\">Bahrain Raid Xtreme<\/td>\n<td style=\"text-align: right; padding-right: 15px;\"><\/td>\n<\/tr>\n<tr style=\"vertical-align: top; background-color: #dbd9d9;\">\n<td style=\"text-align: center;\"><strong>DNF<\/strong><\/td>\n<td class=\"nomobile\" style=\"text-align: center;\">213<\/td>\n<td class=\"nomobile\" style=\"text-align: center;\"><span style=\"font-size: 8pt;\">T1<\/span><\/td>\n<td class=\"nomobile\" style=\"text-align: center;\"><\/td>\n<td><strong>Vaidotas \u017dala<\/strong><br \/>\n<strong>Paulo Fi\u00faza<\/strong><\/td>\n<td>Prodrive Hunter<\/td>\n<td class=\"nomobile\">Teltonika Racing<\/td>\n<td style=\"text-align: right; padding-right: 15px;\"><\/td>\n<\/tr>\n<tr style=\"vertical-align: top; background-color: #f2f2f2;\">\n<td style=\"text-align: center;\"><strong>DNF<\/strong><\/td>\n<td class=\"nomobile\" style=\"text-align: center;\">214<\/td>\n<td class=\"nomobile\" style=\"text-align: center;\"><span style=\"font-size: 8pt;\">T1<\/span><\/td>\n<td class=\"nomobile\" style=\"text-align: center;\"><\/td>\n<td><strong>Benediktas Vanagas<\/strong><br \/>\n<strong>Kuldar Sikk<\/strong><\/td>\n<td>Toyota Hilux<\/td>\n<td class=\"nomobile\">Toyota Gazoo Racing Baltics<\/td>\n<td style=\"text-align: right; padding-right: 15px;\"><\/td>\n<\/tr>\n<tr style=\"vertical-align: top; background-color: #dbd9d9;\">\n<td style=\"text-align: center;\"><strong>DNF<\/strong><\/td>\n<td class=\"nomobile\" style=\"text-align: center;\">215<\/td>\n<td class=\"nomobile\" style=\"text-align: center;\"><span style=\"font-size: 8pt;\">T1<\/span><\/td>\n<td class=\"nomobile\" style=\"text-align: center;\"><span style=\"font-size: 8pt;\"><a href=\"\/index.php\/w2rc\/w2rc-2023\/\"><span style=\"color: #ee8027;\">W2RC<\/span><\/a><\/span><\/td>\n<td><strong>Erik van Loon<\/strong><br \/>\n<a href=\"\/index.php\/osobnosti\/sebastien-delaunay\/\"><span style=\"color: #ee8027;\"><strong>S\u00e9bastien Delaunay<\/strong><\/span><\/a><\/td>\n<td>Toyota Hilux Overdrive<\/td>\n<td class=\"nomobile\">Overdrive Racing<\/td>\n<td style=\"text-align: right; padding-right: 15px;\"><\/td>\n<\/tr>\n<tr style=\"vertical-align: top; background-color: #f2f2f2;\">\n<td style=\"text-align: center;\"><strong>DNF<\/strong><\/td>\n<td class=\"nomobile\" style=\"text-align: center;\">219<\/td>\n<td class=\"nomobile\" style=\"text-align: center;\"><span style=\"font-size: 8pt;\">T1<\/span><\/td>\n<td class=\"nomobile\" style=\"text-align: center;\"><\/td>\n<td><strong>Lionel Baud<\/strong><br \/>\n<strong>R\u00e9mi Boulanger<\/strong><\/td>\n<td>Toyota Hilux Overdrive<\/td>\n<td class=\"nomobile\">Overdrive Racing<\/td>\n<td style=\"text-align: right; padding-right: 15px;\"><\/td>\n<\/tr>\n<tr style=\"vertical-align: top; background-color: #dbd9d9;\">\n<td style=\"text-align: center;\"><strong>DNF<\/strong><\/td>\n<td class=\"nomobile\" style=\"text-align: center;\">225<\/td>\n<td class=\"nomobile\" style=\"text-align: center;\"><span style=\"font-size: 8pt;\">T1<\/span><\/td>\n<td class=\"nomobile\" style=\"text-align: center;\"><\/td>\n<td><strong>Miroslav Zapletal<\/strong><br \/>\n<strong>Marek S\u00fdkora<\/strong><\/td>\n<td>Ford F-150<\/td>\n<td class=\"nomobile\">Offroadsport<\/td>\n<td style=\"text-align: right; padding-right: 15px;\"><\/td>\n<\/tr>\n<tr style=\"vertical-align: top; background-color: #f2f2f2;\">\n<td style=\"text-align: center;\"><strong>DNF<\/strong><\/td>\n<td class=\"nomobile\" style=\"text-align: center;\">234<\/td>\n<td class=\"nomobile\" style=\"text-align: center;\"><span style=\"font-size: 8pt;\">T1<\/span><\/td>\n<td class=\"nomobile\" style=\"text-align: center;\"><\/td>\n<td><strong>Oscar Fuertes<\/strong><br \/>\n<strong>Diego Vallejo<\/strong><\/td>\n<td>Astara 01 Concept<\/td>\n<td class=\"nomobile\">Astara Team<\/td>\n<td style=\"text-align: right; padding-right: 15px;\"><\/td>\n<\/tr>\n<tr style=\"vertical-align: top; background-color: #dbd9d9;\">\n<td style=\"text-align: center;\"><strong>DNF<\/strong><\/td>\n<td class=\"nomobile\" style=\"text-align: center;\">236<\/td>\n<td class=\"nomobile\" style=\"text-align: center;\"><span style=\"font-size: 8pt;\">T1<\/span><\/td>\n<td class=\"nomobile\" style=\"text-align: center;\"><\/td>\n<td><strong>Simon Vitse<\/strong><br \/>\n<strong>Fr\u00e9d\u00e9ric Lefebvre<\/strong><\/td>\n<td>MD Optimus<\/td>\n<td class=\"nomobile\">MD Rallye Sport<\/td>\n<td style=\"text-align: right; padding-right: 15px;\"><strong><span style=\"font-size: 8pt;\">9. etapa<\/span><\/strong><\/td>\n<\/tr>\n<tr style=\"vertical-align: top; background-color: #f2f2f2;\">\n<td style=\"text-align: center;\"><strong>DNF<\/strong><\/td>\n<td class=\"nomobile\" style=\"text-align: center;\">247<\/td>\n<td class=\"nomobile\" style=\"text-align: center;\"><span style=\"font-size: 8pt;\">T1<\/span><\/td>\n<td class=\"nomobile\" style=\"text-align: center;\"><\/td>\n<td><strong>Michel Kremer<\/strong><br \/>\n<strong>Thomas de Bois<\/strong><\/td>\n<td>Century CR6<\/td>\n<td class=\"nomobile\">Coronel Dakar Team<\/td>\n<td style=\"text-align: right; padding-right: 15px;\"><\/td>\n<\/tr>\n<tr style=\"vertical-align: top; background-color: #dbd9d9;\">\n<td style=\"text-align: center;\"><strong>DNF<\/strong><\/td>\n<td class=\"nomobile\" style=\"text-align: center;\">252<\/td>\n<td class=\"nomobile\" style=\"text-align: center;\"><span style=\"font-size: 8pt;\">T1<\/span><\/td>\n<td class=\"nomobile\" style=\"text-align: center;\"><\/td>\n<td><strong>Gerard Tramoni<\/strong><br \/>\n<strong>Dominique Totain<\/strong><\/td>\n<td>Fouquet Chevrolet BV2<\/td>\n<td class=\"nomobile\">Team 100% Sud Ouest<\/td>\n<td style=\"text-align: right; padding-right: 15px;\"><\/td>\n<\/tr>\n<tr style=\"vertical-align: top; background-color: #f2f2f2;\">\n<td style=\"text-align: center;\"><strong>DNF<\/strong><\/td>\n<td class=\"nomobile\" style=\"text-align: center;\">255<\/td>\n<td class=\"nomobile\" style=\"text-align: center;\"><span style=\"font-size: 8pt;\">T1<\/span><\/td>\n<td class=\"nomobile\" style=\"text-align: center;\"><\/td>\n<td><strong>Sergio Vallejo<\/strong><br \/>\n<strong>Mario Gonzalez<\/strong><\/td>\n<td>Century CR6<\/td>\n<td class=\"nomobile\">Vallejo Racing<\/td>\n<td style=\"text-align: right; padding-right: 15px;\"><\/td>\n<\/tr>\n<tr style=\"vertical-align: top; background-color: #dbd9d9;\">\n<td style=\"text-align: center;\"><strong>DNF<\/strong><\/td>\n<td class=\"nomobile\" style=\"text-align: center;\">256<\/td>\n<td class=\"nomobile\" style=\"text-align: center;\"><span style=\"font-size: 8pt;\">T1<\/span><\/td>\n<td class=\"nomobile\" style=\"text-align: center;\"><\/td>\n<td><strong>Manuel Plaza<\/strong><br \/>\n<strong>Monica Plaza<\/strong><\/td>\n<td>Sodicars BV2<\/td>\n<td class=\"nomobile\">Sodicars Racing<\/td>\n<td style=\"text-align: right; padding-right: 15px;\"><\/td>\n<\/tr>\n<tr style=\"vertical-align: top; background-color: #f2f2f2;\">\n<td style=\"text-align: center;\"><strong>DNF<\/strong><\/td>\n<td class=\"nomobile\" style=\"text-align: center;\">258<\/td>\n<td class=\"nomobile\" style=\"text-align: center;\"><span style=\"font-size: 8pt;\">T1<\/span><\/td>\n<td class=\"nomobile\" style=\"text-align: center;\"><\/td>\n<td><strong>Yannick Panagiotis<\/strong><br \/>\n<strong>Val\u00e9rie Panagiotis<\/strong><\/td>\n<td>Century CR6<\/td>\n<td class=\"nomobile\">Team FJ<\/td>\n<td style=\"text-align: right; padding-right: 15px;\"><\/td>\n<\/tr>\n<tr style=\"vertical-align: top; background-color: #dbd9d9;\">\n<td style=\"text-align: center;\"><strong>DNF<\/strong><\/td>\n<td class=\"nomobile\" style=\"text-align: center;\">259<\/td>\n<td class=\"nomobile\" style=\"text-align: center;\"><span style=\"font-size: 8pt;\">T2<\/span><\/td>\n<td class=\"nomobile\" style=\"text-align: center;\"><\/td>\n<td><strong>Ibrahim Al Muhna<\/strong><br \/>\n<strong>Saud Al Tamimi<\/strong><\/td>\n<td>Nissan Patrol<\/td>\n<td class=\"nomobile\"><\/td>\n<td style=\"text-align: right; padding-right: 15px;\"><\/td>\n<\/tr>\n<tr style=\"vertical-align: top; background-color: #f2f2f2;\">\n<td style=\"text-align: center;\"><strong>DNF<\/strong><\/td>\n<td class=\"nomobile\" style=\"text-align: center;\">261<\/td>\n<td class=\"nomobile\" style=\"text-align: center;\"><span style=\"font-size: 8pt;\">T1<\/span><\/td>\n<td class=\"nomobile\" style=\"text-align: center;\"><\/td>\n<td><strong>Philippe Raud<\/strong><br \/>\n<strong>Maxime Raud<\/strong><\/td>\n<td>Toyota KDJ 120<\/td>\n<td class=\"nomobile\">Sodicars Racing<\/td>\n<td style=\"text-align: right; padding-right: 15px;\"><\/td>\n<\/tr>\n<tr style=\"vertical-align: top; background-color: #dbd9d9;\">\n<td style=\"text-align: center;\"><strong>DNF<\/strong><\/td>\n<td class=\"nomobile\" style=\"text-align: center;\">264<\/td>\n<td class=\"nomobile\" style=\"text-align: center;\"><span style=\"font-size: 8pt;\">T1<\/span><\/td>\n<td class=\"nomobile\" style=\"text-align: center;\"><\/td>\n<td><strong>Antoine Galland<\/strong><br \/>\n<strong><a href=\"\/index.php\/osobnosti\/david-kripal\/\"><span style=\"color: #ee8027;\">David K\u0159\u00edpal<\/span><\/a><\/strong><\/td>\n<td>Century CR6<\/td>\n<td class=\"nomobile\">Off Road Concept<\/td>\n<td style=\"text-align: right; padding-right: 15px;\"><\/td>\n<\/tr>\n<tr style=\"vertical-align: top; background-color: #f2f2f2;\">\n<td style=\"text-align: center;\"><strong>DNF<\/strong><\/td>\n<td class=\"nomobile\" style=\"text-align: center;\">269<\/td>\n<td class=\"nomobile\" style=\"text-align: center;\"><span style=\"font-size: 8pt;\">T1<\/span><\/td>\n<td class=\"nomobile\" style=\"text-align: center;\"><span style=\"font-size: 8pt;\"><a href=\"\/index.php\/w2rc\/w2rc-2023\/\"><span style=\"color: #ee8027;\">W2RC<\/span><\/a><\/span><\/td>\n<td><strong>Magdalena Zajac<\/strong><br \/>\n<strong>Jacek Czachor<\/strong><\/td>\n<td>Toyota Hilux<\/td>\n<td class=\"nomobile\">Proxcars TME Rally Team<\/td>\n<td style=\"text-align: right; padding-right: 15px;\"><\/td>\n<\/tr>\n<tr style=\"vertical-align: top; background-color: #dbd9d9;\">\n<td style=\"text-align: center;\"><strong>DNF<\/strong><\/td>\n<td class=\"nomobile\" style=\"text-align: center;\">270<\/td>\n<td class=\"nomobile\" style=\"text-align: center;\"><span style=\"font-size: 8pt;\">T1<\/span><\/td>\n<td class=\"nomobile\" style=\"text-align: center;\"><\/td>\n<td><strong>Karel Trn\u011bn\u00fd<\/strong><br \/>\n<strong>Milan Horyl<\/strong><\/td>\n<td>Ford F-150 Raptor<\/td>\n<td class=\"nomobile\">Workoutland ACCR Czech Team<\/td>\n<td style=\"text-align: right; padding-right: 15px;\"><\/td>\n<\/tr>\n<tr style=\"vertical-align: top; background-color: #f2f2f2;\">\n<td style=\"text-align: center;\"><strong>DNF<\/strong><\/td>\n<td class=\"nomobile\" style=\"text-align: center;\">275<\/td>\n<td class=\"nomobile\" style=\"text-align: center;\"><span style=\"font-size: 8pt;\">T1<\/span><\/td>\n<td class=\"nomobile\" style=\"text-align: center;\"><\/td>\n<td><strong>Urmo M\u00e4nnama<\/strong><br \/>\n<strong>Risto Lepik<\/strong><\/td>\n<td>Toyota Hilux<\/td>\n<td class=\"nomobile\">Rally Raid Estonia<\/td>\n<td style=\"text-align: right; padding-right: 15px;\"><\/td>\n<\/tr>\n<tr style=\"vertical-align: top; background-color: #dbd9d9;\">\n<td style=\"text-align: center;\"><strong>DNF<\/strong><\/td>\n<td class=\"nomobile\" style=\"text-align: center;\">278<\/td>\n<td class=\"nomobile\" style=\"text-align: center;\"><span style=\"font-size: 8pt;\">T1<\/span><\/td>\n<td class=\"nomobile\" style=\"text-align: center;\"><\/td>\n<td><strong>Marco Piana<\/strong><br \/>\n<strong>Nicolas Garnier<\/strong><\/td>\n<td>Toyota Land Cruiser<\/td>\n<td class=\"nomobile\">Xtreme Plus Polaris Factory Team<\/td>\n<td style=\"text-align: right; padding-right: 15px;\"><\/td>\n<\/tr>\n<tr style=\"vertical-align: top; background-color: #f2f2f2;\">\n<td style=\"text-align: center;\"><strong>DNF<\/strong><\/td>\n<td class=\"nomobile\" style=\"text-align: center;\">307<\/td>\n<td class=\"nomobile\" style=\"text-align: center;\"><span style=\"font-size: 8pt;\">T3<\/span><\/td>\n<td class=\"nomobile\" style=\"text-align: center;\"><span style=\"font-size: 8pt;\"><a href=\"\/index.php\/w2rc\/w2rc-2023\/\"><span style=\"color: #ee8027;\">W2RC<\/span><\/a><\/span><\/td>\n<td><strong>Annett Fischer<\/strong><br \/>\n<strong>Annie Seel<\/strong><\/td>\n<td>Yamaha X-raid YXZ 1000R Turbo<\/td>\n<td class=\"nomobile\">X-raid Yamaha supported team<\/td>\n<td style=\"text-align: right; padding-right: 15px;\"><\/td>\n<\/tr>\n<tr style=\"vertical-align: top; background-color: #dbd9d9;\">\n<td style=\"text-align: center;\"><strong>DNF<\/strong><\/td>\n<td class=\"nomobile\" style=\"text-align: center;\">308<\/td>\n<td class=\"nomobile\" style=\"text-align: center;\"><span style=\"font-size: 8pt;\">T3<\/span><\/td>\n<td class=\"nomobile\" style=\"text-align: center;\"><span style=\"font-size: 8pt;\"><a href=\"\/index.php\/w2rc\/w2rc-2023\/\"><span style=\"color: #ee8027;\">W2RC<\/span><\/a><\/span><\/td>\n<td><a href=\"\/index.php\/osobnosti\/fernando-alvarez\/\"><span style=\"color: #ee8027;\"><strong>Fernando \u00c1lvarez<\/strong><\/span><\/a><br \/>\n<a href=\"\/index.php\/osobnosti\/xavier-panseri\/\"><span style=\"color: #ee8027;\"><strong>Xavier Panseri<\/strong><\/span><\/a><\/td>\n<td>Can-Am Maverick X3<\/td>\n<td class=\"nomobile\">South Racing Can-Am<\/td>\n<td style=\"text-align: right; padding-right: 15px;\"><\/td>\n<\/tr>\n<tr style=\"vertical-align: top; background-color: #f2f2f2;\">\n<td style=\"text-align: center;\"><strong>DNF<\/strong><\/td>\n<td class=\"nomobile\" style=\"text-align: center;\">315<\/td>\n<td class=\"nomobile\" style=\"text-align: center;\"><span style=\"font-size: 8pt;\">T3<\/span><\/td>\n<td class=\"nomobile\" style=\"text-align: center;\"><\/td>\n<td><strong>Mikael Pisano<\/strong><br \/>\n<strong>Mayeul Barbet<\/strong><\/td>\n<td>Can-Am MMP<\/td>\n<td class=\"nomobile\">MMP<\/td>\n<td style=\"text-align: right; padding-right: 15px;\"><\/td>\n<\/tr>\n<tr style=\"vertical-align: top; background-color: #dbd9d9;\">\n<td style=\"text-align: center;\"><strong>DNF<\/strong><\/td>\n<td class=\"nomobile\" style=\"text-align: center;\">323<\/td>\n<td class=\"nomobile\" style=\"text-align: center;\"><span style=\"font-size: 8pt;\">T3<\/span><\/td>\n<td class=\"nomobile\" style=\"text-align: center;\"><\/td>\n<td><strong>Merc\u00e8 Mart\u00ed<\/strong><br \/>\n<strong>Lisette Bakker<\/strong><\/td>\n<td>Yamaha X-raid YXZ 1000R Turbo<\/td>\n<td class=\"nomobile\">X-raid Yamaha supported team<\/td>\n<td style=\"text-align: right; padding-right: 15px;\"><\/td>\n<\/tr>\n<tr style=\"vertical-align: top; background-color: #f2f2f2;\">\n<td style=\"text-align: center;\"><strong>DNF<\/strong><\/td>\n<td class=\"nomobile\" style=\"text-align: center;\">324<\/td>\n<td class=\"nomobile\" style=\"text-align: center;\"><span style=\"font-size: 8pt;\">T3<\/span><\/td>\n<td class=\"nomobile\" style=\"text-align: center;\"><\/td>\n<td><strong>Jordi Segura<\/strong><br \/>\n<strong>Sergi Brugue<\/strong><\/td>\n<td>Can-Am Maverick X3<\/td>\n<td class=\"nomobile\">FN Speed Team<\/td>\n<td style=\"text-align: right; padding-right: 15px;\"><\/td>\n<\/tr>\n<tr style=\"vertical-align: top; background-color: #dbd9d9;\">\n<td style=\"text-align: center;\"><strong>DNF<\/strong><\/td>\n<td class=\"nomobile\" style=\"text-align: center;\">331<\/td>\n<td class=\"nomobile\" style=\"text-align: center;\"><span style=\"font-size: 8pt;\">T3<\/span><\/td>\n<td class=\"nomobile\" style=\"text-align: center;\"><\/td>\n<td><strong>Khalid Aljafla<\/strong><br \/>\n<strong>Andrej Rudnickij<\/strong><\/td>\n<td>Toyota Hilux Emirates<\/td>\n<td class=\"nomobile\">Aljafla Racing<\/td>\n<td style=\"text-align: right; padding-right: 15px;\"><\/td>\n<\/tr>\n<tr style=\"vertical-align: top; background-color: #f2f2f2;\">\n<td style=\"text-align: center;\"><strong>DNF<\/strong><\/td>\n<td class=\"nomobile\" style=\"text-align: center;\">338<\/td>\n<td class=\"nomobile\" style=\"text-align: center;\"><span style=\"font-size: 8pt;\">T3<\/span><\/td>\n<td class=\"nomobile\" style=\"text-align: center;\"><\/td>\n<td><strong>Rafael Lesmes<\/strong><br \/>\n<strong>Eduardo Naval<\/strong><\/td>\n<td>Can-Am Maverick X3<\/td>\n<td class=\"nomobile\">TH-Trucks Canarias Team<\/td>\n<td style=\"text-align: right; padding-right: 15px;\"><\/td>\n<\/tr>\n<tr style=\"vertical-align: top; background-color: #dbd9d9;\">\n<td style=\"text-align: center;\"><strong>DNF<\/strong><\/td>\n<td class=\"nomobile\" style=\"text-align: center;\">343<\/td>\n<td class=\"nomobile\" style=\"text-align: center;\"><span style=\"font-size: 8pt;\">T3<\/span><\/td>\n<td class=\"nomobile\" style=\"text-align: center;\"><\/td>\n<td><strong>Roger Grouwels<\/strong><br \/>\n<strong>Maurice van Weersch<\/strong><\/td>\n<td>Arcane T3<\/td>\n<td class=\"nomobile\">Arcane Racing<\/td>\n<td style=\"text-align: right; padding-right: 15px;\"><\/td>\n<\/tr>\n<tr style=\"vertical-align: top; background-color: #f2f2f2;\">\n<td style=\"text-align: center;\"><strong>DNF<\/strong><\/td>\n<td class=\"nomobile\" style=\"text-align: center;\">349<\/td>\n<td class=\"nomobile\" style=\"text-align: center;\"><span style=\"font-size: 8pt;\">T3<\/span><\/td>\n<td class=\"nomobile\" style=\"text-align: center;\"><\/td>\n<td><strong>Alfredo Fernandez<\/strong><br \/>\n<strong>Luis San Antonio<\/strong><\/td>\n<td>Can-Am Maverick X3<\/td>\n<td class=\"nomobile\">Buggy Masters Team<\/td>\n<td style=\"text-align: right; padding-right: 15px;\"><\/td>\n<\/tr>\n<tr style=\"vertical-align: top; background-color: #dbd9d9;\">\n<td style=\"text-align: center;\"><strong>DNF<\/strong><\/td>\n<td class=\"nomobile\" style=\"text-align: center;\">423<\/td>\n<td class=\"nomobile\" style=\"text-align: center;\"><span style=\"font-size: 8pt;\">T4<\/span><\/td>\n<td class=\"nomobile\" style=\"text-align: center;\"><\/td>\n<td><strong>Juan Medero<\/strong><br \/>\n<strong>Javier Ventaja<\/strong><\/td>\n<td>Can-Am Maverick X3<\/td>\n<td class=\"nomobile\">FN Speed Team<\/td>\n<td style=\"text-align: right; padding-right: 15px;\"><\/td>\n<\/tr>\n<tr style=\"vertical-align: top; background-color: #f2f2f2;\">\n<td style=\"text-align: center;\"><strong>DNF<\/strong><\/td>\n<td class=\"nomobile\" style=\"text-align: center;\">433<\/td>\n<td class=\"nomobile\" style=\"text-align: center;\"><span style=\"font-size: 8pt;\">T4<\/span><\/td>\n<td class=\"nomobile\" style=\"text-align: center;\"><\/td>\n<td><strong>Ricardo Ramilo<\/strong><br \/>\n<strong>David Ribeiro<\/strong><\/td>\n<td>Can-Am Maverick X3<\/td>\n<td class=\"nomobile\">Scuderia Ramilo<\/td>\n<td style=\"text-align: right; padding-right: 15px;\"><\/td>\n<\/tr>\n<tr style=\"vertical-align: top; background-color: #dbd9d9;\">\n<td style=\"text-align: center;\"><strong>DNF<\/strong><\/td>\n<td class=\"nomobile\" style=\"text-align: center;\">435<\/td>\n<td class=\"nomobile\" style=\"text-align: center;\"><span style=\"font-size: 8pt;\">T4<\/span><\/td>\n<td class=\"nomobile\" style=\"text-align: center;\"><span style=\"font-size: 8pt;\"><a href=\"\/index.php\/w2rc\/w2rc-2023\/\"><span style=\"color: #ee8027;\">W2RC<\/span><\/a><\/span><\/td>\n<td><strong>Michele Cinotto<\/strong><br \/>\n<strong>Maurizio Dominella<\/strong><\/td>\n<td>Polaris RZR PRO R<\/td>\n<td class=\"nomobile\">Xtreme Plus Polaris Factory Team<\/td>\n<td style=\"text-align: right; padding-right: 15px;\"><\/td>\n<\/tr>\n<tr style=\"vertical-align: top; background-color: #f2f2f2;\">\n<td style=\"text-align: center;\"><strong>DNF<\/strong><\/td>\n<td class=\"nomobile\" style=\"text-align: center;\">438<\/td>\n<td class=\"nomobile\" style=\"text-align: center;\"><span style=\"font-size: 8pt;\">T4<\/span><\/td>\n<td class=\"nomobile\" style=\"text-align: center;\"><\/td>\n<td><strong>Eric Croquelois<\/strong><br \/>\n<strong>Jean-Luc Martin<\/strong><\/td>\n<td>Can-Am Maverick X3<\/td>\n<td class=\"nomobile\">Drag&#8217;On Rally Team<\/td>\n<td style=\"text-align: right; padding-right: 15px;\"><\/td>\n<\/tr>\n<tr style=\"vertical-align: top; background-color: #dbd9d9;\">\n<td style=\"text-align: center;\"><strong>DNF<\/strong><\/td>\n<td class=\"nomobile\" style=\"text-align: center;\">442<\/td>\n<td class=\"nomobile\" style=\"text-align: center;\"><span style=\"font-size: 8pt;\">T4<\/span><\/td>\n<td class=\"nomobile\" style=\"text-align: center;\"><\/td>\n<td><strong>Carlo Cinotto<\/strong><br \/>\n<strong>Marco Arnoletti<\/strong><\/td>\n<td>Polaris RZR PRO R<\/td>\n<td class=\"nomobile\">Xtreme Plus Polaris Factory Team<\/td>\n<td style=\"text-align: right; padding-right: 15px;\"><\/td>\n<\/tr>\n<tr style=\"vertical-align: top; background-color: #f2f2f2;\">\n<td style=\"text-align: center;\"><strong>DNF<\/strong><\/td>\n<td class=\"nomobile\" style=\"text-align: center;\">447<\/td>\n<td class=\"nomobile\" style=\"text-align: center;\"><span style=\"font-size: 8pt;\">T4<\/span><\/td>\n<td class=\"nomobile\" style=\"text-align: center;\"><span style=\"font-size: 8pt;\"><a href=\"\/index.php\/w2rc\/w2rc-2023\/\"><span style=\"color: #ee8027;\">W2RC<\/span><\/a><\/span><\/td>\n<td><strong>Rebeca Bussi<\/strong><br \/>\n<strong>Giulia Maroni<\/strong><\/td>\n<td>Can-Am Maverick X3<\/td>\n<td class=\"nomobile\">HRT-Technology<\/td>\n<td style=\"text-align: right; padding-right: 15px;\"><\/td>\n<\/tr>\n<tr style=\"vertical-align: top; background-color: #dbd9d9;\">\n<td style=\"text-align: center;\"><strong>DNF<\/strong><\/td>\n<td class=\"nomobile\" style=\"text-align: center;\">500<\/td>\n<td class=\"nomobile\" style=\"text-align: center;\"><span style=\"font-size: 8pt;\">T5<\/span><\/td>\n<td class=\"nomobile\" style=\"text-align: center;\"><span style=\"font-size: 8pt;\"><a href=\"\/index.php\/w2rc\/w2rc-2023\/\"><span style=\"color: #ee8027;\">W2RC<\/span><\/a><\/span><\/td>\n<td><strong>Kees Koolen<\/strong><br \/>\n<a href=\"\/index.php\/osobnosti\/wouter-de-graaff\/\"><span style=\"color: #ee8027;\"><strong>Wouter de Graaff<\/strong><\/span><\/a><br \/>\n<strong>Wouter Rosegaar<\/strong><\/td>\n<td>Iveco Powerstar<\/td>\n<td class=\"nomobile\">Project 2030<\/td>\n<td style=\"text-align: right; padding-right: 15px;\"><\/td>\n<\/tr>\n<tr style=\"vertical-align: top; background-color: #f2f2f2;\">\n<td style=\"text-align: center;\"><strong>DNF<\/strong><\/td>\n<td class=\"nomobile\" style=\"text-align: center;\">504<\/td>\n<td class=\"nomobile\" style=\"text-align: center;\"><span style=\"font-size: 8pt;\">T5<\/span><\/td>\n<td class=\"nomobile\" style=\"text-align: center;\"><\/td>\n<td><strong>Vic Versteijnen<\/strong><br \/>\n<strong>Andreas van der Sande<\/strong><br \/>\n<strong>Teun van Dal<\/strong><\/td>\n<td>Iveco Powerstar<\/td>\n<td class=\"nomobile\">Boss Machinery Team De Rooy Iveco<\/td>\n<td style=\"text-align: right; padding-right: 15px;\"><\/td>\n<\/tr>\n<tr style=\"vertical-align: top; background-color: #dbd9d9;\">\n<td style=\"text-align: center;\"><strong>DNF<\/strong><\/td>\n<td class=\"nomobile\" style=\"text-align: center;\">508<\/td>\n<td class=\"nomobile\" style=\"text-align: center;\"><span style=\"font-size: 8pt;\">T5<\/span><\/td>\n<td class=\"nomobile\" style=\"text-align: center;\"><\/td>\n<td><a href=\"\/index.php\/osobnosti\/ales-loprais\/\"><span style=\"color: #ee8027;\"><strong>Ale\u0161 Loprais<\/strong><\/span><\/a><br \/>\n<a href=\"\/index.php\/osobnosti\/jaroslav-valtr-ml\/\"><span style=\"color: #ee8027;\"><strong>Jaroslav Valtr ml.<\/strong><\/span><\/a><br \/>\n<strong><a href=\"\/index.php\/osobnosti\/petr-pokora\/\"><span style=\"color: #ee8027;\">Petr Pokora<\/span><\/a><\/strong><\/td>\n<td>Praga V4S DKR<\/td>\n<td class=\"nomobile\">Instaforex Loprais Praga Team<\/td>\n<td style=\"text-align: right; padding-right: 15px;\"><\/td>\n<\/tr>\n<tr style=\"vertical-align: top; background-color: #f2f2f2;\">\n<td style=\"text-align: center;\"><strong>DNF<\/strong><\/td>\n<td class=\"nomobile\" style=\"text-align: center;\">516<\/td>\n<td class=\"nomobile\" style=\"text-align: center;\"><span style=\"font-size: 8pt;\">T5<\/span><\/td>\n<td class=\"nomobile\" style=\"text-align: center;\"><\/td>\n<td><strong>Egbert Wingens<\/strong><br \/>\n<strong>Marije van Ettekoven<\/strong><br \/>\n<strong>Marijn Beekmans<\/strong><\/td>\n<td>Iveco Torpedo<\/td>\n<td class=\"nomobile\">DDW Rallyteam<\/td>\n<td style=\"text-align: right; padding-right: 15px;\"><\/td>\n<\/tr>\n<tr style=\"vertical-align: top; background-color: #dbd9d9;\">\n<td style=\"text-align: center;\"><strong>DNF<\/strong><\/td>\n<td class=\"nomobile\" style=\"text-align: center;\">517<\/td>\n<td class=\"nomobile\" style=\"text-align: center;\"><span style=\"font-size: 8pt;\">T5<\/span><\/td>\n<td class=\"nomobile\" style=\"text-align: center;\"><\/td>\n<td><strong>Ben de Groot<\/strong><br \/>\n<strong>Tom Brekelmans<\/strong><br \/>\n<strong>Govert Boogard<\/strong><\/td>\n<td>Iveco Powerstar<\/td>\n<td class=\"nomobile\">De Groot Sport<\/td>\n<td style=\"text-align: right; padding-right: 15px;\"><\/td>\n<\/tr>\n<tr style=\"vertical-align: top; background-color: #f2f2f2;\">\n<td style=\"text-align: center;\"><strong>DNF<\/strong><\/td>\n<td class=\"nomobile\" style=\"text-align: center;\">518<\/td>\n<td class=\"nomobile\" style=\"text-align: center;\"><span style=\"font-size: 8pt;\">T5<\/span><\/td>\n<td class=\"nomobile\" style=\"text-align: center;\"><\/td>\n<td><strong>Mathias Behringer<\/strong><br \/>\n<strong>Hugo Kupper<\/strong><br \/>\n<strong>Robert Striebe<\/strong><\/td>\n<td>MAN<\/td>\n<td class=\"nomobile\">South Racing Service<\/td>\n<td style=\"text-align: right; padding-right: 15px;\"><\/td>\n<\/tr>\n<tr style=\"vertical-align: top; background-color: #dbd9d9;\">\n<td style=\"text-align: center;\"><strong>DNF<\/strong><\/td>\n<td class=\"nomobile\" style=\"text-align: center;\">520<\/td>\n<td class=\"nomobile\" style=\"text-align: center;\"><span style=\"font-size: 8pt;\">T5<\/span><\/td>\n<td class=\"nomobile\" style=\"text-align: center;\"><\/td>\n<td><strong>Gert Huzink<\/strong><br \/>\n<strong>Rob Buursen<\/strong><br \/>\n<strong>Martinus Roesink<\/strong><\/td>\n<td>Renault C460 Hybrid<\/td>\n<td class=\"nomobile\">Riwald Dakar Team<\/td>\n<td style=\"text-align: right; padding-right: 15px;\"><\/td>\n<\/tr>\n<tr style=\"vertical-align: top; background-color: #f2f2f2;\">\n<td style=\"text-align: center;\"><strong>DNF<\/strong><\/td>\n<td class=\"nomobile\" style=\"text-align: center;\">523<\/td>\n<td class=\"nomobile\" style=\"text-align: center;\"><span style=\"font-size: 8pt;\">T5<\/span><\/td>\n<td class=\"nomobile\" style=\"text-align: center;\"><span style=\"font-size: 8pt;\"><a href=\"\/index.php\/w2rc\/w2rc-2023\/\"><span style=\"color: #ee8027;\">W2RC<\/span><\/a><\/span><\/td>\n<td><strong>Albert Llovera<\/strong><br \/>\n<strong>Margot Llobera<\/strong><br \/>\n<strong>Petr Vojkovsk\u00fd<\/strong><\/td>\n<td>Ford Cargo 4\u00d74<\/td>\n<td class=\"nomobile\">Fesh Fesh Team<\/td>\n<td style=\"text-align: right; padding-right: 15px;\"><\/td>\n<\/tr>\n<tr style=\"vertical-align: top; background-color: #dbd9d9;\">\n<td style=\"text-align: center;\"><strong>DNF<\/strong><\/td>\n<td class=\"nomobile\" style=\"text-align: center;\">524<\/td>\n<td class=\"nomobile\" style=\"text-align: center;\"><span style=\"font-size: 8pt;\">T5<\/span><\/td>\n<td class=\"nomobile\" style=\"text-align: center;\"><\/td>\n<td><strong>Umberto Fiori<\/strong><br \/>\n<strong>Dario de Lorenzo<\/strong><br \/>\n<strong>Aldo de Lorenzo<\/strong><\/td>\n<td>MAN 4\u00d74<\/td>\n<td class=\"nomobile\">TH-Trucks Team<\/td>\n<td style=\"text-align: right; padding-right: 15px;\"><\/td>\n<\/tr>\n<tr style=\"vertical-align: top; background-color: #f2f2f2;\">\n<td style=\"text-align: center;\"><strong>DNF<\/strong><\/td>\n<td class=\"nomobile\" style=\"text-align: center;\">525<\/td>\n<td class=\"nomobile\" style=\"text-align: center;\"><span style=\"font-size: 8pt;\">T5<\/span><\/td>\n<td class=\"nomobile\" style=\"text-align: center;\"><\/td>\n<td><strong>Alberto Herrero<\/strong><br \/>\n<strong>Susana Hernando<\/strong><br \/>\n<strong>Mario Rodriguez<\/strong><\/td>\n<td>Scania 4\u00d74<\/td>\n<td class=\"nomobile\">TH-Trucks Team<\/td>\n<td style=\"text-align: right; padding-right: 15px;\"><\/td>\n<\/tr>\n<tr style=\"vertical-align: top; background-color: #dbd9d9;\">\n<td style=\"text-align: center;\"><strong>DNF<\/strong><\/td>\n<td class=\"nomobile\" style=\"text-align: center;\">527<\/td>\n<td class=\"nomobile\" style=\"text-align: center;\"><span style=\"font-size: 8pt;\">T5<\/span><\/td>\n<td class=\"nomobile\" style=\"text-align: center;\"><\/td>\n<td><strong>Rafael Tibau<\/strong><br \/>\n<strong>Arnald Bastida<\/strong><br \/>\n<strong>Jordi Esteve<\/strong><\/td>\n<td>Scania DAF<\/td>\n<td class=\"nomobile\">TH-Trucks Team<\/td>\n<td style=\"text-align: right; padding-right: 15px;\"><\/td>\n<\/tr>\n<tr style=\"vertical-align: top; background-color: #f2f2f2;\">\n<td style=\"text-align: center;\"><strong>DNF<\/strong><\/td>\n<td class=\"nomobile\" style=\"text-align: center;\">528<\/td>\n<td class=\"nomobile\" style=\"text-align: center;\"><span style=\"font-size: 8pt;\">T5<\/span><\/td>\n<td class=\"nomobile\" style=\"text-align: center;\"><\/td>\n<td><strong>Nico Stijnen<\/strong><br \/>\n<strong>Joel Ebbers<\/strong><br \/>\n<strong>Christiaan van der Haar<\/strong><\/td>\n<td>Iveco Trakker<\/td>\n<td class=\"nomobile\">Eurol Rally Sport<\/td>\n<td style=\"text-align: right; padding-right: 15px;\"><\/td>\n<\/tr>\n<tr style=\"vertical-align: top; background-color: #dbd9d9;\">\n<td style=\"text-align: center;\"><strong>DNF<\/strong><\/td>\n<td class=\"nomobile\" style=\"text-align: center;\">530<\/td>\n<td class=\"nomobile\" style=\"text-align: center;\"><span style=\"font-size: 8pt;\">T5<\/span><\/td>\n<td class=\"nomobile\" style=\"text-align: center;\"><\/td>\n<td><strong>Mikl\u00f3s Kov\u00e1cs<\/strong><br \/>\n<strong>P\u00e9ter Czegl\u00e9di<\/strong><br \/>\n<strong>L\u00e1szl\u00f3 \u00c1cs<\/strong><\/td>\n<td>Scania Qualisport Hyena<\/td>\n<td class=\"nomobile\">Qualisport Racing<\/td>\n<td style=\"text-align: right; padding-right: 15px;\"><\/td>\n<\/tr>\n<tr style=\"vertical-align: top; background-color: #f2f2f2;\">\n<td style=\"text-align: center;\"><strong>DNF<\/strong><\/td>\n<td class=\"nomobile\" style=\"text-align: center;\">533<\/td>\n<td class=\"nomobile\" style=\"text-align: center;\"><span style=\"font-size: 8pt;\">T5<\/span><\/td>\n<td class=\"nomobile\" style=\"text-align: center;\"><\/td>\n<td><strong>William van Groningen<\/strong><br \/>\n<strong>Wesley van Groningen<\/strong><br \/>\n<strong>Marco van Oevern<\/strong><\/td>\n<td>Iveco NG3\/BA 03<\/td>\n<td class=\"nomobile\">Dust Warriors<\/td>\n<td style=\"text-align: right; padding-right: 15px;\"><\/td>\n<\/tr>\n<tr style=\"vertical-align: top; background-color: #dbd9d9;\">\n<td style=\"text-align: center;\"><strong>DNF<\/strong><\/td>\n<td class=\"nomobile\" style=\"text-align: center;\">535<\/td>\n<td class=\"nomobile\" style=\"text-align: center;\"><span style=\"font-size: 8pt;\">T5<\/span><\/td>\n<td class=\"nomobile\" style=\"text-align: center;\"><\/td>\n<td><strong>Michael Baumann<\/strong><br \/>\n<strong>Philipp Beier<\/strong><br \/>\n<strong>Sebastian Lindner<\/strong><\/td>\n<td>MAN TGA11<\/td>\n<td class=\"nomobile\">Q Motorsport Team<\/td>\n<td style=\"text-align: right; padding-right: 15px;\"><\/td>\n<\/tr>\n<tr style=\"vertical-align: top; background-color: #f2f2f2;\">\n<td style=\"text-align: center;\"><strong>DNF<\/strong><\/td>\n<td class=\"nomobile\" style=\"text-align: center;\">537<\/td>\n<td class=\"nomobile\" style=\"text-align: center;\"><span style=\"font-size: 8pt;\">T5<\/span><\/td>\n<td class=\"nomobile\" style=\"text-align: center;\"><\/td>\n<td><strong>Sylvain Besnard<\/strong><br \/>\n<strong>Nicolas Falloux<\/strong><br \/>\n<strong>Sylvain Laliche<\/strong><\/td>\n<td>Renault TGA11<\/td>\n<td class=\"nomobile\">Toyota Auto Body<\/td>\n<td style=\"text-align: right; padding-right: 15px;\"><\/td>\n<\/tr>\n<tr style=\"vertical-align: top; background-color: #dbd9d9;\">\n<td style=\"text-align: center;\"><strong>DNF<\/strong><\/td>\n<td class=\"nomobile\" style=\"text-align: center;\">539<\/td>\n<td class=\"nomobile\" style=\"text-align: center;\"><span style=\"font-size: 8pt;\">T5<\/span><\/td>\n<td class=\"nomobile\" style=\"text-align: center;\"><\/td>\n<td><strong>Dave Berghmans<\/strong><br \/>\n<strong>Samuel Koopmann<\/strong><br \/>\n<strong>Tom Geuens<\/strong><\/td>\n<td>Iveco Trakker<\/td>\n<td class=\"nomobile\">Overdrive Racing<\/td>\n<td style=\"text-align: right; padding-right: 15px;\"><\/td>\n<\/tr>\n<tr style=\"vertical-align: top; background-color: #f2f2f2;\">\n<td style=\"text-align: center;\"><strong>DNF<\/strong><\/td>\n<td class=\"nomobile\" style=\"text-align: center;\">540<\/td>\n<td class=\"nomobile\" style=\"text-align: center;\"><span style=\"font-size: 8pt;\">T5<\/span><\/td>\n<td class=\"nomobile\" style=\"text-align: center;\"><\/td>\n<td><strong>Richard Gonzalez<\/strong><br \/>\n<strong>Franck Maldonado<\/strong><br \/>\n<strong>Guillaume Gonzalez<\/strong><\/td>\n<td>DAF<\/td>\n<td class=\"nomobile\">Sodicars Racing<\/td>\n<td style=\"text-align: right; padding-right: 15px;\"><\/td>\n<\/tr>\n<tr style=\"vertical-align: top; background-color: #dbd9d9;\">\n<td style=\"text-align: center;\"><strong>DNF<\/strong><\/td>\n<td class=\"nomobile\" style=\"text-align: center;\">541<\/td>\n<td class=\"nomobile\" style=\"text-align: center;\"><span style=\"font-size: 8pt;\">T5<\/span><\/td>\n<td class=\"nomobile\" style=\"text-align: center;\"><\/td>\n<td><strong>Jose Sabate<\/strong><br \/>\n<strong>Jordi Montaner<\/strong><br \/>\n<strong>Pol Tibau<\/strong><\/td>\n<td>MAN TGA 26.480<\/td>\n<td class=\"nomobile\">Bahrain Raid Xtreme<\/td>\n<td style=\"text-align: right; padding-right: 15px;\"><\/td>\n<\/tr>\n<tr style=\"vertical-align: top; background-color: #f2f2f2;\">\n<td style=\"text-align: center;\"><strong>DNF<\/strong><\/td>\n<td class=\"nomobile\" style=\"text-align: center;\">542<\/td>\n<td class=\"nomobile\" style=\"text-align: center;\"><span style=\"font-size: 8pt;\">T5<\/span><\/td>\n<td class=\"nomobile\" style=\"text-align: center;\"><\/td>\n<td><strong>Du\u0161an Rand\u00fdsek<\/strong><br \/>\n<strong>Jo\u00ebl Darboure<\/strong><br \/>\n<strong>Anthony Robineau<\/strong><\/td>\n<td>MAN 18.480 TGA<\/td>\n<td class=\"nomobile\">Team SSP<\/td>\n<td style=\"text-align: right; padding-right: 15px;\"><\/td>\n<\/tr>\n<tr style=\"vertical-align: top; background-color: #dbd9d9;\">\n<td style=\"text-align: center;\"><strong>DNF<\/strong><\/td>\n<td class=\"nomobile\" style=\"text-align: center;\">543<\/td>\n<td class=\"nomobile\" style=\"text-align: center;\"><span style=\"font-size: 8pt;\">T5<\/span><\/td>\n<td class=\"nomobile\" style=\"text-align: center;\"><\/td>\n<td><strong>Alejandro Aguirregaviria<\/strong><br \/>\n<strong>Francesc Salisi<\/strong><br \/>\n<strong>Jordi Perera<\/strong><\/td>\n<td>Mercedes-Benz 1844 AK 4\u00d74<\/td>\n<td class=\"nomobile\">FN Speed Team<\/td>\n<td style=\"text-align: right; padding-right: 15px;\"><\/td>\n<\/tr>\n<tr style=\"vertical-align: top; background-color: #f2f2f2;\">\n<td style=\"text-align: center;\"><strong>DNF<\/strong><\/td>\n<td class=\"nomobile\" style=\"text-align: center;\">544<\/td>\n<td class=\"nomobile\" style=\"text-align: center;\"><span style=\"font-size: 8pt;\">T5<\/span><\/td>\n<td class=\"nomobile\" style=\"text-align: center;\"><\/td>\n<td><strong>Jordi Obiols<\/strong><br \/>\n<strong>Xavier Moreau<\/strong><br \/>\n<strong>Claudio Gianformaggio<\/strong><\/td>\n<td>Mercedes Axor 1936<\/td>\n<td class=\"nomobile\">Pedreg\u00e0 Team<\/td>\n<td style=\"text-align: right; padding-right: 15px;\"><\/td>\n<\/tr>\n<tr style=\"vertical-align: top; background-color: #dbd9d9;\">\n<td style=\"text-align: center;\"><strong>DNF<\/strong><\/td>\n<td class=\"nomobile\" style=\"text-align: center;\">545<\/td>\n<td class=\"nomobile\" style=\"text-align: center;\"><span style=\"font-size: 8pt;\">T5<\/span><\/td>\n<td class=\"nomobile\" style=\"text-align: center;\"><\/td>\n<td><strong>Cesare Rickler<\/strong><br \/>\n<strong>Oscar Bravo<\/strong><\/td>\n<td>MAN TGS<\/td>\n<td class=\"nomobile\">R Team<\/td>\n<td style=\"text-align: right; padding-right: 15px;\"><\/td>\n<\/tr>\n<tr style=\"vertical-align: top; background-color: #f2f2f2;\">\n<td style=\"text-align: center;\"><strong>DNF<\/strong><\/td>\n<td class=\"nomobile\" style=\"text-align: center;\">546<\/td>\n<td class=\"nomobile\" style=\"text-align: center;\"><span style=\"font-size: 8pt;\">T5<\/span><\/td>\n<td class=\"nomobile\" style=\"text-align: center;\"><\/td>\n<td><strong>Stefan Henken<\/strong><br \/>\n<strong>Philipp Rettig<\/strong><br \/>\n<strong>Michael Helminger<\/strong><\/td>\n<td>MAN TGS 18.480<\/td>\n<td class=\"nomobile\">South Racing Service<\/td>\n<td style=\"text-align: right; padding-right: 15px;\"><\/td>\n<\/tr>\n<tr style=\"vertical-align: top; background-color: #dbd9d9;\">\n<td style=\"text-align: center;\"><strong>DNF<\/strong><\/td>\n<td class=\"nomobile\" style=\"text-align: center;\">547<\/td>\n<td class=\"nomobile\" style=\"text-align: center;\"><span style=\"font-size: 8pt;\">T5<\/span><\/td>\n<td class=\"nomobile\" style=\"text-align: center;\"><\/td>\n<td><strong>Zsolt Dar\u00e1zsi<\/strong><br \/>\n<strong>Pierre Calmon<\/strong><br \/>\n<strong>\u013dubom\u00edr Pal\u010do<\/strong><\/td>\n<td>MAN 18.480 TGA<\/td>\n<td class=\"nomobile\">Team SSP<\/td>\n<td style=\"text-align: right; padding-right: 15px;\"><\/td>\n<\/tr>\n<tr style=\"vertical-align: top; background-color: #f2f2f2;\">\n<td style=\"text-align: center;\"><strong>DNF<\/strong><\/td>\n<td class=\"nomobile\" style=\"text-align: center;\">548<\/td>\n<td class=\"nomobile\" style=\"text-align: center;\"><span style=\"font-size: 8pt;\">T5<\/span><\/td>\n<td class=\"nomobile\" style=\"text-align: center;\"><\/td>\n<td><strong>Tariq Saleh Al Rammah<\/strong><br \/>\n<strong>Samir Benbekhti<\/strong><br \/>\n<strong>Ramzi Osmani<\/strong><\/td>\n<td>Volvo 2018<\/td>\n<td class=\"nomobile\">STA<\/td>\n<td style=\"text-align: right; padding-right: 15px;\"><\/td>\n<\/tr>\n<tr style=\"vertical-align: top; background-color: #dbd9d9;\">\n<td style=\"text-align: center;\"><strong>DNF<\/strong><\/td>\n<td class=\"nomobile\" style=\"text-align: center;\">549<\/td>\n<td class=\"nomobile\" style=\"text-align: center;\"><span style=\"font-size: 8pt;\">T5<\/span><\/td>\n<td class=\"nomobile\" style=\"text-align: center;\"><\/td>\n<td><strong>Francisco Jacoste<\/strong><br \/>\n<strong>Juan Silva<\/strong><br \/>\n<strong>Jose Fontdevila<\/strong><\/td>\n<td>MAN TGA<\/td>\n<td class=\"nomobile\">Astara Team<\/td>\n<td style=\"text-align: right; padding-right: 15px;\"><\/td>\n<\/tr>\n<tr style=\"vertical-align: top; background-color: #f2f2f2;\">\n<td style=\"text-align: center;\"><strong>DNF<\/strong><\/td>\n<td class=\"nomobile\" style=\"text-align: center;\">550<\/td>\n<td class=\"nomobile\" style=\"text-align: center;\"><span style=\"font-size: 8pt;\">T5<\/span><\/td>\n<td class=\"nomobile\" style=\"text-align: center;\"><\/td>\n<td><strong>Ahmed Benbekhti<\/strong><br \/>\n<strong>Bruno Seillet<\/strong><br \/>\n<strong>Mickael Fauvel<\/strong><\/td>\n<td>MAN TGS<\/td>\n<td class=\"nomobile\">STA Comp\u00e9tition<\/td>\n<td style=\"text-align: right; padding-right: 15px;\"><\/td>\n<\/tr>\n<tr style=\"vertical-align: top; background-color: #dbd9d9;\">\n<td style=\"text-align: center;\"><strong>DNF<\/strong><\/td>\n<td class=\"nomobile\" style=\"text-align: center;\">551<\/td>\n<td class=\"nomobile\" style=\"text-align: center;\"><span style=\"font-size: 8pt;\">T5<\/span><\/td>\n<td class=\"nomobile\" style=\"text-align: center;\"><\/td>\n<td><strong>Jean-Fran\u00e7ois Cazeres<\/strong><br \/>\n<strong>Jean-Bernard Arette<\/strong><br \/>\n<strong>David Herlaut<\/strong><\/td>\n<td>DAF 75 CF<\/td>\n<td class=\"nomobile\">Overdrive Racing<\/td>\n<td style=\"text-align: right; padding-right: 15px;\"><\/td>\n<\/tr>\n<tr style=\"vertical-align: top; background-color: #f2f2f2;\">\n<td style=\"text-align: center;\"><strong>DNF<\/strong><\/td>\n<td class=\"nomobile\" style=\"text-align: center;\">552<\/td>\n<td class=\"nomobile\" style=\"text-align: center;\"><span style=\"font-size: 8pt;\">T5<\/span><\/td>\n<td class=\"nomobile\" style=\"text-align: center;\"><\/td>\n<td><strong>David Giovannetti<\/strong><br \/>\n<strong>Renato Delmastro<\/strong><br \/>\n<strong>Paco Fernandez<\/strong><\/td>\n<td>MAN 18.285 LAK<\/td>\n<td class=\"nomobile\">Xtreme Plus Polaris Factory Team<\/td>\n<td style=\"text-align: right; padding-right: 15px;\"><\/td>\n<\/tr>\n<tr style=\"vertical-align: top; background-color: #dbd9d9;\">\n<td style=\"text-align: center;\"><strong>DNF<\/strong><\/td>\n<td class=\"nomobile\" style=\"text-align: center;\">553<\/td>\n<td class=\"nomobile\" style=\"text-align: center;\"><span style=\"font-size: 8pt;\">T5<\/span><\/td>\n<td class=\"nomobile\" style=\"text-align: center;\"><\/td>\n<td><strong>S\u00e9bastien Fargeas<\/strong><br \/>\n<strong>Armando Loureiro<\/strong><br \/>\n<strong>Luc Fertin<\/strong><\/td>\n<td>MAN TGA<\/td>\n<td class=\"nomobile\">Team Boucou<\/td>\n<td style=\"text-align: right; padding-right: 15px;\"><\/td>\n<\/tr>\n<tr style=\"vertical-align: top; background-color: #f2f2f2;\">\n<td style=\"text-align: center;\"><strong>DNF<\/strong><\/td>\n<td class=\"nomobile\" style=\"text-align: center;\">554<\/td>\n<td class=\"nomobile\" style=\"text-align: center;\"><span style=\"font-size: 8pt;\">T5<\/span><\/td>\n<td class=\"nomobile\" style=\"text-align: center;\"><\/td>\n<td><strong>Philippe Perry<\/strong><br \/>\n<strong>Philippe Pedeche<\/strong><\/td>\n<td>Renault Kerax<\/td>\n<td class=\"nomobile\">Team Boucou<\/td>\n<td style=\"text-align: right; padding-right: 15px;\"><\/td>\n<\/tr>\n<tr style=\"vertical-align: top; background-color: #dbd9d9;\">\n<td style=\"text-align: center;\"><strong>DNF<\/strong><\/td>\n<td class=\"nomobile\" style=\"text-align: center;\">555<\/td>\n<td class=\"nomobile\" style=\"text-align: center;\"><span style=\"font-size: 8pt;\">T5<\/span><\/td>\n<td class=\"nomobile\" style=\"text-align: center;\"><\/td>\n<td><strong>Giso Verschoor<\/strong><br \/>\n<strong>Laurent Lalanne<\/strong><br \/>\n<strong>Edwin van der Vegt<\/strong><\/td>\n<td>MAN TGA<\/td>\n<td class=\"nomobile\">Team SSP<\/td>\n<td style=\"text-align: right; padding-right: 15px;\"><\/td>\n<\/tr>\n<tr style=\"background-color: #808080; color: white;\">\n<td style=\"text-align: left;\" colspan=\"8\"><span style=\"font-size: 8pt;\">V r\u00e1mci hodnocen\u00ed FIA odstartovalo 213 vozidel, v c\u00edli klasifikov\u00e1no 143.<\/span><\/td>\n<\/tr>\n<\/tbody>\n<\/table>\n<p>[\/vc_column_text][\/vc_column_inner][\/vc_row_inner][\/vc_tta_section][vc_tta_section title=&#8221;AUTO&#8221; tab_id=&#8221;auto&#8221;][vc_row_inner][vc_column_inner][vc_column_text css_animation=&#8221;fadeIn&#8221;]<\/p>\n<table style=\"width: 97.7654%;\" rules=\"rows\" cellpadding=\"4px\">\n<tbody>\n<tr style=\"background-color: #808080; color: white;\">\n<td style=\"text-align: center;\" colspan=\"8\"><span style=\"font-size: 12pt;\"><strong>RALLY DAKAR 2023<br \/>\nKATEGORIE OSOBN\u00cdCH AUTOMOBIL\u016e<br \/>\n(skupiny T1 &amp; T2)<br \/>\nkone\u010dn\u00e9 v\u00fdsledky<\/strong><\/span><\/td>\n<\/tr>\n<tr style=\"vertical-align: top; background-color: #dbd9d9;\">\n<td style=\"text-align: center;\"><strong>1.<\/strong><\/td>\n<td class=\"nomobile\" style=\"text-align: center;\">200<\/td>\n<td class=\"nomobile\" style=\"text-align: center;\"><span style=\"font-size: 8pt;\">T1<\/span><\/td>\n<td class=\"nomobile\" style=\"text-align: center;\"><span style=\"font-size: 8pt;\"><a href=\"\/index.php\/w2rc\/w2rc-2023\/\"><span style=\"color: #ee8027;\">W2RC<\/span><\/a><\/span><\/td>\n<td><a href=\"\/index.php\/osobnosti\/nasser-al-attiyah\/\"><span style=\"color: #ee8027;\"><strong>Nasser Al-Attiyah<\/strong><\/span><\/a><br \/>\n<strong><a href=\"\/index.php\/osobnosti\/mathieu-baumel\/\"><span style=\"color: #ee8027;\">Mathieu Baumel<\/span><\/a><\/strong><\/td>\n<td>Toyota GR DKR Hilux<\/td>\n<td class=\"nomobile\">Toyota Gazoo Racing<\/td>\n<td style=\"text-align: right; padding-right: 15px;\"><strong>45:03:15<\/strong><\/td>\n<\/tr>\n<tr style=\"vertical-align: top; background-color: #f2f2f2;\">\n<td style=\"text-align: center;\"><strong>2.<\/strong><\/td>\n<td class=\"nomobile\" style=\"text-align: center;\">201<\/td>\n<td class=\"nomobile\" style=\"text-align: center;\"><span style=\"font-size: 8pt;\">T1<\/span><\/td>\n<td class=\"nomobile\" style=\"text-align: center;\"><span style=\"font-size: 8pt;\"><a href=\"\/index.php\/w2rc\/w2rc-2023\/\"><span style=\"color: #ee8027;\">W2RC<\/span><\/a><\/span><\/td>\n<td><strong><a href=\"\/index.php\/osobnosti\/loeb-sebastien\/\"><span style=\"color: #ee8027;\">S\u00e9bastien Loeb<\/span><\/a><\/strong><br \/>\n<strong><a href=\"\/index.php\/osobnosti\/fabian-lurquin\/\"><span style=\"color: #ee8027;\">Fabian Lurquin<\/span><\/a><\/strong><\/td>\n<td>Prodrive Hunter<\/td>\n<td class=\"nomobile\">Bahrain Raid Xtreme<\/td>\n<td style=\"text-align: right; padding-right: 15px;\"><strong>+1:20:49<\/strong><\/td>\n<\/tr>\n<tr style=\"vertical-align: top; background-color: #dbd9d9;\">\n<td style=\"text-align: center;\"><strong>3.<\/strong><\/td>\n<td class=\"nomobile\" style=\"text-align: center;\">230<\/td>\n<td class=\"nomobile\" style=\"text-align: center;\"><span style=\"font-size: 8pt;\">T1<\/span><\/td>\n<td class=\"nomobile\" style=\"text-align: center;\"><\/td>\n<td><strong><a href=\"\/index.php\/osobnosti\/moraes-lucas\/\"><span style=\"color: #ee8027;\">Lucas Moraes<\/span><\/a><\/strong><br \/>\n<a href=\"\/index.php\/osobnosti\/timo-gottschalk\/\"><span style=\"color: #ee8027;\"><strong>Timo Gottschalk<\/strong><\/span><\/a><\/td>\n<td>Toyota Hilux Overdrive<\/td>\n<td class=\"nomobile\">Overdrive Racing<\/td>\n<td style=\"text-align: right; padding-right: 15px;\"><strong>+1:38:31<\/strong><\/td>\n<\/tr>\n<tr style=\"vertical-align: top; background-color: #f2f2f2;\">\n<td style=\"text-align: center;\"><strong>4.<\/strong><\/td>\n<td class=\"nomobile\" style=\"text-align: center;\">205<\/td>\n<td class=\"nomobile\" style=\"text-align: center;\"><span style=\"font-size: 8pt;\">T1<\/span><\/td>\n<td class=\"nomobile\" style=\"text-align: center;\"><\/td>\n<td><strong><a href=\"\/index.php\/osobnosti\/giniel-de-villiers\/\"><span style=\"color: #ee8027;\">Giniel de Villiers<\/span><\/a><\/strong><br \/>\n<strong><a href=\"\/index.php\/osobnosti\/dennis-murphy\/\"><span style=\"color: #ee8027;\">Dennis Murphy<\/span><\/a><\/strong><\/td>\n<td>Toyota GR DKR Hilux<\/td>\n<td class=\"nomobile\">Toyota Gazoo Racing<\/td>\n<td style=\"text-align: right; padding-right: 15px;\"><strong>+2:31:12<\/strong><\/td>\n<\/tr>\n<tr style=\"vertical-align: top; background-color: #dbd9d9;\">\n<td style=\"text-align: center;\"><strong>5.<\/strong><\/td>\n<td class=\"nomobile\" style=\"text-align: center;\">217<\/td>\n<td class=\"nomobile\" style=\"text-align: center;\"><span style=\"font-size: 8pt;\">T1<\/span><\/td>\n<td class=\"nomobile\" style=\"text-align: center;\"><\/td>\n<td><strong><a href=\"\/index.php\/osobnosti\/henk-lategan\/\"><span style=\"color: #ee8027;\">Henk Lategan<\/span><\/a><\/strong><br \/>\n<a href=\"\/index.php\/osobnosti\/brett-cummings\/\"><span style=\"color: #ee8027;\"><strong>Brett Cummings<\/strong><\/span><\/a><\/td>\n<td>Toyota GR DKR Hilux<\/td>\n<td class=\"nomobile\">Toyota Gazoo Racing<\/td>\n<td style=\"text-align: right; padding-right: 15px;\"><strong>+2:36:23<\/strong><\/td>\n<\/tr>\n<tr style=\"vertical-align: top; background-color: #f2f2f2;\">\n<td style=\"text-align: center;\"><strong>6.<\/strong><\/td>\n<td class=\"nomobile\" style=\"text-align: center;\">210<\/td>\n<td class=\"nomobile\" style=\"text-align: center;\"><span style=\"font-size: 8pt;\">T1<\/span><\/td>\n<td class=\"nomobile\" style=\"text-align: center;\"><span style=\"font-size: 8pt;\"><a href=\"\/index.php\/w2rc\/w2rc-2023\/\"><span style=\"color: #ee8027;\">W2RC<\/span><\/a><\/span><\/td>\n<td><strong><a href=\"\/index.php\/osobnosti\/martin-prokop\/\"><span style=\"color: #ee8027;\">Martin Prokop<\/span><\/a><\/strong><br \/>\n<strong><a href=\"\/index.php\/osobnosti\/viktor-chytka\/\"><span style=\"color: #ee8027;\">Viktor Chytka<\/span><\/a><\/strong><\/td>\n<td>Ford Raptor RS Cross Country<\/td>\n<td class=\"nomobile\">Orlen Benzina Team<\/td>\n<td style=\"text-align: right; padding-right: 15px;\"><strong>+3:40:44<\/strong><\/td>\n<\/tr>\n<tr style=\"vertical-align: top; background-color: #dbd9d9;\">\n<td style=\"text-align: center;\"><strong>7.<\/strong><\/td>\n<td class=\"nomobile\" style=\"text-align: center;\">220<\/td>\n<td class=\"nomobile\" style=\"text-align: center;\"><span style=\"font-size: 8pt;\">T1<\/span><\/td>\n<td class=\"nomobile\" style=\"text-align: center;\"><span style=\"font-size: 8pt;\"><a href=\"\/index.php\/w2rc\/w2rc-2023\/\"><span style=\"color: #ee8027;\">W2RC<\/span><\/a><\/span><\/td>\n<td><strong><a href=\"\/index.php\/osobnosti\/juan-cruz-yacopini\/\"><span style=\"color: #ee8027;\">Juan Cruz Yacopini<\/span><\/a><\/strong><br \/>\n<strong><a href=\"\/index.php\/osobnosti\/daniel-oliveras\/\"><span style=\"color: #ee8027;\">Daniel Oliveras<\/span><\/a><\/strong><\/td>\n<td>Toyota Hilux Overdrive<\/td>\n<td class=\"nomobile\">Overdrive Racing<\/td>\n<td style=\"text-align: right; padding-right: 15px;\"><strong>+4:27:09<\/strong><\/td>\n<\/tr>\n<tr style=\"vertical-align: top; background-color: #f2f2f2;\">\n<td style=\"text-align: center;\"><strong>8.<\/strong><\/td>\n<td class=\"nomobile\" style=\"text-align: center;\">224<\/td>\n<td class=\"nomobile\" style=\"text-align: center;\"><span style=\"font-size: 8pt;\">T1<\/span><\/td>\n<td class=\"nomobile\" style=\"text-align: center;\"><span style=\"font-size: 8pt;\"><a href=\"\/index.php\/w2rc\/w2rc-2023\/\"><span style=\"color: #ee8027;\">W2RC<\/span><\/a><\/span><\/td>\n<td><strong><a href=\"\/index.php\/osobnosti\/wei-han\/\"><span style=\"color: #ee8027;\">Wei Han<\/span><\/a><\/strong><br \/>\n<strong><a href=\"\/index.php\/osobnosti\/li-ma\/\"><span style=\"color: #ee8027;\">Li Ma<\/span><\/a><\/strong><\/td>\n<td>SMG HW2021<\/td>\n<td class=\"nomobile\">Hanwei Motorsport Team<\/td>\n<td style=\"text-align: right; padding-right: 15px;\"><strong>+4:29:21<\/strong><\/td>\n<\/tr>\n<tr style=\"vertical-align: top; background-color: #dbd9d9;\">\n<td style=\"text-align: center;\"><strong>9.<\/strong><\/td>\n<td class=\"nomobile\" style=\"text-align: center;\">212<\/td>\n<td class=\"nomobile\" style=\"text-align: center;\"><span style=\"font-size: 8pt;\">T1<\/span><\/td>\n<td class=\"nomobile\" style=\"text-align: center;\"><span style=\"font-size: 8pt;\"><a href=\"\/index.php\/w2rc\/w2rc-2023\/\"><span style=\"color: #ee8027;\">W2RC<\/span><\/a><\/span><\/td>\n<td><strong><a href=\"\/index.php\/osobnosti\/sebastian-halpern\/\"><span style=\"color: #ee8027;\">Sebasti\u00e1n Halpern<\/span><\/a><\/strong><br \/>\n<strong><a href=\"\/index.php\/osobnosti\/ronnie-graue\/\"><span style=\"color: #ee8027;\">Ronnie Graue<\/span><\/a><\/strong><\/td>\n<td>Mini JCW Rally Plus<\/td>\n<td class=\"nomobile\">X-raid Mini JCW Team<\/td>\n<td style=\"text-align: right; padding-right: 15px;\"><strong>+4:42:38<\/strong><\/td>\n<\/tr>\n<tr style=\"vertical-align: top; background-color: #f2f2f2;\">\n<td style=\"text-align: center;\"><strong>10.<\/strong><\/td>\n<td class=\"nomobile\" style=\"text-align: center;\">206<\/td>\n<td class=\"nomobile\" style=\"text-align: center;\"><span style=\"font-size: 8pt;\">T1<\/span><\/td>\n<td class=\"nomobile\" style=\"text-align: center;\"><span style=\"font-size: 8pt;\"><a href=\"\/index.php\/w2rc\/w2rc-2023\/\"><span style=\"color: #ee8027;\">W2RC<\/span><\/a><\/span><\/td>\n<td><a href=\"\/index.php\/osobnosti\/guerlain-chicherit\/\"><span style=\"color: #ee8027;\"><strong>Guerlain Chicherit<\/strong><\/span><\/a><br \/>\n<strong><a href=\"\/index.php\/osobnosti\/alexandre-winocq\/\"><span style=\"color: #ee8027;\">Alex Winocq<\/span><\/a><\/strong><\/td>\n<td>Prodrive Hunter<\/td>\n<td class=\"nomobile\">GCK Motorsport<\/td>\n<td style=\"text-align: right; padding-right: 15px;\"><strong>+5:22:10<\/strong><\/td>\n<\/tr>\n<tr style=\"vertical-align: top; background-color: #dbd9d9;\">\n<td style=\"text-align: center;\"><strong>11.<\/strong><\/td>\n<td class=\"nomobile\" style=\"text-align: center;\">218<\/td>\n<td class=\"nomobile\" style=\"text-align: center;\"><span style=\"font-size: 8pt;\">T1<\/span><\/td>\n<td class=\"nomobile\" style=\"text-align: center;\"><\/td>\n<td><strong><a href=\"\/index.php\/osobnosti\/christian-lavieille\/\"><span style=\"color: #ee8027;\">Christian Lavieille<\/span><\/a><\/strong><br \/>\n<strong><a href=\"\/index.php\/osobnosti\/valentin-sarreaud\/\"><span style=\"color: #ee8027;\">Valentin Sarreaud<\/span><\/a><\/strong><\/td>\n<td>MD Optimus<\/td>\n<td class=\"nomobile\">MD Rallye Sport<\/td>\n<td style=\"text-align: right; padding-right: 15px;\"><strong>+5:42:32<\/strong><\/td>\n<\/tr>\n<tr style=\"vertical-align: top; background-color: #f2f2f2;\">\n<td style=\"text-align: center;\"><strong>12.<\/strong><\/td>\n<td class=\"nomobile\" style=\"text-align: center;\">209<\/td>\n<td class=\"nomobile\" style=\"text-align: center;\"><span style=\"font-size: 8pt;\">T1<\/span><\/td>\n<td class=\"nomobile\" style=\"text-align: center;\"><span style=\"font-size: 8pt;\"><a href=\"\/index.php\/w2rc\/w2rc-2023\/\"><span style=\"color: #ee8027;\">W2RC<\/span><\/a><\/span><\/td>\n<td><strong><a href=\"\/index.php\/osobnosti\/mathieu-serradori\/\"><span style=\"color: #ee8027;\">Mathieu Serradori<\/span><\/a><\/strong><br \/>\n<strong><a href=\"\/index.php\/osobnosti\/loic-minaudier\/\"><span style=\"color: #ee8027;\">Lo\u00efc Minaudier<\/span><\/a><\/strong><\/td>\n<td>Century CR6-T<\/td>\n<td class=\"nomobile\">Century Racing Factory Team<\/td>\n<td style=\"text-align: right; padding-right: 15px;\"><strong>+6:28:12<\/strong><\/td>\n<\/tr>\n<tr style=\"vertical-align: top; background-color: #dbd9d9;\">\n<td style=\"text-align: center;\"><strong>13.<\/strong><\/td>\n<td class=\"nomobile\" style=\"text-align: center;\">223<\/td>\n<td class=\"nomobile\" style=\"text-align: center;\"><span style=\"font-size: 8pt;\">T1<\/span><\/td>\n<td class=\"nomobile\" style=\"text-align: center;\"><\/td>\n<td><strong>Pierre Lachaume<\/strong><br \/>\n<strong>Fran\u00e7ois B\u00e9guin<\/strong><\/td>\n<td>MD Optimus<\/td>\n<td class=\"nomobile\">MD Rallye Sport<\/td>\n<td style=\"text-align: right; padding-right: 15px;\"><strong>+6:41:17<\/strong><\/td>\n<\/tr>\n<tr style=\"vertical-align: top; background-color: #f2f2f2;\">\n<td style=\"text-align: center;\"><strong>14.<\/strong><\/td>\n<td class=\"nomobile\" style=\"text-align: center;\">211<\/td>\n<td class=\"nomobile\" style=\"text-align: center;\"><span style=\"font-size: 8pt;\">T1<\/span><\/td>\n<td class=\"nomobile\" style=\"text-align: center;\"><span style=\"font-size: 8pt;\"><a href=\"\/index.php\/w2rc\/w2rc-2023\/\"><span style=\"color: #ee8027;\">W2RC<\/span><\/a><\/span><\/td>\n<td><a href=\"\/index.php\/osobnosti\/mattias-ekstrom\/\"><span style=\"color: #ee8027;\"><strong>Mattias Ekstr\u00f6m<\/strong><\/span><\/a><br \/>\n<strong><a href=\"\/index.php\/osobnosti\/emil-bergkvist\/\"><span style=\"color: #ee8027;\">Emil Bergkvist<\/span><\/a><\/strong><\/td>\n<td>Audi RS Q e-tron E2<\/td>\n<td class=\"nomobile\">Team Audi Sport<\/td>\n<td style=\"text-align: right; padding-right: 15px;\"><strong>+6:51:00<\/strong><\/td>\n<\/tr>\n<tr style=\"vertical-align: top; background-color: #dbd9d9;\">\n<td style=\"text-align: center;\"><strong>15.<\/strong><\/td>\n<td class=\"nomobile\" style=\"text-align: center;\">233<\/td>\n<td class=\"nomobile\" style=\"text-align: center;\"><span style=\"font-size: 8pt;\">T1<\/span><\/td>\n<td class=\"nomobile\" style=\"text-align: center;\"><span style=\"font-size: 8pt;\"><a href=\"\/index.php\/w2rc\/w2rc-2023\/\"><span style=\"color: #ee8027;\">W2RC<\/span><\/a><\/span><\/td>\n<td><strong>Guoyu Zhang<\/strong><br \/>\n<strong>Jean-Pierre Garcin<\/strong><\/td>\n<td>BAIC BJ40<\/td>\n<td class=\"nomobile\">BAIC ORV<\/td>\n<td style=\"text-align: right; padding-right: 15px;\"><strong>+7:05:48<\/strong><\/td>\n<\/tr>\n<tr style=\"vertical-align: top; background-color: #f2f2f2;\">\n<td style=\"text-align: center;\"><strong>16.<\/strong><\/td>\n<td class=\"nomobile\" style=\"text-align: center;\">221<\/td>\n<td class=\"nomobile\" style=\"text-align: center;\"><span style=\"font-size: 8pt;\">T1<\/span><\/td>\n<td class=\"nomobile\" style=\"text-align: center;\"><\/td>\n<td><a href=\"\/index.php\/osobnosti\/khalid-al-qassimi\/\"><span style=\"color: #ee8027;\"><strong>Khalid Al Qassimi<\/strong><\/span><\/a><br \/>\n<strong><a href=\"\/index.php\/osobnosti\/floene-ola\/\"><span style=\"color: #ee8027;\">Ola Fl\u00f8ene<\/span><\/a><\/strong><\/td>\n<td>Mini JCW Buggy<\/td>\n<td class=\"nomobile\">X-raid Mini JCW Team<\/td>\n<td style=\"text-align: right; padding-right: 15px;\"><strong>+7:10:29<\/strong><\/td>\n<\/tr>\n<tr style=\"vertical-align: top; background-color: #dbd9d9;\">\n<td style=\"text-align: center;\"><strong>17.<\/strong><\/td>\n<td class=\"nomobile\" style=\"text-align: center;\">203<\/td>\n<td class=\"nomobile\" style=\"text-align: center;\"><span style=\"font-size: 8pt;\">T1<\/span><\/td>\n<td class=\"nomobile\" style=\"text-align: center;\"><\/td>\n<td><strong>Kuba Przygo\u0144ski<\/strong><br \/>\n<strong><a href=\"\/index.php\/osobnosti\/armand-monleon\/\"><span style=\"color: #ee8027;\">Armand Monle\u00f3n<\/span><\/a><\/strong><\/td>\n<td>Mini JCW Rally Plus<\/td>\n<td class=\"nomobile\">X-raid Mini JCW Team<\/td>\n<td style=\"text-align: right; padding-right: 15px;\"><strong>+7:28:50<\/strong><\/td>\n<\/tr>\n<tr style=\"vertical-align: top; background-color: #f2f2f2;\">\n<td style=\"text-align: center;\"><strong>18.<\/strong><\/td>\n<td class=\"nomobile\" style=\"text-align: center;\">239<\/td>\n<td class=\"nomobile\" style=\"text-align: center;\"><span style=\"font-size: 8pt;\">T1<\/span><\/td>\n<td class=\"nomobile\" style=\"text-align: center;\"><\/td>\n<td><strong>Pascal Thomasse<\/strong><br \/>\n<strong>G\u00e9rard Dubuy<\/strong><\/td>\n<td>MD Optimus<\/td>\n<td class=\"nomobile\">MD Rallye Sport<\/td>\n<td style=\"text-align: right; padding-right: 15px;\"><strong>+7:41:56<\/strong><\/td>\n<\/tr>\n<tr style=\"vertical-align: top; background-color: #dbd9d9;\">\n<td style=\"text-align: center;\"><strong>19.<\/strong><\/td>\n<td class=\"nomobile\" style=\"text-align: center;\">232<\/td>\n<td class=\"nomobile\" style=\"text-align: center;\"><span style=\"font-size: 8pt;\">T1<\/span><\/td>\n<td class=\"nomobile\" style=\"text-align: center;\"><\/td>\n<td><strong>J\u00e9r\u00f4me P\u00e9lichet<\/strong><br \/>\n<strong>Pascal Larroque<\/strong><\/td>\n<td>MD Optimus<\/td>\n<td class=\"nomobile\">Raidlynx<\/td>\n<td style=\"text-align: right; padding-right: 15px;\"><strong>+7:52:15<\/strong><\/td>\n<\/tr>\n<tr style=\"vertical-align: top; background-color: #f2f2f2;\">\n<td style=\"text-align: center;\"><strong>20.<\/strong><\/td>\n<td class=\"nomobile\" style=\"text-align: center;\">262<\/td>\n<td class=\"nomobile\" style=\"text-align: center;\"><span style=\"font-size: 8pt;\">T1<\/span><\/td>\n<td class=\"nomobile\" style=\"text-align: center;\"><\/td>\n<td><strong>Ludovic Gherardi<\/strong><br \/>\n<strong>Fran\u00e7ois Borsotto<\/strong><\/td>\n<td>MD Optimus<\/td>\n<td class=\"nomobile\">MD Rallye Sport<\/td>\n<td style=\"text-align: right; padding-right: 15px;\"><strong>+8:39:01<\/strong><\/td>\n<\/tr>\n<tr style=\"vertical-align: top; background-color: #dbd9d9;\">\n<td style=\"text-align: center;\"><strong>21.<\/strong><\/td>\n<td class=\"nomobile\" style=\"text-align: center;\">238<\/td>\n<td class=\"nomobile\" style=\"text-align: center;\"><span style=\"font-size: 8pt;\">T1<\/span><\/td>\n<td class=\"nomobile\" style=\"text-align: center;\"><span style=\"font-size: 8pt;\"><a href=\"\/index.php\/w2rc\/w2rc-2023\/\"><span style=\"color: #ee8027;\">W2RC<\/span><\/a><\/span><\/td>\n<td><a href=\"\/index.php\/osobnosti\/denis-krotov\/\"><span style=\"color: #ee8027;\"><strong>Denis Krotov<\/strong><\/span><\/a><br \/>\n<strong>Konstantin \u017dilcov<\/strong><\/td>\n<td>Mini JCW Buggy<\/td>\n<td class=\"nomobile\">X-raid Mini JCW Team<\/td>\n<td style=\"text-align: right; padding-right: 15px;\"><strong>+8:42:16<\/strong><\/td>\n<\/tr>\n<tr style=\"vertical-align: top; background-color: #f2f2f2;\">\n<td style=\"text-align: center;\"><strong>22.<\/strong><\/td>\n<td class=\"nomobile\" style=\"text-align: center;\">231<\/td>\n<td class=\"nomobile\" style=\"text-align: center;\"><span style=\"font-size: 8pt;\">T1<\/span><\/td>\n<td class=\"nomobile\" style=\"text-align: center;\"><\/td>\n<td><strong>Romain Dumas<\/strong><br \/>\n<strong>Max Delfino<\/strong><\/td>\n<td>Toyota Hilux<\/td>\n<td class=\"nomobile\">Rebellion Racing<\/td>\n<td style=\"text-align: right; padding-right: 15px;\"><strong>+9:46:26<\/strong><\/td>\n<\/tr>\n<tr style=\"vertical-align: top; background-color: #dbd9d9;\">\n<td style=\"text-align: center;\"><strong>23.<\/strong><\/td>\n<td class=\"nomobile\" style=\"text-align: center;\">242<\/td>\n<td class=\"nomobile\" style=\"text-align: center;\"><span style=\"font-size: 8pt;\">T1<\/span><\/td>\n<td class=\"nomobile\" style=\"text-align: center;\"><\/td>\n<td><strong>Carlos Checa<\/strong><br \/>\n<strong>Marc Sol\u00e0<\/strong><\/td>\n<td>Astara 01 Concept<\/td>\n<td class=\"nomobile\">Astara Team<\/td>\n<td style=\"text-align: right; padding-right: 15px;\"><strong>+9:52:28<\/strong><\/td>\n<\/tr>\n<tr style=\"vertical-align: top; background-color: #f2f2f2;\">\n<td style=\"text-align: center;\"><strong>24.<\/strong><\/td>\n<td class=\"nomobile\" style=\"text-align: center;\">229<\/td>\n<td class=\"nomobile\" style=\"text-align: center;\"><span style=\"font-size: 8pt;\">T1<\/span><\/td>\n<td class=\"nomobile\" style=\"text-align: center;\"><\/td>\n<td><strong>Isidre Esteve<\/strong><br \/>\n<strong>Jos\u00e9 Maria Villalobos<\/strong><\/td>\n<td>Toyota Hilux Overdrive<\/td>\n<td class=\"nomobile\">Repsol Toyota Rally Team \/ Overdrive Racing<\/td>\n<td style=\"text-align: right; padding-right: 15px;\"><strong>+10:39:35<\/strong><\/td>\n<\/tr>\n<tr style=\"vertical-align: top; background-color: #dbd9d9;\">\n<td style=\"text-align: center;\"><strong>25.<\/strong><\/td>\n<td class=\"nomobile\" style=\"text-align: center;\">228<\/td>\n<td class=\"nomobile\" style=\"text-align: center;\"><span style=\"font-size: 8pt;\">T1<\/span><\/td>\n<td class=\"nomobile\" style=\"text-align: center;\"><\/td>\n<td><strong>Jean-R\u00e9my Bergounhe<\/strong><br \/>\n<strong>Lionel Costes<\/strong><\/td>\n<td>MD Optimus<\/td>\n<td class=\"nomobile\">MD Rallye Sport<\/td>\n<td style=\"text-align: right; padding-right: 15px;\"><strong>+13:01:50<\/strong><\/td>\n<\/tr>\n<tr style=\"vertical-align: top; background-color: #f2f2f2;\">\n<td style=\"text-align: center;\"><strong>26.<\/strong><\/td>\n<td class=\"nomobile\" style=\"text-align: center;\">253<\/td>\n<td class=\"nomobile\" style=\"text-align: center;\"><span style=\"font-size: 8pt;\">T1<\/span><\/td>\n<td class=\"nomobile\" style=\"text-align: center;\"><\/td>\n<td><strong>Jean-Pierre Strugo<\/strong><br \/>\n<strong>Christophe Crespo<\/strong><\/td>\n<td>MD Optimus<\/td>\n<td class=\"nomobile\">MD Rallye Sport<\/td>\n<td style=\"text-align: right; padding-right: 15px;\"><strong>+15:16:27<\/strong><\/td>\n<\/tr>\n<tr style=\"vertical-align: top; background-color: #dbd9d9;\">\n<td style=\"text-align: center;\"><strong>27.<\/strong><\/td>\n<td class=\"nomobile\" style=\"text-align: center;\">248<\/td>\n<td class=\"nomobile\" style=\"text-align: center;\"><span style=\"font-size: 8pt;\">T1<\/span><\/td>\n<td class=\"nomobile\" style=\"text-align: center;\"><span style=\"font-size: 8pt;\"><a href=\"\/index.php\/w2rc\/w2rc-2023\/\"><span style=\"color: #ee8027;\">W2RC<\/span><\/a><\/span><\/td>\n<td><strong>Yunliang Zi<\/strong><br \/>\n<strong>Sha He<\/strong><\/td>\n<td>BAIC BJ40<\/td>\n<td class=\"nomobile\">BAIC ORV<\/td>\n<td style=\"text-align: right; padding-right: 15px;\"><strong>+15:24:38<\/strong><\/td>\n<\/tr>\n<tr style=\"vertical-align: top; background-color: #f2f2f2;\">\n<td style=\"text-align: center;\"><strong>28.<\/strong><\/td>\n<td class=\"nomobile\" style=\"text-align: center;\">235<\/td>\n<td class=\"nomobile\" style=\"text-align: center;\"><span style=\"font-size: 8pt;\">T1<\/span><\/td>\n<td class=\"nomobile\" style=\"text-align: center;\"><\/td>\n<td><strong>Daniel Schr\u00f6der<\/strong><br \/>\n<strong>Ryan Bland<\/strong><\/td>\n<td>Nissan Navara VK50<\/td>\n<td class=\"nomobile\">PS Laser<\/td>\n<td style=\"text-align: right; padding-right: 15px;\"><strong>+15:44:32<\/strong><\/td>\n<\/tr>\n<tr style=\"vertical-align: top; background-color: #dbd9d9;\">\n<td style=\"text-align: center;\"><strong>29.<\/strong><\/td>\n<td class=\"nomobile\" style=\"text-align: center;\">241<\/td>\n<td class=\"nomobile\" style=\"text-align: center;\"><span style=\"font-size: 8pt;\">T1<\/span><\/td>\n<td class=\"nomobile\" style=\"text-align: center;\"><\/td>\n<td><strong>Andrea Patricia Lafarja Bittar<\/strong><br \/>\n<strong>Hector Ashley Garcia Chavez<\/strong><\/td>\n<td>Toyota Hilux Overdrive<\/td>\n<td class=\"nomobile\">Overdrive Racing<\/td>\n<td style=\"text-align: right; padding-right: 15px;\"><strong>+15:50:30<\/strong><\/td>\n<\/tr>\n<tr style=\"vertical-align: top; background-color: #f2f2f2;\">\n<td style=\"text-align: center;\"><strong>30.<\/strong><\/td>\n<td class=\"nomobile\" style=\"text-align: center;\">251<\/td>\n<td class=\"nomobile\" style=\"text-align: center;\"><span style=\"font-size: 8pt;\">T1<\/span><\/td>\n<td class=\"nomobile\" style=\"text-align: center;\"><\/td>\n<td><strong>Alexandre Pesci<\/strong><br \/>\n<strong>Stephan K\u00fchni<\/strong><\/td>\n<td>Toyota Hillux<\/td>\n<td class=\"nomobile\">Rebellion Racing<\/td>\n<td style=\"text-align: right; padding-right: 15px;\"><strong>+16:54:36<\/strong><\/td>\n<\/tr>\n<tr style=\"vertical-align: top; background-color: #dbd9d9;\">\n<td style=\"text-align: center;\"><strong>31.<\/strong><\/td>\n<td class=\"nomobile\" style=\"text-align: center;\">237<\/td>\n<td class=\"nomobile\" style=\"text-align: center;\"><span style=\"font-size: 8pt;\">T1<\/span><\/td>\n<td class=\"nomobile\" style=\"text-align: center;\"><span style=\"font-size: 8pt;\"><a href=\"\/index.php\/w2rc\/w2rc-2023\/\"><span style=\"color: #ee8027;\">W2RC<\/span><\/a><\/span><\/td>\n<td><strong>Po Tian<\/strong><br \/>\n<strong>Xuanyi Du<\/strong><\/td>\n<td>SMG HW2021<\/td>\n<td class=\"nomobile\">Hanwei Motorsport Team<\/td>\n<td style=\"text-align: right; padding-right: 15px;\"><strong>+18:35:54<\/strong><\/td>\n<\/tr>\n<tr style=\"vertical-align: top; background-color: #f2f2f2;\">\n<td style=\"text-align: center;\"><strong>32.<\/strong><\/td>\n<td class=\"nomobile\" style=\"text-align: center;\">222<\/td>\n<td class=\"nomobile\" style=\"text-align: center;\"><span style=\"font-size: 8pt;\">T1<\/span><\/td>\n<td class=\"nomobile\" style=\"text-align: center;\"><\/td>\n<td><a href=\"\/index.php\/osobnosti\/laia-sanz\/\"><span style=\"color: #ee8027;\"><strong>Laia Sanz<\/strong><\/span><\/a><br \/>\n<strong>Maurizio Gerini<\/strong><\/td>\n<td>Astara 01 Concept<\/td>\n<td class=\"nomobile\">Astara Team<\/td>\n<td style=\"text-align: right; padding-right: 15px;\"><strong>+19:18:39<\/strong><\/td>\n<\/tr>\n<tr style=\"vertical-align: top; background-color: #dbd9d9;\">\n<td style=\"text-align: center;\"><strong>33.<\/strong><\/td>\n<td class=\"nomobile\" style=\"text-align: center;\">245<\/td>\n<td class=\"nomobile\" style=\"text-align: center;\"><span style=\"font-size: 8pt;\">T1<\/span><\/td>\n<td class=\"nomobile\" style=\"text-align: center;\"><\/td>\n<td><strong>Thomas Bell<\/strong><br \/>\n<strong>Gerhardt Schutte<\/strong><\/td>\n<td>Nissan Navara VK56<\/td>\n<td class=\"nomobile\">Red-Lined TBR<\/td>\n<td style=\"text-align: right; padding-right: 15px;\"><strong>+24:05:57<\/strong><\/td>\n<\/tr>\n<tr style=\"vertical-align: top; background-color: #f2f2f2;\">\n<td style=\"text-align: center;\"><strong>34.<\/strong><\/td>\n<td class=\"nomobile\" style=\"text-align: center;\">216<\/td>\n<td class=\"nomobile\" style=\"text-align: center;\"><span style=\"font-size: 8pt;\">T1<\/span><\/td>\n<td class=\"nomobile\" style=\"text-align: center;\"><\/td>\n<td><strong>Brian Baragwanath<\/strong><br \/>\n<strong>Leonard Cremer<\/strong><\/td>\n<td>Century CR6-T<\/td>\n<td class=\"nomobile\">Century Racing Factory Team<\/td>\n<td style=\"text-align: right; padding-right: 15px;\"><strong>+25:32:17<\/strong><\/td>\n<\/tr>\n<tr style=\"vertical-align: top; background-color: #dbd9d9;\">\n<td style=\"text-align: center;\"><strong>35.<\/strong><\/td>\n<td class=\"nomobile\" style=\"text-align: center;\">243<\/td>\n<td class=\"nomobile\" style=\"text-align: center;\"><span style=\"font-size: 8pt;\">T1<\/span><\/td>\n<td class=\"nomobile\" style=\"text-align: center;\"><\/td>\n<td><strong>Maik Willems<\/strong><br \/>\n<strong>Robert van Pelt<\/strong><\/td>\n<td>Toyota Hilux<\/td>\n<td class=\"nomobile\">Bastion Hotels Dakar Team<\/td>\n<td style=\"text-align: right; padding-right: 15px;\"><strong>+26:27:18<\/strong><\/td>\n<\/tr>\n<tr style=\"vertical-align: top; background-color: #f2f2f2;\">\n<td style=\"text-align: center;\"><strong>36.<\/strong><\/td>\n<td class=\"nomobile\" style=\"text-align: center;\">266<\/td>\n<td class=\"nomobile\" style=\"text-align: center;\"><span style=\"font-size: 8pt;\">T1<\/span><\/td>\n<td class=\"nomobile\" style=\"text-align: center;\"><\/td>\n<td><strong>Dave Klaassen<\/strong><br \/>\n<strong>Tessa Rooth<\/strong><\/td>\n<td>Nissan Navara VK56<\/td>\n<td class=\"nomobile\">Daklapack Rally Sport<\/td>\n<td style=\"text-align: right; padding-right: 15px;\"><strong>+29:23:03<\/strong><\/td>\n<\/tr>\n<tr style=\"vertical-align: top; background-color: #dbd9d9;\">\n<td style=\"text-align: center;\"><strong>37.<\/strong><\/td>\n<td class=\"nomobile\" style=\"text-align: center;\">202<\/td>\n<td class=\"nomobile\" style=\"text-align: center;\"><span style=\"font-size: 8pt;\">T1<\/span><\/td>\n<td class=\"nomobile\" style=\"text-align: center;\"><span style=\"font-size: 8pt;\"><a href=\"\/index.php\/w2rc\/w2rc-2023\/\"><span style=\"color: #ee8027;\">W2RC<\/span><\/a><\/span><\/td>\n<td><a href=\"\/index.php\/osobnosti\/yazeed-al-rajhi\/\"><span style=\"color: #ee8027;\"><strong>Yazeed Al-Rajhi<\/strong><\/span><\/a><br \/>\n<strong>Dirk von Zitzewitz<\/strong><\/td>\n<td>Toyota Hilux Overdrive<\/td>\n<td class=\"nomobile\">Ovedrive Racing<\/td>\n<td style=\"text-align: right; padding-right: 15px;\"><strong>+36:52:15<\/strong><\/td>\n<\/tr>\n<tr style=\"vertical-align: top; background-color: #f2f2f2;\">\n<td style=\"text-align: center;\"><strong>38.<\/strong><\/td>\n<td class=\"nomobile\" style=\"text-align: center;\">276<\/td>\n<td class=\"nomobile\" style=\"text-align: center;\"><span style=\"font-size: 8pt;\">T1<\/span><\/td>\n<td class=\"nomobile\" style=\"text-align: center;\"><\/td>\n<td><strong>Jean-Philippe Beziat<\/strong><br \/>\n<strong>Vincent Albira<\/strong><\/td>\n<td>MD Optimus<\/td>\n<td class=\"nomobile\">MD Rallye Sport<\/td>\n<td style=\"text-align: right; padding-right: 15px;\"><strong>+45:47:19<\/strong><\/td>\n<\/tr>\n<tr style=\"vertical-align: top; background-color: #dbd9d9;\">\n<td style=\"text-align: center;\"><strong>39.<\/strong><\/td>\n<td class=\"nomobile\" style=\"text-align: center;\">254<\/td>\n<td class=\"nomobile\" style=\"text-align: center;\"><span style=\"font-size: 8pt;\">T1<\/span><\/td>\n<td class=\"nomobile\" style=\"text-align: center;\"><\/td>\n<td><strong>Hugues Moilet<\/strong><br \/>\n<strong>Olivier Imschoot<\/strong><\/td>\n<td>MD Optimus<\/td>\n<td class=\"nomobile\">Off Road Concept<\/td>\n<td style=\"text-align: right; padding-right: 15px;\"><strong>+49:32:01<\/strong><\/td>\n<\/tr>\n<tr style=\"vertical-align: top; background-color: #f2f2f2;\">\n<td style=\"text-align: center;\"><strong>40.<\/strong><\/td>\n<td class=\"nomobile\" style=\"text-align: center;\">263<\/td>\n<td class=\"nomobile\" style=\"text-align: center;\"><span style=\"font-size: 8pt;\">T1<\/span><\/td>\n<td class=\"nomobile\" style=\"text-align: center;\"><\/td>\n<td><strong>Ronald van Loon<\/strong><br \/>\n<strong>Erik Lemmen<\/strong><\/td>\n<td>Nissan Navara VK50<\/td>\n<td class=\"nomobile\">Oase Motorsport<\/td>\n<td style=\"text-align: right; padding-right: 15px;\"><strong>+59:06:17<\/strong><\/td>\n<\/tr>\n<tr style=\"vertical-align: top; background-color: #dbd9d9;\">\n<td style=\"text-align: center;\"><strong>41.<\/strong><\/td>\n<td class=\"nomobile\" style=\"text-align: center;\">250<\/td>\n<td class=\"nomobile\" style=\"text-align: center;\"><span style=\"font-size: 8pt;\">T2<\/span><\/td>\n<td class=\"nomobile\" style=\"text-align: center;\"><\/td>\n<td><strong>Ronald Basso<\/strong><br \/>\n<strong>Jean Michel Polato<\/strong><\/td>\n<td>Toyota Land Cruiser GR Sport<\/td>\n<td class=\"nomobile\">Team Land Cruiser Toyota Auto Body<\/td>\n<td style=\"text-align: right; padding-right: 15px;\"><strong>+62:36:27<\/strong><\/td>\n<\/tr>\n<tr style=\"vertical-align: top; background-color: #f2f2f2;\">\n<td style=\"text-align: center;\"><strong>42.<\/strong><\/td>\n<td class=\"nomobile\" style=\"text-align: center;\">246<\/td>\n<td class=\"nomobile\" style=\"text-align: center;\"><span style=\"font-size: 8pt;\">T2<\/span><\/td>\n<td class=\"nomobile\" style=\"text-align: center;\"><\/td>\n<td><strong>Akira Miura<\/strong><br \/>\n<a href=\"\/index.php\/osobnosti\/laurent-lichtleuchter\/\"><span style=\"color: #ee8027;\"><strong>Laurent Lichtleuchter<\/strong><\/span><\/a><\/td>\n<td>Toyota Land Cruiser GR Sport<\/td>\n<td class=\"nomobile\">Team Land Cruiser Toyota Auto Body<\/td>\n<td style=\"text-align: right; padding-right: 15px;\"><strong>+69:45:53<\/strong><\/td>\n<\/tr>\n<tr style=\"vertical-align: top; background-color: #dbd9d9;\">\n<td style=\"text-align: center;\"><strong>43.<\/strong><\/td>\n<td class=\"nomobile\" style=\"text-align: center;\">227<\/td>\n<td class=\"nomobile\" style=\"text-align: center;\"><span style=\"font-size: 8pt;\">T1<\/span><\/td>\n<td class=\"nomobile\" style=\"text-align: center;\"><\/td>\n<td><strong>Tim Coronel<\/strong><br \/>\n<strong>Tom Coronel<\/strong><\/td>\n<td>Century CR6<\/td>\n<td class=\"nomobile\">Coronel Dakar Team<\/td>\n<td style=\"text-align: right; padding-right: 15px;\"><strong>+76:05:05<\/strong><\/td>\n<\/tr>\n<tr style=\"vertical-align: top; background-color: #f2f2f2;\">\n<td style=\"text-align: center;\"><strong>44.<\/strong><\/td>\n<td class=\"nomobile\" style=\"text-align: center;\">240<\/td>\n<td class=\"nomobile\" style=\"text-align: center;\"><span style=\"font-size: 8pt;\">T1<\/span><\/td>\n<td class=\"nomobile\" style=\"text-align: center;\"><\/td>\n<td><strong>Gintas Petrus<\/strong><br \/>\n<strong>Jos\u00e9 Marques<\/strong><\/td>\n<td>MD Optimus<\/td>\n<td class=\"nomobile\">Petrus Racing<\/td>\n<td style=\"text-align: right; padding-right: 15px;\"><strong>+76:16:15<\/strong><\/td>\n<\/tr>\n<tr style=\"vertical-align: top; background-color: #dbd9d9;\">\n<td style=\"text-align: center;\"><strong>45.<\/strong><\/td>\n<td class=\"nomobile\" style=\"text-align: center;\">267<\/td>\n<td class=\"nomobile\" style=\"text-align: center;\"><span style=\"font-size: 8pt;\">T1<\/span><\/td>\n<td class=\"nomobile\" style=\"text-align: center;\"><\/td>\n<td><strong>Roger Audas<\/strong><br \/>\n<strong>Patrick Prot<\/strong><\/td>\n<td>Sodicars BV2<\/td>\n<td class=\"nomobile\">Sodicars Racing<\/td>\n<td style=\"text-align: right; padding-right: 15px;\"><strong>+112:39:16<\/strong><\/td>\n<\/tr>\n<tr style=\"background-color: #808080; color: white;\">\n<td style=\"text-align: left;\" colspan=\"8\"><\/td>\n<\/tr>\n<tr style=\"vertical-align: top; background-color: #f2f2f2;\">\n<td style=\"text-align: center;\"><strong>DNF<\/strong><\/td>\n<td class=\"nomobile\" style=\"text-align: center;\">204<\/td>\n<td class=\"nomobile\" style=\"text-align: center;\"><span style=\"font-size: 8pt;\">T1<\/span><\/td>\n<td class=\"nomobile\" style=\"text-align: center;\"><span style=\"font-size: 8pt;\"><a href=\"\/index.php\/w2rc\/w2rc-2023\/\"><span style=\"color: #ee8027;\">W2RC<\/span><\/a><\/span><\/td>\n<td><a href=\"\/index.php\/osobnosti\/stephane-peterhansel\/\"><span style=\"color: #ee8027;\"><strong>St\u00e9phane Peterhansel<\/strong><\/span><\/a><br \/>\n<strong><a href=\"\/index.php\/osobnosti\/edouard-boulanger\/\"><span style=\"color: #ee8027;\">Edouard Boulanger<\/span><\/a><\/strong><\/td>\n<td>Audi RS Q e-tron E2<\/td>\n<td class=\"nomobile\">Team Audi Sport<\/td>\n<td style=\"text-align: right; padding-right: 15px;\"><strong><span style=\"font-size: 8pt;\">6. etapa<\/span><\/strong><\/td>\n<\/tr>\n<tr style=\"vertical-align: top; background-color: #dbd9d9;\">\n<td style=\"text-align: center;\"><strong>DNF<\/strong><\/td>\n<td class=\"nomobile\" style=\"text-align: center;\">207<\/td>\n<td class=\"nomobile\" style=\"text-align: center;\"><span style=\"font-size: 8pt;\">T1<\/span><\/td>\n<td class=\"nomobile\" style=\"text-align: center;\"><span style=\"font-size: 8pt;\"><a href=\"\/index.php\/w2rc\/w2rc-2023\/\"><span style=\"color: #ee8027;\">W2RC<\/span><\/a><\/span><\/td>\n<td><strong><a href=\"\/index.php\/osobnosti\/carlos-sainz\/\"><span style=\"color: #ee8027;\">Carlos Sainz<\/span><\/a><\/strong><br \/>\n<strong><a href=\"\/index.php\/osobnosti\/lucas-cruz\/\"><span style=\"color: #ee8027;\">Lucas Cruz<\/span><\/a><\/strong><\/td>\n<td>Audi RS Q e-tron E2<\/td>\n<td class=\"nomobile\">Team Audi Sport<\/td>\n<td style=\"text-align: right; padding-right: 15px;\"><\/td>\n<\/tr>\n<tr style=\"vertical-align: top; background-color: #f2f2f2;\">\n<td style=\"text-align: center;\"><strong>DNF<\/strong><\/td>\n<td class=\"nomobile\" style=\"text-align: center;\">208<\/td>\n<td class=\"nomobile\" style=\"text-align: center;\"><span style=\"font-size: 8pt;\">T1<\/span><\/td>\n<td class=\"nomobile\" style=\"text-align: center;\"><span style=\"font-size: 8pt;\"><a href=\"\/index.php\/w2rc\/w2rc-2023\/\"><span style=\"color: #ee8027;\">W2RC<\/span><\/a><\/span><\/td>\n<td><strong>Orlando Terranova<\/strong><br \/>\n<strong><a href=\"\/index.php\/osobnosti\/alex-haro\/\"><span style=\"color: #ee8027;\">\u00c0lex Haro<\/span><\/a><\/strong><\/td>\n<td>Prodrive Hunter<\/td>\n<td class=\"nomobile\">Bahrain Raid Xtreme<\/td>\n<td style=\"text-align: right; padding-right: 15px;\"><\/td>\n<\/tr>\n<tr style=\"vertical-align: top; background-color: #dbd9d9;\">\n<td style=\"text-align: center;\"><strong>DNF<\/strong><\/td>\n<td class=\"nomobile\" style=\"text-align: center;\">213<\/td>\n<td class=\"nomobile\" style=\"text-align: center;\"><span style=\"font-size: 8pt;\">T1<\/span><\/td>\n<td class=\"nomobile\" style=\"text-align: center;\"><\/td>\n<td><strong>Vaidotas \u017dala<\/strong><br \/>\n<strong>Paulo Fi\u00faza<\/strong><\/td>\n<td>Prodrive Hunter<\/td>\n<td class=\"nomobile\">Teltonika Racing<\/td>\n<td style=\"text-align: right; padding-right: 15px;\"><\/td>\n<\/tr>\n<tr style=\"vertical-align: top; background-color: #f2f2f2;\">\n<td style=\"text-align: center;\"><strong>DNF<\/strong><\/td>\n<td class=\"nomobile\" style=\"text-align: center;\">214<\/td>\n<td class=\"nomobile\" style=\"text-align: center;\"><span style=\"font-size: 8pt;\">T1<\/span><\/td>\n<td class=\"nomobile\" style=\"text-align: center;\"><\/td>\n<td><strong>Benediktas Vanagas<\/strong><br \/>\n<strong>Kuldar Sikk<\/strong><\/td>\n<td>Toyota Hilux<\/td>\n<td class=\"nomobile\">Toyota Gazoo Racing Baltics<\/td>\n<td style=\"text-align: right; padding-right: 15px;\"><\/td>\n<\/tr>\n<tr style=\"vertical-align: top; background-color: #dbd9d9;\">\n<td style=\"text-align: center;\"><strong>DNF<\/strong><\/td>\n<td class=\"nomobile\" style=\"text-align: center;\">215<\/td>\n<td class=\"nomobile\" style=\"text-align: center;\"><span style=\"font-size: 8pt;\">T1<\/span><\/td>\n<td class=\"nomobile\" style=\"text-align: center;\"><span style=\"font-size: 8pt;\"><a href=\"\/index.php\/w2rc\/w2rc-2023\/\"><span style=\"color: #ee8027;\">W2RC<\/span><\/a><\/span><\/td>\n<td><strong>Erik van Loon<\/strong><br \/>\n<a href=\"\/index.php\/osobnosti\/sebastien-delaunay\/\"><span style=\"color: #ee8027;\"><strong>S\u00e9bastien Delaunay<\/strong><\/span><\/a><\/td>\n<td>Toyota Hilux Overdrive<\/td>\n<td class=\"nomobile\">Overdrive Racing<\/td>\n<td style=\"text-align: right; padding-right: 15px;\"><\/td>\n<\/tr>\n<tr style=\"vertical-align: top; background-color: #f2f2f2;\">\n<td style=\"text-align: center;\"><strong>DNF<\/strong><\/td>\n<td class=\"nomobile\" style=\"text-align: center;\">219<\/td>\n<td class=\"nomobile\" style=\"text-align: center;\"><span style=\"font-size: 8pt;\">T1<\/span><\/td>\n<td class=\"nomobile\" style=\"text-align: center;\"><\/td>\n<td><strong>Lionel Baud<\/strong><br \/>\n<strong>R\u00e9mi Boulanger<\/strong><\/td>\n<td>Toyota Hilux Overdrive<\/td>\n<td class=\"nomobile\">Overdrive Racing<\/td>\n<td style=\"text-align: right; padding-right: 15px;\"><\/td>\n<\/tr>\n<tr style=\"vertical-align: top; background-color: #dbd9d9;\">\n<td style=\"text-align: center;\"><strong>DNF<\/strong><\/td>\n<td class=\"nomobile\" style=\"text-align: center;\">225<\/td>\n<td class=\"nomobile\" style=\"text-align: center;\"><span style=\"font-size: 8pt;\">T1<\/span><\/td>\n<td class=\"nomobile\" style=\"text-align: center;\"><\/td>\n<td><strong>Miroslav Zapletal<\/strong><br \/>\n<strong>Marek S\u00fdkora<\/strong><\/td>\n<td>Ford F-150<\/td>\n<td class=\"nomobile\">Offroadsport<\/td>\n<td style=\"text-align: right; padding-right: 15px;\"><\/td>\n<\/tr>\n<tr style=\"vertical-align: top; background-color: #f2f2f2;\">\n<td style=\"text-align: center;\"><strong>DNF<\/strong><\/td>\n<td class=\"nomobile\" style=\"text-align: center;\">234<\/td>\n<td class=\"nomobile\" style=\"text-align: center;\"><span style=\"font-size: 8pt;\">T1<\/span><\/td>\n<td class=\"nomobile\" style=\"text-align: center;\"><\/td>\n<td><strong>Oscar Fuertes<\/strong><br \/>\n<strong>Diego Vallejo<\/strong><\/td>\n<td>Astara 01 Concept<\/td>\n<td class=\"nomobile\">Astara Team<\/td>\n<td style=\"text-align: right; padding-right: 15px;\"><\/td>\n<\/tr>\n<tr style=\"vertical-align: top; background-color: #dbd9d9;\">\n<td style=\"text-align: center;\"><strong>DNF<\/strong><\/td>\n<td class=\"nomobile\" style=\"text-align: center;\">236<\/td>\n<td class=\"nomobile\" style=\"text-align: center;\"><span style=\"font-size: 8pt;\">T1<\/span><\/td>\n<td class=\"nomobile\" style=\"text-align: center;\"><\/td>\n<td><strong>Simon Vitse<\/strong><br \/>\n<strong>Fr\u00e9d\u00e9ric Lefebvre<\/strong><\/td>\n<td>MD Optimus<\/td>\n<td class=\"nomobile\">MD Rallye Sport<\/td>\n<td style=\"text-align: right; padding-right: 15px;\"><strong><span style=\"font-size: 8pt;\">9. etapa<\/span><\/strong><\/td>\n<\/tr>\n<tr style=\"vertical-align: top; background-color: #f2f2f2;\">\n<td style=\"text-align: center;\"><strong>DNF<\/strong><\/td>\n<td class=\"nomobile\" style=\"text-align: center;\">247<\/td>\n<td class=\"nomobile\" style=\"text-align: center;\"><span style=\"font-size: 8pt;\">T1<\/span><\/td>\n<td class=\"nomobile\" style=\"text-align: center;\"><\/td>\n<td><strong>Michel Kremer<\/strong><br \/>\n<strong>Thomas de Bois<\/strong><\/td>\n<td>Century CR6<\/td>\n<td class=\"nomobile\">Coronel Dakar Team<\/td>\n<td style=\"text-align: right; padding-right: 15px;\"><\/td>\n<\/tr>\n<tr style=\"vertical-align: top; background-color: #dbd9d9;\">\n<td style=\"text-align: center;\"><strong>DNF<\/strong><\/td>\n<td class=\"nomobile\" style=\"text-align: center;\">252<\/td>\n<td class=\"nomobile\" style=\"text-align: center;\"><span style=\"font-size: 8pt;\">T1<\/span><\/td>\n<td class=\"nomobile\" style=\"text-align: center;\"><\/td>\n<td><strong>Gerard Tramoni<\/strong><br \/>\n<strong>Dominique Totain<\/strong><\/td>\n<td>Fouquet Chevrolet BV2<\/td>\n<td class=\"nomobile\">Team 100% Sud Ouest<\/td>\n<td style=\"text-align: right; padding-right: 15px;\"><\/td>\n<\/tr>\n<tr style=\"vertical-align: top; background-color: #f2f2f2;\">\n<td style=\"text-align: center;\"><strong>DNF<\/strong><\/td>\n<td class=\"nomobile\" style=\"text-align: center;\">255<\/td>\n<td class=\"nomobile\" style=\"text-align: center;\"><span style=\"font-size: 8pt;\">T1<\/span><\/td>\n<td class=\"nomobile\" style=\"text-align: center;\"><\/td>\n<td><strong>Sergio Vallejo<\/strong><br \/>\n<strong>Mario Gonzalez<\/strong><\/td>\n<td>Century CR6<\/td>\n<td class=\"nomobile\">Vallejo Racing<\/td>\n<td style=\"text-align: right; padding-right: 15px;\"><\/td>\n<\/tr>\n<tr style=\"vertical-align: top; background-color: #dbd9d9;\">\n<td style=\"text-align: center;\"><strong>DNF<\/strong><\/td>\n<td class=\"nomobile\" style=\"text-align: center;\">256<\/td>\n<td class=\"nomobile\" style=\"text-align: center;\"><span style=\"font-size: 8pt;\">T1<\/span><\/td>\n<td class=\"nomobile\" style=\"text-align: center;\"><\/td>\n<td><strong>Manuel Plaza<\/strong><br \/>\n<strong>Monica Plaza<\/strong><\/td>\n<td>Sodicars BV2<\/td>\n<td class=\"nomobile\">Sodicars Racing<\/td>\n<td style=\"text-align: right; padding-right: 15px;\"><\/td>\n<\/tr>\n<tr style=\"vertical-align: top; background-color: #f2f2f2;\">\n<td style=\"text-align: center;\"><strong>DNF<\/strong><\/td>\n<td class=\"nomobile\" style=\"text-align: center;\">258<\/td>\n<td class=\"nomobile\" style=\"text-align: center;\"><span style=\"font-size: 8pt;\">T1<\/span><\/td>\n<td class=\"nomobile\" style=\"text-align: center;\"><\/td>\n<td><strong>Yannick Panagiotis<\/strong><br \/>\n<strong>Val\u00e9rie Panagiotis<\/strong><\/td>\n<td>Century CR6<\/td>\n<td class=\"nomobile\">Team FJ<\/td>\n<td style=\"text-align: right; padding-right: 15px;\"><\/td>\n<\/tr>\n<tr style=\"vertical-align: top; background-color: #dbd9d9;\">\n<td style=\"text-align: center;\"><strong>DNF<\/strong><\/td>\n<td class=\"nomobile\" style=\"text-align: center;\">259<\/td>\n<td class=\"nomobile\" style=\"text-align: center;\"><span style=\"font-size: 8pt;\">T2<\/span><\/td>\n<td class=\"nomobile\" style=\"text-align: center;\"><\/td>\n<td><strong>Ibrahim Al Muhna<\/strong><br \/>\n<strong>Saud Al Tamimi<\/strong><\/td>\n<td>Nissan Patrol<\/td>\n<td class=\"nomobile\"><\/td>\n<td style=\"text-align: right; padding-right: 15px;\"><\/td>\n<\/tr>\n<tr style=\"vertical-align: top; background-color: #f2f2f2;\">\n<td style=\"text-align: center;\"><strong>DNF<\/strong><\/td>\n<td class=\"nomobile\" style=\"text-align: center;\">261<\/td>\n<td class=\"nomobile\" style=\"text-align: center;\"><span style=\"font-size: 8pt;\">T1<\/span><\/td>\n<td class=\"nomobile\" style=\"text-align: center;\"><\/td>\n<td><strong>Philippe Raud<\/strong><br \/>\n<strong>Maxime Raud<\/strong><\/td>\n<td>Toyota KDJ 120<\/td>\n<td class=\"nomobile\">Sodicars Racing<\/td>\n<td style=\"text-align: right; padding-right: 15px;\"><\/td>\n<\/tr>\n<tr style=\"vertical-align: top; background-color: #dbd9d9;\">\n<td style=\"text-align: center;\"><strong>DNF<\/strong><\/td>\n<td class=\"nomobile\" style=\"text-align: center;\">264<\/td>\n<td class=\"nomobile\" style=\"text-align: center;\"><span style=\"font-size: 8pt;\">T1<\/span><\/td>\n<td class=\"nomobile\" style=\"text-align: center;\"><\/td>\n<td><strong>Antoine Galland<\/strong><br \/>\n<a href=\"\/index.php\/osobnosti\/david-kripal\/\"><span style=\"color: #ee8027;\"><strong>David K\u0159\u00edpal<\/strong><\/span><\/a><\/td>\n<td>Century CR6<\/td>\n<td class=\"nomobile\">Off Road Concept<\/td>\n<td style=\"text-align: right; padding-right: 15px;\"><\/td>\n<\/tr>\n<tr style=\"vertical-align: top; background-color: #f2f2f2;\">\n<td style=\"text-align: center;\"><strong>DNF<\/strong><\/td>\n<td class=\"nomobile\" style=\"text-align: center;\">269<\/td>\n<td class=\"nomobile\" style=\"text-align: center;\"><span style=\"font-size: 8pt;\">T1<\/span><\/td>\n<td class=\"nomobile\" style=\"text-align: center;\"><span style=\"font-size: 8pt;\"><a href=\"\/index.php\/w2rc\/w2rc-2023\/\"><span style=\"color: #ee8027;\">W2RC<\/span><\/a><\/span><\/td>\n<td><strong>Magdalena Zajac<\/strong><br \/>\n<strong>Jacek Czachor<\/strong><\/td>\n<td>Toyota Hilux<\/td>\n<td class=\"nomobile\">Proxcars TME Rally Team<\/td>\n<td style=\"text-align: right; padding-right: 15px;\"><\/td>\n<\/tr>\n<tr style=\"vertical-align: top; background-color: #dbd9d9;\">\n<td style=\"text-align: center;\"><strong>DNF<\/strong><\/td>\n<td class=\"nomobile\" style=\"text-align: center;\">270<\/td>\n<td class=\"nomobile\" style=\"text-align: center;\"><span style=\"font-size: 8pt;\">T1<\/span><\/td>\n<td class=\"nomobile\" style=\"text-align: center;\"><\/td>\n<td><strong>Karel Trn\u011bn\u00fd<\/strong><br \/>\n<strong>Milan Horyl<\/strong><\/td>\n<td>Ford F-150 Raptor<\/td>\n<td class=\"nomobile\">Workoutland ACCR Czech Team<\/td>\n<td style=\"text-align: right; padding-right: 15px;\"><\/td>\n<\/tr>\n<tr style=\"vertical-align: top; background-color: #f2f2f2;\">\n<td style=\"text-align: center;\"><strong>DNF<\/strong><\/td>\n<td class=\"nomobile\" style=\"text-align: center;\">275<\/td>\n<td class=\"nomobile\" style=\"text-align: center;\"><span style=\"font-size: 8pt;\">T1<\/span><\/td>\n<td class=\"nomobile\" style=\"text-align: center;\"><\/td>\n<td><strong>Urmo M\u00e4nnama<\/strong><br \/>\n<strong>Risto Lepik<\/strong><\/td>\n<td>Toyota Hilux<\/td>\n<td class=\"nomobile\">Rally Raid Estonia<\/td>\n<td style=\"text-align: right; padding-right: 15px;\"><\/td>\n<\/tr>\n<tr style=\"vertical-align: top; background-color: #dbd9d9;\">\n<td style=\"text-align: center;\"><strong>DNF<\/strong><\/td>\n<td class=\"nomobile\" style=\"text-align: center;\">278<\/td>\n<td class=\"nomobile\" style=\"text-align: center;\"><span style=\"font-size: 8pt;\">T1<\/span><\/td>\n<td class=\"nomobile\" style=\"text-align: center;\"><\/td>\n<td><strong>Marco Piana<\/strong><br \/>\n<strong>Nicolas Garnier<\/strong><\/td>\n<td>Toyota Land Cruiser<\/td>\n<td class=\"nomobile\">Xtreme Plus Polaris Factory Team<\/td>\n<td style=\"text-align: right; padding-right: 15px;\"><\/td>\n<\/tr>\n<tr style=\"background-color: #808080; color: white;\">\n<td style=\"text-align: left;\" colspan=\"8\"><span style=\"font-size: 8pt;\">V kategorii osobn\u00edch automobil\u016f odstartovalo 67 vozidel, v c\u00edli klasifikov\u00e1no 45.<\/span><\/td>\n<\/tr>\n<\/tbody>\n<\/table>\n<p>[\/vc_column_text][\/vc_column_inner][\/vc_row_inner][\/vc_tta_section][vc_tta_section title=&#8221;S\u00d7S&#8221; tab_id=&#8221;sxs&#8221;][vc_row_inner][vc_column_inner][vc_column_text css_animation=&#8221;fadeIn&#8221;]<\/p>\n<table style=\"width: 97.7654%;\" rules=\"rows\" cellpadding=\"4px\">\n<tbody>\n<tr style=\"background-color: #808080; color: white;\">\n<td style=\"text-align: center;\" colspan=\"8\"><span style=\"font-size: 12pt;\"><strong>RALLY DAKAR 2023<br \/>\nKATEGORIE SIDE-BY-SIDE<br \/>\n(skupiny T3 &amp; T4)<br \/>\nkone\u010dn\u00e9 v\u00fdsledky<\/strong><\/span><\/td>\n<\/tr>\n<tr style=\"vertical-align: top; background-color: #dbd9d9;\">\n<td style=\"text-align: center;\"><strong>1.<\/strong><\/td>\n<td class=\"nomobile\" style=\"text-align: center;\">303<\/td>\n<td class=\"nomobile\" style=\"text-align: center;\"><span style=\"font-size: 8pt;\">T3<\/span><\/td>\n<td class=\"nomobile\" style=\"text-align: center;\"><span style=\"font-size: 8pt;\"><a href=\"\/index.php\/w2rc\/w2rc-2023\/\"><span style=\"color: #ee8027;\">W2RC<\/span><\/a><\/span><\/td>\n<td><strong><a href=\"\/index.php\/osobnosti\/austin-jones\/\"><span style=\"color: #ee8027;\">Austin Jones<\/span><\/a><\/strong><br \/>\n<a href=\"\/index.php\/osobnosti\/gustavo-gugelmin\/\"><span style=\"color: #ee8027;\"><strong>Gustavo Gugelmin<\/strong><\/span><\/a><\/td>\n<td>Can-Am Maverick X3<\/td>\n<td class=\"nomobile\">Red Bull Off-Road Junior Team USA<\/td>\n<td style=\"text-align: right; padding-right: 15px;\"><strong>51:55:53<\/strong><\/td>\n<\/tr>\n<tr style=\"vertical-align: top; background-color: #f2f2f2;\">\n<td style=\"text-align: center;\"><strong>2.<\/strong><\/td>\n<td class=\"nomobile\" style=\"text-align: center;\">301<\/td>\n<td class=\"nomobile\" style=\"text-align: center;\"><span style=\"font-size: 8pt;\">T3<\/span><\/td>\n<td class=\"nomobile\" style=\"text-align: center;\"><span style=\"font-size: 8pt;\"><a href=\"\/index.php\/w2rc\/w2rc-2023\/\"><span style=\"color: #ee8027;\">W2RC<\/span><\/a><\/span><\/td>\n<td><strong>Seth Quintero<\/strong><br \/>\n<strong>Dennis Zenz<\/strong><\/td>\n<td>Can-Am Maverick X3<\/td>\n<td class=\"nomobile\">Red Bull Off-Road Junior Team USA<\/td>\n<td style=\"text-align: right; padding-right: 15px;\"><strong>+52:05<\/strong><\/td>\n<\/tr>\n<tr style=\"vertical-align: top; background-color: #dbd9d9;\">\n<td style=\"text-align: center;\"><strong>3.<\/strong><\/td>\n<td class=\"nomobile\" style=\"text-align: center;\">428<\/td>\n<td class=\"nomobile\" style=\"text-align: center;\"><span style=\"font-size: 8pt;\">T4<\/span><\/td>\n<td class=\"nomobile\" style=\"text-align: center;\"><span style=\"font-size: 8pt;\"><a href=\"\/index.php\/w2rc\/w2rc-2023\/\"><span style=\"color: #ee8027;\">W2RC<\/span><\/a><\/span><\/td>\n<td><strong>Eryk Gocza\u0142<\/strong><br \/>\n<strong>Oriol Mena<\/strong><\/td>\n<td>Can-Am Maverick X3<\/td>\n<td class=\"nomobile\">Energylandia Rally Team<\/td>\n<td style=\"text-align: right; padding-right: 15px;\"><strong>+1:14:21<\/strong><\/td>\n<\/tr>\n<tr style=\"vertical-align: top; background-color: #f2f2f2;\">\n<td style=\"text-align: center;\"><strong>4.<\/strong><\/td>\n<td class=\"nomobile\" style=\"text-align: center;\">400<\/td>\n<td class=\"nomobile\" style=\"text-align: center;\"><span style=\"font-size: 8pt;\">T4<\/span><\/td>\n<td class=\"nomobile\" style=\"text-align: center;\"><span style=\"font-size: 8pt;\"><a href=\"\/index.php\/w2rc\/w2rc-2023\/\"><span style=\"color: #ee8027;\">W2RC<\/span><\/a><\/span><\/td>\n<td><strong>Rokas Baciu\u0161ka<\/strong><br \/>\n<strong>Oriol Vidal<\/strong><\/td>\n<td>Can-Am Maverick X3<\/td>\n<td class=\"nomobile\">Red Bull Can-Am Factory Team<\/td>\n<td style=\"text-align: right; padding-right: 15px;\"><strong>+1:31:05<\/strong><\/td>\n<\/tr>\n<tr style=\"vertical-align: top; background-color: #dbd9d9;\">\n<td style=\"text-align: center;\"><strong>5.<\/strong><\/td>\n<td class=\"nomobile\" style=\"text-align: center;\">401<\/td>\n<td class=\"nomobile\" style=\"text-align: center;\"><span style=\"font-size: 8pt;\">T4<\/span><\/td>\n<td class=\"nomobile\" style=\"text-align: center;\"><span style=\"font-size: 8pt;\"><a href=\"\/index.php\/w2rc\/w2rc-2023\/\"><span style=\"color: #ee8027;\">W2RC<\/span><\/a><\/span><\/td>\n<td><strong>Marek Gocza\u0142<\/strong><br \/>\n<a href=\"\/index.php\/osobnosti\/maciej-marton\/\"><span style=\"color: #ee8027;\"><strong>Maciej Marton<\/strong><\/span><\/a><\/td>\n<td>Can-Am Maverick X3<\/td>\n<td class=\"nomobile\">Energylandia Rally Team<\/td>\n<td style=\"text-align: right; padding-right: 15px;\"><strong>+1:32:36<\/strong><\/td>\n<\/tr>\n<tr style=\"vertical-align: top; background-color: #f2f2f2;\">\n<td style=\"text-align: center;\"><strong>6.<\/strong><\/td>\n<td class=\"nomobile\" style=\"text-align: center;\">304<\/td>\n<td class=\"nomobile\" style=\"text-align: center;\"><span style=\"font-size: 8pt;\">T3<\/span><\/td>\n<td class=\"nomobile\" style=\"text-align: center;\"><\/td>\n<td><strong>Guillaume de M\u00e9vius<\/strong><br \/>\n<a href=\"\/index.php\/osobnosti\/francois-cazalet\/\"><span style=\"color: #ee8027;\"><strong>Fran\u00e7ois Cazalet<\/strong><\/span><\/a><\/td>\n<td>GRallyTeam OT3<\/td>\n<td class=\"nomobile\">GRallyTeam<\/td>\n<td style=\"text-align: right; padding-right: 15px;\"><strong>+1:35:42<\/strong><\/td>\n<\/tr>\n<tr style=\"vertical-align: top; background-color: #dbd9d9;\">\n<td style=\"text-align: center;\"><strong>7.<\/strong><\/td>\n<td class=\"nomobile\" style=\"text-align: center;\">412<\/td>\n<td class=\"nomobile\" style=\"text-align: center;\"><span style=\"font-size: 8pt;\">T4<\/span><\/td>\n<td class=\"nomobile\" style=\"text-align: center;\"><\/td>\n<td><strong>Jerem\u00edas Gonzalez<\/strong><br \/>\n<strong>Pedro Gonzalo Rinaldi<\/strong><\/td>\n<td>Can-Am Maverick X3<\/td>\n<td class=\"nomobile\">South Racing Can-Am<\/td>\n<td style=\"text-align: right; padding-right: 15px;\"><strong>+2:21:21<\/strong><\/td>\n<\/tr>\n<tr style=\"vertical-align: top; background-color: #f2f2f2;\">\n<td style=\"text-align: center;\"><strong>8.<\/strong><\/td>\n<td class=\"nomobile\" style=\"text-align: center;\">302<\/td>\n<td class=\"nomobile\" style=\"text-align: center;\"><span style=\"font-size: 8pt;\">T3<\/span><\/td>\n<td class=\"nomobile\" style=\"text-align: center;\"><span style=\"font-size: 8pt;\"><a href=\"\/index.php\/w2rc\/w2rc-2023\/\"><span style=\"color: #ee8027;\">W2RC<\/span><\/a><\/span><\/td>\n<td><strong><a href=\"\/index.php\/osobnosti\/cristina-gutierrez\/\"><span style=\"color: #ee8027;\">Cristina Guti\u00e9rrez<\/span><\/a><\/strong><br \/>\n<strong>Pablo Moreno<\/strong><\/td>\n<td>Can-Am Maverick X3<\/td>\n<td class=\"nomobile\">Red Bull Can-Am Factory Team<\/td>\n<td style=\"text-align: right; padding-right: 15px;\"><strong>+2:56:20<\/strong><\/td>\n<\/tr>\n<tr style=\"vertical-align: top; background-color: #dbd9d9;\">\n<td style=\"text-align: center;\"><strong>9.<\/strong><\/td>\n<td class=\"nomobile\" style=\"text-align: center;\">300<\/td>\n<td class=\"nomobile\" style=\"text-align: center;\"><span style=\"font-size: 8pt;\">T3<\/span><\/td>\n<td class=\"nomobile\" style=\"text-align: center;\"><span style=\"font-size: 8pt;\"><a href=\"\/index.php\/w2rc\/w2rc-2023\/\"><span style=\"color: #ee8027;\">W2RC<\/span><\/a><\/span><\/td>\n<td><strong>Chaleco L\u00f3pez<\/strong><br \/>\n<strong>Juan Pablo Latrach<\/strong><\/td>\n<td>Can-Am Maverick X3<\/td>\n<td class=\"nomobile\">Red Bull Can-Am Factory Team<\/td>\n<td style=\"text-align: right; padding-right: 15px;\"><strong>+2:59:48<\/strong><\/td>\n<\/tr>\n<tr style=\"vertical-align: top; background-color: #f2f2f2;\">\n<td style=\"text-align: center;\"><strong>10.<\/strong><\/td>\n<td class=\"nomobile\" style=\"text-align: center;\">402<\/td>\n<td class=\"nomobile\" style=\"text-align: center;\"><span style=\"font-size: 8pt;\">T4<\/span><\/td>\n<td class=\"nomobile\" style=\"text-align: center;\"><\/td>\n<td><strong><a href=\"\/index.php\/osobnosti\/gerard-farres\/\"><span style=\"color: #ee8027;\">Gerard Farr\u00e9s<\/span><\/a><\/strong><br \/>\n<strong>Diego Ortega<\/strong><\/td>\n<td>Can-Am Maverick X3<\/td>\n<td class=\"nomobile\">South Racing Can-Am<\/td>\n<td style=\"text-align: right; padding-right: 15px;\"><strong>+3:03:39<\/strong><\/td>\n<\/tr>\n<tr style=\"vertical-align: top; background-color: #dbd9d9;\">\n<td style=\"text-align: center;\"><strong>11.<\/strong><\/td>\n<td class=\"nomobile\" style=\"text-align: center;\">309<\/td>\n<td class=\"nomobile\" style=\"text-align: center;\"><span style=\"font-size: 8pt;\">T3<\/span><\/td>\n<td class=\"nomobile\" style=\"text-align: center;\"><\/td>\n<td><strong><a href=\"\/index.php\/osobnosti\/saleh-al-saif\/\"><span style=\"color: #ee8027;\">Saleh Al-Saif<\/span><\/a><\/strong><br \/>\n<strong>Jo\u00e3o Pedro Vit\u00f3ria Re<\/strong><\/td>\n<td>Can-Am Maverick X3<\/td>\n<td class=\"nomobile\">Black Horse Team<\/td>\n<td style=\"text-align: right; padding-right: 15px;\"><strong>+4:14:08<\/strong><\/td>\n<\/tr>\n<tr style=\"vertical-align: top; background-color: #f2f2f2;\">\n<td style=\"text-align: center;\"><strong>12.<\/strong><\/td>\n<td class=\"nomobile\" style=\"text-align: center;\">409<\/td>\n<td class=\"nomobile\" style=\"text-align: center;\"><span style=\"font-size: 8pt;\">T4<\/span><\/td>\n<td class=\"nomobile\" style=\"text-align: center;\"><span style=\"font-size: 8pt;\"><a href=\"\/index.php\/w2rc\/w2rc-2023\/\"><span style=\"color: #ee8027;\">W2RC<\/span><\/a><\/span><\/td>\n<td><strong>Bruno Conti de Oliveira<\/strong><br \/>\n<strong>Pedro Bianchi<\/strong><\/td>\n<td>Can-Am Maverick X3<\/td>\n<td class=\"nomobile\">South Racing Can-Am<\/td>\n<td style=\"text-align: right; padding-right: 15px;\"><strong>+4:16:42<\/strong><\/td>\n<\/tr>\n<tr style=\"vertical-align: top; background-color: #dbd9d9;\">\n<td style=\"text-align: center;\"><strong>13.<\/strong><\/td>\n<td class=\"nomobile\" style=\"text-align: center;\">339<\/td>\n<td class=\"nomobile\" style=\"text-align: center;\"><span style=\"font-size: 8pt;\">T3<\/span><\/td>\n<td class=\"nomobile\" style=\"text-align: center;\"><\/td>\n<td><strong>Ebenhaezer Basson<\/strong><br \/>\n<strong>Bertus Leander Pienaar<\/strong><\/td>\n<td>GRallyTeam OT3<\/td>\n<td class=\"nomobile\">GRallyTeam<\/td>\n<td style=\"text-align: right; padding-right: 15px;\"><strong>+4:54:06<\/strong><\/td>\n<\/tr>\n<tr style=\"vertical-align: top; background-color: #f2f2f2;\">\n<td style=\"text-align: center;\"><strong>14.<\/strong><\/td>\n<td class=\"nomobile\" style=\"text-align: center;\">405<\/td>\n<td class=\"nomobile\" style=\"text-align: center;\"><span style=\"font-size: 8pt;\">T4<\/span><\/td>\n<td class=\"nomobile\" style=\"text-align: center;\"><span style=\"font-size: 8pt;\"><a href=\"\/index.php\/w2rc\/w2rc-2023\/\"><span style=\"color: #ee8027;\">W2RC<\/span><\/a><\/span><\/td>\n<td><strong>Micha\u0142 Gocza\u0142<\/strong><br \/>\n<strong>Szymon Gospodarczyk<\/strong><\/td>\n<td>Can-Am Maverick X3<\/td>\n<td class=\"nomobile\">Energylandia Rally Team<\/td>\n<td style=\"text-align: right; padding-right: 15px;\"><strong>+5:17:00<\/strong><\/td>\n<\/tr>\n<tr style=\"vertical-align: top; background-color: #dbd9d9;\">\n<td style=\"text-align: center;\"><strong>15.<\/strong><\/td>\n<td class=\"nomobile\" style=\"text-align: center;\">430<\/td>\n<td class=\"nomobile\" style=\"text-align: center;\"><span style=\"font-size: 8pt;\">T4<\/span><\/td>\n<td class=\"nomobile\" style=\"text-align: center;\"><span style=\"font-size: 8pt;\"><a href=\"\/index.php\/w2rc\/w2rc-2023\/\"><span style=\"color: #ee8027;\">W2RC<\/span><\/a><\/span><\/td>\n<td><strong>Sebastian Guayasamin<\/strong><br \/>\n<strong>Ricardo Adrian Torlaschi<\/strong><\/td>\n<td>Can-Am Maverick X3<\/td>\n<td class=\"nomobile\">South Racing Can-Am<\/td>\n<td style=\"text-align: right; padding-right: 15px;\"><strong>+6:01:55<\/strong><\/td>\n<\/tr>\n<tr style=\"vertical-align: top; background-color: #f2f2f2;\">\n<td style=\"text-align: center;\"><strong>16.<\/strong><\/td>\n<td class=\"nomobile\" style=\"text-align: center;\">407<\/td>\n<td class=\"nomobile\" style=\"text-align: center;\"><span style=\"font-size: 8pt;\">T4<\/span><\/td>\n<td class=\"nomobile\" style=\"text-align: center;\"><span style=\"font-size: 8pt;\"><a href=\"\/index.php\/w2rc\/w2rc-2023\/\"><span style=\"color: #ee8027;\">W2RC<\/span><\/a><\/span><\/td>\n<td><strong>Pau Navarro<\/strong><br \/>\n<strong>Micha\u00ebl Metge<\/strong><\/td>\n<td>Can-Am Maverick X3<\/td>\n<td class=\"nomobile\">FN Speed Team<\/td>\n<td style=\"text-align: right; padding-right: 15px;\"><strong>+6:05:21<\/strong><\/td>\n<\/tr>\n<tr style=\"vertical-align: top; background-color: #dbd9d9;\">\n<td style=\"text-align: center;\"><strong>17.<\/strong><\/td>\n<td class=\"nomobile\" style=\"text-align: center;\">340<\/td>\n<td class=\"nomobile\" style=\"text-align: center;\"><span style=\"font-size: 8pt;\">T3<\/span><\/td>\n<td class=\"nomobile\" style=\"text-align: center;\"><\/td>\n<td><strong>Hans Weijs Jr.<\/strong><br \/>\n<strong>Rudolf Meijer<\/strong><\/td>\n<td>Arcane T3<\/td>\n<td class=\"nomobile\">Arcane Racing<\/td>\n<td style=\"text-align: right; padding-right: 15px;\"><strong>+6:13:05<\/strong><\/td>\n<\/tr>\n<tr style=\"vertical-align: top; background-color: #f2f2f2;\">\n<td style=\"text-align: center;\"><strong>18.<\/strong><\/td>\n<td class=\"nomobile\" style=\"text-align: center;\">305<\/td>\n<td class=\"nomobile\" style=\"text-align: center;\"><span style=\"font-size: 8pt;\">T3<\/span><\/td>\n<td class=\"nomobile\" style=\"text-align: center;\"><\/td>\n<td><strong>Santiago Navarro<\/strong><br \/>\n<strong>Adrien Metge<\/strong><\/td>\n<td>Can-Am Maverick X3<\/td>\n<td class=\"nomobile\">FN Speed Team<\/td>\n<td style=\"text-align: right; padding-right: 15px;\"><strong>+6:34:47<\/strong><\/td>\n<\/tr>\n<tr style=\"vertical-align: top; background-color: #dbd9d9;\">\n<td style=\"text-align: center;\"><strong>19.<\/strong><\/td>\n<td class=\"nomobile\" style=\"text-align: center;\">322<\/td>\n<td class=\"nomobile\" style=\"text-align: center;\"><span style=\"font-size: 8pt;\">T3<\/span><\/td>\n<td class=\"nomobile\" style=\"text-align: center;\"><\/td>\n<td><strong><a href=\"\/index.php\/osobnosti\/ignacio-casale\/\"><span style=\"color: #ee8027;\">Ignacio Casale<\/span><\/a><\/strong><br \/>\n<a href=\"\/index.php\/osobnosti\/alvaro-leon\/\"><span style=\"color: #ee8027;\"><strong>\u00c1lvaro Le\u00f3n<\/strong><\/span><\/a><\/td>\n<td>Yamaha X-raid YXZ1000R Turbo<\/td>\n<td class=\"nomobile\">X-raid Yamaha supported team<\/td>\n<td style=\"text-align: right; padding-right: 15px;\"><strong>+6:53:27<\/strong><\/td>\n<\/tr>\n<tr style=\"vertical-align: top; background-color: #f2f2f2;\">\n<td style=\"text-align: center;\"><strong>20.<\/strong><\/td>\n<td class=\"nomobile\" style=\"text-align: center;\">418<\/td>\n<td class=\"nomobile\" style=\"text-align: center;\"><span style=\"font-size: 8pt;\">T4<\/span><\/td>\n<td class=\"nomobile\" style=\"text-align: center;\"><\/td>\n<td><strong>Florent Vayssade<\/strong><br \/>\n<strong>Nicolas Rey<\/strong><\/td>\n<td>Polaris RZR PRO R<\/td>\n<td class=\"nomobile\">S\u00e9bastien Leob Racing &#8211; Bardahl Team<\/td>\n<td style=\"text-align: right; padding-right: 15px;\"><strong>+7:26:05<\/strong><\/td>\n<\/tr>\n<tr style=\"vertical-align: top; background-color: #dbd9d9;\">\n<td style=\"text-align: center;\"><strong>21.<\/strong><\/td>\n<td class=\"nomobile\" style=\"text-align: center;\">425<\/td>\n<td class=\"nomobile\" style=\"text-align: center;\"><span style=\"font-size: 8pt;\">T4<\/span><\/td>\n<td class=\"nomobile\" style=\"text-align: center;\"><\/td>\n<td><strong>Toomas Triisa<\/strong><br \/>\n<strong>Mart Meeru<\/strong><\/td>\n<td>Can-Am Maverick X3<\/td>\n<td class=\"nomobile\">Rally Raid Estonia<\/td>\n<td style=\"text-align: right; padding-right: 15px;\"><strong>+7:32:59<\/strong><\/td>\n<\/tr>\n<tr style=\"vertical-align: top; background-color: #f2f2f2;\">\n<td style=\"text-align: center;\"><strong>22.<\/strong><\/td>\n<td class=\"nomobile\" style=\"text-align: center;\">414<\/td>\n<td class=\"nomobile\" style=\"text-align: center;\"><span style=\"font-size: 8pt;\">T4<\/span><\/td>\n<td class=\"nomobile\" style=\"text-align: center;\"><span style=\"font-size: 8pt;\"><a href=\"\/index.php\/w2rc\/w2rc-2023\/\"><span style=\"color: #ee8027;\">W2RC<\/span><\/a><\/span><\/td>\n<td><strong>Molly Taylor<\/strong><br \/>\n<strong>Andrew Short<\/strong><\/td>\n<td>Can-Am Maverick X3<\/td>\n<td class=\"nomobile\">South Racing Can-Am<\/td>\n<td style=\"text-align: right; padding-right: 15px;\"><strong>+7:42:43<\/strong><\/td>\n<\/tr>\n<tr style=\"vertical-align: top; background-color: #dbd9d9;\">\n<td style=\"text-align: center;\"><strong>23.<\/strong><\/td>\n<td class=\"nomobile\" style=\"text-align: center;\">408<\/td>\n<td class=\"nomobile\" style=\"text-align: center;\"><span style=\"font-size: 8pt;\">T4<\/span><\/td>\n<td class=\"nomobile\" style=\"text-align: center;\"><\/td>\n<td><strong>Eric Abel<\/strong><br \/>\n<strong>Serge Gounon<\/strong><\/td>\n<td>Can-Am Maverick X3<\/td>\n<td class=\"nomobile\">Team BBR \/ Pole Position 77<\/td>\n<td style=\"text-align: right; padding-right: 15px;\"><strong>+8:05:00<\/strong><\/td>\n<\/tr>\n<tr style=\"vertical-align: top; background-color: #f2f2f2;\">\n<td style=\"text-align: center;\"><strong>24.<\/strong><\/td>\n<td class=\"nomobile\" style=\"text-align: center;\">421<\/td>\n<td class=\"nomobile\" style=\"text-align: center;\"><span style=\"font-size: 8pt;\">T4<\/span><\/td>\n<td class=\"nomobile\" style=\"text-align: center;\"><\/td>\n<td><strong>Paul Spierings<\/strong><br \/>\n<strong>Jan Pieter van der Stelt<\/strong><\/td>\n<td>Can-Am Maverick X3<\/td>\n<td class=\"nomobile\">Dakarteam Spierings<\/td>\n<td style=\"text-align: right; padding-right: 15px;\"><strong>+8:43:39<\/strong><\/td>\n<\/tr>\n<tr style=\"vertical-align: top; background-color: #dbd9d9;\">\n<td style=\"text-align: center;\"><strong>25.<\/strong><\/td>\n<td class=\"nomobile\" style=\"text-align: center;\">440<\/td>\n<td class=\"nomobile\" style=\"text-align: center;\"><span style=\"font-size: 8pt;\">T4<\/span><\/td>\n<td class=\"nomobile\" style=\"text-align: center;\"><\/td>\n<td><strong>Gert-Jan van der Valk<\/strong><br \/>\n<strong>Branco de Lange<\/strong><\/td>\n<td>Can-Am Maverick X3<\/td>\n<td class=\"nomobile\">South Racing Can-Am<\/td>\n<td style=\"text-align: right; padding-right: 15px;\"><strong>+9:00:18<\/strong><\/td>\n<\/tr>\n<tr style=\"vertical-align: top; background-color: #f2f2f2;\">\n<td style=\"text-align: center;\"><strong>26.<\/strong><\/td>\n<td class=\"nomobile\" style=\"text-align: center;\">419<\/td>\n<td class=\"nomobile\" style=\"text-align: center;\"><span style=\"font-size: 8pt;\">T4<\/span><\/td>\n<td class=\"nomobile\" style=\"text-align: center;\"><\/td>\n<td><strong>Juan Manuel Silva<\/strong><br \/>\n<strong>Xavier Flick<\/strong><\/td>\n<td>Can-Am Maverick X3<\/td>\n<td class=\"nomobile\">FN Speed Team<\/td>\n<td style=\"text-align: right; padding-right: 15px;\"><strong>+9:11:42<\/strong><\/td>\n<\/tr>\n<tr style=\"vertical-align: top; background-color: #dbd9d9;\">\n<td style=\"text-align: center;\"><strong>27.<\/strong><\/td>\n<td class=\"nomobile\" style=\"text-align: center;\">345<\/td>\n<td class=\"nomobile\" style=\"text-align: center;\"><span style=\"font-size: 8pt;\">T3<\/span><\/td>\n<td class=\"nomobile\" style=\"text-align: center;\"><\/td>\n<td><strong><a href=\"\/index.php\/osobnosti\/josef-machacek\/\"><span style=\"color: #ee8027;\">Josef Mach\u00e1\u010dek<\/span><\/a><\/strong><br \/>\n<strong>David Schov\u00e1nek<\/strong><\/td>\n<td>Buggyra Can-Am DV 21<\/td>\n<td class=\"nomobile\">Buggyra ZM Racing<\/td>\n<td style=\"text-align: right; padding-right: 15px;\"><strong>+10:06:01<\/strong><\/td>\n<\/tr>\n<tr style=\"vertical-align: top; background-color: #f2f2f2;\">\n<td style=\"text-align: center;\"><strong>28.<\/strong><\/td>\n<td class=\"nomobile\" style=\"text-align: center;\">422<\/td>\n<td class=\"nomobile\" style=\"text-align: center;\"><span style=\"font-size: 8pt;\">T4<\/span><\/td>\n<td class=\"nomobile\" style=\"text-align: center;\"><\/td>\n<td><strong>Nicolas Brabeck-Letmathe<\/strong><br \/>\n<strong>Brice Aloth<\/strong><\/td>\n<td>Can-Am Maverick X3<\/td>\n<td class=\"nomobile\">Team Casteu<\/td>\n<td style=\"text-align: right; padding-right: 15px;\"><strong>+10:35:06<\/strong><\/td>\n<\/tr>\n<tr style=\"vertical-align: top; background-color: #dbd9d9;\">\n<td style=\"text-align: center;\"><strong>29.<\/strong><\/td>\n<td class=\"nomobile\" style=\"text-align: center;\">328<\/td>\n<td class=\"nomobile\" style=\"text-align: center;\"><span style=\"font-size: 8pt;\">T3<\/span><\/td>\n<td class=\"nomobile\" style=\"text-align: center;\"><\/td>\n<td><strong>Ricardo Por\u00e9m<\/strong><br \/>\n<strong>Augusto Sanz<\/strong><\/td>\n<td>Yamaha X-raid YXZ 1000R Turbo<\/td>\n<td class=\"nomobile\">X-raid Yamaha supported team<\/td>\n<td style=\"text-align: right; padding-right: 15px;\"><strong>+10:46:41<\/strong><\/td>\n<\/tr>\n<tr style=\"vertical-align: top; background-color: #f2f2f2;\">\n<td style=\"text-align: center;\"><strong>30.<\/strong><\/td>\n<td class=\"nomobile\" style=\"text-align: center;\">416<\/td>\n<td class=\"nomobile\" style=\"text-align: center;\"><span style=\"font-size: 8pt;\">T4<\/span><\/td>\n<td class=\"nomobile\" style=\"text-align: center;\"><\/td>\n<td><strong>Tomas Jan\u010dys<\/strong><br \/>\n<strong>Irmantas Bra\u017ei\u016bnas<\/strong><\/td>\n<td>Can-Am Maverick X3<\/td>\n<td class=\"nomobile\">Teltonika Racing<\/td>\n<td style=\"text-align: right; padding-right: 15px;\"><strong>+10:57:56<\/strong><\/td>\n<\/tr>\n<tr style=\"vertical-align: top; background-color: #dbd9d9;\">\n<td style=\"text-align: center;\"><strong>31.<\/strong><\/td>\n<td class=\"nomobile\" style=\"text-align: center;\">341<\/td>\n<td class=\"nomobile\" style=\"text-align: center;\"><span style=\"font-size: 8pt;\">T3<\/span><\/td>\n<td class=\"nomobile\" style=\"text-align: center;\"><\/td>\n<td><strong>Geoffrey Minnitt<\/strong><br \/>\n<strong>Gerhard Snyman<\/strong><\/td>\n<td>Can-Am Maverick X3<\/td>\n<td class=\"nomobile\">South Racing Can-Am<\/td>\n<td style=\"text-align: right; padding-right: 15px;\"><strong>+11:02:14<\/strong><\/td>\n<\/tr>\n<tr style=\"vertical-align: top; background-color: #f2f2f2;\">\n<td style=\"text-align: center;\"><strong>32.<\/strong><\/td>\n<td class=\"nomobile\" style=\"text-align: center;\">415<\/td>\n<td class=\"nomobile\" style=\"text-align: center;\"><span style=\"font-size: 8pt;\">T4<\/span><\/td>\n<td class=\"nomobile\" style=\"text-align: center;\"><\/td>\n<td><strong>Xavier de Soultrait<\/strong><br \/>\n<strong>Martin Bonnet<\/strong><\/td>\n<td>Polaris RZR PRO R<\/td>\n<td class=\"nomobile\">S\u00e9bastien Loeb Racing &#8211; Bardahl Team<\/td>\n<td style=\"text-align: right; padding-right: 15px;\"><strong>+11:09:40<\/strong><\/td>\n<\/tr>\n<tr style=\"vertical-align: top; background-color: #dbd9d9;\">\n<td style=\"text-align: center;\"><strong>33.<\/strong><\/td>\n<td class=\"nomobile\" style=\"text-align: center;\">327<\/td>\n<td class=\"nomobile\" style=\"text-align: center;\"><span style=\"font-size: 8pt;\">T3<\/span><\/td>\n<td class=\"nomobile\" style=\"text-align: center;\"><\/td>\n<td><strong>Anja van Loon<\/strong><br \/>\n<a href=\"\/index.php\/osobnosti\/dmitrij-cyro\/\"><span style=\"color: #ee8027;\"><strong>Dmitrij Cyro<\/strong><\/span><\/a><\/td>\n<td>Can-Am Maverick X3<\/td>\n<td class=\"nomobile\">South Racing Can-Am<\/td>\n<td style=\"text-align: right; padding-right: 15px;\"><strong>+11:33:37<\/strong><\/td>\n<\/tr>\n<tr style=\"vertical-align: top; background-color: #f2f2f2;\">\n<td style=\"text-align: center;\"><strong>34.<\/strong><\/td>\n<td class=\"nomobile\" style=\"text-align: center;\">434<\/td>\n<td class=\"nomobile\" style=\"text-align: center;\"><span style=\"font-size: 8pt;\">T4<\/span><\/td>\n<td class=\"nomobile\" style=\"text-align: center;\"><\/td>\n<td><strong>Christophe Cresp<\/strong><br \/>\n<strong>Jean Brucy<\/strong><\/td>\n<td>Can-Am Maverick X3<\/td>\n<td class=\"nomobile\">MMP<\/td>\n<td style=\"text-align: right; padding-right: 15px;\"><strong>+12:32:04<\/strong><\/td>\n<\/tr>\n<tr style=\"vertical-align: top; background-color: #dbd9d9;\">\n<td style=\"text-align: center;\"><strong>35.<\/strong><\/td>\n<td class=\"nomobile\" style=\"text-align: center;\">441<\/td>\n<td class=\"nomobile\" style=\"text-align: center;\"><span style=\"font-size: 8pt;\">T4<\/span><\/td>\n<td class=\"nomobile\" style=\"text-align: center;\"><\/td>\n<td><strong>Stephane Consani<\/strong><br \/>\n<strong>Thibault de la Haye<\/strong><\/td>\n<td>Can-Am Maverick X3<\/td>\n<td class=\"nomobile\">MMP<\/td>\n<td style=\"text-align: right; padding-right: 15px;\"><strong>+13:05:09<\/strong><\/td>\n<\/tr>\n<tr style=\"vertical-align: top; background-color: #f2f2f2;\">\n<td style=\"text-align: center;\"><strong>36.<\/strong><\/td>\n<td class=\"nomobile\" style=\"text-align: center;\">306<\/td>\n<td class=\"nomobile\" style=\"text-align: center;\"><span style=\"font-size: 8pt;\">T3<\/span><\/td>\n<td class=\"nomobile\" style=\"text-align: center;\"><span style=\"font-size: 8pt;\"><a href=\"\/index.php\/w2rc\/w2rc-2023\/\"><span style=\"color: #ee8027;\">W2RC<\/span><\/a><\/span><\/td>\n<td><strong>Jean-Luc Ceccaldi-Pisson<\/strong><br \/>\n<strong>Cedric Duple<\/strong><\/td>\n<td>PH Sport Zephyr<\/td>\n<td class=\"nomobile\">JLC Racing<\/td>\n<td style=\"text-align: right; padding-right: 15px;\"><strong>+13:44:21<\/strong><\/td>\n<\/tr>\n<tr style=\"vertical-align: top; background-color: #dbd9d9;\">\n<td style=\"text-align: center;\"><strong>37.<\/strong><\/td>\n<td class=\"nomobile\" style=\"text-align: center;\">469<\/td>\n<td class=\"nomobile\" style=\"text-align: center;\"><span style=\"font-size: 8pt;\">T4<\/span><\/td>\n<td class=\"nomobile\" style=\"text-align: center;\"><\/td>\n<td><strong>Jeffrey Otten<\/strong><br \/>\n<strong>Marco Bouman<\/strong><\/td>\n<td>Can-Am Maverick X3<\/td>\n<td class=\"nomobile\">Gaia-Motorsports<\/td>\n<td style=\"text-align: right; padding-right: 15px;\"><strong>+15:08:26<\/strong><\/td>\n<\/tr>\n<tr style=\"vertical-align: top; background-color: #f2f2f2;\">\n<td style=\"text-align: center;\"><strong>38.<\/strong><\/td>\n<td class=\"nomobile\" style=\"text-align: center;\">318<\/td>\n<td class=\"nomobile\" style=\"text-align: center;\"><span style=\"font-size: 8pt;\">T3<\/span><\/td>\n<td class=\"nomobile\" style=\"text-align: center;\"><\/td>\n<td><strong>Joan Font<\/strong><br \/>\n<strong>Themistocles Lopez<\/strong><\/td>\n<td>Can-Am Maverick X3<\/td>\n<td class=\"nomobile\">FN Speed Team<\/td>\n<td style=\"text-align: right; padding-right: 15px;\"><strong>+16:33:36<\/strong><\/td>\n<\/tr>\n<tr style=\"vertical-align: top; background-color: #dbd9d9;\">\n<td style=\"text-align: center;\"><strong>39.<\/strong><\/td>\n<td class=\"nomobile\" style=\"text-align: center;\">321<\/td>\n<td class=\"nomobile\" style=\"text-align: center;\"><span style=\"font-size: 8pt;\">T3<\/span><\/td>\n<td class=\"nomobile\" style=\"text-align: center;\"><\/td>\n<td><strong>Ahmed Alkuwari<\/strong><br \/>\n<strong>Manuel Lucchese<\/strong><\/td>\n<td>Yamaha X-raid YXZ 1000R Turbo<\/td>\n<td class=\"nomobile\">X-raid Yamaha supported team<\/td>\n<td style=\"text-align: right; padding-right: 15px;\"><strong>+17:04:21<\/strong><\/td>\n<\/tr>\n<tr style=\"vertical-align: top; background-color: #f2f2f2;\">\n<td style=\"text-align: center;\"><strong>40.<\/strong><\/td>\n<td class=\"nomobile\" style=\"text-align: center;\">410<\/td>\n<td class=\"nomobile\" style=\"text-align: center;\"><span style=\"font-size: 8pt;\">T4<\/span><\/td>\n<td class=\"nomobile\" style=\"text-align: center;\"><span style=\"font-size: 8pt;\"><a href=\"\/index.php\/w2rc\/w2rc-2023\/\"><span style=\"color: #ee8027;\">W2RC<\/span><\/a><\/span><\/td>\n<td><strong>Yasir Seaidan<\/strong><br \/>\n<a href=\"\/index.php\/osobnosti\/alexej-kuzmic\/\"><span style=\"color: #ee8027;\"><strong>Alexej Kuzmi\u010d<\/strong><\/span><\/a><\/td>\n<td>Can-Am Maverick X3<\/td>\n<td class=\"nomobile\">Race World Team<\/td>\n<td style=\"text-align: right; padding-right: 15px;\"><strong>+18:30:53<\/strong><\/td>\n<\/tr>\n<tr style=\"vertical-align: top; background-color: #dbd9d9;\">\n<td style=\"text-align: center;\"><strong>41.<\/strong><\/td>\n<td class=\"nomobile\" style=\"text-align: center;\">332<\/td>\n<td class=\"nomobile\" style=\"text-align: center;\"><span style=\"font-size: 8pt;\">T3<\/span><\/td>\n<td class=\"nomobile\" style=\"text-align: center;\"><span style=\"font-size: 8pt;\"><a href=\"\/index.php\/w2rc\/w2rc-2023\/\"><span style=\"color: #ee8027;\">W2RC<\/span><\/a><\/span><\/td>\n<td><strong><a href=\"\/index.php\/osobnosti\/claude-fournier\/\"><span style=\"color: #ee8027;\">Claude Fournier<\/span><\/a><\/strong><br \/>\n<strong>Arnold Brucy<\/strong><\/td>\n<td>Can-Am Maverick X3<\/td>\n<td class=\"nomobile\">Team BBR \/ Pole Position 77<\/td>\n<td style=\"text-align: right; padding-right: 15px;\"><strong>+19:29:22<\/strong><\/td>\n<\/tr>\n<tr style=\"vertical-align: top; background-color: #f2f2f2;\">\n<td style=\"text-align: center;\"><strong>42.<\/strong><\/td>\n<td class=\"nomobile\" style=\"text-align: center;\">325<\/td>\n<td class=\"nomobile\" style=\"text-align: center;\"><span style=\"font-size: 8pt;\">T3<\/span><\/td>\n<td class=\"nomobile\" style=\"text-align: center;\"><\/td>\n<td><strong>Jean-Pascal Besson<\/strong><br \/>\n<strong>Delphine Delfino<\/strong><\/td>\n<td>Can-Am MMP<\/td>\n<td class=\"nomobile\">MMP<\/td>\n<td style=\"text-align: right; padding-right: 15px;\"><strong>+20:03:08<\/strong><\/td>\n<\/tr>\n<tr style=\"vertical-align: top; background-color: #dbd9d9;\">\n<td style=\"text-align: center;\"><strong>43.<\/strong><\/td>\n<td class=\"nomobile\" style=\"text-align: center;\">336<\/td>\n<td class=\"nomobile\" style=\"text-align: center;\"><span style=\"font-size: 8pt;\">T3<\/span><\/td>\n<td class=\"nomobile\" style=\"text-align: center;\"><\/td>\n<td><strong>Bradley Salazar<\/strong><br \/>\n<strong>Eugenio Arrieta<\/strong><\/td>\n<td>Can-Am Maverick X3<\/td>\n<td class=\"nomobile\">FN Speed Team<\/td>\n<td style=\"text-align: right; padding-right: 15px;\"><strong>+20:45:06<\/strong><\/td>\n<\/tr>\n<tr style=\"vertical-align: top; background-color: #f2f2f2;\">\n<td style=\"text-align: center;\"><strong>44.<\/strong><\/td>\n<td class=\"nomobile\" style=\"text-align: center;\">326<\/td>\n<td class=\"nomobile\" style=\"text-align: center;\"><span style=\"font-size: 8pt;\">T3<\/span><\/td>\n<td class=\"nomobile\" style=\"text-align: center;\"><\/td>\n<td><strong>Xavier Foj<\/strong><br \/>\n<strong>Antonio Angulo<\/strong><\/td>\n<td>Oryx T3<\/td>\n<td class=\"nomobile\">Foj Motorsport<\/td>\n<td style=\"text-align: right; padding-right: 15px;\"><strong>+21:33:45<\/strong><\/td>\n<\/tr>\n<tr style=\"vertical-align: top; background-color: #dbd9d9;\">\n<td style=\"text-align: center;\"><strong>45.<\/strong><\/td>\n<td class=\"nomobile\" style=\"text-align: center;\">342<\/td>\n<td class=\"nomobile\" style=\"text-align: center;\"><span style=\"font-size: 8pt;\">T3<\/span><\/td>\n<td class=\"nomobile\" style=\"text-align: center;\"><\/td>\n<td><strong>Benjamin Lattard<\/strong><br \/>\n<strong>Patrick Jimbert<\/strong><\/td>\n<td>MMP Rally Raid<\/td>\n<td class=\"nomobile\">MMP<\/td>\n<td style=\"text-align: right; padding-right: 15px;\"><strong>+27:06:06<\/strong><\/td>\n<\/tr>\n<tr style=\"vertical-align: top; background-color: #f2f2f2;\">\n<td style=\"text-align: center;\"><strong>46.<\/strong><\/td>\n<td class=\"nomobile\" style=\"text-align: center;\">314<\/td>\n<td class=\"nomobile\" style=\"text-align: center;\"><span style=\"font-size: 8pt;\">T3<\/span><\/td>\n<td class=\"nomobile\" style=\"text-align: center;\"><span style=\"font-size: 8pt;\"><a href=\"\/index.php\/w2rc\/w2rc-2023\/\"><span style=\"color: #ee8027;\">W2RC<\/span><\/a><\/span><\/td>\n<td><strong>Mitch Guthrie<\/strong><br \/>\n<strong>Kellon Walch<\/strong><\/td>\n<td>MCE-5 T3M<\/td>\n<td class=\"nomobile\">Red Bull Off-Road Junior Team USA<\/td>\n<td style=\"text-align: right; padding-right: 15px;\"><strong>+27:58:08<\/strong><\/td>\n<\/tr>\n<tr style=\"vertical-align: top; background-color: #dbd9d9;\">\n<td style=\"text-align: center;\"><strong>47.<\/strong><\/td>\n<td class=\"nomobile\" style=\"text-align: center;\">320<\/td>\n<td class=\"nomobile\" style=\"text-align: center;\"><span style=\"font-size: 8pt;\">T3<\/span><\/td>\n<td class=\"nomobile\" style=\"text-align: center;\"><\/td>\n<td><strong>Mashael Alobaidan<\/strong><br \/>\n<a href=\"\/index.php\/osobnosti\/paolo-ceci\/\"><span style=\"color: #ee8027;\"><strong>Paolo Ceci<\/strong><\/span><\/a><\/td>\n<td>Can-Am Maverick X3<\/td>\n<td class=\"nomobile\">South Racing Can-Am<\/td>\n<td style=\"text-align: right; padding-right: 15px;\"><strong>+28:46:28<\/strong><\/td>\n<\/tr>\n<tr style=\"vertical-align: top; background-color: #f2f2f2;\">\n<td style=\"text-align: center;\"><strong>48.<\/strong><\/td>\n<td class=\"nomobile\" style=\"text-align: center;\">348<\/td>\n<td class=\"nomobile\" style=\"text-align: center;\"><span style=\"font-size: 8pt;\">T3<\/span><\/td>\n<td class=\"nomobile\" style=\"text-align: center;\"><\/td>\n<td><strong>Antonio Marmolejo<\/strong><br \/>\n<strong>Ariel Jaton<\/strong><\/td>\n<td>Can-Am Maverick X3<\/td>\n<td class=\"nomobile\">South Racing Can-Am<\/td>\n<td style=\"text-align: right; padding-right: 15px;\"><strong>+29:31:41<\/strong><\/td>\n<\/tr>\n<tr style=\"vertical-align: top; background-color: #dbd9d9;\">\n<td style=\"text-align: center;\"><strong>49.<\/strong><\/td>\n<td class=\"nomobile\" style=\"text-align: center;\">424<\/td>\n<td class=\"nomobile\" style=\"text-align: center;\"><span style=\"font-size: 8pt;\">T4<\/span><\/td>\n<td class=\"nomobile\" style=\"text-align: center;\"><\/td>\n<td><strong>Frederic Chesneau<\/strong><br \/>\n<strong>Stephane Chesneau<\/strong><\/td>\n<td>Can-Am Maverick X3<\/td>\n<td class=\"nomobile\">FS 21<\/td>\n<td style=\"text-align: right; padding-right: 15px;\"><strong>+29:32:17<\/strong><\/td>\n<\/tr>\n<tr style=\"vertical-align: top; background-color: #f2f2f2;\">\n<td style=\"text-align: center;\"><strong>50.<\/strong><\/td>\n<td class=\"nomobile\" style=\"text-align: center;\">411<\/td>\n<td class=\"nomobile\" style=\"text-align: center;\"><span style=\"font-size: 8pt;\">T4<\/span><\/td>\n<td class=\"nomobile\" style=\"text-align: center;\"><span style=\"font-size: 8pt;\"><a href=\"\/index.php\/w2rc\/w2rc-2023\/\"><span style=\"color: #ee8027;\">W2RC<\/span><\/a><\/span><\/td>\n<td><strong>Nicol\u00e1s Cavigliasso<\/strong><br \/>\n<strong>Valentina Pertegarini<\/strong><\/td>\n<td>Can-Am Maverick X3<\/td>\n<td class=\"nomobile\">Caviglissio \/ Drag\u2019on Rally Team<\/td>\n<td style=\"text-align: right; padding-right: 15px;\"><strong>+30:17:31<\/strong><\/td>\n<\/tr>\n<tr style=\"vertical-align: top; background-color: #dbd9d9;\">\n<td style=\"text-align: center;\"><strong>51.<\/strong><\/td>\n<td class=\"nomobile\" style=\"text-align: center;\">330<\/td>\n<td class=\"nomobile\" style=\"text-align: center;\"><span style=\"font-size: 8pt;\">T3<\/span><\/td>\n<td class=\"nomobile\" style=\"text-align: center;\"><\/td>\n<td><strong>Javier Velez<\/strong><br \/>\n<strong>Mateo Moreno<\/strong><\/td>\n<td>Can-Am Maverick X3<\/td>\n<td class=\"nomobile\">FN Speed Team<\/td>\n<td style=\"text-align: right; padding-right: 15px;\"><strong>+32:07:21<\/strong><\/td>\n<\/tr>\n<tr style=\"vertical-align: top; background-color: #f2f2f2;\">\n<td style=\"text-align: center;\"><strong>52.<\/strong><\/td>\n<td class=\"nomobile\" style=\"text-align: center;\">431<\/td>\n<td class=\"nomobile\" style=\"text-align: center;\"><span style=\"font-size: 8pt;\">T4<\/span><\/td>\n<td class=\"nomobile\" style=\"text-align: center;\"><\/td>\n<td><strong>Ramon Nu\u00f1es<\/strong><br \/>\n<strong>Mauro Esteban Lipez<\/strong><\/td>\n<td>Can-Am Maverick X3<\/td>\n<td class=\"nomobile\">Sodicars Racing<\/td>\n<td style=\"text-align: right; padding-right: 15px;\"><strong>+33:21:00<\/strong><\/td>\n<\/tr>\n<tr style=\"vertical-align: top; background-color: #dbd9d9;\">\n<td style=\"text-align: center;\"><strong>53.<\/strong><\/td>\n<td class=\"nomobile\" style=\"text-align: center;\">439<\/td>\n<td class=\"nomobile\" style=\"text-align: center;\"><span style=\"font-size: 8pt;\">T4<\/span><\/td>\n<td class=\"nomobile\" style=\"text-align: center;\"><span style=\"font-size: 8pt;\"><a href=\"\/index.php\/w2rc\/w2rc-2023\/\"><span style=\"color: #ee8027;\">W2RC<\/span><\/a><\/span><\/td>\n<td><strong>\u0160insuke Umeda<\/strong><br \/>\n<strong>Facundo Jaton<\/strong><\/td>\n<td>Polariz RZR PRO R<\/td>\n<td class=\"nomobile\">Xtreme Plus Polaris Factory Team<\/td>\n<td style=\"text-align: right; padding-right: 15px;\"><strong>+33:22:12<\/strong><\/td>\n<\/tr>\n<tr style=\"vertical-align: top; background-color: #f2f2f2;\">\n<td style=\"text-align: center;\"><strong>54.<\/strong><\/td>\n<td class=\"nomobile\" style=\"text-align: center;\">448<\/td>\n<td class=\"nomobile\" style=\"text-align: center;\"><span style=\"font-size: 8pt;\">T4<\/span><\/td>\n<td class=\"nomobile\" style=\"text-align: center;\"><\/td>\n<td><strong>Luis D\u00edaz<\/strong><br \/>\n<strong>Stanley Sherrington<\/strong><\/td>\n<td>Can-Am Maverick X3<\/td>\n<td class=\"nomobile\">FN Speed Team<\/td>\n<td style=\"text-align: right; padding-right: 15px;\"><strong>+33:48:22<\/strong><\/td>\n<\/tr>\n<tr style=\"vertical-align: top; background-color: #dbd9d9;\">\n<td style=\"text-align: center;\"><strong>55.<\/strong><\/td>\n<td class=\"nomobile\" style=\"text-align: center;\">319<\/td>\n<td class=\"nomobile\" style=\"text-align: center;\"><span style=\"font-size: 8pt;\">T3<\/span><\/td>\n<td class=\"nomobile\" style=\"text-align: center;\"><span style=\"font-size: 8pt;\"><a href=\"\/index.php\/w2rc\/w2rc-2023\/\"><span style=\"color: #ee8027;\">W2RC<\/span><\/a><\/span><\/td>\n<td><strong>H\u00e9lder Rodrigues<\/strong><br \/>\n<strong>Gon\u00e7alo Reis<\/strong><\/td>\n<td>Can-Am Maverick X3<\/td>\n<td class=\"nomobile\">South Racing Can-Am<\/td>\n<td style=\"text-align: right; padding-right: 15px;\"><strong>+35:18:19<\/strong><\/td>\n<\/tr>\n<tr style=\"vertical-align: top; background-color: #f2f2f2;\">\n<td style=\"text-align: center;\"><strong>56.<\/strong><\/td>\n<td class=\"nomobile\" style=\"text-align: center;\">312<\/td>\n<td class=\"nomobile\" style=\"text-align: center;\"><span style=\"font-size: 8pt;\">T3<\/span><\/td>\n<td class=\"nomobile\" style=\"text-align: center;\"><span style=\"font-size: 8pt;\"><a href=\"\/index.php\/w2rc\/w2rc-2023\/\"><span style=\"color: #ee8027;\">W2RC<\/span><\/a><\/span><\/td>\n<td><strong>Dania Akeel<\/strong><br \/>\n<strong>Sergio Lafuente<\/strong><\/td>\n<td>Can-Am Maverick X3<\/td>\n<td class=\"nomobile\">South Racing Can-Am<\/td>\n<td style=\"text-align: right; padding-right: 15px;\"><strong>+35:43:29<\/strong><\/td>\n<\/tr>\n<tr style=\"vertical-align: top; background-color: #dbd9d9;\">\n<td style=\"text-align: center;\"><strong>57.<\/strong><\/td>\n<td class=\"nomobile\" style=\"text-align: center;\">406<\/td>\n<td class=\"nomobile\" style=\"text-align: center;\"><span style=\"font-size: 8pt;\">T4<\/span><\/td>\n<td class=\"nomobile\" style=\"text-align: center;\"><span style=\"font-size: 8pt;\"><a href=\"\/index.php\/w2rc\/w2rc-2023\/\"><span style=\"color: #ee8027;\">W2RC<\/span><\/a><\/span><\/td>\n<td><strong>Rodrigo Luppi de Oliveira<\/strong><br \/>\n<strong>Maykel Justo<\/strong><\/td>\n<td>Can-Am Maverick X3<\/td>\n<td class=\"nomobile\">South Racing Can-Am<\/td>\n<td style=\"text-align: right; padding-right: 15px;\"><strong>+35:55:18<\/strong><\/td>\n<\/tr>\n<tr style=\"vertical-align: top; background-color: #f2f2f2;\">\n<td style=\"text-align: center;\"><strong>58.<\/strong><\/td>\n<td class=\"nomobile\" style=\"text-align: center;\">334<\/td>\n<td class=\"nomobile\" style=\"text-align: center;\"><span style=\"font-size: 8pt;\">T3<\/span><\/td>\n<td class=\"nomobile\" style=\"text-align: center;\"><\/td>\n<td><strong>Jose Castan<\/strong><br \/>\n<strong>Jean-Fran\u00e7ois Palissier<\/strong><\/td>\n<td>Can-Am Mamba RM Sport<\/td>\n<td class=\"nomobile\">RM Sport<\/td>\n<td style=\"text-align: right; padding-right: 15px;\"><strong>+36:31:34<\/strong><\/td>\n<\/tr>\n<tr style=\"vertical-align: top; background-color: #dbd9d9;\">\n<td style=\"text-align: center;\"><strong>59.<\/strong><\/td>\n<td class=\"nomobile\" style=\"text-align: center;\">420<\/td>\n<td class=\"nomobile\" style=\"text-align: center;\"><span style=\"font-size: 8pt;\">T4<\/span><\/td>\n<td class=\"nomobile\" style=\"text-align: center;\"><\/td>\n<td><strong>Pietro Cinotto<\/strong><br \/>\n<strong>Alberto Bertoldi<\/strong><\/td>\n<td>Polaris RZR PRO R<\/td>\n<td class=\"nomobile\">Xtreme Plus Polaris Factory Team<\/td>\n<td style=\"text-align: right; padding-right: 15px;\"><strong>+39:37:24<\/strong><\/td>\n<\/tr>\n<tr style=\"vertical-align: top; background-color: #f2f2f2;\">\n<td style=\"text-align: center;\"><strong>60.<\/strong><\/td>\n<td class=\"nomobile\" style=\"text-align: center;\">329<\/td>\n<td class=\"nomobile\" style=\"text-align: center;\"><span style=\"font-size: 8pt;\">T3<\/span><\/td>\n<td class=\"nomobile\" style=\"text-align: center;\"><span style=\"font-size: 8pt;\"><a href=\"\/index.php\/w2rc\/w2rc-2023\/\"><span style=\"color: #ee8027;\">W2RC<\/span><\/a><\/span><\/td>\n<td><strong>David Zille<\/strong><br \/>\n<strong>Sebastian Cesana<\/strong><\/td>\n<td>Can-Am Maverick X3<\/td>\n<td class=\"nomobile\">South Racing Can-Am<\/td>\n<td style=\"text-align: right; padding-right: 15px;\"><strong>+40:05:25<\/strong><\/td>\n<\/tr>\n<tr style=\"vertical-align: top; background-color: #dbd9d9;\">\n<td style=\"text-align: center;\"><strong>61.<\/strong><\/td>\n<td class=\"nomobile\" style=\"text-align: center;\">317<\/td>\n<td class=\"nomobile\" style=\"text-align: center;\"><span style=\"font-size: 8pt;\">T3<\/span><\/td>\n<td class=\"nomobile\" style=\"text-align: center;\"><\/td>\n<td><strong>Antoine Meo<\/strong><br \/>\n<strong>Fabien Planet<\/strong><\/td>\n<td>PH Sport Zephyr<\/td>\n<td class=\"nomobile\">PH Sport<\/td>\n<td style=\"text-align: right; padding-right: 15px;\"><strong>+41:32:36<\/strong><\/td>\n<\/tr>\n<tr style=\"vertical-align: top; background-color: #f2f2f2;\">\n<td style=\"text-align: center;\"><strong>62.<\/strong><\/td>\n<td class=\"nomobile\" style=\"text-align: center;\">443<\/td>\n<td class=\"nomobile\" style=\"text-align: center;\"><span style=\"font-size: 8pt;\">T4<\/span><\/td>\n<td class=\"nomobile\" style=\"text-align: center;\"><\/td>\n<td><strong>Oscar Ral<\/strong><br \/>\n<strong>Carlos Jimenez<\/strong><\/td>\n<td>Can-Am Maverick X3<\/td>\n<td class=\"nomobile\">Buggy Masters Team<\/td>\n<td style=\"text-align: right; padding-right: 15px;\"><strong>+42:49:08<\/strong><\/td>\n<\/tr>\n<tr style=\"vertical-align: top; background-color: #dbd9d9;\">\n<td style=\"text-align: center;\"><strong>63.<\/strong><\/td>\n<td class=\"nomobile\" style=\"text-align: center;\">346<\/td>\n<td class=\"nomobile\" style=\"text-align: center;\"><span style=\"font-size: 8pt;\">T3<\/span><\/td>\n<td class=\"nomobile\" style=\"text-align: center;\"><\/td>\n<td><strong>Pamela Bozzano<\/strong><br \/>\n<strong>Carlos Sachs<\/strong><\/td>\n<td>Can-Am Maverick X3<\/td>\n<td class=\"nomobile\">Team BBR \/ Pole Position 77<\/td>\n<td style=\"text-align: right; padding-right: 15px;\"><strong>+45:13:23<\/strong><\/td>\n<\/tr>\n<tr style=\"vertical-align: top; background-color: #f2f2f2;\">\n<td style=\"text-align: center;\"><strong>64.<\/strong><\/td>\n<td class=\"nomobile\" style=\"text-align: center;\">437<\/td>\n<td class=\"nomobile\" style=\"text-align: center;\"><span style=\"font-size: 8pt;\">T4<\/span><\/td>\n<td class=\"nomobile\" style=\"text-align: center;\"><\/td>\n<td><strong>Cristiano Batista<\/strong><br \/>\n<strong>Fausto de Almeida<\/strong><\/td>\n<td>Can-Am Maverick X3<\/td>\n<td class=\"nomobile\">South Racing Can-Am<\/td>\n<td style=\"text-align: right; padding-right: 15px;\"><strong>+46:51:47<\/strong><\/td>\n<\/tr>\n<tr style=\"vertical-align: top; background-color: #dbd9d9;\">\n<td style=\"text-align: center;\"><strong>65.<\/strong><\/td>\n<td class=\"nomobile\" style=\"text-align: center;\">347<\/td>\n<td class=\"nomobile\" style=\"text-align: center;\"><span style=\"font-size: 8pt;\">T3<\/span><\/td>\n<td class=\"nomobile\" style=\"text-align: center;\"><\/td>\n<td><strong>Enio Bozzano jr.<\/strong><br \/>\n<strong>Luciano Gomes<\/strong><\/td>\n<td>Can-Am Maverick X3<\/td>\n<td class=\"nomobile\">Team BBR \/ Pole Position 77<\/td>\n<td style=\"text-align: right; padding-right: 15px;\"><strong>+47:01:44<\/strong><\/td>\n<\/tr>\n<tr style=\"vertical-align: top; background-color: #f2f2f2;\">\n<td style=\"text-align: center;\"><strong>66.<\/strong><\/td>\n<td class=\"nomobile\" style=\"text-align: center;\">344<\/td>\n<td class=\"nomobile\" style=\"text-align: center;\"><span style=\"font-size: 8pt;\">T3<\/span><\/td>\n<td class=\"nomobile\" style=\"text-align: center;\"><span style=\"font-size: 8pt;\"><a href=\"\/index.php\/w2rc\/w2rc-2023\/\"><span style=\"color: #ee8027;\">W2RC<\/span><\/a><\/span><\/td>\n<td><strong>Aliyyah Koloc<\/strong><br \/>\n<strong>Stephane Duple<\/strong><\/td>\n<td>Buggyra Can-Am DV 21<\/td>\n<td class=\"nomobile\">Buggyra ZM Racing<\/td>\n<td style=\"text-align: right; padding-right: 15px;\"><strong>+54:22:06<\/strong><\/td>\n<\/tr>\n<tr style=\"vertical-align: top; background-color: #dbd9d9;\">\n<td style=\"text-align: center;\"><strong>67.<\/strong><\/td>\n<td class=\"nomobile\" style=\"text-align: center;\">432<\/td>\n<td class=\"nomobile\" style=\"text-align: center;\"><span style=\"font-size: 8pt;\">T4<\/span><\/td>\n<td class=\"nomobile\" style=\"text-align: center;\"><\/td>\n<td><strong>Ferdinando Brachetti<\/strong><br \/>\n<strong>Matteo Casuccio<\/strong><\/td>\n<td>Polaris RZR PRO R<\/td>\n<td class=\"nomobile\">Xtreme Plus Polaris Factory Team<\/td>\n<td style=\"text-align: right; padding-right: 15px;\"><strong>+63:50:14<\/strong><\/td>\n<\/tr>\n<tr style=\"vertical-align: top; background-color: #f2f2f2;\">\n<td style=\"text-align: center;\"><strong>68.<\/strong><\/td>\n<td class=\"nomobile\" style=\"text-align: center;\">427<\/td>\n<td class=\"nomobile\" style=\"text-align: center;\"><span style=\"font-size: 8pt;\">T4<\/span><\/td>\n<td class=\"nomobile\" style=\"text-align: center;\"><\/td>\n<td><strong>Pedro Pe\u00f1ate<\/strong><br \/>\n<strong>Rosa Romero<\/strong><\/td>\n<td>Can-Am Maverick X3<\/td>\n<td class=\"nomobile\">TH-Trucks Canarias Team<\/td>\n<td style=\"text-align: right; padding-right: 15px;\"><strong>+63:57:51<\/strong><\/td>\n<\/tr>\n<tr style=\"vertical-align: top; background-color: #dbd9d9;\">\n<td style=\"text-align: center;\"><strong>69.<\/strong><\/td>\n<td class=\"nomobile\" style=\"text-align: center;\">311<\/td>\n<td class=\"nomobile\" style=\"text-align: center;\"><span style=\"font-size: 8pt;\">T3<\/span><\/td>\n<td class=\"nomobile\" style=\"text-align: center;\"><\/td>\n<td><strong>Camelia Liparoti<\/strong><br \/>\n<strong>Xavier Blanco<\/strong><\/td>\n<td>Yamaha X-raid YXZ 1000R Turbo<\/td>\n<td class=\"nomobile\">X-raid Yamaha supported team<\/td>\n<td style=\"text-align: right; padding-right: 15px;\"><strong>+64:46:05<\/strong><\/td>\n<\/tr>\n<tr style=\"vertical-align: top; background-color: #f2f2f2;\">\n<td style=\"text-align: center;\"><strong>70.<\/strong><\/td>\n<td class=\"nomobile\" style=\"text-align: center;\">436<\/td>\n<td class=\"nomobile\" style=\"text-align: center;\"><span style=\"font-size: 8pt;\">T4<\/span><\/td>\n<td class=\"nomobile\" style=\"text-align: center;\"><\/td>\n<td><strong>Beno\u00eet Lepi\u00e8tre<\/strong><br \/>\n<strong>Peter Serra<\/strong><\/td>\n<td>Can-Am Maverick X3<\/td>\n<td class=\"nomobile\">My X Racing<\/td>\n<td style=\"text-align: right; padding-right: 15px;\"><strong>+75:38:19<\/strong><\/td>\n<\/tr>\n<tr style=\"vertical-align: top; background-color: #dbd9d9;\">\n<td style=\"text-align: center;\"><strong>71.<\/strong><\/td>\n<td class=\"nomobile\" style=\"text-align: center;\">429<\/td>\n<td class=\"nomobile\" style=\"text-align: center;\"><span style=\"font-size: 8pt;\">T4<\/span><\/td>\n<td class=\"nomobile\" style=\"text-align: center;\"><\/td>\n<td><strong>Jean-Claude Pla<\/strong><br \/>\n<strong>Cyril Pla<\/strong><\/td>\n<td>Polaris RZR PRO R<\/td>\n<td class=\"nomobile\">Xtreme Plus Polaris Factory Team<\/td>\n<td style=\"text-align: right; padding-right: 15px;\"><strong>+78:56:02<\/strong><\/td>\n<\/tr>\n<tr style=\"vertical-align: top; background-color: #f2f2f2;\">\n<td style=\"text-align: center;\"><strong>72.<\/strong><\/td>\n<td class=\"nomobile\" style=\"text-align: center;\">350<\/td>\n<td class=\"nomobile\" style=\"text-align: center;\"><span style=\"font-size: 8pt;\">T3<\/span><\/td>\n<td class=\"nomobile\" style=\"text-align: center;\"><\/td>\n<td><strong>Patricia Pita Gago<\/strong><br \/>\n<strong>Ruben Garcia<\/strong><\/td>\n<td>Can-Am Maverick X3<\/td>\n<td class=\"nomobile\">Proracing Competicion Rallye Servicios<\/td>\n<td style=\"text-align: right; padding-right: 15px;\"><strong>+81:10:37<\/strong><\/td>\n<\/tr>\n<tr style=\"vertical-align: top; background-color: #dbd9d9;\">\n<td style=\"text-align: center;\"><strong>73.<\/strong><\/td>\n<td class=\"nomobile\" style=\"text-align: center;\">417<\/td>\n<td class=\"nomobile\" style=\"text-align: center;\"><span style=\"font-size: 8pt;\">T4<\/span><\/td>\n<td class=\"nomobile\" style=\"text-align: center;\"><\/td>\n<td><strong>Paulo Oliveira<\/strong><br \/>\n<strong>Miguel Alberty<\/strong><\/td>\n<td>Can-Am Maverick X3<\/td>\n<td class=\"nomobile\">Mozambique 2023<\/td>\n<td style=\"text-align: right; padding-right: 15px;\"><strong>+82:11:25<\/strong><\/td>\n<\/tr>\n<tr style=\"vertical-align: top; background-color: #f2f2f2;\">\n<td style=\"text-align: center;\"><strong>74.<\/strong><\/td>\n<td class=\"nomobile\" style=\"text-align: center;\">444<\/td>\n<td class=\"nomobile\" style=\"text-align: center;\"><span style=\"font-size: 8pt;\">T4<\/span><\/td>\n<td class=\"nomobile\" style=\"text-align: center;\"><\/td>\n<td><strong>Carlos Vento<\/strong><br \/>\n<strong>Carlos Ruiz<\/strong><\/td>\n<td>Can-Am Maverick X3<\/td>\n<td class=\"nomobile\">Patriots Racing Team<\/td>\n<td style=\"text-align: right; padding-right: 15px;\"><strong>+100:04:09<\/strong><\/td>\n<\/tr>\n<tr style=\"vertical-align: top; background-color: #dbd9d9;\">\n<td style=\"text-align: center;\"><strong>75.<\/strong><\/td>\n<td class=\"nomobile\" style=\"text-align: center;\">446<\/td>\n<td class=\"nomobile\" style=\"text-align: center;\"><span style=\"font-size: 8pt;\">T4<\/span><\/td>\n<td class=\"nomobile\" style=\"text-align: center;\"><\/td>\n<td><strong>Christophe Baillet<\/strong><br \/>\n<strong>Jean-Louis Herbeth<\/strong><\/td>\n<td>Can-Am Maverick X3<\/td>\n<td class=\"nomobile\">MMP<\/td>\n<td style=\"text-align: right; padding-right: 15px;\"><strong>+107:05:04<\/strong><\/td>\n<\/tr>\n<tr style=\"vertical-align: top; background-color: #f2f2f2;\">\n<td style=\"text-align: center;\"><strong>76.<\/strong><\/td>\n<td class=\"nomobile\" style=\"text-align: center;\">337<\/td>\n<td class=\"nomobile\" style=\"text-align: center;\"><span style=\"font-size: 8pt;\">T3<\/span><\/td>\n<td class=\"nomobile\" style=\"text-align: center;\"><\/td>\n<td><strong>Jo\u00e3o Ferreira<\/strong><br \/>\n<strong>Filipe Palmeiro<\/strong><\/td>\n<td>Yamaha X-raid YXZ 1000R Turbo<\/td>\n<td class=\"nomobile\">X-raid Yamaha supported team<\/td>\n<td style=\"text-align: right; padding-right: 15px;\"><strong>+123:54:40<\/strong><\/td>\n<\/tr>\n<tr style=\"vertical-align: top; background-color: #dbd9d9;\">\n<td style=\"text-align: center;\"><strong>77.<\/strong><\/td>\n<td class=\"nomobile\" style=\"text-align: center;\">335<\/td>\n<td class=\"nomobile\" style=\"text-align: center;\"><span style=\"font-size: 8pt;\">T3<\/span><\/td>\n<td class=\"nomobile\" style=\"text-align: center;\"><\/td>\n<td><strong>Lucas del R\u00edo<\/strong><br \/>\n<strong>Bruno Jacomy<\/strong><\/td>\n<td>Can-Am Maverick X3<\/td>\n<td class=\"nomobile\">South Racing Can-Am<\/td>\n<td style=\"text-align: right; padding-right: 15px;\"><strong>+144:23:26<\/strong><\/td>\n<\/tr>\n<tr style=\"background-color: #808080; color: white;\">\n<td style=\"text-align: center;\" colspan=\"8\"><\/td>\n<\/tr>\n<tr style=\"vertical-align: top; background-color: #f2f2f2;\">\n<td style=\"text-align: center;\"><strong>DNF<\/strong><\/td>\n<td class=\"nomobile\" style=\"text-align: center;\">307<\/td>\n<td class=\"nomobile\" style=\"text-align: center;\"><span style=\"font-size: 8pt;\">T3<\/span><\/td>\n<td class=\"nomobile\" style=\"text-align: center;\"><span style=\"font-size: 8pt;\"><a href=\"\/index.php\/w2rc\/w2rc-2023\/\"><span style=\"color: #ee8027;\">W2RC<\/span><\/a><\/span><\/td>\n<td><strong>Annett Fischer<\/strong><br \/>\n<strong>Annie Seel<\/strong><\/td>\n<td>Yamaha X-raid YXZ 1000R Turbo<\/td>\n<td class=\"nomobile\">X-raid Yamaha supported team<\/td>\n<td style=\"text-align: right; padding-right: 15px;\"><\/td>\n<\/tr>\n<tr style=\"vertical-align: top; background-color: #dbd9d9;\">\n<td style=\"text-align: center;\"><strong>DNF<\/strong><\/td>\n<td class=\"nomobile\" style=\"text-align: center;\">308<\/td>\n<td class=\"nomobile\" style=\"text-align: center;\"><span style=\"font-size: 8pt;\">T3<\/span><\/td>\n<td class=\"nomobile\" style=\"text-align: center;\"><span style=\"font-size: 8pt;\"><a href=\"\/index.php\/w2rc\/w2rc-2023\/\"><span style=\"color: #ee8027;\">W2RC<\/span><\/a><\/span><\/td>\n<td><a href=\"\/index.php\/osobnosti\/fernando-alvarez\/\"><span style=\"color: #ee8027;\"><strong>Fernando \u00c1lvarez<\/strong><\/span><\/a><br \/>\n<a href=\"\/index.php\/osobnosti\/xavier-panseri\/\"><span style=\"color: #ee8027;\"><strong>Xavier Panseri<\/strong><\/span><\/a><\/td>\n<td>Can-Am Maverick X3<\/td>\n<td class=\"nomobile\">South Racing Can-Am<\/td>\n<td style=\"text-align: right; padding-right: 15px;\"><\/td>\n<\/tr>\n<tr style=\"vertical-align: top; background-color: #f2f2f2;\">\n<td style=\"text-align: center;\"><strong>DNF<\/strong><\/td>\n<td class=\"nomobile\" style=\"text-align: center;\">315<\/td>\n<td class=\"nomobile\" style=\"text-align: center;\"><span style=\"font-size: 8pt;\">T3<\/span><\/td>\n<td class=\"nomobile\" style=\"text-align: center;\"><\/td>\n<td><strong>Mikael Pisano<\/strong><br \/>\n<strong>Mayeul Barbet<\/strong><\/td>\n<td>Can-Am MMP<\/td>\n<td class=\"nomobile\">MMP<\/td>\n<td style=\"text-align: right; padding-right: 15px;\"><\/td>\n<\/tr>\n<tr style=\"vertical-align: top; background-color: #dbd9d9;\">\n<td style=\"text-align: center;\"><strong>DNF<\/strong><\/td>\n<td class=\"nomobile\" style=\"text-align: center;\">323<\/td>\n<td class=\"nomobile\" style=\"text-align: center;\"><span style=\"font-size: 8pt;\">T3<\/span><\/td>\n<td class=\"nomobile\" style=\"text-align: center;\"><\/td>\n<td><strong>Merc\u00e8 Mart\u00ed<\/strong><br \/>\n<strong>Lisette Bakker<\/strong><\/td>\n<td>Yamaha X-raid YXZ 1000R Turbo<\/td>\n<td class=\"nomobile\">X-raid Yamaha supported team<\/td>\n<td style=\"text-align: right; padding-right: 15px;\"><\/td>\n<\/tr>\n<tr style=\"vertical-align: top; background-color: #f2f2f2;\">\n<td style=\"text-align: center;\"><strong>DNF<\/strong><\/td>\n<td class=\"nomobile\" style=\"text-align: center;\">324<\/td>\n<td class=\"nomobile\" style=\"text-align: center;\"><span style=\"font-size: 8pt;\">T3<\/span><\/td>\n<td class=\"nomobile\" style=\"text-align: center;\"><\/td>\n<td><strong>Jordi Segura<\/strong><br \/>\n<strong>Sergi Brugue<\/strong><\/td>\n<td>Can-Am Maverick X3<\/td>\n<td class=\"nomobile\">FN Speed Team<\/td>\n<td style=\"text-align: right; padding-right: 15px;\"><\/td>\n<\/tr>\n<tr style=\"vertical-align: top; background-color: #dbd9d9;\">\n<td style=\"text-align: center;\"><strong>DNF<\/strong><\/td>\n<td class=\"nomobile\" style=\"text-align: center;\">331<\/td>\n<td class=\"nomobile\" style=\"text-align: center;\"><span style=\"font-size: 8pt;\">T3<\/span><\/td>\n<td class=\"nomobile\" style=\"text-align: center;\"><\/td>\n<td><strong>Khalid Aljafla<\/strong><br \/>\n<strong>Andrej Rudnickij<\/strong><\/td>\n<td>Toyota Hilux Emirates<\/td>\n<td class=\"nomobile\">Aljafla Racing<\/td>\n<td style=\"text-align: right; padding-right: 15px;\"><\/td>\n<\/tr>\n<tr style=\"vertical-align: top; background-color: #f2f2f2;\">\n<td style=\"text-align: center;\"><strong>DNF<\/strong><\/td>\n<td class=\"nomobile\" style=\"text-align: center;\">338<\/td>\n<td class=\"nomobile\" style=\"text-align: center;\"><span style=\"font-size: 8pt;\">T3<\/span><\/td>\n<td class=\"nomobile\" style=\"text-align: center;\"><\/td>\n<td><strong>Rafael Lesmes<\/strong><br \/>\n<strong>Eduardo Naval<\/strong><\/td>\n<td>Can-Am Maverick X3<\/td>\n<td class=\"nomobile\">TH-Trucks Canarias Team<\/td>\n<td style=\"text-align: right; padding-right: 15px;\"><\/td>\n<\/tr>\n<tr style=\"vertical-align: top; background-color: #dbd9d9;\">\n<td style=\"text-align: center;\"><strong>DNF<\/strong><\/td>\n<td class=\"nomobile\" style=\"text-align: center;\">343<\/td>\n<td class=\"nomobile\" style=\"text-align: center;\"><span style=\"font-size: 8pt;\">T3<\/span><\/td>\n<td class=\"nomobile\" style=\"text-align: center;\"><\/td>\n<td><strong>Roger Grouwels<\/strong><br \/>\n<strong>Maurice van Weersch<\/strong><\/td>\n<td>Arcane T3<\/td>\n<td class=\"nomobile\">Arcane Racing<\/td>\n<td style=\"text-align: right; padding-right: 15px;\"><\/td>\n<\/tr>\n<tr style=\"vertical-align: top; background-color: #f2f2f2;\">\n<td style=\"text-align: center;\"><strong>DNF<\/strong><\/td>\n<td class=\"nomobile\" style=\"text-align: center;\">349<\/td>\n<td class=\"nomobile\" style=\"text-align: center;\"><span style=\"font-size: 8pt;\">T3<\/span><\/td>\n<td class=\"nomobile\" style=\"text-align: center;\"><\/td>\n<td><strong>Alfredo Fernandez<\/strong><br \/>\n<strong>Luis San Antonio<\/strong><\/td>\n<td>Can-Am Maverick X3<\/td>\n<td class=\"nomobile\">Buggy Masters Team<\/td>\n<td style=\"text-align: right; padding-right: 15px;\"><\/td>\n<\/tr>\n<tr style=\"vertical-align: top; background-color: #dbd9d9;\">\n<td style=\"text-align: center;\"><strong>DNF<\/strong><\/td>\n<td class=\"nomobile\" style=\"text-align: center;\">423<\/td>\n<td class=\"nomobile\" style=\"text-align: center;\"><span style=\"font-size: 8pt;\">T4<\/span><\/td>\n<td class=\"nomobile\" style=\"text-align: center;\"><\/td>\n<td><strong>Juan Medero<\/strong><br \/>\n<strong>Javier Ventaja<\/strong><\/td>\n<td>Can-Am Maverick X3<\/td>\n<td class=\"nomobile\">FN Speed Team<\/td>\n<td style=\"text-align: right; padding-right: 15px;\"><\/td>\n<\/tr>\n<tr style=\"vertical-align: top; background-color: #f2f2f2;\">\n<td style=\"text-align: center;\"><strong>DNF<\/strong><\/td>\n<td class=\"nomobile\" style=\"text-align: center;\">433<\/td>\n<td class=\"nomobile\" style=\"text-align: center;\"><span style=\"font-size: 8pt;\">T4<\/span><\/td>\n<td class=\"nomobile\" style=\"text-align: center;\"><\/td>\n<td><strong>Ricardo Ramilo<\/strong><br \/>\n<strong>David Ribeiro<\/strong><\/td>\n<td>Can-Am Maverick X3<\/td>\n<td class=\"nomobile\">Scuderia Ramilo<\/td>\n<td style=\"text-align: right; padding-right: 15px;\"><\/td>\n<\/tr>\n<tr style=\"vertical-align: top; background-color: #dbd9d9;\">\n<td style=\"text-align: center;\"><strong>DNF<\/strong><\/td>\n<td class=\"nomobile\" style=\"text-align: center;\">435<\/td>\n<td class=\"nomobile\" style=\"text-align: center;\"><span style=\"font-size: 8pt;\">T4<\/span><\/td>\n<td class=\"nomobile\" style=\"text-align: center;\"><span style=\"font-size: 8pt;\"><a href=\"\/index.php\/w2rc\/w2rc-2023\/\"><span style=\"color: #ee8027;\">W2RC<\/span><\/a><\/span><\/td>\n<td><strong>Michele Cinotto<\/strong><br \/>\n<strong>Maurizio Dominella<\/strong><\/td>\n<td>Polaris RZR PRO R<\/td>\n<td class=\"nomobile\">Xtreme Plus Polaris Factory Team<\/td>\n<td style=\"text-align: right; padding-right: 15px;\"><\/td>\n<\/tr>\n<tr style=\"vertical-align: top; background-color: #f2f2f2;\">\n<td style=\"text-align: center;\"><strong>DNF<\/strong><\/td>\n<td class=\"nomobile\" style=\"text-align: center;\">438<\/td>\n<td class=\"nomobile\" style=\"text-align: center;\"><span style=\"font-size: 8pt;\">T4<\/span><\/td>\n<td class=\"nomobile\" style=\"text-align: center;\"><\/td>\n<td><strong>Eric Croquelois<\/strong><br \/>\n<strong>Jean-Luc Martin<\/strong><\/td>\n<td>Can-Am Maverick X3<\/td>\n<td class=\"nomobile\">Drag&#8217;On Rally Team<\/td>\n<td style=\"text-align: right; padding-right: 15px;\"><\/td>\n<\/tr>\n<tr style=\"vertical-align: top; background-color: #dbd9d9;\">\n<td style=\"text-align: center;\"><strong>DNF<\/strong><\/td>\n<td class=\"nomobile\" style=\"text-align: center;\">442<\/td>\n<td class=\"nomobile\" style=\"text-align: center;\"><span style=\"font-size: 8pt;\">T4<\/span><\/td>\n<td class=\"nomobile\" style=\"text-align: center;\"><\/td>\n<td><strong>Carlo Cinotto<\/strong><br \/>\n<strong>Marco Arnoletti<\/strong><\/td>\n<td>Polaris RZR PRO R<\/td>\n<td class=\"nomobile\">Xtreme Plus Polaris Factory Team<\/td>\n<td style=\"text-align: right; padding-right: 15px;\"><\/td>\n<\/tr>\n<tr style=\"vertical-align: top; background-color: #f2f2f2;\">\n<td style=\"text-align: center;\"><strong>DNF<\/strong><\/td>\n<td class=\"nomobile\" style=\"text-align: center;\">447<\/td>\n<td class=\"nomobile\" style=\"text-align: center;\"><span style=\"font-size: 8pt;\">T4<\/span><\/td>\n<td class=\"nomobile\" style=\"text-align: center;\"><span style=\"font-size: 8pt;\"><a href=\"\/index.php\/w2rc\/w2rc-2023\/\"><span style=\"color: #ee8027;\">W2RC<\/span><\/a><\/span><\/td>\n<td><strong>Rebeca Bussi<\/strong><br \/>\n<strong>Giulia Maroni<\/strong><\/td>\n<td>Can-Am Maverick X3<\/td>\n<td class=\"nomobile\">HRT-Technology<\/td>\n<td style=\"text-align: right; padding-right: 15px;\"><\/td>\n<\/tr>\n<tr style=\"background-color: #808080; color: white;\">\n<td style=\"text-align: left;\" colspan=\"8\"><span style=\"font-size: 8pt;\">V kategorii S\u00d7S odstartovalo 92 vozidel, v c\u00edli klasifikov\u00e1no 77.<\/span><\/td>\n<\/tr>\n<\/tbody>\n<\/table>\n<p>[\/vc_column_text][\/vc_column_inner][\/vc_row_inner][\/vc_tta_section][vc_tta_section title=&#8221;T3&#8243; tab_id=&#8221;t3&#8243;][vc_row_inner][vc_column_inner][vc_column_text css_animation=&#8221;fadeIn&#8221;]<\/p>\n<table style=\"width: 97.7654%;\" rules=\"rows\" cellpadding=\"4px\">\n<tbody>\n<tr style=\"background-color: #808080; color: white;\">\n<td style=\"text-align: center;\" colspan=\"7\"><span style=\"font-size: 12pt;\"><strong>RALLY DAKAR 2023<br \/>\nSKUPINA T3 (LEHK\u00c9 PROTOTYPY)<br \/>\nkone\u010dn\u00e9 v\u00fdsledky<\/strong><\/span><\/td>\n<\/tr>\n<tr style=\"vertical-align: top; background-color: #dbd9d9;\">\n<td style=\"text-align: center;\"><strong>1.<\/strong><\/td>\n<td class=\"nomobile\" style=\"text-align: center;\">303<\/td>\n<td class=\"nomobile\" style=\"text-align: center;\"><span style=\"font-size: 8pt;\"><a href=\"\/index.php\/w2rc\/w2rc-2023\/\"><span style=\"color: #ee8027;\">W2RC<\/span><\/a><\/span><\/td>\n<td><a href=\"\/index.php\/osobnosti\/austin-jones\/\"><span style=\"color: #ee8027;\"><strong>Austin Jones<\/strong><\/span><\/a><br \/>\n<strong><a href=\"\/index.php\/osobnosti\/gustavo-gugelmin\/\"><span style=\"color: #ee8027;\">Gustavo Gugelmin<\/span><\/a><\/strong><\/td>\n<td>Can-Am Maverick X3<\/td>\n<td class=\"nomobile\">Red Bull Off-Road Junior Team USA<\/td>\n<td style=\"text-align: right; padding-right: 15px;\"><strong>51:55:53<\/strong><\/td>\n<\/tr>\n<tr style=\"vertical-align: top; background-color: #f2f2f2;\">\n<td style=\"text-align: center;\"><strong>2.<\/strong><\/td>\n<td class=\"nomobile\" style=\"text-align: center;\">301<\/td>\n<td class=\"nomobile\" style=\"text-align: center;\"><span style=\"font-size: 8pt;\"><a href=\"\/index.php\/w2rc\/w2rc-2023\/\"><span style=\"color: #ee8027;\">W2RC<\/span><\/a><\/span><\/td>\n<td><strong>Seth Quintero<\/strong><br \/>\n<strong>Dennis Zenz<\/strong><\/td>\n<td>Can-Am Maverick X3<\/td>\n<td class=\"nomobile\">Red Bull Off-Road Junior Team USA<\/td>\n<td style=\"text-align: right; padding-right: 15px;\"><strong>+52:05<\/strong><\/td>\n<\/tr>\n<tr style=\"vertical-align: top; background-color: #dbd9d9;\">\n<td style=\"text-align: center;\"><strong>3.<\/strong><\/td>\n<td class=\"nomobile\" style=\"text-align: center;\">304<\/td>\n<td class=\"nomobile\" style=\"text-align: center;\"><\/td>\n<td><strong>Guillaume de M\u00e9vius<\/strong><br \/>\n<strong><a href=\"\/index.php\/osobnosti\/francois-cazalet\/\"><span style=\"color: #ee8027;\">Fran\u00e7ois Cazalet<\/span><\/a><\/strong><\/td>\n<td>GRallyTeam OT3<\/td>\n<td class=\"nomobile\">GRallyTeam<\/td>\n<td style=\"text-align: right; padding-right: 15px;\"><strong>+1:35:42<\/strong><\/td>\n<\/tr>\n<tr style=\"vertical-align: top; background-color: #f2f2f2;\">\n<td style=\"text-align: center;\"><strong>4.<\/strong><\/td>\n<td class=\"nomobile\" style=\"text-align: center;\">302<\/td>\n<td class=\"nomobile\" style=\"text-align: center;\"><span style=\"font-size: 8pt;\"><a href=\"\/index.php\/w2rc\/w2rc-2023\/\"><span style=\"color: #ee8027;\">W2RC<\/span><\/a><\/span><\/td>\n<td><strong><a href=\"\/index.php\/osobnosti\/cristina-gutierrez\/\"><span style=\"color: #ee8027;\">Cristina Guti\u00e9rrez<\/span><\/a><\/strong><br \/>\n<strong>Pablo Moreno<\/strong><\/td>\n<td>Can-Am Maverick X3<\/td>\n<td class=\"nomobile\">Red Bull Can-Am Factory Team<\/td>\n<td style=\"text-align: right; padding-right: 15px;\"><strong>+2:56:20<\/strong><\/td>\n<\/tr>\n<tr style=\"vertical-align: top; background-color: #dbd9d9;\">\n<td style=\"text-align: center;\"><strong>5.<\/strong><\/td>\n<td class=\"nomobile\" style=\"text-align: center;\">300<\/td>\n<td class=\"nomobile\" style=\"text-align: center;\"><span style=\"font-size: 8pt;\"><a href=\"\/index.php\/w2rc\/w2rc-2023\/\"><span style=\"color: #ee8027;\">W2RC<\/span><\/a><\/span><\/td>\n<td><strong>Chaleco L\u00f3pez<\/strong><br \/>\n<strong>Juan Pablo Latrach<\/strong><\/td>\n<td>Can-Am Maverick X3<\/td>\n<td class=\"nomobile\">Red Bull Can-Am Factory Team<\/td>\n<td style=\"text-align: right; padding-right: 15px;\"><strong>+2:59:48<\/strong><\/td>\n<\/tr>\n<tr style=\"vertical-align: top; background-color: #f2f2f2;\">\n<td style=\"text-align: center;\"><strong>6.<\/strong><\/td>\n<td class=\"nomobile\" style=\"text-align: center;\">309<\/td>\n<td class=\"nomobile\" style=\"text-align: center;\"><\/td>\n<td><a href=\"\/index.php\/osobnosti\/saleh-al-saif\/\"><span style=\"color: #ee8027;\"><strong>Saleh Al-Saif<\/strong><\/span><\/a><br \/>\n<strong>Jo\u00e3o Pedro Vit\u00f3ria Re<\/strong><\/td>\n<td>Can-Am Maverick X3<\/td>\n<td class=\"nomobile\">Black Horse Team<\/td>\n<td style=\"text-align: right; padding-right: 15px;\"><strong>+4:14:08<\/strong><\/td>\n<\/tr>\n<tr style=\"vertical-align: top; background-color: #dbd9d9;\">\n<td style=\"text-align: center;\"><strong>7.<\/strong><\/td>\n<td class=\"nomobile\" style=\"text-align: center;\">339<\/td>\n<td class=\"nomobile\" style=\"text-align: center;\"><\/td>\n<td><strong>Ebenhaezer Basson<\/strong><br \/>\n<strong>Bertus Leander Pienaar<\/strong><\/td>\n<td>GRallyTeam OT3<\/td>\n<td class=\"nomobile\">GRallyTeam<\/td>\n<td style=\"text-align: right; padding-right: 15px;\"><strong>+4:54:06<\/strong><\/td>\n<\/tr>\n<tr style=\"vertical-align: top; background-color: #f2f2f2;\">\n<td style=\"text-align: center;\"><strong>8.<\/strong><\/td>\n<td class=\"nomobile\" style=\"text-align: center;\">340<\/td>\n<td class=\"nomobile\" style=\"text-align: center;\"><\/td>\n<td><strong>Hans Weijs Jr.<\/strong><br \/>\n<strong>Rudolf Meijer<\/strong><\/td>\n<td>Arcane T3<\/td>\n<td class=\"nomobile\">Arcane Racing<\/td>\n<td style=\"text-align: right; padding-right: 15px;\"><strong>+6:13:05<\/strong><\/td>\n<\/tr>\n<tr style=\"vertical-align: top; background-color: #dbd9d9;\">\n<td style=\"text-align: center;\"><strong>9.<\/strong><\/td>\n<td class=\"nomobile\" style=\"text-align: center;\">305<\/td>\n<td class=\"nomobile\" style=\"text-align: center;\"><\/td>\n<td><strong>Santiago Navarro<\/strong><br \/>\n<strong>Adrien Metge<\/strong><\/td>\n<td>Can-Am Maverick X3<\/td>\n<td class=\"nomobile\">FN Speed Team<\/td>\n<td style=\"text-align: right; padding-right: 15px;\"><strong>+6:34:47<\/strong><\/td>\n<\/tr>\n<tr style=\"vertical-align: top; background-color: #f2f2f2;\">\n<td style=\"text-align: center;\"><strong>10.<\/strong><\/td>\n<td class=\"nomobile\" style=\"text-align: center;\">322<\/td>\n<td class=\"nomobile\" style=\"text-align: center;\"><\/td>\n<td><a href=\"\/index.php\/osobnosti\/ignacio-casale\/\"><span style=\"color: #ee8027;\"><strong>Ignacio Casale<\/strong><\/span><\/a><br \/>\n<strong><a href=\"\/index.php\/osobnosti\/alvaro-leon\/\"><span style=\"color: #ee8027;\">\u00c1lvaro Le\u00f3n<\/span><\/a><\/strong><\/td>\n<td>Yamaha X-raid YXZ1000R Turbo<\/td>\n<td class=\"nomobile\">X-raid Yamaha supported team<\/td>\n<td style=\"text-align: right; padding-right: 15px;\"><strong>+6:53:27<\/strong><\/td>\n<\/tr>\n<tr style=\"vertical-align: top; background-color: #dbd9d9;\">\n<td style=\"text-align: center;\"><strong>11.<\/strong><\/td>\n<td class=\"nomobile\" style=\"text-align: center;\">345<\/td>\n<td class=\"nomobile\" style=\"text-align: center;\"><\/td>\n<td><a href=\"\/index.php\/osobnosti\/josef-machacek\/\"><span style=\"color: #ee8027;\"><strong>Josef Mach\u00e1\u010dek<\/strong><\/span><\/a><br \/>\n<strong>David Schov\u00e1nek<\/strong><\/td>\n<td>Buggyra Can-Am DV 21<\/td>\n<td class=\"nomobile\">Buggyra ZM Racing<\/td>\n<td style=\"text-align: right; padding-right: 15px;\"><strong>+10:06:01<\/strong><\/td>\n<\/tr>\n<tr style=\"vertical-align: top; background-color: #f2f2f2;\">\n<td style=\"text-align: center;\"><strong>12.<\/strong><\/td>\n<td class=\"nomobile\" style=\"text-align: center;\">328<\/td>\n<td class=\"nomobile\" style=\"text-align: center;\"><\/td>\n<td><strong>Ricardo Por\u00e9m<\/strong><br \/>\n<strong>Augusto Sanz<\/strong><\/td>\n<td>Yamaha X-raid YXZ 1000R Turbo<\/td>\n<td class=\"nomobile\">X-raid Yamaha supported team<\/td>\n<td style=\"text-align: right; padding-right: 15px;\"><strong>+10:46:41<\/strong><\/td>\n<\/tr>\n<tr style=\"vertical-align: top; background-color: #dbd9d9;\">\n<td style=\"text-align: center;\"><strong>13.<\/strong><\/td>\n<td class=\"nomobile\" style=\"text-align: center;\">341<\/td>\n<td class=\"nomobile\" style=\"text-align: center;\"><\/td>\n<td><strong>Geoffrey Minnitt<\/strong><br \/>\n<strong>Gerhard Snyman<\/strong><\/td>\n<td>Can-Am Maverick X3<\/td>\n<td class=\"nomobile\">South Racing Can-Am<\/td>\n<td style=\"text-align: right; padding-right: 15px;\"><strong>+11:02:14<\/strong><\/td>\n<\/tr>\n<tr style=\"vertical-align: top; background-color: #f2f2f2;\">\n<td style=\"text-align: center;\"><strong>14.<\/strong><\/td>\n<td class=\"nomobile\" style=\"text-align: center;\">327<\/td>\n<td class=\"nomobile\" style=\"text-align: center;\"><\/td>\n<td><strong>Anja van Loon<\/strong><br \/>\n<strong><a href=\"\/index.php\/osobnosti\/dmitrij-cyro\/\"><span style=\"color: #ee8027;\">Dmitrij Cyro<\/span><\/a><\/strong><\/td>\n<td>Can-Am Maverick X3<\/td>\n<td class=\"nomobile\">South Racing Can-Am<\/td>\n<td style=\"text-align: right; padding-right: 15px;\"><strong>+11:33:37<\/strong><\/td>\n<\/tr>\n<tr style=\"vertical-align: top; background-color: #dbd9d9;\">\n<td style=\"text-align: center;\"><strong>15.<\/strong><\/td>\n<td class=\"nomobile\" style=\"text-align: center;\">306<\/td>\n<td class=\"nomobile\" style=\"text-align: center;\"><span style=\"font-size: 8pt;\"><a href=\"\/index.php\/w2rc\/w2rc-2023\/\"><span style=\"color: #ee8027;\">W2RC<\/span><\/a><\/span><\/td>\n<td><strong>Jean-Luc Ceccaldi-Pisson<\/strong><br \/>\n<strong>Cedric Duple<\/strong><\/td>\n<td>PH Sport Zephyr<\/td>\n<td class=\"nomobile\">JLC Racing<\/td>\n<td style=\"text-align: right; padding-right: 15px;\"><strong>+13:44:21<\/strong><\/td>\n<\/tr>\n<tr style=\"vertical-align: top; background-color: #f2f2f2;\">\n<td style=\"text-align: center;\"><strong>16.<\/strong><\/td>\n<td class=\"nomobile\" style=\"text-align: center;\">318<\/td>\n<td class=\"nomobile\" style=\"text-align: center;\"><\/td>\n<td><strong>Joan Font<\/strong><br \/>\n<strong>Themistocles Lopez<\/strong><\/td>\n<td>Can-Am Maverick X3<\/td>\n<td class=\"nomobile\">FN Speed Team<\/td>\n<td style=\"text-align: right; padding-right: 15px;\"><strong>+16:33:36<\/strong><\/td>\n<\/tr>\n<tr style=\"vertical-align: top; background-color: #dbd9d9;\">\n<td style=\"text-align: center;\"><strong>17.<\/strong><\/td>\n<td class=\"nomobile\" style=\"text-align: center;\">321<\/td>\n<td class=\"nomobile\" style=\"text-align: center;\"><\/td>\n<td><strong>Ahmed Alkuwari<\/strong><br \/>\n<strong>Manuel Lucchese<\/strong><\/td>\n<td>Yamaha X-raid YXZ 1000R Turbo<\/td>\n<td class=\"nomobile\">X-raid Yamaha supported team<\/td>\n<td style=\"text-align: right; padding-right: 15px;\"><strong>+17:04:21<\/strong><\/td>\n<\/tr>\n<tr style=\"vertical-align: top; background-color: #f2f2f2;\">\n<td style=\"text-align: center;\"><strong>18.<\/strong><\/td>\n<td class=\"nomobile\" style=\"text-align: center;\">332<\/td>\n<td class=\"nomobile\" style=\"text-align: center;\"><span style=\"font-size: 8pt;\"><a href=\"\/index.php\/w2rc\/w2rc-2023\/\"><span style=\"color: #ee8027;\">W2RC<\/span><\/a><\/span><\/td>\n<td><a href=\"\/index.php\/osobnosti\/claude-fournier\/\"><span style=\"color: #ee8027;\"><strong>Claude Fournier<\/strong><\/span><\/a><br \/>\n<strong>Arnold Brucy<\/strong><\/td>\n<td>Can-Am Maverick X3<\/td>\n<td class=\"nomobile\">Team BBR \/ Pole Position 77<\/td>\n<td style=\"text-align: right; padding-right: 15px;\"><strong>+19:29:22<\/strong><\/td>\n<\/tr>\n<tr style=\"vertical-align: top; background-color: #dbd9d9;\">\n<td style=\"text-align: center;\"><strong>19.<\/strong><\/td>\n<td class=\"nomobile\" style=\"text-align: center;\">325<\/td>\n<td class=\"nomobile\" style=\"text-align: center;\"><\/td>\n<td><strong>Jean-Pascal Besson<\/strong><br \/>\n<strong>Delphine Delfino<\/strong><\/td>\n<td>Can-Am MMP<\/td>\n<td class=\"nomobile\">MMP<\/td>\n<td style=\"text-align: right; padding-right: 15px;\"><strong>+20:03:08<\/strong><\/td>\n<\/tr>\n<tr style=\"vertical-align: top; background-color: #f2f2f2;\">\n<td style=\"text-align: center;\"><strong>20.<\/strong><\/td>\n<td class=\"nomobile\" style=\"text-align: center;\">336<\/td>\n<td class=\"nomobile\" style=\"text-align: center;\"><\/td>\n<td><strong>Bradley Salazar<\/strong><br \/>\n<strong>Eugenio Arrieta<\/strong><\/td>\n<td>Can-Am Maverick X3<\/td>\n<td class=\"nomobile\">FN Speed Team<\/td>\n<td style=\"text-align: right; padding-right: 15px;\"><strong>+20:45:06<\/strong><\/td>\n<\/tr>\n<tr style=\"vertical-align: top; background-color: #dbd9d9;\">\n<td style=\"text-align: center;\"><strong>21.<\/strong><\/td>\n<td class=\"nomobile\" style=\"text-align: center;\">326<\/td>\n<td class=\"nomobile\" style=\"text-align: center;\"><\/td>\n<td><strong>Xavier Foj<\/strong><br \/>\n<strong>Antonio Angulo<\/strong><\/td>\n<td>Oryx T3<\/td>\n<td class=\"nomobile\">Foj Motorsport<\/td>\n<td style=\"text-align: right; padding-right: 15px;\"><strong>+21:33:45<\/strong><\/td>\n<\/tr>\n<tr style=\"vertical-align: top; background-color: #f2f2f2;\">\n<td style=\"text-align: center;\"><strong>22.<\/strong><\/td>\n<td class=\"nomobile\" style=\"text-align: center;\">342<\/td>\n<td class=\"nomobile\" style=\"text-align: center;\"><\/td>\n<td><strong>Benjamin Lattard<\/strong><br \/>\n<strong>Patrick Jimbert<\/strong><\/td>\n<td>MMP Rally Raid<\/td>\n<td class=\"nomobile\">MMP<\/td>\n<td style=\"text-align: right; padding-right: 15px;\"><strong>+27:06:06<\/strong><\/td>\n<\/tr>\n<tr style=\"vertical-align: top; background-color: #dbd9d9;\">\n<td style=\"text-align: center;\"><strong>23.<\/strong><\/td>\n<td class=\"nomobile\" style=\"text-align: center;\">314<\/td>\n<td class=\"nomobile\" style=\"text-align: center;\"><span style=\"font-size: 8pt;\"><a href=\"\/index.php\/w2rc\/w2rc-2023\/\"><span style=\"color: #ee8027;\">W2RC<\/span><\/a><\/span><\/td>\n<td><strong>Mitch Guthrie<\/strong><br \/>\n<strong>Kellon Walch<\/strong><\/td>\n<td>MCE-5 T3M<\/td>\n<td class=\"nomobile\">Red Bull Off-Road Junior Team USA<\/td>\n<td style=\"text-align: right; padding-right: 15px;\"><strong>+27:58:08<\/strong><\/td>\n<\/tr>\n<tr style=\"vertical-align: top; background-color: #f2f2f2;\">\n<td style=\"text-align: center;\"><strong>24.<\/strong><\/td>\n<td class=\"nomobile\" style=\"text-align: center;\">320<\/td>\n<td class=\"nomobile\" style=\"text-align: center;\"><\/td>\n<td><strong>Mashael Alobaidan<\/strong><br \/>\n<strong><a href=\"\/index.php\/osobnosti\/paolo-ceci\/\"><span style=\"color: #ee8027;\">Paolo Ceci<\/span><\/a><\/strong><\/td>\n<td>Can-Am Maverick X3<\/td>\n<td class=\"nomobile\">South Racing Can-Am<\/td>\n<td style=\"text-align: right; padding-right: 15px;\"><strong>+28:46:28<\/strong><\/td>\n<\/tr>\n<tr style=\"vertical-align: top; background-color: #dbd9d9;\">\n<td style=\"text-align: center;\"><strong>25.<\/strong><\/td>\n<td class=\"nomobile\" style=\"text-align: center;\">348<\/td>\n<td class=\"nomobile\" style=\"text-align: center;\"><\/td>\n<td><strong>Antonio Marmolejo<\/strong><br \/>\n<strong>Ariel Jaton<\/strong><\/td>\n<td>Can-Am Maverick X3<\/td>\n<td class=\"nomobile\">South Racing Can-Am<\/td>\n<td style=\"text-align: right; padding-right: 15px;\"><strong>+29:31:41<\/strong><\/td>\n<\/tr>\n<tr style=\"vertical-align: top; background-color: #f2f2f2;\">\n<td style=\"text-align: center;\"><strong>26.<\/strong><\/td>\n<td class=\"nomobile\" style=\"text-align: center;\">330<\/td>\n<td class=\"nomobile\" style=\"text-align: center;\"><\/td>\n<td><strong>Javier Velez<\/strong><br \/>\n<strong>Mateo Moreno<\/strong><\/td>\n<td>Can-Am Maverick X3<\/td>\n<td class=\"nomobile\">FN Speed Team<\/td>\n<td style=\"text-align: right; padding-right: 15px;\"><strong>+32:07:21<\/strong><\/td>\n<\/tr>\n<tr style=\"vertical-align: top; background-color: #dbd9d9;\">\n<td style=\"text-align: center;\"><strong>27.<\/strong><\/td>\n<td class=\"nomobile\" style=\"text-align: center;\">319<\/td>\n<td class=\"nomobile\" style=\"text-align: center;\"><span style=\"font-size: 8pt;\"><a href=\"\/index.php\/w2rc\/w2rc-2023\/\"><span style=\"color: #ee8027;\">W2RC<\/span><\/a><\/span><\/td>\n<td><strong>H\u00e9lder Rodrigues<\/strong><br \/>\n<strong>Gon\u00e7alo Reis<\/strong><\/td>\n<td>Can-Am Maverick X3<\/td>\n<td class=\"nomobile\">South Racing Can-Am<\/td>\n<td style=\"text-align: right; padding-right: 15px;\"><strong>+35:18:19<\/strong><\/td>\n<\/tr>\n<tr style=\"vertical-align: top; background-color: #f2f2f2;\">\n<td style=\"text-align: center;\"><strong>28.<\/strong><\/td>\n<td class=\"nomobile\" style=\"text-align: center;\">312<\/td>\n<td class=\"nomobile\" style=\"text-align: center;\"><span style=\"font-size: 8pt;\"><a href=\"\/index.php\/w2rc\/w2rc-2023\/\"><span style=\"color: #ee8027;\">W2RC<\/span><\/a><\/span><\/td>\n<td><strong>Dania Akeel<\/strong><br \/>\n<strong>Sergio Lafuente<\/strong><\/td>\n<td>Can-Am Maverick X3<\/td>\n<td class=\"nomobile\">South Racing Can-Am<\/td>\n<td style=\"text-align: right; padding-right: 15px;\"><strong>+35:43:29<\/strong><\/td>\n<\/tr>\n<tr style=\"vertical-align: top; background-color: #dbd9d9;\">\n<td style=\"text-align: center;\"><strong>29.<\/strong><\/td>\n<td class=\"nomobile\" style=\"text-align: center;\">334<\/td>\n<td class=\"nomobile\" style=\"text-align: center;\"><\/td>\n<td><strong>Jose Castan<\/strong><br \/>\n<strong>Jean-Fran\u00e7ois Palissier<\/strong><\/td>\n<td>Can-Am Mamba RM Sport<\/td>\n<td class=\"nomobile\">RM Sport<\/td>\n<td style=\"text-align: right; padding-right: 15px;\"><strong>+36:31:34<\/strong><\/td>\n<\/tr>\n<tr style=\"vertical-align: top; background-color: #f2f2f2;\">\n<td style=\"text-align: center;\"><strong>30.<\/strong><\/td>\n<td class=\"nomobile\" style=\"text-align: center;\">329<\/td>\n<td class=\"nomobile\" style=\"text-align: center;\"><span style=\"font-size: 8pt;\"><a href=\"\/index.php\/w2rc\/w2rc-2023\/\"><span style=\"color: #ee8027;\">W2RC<\/span><\/a><\/span><\/td>\n<td><strong>David Zille<\/strong><br \/>\n<strong>Sebastian Cesana<\/strong><\/td>\n<td>Can-Am Maverick X3<\/td>\n<td class=\"nomobile\">South Racing Can-Am<\/td>\n<td style=\"text-align: right; padding-right: 15px;\"><strong>+40:05:25<\/strong><\/td>\n<\/tr>\n<tr style=\"vertical-align: top; background-color: #dbd9d9;\">\n<td style=\"text-align: center;\"><strong>31.<\/strong><\/td>\n<td class=\"nomobile\" style=\"text-align: center;\">317<\/td>\n<td class=\"nomobile\" style=\"text-align: center;\"><\/td>\n<td><strong>Antoine Meo<\/strong><br \/>\n<strong>Fabien Planet<\/strong><\/td>\n<td>PH Sport Zephyr<\/td>\n<td class=\"nomobile\">PH Sport<\/td>\n<td style=\"text-align: right; padding-right: 15px;\"><strong>+41:32:36<\/strong><\/td>\n<\/tr>\n<tr style=\"vertical-align: top; background-color: #f2f2f2;\">\n<td style=\"text-align: center;\"><strong>32.<\/strong><\/td>\n<td class=\"nomobile\" style=\"text-align: center;\">346<\/td>\n<td class=\"nomobile\" style=\"text-align: center;\"><\/td>\n<td><strong>Pamela Bozzano<\/strong><br \/>\n<strong>Carlos Sachs<\/strong><\/td>\n<td>Can-Am Maverick X3<\/td>\n<td class=\"nomobile\">Team BBR \/ Pole Position 77<\/td>\n<td style=\"text-align: right; padding-right: 15px;\"><strong>+45:13:23<\/strong><\/td>\n<\/tr>\n<tr style=\"vertical-align: top; background-color: #dbd9d9;\">\n<td style=\"text-align: center;\"><strong>33.<\/strong><\/td>\n<td class=\"nomobile\" style=\"text-align: center;\">347<\/td>\n<td class=\"nomobile\" style=\"text-align: center;\"><\/td>\n<td><strong>Enio Bozzano jr.<\/strong><br \/>\n<strong>Luciano Gomes<\/strong><\/td>\n<td>Can-Am Maverick X3<\/td>\n<td class=\"nomobile\">Team BBR \/ Pole Position 77<\/td>\n<td style=\"text-align: right; padding-right: 15px;\"><strong>+47:01:44<\/strong><\/td>\n<\/tr>\n<tr style=\"vertical-align: top; background-color: #f2f2f2;\">\n<td style=\"text-align: center;\"><strong>34.<\/strong><\/td>\n<td class=\"nomobile\" style=\"text-align: center;\">344<\/td>\n<td class=\"nomobile\" style=\"text-align: center;\"><span style=\"font-size: 8pt;\"><a href=\"\/index.php\/w2rc\/w2rc-2023\/\"><span style=\"color: #ee8027;\">W2RC<\/span><\/a><\/span><\/td>\n<td><strong>Aliyyah Koloc<\/strong><br \/>\n<strong>Stephane Duple<\/strong><\/td>\n<td>Buggyra Can-Am DV 21<\/td>\n<td class=\"nomobile\">Buggyra ZM Racing<\/td>\n<td style=\"text-align: right; padding-right: 15px;\"><strong>+54:22:06<\/strong><\/td>\n<\/tr>\n<tr style=\"vertical-align: top; background-color: #dbd9d9;\">\n<td style=\"text-align: center;\"><strong>35.<\/strong><\/td>\n<td class=\"nomobile\" style=\"text-align: center;\">311<\/td>\n<td class=\"nomobile\" style=\"text-align: center;\"><\/td>\n<td><strong>Camelia Liparoti<\/strong><br \/>\n<strong>Xavier Blanco<\/strong><\/td>\n<td>Yamaha X-raid YXZ 1000R Turbo<\/td>\n<td class=\"nomobile\">X-raid Yamaha supported team<\/td>\n<td style=\"text-align: right; padding-right: 15px;\"><strong>+64:46:05<\/strong><\/td>\n<\/tr>\n<tr style=\"vertical-align: top; background-color: #f2f2f2;\">\n<td style=\"text-align: center;\"><strong>36.<\/strong><\/td>\n<td class=\"nomobile\" style=\"text-align: center;\">350<\/td>\n<td class=\"nomobile\" style=\"text-align: center;\"><\/td>\n<td><strong>Patricia Pita Gago<\/strong><br \/>\n<strong>Ruben Garcia<\/strong><\/td>\n<td>Can-Am Maverick X3<\/td>\n<td class=\"nomobile\">Proracing Competicion Rallye Servicios<\/td>\n<td style=\"text-align: right; padding-right: 15px;\"><strong>+81:10:37<\/strong><\/td>\n<\/tr>\n<tr style=\"vertical-align: top; background-color: #dbd9d9;\">\n<td style=\"text-align: center;\"><strong>37.<\/strong><\/td>\n<td class=\"nomobile\" style=\"text-align: center;\">337<\/td>\n<td class=\"nomobile\" style=\"text-align: center;\"><\/td>\n<td><strong>Jo\u00e3o Ferreira<\/strong><br \/>\n<strong>Filipe Palmeiro<\/strong><\/td>\n<td>Yamaha X-raid YXZ 1000R Turbo<\/td>\n<td class=\"nomobile\">X-raid Yamaha supported team<\/td>\n<td style=\"text-align: right; padding-right: 15px;\"><strong>+123:54:40<\/strong><\/td>\n<\/tr>\n<tr style=\"vertical-align: top; background-color: #f2f2f2;\">\n<td style=\"text-align: center;\"><strong>38.<\/strong><\/td>\n<td class=\"nomobile\" style=\"text-align: center;\">335<\/td>\n<td class=\"nomobile\" style=\"text-align: center;\"><\/td>\n<td><strong>Lucas del R\u00edo<\/strong><br \/>\n<strong>Bruno Jacomy<\/strong><\/td>\n<td>Can-Am Maverick X3<\/td>\n<td class=\"nomobile\">South Racing Can-Am<\/td>\n<td style=\"text-align: right; padding-right: 15px;\"><strong>+144:23:26<\/strong><\/td>\n<\/tr>\n<tr style=\"background-color: #808080; color: white;\">\n<td style=\"text-align: center;\" colspan=\"7\"><\/td>\n<\/tr>\n<tr style=\"vertical-align: top; background-color: #dbd9d9;\">\n<td style=\"text-align: center;\"><strong>DNF<\/strong><\/td>\n<td class=\"nomobile\" style=\"text-align: center;\">307<\/td>\n<td class=\"nomobile\" style=\"text-align: center;\"><span style=\"font-size: 8pt;\"><a href=\"\/index.php\/w2rc\/w2rc-2023\/\"><span style=\"color: #ee8027;\">W2RC<\/span><\/a><\/span><\/td>\n<td><strong>Annett Fischer<\/strong><br \/>\n<strong>Annie Seel<\/strong><\/td>\n<td>Yamaha X-raid YXZ 1000R Turbo<\/td>\n<td class=\"nomobile\">X-raid Yamaha supported team<\/td>\n<td style=\"text-align: right; padding-right: 15px;\"><\/td>\n<\/tr>\n<tr style=\"vertical-align: top; background-color: #f2f2f2;\">\n<td style=\"text-align: center;\"><strong>DNF<\/strong><\/td>\n<td class=\"nomobile\" style=\"text-align: center;\">308<\/td>\n<td class=\"nomobile\" style=\"text-align: center;\"><span style=\"font-size: 8pt;\"><a href=\"\/index.php\/w2rc\/w2rc-2023\/\"><span style=\"color: #ee8027;\">W2RC<\/span><\/a><\/span><\/td>\n<td><a href=\"\/index.php\/osobnosti\/fernando-alvarez\/\"><span style=\"color: #ee8027;\"><strong>Fernando \u00c1lvarez<\/strong><\/span><\/a><br \/>\n<strong><a href=\"\/index.php\/osobnosti\/xavier-panseri\/\"><span style=\"color: #ee8027;\">Xavier Panseri<\/span><\/a><\/strong><\/td>\n<td>Can-Am Maverick X3<\/td>\n<td class=\"nomobile\">South Racing Can-Am<\/td>\n<td style=\"text-align: right; padding-right: 15px;\"><\/td>\n<\/tr>\n<tr style=\"vertical-align: top; background-color: #dbd9d9;\">\n<td style=\"text-align: center;\"><strong>DNF<\/strong><\/td>\n<td class=\"nomobile\" style=\"text-align: center;\">315<\/td>\n<td class=\"nomobile\" style=\"text-align: center;\"><\/td>\n<td><strong>Mikael Pisano<\/strong><br \/>\n<strong>Mayeul Barbet<\/strong><\/td>\n<td>Can-Am MMP<\/td>\n<td class=\"nomobile\">MMP<\/td>\n<td style=\"text-align: right; padding-right: 15px;\"><\/td>\n<\/tr>\n<tr style=\"vertical-align: top; background-color: #f2f2f2;\">\n<td style=\"text-align: center;\"><strong>DNF<\/strong><\/td>\n<td class=\"nomobile\" style=\"text-align: center;\">323<\/td>\n<td class=\"nomobile\" style=\"text-align: center;\"><\/td>\n<td><strong>Merc\u00e8 Mart\u00ed<\/strong><br \/>\n<strong>Lisette Bakker<\/strong><\/td>\n<td>Yamaha X-raid YXZ 1000R Turbo<\/td>\n<td class=\"nomobile\">X-raid Yamaha supported team<\/td>\n<td style=\"text-align: right; padding-right: 15px;\"><\/td>\n<\/tr>\n<tr style=\"vertical-align: top; background-color: #dbd9d9;\">\n<td style=\"text-align: center;\"><strong>DNF<\/strong><\/td>\n<td class=\"nomobile\" style=\"text-align: center;\">324<\/td>\n<td class=\"nomobile\" style=\"text-align: center;\"><\/td>\n<td><strong>Jordi Segura<\/strong><br \/>\n<strong>Sergi Brugue<\/strong><\/td>\n<td>Can-Am Maverick X3<\/td>\n<td class=\"nomobile\">FN Speed Team<\/td>\n<td style=\"text-align: right; padding-right: 15px;\"><\/td>\n<\/tr>\n<tr style=\"vertical-align: top; background-color: #f2f2f2;\">\n<td style=\"text-align: center;\"><strong>DNF<\/strong><\/td>\n<td class=\"nomobile\" style=\"text-align: center;\">331<\/td>\n<td class=\"nomobile\" style=\"text-align: center;\"><\/td>\n<td><strong>Khalid Aljafla<\/strong><br \/>\n<strong>Andrej Rudnickij<\/strong><\/td>\n<td>Toyota Hilux Emirates<\/td>\n<td class=\"nomobile\">Aljafla Racing<\/td>\n<td style=\"text-align: right; padding-right: 15px;\"><\/td>\n<\/tr>\n<tr style=\"vertical-align: top; background-color: #dbd9d9;\">\n<td style=\"text-align: center;\"><strong>DNF<\/strong><\/td>\n<td class=\"nomobile\" style=\"text-align: center;\">338<\/td>\n<td class=\"nomobile\" style=\"text-align: center;\"><\/td>\n<td><strong>Rafael Lesmes<\/strong><br \/>\n<strong>Eduardo Naval<\/strong><\/td>\n<td>Can-Am Maverick X3<\/td>\n<td class=\"nomobile\">TH-Trucks Canarias Team<\/td>\n<td style=\"text-align: right; padding-right: 15px;\"><\/td>\n<\/tr>\n<tr style=\"vertical-align: top; background-color: #f2f2f2;\">\n<td style=\"text-align: center;\"><strong>DNF<\/strong><\/td>\n<td class=\"nomobile\" style=\"text-align: center;\">343<\/td>\n<td class=\"nomobile\" style=\"text-align: center;\"><\/td>\n<td><strong>Roger Grouwels<\/strong><br \/>\n<strong>Maurice van Weersch<\/strong><\/td>\n<td>Arcane T3<\/td>\n<td class=\"nomobile\">Arcane Racing<\/td>\n<td style=\"text-align: right; padding-right: 15px;\"><\/td>\n<\/tr>\n<tr style=\"vertical-align: top; background-color: #dbd9d9;\">\n<td style=\"text-align: center;\"><strong>DNF<\/strong><\/td>\n<td class=\"nomobile\" style=\"text-align: center;\">349<\/td>\n<td class=\"nomobile\" style=\"text-align: center;\"><\/td>\n<td><strong>Alfredo Fernandez<\/strong><br \/>\n<strong>Luis San Antonio<\/strong><\/td>\n<td>Can-Am Maverick X3<\/td>\n<td class=\"nomobile\">Buggy Masters Team<\/td>\n<td style=\"text-align: right; padding-right: 15px;\"><\/td>\n<\/tr>\n<tr style=\"background-color: #808080; color: white;\">\n<td style=\"text-align: left;\" colspan=\"7\"><span style=\"font-size: 8pt;\">Ve skupin\u011b T3 odstartovalo 47 vozidel, v c\u00edli klasifikov\u00e1no 38.<\/span><\/td>\n<\/tr>\n<\/tbody>\n<\/table>\n<p>[\/vc_column_text][\/vc_column_inner][\/vc_row_inner][\/vc_tta_section][vc_tta_section title=&#8221;T4&#8243; tab_id=&#8221;t4&#8243;][vc_row_inner][vc_column_inner][vc_column_text css_animation=&#8221;fadeIn&#8221;]<\/p>\n<table style=\"width: 97.7654%;\" rules=\"rows\" cellpadding=\"4px\">\n<tbody>\n<tr style=\"background-color: #808080; color: white;\">\n<td style=\"text-align: center;\" colspan=\"7\"><span style=\"font-size: 12pt;\"><strong>RALLY DAKAR 2023<br \/>\nSKUPINA T4 (SSV)<br \/>\nkone\u010dn\u00e9 v\u00fdsledky<\/strong><\/span><\/td>\n<\/tr>\n<tr style=\"vertical-align: top; background-color: #dbd9d9;\">\n<td style=\"text-align: center;\"><strong>1.<\/strong><\/td>\n<td class=\"nomobile\" style=\"text-align: center;\">428<\/td>\n<td class=\"nomobile\" style=\"text-align: center;\"><span style=\"font-size: 8pt;\"><a href=\"\/index.php\/w2rc\/w2rc-2023\/\"><span style=\"color: #ee8027;\">W2RC<\/span><\/a><\/span><\/td>\n<td><strong>Eryk Gocza\u0142<\/strong><br \/>\n<strong>Oriol Mena<\/strong><\/td>\n<td>Can-Am Maverick X3<\/td>\n<td class=\"nomobile\">Energylandia Rally Team<\/td>\n<td style=\"text-align: right; padding-right: 15px;\"><strong>53:10:14<\/strong><\/td>\n<\/tr>\n<tr style=\"vertical-align: top; background-color: #f2f2f2;\">\n<td style=\"text-align: center;\"><strong>2.<\/strong><\/td>\n<td class=\"nomobile\" style=\"text-align: center;\">400<\/td>\n<td class=\"nomobile\" style=\"text-align: center;\"><span style=\"font-size: 8pt;\"><a href=\"\/index.php\/w2rc\/w2rc-2023\/\"><span style=\"color: #ee8027;\">W2RC<\/span><\/a><\/span><\/td>\n<td><strong>Rokas Baciu\u0161ka<\/strong><br \/>\n<strong>Oriol Vidal<\/strong><\/td>\n<td>Can-Am Maverick X3<\/td>\n<td class=\"nomobile\">Red Bull Can-Am Factory Team<\/td>\n<td style=\"text-align: right; padding-right: 15px;\"><strong>+16:44<\/strong><\/td>\n<\/tr>\n<tr style=\"vertical-align: top; background-color: #dbd9d9;\">\n<td style=\"text-align: center;\"><strong>3.<\/strong><\/td>\n<td class=\"nomobile\" style=\"text-align: center;\">401<\/td>\n<td class=\"nomobile\" style=\"text-align: center;\"><span style=\"font-size: 8pt;\"><a href=\"\/index.php\/w2rc\/w2rc-2023\/\"><span style=\"color: #ee8027;\">W2RC<\/span><\/a><\/span><\/td>\n<td><strong>Marek Gocza\u0142<\/strong><br \/>\n<strong><a href=\"\/index.php\/osobnosti\/maciej-marton\/\"><span style=\"color: #ee8027;\">Maciej Marton<\/span><\/a><\/strong><\/td>\n<td>Can-Am Maverick X3<\/td>\n<td class=\"nomobile\">Energylandia Rally Team<\/td>\n<td style=\"text-align: right; padding-right: 15px;\"><strong>+18:15<\/strong><\/td>\n<\/tr>\n<tr style=\"vertical-align: top; background-color: #f2f2f2;\">\n<td style=\"text-align: center;\"><strong>4.<\/strong><\/td>\n<td class=\"nomobile\" style=\"text-align: center;\">412<\/td>\n<td class=\"nomobile\" style=\"text-align: center;\"><\/td>\n<td><strong>Jerem\u00edas Gonzalez<\/strong><br \/>\n<strong>Pedro Gonzalo Rinaldi<\/strong><\/td>\n<td>Can-Am Maverick X3<\/td>\n<td class=\"nomobile\">South Racing Can-Am<\/td>\n<td style=\"text-align: right; padding-right: 15px;\"><strong>+1:07:00<\/strong><\/td>\n<\/tr>\n<tr style=\"vertical-align: top; background-color: #dbd9d9;\">\n<td style=\"text-align: center;\"><strong>5.<\/strong><\/td>\n<td class=\"nomobile\" style=\"text-align: center;\">402<\/td>\n<td class=\"nomobile\" style=\"text-align: center;\"><\/td>\n<td><a href=\"\/index.php\/osobnosti\/gerard-farres\/\"><span style=\"color: #ee8027;\"><strong>Gerard Farr\u00e9s<\/strong><\/span><\/a><br \/>\n<strong>Diego Ortega<\/strong><\/td>\n<td>Can-Am Maverick X3<\/td>\n<td class=\"nomobile\">South Racing Can-Am<\/td>\n<td style=\"text-align: right; padding-right: 15px;\"><strong>+1:49:18<\/strong><\/td>\n<\/tr>\n<tr style=\"vertical-align: top; background-color: #f2f2f2;\">\n<td style=\"text-align: center;\"><strong>6.<\/strong><\/td>\n<td class=\"nomobile\" style=\"text-align: center;\">409<\/td>\n<td class=\"nomobile\" style=\"text-align: center;\"><span style=\"font-size: 8pt;\"><a href=\"\/index.php\/w2rc\/w2rc-2023\/\"><span style=\"color: #ee8027;\">W2RC<\/span><\/a><\/span><\/td>\n<td><strong>Bruno Conti de Oliveira<\/strong><br \/>\n<strong>Pedro Bianchi<\/strong><\/td>\n<td>Can-Am Maverick X3<\/td>\n<td class=\"nomobile\">South Racing Can-Am<\/td>\n<td style=\"text-align: right; padding-right: 15px;\"><strong>+3:02:21<\/strong><\/td>\n<\/tr>\n<tr style=\"vertical-align: top; background-color: #dbd9d9;\">\n<td style=\"text-align: center;\"><strong>7.<\/strong><\/td>\n<td class=\"nomobile\" style=\"text-align: center;\">405<\/td>\n<td class=\"nomobile\" style=\"text-align: center;\"><span style=\"font-size: 8pt;\"><a href=\"\/index.php\/w2rc\/w2rc-2023\/\"><span style=\"color: #ee8027;\">W2RC<\/span><\/a><\/span><\/td>\n<td><strong>Micha\u0142 Gocza\u0142<\/strong><br \/>\n<strong>Szymon Gospodarczyk<\/strong><\/td>\n<td>Can-Am Maverick X3<\/td>\n<td class=\"nomobile\">Energylandia Rally Team<\/td>\n<td style=\"text-align: right; padding-right: 15px;\"><strong>+4:02:29<\/strong><\/td>\n<\/tr>\n<tr style=\"vertical-align: top; background-color: #f2f2f2;\">\n<td style=\"text-align: center;\"><strong>8.<\/strong><\/td>\n<td class=\"nomobile\" style=\"text-align: center;\">430<\/td>\n<td class=\"nomobile\" style=\"text-align: center;\"><span style=\"font-size: 8pt;\"><a href=\"\/index.php\/w2rc\/w2rc-2023\/\"><span style=\"color: #ee8027;\">W2RC<\/span><\/a><\/span><\/td>\n<td><strong>Sebastian Guayasamin<\/strong><br \/>\n<strong>Ricardo Adrian Torlaschi<\/strong><\/td>\n<td>Can-Am Maverick X3<\/td>\n<td class=\"nomobile\">South Racing Can-Am<\/td>\n<td style=\"text-align: right; padding-right: 15px;\"><strong>+4:47:34<\/strong><\/td>\n<\/tr>\n<tr style=\"vertical-align: top; background-color: #dbd9d9;\">\n<td style=\"text-align: center;\"><strong>9.<\/strong><\/td>\n<td class=\"nomobile\" style=\"text-align: center;\">407<\/td>\n<td class=\"nomobile\" style=\"text-align: center;\"><span style=\"font-size: 8pt;\"><a href=\"\/index.php\/w2rc\/w2rc-2023\/\"><span style=\"color: #ee8027;\">W2RC<\/span><\/a><\/span><\/td>\n<td><strong>Pau Navarro<\/strong><br \/>\n<strong>Micha\u00ebl Metge<\/strong><\/td>\n<td>Can-Am Maverick X3<\/td>\n<td class=\"nomobile\">FN Speed Team<\/td>\n<td style=\"text-align: right; padding-right: 15px;\"><strong>+4:51:00<\/strong><\/td>\n<\/tr>\n<tr style=\"vertical-align: top; background-color: #f2f2f2;\">\n<td style=\"text-align: center;\"><strong>10.<\/strong><\/td>\n<td class=\"nomobile\" style=\"text-align: center;\">418<\/td>\n<td class=\"nomobile\" style=\"text-align: center;\"><\/td>\n<td><strong>Florent Vayssade<\/strong><br \/>\n<strong>Nicolas Rey<\/strong><\/td>\n<td>Polaris RZR PRO R<\/td>\n<td class=\"nomobile\">S\u00e9bastien Leob Racing &#8211; Bardahl Team<\/td>\n<td style=\"text-align: right; padding-right: 15px;\"><strong>+6:11:44<\/strong><\/td>\n<\/tr>\n<tr style=\"vertical-align: top; background-color: #dbd9d9;\">\n<td style=\"text-align: center;\"><strong>11.<\/strong><\/td>\n<td class=\"nomobile\" style=\"text-align: center;\">425<\/td>\n<td class=\"nomobile\" style=\"text-align: center;\"><\/td>\n<td><strong>Toomas Triisa<\/strong><br \/>\n<strong>Mart Meeru<\/strong><\/td>\n<td>Can-Am Maverick X3<\/td>\n<td class=\"nomobile\">Rally Raid Estonia<\/td>\n<td style=\"text-align: right; padding-right: 15px;\"><strong>+6:18:38<\/strong><\/td>\n<\/tr>\n<tr style=\"vertical-align: top; background-color: #f2f2f2;\">\n<td style=\"text-align: center;\"><strong>12.<\/strong><\/td>\n<td class=\"nomobile\" style=\"text-align: center;\">414<\/td>\n<td class=\"nomobile\" style=\"text-align: center;\"><span style=\"font-size: 8pt;\"><a href=\"\/index.php\/w2rc\/w2rc-2023\/\"><span style=\"color: #ee8027;\">W2RC<\/span><\/a><\/span><\/td>\n<td><strong>Molly Taylor<\/strong><br \/>\n<strong>Andrew Short<\/strong><\/td>\n<td>Can-Am Maverick X3<\/td>\n<td class=\"nomobile\">South Racing Can-Am<\/td>\n<td style=\"text-align: right; padding-right: 15px;\"><strong>+6:28:22<\/strong><\/td>\n<\/tr>\n<tr style=\"vertical-align: top; background-color: #dbd9d9;\">\n<td style=\"text-align: center;\"><strong>13.<\/strong><\/td>\n<td class=\"nomobile\" style=\"text-align: center;\">408<\/td>\n<td class=\"nomobile\" style=\"text-align: center;\"><\/td>\n<td><strong>Eric Abel<\/strong><br \/>\n<strong>Serge Gounon<\/strong><\/td>\n<td>Can-Am Maverick X3<\/td>\n<td class=\"nomobile\">Team BBR \/ Pole Position 77<\/td>\n<td style=\"text-align: right; padding-right: 15px;\"><strong>+6:50:39<\/strong><\/td>\n<\/tr>\n<tr style=\"vertical-align: top; background-color: #f2f2f2;\">\n<td style=\"text-align: center;\"><strong>14.<\/strong><\/td>\n<td class=\"nomobile\" style=\"text-align: center;\">421<\/td>\n<td class=\"nomobile\" style=\"text-align: center;\"><\/td>\n<td><strong>Paul Spierings<\/strong><br \/>\n<strong>Jan Pieter van der Stelt<\/strong><\/td>\n<td>Can-Am Maverick X3<\/td>\n<td class=\"nomobile\">Dakarteam Spierings<\/td>\n<td style=\"text-align: right; padding-right: 15px;\"><strong>+7:29:18<\/strong><\/td>\n<\/tr>\n<tr style=\"vertical-align: top; background-color: #dbd9d9;\">\n<td style=\"text-align: center;\"><strong>15.<\/strong><\/td>\n<td class=\"nomobile\" style=\"text-align: center;\">440<\/td>\n<td class=\"nomobile\" style=\"text-align: center;\"><\/td>\n<td><strong>Gert-Jan van der Valk<\/strong><br \/>\n<strong>Branco de Lange<\/strong><\/td>\n<td>Can-Am Maverick X3<\/td>\n<td class=\"nomobile\">South Racing Can-Am<\/td>\n<td style=\"text-align: right; padding-right: 15px;\"><strong>+7:45:57<\/strong><\/td>\n<\/tr>\n<tr style=\"vertical-align: top; background-color: #f2f2f2;\">\n<td style=\"text-align: center;\"><strong>16.<\/strong><\/td>\n<td class=\"nomobile\" style=\"text-align: center;\">419<\/td>\n<td class=\"nomobile\" style=\"text-align: center;\"><\/td>\n<td><strong>Juan Manuel Silva<\/strong><br \/>\n<strong>Xavier Flick<\/strong><\/td>\n<td>Can-Am Maverick X3<\/td>\n<td class=\"nomobile\">FN Speed Team<\/td>\n<td style=\"text-align: right; padding-right: 15px;\"><strong>+7:57:21<\/strong><\/td>\n<\/tr>\n<tr style=\"vertical-align: top; background-color: #dbd9d9;\">\n<td style=\"text-align: center;\"><strong>17.<\/strong><\/td>\n<td class=\"nomobile\" style=\"text-align: center;\">422<\/td>\n<td class=\"nomobile\" style=\"text-align: center;\"><\/td>\n<td><strong>Nicolas Brabeck-Letmathe<\/strong><br \/>\n<strong>Brice Aloth<\/strong><\/td>\n<td>Can-Am Maverick X3<\/td>\n<td class=\"nomobile\">Team Casteu<\/td>\n<td style=\"text-align: right; padding-right: 15px;\"><strong>+9:20:45<\/strong><\/td>\n<\/tr>\n<tr style=\"vertical-align: top; background-color: #f2f2f2;\">\n<td style=\"text-align: center;\"><strong>18.<\/strong><\/td>\n<td class=\"nomobile\" style=\"text-align: center;\">416<\/td>\n<td class=\"nomobile\" style=\"text-align: center;\"><\/td>\n<td><strong>Tomas Jan\u010dys<\/strong><br \/>\n<strong>Irmantas Bra\u017ei\u016bnas<\/strong><\/td>\n<td>Can-Am Maverick X3<\/td>\n<td class=\"nomobile\">Teltonika Racing<\/td>\n<td style=\"text-align: right; padding-right: 15px;\"><strong>+9:43:35<\/strong><\/td>\n<\/tr>\n<tr style=\"vertical-align: top; background-color: #dbd9d9;\">\n<td style=\"text-align: center;\"><strong>19.<\/strong><\/td>\n<td class=\"nomobile\" style=\"text-align: center;\">415<\/td>\n<td class=\"nomobile\" style=\"text-align: center;\"><\/td>\n<td><strong>Xavier de Soultrait<\/strong><br \/>\n<strong>Martin Bonnet<\/strong><\/td>\n<td>Polaris RZR PRO R<\/td>\n<td class=\"nomobile\">S\u00e9bastien Loeb Racing &#8211; Bardahl Team<\/td>\n<td style=\"text-align: right; padding-right: 15px;\"><strong>+9:55:19<\/strong><\/td>\n<\/tr>\n<tr style=\"vertical-align: top; background-color: #f2f2f2;\">\n<td style=\"text-align: center;\"><strong>20.<\/strong><\/td>\n<td class=\"nomobile\" style=\"text-align: center;\">434<\/td>\n<td class=\"nomobile\" style=\"text-align: center;\"><\/td>\n<td><strong>Christophe Cresp<\/strong><br \/>\n<strong>Jean Brucy<\/strong><\/td>\n<td>Can-Am Maverick X3<\/td>\n<td class=\"nomobile\">MMP<\/td>\n<td style=\"text-align: right; padding-right: 15px;\"><strong>+11:17:43<\/strong><\/td>\n<\/tr>\n<tr style=\"vertical-align: top; background-color: #dbd9d9;\">\n<td style=\"text-align: center;\"><strong>21.<\/strong><\/td>\n<td class=\"nomobile\" style=\"text-align: center;\">441<\/td>\n<td class=\"nomobile\" style=\"text-align: center;\"><\/td>\n<td><strong>Stephane Consani<\/strong><br \/>\n<strong>Thibault de la Haye<\/strong><\/td>\n<td>Can-Am Maverick X3<\/td>\n<td class=\"nomobile\">MMP<\/td>\n<td style=\"text-align: right; padding-right: 15px;\"><strong>+11:50:48<\/strong><\/td>\n<\/tr>\n<tr style=\"vertical-align: top; background-color: #f2f2f2;\">\n<td style=\"text-align: center;\"><strong>22.<\/strong><\/td>\n<td class=\"nomobile\" style=\"text-align: center;\">469<\/td>\n<td class=\"nomobile\" style=\"text-align: center;\"><\/td>\n<td><strong>Jeffrey Otten<\/strong><br \/>\n<strong>Marco Bouman<\/strong><\/td>\n<td>Can-Am Maverick X3<\/td>\n<td class=\"nomobile\">Gaia-Motorsports<\/td>\n<td style=\"text-align: right; padding-right: 15px;\"><strong>+13:54:05<\/strong><\/td>\n<\/tr>\n<tr style=\"vertical-align: top; background-color: #dbd9d9;\">\n<td style=\"text-align: center;\"><strong>23.<\/strong><\/td>\n<td class=\"nomobile\" style=\"text-align: center;\">410<\/td>\n<td class=\"nomobile\" style=\"text-align: center;\"><span style=\"font-size: 8pt;\"><a href=\"\/index.php\/w2rc\/w2rc-2023\/\"><span style=\"color: #ee8027;\">W2RC<\/span><\/a><\/span><\/td>\n<td><strong>Yasir Seaidan<\/strong><br \/>\n<strong><a href=\"\/index.php\/osobnosti\/alexej-kuzmic\/\"><span style=\"color: #ee8027;\">Alexej Kuzmi\u010d<\/span><\/a><\/strong><\/td>\n<td>Can-Am Maverick X3<\/td>\n<td class=\"nomobile\">Race World Team<\/td>\n<td style=\"text-align: right; padding-right: 15px;\"><strong>+17:16:32<\/strong><\/td>\n<\/tr>\n<tr style=\"vertical-align: top; background-color: #f2f2f2;\">\n<td style=\"text-align: center;\"><strong>24.<\/strong><\/td>\n<td class=\"nomobile\" style=\"text-align: center;\">424<\/td>\n<td class=\"nomobile\" style=\"text-align: center;\"><\/td>\n<td><strong>Frederic Chesneau<\/strong><br \/>\n<strong>Stephane Chesneau<\/strong><\/td>\n<td>Can-Am Maverick X3<\/td>\n<td class=\"nomobile\">FS 21<\/td>\n<td style=\"text-align: right; padding-right: 15px;\"><strong>+28:17:56<\/strong><\/td>\n<\/tr>\n<tr style=\"vertical-align: top; background-color: #dbd9d9;\">\n<td style=\"text-align: center;\"><strong>25.<\/strong><\/td>\n<td class=\"nomobile\" style=\"text-align: center;\">411<\/td>\n<td class=\"nomobile\" style=\"text-align: center;\"><span style=\"font-size: 8pt;\"><a href=\"\/index.php\/w2rc\/w2rc-2023\/\"><span style=\"color: #ee8027;\">W2RC<\/span><\/a><\/span><\/td>\n<td><strong>Nicol\u00e1s Cavigliasso<\/strong><br \/>\n<strong>Valentina Pertegarini<\/strong><\/td>\n<td>Can-Am Maverick X3<\/td>\n<td class=\"nomobile\">Caviglissio \/ Drag\u2019on Rally Team<\/td>\n<td style=\"text-align: right; padding-right: 15px;\"><strong>+29:03:10<\/strong><\/td>\n<\/tr>\n<tr style=\"vertical-align: top; background-color: #f2f2f2;\">\n<td style=\"text-align: center;\"><strong>26.<\/strong><\/td>\n<td class=\"nomobile\" style=\"text-align: center;\">431<\/td>\n<td class=\"nomobile\" style=\"text-align: center;\"><\/td>\n<td><strong>Ramon Nu\u00f1es<\/strong><br \/>\n<strong>Mauro Esteban Lipez<\/strong><\/td>\n<td>Can-Am Maverick X3<\/td>\n<td class=\"nomobile\">Sodicars Racing<\/td>\n<td style=\"text-align: right; padding-right: 15px;\"><strong>+32:06:39<\/strong><\/td>\n<\/tr>\n<tr style=\"vertical-align: top; background-color: #dbd9d9;\">\n<td style=\"text-align: center;\"><strong>27.<\/strong><\/td>\n<td class=\"nomobile\" style=\"text-align: center;\">439<\/td>\n<td class=\"nomobile\" style=\"text-align: center;\"><span style=\"font-size: 8pt;\"><a href=\"\/index.php\/w2rc\/w2rc-2023\/\"><span style=\"color: #ee8027;\">W2RC<\/span><\/a><\/span><\/td>\n<td><strong>\u0160insuke Umeda<\/strong><br \/>\n<strong>Facundo Jaton<\/strong><\/td>\n<td>Polariz RZR PRO R<\/td>\n<td class=\"nomobile\">Xtreme Plus Polaris Factory Team<\/td>\n<td style=\"text-align: right; padding-right: 15px;\"><strong>+32:07:51<\/strong><\/td>\n<\/tr>\n<tr style=\"vertical-align: top; background-color: #f2f2f2;\">\n<td style=\"text-align: center;\"><strong>28.<\/strong><\/td>\n<td class=\"nomobile\" style=\"text-align: center;\">448<\/td>\n<td class=\"nomobile\" style=\"text-align: center;\"><\/td>\n<td><strong>Luis D\u00edaz<\/strong><br \/>\n<strong>Stanley Sherrington<\/strong><\/td>\n<td>Can-Am Maverick X3<\/td>\n<td class=\"nomobile\">FN Speed Team<\/td>\n<td style=\"text-align: right; padding-right: 15px;\"><strong>+32:34:01<\/strong><\/td>\n<\/tr>\n<tr style=\"vertical-align: top; background-color: #dbd9d9;\">\n<td style=\"text-align: center;\"><strong>29.<\/strong><\/td>\n<td class=\"nomobile\" style=\"text-align: center;\">406<\/td>\n<td class=\"nomobile\" style=\"text-align: center;\"><span style=\"font-size: 8pt;\"><a href=\"\/index.php\/w2rc\/w2rc-2023\/\"><span style=\"color: #ee8027;\">W2RC<\/span><\/a><\/span><\/td>\n<td><strong>Rodrigo Luppi de Oliveira<\/strong><br \/>\n<strong>Maykel Justo<\/strong><\/td>\n<td>Can-Am Maverick X3<\/td>\n<td class=\"nomobile\">South Racing Can-Am<\/td>\n<td style=\"text-align: right; padding-right: 15px;\"><strong>+34:40:57<\/strong><\/td>\n<\/tr>\n<tr style=\"vertical-align: top; background-color: #f2f2f2;\">\n<td style=\"text-align: center;\"><strong>30.<\/strong><\/td>\n<td class=\"nomobile\" style=\"text-align: center;\">420<\/td>\n<td class=\"nomobile\" style=\"text-align: center;\"><\/td>\n<td><strong>Pietro Cinotto<\/strong><br \/>\n<strong>Alberto Bertoldi<\/strong><\/td>\n<td>Polaris RZR PRO R<\/td>\n<td class=\"nomobile\">Xtreme Plus Polaris Factory Team<\/td>\n<td style=\"text-align: right; padding-right: 15px;\"><strong>+38:23:03<\/strong><\/td>\n<\/tr>\n<tr style=\"vertical-align: top; background-color: #dbd9d9;\">\n<td style=\"text-align: center;\"><strong>31.<\/strong><\/td>\n<td class=\"nomobile\" style=\"text-align: center;\">443<\/td>\n<td class=\"nomobile\" style=\"text-align: center;\"><\/td>\n<td><strong>Oscar Ral<\/strong><br \/>\n<strong>Carlos Jimenez<\/strong><\/td>\n<td>Can-Am Maverick X3<\/td>\n<td class=\"nomobile\">Buggy Masters Team<\/td>\n<td style=\"text-align: right; padding-right: 15px;\"><strong>+41:34:47<\/strong><\/td>\n<\/tr>\n<tr style=\"vertical-align: top; background-color: #f2f2f2;\">\n<td style=\"text-align: center;\"><strong>32.<\/strong><\/td>\n<td class=\"nomobile\" style=\"text-align: center;\">437<\/td>\n<td class=\"nomobile\" style=\"text-align: center;\"><\/td>\n<td><strong>Cristiano Batista<\/strong><br \/>\n<strong>Fausto de Almeida<\/strong><\/td>\n<td>Can-Am Maverick X3<\/td>\n<td class=\"nomobile\">South Racing Can-Am<\/td>\n<td style=\"text-align: right; padding-right: 15px;\"><strong>+45:37:26<\/strong><\/td>\n<\/tr>\n<tr style=\"vertical-align: top; background-color: #dbd9d9;\">\n<td style=\"text-align: center;\"><strong>33.<\/strong><\/td>\n<td class=\"nomobile\" style=\"text-align: center;\">432<\/td>\n<td class=\"nomobile\" style=\"text-align: center;\"><\/td>\n<td><strong>Ferdinando Brachetti<\/strong><br \/>\n<strong>Matteo Casuccio<\/strong><\/td>\n<td>Polaris RZR PRO R<\/td>\n<td class=\"nomobile\">Xtreme Plus Polaris Factory Team<\/td>\n<td style=\"text-align: right; padding-right: 15px;\"><strong>+62:35:53<\/strong><\/td>\n<\/tr>\n<tr style=\"vertical-align: top; background-color: #f2f2f2;\">\n<td style=\"text-align: center;\"><strong>34.<\/strong><\/td>\n<td class=\"nomobile\" style=\"text-align: center;\">427<\/td>\n<td class=\"nomobile\" style=\"text-align: center;\"><\/td>\n<td><strong>Pedro Pe\u00f1ate<\/strong><br \/>\n<strong>Rosa Romero<\/strong><\/td>\n<td>Can-Am Maverick X3<\/td>\n<td class=\"nomobile\">TH-Trucks Canarias Team<\/td>\n<td style=\"text-align: right; padding-right: 15px;\"><strong>+62:43:30<\/strong><\/td>\n<\/tr>\n<tr style=\"vertical-align: top; background-color: #dbd9d9;\">\n<td style=\"text-align: center;\"><strong>35.<\/strong><\/td>\n<td class=\"nomobile\" style=\"text-align: center;\">436<\/td>\n<td class=\"nomobile\" style=\"text-align: center;\"><\/td>\n<td><strong>Beno\u00eet Lepi\u00e8tre<\/strong><br \/>\n<strong>Peter Serra<\/strong><\/td>\n<td>Can-Am Maverick X3<\/td>\n<td class=\"nomobile\">My X Racing<\/td>\n<td style=\"text-align: right; padding-right: 15px;\"><strong>+74:23:58<\/strong><\/td>\n<\/tr>\n<tr style=\"vertical-align: top; background-color: #f2f2f2;\">\n<td style=\"text-align: center;\"><strong>36.<\/strong><\/td>\n<td class=\"nomobile\" style=\"text-align: center;\">429<\/td>\n<td class=\"nomobile\" style=\"text-align: center;\"><\/td>\n<td><strong>Jean-Claude Pla<\/strong><br \/>\n<strong>Cyril Pla<\/strong><\/td>\n<td>Polaris RZR PRO R<\/td>\n<td class=\"nomobile\">Xtreme Plus Polaris Factory Team<\/td>\n<td style=\"text-align: right; padding-right: 15px;\"><strong>+77:41:41<\/strong><\/td>\n<\/tr>\n<tr style=\"vertical-align: top; background-color: #dbd9d9;\">\n<td style=\"text-align: center;\"><strong>37.<\/strong><\/td>\n<td class=\"nomobile\" style=\"text-align: center;\">417<\/td>\n<td class=\"nomobile\" style=\"text-align: center;\"><\/td>\n<td><strong>Paulo Oliveira<\/strong><br \/>\n<strong>Miguel Alberty<\/strong><\/td>\n<td>Can-Am Maverick X3<\/td>\n<td class=\"nomobile\">Mozambique 2023<\/td>\n<td style=\"text-align: right; padding-right: 15px;\"><strong>+80:57:04<\/strong><\/td>\n<\/tr>\n<tr style=\"vertical-align: top; background-color: #f2f2f2;\">\n<td style=\"text-align: center;\"><strong>38.<\/strong><\/td>\n<td class=\"nomobile\" style=\"text-align: center;\">444<\/td>\n<td class=\"nomobile\" style=\"text-align: center;\"><\/td>\n<td><strong>Carlos Vento<\/strong><br \/>\n<strong>Carlos Ruiz<\/strong><\/td>\n<td>Can-Am Maverick X3<\/td>\n<td class=\"nomobile\">Patriots Racing Team<\/td>\n<td style=\"text-align: right; padding-right: 15px;\"><strong>+98:49:48<\/strong><\/td>\n<\/tr>\n<tr style=\"vertical-align: top; background-color: #dbd9d9;\">\n<td style=\"text-align: center;\"><strong>39.<\/strong><\/td>\n<td class=\"nomobile\" style=\"text-align: center;\">446<\/td>\n<td class=\"nomobile\" style=\"text-align: center;\"><\/td>\n<td><strong>Christophe Baillet<\/strong><br \/>\n<strong>Jean-Louis Herbeth<\/strong><\/td>\n<td>Can-Am Maverick X3<\/td>\n<td class=\"nomobile\">MMP<\/td>\n<td style=\"text-align: right; padding-right: 15px;\"><strong>+105:50:43<\/strong><\/td>\n<\/tr>\n<tr style=\"background-color: #808080; color: white;\">\n<td style=\"text-align: left;\" colspan=\"7\"><\/td>\n<\/tr>\n<tr style=\"vertical-align: top; background-color: #f2f2f2;\">\n<td style=\"text-align: center;\"><strong>DNF<\/strong><\/td>\n<td class=\"nomobile\" style=\"text-align: center;\">423<\/td>\n<td class=\"nomobile\" style=\"text-align: center;\"><\/td>\n<td><strong>Juan Medero<\/strong><br \/>\n<strong>Javier Ventaja<\/strong><\/td>\n<td>Can-Am Maverick X3<\/td>\n<td class=\"nomobile\">FN Speed Team<\/td>\n<td style=\"text-align: right; padding-right: 15px;\"><\/td>\n<\/tr>\n<tr style=\"vertical-align: top; background-color: #dbd9d9;\">\n<td style=\"text-align: center;\"><strong>DNF<\/strong><\/td>\n<td class=\"nomobile\" style=\"text-align: center;\">433<\/td>\n<td class=\"nomobile\" style=\"text-align: center;\"><\/td>\n<td><strong>Ricardo Ramilo<\/strong><br \/>\n<strong>David Ribeiro<\/strong><\/td>\n<td>Can-Am Maverick X3<\/td>\n<td class=\"nomobile\">Scuderia Ramilo<\/td>\n<td style=\"text-align: right; padding-right: 15px;\"><\/td>\n<\/tr>\n<tr style=\"vertical-align: top; background-color: #f2f2f2;\">\n<td style=\"text-align: center;\"><strong>DNF<\/strong><\/td>\n<td class=\"nomobile\" style=\"text-align: center;\">435<\/td>\n<td class=\"nomobile\" style=\"text-align: center;\"><span style=\"font-size: 8pt;\"><a href=\"\/index.php\/w2rc\/w2rc-2023\/\"><span style=\"color: #ee8027;\">W2RC<\/span><\/a><\/span><\/td>\n<td><strong>Michele Cinotto<\/strong><br \/>\n<strong>Maurizio Dominella<\/strong><\/td>\n<td>Polaris RZR PRO R<\/td>\n<td class=\"nomobile\">Xtreme Plus Polaris Factory Team<\/td>\n<td style=\"text-align: right; padding-right: 15px;\"><\/td>\n<\/tr>\n<tr style=\"vertical-align: top; background-color: #dbd9d9;\">\n<td style=\"text-align: center;\"><strong>DNF<\/strong><\/td>\n<td class=\"nomobile\" style=\"text-align: center;\">438<\/td>\n<td class=\"nomobile\" style=\"text-align: center;\"><\/td>\n<td><strong>Eric Croquelois<\/strong><br \/>\n<strong>Jean-Luc Martin<\/strong><\/td>\n<td>Can-Am Maverick X3<\/td>\n<td class=\"nomobile\">Drag&#8217;On Rally Team<\/td>\n<td style=\"text-align: right; padding-right: 15px;\"><\/td>\n<\/tr>\n<tr style=\"vertical-align: top; background-color: #f2f2f2;\">\n<td style=\"text-align: center;\"><strong>DNF<\/strong><\/td>\n<td class=\"nomobile\" style=\"text-align: center;\">442<\/td>\n<td class=\"nomobile\" style=\"text-align: center;\"><\/td>\n<td><strong>Carlo Cinotto<\/strong><br \/>\n<strong>Marco Arnoletti<\/strong><\/td>\n<td>Polaris RZR PRO R<\/td>\n<td class=\"nomobile\">Xtreme Plus Polaris Factory Team<\/td>\n<td style=\"text-align: right; padding-right: 15px;\"><\/td>\n<\/tr>\n<tr style=\"vertical-align: top; background-color: #dbd9d9;\">\n<td style=\"text-align: center;\"><strong>DNF<\/strong><\/td>\n<td class=\"nomobile\" style=\"text-align: center;\">447<\/td>\n<td class=\"nomobile\" style=\"text-align: center;\"><span style=\"font-size: 8pt;\"><a href=\"\/index.php\/w2rc\/w2rc-2023\/\"><span style=\"color: #ee8027;\">W2RC<\/span><\/a><\/span><\/td>\n<td><strong>Rebeca Bussi<\/strong><br \/>\n<strong>Giulia Maroni<\/strong><\/td>\n<td>Can-Am Maverick X3<\/td>\n<td class=\"nomobile\">HRT-Technology<\/td>\n<td style=\"text-align: right; padding-right: 15px;\"><\/td>\n<\/tr>\n<tr style=\"background-color: #808080; color: white;\">\n<td style=\"text-align: left;\" colspan=\"7\"><span style=\"font-size: 8pt;\">Ve skupin\u011b T4 odstartovalo 45 vozidel, v c\u00edli klasifikov\u00e1no 39.<\/span><\/td>\n<\/tr>\n<\/tbody>\n<\/table>\n<p>[\/vc_column_text][\/vc_column_inner][\/vc_row_inner][\/vc_tta_section][vc_tta_section title=&#8221;KAMIONY&#8221; tab_id=&#8221;kamiony&#8221;][vc_row_inner][vc_column_inner][vc_column_text css_animation=&#8221;fadeIn&#8221;]<\/p>\n<table style=\"width: 97.7654%;\" rules=\"rows\" cellpadding=\"4px\">\n<tbody>\n<tr style=\"background-color: #808080; color: white;\">\n<td style=\"text-align: center;\" colspan=\"7\"><span style=\"font-size: 12pt;\"><strong>RALLY DAKAR 2023<br \/>\nKATEGORIE KAMION\u016e<br \/>\nkone\u010dn\u00e9 v\u00fdsledky<\/strong><\/span><\/td>\n<\/tr>\n<tr style=\"vertical-align: top; background-color: #dbd9d9;\">\n<td style=\"text-align: center;\"><strong>1.<\/strong><\/td>\n<td class=\"nomobile\" style=\"text-align: center;\">502<\/td>\n<td class=\"nomobile\" style=\"text-align: center;\"><span style=\"font-size: 8pt;\"><a href=\"\/index.php\/w2rc\/w2rc-2023\/\"><span style=\"color: #ee8027;\">W2RC<\/span><\/a><\/span><\/td>\n<td><a href=\"\/index.php\/osobnosti\/janus-van-kasteren\/\"><span style=\"color: #ee8027;\"><strong>Janus van Kasteren<\/strong><\/span><\/a><br \/>\n<strong><a href=\"\/index.php\/osobnosti\/marcel-snijders\/\"><span style=\"color: #ee8027;\">Marcel Snijders<\/span><\/a><\/strong><br \/>\n<strong><a href=\"\/index.php\/osobnosti\/darek-rodewald\/\"><span style=\"color: #ee8027;\">Darek Rodewald<\/span><\/a><\/strong><\/td>\n<td>Iveco Powerstar<\/td>\n<td class=\"nomobile\">Boss Machinery Team De Rooy Iveco<\/td>\n<td style=\"text-align: right; padding-right: 15px;\"><strong>54:03:33<\/strong><\/td>\n<\/tr>\n<tr style=\"vertical-align: top; background-color: #f2f2f2;\">\n<td style=\"text-align: center;\"><strong>2.<\/strong><\/td>\n<td class=\"nomobile\" style=\"text-align: center;\">501<\/td>\n<td class=\"nomobile\" style=\"text-align: center;\"><span style=\"font-size: 8pt;\"><a href=\"\/index.php\/w2rc\/w2rc-2023\/\"><span style=\"color: #ee8027;\">W2RC<\/span><\/a><\/span><\/td>\n<td><strong><a href=\"\/index.php\/osobnosti\/martin-macik-ml\/\"><span style=\"color: #ee8027;\">Martin Mac\u00edk ml.<\/span><\/a><\/strong><br \/>\n<strong><a href=\"\/index.php\/osobnosti\/frantisek-tomasek\/\"><span style=\"color: #ee8027;\">Franti\u0161ek Tom\u00e1\u0161ek<\/span><\/a><\/strong><br \/>\n<strong><a href=\"\/index.php\/osobnosti\/david-svanda\/\"><span style=\"color: #ee8027;\">David \u0160vanda<\/span><\/a><\/strong><\/td>\n<td>Iveco Powerstar<\/td>\n<td class=\"nomobile\">MM Technology<\/td>\n<td style=\"text-align: right; padding-right: 15px;\"><strong>+1:14:34<\/strong><\/td>\n<\/tr>\n<tr style=\"vertical-align: top; background-color: #dbd9d9;\">\n<td style=\"text-align: center;\"><strong>3.<\/strong><\/td>\n<td class=\"nomobile\" style=\"text-align: center;\">506<\/td>\n<td class=\"nomobile\" style=\"text-align: center;\"><\/td>\n<td><strong>Martin van den Brink<\/strong><br \/>\n<strong>Rijk Mouw<\/strong><br \/>\n<strong>Erik Kofman<\/strong><\/td>\n<td>Iveco Powerstar<\/td>\n<td class=\"nomobile\">Eurol Team De Rooy Iveco<\/td>\n<td style=\"text-align: right; padding-right: 15px;\"><strong>+2:40:22<\/strong><\/td>\n<\/tr>\n<tr style=\"vertical-align: top; background-color: #f2f2f2;\">\n<td style=\"text-align: center;\"><strong>4.<\/strong><\/td>\n<td class=\"nomobile\" style=\"text-align: center;\">511<\/td>\n<td class=\"nomobile\" style=\"text-align: center;\"><\/td>\n<td><strong>Mitchel van den Brink<\/strong><br \/>\n<strong><a href=\"\/index.php\/osobnosti\/moi-torrallardona\/\"><span style=\"color: #ee8027;\">Moi Torrallardona<\/span><\/a><\/strong><br \/>\n<strong>Jarno van de Pol<\/strong><\/td>\n<td>Iveco Powerstar<\/td>\n<td class=\"nomobile\">Eurol Team De Rooy Iveco<\/td>\n<td style=\"text-align: right; padding-right: 15px;\"><strong>+4:02:29<\/strong><\/td>\n<\/tr>\n<tr style=\"vertical-align: top; background-color: #dbd9d9;\">\n<td style=\"text-align: center;\"><strong>5.<\/strong><\/td>\n<td class=\"nomobile\" style=\"text-align: center;\">505<\/td>\n<td class=\"nomobile\" style=\"text-align: center;\"><\/td>\n<td><strong>Jaroslav Valtr<\/strong><br \/>\n<strong>Ren\u00e9 Kilian<\/strong><br \/>\n<strong><a href=\"\/index.php\/osobnosti\/tomas-sikola\/\"><span style=\"color: #ee8027;\">Tom\u00e1\u0161 \u0160ikola<\/span><\/a><\/strong><\/td>\n<td>Tatra Phoenix Buggyra<\/td>\n<td class=\"nomobile\">Tatra Buggyra ZM Racing<\/td>\n<td style=\"text-align: right; padding-right: 15px;\"><strong>+5:06:09<\/strong><\/td>\n<\/tr>\n<tr style=\"vertical-align: top; background-color: #f2f2f2;\">\n<td style=\"text-align: center;\"><strong>6.<\/strong><\/td>\n<td class=\"nomobile\" style=\"text-align: center;\">503<\/td>\n<td class=\"nomobile\" style=\"text-align: center;\"><\/td>\n<td><strong><a href=\"\/index.php\/osobnosti\/martin-soltys\/\"><span style=\"color: #ee8027;\">Martin \u0160oltys<\/span><\/a><\/strong><br \/>\n<strong><a href=\"\/index.php\/osobnosti\/roman-krejci\/\"><span style=\"color: #ee8027;\">Roman Krej\u010d\u00ed<\/span><\/a><\/strong><br \/>\n<a href=\"\/index.php\/osobnosti\/david-hoffmann\/\"><span style=\"color: #ee8027;\"><strong>David Hoffmann<\/strong><\/span><\/a><\/td>\n<td>Tatra 815<\/td>\n<td class=\"nomobile\">Tatra Buggyra ZM Racing<\/td>\n<td style=\"text-align: right; padding-right: 15px;\"><strong>+9:08:43<\/strong><\/td>\n<\/tr>\n<tr style=\"vertical-align: top; background-color: #dbd9d9;\">\n<td style=\"text-align: center;\"><strong>7.<\/strong><\/td>\n<td class=\"nomobile\" style=\"text-align: center;\">512<\/td>\n<td class=\"nomobile\" style=\"text-align: center;\"><\/td>\n<td><strong>Ben van de Laar<\/strong><br \/>\n<strong>Jan van de Laar<\/strong><br \/>\n<strong>Dolph Huijgens<\/strong><\/td>\n<td>Iveco 4\u00d74 DRNL<\/td>\n<td class=\"nomobile\">Fried van de Laar Racing<\/td>\n<td style=\"text-align: right; padding-right: 15px;\"><strong>+10:49:26<\/strong><\/td>\n<\/tr>\n<tr style=\"vertical-align: top; background-color: #f2f2f2;\">\n<td style=\"text-align: center;\"><strong>8.<\/strong><\/td>\n<td class=\"nomobile\" style=\"text-align: center;\">510<\/td>\n<td class=\"nomobile\" style=\"text-align: center;\"><\/td>\n<td><strong>Richard de Groot<\/strong><br \/>\n<strong>Markus Laan<\/strong><br \/>\n<strong>Johannes Hulsebosch<\/strong><\/td>\n<td>Iveco Powerstar<\/td>\n<td class=\"nomobile\">Firemen Dakar Team<\/td>\n<td style=\"text-align: right; padding-right: 15px;\"><strong>+13:45:15<\/strong><\/td>\n<\/tr>\n<tr style=\"vertical-align: top; background-color: #dbd9d9;\">\n<td style=\"text-align: center;\"><strong>9.<\/strong><\/td>\n<td class=\"nomobile\" style=\"text-align: center;\">509<\/td>\n<td class=\"nomobile\" style=\"text-align: center;\"><span style=\"font-size: 8pt;\"><a href=\"\/index.php\/w2rc\/w2rc-2023\/\"><span style=\"color: #ee8027;\">W2RC<\/span><\/a><\/span><\/td>\n<td><strong>Tom\u00e1\u0161 Vr\u00e1tn\u00fd<\/strong><br \/>\n<strong>Bart\u0142omiej Boba<\/strong><br \/>\n<strong>Jarom\u00edr Martinec<\/strong><\/td>\n<td>Tatra Jamal<\/td>\n<td class=\"nomobile\">Fesh Fesh Team<\/td>\n<td style=\"text-align: right; padding-right: 15px;\"><strong>+14:23:52<\/strong><\/td>\n<\/tr>\n<tr style=\"vertical-align: top; background-color: #f2f2f2;\">\n<td style=\"text-align: center;\"><strong>10.<\/strong><\/td>\n<td class=\"nomobile\" style=\"text-align: center;\">519<\/td>\n<td class=\"nomobile\" style=\"text-align: center;\"><\/td>\n<td><strong>Teruhito Sugawara<\/strong><br \/>\n<strong>Hirokazu Somemiya<\/strong><br \/>\n<strong>Jud\u017ei Mo\u010dizuki<\/strong><\/td>\n<td>Hino 600-Hybrid<\/td>\n<td class=\"nomobile\">Hino Team Sugawara<\/td>\n<td style=\"text-align: right; padding-right: 15px;\"><strong>+18:55:00<\/strong><\/td>\n<\/tr>\n<tr style=\"vertical-align: top; background-color: #dbd9d9;\">\n<td style=\"text-align: center;\"><strong>11.<\/strong><\/td>\n<td class=\"nomobile\" style=\"text-align: center;\">525<\/td>\n<td class=\"nomobile\" style=\"text-align: center;\"><\/td>\n<td><strong>Ad Hofmans<\/strong><br \/>\n<strong>Remon van der Steen<\/strong><br \/>\n<strong>Mark Salomons<\/strong><\/td>\n<td>DAF CF 75<\/td>\n<td class=\"nomobile\">De Groot Sport<\/td>\n<td style=\"text-align: right; padding-right: 15px;\"><strong>+22:23:33<\/strong><\/td>\n<\/tr>\n<tr style=\"vertical-align: top; background-color: #f2f2f2;\">\n<td style=\"text-align: center;\"><strong>12.<\/strong><\/td>\n<td class=\"nomobile\" style=\"text-align: center;\">538<\/td>\n<td class=\"nomobile\" style=\"text-align: center;\"><\/td>\n<td><strong>Adwin Hoondert<\/strong><br \/>\n<strong>Jasper Riezebos<\/strong><br \/>\n<strong>Erwin de Vos<\/strong><\/td>\n<td>Renault K520<\/td>\n<td class=\"nomobile\">Riwald Dakar Team<\/td>\n<td style=\"text-align: right; padding-right: 15px;\"><strong>+25:40:34<\/strong><\/td>\n<\/tr>\n<tr style=\"vertical-align: top; background-color: #dbd9d9;\">\n<td style=\"text-align: center;\"><strong>13.<\/strong><\/td>\n<td class=\"nomobile\" style=\"text-align: center;\">515<\/td>\n<td class=\"nomobile\" style=\"text-align: center;\"><\/td>\n<td><strong>Claudio Bellina<\/strong><br \/>\n<strong>Bruno Gotti<\/strong><br \/>\n<strong>Giulio Minelli<\/strong><\/td>\n<td>Iveco Powerstar<\/td>\n<td class=\"nomobile\">MM Technology<\/td>\n<td style=\"text-align: right; padding-right: 15px;\"><strong>+28:13:09<\/strong><\/td>\n<\/tr>\n<tr style=\"vertical-align: top; background-color: #f2f2f2;\">\n<td style=\"text-align: center;\"><strong>14.<\/strong><\/td>\n<td class=\"nomobile\" style=\"text-align: center;\">521<\/td>\n<td class=\"nomobile\" style=\"text-align: center;\"><\/td>\n<td><strong>Gerrit Zuurmond<\/strong><br \/>\n<strong>Tjeerd van Ballegooy<\/strong><br \/>\n<strong>Klaas Kwakkel<\/strong><\/td>\n<td>MAN TGA<\/td>\n<td class=\"nomobile\">Stichting Rainbow Truck Team<\/td>\n<td style=\"text-align: right; padding-right: 15px;\"><strong>+48:43:49<\/strong><\/td>\n<\/tr>\n<tr style=\"vertical-align: top; background-color: #dbd9d9;\">\n<td style=\"text-align: center;\"><strong>15.<\/strong><\/td>\n<td class=\"nomobile\" style=\"text-align: center;\">507<\/td>\n<td class=\"nomobile\" style=\"text-align: center;\"><\/td>\n<td><strong>Pascal de Baar<\/strong><br \/>\n<strong>Marcin Kr\u00fcger<\/strong><br \/>\n<strong>Stefan Slootjes<\/strong><\/td>\n<td>Renault C460<\/td>\n<td class=\"nomobile\">Riwald Dakar Team<\/td>\n<td style=\"text-align: right; padding-right: 15px;\"><strong>+56:03:56<\/strong><\/td>\n<\/tr>\n<tr style=\"vertical-align: top; background-color: #f2f2f2;\">\n<td style=\"text-align: center;\"><strong>16.<\/strong><\/td>\n<td class=\"nomobile\" style=\"text-align: center;\">531<\/td>\n<td class=\"nomobile\" style=\"text-align: center;\"><\/td>\n<td><strong>Robert Kas\u00e1k<\/strong><br \/>\n<strong>Tom\u00e1\u0161 Kazarka<\/strong><br \/>\n<strong>Jaroslav Kol\u00e1\u0159<\/strong><\/td>\n<td>Tatra Phoenix Buggyra<\/td>\n<td class=\"nomobile\">Tatra Buggyra Slovakia<\/td>\n<td style=\"text-align: right; padding-right: 15px;\"><strong>+56:09:22<\/strong><\/td>\n<\/tr>\n<tr style=\"vertical-align: top; background-color: #dbd9d9;\">\n<td style=\"text-align: center;\"><strong>17.<\/strong><\/td>\n<td class=\"nomobile\" style=\"text-align: center;\">514<\/td>\n<td class=\"nomobile\" style=\"text-align: center;\"><\/td>\n<td><strong>Vaidotas Pa\u0161kevi\u010dius<\/strong><br \/>\n<strong>Slavomir Volkov<\/strong><br \/>\n<strong>Tomas Gu\u017eauskas<\/strong><\/td>\n<td>Tatra Jamal<\/td>\n<td class=\"nomobile\">Fesh Fesh Team<\/td>\n<td style=\"text-align: right; padding-right: 15px;\"><strong>+76:03:23<\/strong><\/td>\n<\/tr>\n<tr style=\"vertical-align: top; background-color: #f2f2f2;\">\n<td style=\"text-align: center;\"><strong>18.<\/strong><\/td>\n<td class=\"nomobile\" style=\"text-align: center;\">534<\/td>\n<td class=\"nomobile\" style=\"text-align: center;\"><\/td>\n<td><strong>Igor Bouwens<\/strong><br \/>\n<strong>Syndiely Wade<\/strong><br \/>\n<strong>Ulrich Boerboom<\/strong><\/td>\n<td>Iveco T-Way<\/td>\n<td class=\"nomobile\">Gregoor Racing Team<\/td>\n<td style=\"text-align: right; padding-right: 15px;\"><strong>+101:58:14<\/strong><\/td>\n<\/tr>\n<tr style=\"vertical-align: top; background-color: #dbd9d9;\">\n<td style=\"text-align: center;\"><strong>19.<\/strong><\/td>\n<td class=\"nomobile\" style=\"text-align: center;\">529<\/td>\n<td class=\"nomobile\" style=\"text-align: center;\"><\/td>\n<td><strong>Dave Ingels<\/strong><br \/>\n<strong>Jos Schotanus<\/strong><br \/>\n<strong>Joao Dias<\/strong><\/td>\n<td>MAN TGS 26.480<\/td>\n<td class=\"nomobile\">X-raid Yamaha supported team<\/td>\n<td style=\"text-align: right; padding-right: 15px;\"><strong>+103:33:36<\/strong><\/td>\n<\/tr>\n<tr style=\"vertical-align: top; background-color: #f2f2f2;\">\n<td style=\"text-align: center;\"><strong>20.<\/strong><\/td>\n<td class=\"nomobile\" style=\"text-align: center;\">532<\/td>\n<td class=\"nomobile\" style=\"text-align: center;\"><\/td>\n<td><strong>Jos\u00e9 Martins<\/strong><br \/>\n<strong>Jeremie Gimbre<\/strong><br \/>\n<strong>Eric Simonin<\/strong><\/td>\n<td>Iveco Trakker<\/td>\n<td class=\"nomobile\">Team Boucou<\/td>\n<td style=\"text-align: right; padding-right: 15px;\"><strong>+104:16:41<\/strong><\/td>\n<\/tr>\n<tr style=\"vertical-align: top; background-color: #dbd9d9;\">\n<td style=\"text-align: center;\"><strong>21.<\/strong><\/td>\n<td class=\"nomobile\" style=\"text-align: center;\">536<\/td>\n<td class=\"nomobile\" style=\"text-align: center;\"><\/td>\n<td><strong>Tom\u00e1\u0161 Tome\u010dek<\/strong><br \/>\n<strong>Niccolo Funaioli<\/strong><br \/>\n<strong>Ard Munster<\/strong><\/td>\n<td>Tatra 815-2T0R45<\/td>\n<td class=\"nomobile\">South Racing Service<\/td>\n<td style=\"text-align: right; padding-right: 15px;\"><strong>+113:14:26<\/strong><\/td>\n<\/tr>\n<tr style=\"background-color: #808080; color: white;\">\n<td style=\"text-align: left;\" colspan=\"7\"><\/td>\n<\/tr>\n<tr style=\"vertical-align: top; background-color: #f2f2f2;\">\n<td style=\"text-align: center;\"><strong>DNF<\/strong><\/td>\n<td class=\"nomobile\" style=\"text-align: center;\">500<\/td>\n<td class=\"nomobile\" style=\"text-align: center;\"><span style=\"font-size: 8pt;\"><a href=\"\/index.php\/w2rc\/w2rc-2023\/\"><span style=\"color: #ee8027;\">W2RC<\/span><\/a><\/span><\/td>\n<td><strong>Kees Koolen<\/strong><br \/>\n<a href=\"\/index.php\/osobnosti\/wouter-de-graaff\/\"><span style=\"color: #ee8027;\"><strong>Wouter de Graaff<\/strong><\/span><\/a><br \/>\n<strong>Wouter Rosegaar<\/strong><\/td>\n<td>Iveco Powerstar<\/td>\n<td class=\"nomobile\">Project 2030<\/td>\n<td style=\"text-align: right; padding-right: 15px;\"><\/td>\n<\/tr>\n<tr style=\"vertical-align: top; background-color: #dbd9d9;\">\n<td style=\"text-align: center;\"><strong>DNF<\/strong><\/td>\n<td class=\"nomobile\" style=\"text-align: center;\">504<\/td>\n<td class=\"nomobile\" style=\"text-align: center;\"><\/td>\n<td><strong>Vic Versteijnen<\/strong><br \/>\n<strong>Andreas van der Sande<\/strong><br \/>\n<strong>Teun van Dal<\/strong><\/td>\n<td>Iveco Powerstar<\/td>\n<td class=\"nomobile\">Boss Machinery Team De Rooy Iveco<\/td>\n<td style=\"text-align: right; padding-right: 15px;\"><\/td>\n<\/tr>\n<tr style=\"vertical-align: top; background-color: #f2f2f2;\">\n<td style=\"text-align: center;\"><strong>DNF<\/strong><\/td>\n<td class=\"nomobile\" style=\"text-align: center;\">508<\/td>\n<td class=\"nomobile\" style=\"text-align: center;\"><\/td>\n<td><a href=\"\/index.php\/osobnosti\/ales-loprais\/\"><span style=\"color: #ee8027;\"><strong>Ale\u0161 Loprais<\/strong><\/span><\/a><br \/>\n<a href=\"\/index.php\/osobnosti\/jaroslav-valtr-ml\/\"><span style=\"color: #ee8027;\"><strong>Jaroslav Valtr ml.<\/strong><\/span><\/a><br \/>\n<strong><a href=\"\/index.php\/osobnosti\/petr-pokora\/\"><span style=\"color: #ee8027;\">Petr Pokora<\/span><\/a><\/strong><\/td>\n<td>Praga V4S DKR<\/td>\n<td class=\"nomobile\">Instaforex Loprais Praga Team<\/td>\n<td style=\"text-align: right; padding-right: 15px;\"><\/td>\n<\/tr>\n<tr style=\"vertical-align: top; background-color: #dbd9d9;\">\n<td style=\"text-align: center;\"><strong>DNF<\/strong><\/td>\n<td class=\"nomobile\" style=\"text-align: center;\">516<\/td>\n<td class=\"nomobile\" style=\"text-align: center;\"><\/td>\n<td><strong>Egbert Wingens<\/strong><br \/>\n<strong>Marije van Ettekoven<\/strong><br \/>\n<strong>Marijn Beekmans<\/strong><\/td>\n<td>Iveco Torpedo<\/td>\n<td class=\"nomobile\">DDW Rallyteam<\/td>\n<td style=\"text-align: right; padding-right: 15px;\"><\/td>\n<\/tr>\n<tr style=\"vertical-align: top; background-color: #f2f2f2;\">\n<td style=\"text-align: center;\"><strong>DNF<\/strong><\/td>\n<td class=\"nomobile\" style=\"text-align: center;\">517<\/td>\n<td class=\"nomobile\" style=\"text-align: center;\"><\/td>\n<td><strong>Ben de Groot<\/strong><br \/>\n<strong>Tom Brekelmans<\/strong><br \/>\n<strong>Govert Boogard<\/strong><\/td>\n<td>Iveco Powerstar<\/td>\n<td class=\"nomobile\">De Groot Sport<\/td>\n<td style=\"text-align: right; padding-right: 15px;\"><\/td>\n<\/tr>\n<tr style=\"vertical-align: top; background-color: #dbd9d9;\">\n<td style=\"text-align: center;\"><strong>DNF<\/strong><\/td>\n<td class=\"nomobile\" style=\"text-align: center;\">518<\/td>\n<td class=\"nomobile\" style=\"text-align: center;\"><\/td>\n<td><strong>Mathias Behringer<\/strong><br \/>\n<strong>Hugo Kupper<\/strong><br \/>\n<strong>Robert Striebe<\/strong><\/td>\n<td>MAN<\/td>\n<td class=\"nomobile\">South Racing Service<\/td>\n<td style=\"text-align: right; padding-right: 15px;\"><\/td>\n<\/tr>\n<tr style=\"vertical-align: top; background-color: #f2f2f2;\">\n<td style=\"text-align: center;\"><strong>DNF<\/strong><\/td>\n<td class=\"nomobile\" style=\"text-align: center;\">520<\/td>\n<td class=\"nomobile\" style=\"text-align: center;\"><\/td>\n<td><strong>Gert Huzink<\/strong><br \/>\n<strong>Rob Buursen<\/strong><br \/>\n<strong>Martinus Roesink<\/strong><\/td>\n<td>Renault C460 Hybrid<\/td>\n<td class=\"nomobile\">Riwald Dakar Team<\/td>\n<td style=\"text-align: right; padding-right: 15px;\"><\/td>\n<\/tr>\n<tr style=\"vertical-align: top; background-color: #dbd9d9;\">\n<td style=\"text-align: center;\"><strong>DNF<\/strong><\/td>\n<td class=\"nomobile\" style=\"text-align: center;\">523<\/td>\n<td class=\"nomobile\" style=\"text-align: center;\"><span style=\"font-size: 8pt;\"><a href=\"\/index.php\/w2rc\/w2rc-2023\/\"><span style=\"color: #ee8027;\">W2RC<\/span><\/a><\/span><\/td>\n<td><strong>Albert Llovera<\/strong><br \/>\n<strong>Margot Llobera<\/strong><br \/>\n<strong>Petr Vojkovsk\u00fd<\/strong><\/td>\n<td>Ford Cargo 4\u00d74<\/td>\n<td class=\"nomobile\">Fesh Fesh Team<\/td>\n<td style=\"text-align: right; padding-right: 15px;\"><\/td>\n<\/tr>\n<tr style=\"vertical-align: top; background-color: #f2f2f2;\">\n<td style=\"text-align: center;\"><strong>DNF<\/strong><\/td>\n<td class=\"nomobile\" style=\"text-align: center;\">524<\/td>\n<td class=\"nomobile\" style=\"text-align: center;\"><\/td>\n<td><strong>Umberto Fiori<\/strong><br \/>\n<strong>Dario de Lorenzo<\/strong><br \/>\n<strong>Aldo de Lorenzo<\/strong><\/td>\n<td>MAN 4\u00d74<\/td>\n<td class=\"nomobile\">TH-Trucks Team<\/td>\n<td style=\"text-align: right; padding-right: 15px;\"><\/td>\n<\/tr>\n<tr style=\"vertical-align: top; background-color: #dbd9d9;\">\n<td style=\"text-align: center;\"><strong>DNF<\/strong><\/td>\n<td class=\"nomobile\" style=\"text-align: center;\">525<\/td>\n<td class=\"nomobile\" style=\"text-align: center;\"><\/td>\n<td><strong>Alberto Herrero<\/strong><br \/>\n<strong>Susana Hernando<\/strong><br \/>\n<strong>Mario Rodriguez<\/strong><\/td>\n<td>Scania 4\u00d74<\/td>\n<td class=\"nomobile\">TH-Trucks Team<\/td>\n<td style=\"text-align: right; padding-right: 15px;\"><\/td>\n<\/tr>\n<tr style=\"vertical-align: top; background-color: #f2f2f2;\">\n<td style=\"text-align: center;\"><strong>DNF<\/strong><\/td>\n<td class=\"nomobile\" style=\"text-align: center;\">527<\/td>\n<td class=\"nomobile\" style=\"text-align: center;\"><\/td>\n<td><strong>Rafael Tibau<\/strong><br \/>\n<strong>Arnald Bastida<\/strong><br \/>\n<strong>Jordi Esteve<\/strong><\/td>\n<td>Scania DAF<\/td>\n<td class=\"nomobile\">TH-Trucks Team<\/td>\n<td style=\"text-align: right; padding-right: 15px;\"><\/td>\n<\/tr>\n<tr style=\"vertical-align: top; background-color: #dbd9d9;\">\n<td style=\"text-align: center;\"><strong>DNF<\/strong><\/td>\n<td class=\"nomobile\" style=\"text-align: center;\">528<\/td>\n<td class=\"nomobile\" style=\"text-align: center;\"><\/td>\n<td><strong>Nico Stijnen<\/strong><br \/>\n<strong>Joel Ebbers<\/strong><br \/>\n<strong>Christiaan van der Haar<\/strong><\/td>\n<td>Iveco Trakker<\/td>\n<td class=\"nomobile\">Eurol Rally Sport<\/td>\n<td style=\"text-align: right; padding-right: 15px;\"><\/td>\n<\/tr>\n<tr style=\"vertical-align: top; background-color: #f2f2f2;\">\n<td style=\"text-align: center;\"><strong>DNF<\/strong><\/td>\n<td class=\"nomobile\" style=\"text-align: center;\">530<\/td>\n<td class=\"nomobile\" style=\"text-align: center;\"><\/td>\n<td><strong>Mikl\u00f3s Kov\u00e1cs<\/strong><br \/>\n<strong>P\u00e9ter Czegl\u00e9di<\/strong><br \/>\n<strong>L\u00e1szl\u00f3 \u00c1cs<\/strong><\/td>\n<td>Scania Qualisport Hyena<\/td>\n<td class=\"nomobile\">Qualisport Racing<\/td>\n<td style=\"text-align: right; padding-right: 15px;\"><\/td>\n<\/tr>\n<tr style=\"vertical-align: top; background-color: #dbd9d9;\">\n<td style=\"text-align: center;\"><strong>DNF<\/strong><\/td>\n<td class=\"nomobile\" style=\"text-align: center;\">533<\/td>\n<td class=\"nomobile\" style=\"text-align: center;\"><\/td>\n<td><strong>William van Groningen<\/strong><br \/>\n<strong>Wesley van Groningen<\/strong><br \/>\n<strong>Marco van Oevern<\/strong><\/td>\n<td>Iveco NG3\/BA 03<\/td>\n<td class=\"nomobile\">Dust Warriors<\/td>\n<td style=\"text-align: right; padding-right: 15px;\"><\/td>\n<\/tr>\n<tr style=\"vertical-align: top; background-color: #f2f2f2;\">\n<td style=\"text-align: center;\"><strong>DNF<\/strong><\/td>\n<td class=\"nomobile\" style=\"text-align: center;\">535<\/td>\n<td class=\"nomobile\" style=\"text-align: center;\"><\/td>\n<td><strong>Michael Baumann<\/strong><br \/>\n<strong>Philipp Beier<\/strong><br \/>\n<strong>Sebastian Lindner<\/strong><\/td>\n<td>MAN TGA11<\/td>\n<td class=\"nomobile\">Q Motorsport Team<\/td>\n<td style=\"text-align: right; padding-right: 15px;\"><\/td>\n<\/tr>\n<tr style=\"vertical-align: top; background-color: #dbd9d9;\">\n<td style=\"text-align: center;\"><strong>DNF<\/strong><\/td>\n<td class=\"nomobile\" style=\"text-align: center;\">537<\/td>\n<td class=\"nomobile\" style=\"text-align: center;\"><\/td>\n<td><strong>Sylvain Besnard<\/strong><br \/>\n<strong>Nicolas Falloux<\/strong><br \/>\n<strong>Sylvain Laliche<\/strong><\/td>\n<td>Renault TGA11<\/td>\n<td class=\"nomobile\">Toyota Auto Body<\/td>\n<td style=\"text-align: right; padding-right: 15px;\"><\/td>\n<\/tr>\n<tr style=\"vertical-align: top; background-color: #f2f2f2;\">\n<td style=\"text-align: center;\"><strong>DNF<\/strong><\/td>\n<td class=\"nomobile\" style=\"text-align: center;\">539<\/td>\n<td class=\"nomobile\" style=\"text-align: center;\"><\/td>\n<td><strong>Dave Berghmans<\/strong><br \/>\n<strong>Samuel Koopmann<\/strong><br \/>\n<strong>Tom Geuens<\/strong><\/td>\n<td>Iveco Trakker<\/td>\n<td class=\"nomobile\">Overdrive Racing<\/td>\n<td style=\"text-align: right; padding-right: 15px;\"><\/td>\n<\/tr>\n<tr style=\"vertical-align: top; background-color: #dbd9d9;\">\n<td style=\"text-align: center;\"><strong>DNF<\/strong><\/td>\n<td class=\"nomobile\" style=\"text-align: center;\">540<\/td>\n<td class=\"nomobile\" style=\"text-align: center;\"><\/td>\n<td><strong>Richard Gonzalez<\/strong><br \/>\n<strong>Franck Maldonado<\/strong><br \/>\n<strong>Guillaume Gonzalez<\/strong><\/td>\n<td>DAF<\/td>\n<td class=\"nomobile\">Sodicars Racing<\/td>\n<td style=\"text-align: right; padding-right: 15px;\"><\/td>\n<\/tr>\n<tr style=\"vertical-align: top; background-color: #f2f2f2;\">\n<td style=\"text-align: center;\"><strong>DNF<\/strong><\/td>\n<td class=\"nomobile\" style=\"text-align: center;\">541<\/td>\n<td class=\"nomobile\" style=\"text-align: center;\"><\/td>\n<td><strong>Jose Sabate<\/strong><br \/>\n<strong>Jordi Montaner<\/strong><br \/>\n<strong>Pol Tibau<\/strong><\/td>\n<td>MAN TGA 26.480<\/td>\n<td class=\"nomobile\">Bahrain Raid Xtreme<\/td>\n<td style=\"text-align: right; padding-right: 15px;\"><\/td>\n<\/tr>\n<tr style=\"vertical-align: top; background-color: #dbd9d9;\">\n<td style=\"text-align: center;\"><strong>DNF<\/strong><\/td>\n<td class=\"nomobile\" style=\"text-align: center;\">542<\/td>\n<td class=\"nomobile\" style=\"text-align: center;\"><\/td>\n<td><strong>Du\u0161an Rand\u00fdsek<\/strong><br \/>\n<strong>Jo\u00ebl Darboure<\/strong><br \/>\n<strong>Anthony Robineau<\/strong><\/td>\n<td>MAN 18.480 TGA<\/td>\n<td class=\"nomobile\">Team SSP<\/td>\n<td style=\"text-align: right; padding-right: 15px;\"><\/td>\n<\/tr>\n<tr style=\"vertical-align: top; background-color: #f2f2f2;\">\n<td style=\"text-align: center;\"><strong>DNF<\/strong><\/td>\n<td class=\"nomobile\" style=\"text-align: center;\">543<\/td>\n<td class=\"nomobile\" style=\"text-align: center;\"><\/td>\n<td><strong>Alejandro Aguirregaviria<\/strong><br \/>\n<strong>Francesc Salisi<\/strong><br \/>\n<strong>Jordi Perera<\/strong><\/td>\n<td>Mercedes-Benz 1844 AK 4\u00d74<\/td>\n<td class=\"nomobile\">FN Speed Team<\/td>\n<td style=\"text-align: right; padding-right: 15px;\"><\/td>\n<\/tr>\n<tr style=\"vertical-align: top; background-color: #dbd9d9;\">\n<td style=\"text-align: center;\"><strong>DNF<\/strong><\/td>\n<td class=\"nomobile\" style=\"text-align: center;\">544<\/td>\n<td class=\"nomobile\" style=\"text-align: center;\"><\/td>\n<td><strong>Jordi Obiols<\/strong><br \/>\n<strong>Xavier Moreau<\/strong><br \/>\n<strong>Claudio Gianformaggio<\/strong><\/td>\n<td>Mercedes Axor 1936<\/td>\n<td class=\"nomobile\">Pedreg\u00e0 Team<\/td>\n<td style=\"text-align: right; padding-right: 15px;\"><\/td>\n<\/tr>\n<tr style=\"vertical-align: top; background-color: #f2f2f2;\">\n<td style=\"text-align: center;\"><strong>DNF<\/strong><\/td>\n<td class=\"nomobile\" style=\"text-align: center;\">545<\/td>\n<td class=\"nomobile\" style=\"text-align: center;\"><\/td>\n<td><strong>Cesare Rickler<\/strong><br \/>\n<strong>Oscar Bravo<\/strong><\/td>\n<td>MAN TGS<\/td>\n<td class=\"nomobile\">R Team<\/td>\n<td style=\"text-align: right; padding-right: 15px;\"><\/td>\n<\/tr>\n<tr style=\"vertical-align: top; background-color: #dbd9d9;\">\n<td style=\"text-align: center;\"><strong>DNF<\/strong><\/td>\n<td class=\"nomobile\" style=\"text-align: center;\">546<\/td>\n<td class=\"nomobile\" style=\"text-align: center;\"><\/td>\n<td><strong>Stefan Henken<\/strong><br \/>\n<strong>Philipp Rettig<\/strong><br \/>\n<strong>Michael Helminger<\/strong><\/td>\n<td>MAN TGS 18.480<\/td>\n<td class=\"nomobile\">South Racing Service<\/td>\n<td style=\"text-align: right; padding-right: 15px;\"><\/td>\n<\/tr>\n<tr style=\"vertical-align: top; background-color: #f2f2f2;\">\n<td style=\"text-align: center;\"><strong>DNF<\/strong><\/td>\n<td class=\"nomobile\" style=\"text-align: center;\">547<\/td>\n<td class=\"nomobile\" style=\"text-align: center;\"><\/td>\n<td><strong>Zsolt Dar\u00e1zsi<\/strong><br \/>\n<strong>Pierre Calmon<\/strong><br \/>\n<strong>\u013dubom\u00edr Pal\u010do<\/strong><\/td>\n<td>MAN 18.480 TGA<\/td>\n<td class=\"nomobile\">Team SSP<\/td>\n<td style=\"text-align: right; padding-right: 15px;\"><\/td>\n<\/tr>\n<tr style=\"vertical-align: top; background-color: #dbd9d9;\">\n<td style=\"text-align: center;\"><strong>DNF<\/strong><\/td>\n<td class=\"nomobile\" style=\"text-align: center;\">548<\/td>\n<td class=\"nomobile\" style=\"text-align: center;\"><\/td>\n<td><strong>Tariq Saleh Al Rammah<\/strong><br \/>\n<strong>Samir Benbekhti<\/strong><br \/>\n<strong>Ramzi Osmani<\/strong><\/td>\n<td>Volvo 2018<\/td>\n<td class=\"nomobile\">STA<\/td>\n<td style=\"text-align: right; padding-right: 15px;\"><\/td>\n<\/tr>\n<tr style=\"vertical-align: top; background-color: #f2f2f2;\">\n<td style=\"text-align: center;\"><strong>DNF<\/strong><\/td>\n<td class=\"nomobile\" style=\"text-align: center;\">549<\/td>\n<td class=\"nomobile\" style=\"text-align: center;\"><\/td>\n<td><strong>Francisco Jacoste<\/strong><br \/>\n<strong>Juan Silva<\/strong><br \/>\n<strong>Jose Fontdevila<\/strong><\/td>\n<td>MAN TGA<\/td>\n<td class=\"nomobile\">Astara Team<\/td>\n<td style=\"text-align: right; padding-right: 15px;\"><\/td>\n<\/tr>\n<tr style=\"vertical-align: top; background-color: #dbd9d9;\">\n<td style=\"text-align: center;\"><strong>DNF<\/strong><\/td>\n<td class=\"nomobile\" style=\"text-align: center;\">550<\/td>\n<td class=\"nomobile\" style=\"text-align: center;\"><\/td>\n<td><strong>Ahmed Benbekhti<\/strong><br \/>\n<strong>Bruno Seillet<\/strong><br \/>\n<strong>Mickael Fauvel<\/strong><\/td>\n<td>MAN TGS<\/td>\n<td class=\"nomobile\">STA Comp\u00e9tition<\/td>\n<td style=\"text-align: right; padding-right: 15px;\"><\/td>\n<\/tr>\n<tr style=\"vertical-align: top; background-color: #f2f2f2;\">\n<td style=\"text-align: center;\"><strong>DNF<\/strong><\/td>\n<td class=\"nomobile\" style=\"text-align: center;\">551<\/td>\n<td class=\"nomobile\" style=\"text-align: center;\"><\/td>\n<td><strong>Jean-Fran\u00e7ois Cazeres<\/strong><br \/>\n<strong>Jean-Bernard Arette<\/strong><br \/>\n<strong>David Herlaut<\/strong><\/td>\n<td>DAF 75CF<\/td>\n<td class=\"nomobile\">Overdrive Racing<\/td>\n<td style=\"text-align: right; padding-right: 15px;\"><\/td>\n<\/tr>\n<tr style=\"vertical-align: top; background-color: #dbd9d9;\">\n<td style=\"text-align: center;\"><strong>DNF<\/strong><\/td>\n<td class=\"nomobile\" style=\"text-align: center;\">552<\/td>\n<td class=\"nomobile\" style=\"text-align: center;\"><\/td>\n<td><strong>David Giovannetti<\/strong><br \/>\n<strong>Renato Delmastro<\/strong><br \/>\n<strong>Paco Fernandez<\/strong><\/td>\n<td>MAN 18.285 LAK<\/td>\n<td class=\"nomobile\">Xtreme Plus Polaris Factory Team<\/td>\n<td style=\"text-align: right; padding-right: 15px;\"><\/td>\n<\/tr>\n<tr style=\"vertical-align: top; background-color: #f2f2f2;\">\n<td style=\"text-align: center;\"><strong>DNF<\/strong><\/td>\n<td class=\"nomobile\" style=\"text-align: center;\">553<\/td>\n<td class=\"nomobile\" style=\"text-align: center;\"><\/td>\n<td><strong>S\u00e9bastien Fargeas<\/strong><br \/>\n<strong>Armando Loureiro<\/strong><br \/>\n<strong>Luc Fertin<\/strong><\/td>\n<td>MAN TGA<\/td>\n<td class=\"nomobile\">Team Boucou<\/td>\n<td style=\"text-align: right; padding-right: 15px;\"><\/td>\n<\/tr>\n<tr style=\"vertical-align: top; background-color: #dbd9d9;\">\n<td style=\"text-align: center;\"><strong>DNF<\/strong><\/td>\n<td class=\"nomobile\" style=\"text-align: center;\">554<\/td>\n<td class=\"nomobile\" style=\"text-align: center;\"><\/td>\n<td><strong>Philippe Perry<\/strong><br \/>\n<strong>Philippe Pedeche<\/strong><\/td>\n<td>Renault Kerax<\/td>\n<td class=\"nomobile\">Team Boucou<\/td>\n<td style=\"text-align: right; padding-right: 15px;\"><\/td>\n<\/tr>\n<tr style=\"vertical-align: top; background-color: #f2f2f2;\">\n<td style=\"text-align: center;\"><strong>DNF<\/strong><\/td>\n<td class=\"nomobile\" style=\"text-align: center;\">555<\/td>\n<td class=\"nomobile\" style=\"text-align: center;\"><\/td>\n<td><strong>Giso Verschoor<\/strong><br \/>\n<strong>Laurent Lalanne<\/strong><br \/>\n<strong>Edwin van der Vegt<\/strong><\/td>\n<td>MAN TGA<\/td>\n<td class=\"nomobile\">Team SSP<\/td>\n<td style=\"text-align: right; padding-right: 15px;\"><\/td>\n<\/tr>\n<tr style=\"background-color: #808080; color: white;\">\n<td style=\"text-align: left;\" colspan=\"7\"><span style=\"font-size: 8pt;\">V kategorii kamion\u016f odstartovalo 54 vozidel, v c\u00edli klasifikov\u00e1no 21.<\/span><\/td>\n<\/tr>\n<\/tbody>\n<\/table>\n<p>[\/vc_column_text][\/vc_column_inner][\/vc_row_inner][\/vc_tta_section][vc_tta_section title=&#8221;Moto&#8221; tab_id=&#8221;moto&#8221;][vc_row_inner][vc_column_inner][vc_column_text css_animation=&#8221;fadeIn&#8221;]<\/p>\n<table style=\"width: 97.7654%;\" rules=\"rows\" cellpadding=\"4px\">\n<tbody>\n<tr style=\"background-color: #808080; color: white;\">\n<td style=\"text-align: center;\" colspan=\"8\"><span style=\"font-size: 12pt;\"><strong>RALLY DAKAR 2023<br \/>\nKATEGORIE MOTOCYKL\u016e<br \/>\nkone\u010dn\u00e9 v\u00fdsledky<\/strong><\/span><\/td>\n<\/tr>\n<tr style=\"vertical-align: top; background-color: #dbd9d9;\">\n<td style=\"text-align: center;\"><strong>1.<\/strong><\/td>\n<td class=\"nomobile\" style=\"text-align: center;\">47<\/td>\n<td class=\"nomobile\" style=\"text-align: center;\"><span style=\"font-size: 8pt;\">RallyGP<\/span><\/td>\n<td class=\"nomobile\" style=\"text-align: center;\"><span style=\"font-size: 8pt;\"><a href=\"\/index.php\/w2rc\/w2rc-2023\/\"><span style=\"color: #ee8027;\">W2RC<\/span><\/a><\/span><\/td>\n<td><a href=\"\/index.php\/osobnosti\/kevin-benavides\/\"><span style=\"color: #ee8027;\"><strong>Kevin Benavides<\/strong><\/span><\/a><\/td>\n<td>KTM 450 Rally<\/td>\n<td class=\"nomobile\">Red Bull KTM Factory Racing<\/td>\n<td style=\"text-align: right; padding-right: 15px;\"><strong>44:27:20<\/strong><\/td>\n<\/tr>\n<tr style=\"vertical-align: top; background-color: #f2f2f2;\">\n<td style=\"text-align: center;\"><strong>2.<\/strong><\/td>\n<td class=\"nomobile\" style=\"text-align: center;\">8<\/td>\n<td class=\"nomobile\" style=\"text-align: center;\"><span style=\"font-size: 8pt;\">RallyGP<\/span><\/td>\n<td class=\"nomobile\" style=\"text-align: center;\"><span style=\"font-size: 8pt;\"><a href=\"\/index.php\/w2rc\/w2rc-2023\/\"><span style=\"color: #ee8027;\">W2RC<\/span><\/a><\/span><\/td>\n<td><strong><a href=\"\/index.php\/osobnosti\/toby-price\/\"><span style=\"color: #ee8027;\">Toby Price<\/span><\/a><\/strong><\/td>\n<td>KTM 450 Rally<\/td>\n<td class=\"nomobile\">Red Bull KTM Factory Racing<\/td>\n<td style=\"text-align: right; padding-right: 15px;\"><strong>+43<\/strong><\/td>\n<\/tr>\n<tr style=\"vertical-align: top; background-color: #dbd9d9;\">\n<td style=\"text-align: center;\"><strong>3.<\/strong><\/td>\n<td class=\"nomobile\" style=\"text-align: center;\">10<\/td>\n<td class=\"nomobile\" style=\"text-align: center;\"><span style=\"font-size: 8pt;\">RallyGP<\/span><\/td>\n<td class=\"nomobile\" style=\"text-align: center;\"><span style=\"font-size: 8pt;\"><a href=\"\/index.php\/w2rc\/w2rc-2023\/\"><span style=\"color: #ee8027;\">W2RC<\/span><\/a><\/span><\/td>\n<td><a href=\"\/index.php\/osobnosti\/skyler-howes\/\"><span style=\"color: #ee8027;\"><strong>Skyler Howes<\/strong><\/span><\/a><\/td>\n<td>Husqvarna FR 450 Rally<\/td>\n<td class=\"nomobile\">Husqvarna Factory Racing<\/td>\n<td style=\"text-align: right; padding-right: 15px;\"><strong>+5:04<\/strong><\/td>\n<\/tr>\n<tr style=\"vertical-align: top; background-color: #f2f2f2;\">\n<td style=\"text-align: center;\"><strong>4.<\/strong><\/td>\n<td class=\"nomobile\" style=\"text-align: center;\">7<\/td>\n<td class=\"nomobile\" style=\"text-align: center;\"><span style=\"font-size: 8pt;\">RallyGP<\/span><\/td>\n<td class=\"nomobile\" style=\"text-align: center;\"><span style=\"font-size: 8pt;\"><a href=\"\/index.php\/w2rc\/w2rc-2023\/\"><span style=\"color: #ee8027;\">W2RC<\/span><\/a><\/span><\/td>\n<td><a href=\"\/index.php\/osobnosti\/pablo-quintanilla\/\"><span style=\"color: #ee8027;\"><strong>Pablo Quintanilla<\/strong><\/span><\/a><\/td>\n<td>Honda CRF450 Rally<\/td>\n<td class=\"nomobile\">Monster Energy Honda Team<\/td>\n<td style=\"text-align: right; padding-right: 15px;\"><strong>+19:02<\/strong><\/td>\n<\/tr>\n<tr style=\"vertical-align: top; background-color: #dbd9d9;\">\n<td style=\"text-align: center;\"><strong>5.<\/strong><\/td>\n<td class=\"nomobile\" style=\"text-align: center;\">42<\/td>\n<td class=\"nomobile\" style=\"text-align: center;\"><span style=\"font-size: 8pt;\">RallyGP<\/span><\/td>\n<td class=\"nomobile\" style=\"text-align: center;\"><span style=\"font-size: 8pt;\"><a href=\"\/index.php\/w2rc\/w2rc-2023\/\"><span style=\"color: #ee8027;\">W2RC<\/span><\/a><\/span><\/td>\n<td><strong><a href=\"\/index.php\/osobnosti\/adrien-van-beveren\/\"><span style=\"color: #ee8027;\">Adrien Van Beveren<\/span><\/a><\/strong><\/td>\n<td>Honda CRF450 Rally<\/td>\n<td class=\"nomobile\">Monster Energy Honda Team<\/td>\n<td style=\"text-align: right; padding-right: 15px;\"><strong>+20:30<\/strong><\/td>\n<\/tr>\n<tr style=\"vertical-align: top; background-color: #f2f2f2;\">\n<td style=\"text-align: center;\"><strong>6.<\/strong><\/td>\n<td class=\"nomobile\" style=\"text-align: center;\">77<\/td>\n<td class=\"nomobile\" style=\"text-align: center;\"><span style=\"font-size: 8pt;\">RallyGP<\/span><\/td>\n<td class=\"nomobile\" style=\"text-align: center;\"><span style=\"font-size: 8pt;\"><a href=\"\/index.php\/w2rc\/w2rc-2023\/\"><span style=\"color: #ee8027;\">W2RC<\/span><\/a><\/span><\/td>\n<td><strong><a href=\"\/index.php\/osobnosti\/luciano-benavides\/\"><span style=\"color: #ee8027;\">Luciano Benavides<\/span><\/a><\/strong><\/td>\n<td>Husqvarna FR 450 Rally<\/td>\n<td class=\"nomobile\">Husqvarna Factory Racing<\/td>\n<td style=\"text-align: right; padding-right: 15px;\"><strong>+22:42<\/strong><\/td>\n<\/tr>\n<tr style=\"vertical-align: top; background-color: #dbd9d9;\">\n<td style=\"text-align: center;\"><strong>7.<\/strong><\/td>\n<td class=\"nomobile\" style=\"text-align: center;\">18<\/td>\n<td class=\"nomobile\" style=\"text-align: center;\"><span style=\"font-size: 8pt;\">RallyGP<\/span><\/td>\n<td class=\"nomobile\" style=\"text-align: center;\"><span style=\"font-size: 8pt;\"><a href=\"\/index.php\/w2rc\/w2rc-2023\/\"><span style=\"color: #ee8027;\">W2RC<\/span><\/a><\/span><\/td>\n<td><strong><a href=\"\/index.php\/osobnosti\/daniel-sanders\/\"><span style=\"color: #ee8027;\">Daniel Sanders<\/span><\/a><\/strong><\/td>\n<td>GasGas RX 450F<\/td>\n<td class=\"nomobile\">Red Bull GasGas Factory Racing<\/td>\n<td style=\"text-align: right; padding-right: 15px;\"><strong>+25:57<\/strong><\/td>\n<\/tr>\n<tr style=\"vertical-align: top; background-color: #f2f2f2;\">\n<td style=\"text-align: center;\"><strong>8.<\/strong><\/td>\n<td class=\"nomobile\" style=\"text-align: center;\">11<\/td>\n<td class=\"nomobile\" style=\"text-align: center;\"><span style=\"font-size: 8pt;\">RallyGP<\/span><\/td>\n<td class=\"nomobile\" style=\"text-align: center;\"><span style=\"font-size: 8pt;\"><a href=\"\/index.php\/w2rc\/w2rc-2023\/\"><span style=\"color: #ee8027;\">W2RC<\/span><\/a><\/span><\/td>\n<td><strong><a href=\"\/index.php\/osobnosti\/nacho-cornejo\/\"><span style=\"color: #ee8027;\">Nacho Cornejo<\/span><\/a><\/strong><\/td>\n<td>Honda CRF450 Rally<\/td>\n<td class=\"nomobile\">Monster Energy Honda Team<\/td>\n<td style=\"text-align: right; padding-right: 15px;\"><strong>+51:21<\/strong><\/td>\n<\/tr>\n<tr style=\"vertical-align: top; background-color: #dbd9d9;\">\n<td style=\"text-align: center;\"><strong>9.<\/strong><\/td>\n<td class=\"nomobile\" style=\"text-align: center;\">15<\/td>\n<td class=\"nomobile\" style=\"text-align: center;\"><span style=\"font-size: 8pt;\">RallyGP<\/span><\/td>\n<td class=\"nomobile\" style=\"text-align: center;\"><\/td>\n<td><a href=\"\/index.php\/osobnosti\/lorenzo-santolino\/\"><span style=\"color: #ee8027;\"><strong>Lorenzo Santolino<\/strong><\/span><\/a><\/td>\n<td>Sherco 450 SEF Rally<\/td>\n<td class=\"nomobile\">Sherco Rally Factory Team<\/td>\n<td style=\"text-align: right; padding-right: 15px;\"><strong>+1:17:53<\/strong><\/td>\n<\/tr>\n<tr style=\"vertical-align: top; background-color: #f2f2f2;\">\n<td style=\"text-align: center;\"><strong>10.<\/strong><\/td>\n<td class=\"nomobile\" style=\"text-align: center;\">33<\/td>\n<td class=\"nomobile\" style=\"text-align: center;\"><span style=\"font-size: 8pt;\">RallyGP<\/span><\/td>\n<td class=\"nomobile\" style=\"text-align: center;\"><span style=\"font-size: 8pt;\"><a href=\"\/index.php\/w2rc\/w2rc-2023\/\"><span style=\"color: #ee8027;\">W2RC<\/span><\/a><\/span><\/td>\n<td><strong><a href=\"\/index.php\/osobnosti\/franco-caimi\/\"><span style=\"color: #ee8027;\">Franco Caimi<\/span><\/a><\/strong><\/td>\n<td>Hero 450 Rally<\/td>\n<td class=\"nomobile\">Hero MotoSports Team Rally<\/td>\n<td style=\"text-align: right; padding-right: 15px;\"><strong>+1:38:04<\/strong><\/td>\n<\/tr>\n<tr style=\"vertical-align: top; background-color: #dbd9d9;\">\n<td style=\"text-align: center;\"><strong>11.<\/strong><\/td>\n<td class=\"nomobile\" style=\"text-align: center;\">12<\/td>\n<td class=\"nomobile\" style=\"text-align: center;\"><span style=\"font-size: 8pt;\">RallyGP<\/span><\/td>\n<td class=\"nomobile\" style=\"text-align: center;\"><\/td>\n<td><strong><a href=\"\/index.php\/osobnosti\/martin-michek\/\"><span style=\"color: #ee8027;\">Martin Michek<\/span><\/a><\/strong><\/td>\n<td>KTM 450 Rally<\/td>\n<td class=\"nomobile\">Orion &#8211; Moto Racing Group<\/td>\n<td style=\"text-align: right; padding-right: 15px;\"><strong>+1:42:24<\/strong><\/td>\n<\/tr>\n<tr style=\"vertical-align: top; background-color: #f2f2f2;\">\n<td style=\"text-align: center;\"><strong>12.<\/strong><\/td>\n<td class=\"nomobile\" style=\"text-align: center;\">142<\/td>\n<td class=\"nomobile\" style=\"text-align: center;\"><span style=\"font-size: 8pt;\">RallyGP<\/span><\/td>\n<td class=\"nomobile\" style=\"text-align: center;\"><\/td>\n<td><strong><a href=\"\/index.php\/osobnosti\/stefan-svitko\/\"><span style=\"color: #ee8027;\">\u0160tefan Svitko<\/span><\/a><\/strong><\/td>\n<td>KTM 450 Rally<\/td>\n<td class=\"nomobile\">Slovnaft Rally Team<\/td>\n<td style=\"text-align: right; padding-right: 15px;\"><strong>+1:50:42<\/strong><\/td>\n<\/tr>\n<tr style=\"vertical-align: top; background-color: #dbd9d9;\">\n<td style=\"text-align: center;\"><strong>13.<\/strong><\/td>\n<td class=\"nomobile\" style=\"text-align: center;\">68<\/td>\n<td class=\"nomobile\" style=\"text-align: center;\"><span style=\"font-size: 8pt;\">RallyGP<\/span><\/td>\n<td class=\"nomobile\" style=\"text-align: center;\"><\/td>\n<td><a href=\"\/index.php\/osobnosti\/tosha-schareina\/\"><span style=\"color: #ee8027;\"><strong>Tosha Schareina<\/strong><\/span><\/a><\/td>\n<td>GasGas RX 450F<\/td>\n<td class=\"nomobile\">GasGas Aspar \/ BAS World KTM Racing Team<\/td>\n<td style=\"text-align: right; padding-right: 15px;\"><strong>+1:54:46<\/strong><\/td>\n<\/tr>\n<tr style=\"vertical-align: top; background-color: #f2f2f2;\">\n<td style=\"text-align: center;\"><strong>14.<\/strong><\/td>\n<td class=\"nomobile\" style=\"text-align: center;\">17<\/td>\n<td class=\"nomobile\" style=\"text-align: center;\"><span style=\"font-size: 8pt;\">Rally2<\/span><\/td>\n<td class=\"nomobile\" style=\"text-align: center;\"><span style=\"font-size: 8pt;\"><a href=\"\/index.php\/w2rc\/w2rc-2023\/\"><span style=\"color: #ee8027;\">W2RC<\/span><\/a><\/span><\/td>\n<td><a href=\"\/index.php\/osobnosti\/romain-dumontier\/\"><span style=\"color: #ee8027;\"><strong>Romain Dumontier<\/strong><\/span><\/a><\/td>\n<td>Husqvarna FR 450 Rally<\/td>\n<td class=\"nomobile\">HT Rally Raid Husqvarna Racing<\/td>\n<td style=\"text-align: right; padding-right: 15px;\"><strong>+2:04:24<\/strong><\/td>\n<\/tr>\n<tr style=\"vertical-align: top; background-color: #dbd9d9;\">\n<td style=\"text-align: center;\"><strong>15.<\/strong><\/td>\n<td class=\"nomobile\" style=\"text-align: center;\">46<\/td>\n<td class=\"nomobile\" style=\"text-align: center;\"><span style=\"font-size: 8pt;\">Rally2<\/span><\/td>\n<td class=\"nomobile\" style=\"text-align: center;\"><span style=\"font-size: 8pt;\"><a href=\"\/index.php\/w2rc\/w2rc-2023\/\"><span style=\"color: #ee8027;\">W2RC<\/span><\/a><\/span><\/td>\n<td><strong><a href=\"\/index.php\/osobnosti\/paolo-lucci\/\"><span style=\"color: #ee8027;\">Paolo Lucci<\/span><\/a><\/strong><\/td>\n<td>KTM 450 Rally<\/td>\n<td class=\"nomobile\">BAS World KTM Racing Team<\/td>\n<td style=\"text-align: right; padding-right: 15px;\"><strong>+2:36:38<\/strong><\/td>\n<\/tr>\n<tr style=\"vertical-align: top; background-color: #f2f2f2;\">\n<td style=\"text-align: center;\"><strong>16.<\/strong><\/td>\n<td class=\"nomobile\" style=\"text-align: center;\">111<\/td>\n<td class=\"nomobile\" style=\"text-align: center;\"><span style=\"font-size: 8pt;\">Rally2<\/span><\/td>\n<td class=\"nomobile\" style=\"text-align: center;\"><span style=\"font-size: 8pt;\"><a href=\"\/index.php\/w2rc\/w2rc-2023\/\"><span style=\"color: #ee8027;\">W2RC<\/span><\/a><\/span><\/td>\n<td><strong>Michael Docherty<\/strong><\/td>\n<td>Husqvarna FR 450 Rally<\/td>\n<td class=\"nomobile\">HT Rally Raid Husqvarna Racing<\/td>\n<td style=\"text-align: right; padding-right: 15px;\"><strong>+3:21:07<\/strong><\/td>\n<\/tr>\n<tr style=\"vertical-align: top; background-color: #dbd9d9;\">\n<td style=\"text-align: center;\"><strong>17.<\/strong><\/td>\n<td class=\"nomobile\" style=\"text-align: center;\">76<\/td>\n<td class=\"nomobile\" style=\"text-align: center;\"><span style=\"font-size: 8pt;\">Rally2<\/span><\/td>\n<td class=\"nomobile\" style=\"text-align: center;\"><span style=\"font-size: 8pt;\"><a href=\"\/index.php\/w2rc\/w2rc-2023\/\"><span style=\"color: #ee8027;\">W2RC<\/span><\/a><\/span><\/td>\n<td><strong>Jean-Loup Lepan<\/strong><\/td>\n<td>KTM 450 Rally<\/td>\n<td class=\"nomobile\">Nomade Racing<\/td>\n<td style=\"text-align: right; padding-right: 15px;\"><strong>+3:37:11<\/strong><\/td>\n<\/tr>\n<tr style=\"vertical-align: top; background-color: #f2f2f2;\">\n<td style=\"text-align: center;\"><strong>18.<\/strong><\/td>\n<td class=\"nomobile\" style=\"text-align: center;\">114<\/td>\n<td class=\"nomobile\" style=\"text-align: center;\"><span style=\"font-size: 8pt;\">Rally2<\/span><\/td>\n<td class=\"nomobile\" style=\"text-align: center;\"><\/td>\n<td><strong>Neels Theric<\/strong><\/td>\n<td>GasGas RX 450F<\/td>\n<td class=\"nomobile\">RS Concept<\/td>\n<td style=\"text-align: right; padding-right: 15px;\"><strong>+4:09:45<\/strong><\/td>\n<\/tr>\n<tr style=\"vertical-align: top; background-color: #dbd9d9;\">\n<td style=\"text-align: center;\"><strong>19.<\/strong><\/td>\n<td class=\"nomobile\" style=\"text-align: center;\">83<\/td>\n<td class=\"nomobile\" style=\"text-align: center;\"><span style=\"font-size: 8pt;\">Rally2<\/span><\/td>\n<td class=\"nomobile\" style=\"text-align: center;\"><\/td>\n<td><strong>Julien Jagu<\/strong><\/td>\n<td>KTM 450 Rally<\/td>\n<td class=\"nomobile\">LG Rally Team<\/td>\n<td style=\"text-align: right; padding-right: 15px;\"><strong>+4:10:56<\/strong><\/td>\n<\/tr>\n<tr style=\"vertical-align: top; background-color: #f2f2f2;\">\n<td style=\"text-align: center;\"><strong>20.<\/strong><\/td>\n<td class=\"nomobile\" style=\"text-align: center;\">14<\/td>\n<td class=\"nomobile\" style=\"text-align: center;\"><span style=\"font-size: 8pt;\">RallyGP<\/span><\/td>\n<td class=\"nomobile\" style=\"text-align: center;\"><span style=\"font-size: 8pt;\"><a href=\"\/index.php\/w2rc\/w2rc-2023\/\"><span style=\"color: #ee8027;\">W2RC<\/span><\/a><\/span><\/td>\n<td><a href=\"\/index.php\/osobnosti\/sebastian-buhler\/\"><span style=\"color: #ee8027;\"><strong>Sebastian B\u00fchler<\/strong><\/span><\/a><\/td>\n<td>Hero 450 Rally<\/td>\n<td class=\"nomobile\">Hero MotoSports Team Rally<\/td>\n<td style=\"text-align: right; padding-right: 15px;\"><strong>+4:15:13<\/strong><\/td>\n<\/tr>\n<tr style=\"vertical-align: top; background-color: #dbd9d9;\">\n<td style=\"text-align: center;\"><strong>21.<\/strong><\/td>\n<td class=\"nomobile\" style=\"text-align: center;\">31<\/td>\n<td class=\"nomobile\" style=\"text-align: center;\"><span style=\"font-size: 8pt;\">Rally2<\/span><\/td>\n<td class=\"nomobile\" style=\"text-align: center;\"><span style=\"font-size: 8pt;\"><a href=\"\/index.php\/w2rc\/w2rc-2023\/\"><span style=\"color: #ee8027;\">W2RC<\/span><\/a><\/span><\/td>\n<td><strong><a href=\"\/index.php\/osobnosti\/mathieu-doveze\/\"><span style=\"color: #ee8027;\">Mathieu Doveze<\/span><\/a><\/strong><\/td>\n<td>KTM 450 Rally<\/td>\n<td class=\"nomobile\">Nomade Racing<\/td>\n<td style=\"text-align: right; padding-right: 15px;\"><strong>+4:18:21<\/strong><\/td>\n<\/tr>\n<tr style=\"vertical-align: top; background-color: #f2f2f2;\">\n<td style=\"text-align: center;\"><strong>22.<\/strong><\/td>\n<td class=\"nomobile\" style=\"text-align: center;\">96<\/td>\n<td class=\"nomobile\" style=\"text-align: center;\"><span style=\"font-size: 8pt;\">Rally2<\/span><\/td>\n<td class=\"nomobile\" style=\"text-align: center;\"><span style=\"font-size: 8pt;\"><a href=\"\/index.php\/w2rc\/w2rc-2023\/\"><span style=\"color: #ee8027;\">W2RC<\/span><\/a><\/span><\/td>\n<td><strong>Jacob Argubright<\/strong><\/td>\n<td>Husqvarna FR 450 Rally<\/td>\n<td class=\"nomobile\">Duust Rally Team<\/td>\n<td style=\"text-align: right; padding-right: 15px;\"><strong>+4:21:56<\/strong><\/td>\n<\/tr>\n<tr style=\"vertical-align: top; background-color: #dbd9d9;\">\n<td style=\"text-align: center;\"><strong>23.<\/strong><\/td>\n<td class=\"nomobile\" style=\"text-align: center;\">48<\/td>\n<td class=\"nomobile\" style=\"text-align: center;\"><span style=\"font-size: 8pt;\">RallyGP<\/span><\/td>\n<td class=\"nomobile\" style=\"text-align: center;\"><\/td>\n<td><strong>Joan Pedrero<\/strong><\/td>\n<td>KTM 450 Rally<\/td>\n<td class=\"nomobile\">Team LS2 Shad<\/td>\n<td style=\"text-align: right; padding-right: 15px;\"><strong>+4:29:11<\/strong><\/td>\n<\/tr>\n<tr style=\"vertical-align: top; background-color: #f2f2f2;\">\n<td style=\"text-align: center;\"><strong>24.<\/strong><\/td>\n<td class=\"nomobile\" style=\"text-align: center;\">53<\/td>\n<td class=\"nomobile\" style=\"text-align: center;\"><span style=\"font-size: 8pt;\">Rally2<\/span><\/td>\n<td class=\"nomobile\" style=\"text-align: center;\"><span style=\"font-size: 8pt;\"><a href=\"\/index.php\/w2rc\/w2rc-2023\/\"><span style=\"color: #ee8027;\">W2RC<\/span><\/a><\/span><\/td>\n<td><strong>Toni Mulec<\/strong><\/td>\n<td>Husqvarna FR 450 Rally<\/td>\n<td class=\"nomobile\">HT Rally Raid Husqvarna Racing<\/td>\n<td style=\"text-align: right; padding-right: 15px;\"><strong>+5:20:29<\/strong><\/td>\n<\/tr>\n<tr style=\"vertical-align: top; background-color: #dbd9d9;\">\n<td style=\"text-align: center;\"><strong>25.<\/strong><\/td>\n<td class=\"nomobile\" style=\"text-align: center;\">37<\/td>\n<td class=\"nomobile\" style=\"text-align: center;\"><span style=\"font-size: 8pt;\">Rally2<\/span><\/td>\n<td class=\"nomobile\" style=\"text-align: center;\"><\/td>\n<td><strong>Stefano Caimi<\/strong><\/td>\n<td>KTM 450 Rally<\/td>\n<td class=\"nomobile\">BAS World KTM Racing Team<\/td>\n<td style=\"text-align: right; padding-right: 15px;\"><strong>+6:17:03<\/strong><\/td>\n<\/tr>\n<tr style=\"vertical-align: top; background-color: #f2f2f2;\">\n<td style=\"text-align: center;\"><strong>26.<\/strong><\/td>\n<td class=\"nomobile\" style=\"text-align: center;\">16<\/td>\n<td class=\"nomobile\" style=\"text-align: center;\"><span style=\"font-size: 8pt;\">RallyGP<\/span><\/td>\n<td class=\"nomobile\" style=\"text-align: center;\"><span style=\"font-size: 8pt;\"><a href=\"\/index.php\/w2rc\/w2rc-2023\/\"><span style=\"color: #ee8027;\">W2RC<\/span><\/a><\/span><\/td>\n<td><a href=\"\/index.php\/osobnosti\/ross-branch\/\"><span style=\"color: #ee8027;\"><strong>Ross Branch<\/strong><\/span><\/a><\/td>\n<td>Hero 450 Rally<\/td>\n<td class=\"nomobile\">Hero MotoSports Team Rally<\/td>\n<td style=\"text-align: right; padding-right: 15px;\"><strong>+6:59:13<\/strong><\/td>\n<\/tr>\n<tr style=\"vertical-align: top; background-color: #dbd9d9;\">\n<td style=\"text-align: center;\"><strong>27.<\/strong><\/td>\n<td class=\"nomobile\" style=\"text-align: center;\">34<\/td>\n<td class=\"nomobile\" style=\"text-align: center;\"><span style=\"font-size: 8pt;\">Rally2<\/span><\/td>\n<td class=\"nomobile\" style=\"text-align: center;\"><\/td>\n<td><strong>Emanuel Gyenes<\/strong><\/td>\n<td>KTM 450 Rally<\/td>\n<td class=\"nomobile\">Autonet Motorcycle Team<\/td>\n<td style=\"text-align: right; padding-right: 15px;\"><strong>+7:53:35<\/strong><\/td>\n<\/tr>\n<tr style=\"vertical-align: top; background-color: #f2f2f2;\">\n<td style=\"text-align: center;\"><strong>28.<\/strong><\/td>\n<td class=\"nomobile\" style=\"text-align: center;\">40<\/td>\n<td class=\"nomobile\" style=\"text-align: center;\"><span style=\"font-size: 8pt;\">Rally2<\/span><\/td>\n<td class=\"nomobile\" style=\"text-align: center;\"><\/td>\n<td><strong>Charan Moore<\/strong><\/td>\n<td>Husqvarna FR 450 Rally<\/td>\n<td class=\"nomobile\">HT Rally Raid Husqvarna Racing<\/td>\n<td style=\"text-align: right; padding-right: 15px;\"><strong>+7:57:22<\/strong><\/td>\n<\/tr>\n<tr style=\"vertical-align: top; background-color: #dbd9d9;\">\n<td style=\"text-align: center;\"><strong>29.<\/strong><\/td>\n<td class=\"nomobile\" style=\"text-align: center;\">39<\/td>\n<td class=\"nomobile\" style=\"text-align: center;\"><span style=\"font-size: 8pt;\">Rally2<\/span><\/td>\n<td class=\"nomobile\" style=\"text-align: center;\"><\/td>\n<td><strong>Benjamin Melot<\/strong><\/td>\n<td>KTM 450 Rally<\/td>\n<td class=\"nomobile\">Team Esprit KTM<\/td>\n<td style=\"text-align: right; padding-right: 15px;\"><strong>+7:58:15<\/strong><\/td>\n<\/tr>\n<tr style=\"vertical-align: top; background-color: #f2f2f2;\">\n<td style=\"text-align: center;\"><strong>30.<\/strong><\/td>\n<td class=\"nomobile\" style=\"text-align: center;\">99<\/td>\n<td class=\"nomobile\" style=\"text-align: center;\"><span style=\"font-size: 8pt;\">Rally2<\/span><\/td>\n<td class=\"nomobile\" style=\"text-align: center;\"><\/td>\n<td><strong>Javier Vega<\/strong><\/td>\n<td>Yamaha WR450F<\/td>\n<td class=\"nomobile\">Pont Grup Yamaha<\/td>\n<td style=\"text-align: right; padding-right: 15px;\"><strong>+8:18:23<\/strong><\/td>\n<\/tr>\n<tr style=\"vertical-align: top; background-color: #dbd9d9;\">\n<td style=\"text-align: center;\"><strong>31.<\/strong><\/td>\n<td class=\"nomobile\" style=\"text-align: center;\">24<\/td>\n<td class=\"nomobile\" style=\"text-align: center;\"><span style=\"font-size: 8pt;\">Rally2<\/span><\/td>\n<td class=\"nomobile\" style=\"text-align: center;\"><span style=\"font-size: 8pt;\"><a href=\"\/index.php\/w2rc\/w2rc-2023\/\"><span style=\"color: #ee8027;\">W2RC<\/span><\/a><\/span><\/td>\n<td><a href=\"\/index.php\/osobnosti\/jan-brabec\/\"><span style=\"color: #ee8027;\"><strong>Jan Brabec<\/strong><\/span><\/a><\/td>\n<td>KTM 450 Rally<\/td>\n<td class=\"nomobile\">Strojrent Racing<\/td>\n<td style=\"text-align: right; padding-right: 15px;\"><strong>+8:35:58<\/strong><\/td>\n<\/tr>\n<tr style=\"vertical-align: top; background-color: #f2f2f2;\">\n<td style=\"text-align: center;\"><strong>32.<\/strong><\/td>\n<td class=\"nomobile\" style=\"text-align: center;\">36<\/td>\n<td class=\"nomobile\" style=\"text-align: center;\"><span style=\"font-size: 8pt;\">Rally2<\/span><\/td>\n<td class=\"nomobile\" style=\"text-align: center;\"><\/td>\n<td><strong>J\u00e9r\u00f4me Martiny<\/strong><\/td>\n<td>Husqvarna FR 450 Rally<\/td>\n<td class=\"nomobile\">HT Rally Raid Husqvarna Racing<\/td>\n<td style=\"text-align: right; padding-right: 15px;\"><strong>+8:58:00<\/strong><\/td>\n<\/tr>\n<tr style=\"vertical-align: top; background-color: #dbd9d9;\">\n<td style=\"text-align: center;\"><strong>33.<\/strong><\/td>\n<td class=\"nomobile\" style=\"text-align: center;\">86<\/td>\n<td class=\"nomobile\" style=\"text-align: center;\"><span style=\"font-size: 8pt;\">Rally2<\/span><\/td>\n<td class=\"nomobile\" style=\"text-align: center;\"><\/td>\n<td><strong>Charlie Herbst<\/strong><\/td>\n<td>KTM 450 Rally<\/td>\n<td class=\"nomobile\">Team All Tracks<\/td>\n<td style=\"text-align: right; padding-right: 15px;\"><strong>+9:14:38<\/strong><\/td>\n<\/tr>\n<tr style=\"vertical-align: top; background-color: #f2f2f2;\">\n<td style=\"text-align: center;\"><strong>34.<\/strong><\/td>\n<td class=\"nomobile\" style=\"text-align: center;\">43<\/td>\n<td class=\"nomobile\" style=\"text-align: center;\"><span style=\"font-size: 8pt;\">Rally2<\/span><\/td>\n<td class=\"nomobile\" style=\"text-align: center;\"><\/td>\n<td><strong>M\u00e1rio Patr\u00e3o<\/strong><\/td>\n<td>KTM 450 Rally<\/td>\n<td class=\"nomobile\">Credito Agricola &#8211; M\u00e1rio Patr\u00e3o Motorsport<\/td>\n<td style=\"text-align: right; padding-right: 15px;\"><strong>+9:28:04<\/strong><\/td>\n<\/tr>\n<tr style=\"vertical-align: top; background-color: #dbd9d9;\">\n<td style=\"text-align: center;\"><strong>35.<\/strong><\/td>\n<td class=\"nomobile\" style=\"text-align: center;\">25<\/td>\n<td class=\"nomobile\" style=\"text-align: center;\"><span style=\"font-size: 8pt;\">RallyGP<\/span><\/td>\n<td class=\"nomobile\" style=\"text-align: center;\"><\/td>\n<td><strong>Mohammed Balooshi<\/strong><\/td>\n<td>Husqvarna FR 450 Rally<\/td>\n<td class=\"nomobile\">MX Ride Dubai<\/td>\n<td style=\"text-align: right; padding-right: 15px;\"><strong>+9:54:18<\/strong><\/td>\n<\/tr>\n<tr style=\"vertical-align: top; background-color: #f2f2f2;\">\n<td style=\"text-align: center;\"><strong>36.<\/strong><\/td>\n<td class=\"nomobile\" style=\"text-align: center;\">45<\/td>\n<td class=\"nomobile\" style=\"text-align: center;\"><span style=\"font-size: 8pt;\">Rally2<\/span><\/td>\n<td class=\"nomobile\" style=\"text-align: center;\"><\/td>\n<td><a href=\"\/index.php\/osobnosti\/david-pabiska\/\"><span style=\"color: #ee8027;\"><strong>David Pabi\u0161ka<\/strong><\/span><\/a><\/td>\n<td>KTM 450 Rally<\/td>\n<td class=\"nomobile\">SP Moto Bohemia Racing Team<\/td>\n<td style=\"text-align: right; padding-right: 15px;\"><strong>+11:17:36<\/strong><\/td>\n<\/tr>\n<tr style=\"vertical-align: top; background-color: #dbd9d9;\">\n<td style=\"text-align: center;\"><strong>37.<\/strong><\/td>\n<td class=\"nomobile\" style=\"text-align: center;\">35<\/td>\n<td class=\"nomobile\" style=\"text-align: center;\"><span style=\"font-size: 8pt;\">Rally2<\/span><\/td>\n<td class=\"nomobile\" style=\"text-align: center;\"><\/td>\n<td><strong>Patricio Cabrera<\/strong><\/td>\n<td>KTM 450 Rally<\/td>\n<td class=\"nomobile\">Rieju Team<\/td>\n<td style=\"text-align: right; padding-right: 15px;\"><strong>+11:20:04<\/strong><\/td>\n<\/tr>\n<tr style=\"vertical-align: top; background-color: #f2f2f2;\">\n<td style=\"text-align: center;\"><strong>38.<\/strong><\/td>\n<td class=\"nomobile\" style=\"text-align: center;\">95<\/td>\n<td class=\"nomobile\" style=\"text-align: center;\"><span style=\"font-size: 8pt;\">Rally2<\/span><\/td>\n<td class=\"nomobile\" style=\"text-align: center;\"><\/td>\n<td><strong>Nicolas Alberto Cardona Vagnoni<\/strong><\/td>\n<td>KTM 450 Rally<\/td>\n<td class=\"nomobile\">Pedreg\u00e0 Team<\/td>\n<td style=\"text-align: right; padding-right: 15px;\"><strong>+11:57:04<\/strong><\/td>\n<\/tr>\n<tr style=\"vertical-align: top; background-color: #dbd9d9;\">\n<td style=\"text-align: center;\"><strong>39.<\/strong><\/td>\n<td class=\"nomobile\" style=\"text-align: center;\">93<\/td>\n<td class=\"nomobile\" style=\"text-align: center;\"><span style=\"font-size: 8pt;\">Rally2<\/span><\/td>\n<td class=\"nomobile\" style=\"text-align: center;\"><\/td>\n<td><strong>Thomas Kongshoj<\/strong><\/td>\n<td>Husqvarna FR 450 Rally<\/td>\n<td class=\"nomobile\">Joyride Race Service<\/td>\n<td style=\"text-align: right; padding-right: 15px;\"><strong>+12:34:37<\/strong><\/td>\n<\/tr>\n<tr style=\"vertical-align: top; background-color: #f2f2f2;\">\n<td style=\"text-align: center;\"><strong>40.<\/strong><\/td>\n<td class=\"nomobile\" style=\"text-align: center;\">120<\/td>\n<td class=\"nomobile\" style=\"text-align: center;\"><span style=\"font-size: 8pt;\">Rally2<\/span><\/td>\n<td class=\"nomobile\" style=\"text-align: center;\"><\/td>\n<td><strong>Wesley Aaldering<\/strong><\/td>\n<td>Husqvarna FR 450 Rally<\/td>\n<td class=\"nomobile\">HT Rally Raid Husqvarna Racing<\/td>\n<td style=\"text-align: right; padding-right: 15px;\"><strong>+12:48:20<\/strong><\/td>\n<\/tr>\n<tr style=\"vertical-align: top; background-color: #dbd9d9;\">\n<td style=\"text-align: center;\"><strong>41.<\/strong><\/td>\n<td class=\"nomobile\" style=\"text-align: center;\">129<\/td>\n<td class=\"nomobile\" style=\"text-align: center;\"><span style=\"font-size: 8pt;\">Rally2<\/span><\/td>\n<td class=\"nomobile\" style=\"text-align: center;\"><\/td>\n<td><strong>David Gaits<\/strong><\/td>\n<td>KTM 450 Rally<\/td>\n<td class=\"nomobile\">Happyness Racing Igoa Moto<\/td>\n<td style=\"text-align: right; padding-right: 15px;\"><strong>+12:51:09<\/strong><\/td>\n<\/tr>\n<tr style=\"vertical-align: top; background-color: #f2f2f2;\">\n<td style=\"text-align: center;\"><strong>42.<\/strong><\/td>\n<td class=\"nomobile\" style=\"text-align: center;\">137<\/td>\n<td class=\"nomobile\" style=\"text-align: center;\"><span style=\"font-size: 8pt;\">Rally2<\/span><\/td>\n<td class=\"nomobile\" style=\"text-align: center;\"><\/td>\n<td><strong>Mathieu Troquier<\/strong><\/td>\n<td>KTM 450 Rally<\/td>\n<td class=\"nomobile\">Nomade Racing<\/td>\n<td style=\"text-align: right; padding-right: 15px;\"><strong>+12:54:46<\/strong><\/td>\n<\/tr>\n<tr style=\"vertical-align: top; background-color: #dbd9d9;\">\n<td style=\"text-align: center;\"><strong>43.<\/strong><\/td>\n<td class=\"nomobile\" style=\"text-align: center;\">106<\/td>\n<td class=\"nomobile\" style=\"text-align: center;\"><span style=\"font-size: 8pt;\">Rally2<\/span><\/td>\n<td class=\"nomobile\" style=\"text-align: center;\"><\/td>\n<td><strong>Bertrand Gavard<\/strong><\/td>\n<td>Husqvarna FR 450 Rally<\/td>\n<td class=\"nomobile\">Team RS Concept<\/td>\n<td style=\"text-align: right; padding-right: 15px;\"><strong>+13:55:23<\/strong><\/td>\n<\/tr>\n<tr style=\"vertical-align: top; background-color: #f2f2f2;\">\n<td style=\"text-align: center;\"><strong>44.<\/strong><\/td>\n<td class=\"nomobile\" style=\"text-align: center;\">89<\/td>\n<td class=\"nomobile\" style=\"text-align: center;\"><span style=\"font-size: 8pt;\">Rally2<\/span><\/td>\n<td class=\"nomobile\" style=\"text-align: center;\"><\/td>\n<td><strong>Sunier Sunier<\/strong><\/td>\n<td>Kove 450<\/td>\n<td class=\"nomobile\">Kove Rally Team<\/td>\n<td style=\"text-align: right; padding-right: 15px;\"><strong>+13:14:10<\/strong><\/td>\n<\/tr>\n<tr style=\"vertical-align: top; background-color: #dbd9d9;\">\n<td style=\"text-align: center;\"><strong>45.<\/strong><\/td>\n<td class=\"nomobile\" style=\"text-align: center;\">87<\/td>\n<td class=\"nomobile\" style=\"text-align: center;\"><span style=\"font-size: 8pt;\">Rally2<\/span><\/td>\n<td class=\"nomobile\" style=\"text-align: center;\"><\/td>\n<td><strong>Lorenzo Maria Fanottoli<\/strong><\/td>\n<td>KTM 450 Rally<\/td>\n<td class=\"nomobile\">Tecnosport<\/td>\n<td style=\"text-align: right; padding-right: 15px;\"><strong>+13:30:46<\/strong><\/td>\n<\/tr>\n<tr style=\"vertical-align: top; background-color: #f2f2f2;\">\n<td style=\"text-align: center;\"><strong>46.<\/strong><\/td>\n<td class=\"nomobile\" style=\"text-align: center;\">44<\/td>\n<td class=\"nomobile\" style=\"text-align: center;\"><span style=\"font-size: 8pt;\">Rally2<\/span><\/td>\n<td class=\"nomobile\" style=\"text-align: center;\"><span style=\"font-size: 8pt;\"><a href=\"\/index.php\/w2rc\/w2rc-2023\/\"><span style=\"color: #ee8027;\">W2RC<\/span><\/a><\/span><\/td>\n<td><strong>Mirjam Pol<\/strong><\/td>\n<td>Husqvarna FR 450 Rally<\/td>\n<td class=\"nomobile\">HT Rally Raid Husqvarna Racing<\/td>\n<td style=\"text-align: right; padding-right: 15px;\"><strong>+14:15:05<\/strong><\/td>\n<\/tr>\n<tr style=\"vertical-align: top; background-color: #dbd9d9;\">\n<td style=\"text-align: center;\"><strong>47.<\/strong><\/td>\n<td class=\"nomobile\" style=\"text-align: center;\">50<\/td>\n<td class=\"nomobile\" style=\"text-align: center;\"><span style=\"font-size: 8pt;\">Rally2<\/span><\/td>\n<td class=\"nomobile\" style=\"text-align: center;\"><\/td>\n<td><strong>Simon Mar\u010di\u010d<\/strong><\/td>\n<td>Husqvarna FE 450 Rally<\/td>\n<td class=\"nomobile\"><\/td>\n<td style=\"text-align: right; padding-right: 15px;\"><strong>+14:18:58<\/strong><\/td>\n<\/tr>\n<tr style=\"vertical-align: top; background-color: #f2f2f2;\">\n<td style=\"text-align: center;\"><strong>48.<\/strong><\/td>\n<td class=\"nomobile\" style=\"text-align: center;\">57<\/td>\n<td class=\"nomobile\" style=\"text-align: center;\"><span style=\"font-size: 8pt;\">Rally2<\/span><\/td>\n<td class=\"nomobile\" style=\"text-align: center;\"><\/td>\n<td><strong>Makis Dewi Rees-Stavros<\/strong><\/td>\n<td>Husqvarna FR 450 Rally<\/td>\n<td class=\"nomobile\"><\/td>\n<td style=\"text-align: right; padding-right: 15px;\"><strong>+14:46:43<\/strong><\/td>\n<\/tr>\n<tr style=\"vertical-align: top; background-color: #dbd9d9;\">\n<td style=\"text-align: center;\"><strong>49.<\/strong><\/td>\n<td class=\"nomobile\" style=\"text-align: center;\">88<\/td>\n<td class=\"nomobile\" style=\"text-align: center;\"><span style=\"font-size: 8pt;\">Rally2<\/span><\/td>\n<td class=\"nomobile\" style=\"text-align: center;\"><\/td>\n<td><strong>C\u00e9dric Jacques<\/strong><\/td>\n<td>KTM 450 Rally<\/td>\n<td class=\"nomobile\">RS Concept<\/td>\n<td style=\"text-align: right; padding-right: 15px;\"><strong>+14:51:06<\/strong><\/td>\n<\/tr>\n<tr style=\"vertical-align: top; background-color: #f2f2f2;\">\n<td style=\"text-align: center;\"><strong>50.<\/strong><\/td>\n<td class=\"nomobile\" style=\"text-align: center;\">41<\/td>\n<td class=\"nomobile\" style=\"text-align: center;\"><span style=\"font-size: 8pt;\">Rally2<\/span><\/td>\n<td class=\"nomobile\" style=\"text-align: center;\"><\/td>\n<td><strong>Tomas de Gavardo<\/strong><\/td>\n<td>KTM 450 Rally<\/td>\n<td class=\"nomobile\">BAS World KTM Racing Team<\/td>\n<td style=\"text-align: right; padding-right: 15px;\"><strong>+15:16:16<\/strong><\/td>\n<\/tr>\n<tr style=\"vertical-align: top; background-color: #dbd9d9;\">\n<td style=\"text-align: center;\"><strong>51.<\/strong><\/td>\n<td class=\"nomobile\" style=\"text-align: center;\">55<\/td>\n<td class=\"nomobile\" style=\"text-align: center;\"><span style=\"font-size: 8pt;\">Rally2<\/span><\/td>\n<td class=\"nomobile\" style=\"text-align: center;\"><\/td>\n<td><strong>Zaker Yakp<\/strong><\/td>\n<td>KTM 450 Rally<\/td>\n<td class=\"nomobile\">Wu Pu Da Hai Dao Rally Team<\/td>\n<td style=\"text-align: right; padding-right: 15px;\"><strong>+15:26:22<\/strong><\/td>\n<\/tr>\n<tr style=\"vertical-align: top; background-color: #f2f2f2;\">\n<td style=\"text-align: center;\"><strong>52.<\/strong><\/td>\n<td class=\"nomobile\" style=\"text-align: center;\">71<\/td>\n<td class=\"nomobile\" style=\"text-align: center;\"><span style=\"font-size: 8pt;\">Rally2<\/span><\/td>\n<td class=\"nomobile\" style=\"text-align: center;\"><\/td>\n<td><strong>Abdullah Al Shatti<\/strong><\/td>\n<td>KTM 450 Rally<\/td>\n<td class=\"nomobile\">MX Ride Dubai<\/td>\n<td style=\"text-align: right; padding-right: 15px;\"><strong>+16:11:00<\/strong><\/td>\n<\/tr>\n<tr style=\"vertical-align: top; background-color: #dbd9d9;\">\n<td style=\"text-align: center;\"><strong>53.<\/strong><\/td>\n<td class=\"nomobile\" style=\"text-align: center;\">60<\/td>\n<td class=\"nomobile\" style=\"text-align: center;\"><span style=\"font-size: 8pt;\">Rally2<\/span><\/td>\n<td class=\"nomobile\" style=\"text-align: center;\"><\/td>\n<td><strong>Francisco Arredondo<\/strong><\/td>\n<td>KTM 450 Rally<\/td>\n<td class=\"nomobile\">BAS World KTM Racing Team<\/td>\n<td style=\"text-align: right; padding-right: 15px;\"><strong>+17:16:36<\/strong><\/td>\n<\/tr>\n<tr style=\"vertical-align: top; background-color: #f2f2f2;\">\n<td style=\"text-align: center;\"><strong>54.<\/strong><\/td>\n<td class=\"nomobile\" style=\"text-align: center;\">63<\/td>\n<td class=\"nomobile\" style=\"text-align: center;\"><span style=\"font-size: 8pt;\">Rally2<\/span><\/td>\n<td class=\"nomobile\" style=\"text-align: center;\"><\/td>\n<td><a href=\"\/index.php\/osobnosti\/petr-vlcek\/\"><span style=\"color: #ee8027;\"><strong>Petr Vl\u010dek<\/strong><\/span><\/a><\/td>\n<td>KTM 450 Rally<\/td>\n<td class=\"nomobile\">Detyens Racing<\/td>\n<td style=\"text-align: right; padding-right: 15px;\"><strong>+17:17:57<\/strong><\/td>\n<\/tr>\n<tr style=\"vertical-align: top; background-color: #dbd9d9;\">\n<td style=\"text-align: center;\"><strong>55.<\/strong><\/td>\n<td class=\"nomobile\" style=\"text-align: center;\">74<\/td>\n<td class=\"nomobile\" style=\"text-align: center;\"><span style=\"font-size: 8pt;\">Rally2<\/span><\/td>\n<td class=\"nomobile\" style=\"text-align: center;\"><\/td>\n<td><strong>Michael Jacobi<\/strong><\/td>\n<td>GasGas 450<\/td>\n<td class=\"nomobile\">Comas Moto VTA<\/td>\n<td style=\"text-align: right; padding-right: 15px;\"><strong>+18:04:58<\/strong><\/td>\n<\/tr>\n<tr style=\"vertical-align: top; background-color: #f2f2f2;\">\n<td style=\"text-align: center;\"><strong>56.<\/strong><\/td>\n<td class=\"nomobile\" style=\"text-align: center;\">100<\/td>\n<td class=\"nomobile\" style=\"text-align: center;\"><span style=\"font-size: 8pt;\">Rally2<\/span><\/td>\n<td class=\"nomobile\" style=\"text-align: center;\"><\/td>\n<td><strong>Stuart Gregory<\/strong><\/td>\n<td>KTM 450 Rally<\/td>\n<td class=\"nomobile\"><\/td>\n<td style=\"text-align: right; padding-right: 15px;\"><strong>+18:48:21<\/strong><\/td>\n<\/tr>\n<tr style=\"vertical-align: top; background-color: #dbd9d9;\">\n<td style=\"text-align: center;\"><strong>57.<\/strong><\/td>\n<td class=\"nomobile\" style=\"text-align: center;\">110<\/td>\n<td class=\"nomobile\" style=\"text-align: center;\"><span style=\"font-size: 8pt;\">Rally2<\/span><\/td>\n<td class=\"nomobile\" style=\"text-align: center;\"><\/td>\n<td><strong>Pierre Peyrard<\/strong><\/td>\n<td>KTM 450 Rally<\/td>\n<td class=\"nomobile\">Nomade Racing Team<\/td>\n<td style=\"text-align: right; padding-right: 15px;\"><strong>+19:01:37<\/strong><\/td>\n<\/tr>\n<tr style=\"vertical-align: top; background-color: #f2f2f2;\">\n<td style=\"text-align: center;\"><strong>58.<\/strong><\/td>\n<td class=\"nomobile\" style=\"text-align: center;\">128<\/td>\n<td class=\"nomobile\" style=\"text-align: center;\"><span style=\"font-size: 8pt;\">Rally2<\/span><\/td>\n<td class=\"nomobile\" style=\"text-align: center;\"><\/td>\n<td><strong>Cl\u00e9ment Razy<\/strong><\/td>\n<td>KTM 450 Rally<\/td>\n<td class=\"nomobile\"><\/td>\n<td style=\"text-align: right; padding-right: 15px;\"><strong>+19:04:36<\/strong><\/td>\n<\/tr>\n<tr style=\"vertical-align: top; background-color: #dbd9d9;\">\n<td style=\"text-align: center;\"><strong>59.<\/strong><\/td>\n<td class=\"nomobile\" style=\"text-align: center;\">49<\/td>\n<td class=\"nomobile\" style=\"text-align: center;\"><span style=\"font-size: 8pt;\">Rally2<\/span><\/td>\n<td class=\"nomobile\" style=\"text-align: center;\"><\/td>\n<td><strong>Cesare Zacchetti<\/strong><\/td>\n<td>KTM 450 Rally<\/td>\n<td class=\"nomobile\">Team Lucky Explorer<\/td>\n<td style=\"text-align: right; padding-right: 15px;\"><strong>+19:50:58<\/strong><\/td>\n<\/tr>\n<tr style=\"vertical-align: top; background-color: #f2f2f2;\">\n<td style=\"text-align: center;\"><strong>60.<\/strong><\/td>\n<td class=\"nomobile\" style=\"text-align: center;\">131<\/td>\n<td class=\"nomobile\" style=\"text-align: center;\"><span style=\"font-size: 8pt;\">Rally2<\/span><\/td>\n<td class=\"nomobile\" style=\"text-align: center;\"><\/td>\n<td><strong>Sergio Vaquero<\/strong><\/td>\n<td>KTM 450 Rally<\/td>\n<td class=\"nomobile\">KTM Namura Bikes<\/td>\n<td style=\"text-align: right; padding-right: 15px;\"><strong>+20:27:46<\/strong><\/td>\n<\/tr>\n<tr style=\"vertical-align: top; background-color: #dbd9d9;\">\n<td style=\"text-align: center;\"><strong>61.<\/strong><\/td>\n<td class=\"nomobile\" style=\"text-align: center;\">85<\/td>\n<td class=\"nomobile\" style=\"text-align: center;\"><span style=\"font-size: 8pt;\">Rally2<\/span><\/td>\n<td class=\"nomobile\" style=\"text-align: center;\"><\/td>\n<td><strong>Deng Liansong<\/strong><\/td>\n<td>Kove 450<\/td>\n<td class=\"nomobile\">Kove Rally Team<\/td>\n<td style=\"text-align: right; padding-right: 15px;\"><strong>+21:09:32<\/strong><\/td>\n<\/tr>\n<tr style=\"vertical-align: top; background-color: #f2f2f2;\">\n<td style=\"text-align: center;\"><strong>62.<\/strong><\/td>\n<td class=\"nomobile\" style=\"text-align: center;\">61<\/td>\n<td class=\"nomobile\" style=\"text-align: center;\"><span style=\"font-size: 8pt;\">Rally2<\/span><\/td>\n<td class=\"nomobile\" style=\"text-align: center;\"><\/td>\n<td><strong>Zhao Hongyi<\/strong><\/td>\n<td>KTM 450 Rally<\/td>\n<td class=\"nomobile\">Wu Pu Da Hai Dao Rally Team<\/td>\n<td style=\"text-align: right; padding-right: 15px;\"><strong>+21:31:51<\/strong><\/td>\n<\/tr>\n<tr style=\"vertical-align: top; background-color: #dbd9d9;\">\n<td style=\"text-align: center;\"><strong>63.<\/strong><\/td>\n<td class=\"nomobile\" style=\"text-align: center;\">132<\/td>\n<td class=\"nomobile\" style=\"text-align: center;\"><span style=\"font-size: 8pt;\">Rally2<\/span><\/td>\n<td class=\"nomobile\" style=\"text-align: center;\"><\/td>\n<td><strong>Javier San Jose Yetor<\/strong><\/td>\n<td>KTM 450 Rally<\/td>\n<td class=\"nomobile\">Pedreg\u00e0 Team<\/td>\n<td style=\"text-align: right; padding-right: 15px;\"><strong>+22:18:40<\/strong><\/td>\n<\/tr>\n<tr style=\"vertical-align: top; background-color: #f2f2f2;\">\n<td style=\"text-align: center;\"><strong>64.<\/strong><\/td>\n<td class=\"nomobile\" style=\"text-align: center;\">117<\/td>\n<td class=\"nomobile\" style=\"text-align: center;\"><span style=\"font-size: 8pt;\">Rally2<\/span><\/td>\n<td class=\"nomobile\" style=\"text-align: center;\"><\/td>\n<td><strong>Ottavio Missoni<\/strong><\/td>\n<td>Honda CRF450 Rally<\/td>\n<td class=\"nomobile\">RS Moto Racing<\/td>\n<td style=\"text-align: right; padding-right: 15px;\"><strong>+22:19:28<\/strong><\/td>\n<\/tr>\n<tr style=\"vertical-align: top; background-color: #dbd9d9;\">\n<td style=\"text-align: center;\"><strong>65.<\/strong><\/td>\n<td class=\"nomobile\" style=\"text-align: center;\">90<\/td>\n<td class=\"nomobile\" style=\"text-align: center;\"><span style=\"font-size: 8pt;\">Rally2<\/span><\/td>\n<td class=\"nomobile\" style=\"text-align: center;\"><\/td>\n<td><strong>Kirsten Landman<\/strong><\/td>\n<td>KTM 450 Rally<\/td>\n<td class=\"nomobile\">ASP Rope Access International<\/td>\n<td style=\"text-align: right; padding-right: 15px;\"><strong>+23:09:48<\/strong><\/td>\n<\/tr>\n<tr style=\"vertical-align: top; background-color: #f2f2f2;\">\n<td style=\"text-align: center;\"><strong>66.<\/strong><\/td>\n<td class=\"nomobile\" style=\"text-align: center;\">67<\/td>\n<td class=\"nomobile\" style=\"text-align: center;\"><span style=\"font-size: 8pt;\">Rally2<\/span><\/td>\n<td class=\"nomobile\" style=\"text-align: center;\"><\/td>\n<td><strong>Franco Picco<\/strong><\/td>\n<td>Fantic 450 Rally<\/td>\n<td class=\"nomobile\">Fantic Rally Team<\/td>\n<td style=\"text-align: right; padding-right: 15px;\"><strong>+23:40:12<\/strong><\/td>\n<\/tr>\n<tr style=\"vertical-align: top; background-color: #dbd9d9;\">\n<td style=\"text-align: center;\"><strong>67.<\/strong><\/td>\n<td class=\"nomobile\" style=\"text-align: center;\">122<\/td>\n<td class=\"nomobile\" style=\"text-align: center;\"><span style=\"font-size: 8pt;\">Rally2<\/span><\/td>\n<td class=\"nomobile\" style=\"text-align: center;\"><\/td>\n<td><strong>Gareth Jones<\/strong><\/td>\n<td>Husqvarna FR 450 Rally<\/td>\n<td class=\"nomobile\">HT Rally Raid Husqvarna Racing<\/td>\n<td style=\"text-align: right; padding-right: 15px;\"><strong>+24:34:24<\/strong><\/td>\n<\/tr>\n<tr style=\"vertical-align: top; background-color: #f2f2f2;\">\n<td style=\"text-align: center;\"><strong>68.<\/strong><\/td>\n<td class=\"nomobile\" style=\"text-align: center;\">121<\/td>\n<td class=\"nomobile\" style=\"text-align: center;\"><span style=\"font-size: 8pt;\">Rally2<\/span><\/td>\n<td class=\"nomobile\" style=\"text-align: center;\"><\/td>\n<td><strong>Stevan Wilken<\/strong><\/td>\n<td>Husqvarna FR 450 Rally<\/td>\n<td class=\"nomobile\">HT Rally Raid Husqvarna Racing<\/td>\n<td style=\"text-align: right; padding-right: 15px;\"><strong>+24:57:30<\/strong><\/td>\n<\/tr>\n<tr style=\"vertical-align: top; background-color: #dbd9d9;\">\n<td style=\"text-align: center;\"><strong>69.<\/strong><\/td>\n<td class=\"nomobile\" style=\"text-align: center;\">118<\/td>\n<td class=\"nomobile\" style=\"text-align: center;\"><span style=\"font-size: 8pt;\">Rally2<\/span><\/td>\n<td class=\"nomobile\" style=\"text-align: center;\"><\/td>\n<td><strong>Benjamin Lepelley<\/strong><\/td>\n<td>Husqvarna FR 450 Rally<\/td>\n<td class=\"nomobile\">HT Rally Raid Husqvarna Racing<\/td>\n<td style=\"text-align: right; padding-right: 15px;\"><strong>+25:26:28<\/strong><\/td>\n<\/tr>\n<tr style=\"vertical-align: top; background-color: #f2f2f2;\">\n<td style=\"text-align: center;\"><strong>70.<\/strong><\/td>\n<td class=\"nomobile\" style=\"text-align: center;\">80<\/td>\n<td class=\"nomobile\" style=\"text-align: center;\"><span style=\"font-size: 8pt;\">Rally2<\/span><\/td>\n<td class=\"nomobile\" style=\"text-align: center;\"><\/td>\n<td><strong>James Martyn Hillier<\/strong><\/td>\n<td>GasGas 450 Rally<\/td>\n<td class=\"nomobile\">Rich Energy OMG Racing<\/td>\n<td style=\"text-align: right; padding-right: 15px;\"><strong>+25:38:20<\/strong><\/td>\n<\/tr>\n<tr style=\"vertical-align: top; background-color: #dbd9d9;\">\n<td style=\"text-align: center;\"><strong>71.<\/strong><\/td>\n<td class=\"nomobile\" style=\"text-align: center;\">81<\/td>\n<td class=\"nomobile\" style=\"text-align: center;\"><span style=\"font-size: 8pt;\">Rally2<\/span><\/td>\n<td class=\"nomobile\" style=\"text-align: center;\"><\/td>\n<td><strong>Fang Mingji<\/strong><\/td>\n<td>Kove 450<\/td>\n<td class=\"nomobile\">Kove Rally Team<\/td>\n<td style=\"text-align: right; padding-right: 15px;\"><strong>+28:16:02<\/strong><\/td>\n<\/tr>\n<tr style=\"vertical-align: top; background-color: #f2f2f2;\">\n<td style=\"text-align: center;\"><strong>72.<\/strong><\/td>\n<td class=\"nomobile\" style=\"text-align: center;\">125<\/td>\n<td class=\"nomobile\" style=\"text-align: center;\"><span style=\"font-size: 8pt;\">Rally2<\/span><\/td>\n<td class=\"nomobile\" style=\"text-align: center;\"><\/td>\n<td><strong>Iader Giraldi<\/strong><\/td>\n<td>KTM 450 Rally<\/td>\n<td class=\"nomobile\">Solarys Racing<\/td>\n<td style=\"text-align: right; padding-right: 15px;\"><strong>+30:15:08<\/strong><\/td>\n<\/tr>\n<tr style=\"vertical-align: top; background-color: #dbd9d9;\">\n<td style=\"text-align: center;\"><strong>73.<\/strong><\/td>\n<td class=\"nomobile\" style=\"text-align: center;\">109<\/td>\n<td class=\"nomobile\" style=\"text-align: center;\"><span style=\"font-size: 8pt;\">Rally2<\/span><\/td>\n<td class=\"nomobile\" style=\"text-align: center;\"><\/td>\n<td><strong>K\u00e9vin Durand<\/strong><\/td>\n<td>Honda CRF450 Rally<\/td>\n<td class=\"nomobile\">RS Moto Racing<\/td>\n<td style=\"text-align: right; padding-right: 15px;\"><strong>+31:43:44<\/strong><\/td>\n<\/tr>\n<tr style=\"vertical-align: top; background-color: #f2f2f2;\">\n<td style=\"text-align: center;\"><strong>74.<\/strong><\/td>\n<td class=\"nomobile\" style=\"text-align: center;\">29<\/td>\n<td class=\"nomobile\" style=\"text-align: center;\"><span style=\"font-size: 8pt;\">Rally2<\/span><\/td>\n<td class=\"nomobile\" style=\"text-align: center;\"><\/td>\n<td><strong>Diego Gamaliel Llanos<\/strong><\/td>\n<td>KTM 450 Rally<\/td>\n<td class=\"nomobile\">Rieju-Xraids Experience<\/td>\n<td style=\"text-align: right; padding-right: 15px;\"><strong>+33:41:30<\/strong><\/td>\n<\/tr>\n<tr style=\"vertical-align: top; background-color: #dbd9d9;\">\n<td style=\"text-align: center;\"><strong>75.<\/strong><\/td>\n<td class=\"nomobile\" style=\"text-align: center;\">51<\/td>\n<td class=\"nomobile\" style=\"text-align: center;\"><span style=\"font-size: 8pt;\">Rally2<\/span><\/td>\n<td class=\"nomobile\" style=\"text-align: center;\"><\/td>\n<td><strong>Rachid al-lal Lahadil<\/strong><\/td>\n<td>Husqvarna FR 450 Rally<\/td>\n<td class=\"nomobile\">Melilla Sport Capital<\/td>\n<td style=\"text-align: right; padding-right: 15px;\"><strong>+33:52:30<\/strong><\/td>\n<\/tr>\n<tr style=\"vertical-align: top; background-color: #f2f2f2;\">\n<td style=\"text-align: center;\"><strong>76.<\/strong><\/td>\n<td class=\"nomobile\" style=\"text-align: center;\">116<\/td>\n<td class=\"nomobile\" style=\"text-align: center;\"><span style=\"font-size: 8pt;\">Rally2<\/span><\/td>\n<td class=\"nomobile\" style=\"text-align: center;\"><\/td>\n<td><strong>Fernando Domingues<\/strong><\/td>\n<td>KTM 450 Rally<\/td>\n<td class=\"nomobile\">Diputacion de Cuenca<\/td>\n<td style=\"text-align: right; padding-right: 15px;\"><strong>+36:43:26<\/strong><\/td>\n<\/tr>\n<tr style=\"vertical-align: top; background-color: #dbd9d9;\">\n<td style=\"text-align: center;\"><strong>77.<\/strong><\/td>\n<td class=\"nomobile\" style=\"text-align: center;\">105<\/td>\n<td class=\"nomobile\" style=\"text-align: center;\"><span style=\"font-size: 8pt;\">Rally2<\/span><\/td>\n<td class=\"nomobile\" style=\"text-align: center;\"><\/td>\n<td><strong>Morrison Hart<\/strong><\/td>\n<td>KTM 450 Rally<\/td>\n<td class=\"nomobile\">American Rally Originals<\/td>\n<td style=\"text-align: right; padding-right: 15px;\"><strong>+41:17:55<\/strong><\/td>\n<\/tr>\n<tr style=\"vertical-align: top; background-color: #f2f2f2;\">\n<td style=\"text-align: center;\"><strong>78.<\/strong><\/td>\n<td class=\"nomobile\" style=\"text-align: center;\">58<\/td>\n<td class=\"nomobile\" style=\"text-align: center;\"><span style=\"font-size: 8pt;\">Rally2<\/span><\/td>\n<td class=\"nomobile\" style=\"text-align: center;\"><\/td>\n<td><strong>Zhang Min<\/strong><\/td>\n<td>KTM 450 Rally<\/td>\n<td class=\"nomobile\">Wu Pu Da Hai Dao Rally Team<\/td>\n<td style=\"text-align: right; padding-right: 15px;\"><strong>+61:56:13<\/strong><\/td>\n<\/tr>\n<tr style=\"vertical-align: top; background-color: #dbd9d9;\">\n<td style=\"text-align: center;\"><strong>79.<\/strong><\/td>\n<td class=\"nomobile\" style=\"text-align: center;\">130<\/td>\n<td class=\"nomobile\" style=\"text-align: center;\"><span style=\"font-size: 8pt;\">Rally2<\/span><\/td>\n<td class=\"nomobile\" style=\"text-align: center;\"><\/td>\n<td><strong>Eufrasio Anghileri<\/strong><\/td>\n<td>Honda CRF450 Rally<\/td>\n<td class=\"nomobile\">RS Moto Racing<\/td>\n<td style=\"text-align: right; padding-right: 15px;\"><strong>+76:59:34<\/strong><\/td>\n<\/tr>\n<tr style=\"vertical-align: top; background-color: #f2f2f2;\">\n<td style=\"text-align: center;\"><strong>80.<\/strong><\/td>\n<td class=\"nomobile\" style=\"text-align: center;\">133<\/td>\n<td class=\"nomobile\" style=\"text-align: center;\"><span style=\"font-size: 8pt;\">Rally2<\/span><\/td>\n<td class=\"nomobile\" style=\"text-align: center;\"><\/td>\n<td><strong>Ruben Salda\u00f1a Go\u00f1i<\/strong><\/td>\n<td>KTM 450 Rally<\/td>\n<td class=\"nomobile\">Pedreg\u00e0 Team<\/td>\n<td style=\"text-align: right; padding-right: 15px;\"><strong>+155:33:53<\/strong><\/td>\n<\/tr>\n<tr style=\"background-color: #808080; color: white;\">\n<td style=\"text-align: left;\" colspan=\"8\"><\/td>\n<\/tr>\n<tr style=\"vertical-align: top; background-color: #dbd9d9;\">\n<td style=\"text-align: center;\"><strong>DNF<\/strong><\/td>\n<td class=\"nomobile\" style=\"text-align: center;\">1<\/td>\n<td class=\"nomobile\" style=\"text-align: center;\"><span style=\"font-size: 8pt;\">RallyGP<\/span><\/td>\n<td class=\"nomobile\" style=\"text-align: center;\"><span style=\"font-size: 8pt;\"><a href=\"\/index.php\/w2rc\/w2rc-2023\/\"><span style=\"color: #ee8027;\">W2RC<\/span><\/a><\/span><\/td>\n<td><a href=\"\/index.php\/osobnosti\/sunderland-sam\/\"><span style=\"color: #ee8027;\"><strong>Sam Sunderland<\/strong><\/span><\/a><\/td>\n<td>GasGas RX 450F<\/td>\n<td class=\"nomobile\">Red Bull GasGas Factory Racing<\/td>\n<td style=\"text-align: right; padding-right: 15px;\"><strong><span style=\"font-size: 8pt;\">1. etapa<\/span><\/strong><\/td>\n<\/tr>\n<tr style=\"vertical-align: top; background-color: #f2f2f2;\">\n<td style=\"text-align: center;\"><strong>DNF<\/strong><\/td>\n<td class=\"nomobile\" style=\"text-align: center;\">2<\/td>\n<td class=\"nomobile\" style=\"text-align: center;\"><span style=\"font-size: 8pt;\">RallyGP<\/span><\/td>\n<td class=\"nomobile\" style=\"text-align: center;\"><span style=\"font-size: 8pt;\"><a href=\"\/index.php\/w2rc\/w2rc-2023\/\"><span style=\"color: #ee8027;\">W2RC<\/span><\/a><\/span><\/td>\n<td><strong><a href=\"\/index.php\/osobnosti\/ricky-brabec\/\"><span style=\"color: #ee8027;\">Ricky Brabec<\/span><\/a><\/strong><\/td>\n<td>Honda CRF450 Rally<\/td>\n<td class=\"nomobile\">Monster Energy Honda Team<\/td>\n<td style=\"text-align: right; padding-right: 15px;\"><strong><span style=\"font-size: 8pt;\">3. etapa<\/span><\/strong><\/td>\n<\/tr>\n<tr style=\"vertical-align: top; background-color: #dbd9d9;\">\n<td style=\"text-align: center;\"><strong>DNF<\/strong><\/td>\n<td class=\"nomobile\" style=\"text-align: center;\">5<\/td>\n<td class=\"nomobile\" style=\"text-align: center;\"><span style=\"font-size: 8pt;\">RallyGP<\/span><\/td>\n<td class=\"nomobile\" style=\"text-align: center;\"><\/td>\n<td><strong><a href=\"\/index.php\/osobnosti\/joan-barreda\/\"><span style=\"color: #ee8027;\">Joan Barreda<\/span><\/a><\/strong><\/td>\n<td>Honda CRF450 Rally<\/td>\n<td class=\"nomobile\">Monster Energy JB Team<\/td>\n<td style=\"text-align: right; padding-right: 15px;\"><strong><span style=\"font-size: 8pt;\">9. etapa<\/span><\/strong><\/td>\n<\/tr>\n<tr style=\"vertical-align: top; background-color: #f2f2f2;\">\n<td style=\"text-align: center;\"><strong>DNF<\/strong><\/td>\n<td class=\"nomobile\" style=\"text-align: center;\">9<\/td>\n<td class=\"nomobile\" style=\"text-align: center;\"><span style=\"font-size: 8pt;\">RallyGP<\/span><\/td>\n<td class=\"nomobile\" style=\"text-align: center;\"><span style=\"font-size: 8pt;\"><a href=\"\/index.php\/w2rc\/w2rc-2023\/\"><span style=\"color: #ee8027;\">W2RC<\/span><\/a><\/span><\/td>\n<td><strong>Mason Klein<\/strong><\/td>\n<td>KTM 450 Rally<\/td>\n<td class=\"nomobile\">BAS World KTM Racing Team<\/td>\n<td style=\"text-align: right; padding-right: 15px;\"><\/td>\n<\/tr>\n<tr style=\"vertical-align: top; background-color: #dbd9d9;\">\n<td style=\"text-align: center;\"><strong>DNF<\/strong><\/td>\n<td class=\"nomobile\" style=\"text-align: center;\">19<\/td>\n<td class=\"nomobile\" style=\"text-align: center;\"><span style=\"font-size: 8pt;\">RallyGP<\/span><\/td>\n<td class=\"nomobile\" style=\"text-align: center;\"><\/td>\n<td><strong>Rui Gon\u00e7alves<\/strong><\/td>\n<td>Sherco 450 SEF Rally<\/td>\n<td class=\"nomobile\">Sherco Rally Factory Team<\/td>\n<td style=\"text-align: right; padding-right: 15px;\"><\/td>\n<\/tr>\n<tr style=\"vertical-align: top; background-color: #f2f2f2;\">\n<td style=\"text-align: center;\"><strong>DNF<\/strong><\/td>\n<td class=\"nomobile\" style=\"text-align: center;\">20<\/td>\n<td class=\"nomobile\" style=\"text-align: center;\"><span style=\"font-size: 8pt;\">RallyGP<\/span><\/td>\n<td class=\"nomobile\" style=\"text-align: center;\"><\/td>\n<td><strong>Harith Noah Koitha Veetil<\/strong><\/td>\n<td>Sherco 450 SEF Rally<\/td>\n<td class=\"nomobile\">Sherco Rally Factory Team<\/td>\n<td style=\"text-align: right; padding-right: 15px;\"><\/td>\n<\/tr>\n<tr style=\"vertical-align: top; background-color: #dbd9d9;\">\n<td style=\"text-align: center;\"><strong>DNF<\/strong><\/td>\n<td class=\"nomobile\" style=\"text-align: center;\">21<\/td>\n<td class=\"nomobile\" style=\"text-align: center;\"><span style=\"font-size: 8pt;\">Rally2<\/span><\/td>\n<td class=\"nomobile\" style=\"text-align: center;\"><span style=\"font-size: 8pt;\"><a href=\"\/index.php\/w2rc\/w2rc-2023\/\"><span style=\"color: #ee8027;\">W2RC<\/span><\/a><\/span><\/td>\n<td><strong>Bradley Cox<\/strong><\/td>\n<td>KTM 450 Rally<\/td>\n<td class=\"nomobile\">BAS World KTM Racing Team<\/td>\n<td style=\"text-align: right; padding-right: 15px;\"><\/td>\n<\/tr>\n<tr style=\"vertical-align: top; background-color: #f2f2f2;\">\n<td style=\"text-align: center;\"><strong>DNF<\/strong><\/td>\n<td class=\"nomobile\" style=\"text-align: center;\">26<\/td>\n<td class=\"nomobile\" style=\"text-align: center;\"><span style=\"font-size: 8pt;\">Rally2<\/span><\/td>\n<td class=\"nomobile\" style=\"text-align: center;\"><span style=\"font-size: 8pt;\"><a href=\"\/index.php\/w2rc\/w2rc-2023\/\"><span style=\"color: #ee8027;\">W2RC<\/span><\/a><\/span><\/td>\n<td><a href=\"\/index.php\/osobnosti\/chapeliere-camille\/\"><span style=\"color: #ee8027;\"><strong>Camille Chapeli\u00e8re<\/strong><\/span><\/a><\/td>\n<td>Husqvarna FR 450 Rally<\/td>\n<td class=\"nomobile\">Team Casteu<\/td>\n<td style=\"text-align: right; padding-right: 15px;\"><\/td>\n<\/tr>\n<tr style=\"vertical-align: top; background-color: #dbd9d9;\">\n<td style=\"text-align: center;\"><strong>DNF<\/strong><\/td>\n<td class=\"nomobile\" style=\"text-align: center;\">27<\/td>\n<td class=\"nomobile\" style=\"text-align: center;\"><span style=\"font-size: 8pt;\">RallyGP<\/span><\/td>\n<td class=\"nomobile\" style=\"text-align: center;\"><span style=\"font-size: 8pt;\"><a href=\"\/index.php\/w2rc\/w2rc-2023\/\"><span style=\"color: #ee8027;\">W2RC<\/span><\/a><\/span><\/td>\n<td><strong>Joaquim Rodrigues<\/strong><\/td>\n<td>Hero 450 Rally<\/td>\n<td class=\"nomobile\">Hero MotoSports Team Rally<\/td>\n<td style=\"text-align: right; padding-right: 15px;\"><\/td>\n<\/tr>\n<tr style=\"vertical-align: top; background-color: #f2f2f2;\">\n<td style=\"text-align: center;\"><strong>DNF<\/strong><\/td>\n<td class=\"nomobile\" style=\"text-align: center;\">28<\/td>\n<td class=\"nomobile\" style=\"text-align: center;\"><span style=\"font-size: 8pt;\">RallyGP<\/span><\/td>\n<td class=\"nomobile\" style=\"text-align: center;\"><\/td>\n<td><strong>Maciej Giemza<\/strong><\/td>\n<td>Husqvarna FR 450 Rally<\/td>\n<td class=\"nomobile\">Orlen Team<\/td>\n<td style=\"text-align: right; padding-right: 15px;\"><\/td>\n<\/tr>\n<tr style=\"vertical-align: top; background-color: #dbd9d9;\">\n<td style=\"text-align: center;\"><strong>DNF<\/strong><\/td>\n<td class=\"nomobile\" style=\"text-align: center;\">30<\/td>\n<td class=\"nomobile\" style=\"text-align: center;\"><span style=\"font-size: 8pt;\">RallyGP<\/span><\/td>\n<td class=\"nomobile\" style=\"text-align: center;\"><\/td>\n<td><strong>Ant\u00f3nio Maio<\/strong><\/td>\n<td>Yamaha WR450F Rally<\/td>\n<td class=\"nomobile\">Franco Sport Yamaha Racing Team<\/td>\n<td style=\"text-align: right; padding-right: 15px;\"><\/td>\n<\/tr>\n<tr style=\"vertical-align: top; background-color: #f2f2f2;\">\n<td style=\"text-align: center;\"><strong>DNF<\/strong><\/td>\n<td class=\"nomobile\" style=\"text-align: center;\">32<\/td>\n<td class=\"nomobile\" style=\"text-align: center;\"><span style=\"font-size: 8pt;\">Rally2<\/span><\/td>\n<td class=\"nomobile\" style=\"text-align: center;\"><\/td>\n<td><a href=\"\/index.php\/osobnosti\/milan-engel\/\"><span style=\"color: #ee8027;\"><strong>Milan Engel<\/strong><\/span><\/a><\/td>\n<td>KTM 450 Rally<\/td>\n<td class=\"nomobile\">Orion &#8211; Moto Racing Group<\/td>\n<td style=\"text-align: right; padding-right: 15px;\"><\/td>\n<\/tr>\n<tr style=\"vertical-align: top; background-color: #dbd9d9;\">\n<td style=\"text-align: center;\"><strong>DNF<\/strong><\/td>\n<td class=\"nomobile\" style=\"text-align: center;\">38<\/td>\n<td class=\"nomobile\" style=\"text-align: center;\"><span style=\"font-size: 8pt;\">Rally2<\/span><\/td>\n<td class=\"nomobile\" style=\"text-align: center;\"><\/td>\n<td><strong>Eduardo Iglesias Sanchez<\/strong><\/td>\n<td>KTM 450 Rally<\/td>\n<td class=\"nomobile\">Joyride Race Service<\/td>\n<td style=\"text-align: right; padding-right: 15px;\"><\/td>\n<\/tr>\n<tr style=\"vertical-align: top; background-color: #f2f2f2;\">\n<td style=\"text-align: center;\"><strong>DNF<\/strong><\/td>\n<td class=\"nomobile\" style=\"text-align: center;\">52<\/td>\n<td class=\"nomobile\" style=\"text-align: center;\"><span style=\"font-size: 8pt;\">RallyGP<\/span><\/td>\n<td class=\"nomobile\" style=\"text-align: center;\"><span style=\"font-size: 8pt;\"><a href=\"\/index.php\/w2rc\/w2rc-2023\/\"><span style=\"color: #ee8027;\">W2RC<\/span><\/a><\/span><\/td>\n<td><a href=\"\/index.php\/osobnosti\/matthias-walkner\/\"><span style=\"color: #ee8027;\"><strong>Matthias Walkner<\/strong><\/span><\/a><\/td>\n<td>KTM 450 Rally<\/td>\n<td class=\"nomobile\">Red Bull KTM Factory Racing<\/td>\n<td style=\"text-align: right; padding-right: 15px;\"><strong><span style=\"font-size: 8pt;\">13. etapa<\/span><\/strong><\/td>\n<\/tr>\n<tr style=\"vertical-align: top; background-color: #dbd9d9;\">\n<td style=\"text-align: center;\"><strong>DNF<\/strong><\/td>\n<td class=\"nomobile\" style=\"text-align: center;\">54<\/td>\n<td class=\"nomobile\" style=\"text-align: center;\"><span style=\"font-size: 8pt;\">RallyGP<\/span><\/td>\n<td class=\"nomobile\" style=\"text-align: center;\"><\/td>\n<td><strong>Daniel Nosiglia Jager<\/strong><\/td>\n<td>KTM 450 Rally<\/td>\n<td class=\"nomobile\">Xraids Experience<\/td>\n<td style=\"text-align: right; padding-right: 15px;\"><\/td>\n<\/tr>\n<tr style=\"vertical-align: top; background-color: #f2f2f2;\">\n<td style=\"text-align: center;\"><strong>DNF<\/strong><\/td>\n<td class=\"nomobile\" style=\"text-align: center;\">56<\/td>\n<td class=\"nomobile\" style=\"text-align: center;\"><span style=\"font-size: 8pt;\">Rally2<\/span><\/td>\n<td class=\"nomobile\" style=\"text-align: center;\"><span style=\"font-size: 8pt;\"><a href=\"\/index.php\/w2rc\/w2rc-2023\/\"><span style=\"color: #ee8027;\">W2RC<\/span><\/a><\/span><\/td>\n<td><strong>Sandra G\u00f3mez<\/strong><\/td>\n<td>KTM 450 Rally<\/td>\n<td class=\"nomobile\">Rieju-Xraids Experience<\/td>\n<td style=\"text-align: right; padding-right: 15px;\"><\/td>\n<\/tr>\n<tr style=\"vertical-align: top; background-color: #dbd9d9;\">\n<td style=\"text-align: center;\"><strong>DNF<\/strong><\/td>\n<td class=\"nomobile\" style=\"text-align: center;\">59<\/td>\n<td class=\"nomobile\" style=\"text-align: center;\"><span style=\"font-size: 8pt;\">Rally2<\/span><\/td>\n<td class=\"nomobile\" style=\"text-align: center;\"><span style=\"font-size: 8pt;\"><a href=\"\/index.php\/w2rc\/w2rc-2023\/\"><span style=\"color: #ee8027;\">W2RC<\/span><\/a><\/span><\/td>\n<td><strong>John W. Medina Salazar<\/strong><\/td>\n<td>KTM 450 Rally<\/td>\n<td class=\"nomobile\">M3 Rally Team<\/td>\n<td style=\"text-align: right; padding-right: 15px;\"><\/td>\n<\/tr>\n<tr style=\"vertical-align: top; background-color: #f2f2f2;\">\n<td style=\"text-align: center;\"><strong>DNF<\/strong><\/td>\n<td class=\"nomobile\" style=\"text-align: center;\">64<\/td>\n<td class=\"nomobile\" style=\"text-align: center;\"><span style=\"font-size: 8pt;\">Rally2<\/span><\/td>\n<td class=\"nomobile\" style=\"text-align: center;\"><\/td>\n<td><strong>Josep Maria Mas Arcos<\/strong><\/td>\n<td>Husqvarna FR 450 Rally<\/td>\n<td class=\"nomobile\">Pedreg\u00e0 Team<\/td>\n<td style=\"text-align: right; padding-right: 15px;\"><\/td>\n<\/tr>\n<tr style=\"vertical-align: top; background-color: #dbd9d9;\">\n<td style=\"text-align: center;\"><strong>DNF<\/strong><\/td>\n<td class=\"nomobile\" style=\"text-align: center;\">65<\/td>\n<td class=\"nomobile\" style=\"text-align: center;\"><span style=\"font-size: 8pt;\">Rally2<\/span><\/td>\n<td class=\"nomobile\" style=\"text-align: center;\"><\/td>\n<td><strong>Guillaume Chollet<\/strong><\/td>\n<td>KTM 450 Rally<\/td>\n<td class=\"nomobile\">Chollet Racing Team<\/td>\n<td style=\"text-align: right; padding-right: 15px;\"><\/td>\n<\/tr>\n<tr style=\"vertical-align: top; background-color: #f2f2f2;\">\n<td style=\"text-align: center;\"><strong>DNF<\/strong><\/td>\n<td class=\"nomobile\" style=\"text-align: center;\">66<\/td>\n<td class=\"nomobile\" style=\"text-align: center;\"><span style=\"font-size: 8pt;\">Rally2<\/span><\/td>\n<td class=\"nomobile\" style=\"text-align: center;\"><\/td>\n<td><strong>Alex Salvini<\/strong><\/td>\n<td>Fantic 450 Rally<\/td>\n<td class=\"nomobile\">Fantic Rally Team<\/td>\n<td style=\"text-align: right; padding-right: 15px;\"><\/td>\n<\/tr>\n<tr style=\"vertical-align: top; background-color: #dbd9d9;\">\n<td style=\"text-align: center;\"><strong>DNF<\/strong><\/td>\n<td class=\"nomobile\" style=\"text-align: center;\">69<\/td>\n<td class=\"nomobile\" style=\"text-align: center;\"><span style=\"font-size: 8pt;\">Rally2<\/span><\/td>\n<td class=\"nomobile\" style=\"text-align: center;\"><\/td>\n<td><strong>Cesar Rojo Vidal<\/strong><\/td>\n<td>KTM 450 Rally<\/td>\n<td class=\"nomobile\">BAS World KTM Racing Team<\/td>\n<td style=\"text-align: right; padding-right: 15px;\"><\/td>\n<\/tr>\n<tr style=\"vertical-align: top; background-color: #f2f2f2;\">\n<td style=\"text-align: center;\"><strong>DNF<\/strong><\/td>\n<td class=\"nomobile\" style=\"text-align: center;\">70<\/td>\n<td class=\"nomobile\" style=\"text-align: center;\"><span style=\"font-size: 8pt;\">Rally2<\/span><\/td>\n<td class=\"nomobile\" style=\"text-align: center;\"><span style=\"font-size: 8pt;\"><a href=\"\/index.php\/w2rc\/w2rc-2023\/\"><span style=\"color: #ee8027;\">W2RC<\/span><\/a><\/span><\/td>\n<td><strong>Mishal Alghuneim<\/strong><\/td>\n<td>Husqvarna FR 450 Rally<\/td>\n<td class=\"nomobile\">Saudi Dirtbike Center<\/td>\n<td style=\"text-align: right; padding-right: 15px;\"><\/td>\n<\/tr>\n<tr style=\"vertical-align: top; background-color: #dbd9d9;\">\n<td style=\"text-align: center;\"><strong>DNF<\/strong><\/td>\n<td class=\"nomobile\" style=\"text-align: center;\">72<\/td>\n<td class=\"nomobile\" style=\"text-align: center;\"><span style=\"font-size: 8pt;\">Rally2<\/span><\/td>\n<td class=\"nomobile\" style=\"text-align: center;\"><\/td>\n<td><strong>Philippe Gendron<\/strong><\/td>\n<td>KTM 450 Rally<\/td>\n<td class=\"nomobile\">Nomade Racing<\/td>\n<td style=\"text-align: right; padding-right: 15px;\"><\/td>\n<\/tr>\n<tr style=\"vertical-align: top; background-color: #f2f2f2;\">\n<td style=\"text-align: center;\"><strong>DNF<\/strong><\/td>\n<td class=\"nomobile\" style=\"text-align: center;\">73<\/td>\n<td class=\"nomobile\" style=\"text-align: center;\"><span style=\"font-size: 8pt;\">Rally2<\/span><\/td>\n<td class=\"nomobile\" style=\"text-align: center;\"><\/td>\n<td><strong>Tiziano Interno<\/strong><\/td>\n<td>Fantic XEF 450 Rally<\/td>\n<td class=\"nomobile\">Rally POV<\/td>\n<td style=\"text-align: right; padding-right: 15px;\"><\/td>\n<\/tr>\n<tr style=\"vertical-align: top; background-color: #dbd9d9;\">\n<td style=\"text-align: center;\"><strong>DNF<\/strong><\/td>\n<td class=\"nomobile\" style=\"text-align: center;\">75<\/td>\n<td class=\"nomobile\" style=\"text-align: center;\"><span style=\"font-size: 8pt;\">Rally2<\/span><\/td>\n<td class=\"nomobile\" style=\"text-align: center;\"><\/td>\n<td><strong>Edouard Leconte<\/strong><\/td>\n<td>KTM 450 Rally<\/td>\n<td class=\"nomobile\">HT Rally Raid Husqvarna Racing<\/td>\n<td style=\"text-align: right; padding-right: 15px;\"><\/td>\n<\/tr>\n<tr style=\"vertical-align: top; background-color: #f2f2f2;\">\n<td style=\"text-align: center;\"><strong>DNF<\/strong><\/td>\n<td class=\"nomobile\" style=\"text-align: center;\">79<\/td>\n<td class=\"nomobile\" style=\"text-align: center;\"><span style=\"font-size: 8pt;\">Rally2<\/span><\/td>\n<td class=\"nomobile\" style=\"text-align: center;\"><\/td>\n<td><strong>Libor Podmol<\/strong><\/td>\n<td>Husqvarna FR 450 Rally<\/td>\n<td class=\"nomobile\">Podmol Dakar Team<\/td>\n<td style=\"text-align: right; padding-right: 15px;\"><\/td>\n<\/tr>\n<tr style=\"vertical-align: top; background-color: #dbd9d9;\">\n<td style=\"text-align: center;\"><strong>DNF<\/strong><\/td>\n<td class=\"nomobile\" style=\"text-align: center;\">82<\/td>\n<td class=\"nomobile\" style=\"text-align: center;\"><span style=\"font-size: 8pt;\">Rally2<\/span><\/td>\n<td class=\"nomobile\" style=\"text-align: center;\"><\/td>\n<td><strong>G\u00e1bor Saghmeister<\/strong><\/td>\n<td>KTM 450 Rally<\/td>\n<td class=\"nomobile\">Saghmeister Team<\/td>\n<td style=\"text-align: right; padding-right: 15px;\"><\/td>\n<\/tr>\n<tr style=\"vertical-align: top; background-color: #f2f2f2;\">\n<td style=\"text-align: center;\"><strong>DNF<\/strong><\/td>\n<td class=\"nomobile\" style=\"text-align: center;\">91<\/td>\n<td class=\"nomobile\" style=\"text-align: center;\"><span style=\"font-size: 8pt;\">Rally2<\/span><\/td>\n<td class=\"nomobile\" style=\"text-align: center;\"><\/td>\n<td><strong>Mike Wiedemann<\/strong><\/td>\n<td>KTM 450 Rally<\/td>\n<td class=\"nomobile\">Wiedemann Motorsports<\/td>\n<td style=\"text-align: right; padding-right: 15px;\"><\/td>\n<\/tr>\n<tr style=\"vertical-align: top; background-color: #dbd9d9;\">\n<td style=\"text-align: center;\"><strong>DNF<\/strong><\/td>\n<td class=\"nomobile\" style=\"text-align: center;\">98<\/td>\n<td class=\"nomobile\" style=\"text-align: center;\"><span style=\"font-size: 8pt;\">Rally2<\/span><\/td>\n<td class=\"nomobile\" style=\"text-align: center;\"><\/td>\n<td><strong>Fabien Domas<\/strong><\/td>\n<td>Yamaha 450 T\u00e9n\u00e9r\u00e9<\/td>\n<td class=\"nomobile\">Drag&#8217;On<\/td>\n<td style=\"text-align: right; padding-right: 15px;\"><\/td>\n<\/tr>\n<tr style=\"vertical-align: top; background-color: #f2f2f2;\">\n<td style=\"text-align: center;\"><strong>DNF<\/strong><\/td>\n<td class=\"nomobile\" style=\"text-align: center;\">101<\/td>\n<td class=\"nomobile\" style=\"text-align: center;\"><span style=\"font-size: 8pt;\">Rally2<\/span><\/td>\n<td class=\"nomobile\" style=\"text-align: center;\"><\/td>\n<td><strong>Kyle McCoy<\/strong><\/td>\n<td>KTM 450 Rally<\/td>\n<td class=\"nomobile\">BAS World KTM Racing Team<\/td>\n<td style=\"text-align: right; padding-right: 15px;\"><\/td>\n<\/tr>\n<tr style=\"vertical-align: top; background-color: #dbd9d9;\">\n<td style=\"text-align: center;\"><strong>DNF<\/strong><\/td>\n<td class=\"nomobile\" style=\"text-align: center;\">102<\/td>\n<td class=\"nomobile\" style=\"text-align: center;\"><span style=\"font-size: 8pt;\">Rally2<\/span><\/td>\n<td class=\"nomobile\" style=\"text-align: center;\"><\/td>\n<td><strong>Paul Neff<\/strong><\/td>\n<td>KTM 450 Rally<\/td>\n<td class=\"nomobile\">BAS World KTM Racing Team<\/td>\n<td style=\"text-align: right; padding-right: 15px;\"><\/td>\n<\/tr>\n<tr style=\"vertical-align: top; background-color: #f2f2f2;\">\n<td style=\"text-align: center;\"><strong>DNF<\/strong><\/td>\n<td class=\"nomobile\" style=\"text-align: center;\">103<\/td>\n<td class=\"nomobile\" style=\"text-align: center;\"><span style=\"font-size: 8pt;\">Rally2<\/span><\/td>\n<td class=\"nomobile\" style=\"text-align: center;\"><\/td>\n<td><strong>David Pearson<\/strong><\/td>\n<td>KTM 450 Rally<\/td>\n<td class=\"nomobile\">BAS World KTM Racing Team<\/td>\n<td style=\"text-align: right; padding-right: 15px;\"><\/td>\n<\/tr>\n<tr style=\"vertical-align: top; background-color: #dbd9d9;\">\n<td style=\"text-align: center;\"><strong>DNF<\/strong><\/td>\n<td class=\"nomobile\" style=\"text-align: center;\">104<\/td>\n<td class=\"nomobile\" style=\"text-align: center;\"><span style=\"font-size: 8pt;\">Rally2<\/span><\/td>\n<td class=\"nomobile\" style=\"text-align: center;\"><\/td>\n<td><strong>James Pearson<\/strong><\/td>\n<td>KTM 450 Rally<\/td>\n<td class=\"nomobile\">BAS World KTM Racing Team<\/td>\n<td style=\"text-align: right; padding-right: 15px;\"><\/td>\n<\/tr>\n<tr style=\"vertical-align: top; background-color: #f2f2f2;\">\n<td style=\"text-align: center;\"><strong>DNF<\/strong><\/td>\n<td class=\"nomobile\" style=\"text-align: center;\">107<\/td>\n<td class=\"nomobile\" style=\"text-align: center;\"><span style=\"font-size: 8pt;\">Rally2<\/span><\/td>\n<td class=\"nomobile\" style=\"text-align: center;\"><\/td>\n<td><strong>Lorenzo Maestromi<\/strong><\/td>\n<td>KTM 450 Rally<\/td>\n<td class=\"nomobile\">Nomade Racing<\/td>\n<td style=\"text-align: right; padding-right: 15px;\"><\/td>\n<\/tr>\n<tr style=\"vertical-align: top; background-color: #dbd9d9;\">\n<td style=\"text-align: center;\"><strong>DNF<\/strong><\/td>\n<td class=\"nomobile\" style=\"text-align: center;\">108<\/td>\n<td class=\"nomobile\" style=\"text-align: center;\"><span style=\"font-size: 8pt;\">Rally2<\/span><\/td>\n<td class=\"nomobile\" style=\"text-align: center;\"><\/td>\n<td><strong>Julien Barth\u00e9l\u00e9my<\/strong><\/td>\n<td>Honda CRF 450 Rally<\/td>\n<td class=\"nomobile\">RS Moto Racing Team<\/td>\n<td style=\"text-align: right; padding-right: 15px;\"><\/td>\n<\/tr>\n<tr style=\"vertical-align: top; background-color: #f2f2f2;\">\n<td style=\"text-align: center;\"><strong>DNF<\/strong><\/td>\n<td class=\"nomobile\" style=\"text-align: center;\">112<\/td>\n<td class=\"nomobile\" style=\"text-align: center;\"><span style=\"font-size: 8pt;\">Rally2<\/span><\/td>\n<td class=\"nomobile\" style=\"text-align: center;\"><\/td>\n<td><strong>Arnault Chardron<\/strong><\/td>\n<td>Yamaha WR450F<\/td>\n<td class=\"nomobile\">Outsider \/ Nomade Racing<\/td>\n<td style=\"text-align: right; padding-right: 15px;\"><\/td>\n<\/tr>\n<tr style=\"vertical-align: top; background-color: #dbd9d9;\">\n<td style=\"text-align: center;\"><strong>DNF<\/strong><\/td>\n<td class=\"nomobile\" style=\"text-align: center;\">119<\/td>\n<td class=\"nomobile\" style=\"text-align: center;\"><span style=\"font-size: 8pt;\">Rally2<\/span><\/td>\n<td class=\"nomobile\" style=\"text-align: center;\"><\/td>\n<td><strong>Lois d&#8217;Abbadie<\/strong><\/td>\n<td>Husqvarna FR 450 Rally<\/td>\n<td class=\"nomobile\">Nomade Racing<\/td>\n<td style=\"text-align: right; padding-right: 15px;\"><\/td>\n<\/tr>\n<tr style=\"vertical-align: top; background-color: #f2f2f2;\">\n<td style=\"text-align: center;\"><strong>DNF<\/strong><\/td>\n<td class=\"nomobile\" style=\"text-align: center;\">123<\/td>\n<td class=\"nomobile\" style=\"text-align: center;\"><span style=\"font-size: 8pt;\">Rally2<\/span><\/td>\n<td class=\"nomobile\" style=\"text-align: center;\"><\/td>\n<td><strong>Rodolphe de Palmas<\/strong><\/td>\n<td>KTM 450 Rally<\/td>\n<td class=\"nomobile\">Nomade Racing<\/td>\n<td style=\"text-align: right; padding-right: 15px;\"><\/td>\n<\/tr>\n<tr style=\"vertical-align: top; background-color: #dbd9d9;\">\n<td style=\"text-align: center;\"><strong>DNF<\/strong><\/td>\n<td class=\"nomobile\" style=\"text-align: center;\">124<\/td>\n<td class=\"nomobile\" style=\"text-align: center;\"><span style=\"font-size: 8pt;\">Rally2<\/span><\/td>\n<td class=\"nomobile\" style=\"text-align: center;\"><\/td>\n<td><strong>Tommaso Montanari<\/strong><\/td>\n<td>Husqvarna FR 450 Rally<\/td>\n<td class=\"nomobile\">Team Solarys<\/td>\n<td style=\"text-align: right; padding-right: 15px;\"><\/td>\n<\/tr>\n<tr style=\"vertical-align: top; background-color: #f2f2f2;\">\n<td style=\"text-align: center;\"><strong>DNF<\/strong><\/td>\n<td class=\"nomobile\" style=\"text-align: center;\">126<\/td>\n<td class=\"nomobile\" style=\"text-align: center;\"><span style=\"font-size: 8pt;\">Rally2<\/span><\/td>\n<td class=\"nomobile\" style=\"text-align: center;\"><\/td>\n<td><strong>St\u00e9phane Hamard<\/strong><\/td>\n<td>Husqvarna FR 450 Rally<\/td>\n<td class=\"nomobile\">R\u00e9union Rallye Raid<\/td>\n<td style=\"text-align: right; padding-right: 15px;\"><\/td>\n<\/tr>\n<tr style=\"vertical-align: top; background-color: #dbd9d9;\">\n<td style=\"text-align: center;\"><strong>DNF<\/strong><\/td>\n<td class=\"nomobile\" style=\"text-align: center;\">127<\/td>\n<td class=\"nomobile\" style=\"text-align: center;\"><span style=\"font-size: 8pt;\">Rally2<\/span><\/td>\n<td class=\"nomobile\" style=\"text-align: center;\"><\/td>\n<td><strong>Lawrence Ace Nilson<\/strong><\/td>\n<td>KTM 450 Rally<\/td>\n<td class=\"nomobile\">Duust Rally Team<\/td>\n<td style=\"text-align: right; padding-right: 15px;\"><\/td>\n<\/tr>\n<tr style=\"background-color: #808080; color: white;\">\n<td style=\"text-align: left;\" colspan=\"8\"><span style=\"font-size: 8pt;\">V kategorii motocykl\u016f odstartovalo 121 stroj\u016f, v c\u00edli klasifikov\u00e1no 80.<\/span><\/td>\n<\/tr>\n<\/tbody>\n<\/table>\n<p>[\/vc_column_text][\/vc_column_inner][\/vc_row_inner][\/vc_tta_section][vc_tta_section title=&#8221;RallyGP&#8221; tab_id=&#8221;rallygp&#8221;][vc_row_inner][vc_column_inner][vc_column_text css_animation=&#8221;fadeIn&#8221;]<\/p>\n<table style=\"width: 97.7654%;\" rules=\"rows\" cellpadding=\"4px\">\n<tbody>\n<tr style=\"background-color: #808080; color: white;\">\n<td style=\"text-align: center;\" colspan=\"7\"><span style=\"font-size: 12pt;\"><strong>RALLY DAKAR 2023<br \/>\nRALLYGP<br \/>\nkone\u010dn\u00e9 v\u00fdsledky<\/strong><\/span><\/td>\n<\/tr>\n<tr style=\"vertical-align: top; background-color: #dbd9d9;\">\n<td style=\"text-align: center;\"><strong>1.<\/strong><\/td>\n<td class=\"nomobile\" style=\"text-align: center;\">47<\/td>\n<td class=\"nomobile\" style=\"text-align: center;\"><span style=\"font-size: 8pt;\"><a href=\"\/index.php\/w2rc\/w2rc-2023\/\"><span style=\"color: #ee8027;\">W2RC<\/span><\/a><\/span><\/td>\n<td><a href=\"\/index.php\/osobnosti\/kevin-benavides\/\"><span style=\"color: #ee8027;\"><strong>Kevin Benavides<\/strong><\/span><\/a><\/td>\n<td>KTM 450 Rally<\/td>\n<td class=\"nomobile\">Red Bull KTM Factory Racing<\/td>\n<td style=\"text-align: right; padding-right: 15px;\"><strong>44:27:20<\/strong><\/td>\n<\/tr>\n<tr style=\"vertical-align: top; background-color: #f2f2f2;\">\n<td style=\"text-align: center;\"><strong>2.<\/strong><\/td>\n<td class=\"nomobile\" style=\"text-align: center;\">8<\/td>\n<td class=\"nomobile\" style=\"text-align: center;\"><span style=\"font-size: 8pt;\"><a href=\"\/index.php\/w2rc\/w2rc-2023\/\"><span style=\"color: #ee8027;\">W2RC<\/span><\/a><\/span><\/td>\n<td><strong><a href=\"\/index.php\/osobnosti\/toby-price\/\"><span style=\"color: #ee8027;\">Toby Price<\/span><\/a><\/strong><\/td>\n<td>KTM 450 Rally<\/td>\n<td class=\"nomobile\">Red Bull KTM Factory Racing<\/td>\n<td style=\"text-align: right; padding-right: 15px;\"><strong>+43<\/strong><\/td>\n<\/tr>\n<tr style=\"vertical-align: top; background-color: #dbd9d9;\">\n<td style=\"text-align: center;\"><strong>3.<\/strong><\/td>\n<td class=\"nomobile\" style=\"text-align: center;\">10<\/td>\n<td class=\"nomobile\" style=\"text-align: center;\"><span style=\"font-size: 8pt;\"><a href=\"\/index.php\/w2rc\/w2rc-2023\/\"><span style=\"color: #ee8027;\">W2RC<\/span><\/a><\/span><\/td>\n<td><a href=\"\/index.php\/osobnosti\/skyler-howes\/\"><span style=\"color: #ee8027;\"><strong>Skyler Howes<\/strong><\/span><\/a><\/td>\n<td>Husqvarna FR 450 Rally<\/td>\n<td class=\"nomobile\">Husqvarna Factory Racing<\/td>\n<td style=\"text-align: right; padding-right: 15px;\"><strong>+5:04<\/strong><\/td>\n<\/tr>\n<tr style=\"vertical-align: top; background-color: #f2f2f2;\">\n<td style=\"text-align: center;\"><strong>4.<\/strong><\/td>\n<td class=\"nomobile\" style=\"text-align: center;\">7<\/td>\n<td class=\"nomobile\" style=\"text-align: center;\"><span style=\"font-size: 8pt;\"><a href=\"\/index.php\/w2rc\/w2rc-2023\/\"><span style=\"color: #ee8027;\">W2RC<\/span><\/a><\/span><\/td>\n<td><a href=\"\/index.php\/osobnosti\/pablo-quintanilla\/\"><span style=\"color: #ee8027;\"><strong>Pablo Quintanilla<\/strong><\/span><\/a><\/td>\n<td>Honda CRF450 Rally<\/td>\n<td class=\"nomobile\">Monster Energy Honda Team<\/td>\n<td style=\"text-align: right; padding-right: 15px;\"><strong>+19:02<\/strong><\/td>\n<\/tr>\n<tr style=\"vertical-align: top; background-color: #dbd9d9;\">\n<td style=\"text-align: center;\"><strong>5.<\/strong><\/td>\n<td class=\"nomobile\" style=\"text-align: center;\">42<\/td>\n<td class=\"nomobile\" style=\"text-align: center;\"><span style=\"font-size: 8pt;\"><a href=\"\/index.php\/w2rc\/w2rc-2023\/\"><span style=\"color: #ee8027;\">W2RC<\/span><\/a><\/span><\/td>\n<td><strong><a href=\"\/index.php\/osobnosti\/adrien-van-beveren\/\"><span style=\"color: #ee8027;\">Adrien Van Beveren<\/span><\/a><\/strong><\/td>\n<td>Honda CRF450 Rally<\/td>\n<td class=\"nomobile\">Monster Energy Honda Team<\/td>\n<td style=\"text-align: right; padding-right: 15px;\"><strong>+20:30<\/strong><\/td>\n<\/tr>\n<tr style=\"vertical-align: top; background-color: #f2f2f2;\">\n<td style=\"text-align: center;\"><strong>6.<\/strong><\/td>\n<td class=\"nomobile\" style=\"text-align: center;\">77<\/td>\n<td class=\"nomobile\" style=\"text-align: center;\"><span style=\"font-size: 8pt;\"><a href=\"\/index.php\/w2rc\/w2rc-2023\/\"><span style=\"color: #ee8027;\">W2RC<\/span><\/a><\/span><\/td>\n<td><strong><a href=\"\/index.php\/osobnosti\/luciano-benavides\/\"><span style=\"color: #ee8027;\">Luciano Benavides<\/span><\/a><\/strong><\/td>\n<td>Husqvarna FR 450 Rally<\/td>\n<td class=\"nomobile\">Husqvarna Factory Racing<\/td>\n<td style=\"text-align: right; padding-right: 15px;\"><strong>+22:42<\/strong><\/td>\n<\/tr>\n<tr style=\"vertical-align: top; background-color: #dbd9d9;\">\n<td style=\"text-align: center;\"><strong>7.<\/strong><\/td>\n<td class=\"nomobile\" style=\"text-align: center;\">18<\/td>\n<td class=\"nomobile\" style=\"text-align: center;\"><span style=\"font-size: 8pt;\"><a href=\"\/index.php\/w2rc\/w2rc-2023\/\"><span style=\"color: #ee8027;\">W2RC<\/span><\/a><\/span><\/td>\n<td><strong><a href=\"\/index.php\/osobnosti\/daniel-sanders\/\"><span style=\"color: #ee8027;\">Daniel Sanders<\/span><\/a><\/strong><\/td>\n<td>GasGas RX 450F<\/td>\n<td class=\"nomobile\">Red Bull GasGas Factory Racing<\/td>\n<td style=\"text-align: right; padding-right: 15px;\"><strong>+25:57<\/strong><\/td>\n<\/tr>\n<tr style=\"vertical-align: top; background-color: #f2f2f2;\">\n<td style=\"text-align: center;\"><strong>8.<\/strong><\/td>\n<td class=\"nomobile\" style=\"text-align: center;\">11<\/td>\n<td class=\"nomobile\" style=\"text-align: center;\"><span style=\"font-size: 8pt;\"><a href=\"\/index.php\/w2rc\/w2rc-2023\/\"><span style=\"color: #ee8027;\">W2RC<\/span><\/a><\/span><\/td>\n<td><strong><a href=\"\/index.php\/osobnosti\/nacho-cornejo\/\"><span style=\"color: #ee8027;\">Nacho Cornejo<\/span><\/a><\/strong><\/td>\n<td>Honda CRF450 Rally<\/td>\n<td class=\"nomobile\">Monster Energy Honda Team<\/td>\n<td style=\"text-align: right; padding-right: 15px;\"><strong>+51:21<\/strong><\/td>\n<\/tr>\n<tr style=\"vertical-align: top; background-color: #dbd9d9;\">\n<td style=\"text-align: center;\"><strong>9.<\/strong><\/td>\n<td class=\"nomobile\" style=\"text-align: center;\">15<\/td>\n<td class=\"nomobile\" style=\"text-align: center;\"><\/td>\n<td><a href=\"\/index.php\/osobnosti\/lorenzo-santolino\/\"><span style=\"color: #ee8027;\"><strong>Lorenzo Santolino<\/strong><\/span><\/a><\/td>\n<td>Sherco 450 SEF Rally<\/td>\n<td class=\"nomobile\">Sherco Rally Factory Team<\/td>\n<td style=\"text-align: right; padding-right: 15px;\"><strong>+1:17:53<\/strong><\/td>\n<\/tr>\n<tr style=\"vertical-align: top; background-color: #f2f2f2;\">\n<td style=\"text-align: center;\"><strong>10.<\/strong><\/td>\n<td class=\"nomobile\" style=\"text-align: center;\">33<\/td>\n<td class=\"nomobile\" style=\"text-align: center;\"><span style=\"font-size: 8pt;\"><a href=\"\/index.php\/w2rc\/w2rc-2023\/\"><span style=\"color: #ee8027;\">W2RC<\/span><\/a><\/span><\/td>\n<td><strong><a href=\"\/index.php\/osobnosti\/franco-caimi\/\"><span style=\"color: #ee8027;\">Franco Caimi<\/span><\/a><\/strong><\/td>\n<td>Hero 450 Rally<\/td>\n<td class=\"nomobile\">Hero MotoSports Team Rally<\/td>\n<td style=\"text-align: right; padding-right: 15px;\"><strong>+1:38:04<\/strong><\/td>\n<\/tr>\n<tr style=\"vertical-align: top; background-color: #dbd9d9;\">\n<td style=\"text-align: center;\"><strong>11.<\/strong><\/td>\n<td class=\"nomobile\" style=\"text-align: center;\">12<\/td>\n<td class=\"nomobile\" style=\"text-align: center;\"><\/td>\n<td><strong><a href=\"\/index.php\/osobnosti\/martin-michek\/\"><span style=\"color: #ee8027;\">Martin Michek<\/span><\/a><\/strong><\/td>\n<td>KTM 450 Rally<\/td>\n<td class=\"nomobile\">Orion &#8211; Moto Racing Group<\/td>\n<td style=\"text-align: right; padding-right: 15px;\"><strong>+1:42:24<\/strong><\/td>\n<\/tr>\n<tr style=\"vertical-align: top; background-color: #f2f2f2;\">\n<td style=\"text-align: center;\"><strong>12.<\/strong><\/td>\n<td class=\"nomobile\" style=\"text-align: center;\">142<\/td>\n<td class=\"nomobile\" style=\"text-align: center;\"><\/td>\n<td><strong><a href=\"\/index.php\/osobnosti\/stefan-svitko\/\"><span style=\"color: #ee8027;\">\u0160tefan Svitko<\/span><\/a><\/strong><\/td>\n<td>KTM 450 Rally<\/td>\n<td class=\"nomobile\">Slovnaft Rally Team<\/td>\n<td style=\"text-align: right; padding-right: 15px;\"><strong>+1:50:42<\/strong><\/td>\n<\/tr>\n<tr style=\"vertical-align: top; background-color: #dbd9d9;\">\n<td style=\"text-align: center;\"><strong>13.<\/strong><\/td>\n<td class=\"nomobile\" style=\"text-align: center;\">68<\/td>\n<td class=\"nomobile\" style=\"text-align: center;\"><\/td>\n<td><a href=\"\/index.php\/osobnosti\/tosha-schareina\/\"><span style=\"color: #ee8027;\"><strong>Tosha Schareina<\/strong><\/span><\/a><\/td>\n<td>GasGas RX 450F<\/td>\n<td class=\"nomobile\">GasGas Aspar \/ BAS World KTM Racing Team<\/td>\n<td style=\"text-align: right; padding-right: 15px;\"><strong>+1:54:46<\/strong><\/td>\n<\/tr>\n<tr style=\"vertical-align: top; background-color: #f2f2f2;\">\n<td style=\"text-align: center;\"><strong>14.<\/strong><\/td>\n<td class=\"nomobile\" style=\"text-align: center;\">14<\/td>\n<td class=\"nomobile\" style=\"text-align: center;\"><span style=\"font-size: 8pt;\"><a href=\"\/index.php\/w2rc\/w2rc-2023\/\"><span style=\"color: #ee8027;\">W2RC<\/span><\/a><\/span><\/td>\n<td><strong><a href=\"\/index.php\/osobnosti\/sebastian-buhler\/\"><span style=\"color: #ee8027;\">Sebastian B\u00fchler<\/span><\/a><\/strong><\/td>\n<td>Hero 450 Rally<\/td>\n<td class=\"nomobile\">Hero MotoSports Team Rally<\/td>\n<td style=\"text-align: right; padding-right: 15px;\"><strong>+4:15:13<\/strong><\/td>\n<\/tr>\n<tr style=\"vertical-align: top; background-color: #dbd9d9;\">\n<td style=\"text-align: center;\"><strong>15.<\/strong><\/td>\n<td class=\"nomobile\" style=\"text-align: center;\">48<\/td>\n<td class=\"nomobile\" style=\"text-align: center;\"><\/td>\n<td><strong>Joan Pedrero<\/strong><\/td>\n<td>KTM 450 Rally<\/td>\n<td class=\"nomobile\">Team LS2 Shad<\/td>\n<td style=\"text-align: right; padding-right: 15px;\"><strong>+4:29:11<\/strong><\/td>\n<\/tr>\n<tr style=\"vertical-align: top; background-color: #f2f2f2;\">\n<td style=\"text-align: center;\"><strong>16.<\/strong><\/td>\n<td class=\"nomobile\" style=\"text-align: center;\">16<\/td>\n<td class=\"nomobile\" style=\"text-align: center;\"><span style=\"font-size: 8pt;\"><a href=\"\/index.php\/w2rc\/w2rc-2023\/\"><span style=\"color: #ee8027;\">W2RC<\/span><\/a><\/span><\/td>\n<td><a href=\"\/index.php\/osobnosti\/ross-branch\/\"><span style=\"color: #ee8027;\"><strong>Ross Branch<\/strong><\/span><\/a><\/td>\n<td>Hero 450 Rally<\/td>\n<td class=\"nomobile\">Hero MotoSports Team Rally<\/td>\n<td style=\"text-align: right; padding-right: 15px;\"><strong>+6:59:13<\/strong><\/td>\n<\/tr>\n<tr style=\"vertical-align: top; background-color: #dbd9d9;\">\n<td style=\"text-align: center;\"><strong>17.<\/strong><\/td>\n<td class=\"nomobile\" style=\"text-align: center;\">25<\/td>\n<td class=\"nomobile\" style=\"text-align: center;\"><\/td>\n<td><strong>Mohammed Balooshi<\/strong><\/td>\n<td>Husqvarna FR 450 Rally<\/td>\n<td class=\"nomobile\">MX Ride Dubai<\/td>\n<td style=\"text-align: right; padding-right: 15px;\"><strong>+9:54:18<\/strong><\/td>\n<\/tr>\n<tr style=\"background-color: #808080; color: white;\">\n<td style=\"text-align: left;\" colspan=\"7\"><\/td>\n<\/tr>\n<tr style=\"vertical-align: top; background-color: #f2f2f2;\">\n<td style=\"text-align: center;\"><strong>DNF<\/strong><\/td>\n<td class=\"nomobile\" style=\"text-align: center;\">1<\/td>\n<td class=\"nomobile\" style=\"text-align: center;\"><span style=\"font-size: 8pt;\"><a href=\"\/index.php\/w2rc\/w2rc-2023\/\"><span style=\"color: #ee8027;\">W2RC<\/span><\/a><\/span><\/td>\n<td><a href=\"\/index.php\/osobnosti\/sunderland-sam\/\"><span style=\"color: #ee8027;\"><strong>Sam Sunderland<\/strong><\/span><\/a><\/td>\n<td>GasGas RX 450F<\/td>\n<td class=\"nomobile\">Red Bull GasGas Factory Racing<\/td>\n<td style=\"text-align: right; padding-right: 15px;\"><strong><span style=\"font-size: 8pt;\">1. etapa<\/span><\/strong><\/td>\n<\/tr>\n<tr style=\"vertical-align: top; background-color: #dbd9d9;\">\n<td style=\"text-align: center;\"><strong>DNF<\/strong><\/td>\n<td class=\"nomobile\" style=\"text-align: center;\">2<\/td>\n<td class=\"nomobile\" style=\"text-align: center;\"><span style=\"font-size: 8pt;\"><a href=\"\/index.php\/w2rc\/w2rc-2023\/\"><span style=\"color: #ee8027;\">W2RC<\/span><\/a><\/span><\/td>\n<td><strong><a href=\"\/index.php\/osobnosti\/ricky-brabec\/\"><span style=\"color: #ee8027;\">Ricky Brabec<\/span><\/a><\/strong><\/td>\n<td>Honda CRF450 Rally<\/td>\n<td class=\"nomobile\">Monster Energy Honda Team<\/td>\n<td style=\"text-align: right; padding-right: 15px;\"><strong><span style=\"font-size: 8pt;\">3. etapa<\/span><\/strong><\/td>\n<\/tr>\n<tr style=\"vertical-align: top; background-color: #f2f2f2;\">\n<td style=\"text-align: center;\"><strong>DNF<\/strong><\/td>\n<td class=\"nomobile\" style=\"text-align: center;\">5<\/td>\n<td class=\"nomobile\" style=\"text-align: center;\"><\/td>\n<td><strong><a href=\"\/index.php\/osobnosti\/joan-barreda\/\"><span style=\"color: #ee8027;\">Joan Barreda<\/span><\/a><\/strong><\/td>\n<td>Honda CRF450 Rally<\/td>\n<td class=\"nomobile\">Monster Energy JB Team<\/td>\n<td style=\"text-align: right; padding-right: 15px;\"><strong><span style=\"font-size: 8pt;\">9. etapa<\/span><\/strong><\/td>\n<\/tr>\n<tr style=\"vertical-align: top; background-color: #dbd9d9;\">\n<td style=\"text-align: center;\"><strong>DNF<\/strong><\/td>\n<td class=\"nomobile\" style=\"text-align: center;\">9<\/td>\n<td class=\"nomobile\" style=\"text-align: center;\"><span style=\"font-size: 8pt;\"><a href=\"\/index.php\/w2rc\/w2rc-2023\/\"><span style=\"color: #ee8027;\">W2RC<\/span><\/a><\/span><\/td>\n<td><strong>Mason Klein<\/strong><\/td>\n<td>KTM 450 Rally<\/td>\n<td class=\"nomobile\">BAS World KTM Racing Team<\/td>\n<td style=\"text-align: right; padding-right: 15px;\"><\/td>\n<\/tr>\n<tr style=\"vertical-align: top; background-color: #f2f2f2;\">\n<td style=\"text-align: center;\"><strong>DNF<\/strong><\/td>\n<td class=\"nomobile\" style=\"text-align: center;\">19<\/td>\n<td class=\"nomobile\" style=\"text-align: center;\"><\/td>\n<td><strong>Rui Gon\u00e7alves<\/strong><\/td>\n<td>Sherco 450 SEF Rally<\/td>\n<td class=\"nomobile\">Sherco Rally Factory Team<\/td>\n<td style=\"text-align: right; padding-right: 15px;\"><\/td>\n<\/tr>\n<tr style=\"vertical-align: top; background-color: #dbd9d9;\">\n<td style=\"text-align: center;\"><strong>DNF<\/strong><\/td>\n<td class=\"nomobile\" style=\"text-align: center;\">20<\/td>\n<td class=\"nomobile\" style=\"text-align: center;\"><\/td>\n<td><strong>Harith Noah Koitha Veetil<\/strong><\/td>\n<td>Sherco 450 SEF Rally<\/td>\n<td class=\"nomobile\">Sherco Rally Factory Team<\/td>\n<td style=\"text-align: right; padding-right: 15px;\"><\/td>\n<\/tr>\n<tr style=\"vertical-align: top; background-color: #f2f2f2;\">\n<td style=\"text-align: center;\"><strong>DNF<\/strong><\/td>\n<td class=\"nomobile\" style=\"text-align: center;\">27<\/td>\n<td class=\"nomobile\" style=\"text-align: center;\"><span style=\"font-size: 8pt;\"><a href=\"\/index.php\/w2rc\/w2rc-2023\/\"><span style=\"color: #ee8027;\">W2RC<\/span><\/a><\/span><\/td>\n<td><strong>Joaquim Rodrigues<\/strong><\/td>\n<td>Hero 450 Rally<\/td>\n<td class=\"nomobile\">Hero MotoSports Team Rally<\/td>\n<td style=\"text-align: right; padding-right: 15px;\"><\/td>\n<\/tr>\n<tr style=\"vertical-align: top; background-color: #dbd9d9;\">\n<td style=\"text-align: center;\"><strong>DNF<\/strong><\/td>\n<td class=\"nomobile\" style=\"text-align: center;\">28<\/td>\n<td class=\"nomobile\" style=\"text-align: center;\"><\/td>\n<td><strong>Maciej Giemza<\/strong><\/td>\n<td>Husqvarna FR 450 Rally<\/td>\n<td class=\"nomobile\">Orlen Team<\/td>\n<td style=\"text-align: right; padding-right: 15px;\"><\/td>\n<\/tr>\n<tr style=\"vertical-align: top; background-color: #f2f2f2;\">\n<td style=\"text-align: center;\"><strong>DNF<\/strong><\/td>\n<td class=\"nomobile\" style=\"text-align: center;\">30<\/td>\n<td class=\"nomobile\" style=\"text-align: center;\"><\/td>\n<td><strong>Ant\u00f3nio Maio<\/strong><\/td>\n<td>Yamaha WR450F Rally<\/td>\n<td class=\"nomobile\">Franco Sport Yamaha Racing Team<\/td>\n<td style=\"text-align: right; padding-right: 15px;\"><\/td>\n<\/tr>\n<tr style=\"vertical-align: top; background-color: #dbd9d9;\">\n<td style=\"text-align: center;\"><strong>DNF<\/strong><\/td>\n<td class=\"nomobile\" style=\"text-align: center;\">52<\/td>\n<td class=\"nomobile\" style=\"text-align: center;\"><span style=\"font-size: 8pt;\"><a href=\"\/index.php\/w2rc\/w2rc-2023\/\"><span style=\"color: #ee8027;\">W2RC<\/span><\/a><\/span><\/td>\n<td><a href=\"\/index.php\/osobnosti\/matthias-walkner\/\"><span style=\"color: #ee8027;\"><strong>Matthias Walkner<\/strong><\/span><\/a><\/td>\n<td>KTM 450 Rally<\/td>\n<td class=\"nomobile\">Red Bull KTM Factory Racing<\/td>\n<td style=\"text-align: right; padding-right: 15px;\"><strong><span style=\"font-size: 8pt;\">13. etapa<\/span><\/strong><\/td>\n<\/tr>\n<tr style=\"vertical-align: top; background-color: #f2f2f2;\">\n<td style=\"text-align: center;\"><strong>DNF<\/strong><\/td>\n<td class=\"nomobile\" style=\"text-align: center;\">54<\/td>\n<td class=\"nomobile\" style=\"text-align: center;\"><\/td>\n<td><strong>Daniel Nosiglia Jager<\/strong><\/td>\n<td>KTM 450 Rally<\/td>\n<td class=\"nomobile\">Xraids Experience<\/td>\n<td style=\"text-align: right; padding-right: 15px;\"><\/td>\n<\/tr>\n<tr style=\"background-color: #808080; color: white;\">\n<td style=\"text-align: left;\" colspan=\"7\"><span style=\"font-size: 8pt;\">V r\u00e1mci hodnocen\u00ed RallyGP odstartovalo 28 motocyklist\u016f, v c\u00edli klasifikov\u00e1no 17.<\/span><\/td>\n<\/tr>\n<\/tbody>\n<\/table>\n<p>[\/vc_column_text][\/vc_column_inner][\/vc_row_inner][\/vc_tta_section][vc_tta_section title=&#8221;Rally2&#8243; tab_id=&#8221;rally2&#8243;][vc_row_inner][vc_column_inner][vc_column_text css_animation=&#8221;fadeIn&#8221;]<\/p>\n<table style=\"width: 97.7654%;\" rules=\"rows\" cellpadding=\"4px\">\n<tbody>\n<tr style=\"background-color: #808080; color: white;\">\n<td style=\"text-align: center;\" colspan=\"7\"><span style=\"font-size: 12pt;\"><strong>RALLY DAKAR 2023<br \/>\nRALLY2<br \/>\nkone\u010dn\u00e9 v\u00fdsledky<\/strong><\/span><\/td>\n<\/tr>\n<tr style=\"vertical-align: top; background-color: #dbd9d9;\">\n<td style=\"text-align: center;\"><strong>1.<\/strong><\/td>\n<td class=\"nomobile\" style=\"text-align: center;\">17<\/td>\n<td class=\"nomobile\" style=\"text-align: center;\"><span style=\"font-size: 8pt;\"><a href=\"\/index.php\/w2rc\/w2rc-2023\/\"><span style=\"color: #ee8027;\">W2RC<\/span><\/a><\/span><\/td>\n<td><a href=\"\/index.php\/osobnosti\/romain-dumontier\/\"><span style=\"color: #ee8027;\"><strong>Romain Dumontier<\/strong><\/span><\/a><\/td>\n<td>Husqvarna FR 450 Rally<\/td>\n<td class=\"nomobile\">HT Rally Raid Husqvarna Racing<\/td>\n<td style=\"text-align: right; padding-right: 15px;\"><strong>46:31:44<\/strong><\/td>\n<\/tr>\n<tr style=\"vertical-align: top; background-color: #f2f2f2;\">\n<td style=\"text-align: center;\"><strong>2.<\/strong><\/td>\n<td class=\"nomobile\" style=\"text-align: center;\">46<\/td>\n<td class=\"nomobile\" style=\"text-align: center;\"><span style=\"font-size: 8pt;\"><a href=\"\/index.php\/w2rc\/w2rc-2023\/\"><span style=\"color: #ee8027;\">W2RC<\/span><\/a><\/span><\/td>\n<td><strong><a href=\"\/index.php\/osobnosti\/paolo-lucci\/\"><span style=\"color: #ee8027;\">Paolo Lucci<\/span><\/a><\/strong><\/td>\n<td>KTM 450 Rally<\/td>\n<td class=\"nomobile\">BAS World KTM Racing Team<\/td>\n<td style=\"text-align: right; padding-right: 15px;\"><strong>+32:14<\/strong><\/td>\n<\/tr>\n<tr style=\"vertical-align: top; background-color: #dbd9d9;\">\n<td style=\"text-align: center;\"><strong>3.<\/strong><\/td>\n<td class=\"nomobile\" style=\"text-align: center;\">111<\/td>\n<td class=\"nomobile\" style=\"text-align: center;\"><span style=\"font-size: 8pt;\"><a href=\"\/index.php\/w2rc\/w2rc-2023\/\"><span style=\"color: #ee8027;\">W2RC<\/span><\/a><\/span><\/td>\n<td><strong>Michael Docherty<\/strong><\/td>\n<td>Husqvarna FR 450 Rally<\/td>\n<td class=\"nomobile\">HT Rally Raid Husqvarna Racing<\/td>\n<td style=\"text-align: right; padding-right: 15px;\"><strong>+1:16:43<\/strong><\/td>\n<\/tr>\n<tr style=\"vertical-align: top; background-color: #f2f2f2;\">\n<td style=\"text-align: center;\"><strong>4.<\/strong><\/td>\n<td class=\"nomobile\" style=\"text-align: center;\">76<\/td>\n<td class=\"nomobile\" style=\"text-align: center;\"><span style=\"font-size: 8pt;\"><a href=\"\/index.php\/w2rc\/w2rc-2023\/\"><span style=\"color: #ee8027;\">W2RC<\/span><\/a><\/span><\/td>\n<td><strong>Jean-Loup Lepan<\/strong><\/td>\n<td>KTM 450 Rally<\/td>\n<td class=\"nomobile\">Nomade Racing<\/td>\n<td style=\"text-align: right; padding-right: 15px;\"><strong>+1:32:47<\/strong><\/td>\n<\/tr>\n<tr style=\"vertical-align: top; background-color: #dbd9d9;\">\n<td style=\"text-align: center;\"><strong>5.<\/strong><\/td>\n<td class=\"nomobile\" style=\"text-align: center;\">114<\/td>\n<td class=\"nomobile\" style=\"text-align: center;\"><\/td>\n<td><strong>Neels Theric<\/strong><\/td>\n<td>GasGas RX 450F<\/td>\n<td class=\"nomobile\"><\/td>\n<td style=\"text-align: right; padding-right: 15px;\"><strong>+2:05:21<\/strong><\/td>\n<\/tr>\n<tr style=\"vertical-align: top; background-color: #f2f2f2;\">\n<td style=\"text-align: center;\"><strong>6.<\/strong><\/td>\n<td class=\"nomobile\" style=\"text-align: center;\">83<\/td>\n<td class=\"nomobile\" style=\"text-align: center;\"><\/td>\n<td><strong>Julien Jagu<\/strong><\/td>\n<td>KTM 450 Rally<\/td>\n<td class=\"nomobile\">LG Rally Team<\/td>\n<td style=\"text-align: right; padding-right: 15px;\"><strong>+2:06:32<\/strong><\/td>\n<\/tr>\n<tr style=\"vertical-align: top; background-color: #dbd9d9;\">\n<td style=\"text-align: center;\"><strong>7.<\/strong><\/td>\n<td class=\"nomobile\" style=\"text-align: center;\">31<\/td>\n<td class=\"nomobile\" style=\"text-align: center;\"><span style=\"font-size: 8pt;\"><a href=\"\/index.php\/w2rc\/w2rc-2023\/\"><span style=\"color: #ee8027;\">W2RC<\/span><\/a><\/span><\/td>\n<td><a href=\"\/index.php\/osobnosti\/mathieu-doveze\/\"><span style=\"color: #ee8027;\"><strong>Mathieu Doveze<\/strong><\/span><\/a><\/td>\n<td>KTM 450 Rally<\/td>\n<td class=\"nomobile\">Nomade Racing<\/td>\n<td style=\"text-align: right; padding-right: 15px;\"><strong>+2:13:57<\/strong><\/td>\n<\/tr>\n<tr style=\"vertical-align: top; background-color: #f2f2f2;\">\n<td style=\"text-align: center;\"><strong>8.<\/strong><\/td>\n<td class=\"nomobile\" style=\"text-align: center;\">96<\/td>\n<td class=\"nomobile\" style=\"text-align: center;\"><span style=\"font-size: 8pt;\"><a href=\"\/index.php\/w2rc\/w2rc-2023\/\"><span style=\"color: #ee8027;\">W2RC<\/span><\/a><\/span><\/td>\n<td><strong>Jacob Argubright<\/strong><\/td>\n<td>Husqvarna FR 450 Rally<\/td>\n<td class=\"nomobile\">Duust Rally Team<\/td>\n<td style=\"text-align: right; padding-right: 15px;\"><strong>+2:17:32<\/strong><\/td>\n<\/tr>\n<tr style=\"vertical-align: top; background-color: #dbd9d9;\">\n<td style=\"text-align: center;\"><strong>9.<\/strong><\/td>\n<td class=\"nomobile\" style=\"text-align: center;\">53<\/td>\n<td class=\"nomobile\" style=\"text-align: center;\"><span style=\"font-size: 8pt;\"><a href=\"\/index.php\/w2rc\/w2rc-2023\/\"><span style=\"color: #ee8027;\">W2RC<\/span><\/a><\/span><\/td>\n<td><strong>Toni Mulec<\/strong><\/td>\n<td>Husqvarna FR 450 Rally<\/td>\n<td class=\"nomobile\">HT Rally Raid Husqvarna Racing<\/td>\n<td style=\"text-align: right; padding-right: 15px;\"><strong>+3:16:05<\/strong><\/td>\n<\/tr>\n<tr style=\"vertical-align: top; background-color: #f2f2f2;\">\n<td style=\"text-align: center;\"><strong>10.<\/strong><\/td>\n<td class=\"nomobile\" style=\"text-align: center;\">37<\/td>\n<td class=\"nomobile\" style=\"text-align: center;\"><\/td>\n<td><strong>Stefano Caimi<\/strong><\/td>\n<td>KTM 450 Rally<\/td>\n<td class=\"nomobile\">BAS World KTM Racing Team<\/td>\n<td style=\"text-align: right; padding-right: 15px;\"><strong>+4:12:39<\/strong><\/td>\n<\/tr>\n<tr style=\"vertical-align: top; background-color: #dbd9d9;\">\n<td style=\"text-align: center;\"><strong>11.<\/strong><\/td>\n<td class=\"nomobile\" style=\"text-align: center;\">34<\/td>\n<td class=\"nomobile\" style=\"text-align: center;\"><\/td>\n<td><strong>Emanuel Gyenes<\/strong><\/td>\n<td>KTM 450 Rally<\/td>\n<td class=\"nomobile\">Autonet Motorcycle Team<\/td>\n<td style=\"text-align: right; padding-right: 15px;\"><strong>+5:49:11<\/strong><\/td>\n<\/tr>\n<tr style=\"vertical-align: top; background-color: #f2f2f2;\">\n<td style=\"text-align: center;\"><strong>12.<\/strong><\/td>\n<td class=\"nomobile\" style=\"text-align: center;\">40<\/td>\n<td class=\"nomobile\" style=\"text-align: center;\"><\/td>\n<td><strong>Charan Moore<\/strong><\/td>\n<td>Husqvarna FR 450 Rally<\/td>\n<td class=\"nomobile\">HT Rally Raid Husqvarna Racing<\/td>\n<td style=\"text-align: right; padding-right: 15px;\"><strong>+5:52:58<\/strong><\/td>\n<\/tr>\n<tr style=\"vertical-align: top; background-color: #dbd9d9;\">\n<td style=\"text-align: center;\"><strong>13.<\/strong><\/td>\n<td class=\"nomobile\" style=\"text-align: center;\">39<\/td>\n<td class=\"nomobile\" style=\"text-align: center;\"><\/td>\n<td><strong>Benjamin Melot<\/strong><\/td>\n<td>KTM 450 Rally<\/td>\n<td class=\"nomobile\">Team Esprit KTM<\/td>\n<td style=\"text-align: right; padding-right: 15px;\"><strong>+5:53:51<\/strong><\/td>\n<\/tr>\n<tr style=\"vertical-align: top; background-color: #f2f2f2;\">\n<td style=\"text-align: center;\"><strong>14.<\/strong><\/td>\n<td class=\"nomobile\" style=\"text-align: center;\">99<\/td>\n<td class=\"nomobile\" style=\"text-align: center;\"><\/td>\n<td><strong>Javier Vega<\/strong><\/td>\n<td>Yamaha WR450F<\/td>\n<td class=\"nomobile\">Pont Grup Yamaha<\/td>\n<td style=\"text-align: right; padding-right: 15px;\"><strong>+6:13:59<\/strong><\/td>\n<\/tr>\n<tr style=\"vertical-align: top; background-color: #dbd9d9;\">\n<td style=\"text-align: center;\"><strong>15.<\/strong><\/td>\n<td class=\"nomobile\" style=\"text-align: center;\">24<\/td>\n<td class=\"nomobile\" style=\"text-align: center;\"><span style=\"font-size: 8pt;\"><a href=\"\/index.php\/w2rc\/w2rc-2023\/\"><span style=\"color: #ee8027;\">W2RC<\/span><\/a><\/span><\/td>\n<td><a href=\"\/index.php\/osobnosti\/jan-brabec\/\"><span style=\"color: #ee8027;\"><strong>Jan Brabec<\/strong><\/span><\/a><\/td>\n<td>KTM 450 Rally<\/td>\n<td class=\"nomobile\">Strojrent Racing<\/td>\n<td style=\"text-align: right; padding-right: 15px;\"><strong>+6:31:34<\/strong><\/td>\n<\/tr>\n<tr style=\"vertical-align: top; background-color: #f2f2f2;\">\n<td style=\"text-align: center;\"><strong>16.<\/strong><\/td>\n<td class=\"nomobile\" style=\"text-align: center;\">36<\/td>\n<td class=\"nomobile\" style=\"text-align: center;\"><\/td>\n<td><strong>J\u00e9r\u00f4me Martiny<\/strong><\/td>\n<td>Husqvarna FR 450 Rally<\/td>\n<td class=\"nomobile\">HT Rally Raid Husqvarna Racing<\/td>\n<td style=\"text-align: right; padding-right: 15px;\"><strong>+6:53:36<\/strong><\/td>\n<\/tr>\n<tr style=\"vertical-align: top; background-color: #dbd9d9;\">\n<td style=\"text-align: center;\"><strong>17.<\/strong><\/td>\n<td class=\"nomobile\" style=\"text-align: center;\">86<\/td>\n<td class=\"nomobile\" style=\"text-align: center;\"><\/td>\n<td><strong>Charlie Herbst<\/strong><\/td>\n<td>KTM 450 Rally<\/td>\n<td class=\"nomobile\">Team All Tracks<\/td>\n<td style=\"text-align: right; padding-right: 15px;\"><strong>+7:10:14<\/strong><\/td>\n<\/tr>\n<tr style=\"vertical-align: top; background-color: #f2f2f2;\">\n<td style=\"text-align: center;\"><strong>18.<\/strong><\/td>\n<td class=\"nomobile\" style=\"text-align: center;\">43<\/td>\n<td class=\"nomobile\" style=\"text-align: center;\"><\/td>\n<td><strong>M\u00e1rio Patr\u00e3o<\/strong><\/td>\n<td>KTM 450 Rally<\/td>\n<td class=\"nomobile\">Credito Agricola &#8211; M\u00e1rio Patr\u00e3o Motorsport<\/td>\n<td style=\"text-align: right; padding-right: 15px;\"><strong>+7:23:40<\/strong><\/td>\n<\/tr>\n<tr style=\"vertical-align: top; background-color: #dbd9d9;\">\n<td style=\"text-align: center;\"><strong>19.<\/strong><\/td>\n<td class=\"nomobile\" style=\"text-align: center;\">45<\/td>\n<td class=\"nomobile\" style=\"text-align: center;\"><\/td>\n<td><a href=\"\/index.php\/osobnosti\/david-pabiska\/\"><span style=\"color: #ee8027;\"><strong>David Pabi\u0161ka<\/strong><\/span><\/a><\/td>\n<td>KTM 450 Rally<\/td>\n<td class=\"nomobile\">SP Moto Bohemia Racing Team<\/td>\n<td style=\"text-align: right; padding-right: 15px;\"><strong>+9:13:12<\/strong><\/td>\n<\/tr>\n<tr style=\"vertical-align: top; background-color: #f2f2f2;\">\n<td style=\"text-align: center;\"><strong>20.<\/strong><\/td>\n<td class=\"nomobile\" style=\"text-align: center;\">35<\/td>\n<td class=\"nomobile\" style=\"text-align: center;\"><\/td>\n<td><strong>Patricio Cabrera<\/strong><\/td>\n<td>KTM 450 Rally<\/td>\n<td class=\"nomobile\">Rieju Team<\/td>\n<td style=\"text-align: right; padding-right: 15px;\"><strong>+9:15:40<\/strong><\/td>\n<\/tr>\n<tr style=\"vertical-align: top; background-color: #dbd9d9;\">\n<td style=\"text-align: center;\"><strong>21.<\/strong><\/td>\n<td class=\"nomobile\" style=\"text-align: center;\">95<\/td>\n<td class=\"nomobile\" style=\"text-align: center;\"><\/td>\n<td><strong>Nicolas Alberto Cardona Vagnoni<\/strong><\/td>\n<td>KTM 450 Rally<\/td>\n<td class=\"nomobile\">Pedreg\u00e0 Team<\/td>\n<td style=\"text-align: right; padding-right: 15px;\"><strong>+9:52:40<\/strong><\/td>\n<\/tr>\n<tr style=\"vertical-align: top; background-color: #f2f2f2;\">\n<td style=\"text-align: center;\"><strong>22.<\/strong><\/td>\n<td class=\"nomobile\" style=\"text-align: center;\">93<\/td>\n<td class=\"nomobile\" style=\"text-align: center;\"><\/td>\n<td><strong>Thomas Kongshoj<\/strong><\/td>\n<td>Husqvarna FR 450 Rally<\/td>\n<td class=\"nomobile\">Joyride Race Service<\/td>\n<td style=\"text-align: right; padding-right: 15px;\"><strong>+10:30:13<\/strong><\/td>\n<\/tr>\n<tr style=\"vertical-align: top; background-color: #dbd9d9;\">\n<td style=\"text-align: center;\"><strong>23.<\/strong><\/td>\n<td class=\"nomobile\" style=\"text-align: center;\">120<\/td>\n<td class=\"nomobile\" style=\"text-align: center;\"><\/td>\n<td><strong>Wesley Aaldering<\/strong><\/td>\n<td>Husqvarna FR 450 Rally<\/td>\n<td class=\"nomobile\">HT Rally Raid Husqvarna Racing<\/td>\n<td style=\"text-align: right; padding-right: 15px;\"><strong>+10:43:56<\/strong><\/td>\n<\/tr>\n<tr style=\"vertical-align: top; background-color: #f2f2f2;\">\n<td style=\"text-align: center;\"><strong>24.<\/strong><\/td>\n<td class=\"nomobile\" style=\"text-align: center;\">129<\/td>\n<td class=\"nomobile\" style=\"text-align: center;\"><\/td>\n<td><strong>David Gaits<\/strong><\/td>\n<td>KTM 450 Rally<\/td>\n<td class=\"nomobile\">Happyness Racing Igoa Moto<\/td>\n<td style=\"text-align: right; padding-right: 15px;\"><strong>+10:46:45<\/strong><\/td>\n<\/tr>\n<tr style=\"vertical-align: top; background-color: #dbd9d9;\">\n<td style=\"text-align: center;\"><strong>25.<\/strong><\/td>\n<td class=\"nomobile\" style=\"text-align: center;\">137<\/td>\n<td class=\"nomobile\" style=\"text-align: center;\"><\/td>\n<td><strong>Mathieu Troquier<\/strong><\/td>\n<td>KTM 450 Rally<\/td>\n<td class=\"nomobile\">Nomade Racing<\/td>\n<td style=\"text-align: right; padding-right: 15px;\"><strong>+10:50:22<\/strong><\/td>\n<\/tr>\n<tr style=\"vertical-align: top; background-color: #f2f2f2;\">\n<td style=\"text-align: center;\"><strong>26.<\/strong><\/td>\n<td class=\"nomobile\" style=\"text-align: center;\">106<\/td>\n<td class=\"nomobile\" style=\"text-align: center;\"><\/td>\n<td><strong>Bertrand Gavard<\/strong><\/td>\n<td>Husqvarna FR 450 Rally<\/td>\n<td class=\"nomobile\">Team RS Concept<\/td>\n<td style=\"text-align: right; padding-right: 15px;\"><strong>+10:50:59<\/strong><\/td>\n<\/tr>\n<tr style=\"vertical-align: top; background-color: #dbd9d9;\">\n<td style=\"text-align: center;\"><strong>27.<\/strong><\/td>\n<td class=\"nomobile\" style=\"text-align: center;\">89<\/td>\n<td class=\"nomobile\" style=\"text-align: center;\"><\/td>\n<td><strong>Sunier Sunier<\/strong><\/td>\n<td>Kove 450<\/td>\n<td class=\"nomobile\">Kove Rally Team<\/td>\n<td style=\"text-align: right; padding-right: 15px;\"><strong>+11:09:46<\/strong><\/td>\n<\/tr>\n<tr style=\"vertical-align: top; background-color: #f2f2f2;\">\n<td style=\"text-align: center;\"><strong>28.<\/strong><\/td>\n<td class=\"nomobile\" style=\"text-align: center;\">87<\/td>\n<td class=\"nomobile\" style=\"text-align: center;\"><\/td>\n<td><strong>Lorenzo Maria Fanottoli<\/strong><\/td>\n<td>KTM 450 Rally<\/td>\n<td class=\"nomobile\">Tecnosport<\/td>\n<td style=\"text-align: right; padding-right: 15px;\"><strong>+11:26:22<\/strong><\/td>\n<\/tr>\n<tr style=\"vertical-align: top; background-color: #dbd9d9;\">\n<td style=\"text-align: center;\"><strong>29.<\/strong><\/td>\n<td class=\"nomobile\" style=\"text-align: center;\">44<\/td>\n<td class=\"nomobile\" style=\"text-align: center;\"><span style=\"font-size: 8pt;\"><a href=\"\/index.php\/w2rc\/w2rc-2023\/\"><span style=\"color: #ee8027;\">W2RC<\/span><\/a><\/span><\/td>\n<td><strong>Mirjam Pol<\/strong><\/td>\n<td>Husqvarna FR 450 Rally<\/td>\n<td class=\"nomobile\">HT Rally Raid Husqvarna Racing<\/td>\n<td style=\"text-align: right; padding-right: 15px;\"><strong>+12:10:41<\/strong><\/td>\n<\/tr>\n<tr style=\"vertical-align: top; background-color: #f2f2f2;\">\n<td style=\"text-align: center;\"><strong>30.<\/strong><\/td>\n<td class=\"nomobile\" style=\"text-align: center;\">50<\/td>\n<td class=\"nomobile\" style=\"text-align: center;\"><\/td>\n<td><strong>Simon Mar\u010di\u010d<\/strong><\/td>\n<td>Husqvarna FE 450 Rally<\/td>\n<td class=\"nomobile\"><\/td>\n<td style=\"text-align: right; padding-right: 15px;\"><strong>+12:14:34<\/strong><\/td>\n<\/tr>\n<tr style=\"vertical-align: top; background-color: #dbd9d9;\">\n<td style=\"text-align: center;\"><strong>31.<\/strong><\/td>\n<td class=\"nomobile\" style=\"text-align: center;\">57<\/td>\n<td class=\"nomobile\" style=\"text-align: center;\"><\/td>\n<td><strong>Makis Dewi Rees-Stavros<\/strong><\/td>\n<td>Husqvarna FR 450 Rally<\/td>\n<td class=\"nomobile\"><\/td>\n<td style=\"text-align: right; padding-right: 15px;\"><strong>+12:42:19<\/strong><\/td>\n<\/tr>\n<tr style=\"vertical-align: top; background-color: #f2f2f2;\">\n<td style=\"text-align: center;\"><strong>32.<\/strong><\/td>\n<td class=\"nomobile\" style=\"text-align: center;\">88<\/td>\n<td class=\"nomobile\" style=\"text-align: center;\"><\/td>\n<td><strong>C\u00e9dric Jacques<\/strong><\/td>\n<td>KTM 450 Rally<\/td>\n<td class=\"nomobile\">RS Concept<\/td>\n<td style=\"text-align: right; padding-right: 15px;\"><strong>+12:46:42<\/strong><\/td>\n<\/tr>\n<tr style=\"vertical-align: top; background-color: #dbd9d9;\">\n<td style=\"text-align: center;\"><strong>33.<\/strong><\/td>\n<td class=\"nomobile\" style=\"text-align: center;\">41<\/td>\n<td class=\"nomobile\" style=\"text-align: center;\"><\/td>\n<td><strong>Tomas de Gavardo<\/strong><\/td>\n<td>KTM 450 Rally<\/td>\n<td class=\"nomobile\">BAS World KTM Racing Team<\/td>\n<td style=\"text-align: right; padding-right: 15px;\"><strong>+13:11:52<\/strong><\/td>\n<\/tr>\n<tr style=\"vertical-align: top; background-color: #f2f2f2;\">\n<td style=\"text-align: center;\"><strong>34.<\/strong><\/td>\n<td class=\"nomobile\" style=\"text-align: center;\">55<\/td>\n<td class=\"nomobile\" style=\"text-align: center;\"><\/td>\n<td><strong>Zaker Yakp<\/strong><\/td>\n<td>KTM 450 Rally<\/td>\n<td class=\"nomobile\">Wu Pu Da Hai Dao Rally Team<\/td>\n<td style=\"text-align: right; padding-right: 15px;\"><strong>+13:21:58<\/strong><\/td>\n<\/tr>\n<tr style=\"vertical-align: top; background-color: #dbd9d9;\">\n<td style=\"text-align: center;\"><strong>35.<\/strong><\/td>\n<td class=\"nomobile\" style=\"text-align: center;\">71<\/td>\n<td class=\"nomobile\" style=\"text-align: center;\"><\/td>\n<td><strong>Abdullah Al Shatti<\/strong><\/td>\n<td>KTM 450 Rally<\/td>\n<td class=\"nomobile\">MX Ride Dubai<\/td>\n<td style=\"text-align: right; padding-right: 15px;\"><strong>+14:06:36<\/strong><\/td>\n<\/tr>\n<tr style=\"vertical-align: top; background-color: #f2f2f2;\">\n<td style=\"text-align: center;\"><strong>36.<\/strong><\/td>\n<td class=\"nomobile\" style=\"text-align: center;\">60<\/td>\n<td class=\"nomobile\" style=\"text-align: center;\"><\/td>\n<td><strong>Francisco Arredondo<\/strong><\/td>\n<td>KTM 450 Rally<\/td>\n<td class=\"nomobile\">BAS World KTM Racing Team<\/td>\n<td style=\"text-align: right; padding-right: 15px;\"><strong>+15:12:12<\/strong><\/td>\n<\/tr>\n<tr style=\"vertical-align: top; background-color: #dbd9d9;\">\n<td style=\"text-align: center;\"><strong>37.<\/strong><\/td>\n<td class=\"nomobile\" style=\"text-align: center;\">63<\/td>\n<td class=\"nomobile\" style=\"text-align: center;\"><\/td>\n<td><a href=\"\/index.php\/osobnosti\/petr-vlcek\/\"><span style=\"color: #ee8027;\"><strong>Petr Vl\u010dek<\/strong><\/span><\/a><\/td>\n<td>KTM 450 Rally<\/td>\n<td class=\"nomobile\">Detyens Racing<\/td>\n<td style=\"text-align: right; padding-right: 15px;\"><strong>+15:13:33<\/strong><\/td>\n<\/tr>\n<tr style=\"vertical-align: top; background-color: #f2f2f2;\">\n<td style=\"text-align: center;\"><strong>38.<\/strong><\/td>\n<td class=\"nomobile\" style=\"text-align: center;\">74<\/td>\n<td class=\"nomobile\" style=\"text-align: center;\"><\/td>\n<td><strong>Michael Jacobi<\/strong><\/td>\n<td>GasGas 450<\/td>\n<td class=\"nomobile\">Comas Moto VTA<\/td>\n<td style=\"text-align: right; padding-right: 15px;\"><strong>+16:00:34<\/strong><\/td>\n<\/tr>\n<tr style=\"vertical-align: top; background-color: #dbd9d9;\">\n<td style=\"text-align: center;\"><strong>39.<\/strong><\/td>\n<td class=\"nomobile\" style=\"text-align: center;\">100<\/td>\n<td class=\"nomobile\" style=\"text-align: center;\"><\/td>\n<td><strong>Stuart Gregory<\/strong><\/td>\n<td>KTM 450 Rally<\/td>\n<td class=\"nomobile\"><\/td>\n<td style=\"text-align: right; padding-right: 15px;\"><strong>+16:43:57<\/strong><\/td>\n<\/tr>\n<tr style=\"vertical-align: top; background-color: #f2f2f2;\">\n<td style=\"text-align: center;\"><strong>40.<\/strong><\/td>\n<td class=\"nomobile\" style=\"text-align: center;\">110<\/td>\n<td class=\"nomobile\" style=\"text-align: center;\"><\/td>\n<td><strong>Pierre Peyrard<\/strong><\/td>\n<td>KTM 450 Rally<\/td>\n<td class=\"nomobile\">Nomade Racing Team<\/td>\n<td style=\"text-align: right; padding-right: 15px;\"><strong>+16:57:13<\/strong><\/td>\n<\/tr>\n<tr style=\"vertical-align: top; background-color: #dbd9d9;\">\n<td style=\"text-align: center;\"><strong>41.<\/strong><\/td>\n<td class=\"nomobile\" style=\"text-align: center;\">128<\/td>\n<td class=\"nomobile\" style=\"text-align: center;\"><\/td>\n<td><strong>Cl\u00e9ment Razy<\/strong><\/td>\n<td>KTM 450 Rally<\/td>\n<td class=\"nomobile\"><\/td>\n<td style=\"text-align: right; padding-right: 15px;\"><strong>+17:00:12<\/strong><\/td>\n<\/tr>\n<tr style=\"vertical-align: top; background-color: #f2f2f2;\">\n<td style=\"text-align: center;\"><strong>42.<\/strong><\/td>\n<td class=\"nomobile\" style=\"text-align: center;\">49<\/td>\n<td class=\"nomobile\" style=\"text-align: center;\"><\/td>\n<td><strong>Cesare Zacchetti<\/strong><\/td>\n<td>KTM 450 Rally<\/td>\n<td class=\"nomobile\">Team Lucky Explorer<\/td>\n<td style=\"text-align: right; padding-right: 15px;\"><strong>+17:46:34<\/strong><\/td>\n<\/tr>\n<tr style=\"vertical-align: top; background-color: #dbd9d9;\">\n<td style=\"text-align: center;\"><strong>43.<\/strong><\/td>\n<td class=\"nomobile\" style=\"text-align: center;\">131<\/td>\n<td class=\"nomobile\" style=\"text-align: center;\"><\/td>\n<td><strong>Sergio Vaquero<\/strong><\/td>\n<td>KTM 450 Rally<\/td>\n<td class=\"nomobile\">KTM Namura Bikes<\/td>\n<td style=\"text-align: right; padding-right: 15px;\"><strong>+18:23:22<\/strong><\/td>\n<\/tr>\n<tr style=\"vertical-align: top; background-color: #f2f2f2;\">\n<td style=\"text-align: center;\"><strong>44.<\/strong><\/td>\n<td class=\"nomobile\" style=\"text-align: center;\">85<\/td>\n<td class=\"nomobile\" style=\"text-align: center;\"><\/td>\n<td><strong>Deng Liansong<\/strong><\/td>\n<td>Kove 450<\/td>\n<td class=\"nomobile\">Kove Rally Team<\/td>\n<td style=\"text-align: right; padding-right: 15px;\"><strong>+19:05:08<\/strong><\/td>\n<\/tr>\n<tr style=\"vertical-align: top; background-color: #dbd9d9;\">\n<td style=\"text-align: center;\"><strong>45.<\/strong><\/td>\n<td class=\"nomobile\" style=\"text-align: center;\">61<\/td>\n<td class=\"nomobile\" style=\"text-align: center;\"><\/td>\n<td><strong>Zhao Hongyi<\/strong><\/td>\n<td>KTM 450 Rally<\/td>\n<td class=\"nomobile\">Wu Pu Da Hai Dao Rally Team<\/td>\n<td style=\"text-align: right; padding-right: 15px;\"><strong>+19:27:27<\/strong><\/td>\n<\/tr>\n<tr style=\"vertical-align: top; background-color: #f2f2f2;\">\n<td style=\"text-align: center;\"><strong>46.<\/strong><\/td>\n<td class=\"nomobile\" style=\"text-align: center;\">132<\/td>\n<td class=\"nomobile\" style=\"text-align: center;\"><\/td>\n<td><strong>Javier San Jose Yetor<\/strong><\/td>\n<td>KTM 450 Rally<\/td>\n<td class=\"nomobile\">Pedreg\u00e0 Team<\/td>\n<td style=\"text-align: right; padding-right: 15px;\"><strong>+20:14:16<\/strong><\/td>\n<\/tr>\n<tr style=\"vertical-align: top; background-color: #dbd9d9;\">\n<td style=\"text-align: center;\"><strong>47.<\/strong><\/td>\n<td class=\"nomobile\" style=\"text-align: center;\">117<\/td>\n<td class=\"nomobile\" style=\"text-align: center;\"><\/td>\n<td><strong>Ottavio Missoni<\/strong><\/td>\n<td>Honda CRF450 Rally<\/td>\n<td class=\"nomobile\">RS Moto Racing<\/td>\n<td style=\"text-align: right; padding-right: 15px;\"><strong>+20:15:04<\/strong><\/td>\n<\/tr>\n<tr style=\"vertical-align: top; background-color: #f2f2f2;\">\n<td style=\"text-align: center;\"><strong>48.<\/strong><\/td>\n<td class=\"nomobile\" style=\"text-align: center;\">90<\/td>\n<td class=\"nomobile\" style=\"text-align: center;\"><\/td>\n<td><strong>Kirsten Landman<\/strong><\/td>\n<td>KTM 450 Rally<\/td>\n<td class=\"nomobile\">ASP Rope Access International<\/td>\n<td style=\"text-align: right; padding-right: 15px;\"><strong>+21:05:24<\/strong><\/td>\n<\/tr>\n<tr style=\"vertical-align: top; background-color: #dbd9d9;\">\n<td style=\"text-align: center;\"><strong>49.<\/strong><\/td>\n<td class=\"nomobile\" style=\"text-align: center;\">67<\/td>\n<td class=\"nomobile\" style=\"text-align: center;\"><\/td>\n<td><strong>Franco Picco<\/strong><\/td>\n<td>Fantic 450 Rally<\/td>\n<td class=\"nomobile\">Fantic Rally Team<\/td>\n<td style=\"text-align: right; padding-right: 15px;\"><strong>+21:35:48<\/strong><\/td>\n<\/tr>\n<tr style=\"vertical-align: top; background-color: #f2f2f2;\">\n<td style=\"text-align: center;\"><strong>50.<\/strong><\/td>\n<td class=\"nomobile\" style=\"text-align: center;\">122<\/td>\n<td class=\"nomobile\" style=\"text-align: center;\"><\/td>\n<td><strong>Gareth Jones<\/strong><\/td>\n<td>Husqvarna FR 450 Rally<\/td>\n<td class=\"nomobile\">HT Rally Raid Husqvarna Racing<\/td>\n<td style=\"text-align: right; padding-right: 15px;\"><strong>+22:30:00<\/strong><\/td>\n<\/tr>\n<tr style=\"vertical-align: top; background-color: #dbd9d9;\">\n<td style=\"text-align: center;\"><strong>51.<\/strong><\/td>\n<td class=\"nomobile\" style=\"text-align: center;\">121<\/td>\n<td class=\"nomobile\" style=\"text-align: center;\"><\/td>\n<td><strong>Stevan Wilken<\/strong><\/td>\n<td>Husqvarna FR 450 Rally<\/td>\n<td class=\"nomobile\">HT Rally Raid Husqvarna Racing<\/td>\n<td style=\"text-align: right; padding-right: 15px;\"><strong>+22:53:06<\/strong><\/td>\n<\/tr>\n<tr style=\"vertical-align: top; background-color: #f2f2f2;\">\n<td style=\"text-align: center;\"><strong>52.<\/strong><\/td>\n<td class=\"nomobile\" style=\"text-align: center;\">118<\/td>\n<td class=\"nomobile\" style=\"text-align: center;\"><\/td>\n<td><strong>Benjamin Lepelley<\/strong><\/td>\n<td>Husqvarna FR 450 Rally<\/td>\n<td class=\"nomobile\">HT Rally Raid Husqvarna Racing<\/td>\n<td style=\"text-align: right; padding-right: 15px;\"><strong>+23:22:04<\/strong><\/td>\n<\/tr>\n<tr style=\"vertical-align: top; background-color: #dbd9d9;\">\n<td style=\"text-align: center;\"><strong>53.<\/strong><\/td>\n<td class=\"nomobile\" style=\"text-align: center;\">80<\/td>\n<td class=\"nomobile\" style=\"text-align: center;\"><\/td>\n<td><strong>James Martyn Hillier<\/strong><\/td>\n<td>GasGas 450 Rally<\/td>\n<td class=\"nomobile\">Rich Energy OMG Racing<\/td>\n<td style=\"text-align: right; padding-right: 15px;\"><strong>+23:33:56<\/strong><\/td>\n<\/tr>\n<tr style=\"vertical-align: top; background-color: #f2f2f2;\">\n<td style=\"text-align: center;\"><strong>54.<\/strong><\/td>\n<td class=\"nomobile\" style=\"text-align: center;\">81<\/td>\n<td class=\"nomobile\" style=\"text-align: center;\"><\/td>\n<td><strong>Fang Mingji<\/strong><\/td>\n<td>Kove 450<\/td>\n<td class=\"nomobile\">Kove Rally Team<\/td>\n<td style=\"text-align: right; padding-right: 15px;\"><strong>+26:11:38<\/strong><\/td>\n<\/tr>\n<tr style=\"vertical-align: top; background-color: #dbd9d9;\">\n<td style=\"text-align: center;\"><strong>55.<\/strong><\/td>\n<td class=\"nomobile\" style=\"text-align: center;\">125<\/td>\n<td class=\"nomobile\" style=\"text-align: center;\"><\/td>\n<td><strong>Iader Giraldi<\/strong><\/td>\n<td>KTM 450 Rally<\/td>\n<td class=\"nomobile\">Solarys Racing<\/td>\n<td style=\"text-align: right; padding-right: 15px;\"><strong>+28:10:44<\/strong><\/td>\n<\/tr>\n<tr style=\"vertical-align: top; background-color: #f2f2f2;\">\n<td style=\"text-align: center;\"><strong>56.<\/strong><\/td>\n<td class=\"nomobile\" style=\"text-align: center;\">109<\/td>\n<td class=\"nomobile\" style=\"text-align: center;\"><\/td>\n<td><strong>K\u00e9vin Durand<\/strong><\/td>\n<td>Honda CRF450 Rally<\/td>\n<td class=\"nomobile\">RS Moto Racing<\/td>\n<td style=\"text-align: right; padding-right: 15px;\"><strong>+29:39:20<\/strong><\/td>\n<\/tr>\n<tr style=\"vertical-align: top; background-color: #dbd9d9;\">\n<td style=\"text-align: center;\"><strong>57.<\/strong><\/td>\n<td class=\"nomobile\" style=\"text-align: center;\">29<\/td>\n<td class=\"nomobile\" style=\"text-align: center;\"><\/td>\n<td><strong>Diego Gamaliel Llanos<\/strong><\/td>\n<td>KTM 450 Rally<\/td>\n<td class=\"nomobile\">Rieju-Xraids Experience<\/td>\n<td style=\"text-align: right; padding-right: 15px;\"><strong>+31:37:06<\/strong><\/td>\n<\/tr>\n<tr style=\"vertical-align: top; background-color: #f2f2f2;\">\n<td style=\"text-align: center;\"><strong>58.<\/strong><\/td>\n<td class=\"nomobile\" style=\"text-align: center;\">51<\/td>\n<td class=\"nomobile\" style=\"text-align: center;\"><\/td>\n<td><strong>Rachid al-lal Lahadil<\/strong><\/td>\n<td>Husqvarna FR 450 Rally<\/td>\n<td class=\"nomobile\">Melilla Sport Capital<\/td>\n<td style=\"text-align: right; padding-right: 15px;\"><strong>+31:48:06<\/strong><\/td>\n<\/tr>\n<tr style=\"vertical-align: top; background-color: #dbd9d9;\">\n<td style=\"text-align: center;\"><strong>59.<\/strong><\/td>\n<td class=\"nomobile\" style=\"text-align: center;\">116<\/td>\n<td class=\"nomobile\" style=\"text-align: center;\"><\/td>\n<td><strong>Fernando Domingues<\/strong><\/td>\n<td>KTM 450 Rally<\/td>\n<td class=\"nomobile\">Diputacion de Cuenca<\/td>\n<td style=\"text-align: right; padding-right: 15px;\"><strong>+34:39:02<\/strong><\/td>\n<\/tr>\n<tr style=\"vertical-align: top; background-color: #f2f2f2;\">\n<td style=\"text-align: center;\"><strong>60.<\/strong><\/td>\n<td class=\"nomobile\" style=\"text-align: center;\">105<\/td>\n<td class=\"nomobile\" style=\"text-align: center;\"><\/td>\n<td><strong>Morrison Hart<\/strong><\/td>\n<td>KTM 450 Rally<\/td>\n<td class=\"nomobile\">American Rally Originals<\/td>\n<td style=\"text-align: right; padding-right: 15px;\"><strong>+39:13:31<\/strong><\/td>\n<\/tr>\n<tr style=\"vertical-align: top; background-color: #dbd9d9;\">\n<td style=\"text-align: center;\"><strong>61.<\/strong><\/td>\n<td class=\"nomobile\" style=\"text-align: center;\">58<\/td>\n<td class=\"nomobile\" style=\"text-align: center;\"><\/td>\n<td><strong>Zhang Min<\/strong><\/td>\n<td>KTM 450 Rally<\/td>\n<td class=\"nomobile\">Wu Pu Da Hai Dao Rally Team<\/td>\n<td style=\"text-align: right; padding-right: 15px;\"><strong>+59:51:49<\/strong><\/td>\n<\/tr>\n<tr style=\"vertical-align: top; background-color: #f2f2f2;\">\n<td style=\"text-align: center;\"><strong>62.<\/strong><\/td>\n<td class=\"nomobile\" style=\"text-align: center;\">130<\/td>\n<td class=\"nomobile\" style=\"text-align: center;\"><\/td>\n<td><strong>Eufrasio Anghileri<\/strong><\/td>\n<td>Honda CRF450 Rally<\/td>\n<td class=\"nomobile\">RS Moto Racing<\/td>\n<td style=\"text-align: right; padding-right: 15px;\"><strong>+74:55:10<\/strong><\/td>\n<\/tr>\n<tr style=\"vertical-align: top; background-color: #dbd9d9;\">\n<td style=\"text-align: center;\"><strong>63.<\/strong><\/td>\n<td class=\"nomobile\" style=\"text-align: center;\">133<\/td>\n<td class=\"nomobile\" style=\"text-align: center;\"><\/td>\n<td><strong>Ruben Salda\u00f1a Go\u00f1i<\/strong><\/td>\n<td>KTM 450 Rally<\/td>\n<td class=\"nomobile\">Pedreg\u00e0 Team<\/td>\n<td style=\"text-align: right; padding-right: 15px;\"><strong>+153:29:29<\/strong><\/td>\n<\/tr>\n<tr style=\"background-color: #808080; color: white;\">\n<td style=\"text-align: left;\" colspan=\"7\"><\/td>\n<\/tr>\n<tr style=\"vertical-align: top; background-color: #f2f2f2;\">\n<td style=\"text-align: center;\"><strong>DNF<\/strong><\/td>\n<td class=\"nomobile\" style=\"text-align: center;\">21<\/td>\n<td class=\"nomobile\" style=\"text-align: center;\"><span style=\"font-size: 8pt;\"><a href=\"\/index.php\/w2rc\/w2rc-2023\/\"><span style=\"color: #ee8027;\">W2RC<\/span><\/a><\/span><\/td>\n<td><strong>Bradley Cox<\/strong><\/td>\n<td>KTM 450 Rally<\/td>\n<td class=\"nomobile\">BAS World KTM Racing Team<\/td>\n<td style=\"text-align: right; padding-right: 15px;\"><\/td>\n<\/tr>\n<tr style=\"vertical-align: top; background-color: #dbd9d9;\">\n<td style=\"text-align: center;\"><strong>DNF<\/strong><\/td>\n<td class=\"nomobile\" style=\"text-align: center;\">26<\/td>\n<td class=\"nomobile\" style=\"text-align: center;\"><span style=\"font-size: 8pt;\"><a href=\"\/index.php\/w2rc\/w2rc-2023\/\"><span style=\"color: #ee8027;\">W2RC<\/span><\/a><\/span><\/td>\n<td><a href=\"\/index.php\/osobnosti\/chapeliere-camille\/\"><span style=\"color: #ee8027;\"><strong>Camille Chapeli\u00e8re<\/strong><\/span><\/a><\/td>\n<td>Husqvarna FR 450 Rally<\/td>\n<td class=\"nomobile\">Team Casteu<\/td>\n<td style=\"text-align: right; padding-right: 15px;\"><\/td>\n<\/tr>\n<tr style=\"vertical-align: top; background-color: #f2f2f2;\">\n<td style=\"text-align: center;\"><strong>DNF<\/strong><\/td>\n<td class=\"nomobile\" style=\"text-align: center;\">32<\/td>\n<td class=\"nomobile\" style=\"text-align: center;\"><\/td>\n<td><a href=\"\/index.php\/osobnosti\/milan-engel\/\"><span style=\"color: #ee8027;\"><strong>Milan Engel<\/strong><\/span><\/a><\/td>\n<td>KTM 450 Rally<\/td>\n<td class=\"nomobile\">Orion &#8211; Moto Racing Group<\/td>\n<td style=\"text-align: right; padding-right: 15px;\"><\/td>\n<\/tr>\n<tr style=\"vertical-align: top; background-color: #dbd9d9;\">\n<td style=\"text-align: center;\"><strong>DNF<\/strong><\/td>\n<td class=\"nomobile\" style=\"text-align: center;\">38<\/td>\n<td class=\"nomobile\" style=\"text-align: center;\"><\/td>\n<td><strong>Eduardo Iglesias Sanchez<\/strong><\/td>\n<td>KTM 450 Rally<\/td>\n<td class=\"nomobile\">Joyride Race Service<\/td>\n<td style=\"text-align: right; padding-right: 15px;\"><\/td>\n<\/tr>\n<tr style=\"vertical-align: top; background-color: #f2f2f2;\">\n<td style=\"text-align: center;\"><strong>DNF<\/strong><\/td>\n<td class=\"nomobile\" style=\"text-align: center;\">56<\/td>\n<td class=\"nomobile\" style=\"text-align: center;\"><span style=\"font-size: 8pt;\"><a href=\"\/index.php\/w2rc\/w2rc-2023\/\"><span style=\"color: #ee8027;\">W2RC<\/span><\/a><\/span><\/td>\n<td><strong>Sandra G\u00f3mez<\/strong><\/td>\n<td>KTM 450 Rally<\/td>\n<td class=\"nomobile\">Rieju-Xraids Experience<\/td>\n<td style=\"text-align: right; padding-right: 15px;\"><\/td>\n<\/tr>\n<tr style=\"vertical-align: top; background-color: #dbd9d9;\">\n<td style=\"text-align: center;\"><strong>DNF<\/strong><\/td>\n<td class=\"nomobile\" style=\"text-align: center;\">59<\/td>\n<td class=\"nomobile\" style=\"text-align: center;\"><span style=\"font-size: 8pt;\"><a href=\"\/index.php\/w2rc\/w2rc-2023\/\"><span style=\"color: #ee8027;\">W2RC<\/span><\/a><\/span><\/td>\n<td><strong>John W. Medina Salazar<\/strong><\/td>\n<td>KTM 450 Rally<\/td>\n<td class=\"nomobile\">M3 Rally Team<\/td>\n<td style=\"text-align: right; padding-right: 15px;\"><\/td>\n<\/tr>\n<tr style=\"vertical-align: top; background-color: #f2f2f2;\">\n<td style=\"text-align: center;\"><strong>DNF<\/strong><\/td>\n<td class=\"nomobile\" style=\"text-align: center;\">64<\/td>\n<td class=\"nomobile\" style=\"text-align: center;\"><\/td>\n<td><strong>Josep Maria Mas Arcos<\/strong><\/td>\n<td>Husqvarna FR 450 Rally<\/td>\n<td class=\"nomobile\">Pedreg\u00e0 Team<\/td>\n<td style=\"text-align: right; padding-right: 15px;\"><\/td>\n<\/tr>\n<tr style=\"vertical-align: top; background-color: #dbd9d9;\">\n<td style=\"text-align: center;\"><strong>DNF<\/strong><\/td>\n<td class=\"nomobile\" style=\"text-align: center;\">65<\/td>\n<td class=\"nomobile\" style=\"text-align: center;\"><\/td>\n<td><strong>Guillaume Chollet<\/strong><\/td>\n<td>KTM 450 Rally<\/td>\n<td class=\"nomobile\">Chollet Racing Team<\/td>\n<td style=\"text-align: right; padding-right: 15px;\"><\/td>\n<\/tr>\n<tr style=\"vertical-align: top; background-color: #f2f2f2;\">\n<td style=\"text-align: center;\"><strong>DNF<\/strong><\/td>\n<td class=\"nomobile\" style=\"text-align: center;\">66<\/td>\n<td class=\"nomobile\" style=\"text-align: center;\"><\/td>\n<td><strong>Alex Salvini<\/strong><\/td>\n<td>Fantic 450 Rally<\/td>\n<td class=\"nomobile\">Fantic Rally Team<\/td>\n<td style=\"text-align: right; padding-right: 15px;\"><\/td>\n<\/tr>\n<tr style=\"vertical-align: top; background-color: #dbd9d9;\">\n<td style=\"text-align: center;\"><strong>DNF<\/strong><\/td>\n<td class=\"nomobile\" style=\"text-align: center;\">69<\/td>\n<td class=\"nomobile\" style=\"text-align: center;\"><\/td>\n<td><strong>Cesar Rojo Vidal<\/strong><\/td>\n<td>KTM 450 Rally<\/td>\n<td class=\"nomobile\">BAS World KTM Racing Team<\/td>\n<td style=\"text-align: right; padding-right: 15px;\"><\/td>\n<\/tr>\n<tr style=\"vertical-align: top; background-color: #f2f2f2;\">\n<td style=\"text-align: center;\"><strong>DNF<\/strong><\/td>\n<td class=\"nomobile\" style=\"text-align: center;\">70<\/td>\n<td class=\"nomobile\" style=\"text-align: center;\"><span style=\"font-size: 8pt;\"><a href=\"\/index.php\/w2rc\/w2rc-2023\/\"><span style=\"color: #ee8027;\">W2RC<\/span><\/a><\/span><\/td>\n<td><strong>Mishal Alghuneim<\/strong><\/td>\n<td>Husqvarna FR 450 Rally<\/td>\n<td class=\"nomobile\">Saudi Dirtbike Center<\/td>\n<td style=\"text-align: right; padding-right: 15px;\"><\/td>\n<\/tr>\n<tr style=\"vertical-align: top; background-color: #dbd9d9;\">\n<td style=\"text-align: center;\"><strong>DNF<\/strong><\/td>\n<td class=\"nomobile\" style=\"text-align: center;\">72<\/td>\n<td class=\"nomobile\" style=\"text-align: center;\"><\/td>\n<td><strong>Philippe Gendron<\/strong><\/td>\n<td>KTM 450 Rally<\/td>\n<td class=\"nomobile\">Nomade Racing<\/td>\n<td style=\"text-align: right; padding-right: 15px;\"><\/td>\n<\/tr>\n<tr style=\"vertical-align: top; background-color: #f2f2f2;\">\n<td style=\"text-align: center;\"><strong>DNF<\/strong><\/td>\n<td class=\"nomobile\" style=\"text-align: center;\">73<\/td>\n<td class=\"nomobile\" style=\"text-align: center;\"><\/td>\n<td><strong>Tiziano Interno<\/strong><\/td>\n<td>Fantic XEF 450 Rally<\/td>\n<td class=\"nomobile\">Rally POV<\/td>\n<td style=\"text-align: right; padding-right: 15px;\"><\/td>\n<\/tr>\n<tr style=\"vertical-align: top; background-color: #dbd9d9;\">\n<td style=\"text-align: center;\"><strong>DNF<\/strong><\/td>\n<td class=\"nomobile\" style=\"text-align: center;\">75<\/td>\n<td class=\"nomobile\" style=\"text-align: center;\"><\/td>\n<td><strong>Edouard Leconte<\/strong><\/td>\n<td>KTM 450 Rally<\/td>\n<td class=\"nomobile\">HT Rally Raid Husqvarna Racing<\/td>\n<td style=\"text-align: right; padding-right: 15px;\"><\/td>\n<\/tr>\n<tr style=\"vertical-align: top; background-color: #f2f2f2;\">\n<td style=\"text-align: center;\"><strong>DNF<\/strong><\/td>\n<td class=\"nomobile\" style=\"text-align: center;\">79<\/td>\n<td class=\"nomobile\" style=\"text-align: center;\"><\/td>\n<td><strong>Libor Podmol<\/strong><\/td>\n<td>Husqvarna FR 450 Rally<\/td>\n<td class=\"nomobile\">Podmol Dakar Team<\/td>\n<td style=\"text-align: right; padding-right: 15px;\"><\/td>\n<\/tr>\n<tr style=\"vertical-align: top; background-color: #dbd9d9;\">\n<td style=\"text-align: center;\"><strong>DNF<\/strong><\/td>\n<td class=\"nomobile\" style=\"text-align: center;\">82<\/td>\n<td class=\"nomobile\" style=\"text-align: center;\"><\/td>\n<td><strong>G\u00e1bor Saghmeister<\/strong><\/td>\n<td>KTM 450 Rally<\/td>\n<td class=\"nomobile\">Saghmeister Team<\/td>\n<td style=\"text-align: right; padding-right: 15px;\"><\/td>\n<\/tr>\n<tr style=\"vertical-align: top; background-color: #f2f2f2;\">\n<td style=\"text-align: center;\"><strong>DNF<\/strong><\/td>\n<td class=\"nomobile\" style=\"text-align: center;\">91<\/td>\n<td class=\"nomobile\" style=\"text-align: center;\"><\/td>\n<td><strong>Mike Wiedemann<\/strong><\/td>\n<td>KTM 450 Rally<\/td>\n<td class=\"nomobile\">Wiedemann Motorsports<\/td>\n<td style=\"text-align: right; padding-right: 15px;\"><\/td>\n<\/tr>\n<tr style=\"vertical-align: top; background-color: #dbd9d9;\">\n<td style=\"text-align: center;\"><strong>DNF<\/strong><\/td>\n<td class=\"nomobile\" style=\"text-align: center;\">98<\/td>\n<td class=\"nomobile\" style=\"text-align: center;\"><\/td>\n<td><strong>Fabien Domas<\/strong><\/td>\n<td>Yamaha 450 T\u00e9n\u00e9r\u00e9<\/td>\n<td class=\"nomobile\">Drag&#8217;On<\/td>\n<td style=\"text-align: right; padding-right: 15px;\"><\/td>\n<\/tr>\n<tr style=\"vertical-align: top; background-color: #f2f2f2;\">\n<td style=\"text-align: center;\"><strong>DNF<\/strong><\/td>\n<td class=\"nomobile\" style=\"text-align: center;\">101<\/td>\n<td class=\"nomobile\" style=\"text-align: center;\"><\/td>\n<td><strong>Kyle McCoy<\/strong><\/td>\n<td>KTM 450 Rally<\/td>\n<td class=\"nomobile\">BAS World KTM Racing Team<\/td>\n<td style=\"text-align: right; padding-right: 15px;\"><\/td>\n<\/tr>\n<tr style=\"vertical-align: top; background-color: #dbd9d9;\">\n<td style=\"text-align: center;\"><strong>DNF<\/strong><\/td>\n<td class=\"nomobile\" style=\"text-align: center;\">102<\/td>\n<td class=\"nomobile\" style=\"text-align: center;\"><\/td>\n<td><strong>Paul Neff<\/strong><\/td>\n<td>KTM 450 Rally<\/td>\n<td class=\"nomobile\">BAS World KTM Racing Team<\/td>\n<td style=\"text-align: right; padding-right: 15px;\"><\/td>\n<\/tr>\n<tr style=\"vertical-align: top; background-color: #f2f2f2;\">\n<td style=\"text-align: center;\"><strong>DNF<\/strong><\/td>\n<td class=\"nomobile\" style=\"text-align: center;\">103<\/td>\n<td class=\"nomobile\" style=\"text-align: center;\"><\/td>\n<td><strong>David Pearson<\/strong><\/td>\n<td>KTM 450 Rally<\/td>\n<td class=\"nomobile\">BAS World KTM Racing Team<\/td>\n<td style=\"text-align: right; padding-right: 15px;\"><\/td>\n<\/tr>\n<tr style=\"vertical-align: top; background-color: #dbd9d9;\">\n<td style=\"text-align: center;\"><strong>DNF<\/strong><\/td>\n<td class=\"nomobile\" style=\"text-align: center;\">104<\/td>\n<td class=\"nomobile\" style=\"text-align: center;\"><\/td>\n<td><strong>James Pearson<\/strong><\/td>\n<td>KTM 450 Rally<\/td>\n<td class=\"nomobile\">BAS World KTM Racing Team<\/td>\n<td style=\"text-align: right; padding-right: 15px;\"><\/td>\n<\/tr>\n<tr style=\"vertical-align: top; background-color: #f2f2f2;\">\n<td style=\"text-align: center;\"><strong>DNF<\/strong><\/td>\n<td class=\"nomobile\" style=\"text-align: center;\">107<\/td>\n<td class=\"nomobile\" style=\"text-align: center;\"><\/td>\n<td><strong>Lorenzo Maestromi<\/strong><\/td>\n<td>KTM 450 Rally<\/td>\n<td class=\"nomobile\">Nomade Racing<\/td>\n<td style=\"text-align: right; padding-right: 15px;\"><\/td>\n<\/tr>\n<tr style=\"vertical-align: top; background-color: #dbd9d9;\">\n<td style=\"text-align: center;\"><strong>DNF<\/strong><\/td>\n<td class=\"nomobile\" style=\"text-align: center;\">108<\/td>\n<td class=\"nomobile\" style=\"text-align: center;\"><\/td>\n<td><strong>Julien Barth\u00e9l\u00e9my<\/strong><\/td>\n<td>Honda CRF 450 Rally<\/td>\n<td class=\"nomobile\">RS Moto Racing Team<\/td>\n<td style=\"text-align: right; padding-right: 15px;\"><\/td>\n<\/tr>\n<tr style=\"vertical-align: top; background-color: #f2f2f2;\">\n<td style=\"text-align: center;\"><strong>DNF<\/strong><\/td>\n<td class=\"nomobile\" style=\"text-align: center;\">112<\/td>\n<td class=\"nomobile\" style=\"text-align: center;\"><\/td>\n<td><strong>Arnault Chardron<\/strong><\/td>\n<td>Yamaha WR450F<\/td>\n<td class=\"nomobile\">Outsider \/ Nomade Racing<\/td>\n<td style=\"text-align: right; padding-right: 15px;\"><\/td>\n<\/tr>\n<tr style=\"vertical-align: top; background-color: #dbd9d9;\">\n<td style=\"text-align: center;\"><strong>DNF<\/strong><\/td>\n<td class=\"nomobile\" style=\"text-align: center;\">119<\/td>\n<td class=\"nomobile\" style=\"text-align: center;\"><\/td>\n<td><strong>Lois d&#8217;Abbadie<\/strong><\/td>\n<td>Husqvarna FR 450 Rally<\/td>\n<td class=\"nomobile\">Nomade Racing<\/td>\n<td style=\"text-align: right; padding-right: 15px;\"><\/td>\n<\/tr>\n<tr style=\"vertical-align: top; background-color: #f2f2f2;\">\n<td style=\"text-align: center;\"><strong>DNF<\/strong><\/td>\n<td class=\"nomobile\" style=\"text-align: center;\">123<\/td>\n<td class=\"nomobile\" style=\"text-align: center;\"><\/td>\n<td><strong>Rodolphe de Palmas<\/strong><\/td>\n<td>KTM 450 Rally<\/td>\n<td class=\"nomobile\">Nomade Racing<\/td>\n<td style=\"text-align: right; padding-right: 15px;\"><\/td>\n<\/tr>\n<tr style=\"vertical-align: top; background-color: #dbd9d9;\">\n<td style=\"text-align: center;\"><strong>DNF<\/strong><\/td>\n<td class=\"nomobile\" style=\"text-align: center;\">124<\/td>\n<td class=\"nomobile\" style=\"text-align: center;\"><\/td>\n<td><strong>Tommaso Montanari<\/strong><\/td>\n<td>Husqvarna FR 450 Rally<\/td>\n<td class=\"nomobile\">Team Solarys<\/td>\n<td style=\"text-align: right; padding-right: 15px;\"><\/td>\n<\/tr>\n<tr style=\"vertical-align: top; background-color: #f2f2f2;\">\n<td style=\"text-align: center;\"><strong>DNF<\/strong><\/td>\n<td class=\"nomobile\" style=\"text-align: center;\">126<\/td>\n<td class=\"nomobile\" style=\"text-align: center;\"><\/td>\n<td><strong>St\u00e9phane Hamard<\/strong><\/td>\n<td>Husqvarna FR 450 Rally<\/td>\n<td class=\"nomobile\">R\u00e9union Rallye Raid<\/td>\n<td style=\"text-align: right; padding-right: 15px;\"><\/td>\n<\/tr>\n<tr style=\"vertical-align: top; background-color: #dbd9d9;\">\n<td style=\"text-align: center;\"><strong>DNF<\/strong><\/td>\n<td class=\"nomobile\" style=\"text-align: center;\">127<\/td>\n<td class=\"nomobile\" style=\"text-align: center;\"><\/td>\n<td><strong>Lawrence Ace Nilson<\/strong><\/td>\n<td>KTM 450 Rally<\/td>\n<td class=\"nomobile\">Duust Rally Team<\/td>\n<td style=\"text-align: right; padding-right: 15px;\"><\/td>\n<\/tr>\n<tr style=\"background-color: #808080; color: white;\">\n<td style=\"text-align: left;\" colspan=\"8\"><span style=\"font-size: 8pt;\">V r\u00e1mci hodnocen\u00ed Rally2 odstartovalo 93 motocyklist\u016f, v c\u00edli klasifikov\u00e1no 63.<\/span><\/td>\n<\/tr>\n<\/tbody>\n<\/table>\n<p>[\/vc_column_text][\/vc_column_inner][\/vc_row_inner][\/vc_tta_section][vc_tta_section title=&#8221;Quad&#8221; tab_id=&#8221;quad&#8221;][vc_row_inner][vc_column_inner][vc_column_text css_animation=&#8221;fadeIn&#8221;]<\/p>\n<table style=\"width: 97.7654%;\" rules=\"rows\" cellpadding=\"4px\">\n<tbody>\n<tr style=\"background-color: #808080; color: white;\">\n<td style=\"text-align: center;\" colspan=\"7\"><span style=\"font-size: 12pt;\"><strong>RALLY DAKAR 2023<br \/>\nKATEGORIE \u010cTY\u0158KOLEK<br \/>\nkone\u010dn\u00e9 v\u00fdsledky<\/strong><\/span><\/td>\n<\/tr>\n<tr style=\"vertical-align: top; background-color: #dbd9d9;\">\n<td style=\"text-align: center;\"><strong>1.<\/strong><\/td>\n<td class=\"nomobile\" style=\"text-align: center;\">151<\/td>\n<td class=\"nomobile\" style=\"text-align: center;\"><\/td>\n<td><a href=\"\/index.php\/osobnosti\/alexandre-giroud\/\"><span style=\"color: #ee8027;\"><strong>Alexandre Giroud<\/strong><\/span><\/a><\/td>\n<td>Yamaha Raptor 700<\/td>\n<td class=\"nomobile\">Yamaha Racing &#8211; SMX &#8211; Drag&#8217;on<\/td>\n<td style=\"text-align: right; padding-right: 15px;\"><strong>56:44:30<\/strong><\/td>\n<\/tr>\n<tr style=\"vertical-align: top; background-color: #f2f2f2;\">\n<td style=\"text-align: center;\"><strong>2.<\/strong><\/td>\n<td class=\"nomobile\" style=\"text-align: center;\">154<\/td>\n<td class=\"nomobile\" style=\"text-align: center;\"><\/td>\n<td><strong>Francisco Moreno<\/strong><\/td>\n<td>Yamaha Raptor 700<\/td>\n<td class=\"nomobile\">Drag&#8217;on Rally Team<\/td>\n<td style=\"text-align: right; padding-right: 15px;\"><strong>+43:11<\/strong><\/td>\n<\/tr>\n<tr style=\"vertical-align: top; background-color: #dbd9d9;\">\n<td style=\"text-align: center;\"><strong>3.<\/strong><\/td>\n<td class=\"nomobile\" style=\"text-align: center;\">163<\/td>\n<td class=\"nomobile\" style=\"text-align: center;\"><span style=\"font-size: 8pt;\"><a href=\"\/index.php\/w2rc\/w2rc-2023\/\"><span style=\"color: #ee8027;\">W2RC<\/span><\/a><\/span><\/td>\n<td><a href=\"\/index.php\/osobnosti\/pablo-copetti\/\"><span style=\"color: #ee8027;\"><strong>Pablo Copetti<\/strong><\/span><\/a><\/td>\n<td>Yamaha Raptor 700<\/td>\n<td class=\"nomobile\">Del Amo Motorsports by Motul<\/td>\n<td style=\"text-align: right; padding-right: 15px;\"><strong>+1:52:55<\/strong><\/td>\n<\/tr>\n<tr style=\"vertical-align: top; background-color: #f2f2f2;\">\n<td style=\"text-align: center;\"><strong>4.<\/strong><\/td>\n<td class=\"nomobile\" style=\"text-align: center;\">153<\/td>\n<td class=\"nomobile\" style=\"text-align: center;\"><span style=\"font-size: 8pt;\"><a href=\"\/index.php\/w2rc\/w2rc-2023\/\"><span style=\"color: #ee8027;\">W2RC<\/span><\/a><\/span><\/td>\n<td><strong>Juraj Varga<\/strong><\/td>\n<td>Yamaha Raptor 700<\/td>\n<td class=\"nomobile\">Varga Motorsport Team<\/td>\n<td style=\"text-align: right; padding-right: 15px;\"><strong>+2:51:22<\/strong><\/td>\n<\/tr>\n<tr style=\"vertical-align: top; background-color: #dbd9d9;\">\n<td style=\"text-align: center;\"><strong>5.<\/strong><\/td>\n<td class=\"nomobile\" style=\"text-align: center;\">166<\/td>\n<td class=\"nomobile\" style=\"text-align: center;\"><\/td>\n<td><a href=\"\/index.php\/osobnosti\/giovanni-enrico\/\"><span style=\"color: #ee8027;\"><strong>Giovanni Enrico<\/strong><\/span><\/a><\/td>\n<td>Yamaha Raptor 700<\/td>\n<td class=\"nomobile\">Enrico Racing Team<\/td>\n<td style=\"text-align: right; padding-right: 15px;\"><strong>+4:57:11<\/strong><\/td>\n<\/tr>\n<tr style=\"vertical-align: top; background-color: #f2f2f2;\">\n<td style=\"text-align: center;\"><strong>6.<\/strong><\/td>\n<td class=\"nomobile\" style=\"text-align: center;\">164<\/td>\n<td class=\"nomobile\" style=\"text-align: center;\"><\/td>\n<td><strong>Toni Vingut<\/strong><\/td>\n<td>Yamaha Raptor 700<\/td>\n<td class=\"nomobile\">Solbas Motorsport<\/td>\n<td style=\"text-align: right; padding-right: 15px;\"><strong>+8:38:02<\/strong><\/td>\n<\/tr>\n<tr style=\"vertical-align: top; background-color: #dbd9d9;\">\n<td style=\"text-align: center;\"><strong>7.<\/strong><\/td>\n<td class=\"nomobile\" style=\"text-align: center;\">162<\/td>\n<td class=\"nomobile\" style=\"text-align: center;\"><span style=\"font-size: 8pt;\"><a href=\"\/index.php\/w2rc\/w2rc-2023\/\"><span style=\"color: #ee8027;\">W2RC<\/span><\/a><\/span><\/td>\n<td><strong>Laisvydas Kancius<\/strong><\/td>\n<td>Yamaha Raptor 700<\/td>\n<td class=\"nomobile\">Story Racing<\/td>\n<td style=\"text-align: right; padding-right: 15px;\"><strong>+19:15:53<\/strong><\/td>\n<\/tr>\n<tr style=\"vertical-align: top; background-color: #f2f2f2;\">\n<td style=\"text-align: center;\"><strong>8.<\/strong><\/td>\n<td class=\"nomobile\" style=\"text-align: center;\">158<\/td>\n<td class=\"nomobile\" style=\"text-align: center;\"><span style=\"font-size: 8pt;\"><a href=\"\/index.php\/w2rc\/w2rc-2023\/\"><span style=\"color: #ee8027;\">W2RC<\/span><\/a><\/span><\/td>\n<td><strong>Carlos Alejandro Verza<\/strong><\/td>\n<td>Yamaha Raptor 700<\/td>\n<td class=\"nomobile\">Verza Rally Team<\/td>\n<td style=\"text-align: right; padding-right: 15px;\"><strong>+24:50:30<\/strong><\/td>\n<\/tr>\n<tr style=\"vertical-align: top; background-color: #dbd9d9;\">\n<td style=\"text-align: center;\"><strong>9.<\/strong><\/td>\n<td class=\"nomobile\" style=\"text-align: center;\">159<\/td>\n<td class=\"nomobile\" style=\"text-align: center;\"><\/td>\n<td><strong>Marcelo Medeiros<\/strong><\/td>\n<td>Yamaha Raptor 700<\/td>\n<td class=\"nomobile\">Taguatur Racing Team<\/td>\n<td style=\"text-align: right; padding-right: 15px;\"><strong>+30:03:25<\/strong><\/td>\n<\/tr>\n<tr style=\"vertical-align: top; background-color: #f2f2f2;\">\n<td style=\"text-align: center;\"><strong>10.<\/strong><\/td>\n<td class=\"nomobile\" style=\"text-align: center;\">169<\/td>\n<td class=\"nomobile\" style=\"text-align: center;\"><\/td>\n<td><strong>Alejandro Fantoni<\/strong><\/td>\n<td>Yamaha Raptor 700<\/td>\n<td class=\"nomobile\">Drag&#8217;on Rally Team<\/td>\n<td style=\"text-align: right; padding-right: 15px;\"><strong>+38:02:46<\/strong><\/td>\n<\/tr>\n<tr style=\"background-color: #808080; color: white;\">\n<td style=\"text-align: left;\" colspan=\"7\"><\/td>\n<\/tr>\n<tr style=\"vertical-align: top; background-color: #f2f2f2;\">\n<td style=\"text-align: center;\"><strong>DNF<\/strong><\/td>\n<td class=\"nomobile\" style=\"text-align: center;\">152<\/td>\n<td class=\"nomobile\" style=\"text-align: center;\"><span style=\"font-size: 8pt;\"><a href=\"\/index.php\/w2rc\/w2rc-2023\/\"><span style=\"color: #ee8027;\">W2RC<\/span><\/a><\/span><\/td>\n<td><a href=\"\/index.php\/osobnosti\/manuel-andujar\/\"><span style=\"color: #ee8027;\"><strong>Manuel And\u00fajar<\/strong><\/span><\/a><\/td>\n<td>Yamaha Raptor 700<\/td>\n<td class=\"nomobile\">7240 Team<\/td>\n<td style=\"text-align: right; padding-right: 15px;\"><\/td>\n<\/tr>\n<tr style=\"vertical-align: top; background-color: #dbd9d9;\">\n<td style=\"text-align: center;\"><strong>DNF<\/strong><\/td>\n<td class=\"nomobile\" style=\"text-align: center;\">155<\/td>\n<td class=\"nomobile\" style=\"text-align: center;\"><\/td>\n<td><strong>Kamil Wi\u015bniewski<\/strong><\/td>\n<td>Yamaha Raptor 700<\/td>\n<td class=\"nomobile\">Orlen Team<\/td>\n<td style=\"text-align: right; padding-right: 15px;\"><\/td>\n<\/tr>\n<tr style=\"vertical-align: top; background-color: #f2f2f2;\">\n<td style=\"text-align: center;\"><strong>DNF<\/strong><\/td>\n<td class=\"nomobile\" style=\"text-align: center;\">156<\/td>\n<td class=\"nomobile\" style=\"text-align: center;\"><\/td>\n<td><strong>Zden\u011bk T\u016fma<\/strong><\/td>\n<td>Yamaha Raptor 700<\/td>\n<td class=\"nomobile\">Barth Racing Team<\/td>\n<td style=\"text-align: right; padding-right: 15px;\"><\/td>\n<\/tr>\n<tr style=\"vertical-align: top; background-color: #dbd9d9;\">\n<td style=\"text-align: center;\"><strong>DNF<\/strong><\/td>\n<td class=\"nomobile\" style=\"text-align: center;\">160<\/td>\n<td class=\"nomobile\" style=\"text-align: center;\"><span style=\"font-size: 8pt;\"><a href=\"\/index.php\/w2rc\/w2rc-2023\/\"><span style=\"color: #ee8027;\">W2RC<\/span><\/a><\/span><\/td>\n<td><strong>Axel Dutrie<\/strong><\/td>\n<td>Yamaha Raptor 700<\/td>\n<td class=\"nomobile\">Drag&#8217;on Rally Team<\/td>\n<td style=\"text-align: right; padding-right: 15px;\"><\/td>\n<\/tr>\n<tr style=\"vertical-align: top; background-color: #f2f2f2;\">\n<td style=\"text-align: center;\"><strong>DNF<\/strong><\/td>\n<td class=\"nomobile\" style=\"text-align: center;\">165<\/td>\n<td class=\"nomobile\" style=\"text-align: center;\"><\/td>\n<td><strong>S\u00e9bastien Souday<\/strong><\/td>\n<td>Yamaha Raptor 700<\/td>\n<td class=\"nomobile\">Team All Tracks<\/td>\n<td style=\"text-align: right; padding-right: 15px;\"><\/td>\n<\/tr>\n<tr style=\"vertical-align: top; background-color: #dbd9d9;\">\n<td style=\"text-align: center;\"><strong>DNF<\/strong><\/td>\n<td class=\"nomobile\" style=\"text-align: center;\">167<\/td>\n<td class=\"nomobile\" style=\"text-align: center;\"><span style=\"font-size: 8pt;\"><a href=\"\/index.php\/w2rc\/w2rc-2023\/\"><span style=\"color: #ee8027;\">W2RC<\/span><\/a><\/span><\/td>\n<td><strong>Abdulaziz Ahli<\/strong><\/td>\n<td>Yamaha Raptor 700<\/td>\n<td class=\"nomobile\">A.Ahli92 Racing<\/td>\n<td style=\"text-align: right; padding-right: 15px;\"><\/td>\n<\/tr>\n<tr style=\"vertical-align: top; background-color: #f2f2f2;\">\n<td style=\"text-align: center;\"><strong>DNF<\/strong><\/td>\n<td class=\"nomobile\" style=\"text-align: center;\">170<\/td>\n<td class=\"nomobile\" style=\"text-align: center;\"><\/td>\n<td><strong>Xavier Verbeke<\/strong><\/td>\n<td>Yamaha Raptor 700<\/td>\n<td class=\"nomobile\">Happyness Racing \/ Drag&#8217;on Rally Team<\/td>\n<td style=\"text-align: right; padding-right: 15px;\"><\/td>\n<\/tr>\n<tr style=\"vertical-align: top; background-color: #dbd9d9;\">\n<td style=\"text-align: center;\"><strong>DNF<\/strong><\/td>\n<td class=\"nomobile\" style=\"text-align: center;\">171<\/td>\n<td class=\"nomobile\" style=\"text-align: center;\"><\/td>\n<td><strong>Dani Vil\u00e0<\/strong><\/td>\n<td>Yamaha Raptor 700<\/td>\n<td class=\"nomobile\">DV4 powered by Motul<\/td>\n<td style=\"text-align: right; padding-right: 15px;\"><\/td>\n<\/tr>\n<tr style=\"background-color: #808080; color: white;\">\n<td style=\"text-align: left;\" colspan=\"8\"><span style=\"font-size: 8pt;\">V kategorii \u010dty\u0159kolek odstartovalo 18 stroj\u016f, v c\u00edli klasifikov\u00e1no 10.<\/span><\/td>\n<\/tr>\n<\/tbody>\n<\/table>\n<p>[\/vc_column_text][\/vc_column_inner][\/vc_row_inner][\/vc_tta_section][\/vc_tta_pageable][\/vc_column][\/vc_row][vc_row css_animation=&#8221;fadeIn&#8221;][vc_column][vc_masonry_grid post_type=&#8221;post&#8221; max_items=&#8221;-1&#8243; style=&#8221;lazy&#8221; items_per_page=&#8221;3&#8243; gap=&#8221;5&#8243; item=&#8221;3404&#8243; grid_id=&#8221;vc_gid:1694160862983-68b4df9e-0a4e-4&#8243; taxonomies=&#8221;1797&#8243;][\/vc_column][\/vc_row]<\/p>\n","protected":false},"excerpt":{"rendered":"<p>V\u00fdsledky Rally Dakar 2023<\/p>\n","protected":false},"author":1,"featured_media":24280,"parent":24284,"menu_order":0,"comment_status":"closed","ping_status":"closed","template":"page-templates\/builder.php","meta":{"footnotes":""},"class_list":["post-24275","page","type-page","status-publish","has-post-thumbnail","hentry"],"yoast_head":"<!-- This site is optimized with the Yoast SEO plugin v24.9 - https:\/\/yoast.com\/wordpress\/plugins\/seo\/ -->\n<title>Rally Dakar 2023 - DAKARMANIA.cz<\/title>\n<meta name=\"robots\" content=\"index, follow, max-snippet:-1, max-image-preview:large, max-video-preview:-1\" \/>\n<link rel=\"canonical\" href=\"https:\/\/www.dakarmania.cz\/index.php\/rally-dakar\/dakar-2023\/\" \/>\n<meta property=\"og:locale\" content=\"cs_CZ\" \/>\n<meta property=\"og:type\" content=\"article\" \/>\n<meta property=\"og:title\" content=\"Rally Dakar 2023 - DAKARMANIA.cz\" \/>\n<meta property=\"og:description\" content=\"V\u00fdsledky Rally Dakar 2023\" \/>\n<meta property=\"og:url\" content=\"https:\/\/www.dakarmania.cz\/index.php\/rally-dakar\/dakar-2023\/\" \/>\n<meta property=\"og:site_name\" content=\"DAKARMANIA.cz\" \/>\n<meta property=\"article:publisher\" content=\"https:\/\/www.facebook.com\/dakarmania\/\" \/>\n<meta property=\"article:modified_time\" content=\"2023-09-08T08:16:41+00:00\" \/>\n<meta property=\"og:image\" content=\"https:\/\/www.dakarmania.cz\/wp-content\/uploads\/2023\/01\/23-dakar-al-attiyah-header-01.jpg\" \/>\n\t<meta property=\"og:image:width\" content=\"1600\" \/>\n\t<meta property=\"og:image:height\" content=\"711\" \/>\n\t<meta property=\"og:image:type\" content=\"image\/jpeg\" \/>\n<meta name=\"twitter:card\" content=\"summary_large_image\" \/>\n<meta name=\"twitter:label1\" content=\"Odhadovan\u00e1 doba \u010dten\u00ed\" \/>\n\t<meta name=\"twitter:data1\" content=\"61 minut\" \/>\n<script type=\"application\/ld+json\" class=\"yoast-schema-graph\">{\"@context\":\"https:\/\/schema.org\",\"@graph\":[{\"@type\":\"WebPage\",\"@id\":\"https:\/\/www.dakarmania.cz\/index.php\/rally-dakar\/dakar-2023\/\",\"url\":\"https:\/\/www.dakarmania.cz\/index.php\/rally-dakar\/dakar-2023\/\",\"name\":\"Rally Dakar 2023 - DAKARMANIA.cz\",\"isPartOf\":{\"@id\":\"https:\/\/www.dakarmania.cz\/#website\"},\"primaryImageOfPage\":{\"@id\":\"https:\/\/www.dakarmania.cz\/index.php\/rally-dakar\/dakar-2023\/#primaryimage\"},\"image\":{\"@id\":\"https:\/\/www.dakarmania.cz\/index.php\/rally-dakar\/dakar-2023\/#primaryimage\"},\"thumbnailUrl\":\"https:\/\/www.dakarmania.cz\/wp-content\/uploads\/2023\/01\/23-dakar-al-attiyah-header-01.jpg\",\"datePublished\":\"2023-01-20T14:35:43+00:00\",\"dateModified\":\"2023-09-08T08:16:41+00:00\",\"breadcrumb\":{\"@id\":\"https:\/\/www.dakarmania.cz\/index.php\/rally-dakar\/dakar-2023\/#breadcrumb\"},\"inLanguage\":\"cs\",\"potentialAction\":[{\"@type\":\"ReadAction\",\"target\":[\"https:\/\/www.dakarmania.cz\/index.php\/rally-dakar\/dakar-2023\/\"]}]},{\"@type\":\"ImageObject\",\"inLanguage\":\"cs\",\"@id\":\"https:\/\/www.dakarmania.cz\/index.php\/rally-dakar\/dakar-2023\/#primaryimage\",\"url\":\"https:\/\/www.dakarmania.cz\/wp-content\/uploads\/2023\/01\/23-dakar-al-attiyah-header-01.jpg\",\"contentUrl\":\"https:\/\/www.dakarmania.cz\/wp-content\/uploads\/2023\/01\/23-dakar-al-attiyah-header-01.jpg\",\"width\":1600,\"height\":711,\"caption\":\"Nasser Al-Attiyah \/ Mathieu Baumel, Toyota GR DKR Hilux, Toyota Gazoo Racing. Dakar 2023. \u00a9 Toyota\"},{\"@type\":\"BreadcrumbList\",\"@id\":\"https:\/\/www.dakarmania.cz\/index.php\/rally-dakar\/dakar-2023\/#breadcrumb\",\"itemListElement\":[{\"@type\":\"ListItem\",\"position\":1,\"name\":\"Dom\u016f\",\"item\":\"https:\/\/www.dakarmania.cz\/\"},{\"@type\":\"ListItem\",\"position\":2,\"name\":\"RALLY DAKAR\",\"item\":\"https:\/\/www.dakarmania.cz\/index.php\/rally-dakar\/\"},{\"@type\":\"ListItem\",\"position\":3,\"name\":\"Rally Dakar 2023\"}]},{\"@type\":\"WebSite\",\"@id\":\"https:\/\/www.dakarmania.cz\/#website\",\"url\":\"https:\/\/www.dakarmania.cz\/\",\"name\":\"DAKARMANIA.cz\",\"description\":\"\u017dijeme Dakarem cel\u00fd rok\",\"publisher\":{\"@id\":\"https:\/\/www.dakarmania.cz\/#organization\"},\"potentialAction\":[{\"@type\":\"SearchAction\",\"target\":{\"@type\":\"EntryPoint\",\"urlTemplate\":\"https:\/\/www.dakarmania.cz\/?s={search_term_string}\"},\"query-input\":{\"@type\":\"PropertyValueSpecification\",\"valueRequired\":true,\"valueName\":\"search_term_string\"}}],\"inLanguage\":\"cs\"},{\"@type\":\"Organization\",\"@id\":\"https:\/\/www.dakarmania.cz\/#organization\",\"name\":\"DAKAR MANIA\",\"url\":\"https:\/\/www.dakarmania.cz\/\",\"logo\":{\"@type\":\"ImageObject\",\"inLanguage\":\"cs\",\"@id\":\"https:\/\/www.dakarmania.cz\/#\/schema\/logo\/image\/\",\"url\":\"https:\/\/www.dakarmania.cz\/wp-content\/uploads\/2018\/12\/Dakar-Mania-Logo-Square-Orange.png\",\"contentUrl\":\"https:\/\/www.dakarmania.cz\/wp-content\/uploads\/2018\/12\/Dakar-Mania-Logo-Square-Orange.png\",\"width\":992,\"height\":992,\"caption\":\"DAKAR MANIA\"},\"image\":{\"@id\":\"https:\/\/www.dakarmania.cz\/#\/schema\/logo\/image\/\"},\"sameAs\":[\"https:\/\/www.facebook.com\/dakarmania\/\"]}]}<\/script>\n<!-- \/ Yoast SEO plugin. -->","yoast_head_json":{"title":"Rally Dakar 2023 - DAKARMANIA.cz","robots":{"index":"index","follow":"follow","max-snippet":"max-snippet:-1","max-image-preview":"max-image-preview:large","max-video-preview":"max-video-preview:-1"},"canonical":"https:\/\/www.dakarmania.cz\/index.php\/rally-dakar\/dakar-2023\/","og_locale":"cs_CZ","og_type":"article","og_title":"Rally Dakar 2023 - DAKARMANIA.cz","og_description":"V\u00fdsledky Rally Dakar 2023","og_url":"https:\/\/www.dakarmania.cz\/index.php\/rally-dakar\/dakar-2023\/","og_site_name":"DAKARMANIA.cz","article_publisher":"https:\/\/www.facebook.com\/dakarmania\/","article_modified_time":"2023-09-08T08:16:41+00:00","og_image":[{"width":1600,"height":711,"url":"https:\/\/www.dakarmania.cz\/wp-content\/uploads\/2023\/01\/23-dakar-al-attiyah-header-01.jpg","type":"image\/jpeg"}],"twitter_card":"summary_large_image","twitter_misc":{"Odhadovan\u00e1 doba \u010dten\u00ed":"61 minut"},"schema":{"@context":"https:\/\/schema.org","@graph":[{"@type":"WebPage","@id":"https:\/\/www.dakarmania.cz\/index.php\/rally-dakar\/dakar-2023\/","url":"https:\/\/www.dakarmania.cz\/index.php\/rally-dakar\/dakar-2023\/","name":"Rally Dakar 2023 - DAKARMANIA.cz","isPartOf":{"@id":"https:\/\/www.dakarmania.cz\/#website"},"primaryImageOfPage":{"@id":"https:\/\/www.dakarmania.cz\/index.php\/rally-dakar\/dakar-2023\/#primaryimage"},"image":{"@id":"https:\/\/www.dakarmania.cz\/index.php\/rally-dakar\/dakar-2023\/#primaryimage"},"thumbnailUrl":"https:\/\/www.dakarmania.cz\/wp-content\/uploads\/2023\/01\/23-dakar-al-attiyah-header-01.jpg","datePublished":"2023-01-20T14:35:43+00:00","dateModified":"2023-09-08T08:16:41+00:00","breadcrumb":{"@id":"https:\/\/www.dakarmania.cz\/index.php\/rally-dakar\/dakar-2023\/#breadcrumb"},"inLanguage":"cs","potentialAction":[{"@type":"ReadAction","target":["https:\/\/www.dakarmania.cz\/index.php\/rally-dakar\/dakar-2023\/"]}]},{"@type":"ImageObject","inLanguage":"cs","@id":"https:\/\/www.dakarmania.cz\/index.php\/rally-dakar\/dakar-2023\/#primaryimage","url":"https:\/\/www.dakarmania.cz\/wp-content\/uploads\/2023\/01\/23-dakar-al-attiyah-header-01.jpg","contentUrl":"https:\/\/www.dakarmania.cz\/wp-content\/uploads\/2023\/01\/23-dakar-al-attiyah-header-01.jpg","width":1600,"height":711,"caption":"Nasser Al-Attiyah \/ Mathieu Baumel, Toyota GR DKR Hilux, Toyota Gazoo Racing. Dakar 2023. \u00a9 Toyota"},{"@type":"BreadcrumbList","@id":"https:\/\/www.dakarmania.cz\/index.php\/rally-dakar\/dakar-2023\/#breadcrumb","itemListElement":[{"@type":"ListItem","position":1,"name":"Dom\u016f","item":"https:\/\/www.dakarmania.cz\/"},{"@type":"ListItem","position":2,"name":"RALLY DAKAR","item":"https:\/\/www.dakarmania.cz\/index.php\/rally-dakar\/"},{"@type":"ListItem","position":3,"name":"Rally Dakar 2023"}]},{"@type":"WebSite","@id":"https:\/\/www.dakarmania.cz\/#website","url":"https:\/\/www.dakarmania.cz\/","name":"DAKARMANIA.cz","description":"\u017dijeme Dakarem cel\u00fd rok","publisher":{"@id":"https:\/\/www.dakarmania.cz\/#organization"},"potentialAction":[{"@type":"SearchAction","target":{"@type":"EntryPoint","urlTemplate":"https:\/\/www.dakarmania.cz\/?s={search_term_string}"},"query-input":{"@type":"PropertyValueSpecification","valueRequired":true,"valueName":"search_term_string"}}],"inLanguage":"cs"},{"@type":"Organization","@id":"https:\/\/www.dakarmania.cz\/#organization","name":"DAKAR MANIA","url":"https:\/\/www.dakarmania.cz\/","logo":{"@type":"ImageObject","inLanguage":"cs","@id":"https:\/\/www.dakarmania.cz\/#\/schema\/logo\/image\/","url":"https:\/\/www.dakarmania.cz\/wp-content\/uploads\/2018\/12\/Dakar-Mania-Logo-Square-Orange.png","contentUrl":"https:\/\/www.dakarmania.cz\/wp-content\/uploads\/2018\/12\/Dakar-Mania-Logo-Square-Orange.png","width":992,"height":992,"caption":"DAKAR MANIA"},"image":{"@id":"https:\/\/www.dakarmania.cz\/#\/schema\/logo\/image\/"},"sameAs":["https:\/\/www.facebook.com\/dakarmania\/"]}]}},"amp_enabled":false,"_links":{"self":[{"href":"https:\/\/www.dakarmania.cz\/index.php\/wp-json\/wp\/v2\/pages\/24275","targetHints":{"allow":["GET"]}}],"collection":[{"href":"https:\/\/www.dakarmania.cz\/index.php\/wp-json\/wp\/v2\/pages"}],"about":[{"href":"https:\/\/www.dakarmania.cz\/index.php\/wp-json\/wp\/v2\/types\/page"}],"author":[{"embeddable":true,"href":"https:\/\/www.dakarmania.cz\/index.php\/wp-json\/wp\/v2\/users\/1"}],"replies":[{"embeddable":true,"href":"https:\/\/www.dakarmania.cz\/index.php\/wp-json\/wp\/v2\/comments?post=24275"}],"version-history":[{"count":338,"href":"https:\/\/www.dakarmania.cz\/index.php\/wp-json\/wp\/v2\/pages\/24275\/revisions"}],"predecessor-version":[{"id":29311,"href":"https:\/\/www.dakarmania.cz\/index.php\/wp-json\/wp\/v2\/pages\/24275\/revisions\/29311"}],"up":[{"embeddable":true,"href":"https:\/\/www.dakarmania.cz\/index.php\/wp-json\/wp\/v2\/pages\/24284"}],"wp:featuredmedia":[{"embeddable":true,"href":"https:\/\/www.dakarmania.cz\/index.php\/wp-json\/wp\/v2\/media\/24280"}],"wp:attachment":[{"href":"https:\/\/www.dakarmania.cz\/index.php\/wp-json\/wp\/v2\/media?parent=24275"}],"curies":[{"name":"wp","href":"https:\/\/api.w.org\/{rel}","templated":true}]}}