{"id":24439,"date":"2023-01-22T11:09:26","date_gmt":"2023-01-22T10:09:26","guid":{"rendered":"https:\/\/www.dakarmania.cz\/?page_id=24439"},"modified":"2023-09-08T10:53:52","modified_gmt":"2023-09-08T08:53:52","slug":"dakar-2022","status":"publish","type":"page","link":"https:\/\/www.dakarmania.cz\/index.php\/rally-dakar\/dakar-2022\/","title":{"rendered":"Rally Dakar 2022"},"content":{"rendered":"<p>[vc_row][vc_column][vc_btn title=&#8221;Rally Dakar&#8221; style=&#8221;outline&#8221; shape=&#8221;square&#8221; color=&#8221;warning&#8221; size=&#8221;xs&#8221; align=&#8221;right&#8221; i_align=&#8221;right&#8221; i_icon_fontawesome=&#8221;fa fa-chevron-up&#8221; css_animation=&#8221;fadeIn&#8221; add_icon=&#8221;true&#8221; link=&#8221;url:%2Findex.php%2Frally-dakar%2F|||&#8221; css=&#8221;.vc_custom_1674382338514{padding-top: 1px !important;padding-right: 1px !important;padding-bottom: 1px !important;padding-left: 1px !important;}&#8221;][vc_column_text css_animation=&#8221;fadeIn&#8221; css=&#8221;.vc_custom_1691190042643{padding-top: 200px !important;padding-right: 15px !important;padding-bottom: 15px !important;padding-left: 15px !important;background-image: url(https:\/\/www.dakarmania.cz\/wp-content\/uploads\/2023\/01\/22-dakar-sunderland-header-02.jpg?id=24445) !important;background-position: center !important;background-repeat: no-repeat !important;background-size: cover !important;}&#8221;]<\/p>\n<h1 style=\"text-align: left;\"><span style=\"background-color: #ee8027; opacity: 0.7;\"><span style=\"color: #ffffff; padding: 10px;\">RALLY DAKAR 2022<\/span><\/span><\/h1>\n<p style=\"text-align: left;\"><span style=\"background-color: #ee8027; opacity: 0.7;\"><span style=\"color: #ffffff; padding: 10px;\">Sa\u00fadsk\u00e1 Ar\u00e1bie<\/span><\/span><\/p>\n<p>[\/vc_column_text][vc_column_text css_animation=&#8221;fadeIn&#8221;]<\/p>\n<p style=\"text-align: center;\"><strong>44. ro\u010dn\u00edk | 1. a\u017e 14. ledna 2022 | Sa\u00fadsk\u00e1 Ar\u00e1bie<\/strong><\/p>\n<p style=\"text-align: center;\">12 etap | celkem 8\u00a0177 km, z toho 4\u00a0258 km rychlostn\u00edch zkou\u0161ek<br \/>\n1. podnik <a href=\"\/index.php\/w2rc\/w2rc-2022\/\"><span style=\"color: #ee8027;\">Mistrovstv\u00ed sv\u011bta v d\u00e1lkov\u00fdch sout\u011b\u017e\u00edch 2022<\/span><\/a><\/p>\n<p>[\/vc_column_text][\/vc_column][\/vc_row][vc_row][vc_column][vc_btn title=&#8221;FIA&#8221; shape=&#8221;square&#8221; color=&#8221;warning&#8221; size=&#8221;xs&#8221; i_icon_fontawesome=&#8221;fa fa-list-ol&#8221; css_animation=&#8221;fadeIn&#8221; add_icon=&#8221;true&#8221; link=&#8221;url:%2Findex.php%2Frally-dakar%2Fdakar-2022%2F%23fia|||&#8221; css=&#8221;.vc_custom_1674630518007{padding-top: 1px !important;padding-right: 1px !important;padding-bottom: 1px !important;padding-left: 1px !important;}&#8221;][vc_btn title=&#8221;AUTO&#8221; shape=&#8221;square&#8221; color=&#8221;warning&#8221; size=&#8221;xs&#8221; i_icon_fontawesome=&#8221;fa fa-list-ol&#8221; css_animation=&#8221;fadeIn&#8221; add_icon=&#8221;true&#8221; link=&#8221;url:%2Findex.php%2Frally-dakar%2Fdakar-2022%2F%23auto|||&#8221; css=&#8221;.vc_custom_1674630619643{padding-top: 1px !important;padding-right: 1px !important;padding-bottom: 1px !important;padding-left: 1px !important;}&#8221;][vc_btn title=&#8221;S\u00d7S&#8221; shape=&#8221;square&#8221; color=&#8221;warning&#8221; size=&#8221;xs&#8221; i_icon_fontawesome=&#8221;fa fa-list-ol&#8221; css_animation=&#8221;fadeIn&#8221; add_icon=&#8221;true&#8221; link=&#8221;url:%2Findex.php%2Frally-dakar%2Fdakar-2022%2F%23sxs|||&#8221; css=&#8221;.vc_custom_1674630649303{padding-top: 1px !important;padding-right: 1px !important;padding-bottom: 1px !important;padding-left: 1px !important;}&#8221;][vc_btn title=&#8221;T3&#8243; shape=&#8221;square&#8221; color=&#8221;warning&#8221; size=&#8221;xs&#8221; i_icon_fontawesome=&#8221;fa fa-list-ol&#8221; css_animation=&#8221;fadeIn&#8221; add_icon=&#8221;true&#8221; link=&#8221;url:%2Findex.php%2Frally-dakar%2Fdakar-2022%2F%23t3|||&#8221; css=&#8221;.vc_custom_1674630667390{padding-top: 1px !important;padding-right: 1px !important;padding-bottom: 1px !important;padding-left: 1px !important;}&#8221;][vc_btn title=&#8221;T4&#8243; shape=&#8221;square&#8221; color=&#8221;warning&#8221; size=&#8221;xs&#8221; i_icon_fontawesome=&#8221;fa fa-list-ol&#8221; css_animation=&#8221;fadeIn&#8221; add_icon=&#8221;true&#8221; link=&#8221;url:%2Findex.php%2Frally-dakar%2Fdakar-2022%2F%23t4|||&#8221; css=&#8221;.vc_custom_1674630684174{padding-top: 1px !important;padding-right: 1px !important;padding-bottom: 1px !important;padding-left: 1px !important;}&#8221;][vc_btn title=&#8221;KAMIONY&#8221; shape=&#8221;square&#8221; color=&#8221;warning&#8221; size=&#8221;xs&#8221; i_icon_fontawesome=&#8221;fa fa-list-ol&#8221; css_animation=&#8221;fadeIn&#8221; add_icon=&#8221;true&#8221; link=&#8221;url:%2Findex.php%2Frally-dakar%2Fdakar-2022%2F%23kamiony|||&#8221; css=&#8221;.vc_custom_1674630711370{padding-top: 1px !important;padding-right: 1px !important;padding-bottom: 1px !important;padding-left: 1px !important;}&#8221;][vc_empty_space height=&#8221;1px&#8221;][vc_btn title=&#8221;MOTO&#8221; shape=&#8221;square&#8221; color=&#8221;warning&#8221; size=&#8221;xs&#8221; i_icon_fontawesome=&#8221;fa fa-list-ol&#8221; css_animation=&#8221;fadeIn&#8221; add_icon=&#8221;true&#8221; link=&#8221;url:%2Findex.php%2Frally-dakar%2Fdakar-2022%2F%23moto|||&#8221; css=&#8221;.vc_custom_1674630786671{padding-top: 1px !important;padding-right: 1px !important;padding-bottom: 1px !important;padding-left: 1px !important;}&#8221;][vc_btn title=&#8221;RALLYGP&#8221; shape=&#8221;square&#8221; color=&#8221;warning&#8221; size=&#8221;xs&#8221; i_icon_fontawesome=&#8221;fa fa-list-ol&#8221; css_animation=&#8221;fadeIn&#8221; add_icon=&#8221;true&#8221; link=&#8221;url:%2Findex.php%2Frally-dakar%2Fdakar-2022%2F%23rallygp|||&#8221; css=&#8221;.vc_custom_1674681877759{padding-top: 1px !important;padding-right: 1px !important;padding-bottom: 1px !important;padding-left: 1px !important;}&#8221;][vc_btn title=&#8221;RALLY2&#8243; shape=&#8221;square&#8221; color=&#8221;warning&#8221; size=&#8221;xs&#8221; i_icon_fontawesome=&#8221;fa fa-list-ol&#8221; css_animation=&#8221;fadeIn&#8221; add_icon=&#8221;true&#8221; link=&#8221;url:%2Findex.php%2Frally-dakar%2Fdakar-2022%2F%23rally2|||&#8221; css=&#8221;.vc_custom_1674630810239{padding-top: 1px !important;padding-right: 1px !important;padding-bottom: 1px !important;padding-left: 1px !important;}&#8221;][vc_btn title=&#8221;QUAD&#8221; shape=&#8221;square&#8221; color=&#8221;warning&#8221; size=&#8221;xs&#8221; i_icon_fontawesome=&#8221;fa fa-list-ol&#8221; css_animation=&#8221;fadeIn&#8221; add_icon=&#8221;true&#8221; link=&#8221;url:%2Findex.php%2Frally-dakar%2Fdakar-2022%2F%23quad|||&#8221; css=&#8221;.vc_custom_1674630827516{padding-top: 1px !important;padding-right: 1px !important;padding-bottom: 1px !important;padding-left: 1px !important;}&#8221;][vc_tta_pageable no_fill_content_area=&#8221;1&#8243; active_section=&#8221;2&#8243; pagination_style=&#8221;&#8221; css_animation=&#8221;fadeIn&#8221;][vc_tta_section title=&#8221;FIA&#8221; tab_id=&#8221;fia&#8221;][vc_column_text css_animation=&#8221;fadeIn&#8221;]<\/p>\n<table style=\"width: 97.7654%;\" rules=\"rows\" cellpadding=\"4px\">\n<tbody>\n<tr style=\"background-color: #808080; color: white;\">\n<td style=\"text-align: center;\" colspan=\"8\"><span style=\"font-size: 12pt;\"><strong>RALLY DAKAR 2022<br \/>\nFIA<br \/>\nkone\u010dn\u00e9 v\u00fdsledky<\/strong><\/span><\/td>\n<\/tr>\n<tr style=\"vertical-align: top; background-color: #dbd9d9;\">\n<td style=\"text-align: center;\"><strong>1.<\/strong><\/td>\n<td class=\"nomobile\" style=\"text-align: center;\">201<\/td>\n<td class=\"nomobile\" style=\"text-align: center;\"><span style=\"font-size: 8pt;\">T1<\/span><\/td>\n<td class=\"nomobile\" style=\"text-align: center;\"><span style=\"font-size: 8pt;\"><a href=\"\/index.php\/w2rc\/w2rc-2022\/\"><span style=\"color: #ee8027;\">W2RC<\/span><\/a><\/span><\/td>\n<td><a href=\"\/index.php\/osobnosti\/nasser-al-attiyah\/\"><span style=\"color: #ee8027;\"><strong>Nasser Al-Attiyah<\/strong><\/span><\/a><br \/>\n<a href=\"\/index.php\/osobnosti\/mathieu-baumel\/\"><span style=\"color: #ee8027;\"><strong>Mathieu Baumel<\/strong><\/span><\/a><\/td>\n<td>Toyota GR DKR Hilux<\/td>\n<td class=\"nomobile\">Toyota Gazoo Racing<\/td>\n<td style=\"text-align: right; padding-right: 15px;\"><strong>38:33:03<\/strong><\/td>\n<\/tr>\n<tr style=\"vertical-align: top; background-color: #f2f2f2;\">\n<td style=\"text-align: center;\"><strong>2.<\/strong><\/td>\n<td class=\"nomobile\" style=\"text-align: center;\">211<\/td>\n<td class=\"nomobile\" style=\"text-align: center;\"><span style=\"font-size: 8pt;\">T1<\/span><\/td>\n<td class=\"nomobile\" style=\"text-align: center;\"><span style=\"font-size: 8pt;\"><a href=\"\/index.php\/w2rc\/w2rc-2022\/\"><span style=\"color: #ee8027;\">W2RC<\/span><\/a><\/span><\/td>\n<td><strong><a href=\"\/index.php\/osobnosti\/loeb-sebastien\/\"><span style=\"color: #ee8027;\">S\u00e9bastien Loeb<\/span><\/a><\/strong><br \/>\n<strong><a href=\"\/index.php\/osobnosti\/fabian-lurquin\/\"><span style=\"color: #ee8027;\">Fabian Lurquin<\/span><\/a><\/strong><\/td>\n<td>Prodrive Hunter<\/td>\n<td class=\"nomobile\">Bahrain Raid Xtreme<\/td>\n<td style=\"text-align: right; padding-right: 15px;\"><strong>+27:46<\/strong><\/td>\n<\/tr>\n<tr style=\"vertical-align: top; background-color: #dbd9d9;\">\n<td style=\"text-align: center;\"><strong>3.<\/strong><\/td>\n<td class=\"nomobile\" style=\"text-align: center;\">205<\/td>\n<td class=\"nomobile\" style=\"text-align: center;\"><span style=\"font-size: 8pt;\">T1<\/span><\/td>\n<td class=\"nomobile\" style=\"text-align: center;\"><span style=\"font-size: 8pt;\"><a href=\"\/index.php\/w2rc\/w2rc-2022\/\"><span style=\"color: #ee8027;\">W2RC<\/span><\/a><\/span><\/td>\n<td><strong><a href=\"\/index.php\/osobnosti\/yazeed-al-rajhi\/\"><span style=\"color: #ee8027;\">Yazeed Al-Rajhi<\/span><\/a><\/strong><br \/>\n<strong><a href=\"\/index.php\/osobnosti\/michael-orr\/\"><span style=\"color: #ee8027;\">Michael Orr<\/span><\/a><\/strong><\/td>\n<td>Toyota Hilux Overdrive<\/td>\n<td class=\"nomobile\">Overdrive Racing<br \/>\nOverdrive Toyota<\/td>\n<td style=\"text-align: right; padding-right: 15px;\"><strong>+1:01:13<\/strong><\/td>\n<\/tr>\n<tr style=\"vertical-align: top; background-color: #f2f2f2;\">\n<td style=\"text-align: center;\"><strong>4.<\/strong><\/td>\n<td class=\"nomobile\" style=\"text-align: center;\">221<\/td>\n<td class=\"nomobile\" style=\"text-align: center;\"><span style=\"font-size: 8pt;\">T1<\/span><\/td>\n<td class=\"nomobile\" style=\"text-align: center;\"><\/td>\n<td><strong>Orlando Terranova<\/strong><br \/>\n<a href=\"\/index.php\/osobnosti\/daniel-oliveras\/\"><span style=\"color: #ee8027;\"><strong>Daniel Oliveras<\/strong><\/span><\/a><\/td>\n<td>Prodrive Hunter<\/td>\n<td class=\"nomobile\">Bahrain Raid Xtreme<\/td>\n<td style=\"text-align: right; padding-right: 15px;\"><strong>+1:27:23<\/strong><\/td>\n<\/tr>\n<tr style=\"vertical-align: top; background-color: #dbd9d9;\">\n<td style=\"text-align: center;\"><strong>5.<\/strong><\/td>\n<td class=\"nomobile\" style=\"text-align: center;\">207<\/td>\n<td class=\"nomobile\" style=\"text-align: center;\"><span style=\"font-size: 8pt;\">T1<\/span><\/td>\n<td class=\"nomobile\" style=\"text-align: center;\"><\/td>\n<td><strong><a href=\"\/index.php\/osobnosti\/giniel-de-villiers\/\"><span style=\"color: #ee8027;\">Giniel de Villiers<\/span><\/a><\/strong><br \/>\n<strong><a href=\"\/index.php\/osobnosti\/dennis-murphy\/\"><span style=\"color: #ee8027;\">Dennis Murphy<\/span><\/a><\/strong><\/td>\n<td>Toyota GR DKR Hilux<\/td>\n<td class=\"nomobile\">Toyota Gazoo Racing<\/td>\n<td style=\"text-align: right; padding-right: 15px;\"><strong>+1:41:48<\/strong><\/td>\n<\/tr>\n<tr style=\"vertical-align: top; background-color: #f2f2f2;\">\n<td style=\"text-align: center;\"><strong>6.<\/strong><\/td>\n<td class=\"nomobile\" style=\"text-align: center;\">203<\/td>\n<td class=\"nomobile\" style=\"text-align: center;\"><span style=\"font-size: 8pt;\">T1<\/span><\/td>\n<td class=\"nomobile\" style=\"text-align: center;\"><span style=\"font-size: 8pt;\"><a href=\"\/index.php\/w2rc\/w2rc-2022\/\"><span style=\"color: #ee8027;\">W2RC<\/span><\/a><\/span><\/td>\n<td><strong>Kuba Przygo\u0144ski<\/strong><br \/>\n<strong><a href=\"\/index.php\/osobnosti\/timo-gottschalk\/\"><span style=\"color: #ee8027;\">Timo Gottschalk<\/span><\/a><\/strong><\/td>\n<td>Mini JCW Buggy<\/td>\n<td class=\"nomobile\">Orlen Team<\/td>\n<td style=\"text-align: right; padding-right: 15px;\"><strong>+1:53:06<\/strong><\/td>\n<\/tr>\n<tr style=\"vertical-align: top; background-color: #dbd9d9;\">\n<td style=\"text-align: center;\"><strong>7.<\/strong><\/td>\n<td class=\"nomobile\" style=\"text-align: center;\">212<\/td>\n<td class=\"nomobile\" style=\"text-align: center;\"><span style=\"font-size: 8pt;\">T1<\/span><\/td>\n<td class=\"nomobile\" style=\"text-align: center;\"><span style=\"font-size: 8pt;\"><a href=\"\/index.php\/w2rc\/w2rc-2022\/\"><span style=\"color: #ee8027;\">W2RC<\/span><\/a><\/span><\/td>\n<td><strong><a href=\"\/index.php\/osobnosti\/mathieu-serradori\/\"><span style=\"color: #ee8027;\">Mathieu Serradori<\/span><\/a><\/strong><br \/>\n<strong><a href=\"\/index.php\/osobnosti\/loic-minaudier\/\"><span style=\"color: #ee8027;\">Lo\u00efc Minaudier<\/span><\/a><\/strong><\/td>\n<td>Century CR6<\/td>\n<td class=\"nomobile\">SRT Racing<\/td>\n<td style=\"text-align: right; padding-right: 15px;\"><strong>+2:32:05<\/strong><\/td>\n<\/tr>\n<tr style=\"vertical-align: top; background-color: #f2f2f2;\">\n<td style=\"text-align: center;\"><strong>8.<\/strong><\/td>\n<td class=\"nomobile\" style=\"text-align: center;\">223<\/td>\n<td class=\"nomobile\" style=\"text-align: center;\"><span style=\"font-size: 8pt;\">T1<\/span><\/td>\n<td class=\"nomobile\" style=\"text-align: center;\"><span style=\"font-size: 8pt;\"><a href=\"\/index.php\/w2rc\/w2rc-2022\/\"><span style=\"color: #ee8027;\">W2RC<\/span><\/a><\/span><\/td>\n<td><a href=\"\/index.php\/osobnosti\/sebastian-halpern\/\"><span style=\"color: #ee8027;\"><strong>Sebasti\u00e1n Halpern<\/strong><\/span><\/a><br \/>\n<strong><a href=\"\/index.php\/osobnosti\/ronnie-graue\/\"><span style=\"color: #ee8027;\">Ronnie Graue<\/span><\/a><\/strong><\/td>\n<td>Mini JCW Buggy<\/td>\n<td class=\"nomobile\">X-raid Mini JCW Team<\/td>\n<td style=\"text-align: right; padding-right: 15px;\"><strong>+2:38:26<\/strong><\/td>\n<\/tr>\n<tr style=\"vertical-align: top; background-color: #dbd9d9;\">\n<td style=\"text-align: center;\"><strong>9.<\/strong><\/td>\n<td class=\"nomobile\" style=\"text-align: center;\">224<\/td>\n<td class=\"nomobile\" style=\"text-align: center;\"><span style=\"font-size: 8pt;\">T1<\/span><\/td>\n<td class=\"nomobile\" style=\"text-align: center;\"><\/td>\n<td><a href=\"\/index.php\/osobnosti\/mattias-ekstrom\/\"><span style=\"color: #ee8027;\"><strong>Mattias Ekstr\u00f6m<\/strong><\/span><\/a><br \/>\n<strong><a href=\"\/index.php\/osobnosti\/emil-bergkvist\/\"><span style=\"color: #ee8027;\">Emil Bergkvist<\/span><\/a><\/strong><\/td>\n<td>Audi RS Q e-tron<\/td>\n<td class=\"nomobile\">Team Audi Sport<\/td>\n<td style=\"text-align: right; padding-right: 15px;\"><strong>+2:42:11<\/strong><\/td>\n<\/tr>\n<tr style=\"vertical-align: top; background-color: #f2f2f2;\">\n<td style=\"text-align: center;\"><strong>10.<\/strong><\/td>\n<td class=\"nomobile\" style=\"text-align: center;\">208<\/td>\n<td class=\"nomobile\" style=\"text-align: center;\"><span style=\"font-size: 8pt;\">T1<\/span><\/td>\n<td class=\"nomobile\" style=\"text-align: center;\"><span style=\"font-size: 8pt;\"><a href=\"\/index.php\/w2rc\/w2rc-2022\/\"><span style=\"color: #ee8027;\">W2RC<\/span><\/a><\/span><\/td>\n<td><strong>Vladimir Vasiljev<\/strong><br \/>\n<strong>Oleg Up\u011brenko<\/strong><\/td>\n<td>BMW X5<\/td>\n<td class=\"nomobile\">VRT Team<\/td>\n<td style=\"text-align: right; padding-right: 15px;\"><strong>+3:02:21<\/strong><\/td>\n<\/tr>\n<tr style=\"vertical-align: top; background-color: #dbd9d9;\">\n<td style=\"text-align: center;\"><strong>11.<\/strong><\/td>\n<td class=\"nomobile\" style=\"text-align: center;\">500<\/td>\n<td class=\"nomobile\" style=\"text-align: center;\"><span style=\"font-size: 8pt;\">T5<\/span><\/td>\n<td class=\"nomobile\" style=\"text-align: center;\"><\/td>\n<td><a href=\"\/index.php\/osobnosti\/dmitrij-sotnikov\/\"><span style=\"color: #ee8027;\"><strong>Dmitrij Sotnikov<\/strong><\/span><\/a><br \/>\n<a href=\"\/index.php\/osobnosti\/ruslan-achmadejev\/\"><span style=\"color: #ee8027;\"><strong>Ruslan Achmad\u011bjev<\/strong><\/span><\/a><br \/>\n<strong><a href=\"\/index.php\/osobnosti\/ilgiz-achmetzjanov\/\"><span style=\"color: #ee8027;\">Ilgiz Achmetzjanov<\/span><\/a><\/strong><\/td>\n<td>Kamaz 435091<\/td>\n<td class=\"nomobile\">Kamaz-Master<\/td>\n<td style=\"text-align: right; padding-right: 15px;\"><strong>+3:04:31<\/strong><\/td>\n<\/tr>\n<tr style=\"vertical-align: top; background-color: #f2f2f2;\">\n<td style=\"text-align: center;\"><strong>12.<\/strong><\/td>\n<td class=\"nomobile\" style=\"text-align: center;\">505<\/td>\n<td class=\"nomobile\" style=\"text-align: center;\"><span style=\"font-size: 8pt;\">T5<\/span><\/td>\n<td class=\"nomobile\" style=\"text-align: center;\"><\/td>\n<td><strong><a href=\"\/index.php\/osobnosti\/eduard-nikolajev\/\"><span style=\"color: #ee8027;\">Eduard Nikolajev<\/span><\/a><\/strong><br \/>\n<strong><a href=\"\/index.php\/osobnosti\/jevgenij-jakovlev\/\"><span style=\"color: #ee8027;\">Jevgenij Jakovlev<\/span><\/a><\/strong><br \/>\n<strong><a href=\"\/index.php\/osobnosti\/vladimir-rybakov\/\"><span style=\"color: #ee8027;\">Vladimir Rybakov<\/span><\/a><\/strong><\/td>\n<td>Kamaz 435091<\/td>\n<td class=\"nomobile\">Kamaz-Master<\/td>\n<td style=\"text-align: right; padding-right: 15px;\"><strong>+3:14:29<\/strong><\/td>\n<\/tr>\n<tr style=\"vertical-align: top; background-color: #dbd9d9;\">\n<td style=\"text-align: center;\"><strong>13.<\/strong><\/td>\n<td class=\"nomobile\" style=\"text-align: center;\">234<\/td>\n<td class=\"nomobile\" style=\"text-align: center;\"><span style=\"font-size: 8pt;\">T1<\/span><\/td>\n<td class=\"nomobile\" style=\"text-align: center;\"><\/td>\n<td><strong>Vaidotas \u017dala<\/strong><br \/>\n<strong>Paulo Fi\u00faza<\/strong><\/td>\n<td>Mini JCW Rally<\/td>\n<td class=\"nomobile\">Teltonika Racing<\/td>\n<td style=\"text-align: right; padding-right: 15px;\"><strong>+3:31:55<\/strong><\/td>\n<\/tr>\n<tr style=\"vertical-align: top; background-color: #f2f2f2;\">\n<td style=\"text-align: center;\"><strong>14.<\/strong><\/td>\n<td class=\"nomobile\" style=\"text-align: center;\">202<\/td>\n<td class=\"nomobile\" style=\"text-align: center;\"><span style=\"font-size: 8pt;\">T1<\/span><\/td>\n<td class=\"nomobile\" style=\"text-align: center;\"><\/td>\n<td><a href=\"\/index.php\/osobnosti\/carlos-sainz\/\"><span style=\"color: #ee8027;\"><strong>Carlos Sainz<\/strong><\/span><\/a><br \/>\n<strong><a href=\"\/index.php\/osobnosti\/lucas-cruz\/\"><span style=\"color: #ee8027;\">Lucas Cruz<\/span><\/a><\/strong><\/td>\n<td>Audi RS Q e-tron<\/td>\n<td class=\"nomobile\">Team Audi Sport<\/td>\n<td style=\"text-align: right; padding-right: 15px;\"><strong>+3:39:21<\/strong><\/td>\n<\/tr>\n<tr style=\"vertical-align: top; background-color: #dbd9d9;\">\n<td style=\"text-align: center;\"><strong>15.<\/strong><\/td>\n<td class=\"nomobile\" style=\"text-align: center;\">235<\/td>\n<td class=\"nomobile\" style=\"text-align: center;\"><span style=\"font-size: 8pt;\">T1<\/span><\/td>\n<td class=\"nomobile\" style=\"text-align: center;\"><\/td>\n<td><strong>Michael Pisano<\/strong><br \/>\n<strong>Max Delfino<\/strong><\/td>\n<td>MD Optimus<\/td>\n<td class=\"nomobile\">MD Rallye Sport<\/td>\n<td style=\"text-align: right; padding-right: 15px;\"><strong>+3:41:00<\/strong><\/td>\n<\/tr>\n<tr style=\"vertical-align: top; background-color: #f2f2f2;\">\n<td style=\"text-align: center;\"><strong>16.<\/strong><\/td>\n<td class=\"nomobile\" style=\"text-align: center;\">230<\/td>\n<td class=\"nomobile\" style=\"text-align: center;\"><span style=\"font-size: 8pt;\">T1<\/span><\/td>\n<td class=\"nomobile\" style=\"text-align: center;\"><\/td>\n<td><strong>Brian Baragwanath<\/strong><br \/>\n<strong>Leonard Cremer<\/strong><\/td>\n<td>Century CR6<\/td>\n<td class=\"nomobile\">Century Racing<\/td>\n<td style=\"text-align: right; padding-right: 15px;\"><strong>+3:51:26<\/strong><\/td>\n<\/tr>\n<tr style=\"vertical-align: top; background-color: #dbd9d9;\">\n<td style=\"text-align: center;\"><strong>17.<\/strong><\/td>\n<td class=\"nomobile\" style=\"text-align: center;\">233<\/td>\n<td class=\"nomobile\" style=\"text-align: center;\"><span style=\"font-size: 8pt;\">T1<\/span><\/td>\n<td class=\"nomobile\" style=\"text-align: center;\"><\/td>\n<td><strong>Shameer Variawa<\/strong><br \/>\n<strong>Danie Stassen<\/strong><\/td>\n<td>Toyota GR DKR Hilux<\/td>\n<td class=\"nomobile\">Toyota Gazoo Racing<\/td>\n<td style=\"text-align: right; padding-right: 15px;\"><strong>+3:55:33<\/strong><\/td>\n<\/tr>\n<tr style=\"vertical-align: top; background-color: #f2f2f2;\">\n<td style=\"text-align: center;\"><strong>18.<\/strong><\/td>\n<td class=\"nomobile\" style=\"text-align: center;\">214<\/td>\n<td class=\"nomobile\" style=\"text-align: center;\"><span style=\"font-size: 8pt;\">T1<\/span><\/td>\n<td class=\"nomobile\" style=\"text-align: center;\"><\/td>\n<td><a href=\"\/index.php\/osobnosti\/christian-lavieille\/\"><span style=\"color: #ee8027;\"><strong>Christian Lavieille<\/strong><\/span><\/a><br \/>\n<strong>Johnny Aubert<\/strong><\/td>\n<td>MD Optimus<\/td>\n<td class=\"nomobile\">MD Rallye Sport<\/td>\n<td style=\"text-align: right; padding-right: 15px;\"><strong>+4:02:42<\/strong><\/td>\n<\/tr>\n<tr style=\"vertical-align: top; background-color: #dbd9d9;\">\n<td style=\"text-align: center;\"><strong>19.<\/strong><\/td>\n<td class=\"nomobile\" style=\"text-align: center;\">501<\/td>\n<td class=\"nomobile\" style=\"text-align: center;\"><span style=\"font-size: 8pt;\">T5<\/span><\/td>\n<td class=\"nomobile\" style=\"text-align: center;\"><\/td>\n<td><a href=\"\/index.php\/osobnosti\/anton-sibalov\/\"><span style=\"color: #ee8027;\"><strong>Anton \u0160ibalov<\/strong><\/span><\/a><br \/>\n<strong><a href=\"\/index.php\/osobnosti\/dmitrij-nikitin\/\"><span style=\"color: #ee8027;\">Dmitrij Nikitin<\/span><\/a><\/strong><br \/>\n<strong>Ivan Tatarinov<\/strong><\/td>\n<td>Kamaz 43509<\/td>\n<td class=\"nomobile\">Kamaz-Master<\/td>\n<td style=\"text-align: right; padding-right: 15px;\"><strong>+4:15:42<\/strong><\/td>\n<\/tr>\n<tr style=\"vertical-align: top; background-color: #f2f2f2;\">\n<td style=\"text-align: center;\"><strong>20.<\/strong><\/td>\n<td class=\"nomobile\" style=\"text-align: center;\">217<\/td>\n<td class=\"nomobile\" style=\"text-align: center;\"><span style=\"font-size: 8pt;\">T1<\/span><\/td>\n<td class=\"nomobile\" style=\"text-align: center;\"><span style=\"font-size: 8pt;\"><a href=\"\/index.php\/w2rc\/w2rc-2022\/\"><span style=\"color: #ee8027;\">W2RC<\/span><\/a><\/span><\/td>\n<td><strong>Bernhard ten Brinke<\/strong><br \/>\n<strong><a href=\"\/index.php\/osobnosti\/sebastien-delaunay\/\"><span style=\"color: #ee8027;\">S\u00e9bastien Delaunay<\/span><\/a><\/strong><\/td>\n<td>Toyota Hilux Overdrive<\/td>\n<td class=\"nomobile\">Overdrive Racing<\/td>\n<td style=\"text-align: right; padding-right: 15px;\"><strong>+4:45:40<\/strong><\/td>\n<\/tr>\n<tr style=\"vertical-align: top; background-color: #dbd9d9;\">\n<td style=\"text-align: center;\"><strong>21.<\/strong><\/td>\n<td class=\"nomobile\" style=\"text-align: center;\">509<\/td>\n<td class=\"nomobile\" style=\"text-align: center;\"><span style=\"font-size: 8pt;\">T5<\/span><\/td>\n<td class=\"nomobile\" style=\"text-align: center;\"><\/td>\n<td><strong><a href=\"\/index.php\/osobnosti\/andrej-karginov\/\"><span style=\"color: #ee8027;\">Andrej Karginov<\/span><\/a><\/strong><br \/>\n<strong><a href=\"\/index.php\/osobnosti\/andrej-mokjejev\/\"><span style=\"color: #ee8027;\">Andrej Mokjejev<\/span><\/a><\/strong><br \/>\n<strong><a href=\"\/index.php\/osobnosti\/ivan-malkov\/\"><span style=\"color: #ee8027;\">Ivan Malkov<\/span><\/a><\/strong><\/td>\n<td>Kamaz 43509<\/td>\n<td class=\"nomobile\">Kamaz-Master<\/td>\n<td style=\"text-align: right; padding-right: 15px;\"><strong>+4:54:26<\/strong><\/td>\n<\/tr>\n<tr style=\"vertical-align: top; background-color: #f2f2f2;\">\n<td style=\"text-align: center;\"><strong>22.<\/strong><\/td>\n<td class=\"nomobile\" style=\"text-align: center;\">222<\/td>\n<td class=\"nomobile\" style=\"text-align: center;\"><span style=\"font-size: 8pt;\">T1<\/span><\/td>\n<td class=\"nomobile\" style=\"text-align: center;\"><span style=\"font-size: 8pt;\"><a href=\"\/index.php\/w2rc\/w2rc-2022\/\"><span style=\"color: #ee8027;\">W2RC<\/span><\/a><\/span><\/td>\n<td><strong><a href=\"\/index.php\/osobnosti\/lucio-alvarez\/\"><span style=\"color: #ee8027;\">Lucio \u00c1lvarez<\/span><\/a><\/strong><br \/>\n<a href=\"\/index.php\/osobnosti\/armand-monleon\/\"><span style=\"color: #ee8027;\"><strong>Armand Monle\u00f3n<\/strong><\/span><\/a><\/td>\n<td>Toyota Hilux Overdrive<\/td>\n<td class=\"nomobile\">Overdrive Racing<\/td>\n<td style=\"text-align: right; padding-right: 15px;\"><strong>+4:56:36<\/strong><\/td>\n<\/tr>\n<tr style=\"vertical-align: top; background-color: #dbd9d9;\">\n<td style=\"text-align: center;\"><strong>23.<\/strong><\/td>\n<td class=\"nomobile\" style=\"text-align: center;\">210<\/td>\n<td class=\"nomobile\" style=\"text-align: center;\"><span style=\"font-size: 8pt;\">T1<\/span><\/td>\n<td class=\"nomobile\" style=\"text-align: center;\"><\/td>\n<td><strong><a href=\"\/index.php\/osobnosti\/despres-cyril\/\"><span style=\"color: #ee8027;\">Cyril Despres<\/span><\/a><\/strong><br \/>\n<strong>Taye Perry<\/strong><\/td>\n<td>Peugeot 3008 DKR<\/td>\n<td class=\"nomobile\">GPX Racing<\/td>\n<td style=\"text-align: right; padding-right: 15px;\"><strong>+4:58:22<\/strong><\/td>\n<\/tr>\n<tr style=\"vertical-align: top; background-color: #f2f2f2;\">\n<td style=\"text-align: center;\"><strong>24.<\/strong><\/td>\n<td class=\"nomobile\" style=\"text-align: center;\">237<\/td>\n<td class=\"nomobile\" style=\"text-align: center;\"><span style=\"font-size: 8pt;\">T1<\/span><\/td>\n<td class=\"nomobile\" style=\"text-align: center;\"><\/td>\n<td><a href=\"\/index.php\/osobnosti\/juan-cruz-yacopini\/\"><span style=\"color: #ee8027;\"><strong>Juan Cruz Yacopini<\/strong><\/span><\/a><br \/>\n<strong>Alejandro Miguel Yacopini<\/strong><\/td>\n<td>Toyota Hilux Overdrive<\/td>\n<td class=\"nomobile\">Overdrive Racing<\/td>\n<td style=\"text-align: right; padding-right: 15px;\"><strong>+5:23:15<\/strong><\/td>\n<\/tr>\n<tr style=\"vertical-align: top; background-color: #dbd9d9;\">\n<td style=\"text-align: center;\"><strong>25.<\/strong><\/td>\n<td class=\"nomobile\" style=\"text-align: center;\">243<\/td>\n<td class=\"nomobile\" style=\"text-align: center;\"><span style=\"font-size: 8pt;\">T1<\/span><\/td>\n<td class=\"nomobile\" style=\"text-align: center;\"><span style=\"font-size: 8pt;\"><a href=\"\/index.php\/w2rc\/w2rc-2022\/\"><span style=\"color: #ee8027;\">W2RC<\/span><\/a><\/span><\/td>\n<td><strong>Pierre Lachaume<\/strong><br \/>\n<strong>St\u00e9phane Dupl\u00e9<\/strong><\/td>\n<td>MD Optimus<\/td>\n<td class=\"nomobile\">MD Rallye Sport<\/td>\n<td style=\"text-align: right; padding-right: 15px;\"><strong>+5:26:57<\/strong><\/td>\n<\/tr>\n<tr style=\"vertical-align: top; background-color: #f2f2f2;\">\n<td style=\"text-align: center;\"><strong>26.<\/strong><\/td>\n<td class=\"nomobile\" style=\"text-align: center;\">229<\/td>\n<td class=\"nomobile\" style=\"text-align: center;\"><span style=\"font-size: 8pt;\">T1<\/span><\/td>\n<td class=\"nomobile\" style=\"text-align: center;\"><\/td>\n<td><a href=\"\/index.php\/osobnosti\/ronan-chabot\/\"><span style=\"color: #ee8027;\"><strong>Ronan Chabot<\/strong><\/span><\/a><br \/>\n<a href=\"\/index.php\/osobnosti\/gilles-pillot\/\"><span style=\"color: #ee8027;\"><strong>Gilles Pilot<\/strong><\/span><\/a><\/td>\n<td>Toyota Hilux Overdrive<\/td>\n<td class=\"nomobile\">Overdrive Racing<\/td>\n<td style=\"text-align: right; padding-right: 15px;\"><strong>+5:48:46<\/strong><\/td>\n<\/tr>\n<tr style=\"vertical-align: top; background-color: #dbd9d9;\">\n<td style=\"text-align: center;\"><strong>27.<\/strong><\/td>\n<td class=\"nomobile\" style=\"text-align: center;\">504<\/td>\n<td class=\"nomobile\" style=\"text-align: center;\"><span style=\"font-size: 8pt;\">T5<\/span><\/td>\n<td class=\"nomobile\" style=\"text-align: center;\"><\/td>\n<td><a href=\"\/index.php\/osobnosti\/janus-van-kasteren\/\"><span style=\"color: #ee8027;\"><strong>Janus van Kasteren<\/strong><\/span><\/a><br \/>\n<strong><a href=\"\/index.php\/osobnosti\/marcel-snijders\/\"><span style=\"color: #ee8027;\">Marcel Snijders<\/span><\/a><\/strong><br \/>\n<strong><a href=\"\/index.php\/osobnosti\/darek-rodewald\/\"><span style=\"color: #ee8027;\">Darek Rodewald<\/span><\/a><\/strong><\/td>\n<td>Iveco Powerstar<\/td>\n<td class=\"nomobile\">Petronas Team De Rooy Iveco<\/td>\n<td style=\"text-align: right; padding-right: 15px;\"><strong>+6:13:01<\/strong><\/td>\n<\/tr>\n<tr style=\"vertical-align: top; background-color: #f2f2f2;\">\n<td style=\"text-align: center;\"><strong>28.<\/strong><\/td>\n<td class=\"nomobile\" style=\"text-align: center;\">238<\/td>\n<td class=\"nomobile\" style=\"text-align: center;\"><span style=\"font-size: 8pt;\">T1<\/span><\/td>\n<td class=\"nomobile\" style=\"text-align: center;\"><\/td>\n<td><strong><a href=\"\/index.php\/osobnosti\/laia-sanz\/\"><span style=\"color: #ee8027;\">Laia Sanz<\/span><\/a><\/strong><br \/>\n<strong>Maurizio Gerini<\/strong><\/td>\n<td>Mini All4 Racing<\/td>\n<td class=\"nomobile\">X-raid Mini JCW Team<\/td>\n<td style=\"text-align: right; padding-right: 15px;\"><strong>+6:18:56<\/strong><\/td>\n<\/tr>\n<tr style=\"vertical-align: top; background-color: #dbd9d9;\">\n<td style=\"text-align: center;\"><strong>29.<\/strong><\/td>\n<td class=\"nomobile\" style=\"text-align: center;\">228<\/td>\n<td class=\"nomobile\" style=\"text-align: center;\"><span style=\"font-size: 8pt;\">T1<\/span><\/td>\n<td class=\"nomobile\" style=\"text-align: center;\"><\/td>\n<td><strong>Miroslav Zapletal<\/strong><br \/>\n<strong>Marek S\u00fdkora<\/strong><\/td>\n<td>Ford F-150<\/td>\n<td class=\"nomobile\">Offroadsport<\/td>\n<td style=\"text-align: right; padding-right: 15px;\"><strong>+6:36:11<\/strong><\/td>\n<\/tr>\n<tr style=\"vertical-align: top; background-color: #f2f2f2;\">\n<td style=\"text-align: center;\"><strong>30.<\/strong><\/td>\n<td class=\"nomobile\" style=\"text-align: center;\">209<\/td>\n<td class=\"nomobile\" style=\"text-align: center;\"><span style=\"font-size: 8pt;\">T1<\/span><\/td>\n<td class=\"nomobile\" style=\"text-align: center;\"><\/td>\n<td><a href=\"\/index.php\/osobnosti\/martin-prokop\/\"><span style=\"color: #ee8027;\"><strong>Martin Prokop<\/strong><\/span><\/a><br \/>\n<strong><a href=\"\/index.php\/osobnosti\/viktor-chytka\/\"><span style=\"color: #ee8027;\">Viktor Chytka<\/span><\/a><\/strong><\/td>\n<td>Ford Raptor RS Cross Country<\/td>\n<td class=\"nomobile\">Benzina Orlen Team<\/td>\n<td style=\"text-align: right; padding-right: 15px;\"><strong>+6:44:09<\/strong><\/td>\n<\/tr>\n<tr style=\"vertical-align: top; background-color: #dbd9d9;\">\n<td style=\"text-align: center;\"><strong>31.<\/strong><\/td>\n<td class=\"nomobile\" style=\"text-align: center;\">506<\/td>\n<td class=\"nomobile\" style=\"text-align: center;\"><span style=\"font-size: 8pt;\">T5<\/span><\/td>\n<td class=\"nomobile\" style=\"text-align: center;\"><\/td>\n<td><strong>Martin van den Brink<\/strong><br \/>\n<strong>Peter Willemsen<\/strong><br \/>\n<strong>Bernard der Kinderen<\/strong><\/td>\n<td>Iveco Powerstar<\/td>\n<td class=\"nomobile\">Mammoet Rallysport Team De Rooy Iveco<\/td>\n<td style=\"text-align: right; padding-right: 15px;\"><strong>+6:48:03<\/strong><\/td>\n<\/tr>\n<tr style=\"vertical-align: top; background-color: #f2f2f2;\">\n<td style=\"text-align: center;\"><strong>32.<\/strong><\/td>\n<td class=\"nomobile\" style=\"text-align: center;\">254<\/td>\n<td class=\"nomobile\" style=\"text-align: center;\"><span style=\"font-size: 8pt;\">T1<\/span><\/td>\n<td class=\"nomobile\" style=\"text-align: center;\"><span style=\"font-size: 8pt;\"><a href=\"\/index.php\/w2rc\/w2rc-2022\/\"><span style=\"color: #ee8027;\">W2RC<\/span><\/a><\/span><\/td>\n<td><strong>Jean Remy Bergounhe<\/strong><br \/>\n<strong>G\u00e9rard Dubuy<\/strong><\/td>\n<td>MD Optimus<\/td>\n<td class=\"nomobile\">MD Rallye Sport<\/td>\n<td style=\"text-align: right; padding-right: 15px;\"><strong>+7:08:44<\/strong><\/td>\n<\/tr>\n<tr style=\"vertical-align: top; background-color: #dbd9d9;\">\n<td style=\"text-align: center;\"><strong>33.<\/strong><\/td>\n<td class=\"nomobile\" style=\"text-align: center;\">305<\/td>\n<td class=\"nomobile\" style=\"text-align: center;\"><span style=\"font-size: 8pt;\">T3<\/span><\/td>\n<td class=\"nomobile\" style=\"text-align: center;\"><span style=\"font-size: 8pt;\"><a href=\"\/index.php\/w2rc\/w2rc-2022\/\"><span style=\"color: #ee8027;\">W2RC<\/span><\/a><\/span><\/td>\n<td><strong>Chaleco L\u00f3pez<\/strong><br \/>\n<strong>Juan Pablo Latrach<\/strong><\/td>\n<td>Can-Am Maverick X3<\/td>\n<td class=\"nomobile\">EKS &#8211; South Racing<\/td>\n<td style=\"text-align: right; padding-right: 15px;\"><strong>+7:17:48<\/strong><\/td>\n<\/tr>\n<tr style=\"vertical-align: top; background-color: #f2f2f2;\">\n<td style=\"text-align: center;\"><strong>34.<\/strong><\/td>\n<td class=\"nomobile\" style=\"text-align: center;\">248<\/td>\n<td class=\"nomobile\" style=\"text-align: center;\"><span style=\"font-size: 8pt;\">T1<\/span><\/td>\n<td class=\"nomobile\" style=\"text-align: center;\"><\/td>\n<td><strong>Isidre Esteve<\/strong><br \/>\n<strong>Jos\u00e9 Maria Villalobos<\/strong><\/td>\n<td>Toyota Hilux<\/td>\n<td class=\"nomobile\">Repsol Rally Team \/ Overdrive Racing<\/td>\n<td style=\"text-align: right; padding-right: 15px;\"><strong>+7:21:40<\/strong><\/td>\n<\/tr>\n<tr style=\"vertical-align: top; background-color: #dbd9d9;\">\n<td style=\"text-align: center;\"><strong>35.<\/strong><\/td>\n<td class=\"nomobile\" style=\"text-align: center;\">503<\/td>\n<td class=\"nomobile\" style=\"text-align: center;\"><span style=\"font-size: 8pt;\">T5<\/span><\/td>\n<td class=\"nomobile\" style=\"text-align: center;\"><span style=\"font-size: 8pt;\"><a href=\"\/index.php\/w2rc\/w2rc-2022\/\"><span style=\"color: #ee8027;\">W2RC<\/span><\/a><\/span><\/td>\n<td><a href=\"\/index.php\/osobnosti\/martin-macik-ml\/\"><span style=\"color: #ee8027;\"><strong>Martin Mac\u00edk ml.<\/strong><\/span><\/a><br \/>\n<strong><a href=\"\/index.php\/osobnosti\/frantisek-tomasek\/\"><span style=\"color: #ee8027;\">Franti\u0161ek Tom\u00e1\u0161ek<\/span><\/a><\/strong><br \/>\n<strong><a href=\"\/index.php\/osobnosti\/david-svanda\/\"><span style=\"color: #ee8027;\">David \u0160vanda<\/span><\/a><\/strong><\/td>\n<td>Iveco Powerstar<\/td>\n<td class=\"nomobile\">Big Shock! Racing<\/td>\n<td style=\"text-align: right; padding-right: 15px;\"><strong>+7:48:42<\/strong><\/td>\n<\/tr>\n<tr style=\"vertical-align: top; background-color: #f2f2f2;\">\n<td style=\"text-align: center;\"><strong>36.<\/strong><\/td>\n<td class=\"nomobile\" style=\"text-align: center;\">515<\/td>\n<td class=\"nomobile\" style=\"text-align: center;\"><span style=\"font-size: 8pt;\">T5<\/span><\/td>\n<td class=\"nomobile\" style=\"text-align: center;\"><\/td>\n<td><strong>Victor Versteijnen<\/strong><br \/>\n<strong>Teun van Dal<\/strong><br \/>\n<strong>Randy Smits<\/strong><\/td>\n<td>Iveco Powerstar<\/td>\n<td class=\"nomobile\">Petronas Team De Rooy<\/td>\n<td style=\"text-align: right; padding-right: 15px;\"><strong>+7:49:05<\/strong><\/td>\n<\/tr>\n<tr style=\"vertical-align: top; background-color: #dbd9d9;\">\n<td style=\"text-align: center;\"><strong>37.<\/strong><\/td>\n<td class=\"nomobile\" style=\"text-align: center;\">216<\/td>\n<td class=\"nomobile\" style=\"text-align: center;\"><span style=\"font-size: 8pt;\">T1<\/span><\/td>\n<td class=\"nomobile\" style=\"text-align: center;\"><span style=\"font-size: 8pt;\"><a href=\"\/index.php\/w2rc\/w2rc-2022\/\"><span style=\"color: #ee8027;\">W2RC<\/span><\/a><\/span><\/td>\n<td><a href=\"\/index.php\/osobnosti\/denis-krotov\/\"><span style=\"color: #ee8027;\"><strong>Denis Krotov<\/strong><\/span><\/a><br \/>\n<strong>Konstantin \u017dilcov<\/strong><\/td>\n<td>Mini JCW Buggy<\/td>\n<td class=\"nomobile\">X-raid Mini JCW Team<\/td>\n<td style=\"text-align: right; padding-right: 15px;\"><strong>+8:09:06<\/strong><\/td>\n<\/tr>\n<tr style=\"vertical-align: top; background-color: #f2f2f2;\">\n<td style=\"text-align: center;\"><strong>38.<\/strong><\/td>\n<td class=\"nomobile\" style=\"text-align: center;\">306<\/td>\n<td class=\"nomobile\" style=\"text-align: center;\"><span style=\"font-size: 8pt;\">T3<\/span><\/td>\n<td class=\"nomobile\" style=\"text-align: center;\"><\/td>\n<td><strong>Sebastian Eriksson<\/strong><br \/>\n<strong>Wouter Rosegaar<\/strong><\/td>\n<td>Can-Am Maverick X3<\/td>\n<td class=\"nomobile\">EKS &#8211; South Racing<\/td>\n<td style=\"text-align: right; padding-right: 15px;\"><strong>+8:09:16<\/strong><\/td>\n<\/tr>\n<tr style=\"vertical-align: top; background-color: #dbd9d9;\">\n<td style=\"text-align: center;\"><strong>39.<\/strong><\/td>\n<td class=\"nomobile\" style=\"text-align: center;\">401<\/td>\n<td class=\"nomobile\" style=\"text-align: center;\"><span style=\"font-size: 8pt;\">T4<\/span><\/td>\n<td class=\"nomobile\" style=\"text-align: center;\"><span style=\"font-size: 8pt;\"><a href=\"\/index.php\/w2rc\/w2rc-2022\/\"><span style=\"color: #ee8027;\">W2RC<\/span><\/a><\/span><\/td>\n<td><a href=\"\/index.php\/osobnosti\/austin-jones\/\"><span style=\"color: #ee8027;\"><strong>Austin Jones<\/strong><\/span><\/a><br \/>\n<a href=\"\/index.php\/osobnosti\/gustavo-gugelmin\/\"><span style=\"color: #ee8027;\"><strong>Gustavo Gugelmin<\/strong><\/span><\/a><\/td>\n<td>Can-Am Maverick X3<\/td>\n<td class=\"nomobile\">Can-Am Factory South Racing<\/td>\n<td style=\"text-align: right; padding-right: 15px;\"><strong>+8:49:47<\/strong><\/td>\n<\/tr>\n<tr style=\"vertical-align: top; background-color: #f2f2f2;\">\n<td style=\"text-align: center;\"><strong>40.<\/strong><\/td>\n<td class=\"nomobile\" style=\"text-align: center;\">416<\/td>\n<td class=\"nomobile\" style=\"text-align: center;\"><span style=\"font-size: 8pt;\">T4<\/span><\/td>\n<td class=\"nomobile\" style=\"text-align: center;\"><\/td>\n<td><strong><a href=\"\/index.php\/osobnosti\/gerard-farres\/\"><span style=\"color: #ee8027;\">Gerard Farr\u00e9s<\/span><\/a><\/strong><br \/>\n<strong>Diego Ortega<\/strong><\/td>\n<td>Can-Am Maverick X3<\/td>\n<td class=\"nomobile\">Can-Am Factory South Racing<\/td>\n<td style=\"text-align: right; padding-right: 15px;\"><strong>+8:52:24<\/strong><\/td>\n<\/tr>\n<tr style=\"vertical-align: top; background-color: #dbd9d9;\">\n<td style=\"text-align: center;\"><strong>41.<\/strong><\/td>\n<td class=\"nomobile\" style=\"text-align: center;\">253<\/td>\n<td class=\"nomobile\" style=\"text-align: center;\"><span style=\"font-size: 8pt;\">T1<\/span><\/td>\n<td class=\"nomobile\" style=\"text-align: center;\"><\/td>\n<td><strong>Christiaan Visser<\/strong><br \/>\n<strong>Rodney Burke<\/strong><\/td>\n<td>Century CR6<\/td>\n<td class=\"nomobile\">Century Racing<\/td>\n<td style=\"text-align: right; padding-right: 15px;\"><strong>+8:57:00<\/strong><\/td>\n<\/tr>\n<tr style=\"vertical-align: top; background-color: #f2f2f2;\">\n<td style=\"text-align: center;\"><strong>42.<\/strong><\/td>\n<td class=\"nomobile\" style=\"text-align: center;\">414<\/td>\n<td class=\"nomobile\" style=\"text-align: center;\"><span style=\"font-size: 8pt;\">T4<\/span><\/td>\n<td class=\"nomobile\" style=\"text-align: center;\"><span style=\"font-size: 8pt;\"><a href=\"\/index.php\/w2rc\/w2rc-2022\/\"><span style=\"color: #ee8027;\">W2RC<\/span><\/a><\/span><\/td>\n<td><strong>Rokas Baciu\u0161ka<\/strong><br \/>\n<strong>Oriol Mena<\/strong><\/td>\n<td>Can-Am Maverick X3<\/td>\n<td class=\"nomobile\">South Racing Can-Am<\/td>\n<td style=\"text-align: right; padding-right: 15px;\"><strong>+9:05:05<\/strong><\/td>\n<\/tr>\n<tr style=\"vertical-align: top; background-color: #dbd9d9;\">\n<td style=\"text-align: center;\"><strong>43.<\/strong><\/td>\n<td class=\"nomobile\" style=\"text-align: center;\">410<\/td>\n<td class=\"nomobile\" style=\"text-align: center;\"><span style=\"font-size: 8pt;\">T4<\/span><\/td>\n<td class=\"nomobile\" style=\"text-align: center;\"><span style=\"font-size: 8pt;\"><a href=\"\/index.php\/w2rc\/w2rc-2022\/\"><span style=\"color: #ee8027;\">W2RC<\/span><\/a><\/span><\/td>\n<td><strong>Marek Gocza\u0142<\/strong><br \/>\n<strong>\u0141ukasz \u0141askawiec<\/strong><\/td>\n<td>Can-Am Maverick X3<\/td>\n<td class=\"nomobile\">Cobant-Energylandia Rally Team<\/td>\n<td style=\"text-align: right; padding-right: 15px;\"><strong>+9:06:08<\/strong><\/td>\n<\/tr>\n<tr style=\"vertical-align: top; background-color: #f2f2f2;\">\n<td style=\"text-align: center;\"><strong>44.<\/strong><\/td>\n<td class=\"nomobile\" style=\"text-align: center;\">403<\/td>\n<td class=\"nomobile\" style=\"text-align: center;\"><span style=\"font-size: 8pt;\">T4<\/span><\/td>\n<td class=\"nomobile\" style=\"text-align: center;\"><span style=\"font-size: 8pt;\"><a href=\"\/index.php\/w2rc\/w2rc-2022\/\"><span style=\"color: #ee8027;\">W2RC<\/span><\/a><\/span><\/td>\n<td><strong>Micha\u0142 Gocza\u0142<\/strong><br \/>\n<strong>Szymon Gospodarczyk<\/strong><\/td>\n<td>Can-Am Maverick X3<\/td>\n<td class=\"nomobile\">Cobant-Energylandia Rally Team<\/td>\n<td style=\"text-align: right; padding-right: 15px;\"><strong>+9:18:15<\/strong><\/td>\n<\/tr>\n<tr style=\"vertical-align: top; background-color: #dbd9d9;\">\n<td style=\"text-align: center;\"><strong>45.<\/strong><\/td>\n<td class=\"nomobile\" style=\"text-align: center;\">522<\/td>\n<td class=\"nomobile\" style=\"text-align: center;\"><span style=\"font-size: 8pt;\">T5<\/span><\/td>\n<td class=\"nomobile\" style=\"text-align: center;\"><\/td>\n<td><strong>Richard de Groot<\/strong><br \/>\n<strong>Mark Laan<\/strong><br \/>\n<strong>Jan Hulsebosch<\/strong><\/td>\n<td>Iveco Magirus 4\u00d74 DRNL<\/td>\n<td class=\"nomobile\">Firemen Dakar Team<\/td>\n<td style=\"text-align: right; padding-right: 15px;\"><strong>+9:33:58<\/strong><\/td>\n<\/tr>\n<tr style=\"vertical-align: top; background-color: #f2f2f2;\">\n<td style=\"text-align: center;\"><strong>46.<\/strong><\/td>\n<td class=\"nomobile\" style=\"text-align: center;\">415<\/td>\n<td class=\"nomobile\" style=\"text-align: center;\"><span style=\"font-size: 8pt;\">T4<\/span><\/td>\n<td class=\"nomobile\" style=\"text-align: center;\"><span style=\"font-size: 8pt;\"><a href=\"\/index.php\/w2rc\/w2rc-2022\/\"><span style=\"color: #ee8027;\">W2RC<\/span><\/a><\/span><\/td>\n<td><strong>Rodrigo Luppi de Oliveira<\/strong><br \/>\n<strong>Maykel Justo<\/strong><\/td>\n<td>Can-Am Maverick X3<\/td>\n<td class=\"nomobile\">South Racing Can-Am<\/td>\n<td style=\"text-align: right; padding-right: 15px;\"><strong>+9:45:31<\/strong><\/td>\n<\/tr>\n<tr style=\"vertical-align: top; background-color: #dbd9d9;\">\n<td style=\"text-align: center;\"><strong>47.<\/strong><\/td>\n<td class=\"nomobile\" style=\"text-align: center;\">278<\/td>\n<td class=\"nomobile\" style=\"text-align: center;\"><span style=\"font-size: 8pt;\">T1<\/span><\/td>\n<td class=\"nomobile\" style=\"text-align: center;\"><\/td>\n<td><strong>Marcelo Tiglia Gastaldi<\/strong><br \/>\n<strong>Cadu Sachs<\/strong><\/td>\n<td>Century CR6<\/td>\n<td class=\"nomobile\">Century Racing<\/td>\n<td style=\"text-align: right; padding-right: 15px;\"><strong>+10:43:26<\/strong><\/td>\n<\/tr>\n<tr style=\"vertical-align: top; background-color: #f2f2f2;\">\n<td style=\"text-align: center;\"><strong>48.<\/strong><\/td>\n<td class=\"nomobile\" style=\"text-align: center;\">524<\/td>\n<td class=\"nomobile\" style=\"text-align: center;\"><span style=\"font-size: 8pt;\">T5<\/span><\/td>\n<td class=\"nomobile\" style=\"text-align: center;\"><\/td>\n<td><strong>Mitchel van den Brink<\/strong><br \/>\n<strong>Rijk Mouw<\/strong><br \/>\n<strong>Bert Donkelaar<\/strong><\/td>\n<td>Iveco Powerstar<\/td>\n<td class=\"nomobile\">Petronas Team De Rooy Iveco<\/td>\n<td style=\"text-align: right; padding-right: 15px;\"><strong>+11:15:05<\/strong><\/td>\n<\/tr>\n<tr style=\"vertical-align: top; background-color: #dbd9d9;\">\n<td style=\"text-align: center;\"><strong>49.<\/strong><\/td>\n<td class=\"nomobile\" style=\"text-align: center;\">225<\/td>\n<td class=\"nomobile\" style=\"text-align: center;\"><span style=\"font-size: 8pt;\">T1<\/span><\/td>\n<td class=\"nomobile\" style=\"text-align: center;\"><\/td>\n<td><a href=\"\/index.php\/osobnosti\/henk-lategan\/\"><span style=\"color: #ee8027;\"><strong>Henk Lategan<\/strong><\/span><\/a><br \/>\n<a href=\"\/index.php\/osobnosti\/brett-cummings\/\"><span style=\"color: #ee8027;\"><strong>Brett Cummings<\/strong><\/span><\/a><\/td>\n<td>Toyota GR DKR Hilux<\/td>\n<td class=\"nomobile\">Toyota Gazoo Racing<\/td>\n<td style=\"text-align: right; padding-right: 15px;\"><strong>+11:51:21<\/strong><\/td>\n<\/tr>\n<tr style=\"vertical-align: top; background-color: #f2f2f2;\">\n<td style=\"text-align: center;\"><strong>50.<\/strong><\/td>\n<td class=\"nomobile\" style=\"text-align: center;\">301<\/td>\n<td class=\"nomobile\" style=\"text-align: center;\"><span style=\"font-size: 8pt;\">T3<\/span><\/td>\n<td class=\"nomobile\" style=\"text-align: center;\"><span style=\"font-size: 8pt;\"><a href=\"\/index.php\/w2rc\/w2rc-2022\/\"><span style=\"color: #ee8027;\">W2RC<\/span><\/a><\/span><\/td>\n<td><strong><a href=\"\/index.php\/osobnosti\/cristina-gutierrez\/\"><span style=\"color: #ee8027;\">Cristina Guti\u00e9rrez<\/span><\/a><\/strong><br \/>\n<strong><a href=\"\/index.php\/osobnosti\/francois-cazalet\/\"><span style=\"color: #ee8027;\">Fran\u00e7ois Cazalet<\/span><\/a><\/strong><\/td>\n<td>Overdrive OT3<\/td>\n<td class=\"nomobile\">Red Bull Off-Road Junior Team<\/td>\n<td style=\"text-align: right; padding-right: 15px;\"><strong>+11:52:31<\/strong><\/td>\n<\/tr>\n<tr style=\"vertical-align: top; background-color: #dbd9d9;\">\n<td style=\"text-align: center;\"><strong>51.<\/strong><\/td>\n<td class=\"nomobile\" style=\"text-align: center;\">273<\/td>\n<td class=\"nomobile\" style=\"text-align: center;\"><span style=\"font-size: 8pt;\">T1<\/span><\/td>\n<td class=\"nomobile\" style=\"text-align: center;\"><\/td>\n<td><strong>Po Tian<\/strong><br \/>\n<strong>Xuanyi Du<\/strong><\/td>\n<td>SMG HW2021<\/td>\n<td class=\"nomobile\">Quzhou Motorsport City Team<br \/>\nHanwei Motorsport Team<\/td>\n<td style=\"text-align: right; padding-right: 15px;\"><strong>+12:06:03<\/strong><\/td>\n<\/tr>\n<tr style=\"vertical-align: top; background-color: #f2f2f2;\">\n<td style=\"text-align: center;\"><strong>52.<\/strong><\/td>\n<td class=\"nomobile\" style=\"text-align: center;\">444<\/td>\n<td class=\"nomobile\" style=\"text-align: center;\"><span style=\"font-size: 8pt;\">T4<\/span><\/td>\n<td class=\"nomobile\" style=\"text-align: center;\"><\/td>\n<td><strong>Luis Portela Morais<\/strong><br \/>\n<strong>David Megre<\/strong><\/td>\n<td>Can-Am Maverick X3<\/td>\n<td class=\"nomobile\">BP Ultimate SSV Team<\/td>\n<td style=\"text-align: right; padding-right: 15px;\"><strong>+12:10:16<\/strong><\/td>\n<\/tr>\n<tr style=\"vertical-align: top; background-color: #dbd9d9;\">\n<td style=\"text-align: center;\"><strong>53.<\/strong><\/td>\n<td class=\"nomobile\" style=\"text-align: center;\">530<\/td>\n<td class=\"nomobile\" style=\"text-align: center;\"><span style=\"font-size: 8pt;\">T5<\/span><\/td>\n<td class=\"nomobile\" style=\"text-align: center;\"><\/td>\n<td><strong>Ben van de Laar<\/strong><br \/>\n<strong>Jan van de Laar<\/strong><br \/>\n<strong>Simon Stubbs<\/strong><\/td>\n<td>Iveco 4\u00d74 DRNL<\/td>\n<td class=\"nomobile\">Fried van de Laar Racing<\/td>\n<td style=\"text-align: right; padding-right: 15px;\"><strong>+12:26:53<\/strong><\/td>\n<\/tr>\n<tr style=\"vertical-align: top; background-color: #f2f2f2;\">\n<td style=\"text-align: center;\"><strong>54.<\/strong><\/td>\n<td class=\"nomobile\" style=\"text-align: center;\">314<\/td>\n<td class=\"nomobile\" style=\"text-align: center;\"><span style=\"font-size: 8pt;\">T3<\/span><\/td>\n<td class=\"nomobile\" style=\"text-align: center;\"><span style=\"font-size: 8pt;\"><a href=\"\/index.php\/w2rc\/w2rc-2022\/\"><span style=\"color: #ee8027;\">W2RC<\/span><\/a><\/span><\/td>\n<td><strong>Santiago Navarro<\/strong><br \/>\n<strong>Marc Sol\u00e0<\/strong><\/td>\n<td>Can-Am Maverick X3<\/td>\n<td class=\"nomobile\">FN Speed Team<\/td>\n<td style=\"text-align: right; padding-right: 15px;\"><strong>+12:29:23<\/strong><\/td>\n<\/tr>\n<tr style=\"vertical-align: top; background-color: #dbd9d9;\">\n<td style=\"text-align: center;\"><strong>55.<\/strong><\/td>\n<td class=\"nomobile\" style=\"text-align: center;\">529<\/td>\n<td class=\"nomobile\" style=\"text-align: center;\"><span style=\"font-size: 8pt;\">T5<\/span><\/td>\n<td class=\"nomobile\" style=\"text-align: center;\"><\/td>\n<td><strong>Vaidotas Pa\u0161kevi\u010dius<\/strong><br \/>\n<strong>Slavomir Volkov<\/strong><br \/>\n<strong>Tomas Gu\u017eauskas<\/strong><\/td>\n<td>Tatra Jamal<\/td>\n<td class=\"nomobile\">Connectpay<br \/>\nFesh Fesh Group<\/td>\n<td style=\"text-align: right; padding-right: 15px;\"><strong>+12:52:13<\/strong><\/td>\n<\/tr>\n<tr style=\"vertical-align: top; background-color: #f2f2f2;\">\n<td style=\"text-align: center;\"><strong>56.<\/strong><\/td>\n<td class=\"nomobile\" style=\"text-align: center;\">246<\/td>\n<td class=\"nomobile\" style=\"text-align: center;\"><span style=\"font-size: 8pt;\">T1<\/span><\/td>\n<td class=\"nomobile\" style=\"text-align: center;\"><\/td>\n<td><strong>Erwin Imschoot<\/strong><br \/>\n<strong>Olivier Imschoot<\/strong><\/td>\n<td>MD Optimus<\/td>\n<td class=\"nomobile\">MD Rallye Sport<\/td>\n<td style=\"text-align: right; padding-right: 15px;\"><strong>+12:58:00<\/strong><\/td>\n<\/tr>\n<tr style=\"vertical-align: top; background-color: #dbd9d9;\">\n<td style=\"text-align: center;\"><strong>57.<\/strong><\/td>\n<td class=\"nomobile\" style=\"text-align: center;\">249<\/td>\n<td class=\"nomobile\" style=\"text-align: center;\"><span style=\"font-size: 8pt;\">T1<\/span><\/td>\n<td class=\"nomobile\" style=\"text-align: center;\"><\/td>\n<td><strong>Oscar Fuertes Aldanondo<\/strong><br \/>\n<strong>Diego Vallejo<\/strong><\/td>\n<td>Astara 01 Concept<\/td>\n<td class=\"nomobile\">Astara Team<\/td>\n<td style=\"text-align: right; padding-right: 15px;\"><strong>+13:00:32<\/strong><\/td>\n<\/tr>\n<tr style=\"vertical-align: top; background-color: #f2f2f2;\">\n<td style=\"text-align: center;\"><strong>58.<\/strong><\/td>\n<td class=\"nomobile\" style=\"text-align: center;\">312<\/td>\n<td class=\"nomobile\" style=\"text-align: center;\"><span style=\"font-size: 8pt;\">T3<\/span><\/td>\n<td class=\"nomobile\" style=\"text-align: center;\"><\/td>\n<td><strong>Pavel Lebed\u011bv<\/strong><br \/>\n<strong>Kirill \u0160ubin<\/strong><\/td>\n<td>Can-am Maverick X3<\/td>\n<td class=\"nomobile\">MSK Rally Team<\/td>\n<td style=\"text-align: right; padding-right: 15px;\"><strong>+13:10:02<\/strong><\/td>\n<\/tr>\n<tr style=\"vertical-align: top; background-color: #dbd9d9;\">\n<td style=\"text-align: center;\"><strong>59.<\/strong><\/td>\n<td class=\"nomobile\" style=\"text-align: center;\">240<\/td>\n<td class=\"nomobile\" style=\"text-align: center;\"><span style=\"font-size: 8pt;\">T1<\/span><\/td>\n<td class=\"nomobile\" style=\"text-align: center;\"><\/td>\n<td><strong>Miguel Barbosa<\/strong><br \/>\n<strong>Pedro Velosa<\/strong><\/td>\n<td>Toyota Hilux Overdrive<\/td>\n<td class=\"nomobile\">Ovedrive Racing<\/td>\n<td style=\"text-align: right; padding-right: 15px;\"><strong>+13:28:16<\/strong><\/td>\n<\/tr>\n<tr style=\"vertical-align: top; background-color: #f2f2f2;\">\n<td style=\"text-align: center;\"><strong>60.<\/strong><\/td>\n<td class=\"nomobile\" style=\"text-align: center;\">267<\/td>\n<td class=\"nomobile\" style=\"text-align: center;\"><span style=\"font-size: 8pt;\">T1<\/span><\/td>\n<td class=\"nomobile\" style=\"text-align: center;\"><\/td>\n<td><strong>Daniel Schr\u00f6der<\/strong><br \/>\n<strong>Ryan Bland<\/strong><\/td>\n<td>Nissan Navara VK50<\/td>\n<td class=\"nomobile\">J\u00fcrgen Schr\u00f6der<\/td>\n<td style=\"text-align: right; padding-right: 15px;\"><strong>+13:41:38<\/strong><\/td>\n<\/tr>\n<tr style=\"vertical-align: top; background-color: #dbd9d9;\">\n<td style=\"text-align: center;\"><strong>61.<\/strong><\/td>\n<td class=\"nomobile\" style=\"text-align: center;\">420<\/td>\n<td class=\"nomobile\" style=\"text-align: center;\"><span style=\"font-size: 8pt;\">T4<\/span><\/td>\n<td class=\"nomobile\" style=\"text-align: center;\"><\/td>\n<td><strong>Eric Abel<\/strong><br \/>\n<strong>Christian Manez<\/strong><\/td>\n<td>Can-Am Maverick X3<\/td>\n<td class=\"nomobile\">Team BBR \/ Pole position 77<\/td>\n<td style=\"text-align: right; padding-right: 15px;\"><strong>+14:12:33<\/strong><\/td>\n<\/tr>\n<tr style=\"vertical-align: top; background-color: #f2f2f2;\">\n<td style=\"text-align: center;\"><strong>62.<\/strong><\/td>\n<td class=\"nomobile\" style=\"text-align: center;\">520<\/td>\n<td class=\"nomobile\" style=\"text-align: center;\"><span style=\"font-size: 8pt;\">T5<\/span><\/td>\n<td class=\"nomobile\" style=\"text-align: center;\"><span style=\"font-size: 8pt;\"><a href=\"\/index.php\/w2rc\/w2rc-2022\/\"><span style=\"color: #ee8027;\">W2RC<\/span><\/a><\/span><\/td>\n<td><strong>Kees Koolen<\/strong><br \/>\n<a href=\"\/index.php\/osobnosti\/wouter-de-graaff\/\"><span style=\"color: #ee8027;\"><strong>Wouter de Graaff<\/strong><\/span><\/a><br \/>\n<strong>Gijsbert van Uden<\/strong><\/td>\n<td>Iveco Powerstar<\/td>\n<td class=\"nomobile\">Project 2030<\/td>\n<td style=\"text-align: right; padding-right: 15px;\"><strong>+14:23:20<\/strong><\/td>\n<\/tr>\n<tr style=\"vertical-align: top; background-color: #dbd9d9;\">\n<td style=\"text-align: center;\"><strong>63.<\/strong><\/td>\n<td class=\"nomobile\" style=\"text-align: center;\">220<\/td>\n<td class=\"nomobile\" style=\"text-align: center;\"><span style=\"font-size: 8pt;\">T1<\/span><\/td>\n<td class=\"nomobile\" style=\"text-align: center;\"><\/td>\n<td><a href=\"\/index.php\/osobnosti\/wei-han\/\"><span style=\"color: #ee8027;\"><strong>Wei Han<\/strong><\/span><\/a><br \/>\n<strong><a href=\"\/index.php\/osobnosti\/li-ma\/\"><span style=\"color: #ee8027;\">Li Ma<\/span><\/a><\/strong><\/td>\n<td>SMG HW2021<\/td>\n<td class=\"nomobile\">Quzhou Motorsport City Team<br \/>\nHanwei Motorsport Team<\/td>\n<td style=\"text-align: right; padding-right: 15px;\"><strong>+14:27:48<\/strong><\/td>\n<\/tr>\n<tr style=\"vertical-align: top; background-color: #f2f2f2;\">\n<td style=\"text-align: center;\"><strong>64.<\/strong><\/td>\n<td class=\"nomobile\" style=\"text-align: center;\">447<\/td>\n<td class=\"nomobile\" style=\"text-align: center;\"><span style=\"font-size: 8pt;\">T4<\/span><\/td>\n<td class=\"nomobile\" style=\"text-align: center;\"><\/td>\n<td><strong>Joan Lascorz Moreno<\/strong><br \/>\n<strong>Miguel Puertas Herrera<\/strong><\/td>\n<td>Can-Am Maverick X3<\/td>\n<td class=\"nomobile\">Buggy Masters Team<\/td>\n<td style=\"text-align: right; padding-right: 15px;\"><strong>+14:47:46<\/strong><\/td>\n<\/tr>\n<tr style=\"vertical-align: top; background-color: #dbd9d9;\">\n<td style=\"text-align: center;\"><strong>65.<\/strong><\/td>\n<td class=\"nomobile\" style=\"text-align: center;\">446<\/td>\n<td class=\"nomobile\" style=\"text-align: center;\"><span style=\"font-size: 8pt;\">T4<\/span><\/td>\n<td class=\"nomobile\" style=\"text-align: center;\"><\/td>\n<td><strong>David Zille<\/strong><br \/>\n<strong>Sebastian Cesana<\/strong><\/td>\n<td>Can-Am Maverick X3<\/td>\n<td class=\"nomobile\">South Racing Can-Am<\/td>\n<td style=\"text-align: right; padding-right: 15px;\"><strong>+15:05:42<\/strong><\/td>\n<\/tr>\n<tr style=\"vertical-align: top; background-color: #f2f2f2;\">\n<td style=\"text-align: center;\"><strong>66.<\/strong><\/td>\n<td class=\"nomobile\" style=\"text-align: center;\">311<\/td>\n<td class=\"nomobile\" style=\"text-align: center;\"><span style=\"font-size: 8pt;\">T3<\/span><\/td>\n<td class=\"nomobile\" style=\"text-align: center;\"><span style=\"font-size: 8pt;\"><a href=\"\/index.php\/w2rc\/w2rc-2022\/\"><span style=\"color: #ee8027;\">W2RC<\/span><\/a><\/span><\/td>\n<td><strong>Camelia Liparoti<\/strong><br \/>\n<strong>Xavier Blanco<\/strong><\/td>\n<td>Yamaha YXZ1000R<\/td>\n<td class=\"nomobile\">Yamaha Powered by X-raid Team<\/td>\n<td style=\"text-align: right; padding-right: 15px;\"><strong>+15:43:59<\/strong><\/td>\n<\/tr>\n<tr style=\"vertical-align: top; background-color: #dbd9d9;\">\n<td style=\"text-align: center;\"><strong>67.<\/strong><\/td>\n<td class=\"nomobile\" style=\"text-align: center;\">442<\/td>\n<td class=\"nomobile\" style=\"text-align: center;\"><span style=\"font-size: 8pt;\">T4<\/span><\/td>\n<td class=\"nomobile\" style=\"text-align: center;\"><\/td>\n<td><strong>Rudy Roquesalane<\/strong><br \/>\n<strong>Vincent Ferri<\/strong><\/td>\n<td>Can-Am Maverick X3<\/td>\n<td class=\"nomobile\">RRC Racing<\/td>\n<td style=\"text-align: right; padding-right: 15px;\"><strong>+15:52:31<\/strong><\/td>\n<\/tr>\n<tr style=\"vertical-align: top; background-color: #f2f2f2;\">\n<td style=\"text-align: center;\"><strong>68.<\/strong><\/td>\n<td class=\"nomobile\" style=\"text-align: center;\">319<\/td>\n<td class=\"nomobile\" style=\"text-align: center;\"><span style=\"font-size: 8pt;\">T3<\/span><\/td>\n<td class=\"nomobile\" style=\"text-align: center;\"><span style=\"font-size: 8pt;\"><a href=\"\/index.php\/w2rc\/w2rc-2022\/\"><span style=\"color: #ee8027;\">W2RC<\/span><\/a><\/span><\/td>\n<td><strong>Thomas Bell<\/strong><br \/>\n<strong>Bruno Jacomy<\/strong><\/td>\n<td>Can-Am Maverick X3<\/td>\n<td class=\"nomobile\">South Racing Middle East<\/td>\n<td style=\"text-align: right; padding-right: 15px;\"><strong>+15:52:49<\/strong><\/td>\n<\/tr>\n<tr style=\"vertical-align: top; background-color: #dbd9d9;\">\n<td style=\"text-align: center;\"><strong>69.<\/strong><\/td>\n<td class=\"nomobile\" style=\"text-align: center;\">402<\/td>\n<td class=\"nomobile\" style=\"text-align: center;\"><span style=\"font-size: 8pt;\">T4<\/span><\/td>\n<td class=\"nomobile\" style=\"text-align: center;\"><span style=\"font-size: 8pt;\"><a href=\"\/index.php\/w2rc\/w2rc-2022\/\"><span style=\"color: #ee8027;\">W2RC<\/span><\/a><\/span><\/td>\n<td><strong>Aron Dom\u017ca\u0142a<\/strong><br \/>\n<strong><a href=\"\/index.php\/osobnosti\/maciej-marton\/\"><span style=\"color: #ee8027;\">Maciej Marton<\/span><\/a><\/strong><\/td>\n<td>Can-Am Maverick X3<\/td>\n<td class=\"nomobile\">Can-Am Factory South Racing<\/td>\n<td style=\"text-align: right; padding-right: 15px;\"><strong>+16:02:40<\/strong><\/td>\n<\/tr>\n<tr style=\"vertical-align: top; background-color: #f2f2f2;\">\n<td style=\"text-align: center;\"><strong>70.<\/strong><\/td>\n<td class=\"nomobile\" style=\"text-align: center;\">451<\/td>\n<td class=\"nomobile\" style=\"text-align: center;\"><span style=\"font-size: 8pt;\">T4<\/span><\/td>\n<td class=\"nomobile\" style=\"text-align: center;\"><\/td>\n<td><strong>Jevgen Kovalevy\u010d<\/strong><br \/>\n<strong><a href=\"\/index.php\/osobnosti\/dmitrij-cyro\/\"><span style=\"color: #ee8027;\">Dmitrij Cyro<\/span><\/a><\/strong><\/td>\n<td>Can-Am Maverick X3<\/td>\n<td class=\"nomobile\">South Racing Can-Am<\/td>\n<td style=\"text-align: right; padding-right: 15px;\"><strong>+16:03:10<\/strong><\/td>\n<\/tr>\n<tr style=\"vertical-align: top; background-color: #dbd9d9;\">\n<td style=\"text-align: center;\"><strong>71.<\/strong><\/td>\n<td class=\"nomobile\" style=\"text-align: center;\">408<\/td>\n<td class=\"nomobile\" style=\"text-align: center;\"><span style=\"font-size: 8pt;\">T4<\/span><\/td>\n<td class=\"nomobile\" style=\"text-align: center;\"><\/td>\n<td><strong>Molly Taylor<\/strong><br \/>\n<strong>Dale Moscatt<\/strong><\/td>\n<td>Can-Am Maverick X3<\/td>\n<td class=\"nomobile\">Can-Am Factory South Racing<\/td>\n<td style=\"text-align: right; padding-right: 15px;\"><strong>+16:27:46<\/strong><\/td>\n<\/tr>\n<tr style=\"vertical-align: top; background-color: #f2f2f2;\">\n<td style=\"text-align: center;\"><strong>72.<\/strong><\/td>\n<td class=\"nomobile\" style=\"text-align: center;\">467<\/td>\n<td class=\"nomobile\" style=\"text-align: center;\"><span style=\"font-size: 8pt;\">T4<\/span><\/td>\n<td class=\"nomobile\" style=\"text-align: center;\"><\/td>\n<td><strong>Tomas Jan\u010dys<\/strong><br \/>\n<strong>Irmantas Bra\u017ei\u016bnas<\/strong><\/td>\n<td>Can-Am Maverick X3<\/td>\n<td class=\"nomobile\">Mediafon Team<br \/>\nTeltonika Racing<\/td>\n<td style=\"text-align: right; padding-right: 15px;\"><strong>+16:38:30<\/strong><\/td>\n<\/tr>\n<tr style=\"vertical-align: top; background-color: #dbd9d9;\">\n<td style=\"text-align: center;\"><strong>73.<\/strong><\/td>\n<td class=\"nomobile\" style=\"text-align: center;\">518<\/td>\n<td class=\"nomobile\" style=\"text-align: center;\"><span style=\"font-size: 8pt;\">T5<\/span><\/td>\n<td class=\"nomobile\" style=\"text-align: center;\"><\/td>\n<td><strong>Pascal de Baar<\/strong><br \/>\n<strong>Jan van der Vaet<\/strong><br \/>\n<strong>Stefan Slootjes<\/strong><\/td>\n<td>Renault K520<\/td>\n<td class=\"nomobile\">Riwald Dakar Team<\/td>\n<td style=\"text-align: right; padding-right: 15px;\"><strong>+16:40:56<\/strong><\/td>\n<\/tr>\n<tr style=\"vertical-align: top; background-color: #f2f2f2;\">\n<td style=\"text-align: center;\"><strong>74.<\/strong><\/td>\n<td class=\"nomobile\" style=\"text-align: center;\">310<\/td>\n<td class=\"nomobile\" style=\"text-align: center;\"><span style=\"font-size: 8pt;\">T3<\/span><\/td>\n<td class=\"nomobile\" style=\"text-align: center;\"><span style=\"font-size: 8pt;\"><a href=\"\/index.php\/w2rc\/w2rc-2022\/\"><span style=\"color: #ee8027;\">W2RC<\/span><\/a><\/span><\/td>\n<td><strong>Dania Akeel<\/strong><br \/>\n<strong>Sergio Lafuente<\/strong><\/td>\n<td>Can-Am Maverick X3<\/td>\n<td class=\"nomobile\">South Racing Middle East<\/td>\n<td style=\"text-align: right; padding-right: 15px;\"><strong>+17:17:55<\/strong><\/td>\n<\/tr>\n<tr style=\"vertical-align: top; background-color: #dbd9d9;\">\n<td style=\"text-align: center;\"><strong>75.<\/strong><\/td>\n<td class=\"nomobile\" style=\"text-align: center;\">242<\/td>\n<td class=\"nomobile\" style=\"text-align: center;\"><span style=\"font-size: 8pt;\">T2<\/span><\/td>\n<td class=\"nomobile\" style=\"text-align: center;\"><\/td>\n<td><strong>Akira Miura<\/strong><br \/>\n<a href=\"\/index.php\/osobnosti\/laurent-lichtleuchter\/\"><span style=\"color: #ee8027;\"><strong>Laurent Lichtleuchter<\/strong><\/span><\/a><\/td>\n<td>Toyota VDJ200<\/td>\n<td class=\"nomobile\">Team Land Cruiser Toyota Auto Body<\/td>\n<td style=\"text-align: right; padding-right: 15px;\"><strong>+17:21:03<\/strong><\/td>\n<\/tr>\n<tr style=\"vertical-align: top; background-color: #f2f2f2;\">\n<td style=\"text-align: center;\"><strong>76.<\/strong><\/td>\n<td class=\"nomobile\" style=\"text-align: center;\">531<\/td>\n<td class=\"nomobile\" style=\"text-align: center;\"><span style=\"font-size: 8pt;\">T5<\/span><\/td>\n<td class=\"nomobile\" style=\"text-align: center;\"><\/td>\n<td><strong>Claudio Bellina<\/strong><br \/>\n<strong>Bruno Gotti<\/strong><br \/>\n<strong>Giulio Minelli<\/strong><\/td>\n<td>Iveco Powerstar<\/td>\n<td class=\"nomobile\">Italtrans<\/td>\n<td style=\"text-align: right; padding-right: 15px;\"><strong>+17:30:23<\/strong><\/td>\n<\/tr>\n<tr style=\"vertical-align: top; background-color: #dbd9d9;\">\n<td style=\"text-align: center;\"><strong>77.<\/strong><\/td>\n<td class=\"nomobile\" style=\"text-align: center;\">455<\/td>\n<td class=\"nomobile\" style=\"text-align: center;\"><span style=\"font-size: 8pt;\">T4<\/span><\/td>\n<td class=\"nomobile\" style=\"text-align: center;\"><\/td>\n<td><strong>Rui Oliveira<\/strong><br \/>\n<strong>Fausto Mota<\/strong><\/td>\n<td>Can-Am Maverick X3<\/td>\n<td class=\"nomobile\">CRN Competition Team<\/td>\n<td style=\"text-align: right; padding-right: 15px;\"><strong>+17:32:02<\/strong><\/td>\n<\/tr>\n<tr style=\"vertical-align: top; background-color: #f2f2f2;\">\n<td style=\"text-align: center;\"><strong>78.<\/strong><\/td>\n<td class=\"nomobile\" style=\"text-align: center;\">286<\/td>\n<td class=\"nomobile\" style=\"text-align: center;\"><span style=\"font-size: 8pt;\">T1<\/span><\/td>\n<td class=\"nomobile\" style=\"text-align: center;\"><\/td>\n<td><strong>Ernest Roberts<\/strong><br \/>\n<strong>Henry Kohne<\/strong><\/td>\n<td>Century CR6<\/td>\n<td class=\"nomobile\">Century Racing<\/td>\n<td style=\"text-align: right; padding-right: 15px;\"><strong>+18:12:56<\/strong><\/td>\n<\/tr>\n<tr style=\"vertical-align: top; background-color: #dbd9d9;\">\n<td style=\"text-align: center;\"><strong>79.<\/strong><\/td>\n<td class=\"nomobile\" style=\"text-align: center;\">422<\/td>\n<td class=\"nomobile\" style=\"text-align: center;\"><span style=\"font-size: 8pt;\">T4<\/span><\/td>\n<td class=\"nomobile\" style=\"text-align: center;\"><\/td>\n<td><strong>Fabrice Lardon<\/strong><br \/>\n<strong>Bruno Bony<\/strong><\/td>\n<td>Can-Am Maverick X3<\/td>\n<td class=\"nomobile\">Team Casteu<\/td>\n<td style=\"text-align: right; padding-right: 15px;\"><strong>+18:17:00<\/strong><\/td>\n<\/tr>\n<tr style=\"vertical-align: top; background-color: #f2f2f2;\">\n<td style=\"text-align: center;\"><strong>80.<\/strong><\/td>\n<td class=\"nomobile\" style=\"text-align: center;\">334<\/td>\n<td class=\"nomobile\" style=\"text-align: center;\"><span style=\"font-size: 8pt;\">T3<\/span><\/td>\n<td class=\"nomobile\" style=\"text-align: center;\"><\/td>\n<td><strong>Serge Gounon<\/strong><br \/>\n<strong>Pierre-Henri Michel<\/strong><\/td>\n<td>Can-Am Maverick X3<\/td>\n<td class=\"nomobile\">Team BBR \/ Pole Position 77<\/td>\n<td style=\"text-align: right; padding-right: 15px;\"><strong>+18:17:06<\/strong><\/td>\n<\/tr>\n<tr style=\"vertical-align: top; background-color: #dbd9d9;\">\n<td style=\"text-align: center;\"><strong>81.<\/strong><\/td>\n<td class=\"nomobile\" style=\"text-align: center;\">437<\/td>\n<td class=\"nomobile\" style=\"text-align: center;\"><span style=\"font-size: 8pt;\">T4<\/span><\/td>\n<td class=\"nomobile\" style=\"text-align: center;\"><\/td>\n<td><strong>Pietro Cinotto<\/strong><br \/>\n<strong>Alberto Bertoldi<\/strong><\/td>\n<td>Polaris RZR PRO XP<\/td>\n<td class=\"nomobile\">Xtreme Plus Polaris Factory Team<\/td>\n<td style=\"text-align: right; padding-right: 15px;\"><strong>+18:19:54<\/strong><\/td>\n<\/tr>\n<tr style=\"vertical-align: top; background-color: #f2f2f2;\">\n<td style=\"text-align: center;\"><strong>82.<\/strong><\/td>\n<td class=\"nomobile\" style=\"text-align: center;\">277<\/td>\n<td class=\"nomobile\" style=\"text-align: center;\"><span style=\"font-size: 8pt;\">T1<\/span><\/td>\n<td class=\"nomobile\" style=\"text-align: center;\"><\/td>\n<td><strong>Maik Willems<\/strong><br \/>\n<strong>Robert van Pelt<\/strong><\/td>\n<td>Toyota Hilux<\/td>\n<td class=\"nomobile\">Bastion Hotels Dakar Team<\/td>\n<td style=\"text-align: right; padding-right: 15px;\"><strong>+18:34:43<\/strong><\/td>\n<\/tr>\n<tr style=\"vertical-align: top; background-color: #dbd9d9;\">\n<td style=\"text-align: center;\"><strong>83.<\/strong><\/td>\n<td class=\"nomobile\" style=\"text-align: center;\">316<\/td>\n<td class=\"nomobile\" style=\"text-align: center;\"><span style=\"font-size: 8pt;\">T3<\/span><\/td>\n<td class=\"nomobile\" style=\"text-align: center;\"><\/td>\n<td><strong>Lionel Costes<\/strong><br \/>\n<strong>Christophe Tressens<\/strong><\/td>\n<td>PH Sport Zephyr<\/td>\n<td class=\"nomobile\">PH Sport<\/td>\n<td style=\"text-align: right; padding-right: 15px;\"><strong>+18:50:58<\/strong><\/td>\n<\/tr>\n<tr style=\"vertical-align: top; background-color: #f2f2f2;\">\n<td style=\"text-align: center;\"><strong>84.<\/strong><\/td>\n<td class=\"nomobile\" style=\"text-align: center;\">426<\/td>\n<td class=\"nomobile\" style=\"text-align: center;\"><span style=\"font-size: 8pt;\">T4<\/span><\/td>\n<td class=\"nomobile\" style=\"text-align: center;\"><\/td>\n<td><strong>Paul Spierings<\/strong><br \/>\n<strong>Jan Pieter van der Stelt<\/strong><\/td>\n<td>Can-Am Maverick X3<\/td>\n<td class=\"nomobile\">Dakarteam Spierings<\/td>\n<td style=\"text-align: right; padding-right: 15px;\"><strong>+18:55:56<\/strong><\/td>\n<\/tr>\n<tr style=\"vertical-align: top; background-color: #dbd9d9;\">\n<td style=\"text-align: center;\"><strong>85.<\/strong><\/td>\n<td class=\"nomobile\" style=\"text-align: center;\">418<\/td>\n<td class=\"nomobile\" style=\"text-align: center;\"><span style=\"font-size: 8pt;\">T4<\/span><\/td>\n<td class=\"nomobile\" style=\"text-align: center;\"><\/td>\n<td><strong>Nicolas Brabeck-Letmathe<\/strong><br \/>\n<strong>Ezequiel Fernandez Sasso<\/strong><\/td>\n<td>Can-Am Maverick X3<\/td>\n<td class=\"nomobile\">Team Casteu<\/td>\n<td style=\"text-align: right; padding-right: 15px;\"><strong>+19:30:35<\/strong><\/td>\n<\/tr>\n<tr style=\"vertical-align: top; background-color: #f2f2f2;\">\n<td style=\"text-align: center;\"><strong>86.<\/strong><\/td>\n<td class=\"nomobile\" style=\"text-align: center;\">431<\/td>\n<td class=\"nomobile\" style=\"text-align: center;\"><span style=\"font-size: 8pt;\">T4<\/span><\/td>\n<td class=\"nomobile\" style=\"text-align: center;\"><\/td>\n<td><strong>Florent Vayssade<\/strong><br \/>\n<strong>Nicolas Rey<\/strong><\/td>\n<td>Can-Am Maverick X3<\/td>\n<td class=\"nomobile\">Team Vayssade Florent<\/td>\n<td style=\"text-align: right; padding-right: 15px;\"><strong>+19:34:37<\/strong><\/td>\n<\/tr>\n<tr style=\"vertical-align: top; background-color: #dbd9d9;\">\n<td style=\"text-align: center;\"><strong>87.<\/strong><\/td>\n<td class=\"nomobile\" style=\"text-align: center;\">433<\/td>\n<td class=\"nomobile\" style=\"text-align: center;\"><span style=\"font-size: 8pt;\">T4<\/span><\/td>\n<td class=\"nomobile\" style=\"text-align: center;\"><\/td>\n<td><strong>Fr\u00e9d\u00e9ric Chesneau<\/strong><br \/>\n<strong>St\u00e9phane Chesneau<\/strong><\/td>\n<td>Can-Am Maverick X3<\/td>\n<td class=\"nomobile\">FS 21<\/td>\n<td style=\"text-align: right; padding-right: 15px;\"><strong>+20:02:47<\/strong><\/td>\n<\/tr>\n<tr style=\"vertical-align: top; background-color: #f2f2f2;\">\n<td style=\"text-align: center;\"><strong>88.<\/strong><\/td>\n<td class=\"nomobile\" style=\"text-align: center;\">468<\/td>\n<td class=\"nomobile\" style=\"text-align: center;\"><span style=\"font-size: 8pt;\">T4<\/span><\/td>\n<td class=\"nomobile\" style=\"text-align: center;\"><\/td>\n<td><strong>Josep Rojas Almuzara<\/strong><br \/>\n<strong>Joan Rubi Montserrat<\/strong><\/td>\n<td>Can-Am Maverick X3<\/td>\n<td class=\"nomobile\">Buggy Masters Team<\/td>\n<td style=\"text-align: right; padding-right: 15px;\"><strong>+20:14:28<\/strong><\/td>\n<\/tr>\n<tr style=\"vertical-align: top; background-color: #dbd9d9;\">\n<td style=\"text-align: center;\"><strong>89.<\/strong><\/td>\n<td class=\"nomobile\" style=\"text-align: center;\">252<\/td>\n<td class=\"nomobile\" style=\"text-align: center;\"><span style=\"font-size: 8pt;\">T1<\/span><\/td>\n<td class=\"nomobile\" style=\"text-align: center;\"><\/td>\n<td><strong>Gintas Petrus<\/strong><br \/>\n<strong>\u0160ar\u016bnas Paliokas<\/strong><\/td>\n<td>MD Optimus<\/td>\n<td class=\"nomobile\">Petrus Kombucha Team<\/td>\n<td style=\"text-align: right; padding-right: 15px;\"><strong>+20:19:42<\/strong><\/td>\n<\/tr>\n<tr style=\"vertical-align: top; background-color: #f2f2f2;\">\n<td style=\"text-align: center;\"><strong>90.<\/strong><\/td>\n<td class=\"nomobile\" style=\"text-align: center;\">350<\/td>\n<td class=\"nomobile\" style=\"text-align: center;\"><span style=\"font-size: 8pt;\">T3<\/span><\/td>\n<td class=\"nomobile\" style=\"text-align: center;\"><\/td>\n<td><strong>Hans Weijs<\/strong><br \/>\n<strong>Tim Rietveld<\/strong><\/td>\n<td>Arcane T3<\/td>\n<td class=\"nomobile\">Arcane Factory Racing<\/td>\n<td style=\"text-align: right; padding-right: 15px;\"><strong>+20:21:28<\/strong><\/td>\n<\/tr>\n<tr style=\"vertical-align: top; background-color: #dbd9d9;\">\n<td style=\"text-align: center;\"><strong>91.<\/strong><\/td>\n<td class=\"nomobile\" style=\"text-align: center;\">329<\/td>\n<td class=\"nomobile\" style=\"text-align: center;\"><span style=\"font-size: 8pt;\">T3<\/span><\/td>\n<td class=\"nomobile\" style=\"text-align: center;\"><\/td>\n<td><strong>Geoffrey Moreau<\/strong><br \/>\n<strong>Pascal Chassant<\/strong><\/td>\n<td>MMP Can-Am<\/td>\n<td class=\"nomobile\">MMP<\/td>\n<td style=\"text-align: right; padding-right: 15px;\"><strong>+20:32:51<\/strong><\/td>\n<\/tr>\n<tr style=\"vertical-align: top; background-color: #f2f2f2;\">\n<td style=\"text-align: center;\"><strong>92.<\/strong><\/td>\n<td class=\"nomobile\" style=\"text-align: center;\">324<\/td>\n<td class=\"nomobile\" style=\"text-align: center;\"><span style=\"font-size: 8pt;\">T3<\/span><\/td>\n<td class=\"nomobile\" style=\"text-align: center;\"><\/td>\n<td><strong>Mario Franco<\/strong><br \/>\n<strong>Rui Franco<\/strong><\/td>\n<td>Yamaha YZX1000R<\/td>\n<td class=\"nomobile\">Francosport<\/td>\n<td style=\"text-align: right; padding-right: 15px;\"><strong>+20:41:31<\/strong><\/td>\n<\/tr>\n<tr style=\"vertical-align: top; background-color: #dbd9d9;\">\n<td style=\"text-align: center;\"><strong>93.<\/strong><\/td>\n<td class=\"nomobile\" style=\"text-align: center;\">336<\/td>\n<td class=\"nomobile\" style=\"text-align: center;\"><span style=\"font-size: 8pt;\">T3<\/span><\/td>\n<td class=\"nomobile\" style=\"text-align: center;\"><\/td>\n<td><strong>Luis Eguiguren<\/strong><br \/>\n<strong>Matias Vicu\u00f1a<\/strong><\/td>\n<td>Herrator Inzane X3<\/td>\n<td class=\"nomobile\">Herrador Factory Team<\/td>\n<td style=\"text-align: right; padding-right: 15px;\"><strong>+20:49:06<\/strong><\/td>\n<\/tr>\n<tr style=\"vertical-align: top; background-color: #f2f2f2;\">\n<td style=\"text-align: center;\"><strong>94.<\/strong><\/td>\n<td class=\"nomobile\" style=\"text-align: center;\">206<\/td>\n<td class=\"nomobile\" style=\"text-align: center;\"><span style=\"font-size: 8pt;\">T1<\/span><\/td>\n<td class=\"nomobile\" style=\"text-align: center;\"><\/td>\n<td><a href=\"\/index.php\/osobnosti\/khalid-al-qassimi\/\"><span style=\"color: #ee8027;\"><strong>Khalid Al Qassimi<\/strong><\/span><\/a><br \/>\n<strong>Dirk von Zitzewitz<\/strong><\/td>\n<td>Peugeot 3008 DKR<\/td>\n<td class=\"nomobile\">Abu Dhabi Racing<\/td>\n<td style=\"text-align: right; padding-right: 15px;\"><strong>+20:49:56<\/strong><\/td>\n<\/tr>\n<tr style=\"vertical-align: top; background-color: #dbd9d9;\">\n<td style=\"text-align: center;\"><strong>95.<\/strong><\/td>\n<td class=\"nomobile\" style=\"text-align: center;\">245<\/td>\n<td class=\"nomobile\" style=\"text-align: center;\"><span style=\"font-size: 8pt;\">T2<\/span><\/td>\n<td class=\"nomobile\" style=\"text-align: center;\"><\/td>\n<td><strong>Ronald Basso<\/strong><br \/>\n<strong>Jean Michel Polato<\/strong><\/td>\n<td>Toyota VDJ200<\/td>\n<td class=\"nomobile\">Team Land Cruiser Toyota Auto Body<\/td>\n<td style=\"text-align: right; padding-right: 15px;\"><strong>+21:13:16<\/strong><\/td>\n<\/tr>\n<tr style=\"vertical-align: top; background-color: #f2f2f2;\">\n<td style=\"text-align: center;\"><strong>96.<\/strong><\/td>\n<td class=\"nomobile\" style=\"text-align: center;\">265<\/td>\n<td class=\"nomobile\" style=\"text-align: center;\"><span style=\"font-size: 8pt;\">T1<\/span><\/td>\n<td class=\"nomobile\" style=\"text-align: center;\"><\/td>\n<td><strong>Markus Walcher<\/strong><br \/>\n<strong>Stephan Stensky<\/strong><\/td>\n<td>Nissan VK 56<\/td>\n<td class=\"nomobile\">Revenol Motorsport<br \/>\nWalcher Racing Team<\/td>\n<td style=\"text-align: right; padding-right: 15px;\"><strong>+21:17:51<\/strong><\/td>\n<\/tr>\n<tr style=\"vertical-align: top; background-color: #dbd9d9;\">\n<td style=\"text-align: center;\"><strong>97.<\/strong><\/td>\n<td class=\"nomobile\" style=\"text-align: center;\">321<\/td>\n<td class=\"nomobile\" style=\"text-align: center;\"><span style=\"font-size: 8pt;\">T3<\/span><\/td>\n<td class=\"nomobile\" style=\"text-align: center;\"><span style=\"font-size: 8pt;\"><a href=\"\/index.php\/w2rc\/w2rc-2022\/\"><span style=\"color: #ee8027;\">W2RC<\/span><\/a><\/span><\/td>\n<td><strong>Annett Fischer<\/strong><br \/>\n<strong>Annie Seel<\/strong><\/td>\n<td>Yamaha XYZ1000R<\/td>\n<td class=\"nomobile\">Yamaha Powered by X-raid Team<\/td>\n<td style=\"text-align: right; padding-right: 15px;\"><strong>+21:54:52<\/strong><\/td>\n<\/tr>\n<tr style=\"vertical-align: top; background-color: #f2f2f2;\">\n<td style=\"text-align: center;\"><strong>98.<\/strong><\/td>\n<td class=\"nomobile\" style=\"text-align: center;\">303<\/td>\n<td class=\"nomobile\" style=\"text-align: center;\"><span style=\"font-size: 8pt;\">T3<\/span><\/td>\n<td class=\"nomobile\" style=\"text-align: center;\"><span style=\"font-size: 8pt;\"><a href=\"\/index.php\/w2rc\/w2rc-2022\/\"><span style=\"color: #ee8027;\">W2RC<\/span><\/a><\/span><\/td>\n<td><strong>Seth Quintero<\/strong><br \/>\n<strong>Dennis Zenz<\/strong><\/td>\n<td>Overdrive OT3<\/td>\n<td class=\"nomobile\">Red Bull Off-Road Junior Team USA<\/td>\n<td style=\"text-align: right; padding-right: 15px;\"><strong>+21:56:09<\/strong><\/td>\n<\/tr>\n<tr style=\"vertical-align: top; background-color: #dbd9d9;\">\n<td style=\"text-align: center;\"><strong>99.<\/strong><\/td>\n<td class=\"nomobile\" style=\"text-align: center;\">332<\/td>\n<td class=\"nomobile\" style=\"text-align: center;\"><span style=\"font-size: 8pt;\">T3<\/span><\/td>\n<td class=\"nomobile\" style=\"text-align: center;\"><span style=\"font-size: 8pt;\"><a href=\"\/index.php\/w2rc\/w2rc-2022\/\"><span style=\"color: #ee8027;\">W2RC<\/span><\/a><\/span><\/td>\n<td><strong>Mashael Alobaidan<\/strong><br \/>\n<strong><a href=\"\/index.php\/osobnosti\/jacopo-cerutti\/\"><span style=\"color: #ee8027;\">Jacopo Cerutti<\/span><\/a><\/strong><\/td>\n<td>Can-Am Maverick X3<\/td>\n<td class=\"nomobile\">South Racing Middle East<\/td>\n<td style=\"text-align: right; padding-right: 15px;\"><strong>+21:57:40<\/strong><\/td>\n<\/tr>\n<tr style=\"vertical-align: top; background-color: #f2f2f2;\">\n<td style=\"text-align: center;\"><strong>100.<\/strong><\/td>\n<td class=\"nomobile\" style=\"text-align: center;\">463<\/td>\n<td class=\"nomobile\" style=\"text-align: center;\"><span style=\"font-size: 8pt;\">T4<\/span><\/td>\n<td class=\"nomobile\" style=\"text-align: center;\"><\/td>\n<td><strong>Beno\u00eet Fretin<\/strong><br \/>\n<strong>C\u00e9dric Duple<\/strong><\/td>\n<td>Can-Am Maverick X3<\/td>\n<td class=\"nomobile\">Ydeo Competition<\/td>\n<td style=\"text-align: right; padding-right: 15px;\"><strong>+22:32:25<\/strong><\/td>\n<\/tr>\n<tr style=\"vertical-align: top; background-color: #dbd9d9;\">\n<td style=\"text-align: center;\"><strong>101.<\/strong><\/td>\n<td class=\"nomobile\" style=\"text-align: center;\">250<\/td>\n<td class=\"nomobile\" style=\"text-align: center;\"><span style=\"font-size: 8pt;\">T1<\/span><\/td>\n<td class=\"nomobile\" style=\"text-align: center;\"><span style=\"font-size: 8pt;\"><a href=\"\/index.php\/w2rc\/w2rc-2022\/\"><span style=\"color: #ee8027;\">W2RC<\/span><\/a><\/span><\/td>\n<td><strong>Alexandre Leroy<\/strong><br \/>\n<strong>Nicolas Delangue<\/strong><\/td>\n<td>Century CR6<\/td>\n<td class=\"nomobile\">SRT Racing<\/td>\n<td style=\"text-align: right; padding-right: 15px;\"><strong>+22:49:52<\/strong><\/td>\n<\/tr>\n<tr style=\"vertical-align: top; background-color: #f2f2f2;\">\n<td style=\"text-align: center;\"><strong>102.<\/strong><\/td>\n<td class=\"nomobile\" style=\"text-align: center;\">343<\/td>\n<td class=\"nomobile\" style=\"text-align: center;\"><span style=\"font-size: 8pt;\">T3<\/span><\/td>\n<td class=\"nomobile\" style=\"text-align: center;\"><span style=\"font-size: 8pt;\"><a href=\"\/index.php\/w2rc\/w2rc-2022\/\"><span style=\"color: #ee8027;\">W2RC<\/span><\/a><\/span><\/td>\n<td><strong>Jordi Segura<\/strong><br \/>\n<strong>Pedro Lopez Chaves<\/strong><\/td>\n<td>Can-Am Maverick X3<\/td>\n<td class=\"nomobile\">FN Speed Team<\/td>\n<td style=\"text-align: right; padding-right: 15px;\"><strong>+23:32:59<\/strong><\/td>\n<\/tr>\n<tr style=\"vertical-align: top; background-color: #dbd9d9;\">\n<td style=\"text-align: center;\"><strong>103.<\/strong><\/td>\n<td class=\"nomobile\" style=\"text-align: center;\">421<\/td>\n<td class=\"nomobile\" style=\"text-align: center;\"><span style=\"font-size: 8pt;\">T4<\/span><\/td>\n<td class=\"nomobile\" style=\"text-align: center;\"><\/td>\n<td><strong>Jerome de Sadeleer<\/strong><br \/>\n<strong>Michael Metge<\/strong><\/td>\n<td>Can-Am Maverick X3<\/td>\n<td class=\"nomobile\">Team Galag<\/td>\n<td style=\"text-align: right; padding-right: 15px;\"><strong>+23:34:25<\/strong><\/td>\n<\/tr>\n<tr style=\"vertical-align: top; background-color: #f2f2f2;\">\n<td style=\"text-align: center;\"><strong>104.<\/strong><\/td>\n<td class=\"nomobile\" style=\"text-align: center;\">526<\/td>\n<td class=\"nomobile\" style=\"text-align: center;\"><span style=\"font-size: 8pt;\">T5<\/span><\/td>\n<td class=\"nomobile\" style=\"text-align: center;\"><\/td>\n<td><strong>Mathias Behringer<\/strong><br \/>\n<strong>Hugo Kupper<\/strong><br \/>\n<strong>Robert Striebe<\/strong><\/td>\n<td>MAN<\/td>\n<td class=\"nomobile\">Q Motorsport Team<\/td>\n<td style=\"text-align: right; padding-right: 15px;\"><strong>+23:56:58<\/strong><\/td>\n<\/tr>\n<tr style=\"vertical-align: top; background-color: #dbd9d9;\">\n<td style=\"text-align: center;\"><strong>105.<\/strong><\/td>\n<td class=\"nomobile\" style=\"text-align: center;\">461<\/td>\n<td class=\"nomobile\" style=\"text-align: center;\"><span style=\"font-size: 8pt;\">T4<\/span><\/td>\n<td class=\"nomobile\" style=\"text-align: center;\"><\/td>\n<td><strong>Jan de Wit<\/strong><br \/>\n<strong>Serge Bruynkens<\/strong><\/td>\n<td>Can-Am Maverick X3<\/td>\n<td class=\"nomobile\">Team Roadseal Africa<\/td>\n<td style=\"text-align: right; padding-right: 15px;\"><strong>+23:59:10<\/strong><\/td>\n<\/tr>\n<tr style=\"vertical-align: top; background-color: #f2f2f2;\">\n<td style=\"text-align: center;\"><strong>106.<\/strong><\/td>\n<td class=\"nomobile\" style=\"text-align: center;\">469<\/td>\n<td class=\"nomobile\" style=\"text-align: center;\"><span style=\"font-size: 8pt;\">T4<\/span><\/td>\n<td class=\"nomobile\" style=\"text-align: center;\"><\/td>\n<td><strong>Jeffrey Otten<\/strong><br \/>\n<strong>Nicky Zoontjens<\/strong><\/td>\n<td>Can-Am Maverick X3<\/td>\n<td class=\"nomobile\">Gaia Motorsports<\/td>\n<td style=\"text-align: right; padding-right: 15px;\"><strong>+24:44:24<\/strong><\/td>\n<\/tr>\n<tr style=\"vertical-align: top; background-color: #dbd9d9;\">\n<td style=\"text-align: center;\"><strong>107.<\/strong><\/td>\n<td class=\"nomobile\" style=\"text-align: center;\">263<\/td>\n<td class=\"nomobile\" style=\"text-align: center;\"><span style=\"font-size: 8pt;\">T1<\/span><\/td>\n<td class=\"nomobile\" style=\"text-align: center;\"><\/td>\n<td><strong>Fran\u00e7ois Cousin<\/strong><br \/>\n<strong>St\u00e9phane Cousin<\/strong><\/td>\n<td>MD Optimus<\/td>\n<td class=\"nomobile\">Compagnie des Dunes<\/td>\n<td style=\"text-align: right; padding-right: 15px;\"><strong>+25:50:14<\/strong><\/td>\n<\/tr>\n<tr style=\"vertical-align: top; background-color: #f2f2f2;\">\n<td style=\"text-align: center;\"><strong>108.<\/strong><\/td>\n<td class=\"nomobile\" style=\"text-align: center;\">349<\/td>\n<td class=\"nomobile\" style=\"text-align: center;\"><span style=\"font-size: 8pt;\">T3<\/span><\/td>\n<td class=\"nomobile\" style=\"text-align: center;\"><\/td>\n<td><strong>Gaspard Destailleur<\/strong><br \/>\n<strong>Jean-Fran\u00e7ois Destailleur<\/strong><\/td>\n<td>Can-Am Maverick X3<\/td>\n<td class=\"nomobile\">Renonce Mercier Racing<\/td>\n<td style=\"text-align: right; padding-right: 15px;\"><strong>+26:00:59<\/strong><\/td>\n<\/tr>\n<tr style=\"vertical-align: top; background-color: #dbd9d9;\">\n<td style=\"text-align: center;\"><strong>109.<\/strong><\/td>\n<td class=\"nomobile\" style=\"text-align: center;\">450<\/td>\n<td class=\"nomobile\" style=\"text-align: center;\"><span style=\"font-size: 8pt;\">T4<\/span><\/td>\n<td class=\"nomobile\" style=\"text-align: center;\"><\/td>\n<td><strong>Davy Huguet<\/strong><br \/>\n<strong>Nicolas Falloux<\/strong><\/td>\n<td>Can-Am Maverick X3<\/td>\n<td class=\"nomobile\">Team BBR \/ Pole Position 77<\/td>\n<td style=\"text-align: right; padding-right: 15px;\"><strong>+26:12:09<\/strong><\/td>\n<\/tr>\n<tr style=\"vertical-align: top; background-color: #f2f2f2;\">\n<td style=\"text-align: center;\"><strong>110.<\/strong><\/td>\n<td class=\"nomobile\" style=\"text-align: center;\">537<\/td>\n<td class=\"nomobile\" style=\"text-align: center;\"><span style=\"font-size: 8pt;\">T5<\/span><\/td>\n<td class=\"nomobile\" style=\"text-align: center;\"><\/td>\n<td><strong>Egbert Wingens<\/strong><br \/>\n<strong>Marije van Ettekoven<\/strong><br \/>\n<strong>Marijn Beekmans<\/strong><\/td>\n<td>Iveco Torpedo<\/td>\n<td class=\"nomobile\">DDW Rallyteam<\/td>\n<td style=\"text-align: right; padding-right: 15px;\"><strong>+26:44:34<\/strong><\/td>\n<\/tr>\n<tr style=\"vertical-align: top; background-color: #dbd9d9;\">\n<td style=\"text-align: center;\"><strong>111.<\/strong><\/td>\n<td class=\"nomobile\" style=\"text-align: center;\">341<\/td>\n<td class=\"nomobile\" style=\"text-align: center;\"><span style=\"font-size: 8pt;\">T3<\/span><\/td>\n<td class=\"nomobile\" style=\"text-align: center;\"><\/td>\n<td><strong>Eric Croquelois<\/strong><br \/>\n<strong>Hugues Lapouille<\/strong><\/td>\n<td>Can-Am Maverick X3<\/td>\n<td class=\"nomobile\">Drag&#8217;On Rally Team<\/td>\n<td style=\"text-align: right; padding-right: 15px;\"><strong>+28:17:13<\/strong><\/td>\n<\/tr>\n<tr style=\"vertical-align: top; background-color: #f2f2f2;\">\n<td style=\"text-align: center;\"><strong>112.<\/strong><\/td>\n<td class=\"nomobile\" style=\"text-align: center;\">293<\/td>\n<td class=\"nomobile\" style=\"text-align: center;\"><span style=\"font-size: 8pt;\">T1<\/span><\/td>\n<td class=\"nomobile\" style=\"text-align: center;\"><\/td>\n<td><strong>Jean-Philippe Beziat<\/strong><br \/>\n<strong>Vincent Albira<\/strong><\/td>\n<td>Toyota Overdrive<\/td>\n<td class=\"nomobile\">MD Rallye Sport<\/td>\n<td style=\"text-align: right; padding-right: 15px;\"><strong>+28:19:12<\/strong><\/td>\n<\/tr>\n<tr style=\"vertical-align: top; background-color: #dbd9d9;\">\n<td style=\"text-align: center;\"><strong>113.<\/strong><\/td>\n<td class=\"nomobile\" style=\"text-align: center;\">445<\/td>\n<td class=\"nomobile\" style=\"text-align: center;\"><span style=\"font-size: 8pt;\">T4<\/span><\/td>\n<td class=\"nomobile\" style=\"text-align: center;\"><\/td>\n<td><strong>Jean-Claude Pla<\/strong><br \/>\n<strong>Jerome Pla<\/strong><\/td>\n<td>Polaris RZR PRO XP<\/td>\n<td class=\"nomobile\">Xtreme Plus Polaris Factory Team<\/td>\n<td style=\"text-align: right; padding-right: 15px;\"><strong>+28:41:43<\/strong><\/td>\n<\/tr>\n<tr style=\"vertical-align: top; background-color: #f2f2f2;\">\n<td style=\"text-align: center;\"><strong>114.<\/strong><\/td>\n<td class=\"nomobile\" style=\"text-align: center;\">465<\/td>\n<td class=\"nomobile\" style=\"text-align: center;\"><span style=\"font-size: 8pt;\">T4<\/span><\/td>\n<td class=\"nomobile\" style=\"text-align: center;\"><\/td>\n<td><strong>Ta\u0165jana Sy\u010dova<\/strong><br \/>\n<strong>Alexandr Alexejev<\/strong><\/td>\n<td>Can-Am Maverick X3<\/td>\n<td class=\"nomobile\">Xesha Motorsport<\/td>\n<td style=\"text-align: right; padding-right: 15px;\"><strong>+29:35:11<\/strong><\/td>\n<\/tr>\n<tr style=\"vertical-align: top; background-color: #dbd9d9;\">\n<td style=\"text-align: center;\"><strong>115.<\/strong><\/td>\n<td class=\"nomobile\" style=\"text-align: center;\">307<\/td>\n<td class=\"nomobile\" style=\"text-align: center;\"><span style=\"font-size: 8pt;\">T3<\/span><\/td>\n<td class=\"nomobile\" style=\"text-align: center;\"><span style=\"font-size: 8pt;\"><a href=\"\/index.php\/w2rc\/w2rc-2022\/\"><span style=\"color: #ee8027;\">W2RC<\/span><\/a><\/span><\/td>\n<td><strong>Jean-Luc Ceccaldi-Pisson<\/strong><br \/>\n<strong>Jean Brucy<\/strong><\/td>\n<td>PH Sport Zephyr<\/td>\n<td class=\"nomobile\">PH Sport \/ JLC Racing<\/td>\n<td style=\"text-align: right; padding-right: 15px;\"><strong>+29:38:45<\/strong><\/td>\n<\/tr>\n<tr style=\"vertical-align: top; background-color: #f2f2f2;\">\n<td style=\"text-align: center;\"><strong>116.<\/strong><\/td>\n<td class=\"nomobile\" style=\"text-align: center;\">236<\/td>\n<td class=\"nomobile\" style=\"text-align: center;\"><span style=\"font-size: 8pt;\">T1<\/span><\/td>\n<td class=\"nomobile\" style=\"text-align: center;\"><span style=\"font-size: 8pt;\"><a href=\"\/index.php\/w2rc\/w2rc-2022\/\"><span style=\"color: #ee8027;\">W2RC<\/span><\/a><\/span><\/td>\n<td><strong>Lionel Baud<\/strong><br \/>\n<strong>Jean-Pierre Garcin<\/strong><\/td>\n<td>Peugeot 3008 DKR<\/td>\n<td class=\"nomobile\">PH Sport<\/td>\n<td style=\"text-align: right; padding-right: 15px;\"><strong>+30:18:25<\/strong><\/td>\n<\/tr>\n<tr style=\"vertical-align: top; background-color: #dbd9d9;\">\n<td style=\"text-align: center;\"><strong>117.<\/strong><\/td>\n<td class=\"nomobile\" style=\"text-align: center;\">309<\/td>\n<td class=\"nomobile\" style=\"text-align: center;\"><span style=\"font-size: 8pt;\">T3<\/span><\/td>\n<td class=\"nomobile\" style=\"text-align: center;\"><span style=\"font-size: 8pt;\"><a href=\"\/index.php\/w2rc\/w2rc-2022\/\"><span style=\"color: #ee8027;\">W2RC<\/span><\/a><\/span><\/td>\n<td><a href=\"\/index.php\/osobnosti\/fernando-alvarez\/\"><span style=\"color: #ee8027;\"><strong>Fernando \u00c1lvarez<\/strong><\/span><\/a><br \/>\n<strong><a href=\"\/index.php\/osobnosti\/xavier-panseri\/\"><span style=\"color: #ee8027;\">Xavier Panseri<\/span><\/a><\/strong><\/td>\n<td>Can-Am Maverick X3<\/td>\n<td class=\"nomobile\">South Racing Can-Am<\/td>\n<td style=\"text-align: right; padding-right: 15px;\"><strong>+30:30:29<\/strong><\/td>\n<\/tr>\n<tr style=\"vertical-align: top; background-color: #f2f2f2;\">\n<td style=\"text-align: center;\"><strong>118.<\/strong><\/td>\n<td class=\"nomobile\" style=\"text-align: center;\">538<\/td>\n<td class=\"nomobile\" style=\"text-align: center;\"><span style=\"font-size: 8pt;\">T5<\/span><\/td>\n<td class=\"nomobile\" style=\"text-align: center;\"><\/td>\n<td><strong>Ben de Groot<\/strong><br \/>\n<strong>Ad Hofmans<\/strong><br \/>\n<strong>Govert Boogaard<\/strong><\/td>\n<td>DAF CF75<\/td>\n<td class=\"nomobile\">De Groot Sport<\/td>\n<td style=\"text-align: right; padding-right: 15px;\"><strong>+30:40:51<\/strong><\/td>\n<\/tr>\n<tr style=\"vertical-align: top; background-color: #dbd9d9;\">\n<td style=\"text-align: center;\"><strong>119.<\/strong><\/td>\n<td class=\"nomobile\" style=\"text-align: center;\">241<\/td>\n<td class=\"nomobile\" style=\"text-align: center;\"><span style=\"font-size: 8pt;\">T1<\/span><\/td>\n<td class=\"nomobile\" style=\"text-align: center;\"><span style=\"font-size: 8pt;\"><a href=\"\/index.php\/w2rc\/w2rc-2022\/\"><span style=\"color: #ee8027;\">W2RC<\/span><\/a><\/span><\/td>\n<td><strong>Antanas Juknevi\u010dius<\/strong><br \/>\n<strong>Didzis Zari\u0146\u0161<\/strong><\/td>\n<td>Toyota Hilux<\/td>\n<td class=\"nomobile\">Kreda<\/td>\n<td style=\"text-align: right; padding-right: 15px;\"><strong>+31:00:45<\/strong><\/td>\n<\/tr>\n<tr style=\"vertical-align: top; background-color: #f2f2f2;\">\n<td style=\"text-align: center;\"><strong>120.<\/strong><\/td>\n<td class=\"nomobile\" style=\"text-align: center;\">438<\/td>\n<td class=\"nomobile\" style=\"text-align: center;\"><span style=\"font-size: 8pt;\">T4<\/span><\/td>\n<td class=\"nomobile\" style=\"text-align: center;\"><\/td>\n<td><strong>Pablo Macua<\/strong><br \/>\n<strong>Mauro Esteban Lipez<\/strong><\/td>\n<td>Can-Am Maverick X3<\/td>\n<td class=\"nomobile\">Sodicars Racing<\/td>\n<td style=\"text-align: right; padding-right: 15px;\"><strong>+31:05:54<\/strong><\/td>\n<\/tr>\n<tr style=\"vertical-align: top; background-color: #dbd9d9;\">\n<td style=\"text-align: center;\"><strong>121.<\/strong><\/td>\n<td class=\"nomobile\" style=\"text-align: center;\">339<\/td>\n<td class=\"nomobile\" style=\"text-align: center;\"><span style=\"font-size: 8pt;\">T3<\/span><\/td>\n<td class=\"nomobile\" style=\"text-align: center;\"><\/td>\n<td><strong>Michiel Becx<\/strong><br \/>\n<strong>Edwin Kuijpers<\/strong><\/td>\n<td>Arcane T3<\/td>\n<td class=\"nomobile\">Arcane Factory Racing<\/td>\n<td style=\"text-align: right; padding-right: 15px;\"><strong>+31:07:14<\/strong><\/td>\n<\/tr>\n<tr style=\"vertical-align: top; background-color: #f2f2f2;\">\n<td style=\"text-align: center;\"><strong>122.<\/strong><\/td>\n<td class=\"nomobile\" style=\"text-align: center;\">542<\/td>\n<td class=\"nomobile\" style=\"text-align: center;\"><span style=\"font-size: 8pt;\">T5<\/span><\/td>\n<td class=\"nomobile\" style=\"text-align: center;\"><\/td>\n<td><strong>Michael Baumann<\/strong><br \/>\n<strong>Philipp Beier<\/strong><br \/>\n<strong>Lukas Raschendorfer<\/strong><\/td>\n<td>MAN TGA 11<\/td>\n<td class=\"nomobile\">Q Motorsport Team<\/td>\n<td style=\"text-align: right; padding-right: 15px;\"><strong>+31:52:01<\/strong><\/td>\n<\/tr>\n<tr style=\"vertical-align: top; background-color: #dbd9d9;\">\n<td style=\"text-align: center;\"><strong>123.<\/strong><\/td>\n<td class=\"nomobile\" style=\"text-align: center;\">348<\/td>\n<td class=\"nomobile\" style=\"text-align: center;\"><span style=\"font-size: 8pt;\">T3<\/span><\/td>\n<td class=\"nomobile\" style=\"text-align: center;\"><\/td>\n<td><strong>Hugues Matringhem<\/strong><br \/>\n<strong>Nicolas Tchidemian<\/strong><\/td>\n<td>Can-Am Maverick X3<\/td>\n<td class=\"nomobile\">Renonce Mercier Racing<\/td>\n<td style=\"text-align: right; padding-right: 15px;\"><strong>+33:19:49<\/strong><\/td>\n<\/tr>\n<tr style=\"vertical-align: top; background-color: #f2f2f2;\">\n<td style=\"text-align: center;\"><strong>124.<\/strong><\/td>\n<td class=\"nomobile\" style=\"text-align: center;\">528<\/td>\n<td class=\"nomobile\" style=\"text-align: center;\"><span style=\"font-size: 8pt;\">T5<\/span><\/td>\n<td class=\"nomobile\" style=\"text-align: center;\"><\/td>\n<td><strong>Jordi Juvanteny<\/strong><br \/>\n<strong>Jordi Ballbe<\/strong><br \/>\n<strong>Fina Roman<\/strong><\/td>\n<td>MAN TGA 26.480<\/td>\n<td class=\"nomobile\">KH7 Epsilon<\/td>\n<td style=\"text-align: right; padding-right: 15px;\"><strong>+33:58:43<\/strong><\/td>\n<\/tr>\n<tr style=\"vertical-align: top; background-color: #dbd9d9;\">\n<td style=\"text-align: center;\"><strong>125.<\/strong><\/td>\n<td class=\"nomobile\" style=\"text-align: center;\">464<\/td>\n<td class=\"nomobile\" style=\"text-align: center;\"><span style=\"font-size: 8pt;\">T4<\/span><\/td>\n<td class=\"nomobile\" style=\"text-align: center;\"><\/td>\n<td><strong>Bruno Fretin<\/strong><br \/>\n<a href=\"\/index.php\/osobnosti\/valentin-sarreaud\/\"><span style=\"color: #ee8027;\"><strong>Valentin Sarreaud<\/strong><\/span><\/a><\/td>\n<td>Can-Am Maverick X3<\/td>\n<td class=\"nomobile\">Ydeo Competition<\/td>\n<td style=\"text-align: right; padding-right: 15px;\"><strong>+34:11:11<\/strong><\/td>\n<\/tr>\n<tr style=\"vertical-align: top; background-color: #f2f2f2;\">\n<td style=\"text-align: center;\"><strong>126.<\/strong><\/td>\n<td class=\"nomobile\" style=\"text-align: center;\">453<\/td>\n<td class=\"nomobile\" style=\"text-align: center;\"><span style=\"font-size: 8pt;\">T4<\/span><\/td>\n<td class=\"nomobile\" style=\"text-align: center;\"><\/td>\n<td><strong>\u0160insuke Umeda<\/strong><br \/>\n<strong>David Giovannetti<\/strong><\/td>\n<td>Polaris RZR PRO XP<\/td>\n<td class=\"nomobile\">Xtreme Plus Polaris Factory Team<\/td>\n<td style=\"text-align: right; padding-right: 15px;\"><strong>+34:13:21<\/strong><\/td>\n<\/tr>\n<tr style=\"vertical-align: top; background-color: #dbd9d9;\">\n<td style=\"text-align: center;\"><strong>127.<sup>\u2217<\/sup><\/strong><\/td>\n<td class=\"nomobile\" style=\"text-align: center;\">508<\/td>\n<td class=\"nomobile\" style=\"text-align: center;\"><span style=\"font-size: 8pt;\">T5<\/span><\/td>\n<td class=\"nomobile\" style=\"text-align: center;\"><\/td>\n<td><a href=\"\/index.php\/osobnosti\/ales-loprais\/\"><span style=\"color: #ee8027;\"><strong>Ale\u0161 Loprais<\/strong><\/span><\/a><br \/>\n<a href=\"\/index.php\/osobnosti\/jaroslav-valtr-ml\/\"><span style=\"color: #ee8027;\"><strong>Jaroslav Valtr ml.<\/strong><\/span><\/a><br \/>\n<strong><a href=\"\/index.php\/osobnosti\/petr-pokora\/\"><span style=\"color: #ee8027;\">Petr Pokora<\/span><\/a><\/strong><\/td>\n<td>Praga V4S DKR<\/td>\n<td class=\"nomobile\">Instaforex Loprais Praga Team<\/td>\n<td style=\"text-align: right; padding-right: 15px;\"><strong>+37:58:24<\/strong><\/td>\n<\/tr>\n<tr style=\"vertical-align: top; background-color: #f2f2f2;\">\n<td style=\"text-align: center;\"><strong>128.<\/strong><\/td>\n<td class=\"nomobile\" style=\"text-align: center;\">300<\/td>\n<td class=\"nomobile\" style=\"text-align: center;\"><span style=\"font-size: 8pt;\">T3<\/span><\/td>\n<td class=\"nomobile\" style=\"text-align: center;\"><\/td>\n<td><a href=\"\/index.php\/osobnosti\/josef-machacek\/\"><span style=\"color: #ee8027;\"><strong>Josef Mach\u00e1\u010dek<\/strong><\/span><\/a><br \/>\n<strong>Pavel Vyoral<\/strong><\/td>\n<td>Buggyra Can-Am DV 21<\/td>\n<td class=\"nomobile\">Buggyra ZM Racing<\/td>\n<td style=\"text-align: right; padding-right: 15px;\"><strong>+39:39:47<\/strong><\/td>\n<\/tr>\n<tr style=\"vertical-align: top; background-color: #dbd9d9;\">\n<td style=\"text-align: center;\"><strong>129.<\/strong><\/td>\n<td class=\"nomobile\" style=\"text-align: center;\">342<\/td>\n<td class=\"nomobile\" style=\"text-align: center;\"><span style=\"font-size: 8pt;\">T3<\/span><\/td>\n<td class=\"nomobile\" style=\"text-align: center;\"><\/td>\n<td><strong>Paolo Sottile<\/strong><br \/>\n<strong>Matteo Sottile<\/strong><\/td>\n<td>Can-Am Maverick X3<\/td>\n<td class=\"nomobile\">Team Sottile &#8211; BTR<\/td>\n<td style=\"text-align: right; padding-right: 15px;\"><strong>+40:49:28<\/strong><\/td>\n<\/tr>\n<tr style=\"vertical-align: top; background-color: #f2f2f2;\">\n<td style=\"text-align: center;\"><strong>130.<\/strong><\/td>\n<td class=\"nomobile\" style=\"text-align: center;\">439<\/td>\n<td class=\"nomobile\" style=\"text-align: center;\"><span style=\"font-size: 8pt;\">T4<\/span><\/td>\n<td class=\"nomobile\" style=\"text-align: center;\"><span style=\"font-size: 8pt;\"><a href=\"\/index.php\/w2rc\/w2rc-2022\/\"><span style=\"color: #ee8027;\">W2RC<\/span><\/a><\/span><\/td>\n<td><strong>Ga\u00ebl Queralt<\/strong><br \/>\n<strong>Sergi Brugue<\/strong><\/td>\n<td>Can-Am Maverick X3<\/td>\n<td class=\"nomobile\">FN Speed Team<\/td>\n<td style=\"text-align: right; padding-right: 15px;\"><strong>+41:08:43<\/strong><\/td>\n<\/tr>\n<tr style=\"vertical-align: top; background-color: #dbd9d9;\">\n<td style=\"text-align: center;\"><strong>131.<\/strong><\/td>\n<td class=\"nomobile\" style=\"text-align: center;\">259<\/td>\n<td class=\"nomobile\" style=\"text-align: center;\"><span style=\"font-size: 8pt;\">T1<\/span><\/td>\n<td class=\"nomobile\" style=\"text-align: center;\"><\/td>\n<td><strong>Jean-Pierre Strugo<\/strong><br \/>\n<strong>Fran\u00e7ois Borsotto<\/strong><\/td>\n<td>MD Optimus<\/td>\n<td class=\"nomobile\">MD Rallye Sport<\/td>\n<td style=\"text-align: right; padding-right: 15px;\"><strong>+41:48:09<\/strong><\/td>\n<\/tr>\n<tr style=\"vertical-align: top; background-color: #f2f2f2;\">\n<td style=\"text-align: center;\"><strong>132.<\/strong><\/td>\n<td class=\"nomobile\" style=\"text-align: center;\">330<\/td>\n<td class=\"nomobile\" style=\"text-align: center;\"><span style=\"font-size: 8pt;\">T3<\/span><\/td>\n<td class=\"nomobile\" style=\"text-align: center;\"><\/td>\n<td><strong>Patrick Becquart<\/strong><br \/>\n<strong>Romain Becquart<\/strong><\/td>\n<td>Can-Am Maverick X3<\/td>\n<td class=\"nomobile\">Mercier<\/td>\n<td style=\"text-align: right; padding-right: 15px;\"><strong>+42:28:48<\/strong><\/td>\n<\/tr>\n<tr style=\"vertical-align: top; background-color: #dbd9d9;\">\n<td style=\"text-align: center;\"><strong>133.<\/strong><\/td>\n<td class=\"nomobile\" style=\"text-align: center;\">326<\/td>\n<td class=\"nomobile\" style=\"text-align: center;\"><span style=\"font-size: 8pt;\">T3<\/span><\/td>\n<td class=\"nomobile\" style=\"text-align: center;\"><\/td>\n<td><strong>Javier Herrador Calatrava<\/strong><br \/>\n<strong>Jos\u00e9 Luis Rosa Olivera<\/strong><\/td>\n<td>Herrator Inzane X3<\/td>\n<td class=\"nomobile\">Herrador Factory Team<\/td>\n<td style=\"text-align: right; padding-right: 15px;\"><strong>+42:58:57<\/strong><\/td>\n<\/tr>\n<tr style=\"vertical-align: top; background-color: #f2f2f2;\">\n<td style=\"text-align: center;\"><strong>134.<\/strong><\/td>\n<td class=\"nomobile\" style=\"text-align: center;\">458<\/td>\n<td class=\"nomobile\" style=\"text-align: center;\"><span style=\"font-size: 8pt;\">T4<\/span><\/td>\n<td class=\"nomobile\" style=\"text-align: center;\"><\/td>\n<td><strong>Ulrich Caradot<\/strong><br \/>\n<strong>Mathieu Bouchut<\/strong><\/td>\n<td>Can-Am Maverick X3<\/td>\n<td class=\"nomobile\">Team BBR \/ Pole Position 77<\/td>\n<td style=\"text-align: right; padding-right: 15px;\"><strong>+43:06:06<\/strong><\/td>\n<\/tr>\n<tr style=\"vertical-align: top; background-color: #dbd9d9;\">\n<td style=\"text-align: center;\"><strong>135.<\/strong><\/td>\n<td class=\"nomobile\" style=\"text-align: center;\">213<\/td>\n<td class=\"nomobile\" style=\"text-align: center;\"><span style=\"font-size: 8pt;\">T1<\/span><\/td>\n<td class=\"nomobile\" style=\"text-align: center;\"><\/td>\n<td><strong>Guoyu Zhang<\/strong><br \/>\n<strong>Hongyu Pan<\/strong><\/td>\n<td>BAIC BJ40<\/td>\n<td class=\"nomobile\">BAIC ORV<\/td>\n<td style=\"text-align: right; padding-right: 15px;\"><strong>+43:12:49<\/strong><\/td>\n<\/tr>\n<tr style=\"vertical-align: top; background-color: #f2f2f2;\">\n<td style=\"text-align: center;\"><strong>136.<sup>\u2217<\/sup><\/strong><\/td>\n<td class=\"nomobile\" style=\"text-align: center;\">204<\/td>\n<td class=\"nomobile\" style=\"text-align: center;\"><span style=\"font-size: 8pt;\">T1<\/span><\/td>\n<td class=\"nomobile\" style=\"text-align: center;\"><span style=\"font-size: 8pt;\"><a href=\"\/index.php\/w2rc\/w2rc-2022\/\"><span style=\"color: #ee8027;\">W2RC<\/span><\/a><\/span><\/td>\n<td><strong>Nani Roma<\/strong><br \/>\n<strong><a href=\"\/index.php\/osobnosti\/alex-haro\/\"><span style=\"color: #ee8027;\">\u00c0lex Haro<\/span><\/a><\/strong><\/td>\n<td>Prodrive Hunter<\/td>\n<td class=\"nomobile\">Bahrain Raid Xtreme<\/td>\n<td style=\"text-align: right; padding-right: 15px;\"><strong>+43:57:30<\/strong><\/td>\n<\/tr>\n<tr style=\"vertical-align: top; background-color: #dbd9d9;\">\n<td style=\"text-align: center;\"><strong>137.<\/strong><\/td>\n<td class=\"nomobile\" style=\"text-align: center;\">512<\/td>\n<td class=\"nomobile\" style=\"text-align: center;\"><span style=\"font-size: 8pt;\">T5<\/span><\/td>\n<td class=\"nomobile\" style=\"text-align: center;\"><\/td>\n<td><strong>Teruhito Sugawara<\/strong><br \/>\n<strong>Hirokazu Somemija<\/strong><br \/>\n<strong>Jud\u017ei Mo\u010dizuki<\/strong><\/td>\n<td>Hino 600 Hybrid<\/td>\n<td class=\"nomobile\">Hino Team Sugawara<\/td>\n<td style=\"text-align: right; padding-right: 15px;\"><strong>+44:47:08<\/strong><\/td>\n<\/tr>\n<tr style=\"vertical-align: top; background-color: #f2f2f2;\">\n<td style=\"text-align: center;\"><strong>138.<\/strong><\/td>\n<td class=\"nomobile\" style=\"text-align: center;\">340<\/td>\n<td class=\"nomobile\" style=\"text-align: center;\"><span style=\"font-size: 8pt;\">T3<\/span><\/td>\n<td class=\"nomobile\" style=\"text-align: center;\"><\/td>\n<td><strong>Javier Velez<\/strong><br \/>\n<strong>Mateo Moreno Kristiansen<\/strong><\/td>\n<td>Can-Am Maverick X3<\/td>\n<td class=\"nomobile\">FN Speed Team<\/td>\n<td style=\"text-align: right; padding-right: 15px;\"><strong>+46:25:35<\/strong><\/td>\n<\/tr>\n<tr style=\"vertical-align: top; background-color: #dbd9d9;\">\n<td style=\"text-align: center;\"><strong>139.<\/strong><\/td>\n<td class=\"nomobile\" style=\"text-align: center;\">428<\/td>\n<td class=\"nomobile\" style=\"text-align: center;\"><span style=\"font-size: 8pt;\">T4<\/span><\/td>\n<td class=\"nomobile\" style=\"text-align: center;\"><span style=\"font-size: 8pt;\"><a href=\"\/index.php\/w2rc\/w2rc-2022\/\"><span style=\"color: #ee8027;\">W2RC<\/span><\/a><\/span><\/td>\n<td><strong>Lucas del R\u00edo<\/strong><br \/>\n<strong>Am\u00e9rico Aliaga<\/strong><\/td>\n<td>Can-Am Maverick X3<\/td>\n<td class=\"nomobile\">South Racing Can-Am<\/td>\n<td style=\"text-align: right; padding-right: 15px;\"><strong>+46:34:08<\/strong><\/td>\n<\/tr>\n<tr style=\"vertical-align: top; background-color: #f2f2f2;\">\n<td style=\"text-align: center;\"><strong>140.<\/strong><\/td>\n<td class=\"nomobile\" style=\"text-align: center;\">251<\/td>\n<td class=\"nomobile\" style=\"text-align: center;\"><span style=\"font-size: 8pt;\">T1<\/span><\/td>\n<td class=\"nomobile\" style=\"text-align: center;\"><\/td>\n<td><strong>Alexandre Pesci<\/strong><br \/>\n<strong>Stephan Kuhni<\/strong><\/td>\n<td>Rebellion Motors DXX<\/td>\n<td class=\"nomobile\">Rebellion Racing<\/td>\n<td style=\"text-align: right; padding-right: 15px;\"><strong>+46:43:37<\/strong><\/td>\n<\/tr>\n<tr style=\"vertical-align: top; background-color: #dbd9d9;\">\n<td style=\"text-align: center;\"><strong>141.<\/strong><\/td>\n<td class=\"nomobile\" style=\"text-align: center;\">459<\/td>\n<td class=\"nomobile\" style=\"text-align: center;\"><span style=\"font-size: 8pt;\">T4<\/span><\/td>\n<td class=\"nomobile\" style=\"text-align: center;\"><\/td>\n<td><strong>Andr\u00e9 Thewessen<\/strong><br \/>\n<strong>Stijn Bastings<\/strong><\/td>\n<td>Can-Am Maverick X3<\/td>\n<td class=\"nomobile\">Team ATS<\/td>\n<td style=\"text-align: right; padding-right: 15px;\"><strong>+47:09:11<\/strong><\/td>\n<\/tr>\n<tr style=\"vertical-align: top; background-color: #f2f2f2;\">\n<td style=\"text-align: center;\"><strong>142.<\/strong><\/td>\n<td class=\"nomobile\" style=\"text-align: center;\">460<\/td>\n<td class=\"nomobile\" style=\"text-align: center;\"><span style=\"font-size: 8pt;\">T4<\/span><\/td>\n<td class=\"nomobile\" style=\"text-align: center;\"><\/td>\n<td><strong>J\u00e9r\u00e9my Poret<\/strong><br \/>\n<strong>Brice Aloth<\/strong><\/td>\n<td>Can-Am Maverick X3<\/td>\n<td class=\"nomobile\">Team BTR<\/td>\n<td style=\"text-align: right; padding-right: 15px;\"><strong>+47:37:18<\/strong><\/td>\n<\/tr>\n<tr style=\"vertical-align: top; background-color: #dbd9d9;\">\n<td style=\"text-align: center;\"><strong>143.<\/strong><\/td>\n<td class=\"nomobile\" style=\"text-align: center;\">443<\/td>\n<td class=\"nomobile\" style=\"text-align: center;\"><span style=\"font-size: 8pt;\">T4<\/span><\/td>\n<td class=\"nomobile\" style=\"text-align: center;\"><\/td>\n<td><strong>Baptiste Enjolras<\/strong><br \/>\n<strong>Julien Enjolras<\/strong><\/td>\n<td>Can-Am Maverick X3<\/td>\n<td class=\"nomobile\">Tati Team<\/td>\n<td style=\"text-align: right; padding-right: 15px;\"><strong>+51:23:44<\/strong><\/td>\n<\/tr>\n<tr style=\"vertical-align: top; background-color: #f2f2f2;\">\n<td style=\"text-align: center;\"><strong>144.<\/strong><\/td>\n<td class=\"nomobile\" style=\"text-align: center;\">289<\/td>\n<td class=\"nomobile\" style=\"text-align: center;\"><span style=\"font-size: 8pt;\">T1<\/span><\/td>\n<td class=\"nomobile\" style=\"text-align: center;\"><\/td>\n<td><strong>Mihai Ban<\/strong><br \/>\n<strong>Stefan Catalin Ion<\/strong><\/td>\n<td>Hummer H3<\/td>\n<td class=\"nomobile\">Transilvania Rally Ria Team<\/td>\n<td style=\"text-align: right; padding-right: 15px;\"><strong>+51:25:38<\/strong><\/td>\n<\/tr>\n<tr style=\"vertical-align: top; background-color: #dbd9d9;\">\n<td style=\"text-align: center;\"><strong>145.<\/strong><\/td>\n<td class=\"nomobile\" style=\"text-align: center;\">527<\/td>\n<td class=\"nomobile\" style=\"text-align: center;\"><span style=\"font-size: 8pt;\">T5<\/span><\/td>\n<td class=\"nomobile\" style=\"text-align: center;\"><\/td>\n<td><strong>William de Groot<\/strong><br \/>\n<strong>Tom Brekelmans<\/strong><br \/>\n<strong>Remon van der Steen<\/strong><\/td>\n<td>DAF FT XF105<\/td>\n<td class=\"nomobile\">De Groot Sport<\/td>\n<td style=\"text-align: right; padding-right: 15px;\"><strong>+52:05:49<\/strong><\/td>\n<\/tr>\n<tr style=\"vertical-align: top; background-color: #f2f2f2;\">\n<td style=\"text-align: center;\"><strong>146.<\/strong><\/td>\n<td class=\"nomobile\" style=\"text-align: center;\">456<\/td>\n<td class=\"nomobile\" style=\"text-align: center;\"><span style=\"font-size: 8pt;\">T4<\/span><\/td>\n<td class=\"nomobile\" style=\"text-align: center;\"><\/td>\n<td><strong>Christophe Cresp<\/strong><br \/>\n<strong>Serge Henninot<\/strong><\/td>\n<td>Can-Am Maverick X3<\/td>\n<td class=\"nomobile\">MMP<\/td>\n<td style=\"text-align: right; padding-right: 15px;\"><strong>+52:23:19<\/strong><\/td>\n<\/tr>\n<tr style=\"vertical-align: top; background-color: #dbd9d9;\">\n<td style=\"text-align: center;\"><strong>147.<\/strong><\/td>\n<td class=\"nomobile\" style=\"text-align: center;\">266<\/td>\n<td class=\"nomobile\" style=\"text-align: center;\"><span style=\"font-size: 8pt;\">T1<\/span><\/td>\n<td class=\"nomobile\" style=\"text-align: center;\"><\/td>\n<td><strong>Yves Fromont<\/strong><br \/>\n<strong>Jean Fromont<\/strong><\/td>\n<td>Volkswagen Original<\/td>\n<td class=\"nomobile\">Fromont MMO Les Lyonnais<\/td>\n<td style=\"text-align: right; padding-right: 15px;\"><strong>+53:34:45<\/strong><\/td>\n<\/tr>\n<tr style=\"vertical-align: top; background-color: #f2f2f2;\">\n<td style=\"text-align: center;\"><strong>148.<\/strong><\/td>\n<td class=\"nomobile\" style=\"text-align: center;\">270<\/td>\n<td class=\"nomobile\" style=\"text-align: center;\"><span style=\"font-size: 8pt;\">T1<\/span><\/td>\n<td class=\"nomobile\" style=\"text-align: center;\"><\/td>\n<td><strong>Hugues Moilet<\/strong><br \/>\n<strong>Antoine Galland<\/strong><\/td>\n<td>Fouquet Chevrolet FC2<\/td>\n<td class=\"nomobile\">Off Road Concept<\/td>\n<td style=\"text-align: right; padding-right: 15px;\"><strong>+55:23:27<\/strong><\/td>\n<\/tr>\n<tr style=\"vertical-align: top; background-color: #dbd9d9;\">\n<td style=\"text-align: center;\"><strong>149.<\/strong><\/td>\n<td class=\"nomobile\" style=\"text-align: center;\">550<\/td>\n<td class=\"nomobile\" style=\"text-align: center;\"><span style=\"font-size: 8pt;\">T5<\/span><\/td>\n<td class=\"nomobile\" style=\"text-align: center;\"><\/td>\n<td><strong>Tom\u00e1\u0161 Tome\u010dek<\/strong><br \/>\n<strong>Leopold Pa\u010four<\/strong><br \/>\n<strong>Niccolo Funaioli<\/strong><\/td>\n<td>Tatra 815-2T0R45<\/td>\n<td class=\"nomobile\">South Racing Service<\/td>\n<td style=\"text-align: right; padding-right: 15px;\"><strong>+55:42:43<\/strong><\/td>\n<\/tr>\n<tr style=\"vertical-align: top; background-color: #f2f2f2;\">\n<td style=\"text-align: center;\"><strong>150.<\/strong><\/td>\n<td class=\"nomobile\" style=\"text-align: center;\">276<\/td>\n<td class=\"nomobile\" style=\"text-align: center;\"><span style=\"font-size: 8pt;\">T1<\/span><\/td>\n<td class=\"nomobile\" style=\"text-align: center;\"><\/td>\n<td><strong>Thierry Richard<\/strong><br \/>\n<strong>Franck Maldonado<\/strong><\/td>\n<td>BMW EG21A4F Sodicars Racing<\/td>\n<td class=\"nomobile\">Sodicars Racing<\/td>\n<td style=\"text-align: right; padding-right: 15px;\"><strong>+56:23:23<\/strong><\/td>\n<\/tr>\n<tr style=\"vertical-align: top; background-color: #dbd9d9;\">\n<td style=\"text-align: center;\"><strong>151.<\/strong><\/td>\n<td class=\"nomobile\" style=\"text-align: center;\">287<\/td>\n<td class=\"nomobile\" style=\"text-align: center;\"><span style=\"font-size: 8pt;\">T1<\/span><\/td>\n<td class=\"nomobile\" style=\"text-align: center;\"><\/td>\n<td><strong>Iacob Ilie Buhai Hotea<\/strong><br \/>\n<strong>Turdean Tudor<\/strong><\/td>\n<td>Toyota Hilux<\/td>\n<td class=\"nomobile\">Federacion Andaluza de Auto<\/td>\n<td style=\"text-align: right; padding-right: 15px;\"><strong>+57:20:25<\/strong><\/td>\n<\/tr>\n<tr style=\"vertical-align: top; background-color: #f2f2f2;\">\n<td style=\"text-align: center;\"><strong>152.<\/strong><\/td>\n<td class=\"nomobile\" style=\"text-align: center;\">539<\/td>\n<td class=\"nomobile\" style=\"text-align: center;\"><span style=\"font-size: 8pt;\">T5<\/span><\/td>\n<td class=\"nomobile\" style=\"text-align: center;\"><\/td>\n<td><strong>Gerrit Zuurmond<\/strong><br \/>\n<strong>Tjeerd van Ballegooy<\/strong><br \/>\n<strong>Klaas Kwakkel<\/strong><\/td>\n<td>MAN TGA<\/td>\n<td class=\"nomobile\">Stichting Rainbow Truck Team<\/td>\n<td style=\"text-align: right; padding-right: 15px;\"><strong>+59:55:18<\/strong><\/td>\n<\/tr>\n<tr style=\"vertical-align: top; background-color: #dbd9d9;\">\n<td style=\"text-align: center;\"><strong>153.<\/strong><\/td>\n<td class=\"nomobile\" style=\"text-align: center;\">540<\/td>\n<td class=\"nomobile\" style=\"text-align: center;\"><span style=\"font-size: 8pt;\">T5<\/span><\/td>\n<td class=\"nomobile\" style=\"text-align: center;\"><\/td>\n<td><strong>Sylvain Besnard<\/strong><br \/>\n<strong>Sylvain Laliche<\/strong><br \/>\n<strong>Frederic Cappucio<\/strong><\/td>\n<td>MAN TGA 114<\/td>\n<td class=\"nomobile\">Team SSP<\/td>\n<td style=\"text-align: right; padding-right: 15px;\"><strong>+60:15:26<\/strong><\/td>\n<\/tr>\n<tr style=\"vertical-align: top; background-color: #f2f2f2;\">\n<td style=\"text-align: center;\"><strong>154.<\/strong><\/td>\n<td class=\"nomobile\" style=\"text-align: center;\">200<\/td>\n<td class=\"nomobile\" style=\"text-align: center;\"><span style=\"font-size: 8pt;\">T1<\/span><\/td>\n<td class=\"nomobile\" style=\"text-align: center;\"><\/td>\n<td><a href=\"\/index.php\/osobnosti\/stephane-peterhansel\/\"><span style=\"color: #ee8027;\"><strong>St\u00e9phane Peterhansel<\/strong><\/span><\/a><br \/>\n<strong><a href=\"\/index.php\/osobnosti\/edouard-boulanger\/\"><span style=\"color: #ee8027;\">Edouard Boulanger<\/span><\/a><\/strong><\/td>\n<td>Audi RS Q e-tron<\/td>\n<td class=\"nomobile\">Team Audi Sport<\/td>\n<td style=\"text-align: right; padding-right: 15px;\"><strong>+68:12:13<\/strong><\/td>\n<\/tr>\n<tr style=\"vertical-align: top; background-color: #dbd9d9;\">\n<td style=\"text-align: center;\"><strong>155.<\/strong><\/td>\n<td class=\"nomobile\" style=\"text-align: center;\">272<\/td>\n<td class=\"nomobile\" style=\"text-align: center;\"><span style=\"font-size: 8pt;\">T1<\/span><\/td>\n<td class=\"nomobile\" style=\"text-align: center;\"><\/td>\n<td><strong>Silvio Totani<\/strong><br \/>\n<strong>Tito Totani<\/strong><\/td>\n<td>Nissan Patrol<\/td>\n<td class=\"nomobile\">Motortecnica Racing Team<\/td>\n<td style=\"text-align: right; padding-right: 15px;\"><strong>+72:48:51<\/strong><\/td>\n<\/tr>\n<tr style=\"vertical-align: top; background-color: #f2f2f2;\">\n<td style=\"text-align: center;\"><strong>156.<\/strong><\/td>\n<td class=\"nomobile\" style=\"text-align: center;\">269<\/td>\n<td class=\"nomobile\" style=\"text-align: center;\"><span style=\"font-size: 8pt;\">T1<\/span><\/td>\n<td class=\"nomobile\" style=\"text-align: center;\"><\/td>\n<td><strong>Patrick Martin<\/strong><br \/>\n<strong>Lucas Martin<\/strong><\/td>\n<td>Volkswagen Tarek<\/td>\n<td class=\"nomobile\">Team MMO les Lyonnais<\/td>\n<td style=\"text-align: right; padding-right: 15px;\"><strong>+73:59:39<\/strong><\/td>\n<\/tr>\n<tr style=\"vertical-align: top; background-color: #dbd9d9;\">\n<td style=\"text-align: center;\"><strong>157.<\/strong><\/td>\n<td class=\"nomobile\" style=\"text-align: center;\">470<\/td>\n<td class=\"nomobile\" style=\"text-align: center;\"><span style=\"font-size: 8pt;\">T4<\/span><\/td>\n<td class=\"nomobile\" style=\"text-align: center;\"><\/td>\n<td><strong>Gregory Pichon<\/strong><br \/>\n<strong>Jean Pichon<\/strong><\/td>\n<td>Can-Am Maverick X3<\/td>\n<td class=\"nomobile\">Team Pichon Mercier Racing<\/td>\n<td style=\"text-align: right; padding-right: 15px;\"><strong>+74:31:13<\/strong><\/td>\n<\/tr>\n<tr style=\"vertical-align: top; background-color: #f2f2f2;\">\n<td style=\"text-align: center;\"><strong>158.<\/strong><\/td>\n<td class=\"nomobile\" style=\"text-align: center;\">466<\/td>\n<td class=\"nomobile\" style=\"text-align: center;\"><span style=\"font-size: 8pt;\">T4<\/span><\/td>\n<td class=\"nomobile\" style=\"text-align: center;\"><\/td>\n<td><strong>Aranzal Gerel<\/strong><br \/>\n<strong>Ganzorig Temuujin<\/strong><\/td>\n<td>Can-Am Maverick X3<\/td>\n<td class=\"nomobile\">Ayanga<\/td>\n<td style=\"text-align: right; padding-right: 15px;\"><strong>+75:11:38<\/strong><\/td>\n<\/tr>\n<tr style=\"vertical-align: top; background-color: #dbd9d9;\">\n<td style=\"text-align: center;\"><strong>159.<\/strong><\/td>\n<td class=\"nomobile\" style=\"text-align: center;\">335<\/td>\n<td class=\"nomobile\" style=\"text-align: center;\"><span style=\"font-size: 8pt;\">T3<\/span><\/td>\n<td class=\"nomobile\" style=\"text-align: center;\"><span style=\"font-size: 8pt;\"><a href=\"\/index.php\/w2rc\/w2rc-2022\/\"><span style=\"color: #ee8027;\">W2RC<\/span><\/a><\/span><\/td>\n<td><strong>Sebastian Guayasamin<\/strong><br \/>\n<strong>Ricardo Adrian Torlaschi<\/strong><\/td>\n<td>Can-Am Maverick X3<\/td>\n<td class=\"nomobile\">FN Speed Team<\/td>\n<td style=\"text-align: right; padding-right: 15px;\"><strong>+75:55:03<\/strong><\/td>\n<\/tr>\n<tr style=\"vertical-align: top; background-color: #f2f2f2;\">\n<td style=\"text-align: center;\"><strong>160.<\/strong><\/td>\n<td class=\"nomobile\" style=\"text-align: center;\">423<\/td>\n<td class=\"nomobile\" style=\"text-align: center;\"><span style=\"font-size: 8pt;\">T4<\/span><\/td>\n<td class=\"nomobile\" style=\"text-align: center;\"><\/td>\n<td><strong>Michele Cinotto<\/strong><br \/>\n<strong>Maurizio Dominella<\/strong><\/td>\n<td>Polaris RZR PRO XP<\/td>\n<td class=\"nomobile\">Xtreme Plus Polaris Factory Team<\/td>\n<td style=\"text-align: right; padding-right: 15px;\"><strong>+76:48:26<\/strong><\/td>\n<\/tr>\n<tr style=\"vertical-align: top; background-color: #dbd9d9;\">\n<td style=\"text-align: center;\"><strong>161.<\/strong><\/td>\n<td class=\"nomobile\" style=\"text-align: center;\">511<\/td>\n<td class=\"nomobile\" style=\"text-align: center;\"><span style=\"font-size: 8pt;\">T5<\/span><\/td>\n<td class=\"nomobile\" style=\"text-align: center;\"><\/td>\n<td><a href=\"\/index.php\/osobnosti\/ignacio-casale\/\"><span style=\"color: #ee8027;\"><strong>Ignacio Casale<\/strong><\/span><\/a><br \/>\n<strong><a href=\"\/index.php\/osobnosti\/alvaro-leon\/\"><span style=\"color: #ee8027;\">\u00c1lvaro Le\u00f3n<\/span><\/a><\/strong><br \/>\n<strong><a href=\"\/index.php\/osobnosti\/tomas-sikola\/\"><span style=\"color: #ee8027;\">Tom\u00e1\u0161 \u0160ikola<\/span><\/a><\/strong><\/td>\n<td>Tatra Phoenix<\/td>\n<td class=\"nomobile\">Tatra Buggyra Racing<\/td>\n<td style=\"text-align: right; padding-right: 15px;\"><strong>+78:17:58<\/strong><\/td>\n<\/tr>\n<tr style=\"vertical-align: top; background-color: #f2f2f2;\">\n<td style=\"text-align: center;\"><strong>162.<\/strong><\/td>\n<td class=\"nomobile\" style=\"text-align: center;\">462<\/td>\n<td class=\"nomobile\" style=\"text-align: center;\"><span style=\"font-size: 8pt;\">T4<\/span><\/td>\n<td class=\"nomobile\" style=\"text-align: center;\"><\/td>\n<td><strong>Patrice Etienne<\/strong><br \/>\n<strong>Jerome Bos<\/strong><\/td>\n<td>Can-Am Maverick X3<\/td>\n<td class=\"nomobile\">Ydeo Competition<\/td>\n<td style=\"text-align: right; padding-right: 15px;\"><strong>+81:30:06<\/strong><\/td>\n<\/tr>\n<tr style=\"vertical-align: top; background-color: #dbd9d9;\">\n<td style=\"text-align: center;\"><strong>163.<\/strong><\/td>\n<td class=\"nomobile\" style=\"text-align: center;\">292<\/td>\n<td class=\"nomobile\" style=\"text-align: center;\"><span style=\"font-size: 8pt;\">T1<\/span><\/td>\n<td class=\"nomobile\" style=\"text-align: center;\"><\/td>\n<td><strong>Henri Vansteenbergen<\/strong><br \/>\n<strong>Eyck Willemse<\/strong><\/td>\n<td>Rally Raid UK Oryx DW<\/td>\n<td class=\"nomobile\">Oryxrallysport<\/td>\n<td style=\"text-align: right; padding-right: 15px;\"><strong>+85:01:55<\/strong><\/td>\n<\/tr>\n<tr style=\"vertical-align: top; background-color: #f2f2f2;\">\n<td style=\"text-align: center;\"><strong>164.<\/strong><\/td>\n<td class=\"nomobile\" style=\"text-align: center;\">323<\/td>\n<td class=\"nomobile\" style=\"text-align: center;\"><span style=\"font-size: 8pt;\">T3<\/span><\/td>\n<td class=\"nomobile\" style=\"text-align: center;\"><\/td>\n<td><strong>Maria Oparina<\/strong><br \/>\n<strong>Andrej Rudnickij<\/strong><\/td>\n<td>Can-Am Maverick X3<\/td>\n<td class=\"nomobile\">Team Maria Oparina<\/td>\n<td style=\"text-align: right; padding-right: 15px;\"><strong>+86:36:48<\/strong><\/td>\n<\/tr>\n<tr style=\"vertical-align: top; background-color: #dbd9d9;\">\n<td style=\"text-align: center;\"><strong>165.<\/strong><\/td>\n<td class=\"nomobile\" style=\"text-align: center;\">560<\/td>\n<td class=\"nomobile\" style=\"text-align: center;\"><span style=\"font-size: 8pt;\">T5<\/span><\/td>\n<td class=\"nomobile\" style=\"text-align: center;\"><\/td>\n<td><strong>Jose Martins<\/strong><br \/>\n<strong>Didier Belivier<\/strong><br \/>\n<strong>Jeremie Gimbre<\/strong><\/td>\n<td>Iveco Trakker<\/td>\n<td class=\"nomobile\">Team Boucou<\/td>\n<td style=\"text-align: right; padding-right: 15px;\"><strong>+87:28:39<\/strong><\/td>\n<\/tr>\n<tr style=\"vertical-align: top; background-color: #f2f2f2;\">\n<td style=\"text-align: center;\"><strong>166.<\/strong><\/td>\n<td class=\"nomobile\" style=\"text-align: center;\">516<\/td>\n<td class=\"nomobile\" style=\"text-align: center;\"><span style=\"font-size: 8pt;\">T5<\/span><\/td>\n<td class=\"nomobile\" style=\"text-align: center;\"><\/td>\n<td><strong>Gert Huzink<\/strong><br \/>\n<strong>Rob Buursen<\/strong><br \/>\n<strong>Martin Roesink<\/strong><\/td>\n<td>Renault C460 Hybrid<\/td>\n<td class=\"nomobile\">Riwald Dakar Team<\/td>\n<td style=\"text-align: right; padding-right: 15px;\"><strong>+88:40:37<\/strong><\/td>\n<\/tr>\n<tr style=\"vertical-align: top; background-color: #dbd9d9;\">\n<td style=\"text-align: center;\"><strong>167.<\/strong><\/td>\n<td class=\"nomobile\" style=\"text-align: center;\">271<\/td>\n<td class=\"nomobile\" style=\"text-align: center;\"><span style=\"font-size: 8pt;\">T1<\/span><\/td>\n<td class=\"nomobile\" style=\"text-align: center;\"><\/td>\n<td><strong>Schalk Burger<\/strong><br \/>\n<strong>Henk Janse van Vuuren<\/strong><\/td>\n<td>Century CR6<\/td>\n<td class=\"nomobile\">Century Racing<\/td>\n<td style=\"text-align: right; padding-right: 15px;\"><strong>+89:21:06<\/strong><\/td>\n<\/tr>\n<tr style=\"vertical-align: top; background-color: #f2f2f2;\">\n<td style=\"text-align: center;\"><strong>168.<\/strong><\/td>\n<td class=\"nomobile\" style=\"text-align: center;\">331<\/td>\n<td class=\"nomobile\" style=\"text-align: center;\"><span style=\"font-size: 8pt;\">T3<\/span><\/td>\n<td class=\"nomobile\" style=\"text-align: center;\"><span style=\"font-size: 8pt;\"><a href=\"\/index.php\/w2rc\/w2rc-2022\/\"><span style=\"color: #ee8027;\">W2RC<\/span><\/a><\/span><\/td>\n<td><strong>Ahmed Alkuwari<\/strong><br \/>\n<strong>Nasser Alkuwari<\/strong><\/td>\n<td>Yamaha YXZ1000R<\/td>\n<td class=\"nomobile\">Yamaha Powered by X-raid Team<\/td>\n<td style=\"text-align: right; padding-right: 15px;\"><strong>+94:09:12<\/strong><\/td>\n<\/tr>\n<tr style=\"vertical-align: top; background-color: #dbd9d9;\">\n<td style=\"text-align: center;\"><strong>169.<\/strong><\/td>\n<td class=\"nomobile\" style=\"text-align: center;\">356<\/td>\n<td class=\"nomobile\" style=\"text-align: center;\"><span style=\"font-size: 8pt;\">T3<\/span><\/td>\n<td class=\"nomobile\" style=\"text-align: center;\"><span style=\"font-size: 8pt;\"><a href=\"\/index.php\/w2rc\/w2rc-2022\/\"><span style=\"color: #ee8027;\">W2RC<\/span><\/a><\/span><\/td>\n<td><strong>Merc\u00e8 Mart\u00ed<\/strong><br \/>\n<strong>Margot Llobera<\/strong><\/td>\n<td>Can-Am Maverick X3<\/td>\n<td class=\"nomobile\">FN Speed Team<\/td>\n<td style=\"text-align: right; padding-right: 15px;\"><strong>+96:56:17<\/strong><\/td>\n<\/tr>\n<tr style=\"vertical-align: top; background-color: #f2f2f2;\">\n<td style=\"text-align: center;\"><strong>170.<\/strong><\/td>\n<td class=\"nomobile\" style=\"text-align: center;\">279<\/td>\n<td class=\"nomobile\" style=\"text-align: center;\"><span style=\"font-size: 8pt;\">T1<\/span><\/td>\n<td class=\"nomobile\" style=\"text-align: center;\"><\/td>\n<td><strong>Maxime Lacarrau<\/strong><br \/>\n<strong>Frederic Becart<\/strong><\/td>\n<td>Toyota Land Cruiser KDJ 120<\/td>\n<td class=\"nomobile\">Team SSP<\/td>\n<td style=\"text-align: right; padding-right: 15px;\"><strong>+97:20:21<\/strong><\/td>\n<\/tr>\n<tr style=\"vertical-align: top; background-color: #dbd9d9;\">\n<td style=\"text-align: center;\"><strong>171.<\/strong><\/td>\n<td class=\"nomobile\" style=\"text-align: center;\">264<\/td>\n<td class=\"nomobile\" style=\"text-align: center;\"><span style=\"font-size: 8pt;\">T1<\/span><\/td>\n<td class=\"nomobile\" style=\"text-align: center;\"><\/td>\n<td><strong>Andrea Lafarja<\/strong><br \/>\n<strong>Eugenio Andres Arrieta<\/strong><\/td>\n<td>Borgward BX7 Evo<\/td>\n<td class=\"nomobile\">Puma Energy Rallyteam<\/td>\n<td style=\"text-align: right; padding-right: 15px;\"><strong>+103:36:41<\/strong><\/td>\n<\/tr>\n<tr style=\"vertical-align: top; background-color: #f2f2f2;\">\n<td style=\"text-align: center;\"><strong>172.<\/strong><\/td>\n<td class=\"nomobile\" style=\"text-align: center;\">239<\/td>\n<td class=\"nomobile\" style=\"text-align: center;\"><span style=\"font-size: 8pt;\">T1<\/span><\/td>\n<td class=\"nomobile\" style=\"text-align: center;\"><\/td>\n<td><strong>Carlos Checa<\/strong><br \/>\n<strong><a href=\"\/index.php\/osobnosti\/ferran-marco-alcayna\/\"><span style=\"color: #ee8027;\">Ferran Marco<\/span><\/a><\/strong><\/td>\n<td>MD Optimus<\/td>\n<td class=\"nomobile\">MD Rallye Sport<\/td>\n<td style=\"text-align: right; padding-right: 15px;\"><strong>+104:45:11<\/strong><\/td>\n<\/tr>\n<tr style=\"vertical-align: top; background-color: #dbd9d9;\">\n<td style=\"text-align: center;\"><strong>173.<\/strong><\/td>\n<td class=\"nomobile\" style=\"text-align: center;\">543<\/td>\n<td class=\"nomobile\" style=\"text-align: center;\"><span style=\"font-size: 8pt;\">T5<\/span><\/td>\n<td class=\"nomobile\" style=\"text-align: center;\"><\/td>\n<td><strong>Dave Berghmans<\/strong><br \/>\n<strong>Tom Geuens<\/strong><br \/>\n<strong>Sam Koopmann<\/strong><\/td>\n<td>Iveco Trakker<\/td>\n<td class=\"nomobile\">Overdrive Toyota<\/td>\n<td style=\"text-align: right; padding-right: 15px;\"><strong>+109:16:52<\/strong><\/td>\n<\/tr>\n<tr style=\"vertical-align: top; background-color: #f2f2f2;\">\n<td style=\"text-align: center;\"><strong>174.<\/strong><\/td>\n<td class=\"nomobile\" style=\"text-align: center;\">556<\/td>\n<td class=\"nomobile\" style=\"text-align: center;\"><span style=\"font-size: 8pt;\">T5<\/span><\/td>\n<td class=\"nomobile\" style=\"text-align: center;\"><\/td>\n<td><strong>Stefan Henken<\/strong><br \/>\n<strong>Michael Helminger<\/strong><br \/>\n<strong>Ludwig Helminger<\/strong><\/td>\n<td>MAN TGS 18.480<\/td>\n<td class=\"nomobile\">South Racing Service<\/td>\n<td style=\"text-align: right; padding-right: 15px;\"><strong>+126:44:14<\/strong><\/td>\n<\/tr>\n<tr style=\"vertical-align: top; background-color: #dbd9d9;\">\n<td style=\"text-align: center;\"><strong>175.<\/strong><\/td>\n<td class=\"nomobile\" style=\"text-align: center;\">281<\/td>\n<td class=\"nomobile\" style=\"text-align: center;\"><span style=\"font-size: 8pt;\">T1<\/span><\/td>\n<td class=\"nomobile\" style=\"text-align: center;\"><\/td>\n<td><strong>Pierre-Guy Cellerier<\/strong><br \/>\n<strong>Franck Cellerier<\/strong><\/td>\n<td>Bowler<\/td>\n<td class=\"nomobile\">MMO<\/td>\n<td style=\"text-align: right; padding-right: 15px;\"><strong>+127:23:51<\/strong><\/td>\n<\/tr>\n<tr style=\"vertical-align: top; background-color: #f2f2f2;\">\n<td style=\"text-align: center;\"><strong>176.<\/strong><\/td>\n<td class=\"nomobile\" style=\"text-align: center;\">285<\/td>\n<td class=\"nomobile\" style=\"text-align: center;\"><span style=\"font-size: 8pt;\">T1<\/span><\/td>\n<td class=\"nomobile\" style=\"text-align: center;\"><\/td>\n<td><strong>Herv\u00e9 Quinet<\/strong><br \/>\n<strong>Marie-Laure Quinet<\/strong><\/td>\n<td>Rally Raid UK Desert Warrior<\/td>\n<td class=\"nomobile\">Les Cl\u00e9rimois Auto Sport<\/td>\n<td style=\"text-align: right; padding-right: 15px;\"><strong>+127:24:06<\/strong><\/td>\n<\/tr>\n<tr style=\"vertical-align: top; background-color: #dbd9d9;\">\n<td style=\"text-align: center;\"><strong>177.<\/strong><\/td>\n<td class=\"nomobile\" style=\"text-align: center;\">548<\/td>\n<td class=\"nomobile\" style=\"text-align: center;\"><span style=\"font-size: 8pt;\">T5<\/span><\/td>\n<td class=\"nomobile\" style=\"text-align: center;\"><\/td>\n<td><strong>Richard Gonzalez<\/strong><br \/>\n<strong>Jean-Philippe Salviat<\/strong><br \/>\n<strong>Patrick Prot<\/strong><\/td>\n<td>DAF TSB<\/td>\n<td class=\"nomobile\">Sodicars Racing<\/td>\n<td style=\"text-align: right; padding-right: 15px;\"><strong>+129:48:20<\/strong><\/td>\n<\/tr>\n<tr style=\"vertical-align: top; background-color: #f2f2f2;\">\n<td style=\"text-align: center;\"><strong>178.<\/strong><\/td>\n<td class=\"nomobile\" style=\"text-align: center;\">344<\/td>\n<td class=\"nomobile\" style=\"text-align: center;\"><span style=\"font-size: 8pt;\">T3<\/span><\/td>\n<td class=\"nomobile\" style=\"text-align: center;\"><\/td>\n<td><strong>Pedro Manuel Pe\u00f1ate Mu\u00f1oz<\/strong><br \/>\n<strong>Rosa Romero Font<\/strong><\/td>\n<td>Can-Am Maverick X3<\/td>\n<td class=\"nomobile\">Valsebike Canarias<br \/>\nTH Trucks Team<\/td>\n<td style=\"text-align: right; padding-right: 15px;\"><strong>+135:19:02<\/strong><\/td>\n<\/tr>\n<tr style=\"vertical-align: top; background-color: #dbd9d9;\">\n<td style=\"text-align: center;\"><strong>179.<\/strong><\/td>\n<td class=\"nomobile\" style=\"text-align: center;\">320<\/td>\n<td class=\"nomobile\" style=\"text-align: center;\"><span style=\"font-size: 8pt;\">T3<\/span><\/td>\n<td class=\"nomobile\" style=\"text-align: center;\"><\/td>\n<td><a href=\"\/index.php\/osobnosti\/andrej-novikov\/\"><span style=\"color: #ee8027;\"><strong>Andrej Novikov<\/strong><\/span><\/a><br \/>\n<strong><a href=\"\/index.php\/osobnosti\/dmitrij-kozuchov\/\"><span style=\"color: #ee8027;\">Dmitrij Ko\u017euchov<\/span><\/a><\/strong><\/td>\n<td>G-Force T3GF<\/td>\n<td class=\"nomobile\">G-Force Motorsport<\/td>\n<td style=\"text-align: right; padding-right: 15px;\"><strong>+140:26:07<\/strong><\/td>\n<\/tr>\n<tr style=\"vertical-align: top; background-color: #f2f2f2;\">\n<td style=\"text-align: center;\"><strong>180.<\/strong><\/td>\n<td class=\"nomobile\" style=\"text-align: center;\">525<\/td>\n<td class=\"nomobile\" style=\"text-align: center;\"><span style=\"font-size: 8pt;\">T5<\/span><\/td>\n<td class=\"nomobile\" style=\"text-align: center;\"><\/td>\n<td><strong>Alberto Herrero<\/strong><br \/>\n<strong>Borja Rodriguez<\/strong><br \/>\n<strong>Mario Rodriguez<\/strong><\/td>\n<td>Scania Torpedo<\/td>\n<td class=\"nomobile\">TH Trucks<\/td>\n<td style=\"text-align: right; padding-right: 15px;\"><strong>+142:16:31<\/strong><\/td>\n<\/tr>\n<tr style=\"vertical-align: top; background-color: #dbd9d9;\">\n<td style=\"text-align: center;\"><strong>181.<\/strong><\/td>\n<td class=\"nomobile\" style=\"text-align: center;\">295<\/td>\n<td class=\"nomobile\" style=\"text-align: center;\"><span style=\"font-size: 8pt;\">T1<\/span><\/td>\n<td class=\"nomobile\" style=\"text-align: center;\"><\/td>\n<td><strong>Marco Piana<\/strong><br \/>\n<strong>Nicolas Garnier<\/strong><\/td>\n<td>Toyota Land Cruiser<\/td>\n<td class=\"nomobile\">Xtreme Plus Polaris Factory Team<\/td>\n<td style=\"text-align: right; padding-right: 15px;\"><strong>+147:25:10<\/strong><\/td>\n<\/tr>\n<tr style=\"vertical-align: top; background-color: #f2f2f2;\">\n<td style=\"text-align: center;\"><strong>182.<\/strong><\/td>\n<td class=\"nomobile\" style=\"text-align: center;\">347<\/td>\n<td class=\"nomobile\" style=\"text-align: center;\"><span style=\"font-size: 8pt;\">T3<\/span><\/td>\n<td class=\"nomobile\" style=\"text-align: center;\"><\/td>\n<td><strong>Pascale Jaffrennou<\/strong><br \/>\n<strong>Fran\u00e7oise Hollender<\/strong><\/td>\n<td>Pinch Racing T3RR<\/td>\n<td class=\"nomobile\">Pinch Racing<\/td>\n<td style=\"text-align: right; padding-right: 15px;\"><strong>+157:15:41<\/strong><\/td>\n<\/tr>\n<tr style=\"vertical-align: top; background-color: #dbd9d9;\">\n<td style=\"text-align: center;\"><strong>183.<\/strong><\/td>\n<td class=\"nomobile\" style=\"text-align: center;\">296<\/td>\n<td class=\"nomobile\" style=\"text-align: center;\"><span style=\"font-size: 8pt;\">T1<\/span><\/td>\n<td class=\"nomobile\" style=\"text-align: center;\"><\/td>\n<td><strong>Christophe Girard<\/strong><br \/>\n<strong>Renaud Niveau<\/strong><\/td>\n<td>Toyota HDJ 100<\/td>\n<td class=\"nomobile\">STA Competition<\/td>\n<td style=\"text-align: right; padding-right: 15px;\"><strong>+176:18:15<\/strong><\/td>\n<\/tr>\n<tr style=\"vertical-align: top; background-color: #f2f2f2;\">\n<td style=\"text-align: center;\"><strong>184.<\/strong><\/td>\n<td class=\"nomobile\" style=\"text-align: center;\">268<\/td>\n<td class=\"nomobile\" style=\"text-align: center;\"><span style=\"font-size: 8pt;\">T1<\/span><\/td>\n<td class=\"nomobile\" style=\"text-align: center;\"><\/td>\n<td><strong>Andrea Schiumarini<\/strong><br \/>\n<strong>Stefano Sinibaldi<\/strong><\/td>\n<td>Mitsubishi Pajero WRC Plus<\/td>\n<td class=\"nomobile\">R Team<\/td>\n<td style=\"text-align: right; padding-right: 15px;\"><strong>+177:00:57<\/strong><\/td>\n<\/tr>\n<tr style=\"vertical-align: top; background-color: #dbd9d9;\">\n<td style=\"text-align: center;\"><strong>185.<\/strong><\/td>\n<td class=\"nomobile\" style=\"text-align: center;\">291<\/td>\n<td class=\"nomobile\" style=\"text-align: center;\"><span style=\"font-size: 8pt;\">T1<\/span><\/td>\n<td class=\"nomobile\" style=\"text-align: center;\"><\/td>\n<td><strong>Ibrahim Almuhna<\/strong><br \/>\n<strong>Osama Alsanad<\/strong><\/td>\n<td>Toyota FJ Cruiser<\/td>\n<td class=\"nomobile\"><\/td>\n<td style=\"text-align: right; padding-right: 15px;\"><strong>+184:05:45<\/strong><\/td>\n<\/tr>\n<tr style=\"vertical-align: top; background-color: #f2f2f2;\">\n<td style=\"text-align: center;\"><strong>186.<\/strong><\/td>\n<td class=\"nomobile\" style=\"text-align: center;\">315<\/td>\n<td class=\"nomobile\" style=\"text-align: center;\"><span style=\"font-size: 8pt;\">T3<\/span><\/td>\n<td class=\"nomobile\" style=\"text-align: center;\"><\/td>\n<td><strong>Boris Gadasin<\/strong><br \/>\n<strong>Dmitrij Pavlov<\/strong><\/td>\n<td>G-Force T3GF<\/td>\n<td class=\"nomobile\">G-Force Motorsport<\/td>\n<td style=\"text-align: right; padding-right: 15px;\"><strong>+191:30:49<\/strong><\/td>\n<\/tr>\n<tr style=\"background-color: #808080; color: white;\">\n<td style=\"text-align: left;\" colspan=\"8\"><\/td>\n<\/tr>\n<tr style=\"vertical-align: top; background-color: #dbd9d9;\">\n<td style=\"text-align: center;\"><strong>DNF<\/strong><\/td>\n<td class=\"nomobile\" style=\"text-align: center;\">215<\/td>\n<td class=\"nomobile\" style=\"text-align: center;\"><span style=\"font-size: 8pt;\">T1<\/span><\/td>\n<td class=\"nomobile\" style=\"text-align: center;\"><\/td>\n<td><strong>Romain Dumas<\/strong><br \/>\n<strong>R\u00e9mi Boulanger<\/strong><\/td>\n<td>Toyota Hilux<\/td>\n<td class=\"nomobile\">Rebellion Racing<\/td>\n<td style=\"text-align: right; padding-right: 15px;\"><\/td>\n<\/tr>\n<tr style=\"vertical-align: top; background-color: #f2f2f2;\">\n<td style=\"text-align: center;\"><strong>DNF<\/strong><\/td>\n<td class=\"nomobile\" style=\"text-align: center;\">218<\/td>\n<td class=\"nomobile\" style=\"text-align: center;\"><span style=\"font-size: 8pt;\">T1<\/span><\/td>\n<td class=\"nomobile\" style=\"text-align: center;\"><\/td>\n<td><strong>Yasir Seaidan<\/strong><br \/>\n<strong><a href=\"\/index.php\/osobnosti\/alexej-kuzmic\/\"><span style=\"color: #ee8027;\">Alexej Kuzmi\u010d<\/span><\/a><\/strong><\/td>\n<td>Mini JCW Rally<\/td>\n<td class=\"nomobile\">X-raid Mini JCW Team<\/td>\n<td style=\"text-align: right; padding-right: 15px;\"><strong><span style=\"font-size: 8pt;\">7. etapa<\/span><\/strong><\/td>\n<\/tr>\n<tr style=\"vertical-align: top; background-color: #dbd9d9;\">\n<td style=\"text-align: center;\"><strong>DNF<\/strong><\/td>\n<td class=\"nomobile\" style=\"text-align: center;\">219<\/td>\n<td class=\"nomobile\" style=\"text-align: center;\"><span style=\"font-size: 8pt;\">T1<\/span><\/td>\n<td class=\"nomobile\" style=\"text-align: center;\"><\/td>\n<td><strong>Benediktas Vanagas<\/strong><br \/>\n<strong>Filipe Palmeiro<\/strong><\/td>\n<td>Toyota Hilux<\/td>\n<td class=\"nomobile\">Toyota Gazoo Racing Baltics<\/td>\n<td style=\"text-align: right; padding-right: 15px;\"><\/td>\n<\/tr>\n<tr style=\"vertical-align: top; background-color: #f2f2f2;\">\n<td style=\"text-align: center;\"><strong>DNF<\/strong><\/td>\n<td class=\"nomobile\" style=\"text-align: center;\">226<\/td>\n<td class=\"nomobile\" style=\"text-align: center;\"><span style=\"font-size: 8pt;\">T1<\/span><\/td>\n<td class=\"nomobile\" style=\"text-align: center;\"><span style=\"font-size: 8pt;\"><a href=\"\/index.php\/w2rc\/w2rc-2022\/\"><span style=\"color: #ee8027;\">W2RC<\/span><\/a><\/span><\/td>\n<td><a href=\"\/index.php\/osobnosti\/guerlain-chicherit\/\"><span style=\"color: #ee8027;\"><strong>Guerlain Chicherit<\/strong><\/span><\/a><br \/>\n<strong><a href=\"\/index.php\/osobnosti\/alexandre-winocq\/\"><span style=\"color: #ee8027;\">Alex Winocq<\/span><\/a><\/strong><\/td>\n<td>Buggy GCK Thunder<\/td>\n<td class=\"nomobile\">GCK Motorsport<\/td>\n<td style=\"text-align: right; padding-right: 15px;\"><strong><span style=\"font-size: 8pt;\">12. etapa<\/span><\/strong><\/td>\n<\/tr>\n<tr style=\"vertical-align: top; background-color: #dbd9d9;\">\n<td style=\"text-align: center;\"><strong>DNS<\/strong><\/td>\n<td class=\"nomobile\" style=\"text-align: center;\">227<\/td>\n<td class=\"nomobile\" style=\"text-align: center;\"><span style=\"font-size: 8pt;\">T1<\/span><\/td>\n<td class=\"nomobile\" style=\"text-align: center;\"><\/td>\n<td><strong>J\u00e9r\u00f4me P\u00e9lichet<\/strong><br \/>\n<strong>Pascal Larroque<\/strong><\/td>\n<td>Optimus<\/td>\n<td class=\"nomobile\">Raidlynx<\/td>\n<td style=\"text-align: right; padding-right: 15px;\"><\/td>\n<\/tr>\n<tr style=\"vertical-align: top; background-color: #f2f2f2;\">\n<td style=\"text-align: center;\"><strong>DNF<\/strong><\/td>\n<td class=\"nomobile\" style=\"text-align: center;\">244<\/td>\n<td class=\"nomobile\" style=\"text-align: center;\"><span style=\"font-size: 8pt;\">T1<\/span><\/td>\n<td class=\"nomobile\" style=\"text-align: center;\"><\/td>\n<td><strong>Khalid Aljafla<\/strong><br \/>\n<strong>Charly Gotlib<\/strong><\/td>\n<td>Toyota Hilux<\/td>\n<td class=\"nomobile\">Aljafla Racing<\/td>\n<td style=\"text-align: right; padding-right: 15px;\"><\/td>\n<\/tr>\n<tr style=\"vertical-align: top; background-color: #dbd9d9;\">\n<td style=\"text-align: center;\"><strong>DNF<\/strong><\/td>\n<td class=\"nomobile\" style=\"text-align: center;\">247<\/td>\n<td class=\"nomobile\" style=\"text-align: center;\"><span style=\"font-size: 8pt;\">T1<\/span><\/td>\n<td class=\"nomobile\" style=\"text-align: center;\"><\/td>\n<td><strong>Tim Coronel<\/strong><br \/>\n<strong>Tom Coronel<\/strong><\/td>\n<td>Century CR6<\/td>\n<td class=\"nomobile\">Coronel Dakar Team<\/td>\n<td style=\"text-align: right; padding-right: 15px;\"><\/td>\n<\/tr>\n<tr style=\"vertical-align: top; background-color: #f2f2f2;\">\n<td style=\"text-align: center;\"><strong>DNF<\/strong><\/td>\n<td class=\"nomobile\" style=\"text-align: center;\">256<\/td>\n<td class=\"nomobile\" style=\"text-align: center;\"><span style=\"font-size: 8pt;\">T1<\/span><\/td>\n<td class=\"nomobile\" style=\"text-align: center;\"><\/td>\n<td><strong>Jesus Calleja<\/strong><br \/>\n<strong>Edu Blanco<\/strong><\/td>\n<td>Astara 01 Concept<\/td>\n<td class=\"nomobile\">Astara Team<\/td>\n<td style=\"text-align: right; padding-right: 15px;\"><\/td>\n<\/tr>\n<tr style=\"vertical-align: top; background-color: #dbd9d9;\">\n<td style=\"text-align: center;\"><strong>DNF<\/strong><\/td>\n<td class=\"nomobile\" style=\"text-align: center;\">257<\/td>\n<td class=\"nomobile\" style=\"text-align: center;\"><span style=\"font-size: 8pt;\">T1<\/span><\/td>\n<td class=\"nomobile\" style=\"text-align: center;\"><\/td>\n<td><strong>Manuel Plaza Perez<\/strong><br \/>\n<strong>Monica Plaza Vazquez<\/strong><\/td>\n<td>Chevrolet BV2 Sodicars Racing<\/td>\n<td class=\"nomobile\">Sodicars Racing<\/td>\n<td style=\"text-align: right; padding-right: 15px;\"><\/td>\n<\/tr>\n<tr style=\"vertical-align: top; background-color: #f2f2f2;\">\n<td style=\"text-align: center;\"><strong>DNF<\/strong><\/td>\n<td class=\"nomobile\" style=\"text-align: center;\">258<\/td>\n<td class=\"nomobile\" style=\"text-align: center;\"><span style=\"font-size: 8pt;\">T1<\/span><\/td>\n<td class=\"nomobile\" style=\"text-align: center;\"><\/td>\n<td><strong>Andrej \u010cerednikov<\/strong><br \/>\n<strong>Meiram Tleuchan<\/strong><\/td>\n<td>Ford F-150 Evo<\/td>\n<td class=\"nomobile\">Offroadsport<\/td>\n<td style=\"text-align: right; padding-right: 15px;\"><\/td>\n<\/tr>\n<tr style=\"vertical-align: top; background-color: #dbd9d9;\">\n<td style=\"text-align: center;\"><strong>DNF<\/strong><\/td>\n<td class=\"nomobile\" style=\"text-align: center;\">261<\/td>\n<td class=\"nomobile\" style=\"text-align: center;\"><span style=\"font-size: 8pt;\">T1<\/span><\/td>\n<td class=\"nomobile\" style=\"text-align: center;\"><\/td>\n<td><strong>Patrice Garrouste<\/strong><br \/>\n<strong>Jeremy Caszalot<\/strong><\/td>\n<td>Buggy Chevrolet Sarap Buffalo<\/td>\n<td class=\"nomobile\">Sodicars Racing<\/td>\n<td style=\"text-align: right; padding-right: 15px;\"><\/td>\n<\/tr>\n<tr style=\"vertical-align: top; background-color: #f2f2f2;\">\n<td style=\"text-align: center;\"><strong>DNF<\/strong><\/td>\n<td class=\"nomobile\" style=\"text-align: center;\">274<\/td>\n<td class=\"nomobile\" style=\"text-align: center;\"><span style=\"font-size: 8pt;\">T1<\/span><\/td>\n<td class=\"nomobile\" style=\"text-align: center;\"><\/td>\n<td><strong>Jesus Manuel Henriquez Navarro<\/strong><br \/>\n<strong>Filippo Ippolito<\/strong><\/td>\n<td>Dakar Enduro<\/td>\n<td class=\"nomobile\">Maximus<\/td>\n<td style=\"text-align: right; padding-right: 15px;\"><\/td>\n<\/tr>\n<tr style=\"vertical-align: top; background-color: #dbd9d9;\">\n<td style=\"text-align: center;\"><strong>DNF<\/strong><\/td>\n<td class=\"nomobile\" style=\"text-align: center;\">275<\/td>\n<td class=\"nomobile\" style=\"text-align: center;\"><span style=\"font-size: 8pt;\">T1<\/span><\/td>\n<td class=\"nomobile\" style=\"text-align: center;\"><span style=\"font-size: 8pt;\"><a href=\"\/index.php\/w2rc\/w2rc-2022\/\"><span style=\"color: #ee8027;\">W2RC<\/span><\/a><\/span><\/td>\n<td><strong>Jordi Queralto<\/strong><br \/>\n<strong>Petra Zem\u00e1nkov\u00e1<\/strong><\/td>\n<td>Jeep Tanker<\/td>\n<td class=\"nomobile\">Krestex Team<\/td>\n<td style=\"text-align: right; padding-right: 15px;\"><\/td>\n<\/tr>\n<tr style=\"vertical-align: top; background-color: #f2f2f2;\">\n<td style=\"text-align: center;\"><strong>DNF<\/strong><\/td>\n<td class=\"nomobile\" style=\"text-align: center;\">280<\/td>\n<td class=\"nomobile\" style=\"text-align: center;\"><span style=\"font-size: 8pt;\">T1<\/span><\/td>\n<td class=\"nomobile\" style=\"text-align: center;\"><\/td>\n<td><strong>Jose Manuel Salinero<\/strong><br \/>\n<strong>Cristian Lopez Vigara<\/strong><\/td>\n<td>Nissan Proto<\/td>\n<td class=\"nomobile\">Krestex Team<\/td>\n<td style=\"text-align: right; padding-right: 15px;\"><\/td>\n<\/tr>\n<tr style=\"vertical-align: top; background-color: #dbd9d9;\">\n<td style=\"text-align: center;\"><strong>DNF<\/strong><\/td>\n<td class=\"nomobile\" style=\"text-align: center;\">283<\/td>\n<td class=\"nomobile\" style=\"text-align: center;\"><span style=\"font-size: 8pt;\">T1<\/span><\/td>\n<td class=\"nomobile\" style=\"text-align: center;\"><\/td>\n<td><strong>Antoine Delaporte<\/strong><br \/>\n<strong>Yoann Fran\u00e7ois<\/strong><\/td>\n<td>Chevrolet LCR30<\/td>\n<td class=\"nomobile\">Off Road Concept<\/td>\n<td style=\"text-align: right; padding-right: 15px;\"><\/td>\n<\/tr>\n<tr style=\"vertical-align: top; background-color: #f2f2f2;\">\n<td style=\"text-align: center;\"><strong>DNF<\/strong><\/td>\n<td class=\"nomobile\" style=\"text-align: center;\">284<\/td>\n<td class=\"nomobile\" style=\"text-align: center;\"><span style=\"font-size: 8pt;\">T1<\/span><\/td>\n<td class=\"nomobile\" style=\"text-align: center;\"><\/td>\n<td><strong>Laurent Ducreux<\/strong><br \/>\n<strong>Philippe Cantreau<\/strong><\/td>\n<td>Bowler Wildcat<\/td>\n<td class=\"nomobile\">Team MMO les Lyonnais<\/td>\n<td style=\"text-align: right; padding-right: 15px;\"><\/td>\n<\/tr>\n<tr style=\"vertical-align: top; background-color: #dbd9d9;\">\n<td style=\"text-align: center;\"><strong>DNF<\/strong><\/td>\n<td class=\"nomobile\" style=\"text-align: center;\">294<\/td>\n<td class=\"nomobile\" style=\"text-align: center;\"><span style=\"font-size: 8pt;\">T1<\/span><\/td>\n<td class=\"nomobile\" style=\"text-align: center;\"><\/td>\n<td><strong>Philippe Raud<\/strong><br \/>\n<strong>Maxime Raud<\/strong><\/td>\n<td>Toyota Land Cruiser<\/td>\n<td class=\"nomobile\">Sodicars Racing<\/td>\n<td style=\"text-align: right; padding-right: 15px;\"><\/td>\n<\/tr>\n<tr style=\"vertical-align: top; background-color: #f2f2f2;\">\n<td style=\"text-align: center;\"><strong>DNF<\/strong><\/td>\n<td class=\"nomobile\" style=\"text-align: center;\">302<\/td>\n<td class=\"nomobile\" style=\"text-align: center;\"><span style=\"font-size: 8pt;\">T3<\/span><\/td>\n<td class=\"nomobile\" style=\"text-align: center;\"><span style=\"font-size: 8pt;\"><a href=\"\/index.php\/w2rc\/w2rc-2022\/\"><span style=\"color: #ee8027;\">W2RC<\/span><\/a><\/span><\/td>\n<td><strong>Philippe Pinchedez<\/strong><br \/>\n<strong>Thomas Gaidella<\/strong><\/td>\n<td>Can-Am T3RR<\/td>\n<td class=\"nomobile\">Pinch Racing<\/td>\n<td style=\"text-align: right; padding-right: 15px;\"><\/td>\n<\/tr>\n<tr style=\"vertical-align: top; background-color: #dbd9d9;\">\n<td style=\"text-align: center;\"><strong>DNF<\/strong><\/td>\n<td class=\"nomobile\" style=\"text-align: center;\">304<\/td>\n<td class=\"nomobile\" style=\"text-align: center;\"><span style=\"font-size: 8pt;\">T3<\/span><\/td>\n<td class=\"nomobile\" style=\"text-align: center;\"><span style=\"font-size: 8pt;\"><a href=\"\/index.php\/w2rc\/w2rc-2022\/\"><span style=\"color: #ee8027;\">W2RC<\/span><\/a><\/span><\/td>\n<td><strong>Andreas Mikkelsen<\/strong><br \/>\n<strong><a href=\"\/index.php\/osobnosti\/floene-ola\/\"><span style=\"color: #ee8027;\">Ola Fl\u00f8ene<\/span><\/a><\/strong><\/td>\n<td>Overdrive OT3<\/td>\n<td class=\"nomobile\">Red Bull Off-Road Junior Team<\/td>\n<td style=\"text-align: right; padding-right: 15px;\"><strong><span style=\"font-size: 8pt;\">6. etapa<\/span><\/strong><\/td>\n<\/tr>\n<tr style=\"vertical-align: top; background-color: #f2f2f2;\">\n<td style=\"text-align: center;\"><strong>DNF<\/strong><\/td>\n<td class=\"nomobile\" style=\"text-align: center;\">308<\/td>\n<td class=\"nomobile\" style=\"text-align: center;\"><span style=\"font-size: 8pt;\">T3<\/span><\/td>\n<td class=\"nomobile\" style=\"text-align: center;\"><span style=\"font-size: 8pt;\"><a href=\"\/index.php\/w2rc\/w2rc-2022\/\"><span style=\"color: #ee8027;\">W2RC<\/span><\/a><\/span><\/td>\n<td><strong>Guillaume de M\u00e9vius<\/strong><br \/>\n<strong>Kellon Walch<\/strong><\/td>\n<td>Overdrive OT3<\/td>\n<td class=\"nomobile\">Red Bull Off-Road Junior Team<\/td>\n<td style=\"text-align: right; padding-right: 15px;\"><\/td>\n<\/tr>\n<tr style=\"vertical-align: top; background-color: #dbd9d9;\">\n<td style=\"text-align: center;\"><strong>DNF<\/strong><\/td>\n<td class=\"nomobile\" style=\"text-align: center;\">313<\/td>\n<td class=\"nomobile\" style=\"text-align: center;\"><span style=\"font-size: 8pt;\">T3<\/span><\/td>\n<td class=\"nomobile\" style=\"text-align: center;\"><span style=\"font-size: 8pt;\"><a href=\"\/index.php\/w2rc\/w2rc-2022\/\"><span style=\"color: #ee8027;\">W2RC<\/span><\/a><\/span><\/td>\n<td><a href=\"\/index.php\/osobnosti\/saleh-al-saif\/\"><span style=\"color: #ee8027;\"><strong>Saleh Al-Saif<\/strong><\/span><\/a><br \/>\n<strong>Oriol Vidal<\/strong><\/td>\n<td>Buggyra Can-Am DV 21<\/td>\n<td class=\"nomobile\">Buggyra ZM Racing<\/td>\n<td style=\"text-align: right; padding-right: 15px;\"><\/td>\n<\/tr>\n<tr style=\"vertical-align: top; background-color: #f2f2f2;\">\n<td style=\"text-align: center;\"><strong>DNF<\/strong><\/td>\n<td class=\"nomobile\" style=\"text-align: center;\">322<\/td>\n<td class=\"nomobile\" style=\"text-align: center;\"><span style=\"font-size: 8pt;\">T3<\/span><\/td>\n<td class=\"nomobile\" style=\"text-align: center;\"><\/td>\n<td><strong>Matthieu Margaillan<\/strong><br \/>\n<strong>Axelle Roux-Decima<\/strong><\/td>\n<td>Can-Am Maverick X3<\/td>\n<td class=\"nomobile\">Rally Raid Concept<\/td>\n<td style=\"text-align: right; padding-right: 15px;\"><\/td>\n<\/tr>\n<tr style=\"vertical-align: top; background-color: #dbd9d9;\">\n<td style=\"text-align: center;\"><strong>DNF<\/strong><\/td>\n<td class=\"nomobile\" style=\"text-align: center;\">325<\/td>\n<td class=\"nomobile\" style=\"text-align: center;\"><span style=\"font-size: 8pt;\">T3<\/span><\/td>\n<td class=\"nomobile\" style=\"text-align: center;\"><\/td>\n<td><strong>Jean-Pascal Besson<\/strong><br \/>\n<strong>Patrice Roissac<\/strong><\/td>\n<td>MMP Can-Am<\/td>\n<td class=\"nomobile\">Rally Raid Concept<\/td>\n<td style=\"text-align: right; padding-right: 15px;\"><\/td>\n<\/tr>\n<tr style=\"vertical-align: top; background-color: #f2f2f2;\">\n<td style=\"text-align: center;\"><strong>DNF<\/strong><\/td>\n<td class=\"nomobile\" style=\"text-align: center;\">327<\/td>\n<td class=\"nomobile\" style=\"text-align: center;\"><span style=\"font-size: 8pt;\">T3<\/span><\/td>\n<td class=\"nomobile\" style=\"text-align: center;\"><\/td>\n<td><strong>Romain Locmane<\/strong><br \/>\n<strong>Maxime Fourmaux<\/strong><\/td>\n<td>Can-Am Maverick X3<\/td>\n<td class=\"nomobile\">Quad Bike Evasion<\/td>\n<td style=\"text-align: right; padding-right: 15px;\"><\/td>\n<\/tr>\n<tr style=\"vertical-align: top; background-color: #dbd9d9;\">\n<td style=\"text-align: center;\"><strong>DNF<\/strong><\/td>\n<td class=\"nomobile\" style=\"text-align: center;\">328<\/td>\n<td class=\"nomobile\" style=\"text-align: center;\"><span style=\"font-size: 8pt;\">T3<\/span><\/td>\n<td class=\"nomobile\" style=\"text-align: center;\"><\/td>\n<td><strong>Axel All\u00e9tru<\/strong><br \/>\n<strong>Fran\u00e7ois Beguin<\/strong><\/td>\n<td>Can-Am Maverick X3<\/td>\n<td class=\"nomobile\">Team All\u00e9tru&#8217;s Mercier Racing<\/td>\n<td style=\"text-align: right; padding-right: 15px;\"><\/td>\n<\/tr>\n<tr style=\"vertical-align: top; background-color: #f2f2f2;\">\n<td style=\"text-align: center;\"><strong>DNF<\/strong><\/td>\n<td class=\"nomobile\" style=\"text-align: center;\">333<\/td>\n<td class=\"nomobile\" style=\"text-align: center;\"><span style=\"font-size: 8pt;\">T3<\/span><\/td>\n<td class=\"nomobile\" style=\"text-align: center;\"><span style=\"font-size: 8pt;\"><a href=\"\/index.php\/w2rc\/w2rc-2022\/\"><span style=\"color: #ee8027;\">W2RC<\/span><\/a><\/span><\/td>\n<td><strong>Marco Carrara<\/strong><br \/>\n<strong>Enrico Gaspari<\/strong><\/td>\n<td>PH Sport Zephyr<\/td>\n<td class=\"nomobile\">PH Sport<\/td>\n<td style=\"text-align: right; padding-right: 15px;\"><\/td>\n<\/tr>\n<tr style=\"vertical-align: top; background-color: #dbd9d9;\">\n<td style=\"text-align: center;\"><strong>DNF<\/strong><\/td>\n<td class=\"nomobile\" style=\"text-align: center;\">337<\/td>\n<td class=\"nomobile\" style=\"text-align: center;\"><span style=\"font-size: 8pt;\">T3<\/span><\/td>\n<td class=\"nomobile\" style=\"text-align: center;\"><\/td>\n<td><strong>Xavier Foj<\/strong><br \/>\n<strong>Ignacio Santamaria<\/strong><\/td>\n<td>Oryx T3<\/td>\n<td class=\"nomobile\">Foj Motorsport<\/td>\n<td style=\"text-align: right; padding-right: 15px;\"><\/td>\n<\/tr>\n<tr style=\"vertical-align: top; background-color: #f2f2f2;\">\n<td style=\"text-align: center;\"><strong>DNF<\/strong><\/td>\n<td class=\"nomobile\" style=\"text-align: center;\">338<\/td>\n<td class=\"nomobile\" style=\"text-align: center;\"><span style=\"font-size: 8pt;\">T3<\/span><\/td>\n<td class=\"nomobile\" style=\"text-align: center;\"><\/td>\n<td><strong>Thierry Porte<\/strong><br \/>\n<strong>Jerome Doudard<\/strong><\/td>\n<td>ORT Scorpion<\/td>\n<td class=\"nomobile\">MD Rallye Sport<\/td>\n<td style=\"text-align: right; padding-right: 15px;\"><\/td>\n<\/tr>\n<tr style=\"vertical-align: top; background-color: #dbd9d9;\">\n<td style=\"text-align: center;\"><strong>DNF<\/strong><\/td>\n<td class=\"nomobile\" style=\"text-align: center;\">406<\/td>\n<td class=\"nomobile\" style=\"text-align: center;\"><span style=\"font-size: 8pt;\">T4<\/span><\/td>\n<td class=\"nomobile\" style=\"text-align: center;\"><\/td>\n<td><strong>Sergej Karjakin<\/strong><br \/>\n<strong>Anton Vlasjuk<\/strong><\/td>\n<td>Can-Am Maverick X3<\/td>\n<td class=\"nomobile\">Snag Racing Team<\/td>\n<td style=\"text-align: right; padding-right: 15px;\"><\/td>\n<\/tr>\n<tr style=\"vertical-align: top; background-color: #f2f2f2;\">\n<td style=\"text-align: center;\"><strong>DNF<\/strong><\/td>\n<td class=\"nomobile\" style=\"text-align: center;\">441<\/td>\n<td class=\"nomobile\" style=\"text-align: center;\"><span style=\"font-size: 8pt;\">T4<\/span><\/td>\n<td class=\"nomobile\" style=\"text-align: center;\"><\/td>\n<td><strong>Geoff Minnitt<\/strong><br \/>\n<strong>Siegfried Rousseau<\/strong><\/td>\n<td>Can-Am Maverick X3<\/td>\n<td class=\"nomobile\">South Racing Can-Am<\/td>\n<td style=\"text-align: right; padding-right: 15px;\"><\/td>\n<\/tr>\n<tr style=\"vertical-align: top; background-color: #dbd9d9;\">\n<td style=\"text-align: center;\"><strong>DNF<\/strong><\/td>\n<td class=\"nomobile\" style=\"text-align: center;\">454<\/td>\n<td class=\"nomobile\" style=\"text-align: center;\"><span style=\"font-size: 8pt;\">T4<\/span><\/td>\n<td class=\"nomobile\" style=\"text-align: center;\"><\/td>\n<td><strong>Gert-Jan van der Valk<\/strong><br \/>\n<strong>Branco de Lange<\/strong><\/td>\n<td>Can-Am Maverick X3<\/td>\n<td class=\"nomobile\">South Racing Can-Am<\/td>\n<td style=\"text-align: right; padding-right: 15px;\"><\/td>\n<\/tr>\n<tr style=\"vertical-align: top; background-color: #f2f2f2;\">\n<td style=\"text-align: center;\"><strong>DNF<\/strong><\/td>\n<td class=\"nomobile\" style=\"text-align: center;\">510<\/td>\n<td class=\"nomobile\" style=\"text-align: center;\"><span style=\"font-size: 8pt;\">T5<\/span><\/td>\n<td class=\"nomobile\" style=\"text-align: center;\"><span style=\"font-size: 8pt;\"><a href=\"\/index.php\/w2rc\/w2rc-2022\/\"><span style=\"color: #ee8027;\">W2RC<\/span><\/a><\/span><\/td>\n<td><a href=\"\/index.php\/osobnosti\/martin-soltys\/\"><span style=\"color: #ee8027;\"><strong>Martin \u0160oltys<\/strong><\/span><\/a><br \/>\n<a href=\"\/index.php\/osobnosti\/roman-krejci\/\"><span style=\"color: #ee8027;\"><strong>Roman Krej\u010d\u00ed<\/strong><\/span><\/a><br \/>\n<strong>Jakub Ji\u0159inec<\/strong><\/td>\n<td>Iveco Powerstar<\/td>\n<td class=\"nomobile\">Big Shock! Racing<\/td>\n<td style=\"text-align: right; padding-right: 15px;\"><\/td>\n<\/tr>\n<tr style=\"vertical-align: top; background-color: #dbd9d9;\">\n<td style=\"text-align: center;\"><strong>DNF<\/strong><\/td>\n<td class=\"nomobile\" style=\"text-align: center;\">514<\/td>\n<td class=\"nomobile\" style=\"text-align: center;\"><span style=\"font-size: 8pt;\">T5<\/span><\/td>\n<td class=\"nomobile\" style=\"text-align: center;\"><span style=\"font-size: 8pt;\"><a href=\"\/index.php\/w2rc\/w2rc-2022\/\"><span style=\"color: #ee8027;\">W2RC<\/span><\/a><\/span><\/td>\n<td><strong>Tom\u00e1\u0161 Vr\u00e1tn\u00fd<\/strong><br \/>\n<strong>Bart\u0142omiej Boba<\/strong><br \/>\n<strong>Jarom\u00edr Martinec<\/strong><\/td>\n<td>Ford Cargo 4\u00d74<\/td>\n<td class=\"nomobile\">Fesh Fesh Team<\/td>\n<td style=\"text-align: right; padding-right: 15px;\"><\/td>\n<\/tr>\n<tr style=\"vertical-align: top; background-color: #f2f2f2;\">\n<td style=\"text-align: center;\"><strong>DNF<\/strong><\/td>\n<td class=\"nomobile\" style=\"text-align: center;\">519<\/td>\n<td class=\"nomobile\" style=\"text-align: center;\"><span style=\"font-size: 8pt;\">T5<\/span><\/td>\n<td class=\"nomobile\" style=\"text-align: center;\"><span style=\"font-size: 8pt;\"><a href=\"\/index.php\/w2rc\/w2rc-2022\/\"><span style=\"color: #ee8027;\">W2RC<\/span><\/a><\/span><\/td>\n<td><strong>Albert Llovera<\/strong><br \/>\n<strong>Jorge Salvador Coderch<\/strong><br \/>\n<strong>Marc Torres<\/strong><\/td>\n<td>Iveco Powerstar<\/td>\n<td class=\"nomobile\">Fesh Fesh Team<\/td>\n<td style=\"text-align: right; padding-right: 15px;\"><\/td>\n<\/tr>\n<tr style=\"vertical-align: top; background-color: #dbd9d9;\">\n<td style=\"text-align: center;\"><strong>DNF<\/strong><\/td>\n<td class=\"nomobile\" style=\"text-align: center;\">521<\/td>\n<td class=\"nomobile\" style=\"text-align: center;\"><span style=\"font-size: 8pt;\">T5<\/span><\/td>\n<td class=\"nomobile\" style=\"text-align: center;\"><\/td>\n<td><strong>Pato Silva<\/strong><br \/>\n<strong>Pau Navarro<\/strong><br \/>\n<strong>Carlos Mel Banfi<\/strong><\/td>\n<td>MAN TGA<\/td>\n<td class=\"nomobile\">Puma Energy Rallyteam<\/td>\n<td style=\"text-align: right; padding-right: 15px;\"><\/td>\n<\/tr>\n<tr style=\"vertical-align: top; background-color: #f2f2f2;\">\n<td style=\"text-align: center;\"><strong>DNF<\/strong><\/td>\n<td class=\"nomobile\" style=\"text-align: center;\">523<\/td>\n<td class=\"nomobile\" style=\"text-align: center;\"><span style=\"font-size: 8pt;\">T5<\/span><\/td>\n<td class=\"nomobile\" style=\"text-align: center;\"><\/td>\n<td><strong>Maurik van den Heuvel<\/strong><br \/>\n<strong>Martijn van Rooij<\/strong><br \/>\n<strong>Wilko van Oort<\/strong><\/td>\n<td>International Scania Lonestar<\/td>\n<td class=\"nomobile\">Dakarspeed<\/td>\n<td style=\"text-align: right; padding-right: 15px;\"><\/td>\n<\/tr>\n<tr style=\"vertical-align: top; background-color: #dbd9d9;\">\n<td style=\"text-align: center;\"><strong>DNF<\/strong><\/td>\n<td class=\"nomobile\" style=\"text-align: center;\">532<\/td>\n<td class=\"nomobile\" style=\"text-align: center;\"><span style=\"font-size: 8pt;\">T5<\/span><\/td>\n<td class=\"nomobile\" style=\"text-align: center;\"><\/td>\n<td><strong>Dave Ingels<\/strong><br \/>\n<strong>Johannes Schotanus<\/strong><br \/>\n<strong>Philipp Rettig<\/strong><\/td>\n<td>MAN TGS 26.480<\/td>\n<td class=\"nomobile\">South Racing Service<\/td>\n<td style=\"text-align: right; padding-right: 15px;\"><\/td>\n<\/tr>\n<tr style=\"vertical-align: top; background-color: #f2f2f2;\">\n<td style=\"text-align: center;\"><strong>DNF<\/strong><\/td>\n<td class=\"nomobile\" style=\"text-align: center;\">533<\/td>\n<td class=\"nomobile\" style=\"text-align: center;\"><span style=\"font-size: 8pt;\">T5<\/span><\/td>\n<td class=\"nomobile\" style=\"text-align: center;\"><\/td>\n<td><strong>Pep Sabat\u00e9<\/strong><br \/>\n<strong>Jordi Esteve Oro<\/strong><br \/>\n<strong>Arnald Bastida<\/strong><\/td>\n<td>MAN TGA 26.480<\/td>\n<td class=\"nomobile\">Bahrain Raid Xtreme<\/td>\n<td style=\"text-align: right; padding-right: 15px;\"><\/td>\n<\/tr>\n<tr style=\"vertical-align: top; background-color: #dbd9d9;\">\n<td style=\"text-align: center;\"><strong>DNF<\/strong><\/td>\n<td class=\"nomobile\" style=\"text-align: center;\">534<\/td>\n<td class=\"nomobile\" style=\"text-align: center;\"><span style=\"font-size: 8pt;\">T5<\/span><\/td>\n<td class=\"nomobile\" style=\"text-align: center;\"><\/td>\n<td><strong>Igor Bouwens<\/strong><br \/>\n<strong>Syndiely Wade<\/strong><br \/>\n<strong>Ulrich Boerboom<\/strong><\/td>\n<td>Iveco T-Way<\/td>\n<td class=\"nomobile\">Gregoor Racing Team<\/td>\n<td style=\"text-align: right; padding-right: 15px;\"><\/td>\n<\/tr>\n<tr style=\"vertical-align: top; background-color: #f2f2f2;\">\n<td style=\"text-align: center;\"><strong>DNF<\/strong><\/td>\n<td class=\"nomobile\" style=\"text-align: center;\">535<\/td>\n<td class=\"nomobile\" style=\"text-align: center;\"><span style=\"font-size: 8pt;\">T5<\/span><\/td>\n<td class=\"nomobile\" style=\"text-align: center;\"><\/td>\n<td><strong>William Jacobus Joha van Groningen<\/strong><br \/>\n<strong>Wesley van Groningen<\/strong><br \/>\n<strong>Remco Arjen Aangeenbrug<\/strong><\/td>\n<td>Iveco NG3\/BA 03<\/td>\n<td class=\"nomobile\">Dust Warriors<\/td>\n<td style=\"text-align: right; padding-right: 15px;\"><\/td>\n<\/tr>\n<tr style=\"vertical-align: top; background-color: #dbd9d9;\">\n<td style=\"text-align: center;\"><strong>DNF<\/strong><\/td>\n<td class=\"nomobile\" style=\"text-align: center;\">541<\/td>\n<td class=\"nomobile\" style=\"text-align: center;\"><span style=\"font-size: 8pt;\">T5<\/span><\/td>\n<td class=\"nomobile\" style=\"text-align: center;\"><\/td>\n<td><strong>Thomas Robineau<\/strong><br \/>\n<strong>Geoffrey Thalgott<\/strong><br \/>\n<strong>Fran\u00e7ois Regnier<\/strong><\/td>\n<td>MAN TGA<\/td>\n<td class=\"nomobile\">PH Sport<\/td>\n<td style=\"text-align: right; padding-right: 15px;\"><\/td>\n<\/tr>\n<tr style=\"vertical-align: top; background-color: #f2f2f2;\">\n<td style=\"text-align: center;\"><strong>DNF<\/strong><\/td>\n<td class=\"nomobile\" style=\"text-align: center;\">544<\/td>\n<td class=\"nomobile\" style=\"text-align: center;\"><span style=\"font-size: 8pt;\">T5<\/span><\/td>\n<td class=\"nomobile\" style=\"text-align: center;\"><\/td>\n<td><strong>Norbert Szalai<\/strong><br \/>\n<strong>Charly Rodriguez-O-Malley<\/strong><br \/>\n<strong>Patrice Daviton<\/strong><\/td>\n<td>Mercedes-Benz 4\u00d74<\/td>\n<td class=\"nomobile\">Team SSP<\/td>\n<td style=\"text-align: right; padding-right: 15px;\"><\/td>\n<\/tr>\n<tr style=\"vertical-align: top; background-color: #dbd9d9;\">\n<td style=\"text-align: center;\"><strong>DNF<\/strong><\/td>\n<td class=\"nomobile\" style=\"text-align: center;\">545<\/td>\n<td class=\"nomobile\" style=\"text-align: center;\"><span style=\"font-size: 8pt;\">T5<\/span><\/td>\n<td class=\"nomobile\" style=\"text-align: center;\"><\/td>\n<td><strong>Philippe Perry<\/strong><br \/>\n<strong>Philippe Pedeche<\/strong><\/td>\n<td>Renault Kerax<\/td>\n<td class=\"nomobile\">Team Boucou<\/td>\n<td style=\"text-align: right; padding-right: 15px;\"><\/td>\n<\/tr>\n<tr style=\"vertical-align: top; background-color: #f2f2f2;\">\n<td style=\"text-align: center;\"><strong>DNF<\/strong><\/td>\n<td class=\"nomobile\" style=\"text-align: center;\">546<\/td>\n<td class=\"nomobile\" style=\"text-align: center;\"><span style=\"font-size: 8pt;\">T5<\/span><\/td>\n<td class=\"nomobile\" style=\"text-align: center;\"><\/td>\n<td><strong>Zsolt Dar\u00e1zsi<\/strong><br \/>\n<strong>Pierre Calmon<\/strong><br \/>\n<strong>\u013dubom\u00edr Pal\u010do<\/strong><\/td>\n<td>MAN TGA<\/td>\n<td class=\"nomobile\">Team SSP<\/td>\n<td style=\"text-align: right; padding-right: 15px;\"><\/td>\n<\/tr>\n<tr style=\"vertical-align: top; background-color: #dbd9d9;\">\n<td style=\"text-align: center;\"><strong>DNF<\/strong><\/td>\n<td class=\"nomobile\" style=\"text-align: center;\">547<\/td>\n<td class=\"nomobile\" style=\"text-align: center;\"><span style=\"font-size: 8pt;\">T5<\/span><\/td>\n<td class=\"nomobile\" style=\"text-align: center;\"><\/td>\n<td><strong>Cesare Rickler del Mare<\/strong><br \/>\n<strong>Dragos Razvan Buran<\/strong><\/td>\n<td>MAN TGS<\/td>\n<td class=\"nomobile\">R Team<\/td>\n<td style=\"text-align: right; padding-right: 15px;\"><\/td>\n<\/tr>\n<tr style=\"vertical-align: top; background-color: #f2f2f2;\">\n<td style=\"text-align: center;\"><strong>DNF<\/strong><\/td>\n<td class=\"nomobile\" style=\"text-align: center;\">549<\/td>\n<td class=\"nomobile\" style=\"text-align: center;\"><span style=\"font-size: 8pt;\">T5<\/span><\/td>\n<td class=\"nomobile\" style=\"text-align: center;\"><\/td>\n<td><strong>Ahmed Benbekhti<\/strong><br \/>\n<strong>Bruno Seillet<\/strong><br \/>\n<strong>Mickael Fauvel<\/strong><\/td>\n<td>MAN TGS<\/td>\n<td class=\"nomobile\">STA Competition<\/td>\n<td style=\"text-align: right; padding-right: 15px;\"><\/td>\n<\/tr>\n<tr style=\"vertical-align: top; background-color: #dbd9d9;\">\n<td style=\"text-align: center;\"><strong>DNF<\/strong><\/td>\n<td class=\"nomobile\" style=\"text-align: center;\">551<\/td>\n<td class=\"nomobile\" style=\"text-align: center;\"><span style=\"font-size: 8pt;\">T5<\/span><\/td>\n<td class=\"nomobile\" style=\"text-align: center;\"><\/td>\n<td><strong>Claude Fournier<\/strong><br \/>\n<strong>Marc Dardaillon<\/strong><br \/>\n<strong>David Lamelas Morell<\/strong><\/td>\n<td>MAN TGA<\/td>\n<td class=\"nomobile\">Team Boucou<\/td>\n<td style=\"text-align: right; padding-right: 15px;\"><\/td>\n<\/tr>\n<tr style=\"vertical-align: top; background-color: #f2f2f2;\">\n<td style=\"text-align: center;\"><strong>DNF<\/strong><\/td>\n<td class=\"nomobile\" style=\"text-align: center;\">552<\/td>\n<td class=\"nomobile\" style=\"text-align: center;\"><span style=\"font-size: 8pt;\">T5<\/span><\/td>\n<td class=\"nomobile\" style=\"text-align: center;\"><\/td>\n<td><strong>Alberto Alonso Romero<\/strong><br \/>\n<strong>Oscar Bravo Garcia<\/strong><br \/>\n<strong>Jose Luis Santillana Ortega<\/strong><\/td>\n<td>MAN TGA 18.480<\/td>\n<td class=\"nomobile\">TH Trucks<\/td>\n<td style=\"text-align: right; padding-right: 15px;\"><\/td>\n<\/tr>\n<tr style=\"vertical-align: top; background-color: #dbd9d9;\">\n<td style=\"text-align: center;\"><strong>DNF<\/strong><\/td>\n<td class=\"nomobile\" style=\"text-align: center;\">553<\/td>\n<td class=\"nomobile\" style=\"text-align: center;\"><span style=\"font-size: 8pt;\">T5<\/span><\/td>\n<td class=\"nomobile\" style=\"text-align: center;\"><\/td>\n<td><strong>Serge Lambert<\/strong><br \/>\n<strong>Louis Lauilhe<\/strong><\/td>\n<td>MAN 6\u00d76<\/td>\n<td class=\"nomobile\">STA Competition<\/td>\n<td style=\"text-align: right; padding-right: 15px;\"><\/td>\n<\/tr>\n<tr style=\"vertical-align: top; background-color: #f2f2f2;\">\n<td style=\"text-align: center;\"><strong>DNF<\/strong><\/td>\n<td class=\"nomobile\" style=\"text-align: center;\">555<\/td>\n<td class=\"nomobile\" style=\"text-align: center;\"><span style=\"font-size: 8pt;\">T5<\/span><\/td>\n<td class=\"nomobile\" style=\"text-align: center;\"><\/td>\n<td><strong>Didier Monseu<\/strong><br \/>\n<strong>Emmanuel Eggermont<\/strong><br \/>\n<strong>Edouard Fraipont<\/strong><\/td>\n<td>MAN 4\u00d74<\/td>\n<td class=\"nomobile\">AB Racing Dream<br \/>\nBelgian Racing Club<\/td>\n<td style=\"text-align: right; padding-right: 15px;\"><\/td>\n<\/tr>\n<tr style=\"vertical-align: top; background-color: #dbd9d9;\">\n<td style=\"text-align: center;\"><strong>DNF<\/strong><\/td>\n<td class=\"nomobile\" style=\"text-align: center;\">557<\/td>\n<td class=\"nomobile\" style=\"text-align: center;\"><span style=\"font-size: 8pt;\">T5<\/span><\/td>\n<td class=\"nomobile\" style=\"text-align: center;\"><\/td>\n<td><strong>Alex Aguirregaviria<\/strong><br \/>\n<strong>Francesc Salisi<\/strong><br \/>\n<strong>Ruben Ma\u00f1as Pardos<\/strong><\/td>\n<td>Mercedes-Benz 1844 AK 4\u00d74<\/td>\n<td class=\"nomobile\">FN Speed Team<\/td>\n<td style=\"text-align: right; padding-right: 15px;\"><\/td>\n<\/tr>\n<tr style=\"vertical-align: top; background-color: #f2f2f2;\">\n<td style=\"text-align: center;\"><strong>DNF<\/strong><\/td>\n<td class=\"nomobile\" style=\"text-align: center;\">558<\/td>\n<td class=\"nomobile\" style=\"text-align: center;\"><span style=\"font-size: 8pt;\">T5<\/span><\/td>\n<td class=\"nomobile\" style=\"text-align: center;\"><\/td>\n<td><strong>Francesc Ester Fernandez<\/strong><br \/>\n<strong>Javier Jacoste<\/strong><br \/>\n<strong>Victor Gonzalez<\/strong><\/td>\n<td>MAN TGA 11<\/td>\n<td class=\"nomobile\">FN Speed Team<\/td>\n<td style=\"text-align: right; padding-right: 15px;\"><\/td>\n<\/tr>\n<tr style=\"vertical-align: top; background-color: #dbd9d9;\">\n<td style=\"text-align: center;\"><strong>DNF<\/strong><\/td>\n<td class=\"nomobile\" style=\"text-align: center;\">559<\/td>\n<td class=\"nomobile\" style=\"text-align: center;\"><span style=\"font-size: 8pt;\">T5<\/span><\/td>\n<td class=\"nomobile\" style=\"text-align: center;\"><\/td>\n<td><strong>Jean-Bernard Arette<\/strong><br \/>\n<strong>Serge Lacourt<\/strong><br \/>\n<strong>Pascal Bonnaire<\/strong><\/td>\n<td>DAF 75CF<\/td>\n<td class=\"nomobile\">Team Boucou<\/td>\n<td style=\"text-align: right; padding-right: 15px;\"><\/td>\n<\/tr>\n<tr style=\"vertical-align: top; background-color: #f2f2f2;\">\n<td style=\"text-align: center;\"><strong>DNF<\/strong><\/td>\n<td class=\"nomobile\" style=\"text-align: center;\">561<\/td>\n<td class=\"nomobile\" style=\"text-align: center;\"><span style=\"font-size: 8pt;\">T5<\/span><\/td>\n<td class=\"nomobile\" style=\"text-align: center;\"><\/td>\n<td><strong>Maxime Ayala<\/strong><br \/>\n<strong>Loris Blot<\/strong><br \/>\n<strong>Jean-Fran\u00e7ois Cazeres<\/strong><\/td>\n<td>Scania<\/td>\n<td class=\"nomobile\">Team Boucou<\/td>\n<td style=\"text-align: right; padding-right: 15px;\"><\/td>\n<\/tr>\n<tr style=\"background-color: #808080; color: white;\">\n<td style=\"text-align: left;\" colspan=\"8\"><span style=\"font-size: 8pt;\">V r\u00e1mci hodnocen\u00ed FIA odstartovalo 240 vozidel, v c\u00edli klasifikov\u00e1no 186.<br \/>\n<sup>\u2217<\/sup> Nedokon\u010dili nebo neabsolvovali n\u011bkterou z etap, ale po za\u010dlen\u011bn\u00ed Rally Dakar do <a href=\"\/index.php\/w2rc\/\"><span style=\"color: #ee8027;\">W2RC<\/span><\/a> mohli podle pravidel tohoto \u0161ampion\u00e1tu v dal\u0161\u00edch dnech pokra\u010dovat v sout\u011b\u017ei, by\u0165 s v\u00fdraznou penalizac\u00ed. V c\u00edli tak byli klasifikov\u00e1ni, ale nebyli pova\u017eov\u00e1ni za pos\u00e1dku, kter\u00e1 zdolala cel\u00fd Dakar (neobdr\u017eeli medaile tradi\u010dn\u011b ud\u011blovan\u00e9 organiz\u00e1tory v\u0161em \u00fa\u010dastn\u00edk\u016fm, kte\u0159\u00ed poko\u0159\u00ed cel\u00fd maraton).<\/span><\/td>\n<\/tr>\n<\/tbody>\n<\/table>\n<p>[\/vc_column_text][\/vc_tta_section][vc_tta_section title=&#8221;AUTO&#8221; tab_id=&#8221;auto&#8221;][vc_column_text css_animation=&#8221;fadeIn&#8221;]<\/p>\n<table style=\"width: 97.7654%;\" rules=\"rows\" cellpadding=\"4px\">\n<tbody>\n<tr style=\"background-color: #808080; color: white;\">\n<td style=\"text-align: center;\" colspan=\"8\"><span style=\"font-size: 12pt;\"><strong>RALLY DAKAR 2022<br \/>\nKATEGORIE OSOBN\u00cdCH AUTOMOBIL\u016e<br \/>\n(skupiny T1 &amp; T2)<br \/>\nkone\u010dn\u00e9 v\u00fdsledky<\/strong><\/span><\/td>\n<\/tr>\n<tr style=\"vertical-align: top; background-color: #dbd9d9;\">\n<td style=\"text-align: center;\"><strong>1.<\/strong><\/td>\n<td class=\"nomobile\" style=\"text-align: center;\">201<\/td>\n<td class=\"nomobile\" style=\"text-align: center;\"><span style=\"font-size: 8pt;\">T1<\/span><\/td>\n<td class=\"nomobile\" style=\"text-align: center;\"><span style=\"font-size: 8pt;\"><a href=\"\/index.php\/w2rc\/w2rc-2022\/\"><span style=\"color: #ee8027;\">W2RC<\/span><\/a><\/span><\/td>\n<td><a href=\"\/index.php\/osobnosti\/nasser-al-attiyah\/\"><span style=\"color: #ee8027;\"><strong>Nasser Al-Attiyah<\/strong><\/span><\/a><br \/>\n<strong><a href=\"\/index.php\/osobnosti\/mathieu-baumel\/\"><span style=\"color: #ee8027;\">Mathieu Baumel<\/span><\/a><\/strong><\/td>\n<td>Toyota GR DKR Hilux<\/td>\n<td class=\"nomobile\">Toyota Gazoo Racing<\/td>\n<td style=\"text-align: right; padding-right: 15px;\"><strong>38:33:03<\/strong><\/td>\n<\/tr>\n<tr style=\"vertical-align: top; background-color: #f2f2f2;\">\n<td style=\"text-align: center;\"><strong>2.<\/strong><\/td>\n<td class=\"nomobile\" style=\"text-align: center;\">211<\/td>\n<td class=\"nomobile\" style=\"text-align: center;\"><span style=\"font-size: 8pt;\">T1<\/span><\/td>\n<td class=\"nomobile\" style=\"text-align: center;\"><span style=\"font-size: 8pt;\"><a href=\"\/index.php\/w2rc\/w2rc-2022\/\"><span style=\"color: #ee8027;\">W2RC<\/span><\/a><\/span><\/td>\n<td><strong><a href=\"\/index.php\/osobnosti\/loeb-sebastien\/\"><span style=\"color: #ee8027;\">S\u00e9bastien Loeb<\/span><\/a><\/strong><br \/>\n<strong><a href=\"\/index.php\/osobnosti\/fabian-lurquin\/\"><span style=\"color: #ee8027;\">Fabian Lurquin<\/span><\/a><\/strong><\/td>\n<td>Prodrive Hunter<\/td>\n<td class=\"nomobile\">Bahrain Raid Xtreme<\/td>\n<td style=\"text-align: right; padding-right: 15px;\"><strong>+27:46<\/strong><\/td>\n<\/tr>\n<tr style=\"vertical-align: top; background-color: #dbd9d9;\">\n<td style=\"text-align: center;\"><strong>3.<\/strong><\/td>\n<td class=\"nomobile\" style=\"text-align: center;\">205<\/td>\n<td class=\"nomobile\" style=\"text-align: center;\"><span style=\"font-size: 8pt;\">T1<\/span><\/td>\n<td class=\"nomobile\" style=\"text-align: center;\"><span style=\"font-size: 8pt;\"><a href=\"\/index.php\/w2rc\/w2rc-2022\/\"><span style=\"color: #ee8027;\">W2RC<\/span><\/a><\/span><\/td>\n<td><strong><a href=\"\/index.php\/osobnosti\/yazeed-al-rajhi\/\"><span style=\"color: #ee8027;\">Yazeed Al-Rajhi<\/span><\/a><\/strong><br \/>\n<strong><a href=\"\/index.php\/osobnosti\/michael-orr\/\"><span style=\"color: #ee8027;\">Michael Orr<\/span><\/a><\/strong><\/td>\n<td>Toyota Hilux Overdrive<\/td>\n<td class=\"nomobile\">Overdrive Racing<br \/>\nOverdrive Toyota<\/td>\n<td style=\"text-align: right; padding-right: 15px;\"><strong>+1:01:13<\/strong><\/td>\n<\/tr>\n<tr style=\"vertical-align: top; background-color: #f2f2f2;\">\n<td style=\"text-align: center;\"><strong>4.<\/strong><\/td>\n<td class=\"nomobile\" style=\"text-align: center;\">221<\/td>\n<td class=\"nomobile\" style=\"text-align: center;\"><span style=\"font-size: 8pt;\">T1<\/span><\/td>\n<td class=\"nomobile\" style=\"text-align: center;\"><\/td>\n<td><strong>Orlando Terranova<\/strong><br \/>\n<a href=\"\/index.php\/osobnosti\/daniel-oliveras\/\"><span style=\"color: #ee8027;\"><strong>Daniel Oliveras<\/strong><\/span><\/a><\/td>\n<td>Prodrive Hunter<\/td>\n<td class=\"nomobile\">Bahrain Raid Xtreme<\/td>\n<td style=\"text-align: right; padding-right: 15px;\"><strong>+1:27:23<\/strong><\/td>\n<\/tr>\n<tr style=\"vertical-align: top; background-color: #dbd9d9;\">\n<td style=\"text-align: center;\"><strong>5.<\/strong><\/td>\n<td class=\"nomobile\" style=\"text-align: center;\">207<\/td>\n<td class=\"nomobile\" style=\"text-align: center;\"><span style=\"font-size: 8pt;\">T1<\/span><\/td>\n<td class=\"nomobile\" style=\"text-align: center;\"><\/td>\n<td><strong><a href=\"\/index.php\/osobnosti\/giniel-de-villiers\/\"><span style=\"color: #ee8027;\">Giniel de Villiers<\/span><\/a><\/strong><br \/>\n<strong><a href=\"\/index.php\/osobnosti\/dennis-murphy\/\"><span style=\"color: #ee8027;\">Dennis Murphy<\/span><\/a><\/strong><\/td>\n<td>Toyota GR DKR Hilux<\/td>\n<td class=\"nomobile\">Toyota Gazoo Racing<\/td>\n<td style=\"text-align: right; padding-right: 15px;\"><strong>+1:41:48<\/strong><\/td>\n<\/tr>\n<tr style=\"vertical-align: top; background-color: #f2f2f2;\">\n<td style=\"text-align: center;\"><strong>6.<\/strong><\/td>\n<td class=\"nomobile\" style=\"text-align: center;\">203<\/td>\n<td class=\"nomobile\" style=\"text-align: center;\"><span style=\"font-size: 8pt;\">T1<\/span><\/td>\n<td class=\"nomobile\" style=\"text-align: center;\"><span style=\"font-size: 8pt;\"><a href=\"\/index.php\/w2rc\/w2rc-2022\/\"><span style=\"color: #ee8027;\">W2RC<\/span><\/a><\/span><\/td>\n<td><strong>Kuba Przygo\u0144ski<\/strong><br \/>\n<strong><a href=\"\/index.php\/osobnosti\/timo-gottschalk\/\"><span style=\"color: #ee8027;\">Timo Gottschalk<\/span><\/a><\/strong><\/td>\n<td>Mini JCW Buggy<\/td>\n<td class=\"nomobile\">Orlen Team<\/td>\n<td style=\"text-align: right; padding-right: 15px;\"><strong>+1:53:06<\/strong><\/td>\n<\/tr>\n<tr style=\"vertical-align: top; background-color: #dbd9d9;\">\n<td style=\"text-align: center;\"><strong>7.<\/strong><\/td>\n<td class=\"nomobile\" style=\"text-align: center;\">212<\/td>\n<td class=\"nomobile\" style=\"text-align: center;\"><span style=\"font-size: 8pt;\">T1<\/span><\/td>\n<td class=\"nomobile\" style=\"text-align: center;\"><span style=\"font-size: 8pt;\"><a href=\"\/index.php\/w2rc\/w2rc-2022\/\"><span style=\"color: #ee8027;\">W2RC<\/span><\/a><\/span><\/td>\n<td><strong><a href=\"\/index.php\/osobnosti\/mathieu-serradori\/\"><span style=\"color: #ee8027;\">Mathieu Serradori<\/span><\/a><\/strong><br \/>\n<strong><a href=\"\/index.php\/osobnosti\/loic-minaudier\/\"><span style=\"color: #ee8027;\">Lo\u00efc Minaudier<\/span><\/a><\/strong><\/td>\n<td>Century CR6<\/td>\n<td class=\"nomobile\">SRT Racing<\/td>\n<td style=\"text-align: right; padding-right: 15px;\"><strong>+2:32:05<\/strong><\/td>\n<\/tr>\n<tr style=\"vertical-align: top; background-color: #f2f2f2;\">\n<td style=\"text-align: center;\"><strong>8.<\/strong><\/td>\n<td class=\"nomobile\" style=\"text-align: center;\">223<\/td>\n<td class=\"nomobile\" style=\"text-align: center;\"><span style=\"font-size: 8pt;\">T1<\/span><\/td>\n<td class=\"nomobile\" style=\"text-align: center;\"><span style=\"font-size: 8pt;\"><a href=\"\/index.php\/w2rc\/w2rc-2022\/\"><span style=\"color: #ee8027;\">W2RC<\/span><\/a><\/span><\/td>\n<td><a href=\"\/index.php\/osobnosti\/sebastian-halpern\/\"><span style=\"color: #ee8027;\"><strong>Sebasti\u00e1n Halpern<\/strong><\/span><\/a><br \/>\n<strong><a href=\"\/index.php\/osobnosti\/ronnie-graue\/\"><span style=\"color: #ee8027;\">Ronnie Graue<\/span><\/a><\/strong><\/td>\n<td>Mini JCW Buggy<\/td>\n<td class=\"nomobile\">X-raid Mini JCW Team<\/td>\n<td style=\"text-align: right; padding-right: 15px;\"><strong>+2:38:26<\/strong><\/td>\n<\/tr>\n<tr style=\"vertical-align: top; background-color: #dbd9d9;\">\n<td style=\"text-align: center;\"><strong>9.<\/strong><\/td>\n<td class=\"nomobile\" style=\"text-align: center;\">224<\/td>\n<td class=\"nomobile\" style=\"text-align: center;\"><span style=\"font-size: 8pt;\">T1<\/span><\/td>\n<td class=\"nomobile\" style=\"text-align: center;\"><\/td>\n<td><a href=\"\/index.php\/osobnosti\/mattias-ekstrom\/\"><span style=\"color: #ee8027;\"><strong>Mattias Ekstr\u00f6m<\/strong><\/span><\/a><br \/>\n<strong><a href=\"\/index.php\/osobnosti\/emil-bergkvist\/\"><span style=\"color: #ee8027;\">Emil Bergkvist<\/span><\/a><\/strong><\/td>\n<td>Audi RS Q e-tron<\/td>\n<td class=\"nomobile\">Team Audi Sport<\/td>\n<td style=\"text-align: right; padding-right: 15px;\"><strong>+2:42:11<\/strong><\/td>\n<\/tr>\n<tr style=\"vertical-align: top; background-color: #f2f2f2;\">\n<td style=\"text-align: center;\"><strong>10.<\/strong><\/td>\n<td class=\"nomobile\" style=\"text-align: center;\">208<\/td>\n<td class=\"nomobile\" style=\"text-align: center;\"><span style=\"font-size: 8pt;\">T1<\/span><\/td>\n<td class=\"nomobile\" style=\"text-align: center;\"><span style=\"font-size: 8pt;\"><a href=\"\/index.php\/w2rc\/w2rc-2022\/\"><span style=\"color: #ee8027;\">W2RC<\/span><\/a><\/span><\/td>\n<td><strong>Vladimir Vasiljev<\/strong><br \/>\n<strong>Oleg Up\u011brenko<\/strong><\/td>\n<td>BMW X5<\/td>\n<td class=\"nomobile\">VRT Team<\/td>\n<td style=\"text-align: right; padding-right: 15px;\"><strong>+3:02:21<\/strong><\/td>\n<\/tr>\n<tr style=\"vertical-align: top; background-color: #dbd9d9;\">\n<td style=\"text-align: center;\"><strong>11.<\/strong><\/td>\n<td class=\"nomobile\" style=\"text-align: center;\">234<\/td>\n<td class=\"nomobile\" style=\"text-align: center;\"><span style=\"font-size: 8pt;\">T1<\/span><\/td>\n<td class=\"nomobile\" style=\"text-align: center;\"><\/td>\n<td><strong>Vaidotas \u017dala<\/strong><br \/>\n<strong>Paulo Fi\u00faza<\/strong><\/td>\n<td>Mini JCW Rally<\/td>\n<td class=\"nomobile\">Teltonika Racing<\/td>\n<td style=\"text-align: right; padding-right: 15px;\"><strong>+3:31:55<\/strong><\/td>\n<\/tr>\n<tr style=\"vertical-align: top; background-color: #f2f2f2;\">\n<td style=\"text-align: center;\"><strong>12.<\/strong><\/td>\n<td class=\"nomobile\" style=\"text-align: center;\">202<\/td>\n<td class=\"nomobile\" style=\"text-align: center;\"><span style=\"font-size: 8pt;\">T1<\/span><\/td>\n<td class=\"nomobile\" style=\"text-align: center;\"><\/td>\n<td><a href=\"\/index.php\/osobnosti\/carlos-sainz\/\"><span style=\"color: #ee8027;\"><strong>Carlos Sainz<\/strong><\/span><\/a><br \/>\n<strong><a href=\"\/index.php\/osobnosti\/lucas-cruz\/\"><span style=\"color: #ee8027;\">Lucas Cruz<\/span><\/a><\/strong><\/td>\n<td>Audi RS Q e-tron<\/td>\n<td class=\"nomobile\">Team Audi Sport<\/td>\n<td style=\"text-align: right; padding-right: 15px;\"><strong>+3:39:21<\/strong><\/td>\n<\/tr>\n<tr style=\"vertical-align: top; background-color: #dbd9d9;\">\n<td style=\"text-align: center;\"><strong>13.<\/strong><\/td>\n<td class=\"nomobile\" style=\"text-align: center;\">235<\/td>\n<td class=\"nomobile\" style=\"text-align: center;\"><span style=\"font-size: 8pt;\">T1<\/span><\/td>\n<td class=\"nomobile\" style=\"text-align: center;\"><\/td>\n<td><strong>Michael Pisano<\/strong><br \/>\n<strong>Max Delfino<\/strong><\/td>\n<td>MD Optimus<\/td>\n<td class=\"nomobile\">MD Rallye Sport<\/td>\n<td style=\"text-align: right; padding-right: 15px;\"><strong>+3:41:00<\/strong><\/td>\n<\/tr>\n<tr style=\"vertical-align: top; background-color: #f2f2f2;\">\n<td style=\"text-align: center;\"><strong>14.<\/strong><\/td>\n<td class=\"nomobile\" style=\"text-align: center;\">230<\/td>\n<td class=\"nomobile\" style=\"text-align: center;\"><span style=\"font-size: 8pt;\">T1<\/span><\/td>\n<td class=\"nomobile\" style=\"text-align: center;\"><\/td>\n<td><strong>Brian Baragwanath<\/strong><br \/>\n<strong>Leonard Cremer<\/strong><\/td>\n<td>Century CR6<\/td>\n<td class=\"nomobile\">Century Racing<\/td>\n<td style=\"text-align: right; padding-right: 15px;\"><strong>+3:51:26<\/strong><\/td>\n<\/tr>\n<tr style=\"vertical-align: top; background-color: #dbd9d9;\">\n<td style=\"text-align: center;\"><strong>15.<\/strong><\/td>\n<td class=\"nomobile\" style=\"text-align: center;\">233<\/td>\n<td class=\"nomobile\" style=\"text-align: center;\"><span style=\"font-size: 8pt;\">T1<\/span><\/td>\n<td class=\"nomobile\" style=\"text-align: center;\"><\/td>\n<td><strong>Shameer Variawa<\/strong><br \/>\n<strong>Danie Stassen<\/strong><\/td>\n<td>Toyota GR DKR Hilux<\/td>\n<td class=\"nomobile\">Toyota Gazoo Racing<\/td>\n<td style=\"text-align: right; padding-right: 15px;\"><strong>+3:55:33<\/strong><\/td>\n<\/tr>\n<tr style=\"vertical-align: top; background-color: #f2f2f2;\">\n<td style=\"text-align: center;\"><strong>16.<\/strong><\/td>\n<td class=\"nomobile\" style=\"text-align: center;\">214<\/td>\n<td class=\"nomobile\" style=\"text-align: center;\"><span style=\"font-size: 8pt;\">T1<\/span><\/td>\n<td class=\"nomobile\" style=\"text-align: center;\"><\/td>\n<td><a href=\"\/index.php\/osobnosti\/christian-lavieille\/\"><span style=\"color: #ee8027;\"><strong>Christian Lavieille<\/strong><\/span><\/a><br \/>\n<strong>Johnny Aubert<\/strong><\/td>\n<td>MD Optimus<\/td>\n<td class=\"nomobile\">MD Rallye Sport<\/td>\n<td style=\"text-align: right; padding-right: 15px;\"><strong>+4:02:42<\/strong><\/td>\n<\/tr>\n<tr style=\"vertical-align: top; background-color: #dbd9d9;\">\n<td style=\"text-align: center;\"><strong>17.<\/strong><\/td>\n<td class=\"nomobile\" style=\"text-align: center;\">217<\/td>\n<td class=\"nomobile\" style=\"text-align: center;\"><span style=\"font-size: 8pt;\">T1<\/span><\/td>\n<td class=\"nomobile\" style=\"text-align: center;\"><span style=\"font-size: 8pt;\"><a href=\"\/index.php\/w2rc\/w2rc-2022\/\"><span style=\"color: #ee8027;\">W2RC<\/span><\/a><\/span><\/td>\n<td><strong>Bernhard ten Brinke<\/strong><br \/>\n<strong><a href=\"\/index.php\/osobnosti\/sebastien-delaunay\/\"><span style=\"color: #ee8027;\">S\u00e9bastien Delaunay<\/span><\/a><\/strong><\/td>\n<td>Toyota Hilux Overdrive<\/td>\n<td class=\"nomobile\">Overdrive Racing<\/td>\n<td style=\"text-align: right; padding-right: 15px;\"><strong>+4:45:40<\/strong><\/td>\n<\/tr>\n<tr style=\"vertical-align: top; background-color: #f2f2f2;\">\n<td style=\"text-align: center;\"><strong>18.<\/strong><\/td>\n<td class=\"nomobile\" style=\"text-align: center;\">222<\/td>\n<td class=\"nomobile\" style=\"text-align: center;\"><span style=\"font-size: 8pt;\">T1<\/span><\/td>\n<td class=\"nomobile\" style=\"text-align: center;\"><span style=\"font-size: 8pt;\"><a href=\"\/index.php\/w2rc\/w2rc-2022\/\"><span style=\"color: #ee8027;\">W2RC<\/span><\/a><\/span><\/td>\n<td><strong><a href=\"\/index.php\/osobnosti\/lucio-alvarez\/\"><span style=\"color: #ee8027;\">Lucio \u00c1lvarez<\/span><\/a><\/strong><br \/>\n<a href=\"\/index.php\/osobnosti\/armand-monleon\/\"><span style=\"color: #ee8027;\"><strong>Armand Monle\u00f3n<\/strong><\/span><\/a><\/td>\n<td>Toyota Hilux Overdrive<\/td>\n<td class=\"nomobile\">Overdrive Racing<\/td>\n<td style=\"text-align: right; padding-right: 15px;\"><strong>+4:56:36<\/strong><\/td>\n<\/tr>\n<tr style=\"vertical-align: top; background-color: #dbd9d9;\">\n<td style=\"text-align: center;\"><strong>19.<\/strong><\/td>\n<td class=\"nomobile\" style=\"text-align: center;\">210<\/td>\n<td class=\"nomobile\" style=\"text-align: center;\"><span style=\"font-size: 8pt;\">T1<\/span><\/td>\n<td class=\"nomobile\" style=\"text-align: center;\"><\/td>\n<td><strong><a href=\"\/index.php\/osobnosti\/despres-cyril\/\"><span style=\"color: #ee8027;\">Cyril Despres<\/span><\/a><\/strong><br \/>\n<strong>Taye Perry<\/strong><\/td>\n<td>Peugeot 3008 DKR<\/td>\n<td class=\"nomobile\">GPX Racing<\/td>\n<td style=\"text-align: right; padding-right: 15px;\"><strong>+4:58:22<\/strong><\/td>\n<\/tr>\n<tr style=\"vertical-align: top; background-color: #f2f2f2;\">\n<td style=\"text-align: center;\"><strong>20.<\/strong><\/td>\n<td class=\"nomobile\" style=\"text-align: center;\">237<\/td>\n<td class=\"nomobile\" style=\"text-align: center;\"><span style=\"font-size: 8pt;\">T1<\/span><\/td>\n<td class=\"nomobile\" style=\"text-align: center;\"><\/td>\n<td><a href=\"\/index.php\/osobnosti\/juan-cruz-yacopini\/\"><span style=\"color: #ee8027;\"><strong>Juan Cruz Yacopini<\/strong><\/span><\/a><br \/>\n<strong>Alejandro Miguel Yacopini<\/strong><\/td>\n<td>Toyota Hilux Overdrive<\/td>\n<td class=\"nomobile\">Overdrive Racing<\/td>\n<td style=\"text-align: right; padding-right: 15px;\"><strong>+5:23:15<\/strong><\/td>\n<\/tr>\n<tr style=\"vertical-align: top; background-color: #dbd9d9;\">\n<td style=\"text-align: center;\"><strong>21.<\/strong><\/td>\n<td class=\"nomobile\" style=\"text-align: center;\">243<\/td>\n<td class=\"nomobile\" style=\"text-align: center;\"><span style=\"font-size: 8pt;\">T1<\/span><\/td>\n<td class=\"nomobile\" style=\"text-align: center;\"><span style=\"font-size: 8pt;\"><a href=\"\/index.php\/w2rc\/w2rc-2022\/\"><span style=\"color: #ee8027;\">W2RC<\/span><\/a><\/span><\/td>\n<td><strong>Pierre Lachaume<\/strong><br \/>\n<strong>St\u00e9phane Dupl\u00e9<\/strong><\/td>\n<td>MD Optimus<\/td>\n<td class=\"nomobile\">MD Rallye Sport<\/td>\n<td style=\"text-align: right; padding-right: 15px;\"><strong>+5:26:57<\/strong><\/td>\n<\/tr>\n<tr style=\"vertical-align: top; background-color: #f2f2f2;\">\n<td style=\"text-align: center;\"><strong>22.<\/strong><\/td>\n<td class=\"nomobile\" style=\"text-align: center;\">229<\/td>\n<td class=\"nomobile\" style=\"text-align: center;\"><span style=\"font-size: 8pt;\">T1<\/span><\/td>\n<td class=\"nomobile\" style=\"text-align: center;\"><\/td>\n<td><a href=\"\/index.php\/osobnosti\/ronan-chabot\/\"><span style=\"color: #ee8027;\"><strong>Ronan Chabot<\/strong><\/span><\/a><br \/>\n<a href=\"\/index.php\/osobnosti\/gilles-pillot\/\"><span style=\"color: #ee8027;\"><strong>Gilles Pilot<\/strong><\/span><\/a><\/td>\n<td>Toyota Hilux Overdrive<\/td>\n<td class=\"nomobile\">Overdrive Racing<\/td>\n<td style=\"text-align: right; padding-right: 15px;\"><strong>+5:48:46<\/strong><\/td>\n<\/tr>\n<tr style=\"vertical-align: top; background-color: #dbd9d9;\">\n<td style=\"text-align: center;\"><strong>23.<\/strong><\/td>\n<td class=\"nomobile\" style=\"text-align: center;\">238<\/td>\n<td class=\"nomobile\" style=\"text-align: center;\"><span style=\"font-size: 8pt;\">T1<\/span><\/td>\n<td class=\"nomobile\" style=\"text-align: center;\"><\/td>\n<td><strong><a href=\"\/index.php\/osobnosti\/laia-sanz\/\"><span style=\"color: #ee8027;\">Laia Sanz<\/span><\/a><\/strong><br \/>\n<strong>Maurizio Gerini<\/strong><\/td>\n<td>Mini All4 Racing<\/td>\n<td class=\"nomobile\">X-raid Mini JCW Team<\/td>\n<td style=\"text-align: right; padding-right: 15px;\"><strong>+6:18:56<\/strong><\/td>\n<\/tr>\n<tr style=\"vertical-align: top; background-color: #f2f2f2;\">\n<td style=\"text-align: center;\"><strong>24.<\/strong><\/td>\n<td class=\"nomobile\" style=\"text-align: center;\">228<\/td>\n<td class=\"nomobile\" style=\"text-align: center;\"><span style=\"font-size: 8pt;\">T1<\/span><\/td>\n<td class=\"nomobile\" style=\"text-align: center;\"><\/td>\n<td><strong>Miroslav Zapletal<\/strong><br \/>\n<strong>Marek S\u00fdkora<\/strong><\/td>\n<td>Ford F-150<\/td>\n<td class=\"nomobile\">Offroadsport<\/td>\n<td style=\"text-align: right; padding-right: 15px;\"><strong>+6:36:11<\/strong><\/td>\n<\/tr>\n<tr style=\"vertical-align: top; background-color: #dbd9d9;\">\n<td style=\"text-align: center;\"><strong>25.<\/strong><\/td>\n<td class=\"nomobile\" style=\"text-align: center;\">209<\/td>\n<td class=\"nomobile\" style=\"text-align: center;\"><span style=\"font-size: 8pt;\">T1<\/span><\/td>\n<td class=\"nomobile\" style=\"text-align: center;\"><\/td>\n<td><a href=\"\/index.php\/osobnosti\/martin-prokop\/\"><span style=\"color: #ee8027;\"><strong>Martin Prokop<\/strong><\/span><\/a><br \/>\n<strong><a href=\"\/index.php\/osobnosti\/viktor-chytka\/\"><span style=\"color: #ee8027;\">Viktor Chytka<\/span><\/a><\/strong><\/td>\n<td>Ford Raptor RS Cross Country<\/td>\n<td class=\"nomobile\">Benzina Orlen Team<\/td>\n<td style=\"text-align: right; padding-right: 15px;\"><strong>+6:44:09<\/strong><\/td>\n<\/tr>\n<tr style=\"vertical-align: top; background-color: #f2f2f2;\">\n<td style=\"text-align: center;\"><strong>26.<\/strong><\/td>\n<td class=\"nomobile\" style=\"text-align: center;\">254<\/td>\n<td class=\"nomobile\" style=\"text-align: center;\"><span style=\"font-size: 8pt;\">T1<\/span><\/td>\n<td class=\"nomobile\" style=\"text-align: center;\"><span style=\"font-size: 8pt;\"><a href=\"\/index.php\/w2rc\/w2rc-2022\/\"><span style=\"color: #ee8027;\">W2RC<\/span><\/a><\/span><\/td>\n<td><strong>Jean Remy Bergounhe<\/strong><br \/>\n<strong>G\u00e9rard Dubuy<\/strong><\/td>\n<td>MD Optimus<\/td>\n<td class=\"nomobile\">MD Rallye Sport<\/td>\n<td style=\"text-align: right; padding-right: 15px;\"><strong>+7:08:44<\/strong><\/td>\n<\/tr>\n<tr style=\"vertical-align: top; background-color: #dbd9d9;\">\n<td style=\"text-align: center;\"><strong>27.<\/strong><\/td>\n<td class=\"nomobile\" style=\"text-align: center;\">248<\/td>\n<td class=\"nomobile\" style=\"text-align: center;\"><span style=\"font-size: 8pt;\">T1<\/span><\/td>\n<td class=\"nomobile\" style=\"text-align: center;\"><\/td>\n<td><strong>Isidre Esteve<\/strong><br \/>\n<strong>Jos\u00e9 Maria Villalobos<\/strong><\/td>\n<td>Toyota Hilux<\/td>\n<td class=\"nomobile\">Repsol Rally Team \/ Overdrive Racing<\/td>\n<td style=\"text-align: right; padding-right: 15px;\"><strong>+7:21:40<\/strong><\/td>\n<\/tr>\n<tr style=\"vertical-align: top; background-color: #f2f2f2;\">\n<td style=\"text-align: center;\"><strong>28.<\/strong><\/td>\n<td class=\"nomobile\" style=\"text-align: center;\">216<\/td>\n<td class=\"nomobile\" style=\"text-align: center;\"><span style=\"font-size: 8pt;\">T1<\/span><\/td>\n<td class=\"nomobile\" style=\"text-align: center;\"><span style=\"font-size: 8pt;\"><a href=\"\/index.php\/w2rc\/w2rc-2022\/\"><span style=\"color: #ee8027;\">W2RC<\/span><\/a><\/span><\/td>\n<td><a href=\"\/index.php\/osobnosti\/denis-krotov\/\"><span style=\"color: #ee8027;\"><strong>Denis Krotov<\/strong><\/span><\/a><br \/>\n<strong>Konstantin \u017dilcov<\/strong><\/td>\n<td>Mini JCW Buggy<\/td>\n<td class=\"nomobile\">X-raid Mini JCW Team<\/td>\n<td style=\"text-align: right; padding-right: 15px;\"><strong>+8:09:06<\/strong><\/td>\n<\/tr>\n<tr style=\"vertical-align: top; background-color: #dbd9d9;\">\n<td style=\"text-align: center;\"><strong>29.<\/strong><\/td>\n<td class=\"nomobile\" style=\"text-align: center;\">253<\/td>\n<td class=\"nomobile\" style=\"text-align: center;\"><span style=\"font-size: 8pt;\">T1<\/span><\/td>\n<td class=\"nomobile\" style=\"text-align: center;\"><\/td>\n<td><strong>Christiaan Visser<\/strong><br \/>\n<strong>Rodney Burke<\/strong><\/td>\n<td>Century CR6<\/td>\n<td class=\"nomobile\">Century Racing<\/td>\n<td style=\"text-align: right; padding-right: 15px;\"><strong>+8:57:00<\/strong><\/td>\n<\/tr>\n<tr style=\"vertical-align: top; background-color: #f2f2f2;\">\n<td style=\"text-align: center;\"><strong>30.<\/strong><\/td>\n<td class=\"nomobile\" style=\"text-align: center;\">278<\/td>\n<td class=\"nomobile\" style=\"text-align: center;\"><span style=\"font-size: 8pt;\">T1<\/span><\/td>\n<td class=\"nomobile\" style=\"text-align: center;\"><\/td>\n<td><strong>Marcelo Tiglia Gastaldi<\/strong><br \/>\n<strong>Cadu Sachs<\/strong><\/td>\n<td>Century CR6<\/td>\n<td class=\"nomobile\">Century Racing<\/td>\n<td style=\"text-align: right; padding-right: 15px;\"><strong>+10:43:26<\/strong><\/td>\n<\/tr>\n<tr style=\"vertical-align: top; background-color: #dbd9d9;\">\n<td style=\"text-align: center;\"><strong>31.<\/strong><\/td>\n<td class=\"nomobile\" style=\"text-align: center;\">225<\/td>\n<td class=\"nomobile\" style=\"text-align: center;\"><span style=\"font-size: 8pt;\">T1<\/span><\/td>\n<td class=\"nomobile\" style=\"text-align: center;\"><\/td>\n<td><a href=\"\/index.php\/osobnosti\/henk-lategan\/\"><span style=\"color: #ee8027;\"><strong>Henk Lategan<\/strong><\/span><\/a><br \/>\n<a href=\"\/index.php\/osobnosti\/brett-cummings\/\"><span style=\"color: #ee8027;\"><strong>Brett Cummings<\/strong><\/span><\/a><\/td>\n<td>Toyota GR DKR Hilux<\/td>\n<td class=\"nomobile\">Toyota Gazoo Racing<\/td>\n<td style=\"text-align: right; padding-right: 15px;\"><strong>+11:51:21<\/strong><\/td>\n<\/tr>\n<tr style=\"vertical-align: top; background-color: #f2f2f2;\">\n<td style=\"text-align: center;\"><strong>32.<\/strong><\/td>\n<td class=\"nomobile\" style=\"text-align: center;\">273<\/td>\n<td class=\"nomobile\" style=\"text-align: center;\"><span style=\"font-size: 8pt;\">T1<\/span><\/td>\n<td class=\"nomobile\" style=\"text-align: center;\"><\/td>\n<td><strong>Po Tian<\/strong><br \/>\n<strong>Xuanyi Du<\/strong><\/td>\n<td>SMG HW2021<\/td>\n<td class=\"nomobile\">Quzhou Motorsport City Team<br \/>\nHanwei Motorsport Team<\/td>\n<td style=\"text-align: right; padding-right: 15px;\"><strong>+12:06:03<\/strong><\/td>\n<\/tr>\n<tr style=\"vertical-align: top; background-color: #dbd9d9;\">\n<td style=\"text-align: center;\"><strong>33.<\/strong><\/td>\n<td class=\"nomobile\" style=\"text-align: center;\">246<\/td>\n<td class=\"nomobile\" style=\"text-align: center;\"><span style=\"font-size: 8pt;\">T1<\/span><\/td>\n<td class=\"nomobile\" style=\"text-align: center;\"><\/td>\n<td><strong>Erwin Imschoot<\/strong><br \/>\n<strong>Olivier Imschoot<\/strong><\/td>\n<td>MD Optimus<\/td>\n<td class=\"nomobile\">MD Rallye Sport<\/td>\n<td style=\"text-align: right; padding-right: 15px;\"><strong>+12:58:00<\/strong><\/td>\n<\/tr>\n<tr style=\"vertical-align: top; background-color: #f2f2f2;\">\n<td style=\"text-align: center;\"><strong>34.<\/strong><\/td>\n<td class=\"nomobile\" style=\"text-align: center;\">249<\/td>\n<td class=\"nomobile\" style=\"text-align: center;\"><span style=\"font-size: 8pt;\">T1<\/span><\/td>\n<td class=\"nomobile\" style=\"text-align: center;\"><\/td>\n<td><strong>Oscar Fuertes Aldanondo<\/strong><br \/>\n<strong>Diego Vallejo<\/strong><\/td>\n<td>Astara 01 Concept<\/td>\n<td class=\"nomobile\">Astara Team<\/td>\n<td style=\"text-align: right; padding-right: 15px;\"><strong>+13:00:32<\/strong><\/td>\n<\/tr>\n<tr style=\"vertical-align: top; background-color: #dbd9d9;\">\n<td style=\"text-align: center;\"><strong>35.<\/strong><\/td>\n<td class=\"nomobile\" style=\"text-align: center;\">240<\/td>\n<td class=\"nomobile\" style=\"text-align: center;\"><span style=\"font-size: 8pt;\">T1<\/span><\/td>\n<td class=\"nomobile\" style=\"text-align: center;\"><\/td>\n<td><strong>Miguel Barbosa<\/strong><br \/>\n<strong>Pedro Velosa<\/strong><\/td>\n<td>Toyota Hilux Overdrive<\/td>\n<td class=\"nomobile\">Ovedrive Racing<\/td>\n<td style=\"text-align: right; padding-right: 15px;\"><strong>+13:28:16<\/strong><\/td>\n<\/tr>\n<tr style=\"vertical-align: top; background-color: #f2f2f2;\">\n<td style=\"text-align: center;\"><strong>36.<\/strong><\/td>\n<td class=\"nomobile\" style=\"text-align: center;\">267<\/td>\n<td class=\"nomobile\" style=\"text-align: center;\"><span style=\"font-size: 8pt;\">T1<\/span><\/td>\n<td class=\"nomobile\" style=\"text-align: center;\"><\/td>\n<td><strong>Daniel Schr\u00f6der<\/strong><br \/>\n<strong>Ryan Bland<\/strong><\/td>\n<td>Nissan Navara VK50<\/td>\n<td class=\"nomobile\">J\u00fcrgen Schr\u00f6der<\/td>\n<td style=\"text-align: right; padding-right: 15px;\"><strong>+13:41:38<\/strong><\/td>\n<\/tr>\n<tr style=\"vertical-align: top; background-color: #dbd9d9;\">\n<td style=\"text-align: center;\"><strong>37.<\/strong><\/td>\n<td class=\"nomobile\" style=\"text-align: center;\">220<\/td>\n<td class=\"nomobile\" style=\"text-align: center;\"><span style=\"font-size: 8pt;\">T1<\/span><\/td>\n<td class=\"nomobile\" style=\"text-align: center;\"><\/td>\n<td><a href=\"\/index.php\/osobnosti\/wei-han\/\"><span style=\"color: #ee8027;\"><strong>Wei Han<\/strong><\/span><\/a><br \/>\n<strong><a href=\"\/index.php\/osobnosti\/li-ma\/\"><span style=\"color: #ee8027;\">Li Ma<\/span><\/a><\/strong><\/td>\n<td>SMG HW2021<\/td>\n<td class=\"nomobile\">Quzhou Motorsport City Team<br \/>\nHanwei Motorsport Team<\/td>\n<td style=\"text-align: right; padding-right: 15px;\"><strong>+14:27:48<\/strong><\/td>\n<\/tr>\n<tr style=\"vertical-align: top; background-color: #f2f2f2;\">\n<td style=\"text-align: center;\"><strong>38.<\/strong><\/td>\n<td class=\"nomobile\" style=\"text-align: center;\">242<\/td>\n<td class=\"nomobile\" style=\"text-align: center;\"><span style=\"font-size: 8pt;\">T2<\/span><\/td>\n<td class=\"nomobile\" style=\"text-align: center;\"><\/td>\n<td><strong>Akira Miura<\/strong><br \/>\n<a href=\"\/index.php\/osobnosti\/laurent-lichtleuchter\/\"><span style=\"color: #ee8027;\"><strong>Laurent Lichtleuchter<\/strong><\/span><\/a><\/td>\n<td>Toyota VDJ200<\/td>\n<td class=\"nomobile\">Team Land Cruiser Toyota Auto Body<\/td>\n<td style=\"text-align: right; padding-right: 15px;\"><strong>+17:21:03<\/strong><\/td>\n<\/tr>\n<tr style=\"vertical-align: top; background-color: #dbd9d9;\">\n<td style=\"text-align: center;\"><strong>39.<\/strong><\/td>\n<td class=\"nomobile\" style=\"text-align: center;\">286<\/td>\n<td class=\"nomobile\" style=\"text-align: center;\"><span style=\"font-size: 8pt;\">T1<\/span><\/td>\n<td class=\"nomobile\" style=\"text-align: center;\"><\/td>\n<td><strong>Ernest Roberts<\/strong><br \/>\n<strong>Henry Kohne<\/strong><\/td>\n<td>Century CR6<\/td>\n<td class=\"nomobile\">Century Racing<\/td>\n<td style=\"text-align: right; padding-right: 15px;\"><strong>+18:12:56<\/strong><\/td>\n<\/tr>\n<tr style=\"vertical-align: top; background-color: #f2f2f2;\">\n<td style=\"text-align: center;\"><strong>40.<\/strong><\/td>\n<td class=\"nomobile\" style=\"text-align: center;\">277<\/td>\n<td class=\"nomobile\" style=\"text-align: center;\"><span style=\"font-size: 8pt;\">T1<\/span><\/td>\n<td class=\"nomobile\" style=\"text-align: center;\"><\/td>\n<td><strong>Maik Willems<\/strong><br \/>\n<strong>Robert van Pelt<\/strong><\/td>\n<td>Toyota Hilux<\/td>\n<td class=\"nomobile\">Bastion Hotels Dakar Team<\/td>\n<td style=\"text-align: right; padding-right: 15px;\"><strong>+18:34:43<\/strong><\/td>\n<\/tr>\n<tr style=\"vertical-align: top; background-color: #dbd9d9;\">\n<td style=\"text-align: center;\"><strong>41.<\/strong><\/td>\n<td class=\"nomobile\" style=\"text-align: center;\">252<\/td>\n<td class=\"nomobile\" style=\"text-align: center;\"><span style=\"font-size: 8pt;\">T1<\/span><\/td>\n<td class=\"nomobile\" style=\"text-align: center;\"><\/td>\n<td><strong>Gintas Petrus<\/strong><br \/>\n<strong>\u0160ar\u016bnas Paliokas<\/strong><\/td>\n<td>MD Optimus<\/td>\n<td class=\"nomobile\">Petrus Kombucha Team<\/td>\n<td style=\"text-align: right; padding-right: 15px;\"><strong>+20:19:42<\/strong><\/td>\n<\/tr>\n<tr style=\"vertical-align: top; background-color: #f2f2f2;\">\n<td style=\"text-align: center;\"><strong>42.<\/strong><\/td>\n<td class=\"nomobile\" style=\"text-align: center;\">206<\/td>\n<td class=\"nomobile\" style=\"text-align: center;\"><span style=\"font-size: 8pt;\">T1<\/span><\/td>\n<td class=\"nomobile\" style=\"text-align: center;\"><\/td>\n<td><a href=\"\/index.php\/osobnosti\/khalid-al-qassimi\/\"><span style=\"color: #ee8027;\"><strong>Khalid Al Qassimi<\/strong><\/span><\/a><br \/>\n<strong>Dirk von Zitzewitz<\/strong><\/td>\n<td>Peugeot 3008 DKR<\/td>\n<td class=\"nomobile\">Abu Dhabi Racing<\/td>\n<td style=\"text-align: right; padding-right: 15px;\"><strong>+20:49:56<\/strong><\/td>\n<\/tr>\n<tr style=\"vertical-align: top; background-color: #dbd9d9;\">\n<td style=\"text-align: center;\"><strong>43.<\/strong><\/td>\n<td class=\"nomobile\" style=\"text-align: center;\">245<\/td>\n<td class=\"nomobile\" style=\"text-align: center;\"><span style=\"font-size: 8pt;\">T2<\/span><\/td>\n<td class=\"nomobile\" style=\"text-align: center;\"><\/td>\n<td><strong>Ronald Basso<\/strong><br \/>\n<strong>Jean Michel Polato<\/strong><\/td>\n<td>Toyota VDJ200<\/td>\n<td class=\"nomobile\">Team Land Cruiser Toyota Auto Body<\/td>\n<td style=\"text-align: right; padding-right: 15px;\"><strong>+21:13:16<\/strong><\/td>\n<\/tr>\n<tr style=\"vertical-align: top; background-color: #f2f2f2;\">\n<td style=\"text-align: center;\"><strong>44.<\/strong><\/td>\n<td class=\"nomobile\" style=\"text-align: center;\">265<\/td>\n<td class=\"nomobile\" style=\"text-align: center;\"><span style=\"font-size: 8pt;\">T1<\/span><\/td>\n<td class=\"nomobile\" style=\"text-align: center;\"><\/td>\n<td><strong>Markus Walcher<\/strong><br \/>\n<strong>Stephan Stensky<\/strong><\/td>\n<td>Nissan VK 56<\/td>\n<td class=\"nomobile\">Revenol Motorsport<br \/>\nWalcher Racing Team<\/td>\n<td style=\"text-align: right; padding-right: 15px;\"><strong>+21:17:51<\/strong><\/td>\n<\/tr>\n<tr style=\"vertical-align: top; background-color: #dbd9d9;\">\n<td style=\"text-align: center;\"><strong>45.<\/strong><\/td>\n<td class=\"nomobile\" style=\"text-align: center;\">250<\/td>\n<td class=\"nomobile\" style=\"text-align: center;\"><span style=\"font-size: 8pt;\">T1<\/span><\/td>\n<td class=\"nomobile\" style=\"text-align: center;\"><span style=\"font-size: 8pt;\"><a href=\"\/index.php\/w2rc\/w2rc-2022\/\"><span style=\"color: #ee8027;\">W2RC<\/span><\/a><\/span><\/td>\n<td><strong>Alexandre Leroy<\/strong><br \/>\n<strong>Nicolas Delangue<\/strong><\/td>\n<td>Century CR6<\/td>\n<td class=\"nomobile\">SRT Racing<\/td>\n<td style=\"text-align: right; padding-right: 15px;\"><strong>+22:49:52<\/strong><\/td>\n<\/tr>\n<tr style=\"vertical-align: top; background-color: #f2f2f2;\">\n<td style=\"text-align: center;\"><strong>46.<\/strong><\/td>\n<td class=\"nomobile\" style=\"text-align: center;\">263<\/td>\n<td class=\"nomobile\" style=\"text-align: center;\"><span style=\"font-size: 8pt;\">T1<\/span><\/td>\n<td class=\"nomobile\" style=\"text-align: center;\"><\/td>\n<td><strong>Fran\u00e7ois Cousin<\/strong><br \/>\n<strong>St\u00e9phane Cousin<\/strong><\/td>\n<td>MD Optimus<\/td>\n<td class=\"nomobile\">Compagnie des Dunes<\/td>\n<td style=\"text-align: right; padding-right: 15px;\"><strong>+25:50:14<\/strong><\/td>\n<\/tr>\n<tr style=\"vertical-align: top; background-color: #dbd9d9;\">\n<td style=\"text-align: center;\"><strong>47.<\/strong><\/td>\n<td class=\"nomobile\" style=\"text-align: center;\">293<\/td>\n<td class=\"nomobile\" style=\"text-align: center;\"><span style=\"font-size: 8pt;\">T1<\/span><\/td>\n<td class=\"nomobile\" style=\"text-align: center;\"><\/td>\n<td><strong>Jean-Philippe Beziat<\/strong><br \/>\n<strong>Vincent Albira<\/strong><\/td>\n<td>Toyota Overdrive<\/td>\n<td class=\"nomobile\">MD Rallye Sport<\/td>\n<td style=\"text-align: right; padding-right: 15px;\"><strong>+28:19:12<\/strong><\/td>\n<\/tr>\n<tr style=\"vertical-align: top; background-color: #f2f2f2;\">\n<td style=\"text-align: center;\"><strong>48.<\/strong><\/td>\n<td class=\"nomobile\" style=\"text-align: center;\">236<\/td>\n<td class=\"nomobile\" style=\"text-align: center;\"><span style=\"font-size: 8pt;\">T1<\/span><\/td>\n<td class=\"nomobile\" style=\"text-align: center;\"><span style=\"font-size: 8pt;\"><a href=\"\/index.php\/w2rc\/w2rc-2022\/\"><span style=\"color: #ee8027;\">W2RC<\/span><\/a><\/span><\/td>\n<td><strong>Lionel Baud<\/strong><br \/>\n<strong>Jean-Pierre Garcin<\/strong><\/td>\n<td>Peugeot 3008 DKR<\/td>\n<td class=\"nomobile\">PH Sport<\/td>\n<td style=\"text-align: right; padding-right: 15px;\"><strong>+30:18:25<\/strong><\/td>\n<\/tr>\n<tr style=\"vertical-align: top; background-color: #dbd9d9;\">\n<td style=\"text-align: center;\"><strong>49.<\/strong><\/td>\n<td class=\"nomobile\" style=\"text-align: center;\">241<\/td>\n<td class=\"nomobile\" style=\"text-align: center;\"><span style=\"font-size: 8pt;\">T1<\/span><\/td>\n<td class=\"nomobile\" style=\"text-align: center;\"><span style=\"font-size: 8pt;\"><a href=\"\/index.php\/w2rc\/w2rc-2022\/\"><span style=\"color: #ee8027;\">W2RC<\/span><\/a><\/span><\/td>\n<td><strong>Antanas Juknevi\u010dius<\/strong><br \/>\n<strong>Didzis Zari\u0146\u0161<\/strong><\/td>\n<td>Toyota Hilux<\/td>\n<td class=\"nomobile\">Kreda<\/td>\n<td style=\"text-align: right; padding-right: 15px;\"><strong>+31:00:45<\/strong><\/td>\n<\/tr>\n<tr style=\"vertical-align: top; background-color: #f2f2f2;\">\n<td style=\"text-align: center;\"><strong>50.<\/strong><\/td>\n<td class=\"nomobile\" style=\"text-align: center;\">259<\/td>\n<td class=\"nomobile\" style=\"text-align: center;\"><span style=\"font-size: 8pt;\">T1<\/span><\/td>\n<td class=\"nomobile\" style=\"text-align: center;\"><\/td>\n<td><strong>Jean-Pierre Strugo<\/strong><br \/>\n<strong>Fran\u00e7ois Borsotto<\/strong><\/td>\n<td>MD Optimus<\/td>\n<td class=\"nomobile\">MD Rallye Sport<\/td>\n<td style=\"text-align: right; padding-right: 15px;\"><strong>+41:48:09<\/strong><\/td>\n<\/tr>\n<tr style=\"vertical-align: top; background-color: #dbd9d9;\">\n<td style=\"text-align: center;\"><strong>51.<\/strong><\/td>\n<td class=\"nomobile\" style=\"text-align: center;\">213<\/td>\n<td class=\"nomobile\" style=\"text-align: center;\"><span style=\"font-size: 8pt;\">T1<\/span><\/td>\n<td class=\"nomobile\" style=\"text-align: center;\"><\/td>\n<td><strong>Guoyu Zhang<\/strong><br \/>\n<strong>Hongyu Pan<\/strong><\/td>\n<td>BAIC BJ40<\/td>\n<td class=\"nomobile\">BAIC ORV<\/td>\n<td style=\"text-align: right; padding-right: 15px;\"><strong>+43:12:49<\/strong><\/td>\n<\/tr>\n<tr style=\"vertical-align: top; background-color: #f2f2f2;\">\n<td style=\"text-align: center;\"><strong>52.<sup>\u2217<\/sup><\/strong><\/td>\n<td class=\"nomobile\" style=\"text-align: center;\">204<\/td>\n<td class=\"nomobile\" style=\"text-align: center;\"><span style=\"font-size: 8pt;\">T1<\/span><\/td>\n<td class=\"nomobile\" style=\"text-align: center;\"><span style=\"font-size: 8pt;\"><a href=\"\/index.php\/w2rc\/w2rc-2022\/\"><span style=\"color: #ee8027;\">W2RC<\/span><\/a><\/span><\/td>\n<td><strong>Nani Roma<\/strong><br \/>\n<strong><a href=\"\/index.php\/osobnosti\/alex-haro\/\"><span style=\"color: #ee8027;\">\u00c0lex Haro<\/span><\/a><\/strong><\/td>\n<td>Prodrive Hunter<\/td>\n<td class=\"nomobile\">Bahrain Raid Xtreme<\/td>\n<td style=\"text-align: right; padding-right: 15px;\"><strong>+43:57:30<\/strong><\/td>\n<\/tr>\n<tr style=\"vertical-align: top; background-color: #dbd9d9;\">\n<td style=\"text-align: center;\"><strong>53.<\/strong><\/td>\n<td class=\"nomobile\" style=\"text-align: center;\">251<\/td>\n<td class=\"nomobile\" style=\"text-align: center;\"><span style=\"font-size: 8pt;\">T1<\/span><\/td>\n<td class=\"nomobile\" style=\"text-align: center;\"><\/td>\n<td><strong>Alexandre Pesci<\/strong><br \/>\n<strong>Stephan Kuhni<\/strong><\/td>\n<td>Rebellion Motors DXX<\/td>\n<td class=\"nomobile\">Rebellion Racing<\/td>\n<td style=\"text-align: right; padding-right: 15px;\"><strong>+46:43:37<\/strong><\/td>\n<\/tr>\n<tr style=\"vertical-align: top; background-color: #f2f2f2;\">\n<td style=\"text-align: center;\"><strong>54.<\/strong><\/td>\n<td class=\"nomobile\" style=\"text-align: center;\">289<\/td>\n<td class=\"nomobile\" style=\"text-align: center;\"><span style=\"font-size: 8pt;\">T1<\/span><\/td>\n<td class=\"nomobile\" style=\"text-align: center;\"><\/td>\n<td><strong>Mihai Ban<\/strong><br \/>\n<strong>Stefan Catalin Ion<\/strong><\/td>\n<td>Hummer H3<\/td>\n<td class=\"nomobile\">Transilvania Rally Ria Team<\/td>\n<td style=\"text-align: right; padding-right: 15px;\"><strong>+51:25:38<\/strong><\/td>\n<\/tr>\n<tr style=\"vertical-align: top; background-color: #dbd9d9;\">\n<td style=\"text-align: center;\"><strong>55.<\/strong><\/td>\n<td class=\"nomobile\" style=\"text-align: center;\">266<\/td>\n<td class=\"nomobile\" style=\"text-align: center;\"><span style=\"font-size: 8pt;\">T1<\/span><\/td>\n<td class=\"nomobile\" style=\"text-align: center;\"><\/td>\n<td><strong>Yves Fromont<\/strong><br \/>\n<strong>Jean Fromont<\/strong><\/td>\n<td>Volkswagen Original<\/td>\n<td class=\"nomobile\">Fromont MMO Les Lyonnais<\/td>\n<td style=\"text-align: right; padding-right: 15px;\"><strong>+53:34:45<\/strong><\/td>\n<\/tr>\n<tr style=\"vertical-align: top; background-color: #f2f2f2;\">\n<td style=\"text-align: center;\"><strong>56.<\/strong><\/td>\n<td class=\"nomobile\" style=\"text-align: center;\">270<\/td>\n<td class=\"nomobile\" style=\"text-align: center;\"><span style=\"font-size: 8pt;\">T1<\/span><\/td>\n<td class=\"nomobile\" style=\"text-align: center;\"><\/td>\n<td><strong>Hugues Moilet<\/strong><br \/>\n<strong>Antoine Galland<\/strong><\/td>\n<td>Fouquet Chevrolet FC2<\/td>\n<td class=\"nomobile\">Off Road Concept<\/td>\n<td style=\"text-align: right; padding-right: 15px;\"><strong>+55:23:27<\/strong><\/td>\n<\/tr>\n<tr style=\"vertical-align: top; background-color: #dbd9d9;\">\n<td style=\"text-align: center;\"><strong>57.<\/strong><\/td>\n<td class=\"nomobile\" style=\"text-align: center;\">276<\/td>\n<td class=\"nomobile\" style=\"text-align: center;\"><span style=\"font-size: 8pt;\">T1<\/span><\/td>\n<td class=\"nomobile\" style=\"text-align: center;\"><\/td>\n<td><strong>Thierry Richard<\/strong><br \/>\n<strong>Franck Maldonado<\/strong><\/td>\n<td>BMW EG21A4F Sodicars Racing<\/td>\n<td class=\"nomobile\">Sodicars Racing<\/td>\n<td style=\"text-align: right; padding-right: 15px;\"><strong>+56:23:23<\/strong><\/td>\n<\/tr>\n<tr style=\"vertical-align: top; background-color: #f2f2f2;\">\n<td style=\"text-align: center;\"><strong>58.<\/strong><\/td>\n<td class=\"nomobile\" style=\"text-align: center;\">287<\/td>\n<td class=\"nomobile\" style=\"text-align: center;\"><span style=\"font-size: 8pt;\">T1<\/span><\/td>\n<td class=\"nomobile\" style=\"text-align: center;\"><\/td>\n<td><strong>Iacob Ilie Buhai Hotea<\/strong><br \/>\n<strong>Turdean Tudor<\/strong><\/td>\n<td>Toyota Hilux<\/td>\n<td class=\"nomobile\">Federacion Andaluza de Auto<\/td>\n<td style=\"text-align: right; padding-right: 15px;\"><strong>+57:20:25<\/strong><\/td>\n<\/tr>\n<tr style=\"vertical-align: top; background-color: #dbd9d9;\">\n<td style=\"text-align: center;\"><strong>59.<\/strong><\/td>\n<td class=\"nomobile\" style=\"text-align: center;\">200<\/td>\n<td class=\"nomobile\" style=\"text-align: center;\"><span style=\"font-size: 8pt;\">T1<\/span><\/td>\n<td class=\"nomobile\" style=\"text-align: center;\"><\/td>\n<td><a href=\"\/index.php\/osobnosti\/stephane-peterhansel\/\"><span style=\"color: #ee8027;\"><strong>St\u00e9phane Peterhansel<\/strong><\/span><\/a><br \/>\n<strong><a href=\"\/index.php\/osobnosti\/edouard-boulanger\/\"><span style=\"color: #ee8027;\">Edouard Boulanger<\/span><\/a><\/strong><\/td>\n<td>Audi RS Q e-tron<\/td>\n<td class=\"nomobile\">Team Audi Sport<\/td>\n<td style=\"text-align: right; padding-right: 15px;\"><strong>+68:12:13<\/strong><\/td>\n<\/tr>\n<tr style=\"vertical-align: top; background-color: #f2f2f2;\">\n<td style=\"text-align: center;\"><strong>60.<\/strong><\/td>\n<td class=\"nomobile\" style=\"text-align: center;\">272<\/td>\n<td class=\"nomobile\" style=\"text-align: center;\"><span style=\"font-size: 8pt;\">T1<\/span><\/td>\n<td class=\"nomobile\" style=\"text-align: center;\"><\/td>\n<td><strong>Silvio Totani<\/strong><br \/>\n<strong>Tito Totani<\/strong><\/td>\n<td>Nissan Patrol<\/td>\n<td class=\"nomobile\">Motortecnica Racing Team<\/td>\n<td style=\"text-align: right; padding-right: 15px;\"><strong>+72:48:51<\/strong><\/td>\n<\/tr>\n<tr style=\"vertical-align: top; background-color: #dbd9d9;\">\n<td style=\"text-align: center;\"><strong>61.<\/strong><\/td>\n<td class=\"nomobile\" style=\"text-align: center;\">269<\/td>\n<td class=\"nomobile\" style=\"text-align: center;\"><span style=\"font-size: 8pt;\">T1<\/span><\/td>\n<td class=\"nomobile\" style=\"text-align: center;\"><\/td>\n<td><strong>Patrick Martin<\/strong><br \/>\n<strong>Lucas Martin<\/strong><\/td>\n<td>Volkswagen Tarek<\/td>\n<td class=\"nomobile\">Team MMO les Lyonnais<\/td>\n<td style=\"text-align: right; padding-right: 15px;\"><strong>+73:59:39<\/strong><\/td>\n<\/tr>\n<tr style=\"vertical-align: top; background-color: #f2f2f2;\">\n<td style=\"text-align: center;\"><strong>62.<\/strong><\/td>\n<td class=\"nomobile\" style=\"text-align: center;\">292<\/td>\n<td class=\"nomobile\" style=\"text-align: center;\"><span style=\"font-size: 8pt;\">T1<\/span><\/td>\n<td class=\"nomobile\" style=\"text-align: center;\"><\/td>\n<td><strong>Henri Vansteenbergen<\/strong><br \/>\n<strong>Eyck Willemse<\/strong><\/td>\n<td>Rally Raid UK Oryx DW<\/td>\n<td class=\"nomobile\">Oryxrallysport<\/td>\n<td style=\"text-align: right; padding-right: 15px;\"><strong>+85:01:55<\/strong><\/td>\n<\/tr>\n<tr style=\"vertical-align: top; background-color: #dbd9d9;\">\n<td style=\"text-align: center;\"><strong>63.<\/strong><\/td>\n<td class=\"nomobile\" style=\"text-align: center;\">271<\/td>\n<td class=\"nomobile\" style=\"text-align: center;\"><span style=\"font-size: 8pt;\">T1<\/span><\/td>\n<td class=\"nomobile\" style=\"text-align: center;\"><\/td>\n<td><strong>Schalk Burger<\/strong><br \/>\n<strong>Henk Janse van Vuuren<\/strong><\/td>\n<td>Century CR6<\/td>\n<td class=\"nomobile\">Century Racing<\/td>\n<td style=\"text-align: right; padding-right: 15px;\"><strong>+89:21:06<\/strong><\/td>\n<\/tr>\n<tr style=\"vertical-align: top; background-color: #f2f2f2;\">\n<td style=\"text-align: center;\"><strong>64.<\/strong><\/td>\n<td class=\"nomobile\" style=\"text-align: center;\">279<\/td>\n<td class=\"nomobile\" style=\"text-align: center;\"><span style=\"font-size: 8pt;\">T1<\/span><\/td>\n<td class=\"nomobile\" style=\"text-align: center;\"><\/td>\n<td><strong>Maxime Lacarrau<\/strong><br \/>\n<strong>Frederic Becart<\/strong><\/td>\n<td>Toyota Land Cruiser KDJ 120<\/td>\n<td class=\"nomobile\">Team SSP<\/td>\n<td style=\"text-align: right; padding-right: 15px;\"><strong>+97:20:21<\/strong><\/td>\n<\/tr>\n<tr style=\"vertical-align: top; background-color: #dbd9d9;\">\n<td style=\"text-align: center;\"><strong>65.<\/strong><\/td>\n<td class=\"nomobile\" style=\"text-align: center;\">264<\/td>\n<td class=\"nomobile\" style=\"text-align: center;\"><span style=\"font-size: 8pt;\">T1<\/span><\/td>\n<td class=\"nomobile\" style=\"text-align: center;\"><\/td>\n<td><strong>Andrea Lafarja<\/strong><br \/>\n<strong>Eugenio Andres Arrieta<\/strong><\/td>\n<td>Borgward BX7 Evo<\/td>\n<td class=\"nomobile\">Puma Energy Rallyteam<\/td>\n<td style=\"text-align: right; padding-right: 15px;\"><strong>+103:36:41<\/strong><\/td>\n<\/tr>\n<tr style=\"vertical-align: top; background-color: #f2f2f2;\">\n<td style=\"text-align: center;\"><strong>66.<\/strong><\/td>\n<td class=\"nomobile\" style=\"text-align: center;\">239<\/td>\n<td class=\"nomobile\" style=\"text-align: center;\"><span style=\"font-size: 8pt;\">T1<\/span><\/td>\n<td class=\"nomobile\" style=\"text-align: center;\"><\/td>\n<td><strong>Carlos Checa<\/strong><br \/>\n<a href=\"\/index.php\/osobnosti\/ferran-marco-alcayna\/\"><span style=\"color: #ee8027;\"><strong>Ferran Marco<\/strong><\/span><\/a><\/td>\n<td>MD Optimus<\/td>\n<td class=\"nomobile\">MD Rallye Sport<\/td>\n<td style=\"text-align: right; padding-right: 15px;\"><strong>+104:45:11<\/strong><\/td>\n<\/tr>\n<tr style=\"vertical-align: top; background-color: #dbd9d9;\">\n<td style=\"text-align: center;\"><strong>67.<\/strong><\/td>\n<td class=\"nomobile\" style=\"text-align: center;\">281<\/td>\n<td class=\"nomobile\" style=\"text-align: center;\"><span style=\"font-size: 8pt;\">T1<\/span><\/td>\n<td class=\"nomobile\" style=\"text-align: center;\"><\/td>\n<td><strong>Pierre-Guy Cellerier<\/strong><br \/>\n<strong>Franck Cellerier<\/strong><\/td>\n<td>Bowler<\/td>\n<td class=\"nomobile\">MMO<\/td>\n<td style=\"text-align: right; padding-right: 15px;\"><strong>+127:23:51<\/strong><\/td>\n<\/tr>\n<tr style=\"vertical-align: top; background-color: #f2f2f2;\">\n<td style=\"text-align: center;\"><strong>68.<\/strong><\/td>\n<td class=\"nomobile\" style=\"text-align: center;\">285<\/td>\n<td class=\"nomobile\" style=\"text-align: center;\"><span style=\"font-size: 8pt;\">T1<\/span><\/td>\n<td class=\"nomobile\" style=\"text-align: center;\"><\/td>\n<td><strong>Herv\u00e9 Quinet<\/strong><br \/>\n<strong>Marie-Laure Quinet<\/strong><\/td>\n<td>Rally Raid UK Desert Warrior<\/td>\n<td class=\"nomobile\">Les Cl\u00e9rimois Auto Sport<\/td>\n<td style=\"text-align: right; padding-right: 15px;\"><strong>+127:24:06<\/strong><\/td>\n<\/tr>\n<tr style=\"vertical-align: top; background-color: #dbd9d9;\">\n<td style=\"text-align: center;\"><strong>69.<\/strong><\/td>\n<td class=\"nomobile\" style=\"text-align: center;\">295<\/td>\n<td class=\"nomobile\" style=\"text-align: center;\"><span style=\"font-size: 8pt;\">T1<\/span><\/td>\n<td class=\"nomobile\" style=\"text-align: center;\"><\/td>\n<td><strong>Marco Piana<\/strong><br \/>\n<strong>Nicolas Garnier<\/strong><\/td>\n<td>Toyota Land Cruiser<\/td>\n<td class=\"nomobile\">Xtreme Plus Polaris Factory Team<\/td>\n<td style=\"text-align: right; padding-right: 15px;\"><strong>+147:25:10<\/strong><\/td>\n<\/tr>\n<tr style=\"vertical-align: top; background-color: #f2f2f2;\">\n<td style=\"text-align: center;\"><strong>70.<\/strong><\/td>\n<td class=\"nomobile\" style=\"text-align: center;\">296<\/td>\n<td class=\"nomobile\" style=\"text-align: center;\"><span style=\"font-size: 8pt;\">T1<\/span><\/td>\n<td class=\"nomobile\" style=\"text-align: center;\"><\/td>\n<td><strong>Christophe Girard<\/strong><br \/>\n<strong>Renaud Niveau<\/strong><\/td>\n<td>Toyota HDJ 100<\/td>\n<td class=\"nomobile\">STA Competition<\/td>\n<td style=\"text-align: right; padding-right: 15px;\"><strong>+176:18:15<\/strong><\/td>\n<\/tr>\n<tr style=\"vertical-align: top; background-color: #dbd9d9;\">\n<td style=\"text-align: center;\"><strong>71.<\/strong><\/td>\n<td class=\"nomobile\" style=\"text-align: center;\">268<\/td>\n<td class=\"nomobile\" style=\"text-align: center;\"><span style=\"font-size: 8pt;\">T1<\/span><\/td>\n<td class=\"nomobile\" style=\"text-align: center;\"><\/td>\n<td><strong>Andrea Schiumarini<\/strong><br \/>\n<strong>Stefano Sinibaldi<\/strong><\/td>\n<td>Mitsubishi Pajero WRC Plus<\/td>\n<td class=\"nomobile\">R Team<\/td>\n<td style=\"text-align: right; padding-right: 15px;\"><strong>+177:00:57<\/strong><\/td>\n<\/tr>\n<tr style=\"vertical-align: top; background-color: #f2f2f2;\">\n<td style=\"text-align: center;\"><strong>72.<\/strong><\/td>\n<td class=\"nomobile\" style=\"text-align: center;\">291<\/td>\n<td class=\"nomobile\" style=\"text-align: center;\"><span style=\"font-size: 8pt;\">T1<\/span><\/td>\n<td class=\"nomobile\" style=\"text-align: center;\"><\/td>\n<td><strong>Ibrahim Almuhna<\/strong><br \/>\n<strong>Osama Alsanad<\/strong><\/td>\n<td>Toyota FJ Cruiser<\/td>\n<td class=\"nomobile\"><\/td>\n<td style=\"text-align: right; padding-right: 15px;\"><strong>+184:05:45<\/strong><\/td>\n<\/tr>\n<tr style=\"background-color: #808080; color: white;\">\n<td style=\"text-align: left;\" colspan=\"8\"><\/td>\n<\/tr>\n<tr style=\"vertical-align: top; background-color: #dbd9d9;\">\n<td style=\"text-align: center;\"><strong>DNF<\/strong><\/td>\n<td class=\"nomobile\" style=\"text-align: center;\">215<\/td>\n<td class=\"nomobile\" style=\"text-align: center;\"><span style=\"font-size: 8pt;\">T1<\/span><\/td>\n<td class=\"nomobile\" style=\"text-align: center;\"><\/td>\n<td><strong>Romain Dumas<\/strong><br \/>\n<strong>R\u00e9mi Boulanger<\/strong><\/td>\n<td>Toyota Hilux<\/td>\n<td class=\"nomobile\">Rebellion Racing<\/td>\n<td style=\"text-align: right; padding-right: 15px;\"><\/td>\n<\/tr>\n<tr style=\"vertical-align: top; background-color: #f2f2f2;\">\n<td style=\"text-align: center;\"><strong>DNF<\/strong><\/td>\n<td class=\"nomobile\" style=\"text-align: center;\">218<\/td>\n<td class=\"nomobile\" style=\"text-align: center;\"><span style=\"font-size: 8pt;\">T1<\/span><\/td>\n<td class=\"nomobile\" style=\"text-align: center;\"><\/td>\n<td><strong>Yasir Seaidan<\/strong><br \/>\n<strong><a href=\"\/index.php\/osobnosti\/alexej-kuzmic\/\"><span style=\"color: #ee8027;\">Alexej Kuzmi\u010d<\/span><\/a><\/strong><\/td>\n<td>Mini JCW Rally<\/td>\n<td class=\"nomobile\">X-raid Mini JCW Team<\/td>\n<td style=\"text-align: right; padding-right: 15px;\"><strong><span style=\"font-size: 8pt;\">7. etapa<\/span><\/strong><\/td>\n<\/tr>\n<tr style=\"vertical-align: top; background-color: #dbd9d9;\">\n<td style=\"text-align: center;\"><strong>DNF<\/strong><\/td>\n<td class=\"nomobile\" style=\"text-align: center;\">219<\/td>\n<td class=\"nomobile\" style=\"text-align: center;\"><span style=\"font-size: 8pt;\">T1<\/span><\/td>\n<td class=\"nomobile\" style=\"text-align: center;\"><\/td>\n<td><strong>Benediktas Vanagas<\/strong><br \/>\n<strong>Filipe Palmeiro<\/strong><\/td>\n<td>Toyota Hilux<\/td>\n<td class=\"nomobile\">Toyota Gazoo Racing Baltics<\/td>\n<td style=\"text-align: right; padding-right: 15px;\"><\/td>\n<\/tr>\n<tr style=\"vertical-align: top; background-color: #f2f2f2;\">\n<td style=\"text-align: center;\"><strong>DNF<\/strong><\/td>\n<td class=\"nomobile\" style=\"text-align: center;\">226<\/td>\n<td class=\"nomobile\" style=\"text-align: center;\"><span style=\"font-size: 8pt;\">T1<\/span><\/td>\n<td class=\"nomobile\" style=\"text-align: center;\"><span style=\"font-size: 8pt;\"><a href=\"\/index.php\/w2rc\/w2rc-2022\/\"><span style=\"color: #ee8027;\">W2RC<\/span><\/a><\/span><\/td>\n<td><a href=\"\/index.php\/osobnosti\/guerlain-chicherit\/\"><span style=\"color: #ee8027;\"><strong>Guerlain Chicherit<\/strong><\/span><\/a><br \/>\n<strong><a href=\"\/index.php\/osobnosti\/alexandre-winocq\/\"><span style=\"color: #ee8027;\">Alex Winocq<\/span><\/a><\/strong><\/td>\n<td>Buggy GCK Thunder<\/td>\n<td class=\"nomobile\">GCK Motorsport<\/td>\n<td style=\"text-align: right; padding-right: 15px;\"><strong><span style=\"font-size: 8pt;\">12. etapa<\/span><\/strong><\/td>\n<\/tr>\n<tr style=\"vertical-align: top; background-color: #dbd9d9;\">\n<td style=\"text-align: center;\"><strong>DNS<\/strong><\/td>\n<td class=\"nomobile\" style=\"text-align: center;\">227<\/td>\n<td class=\"nomobile\" style=\"text-align: center;\"><span style=\"font-size: 8pt;\">T1<\/span><\/td>\n<td class=\"nomobile\" style=\"text-align: center;\"><\/td>\n<td><strong>J\u00e9r\u00f4me P\u00e9lichet<\/strong><br \/>\n<strong>Pascal Larroque<\/strong><\/td>\n<td>Optimus<\/td>\n<td class=\"nomobile\">Raidlynx<\/td>\n<td style=\"text-align: right; padding-right: 15px;\"><\/td>\n<\/tr>\n<tr style=\"vertical-align: top; background-color: #f2f2f2;\">\n<td style=\"text-align: center;\"><strong>DNF<\/strong><\/td>\n<td class=\"nomobile\" style=\"text-align: center;\">244<\/td>\n<td class=\"nomobile\" style=\"text-align: center;\"><span style=\"font-size: 8pt;\">T1<\/span><\/td>\n<td class=\"nomobile\" style=\"text-align: center;\"><\/td>\n<td><strong>Khalid Aljafla<\/strong><br \/>\n<strong>Charly Gotlib<\/strong><\/td>\n<td>Toyota Hilux<\/td>\n<td class=\"nomobile\">Aljafla Racing<\/td>\n<td style=\"text-align: right; padding-right: 15px;\"><\/td>\n<\/tr>\n<tr style=\"vertical-align: top; background-color: #dbd9d9;\">\n<td style=\"text-align: center;\"><strong>DNF<\/strong><\/td>\n<td class=\"nomobile\" style=\"text-align: center;\">247<\/td>\n<td class=\"nomobile\" style=\"text-align: center;\"><span style=\"font-size: 8pt;\">T1<\/span><\/td>\n<td class=\"nomobile\" style=\"text-align: center;\"><\/td>\n<td><strong>Tim Coronel<\/strong><br \/>\n<strong>Tom Coronel<\/strong><\/td>\n<td>Century CR6<\/td>\n<td class=\"nomobile\">Coronel Dakar Team<\/td>\n<td style=\"text-align: right; padding-right: 15px;\"><\/td>\n<\/tr>\n<tr style=\"vertical-align: top; background-color: #f2f2f2;\">\n<td style=\"text-align: center;\"><strong>DNF<\/strong><\/td>\n<td class=\"nomobile\" style=\"text-align: center;\">256<\/td>\n<td class=\"nomobile\" style=\"text-align: center;\"><span style=\"font-size: 8pt;\">T1<\/span><\/td>\n<td class=\"nomobile\" style=\"text-align: center;\"><\/td>\n<td><strong>Jesus Calleja<\/strong><br \/>\n<strong>Edu Blanco<\/strong><\/td>\n<td>Astara 01 Concept<\/td>\n<td class=\"nomobile\">Astara Team<\/td>\n<td style=\"text-align: right; padding-right: 15px;\"><\/td>\n<\/tr>\n<tr style=\"vertical-align: top; background-color: #dbd9d9;\">\n<td style=\"text-align: center;\"><strong>DNF<\/strong><\/td>\n<td class=\"nomobile\" style=\"text-align: center;\">257<\/td>\n<td class=\"nomobile\" style=\"text-align: center;\"><span style=\"font-size: 8pt;\">T1<\/span><\/td>\n<td class=\"nomobile\" style=\"text-align: center;\"><\/td>\n<td><strong>Manuel Plaza Perez<\/strong><br \/>\n<strong>Monica Plaza Vazquez<\/strong><\/td>\n<td>Chevrolet BV2 Sodicars Racing<\/td>\n<td class=\"nomobile\">Sodicars Racing<\/td>\n<td style=\"text-align: right; padding-right: 15px;\"><\/td>\n<\/tr>\n<tr style=\"vertical-align: top; background-color: #f2f2f2;\">\n<td style=\"text-align: center;\"><strong>DNF<\/strong><\/td>\n<td class=\"nomobile\" style=\"text-align: center;\">258<\/td>\n<td class=\"nomobile\" style=\"text-align: center;\"><span style=\"font-size: 8pt;\">T1<\/span><\/td>\n<td class=\"nomobile\" style=\"text-align: center;\"><\/td>\n<td><strong>Andrej \u010cerednikov<\/strong><br \/>\n<strong>Meiram Tleuchan<\/strong><\/td>\n<td>Ford F-150 Evo<\/td>\n<td class=\"nomobile\">Offroadsport<\/td>\n<td style=\"text-align: right; padding-right: 15px;\"><\/td>\n<\/tr>\n<tr style=\"vertical-align: top; background-color: #dbd9d9;\">\n<td style=\"text-align: center;\"><strong>DNF<\/strong><\/td>\n<td class=\"nomobile\" style=\"text-align: center;\">261<\/td>\n<td class=\"nomobile\" style=\"text-align: center;\"><span style=\"font-size: 8pt;\">T1<\/span><\/td>\n<td class=\"nomobile\" style=\"text-align: center;\"><\/td>\n<td><strong>Patrice Garrouste<\/strong><br \/>\n<strong>Jeremy Caszalot<\/strong><\/td>\n<td>Buggy Chevrolet Sarap Buffalo<\/td>\n<td class=\"nomobile\">Sodicars Racing<\/td>\n<td style=\"text-align: right; padding-right: 15px;\"><\/td>\n<\/tr>\n<tr style=\"vertical-align: top; background-color: #f2f2f2;\">\n<td style=\"text-align: center;\"><strong>DNF<\/strong><\/td>\n<td class=\"nomobile\" style=\"text-align: center;\">274<\/td>\n<td class=\"nomobile\" style=\"text-align: center;\"><span style=\"font-size: 8pt;\">T1<\/span><\/td>\n<td class=\"nomobile\" style=\"text-align: center;\"><\/td>\n<td><strong>Jesus Manuel Henriquez Navarro<\/strong><br \/>\n<strong>Filippo Ippolito<\/strong><\/td>\n<td>Dakar Enduro<\/td>\n<td class=\"nomobile\">Maximus<\/td>\n<td style=\"text-align: right; padding-right: 15px;\"><\/td>\n<\/tr>\n<tr style=\"vertical-align: top; background-color: #dbd9d9;\">\n<td style=\"text-align: center;\"><strong>DNF<\/strong><\/td>\n<td class=\"nomobile\" style=\"text-align: center;\">275<\/td>\n<td class=\"nomobile\" style=\"text-align: center;\"><span style=\"font-size: 8pt;\">T1<\/span><\/td>\n<td class=\"nomobile\" style=\"text-align: center;\"><span style=\"font-size: 8pt;\"><a href=\"\/index.php\/w2rc\/w2rc-2022\/\"><span style=\"color: #ee8027;\">W2RC<\/span><\/a><\/span><\/td>\n<td><strong>Jordi Queralto<\/strong><br \/>\n<strong>Petra Zem\u00e1nkov\u00e1<\/strong><\/td>\n<td>Jeep Tanker<\/td>\n<td class=\"nomobile\">Krestex Team<\/td>\n<td style=\"text-align: right; padding-right: 15px;\"><\/td>\n<\/tr>\n<tr style=\"vertical-align: top; background-color: #f2f2f2;\">\n<td style=\"text-align: center;\"><strong>DNF<\/strong><\/td>\n<td class=\"nomobile\" style=\"text-align: center;\">280<\/td>\n<td class=\"nomobile\" style=\"text-align: center;\"><span style=\"font-size: 8pt;\">T1<\/span><\/td>\n<td class=\"nomobile\" style=\"text-align: center;\"><\/td>\n<td><strong>Jose Manuel Salinero<\/strong><br \/>\n<strong>Cristian Lopez Vigara<\/strong><\/td>\n<td>Nissan Proto<\/td>\n<td class=\"nomobile\">Krestex Team<\/td>\n<td style=\"text-align: right; padding-right: 15px;\"><\/td>\n<\/tr>\n<tr style=\"vertical-align: top; background-color: #dbd9d9;\">\n<td style=\"text-align: center;\"><strong>DNF<\/strong><\/td>\n<td class=\"nomobile\" style=\"text-align: center;\">283<\/td>\n<td class=\"nomobile\" style=\"text-align: center;\"><span style=\"font-size: 8pt;\">T1<\/span><\/td>\n<td class=\"nomobile\" style=\"text-align: center;\"><\/td>\n<td><strong>Antoine Delaporte<\/strong><br \/>\n<strong>Yoann Fran\u00e7ois<\/strong><\/td>\n<td>Chevrolet LCR30<\/td>\n<td class=\"nomobile\">Off Road Concept<\/td>\n<td style=\"text-align: right; padding-right: 15px;\"><\/td>\n<\/tr>\n<tr style=\"vertical-align: top; background-color: #f2f2f2;\">\n<td style=\"text-align: center;\"><strong>DNF<\/strong><\/td>\n<td class=\"nomobile\" style=\"text-align: center;\">284<\/td>\n<td class=\"nomobile\" style=\"text-align: center;\"><span style=\"font-size: 8pt;\">T1<\/span><\/td>\n<td class=\"nomobile\" style=\"text-align: center;\"><\/td>\n<td><strong>Laurent Ducreux<\/strong><br \/>\n<strong>Philippe Cantreau<\/strong><\/td>\n<td>Bowler Wildcat<\/td>\n<td class=\"nomobile\">Team MMO les Lyonnais<\/td>\n<td style=\"text-align: right; padding-right: 15px;\"><\/td>\n<\/tr>\n<tr style=\"vertical-align: top; background-color: #dbd9d9;\">\n<td style=\"text-align: center;\"><strong>DNF<\/strong><\/td>\n<td class=\"nomobile\" style=\"text-align: center;\">294<\/td>\n<td class=\"nomobile\" style=\"text-align: center;\"><span style=\"font-size: 8pt;\">T1<\/span><\/td>\n<td class=\"nomobile\" style=\"text-align: center;\"><\/td>\n<td><strong>Philippe Raud<\/strong><br \/>\n<strong>Maxime Raud<\/strong><\/td>\n<td>Toyota Land Cruiser<\/td>\n<td class=\"nomobile\">Sodicars Racing<\/td>\n<td style=\"text-align: right; padding-right: 15px;\"><\/td>\n<\/tr>\n<tr style=\"background-color: #808080; color: white;\">\n<td style=\"text-align: left;\" colspan=\"8\"><span style=\"font-size: 8pt;\">V kategorii osobn\u00edch automobil\u016f odstartovalo 89 vozidel skupin T1 a T2, v c\u00edli klasifikov\u00e1no 72.<br \/>\n<sup>\u2217<\/sup> Nedokon\u010dili nebo neabsolvovali n\u011bkterou z etap, ale po za\u010dlen\u011bn\u00ed Rally Dakar do <a href=\"\/index.php\/w2rc\/\"><span style=\"color: #ee8027;\">W2RC<\/span><\/a> mohli podle pravidel tohoto \u0161ampion\u00e1tu v dal\u0161\u00edch dnech pokra\u010dovat v sout\u011b\u017ei, by\u0165 s v\u00fdraznou penalizac\u00ed. V c\u00edli tak byli klasifikov\u00e1ni, ale nebyli pova\u017eov\u00e1ni za pos\u00e1dku, kter\u00e1 zdolala cel\u00fd Dakar (neobdr\u017eeli medaile tradi\u010dn\u011b ud\u011blovan\u00e9 organiz\u00e1tory v\u0161em \u00fa\u010dastn\u00edk\u016fm, kte\u0159\u00ed poko\u0159\u00ed cel\u00fd maraton).<\/span><\/td>\n<\/tr>\n<\/tbody>\n<\/table>\n<p>[\/vc_column_text][\/vc_tta_section][vc_tta_section title=&#8221;S\u00d7S&#8221; tab_id=&#8221;sxs&#8221;][vc_column_text css_animation=&#8221;fadeIn&#8221;]<\/p>\n<table style=\"width: 97.7654%;\" rules=\"rows\" cellpadding=\"4px\">\n<tbody>\n<tr style=\"background-color: #808080; color: white;\">\n<td style=\"text-align: center;\" colspan=\"8\"><span style=\"font-size: 12pt;\"><strong>RALLY DAKAR 2022<br \/>\nKATEGORIE SIDE-BY-SIDE<br \/>\n(skupiny T3 &amp; T4)<br \/>\nkone\u010dn\u00e9 v\u00fdsledky<\/strong><\/span><\/td>\n<\/tr>\n<tr style=\"vertical-align: top; background-color: #dbd9d9;\">\n<td style=\"text-align: center;\"><strong>1.<\/strong><\/td>\n<td class=\"nomobile\" style=\"text-align: center;\">305<\/td>\n<td class=\"nomobile\" style=\"text-align: center;\"><span style=\"font-size: 8pt;\">T3<\/span><\/td>\n<td class=\"nomobile\" style=\"text-align: center;\"><span style=\"font-size: 8pt;\"><a href=\"\/index.php\/w2rc\/w2rc-2022\/\"><span style=\"color: #ee8027;\">W2RC<\/span><\/a><\/span><\/td>\n<td><strong>Chaleco L\u00f3pez<\/strong><br \/>\n<strong>Juan Pablo Latrach<\/strong><\/td>\n<td>Can-Am Maverick X3<\/td>\n<td class=\"nomobile\">EKS &#8211; South Racing<\/td>\n<td style=\"text-align: right; padding-right: 15px;\"><strong>45:50:51<\/strong><\/td>\n<\/tr>\n<tr style=\"vertical-align: top; background-color: #f2f2f2;\">\n<td style=\"text-align: center;\"><strong>2.<\/strong><\/td>\n<td class=\"nomobile\" style=\"text-align: center;\">306<\/td>\n<td class=\"nomobile\" style=\"text-align: center;\"><span style=\"font-size: 8pt;\">T3<\/span><\/td>\n<td class=\"nomobile\" style=\"text-align: center;\"><\/td>\n<td><strong>Sebastian Eriksson<\/strong><br \/>\n<strong>Wouter Rosegaar<\/strong><\/td>\n<td>Can-Am Maverick X3<\/td>\n<td class=\"nomobile\">EKS &#8211; South Racing<\/td>\n<td style=\"text-align: right; padding-right: 15px;\"><strong>+51:28<\/strong><\/td>\n<\/tr>\n<tr style=\"vertical-align: top; background-color: #dbd9d9;\">\n<td style=\"text-align: center;\"><strong>3.<\/strong><\/td>\n<td class=\"nomobile\" style=\"text-align: center;\">401<\/td>\n<td class=\"nomobile\" style=\"text-align: center;\"><span style=\"font-size: 8pt;\">T4<\/span><\/td>\n<td class=\"nomobile\" style=\"text-align: center;\"><span style=\"font-size: 8pt;\"><a href=\"\/index.php\/w2rc\/w2rc-2022\/\"><span style=\"color: #ee8027;\">W2RC<\/span><\/a><\/span><\/td>\n<td><a href=\"\/index.php\/osobnosti\/austin-jones\/\"><span style=\"color: #ee8027;\"><strong>Austin Jones<\/strong><\/span><\/a><br \/>\n<a href=\"\/index.php\/osobnosti\/gustavo-gugelmin\/\"><span style=\"color: #ee8027;\"><strong>Gustavo Gugelmin<\/strong><\/span><\/a><\/td>\n<td>Can-Am Maverick X3<\/td>\n<td class=\"nomobile\">Can-Am Factory South Racing<\/td>\n<td style=\"text-align: right; padding-right: 15px;\"><strong>+1:31:59<\/strong><\/td>\n<\/tr>\n<tr style=\"vertical-align: top; background-color: #f2f2f2;\">\n<td style=\"text-align: center;\"><strong>4.<\/strong><\/td>\n<td class=\"nomobile\" style=\"text-align: center;\">416<\/td>\n<td class=\"nomobile\" style=\"text-align: center;\"><span style=\"font-size: 8pt;\">T4<\/span><\/td>\n<td class=\"nomobile\" style=\"text-align: center;\"><\/td>\n<td><strong><a href=\"\/index.php\/osobnosti\/gerard-farres\/\"><span style=\"color: #ee8027;\">Gerard Farr\u00e9s<\/span><\/a><\/strong><br \/>\n<strong>Diego Ortega<\/strong><\/td>\n<td>Can-Am Maverick X3<\/td>\n<td class=\"nomobile\">Can-Am Factory South Racing<\/td>\n<td style=\"text-align: right; padding-right: 15px;\"><strong>+1:34:36<\/strong><\/td>\n<\/tr>\n<tr style=\"vertical-align: top; background-color: #dbd9d9;\">\n<td style=\"text-align: center;\"><strong>5.<\/strong><\/td>\n<td class=\"nomobile\" style=\"text-align: center;\">414<\/td>\n<td class=\"nomobile\" style=\"text-align: center;\"><span style=\"font-size: 8pt;\">T4<\/span><\/td>\n<td class=\"nomobile\" style=\"text-align: center;\"><span style=\"font-size: 8pt;\"><a href=\"\/index.php\/w2rc\/w2rc-2022\/\"><span style=\"color: #ee8027;\">W2RC<\/span><\/a><\/span><\/td>\n<td><strong>Rokas Baciu\u0161ka<\/strong><br \/>\n<strong>Oriol Mena<\/strong><\/td>\n<td>Can-Am Maverick X3<\/td>\n<td class=\"nomobile\">South Racing Can-Am<\/td>\n<td style=\"text-align: right; padding-right: 15px;\"><strong>+1:47:17<\/strong><\/td>\n<\/tr>\n<tr style=\"vertical-align: top; background-color: #f2f2f2;\">\n<td style=\"text-align: center;\"><strong>6.<\/strong><\/td>\n<td class=\"nomobile\" style=\"text-align: center;\">410<\/td>\n<td class=\"nomobile\" style=\"text-align: center;\"><span style=\"font-size: 8pt;\">T4<\/span><\/td>\n<td class=\"nomobile\" style=\"text-align: center;\"><span style=\"font-size: 8pt;\"><a href=\"\/index.php\/w2rc\/w2rc-2022\/\"><span style=\"color: #ee8027;\">W2RC<\/span><\/a><\/span><\/td>\n<td><strong>Marek Gocza\u0142<\/strong><br \/>\n<strong>\u0141ukasz \u0141askawiec<\/strong><\/td>\n<td>Can-Am Maverick X3<\/td>\n<td class=\"nomobile\">Cobant-Energylandia Rally Team<\/td>\n<td style=\"text-align: right; padding-right: 15px;\"><strong>+1:48:20<\/strong><\/td>\n<\/tr>\n<tr style=\"vertical-align: top; background-color: #dbd9d9;\">\n<td style=\"text-align: center;\"><strong>7.<\/strong><\/td>\n<td class=\"nomobile\" style=\"text-align: center;\">403<\/td>\n<td class=\"nomobile\" style=\"text-align: center;\"><span style=\"font-size: 8pt;\">T4<\/span><\/td>\n<td class=\"nomobile\" style=\"text-align: center;\"><span style=\"font-size: 8pt;\"><a href=\"\/index.php\/w2rc\/w2rc-2022\/\"><span style=\"color: #ee8027;\">W2RC<\/span><\/a><\/span><\/td>\n<td><strong>Micha\u0142 Gocza\u0142<\/strong><br \/>\n<strong>Szymon Gospodarczyk<\/strong><\/td>\n<td>Can-Am Maverick X3<\/td>\n<td class=\"nomobile\">Cobant-Energylandia Rally Team<\/td>\n<td style=\"text-align: right; padding-right: 15px;\"><strong>+2:00:27<\/strong><\/td>\n<\/tr>\n<tr style=\"vertical-align: top; background-color: #f2f2f2;\">\n<td style=\"text-align: center;\"><strong>8.<\/strong><\/td>\n<td class=\"nomobile\" style=\"text-align: center;\">415<\/td>\n<td class=\"nomobile\" style=\"text-align: center;\"><span style=\"font-size: 8pt;\">T4<\/span><\/td>\n<td class=\"nomobile\" style=\"text-align: center;\"><span style=\"font-size: 8pt;\"><a href=\"\/index.php\/w2rc\/w2rc-2022\/\"><span style=\"color: #ee8027;\">W2RC<\/span><\/a><\/span><\/td>\n<td><strong>Rodrigo Luppi de Oliveira<\/strong><br \/>\n<strong>Maykel Justo<\/strong><\/td>\n<td>Can-Am Maverick X3<\/td>\n<td class=\"nomobile\">South Racing Can-Am<\/td>\n<td style=\"text-align: right; padding-right: 15px;\"><strong>+2:27:43<\/strong><\/td>\n<\/tr>\n<tr style=\"vertical-align: top; background-color: #dbd9d9;\">\n<td style=\"text-align: center;\"><strong>9.<\/strong><\/td>\n<td class=\"nomobile\" style=\"text-align: center;\">301<\/td>\n<td class=\"nomobile\" style=\"text-align: center;\"><span style=\"font-size: 8pt;\">T3<\/span><\/td>\n<td class=\"nomobile\" style=\"text-align: center;\"><span style=\"font-size: 8pt;\"><a href=\"\/index.php\/w2rc\/w2rc-2022\/\"><span style=\"color: #ee8027;\">W2RC<\/span><\/a><\/span><\/td>\n<td><a href=\"\/index.php\/osobnosti\/cristina-gutierrez\/\"><span style=\"color: #ee8027;\"><strong>Cristina Guti\u00e9rrez<\/strong><\/span><\/a><br \/>\n<strong><a href=\"\/index.php\/osobnosti\/francois-cazalet\/\"><span style=\"color: #ee8027;\">Fran\u00e7ois Cazalet<\/span><\/a><\/strong><\/td>\n<td>Overdrive OT3<\/td>\n<td class=\"nomobile\">Red Bull Off-Road Junior Team<\/td>\n<td style=\"text-align: right; padding-right: 15px;\"><strong>+4:34:43<\/strong><\/td>\n<\/tr>\n<tr style=\"vertical-align: top; background-color: #f2f2f2;\">\n<td style=\"text-align: center;\"><strong>10.<\/strong><\/td>\n<td class=\"nomobile\" style=\"text-align: center;\">444<\/td>\n<td class=\"nomobile\" style=\"text-align: center;\"><span style=\"font-size: 8pt;\">T4<\/span><\/td>\n<td class=\"nomobile\" style=\"text-align: center;\"><\/td>\n<td><strong>Luis Portela Morais<\/strong><br \/>\n<strong>David Megre<\/strong><\/td>\n<td>Can-Am Maverick X3<\/td>\n<td class=\"nomobile\">BP Ultimate SSV Team<\/td>\n<td style=\"text-align: right; padding-right: 15px;\"><strong>+4:52:28<\/strong><\/td>\n<\/tr>\n<tr style=\"vertical-align: top; background-color: #dbd9d9;\">\n<td style=\"text-align: center;\"><strong>11.<\/strong><\/td>\n<td class=\"nomobile\" style=\"text-align: center;\">314<\/td>\n<td class=\"nomobile\" style=\"text-align: center;\"><span style=\"font-size: 8pt;\">T3<\/span><\/td>\n<td class=\"nomobile\" style=\"text-align: center;\"><span style=\"font-size: 8pt;\"><a href=\"\/index.php\/w2rc\/w2rc-2022\/\"><span style=\"color: #ee8027;\">W2RC<\/span><\/a><\/span><\/td>\n<td><strong>Santiago Navarro<\/strong><br \/>\n<strong>Marc Sol\u00e0<\/strong><\/td>\n<td>Can-Am Maverick X3<\/td>\n<td class=\"nomobile\">FN Speed Team<\/td>\n<td style=\"text-align: right; padding-right: 15px;\"><strong>+5:11:35<\/strong><\/td>\n<\/tr>\n<tr style=\"vertical-align: top; background-color: #f2f2f2;\">\n<td style=\"text-align: center;\"><strong>12.<\/strong><\/td>\n<td class=\"nomobile\" style=\"text-align: center;\">312<\/td>\n<td class=\"nomobile\" style=\"text-align: center;\"><span style=\"font-size: 8pt;\">T3<\/span><\/td>\n<td class=\"nomobile\" style=\"text-align: center;\"><\/td>\n<td><strong>Pavel Lebed\u011bv<\/strong><br \/>\n<strong>Kirill \u0160ubin<\/strong><\/td>\n<td>Can-am Maverick X3<\/td>\n<td class=\"nomobile\">MSK Rally Team<\/td>\n<td style=\"text-align: right; padding-right: 15px;\"><strong>+5:52:14<\/strong><\/td>\n<\/tr>\n<tr style=\"vertical-align: top; background-color: #dbd9d9;\">\n<td style=\"text-align: center;\"><strong>13.<\/strong><\/td>\n<td class=\"nomobile\" style=\"text-align: center;\">420<\/td>\n<td class=\"nomobile\" style=\"text-align: center;\"><span style=\"font-size: 8pt;\">T4<\/span><\/td>\n<td class=\"nomobile\" style=\"text-align: center;\"><\/td>\n<td><strong>Eric Abel<\/strong><br \/>\n<strong>Christian Manez<\/strong><\/td>\n<td>Can-Am Maverick X3<\/td>\n<td class=\"nomobile\">Team BBR \/ Pole position 77<\/td>\n<td style=\"text-align: right; padding-right: 15px;\"><strong>+6:54:45<\/strong><\/td>\n<\/tr>\n<tr style=\"vertical-align: top; background-color: #f2f2f2;\">\n<td style=\"text-align: center;\"><strong>14.<\/strong><\/td>\n<td class=\"nomobile\" style=\"text-align: center;\">447<\/td>\n<td class=\"nomobile\" style=\"text-align: center;\"><span style=\"font-size: 8pt;\">T4<\/span><\/td>\n<td class=\"nomobile\" style=\"text-align: center;\"><\/td>\n<td><strong>Joan Lascorz Moreno<\/strong><br \/>\n<strong>Miguel Puertas Herrera<\/strong><\/td>\n<td>Can-Am Maverick X3<\/td>\n<td class=\"nomobile\">Buggy Masters Team<\/td>\n<td style=\"text-align: right; padding-right: 15px;\"><strong>+7:29:58<\/strong><\/td>\n<\/tr>\n<tr style=\"vertical-align: top; background-color: #dbd9d9;\">\n<td style=\"text-align: center;\"><strong>15.<\/strong><\/td>\n<td class=\"nomobile\" style=\"text-align: center;\">446<\/td>\n<td class=\"nomobile\" style=\"text-align: center;\"><span style=\"font-size: 8pt;\">T4<\/span><\/td>\n<td class=\"nomobile\" style=\"text-align: center;\"><\/td>\n<td><strong>David Zille<\/strong><br \/>\n<strong>Sebastian Cesana<\/strong><\/td>\n<td>Can-Am Maverick X3<\/td>\n<td class=\"nomobile\">South Racing Can-Am<\/td>\n<td style=\"text-align: right; padding-right: 15px;\"><strong>+7:47:54<\/strong><\/td>\n<\/tr>\n<tr style=\"vertical-align: top; background-color: #f2f2f2;\">\n<td style=\"text-align: center;\"><strong>16.<\/strong><\/td>\n<td class=\"nomobile\" style=\"text-align: center;\">311<\/td>\n<td class=\"nomobile\" style=\"text-align: center;\"><span style=\"font-size: 8pt;\">T3<\/span><\/td>\n<td class=\"nomobile\" style=\"text-align: center;\"><span style=\"font-size: 8pt;\"><a href=\"\/index.php\/w2rc\/w2rc-2022\/\"><span style=\"color: #ee8027;\">W2RC<\/span><\/a><\/span><\/td>\n<td><strong>Camelia Liparoti<\/strong><br \/>\n<strong>Xavier Blanco<\/strong><\/td>\n<td>Yamaha YXZ1000R<\/td>\n<td class=\"nomobile\">Yamaha Powered by X-raid Team<\/td>\n<td style=\"text-align: right; padding-right: 15px;\"><strong>+8:26:11<\/strong><\/td>\n<\/tr>\n<tr style=\"vertical-align: top; background-color: #dbd9d9;\">\n<td style=\"text-align: center;\"><strong>17.<\/strong><\/td>\n<td class=\"nomobile\" style=\"text-align: center;\">442<\/td>\n<td class=\"nomobile\" style=\"text-align: center;\"><span style=\"font-size: 8pt;\">T4<\/span><\/td>\n<td class=\"nomobile\" style=\"text-align: center;\"><\/td>\n<td><strong>Rudy Roquesalane<\/strong><br \/>\n<strong>Vincent Ferri<\/strong><\/td>\n<td>Can-Am Maverick X3<\/td>\n<td class=\"nomobile\">RRC Racing<\/td>\n<td style=\"text-align: right; padding-right: 15px;\"><strong>+8:34:43<\/strong><\/td>\n<\/tr>\n<tr style=\"vertical-align: top; background-color: #f2f2f2;\">\n<td style=\"text-align: center;\"><strong>18.<\/strong><\/td>\n<td class=\"nomobile\" style=\"text-align: center;\">319<\/td>\n<td class=\"nomobile\" style=\"text-align: center;\"><span style=\"font-size: 8pt;\">T3<\/span><\/td>\n<td class=\"nomobile\" style=\"text-align: center;\"><span style=\"font-size: 8pt;\"><a href=\"\/index.php\/w2rc\/w2rc-2022\/\"><span style=\"color: #ee8027;\">W2RC<\/span><\/a><\/span><\/td>\n<td><strong>Thomas Bell<\/strong><br \/>\n<strong>Bruno Jacomy<\/strong><\/td>\n<td>Can-Am Maverick X3<\/td>\n<td class=\"nomobile\">South Racing Middle East<\/td>\n<td style=\"text-align: right; padding-right: 15px;\"><strong>+8:35:01<\/strong><\/td>\n<\/tr>\n<tr style=\"vertical-align: top; background-color: #dbd9d9;\">\n<td style=\"text-align: center;\"><strong>19.<\/strong><\/td>\n<td class=\"nomobile\" style=\"text-align: center;\">402<\/td>\n<td class=\"nomobile\" style=\"text-align: center;\"><span style=\"font-size: 8pt;\">T4<\/span><\/td>\n<td class=\"nomobile\" style=\"text-align: center;\"><span style=\"font-size: 8pt;\"><a href=\"\/index.php\/w2rc\/w2rc-2022\/\"><span style=\"color: #ee8027;\">W2RC<\/span><\/a><\/span><\/td>\n<td><strong>Aron Dom\u017ca\u0142a<\/strong><br \/>\n<strong><a href=\"\/index.php\/osobnosti\/maciej-marton\/\"><span style=\"color: #ee8027;\">Maciej Marton<\/span><\/a><\/strong><\/td>\n<td>Can-Am Maverick X3<\/td>\n<td class=\"nomobile\">Can-Am Factory South Racing<\/td>\n<td style=\"text-align: right; padding-right: 15px;\"><strong>+8:44:52<\/strong><\/td>\n<\/tr>\n<tr style=\"vertical-align: top; background-color: #f2f2f2;\">\n<td style=\"text-align: center;\"><strong>20.<\/strong><\/td>\n<td class=\"nomobile\" style=\"text-align: center;\">451<\/td>\n<td class=\"nomobile\" style=\"text-align: center;\"><span style=\"font-size: 8pt;\">T4<\/span><\/td>\n<td class=\"nomobile\" style=\"text-align: center;\"><\/td>\n<td><strong>Jevgen Kovalevy\u010d<\/strong><br \/>\n<strong><a href=\"\/index.php\/osobnosti\/dmitrij-cyro\/\"><span style=\"color: #ee8027;\">Dmitrij Cyro<\/span><\/a><\/strong><\/td>\n<td>Can-Am Maverick X3<\/td>\n<td class=\"nomobile\">South Racing Can-Am<\/td>\n<td style=\"text-align: right; padding-right: 15px;\"><strong>+8:45:22<\/strong><\/td>\n<\/tr>\n<tr style=\"vertical-align: top; background-color: #dbd9d9;\">\n<td style=\"text-align: center;\"><strong>21.<\/strong><\/td>\n<td class=\"nomobile\" style=\"text-align: center;\">408<\/td>\n<td class=\"nomobile\" style=\"text-align: center;\"><span style=\"font-size: 8pt;\">T4<\/span><\/td>\n<td class=\"nomobile\" style=\"text-align: center;\"><\/td>\n<td><strong>Molly Taylor<\/strong><br \/>\n<strong>Dale Moscatt<\/strong><\/td>\n<td>Can-Am Maverick X3<\/td>\n<td class=\"nomobile\">Can-Am Factory South Racing<\/td>\n<td style=\"text-align: right; padding-right: 15px;\"><strong>+9:09:58<\/strong><\/td>\n<\/tr>\n<tr style=\"vertical-align: top; background-color: #f2f2f2;\">\n<td style=\"text-align: center;\"><strong>22.<\/strong><\/td>\n<td class=\"nomobile\" style=\"text-align: center;\">467<\/td>\n<td class=\"nomobile\" style=\"text-align: center;\"><span style=\"font-size: 8pt;\">T4<\/span><\/td>\n<td class=\"nomobile\" style=\"text-align: center;\"><\/td>\n<td><strong>Tomas Jan\u010dys<\/strong><br \/>\n<strong>Irmantas Bra\u017ei\u016bnas<\/strong><\/td>\n<td>Can-Am Maverick X3<\/td>\n<td class=\"nomobile\">Mediafon Team<br \/>\nTeltonika Racing<\/td>\n<td style=\"text-align: right; padding-right: 15px;\"><strong>+9:20:42<\/strong><\/td>\n<\/tr>\n<tr style=\"vertical-align: top; background-color: #dbd9d9;\">\n<td style=\"text-align: center;\"><strong>23.<\/strong><\/td>\n<td class=\"nomobile\" style=\"text-align: center;\">310<\/td>\n<td class=\"nomobile\" style=\"text-align: center;\"><span style=\"font-size: 8pt;\">T3<\/span><\/td>\n<td class=\"nomobile\" style=\"text-align: center;\"><span style=\"font-size: 8pt;\"><a href=\"\/index.php\/w2rc\/w2rc-2022\/\"><span style=\"color: #ee8027;\">W2RC<\/span><\/a><\/span><\/td>\n<td><strong>Dania Akeel<\/strong><br \/>\n<strong>Sergio Lafuente<\/strong><\/td>\n<td>Can-Am Maverick X3<\/td>\n<td class=\"nomobile\">South Racing Middle East<\/td>\n<td style=\"text-align: right; padding-right: 15px;\"><strong>+10:00:07<\/strong><\/td>\n<\/tr>\n<tr style=\"vertical-align: top; background-color: #f2f2f2;\">\n<td style=\"text-align: center;\"><strong>24.<\/strong><\/td>\n<td class=\"nomobile\" style=\"text-align: center;\">455<\/td>\n<td class=\"nomobile\" style=\"text-align: center;\"><span style=\"font-size: 8pt;\">T4<\/span><\/td>\n<td class=\"nomobile\" style=\"text-align: center;\"><\/td>\n<td><strong>Rui Oliveira<\/strong><br \/>\n<strong>Fausto Mota<\/strong><\/td>\n<td>Can-Am Maverick X3<\/td>\n<td class=\"nomobile\">CRN Competition Team<\/td>\n<td style=\"text-align: right; padding-right: 15px;\"><strong>+10:14:14<\/strong><\/td>\n<\/tr>\n<tr style=\"vertical-align: top; background-color: #dbd9d9;\">\n<td style=\"text-align: center;\"><strong>25.<\/strong><\/td>\n<td class=\"nomobile\" style=\"text-align: center;\">422<\/td>\n<td class=\"nomobile\" style=\"text-align: center;\"><span style=\"font-size: 8pt;\">T4<\/span><\/td>\n<td class=\"nomobile\" style=\"text-align: center;\"><\/td>\n<td><strong>Fabrice Lardon<\/strong><br \/>\n<strong>Bruno Bony<\/strong><\/td>\n<td>Can-Am Maverick X3<\/td>\n<td class=\"nomobile\">Team Casteu<\/td>\n<td style=\"text-align: right; padding-right: 15px;\"><strong>+10:59:12<\/strong><\/td>\n<\/tr>\n<tr style=\"vertical-align: top; background-color: #f2f2f2;\">\n<td style=\"text-align: center;\"><strong>26.<\/strong><\/td>\n<td class=\"nomobile\" style=\"text-align: center;\">334<\/td>\n<td class=\"nomobile\" style=\"text-align: center;\"><span style=\"font-size: 8pt;\">T3<\/span><\/td>\n<td class=\"nomobile\" style=\"text-align: center;\"><\/td>\n<td><strong>Serge Gounon<\/strong><br \/>\n<strong>Pierre-Henri Michel<\/strong><\/td>\n<td>Can-Am Maverick X3<\/td>\n<td class=\"nomobile\">Team BBR \/ Pole Position 77<\/td>\n<td style=\"text-align: right; padding-right: 15px;\"><strong>+10:59:18<\/strong><\/td>\n<\/tr>\n<tr style=\"vertical-align: top; background-color: #dbd9d9;\">\n<td style=\"text-align: center;\"><strong>27.<\/strong><\/td>\n<td class=\"nomobile\" style=\"text-align: center;\">437<\/td>\n<td class=\"nomobile\" style=\"text-align: center;\"><span style=\"font-size: 8pt;\">T4<\/span><\/td>\n<td class=\"nomobile\" style=\"text-align: center;\"><\/td>\n<td><strong>Pietro Cinotto<\/strong><br \/>\n<strong>Alberto Bertoldi<\/strong><\/td>\n<td>Polaris RZR PRO XP<\/td>\n<td class=\"nomobile\">Xtreme Plus Polaris Factory Team<\/td>\n<td style=\"text-align: right; padding-right: 15px;\"><strong>+11:02:06<\/strong><\/td>\n<\/tr>\n<tr style=\"vertical-align: top; background-color: #f2f2f2;\">\n<td style=\"text-align: center;\"><strong>28.<\/strong><\/td>\n<td class=\"nomobile\" style=\"text-align: center;\">316<\/td>\n<td class=\"nomobile\" style=\"text-align: center;\"><span style=\"font-size: 8pt;\">T3<\/span><\/td>\n<td class=\"nomobile\" style=\"text-align: center;\"><\/td>\n<td><strong>Lionel Costes<\/strong><br \/>\n<strong>Christophe Tressens<\/strong><\/td>\n<td>PH Sport Zephyr<\/td>\n<td class=\"nomobile\">PH Sport<\/td>\n<td style=\"text-align: right; padding-right: 15px;\"><strong>+11:33:10<\/strong><\/td>\n<\/tr>\n<tr style=\"vertical-align: top; background-color: #dbd9d9;\">\n<td style=\"text-align: center;\"><strong>29.<\/strong><\/td>\n<td class=\"nomobile\" style=\"text-align: center;\">426<\/td>\n<td class=\"nomobile\" style=\"text-align: center;\"><span style=\"font-size: 8pt;\">T4<\/span><\/td>\n<td class=\"nomobile\" style=\"text-align: center;\"><\/td>\n<td><strong>Paul Spierings<\/strong><br \/>\n<strong>Jan Pieter van der Stelt<\/strong><\/td>\n<td>Can-Am Maverick X3<\/td>\n<td class=\"nomobile\">Dakarteam Spierings<\/td>\n<td style=\"text-align: right; padding-right: 15px;\"><strong>+11:38:08<\/strong><\/td>\n<\/tr>\n<tr style=\"vertical-align: top; background-color: #f2f2f2;\">\n<td style=\"text-align: center;\"><strong>30.<\/strong><\/td>\n<td class=\"nomobile\" style=\"text-align: center;\">418<\/td>\n<td class=\"nomobile\" style=\"text-align: center;\"><span style=\"font-size: 8pt;\">T4<\/span><\/td>\n<td class=\"nomobile\" style=\"text-align: center;\"><\/td>\n<td><strong>Nicolas Brabeck-Letmathe<\/strong><br \/>\n<strong>Ezequiel Fernandez Sasso<\/strong><\/td>\n<td>Can-Am Maverick X3<\/td>\n<td class=\"nomobile\">Team Casteu<\/td>\n<td style=\"text-align: right; padding-right: 15px;\"><strong>+12:12:47<\/strong><\/td>\n<\/tr>\n<tr style=\"vertical-align: top; background-color: #dbd9d9;\">\n<td style=\"text-align: center;\"><strong>31.<\/strong><\/td>\n<td class=\"nomobile\" style=\"text-align: center;\">431<\/td>\n<td class=\"nomobile\" style=\"text-align: center;\"><span style=\"font-size: 8pt;\">T4<\/span><\/td>\n<td class=\"nomobile\" style=\"text-align: center;\"><\/td>\n<td><strong>Florent Vayssade<\/strong><br \/>\n<strong>Nicolas Rey<\/strong><\/td>\n<td>Can-Am Maverick X3<\/td>\n<td class=\"nomobile\">Team Vayssade Florent<\/td>\n<td style=\"text-align: right; padding-right: 15px;\"><strong>+12:16:49<\/strong><\/td>\n<\/tr>\n<tr style=\"vertical-align: top; background-color: #f2f2f2;\">\n<td style=\"text-align: center;\"><strong>32.<\/strong><\/td>\n<td class=\"nomobile\" style=\"text-align: center;\">433<\/td>\n<td class=\"nomobile\" style=\"text-align: center;\"><span style=\"font-size: 8pt;\">T4<\/span><\/td>\n<td class=\"nomobile\" style=\"text-align: center;\"><\/td>\n<td><strong>Fr\u00e9d\u00e9ric Chesneau<\/strong><br \/>\n<strong>St\u00e9phane Chesneau<\/strong><\/td>\n<td>Can-Am Maverick X3<\/td>\n<td class=\"nomobile\">FS 21<\/td>\n<td style=\"text-align: right; padding-right: 15px;\"><strong>+12:44:59<\/strong><\/td>\n<\/tr>\n<tr style=\"vertical-align: top; background-color: #dbd9d9;\">\n<td style=\"text-align: center;\"><strong>33.<\/strong><\/td>\n<td class=\"nomobile\" style=\"text-align: center;\">468<\/td>\n<td class=\"nomobile\" style=\"text-align: center;\"><span style=\"font-size: 8pt;\">T4<\/span><\/td>\n<td class=\"nomobile\" style=\"text-align: center;\"><\/td>\n<td><strong>Josep Rojas Almuzara<\/strong><br \/>\n<strong>Joan Rubi Montserrat<\/strong><\/td>\n<td>Can-Am Maverick X3<\/td>\n<td class=\"nomobile\">Buggy Masters Team<\/td>\n<td style=\"text-align: right; padding-right: 15px;\"><strong>+12:56:40<\/strong><\/td>\n<\/tr>\n<tr style=\"vertical-align: top; background-color: #f2f2f2;\">\n<td style=\"text-align: center;\"><strong>34.<\/strong><\/td>\n<td class=\"nomobile\" style=\"text-align: center;\">350<\/td>\n<td class=\"nomobile\" style=\"text-align: center;\"><span style=\"font-size: 8pt;\">T3<\/span><\/td>\n<td class=\"nomobile\" style=\"text-align: center;\"><\/td>\n<td><strong>Hans Weijs<\/strong><br \/>\n<strong>Tim Rietveld<\/strong><\/td>\n<td>Arcane T3<\/td>\n<td class=\"nomobile\">Arcane Factory Racing<\/td>\n<td style=\"text-align: right; padding-right: 15px;\"><strong>+13:03:40<\/strong><\/td>\n<\/tr>\n<tr style=\"vertical-align: top; background-color: #dbd9d9;\">\n<td style=\"text-align: center;\"><strong>35.<\/strong><\/td>\n<td class=\"nomobile\" style=\"text-align: center;\">329<\/td>\n<td class=\"nomobile\" style=\"text-align: center;\"><span style=\"font-size: 8pt;\">T3<\/span><\/td>\n<td class=\"nomobile\" style=\"text-align: center;\"><\/td>\n<td><strong>Geoffrey Moreau<\/strong><br \/>\n<strong>Pascal Chassant<\/strong><\/td>\n<td>MMP Can-Am<\/td>\n<td class=\"nomobile\">MMP<\/td>\n<td style=\"text-align: right; padding-right: 15px;\"><strong>+13:15:03<\/strong><\/td>\n<\/tr>\n<tr style=\"vertical-align: top; background-color: #f2f2f2;\">\n<td style=\"text-align: center;\"><strong>36.<\/strong><\/td>\n<td class=\"nomobile\" style=\"text-align: center;\">324<\/td>\n<td class=\"nomobile\" style=\"text-align: center;\"><span style=\"font-size: 8pt;\">T3<\/span><\/td>\n<td class=\"nomobile\" style=\"text-align: center;\"><\/td>\n<td><strong>Mario Franco<\/strong><br \/>\n<strong>Rui Franco<\/strong><\/td>\n<td>Yamaha YZX1000R<\/td>\n<td class=\"nomobile\">Francosport<\/td>\n<td style=\"text-align: right; padding-right: 15px;\"><strong>+13:23:43<\/strong><\/td>\n<\/tr>\n<tr style=\"vertical-align: top; background-color: #dbd9d9;\">\n<td style=\"text-align: center;\"><strong>37.<\/strong><\/td>\n<td class=\"nomobile\" style=\"text-align: center;\">336<\/td>\n<td class=\"nomobile\" style=\"text-align: center;\"><span style=\"font-size: 8pt;\">T3<\/span><\/td>\n<td class=\"nomobile\" style=\"text-align: center;\"><\/td>\n<td><strong>Luis Eguiguren<\/strong><br \/>\n<strong>Matias Vicu\u00f1a<\/strong><\/td>\n<td>Herrator Inzane X3<\/td>\n<td class=\"nomobile\">Herrador Factory Team<\/td>\n<td style=\"text-align: right; padding-right: 15px;\"><strong>+13:31:18<\/strong><\/td>\n<\/tr>\n<tr style=\"vertical-align: top; background-color: #f2f2f2;\">\n<td style=\"text-align: center;\"><strong>38.<\/strong><\/td>\n<td class=\"nomobile\" style=\"text-align: center;\">321<\/td>\n<td class=\"nomobile\" style=\"text-align: center;\"><span style=\"font-size: 8pt;\">T3<\/span><\/td>\n<td class=\"nomobile\" style=\"text-align: center;\"><span style=\"font-size: 8pt;\"><a href=\"\/index.php\/w2rc\/w2rc-2022\/\"><span style=\"color: #ee8027;\">W2RC<\/span><\/a><\/span><\/td>\n<td><strong>Annett Fischer<\/strong><br \/>\n<strong>Annie Seel<\/strong><\/td>\n<td>Yamaha XYZ1000R<\/td>\n<td class=\"nomobile\">Yamaha Powered by X-raid Team<\/td>\n<td style=\"text-align: right; padding-right: 15px;\"><strong>+14:37:04<\/strong><\/td>\n<\/tr>\n<tr style=\"vertical-align: top; background-color: #dbd9d9;\">\n<td style=\"text-align: center;\"><strong>39.<\/strong><\/td>\n<td class=\"nomobile\" style=\"text-align: center;\">303<\/td>\n<td class=\"nomobile\" style=\"text-align: center;\"><span style=\"font-size: 8pt;\">T3<\/span><\/td>\n<td class=\"nomobile\" style=\"text-align: center;\"><span style=\"font-size: 8pt;\"><a href=\"\/index.php\/w2rc\/w2rc-2022\/\"><span style=\"color: #ee8027;\">W2RC<\/span><\/a><\/span><\/td>\n<td><strong>Seth Quintero<\/strong><br \/>\n<strong>Dennis Zenz<\/strong><\/td>\n<td>Overdrive OT3<\/td>\n<td class=\"nomobile\">Red Bull Off-Road Junior Team USA<\/td>\n<td style=\"text-align: right; padding-right: 15px;\"><strong>+14:38:21<\/strong><\/td>\n<\/tr>\n<tr style=\"vertical-align: top; background-color: #f2f2f2;\">\n<td style=\"text-align: center;\"><strong>40.<\/strong><\/td>\n<td class=\"nomobile\" style=\"text-align: center;\">332<\/td>\n<td class=\"nomobile\" style=\"text-align: center;\"><span style=\"font-size: 8pt;\">T3<\/span><\/td>\n<td class=\"nomobile\" style=\"text-align: center;\"><span style=\"font-size: 8pt;\"><a href=\"\/index.php\/w2rc\/w2rc-2022\/\"><span style=\"color: #ee8027;\">W2RC<\/span><\/a><\/span><\/td>\n<td><strong>Mashael Alobaidan<\/strong><br \/>\n<strong><a href=\"\/index.php\/osobnosti\/jacopo-cerutti\/\"><span style=\"color: #ee8027;\">Jacopo Cerutti<\/span><\/a><\/strong><\/td>\n<td>Can-Am Maverick X3<\/td>\n<td class=\"nomobile\">South Racing Middle East<\/td>\n<td style=\"text-align: right; padding-right: 15px;\"><strong>+14:39:52<\/strong><\/td>\n<\/tr>\n<tr style=\"vertical-align: top; background-color: #dbd9d9;\">\n<td style=\"text-align: center;\"><strong>41.<\/strong><\/td>\n<td class=\"nomobile\" style=\"text-align: center;\">463<\/td>\n<td class=\"nomobile\" style=\"text-align: center;\"><span style=\"font-size: 8pt;\">T4<\/span><\/td>\n<td class=\"nomobile\" style=\"text-align: center;\"><\/td>\n<td><strong>Beno\u00eet Fretin<\/strong><br \/>\n<strong>C\u00e9dric Duple<\/strong><\/td>\n<td>Can-Am Maverick X3<\/td>\n<td class=\"nomobile\">Ydeo Competition<\/td>\n<td style=\"text-align: right; padding-right: 15px;\"><strong>+15:15:37<\/strong><\/td>\n<\/tr>\n<tr style=\"vertical-align: top; background-color: #f2f2f2;\">\n<td style=\"text-align: center;\"><strong>42.<\/strong><\/td>\n<td class=\"nomobile\" style=\"text-align: center;\">343<\/td>\n<td class=\"nomobile\" style=\"text-align: center;\"><span style=\"font-size: 8pt;\">T3<\/span><\/td>\n<td class=\"nomobile\" style=\"text-align: center;\"><span style=\"font-size: 8pt;\"><a href=\"\/index.php\/w2rc\/w2rc-2022\/\"><span style=\"color: #ee8027;\">W2RC<\/span><\/a><\/span><\/td>\n<td><strong>Jordi Segura<\/strong><br \/>\n<strong>Pedro Lopez Chaves<\/strong><\/td>\n<td>Can-Am Maverick X3<\/td>\n<td class=\"nomobile\">FN Speed Team<\/td>\n<td style=\"text-align: right; padding-right: 15px;\"><strong>+16:15:11<\/strong><\/td>\n<\/tr>\n<tr style=\"vertical-align: top; background-color: #dbd9d9;\">\n<td style=\"text-align: center;\"><strong>43.<\/strong><\/td>\n<td class=\"nomobile\" style=\"text-align: center;\">421<\/td>\n<td class=\"nomobile\" style=\"text-align: center;\"><span style=\"font-size: 8pt;\">T4<\/span><\/td>\n<td class=\"nomobile\" style=\"text-align: center;\"><\/td>\n<td><strong>Jerome de Sadeleer<\/strong><br \/>\n<strong>Michael Metge<\/strong><\/td>\n<td>Can-Am Maverick X3<\/td>\n<td class=\"nomobile\">Team Galag<\/td>\n<td style=\"text-align: right; padding-right: 15px;\"><strong>+16:16:37<\/strong><\/td>\n<\/tr>\n<tr style=\"vertical-align: top; background-color: #f2f2f2;\">\n<td style=\"text-align: center;\"><strong>44.<\/strong><\/td>\n<td class=\"nomobile\" style=\"text-align: center;\">461<\/td>\n<td class=\"nomobile\" style=\"text-align: center;\"><span style=\"font-size: 8pt;\">T4<\/span><\/td>\n<td class=\"nomobile\" style=\"text-align: center;\"><\/td>\n<td><strong>Jan de Wit<\/strong><br \/>\n<strong>Serge Bruynkens<\/strong><\/td>\n<td>Can-Am Maverick X3<\/td>\n<td class=\"nomobile\">Team Roadseal Africa<\/td>\n<td style=\"text-align: right; padding-right: 15px;\"><strong>+16:41:22<\/strong><\/td>\n<\/tr>\n<tr style=\"vertical-align: top; background-color: #dbd9d9;\">\n<td style=\"text-align: center;\"><strong>45.<\/strong><\/td>\n<td class=\"nomobile\" style=\"text-align: center;\">469<\/td>\n<td class=\"nomobile\" style=\"text-align: center;\"><span style=\"font-size: 8pt;\">T4<\/span><\/td>\n<td class=\"nomobile\" style=\"text-align: center;\"><\/td>\n<td><strong>Jeffrey Otten<\/strong><br \/>\n<strong>Nicky Zoontjens<\/strong><\/td>\n<td>Can-Am Maverick X3<\/td>\n<td class=\"nomobile\">Gaia Motorsports<\/td>\n<td style=\"text-align: right; padding-right: 15px;\"><strong>+17:26:36<\/strong><\/td>\n<\/tr>\n<tr style=\"vertical-align: top; background-color: #f2f2f2;\">\n<td style=\"text-align: center;\"><strong>46.<\/strong><\/td>\n<td class=\"nomobile\" style=\"text-align: center;\">349<\/td>\n<td class=\"nomobile\" style=\"text-align: center;\"><span style=\"font-size: 8pt;\">T3<\/span><\/td>\n<td class=\"nomobile\" style=\"text-align: center;\"><\/td>\n<td><strong>Gaspard Destailleur<\/strong><br \/>\n<strong>Jean-Fran\u00e7ois Destailleur<\/strong><\/td>\n<td>Can-Am Maverick X3<\/td>\n<td class=\"nomobile\">Renonce Mercier Racing<\/td>\n<td style=\"text-align: right; padding-right: 15px;\"><strong>+18:43:11<\/strong><\/td>\n<\/tr>\n<tr style=\"vertical-align: top; background-color: #dbd9d9;\">\n<td style=\"text-align: center;\"><strong>47.<\/strong><\/td>\n<td class=\"nomobile\" style=\"text-align: center;\">450<\/td>\n<td class=\"nomobile\" style=\"text-align: center;\"><span style=\"font-size: 8pt;\">T4<\/span><\/td>\n<td class=\"nomobile\" style=\"text-align: center;\"><\/td>\n<td><strong>Davy Huguet<\/strong><br \/>\n<strong>Nicolas Falloux<\/strong><\/td>\n<td>Can-Am Maverick X3<\/td>\n<td class=\"nomobile\">Team BBR \/ Pole Position 77<\/td>\n<td style=\"text-align: right; padding-right: 15px;\"><strong>+18:54:21<\/strong><\/td>\n<\/tr>\n<tr style=\"vertical-align: top; background-color: #f2f2f2;\">\n<td style=\"text-align: center;\"><strong>48.<\/strong><\/td>\n<td class=\"nomobile\" style=\"text-align: center;\">341<\/td>\n<td class=\"nomobile\" style=\"text-align: center;\"><span style=\"font-size: 8pt;\">T3<\/span><\/td>\n<td class=\"nomobile\" style=\"text-align: center;\"><\/td>\n<td><strong>Eric Croquelois<\/strong><br \/>\n<strong>Hugues Lapouille<\/strong><\/td>\n<td>Can-Am Maverick X3<\/td>\n<td class=\"nomobile\">Drag&#8217;On Rally Team<\/td>\n<td style=\"text-align: right; padding-right: 15px;\"><strong>+20:59:25<\/strong><\/td>\n<\/tr>\n<tr style=\"vertical-align: top; background-color: #dbd9d9;\">\n<td style=\"text-align: center;\"><strong>49.<\/strong><\/td>\n<td class=\"nomobile\" style=\"text-align: center;\">445<\/td>\n<td class=\"nomobile\" style=\"text-align: center;\"><span style=\"font-size: 8pt;\">T4<\/span><\/td>\n<td class=\"nomobile\" style=\"text-align: center;\"><\/td>\n<td><strong>Jean-Claude Pla<\/strong><br \/>\n<strong>Jerome Pla<\/strong><\/td>\n<td>Polaris RZR PRO XP<\/td>\n<td class=\"nomobile\">Xtreme Plus Polaris Factory Team<\/td>\n<td style=\"text-align: right; padding-right: 15px;\"><strong>+21:23:55<\/strong><\/td>\n<\/tr>\n<tr style=\"vertical-align: top; background-color: #f2f2f2;\">\n<td style=\"text-align: center;\"><strong>50.<\/strong><\/td>\n<td class=\"nomobile\" style=\"text-align: center;\">465<\/td>\n<td class=\"nomobile\" style=\"text-align: center;\"><span style=\"font-size: 8pt;\">T4<\/span><\/td>\n<td class=\"nomobile\" style=\"text-align: center;\"><\/td>\n<td><strong>Ta\u0165jana Sy\u010dova<\/strong><br \/>\n<strong>Alexandr Alexejev<\/strong><\/td>\n<td>Can-Am Maverick X3<\/td>\n<td class=\"nomobile\">Xesha Motorsport<\/td>\n<td style=\"text-align: right; padding-right: 15px;\"><strong>+22:17:23<\/strong><\/td>\n<\/tr>\n<tr style=\"vertical-align: top; background-color: #dbd9d9;\">\n<td style=\"text-align: center;\"><strong>51.<\/strong><\/td>\n<td class=\"nomobile\" style=\"text-align: center;\">307<\/td>\n<td class=\"nomobile\" style=\"text-align: center;\"><span style=\"font-size: 8pt;\">T3<\/span><\/td>\n<td class=\"nomobile\" style=\"text-align: center;\"><span style=\"font-size: 8pt;\"><a href=\"\/index.php\/w2rc\/w2rc-2022\/\"><span style=\"color: #ee8027;\">W2RC<\/span><\/a><\/span><\/td>\n<td><strong>Jean-Luc Ceccaldi-Pisson<\/strong><br \/>\n<strong>Jean Brucy<\/strong><\/td>\n<td>PH Sport Zephyr<\/td>\n<td class=\"nomobile\">PH Sport \/ JLC Racing<\/td>\n<td style=\"text-align: right; padding-right: 15px;\"><strong>+22:20:57<\/strong><\/td>\n<\/tr>\n<tr style=\"vertical-align: top; background-color: #f2f2f2;\">\n<td style=\"text-align: center;\"><strong>52.<\/strong><\/td>\n<td class=\"nomobile\" style=\"text-align: center;\">309<\/td>\n<td class=\"nomobile\" style=\"text-align: center;\"><span style=\"font-size: 8pt;\">T3<\/span><\/td>\n<td class=\"nomobile\" style=\"text-align: center;\"><span style=\"font-size: 8pt;\"><a href=\"\/index.php\/w2rc\/w2rc-2022\/\"><span style=\"color: #ee8027;\">W2RC<\/span><\/a><\/span><\/td>\n<td><a href=\"\/index.php\/osobnosti\/fernando-alvarez\/\"><span style=\"color: #ee8027;\"><strong>Fernando \u00c1lvarez<\/strong><\/span><\/a><br \/>\n<strong><a href=\"\/index.php\/osobnosti\/xavier-panseri\/\"><span style=\"color: #ee8027;\">Xavier Panseri<\/span><\/a><\/strong><\/td>\n<td>Can-Am Maverick X3<\/td>\n<td class=\"nomobile\">South Racing Can-Am<\/td>\n<td style=\"text-align: right; padding-right: 15px;\"><strong>+23:12:41<\/strong><\/td>\n<\/tr>\n<tr style=\"vertical-align: top; background-color: #dbd9d9;\">\n<td style=\"text-align: center;\"><strong>53.<\/strong><\/td>\n<td class=\"nomobile\" style=\"text-align: center;\">438<\/td>\n<td class=\"nomobile\" style=\"text-align: center;\"><span style=\"font-size: 8pt;\">T4<\/span><\/td>\n<td class=\"nomobile\" style=\"text-align: center;\"><\/td>\n<td><strong>Pablo Macua<\/strong><br \/>\n<strong>Mauro Esteban Lipez<\/strong><\/td>\n<td>Can-Am Maverick X3<\/td>\n<td class=\"nomobile\">Sodicars Racing<\/td>\n<td style=\"text-align: right; padding-right: 15px;\"><strong>+23:48:06<\/strong><\/td>\n<\/tr>\n<tr style=\"vertical-align: top; background-color: #f2f2f2;\">\n<td style=\"text-align: center;\"><strong>54.<\/strong><\/td>\n<td class=\"nomobile\" style=\"text-align: center;\">339<\/td>\n<td class=\"nomobile\" style=\"text-align: center;\"><span style=\"font-size: 8pt;\">T3<\/span><\/td>\n<td class=\"nomobile\" style=\"text-align: center;\"><\/td>\n<td><strong>Michiel Becx<\/strong><br \/>\n<strong>Edwin Kuijpers<\/strong><\/td>\n<td>Arcane T3<\/td>\n<td class=\"nomobile\">Arcane Factory Racing<\/td>\n<td style=\"text-align: right; padding-right: 15px;\"><strong>+23:49:26<\/strong><\/td>\n<\/tr>\n<tr style=\"vertical-align: top; background-color: #dbd9d9;\">\n<td style=\"text-align: center;\"><strong>55.<\/strong><\/td>\n<td class=\"nomobile\" style=\"text-align: center;\">348<\/td>\n<td class=\"nomobile\" style=\"text-align: center;\"><span style=\"font-size: 8pt;\">T3<\/span><\/td>\n<td class=\"nomobile\" style=\"text-align: center;\"><\/td>\n<td><strong>Hugues Matringhem<\/strong><br \/>\n<strong>Nicolas Tchidemian<\/strong><\/td>\n<td>Can-Am Maverick X3<\/td>\n<td class=\"nomobile\">Renonce Mercier Racing<\/td>\n<td style=\"text-align: right; padding-right: 15px;\"><strong>+26:02:01<\/strong><\/td>\n<\/tr>\n<tr style=\"vertical-align: top; background-color: #f2f2f2;\">\n<td style=\"text-align: center;\"><strong>56.<\/strong><\/td>\n<td class=\"nomobile\" style=\"text-align: center;\">464<\/td>\n<td class=\"nomobile\" style=\"text-align: center;\"><span style=\"font-size: 8pt;\">T4<\/span><\/td>\n<td class=\"nomobile\" style=\"text-align: center;\"><\/td>\n<td><strong>Bruno Fretin<\/strong><br \/>\n<a href=\"\/index.php\/osobnosti\/valentin-sarreaud\/\"><span style=\"color: #ee8027;\"><strong>Valentin Sarreaud<\/strong><\/span><\/a><\/td>\n<td>Can-Am Maverick X3<\/td>\n<td class=\"nomobile\">Ydeo Competition<\/td>\n<td style=\"text-align: right; padding-right: 15px;\"><strong>+26:53:23<\/strong><\/td>\n<\/tr>\n<tr style=\"vertical-align: top; background-color: #dbd9d9;\">\n<td style=\"text-align: center;\"><strong>57.<\/strong><\/td>\n<td class=\"nomobile\" style=\"text-align: center;\">453<\/td>\n<td class=\"nomobile\" style=\"text-align: center;\"><span style=\"font-size: 8pt;\">T4<\/span><\/td>\n<td class=\"nomobile\" style=\"text-align: center;\"><\/td>\n<td><strong>\u0160insuke Umeda<\/strong><br \/>\n<strong>David Giovannetti<\/strong><\/td>\n<td>Polaris RZR PRO XP<\/td>\n<td class=\"nomobile\">Xtreme Plus Polaris Factory Team<\/td>\n<td style=\"text-align: right; padding-right: 15px;\"><strong>+26:55:33<\/strong><\/td>\n<\/tr>\n<tr style=\"vertical-align: top; background-color: #f2f2f2;\">\n<td style=\"text-align: center;\"><strong>58.<\/strong><\/td>\n<td class=\"nomobile\" style=\"text-align: center;\">300<\/td>\n<td class=\"nomobile\" style=\"text-align: center;\"><span style=\"font-size: 8pt;\">T3<\/span><\/td>\n<td class=\"nomobile\" style=\"text-align: center;\"><\/td>\n<td><a href=\"\/index.php\/osobnosti\/josef-machacek\/\"><span style=\"color: #ee8027;\"><strong>Josef Mach\u00e1\u010dek<\/strong><\/span><\/a><br \/>\n<strong>Pavel Vyoral<\/strong><\/td>\n<td>Buggyra Can-Am DV 21<\/td>\n<td class=\"nomobile\">Buggyra ZM Racing<\/td>\n<td style=\"text-align: right; padding-right: 15px;\"><strong>+39:39:47<\/strong><\/td>\n<\/tr>\n<tr style=\"vertical-align: top; background-color: #dbd9d9;\">\n<td style=\"text-align: center;\"><strong>59.<\/strong><\/td>\n<td class=\"nomobile\" style=\"text-align: center;\">342<\/td>\n<td class=\"nomobile\" style=\"text-align: center;\"><span style=\"font-size: 8pt;\">T3<\/span><\/td>\n<td class=\"nomobile\" style=\"text-align: center;\"><\/td>\n<td><strong>Paolo Sottile<\/strong><br \/>\n<strong>Matteo Sottile<\/strong><\/td>\n<td>Can-Am Maverick X3<\/td>\n<td class=\"nomobile\">Team Sottile &#8211; BTR<\/td>\n<td style=\"text-align: right; padding-right: 15px;\"><strong>+33:31:40<\/strong><\/td>\n<\/tr>\n<tr style=\"vertical-align: top; background-color: #f2f2f2;\">\n<td style=\"text-align: center;\"><strong>60.<\/strong><\/td>\n<td class=\"nomobile\" style=\"text-align: center;\">439<\/td>\n<td class=\"nomobile\" style=\"text-align: center;\"><span style=\"font-size: 8pt;\">T4<\/span><\/td>\n<td class=\"nomobile\" style=\"text-align: center;\"><span style=\"font-size: 8pt;\"><a href=\"\/index.php\/w2rc\/w2rc-2022\/\"><span style=\"color: #ee8027;\">W2RC<\/span><\/a><\/span><\/td>\n<td><strong>Ga\u00ebl Queralt<\/strong><br \/>\n<strong>Sergi Brugue<\/strong><\/td>\n<td>Can-Am Maverick X3<\/td>\n<td class=\"nomobile\">FN Speed Team<\/td>\n<td style=\"text-align: right; padding-right: 15px;\"><strong>+33:50:55<\/strong><\/td>\n<\/tr>\n<tr style=\"vertical-align: top; background-color: #dbd9d9;\">\n<td style=\"text-align: center;\"><strong>61.<\/strong><\/td>\n<td class=\"nomobile\" style=\"text-align: center;\">330<\/td>\n<td class=\"nomobile\" style=\"text-align: center;\"><span style=\"font-size: 8pt;\">T3<\/span><\/td>\n<td class=\"nomobile\" style=\"text-align: center;\"><\/td>\n<td><strong>Patrick Becquart<\/strong><br \/>\n<strong>Romain Becquart<\/strong><\/td>\n<td>Can-Am Maverick X3<\/td>\n<td class=\"nomobile\">Mercier<\/td>\n<td style=\"text-align: right; padding-right: 15px;\"><strong>+35:11:00<\/strong><\/td>\n<\/tr>\n<tr style=\"vertical-align: top; background-color: #f2f2f2;\">\n<td style=\"text-align: center;\"><strong>62.<\/strong><\/td>\n<td class=\"nomobile\" style=\"text-align: center;\">326<\/td>\n<td class=\"nomobile\" style=\"text-align: center;\"><span style=\"font-size: 8pt;\">T3<\/span><\/td>\n<td class=\"nomobile\" style=\"text-align: center;\"><\/td>\n<td><strong>Javier Herrador Calatrava<\/strong><br \/>\n<strong>Jos\u00e9 Luis Rosa Olivera<\/strong><\/td>\n<td>Herrator Inzane X3<\/td>\n<td class=\"nomobile\">Herrador Factory Team<\/td>\n<td style=\"text-align: right; padding-right: 15px;\"><strong>+35:41:09<\/strong><\/td>\n<\/tr>\n<tr style=\"vertical-align: top; background-color: #dbd9d9;\">\n<td style=\"text-align: center;\"><strong>63.<\/strong><\/td>\n<td class=\"nomobile\" style=\"text-align: center;\">458<\/td>\n<td class=\"nomobile\" style=\"text-align: center;\"><span style=\"font-size: 8pt;\">T4<\/span><\/td>\n<td class=\"nomobile\" style=\"text-align: center;\"><\/td>\n<td><strong>Ulrich Caradot<\/strong><br \/>\n<strong>Mathieu Bouchut<\/strong><\/td>\n<td>Can-Am Maverick X3<\/td>\n<td class=\"nomobile\">Team BBR \/ Pole Position 77<\/td>\n<td style=\"text-align: right; padding-right: 15px;\"><strong>+35:48:18<\/strong><\/td>\n<\/tr>\n<tr style=\"vertical-align: top; background-color: #f2f2f2;\">\n<td style=\"text-align: center;\"><strong>64.<\/strong><\/td>\n<td class=\"nomobile\" style=\"text-align: center;\">340<\/td>\n<td class=\"nomobile\" style=\"text-align: center;\"><span style=\"font-size: 8pt;\">T3<\/span><\/td>\n<td class=\"nomobile\" style=\"text-align: center;\"><\/td>\n<td><strong>Javier Velez<\/strong><br \/>\n<strong>Mateo Moreno Kristiansen<\/strong><\/td>\n<td>Can-Am Maverick X3<\/td>\n<td class=\"nomobile\">FN Speed Team<\/td>\n<td style=\"text-align: right; padding-right: 15px;\"><strong>+39:07:47<\/strong><\/td>\n<\/tr>\n<tr style=\"vertical-align: top; background-color: #dbd9d9;\">\n<td style=\"text-align: center;\"><strong>65.<\/strong><\/td>\n<td class=\"nomobile\" style=\"text-align: center;\">428<\/td>\n<td class=\"nomobile\" style=\"text-align: center;\"><span style=\"font-size: 8pt;\">T4<\/span><\/td>\n<td class=\"nomobile\" style=\"text-align: center;\"><span style=\"font-size: 8pt;\"><a href=\"\/index.php\/w2rc\/w2rc-2022\/\"><span style=\"color: #ee8027;\">W2RC<\/span><\/a><\/span><\/td>\n<td><strong>Lucas del R\u00edo<\/strong><br \/>\n<strong>Am\u00e9rico Aliaga<\/strong><\/td>\n<td>Can-Am Maverick X3<\/td>\n<td class=\"nomobile\">South Racing Can-Am<\/td>\n<td style=\"text-align: right; padding-right: 15px;\"><strong>+39:16:20<\/strong><\/td>\n<\/tr>\n<tr style=\"vertical-align: top; background-color: #f2f2f2;\">\n<td style=\"text-align: center;\"><strong>66.<\/strong><\/td>\n<td class=\"nomobile\" style=\"text-align: center;\">459<\/td>\n<td class=\"nomobile\" style=\"text-align: center;\"><span style=\"font-size: 8pt;\">T4<\/span><\/td>\n<td class=\"nomobile\" style=\"text-align: center;\"><\/td>\n<td><strong>Andr\u00e9 Thewessen<\/strong><br \/>\n<strong>Stijn Bastings<\/strong><\/td>\n<td>Can-Am Maverick X3<\/td>\n<td class=\"nomobile\">Team ATS<\/td>\n<td style=\"text-align: right; padding-right: 15px;\"><strong>+39:51:23<\/strong><\/td>\n<\/tr>\n<tr style=\"vertical-align: top; background-color: #dbd9d9;\">\n<td style=\"text-align: center;\"><strong>67.<\/strong><\/td>\n<td class=\"nomobile\" style=\"text-align: center;\">460<\/td>\n<td class=\"nomobile\" style=\"text-align: center;\"><span style=\"font-size: 8pt;\">T4<\/span><\/td>\n<td class=\"nomobile\" style=\"text-align: center;\"><\/td>\n<td><strong>J\u00e9r\u00e9my Poret<\/strong><br \/>\n<strong>Brice Aloth<\/strong><\/td>\n<td>Can-Am Maverick X3<\/td>\n<td class=\"nomobile\">Team BTR<\/td>\n<td style=\"text-align: right; padding-right: 15px;\"><strong>+40:19:30<\/strong><\/td>\n<\/tr>\n<tr style=\"vertical-align: top; background-color: #f2f2f2;\">\n<td style=\"text-align: center;\"><strong>68.<\/strong><\/td>\n<td class=\"nomobile\" style=\"text-align: center;\">443<\/td>\n<td class=\"nomobile\" style=\"text-align: center;\"><span style=\"font-size: 8pt;\">T4<\/span><\/td>\n<td class=\"nomobile\" style=\"text-align: center;\"><\/td>\n<td><strong>Baptiste Enjolras<\/strong><br \/>\n<strong>Julien Enjolras<\/strong><\/td>\n<td>Can-Am Maverick X3<\/td>\n<td class=\"nomobile\">Tati Team<\/td>\n<td style=\"text-align: right; padding-right: 15px;\"><strong>+44:05:56<\/strong><\/td>\n<\/tr>\n<tr style=\"vertical-align: top; background-color: #dbd9d9;\">\n<td style=\"text-align: center;\"><strong>69.<\/strong><\/td>\n<td class=\"nomobile\" style=\"text-align: center;\">456<\/td>\n<td class=\"nomobile\" style=\"text-align: center;\"><span style=\"font-size: 8pt;\">T4<\/span><\/td>\n<td class=\"nomobile\" style=\"text-align: center;\"><\/td>\n<td><strong>Christophe Cresp<\/strong><br \/>\n<strong>Serge Henninot<\/strong><\/td>\n<td>Can-Am Maverick X3<\/td>\n<td class=\"nomobile\">MMP<\/td>\n<td style=\"text-align: right; padding-right: 15px;\"><strong>+45:05:31<\/strong><\/td>\n<\/tr>\n<tr style=\"vertical-align: top; background-color: #f2f2f2;\">\n<td style=\"text-align: center;\"><strong>70.<\/strong><\/td>\n<td class=\"nomobile\" style=\"text-align: center;\">470<\/td>\n<td class=\"nomobile\" style=\"text-align: center;\"><span style=\"font-size: 8pt;\">T4<\/span><\/td>\n<td class=\"nomobile\" style=\"text-align: center;\"><\/td>\n<td><strong>Gregory Pichon<\/strong><br \/>\n<strong>Jean Pichon<\/strong><\/td>\n<td>Can-Am Maverick X3<\/td>\n<td class=\"nomobile\">Team Pichon Mercier Racing<\/td>\n<td style=\"text-align: right; padding-right: 15px;\"><strong>+67:13:25<\/strong><\/td>\n<\/tr>\n<tr style=\"vertical-align: top; background-color: #dbd9d9;\">\n<td style=\"text-align: center;\"><strong>71.<\/strong><\/td>\n<td class=\"nomobile\" style=\"text-align: center;\">466<\/td>\n<td class=\"nomobile\" style=\"text-align: center;\"><span style=\"font-size: 8pt;\">T4<\/span><\/td>\n<td class=\"nomobile\" style=\"text-align: center;\"><\/td>\n<td><strong>Aranzal Gerel<\/strong><br \/>\n<strong>Ganzorig Temuujin<\/strong><\/td>\n<td>Can-Am Maverick X3<\/td>\n<td class=\"nomobile\">Ayanga<\/td>\n<td style=\"text-align: right; padding-right: 15px;\"><strong>+67:53:50<\/strong><\/td>\n<\/tr>\n<tr style=\"vertical-align: top; background-color: #f2f2f2;\">\n<td style=\"text-align: center;\"><strong>72.<\/strong><\/td>\n<td class=\"nomobile\" style=\"text-align: center;\">335<\/td>\n<td class=\"nomobile\" style=\"text-align: center;\"><span style=\"font-size: 8pt;\">T3<\/span><\/td>\n<td class=\"nomobile\" style=\"text-align: center;\"><span style=\"font-size: 8pt;\"><a href=\"\/index.php\/w2rc\/w2rc-2022\/\"><span style=\"color: #ee8027;\">W2RC<\/span><\/a><\/span><\/td>\n<td><strong>Sebastian Guayasamin<\/strong><br \/>\n<strong>Ricardo Adrian Torlaschi<\/strong><\/td>\n<td>Can-Am Maverick X3<\/td>\n<td class=\"nomobile\">FN Speed Team<\/td>\n<td style=\"text-align: right; padding-right: 15px;\"><strong>+68:37:15<\/strong><\/td>\n<\/tr>\n<tr style=\"vertical-align: top; background-color: #dbd9d9;\">\n<td style=\"text-align: center;\"><strong>73.<\/strong><\/td>\n<td class=\"nomobile\" style=\"text-align: center;\">423<\/td>\n<td class=\"nomobile\" style=\"text-align: center;\"><span style=\"font-size: 8pt;\">T4<\/span><\/td>\n<td class=\"nomobile\" style=\"text-align: center;\"><\/td>\n<td><strong>Michele Cinotto<\/strong><br \/>\n<strong>Maurizio Dominella<\/strong><\/td>\n<td>Polaris RZR PRO XP<\/td>\n<td class=\"nomobile\">Xtreme Plus Polaris Factory Team<\/td>\n<td style=\"text-align: right; padding-right: 15px;\"><strong>+69:30:38<\/strong><\/td>\n<\/tr>\n<tr style=\"vertical-align: top; background-color: #f2f2f2;\">\n<td style=\"text-align: center;\"><strong>74.<\/strong><\/td>\n<td class=\"nomobile\" style=\"text-align: center;\">462<\/td>\n<td class=\"nomobile\" style=\"text-align: center;\"><span style=\"font-size: 8pt;\">T4<\/span><\/td>\n<td class=\"nomobile\" style=\"text-align: center;\"><\/td>\n<td><strong>Patrice Etienne<\/strong><br \/>\n<strong>Jerome Bos<\/strong><\/td>\n<td>Can-Am Maverick X3<\/td>\n<td class=\"nomobile\">Ydeo Competition<\/td>\n<td style=\"text-align: right; padding-right: 15px;\"><strong>+74:12:18<\/strong><\/td>\n<\/tr>\n<tr style=\"vertical-align: top; background-color: #dbd9d9;\">\n<td style=\"text-align: center;\"><strong>75.<\/strong><\/td>\n<td class=\"nomobile\" style=\"text-align: center;\">323<\/td>\n<td class=\"nomobile\" style=\"text-align: center;\"><span style=\"font-size: 8pt;\">T3<\/span><\/td>\n<td class=\"nomobile\" style=\"text-align: center;\"><\/td>\n<td><strong>Maria Oparina<\/strong><br \/>\n<strong>Andrej Rudnickij<\/strong><\/td>\n<td>Can-Am Maverick X3<\/td>\n<td class=\"nomobile\">Team Maria Oparina<\/td>\n<td style=\"text-align: right; padding-right: 15px;\"><strong>+79:19:00<\/strong><\/td>\n<\/tr>\n<tr style=\"vertical-align: top; background-color: #f2f2f2;\">\n<td style=\"text-align: center;\"><strong>76.<\/strong><\/td>\n<td class=\"nomobile\" style=\"text-align: center;\">331<\/td>\n<td class=\"nomobile\" style=\"text-align: center;\"><span style=\"font-size: 8pt;\">T3<\/span><\/td>\n<td class=\"nomobile\" style=\"text-align: center;\"><span style=\"font-size: 8pt;\"><a href=\"\/index.php\/w2rc\/w2rc-2022\/\"><span style=\"color: #ee8027;\">W2RC<\/span><\/a><\/span><\/td>\n<td><strong>Ahmed Alkuwari<\/strong><br \/>\n<strong>Nasser Alkuwari<\/strong><\/td>\n<td>Yamaha YXZ1000R<\/td>\n<td class=\"nomobile\">Yamaha Powered by X-raid Team<\/td>\n<td style=\"text-align: right; padding-right: 15px;\"><strong>+86:51:24<\/strong><\/td>\n<\/tr>\n<tr style=\"vertical-align: top; background-color: #dbd9d9;\">\n<td style=\"text-align: center;\"><strong>77.<\/strong><\/td>\n<td class=\"nomobile\" style=\"text-align: center;\">356<\/td>\n<td class=\"nomobile\" style=\"text-align: center;\"><span style=\"font-size: 8pt;\">T3<\/span><\/td>\n<td class=\"nomobile\" style=\"text-align: center;\"><span style=\"font-size: 8pt;\"><a href=\"\/index.php\/w2rc\/w2rc-2022\/\"><span style=\"color: #ee8027;\">W2RC<\/span><\/a><\/span><\/td>\n<td><strong>Merc\u00e8 Mart\u00ed<\/strong><br \/>\n<strong>Margot Llobera<\/strong><\/td>\n<td>Can-Am Maverick X3<\/td>\n<td class=\"nomobile\">FN Speed Team<\/td>\n<td style=\"text-align: right; padding-right: 15px;\"><strong>+89:38:29<\/strong><\/td>\n<\/tr>\n<tr style=\"vertical-align: top; background-color: #f2f2f2;\">\n<td style=\"text-align: center;\"><strong>78.<\/strong><\/td>\n<td class=\"nomobile\" style=\"text-align: center;\">344<\/td>\n<td class=\"nomobile\" style=\"text-align: center;\"><span style=\"font-size: 8pt;\">T3<\/span><\/td>\n<td class=\"nomobile\" style=\"text-align: center;\"><\/td>\n<td><strong>Pedro Manuel Pe\u00f1ate Mu\u00f1oz<\/strong><br \/>\n<strong>Rosa Romero Font<\/strong><\/td>\n<td>Can-Am Maverick X3<\/td>\n<td class=\"nomobile\">Valsebike Canarias<br \/>\nTH Trucks Team<\/td>\n<td style=\"text-align: right; padding-right: 15px;\"><strong>+128:01:14<\/strong><\/td>\n<\/tr>\n<tr style=\"vertical-align: top; background-color: #dbd9d9;\">\n<td style=\"text-align: center;\"><strong>79.<\/strong><\/td>\n<td class=\"nomobile\" style=\"text-align: center;\">320<\/td>\n<td class=\"nomobile\" style=\"text-align: center;\"><span style=\"font-size: 8pt;\">T3<\/span><\/td>\n<td class=\"nomobile\" style=\"text-align: center;\"><\/td>\n<td><a href=\"\/index.php\/osobnosti\/andrej-novikov\/\"><span style=\"color: #ee8027;\"><strong>Andrej Novikov<\/strong><\/span><\/a><br \/>\n<strong><a href=\"\/index.php\/osobnosti\/dmitrij-kozuchov\/\"><span style=\"color: #ee8027;\">Dmitrij Ko\u017euchov<\/span><\/a><\/strong><\/td>\n<td>G-Force T3GF<\/td>\n<td class=\"nomobile\">G-Force Motorsport<\/td>\n<td style=\"text-align: right; padding-right: 15px;\"><strong>+133:08:19<\/strong><\/td>\n<\/tr>\n<tr style=\"vertical-align: top; background-color: #f2f2f2;\">\n<td style=\"text-align: center;\"><strong>80.<\/strong><\/td>\n<td class=\"nomobile\" style=\"text-align: center;\">347<\/td>\n<td class=\"nomobile\" style=\"text-align: center;\"><span style=\"font-size: 8pt;\">T3<\/span><\/td>\n<td class=\"nomobile\" style=\"text-align: center;\"><\/td>\n<td><strong>Pascale Jaffrennou<\/strong><br \/>\n<strong>Fran\u00e7oise Hollender<\/strong><\/td>\n<td>Pinch Racing T3RR<\/td>\n<td class=\"nomobile\">Pinch Racing<\/td>\n<td style=\"text-align: right; padding-right: 15px;\"><strong>+149:57:53<\/strong><\/td>\n<\/tr>\n<tr style=\"vertical-align: top; background-color: #dbd9d9;\">\n<td style=\"text-align: center;\"><strong>81.<\/strong><\/td>\n<td class=\"nomobile\" style=\"text-align: center;\">315<\/td>\n<td class=\"nomobile\" style=\"text-align: center;\"><span style=\"font-size: 8pt;\">T3<\/span><\/td>\n<td class=\"nomobile\" style=\"text-align: center;\"><\/td>\n<td><strong>Boris Gadasin<\/strong><br \/>\n<strong>Dmitrij Pavlov<\/strong><\/td>\n<td>G-Force T3GF<\/td>\n<td class=\"nomobile\">G-Force Motorsport<\/td>\n<td style=\"text-align: right; padding-right: 15px;\"><strong>+184:13:01<\/strong><\/td>\n<\/tr>\n<tr style=\"background-color: #808080; color: white;\">\n<td style=\"text-align: left;\" colspan=\"8\"><\/td>\n<\/tr>\n<tr style=\"vertical-align: top; background-color: #f2f2f2;\">\n<td style=\"text-align: center;\"><strong>DNF<\/strong><\/td>\n<td class=\"nomobile\" style=\"text-align: center;\">302<\/td>\n<td class=\"nomobile\" style=\"text-align: center;\"><span style=\"font-size: 8pt;\">T3<\/span><\/td>\n<td class=\"nomobile\" style=\"text-align: center;\"><span style=\"font-size: 8pt;\"><a href=\"\/index.php\/w2rc\/w2rc-2022\/\"><span style=\"color: #ee8027;\">W2RC<\/span><\/a><\/span><\/td>\n<td><strong>Philippe Pinchedez<\/strong><br \/>\n<strong>Thomas Gaidella<\/strong><\/td>\n<td>Can-Am T3RR<\/td>\n<td class=\"nomobile\">Pinch Racing<\/td>\n<td style=\"text-align: right; padding-right: 15px;\"><\/td>\n<\/tr>\n<tr style=\"vertical-align: top; background-color: #dbd9d9;\">\n<td style=\"text-align: center;\"><strong>DNF<\/strong><\/td>\n<td class=\"nomobile\" style=\"text-align: center;\">304<\/td>\n<td class=\"nomobile\" style=\"text-align: center;\"><span style=\"font-size: 8pt;\">T3<\/span><\/td>\n<td class=\"nomobile\" style=\"text-align: center;\"><span style=\"font-size: 8pt;\"><a href=\"\/index.php\/w2rc\/w2rc-2022\/\"><span style=\"color: #ee8027;\">W2RC<\/span><\/a><\/span><\/td>\n<td><strong>Andreas Mikkelsen<\/strong><br \/>\n<strong><a href=\"\/index.php\/osobnosti\/floene-ola\/\"><span style=\"color: #ee8027;\">Ola Fl\u00f8ene<\/span><\/a><\/strong><\/td>\n<td>Overdrive OT3<\/td>\n<td class=\"nomobile\">Red Bull Off-Road Jr Team<\/td>\n<td style=\"text-align: right; padding-right: 15px;\"><strong><span style=\"font-size: 8pt;\">6. etapa<\/span><\/strong><\/td>\n<\/tr>\n<tr style=\"vertical-align: top; background-color: #f2f2f2;\">\n<td style=\"text-align: center;\"><strong>DNF<\/strong><\/td>\n<td class=\"nomobile\" style=\"text-align: center;\">308<\/td>\n<td class=\"nomobile\" style=\"text-align: center;\"><span style=\"font-size: 8pt;\">T3<\/span><\/td>\n<td class=\"nomobile\" style=\"text-align: center;\"><span style=\"font-size: 8pt;\"><a href=\"\/index.php\/w2rc\/w2rc-2022\/\"><span style=\"color: #ee8027;\">W2RC<\/span><\/a><\/span><\/td>\n<td><strong>Guillaume de M\u00e9vius<\/strong><br \/>\n<strong>Kellon Walch<\/strong><\/td>\n<td>Overdrive OT3<\/td>\n<td class=\"nomobile\">Red Bull Off-Road Junior Team<\/td>\n<td style=\"text-align: right; padding-right: 15px;\"><\/td>\n<\/tr>\n<tr style=\"vertical-align: top; background-color: #dbd9d9;\">\n<td style=\"text-align: center;\"><strong>DNF<\/strong><\/td>\n<td class=\"nomobile\" style=\"text-align: center;\">313<\/td>\n<td class=\"nomobile\" style=\"text-align: center;\"><span style=\"font-size: 8pt;\">T3<\/span><\/td>\n<td class=\"nomobile\" style=\"text-align: center;\"><span style=\"font-size: 8pt;\"><a href=\"\/index.php\/w2rc\/w2rc-2022\/\"><span style=\"color: #ee8027;\">W2RC<\/span><\/a><\/span><\/td>\n<td><a href=\"\/index.php\/osobnosti\/saleh-al-saif\/\"><span style=\"color: #ee8027;\"><strong>Saleh Al-Saif<\/strong><\/span><\/a><br \/>\n<strong>Oriol Vidal<\/strong><\/td>\n<td>Buggyra Can-Am DV 21<\/td>\n<td class=\"nomobile\">Buggyra ZM Racing<\/td>\n<td style=\"text-align: right; padding-right: 15px;\"><\/td>\n<\/tr>\n<tr style=\"vertical-align: top; background-color: #f2f2f2;\">\n<td style=\"text-align: center;\"><strong>DNF<\/strong><\/td>\n<td class=\"nomobile\" style=\"text-align: center;\">322<\/td>\n<td class=\"nomobile\" style=\"text-align: center;\"><span style=\"font-size: 8pt;\">T3<\/span><\/td>\n<td class=\"nomobile\" style=\"text-align: center;\"><\/td>\n<td><strong>Matthieu Margaillan<\/strong><br \/>\n<strong>Axelle Roux-Decima<\/strong><\/td>\n<td>Can-Am Maverick X3<\/td>\n<td class=\"nomobile\">Rally Raid Concept<\/td>\n<td style=\"text-align: right; padding-right: 15px;\"><\/td>\n<\/tr>\n<tr style=\"vertical-align: top; background-color: #dbd9d9;\">\n<td style=\"text-align: center;\"><strong>DNF<\/strong><\/td>\n<td class=\"nomobile\" style=\"text-align: center;\">325<\/td>\n<td class=\"nomobile\" style=\"text-align: center;\"><span style=\"font-size: 8pt;\">T3<\/span><\/td>\n<td class=\"nomobile\" style=\"text-align: center;\"><\/td>\n<td><strong>Jean-Pascal Besson<\/strong><br \/>\n<strong>Patrice Roissac<\/strong><\/td>\n<td>MMP Can-Am<\/td>\n<td class=\"nomobile\">Rally Raid Concept<\/td>\n<td style=\"text-align: right; padding-right: 15px;\"><\/td>\n<\/tr>\n<tr style=\"vertical-align: top; background-color: #f2f2f2;\">\n<td style=\"text-align: center;\"><strong>DNF<\/strong><\/td>\n<td class=\"nomobile\" style=\"text-align: center;\">327<\/td>\n<td class=\"nomobile\" style=\"text-align: center;\"><span style=\"font-size: 8pt;\">T3<\/span><\/td>\n<td class=\"nomobile\" style=\"text-align: center;\"><\/td>\n<td><strong>Romain Locmane<\/strong><br \/>\n<strong>Maxime Fourmaux<\/strong><\/td>\n<td>Can-Am Maverick X3<\/td>\n<td class=\"nomobile\">Quad Bike Evasion<\/td>\n<td style=\"text-align: right; padding-right: 15px;\"><\/td>\n<\/tr>\n<tr style=\"vertical-align: top; background-color: #dbd9d9;\">\n<td style=\"text-align: center;\"><strong>DNF<\/strong><\/td>\n<td class=\"nomobile\" style=\"text-align: center;\">328<\/td>\n<td class=\"nomobile\" style=\"text-align: center;\"><span style=\"font-size: 8pt;\">T3<\/span><\/td>\n<td class=\"nomobile\" style=\"text-align: center;\"><\/td>\n<td><strong>Axel All\u00e9tru<\/strong><br \/>\n<strong>Fran\u00e7ois Beguin<\/strong><\/td>\n<td>Can-Am Maverick X3<\/td>\n<td class=\"nomobile\">Team All\u00e9tru&#8217;s Mercier Racing<\/td>\n<td style=\"text-align: right; padding-right: 15px;\"><\/td>\n<\/tr>\n<tr style=\"vertical-align: top; background-color: #f2f2f2;\">\n<td style=\"text-align: center;\"><strong>DNF<\/strong><\/td>\n<td class=\"nomobile\" style=\"text-align: center;\">333<\/td>\n<td class=\"nomobile\" style=\"text-align: center;\"><span style=\"font-size: 8pt;\">T3<\/span><\/td>\n<td class=\"nomobile\" style=\"text-align: center;\"><span style=\"font-size: 8pt;\"><a href=\"\/index.php\/w2rc\/w2rc-2022\/\"><span style=\"color: #ee8027;\">W2RC<\/span><\/a><\/span><\/td>\n<td><strong>Marco Carrara<\/strong><br \/>\n<strong>Enrico Gaspari<\/strong><\/td>\n<td>PH Sport Zephyr<\/td>\n<td class=\"nomobile\">PH Sport<\/td>\n<td style=\"text-align: right; padding-right: 15px;\"><\/td>\n<\/tr>\n<tr style=\"vertical-align: top; background-color: #dbd9d9;\">\n<td style=\"text-align: center;\"><strong>DNF<\/strong><\/td>\n<td class=\"nomobile\" style=\"text-align: center;\">337<\/td>\n<td class=\"nomobile\" style=\"text-align: center;\"><span style=\"font-size: 8pt;\">T3<\/span><\/td>\n<td class=\"nomobile\" style=\"text-align: center;\"><\/td>\n<td><strong>Xavier Foj<\/strong><br \/>\n<strong>Ignacio Santamaria<\/strong><\/td>\n<td>Oryx T3<\/td>\n<td class=\"nomobile\">Foj Motorsport<\/td>\n<td style=\"text-align: right; padding-right: 15px;\"><\/td>\n<\/tr>\n<tr style=\"vertical-align: top; background-color: #f2f2f2;\">\n<td style=\"text-align: center;\"><strong>DNF<\/strong><\/td>\n<td class=\"nomobile\" style=\"text-align: center;\">338<\/td>\n<td class=\"nomobile\" style=\"text-align: center;\"><span style=\"font-size: 8pt;\">T3<\/span><\/td>\n<td class=\"nomobile\" style=\"text-align: center;\"><\/td>\n<td><strong>Thierry Porte<\/strong><br \/>\n<strong>Jerome Doudard<\/strong><\/td>\n<td>ORT Scorpion<\/td>\n<td class=\"nomobile\">MD Rallye Sport<\/td>\n<td style=\"text-align: right; padding-right: 15px;\"><\/td>\n<\/tr>\n<tr style=\"vertical-align: top; background-color: #dbd9d9;\">\n<td style=\"text-align: center;\"><strong>DNF<\/strong><\/td>\n<td class=\"nomobile\" style=\"text-align: center;\">406<\/td>\n<td class=\"nomobile\" style=\"text-align: center;\"><span style=\"font-size: 8pt;\">T4<\/span><\/td>\n<td class=\"nomobile\" style=\"text-align: center;\"><\/td>\n<td><strong>Sergej Karjakin<\/strong><br \/>\n<strong>Anton Vlasjuk<\/strong><\/td>\n<td>Can-Am Maverick X3<\/td>\n<td class=\"nomobile\">Snag Racing Team<\/td>\n<td style=\"text-align: right; padding-right: 15px;\"><\/td>\n<\/tr>\n<tr style=\"vertical-align: top; background-color: #f2f2f2;\">\n<td style=\"text-align: center;\"><strong>DNF<\/strong><\/td>\n<td class=\"nomobile\" style=\"text-align: center;\">441<\/td>\n<td class=\"nomobile\" style=\"text-align: center;\"><span style=\"font-size: 8pt;\">T4<\/span><\/td>\n<td class=\"nomobile\" style=\"text-align: center;\"><\/td>\n<td><strong>Geoff Minnitt<\/strong><br \/>\n<strong>Siegfried Rousseau<\/strong><\/td>\n<td>Can-Am Maverick X3<\/td>\n<td class=\"nomobile\">South Racing Can-Am<\/td>\n<td style=\"text-align: right; padding-right: 15px;\"><\/td>\n<\/tr>\n<tr style=\"vertical-align: top; background-color: #dbd9d9;\">\n<td style=\"text-align: center;\"><strong>DNF<\/strong><\/td>\n<td class=\"nomobile\" style=\"text-align: center;\">454<\/td>\n<td class=\"nomobile\" style=\"text-align: center;\"><span style=\"font-size: 8pt;\">T4<\/span><\/td>\n<td class=\"nomobile\" style=\"text-align: center;\"><\/td>\n<td><strong>Gert-Jan van der Valk<\/strong><br \/>\n<strong>Branco de Lange<\/strong><\/td>\n<td>Can-Am Maverick X3<\/td>\n<td class=\"nomobile\">South Racing Can-Am<\/td>\n<td style=\"text-align: right; padding-right: 15px;\"><\/td>\n<\/tr>\n<tr style=\"background-color: #808080; color: white;\">\n<td style=\"text-align: left;\" colspan=\"8\"><span style=\"font-size: 8pt;\">V kategorii S\u00d7S odstartovalo 95 vozidel, v c\u00edli klasifikov\u00e1no 81.<\/span><\/td>\n<\/tr>\n<\/tbody>\n<\/table>\n<p>[\/vc_column_text][\/vc_tta_section][vc_tta_section title=&#8221;T3&#8243; tab_id=&#8221;t3&#8243;][vc_column_text css_animation=&#8221;fadeIn&#8221;]<\/p>\n<table style=\"width: 97.7654%;\" rules=\"rows\" cellpadding=\"4px\">\n<tbody>\n<tr style=\"background-color: #808080; color: white;\">\n<td style=\"text-align: center;\" colspan=\"7\"><span style=\"font-size: 12pt;\"><strong>RALLY DAKAR 2022<br \/>\nSKUPINA T3 (LEHK\u00c9 PROTOTYPY)<br \/>\nkone\u010dn\u00e9 v\u00fdsledky<\/strong><\/span><\/td>\n<\/tr>\n<tr style=\"vertical-align: top; background-color: #dbd9d9;\">\n<td style=\"text-align: center;\"><strong>1.<\/strong><\/td>\n<td class=\"nomobile\" style=\"text-align: center;\">305<\/td>\n<td class=\"nomobile\" style=\"text-align: center;\"><span style=\"font-size: 8pt;\"><a href=\"\/index.php\/w2rc\/w2rc-2022\/\"><span style=\"color: #ee8027;\">W2RC<\/span><\/a><\/span><\/td>\n<td><strong>Chaleco L\u00f3pez<\/strong><br \/>\n<strong>Juan Pablo Latrach<\/strong><\/td>\n<td>Can-Am Maverick X3<\/td>\n<td class=\"nomobile\">EKS &#8211; South Racing<\/td>\n<td style=\"text-align: right; padding-right: 15px;\"><strong>45:50:51<\/strong><\/td>\n<\/tr>\n<tr style=\"vertical-align: top; background-color: #f2f2f2;\">\n<td style=\"text-align: center;\"><strong>2.<\/strong><\/td>\n<td class=\"nomobile\" style=\"text-align: center;\">306<\/td>\n<td class=\"nomobile\" style=\"text-align: center;\"><\/td>\n<td><strong>Sebastian Eriksson<\/strong><br \/>\n<strong>Wouter Rosegaar<\/strong><\/td>\n<td>Can-Am Maverick X3<\/td>\n<td class=\"nomobile\">EKS &#8211; South Racing<\/td>\n<td style=\"text-align: right; padding-right: 15px;\"><strong>+51:28<\/strong><\/td>\n<\/tr>\n<tr style=\"vertical-align: top; background-color: #dbd9d9;\">\n<td style=\"text-align: center;\"><strong>3.<\/strong><\/td>\n<td class=\"nomobile\" style=\"text-align: center;\">301<\/td>\n<td class=\"nomobile\" style=\"text-align: center;\"><span style=\"font-size: 8pt;\"><a href=\"\/index.php\/w2rc\/w2rc-2022\/\"><span style=\"color: #ee8027;\">W2RC<\/span><\/a><\/span><\/td>\n<td><a href=\"\/index.php\/osobnosti\/cristina-gutierrez\/\"><span style=\"color: #ee8027;\"><strong>Cristina Guti\u00e9rrez<\/strong><\/span><\/a><br \/>\n<strong><a href=\"\/index.php\/osobnosti\/francois-cazalet\/\"><span style=\"color: #ee8027;\">Fran\u00e7ois Cazalet<\/span><\/a><\/strong><\/td>\n<td>Overdrive OT3<\/td>\n<td class=\"nomobile\">Red Bull Off-Road Junior Team<\/td>\n<td style=\"text-align: right; padding-right: 15px;\"><strong>+4:34:43<\/strong><\/td>\n<\/tr>\n<tr style=\"vertical-align: top; background-color: #f2f2f2;\">\n<td style=\"text-align: center;\"><strong>4.<\/strong><\/td>\n<td class=\"nomobile\" style=\"text-align: center;\">314<\/td>\n<td class=\"nomobile\" style=\"text-align: center;\"><span style=\"font-size: 8pt;\"><a href=\"\/index.php\/w2rc\/w2rc-2022\/\"><span style=\"color: #ee8027;\">W2RC<\/span><\/a><\/span><\/td>\n<td><strong>Santiago Navarro<\/strong><br \/>\n<strong>Marc Sol\u00e0<\/strong><\/td>\n<td>Can-Am Maverick X3<\/td>\n<td class=\"nomobile\">FN Speed Team<\/td>\n<td style=\"text-align: right; padding-right: 15px;\"><strong>+5:11:35<\/strong><\/td>\n<\/tr>\n<tr style=\"vertical-align: top; background-color: #dbd9d9;\">\n<td style=\"text-align: center;\"><strong>5.<\/strong><\/td>\n<td class=\"nomobile\" style=\"text-align: center;\">312<\/td>\n<td class=\"nomobile\" style=\"text-align: center;\"><\/td>\n<td><strong>Pavel Lebed\u011bv<\/strong><br \/>\n<strong>Kirill \u0160ubin<\/strong><\/td>\n<td>Can-am Maverick X3<\/td>\n<td class=\"nomobile\">MSK Rally Team<\/td>\n<td style=\"text-align: right; padding-right: 15px;\"><strong>+5:52:14<\/strong><\/td>\n<\/tr>\n<tr style=\"vertical-align: top; background-color: #f2f2f2;\">\n<td style=\"text-align: center;\"><strong>6.<\/strong><\/td>\n<td class=\"nomobile\" style=\"text-align: center;\">311<\/td>\n<td class=\"nomobile\" style=\"text-align: center;\"><span style=\"font-size: 8pt;\"><a href=\"\/index.php\/w2rc\/w2rc-2022\/\"><span style=\"color: #ee8027;\">W2RC<\/span><\/a><\/span><\/td>\n<td><strong>Camelia Liparoti<\/strong><br \/>\n<strong>Xavier Blanco<\/strong><\/td>\n<td>Yamaha YXZ1000R<\/td>\n<td class=\"nomobile\">Yamaha Powered by X-raid Team<\/td>\n<td style=\"text-align: right; padding-right: 15px;\"><strong>+8:26:11<\/strong><\/td>\n<\/tr>\n<tr style=\"vertical-align: top; background-color: #dbd9d9;\">\n<td style=\"text-align: center;\"><strong>7.<\/strong><\/td>\n<td class=\"nomobile\" style=\"text-align: center;\">319<\/td>\n<td class=\"nomobile\" style=\"text-align: center;\"><span style=\"font-size: 8pt;\"><a href=\"\/index.php\/w2rc\/w2rc-2022\/\"><span style=\"color: #ee8027;\">W2RC<\/span><\/a><\/span><\/td>\n<td><strong>Thomas Bell<\/strong><br \/>\n<strong>Bruno Jacomy<\/strong><\/td>\n<td>Can-Am Maverick X3<\/td>\n<td class=\"nomobile\">South Racing Middle East<\/td>\n<td style=\"text-align: right; padding-right: 15px;\"><strong>+8:35:01<\/strong><\/td>\n<\/tr>\n<tr style=\"vertical-align: top; background-color: #f2f2f2;\">\n<td style=\"text-align: center;\"><strong>8.<\/strong><\/td>\n<td class=\"nomobile\" style=\"text-align: center;\">310<\/td>\n<td class=\"nomobile\" style=\"text-align: center;\"><span style=\"font-size: 8pt;\"><a href=\"\/index.php\/w2rc\/w2rc-2022\/\"><span style=\"color: #ee8027;\">W2RC<\/span><\/a><\/span><\/td>\n<td><strong>Dania Akeel<\/strong><br \/>\n<strong>Sergio Lafuente<\/strong><\/td>\n<td>Can-Am Maverick X3<\/td>\n<td class=\"nomobile\">South Racing Middle East<\/td>\n<td style=\"text-align: right; padding-right: 15px;\"><strong>+10:00:07<\/strong><\/td>\n<\/tr>\n<tr style=\"vertical-align: top; background-color: #dbd9d9;\">\n<td style=\"text-align: center;\"><strong>9.<\/strong><\/td>\n<td class=\"nomobile\" style=\"text-align: center;\">334<\/td>\n<td class=\"nomobile\" style=\"text-align: center;\"><\/td>\n<td><strong>Serge Gounon<\/strong><br \/>\n<strong>Pierre-Henri Michel<\/strong><\/td>\n<td>Can-Am Maverick X3<\/td>\n<td class=\"nomobile\">Team BBR \/ Pole Position 77<\/td>\n<td style=\"text-align: right; padding-right: 15px;\"><strong>+10:59:18<\/strong><\/td>\n<\/tr>\n<tr style=\"vertical-align: top; background-color: #f2f2f2;\">\n<td style=\"text-align: center;\"><strong>10.<\/strong><\/td>\n<td class=\"nomobile\" style=\"text-align: center;\">316<\/td>\n<td class=\"nomobile\" style=\"text-align: center;\"><\/td>\n<td><strong>Lionel Costes<\/strong><br \/>\n<strong>Christophe Tressens<\/strong><\/td>\n<td>PH Sport Zephyr<\/td>\n<td class=\"nomobile\">PH Sport<\/td>\n<td style=\"text-align: right; padding-right: 15px;\"><strong>+11:33:10<\/strong><\/td>\n<\/tr>\n<tr style=\"vertical-align: top; background-color: #dbd9d9;\">\n<td style=\"text-align: center;\"><strong>11.<\/strong><\/td>\n<td class=\"nomobile\" style=\"text-align: center;\">350<\/td>\n<td class=\"nomobile\" style=\"text-align: center;\"><\/td>\n<td><strong>Hans Weijs<\/strong><br \/>\n<strong>Tim Rietveld<\/strong><\/td>\n<td>Arcane T3<\/td>\n<td class=\"nomobile\">Arcane Factory Racing<\/td>\n<td style=\"text-align: right; padding-right: 15px;\"><strong>+13:03:40<\/strong><\/td>\n<\/tr>\n<tr style=\"vertical-align: top; background-color: #f2f2f2;\">\n<td style=\"text-align: center;\"><strong>12.<\/strong><\/td>\n<td class=\"nomobile\" style=\"text-align: center;\">329<\/td>\n<td class=\"nomobile\" style=\"text-align: center;\"><\/td>\n<td><strong>Geoffrey Moreau<\/strong><br \/>\n<strong>Pascal Chassant<\/strong><\/td>\n<td>MMP Can-Am<\/td>\n<td class=\"nomobile\">MMP<\/td>\n<td style=\"text-align: right; padding-right: 15px;\"><strong>+13:15:03<\/strong><\/td>\n<\/tr>\n<tr style=\"vertical-align: top; background-color: #dbd9d9;\">\n<td style=\"text-align: center;\"><strong>13.<\/strong><\/td>\n<td class=\"nomobile\" style=\"text-align: center;\">324<\/td>\n<td class=\"nomobile\" style=\"text-align: center;\"><\/td>\n<td><strong>Mario Franco<\/strong><br \/>\n<strong>Rui Franco<\/strong><\/td>\n<td>Yamaha YZX1000R<\/td>\n<td class=\"nomobile\">Francosport<\/td>\n<td style=\"text-align: right; padding-right: 15px;\"><strong>+13:23:43<\/strong><\/td>\n<\/tr>\n<tr style=\"vertical-align: top; background-color: #f2f2f2;\">\n<td style=\"text-align: center;\"><strong>14.<\/strong><\/td>\n<td class=\"nomobile\" style=\"text-align: center;\">336<\/td>\n<td class=\"nomobile\" style=\"text-align: center;\"><\/td>\n<td><strong>Luis Eguiguren<\/strong><br \/>\n<strong>Matias Vicu\u00f1a<\/strong><\/td>\n<td>Herrator Inzane X3<\/td>\n<td class=\"nomobile\">Herrador Factory Team<\/td>\n<td style=\"text-align: right; padding-right: 15px;\"><strong>+13:31:18<\/strong><\/td>\n<\/tr>\n<tr style=\"vertical-align: top; background-color: #dbd9d9;\">\n<td style=\"text-align: center;\"><strong>15.<\/strong><\/td>\n<td class=\"nomobile\" style=\"text-align: center;\">321<\/td>\n<td class=\"nomobile\" style=\"text-align: center;\"><span style=\"font-size: 8pt;\"><a href=\"\/index.php\/w2rc\/w2rc-2022\/\"><span style=\"color: #ee8027;\">W2RC<\/span><\/a><\/span><\/td>\n<td><strong>Annett Fischer<\/strong><br \/>\n<strong>Annie Seel<\/strong><\/td>\n<td>Yamaha XYZ1000R<\/td>\n<td class=\"nomobile\">Yamaha Powered by X-raid Team<\/td>\n<td style=\"text-align: right; padding-right: 15px;\"><strong>+14:37:04<\/strong><\/td>\n<\/tr>\n<tr style=\"vertical-align: top; background-color: #f2f2f2;\">\n<td style=\"text-align: center;\"><strong>16.<\/strong><\/td>\n<td class=\"nomobile\" style=\"text-align: center;\">303<\/td>\n<td class=\"nomobile\" style=\"text-align: center;\"><span style=\"font-size: 8pt;\"><a href=\"\/index.php\/w2rc\/w2rc-2022\/\"><span style=\"color: #ee8027;\">W2RC<\/span><\/a><\/span><\/td>\n<td><strong>Seth Quintero<\/strong><br \/>\n<strong>Dennis Zenz<\/strong><\/td>\n<td>Overdrive OT3<\/td>\n<td class=\"nomobile\">Red Bull Off-Road Junior Team USA<\/td>\n<td style=\"text-align: right; padding-right: 15px;\"><strong>+14:38:21<\/strong><\/td>\n<\/tr>\n<tr style=\"vertical-align: top; background-color: #dbd9d9;\">\n<td style=\"text-align: center;\"><strong>17.<\/strong><\/td>\n<td class=\"nomobile\" style=\"text-align: center;\">332<\/td>\n<td class=\"nomobile\" style=\"text-align: center;\"><span style=\"font-size: 8pt;\"><a href=\"\/index.php\/w2rc\/w2rc-2022\/\"><span style=\"color: #ee8027;\">W2RC<\/span><\/a><\/span><\/td>\n<td><strong>Mashael Alobaidan<\/strong><br \/>\n<strong><a href=\"\/index.php\/osobnosti\/jacopo-cerutti\/\"><span style=\"color: #ee8027;\">Jacopo Cerutti<\/span><\/a><\/strong><\/td>\n<td>Can-Am Maverick X3<\/td>\n<td class=\"nomobile\">South Racing Middle East<\/td>\n<td style=\"text-align: right; padding-right: 15px;\"><strong>+14:39:52<\/strong><\/td>\n<\/tr>\n<tr style=\"vertical-align: top; background-color: #f2f2f2;\">\n<td style=\"text-align: center;\"><strong>18.<\/strong><\/td>\n<td class=\"nomobile\" style=\"text-align: center;\">343<\/td>\n<td class=\"nomobile\" style=\"text-align: center;\"><span style=\"font-size: 8pt;\"><a href=\"\/index.php\/w2rc\/w2rc-2022\/\"><span style=\"color: #ee8027;\">W2RC<\/span><\/a><\/span><\/td>\n<td><strong>Jordi Segura<\/strong><br \/>\n<strong>Pedro Lopez Chaves<\/strong><\/td>\n<td>Can-Am Maverick X3<\/td>\n<td class=\"nomobile\">FN Speed Team<\/td>\n<td style=\"text-align: right; padding-right: 15px;\"><strong>+16:15:11<\/strong><\/td>\n<\/tr>\n<tr style=\"vertical-align: top; background-color: #dbd9d9;\">\n<td style=\"text-align: center;\"><strong>19.<\/strong><\/td>\n<td class=\"nomobile\" style=\"text-align: center;\">349<\/td>\n<td class=\"nomobile\" style=\"text-align: center;\"><\/td>\n<td><strong>Gaspard Destailleur<\/strong><br \/>\n<strong>Jean-Fran\u00e7ois Destailleur<\/strong><\/td>\n<td>Can-Am Maverick X3<\/td>\n<td class=\"nomobile\">Renonce Mercier Racing<\/td>\n<td style=\"text-align: right; padding-right: 15px;\"><strong>+18:43:11<\/strong><\/td>\n<\/tr>\n<tr style=\"vertical-align: top; background-color: #f2f2f2;\">\n<td style=\"text-align: center;\"><strong>20.<\/strong><\/td>\n<td class=\"nomobile\" style=\"text-align: center;\">341<\/td>\n<td class=\"nomobile\" style=\"text-align: center;\"><\/td>\n<td><strong>Eric Croquelois<\/strong><br \/>\n<strong>Hugues Lapouille<\/strong><\/td>\n<td>Can-Am Maverick X3<\/td>\n<td class=\"nomobile\">Drag&#8217;On Rally Team<\/td>\n<td style=\"text-align: right; padding-right: 15px;\"><strong>+20:59:25<\/strong><\/td>\n<\/tr>\n<tr style=\"vertical-align: top; background-color: #dbd9d9;\">\n<td style=\"text-align: center;\"><strong>21.<\/strong><\/td>\n<td class=\"nomobile\" style=\"text-align: center;\">307<\/td>\n<td class=\"nomobile\" style=\"text-align: center;\"><span style=\"font-size: 8pt;\"><a href=\"\/index.php\/w2rc\/w2rc-2022\/\"><span style=\"color: #ee8027;\">W2RC<\/span><\/a><\/span><\/td>\n<td><strong>Jean-Luc Ceccaldi-Pisson<\/strong><br \/>\n<strong>Jean Brucy<\/strong><\/td>\n<td>PH Sport Zephyr<\/td>\n<td class=\"nomobile\">PH Sport \/ JLC Racing<\/td>\n<td style=\"text-align: right; padding-right: 15px;\"><strong>+22:20:57<\/strong><\/td>\n<\/tr>\n<tr style=\"vertical-align: top; background-color: #f2f2f2;\">\n<td style=\"text-align: center;\"><strong>22.<\/strong><\/td>\n<td class=\"nomobile\" style=\"text-align: center;\">309<\/td>\n<td class=\"nomobile\" style=\"text-align: center;\"><span style=\"font-size: 8pt;\"><a href=\"\/index.php\/w2rc\/w2rc-2022\/\"><span style=\"color: #ee8027;\">W2RC<\/span><\/a><\/span><\/td>\n<td><a href=\"\/index.php\/osobnosti\/fernando-alvarez\/\"><span style=\"color: #ee8027;\"><strong>Fernando \u00c1lvarez<\/strong><\/span><\/a><br \/>\n<strong><a href=\"\/index.php\/osobnosti\/xavier-panseri\/\"><span style=\"color: #ee8027;\">Xavier Panseri<\/span><\/a><\/strong><\/td>\n<td>Can-Am Maverick X3<\/td>\n<td class=\"nomobile\">South Racing Can-Am<\/td>\n<td style=\"text-align: right; padding-right: 15px;\"><strong>+23:12:41<\/strong><\/td>\n<\/tr>\n<tr style=\"vertical-align: top; background-color: #dbd9d9;\">\n<td style=\"text-align: center;\"><strong>23.<\/strong><\/td>\n<td class=\"nomobile\" style=\"text-align: center;\">339<\/td>\n<td class=\"nomobile\" style=\"text-align: center;\"><\/td>\n<td><strong>Michiel Becx<\/strong><br \/>\n<strong>Edwin Kuijpers<\/strong><\/td>\n<td>Arcane T3<\/td>\n<td class=\"nomobile\">Arcane Factory Racing<\/td>\n<td style=\"text-align: right; padding-right: 15px;\"><strong>+23:49:26<\/strong><\/td>\n<\/tr>\n<tr style=\"vertical-align: top; background-color: #f2f2f2;\">\n<td style=\"text-align: center;\"><strong>24.<\/strong><\/td>\n<td class=\"nomobile\" style=\"text-align: center;\">348<\/td>\n<td class=\"nomobile\" style=\"text-align: center;\"><\/td>\n<td><strong>Hugues Matringhem<\/strong><br \/>\n<strong>Nicolas Tchidemian<\/strong><\/td>\n<td>Can-Am Maverick X3<\/td>\n<td class=\"nomobile\">Renonce Mercier Racing<\/td>\n<td style=\"text-align: right; padding-right: 15px;\"><strong>+26:02:01<\/strong><\/td>\n<\/tr>\n<tr style=\"vertical-align: top; background-color: #dbd9d9;\">\n<td style=\"text-align: center;\"><strong>25.<\/strong><\/td>\n<td class=\"nomobile\" style=\"text-align: center;\">300<\/td>\n<td class=\"nomobile\" style=\"text-align: center;\"><\/td>\n<td><a href=\"\/index.php\/osobnosti\/josef-machacek\/\"><span style=\"color: #ee8027;\"><strong>Josef Mach\u00e1\u010dek<\/strong><\/span><\/a><br \/>\n<strong>Pavel Vyoral<\/strong><\/td>\n<td>Buggyra Can-Am DV 21<\/td>\n<td class=\"nomobile\">Buggyra ZM Racing<\/td>\n<td style=\"text-align: right; padding-right: 15px;\"><strong>+32:21:59<\/strong><\/td>\n<\/tr>\n<tr style=\"vertical-align: top; background-color: #f2f2f2;\">\n<td style=\"text-align: center;\"><strong>26.<\/strong><\/td>\n<td class=\"nomobile\" style=\"text-align: center;\">342<\/td>\n<td class=\"nomobile\" style=\"text-align: center;\"><\/td>\n<td><strong>Paolo Sottile<\/strong><br \/>\n<strong>Matteo Sottile<\/strong><\/td>\n<td>Can-Am Maverick X3<\/td>\n<td class=\"nomobile\">Team Sottile &#8211; BTR<\/td>\n<td style=\"text-align: right; padding-right: 15px;\"><strong>+33:31:40<\/strong><\/td>\n<\/tr>\n<tr style=\"vertical-align: top; background-color: #dbd9d9;\">\n<td style=\"text-align: center;\"><strong>27.<\/strong><\/td>\n<td class=\"nomobile\" style=\"text-align: center;\">330<\/td>\n<td class=\"nomobile\" style=\"text-align: center;\"><\/td>\n<td><strong>Patrick Becquart<\/strong><br \/>\n<strong>Romain Becquart<\/strong><\/td>\n<td>Can-Am Maverick X3<\/td>\n<td class=\"nomobile\">Mercier<\/td>\n<td style=\"text-align: right; padding-right: 15px;\"><strong>+35:11:00<\/strong><\/td>\n<\/tr>\n<tr style=\"vertical-align: top; background-color: #f2f2f2;\">\n<td style=\"text-align: center;\"><strong>28.<\/strong><\/td>\n<td class=\"nomobile\" style=\"text-align: center;\">326<\/td>\n<td class=\"nomobile\" style=\"text-align: center;\"><\/td>\n<td><strong>Javier Herrador Calatrava<\/strong><br \/>\n<strong>Jos\u00e9 Luis Rosa Olivera<\/strong><\/td>\n<td>Herrator Inzane X3<\/td>\n<td class=\"nomobile\">Herrador Factory Team<\/td>\n<td style=\"text-align: right; padding-right: 15px;\"><strong>+35:41:09<\/strong><\/td>\n<\/tr>\n<tr style=\"vertical-align: top; background-color: #dbd9d9;\">\n<td style=\"text-align: center;\"><strong>29.<\/strong><\/td>\n<td class=\"nomobile\" style=\"text-align: center;\">340<\/td>\n<td class=\"nomobile\" style=\"text-align: center;\"><\/td>\n<td><strong>Javier Velez<\/strong><br \/>\n<strong>Mateo Moreno Kristiansen<\/strong><\/td>\n<td>Can-Am Maverick X3<\/td>\n<td class=\"nomobile\">FN Speed Team<\/td>\n<td style=\"text-align: right; padding-right: 15px;\"><strong>+39:07:47<\/strong><\/td>\n<\/tr>\n<tr style=\"vertical-align: top; background-color: #f2f2f2;\">\n<td style=\"text-align: center;\"><strong>30.<\/strong><\/td>\n<td class=\"nomobile\" style=\"text-align: center;\">335<\/td>\n<td class=\"nomobile\" style=\"text-align: center;\"><span style=\"font-size: 8pt;\"><a href=\"\/index.php\/w2rc\/w2rc-2022\/\"><span style=\"color: #ee8027;\">W2RC<\/span><\/a><\/span><\/td>\n<td><strong>Sebastian Guayasamin<\/strong><br \/>\n<strong>Ricardo Adrian Torlaschi<\/strong><\/td>\n<td>Can-Am Maverick X3<\/td>\n<td class=\"nomobile\">FN Speed Team<\/td>\n<td style=\"text-align: right; padding-right: 15px;\"><strong>+68:37:15<\/strong><\/td>\n<\/tr>\n<tr style=\"vertical-align: top; background-color: #dbd9d9;\">\n<td style=\"text-align: center;\"><strong>31.<\/strong><\/td>\n<td class=\"nomobile\" style=\"text-align: center;\">323<\/td>\n<td class=\"nomobile\" style=\"text-align: center;\"><\/td>\n<td><strong>Maria Oparina<\/strong><br \/>\n<strong>Andrej Rudnickij<\/strong><\/td>\n<td>Can-Am Maverick X3<\/td>\n<td class=\"nomobile\">Team Maria Oparina<\/td>\n<td style=\"text-align: right; padding-right: 15px;\"><strong>+79:19:00<\/strong><\/td>\n<\/tr>\n<tr style=\"vertical-align: top; background-color: #f2f2f2;\">\n<td style=\"text-align: center;\"><strong>32.<\/strong><\/td>\n<td class=\"nomobile\" style=\"text-align: center;\">331<\/td>\n<td class=\"nomobile\" style=\"text-align: center;\"><span style=\"font-size: 8pt;\"><a href=\"\/index.php\/w2rc\/w2rc-2022\/\"><span style=\"color: #ee8027;\">W2RC<\/span><\/a><\/span><\/td>\n<td><strong>Ahmed Alkuwari<\/strong><br \/>\n<strong>Nasser Alkuwari<\/strong><\/td>\n<td>Yamaha YXZ1000R<\/td>\n<td class=\"nomobile\">Yamaha Powered by X-raid Team<\/td>\n<td style=\"text-align: right; padding-right: 15px;\"><strong>+86:51:24<\/strong><\/td>\n<\/tr>\n<tr style=\"vertical-align: top; background-color: #dbd9d9;\">\n<td style=\"text-align: center;\"><strong>33.<\/strong><\/td>\n<td class=\"nomobile\" style=\"text-align: center;\">356<\/td>\n<td class=\"nomobile\" style=\"text-align: center;\"><span style=\"font-size: 8pt;\"><a href=\"\/index.php\/w2rc\/w2rc-2022\/\"><span style=\"color: #ee8027;\">W2RC<\/span><\/a><\/span><\/td>\n<td><strong>Merc\u00e8 Mart\u00ed<\/strong><br \/>\n<strong>Margot Llobera<\/strong><\/td>\n<td>Can-Am Maverick X3<\/td>\n<td class=\"nomobile\">FN Speed Team<\/td>\n<td style=\"text-align: right; padding-right: 15px;\"><strong>+89:38:29<\/strong><\/td>\n<\/tr>\n<tr style=\"vertical-align: top; background-color: #f2f2f2;\">\n<td style=\"text-align: center;\"><strong>34.<\/strong><\/td>\n<td class=\"nomobile\" style=\"text-align: center;\">344<\/td>\n<td class=\"nomobile\" style=\"text-align: center;\"><\/td>\n<td><strong>Pedro Manuel Pe\u00f1ate Mu\u00f1oz<\/strong><br \/>\n<strong>Rosa Romero Font<\/strong><\/td>\n<td>Can-Am Maverick X3<\/td>\n<td class=\"nomobile\">Valsebike Canarias<br \/>\nTH Trucks Team<\/td>\n<td style=\"text-align: right; padding-right: 15px;\"><strong>+128:01:14<\/strong><\/td>\n<\/tr>\n<tr style=\"vertical-align: top; background-color: #dbd9d9;\">\n<td style=\"text-align: center;\"><strong>35.<\/strong><\/td>\n<td class=\"nomobile\" style=\"text-align: center;\">320<\/td>\n<td class=\"nomobile\" style=\"text-align: center;\"><\/td>\n<td><a href=\"\/index.php\/osobnosti\/andrej-novikov\/\"><span style=\"color: #ee8027;\"><strong>Andrej Novikov<\/strong><\/span><\/a><br \/>\n<strong><a href=\"\/index.php\/osobnosti\/dmitrij-kozuchov\/\"><span style=\"color: #ee8027;\">Dmitrij Ko\u017euchov<\/span><\/a><\/strong><\/td>\n<td>G-Force T3GF<\/td>\n<td class=\"nomobile\">G-Force Motorsport<\/td>\n<td style=\"text-align: right; padding-right: 15px;\"><strong>+133:08:19<\/strong><\/td>\n<\/tr>\n<tr style=\"vertical-align: top; background-color: #f2f2f2;\">\n<td style=\"text-align: center;\"><strong>36.<\/strong><\/td>\n<td class=\"nomobile\" style=\"text-align: center;\">347<\/td>\n<td class=\"nomobile\" style=\"text-align: center;\"><\/td>\n<td><strong>Pascale Jaffrennou<\/strong><br \/>\n<strong>Fran\u00e7oise Hollender<\/strong><\/td>\n<td>Pinch Racing T3RR<\/td>\n<td class=\"nomobile\">Pinch Racing<\/td>\n<td style=\"text-align: right; padding-right: 15px;\"><strong>+149:57:53<\/strong><\/td>\n<\/tr>\n<tr style=\"vertical-align: top; background-color: #dbd9d9;\">\n<td style=\"text-align: center;\"><strong>37.<\/strong><\/td>\n<td class=\"nomobile\" style=\"text-align: center;\">315<\/td>\n<td class=\"nomobile\" style=\"text-align: center;\"><\/td>\n<td><strong>Boris Gadasin<\/strong><br \/>\n<strong>Dmitrij Pavlov<\/strong><\/td>\n<td>G-Force T3GF<\/td>\n<td class=\"nomobile\">G-Force Motorsport<\/td>\n<td style=\"text-align: right; padding-right: 15px;\"><strong>+184:13:01<\/strong><\/td>\n<\/tr>\n<tr style=\"background-color: #808080; color: white;\">\n<td style=\"text-align: left;\" colspan=\"7\"><\/td>\n<\/tr>\n<tr style=\"vertical-align: top; background-color: #f2f2f2;\">\n<td style=\"text-align: center;\"><strong>DNF<\/strong><\/td>\n<td class=\"nomobile\" style=\"text-align: center;\">302<\/td>\n<td class=\"nomobile\" style=\"text-align: center;\"><span style=\"font-size: 8pt;\"><a href=\"\/index.php\/w2rc\/w2rc-2022\/\"><span style=\"color: #ee8027;\">W2RC<\/span><\/a><\/span><\/td>\n<td><strong>Philippe Pinchedez<\/strong><br \/>\n<strong>Thomas Gaidella<\/strong><\/td>\n<td>Can-Am T3RR<\/td>\n<td class=\"nomobile\">Pinch Racing<\/td>\n<td style=\"text-align: right; padding-right: 15px;\"><\/td>\n<\/tr>\n<tr style=\"vertical-align: top; background-color: #dbd9d9;\">\n<td style=\"text-align: center;\"><strong>DNF<\/strong><\/td>\n<td class=\"nomobile\" style=\"text-align: center;\">304<\/td>\n<td class=\"nomobile\" style=\"text-align: center;\"><span style=\"font-size: 8pt;\"><a href=\"\/index.php\/w2rc\/w2rc-2022\/\"><span style=\"color: #ee8027;\">W2RC<\/span><\/a><\/span><\/td>\n<td><strong>Andreas Mikkelsen<\/strong><br \/>\n<strong><a href=\"\/index.php\/osobnosti\/floene-ola\/\"><span style=\"color: #ee8027;\">Ola Fl\u00f8ene<\/span><\/a><\/strong><\/td>\n<td>Overdrive OT3<\/td>\n<td class=\"nomobile\">Red Bull Off-Road Jr Team<\/td>\n<td style=\"text-align: right; padding-right: 15px;\"><strong><span style=\"font-size: 8pt;\">6. etapa<\/span><\/strong><\/td>\n<\/tr>\n<tr style=\"vertical-align: top; background-color: #f2f2f2;\">\n<td style=\"text-align: center;\"><strong>DNF<\/strong><\/td>\n<td class=\"nomobile\" style=\"text-align: center;\">308<\/td>\n<td class=\"nomobile\" style=\"text-align: center;\"><span style=\"font-size: 8pt;\"><a href=\"\/index.php\/w2rc\/w2rc-2022\/\"><span style=\"color: #ee8027;\">W2RC<\/span><\/a><\/span><\/td>\n<td><strong>Guillaume de M\u00e9vius<\/strong><br \/>\n<strong>Kellon Walch<\/strong><\/td>\n<td>Overdrive OT3<\/td>\n<td class=\"nomobile\">Red Bull Off-Road Junior Team<\/td>\n<td style=\"text-align: right; padding-right: 15px;\"><\/td>\n<\/tr>\n<tr style=\"vertical-align: top; background-color: #dbd9d9;\">\n<td style=\"text-align: center;\"><strong>DNF<\/strong><\/td>\n<td class=\"nomobile\" style=\"text-align: center;\">313<\/td>\n<td class=\"nomobile\" style=\"text-align: center;\"><span style=\"font-size: 8pt;\"><a href=\"\/index.php\/w2rc\/w2rc-2022\/\"><span style=\"color: #ee8027;\">W2RC<\/span><\/a><\/span><\/td>\n<td><a href=\"\/index.php\/osobnosti\/saleh-al-saif\/\"><span style=\"color: #ee8027;\"><strong>Saleh Al-Saif<\/strong><\/span><\/a><br \/>\n<strong>Oriol Vidal<\/strong><\/td>\n<td>Buggyra Can-Am DV 21<\/td>\n<td class=\"nomobile\">Buggyra ZM Racing<\/td>\n<td style=\"text-align: right; padding-right: 15px;\"><\/td>\n<\/tr>\n<tr style=\"vertical-align: top; background-color: #f2f2f2;\">\n<td style=\"text-align: center;\"><strong>DNF<\/strong><\/td>\n<td class=\"nomobile\" style=\"text-align: center;\">322<\/td>\n<td class=\"nomobile\" style=\"text-align: center;\"><\/td>\n<td><strong>Matthieu Margaillan<\/strong><br \/>\n<strong>Axelle Roux-Decima<\/strong><\/td>\n<td>Can-Am Maverick X3<\/td>\n<td class=\"nomobile\">Rally Raid Concept<\/td>\n<td style=\"text-align: right; padding-right: 15px;\"><\/td>\n<\/tr>\n<tr style=\"vertical-align: top; background-color: #dbd9d9;\">\n<td style=\"text-align: center;\"><strong>DNF<\/strong><\/td>\n<td class=\"nomobile\" style=\"text-align: center;\">325<\/td>\n<td class=\"nomobile\" style=\"text-align: center;\"><\/td>\n<td><strong>Jean-Pascal Besson<\/strong><br \/>\n<strong>Patrice Roissac<\/strong><\/td>\n<td>MMP Can-Am<\/td>\n<td class=\"nomobile\">Rally Raid Concept<\/td>\n<td style=\"text-align: right; padding-right: 15px;\"><\/td>\n<\/tr>\n<tr style=\"vertical-align: top; background-color: #f2f2f2;\">\n<td style=\"text-align: center;\"><strong>DNF<\/strong><\/td>\n<td class=\"nomobile\" style=\"text-align: center;\">327<\/td>\n<td class=\"nomobile\" style=\"text-align: center;\"><\/td>\n<td><strong>Romain Locmane<\/strong><br \/>\n<strong>Maxime Fourmaux<\/strong><\/td>\n<td>Can-Am Maverick X3<\/td>\n<td class=\"nomobile\">Quad Bike Evasion<\/td>\n<td style=\"text-align: right; padding-right: 15px;\"><\/td>\n<\/tr>\n<tr style=\"vertical-align: top; background-color: #dbd9d9;\">\n<td style=\"text-align: center;\"><strong>DNF<\/strong><\/td>\n<td class=\"nomobile\" style=\"text-align: center;\">328<\/td>\n<td class=\"nomobile\" style=\"text-align: center;\"><\/td>\n<td><strong>Axel All\u00e9tru<\/strong><br \/>\n<strong>Fran\u00e7ois Beguin<\/strong><\/td>\n<td>Can-Am Maverick X3<\/td>\n<td class=\"nomobile\">Team All\u00e9tru&#8217;s Mercier Racing<\/td>\n<td style=\"text-align: right; padding-right: 15px;\"><\/td>\n<\/tr>\n<tr style=\"vertical-align: top; background-color: #f2f2f2;\">\n<td style=\"text-align: center;\"><strong>DNF<\/strong><\/td>\n<td class=\"nomobile\" style=\"text-align: center;\">333<\/td>\n<td class=\"nomobile\" style=\"text-align: center;\"><span style=\"font-size: 8pt;\"><a href=\"\/index.php\/w2rc\/w2rc-2022\/\"><span style=\"color: #ee8027;\">W2RC<\/span><\/a><\/span><\/td>\n<td><strong>Marco Carrara<\/strong><br \/>\n<strong>Enrico Gaspari<\/strong><\/td>\n<td>PH Sport Zephyr<\/td>\n<td class=\"nomobile\">PH Sport<\/td>\n<td style=\"text-align: right; padding-right: 15px;\"><\/td>\n<\/tr>\n<tr style=\"vertical-align: top; background-color: #dbd9d9;\">\n<td style=\"text-align: center;\"><strong>DNF<\/strong><\/td>\n<td class=\"nomobile\" style=\"text-align: center;\">337<\/td>\n<td class=\"nomobile\" style=\"text-align: center;\"><\/td>\n<td><strong>Xavier Foj<\/strong><br \/>\n<strong>Ignacio Santamaria<\/strong><\/td>\n<td>Oryx T3<\/td>\n<td class=\"nomobile\">Foj Motorsport<\/td>\n<td style=\"text-align: right; padding-right: 15px;\"><\/td>\n<\/tr>\n<tr style=\"vertical-align: top; background-color: #f2f2f2;\">\n<td style=\"text-align: center;\"><strong>DNF<\/strong><\/td>\n<td class=\"nomobile\" style=\"text-align: center;\">338<\/td>\n<td class=\"nomobile\" style=\"text-align: center;\"><\/td>\n<td><strong>Thierry Porte<\/strong><br \/>\n<strong>Jerome Doudard<\/strong><\/td>\n<td>ORT Scorpion<\/td>\n<td class=\"nomobile\">MD Rallye Sport<\/td>\n<td style=\"text-align: right; padding-right: 15px;\"><\/td>\n<\/tr>\n<tr style=\"background-color: #808080; color: white;\">\n<td style=\"text-align: left;\" colspan=\"7\"><span style=\"font-size: 8pt;\">Ve skupin\u011b T3 odstartovalo 48 vozidel, v c\u00edli klasifikov\u00e1no 37.<\/span><\/td>\n<\/tr>\n<\/tbody>\n<\/table>\n<p>[\/vc_column_text][\/vc_tta_section][vc_tta_section title=&#8221;T4&#8243; tab_id=&#8221;t4&#8243;][vc_column_text css_animation=&#8221;fadeIn&#8221;]<\/p>\n<table style=\"width: 97.7654%;\" rules=\"rows\" cellpadding=\"4px\">\n<tbody>\n<tr style=\"background-color: #808080; color: white;\">\n<td style=\"text-align: center;\" colspan=\"7\"><span style=\"font-size: 12pt;\"><strong>RALLY DAKAR 2022<br \/>\nSKUPINA T4 (SSV)<br \/>\nkone\u010dn\u00e9 v\u00fdsledky<\/strong><\/span><\/td>\n<\/tr>\n<tr style=\"vertical-align: top; background-color: #dbd9d9;\">\n<td style=\"text-align: center;\"><strong>1.<\/strong><\/td>\n<td class=\"nomobile\" style=\"text-align: center;\">401<\/td>\n<td class=\"nomobile\" style=\"text-align: center;\"><span style=\"font-size: 8pt;\"><a href=\"\/index.php\/w2rc\/w2rc-2022\/\"><span style=\"color: #ee8027;\">W2RC<\/span><\/a><\/span><\/td>\n<td><a href=\"\/index.php\/osobnosti\/austin-jones\/\"><span style=\"color: #ee8027;\"><strong>Austin Jones<\/strong><\/span><\/a><br \/>\n<strong><a href=\"\/index.php\/osobnosti\/gustavo-gugelmin\/\"><span style=\"color: #ee8027;\">Gustavo Gugelmin<\/span><\/a><\/strong><\/td>\n<td>Can-Am Maverick X3<\/td>\n<td class=\"nomobile\">Can-Am Factory South Racing<\/td>\n<td style=\"text-align: right; padding-right: 15px;\"><strong>47:22:50<\/strong><\/td>\n<\/tr>\n<tr style=\"vertical-align: top; background-color: #f2f2f2;\">\n<td style=\"text-align: center;\"><strong>2.<\/strong><\/td>\n<td class=\"nomobile\" style=\"text-align: center;\">416<\/td>\n<td class=\"nomobile\" style=\"text-align: center;\"><\/td>\n<td><strong><a href=\"\/index.php\/osobnosti\/gerard-farres\/\"><span style=\"color: #ee8027;\">Gerard Farr\u00e9s<\/span><\/a><\/strong><br \/>\n<strong>Diego Ortega<\/strong><\/td>\n<td>Can-Am Maverick X3<\/td>\n<td class=\"nomobile\">Can-Am Factory South Racing<\/td>\n<td style=\"text-align: right; padding-right: 15px;\"><strong>+2:37<\/strong><\/td>\n<\/tr>\n<tr style=\"vertical-align: top; background-color: #dbd9d9;\">\n<td style=\"text-align: center;\"><strong>3.<\/strong><\/td>\n<td class=\"nomobile\" style=\"text-align: center;\">414<\/td>\n<td class=\"nomobile\" style=\"text-align: center;\"><span style=\"font-size: 8pt;\"><a href=\"\/index.php\/w2rc\/w2rc-2022\/\"><span style=\"color: #ee8027;\">W2RC<\/span><\/a><\/span><\/td>\n<td><strong>Rokas Baciu\u0161ka<\/strong><br \/>\n<strong>Oriol Mena<\/strong><\/td>\n<td>Can-Am Maverick X3<\/td>\n<td class=\"nomobile\">South Racing Can-Am<\/td>\n<td style=\"text-align: right; padding-right: 15px;\"><strong>+15:18<\/strong><\/td>\n<\/tr>\n<tr style=\"vertical-align: top; background-color: #f2f2f2;\">\n<td style=\"text-align: center;\"><strong>4.<\/strong><\/td>\n<td class=\"nomobile\" style=\"text-align: center;\">410<\/td>\n<td class=\"nomobile\" style=\"text-align: center;\"><span style=\"font-size: 8pt;\"><a href=\"\/index.php\/w2rc\/w2rc-2022\/\"><span style=\"color: #ee8027;\">W2RC<\/span><\/a><\/span><\/td>\n<td><strong>Marek Gocza\u0142<\/strong><br \/>\n<strong>\u0141ukasz \u0141askawiec<\/strong><\/td>\n<td>Can-Am Maverick X3<\/td>\n<td class=\"nomobile\">Cobant-Energylandia Rally Team<\/td>\n<td style=\"text-align: right; padding-right: 15px;\"><strong>+16:21<\/strong><\/td>\n<\/tr>\n<tr style=\"vertical-align: top; background-color: #dbd9d9;\">\n<td style=\"text-align: center;\"><strong>5.<\/strong><\/td>\n<td class=\"nomobile\" style=\"text-align: center;\">403<\/td>\n<td class=\"nomobile\" style=\"text-align: center;\"><span style=\"font-size: 8pt;\"><a href=\"\/index.php\/w2rc\/w2rc-2022\/\"><span style=\"color: #ee8027;\">W2RC<\/span><\/a><\/span><\/td>\n<td><strong>Micha\u0142 Gocza\u0142<\/strong><br \/>\n<strong>Szymon Gospodarczyk<\/strong><\/td>\n<td>Can-Am Maverick X3<\/td>\n<td class=\"nomobile\">Cobant-Energylandia Rally Team<\/td>\n<td style=\"text-align: right; padding-right: 15px;\"><strong>+28:28<\/strong><\/td>\n<\/tr>\n<tr style=\"vertical-align: top; background-color: #f2f2f2;\">\n<td style=\"text-align: center;\"><strong>6.<\/strong><\/td>\n<td class=\"nomobile\" style=\"text-align: center;\">415<\/td>\n<td class=\"nomobile\" style=\"text-align: center;\"><span style=\"font-size: 8pt;\"><a href=\"\/index.php\/w2rc\/w2rc-2022\/\"><span style=\"color: #ee8027;\">W2RC<\/span><\/a><\/span><\/td>\n<td><strong>Rodrigo Luppi de Oliveira<\/strong><br \/>\n<strong>Maykel Justo<\/strong><\/td>\n<td>Can-Am Maverick X3<\/td>\n<td class=\"nomobile\">South Racing Can-Am<\/td>\n<td style=\"text-align: right; padding-right: 15px;\"><strong>+55:44<\/strong><\/td>\n<\/tr>\n<tr style=\"vertical-align: top; background-color: #dbd9d9;\">\n<td style=\"text-align: center;\"><strong>7.<\/strong><\/td>\n<td class=\"nomobile\" style=\"text-align: center;\">444<\/td>\n<td class=\"nomobile\" style=\"text-align: center;\"><\/td>\n<td><strong>Luis Portela Morais<\/strong><br \/>\n<strong>David Megre<\/strong><\/td>\n<td>Can-Am Maverick X3<\/td>\n<td class=\"nomobile\">BP Ultimate SSV Team<\/td>\n<td style=\"text-align: right; padding-right: 15px;\"><strong>+3:20:29<\/strong><\/td>\n<\/tr>\n<tr style=\"vertical-align: top; background-color: #f2f2f2;\">\n<td style=\"text-align: center;\"><strong>8.<\/strong><\/td>\n<td class=\"nomobile\" style=\"text-align: center;\">420<\/td>\n<td class=\"nomobile\" style=\"text-align: center;\"><\/td>\n<td><strong>Eric Abel<\/strong><br \/>\n<strong>Christian Manez<\/strong><\/td>\n<td>Can-Am Maverick X3<\/td>\n<td class=\"nomobile\">Team BBR \/ Pole position 77<\/td>\n<td style=\"text-align: right; padding-right: 15px;\"><strong>+5:22:46<\/strong><\/td>\n<\/tr>\n<tr style=\"vertical-align: top; background-color: #dbd9d9;\">\n<td style=\"text-align: center;\"><strong>9.<\/strong><\/td>\n<td class=\"nomobile\" style=\"text-align: center;\">447<\/td>\n<td class=\"nomobile\" style=\"text-align: center;\"><\/td>\n<td><strong>Joan Lascorz Moreno<\/strong><br \/>\n<strong>Miguel Puertas Herrera<\/strong><\/td>\n<td>Can-Am Maverick X3<\/td>\n<td class=\"nomobile\">Buggy Masters Team<\/td>\n<td style=\"text-align: right; padding-right: 15px;\"><strong>+5:57:59<\/strong><\/td>\n<\/tr>\n<tr style=\"vertical-align: top; background-color: #f2f2f2;\">\n<td style=\"text-align: center;\"><strong>10.<\/strong><\/td>\n<td class=\"nomobile\" style=\"text-align: center;\">446<\/td>\n<td class=\"nomobile\" style=\"text-align: center;\"><\/td>\n<td><strong>David Zille<\/strong><br \/>\n<strong>Sebastian Cesana<\/strong><\/td>\n<td>Can-Am Maverick X3<\/td>\n<td class=\"nomobile\">South Racing Can-Am<\/td>\n<td style=\"text-align: right; padding-right: 15px;\"><strong>+6:15:55<\/strong><\/td>\n<\/tr>\n<tr style=\"vertical-align: top; background-color: #dbd9d9;\">\n<td style=\"text-align: center;\"><strong>11.<\/strong><\/td>\n<td class=\"nomobile\" style=\"text-align: center;\">442<\/td>\n<td class=\"nomobile\" style=\"text-align: center;\"><\/td>\n<td><strong>Rudy Roquesalane<\/strong><br \/>\n<strong>Vincent Ferri<\/strong><\/td>\n<td>Can-Am Maverick X3<\/td>\n<td class=\"nomobile\">RRC Racing<\/td>\n<td style=\"text-align: right; padding-right: 15px;\"><strong>+7:02:44<\/strong><\/td>\n<\/tr>\n<tr style=\"vertical-align: top; background-color: #f2f2f2;\">\n<td style=\"text-align: center;\"><strong>12.<\/strong><\/td>\n<td class=\"nomobile\" style=\"text-align: center;\">402<\/td>\n<td class=\"nomobile\" style=\"text-align: center;\"><span style=\"font-size: 8pt;\"><a href=\"\/index.php\/w2rc\/w2rc-2022\/\"><span style=\"color: #ee8027;\">W2RC<\/span><\/a><\/span><\/td>\n<td><strong>Aron Dom\u017ca\u0142a<\/strong><br \/>\n<strong><a href=\"\/index.php\/osobnosti\/maciej-marton\/\"><span style=\"color: #ee8027;\">Maciej Marton<\/span><\/a><\/strong><\/td>\n<td>Can-Am Maverick X3<\/td>\n<td class=\"nomobile\">Can-Am Factory South Racing<\/td>\n<td style=\"text-align: right; padding-right: 15px;\"><strong>+7:12:53<\/strong><\/td>\n<\/tr>\n<tr style=\"vertical-align: top; background-color: #dbd9d9;\">\n<td style=\"text-align: center;\"><strong>13.<\/strong><\/td>\n<td class=\"nomobile\" style=\"text-align: center;\">451<\/td>\n<td class=\"nomobile\" style=\"text-align: center;\"><\/td>\n<td><strong>Jevgen Kovalevy\u010d<\/strong><br \/>\n<strong><a href=\"\/index.php\/osobnosti\/dmitrij-cyro\/\"><span style=\"color: #ee8027;\">Dmitrij Cyro<\/span><\/a><\/strong><\/td>\n<td>Can-Am Maverick X3<\/td>\n<td class=\"nomobile\">South Racing Can-Am<\/td>\n<td style=\"text-align: right; padding-right: 15px;\"><strong>+7:13:23<\/strong><\/td>\n<\/tr>\n<tr style=\"vertical-align: top; background-color: #f2f2f2;\">\n<td style=\"text-align: center;\"><strong>14.<\/strong><\/td>\n<td class=\"nomobile\" style=\"text-align: center;\">408<\/td>\n<td class=\"nomobile\" style=\"text-align: center;\"><\/td>\n<td><strong>Molly Taylor<\/strong><br \/>\n<strong>Dale Moscatt<\/strong><\/td>\n<td>Can-Am Maverick X3<\/td>\n<td class=\"nomobile\">Can-Am Factory South Racing<\/td>\n<td style=\"text-align: right; padding-right: 15px;\"><strong>+7:37:59<\/strong><\/td>\n<\/tr>\n<tr style=\"vertical-align: top; background-color: #dbd9d9;\">\n<td style=\"text-align: center;\"><strong>15.<\/strong><\/td>\n<td class=\"nomobile\" style=\"text-align: center;\">467<\/td>\n<td class=\"nomobile\" style=\"text-align: center;\"><\/td>\n<td><strong>Tomas Jan\u010dys<\/strong><br \/>\n<strong>Irmantas Bra\u017ei\u016bnas<\/strong><\/td>\n<td>Can-Am Maverick X3<\/td>\n<td class=\"nomobile\">Mediafon Team<br \/>\nTeltonika Racing<\/td>\n<td style=\"text-align: right; padding-right: 15px;\"><strong>+7:48:43<\/strong><\/td>\n<\/tr>\n<tr style=\"vertical-align: top; background-color: #f2f2f2;\">\n<td style=\"text-align: center;\"><strong>16.<\/strong><\/td>\n<td class=\"nomobile\" style=\"text-align: center;\">455<\/td>\n<td class=\"nomobile\" style=\"text-align: center;\"><\/td>\n<td><strong>Rui Oliveira<\/strong><br \/>\n<strong>Fausto Mota<\/strong><\/td>\n<td>Can-Am Maverick X3<\/td>\n<td class=\"nomobile\">CRN Competition Team<\/td>\n<td style=\"text-align: right; padding-right: 15px;\"><strong>+8:42:15<\/strong><\/td>\n<\/tr>\n<tr style=\"vertical-align: top; background-color: #dbd9d9;\">\n<td style=\"text-align: center;\"><strong>17.<\/strong><\/td>\n<td class=\"nomobile\" style=\"text-align: center;\">422<\/td>\n<td class=\"nomobile\" style=\"text-align: center;\"><\/td>\n<td><strong>Fabrice Lardon<\/strong><br \/>\n<strong>Bruno Bony<\/strong><\/td>\n<td>Can-Am Maverick X3<\/td>\n<td class=\"nomobile\">Team Casteu<\/td>\n<td style=\"text-align: right; padding-right: 15px;\"><strong>+9:27:13<\/strong><\/td>\n<\/tr>\n<tr style=\"vertical-align: top; background-color: #f2f2f2;\">\n<td style=\"text-align: center;\"><strong>18.<\/strong><\/td>\n<td class=\"nomobile\" style=\"text-align: center;\">437<\/td>\n<td class=\"nomobile\" style=\"text-align: center;\"><\/td>\n<td><strong>Pietro Cinotto<\/strong><br \/>\n<strong>Alberto Bertoldi<\/strong><\/td>\n<td>Polaris RZR PRO XP<\/td>\n<td class=\"nomobile\">Xtreme Plus Polaris Factory Team<\/td>\n<td style=\"text-align: right; padding-right: 15px;\"><strong>+9:30:07<\/strong><\/td>\n<\/tr>\n<tr style=\"vertical-align: top; background-color: #dbd9d9;\">\n<td style=\"text-align: center;\"><strong>19.<\/strong><\/td>\n<td class=\"nomobile\" style=\"text-align: center;\">426<\/td>\n<td class=\"nomobile\" style=\"text-align: center;\"><\/td>\n<td><strong>Paul Spierings<\/strong><br \/>\n<strong>Jan Pieter van der Stelt<\/strong><\/td>\n<td>Can-Am Maverick X3<\/td>\n<td class=\"nomobile\">Dakarteam Spierings<\/td>\n<td style=\"text-align: right; padding-right: 15px;\"><strong>+10:06:09<\/strong><\/td>\n<\/tr>\n<tr style=\"vertical-align: top; background-color: #f2f2f2;\">\n<td style=\"text-align: center;\"><strong>20.<\/strong><\/td>\n<td class=\"nomobile\" style=\"text-align: center;\">418<\/td>\n<td class=\"nomobile\" style=\"text-align: center;\"><\/td>\n<td><strong>Nicolas Brabeck-Letmathe<\/strong><br \/>\n<strong>Ezequiel Fernandez Sasso<\/strong><\/td>\n<td>Can-Am Maverick X3<\/td>\n<td class=\"nomobile\">Team Casteu<\/td>\n<td style=\"text-align: right; padding-right: 15px;\"><strong>+10:40:48<\/strong><\/td>\n<\/tr>\n<tr style=\"vertical-align: top; background-color: #dbd9d9;\">\n<td style=\"text-align: center;\"><strong>21.<\/strong><\/td>\n<td class=\"nomobile\" style=\"text-align: center;\">431<\/td>\n<td class=\"nomobile\" style=\"text-align: center;\"><\/td>\n<td><strong>Florent Vayssade<\/strong><br \/>\n<strong>Nicolas Rey<\/strong><\/td>\n<td>Can-Am Maverick X3<\/td>\n<td class=\"nomobile\">Team Vayssade Florent<\/td>\n<td style=\"text-align: right; padding-right: 15px;\"><strong>+10:44:50<\/strong><\/td>\n<\/tr>\n<tr style=\"vertical-align: top; background-color: #f2f2f2;\">\n<td style=\"text-align: center;\"><strong>22.<\/strong><\/td>\n<td class=\"nomobile\" style=\"text-align: center;\">433<\/td>\n<td class=\"nomobile\" style=\"text-align: center;\"><\/td>\n<td><strong>Fr\u00e9d\u00e9ric Chesneau<\/strong><br \/>\n<strong>St\u00e9phane Chesneau<\/strong><\/td>\n<td>Can-Am Maverick X3<\/td>\n<td class=\"nomobile\">FS 21<\/td>\n<td style=\"text-align: right; padding-right: 15px;\"><strong>+11:13:00<\/strong><\/td>\n<\/tr>\n<tr style=\"vertical-align: top; background-color: #dbd9d9;\">\n<td style=\"text-align: center;\"><strong>23.<\/strong><\/td>\n<td class=\"nomobile\" style=\"text-align: center;\">468<\/td>\n<td class=\"nomobile\" style=\"text-align: center;\"><\/td>\n<td><strong>Josep Rojas Almuzara<\/strong><br \/>\n<strong>Joan Rubi Montserrat<\/strong><\/td>\n<td>Can-Am Maverick X3<\/td>\n<td class=\"nomobile\">Buggy Masters Team<\/td>\n<td style=\"text-align: right; padding-right: 15px;\"><strong>+11:24:41<\/strong><\/td>\n<\/tr>\n<tr style=\"vertical-align: top; background-color: #f2f2f2;\">\n<td style=\"text-align: center;\"><strong>24.<\/strong><\/td>\n<td class=\"nomobile\" style=\"text-align: center;\">463<\/td>\n<td class=\"nomobile\" style=\"text-align: center;\"><\/td>\n<td><strong>Beno\u00eet Fretin<\/strong><br \/>\n<strong>C\u00e9dric Duple<\/strong><\/td>\n<td>Can-Am Maverick X3<\/td>\n<td class=\"nomobile\">Ydeo Competition<\/td>\n<td style=\"text-align: right; padding-right: 15px;\"><strong>+13:42:38<\/strong><\/td>\n<\/tr>\n<tr style=\"vertical-align: top; background-color: #dbd9d9;\">\n<td style=\"text-align: center;\"><strong>25.<\/strong><\/td>\n<td class=\"nomobile\" style=\"text-align: center;\">421<\/td>\n<td class=\"nomobile\" style=\"text-align: center;\"><\/td>\n<td><strong>Jerome de Sadeleer<\/strong><br \/>\n<strong>Micha\u00ebl Metge<\/strong><\/td>\n<td>Can-Am Maverick X3<\/td>\n<td class=\"nomobile\">Team Galag<\/td>\n<td style=\"text-align: right; padding-right: 15px;\"><strong>+14:44:38<\/strong><\/td>\n<\/tr>\n<tr style=\"vertical-align: top; background-color: #f2f2f2;\">\n<td style=\"text-align: center;\"><strong>26.<\/strong><\/td>\n<td class=\"nomobile\" style=\"text-align: center;\">461<\/td>\n<td class=\"nomobile\" style=\"text-align: center;\"><\/td>\n<td><strong>Jan de Wit<\/strong><br \/>\n<strong>Serge Bruynkens<\/strong><\/td>\n<td>Can-Am Maverick X3<\/td>\n<td class=\"nomobile\">Team Roadseal Africa<\/td>\n<td style=\"text-align: right; padding-right: 15px;\"><strong>+15:09:23<\/strong><\/td>\n<\/tr>\n<tr style=\"vertical-align: top; background-color: #dbd9d9;\">\n<td style=\"text-align: center;\"><strong>27.<\/strong><\/td>\n<td class=\"nomobile\" style=\"text-align: center;\">469<\/td>\n<td class=\"nomobile\" style=\"text-align: center;\"><\/td>\n<td><strong>Jeffrey Otten<\/strong><br \/>\n<strong>Nicky Zoontjens<\/strong><\/td>\n<td>Can-Am Maverick X3<\/td>\n<td class=\"nomobile\">Gaia Motorsports<\/td>\n<td style=\"text-align: right; padding-right: 15px;\"><strong>+15:54:37<\/strong><\/td>\n<\/tr>\n<tr style=\"vertical-align: top; background-color: #f2f2f2;\">\n<td style=\"text-align: center;\"><strong>28.<\/strong><\/td>\n<td class=\"nomobile\" style=\"text-align: center;\">450<\/td>\n<td class=\"nomobile\" style=\"text-align: center;\"><\/td>\n<td><strong>Davy Huguet<\/strong><br \/>\n<strong>Nicolas Falloux<\/strong><\/td>\n<td>Can-Am Maverick X3<\/td>\n<td class=\"nomobile\">Team BBR \/ Pole Position 77<\/td>\n<td style=\"text-align: right; padding-right: 15px;\"><strong>+17:22:22<\/strong><\/td>\n<\/tr>\n<tr style=\"vertical-align: top; background-color: #dbd9d9;\">\n<td style=\"text-align: center;\"><strong>29.<\/strong><\/td>\n<td class=\"nomobile\" style=\"text-align: center;\">445<\/td>\n<td class=\"nomobile\" style=\"text-align: center;\"><\/td>\n<td><strong>Jean-Claude Pla<\/strong><br \/>\n<strong>Jerome Pla<\/strong><\/td>\n<td>Polaris RZR PRO XP<\/td>\n<td class=\"nomobile\">Xtreme Plus Polaris Factory Team<\/td>\n<td style=\"text-align: right; padding-right: 15px;\"><strong>+19:51:56<\/strong><\/td>\n<\/tr>\n<tr style=\"vertical-align: top; background-color: #f2f2f2;\">\n<td style=\"text-align: center;\"><strong>30.<\/strong><\/td>\n<td class=\"nomobile\" style=\"text-align: center;\">465<\/td>\n<td class=\"nomobile\" style=\"text-align: center;\"><\/td>\n<td><strong>Ta\u0165jana Sy\u010dova<\/strong><br \/>\n<strong>Alexandr Alexejev<\/strong><\/td>\n<td>Can-Am Maverick X3<\/td>\n<td class=\"nomobile\">Xesha Motorsport<\/td>\n<td style=\"text-align: right; padding-right: 15px;\"><strong>+20:45:24<\/strong><\/td>\n<\/tr>\n<tr style=\"vertical-align: top; background-color: #dbd9d9;\">\n<td style=\"text-align: center;\"><strong>31.<\/strong><\/td>\n<td class=\"nomobile\" style=\"text-align: center;\">438<\/td>\n<td class=\"nomobile\" style=\"text-align: center;\"><\/td>\n<td><strong>Pablo Macua<\/strong><br \/>\n<strong>Mauro Esteban Lipez<\/strong><\/td>\n<td>Can-Am Maverick X3<\/td>\n<td class=\"nomobile\">Sodicars Racing<\/td>\n<td style=\"text-align: right; padding-right: 15px;\"><strong>+22:16:07<\/strong><\/td>\n<\/tr>\n<tr style=\"vertical-align: top; background-color: #f2f2f2;\">\n<td style=\"text-align: center;\"><strong>32.<\/strong><\/td>\n<td class=\"nomobile\" style=\"text-align: center;\">464<\/td>\n<td class=\"nomobile\" style=\"text-align: center;\"><\/td>\n<td><strong>Bruno Fretin<\/strong><br \/>\n<a href=\"\/index.php\/osobnosti\/valentin-sarreaud\/\"><span style=\"color: #ee8027;\"><strong>Valentin Sarreaud<\/strong><\/span><\/a><\/td>\n<td>Can-Am Maverick X3<\/td>\n<td class=\"nomobile\">Ydeo Competition<\/td>\n<td style=\"text-align: right; padding-right: 15px;\"><strong>+25:21:24<\/strong><\/td>\n<\/tr>\n<tr style=\"vertical-align: top; background-color: #dbd9d9;\">\n<td style=\"text-align: center;\"><strong>33.<\/strong><\/td>\n<td class=\"nomobile\" style=\"text-align: center;\">453<\/td>\n<td class=\"nomobile\" style=\"text-align: center;\"><\/td>\n<td><strong>\u0160insuke Umeda<\/strong><br \/>\n<strong>David Giovannetti<\/strong><\/td>\n<td>Polaris RZR PRO XP<\/td>\n<td class=\"nomobile\">Xtreme Plus Polaris Factory Team<\/td>\n<td style=\"text-align: right; padding-right: 15px;\"><strong>+25:23:34<\/strong><\/td>\n<\/tr>\n<tr style=\"vertical-align: top; background-color: #f2f2f2;\">\n<td style=\"text-align: center;\"><strong>34.<\/strong><\/td>\n<td class=\"nomobile\" style=\"text-align: center;\">439<\/td>\n<td class=\"nomobile\" style=\"text-align: center;\"><span style=\"font-size: 8pt;\"><a href=\"\/index.php\/w2rc\/w2rc-2022\/\"><span style=\"color: #ee8027;\">W2RC<\/span><\/a><\/span><\/td>\n<td><strong>Ga\u00ebl Queralt<\/strong><br \/>\n<strong>Sergi Brugue<\/strong><\/td>\n<td>Can-Am Maverick X3<\/td>\n<td class=\"nomobile\">FN Speed Team<\/td>\n<td style=\"text-align: right; padding-right: 15px;\"><strong>+32:18:56<\/strong><\/td>\n<\/tr>\n<tr style=\"vertical-align: top; background-color: #dbd9d9;\">\n<td style=\"text-align: center;\"><strong>35.<\/strong><\/td>\n<td class=\"nomobile\" style=\"text-align: center;\">458<\/td>\n<td class=\"nomobile\" style=\"text-align: center;\"><\/td>\n<td><strong>Ulrich Caradot<\/strong><br \/>\n<strong>Mathieu Bouchut<\/strong><\/td>\n<td>Can-Am Maverick X3<\/td>\n<td class=\"nomobile\">Team BBR \/ Pole Position 77<\/td>\n<td style=\"text-align: right; padding-right: 15px;\"><strong>+34:16:19<\/strong><\/td>\n<\/tr>\n<tr style=\"vertical-align: top; background-color: #f2f2f2;\">\n<td style=\"text-align: center;\"><strong>36.<\/strong><\/td>\n<td class=\"nomobile\" style=\"text-align: center;\">428<\/td>\n<td class=\"nomobile\" style=\"text-align: center;\"><span style=\"font-size: 8pt;\"><a href=\"\/index.php\/w2rc\/w2rc-2022\/\"><span style=\"color: #ee8027;\">W2RC<\/span><\/a><\/span><\/td>\n<td><strong>Lucas del R\u00edo<\/strong><br \/>\n<strong>Am\u00e9rico Aliaga<\/strong><\/td>\n<td>Can-Am Maverick X3<\/td>\n<td class=\"nomobile\">South Racing Can-Am<\/td>\n<td style=\"text-align: right; padding-right: 15px;\"><strong>+37:44:21<\/strong><\/td>\n<\/tr>\n<tr style=\"vertical-align: top; background-color: #dbd9d9;\">\n<td style=\"text-align: center;\"><strong>37.<\/strong><\/td>\n<td class=\"nomobile\" style=\"text-align: center;\">459<\/td>\n<td class=\"nomobile\" style=\"text-align: center;\"><\/td>\n<td><strong>Andr\u00e9 Thewessen<\/strong><br \/>\n<strong>Stijn Bastings<\/strong><\/td>\n<td>Can-Am Maverick X3<\/td>\n<td class=\"nomobile\">Team ATS<\/td>\n<td style=\"text-align: right; padding-right: 15px;\"><strong>+38:19:24<\/strong><\/td>\n<\/tr>\n<tr style=\"vertical-align: top; background-color: #f2f2f2;\">\n<td style=\"text-align: center;\"><strong>38.<\/strong><\/td>\n<td class=\"nomobile\" style=\"text-align: center;\">460<\/td>\n<td class=\"nomobile\" style=\"text-align: center;\"><\/td>\n<td><strong>J\u00e9r\u00e9my Poret<\/strong><br \/>\n<strong>Brice Aloth<\/strong><\/td>\n<td>Can-Am Maverick X3<\/td>\n<td class=\"nomobile\">Team BTR<\/td>\n<td style=\"text-align: right; padding-right: 15px;\"><strong>+38:47:31<\/strong><\/td>\n<\/tr>\n<tr style=\"vertical-align: top; background-color: #dbd9d9;\">\n<td style=\"text-align: center;\"><strong>39.<\/strong><\/td>\n<td class=\"nomobile\" style=\"text-align: center;\">443<\/td>\n<td class=\"nomobile\" style=\"text-align: center;\"><\/td>\n<td><strong>Baptiste Enjolras<\/strong><br \/>\n<strong>Julien Enjolras<\/strong><\/td>\n<td>Can-Am Maverick X3<\/td>\n<td class=\"nomobile\">Tati Team<\/td>\n<td style=\"text-align: right; padding-right: 15px;\"><strong>+42:33:57<\/strong><\/td>\n<\/tr>\n<tr style=\"vertical-align: top; background-color: #f2f2f2;\">\n<td style=\"text-align: center;\"><strong>40.<\/strong><\/td>\n<td class=\"nomobile\" style=\"text-align: center;\">456<\/td>\n<td class=\"nomobile\" style=\"text-align: center;\"><\/td>\n<td><strong>Christophe Cresp<\/strong><br \/>\n<strong>Serge Henninot<\/strong><\/td>\n<td>Can-Am Maverick X3<\/td>\n<td class=\"nomobile\">MMP<\/td>\n<td style=\"text-align: right; padding-right: 15px;\"><strong>+43:33:32<\/strong><\/td>\n<\/tr>\n<tr style=\"vertical-align: top; background-color: #dbd9d9;\">\n<td style=\"text-align: center;\"><strong>41.<\/strong><\/td>\n<td class=\"nomobile\" style=\"text-align: center;\">470<\/td>\n<td class=\"nomobile\" style=\"text-align: center;\"><\/td>\n<td><strong>Gregory Pichon<\/strong><br \/>\n<strong>Jean Pichon<\/strong><\/td>\n<td>Can-Am Maverick X3<\/td>\n<td class=\"nomobile\">Team Pichon Mercier Racing<\/td>\n<td style=\"text-align: right; padding-right: 15px;\"><strong>+65:41:26<\/strong><\/td>\n<\/tr>\n<tr style=\"vertical-align: top; background-color: #f2f2f2;\">\n<td style=\"text-align: center;\"><strong>42.<\/strong><\/td>\n<td class=\"nomobile\" style=\"text-align: center;\">466<\/td>\n<td class=\"nomobile\" style=\"text-align: center;\"><\/td>\n<td><strong>Aranzal Gerel<\/strong><br \/>\n<strong>Ganzorig Temuujin<\/strong><\/td>\n<td>Can-Am Maverick X3<\/td>\n<td class=\"nomobile\">Ayanga<\/td>\n<td style=\"text-align: right; padding-right: 15px;\"><strong>+66:21:51<\/strong><\/td>\n<\/tr>\n<tr style=\"vertical-align: top; background-color: #dbd9d9;\">\n<td style=\"text-align: center;\"><strong>43.<\/strong><\/td>\n<td class=\"nomobile\" style=\"text-align: center;\">423<\/td>\n<td class=\"nomobile\" style=\"text-align: center;\"><\/td>\n<td><strong>Michele Cinotto<\/strong><br \/>\n<strong>Maurizio Dominella<\/strong><\/td>\n<td>Polaris RZR PRO XP<\/td>\n<td class=\"nomobile\">Xtreme Plus Polaris Factory Team<\/td>\n<td style=\"text-align: right; padding-right: 15px;\"><strong>+67:58:39<\/strong><\/td>\n<\/tr>\n<tr style=\"vertical-align: top; background-color: #f2f2f2;\">\n<td style=\"text-align: center;\"><strong>44.<\/strong><\/td>\n<td class=\"nomobile\" style=\"text-align: center;\">462<\/td>\n<td class=\"nomobile\" style=\"text-align: center;\"><\/td>\n<td><strong>Patrice Etienne<\/strong><br \/>\n<strong>Jerome Bos<\/strong><\/td>\n<td>Can-Am Maverick X3<\/td>\n<td class=\"nomobile\">Ydeo Competition<\/td>\n<td style=\"text-align: right; padding-right: 15px;\"><strong>+72:40:19<\/strong><\/td>\n<\/tr>\n<tr style=\"background-color: #808080; color: white;\">\n<td style=\"text-align: left;\" colspan=\"7\"><\/td>\n<\/tr>\n<tr style=\"vertical-align: top; background-color: #dbd9d9;\">\n<td style=\"text-align: center;\"><strong>DNF<\/strong><\/td>\n<td class=\"nomobile\" style=\"text-align: center;\">406<\/td>\n<td class=\"nomobile\" style=\"text-align: center;\"><\/td>\n<td><strong>Sergej Karjakin<\/strong><br \/>\n<strong>Anton Vlasjuk<\/strong><\/td>\n<td>Can-Am Maverick X3<\/td>\n<td class=\"nomobile\">Snag Racing Team<\/td>\n<td style=\"text-align: right; padding-right: 15px;\"><\/td>\n<\/tr>\n<tr style=\"vertical-align: top; background-color: #f2f2f2;\">\n<td style=\"text-align: center;\"><strong>DNF<\/strong><\/td>\n<td class=\"nomobile\" style=\"text-align: center;\">441<\/td>\n<td class=\"nomobile\" style=\"text-align: center;\"><\/td>\n<td><strong>Geoff Minnitt<\/strong><br \/>\n<strong>Siegfried Rousseau<\/strong><\/td>\n<td>Can-Am Maverick X3<\/td>\n<td class=\"nomobile\">South Racing Can-Am<\/td>\n<td style=\"text-align: right; padding-right: 15px;\"><\/td>\n<\/tr>\n<tr style=\"vertical-align: top; background-color: #dbd9d9;\">\n<td style=\"text-align: center;\"><strong>DNF<\/strong><\/td>\n<td class=\"nomobile\" style=\"text-align: center;\">454<\/td>\n<td class=\"nomobile\" style=\"text-align: center;\"><\/td>\n<td><strong>Gert-Jan van der Valk<\/strong><br \/>\n<strong>Branco de Lange<\/strong><\/td>\n<td>Can-Am Maverick X3<\/td>\n<td class=\"nomobile\">South Racing Can-Am<\/td>\n<td style=\"text-align: right; padding-right: 15px;\"><\/td>\n<\/tr>\n<tr style=\"background-color: #808080; color: white;\">\n<td style=\"text-align: left;\" colspan=\"7\"><span style=\"font-size: 8pt;\">Ve skupin\u011b T4 odstartovalo 47 vozidel, v c\u00edli klasifikov\u00e1no 44.<\/span><\/td>\n<\/tr>\n<\/tbody>\n<\/table>\n<p>[\/vc_column_text][\/vc_tta_section][vc_tta_section title=&#8221;KAMIONY&#8221; tab_id=&#8221;kamiony&#8221;][vc_column_text css_animation=&#8221;fadeIn&#8221;]<\/p>\n<table style=\"width: 97.7654%;\" rules=\"rows\" cellpadding=\"4px\">\n<tbody>\n<tr style=\"background-color: #808080; color: white;\">\n<td style=\"text-align: center;\" colspan=\"7\"><span style=\"font-size: 12pt;\"><strong>RALLY DAKAR 2022<br \/>\nKATEGORIE KAMION\u016e<br \/>\nkone\u010dn\u00e9 v\u00fdsledky<\/strong><\/span><\/td>\n<\/tr>\n<tr style=\"vertical-align: top; background-color: #dbd9d9;\">\n<td style=\"text-align: center;\"><strong>1.<\/strong><\/td>\n<td class=\"nomobile\" style=\"text-align: center;\">500<\/td>\n<td class=\"nomobile\" style=\"text-align: center;\"><\/td>\n<td><a href=\"\/index.php\/osobnosti\/dmitrij-sotnikov\/\"><span style=\"color: #ee8027;\"><strong>Dmitrij Sotnikov<\/strong><\/span><\/a><br \/>\n<a href=\"\/index.php\/osobnosti\/ruslan-achmadejev\/\"><span style=\"color: #ee8027;\"><strong>Ruslan Achmad\u011bjev<\/strong><\/span><\/a><br \/>\n<strong><a href=\"\/index.php\/osobnosti\/ilgiz-achmetzjanov\/\"><span style=\"color: #ee8027;\">Ilgiz Achmetzjanov<\/span><\/a><\/strong><\/td>\n<td>Kamaz 435091<\/td>\n<td class=\"nomobile\">Kamaz-Master<\/td>\n<td style=\"text-align: right; padding-right: 15px;\"><strong>41:37:34<\/strong><\/td>\n<\/tr>\n<tr style=\"vertical-align: top; background-color: #f2f2f2;\">\n<td style=\"text-align: center;\"><strong>2.<\/strong><\/td>\n<td class=\"nomobile\" style=\"text-align: center;\">505<\/td>\n<td class=\"nomobile\" style=\"text-align: center;\"><\/td>\n<td><strong><a href=\"\/index.php\/osobnosti\/eduard-nikolajev\/\"><span style=\"color: #ee8027;\">Eduard Nikolajev<\/span><\/a><\/strong><br \/>\n<strong><a href=\"\/index.php\/osobnosti\/jevgenij-jakovlev\/\"><span style=\"color: #ee8027;\">Jevgenij Jakovlev<\/span><\/a><\/strong><br \/>\n<strong><a href=\"\/index.php\/osobnosti\/vladimir-rybakov\/\"><span style=\"color: #ee8027;\">Vladimir Rybakov<\/span><\/a><\/strong><\/td>\n<td>Kamaz 435091<\/td>\n<td class=\"nomobile\">Kamaz-Master<\/td>\n<td style=\"text-align: right; padding-right: 15px;\"><strong>+9:58<\/strong><\/td>\n<\/tr>\n<tr style=\"vertical-align: top; background-color: #dbd9d9;\">\n<td style=\"text-align: center;\"><strong>3.<\/strong><\/td>\n<td class=\"nomobile\" style=\"text-align: center;\">501<\/td>\n<td class=\"nomobile\" style=\"text-align: center;\"><\/td>\n<td><strong><a href=\"\/index.php\/osobnosti\/anton-sibalov\/\"><span style=\"color: #ee8027;\">Anton \u0160ibalov<\/span><\/a><\/strong><br \/>\n<strong><a href=\"\/index.php\/osobnosti\/dmitrij-nikitin\/\"><span style=\"color: #ee8027;\">Dmitrij Nikitin<\/span><\/a><\/strong><br \/>\n<strong>Ivan Tatarinov<\/strong><\/td>\n<td>Kamaz 43509<\/td>\n<td class=\"nomobile\">Kamaz-Master<\/td>\n<td style=\"text-align: right; padding-right: 15px;\"><strong>+1:11:11<\/strong><\/td>\n<\/tr>\n<tr style=\"vertical-align: top; background-color: #f2f2f2;\">\n<td style=\"text-align: center;\"><strong>4.<\/strong><\/td>\n<td class=\"nomobile\" style=\"text-align: center;\">509<\/td>\n<td class=\"nomobile\" style=\"text-align: center;\"><\/td>\n<td><a href=\"\/index.php\/osobnosti\/andrej-karginov\/\"><span style=\"color: #ee8027;\"><strong>Andrej Karginov<\/strong><\/span><\/a><br \/>\n<strong><a href=\"\/index.php\/osobnosti\/andrej-mokjejev\/\"><span style=\"color: #ee8027;\">Andrej Mokjejev<\/span><\/a><\/strong><br \/>\n<strong><a href=\"\/index.php\/osobnosti\/ivan-malkov\/\"><span style=\"color: #ee8027;\">Ivan Malkov<\/span><\/a><\/strong><\/td>\n<td>Kamaz 43509<\/td>\n<td class=\"nomobile\">Kamaz-Master<\/td>\n<td style=\"text-align: right; padding-right: 15px;\"><strong>+1:49:55<\/strong><\/td>\n<\/tr>\n<tr style=\"vertical-align: top; background-color: #dbd9d9;\">\n<td style=\"text-align: center;\"><strong>5.<\/strong><\/td>\n<td class=\"nomobile\" style=\"text-align: center;\">504<\/td>\n<td class=\"nomobile\" style=\"text-align: center;\"><\/td>\n<td><strong><a href=\"\/index.php\/osobnosti\/janus-van-kasteren\/\"><span style=\"color: #ee8027;\">Janus van Kasteren<\/span><\/a><\/strong><br \/>\n<strong><a href=\"\/index.php\/osobnosti\/marcel-snijders\/\"><span style=\"color: #ee8027;\">Marcel Snijders<\/span><\/a><\/strong><br \/>\n<strong><a href=\"\/index.php\/osobnosti\/darek-rodewald\/\"><span style=\"color: #ee8027;\">Darek Rodewald<\/span><\/a><\/strong><\/td>\n<td>Iveco Powerstar<\/td>\n<td class=\"nomobile\">Petronas Team De Rooy Iveco<\/td>\n<td style=\"text-align: right; padding-right: 15px;\"><strong>+3:08:30<\/strong><\/td>\n<\/tr>\n<tr style=\"vertical-align: top; background-color: #f2f2f2;\">\n<td style=\"text-align: center;\"><strong>6.<\/strong><\/td>\n<td class=\"nomobile\" style=\"text-align: center;\">506<\/td>\n<td class=\"nomobile\" style=\"text-align: center;\"><\/td>\n<td><strong>Martin van den Brink<\/strong><br \/>\n<strong>Peter Willemsen<\/strong><br \/>\n<strong>Bernard der Kinderen<\/strong><\/td>\n<td>Iveco Powerstar<\/td>\n<td class=\"nomobile\">Mammoet Rallysport Team De Rooy Iveco<\/td>\n<td style=\"text-align: right; padding-right: 15px;\"><strong>+3:43:32<\/strong><\/td>\n<\/tr>\n<tr style=\"vertical-align: top; background-color: #dbd9d9;\">\n<td style=\"text-align: center;\"><strong>7.<\/strong><\/td>\n<td class=\"nomobile\" style=\"text-align: center;\">503<\/td>\n<td class=\"nomobile\" style=\"text-align: center;\"><span style=\"font-size: 8pt;\"><a href=\"\/index.php\/w2rc\/w2rc-2022\/\"><span style=\"color: #ee8027;\">W2RC<\/span><\/a><\/span><\/td>\n<td><a href=\"\/index.php\/osobnosti\/martin-macik-ml\/\"><span style=\"color: #ee8027;\"><strong>Martin Mac\u00edk ml.<\/strong><\/span><\/a><br \/>\n<strong><a href=\"\/index.php\/osobnosti\/frantisek-tomasek\/\"><span style=\"color: #ee8027;\">Franti\u0161ek Tom\u00e1\u0161ek<\/span><\/a><\/strong><br \/>\n<strong><a href=\"\/index.php\/osobnosti\/david-svanda\/\"><span style=\"color: #ee8027;\">David \u0160vanda<\/span><\/a><\/strong><\/td>\n<td>Iveco Powerstar<\/td>\n<td class=\"nomobile\">Big Shock! Racing<\/td>\n<td style=\"text-align: right; padding-right: 15px;\"><strong>+4:44:11<\/strong><\/td>\n<\/tr>\n<tr style=\"vertical-align: top; background-color: #f2f2f2;\">\n<td style=\"text-align: center;\"><strong>8.<\/strong><\/td>\n<td class=\"nomobile\" style=\"text-align: center;\">515<\/td>\n<td class=\"nomobile\" style=\"text-align: center;\"><\/td>\n<td><strong>Victor Versteijnen<\/strong><br \/>\n<strong>Teun van Dal<\/strong><br \/>\n<strong>Randy Smits<\/strong><\/td>\n<td>Iveco Powerstar<\/td>\n<td class=\"nomobile\">Petronas Team De Rooy<\/td>\n<td style=\"text-align: right; padding-right: 15px;\"><strong>+4:44:34<\/strong><\/td>\n<\/tr>\n<tr style=\"vertical-align: top; background-color: #dbd9d9;\">\n<td style=\"text-align: center;\"><strong>9.<\/strong><\/td>\n<td class=\"nomobile\" style=\"text-align: center;\">522<\/td>\n<td class=\"nomobile\" style=\"text-align: center;\"><\/td>\n<td><strong>Richard de Groot<\/strong><br \/>\n<strong>Mark Laan<\/strong><br \/>\n<strong>Jan Hulsebosch<\/strong><\/td>\n<td>Iveco Magirus 4\u00d74 DRNL<\/td>\n<td class=\"nomobile\">Firemen Dakar Team<\/td>\n<td style=\"text-align: right; padding-right: 15px;\"><strong>+6:29:27<\/strong><\/td>\n<\/tr>\n<tr style=\"vertical-align: top; background-color: #f2f2f2;\">\n<td style=\"text-align: center;\"><strong>10.<\/strong><\/td>\n<td class=\"nomobile\" style=\"text-align: center;\">524<\/td>\n<td class=\"nomobile\" style=\"text-align: center;\"><\/td>\n<td><strong>Mitchel van den Brink<\/strong><br \/>\n<strong>Rijk Mouw<\/strong><br \/>\n<strong>Bert Donkelaar<\/strong><\/td>\n<td>Iveco Powerstar<\/td>\n<td class=\"nomobile\">Petronas Team De Rooy Iveco<\/td>\n<td style=\"text-align: right; padding-right: 15px;\"><strong>+8:10:34<\/strong><\/td>\n<\/tr>\n<tr style=\"vertical-align: top; background-color: #dbd9d9;\">\n<td style=\"text-align: center;\"><strong>11.<\/strong><\/td>\n<td class=\"nomobile\" style=\"text-align: center;\">530<\/td>\n<td class=\"nomobile\" style=\"text-align: center;\"><\/td>\n<td><strong>Ben van de Laar<\/strong><br \/>\n<strong>Jan van de Laar<\/strong><br \/>\n<strong>Simon Stubbs<\/strong><\/td>\n<td>Iveco 4\u00d74 DRNL<\/td>\n<td class=\"nomobile\">Fried van de Laar Racing<\/td>\n<td style=\"text-align: right; padding-right: 15px;\"><strong>+9:22:22<\/strong><\/td>\n<\/tr>\n<tr style=\"vertical-align: top; background-color: #f2f2f2;\">\n<td style=\"text-align: center;\"><strong>12.<\/strong><\/td>\n<td class=\"nomobile\" style=\"text-align: center;\">529<\/td>\n<td class=\"nomobile\" style=\"text-align: center;\"><\/td>\n<td><strong>Vaidotas Pa\u0161kevi\u010dius<\/strong><br \/>\n<strong>Slavomir Volkov<\/strong><br \/>\n<strong>Tomas Gu\u017eauskas<\/strong><\/td>\n<td>Tatra Jamal<\/td>\n<td class=\"nomobile\">Connectpay<br \/>\nFesh Fesh Group<\/td>\n<td style=\"text-align: right; padding-right: 15px;\"><strong>+9:47:42<\/strong><\/td>\n<\/tr>\n<tr style=\"vertical-align: top; background-color: #dbd9d9;\">\n<td style=\"text-align: center;\"><strong>13.<\/strong><\/td>\n<td class=\"nomobile\" style=\"text-align: center;\">520<\/td>\n<td class=\"nomobile\" style=\"text-align: center;\"><span style=\"font-size: 8pt;\"><a href=\"\/index.php\/w2rc\/w2rc-2022\/\"><span style=\"color: #ee8027;\">W2RC<\/span><\/a><\/span><\/td>\n<td><strong>Kees Koolen<\/strong><br \/>\n<a href=\"\/index.php\/osobnosti\/wouter-de-graaff\/\"><span style=\"color: #ee8027;\"><strong>Wouter de Graaff<\/strong><\/span><\/a><br \/>\n<strong>Gijsbert van Uden<\/strong><\/td>\n<td>Iveco Powerstar<\/td>\n<td class=\"nomobile\">Project 2030<\/td>\n<td style=\"text-align: right; padding-right: 15px;\"><strong>+11:18:49<\/strong><\/td>\n<\/tr>\n<tr style=\"vertical-align: top; background-color: #f2f2f2;\">\n<td style=\"text-align: center;\"><strong>14.<\/strong><\/td>\n<td class=\"nomobile\" style=\"text-align: center;\">518<\/td>\n<td class=\"nomobile\" style=\"text-align: center;\"><\/td>\n<td><strong>Pascal de Baar<\/strong><br \/>\n<strong>Jan van der Vaet<\/strong><br \/>\n<strong>Stefan Slootjes<\/strong><\/td>\n<td>Renault K520<\/td>\n<td class=\"nomobile\">Riwald Dakar Team<\/td>\n<td style=\"text-align: right; padding-right: 15px;\"><strong>+13:36:25<\/strong><\/td>\n<\/tr>\n<tr style=\"vertical-align: top; background-color: #dbd9d9;\">\n<td style=\"text-align: center;\"><strong>15.<\/strong><\/td>\n<td class=\"nomobile\" style=\"text-align: center;\">531<\/td>\n<td class=\"nomobile\" style=\"text-align: center;\"><\/td>\n<td><strong>Claudio Bellina<\/strong><br \/>\n<strong>Bruno Gotti<\/strong><br \/>\n<strong>Giulio Minelli<\/strong><\/td>\n<td>Iveco Powerstar<\/td>\n<td class=\"nomobile\">Italtrans<\/td>\n<td style=\"text-align: right; padding-right: 15px;\"><strong>+14:25:52<\/strong><\/td>\n<\/tr>\n<tr style=\"vertical-align: top; background-color: #f2f2f2;\">\n<td style=\"text-align: center;\"><strong>16.<\/strong><\/td>\n<td class=\"nomobile\" style=\"text-align: center;\">526<\/td>\n<td class=\"nomobile\" style=\"text-align: center;\"><\/td>\n<td><strong>Mathias Behringer<\/strong><br \/>\n<strong>Hugo Kupper<\/strong><br \/>\n<strong>Robert Striebe<\/strong><\/td>\n<td>MAN<\/td>\n<td class=\"nomobile\">Q Motorsport Team<\/td>\n<td style=\"text-align: right; padding-right: 15px;\"><strong>+20:52:27<\/strong><\/td>\n<\/tr>\n<tr style=\"vertical-align: top; background-color: #dbd9d9;\">\n<td style=\"text-align: center;\"><strong>17.<\/strong><\/td>\n<td class=\"nomobile\" style=\"text-align: center;\">537<\/td>\n<td class=\"nomobile\" style=\"text-align: center;\"><\/td>\n<td><strong>Egbert Wingens<\/strong><br \/>\n<strong>Marije van Ettekoven<\/strong><br \/>\n<strong>Marijn Beekmans<\/strong><\/td>\n<td>Iveco Torpedo<\/td>\n<td class=\"nomobile\">DDW Rallyteam<\/td>\n<td style=\"text-align: right; padding-right: 15px;\"><strong>+23:40:03<\/strong><\/td>\n<\/tr>\n<tr style=\"vertical-align: top; background-color: #f2f2f2;\">\n<td style=\"text-align: center;\"><strong>18.<\/strong><\/td>\n<td class=\"nomobile\" style=\"text-align: center;\">538<\/td>\n<td class=\"nomobile\" style=\"text-align: center;\"><\/td>\n<td><strong>Ben de Groot<\/strong><br \/>\n<strong>Ad Hofmans<\/strong><br \/>\n<strong>Govert Boogaard<\/strong><\/td>\n<td>DAF CF75<\/td>\n<td class=\"nomobile\">De Groot Sport<\/td>\n<td style=\"text-align: right; padding-right: 15px;\"><strong>+27:36:20<\/strong><\/td>\n<\/tr>\n<tr style=\"vertical-align: top; background-color: #dbd9d9;\">\n<td style=\"text-align: center;\"><strong>19.<\/strong><\/td>\n<td class=\"nomobile\" style=\"text-align: center;\">542<\/td>\n<td class=\"nomobile\" style=\"text-align: center;\"><\/td>\n<td><strong>Michael Baumann<\/strong><br \/>\n<strong>Philipp Beier<\/strong><br \/>\n<strong>Lukas Raschendorfer<\/strong><\/td>\n<td>MAN TGA 11<\/td>\n<td class=\"nomobile\">Q Motorsport Team<\/td>\n<td style=\"text-align: right; padding-right: 15px;\"><strong>+28:47:30<\/strong><\/td>\n<\/tr>\n<tr style=\"vertical-align: top; background-color: #f2f2f2;\">\n<td style=\"text-align: center;\"><strong>20.<\/strong><\/td>\n<td class=\"nomobile\" style=\"text-align: center;\">528<\/td>\n<td class=\"nomobile\" style=\"text-align: center;\"><\/td>\n<td><strong>Jordi Juvanteny<\/strong><br \/>\n<strong>Jordi Ballbe<\/strong><br \/>\n<strong>Fina Roman<\/strong><\/td>\n<td>MAN TGA 26.480<\/td>\n<td class=\"nomobile\">KH7 Epsilon<\/td>\n<td style=\"text-align: right; padding-right: 15px;\"><strong>+30:54:12<\/strong><\/td>\n<\/tr>\n<tr style=\"vertical-align: top; background-color: #dbd9d9;\">\n<td style=\"text-align: center;\"><strong>21.<sup>\u2217<\/sup><\/strong><\/td>\n<td class=\"nomobile\" style=\"text-align: center;\">508<\/td>\n<td class=\"nomobile\" style=\"text-align: center;\"><\/td>\n<td><a href=\"\/index.php\/osobnosti\/ales-loprais\/\"><span style=\"color: #ee8027;\"><strong>Ale\u0161 Loprais<\/strong><\/span><\/a><br \/>\n<strong><a href=\"\/index.php\/osobnosti\/jaroslav-valtr-ml\/\"><span style=\"color: #ee8027;\">Jaroslav Valtr ml.<\/span><\/a><\/strong><br \/>\n<strong><a href=\"\/index.php\/osobnosti\/petr-pokora\/\"><span style=\"color: #ee8027;\">Petr Pokora<\/span><\/a><\/strong><\/td>\n<td>Praga V4S DKR<\/td>\n<td class=\"nomobile\">Instaforex Loprais Praga Team<\/td>\n<td style=\"text-align: right; padding-right: 15px;\"><strong>+34:53:53<\/strong><\/td>\n<\/tr>\n<tr style=\"vertical-align: top; background-color: #f2f2f2;\">\n<td style=\"text-align: center;\"><strong>22.<\/strong><\/td>\n<td class=\"nomobile\" style=\"text-align: center;\">512<\/td>\n<td class=\"nomobile\" style=\"text-align: center;\"><\/td>\n<td><strong>Teruhito Sugawara<\/strong><br \/>\n<strong>Hirokazu Somemija<\/strong><br \/>\n<strong>Jud\u017ei Mo\u010dizuki<\/strong><\/td>\n<td>Hino 600 Hybrid<\/td>\n<td class=\"nomobile\">Hino Team Sugawara<\/td>\n<td style=\"text-align: right; padding-right: 15px;\"><strong>+41:42:37<\/strong><\/td>\n<\/tr>\n<tr style=\"vertical-align: top; background-color: #dbd9d9;\">\n<td style=\"text-align: center;\"><strong>23.<\/strong><\/td>\n<td class=\"nomobile\" style=\"text-align: center;\">527<\/td>\n<td class=\"nomobile\" style=\"text-align: center;\"><\/td>\n<td><strong>William de Groot<\/strong><br \/>\n<strong>Tom Brekelmans<\/strong><br \/>\n<strong>Remon van der Steen<\/strong><\/td>\n<td>DAF FT XF105<\/td>\n<td class=\"nomobile\">De Groot Sport<\/td>\n<td style=\"text-align: right; padding-right: 15px;\"><strong>+49:01:18<\/strong><\/td>\n<\/tr>\n<tr style=\"vertical-align: top; background-color: #f2f2f2;\">\n<td style=\"text-align: center;\"><strong>24.<\/strong><\/td>\n<td class=\"nomobile\" style=\"text-align: center;\">550<\/td>\n<td class=\"nomobile\" style=\"text-align: center;\"><\/td>\n<td><strong>Tom\u00e1\u0161 Tome\u010dek<\/strong><br \/>\n<strong>Leopold Pa\u010four<\/strong><br \/>\n<strong>Niccolo Funaioli<\/strong><\/td>\n<td>Tatra 815-2T0R45<\/td>\n<td class=\"nomobile\">South Racing Service<\/td>\n<td style=\"text-align: right; padding-right: 15px;\"><strong>+52:38:12<\/strong><\/td>\n<\/tr>\n<tr style=\"vertical-align: top; background-color: #dbd9d9;\">\n<td style=\"text-align: center;\"><strong>25.<\/strong><\/td>\n<td class=\"nomobile\" style=\"text-align: center;\">539<\/td>\n<td class=\"nomobile\" style=\"text-align: center;\"><\/td>\n<td><strong>Gerrit Zuurmond<\/strong><br \/>\n<strong>Tjeerd van Ballegooy<\/strong><br \/>\n<strong>Klaas Kwakkel<\/strong><\/td>\n<td>MAN TGA<\/td>\n<td class=\"nomobile\">Stichting Rainbow Truck Team<\/td>\n<td style=\"text-align: right; padding-right: 15px;\"><strong>+56:50:47<\/strong><\/td>\n<\/tr>\n<tr style=\"vertical-align: top; background-color: #f2f2f2;\">\n<td style=\"text-align: center;\"><strong>26.<\/strong><\/td>\n<td class=\"nomobile\" style=\"text-align: center;\">540<\/td>\n<td class=\"nomobile\" style=\"text-align: center;\"><\/td>\n<td><strong>Sylvain Besnard<\/strong><br \/>\n<strong>Sylvain Laliche<\/strong><br \/>\n<strong>Frederic Cappucio<\/strong><\/td>\n<td>MAN TGA 114<\/td>\n<td class=\"nomobile\">Team SSP<\/td>\n<td style=\"text-align: right; padding-right: 15px;\"><strong>+57:10:55<\/strong><\/td>\n<\/tr>\n<tr style=\"vertical-align: top; background-color: #dbd9d9;\">\n<td style=\"text-align: center;\"><strong>27.<\/strong><\/td>\n<td class=\"nomobile\" style=\"text-align: center;\">511<\/td>\n<td class=\"nomobile\" style=\"text-align: center;\"><\/td>\n<td><a href=\"\/index.php\/osobnosti\/ignacio-casale\/\"><span style=\"color: #ee8027;\"><strong>Ignacio Casale<\/strong><\/span><\/a><br \/>\n<strong><a href=\"\/index.php\/osobnosti\/alvaro-leon\/\"><span style=\"color: #ee8027;\">\u00c1lvaro Le\u00f3n<\/span><\/a><\/strong><br \/>\n<strong><a href=\"\/index.php\/osobnosti\/tomas-sikola\/\"><span style=\"color: #ee8027;\">Tom\u00e1\u0161 \u0160ikola<\/span><\/a><\/strong><\/td>\n<td>Tatra Phoenix<\/td>\n<td class=\"nomobile\">Tatra Buggyra Racing<\/td>\n<td style=\"text-align: right; padding-right: 15px;\"><strong>+75:13:27<\/strong><\/td>\n<\/tr>\n<tr style=\"vertical-align: top; background-color: #f2f2f2;\">\n<td style=\"text-align: center;\"><strong>28.<\/strong><\/td>\n<td class=\"nomobile\" style=\"text-align: center;\">560<\/td>\n<td class=\"nomobile\" style=\"text-align: center;\"><\/td>\n<td><strong>Jose Martins<\/strong><br \/>\n<strong>Didier Belivier<\/strong><br \/>\n<strong>Jeremie Gimbre<\/strong><\/td>\n<td>Iveco Trakker<\/td>\n<td class=\"nomobile\">Team Boucou<\/td>\n<td style=\"text-align: right; padding-right: 15px;\"><strong>+84:24:08<\/strong><\/td>\n<\/tr>\n<tr style=\"vertical-align: top; background-color: #dbd9d9;\">\n<td style=\"text-align: center;\"><strong>29.<\/strong><\/td>\n<td class=\"nomobile\" style=\"text-align: center;\">516<\/td>\n<td class=\"nomobile\" style=\"text-align: center;\"><\/td>\n<td><strong>Gert Huzink<\/strong><br \/>\n<strong>Rob Buursen<\/strong><br \/>\n<strong>Martin Roesink<\/strong><\/td>\n<td>Renault C460 Hybrid<\/td>\n<td class=\"nomobile\">Riwald Dakar Team<\/td>\n<td style=\"text-align: right; padding-right: 15px;\"><strong>+85:35:06<\/strong><\/td>\n<\/tr>\n<tr style=\"vertical-align: top; background-color: #f2f2f2;\">\n<td style=\"text-align: center;\"><strong>30.<\/strong><\/td>\n<td class=\"nomobile\" style=\"text-align: center;\">543<\/td>\n<td class=\"nomobile\" style=\"text-align: center;\"><\/td>\n<td><strong>Dave Berghmans<\/strong><br \/>\n<strong>Tom Geuens<\/strong><br \/>\n<strong>Sam Koopmann<\/strong><\/td>\n<td>Iveco Trakker<\/td>\n<td class=\"nomobile\">Overdrive Toyota<\/td>\n<td style=\"text-align: right; padding-right: 15px;\"><strong>+106:12:21<\/strong><\/td>\n<\/tr>\n<tr style=\"vertical-align: top; background-color: #dbd9d9;\">\n<td style=\"text-align: center;\"><strong>31.<\/strong><\/td>\n<td class=\"nomobile\" style=\"text-align: center;\">556<\/td>\n<td class=\"nomobile\" style=\"text-align: center;\"><\/td>\n<td><strong>Stefan Henken<\/strong><br \/>\n<strong>Michael Helminger<\/strong><br \/>\n<strong>Ludwig Helminger<\/strong><\/td>\n<td>MAN TGS 18.480<\/td>\n<td class=\"nomobile\">South Racing Service<\/td>\n<td style=\"text-align: right; padding-right: 15px;\"><strong>+123:39:43<\/strong><\/td>\n<\/tr>\n<tr style=\"vertical-align: top; background-color: #f2f2f2;\">\n<td style=\"text-align: center;\"><strong>32.<\/strong><\/td>\n<td class=\"nomobile\" style=\"text-align: center;\">548<\/td>\n<td class=\"nomobile\" style=\"text-align: center;\"><\/td>\n<td><strong>Richard Gonzalez<\/strong><br \/>\n<strong>Jean-Philippe Salviat<\/strong><br \/>\n<strong>Patrick Prot<\/strong><\/td>\n<td>DAF TSB<\/td>\n<td class=\"nomobile\">Sodicars Racing<\/td>\n<td style=\"text-align: right; padding-right: 15px;\"><strong>+126:43:49<\/strong><\/td>\n<\/tr>\n<tr style=\"vertical-align: top; background-color: #dbd9d9;\">\n<td style=\"text-align: center;\"><strong>33.<\/strong><\/td>\n<td class=\"nomobile\" style=\"text-align: center;\">525<\/td>\n<td class=\"nomobile\" style=\"text-align: center;\"><\/td>\n<td><strong>Alberto Herrero<\/strong><br \/>\n<strong>Borja Rodriguez<\/strong><br \/>\n<strong>Mario Rodriguez<\/strong><\/td>\n<td>Scania Torpedo<\/td>\n<td class=\"nomobile\">TH Trucks<\/td>\n<td style=\"text-align: right; padding-right: 15px;\"><strong>+139:12:00<\/strong><\/td>\n<\/tr>\n<tr style=\"background-color: #808080; color: white;\">\n<td style=\"text-align: left;\" colspan=\"7\"><\/td>\n<\/tr>\n<tr style=\"vertical-align: top; background-color: #f2f2f2;\">\n<td style=\"text-align: center;\"><strong>DNF<\/strong><\/td>\n<td class=\"nomobile\" style=\"text-align: center;\">510<\/td>\n<td class=\"nomobile\" style=\"text-align: center;\"><span style=\"font-size: 8pt;\"><a href=\"\/index.php\/w2rc\/w2rc-2022\/\"><span style=\"color: #ee8027;\">W2RC<\/span><\/a><\/span><\/td>\n<td><a href=\"\/index.php\/osobnosti\/martin-soltys\/\"><span style=\"color: #ee8027;\"><strong>Martin \u0160oltys<\/strong><\/span><\/a><br \/>\n<strong><a href=\"\/index.php\/osobnosti\/roman-krejci\/\"><span style=\"color: #ee8027;\">Roman Krej\u010d\u00ed<\/span><\/a><\/strong><br \/>\n<strong>Jakub Ji\u0159inec<\/strong><\/td>\n<td>Iveco Powerstar<\/td>\n<td class=\"nomobile\">Big Shock! Racing<\/td>\n<td style=\"text-align: right; padding-right: 15px;\"><\/td>\n<\/tr>\n<tr style=\"vertical-align: top; background-color: #dbd9d9;\">\n<td style=\"text-align: center;\"><strong>DNF<\/strong><\/td>\n<td class=\"nomobile\" style=\"text-align: center;\">514<\/td>\n<td class=\"nomobile\" style=\"text-align: center;\"><span style=\"font-size: 8pt;\"><a href=\"\/index.php\/w2rc\/w2rc-2022\/\"><span style=\"color: #ee8027;\">W2RC<\/span><\/a><\/span><\/td>\n<td><strong>Tom\u00e1\u0161 Vr\u00e1tn\u00fd<\/strong><br \/>\n<strong>Bart\u0142omiej Boba<\/strong><br \/>\n<strong>Jarom\u00edr Martinec<\/strong><\/td>\n<td>Ford Cargo 4\u00d74<\/td>\n<td class=\"nomobile\">Fesh Fesh Team<\/td>\n<td style=\"text-align: right; padding-right: 15px;\"><\/td>\n<\/tr>\n<tr style=\"vertical-align: top; background-color: #f2f2f2;\">\n<td style=\"text-align: center;\"><strong>DNF<\/strong><\/td>\n<td class=\"nomobile\" style=\"text-align: center;\">519<\/td>\n<td class=\"nomobile\" style=\"text-align: center;\"><span style=\"font-size: 8pt;\"><a href=\"\/index.php\/w2rc\/w2rc-2022\/\"><span style=\"color: #ee8027;\">W2RC<\/span><\/a><\/span><\/td>\n<td><strong>Albert Llovera<\/strong><br \/>\n<strong>Jorge Salvador Coderch<\/strong><br \/>\n<strong>Marc Torres<\/strong><\/td>\n<td>Iveco Powerstar<\/td>\n<td class=\"nomobile\">Fesh Fesh Team<\/td>\n<td style=\"text-align: right; padding-right: 15px;\"><\/td>\n<\/tr>\n<tr style=\"vertical-align: top; background-color: #dbd9d9;\">\n<td style=\"text-align: center;\"><strong>DNF<\/strong><\/td>\n<td class=\"nomobile\" style=\"text-align: center;\">521<\/td>\n<td class=\"nomobile\" style=\"text-align: center;\"><\/td>\n<td><strong>Pato Silva<\/strong><br \/>\n<strong>Pau Navarro<\/strong><br \/>\n<strong>Carlos Mel Banfi<\/strong><\/td>\n<td>MAN TGA<\/td>\n<td class=\"nomobile\">Puma Energy Rallyteam<\/td>\n<td style=\"text-align: right; padding-right: 15px;\"><\/td>\n<\/tr>\n<tr style=\"vertical-align: top; background-color: #f2f2f2;\">\n<td style=\"text-align: center;\"><strong>DNF<\/strong><\/td>\n<td class=\"nomobile\" style=\"text-align: center;\">523<\/td>\n<td class=\"nomobile\" style=\"text-align: center;\"><\/td>\n<td><strong>Maurik van den Heuvel<\/strong><br \/>\n<strong>Martijn van Rooij<\/strong><br \/>\n<strong>Wilko van Oort<\/strong><\/td>\n<td>International Scania Lonestar<\/td>\n<td class=\"nomobile\">Dakarspeed<\/td>\n<td style=\"text-align: right; padding-right: 15px;\"><\/td>\n<\/tr>\n<tr style=\"vertical-align: top; background-color: #dbd9d9;\">\n<td style=\"text-align: center;\"><strong>DNF<\/strong><\/td>\n<td class=\"nomobile\" style=\"text-align: center;\">532<\/td>\n<td class=\"nomobile\" style=\"text-align: center;\"><\/td>\n<td><strong>Dave Ingels<\/strong><br \/>\n<strong>Johannes Schotanus<\/strong><br \/>\n<strong>Philipp Rettig<\/strong><\/td>\n<td>MAN TGS 26.480<\/td>\n<td class=\"nomobile\">South Racing Service<\/td>\n<td style=\"text-align: right; padding-right: 15px;\"><\/td>\n<\/tr>\n<tr style=\"vertical-align: top; background-color: #f2f2f2;\">\n<td style=\"text-align: center;\"><strong>DNF<\/strong><\/td>\n<td class=\"nomobile\" style=\"text-align: center;\">533<\/td>\n<td class=\"nomobile\" style=\"text-align: center;\"><\/td>\n<td><strong>Pep Sabat\u00e9<\/strong><br \/>\n<strong>Jordi Esteve Oro<\/strong><br \/>\n<strong>Arnald Bastida<\/strong><\/td>\n<td>MAN TGA 26.480<\/td>\n<td class=\"nomobile\">Bahrain Raid Xtreme<\/td>\n<td style=\"text-align: right; padding-right: 15px;\"><\/td>\n<\/tr>\n<tr style=\"vertical-align: top; background-color: #dbd9d9;\">\n<td style=\"text-align: center;\"><strong>DNF<\/strong><\/td>\n<td class=\"nomobile\" style=\"text-align: center;\">534<\/td>\n<td class=\"nomobile\" style=\"text-align: center;\"><\/td>\n<td><strong>Igor Bouwens<\/strong><br \/>\n<strong>Syndiely Wade<\/strong><br \/>\n<strong>Ulrich Boerboom<\/strong><\/td>\n<td>Iveco T-Way<\/td>\n<td class=\"nomobile\">Gregoor Racing Team<\/td>\n<td style=\"text-align: right; padding-right: 15px;\"><\/td>\n<\/tr>\n<tr style=\"vertical-align: top; background-color: #f2f2f2;\">\n<td style=\"text-align: center;\"><strong>DNF<\/strong><\/td>\n<td class=\"nomobile\" style=\"text-align: center;\">535<\/td>\n<td class=\"nomobile\" style=\"text-align: center;\"><\/td>\n<td><strong>William Jacobus Joha van Groningen<\/strong><br \/>\n<strong>Wesley van Groningen<\/strong><br \/>\n<strong>Remco Arjen Aangeenbrug<\/strong><\/td>\n<td>Iveco NG3\/BA 03<\/td>\n<td class=\"nomobile\">Dust Warriors<\/td>\n<td style=\"text-align: right; padding-right: 15px;\"><\/td>\n<\/tr>\n<tr style=\"vertical-align: top; background-color: #dbd9d9;\">\n<td style=\"text-align: center;\"><strong>DNF<\/strong><\/td>\n<td class=\"nomobile\" style=\"text-align: center;\">541<\/td>\n<td class=\"nomobile\" style=\"text-align: center;\"><\/td>\n<td><strong>Thomas Robineau<\/strong><br \/>\n<strong>Geoffrey Thalgott<\/strong><br \/>\n<strong>Fran\u00e7ois Regnier<\/strong><\/td>\n<td>MAN TGA<\/td>\n<td class=\"nomobile\">PH Sport<\/td>\n<td style=\"text-align: right; padding-right: 15px;\"><\/td>\n<\/tr>\n<tr style=\"vertical-align: top; background-color: #f2f2f2;\">\n<td style=\"text-align: center;\"><strong>DNF<\/strong><\/td>\n<td class=\"nomobile\" style=\"text-align: center;\">544<\/td>\n<td class=\"nomobile\" style=\"text-align: center;\"><\/td>\n<td><strong>Norbert Szalai<\/strong><br \/>\n<strong>Charly Rodriguez-O-Malley<\/strong><br \/>\n<strong>Patrice Daviton<\/strong><\/td>\n<td>Mercedes-Benz 4\u00d74<\/td>\n<td class=\"nomobile\">Team SSP<\/td>\n<td style=\"text-align: right; padding-right: 15px;\"><\/td>\n<\/tr>\n<tr style=\"vertical-align: top; background-color: #dbd9d9;\">\n<td style=\"text-align: center;\"><strong>DNF<\/strong><\/td>\n<td class=\"nomobile\" style=\"text-align: center;\">545<\/td>\n<td class=\"nomobile\" style=\"text-align: center;\"><\/td>\n<td><strong>Philippe Perry<\/strong><br \/>\n<strong>Philippe Pedeche<\/strong><\/td>\n<td>Renault Kerax<\/td>\n<td class=\"nomobile\">Team Boucou<\/td>\n<td style=\"text-align: right; padding-right: 15px;\"><\/td>\n<\/tr>\n<tr style=\"vertical-align: top; background-color: #f2f2f2;\">\n<td style=\"text-align: center;\"><strong>DNF<\/strong><\/td>\n<td class=\"nomobile\" style=\"text-align: center;\">546<\/td>\n<td class=\"nomobile\" style=\"text-align: center;\"><\/td>\n<td><strong>Zsolt Dar\u00e1zsi<\/strong><br \/>\n<strong>Pierre Calmon<\/strong><br \/>\n<strong>\u013dubom\u00edr Pal\u010do<\/strong><\/td>\n<td>MAN TGA<\/td>\n<td class=\"nomobile\">Team SSP<\/td>\n<td style=\"text-align: right; padding-right: 15px;\"><\/td>\n<\/tr>\n<tr style=\"vertical-align: top; background-color: #dbd9d9;\">\n<td style=\"text-align: center;\"><strong>DNF<\/strong><\/td>\n<td class=\"nomobile\" style=\"text-align: center;\">547<\/td>\n<td class=\"nomobile\" style=\"text-align: center;\"><\/td>\n<td><strong>Cesare Rickler del Mare<\/strong><br \/>\n<strong>Dragos Razvan Buran<\/strong><\/td>\n<td>MAN TGS<\/td>\n<td class=\"nomobile\">R Team<\/td>\n<td style=\"text-align: right; padding-right: 15px;\"><\/td>\n<\/tr>\n<tr style=\"vertical-align: top; background-color: #f2f2f2;\">\n<td style=\"text-align: center;\"><strong>DNF<\/strong><\/td>\n<td class=\"nomobile\" style=\"text-align: center;\">549<\/td>\n<td class=\"nomobile\" style=\"text-align: center;\"><\/td>\n<td><strong>Ahmed Benbekhti<\/strong><br \/>\n<strong>Bruno Seillet<\/strong><br \/>\n<strong>Mickael Fauvel<\/strong><\/td>\n<td>MAN TGS<\/td>\n<td class=\"nomobile\">STA Competition<\/td>\n<td style=\"text-align: right; padding-right: 15px;\"><\/td>\n<\/tr>\n<tr style=\"vertical-align: top; background-color: #dbd9d9;\">\n<td style=\"text-align: center;\"><strong>DNF<\/strong><\/td>\n<td class=\"nomobile\" style=\"text-align: center;\">551<\/td>\n<td class=\"nomobile\" style=\"text-align: center;\"><\/td>\n<td><strong>Claude Fournier<\/strong><br \/>\n<strong>Marc Dardaillon<\/strong><br \/>\n<strong>David Lamelas Morell<\/strong><\/td>\n<td>MAN TGA<\/td>\n<td class=\"nomobile\">Team Boucou<\/td>\n<td style=\"text-align: right; padding-right: 15px;\"><\/td>\n<\/tr>\n<tr style=\"vertical-align: top; background-color: #f2f2f2;\">\n<td style=\"text-align: center;\"><strong>DNF<\/strong><\/td>\n<td class=\"nomobile\" style=\"text-align: center;\">552<\/td>\n<td class=\"nomobile\" style=\"text-align: center;\"><\/td>\n<td><strong>Alberto Alonso Romero<\/strong><br \/>\n<strong>Oscar Bravo Garcia<\/strong><br \/>\n<strong>Jose Luis Santillana Ortega<\/strong><\/td>\n<td>MAN TGA 18.480<\/td>\n<td class=\"nomobile\">TH Trucks<\/td>\n<td style=\"text-align: right; padding-right: 15px;\"><\/td>\n<\/tr>\n<tr style=\"vertical-align: top; background-color: #dbd9d9;\">\n<td style=\"text-align: center;\"><strong>DNF<\/strong><\/td>\n<td class=\"nomobile\" style=\"text-align: center;\">553<\/td>\n<td class=\"nomobile\" style=\"text-align: center;\"><\/td>\n<td><strong>Serge Lambert<\/strong><br \/>\n<strong>Louis Lauilhe<\/strong><\/td>\n<td>MAN 6\u00d76<\/td>\n<td class=\"nomobile\">STA Competition<\/td>\n<td style=\"text-align: right; padding-right: 15px;\"><\/td>\n<\/tr>\n<tr style=\"vertical-align: top; background-color: #f2f2f2;\">\n<td style=\"text-align: center;\"><strong>DNF<\/strong><\/td>\n<td class=\"nomobile\" style=\"text-align: center;\">555<\/td>\n<td class=\"nomobile\" style=\"text-align: center;\"><\/td>\n<td><strong>Didier Monseu<\/strong><br \/>\n<strong>Emmanuel Eggermont<\/strong><br \/>\n<strong>Edouard Fraipont<\/strong><\/td>\n<td>MAN 4\u00d74<\/td>\n<td class=\"nomobile\">AB Racing Dream<br \/>\nBelgian Racing Club<\/td>\n<td style=\"text-align: right; padding-right: 15px;\"><\/td>\n<\/tr>\n<tr style=\"vertical-align: top; background-color: #dbd9d9;\">\n<td style=\"text-align: center;\"><strong>DNF<\/strong><\/td>\n<td class=\"nomobile\" style=\"text-align: center;\">557<\/td>\n<td class=\"nomobile\" style=\"text-align: center;\"><\/td>\n<td><strong>Alex Aguirregaviria<\/strong><br \/>\n<strong>Francesc Salisi<\/strong><br \/>\n<strong>Ruben Ma\u00f1as Pardos<\/strong><\/td>\n<td>Mercedes-Benz 1844 AK 4\u00d74<\/td>\n<td class=\"nomobile\">FN Speed Team<\/td>\n<td style=\"text-align: right; padding-right: 15px;\"><\/td>\n<\/tr>\n<tr style=\"vertical-align: top; background-color: #f2f2f2;\">\n<td style=\"text-align: center;\"><strong>DNF<\/strong><\/td>\n<td class=\"nomobile\" style=\"text-align: center;\">558<\/td>\n<td class=\"nomobile\" style=\"text-align: center;\"><\/td>\n<td><strong>Francesc Ester Fernandez<\/strong><br \/>\n<strong>Javier Jacoste<\/strong><br \/>\n<strong>Victor Gonzalez<\/strong><\/td>\n<td>MAN TGA 11<\/td>\n<td class=\"nomobile\">FN Speed Team<\/td>\n<td style=\"text-align: right; padding-right: 15px;\"><\/td>\n<\/tr>\n<tr style=\"vertical-align: top; background-color: #dbd9d9;\">\n<td style=\"text-align: center;\"><strong>DNF<\/strong><\/td>\n<td class=\"nomobile\" style=\"text-align: center;\">559<\/td>\n<td class=\"nomobile\" style=\"text-align: center;\"><\/td>\n<td><strong>Jean-Bernard Arette<\/strong><br \/>\n<strong>Serge Lacourt<\/strong><br \/>\n<strong>Pascal Bonnaire<\/strong><\/td>\n<td>DAF 75CF<\/td>\n<td class=\"nomobile\">Team Boucou<\/td>\n<td style=\"text-align: right; padding-right: 15px;\"><\/td>\n<\/tr>\n<tr style=\"vertical-align: top; background-color: #f2f2f2;\">\n<td style=\"text-align: center;\"><strong>DNF<\/strong><\/td>\n<td class=\"nomobile\" style=\"text-align: center;\">561<\/td>\n<td class=\"nomobile\" style=\"text-align: center;\"><\/td>\n<td><strong>Maxime Ayala<\/strong><br \/>\n<strong>Loris Blot<\/strong><br \/>\n<strong>Jean-Fran\u00e7ois Cazeres<\/strong><\/td>\n<td>Scania<\/td>\n<td class=\"nomobile\">Team Boucou<\/td>\n<td style=\"text-align: right; padding-right: 15px;\"><\/td>\n<\/tr>\n<tr style=\"background-color: #808080; color: white;\">\n<td style=\"text-align: left;\" colspan=\"7\"><span style=\"font-size: 8pt;\">V kategorii kamion\u016f odstartovalo 56 vozidel, v c\u00edli klasifikov\u00e1no 33.<br \/>\n<sup>\u2217<\/sup> Nedokon\u010dili nebo neabsolvovali n\u011bkterou z etap, ale po za\u010dlen\u011bn\u00ed Rally Dakar do <a href=\"\/index.php\/w2rc\/\"><span style=\"color: #ee8027;\">W2RC<\/span><\/a> mohli podle pravidel tohoto \u0161ampion\u00e1tu v dal\u0161\u00edch dnech pokra\u010dovat v sout\u011b\u017ei, by\u0165 s v\u00fdraznou penalizac\u00ed. V c\u00edli tak byli klasifikov\u00e1ni, ale nebyli pova\u017eov\u00e1ni za pos\u00e1dku, kter\u00e1 zdolala cel\u00fd Dakar (neobdr\u017eeli medaile tradi\u010dn\u011b ud\u011blovan\u00e9 organiz\u00e1tory v\u0161em \u00fa\u010dastn\u00edk\u016fm, kte\u0159\u00ed poko\u0159\u00ed cel\u00fd maraton).<\/span><\/td>\n<\/tr>\n<\/tbody>\n<\/table>\n<p>[\/vc_column_text][\/vc_tta_section][vc_tta_section title=&#8221;MOTO&#8221; tab_id=&#8221;moto&#8221;][vc_column_text css_animation=&#8221;fadeIn&#8221;]<\/p>\n<table style=\"width: 97.7654%;\" rules=\"rows\" cellpadding=\"4px\">\n<tbody>\n<tr style=\"background-color: #808080; color: white;\">\n<td style=\"text-align: center;\" colspan=\"8\"><span style=\"font-size: 12pt;\"><strong>RALLY DAKAR 2022<br \/>\nKATEGORIE MOTOCYKL\u016e<br \/>\nkone\u010dn\u00e9 v\u00fdsledky<\/strong><\/span><\/td>\n<\/tr>\n<tr style=\"vertical-align: top; background-color: #dbd9d9;\">\n<td style=\"text-align: center;\"><strong>1.<\/strong><\/td>\n<td class=\"nomobile\" style=\"text-align: center;\">3<\/td>\n<td class=\"nomobile\" style=\"text-align: center;\"><span style=\"font-size: 8pt;\">RallyGP<\/span><\/td>\n<td class=\"nomobile\" style=\"text-align: center;\"><span style=\"font-size: 8pt;\"><a href=\"\/index.php\/w2rc\/w2rc-2022\/\"><span style=\"color: #ee8027;\">W2RC<\/span><\/a><\/span><\/td>\n<td><a href=\"\/index.php\/osobnosti\/sunderland-sam\/\"><span style=\"color: #ee8027;\"><strong>Sam Sunderland<\/strong><\/span><\/a><\/td>\n<td>GasGas RC 450F<\/td>\n<td class=\"nomobile\">GasGas Factory Racing<\/td>\n<td style=\"text-align: right; padding-right: 15px;\"><strong>38:47:30<\/strong><\/td>\n<\/tr>\n<tr style=\"vertical-align: top; background-color: #f2f2f2;\">\n<td style=\"text-align: center;\"><strong>2.<\/strong><\/td>\n<td class=\"nomobile\" style=\"text-align: center;\">7<\/td>\n<td class=\"nomobile\" style=\"text-align: center;\"><span style=\"font-size: 8pt;\">RallyGP<\/span><\/td>\n<td class=\"nomobile\" style=\"text-align: center;\"><span style=\"font-size: 8pt;\"><a href=\"\/index.php\/w2rc\/w2rc-2022\/\"><span style=\"color: #ee8027;\">W2RC<\/span><\/a><\/span><\/td>\n<td><a href=\"\/index.php\/osobnosti\/pablo-quintanilla\/\"><span style=\"color: #ee8027;\"><strong>Pablo Quintanilla<\/strong><\/span><\/a><\/td>\n<td>Honda CRF450 Rally<\/td>\n<td class=\"nomobile\">Monster Energy Honda Team<\/td>\n<td style=\"text-align: right; padding-right: 15px;\"><strong>+3:27<\/strong><\/td>\n<\/tr>\n<tr style=\"vertical-align: top; background-color: #dbd9d9;\">\n<td style=\"text-align: center;\"><strong>3.<\/strong><\/td>\n<td class=\"nomobile\" style=\"text-align: center;\">52<\/td>\n<td class=\"nomobile\" style=\"text-align: center;\"><span style=\"font-size: 8pt;\">RallyGP<\/span><\/td>\n<td class=\"nomobile\" style=\"text-align: center;\"><span style=\"font-size: 8pt;\"><a href=\"\/index.php\/w2rc\/w2rc-2022\/\"><span style=\"color: #ee8027;\">W2RC<\/span><\/a><\/span><\/td>\n<td><strong><a href=\"\/index.php\/osobnosti\/matthias-walkner\/\"><span style=\"color: #ee8027;\">Matthias Walkner<\/span><\/a><\/strong><\/td>\n<td>KTM 450 Rally<\/td>\n<td class=\"nomobile\">Red Bull KTM Factory Racing<\/td>\n<td style=\"text-align: right; padding-right: 15px;\"><strong>+6:47<\/strong><\/td>\n<\/tr>\n<tr style=\"vertical-align: top; background-color: #f2f2f2;\">\n<td style=\"text-align: center;\"><strong>4.<\/strong><\/td>\n<td class=\"nomobile\" style=\"text-align: center;\">42<\/td>\n<td class=\"nomobile\" style=\"text-align: center;\"><span style=\"font-size: 8pt;\">RallyGP<\/span><\/td>\n<td class=\"nomobile\" style=\"text-align: center;\"><span style=\"font-size: 8pt;\"><a href=\"\/index.php\/w2rc\/w2rc-2022\/\"><span style=\"color: #ee8027;\">W2RC<\/span><\/a><\/span><\/td>\n<td><strong><a href=\"\/index.php\/osobnosti\/adrien-van-beveren\/\"><span style=\"color: #ee8027;\">Adrien Van Beveren<\/span><\/a><\/strong><\/td>\n<td>Yamaha WR450F Rally<\/td>\n<td class=\"nomobile\">Monster Energy Yamaha Rally Team<\/td>\n<td style=\"text-align: right; padding-right: 15px;\"><strong>+18:41<\/strong><\/td>\n<\/tr>\n<tr style=\"vertical-align: top; background-color: #dbd9d9;\">\n<td style=\"text-align: center;\"><strong>5.<\/strong><\/td>\n<td class=\"nomobile\" style=\"text-align: center;\">88<\/td>\n<td class=\"nomobile\" style=\"text-align: center;\"><span style=\"font-size: 8pt;\">RallyGP<\/span><\/td>\n<td class=\"nomobile\" style=\"text-align: center;\"><span style=\"font-size: 8pt;\"><a href=\"\/index.php\/w2rc\/w2rc-2022\/\"><span style=\"color: #ee8027;\">W2RC<\/span><\/a><\/span><\/td>\n<td><strong><a href=\"\/index.php\/osobnosti\/joan-barreda\/\"><span style=\"color: #ee8027;\">Joan Barreda<\/span><\/a><\/strong><\/td>\n<td>Honda CRF450 Rally<\/td>\n<td class=\"nomobile\">Monster Energy Honda Team<\/td>\n<td style=\"text-align: right; padding-right: 15px;\"><strong>+25:42<\/strong><\/td>\n<\/tr>\n<tr style=\"vertical-align: top; background-color: #f2f2f2;\">\n<td style=\"text-align: center;\"><strong>6.<\/strong><\/td>\n<td class=\"nomobile\" style=\"text-align: center;\">11<\/td>\n<td class=\"nomobile\" style=\"text-align: center;\"><span style=\"font-size: 8pt;\">RallyGP<\/span><\/td>\n<td class=\"nomobile\" style=\"text-align: center;\"><span style=\"font-size: 8pt;\"><a href=\"\/index.php\/w2rc\/w2rc-2022\/\"><span style=\"color: #ee8027;\">W2RC<\/span><\/a><\/span><\/td>\n<td><strong><a href=\"\/index.php\/osobnosti\/nacho-cornejo\/\"><span style=\"color: #ee8027;\">Nacho Cornejo<\/span><\/a><\/strong><\/td>\n<td>Honda CRF450 Rally<\/td>\n<td class=\"nomobile\">Monster Energy Honda Team<\/td>\n<td style=\"text-align: right; padding-right: 15px;\"><strong>+38:06<\/strong><\/td>\n<\/tr>\n<tr style=\"vertical-align: top; background-color: #dbd9d9;\">\n<td style=\"text-align: center;\"><strong>7.<\/strong><\/td>\n<td class=\"nomobile\" style=\"text-align: center;\">2<\/td>\n<td class=\"nomobile\" style=\"text-align: center;\"><span style=\"font-size: 8pt;\">RallyGP<\/span><\/td>\n<td class=\"nomobile\" style=\"text-align: center;\"><span style=\"font-size: 8pt;\"><a href=\"\/index.php\/w2rc\/w2rc-2022\/\"><span style=\"color: #ee8027;\">W2RC<\/span><\/a><\/span><\/td>\n<td><strong><a href=\"\/index.php\/osobnosti\/ricky-brabec\/\"><span style=\"color: #ee8027;\">Ricky Brabec<\/span><\/a><\/strong><\/td>\n<td>Honda CRF450 Rally<\/td>\n<td class=\"nomobile\">Monster Energy Honda Team<\/td>\n<td style=\"text-align: right; padding-right: 15px;\"><strong>+46:04<\/strong><\/td>\n<\/tr>\n<tr style=\"vertical-align: top; background-color: #f2f2f2;\">\n<td style=\"text-align: center;\"><strong>8.<\/strong><\/td>\n<td class=\"nomobile\" style=\"text-align: center;\">29<\/td>\n<td class=\"nomobile\" style=\"text-align: center;\"><span style=\"font-size: 8pt;\">RallyGP<\/span><\/td>\n<td class=\"nomobile\" style=\"text-align: center;\"><\/td>\n<td><strong>Andrew Short<\/strong><\/td>\n<td>Yamaha WR450F Rally<\/td>\n<td class=\"nomobile\">Monster Energy Yamaha Rally Team<\/td>\n<td style=\"text-align: right; padding-right: 15px;\"><strong>+46:08<\/strong><\/td>\n<\/tr>\n<tr style=\"vertical-align: top; background-color: #dbd9d9;\">\n<td style=\"text-align: center;\"><strong>9.<\/strong><\/td>\n<td class=\"nomobile\" style=\"text-align: center;\">43<\/td>\n<td class=\"nomobile\" style=\"text-align: center;\"><span style=\"font-size: 8pt;\">Rally2<\/span><\/td>\n<td class=\"nomobile\" style=\"text-align: center;\"><span style=\"font-size: 8pt;\"><a href=\"\/index.php\/w2rc\/w2rc-2022\/\"><span style=\"color: #ee8027;\">W2RC<\/span><\/a><\/span><\/td>\n<td><strong>Mason Klein<\/strong><\/td>\n<td>KTM 450 Rally<\/td>\n<td class=\"nomobile\">BAS World KTM Racing Team<\/td>\n<td style=\"text-align: right; padding-right: 15px;\"><strong>+49:07<\/strong><\/td>\n<\/tr>\n<tr style=\"vertical-align: top; background-color: #f2f2f2;\">\n<td style=\"text-align: center;\"><strong>10.<\/strong><\/td>\n<td class=\"nomobile\" style=\"text-align: center;\">18<\/td>\n<td class=\"nomobile\" style=\"text-align: center;\"><span style=\"font-size: 8pt;\">RallyGP<\/span><\/td>\n<td class=\"nomobile\" style=\"text-align: center;\"><span style=\"font-size: 8pt;\"><a href=\"\/index.php\/w2rc\/w2rc-2022\/\"><span style=\"color: #ee8027;\">W2RC<\/span><\/a><\/span><\/td>\n<td><a href=\"\/index.php\/osobnosti\/toby-price\/\"><span style=\"color: #ee8027;\"><strong>Toby Price<\/strong><\/span><\/a><\/td>\n<td>KTM 450 Rally<\/td>\n<td class=\"nomobile\">Red Bull KTM Factory Racing<\/td>\n<td style=\"text-align: right; padding-right: 15px;\"><strong>+49:20<\/strong><\/td>\n<\/tr>\n<tr style=\"vertical-align: top; background-color: #dbd9d9;\">\n<td style=\"text-align: center;\"><strong>11.<\/strong><\/td>\n<td class=\"nomobile\" style=\"text-align: center;\">15<\/td>\n<td class=\"nomobile\" style=\"text-align: center;\"><span style=\"font-size: 8pt;\">RallyGP<\/span><\/td>\n<td class=\"nomobile\" style=\"text-align: center;\"><span style=\"font-size: 8pt;\"><a href=\"\/index.php\/w2rc\/w2rc-2022\/\"><span style=\"color: #ee8027;\">W2RC<\/span><\/a><\/span><\/td>\n<td><strong><a href=\"\/index.php\/osobnosti\/lorenzo-santolino\/\"><span style=\"color: #ee8027;\">Lorenzo Santolino<\/span><\/a><\/strong><\/td>\n<td>Sherco 450 SEF Rally<\/td>\n<td class=\"nomobile\">Sherco TVS Rally Factory Team<\/td>\n<td style=\"text-align: right; padding-right: 15px;\"><strong>+58:26<\/strong><\/td>\n<\/tr>\n<tr style=\"vertical-align: top; background-color: #f2f2f2;\">\n<td style=\"text-align: center;\"><strong>12.<\/strong><\/td>\n<td class=\"nomobile\" style=\"text-align: center;\">142<\/td>\n<td class=\"nomobile\" style=\"text-align: center;\"><span style=\"font-size: 8pt;\">RallyGP<\/span><\/td>\n<td class=\"nomobile\" style=\"text-align: center;\"><\/td>\n<td><strong><a href=\"\/index.php\/osobnosti\/stefan-svitko\/\"><span style=\"color: #ee8027;\">\u0160tefan Svitko<\/span><\/a><\/strong><\/td>\n<td>KTM 450 Rally<\/td>\n<td class=\"nomobile\">Slovnaft Rally Team<\/td>\n<td style=\"text-align: right; padding-right: 15px;\"><strong>+59:17<\/strong><\/td>\n<\/tr>\n<tr style=\"vertical-align: top; background-color: #dbd9d9;\">\n<td style=\"text-align: center;\"><strong>13.<\/strong><\/td>\n<td class=\"nomobile\" style=\"text-align: center;\">77<\/td>\n<td class=\"nomobile\" style=\"text-align: center;\"><span style=\"font-size: 8pt;\">RallyGP<\/span><\/td>\n<td class=\"nomobile\" style=\"text-align: center;\"><span style=\"font-size: 8pt;\"><a href=\"\/index.php\/w2rc\/w2rc-2022\/\"><span style=\"color: #ee8027;\">W2RC<\/span><\/a><\/span><\/td>\n<td><strong><a href=\"\/index.php\/osobnosti\/luciano-benavides\/\"><span style=\"color: #ee8027;\">Luciano Benavides<\/span><\/a><\/strong><\/td>\n<td>Husqvarna FR 450 Rally<\/td>\n<td class=\"nomobile\">Husqvarna Factory Racing<\/td>\n<td style=\"text-align: right; padding-right: 15px;\"><strong>+1:10:19<\/strong><\/td>\n<\/tr>\n<tr style=\"vertical-align: top; background-color: #f2f2f2;\">\n<td style=\"text-align: center;\"><strong>14.<\/strong><\/td>\n<td class=\"nomobile\" style=\"text-align: center;\">27<\/td>\n<td class=\"nomobile\" style=\"text-align: center;\"><span style=\"font-size: 8pt;\">RallyGP<\/span><\/td>\n<td class=\"nomobile\" style=\"text-align: center;\"><span style=\"font-size: 8pt;\"><a href=\"\/index.php\/w2rc\/w2rc-2022\/\"><span style=\"color: #ee8027;\">W2RC<\/span><\/a><\/span><\/td>\n<td><strong>Joaquim Rodrigues<\/strong><\/td>\n<td>Hero 450 Rally<\/td>\n<td class=\"nomobile\">Hero MotoSports Team Rally<\/td>\n<td style=\"text-align: right; padding-right: 15px;\"><strong>+1:15:44<\/strong><\/td>\n<\/tr>\n<tr style=\"vertical-align: top; background-color: #dbd9d9;\">\n<td style=\"text-align: center;\"><strong>15.<\/strong><\/td>\n<td class=\"nomobile\" style=\"text-align: center;\">12<\/td>\n<td class=\"nomobile\" style=\"text-align: center;\"><span style=\"font-size: 8pt;\">RallyGP<\/span><\/td>\n<td class=\"nomobile\" style=\"text-align: center;\"><span style=\"font-size: 8pt;\"><a href=\"\/index.php\/w2rc\/w2rc-2022\/\"><span style=\"color: #ee8027;\">W2RC<\/span><\/a><\/span><\/td>\n<td><strong>Xavier de Soultrait<\/strong><\/td>\n<td>Husqvarna FR 450 Rally<\/td>\n<td class=\"nomobile\">HT Rally Raid Husqvarna Racing<\/td>\n<td style=\"text-align: right; padding-right: 15px;\"><strong>+1:26:25<\/strong><\/td>\n<\/tr>\n<tr style=\"vertical-align: top; background-color: #f2f2f2;\">\n<td style=\"text-align: center;\"><strong>16.<\/strong><\/td>\n<td class=\"nomobile\" style=\"text-align: center;\">6<\/td>\n<td class=\"nomobile\" style=\"text-align: center;\"><span style=\"font-size: 8pt;\">RallyGP<\/span><\/td>\n<td class=\"nomobile\" style=\"text-align: center;\"><span style=\"font-size: 8pt;\"><a href=\"\/index.php\/w2rc\/w2rc-2022\/\"><span style=\"color: #ee8027;\">W2RC<\/span><\/a><\/span><\/td>\n<td><a href=\"\/index.php\/osobnosti\/aaron-mare\/\"><span style=\"color: #ee8027;\"><strong>Aaron Mar\u00e9<\/strong><\/span><\/a><\/td>\n<td>Hero 450 Rally<\/td>\n<td class=\"nomobile\">Hero MotoSports Team Rally<\/td>\n<td style=\"text-align: right; padding-right: 15px;\"><strong>+1:49:00<\/strong><\/td>\n<\/tr>\n<tr style=\"vertical-align: top; background-color: #dbd9d9;\">\n<td style=\"text-align: center;\"><strong>17.<\/strong><\/td>\n<td class=\"nomobile\" style=\"text-align: center;\">54<\/td>\n<td class=\"nomobile\" style=\"text-align: center;\"><span style=\"font-size: 8pt;\">RallyGP<\/span><\/td>\n<td class=\"nomobile\" style=\"text-align: center;\"><\/td>\n<td><strong>Daniel Nosiglia Jager<\/strong><\/td>\n<td>KTM 450 Rally<\/td>\n<td class=\"nomobile\">Rieju &#8211; FN Speed Team<\/td>\n<td style=\"text-align: right; padding-right: 15px;\"><strong>+2:15:16<\/strong><\/td>\n<\/tr>\n<tr style=\"vertical-align: top; background-color: #f2f2f2;\">\n<td style=\"text-align: center;\"><strong>18.<\/strong><\/td>\n<td class=\"nomobile\" style=\"text-align: center;\">22<\/td>\n<td class=\"nomobile\" style=\"text-align: center;\"><span style=\"font-size: 8pt;\">RallyGP<\/span><\/td>\n<td class=\"nomobile\" style=\"text-align: center;\"><\/td>\n<td><strong>Maciej Giemza<\/strong><\/td>\n<td>Husqvarna FR 450 Rally<\/td>\n<td class=\"nomobile\">Orlen Team<\/td>\n<td style=\"text-align: right; padding-right: 15px;\"><strong>+2:28:28<\/strong><\/td>\n<\/tr>\n<tr style=\"vertical-align: top; background-color: #dbd9d9;\">\n<td style=\"text-align: center;\"><strong>19.<\/strong><\/td>\n<td class=\"nomobile\" style=\"text-align: center;\">24<\/td>\n<td class=\"nomobile\" style=\"text-align: center;\"><span style=\"font-size: 8pt;\">Rally2<\/span><\/td>\n<td class=\"nomobile\" style=\"text-align: center;\"><span style=\"font-size: 8pt;\"><a href=\"\/index.php\/w2rc\/w2rc-2022\/\"><span style=\"color: #ee8027;\">W2RC<\/span><\/a><\/span><\/td>\n<td><a href=\"\/index.php\/osobnosti\/chapeliere-camille\/\"><span style=\"color: #ee8027;\"><strong>Camille Chapeli\u00e8re<\/strong><\/span><\/a><\/td>\n<td>KTM 450 Rally<\/td>\n<td class=\"nomobile\">Team Ba\u00efnes Rally<\/td>\n<td style=\"text-align: right; padding-right: 15px;\"><strong>+2:39:30<\/strong><\/td>\n<\/tr>\n<tr style=\"vertical-align: top; background-color: #f2f2f2;\">\n<td style=\"text-align: center;\"><strong>20.<\/strong><\/td>\n<td class=\"nomobile\" style=\"text-align: center;\">17<\/td>\n<td class=\"nomobile\" style=\"text-align: center;\"><span style=\"font-size: 8pt;\">RallyGP<\/span><\/td>\n<td class=\"nomobile\" style=\"text-align: center;\"><\/td>\n<td><strong>Joan Pedrero<\/strong><\/td>\n<td>Rieju 450 Rally<\/td>\n<td class=\"nomobile\">Rieju &#8211; FN Speed Team<\/td>\n<td style=\"text-align: right; padding-right: 15px;\"><strong>+2:40:43<\/strong><\/td>\n<\/tr>\n<tr style=\"vertical-align: top; background-color: #dbd9d9;\">\n<td style=\"text-align: center;\"><strong>21.<\/strong><\/td>\n<td class=\"nomobile\" style=\"text-align: center;\">30<\/td>\n<td class=\"nomobile\" style=\"text-align: center;\"><span style=\"font-size: 8pt;\">RallyGP<\/span><\/td>\n<td class=\"nomobile\" style=\"text-align: center;\"><\/td>\n<td><strong>Antonio Maio<\/strong><\/td>\n<td>Yamaha WR450 Rally<\/td>\n<td class=\"nomobile\">Franco Sport Yamaha Racing Team<\/td>\n<td style=\"text-align: right; padding-right: 15px;\"><strong>+2:45:43<\/strong><\/td>\n<\/tr>\n<tr style=\"vertical-align: top; background-color: #f2f2f2;\">\n<td style=\"text-align: center;\"><strong>22.<\/strong><\/td>\n<td class=\"nomobile\" style=\"text-align: center;\">78<\/td>\n<td class=\"nomobile\" style=\"text-align: center;\"><span style=\"font-size: 8pt;\">Rally2<\/span><\/td>\n<td class=\"nomobile\" style=\"text-align: center;\"><span style=\"font-size: 8pt;\"><a href=\"\/index.php\/w2rc\/w2rc-2022\/\"><span style=\"color: #ee8027;\">W2RC<\/span><\/a><\/span><\/td>\n<td><a href=\"\/index.php\/osobnosti\/romain-dumontier\/\"><span style=\"color: #ee8027;\"><strong>Romain Dumontier<\/strong><\/span><\/a><\/td>\n<td>Husqvarna FR 450 Rally<\/td>\n<td class=\"nomobile\">Team Dumontier Racing<\/td>\n<td style=\"text-align: right; padding-right: 15px;\"><strong>+3:00:16<\/strong><\/td>\n<\/tr>\n<tr style=\"vertical-align: top; background-color: #dbd9d9;\">\n<td style=\"text-align: center;\"><strong>23.<\/strong><\/td>\n<td class=\"nomobile\" style=\"text-align: center;\">23<\/td>\n<td class=\"nomobile\" style=\"text-align: center;\"><span style=\"font-size: 8pt;\">Rally2<\/span><\/td>\n<td class=\"nomobile\" style=\"text-align: center;\"><span style=\"font-size: 8pt;\"><a href=\"\/index.php\/w2rc\/w2rc-2022\/\"><span style=\"color: #ee8027;\">W2RC<\/span><\/a><\/span><\/td>\n<td><strong><a href=\"\/index.php\/osobnosti\/jan-brabec\/\"><span style=\"color: #ee8027;\">Jan Brabec<\/span><\/a><\/strong><\/td>\n<td>KTM 450 Rally<\/td>\n<td class=\"nomobile\">Strojrent Racing<\/td>\n<td style=\"text-align: right; padding-right: 15px;\"><strong>+3:12:39<\/strong><\/td>\n<\/tr>\n<tr style=\"vertical-align: top; background-color: #f2f2f2;\">\n<td style=\"text-align: center;\"><strong>24.<\/strong><\/td>\n<td class=\"nomobile\" style=\"text-align: center;\">19<\/td>\n<td class=\"nomobile\" style=\"text-align: center;\"><span style=\"font-size: 8pt;\">RallyGP<\/span><\/td>\n<td class=\"nomobile\" style=\"text-align: center;\"><\/td>\n<td><strong>Rui Gon\u00e7alves<\/strong><\/td>\n<td>Sherco 450 SEF Rally<\/td>\n<td class=\"nomobile\">Sherco TVS Rally Factory Team<\/td>\n<td style=\"text-align: right; padding-right: 15px;\"><strong>+3:13:25<\/strong><\/td>\n<\/tr>\n<tr style=\"vertical-align: top; background-color: #dbd9d9;\">\n<td style=\"text-align: center;\"><strong>25.<\/strong><\/td>\n<td class=\"nomobile\" style=\"text-align: center;\">49<\/td>\n<td class=\"nomobile\" style=\"text-align: center;\"><span style=\"font-size: 8pt;\">Rally2<\/span><\/td>\n<td class=\"nomobile\" style=\"text-align: center;\"><span style=\"font-size: 8pt;\"><a href=\"\/index.php\/w2rc\/w2rc-2022\/\"><span style=\"color: #ee8027;\">W2RC<\/span><\/a><\/span><\/td>\n<td><strong>Bradley Cox<\/strong><\/td>\n<td>KTM 450 Rally<\/td>\n<td class=\"nomobile\">BAS World KTM Racing Team<\/td>\n<td style=\"text-align: right; padding-right: 15px;\"><strong>+3:15:53<\/strong><\/td>\n<\/tr>\n<tr style=\"vertical-align: top; background-color: #f2f2f2;\">\n<td style=\"text-align: center;\"><strong>26.<\/strong><\/td>\n<td class=\"nomobile\" style=\"text-align: center;\">158<\/td>\n<td class=\"nomobile\" style=\"text-align: center;\"><span style=\"font-size: 8pt;\">Rally2<\/span><\/td>\n<td class=\"nomobile\" style=\"text-align: center;\"><span style=\"font-size: 8pt;\"><a href=\"\/index.php\/w2rc\/w2rc-2022\/\"><span style=\"color: #ee8027;\">W2RC<\/span><\/a><\/span><\/td>\n<td><strong>Diego Gamaliel Llanos<\/strong><\/td>\n<td>KTM 450 Rally<\/td>\n<td class=\"nomobile\">Xraid Experience<\/td>\n<td style=\"text-align: right; padding-right: 15px;\"><strong>+3:17:56<\/strong><\/td>\n<\/tr>\n<tr style=\"vertical-align: top; background-color: #dbd9d9;\">\n<td style=\"text-align: center;\"><strong>27.<\/strong><\/td>\n<td class=\"nomobile\" style=\"text-align: center;\">26<\/td>\n<td class=\"nomobile\" style=\"text-align: center;\"><span style=\"font-size: 8pt;\">Rally2<\/span><\/td>\n<td class=\"nomobile\" style=\"text-align: center;\"><span style=\"font-size: 8pt;\"><a href=\"\/index.php\/w2rc\/w2rc-2022\/\"><span style=\"color: #ee8027;\">W2RC<\/span><\/a><\/span><\/td>\n<td><strong>Konrad D\u0105browski<\/strong><\/td>\n<td>Husqvarna FR 450 Rally<\/td>\n<td class=\"nomobile\">Duust Rally Team<\/td>\n<td style=\"text-align: right; padding-right: 15px;\"><strong>+3:51:51<\/strong><\/td>\n<\/tr>\n<tr style=\"vertical-align: top; background-color: #f2f2f2;\">\n<td style=\"text-align: center;\"><strong>28.<\/strong><\/td>\n<td class=\"nomobile\" style=\"text-align: center;\">36<\/td>\n<td class=\"nomobile\" style=\"text-align: center;\"><span style=\"font-size: 8pt;\">Rally2<\/span><\/td>\n<td class=\"nomobile\" style=\"text-align: center;\"><span style=\"font-size: 8pt;\"><a href=\"\/index.php\/w2rc\/w2rc-2022\/\"><span style=\"color: #ee8027;\">W2RC<\/span><\/a><\/span><\/td>\n<td><strong>Ar\u016bnas Gela\u017eninkas<\/strong><\/td>\n<td>Husqvarna FR 450 Rally<\/td>\n<td class=\"nomobile\"><\/td>\n<td style=\"text-align: right; padding-right: 15px;\"><strong>+4:23:36<\/strong><\/td>\n<\/tr>\n<tr style=\"vertical-align: top; background-color: #dbd9d9;\">\n<td style=\"text-align: center;\"><strong>29.<\/strong><\/td>\n<td class=\"nomobile\" style=\"text-align: center;\">76<\/td>\n<td class=\"nomobile\" style=\"text-align: center;\"><span style=\"font-size: 8pt;\">Rally2<\/span><\/td>\n<td class=\"nomobile\" style=\"text-align: center;\"><span style=\"font-size: 8pt;\"><a href=\"\/index.php\/w2rc\/w2rc-2022\/\"><span style=\"color: #ee8027;\">W2RC<\/span><\/a><\/span><\/td>\n<td><strong>Jean-Loup Lepan<\/strong><\/td>\n<td>KTM 450 Rally<\/td>\n<td class=\"nomobile\">Nomade Racing<\/td>\n<td style=\"text-align: right; padding-right: 15px;\"><strong>+4:35:36<\/strong><\/td>\n<\/tr>\n<tr style=\"vertical-align: top; background-color: #f2f2f2;\">\n<td style=\"text-align: center;\"><strong>30.<\/strong><\/td>\n<td class=\"nomobile\" style=\"text-align: center;\">21<\/td>\n<td class=\"nomobile\" style=\"text-align: center;\"><span style=\"font-size: 8pt;\">Rally2<\/span><\/td>\n<td class=\"nomobile\" style=\"text-align: center;\"><span style=\"font-size: 8pt;\"><a href=\"\/index.php\/w2rc\/w2rc-2022\/\"><span style=\"color: #ee8027;\">W2RC<\/span><\/a><\/span><\/td>\n<td><a href=\"\/index.php\/osobnosti\/milan-engel\/\"><span style=\"color: #ee8027;\"><strong>Milan Engel<\/strong><\/span><\/a><\/td>\n<td>KTM 450 Rally<\/td>\n<td class=\"nomobile\">Orion &#8211; Moto Racing Group<\/td>\n<td style=\"text-align: right; padding-right: 15px;\"><strong>+4:23:36<\/strong><\/td>\n<\/tr>\n<tr style=\"vertical-align: top; background-color: #dbd9d9;\">\n<td style=\"text-align: center;\"><strong>31.<\/strong><\/td>\n<td class=\"nomobile\" style=\"text-align: center;\">56<\/td>\n<td class=\"nomobile\" style=\"text-align: center;\"><span style=\"font-size: 8pt;\">Rally2<\/span><\/td>\n<td class=\"nomobile\" style=\"text-align: center;\"><span style=\"font-size: 8pt;\"><a href=\"\/index.php\/w2rc\/w2rc-2022\/\"><span style=\"color: #ee8027;\">W2RC<\/span><\/a><\/span><\/td>\n<td><strong>J\u00e9r\u00f4me Martiny<\/strong><\/td>\n<td>Husqvarna FR 450 Rally<\/td>\n<td class=\"nomobile\">Dumontier Racing<\/td>\n<td style=\"text-align: right; padding-right: 15px;\"><strong>+4:57:40<\/strong><\/td>\n<\/tr>\n<tr style=\"vertical-align: top; background-color: #f2f2f2;\">\n<td style=\"text-align: center;\"><strong>32.<\/strong><\/td>\n<td class=\"nomobile\" style=\"text-align: center;\">83<\/td>\n<td class=\"nomobile\" style=\"text-align: center;\"><span style=\"font-size: 8pt;\">Rally2<\/span><\/td>\n<td class=\"nomobile\" style=\"text-align: center;\"><span style=\"font-size: 8pt;\"><a href=\"\/index.php\/w2rc\/w2rc-2022\/\"><span style=\"color: #ee8027;\">W2RC<\/span><\/a><\/span><\/td>\n<td><strong>Julien Jagu<\/strong><\/td>\n<td>KTM 450 Rally<\/td>\n<td class=\"nomobile\">LG Rally Team<\/td>\n<td style=\"text-align: right; padding-right: 15px;\"><strong>+5:23:25<\/strong><\/td>\n<\/tr>\n<tr style=\"vertical-align: top; background-color: #dbd9d9;\">\n<td style=\"text-align: center;\"><strong>33.<\/strong><\/td>\n<td class=\"nomobile\" style=\"text-align: center;\">39<\/td>\n<td class=\"nomobile\" style=\"text-align: center;\"><span style=\"font-size: 8pt;\">Rally2<\/span><\/td>\n<td class=\"nomobile\" style=\"text-align: center;\"><span style=\"font-size: 8pt;\"><a href=\"\/index.php\/w2rc\/w2rc-2022\/\"><span style=\"color: #ee8027;\">W2RC<\/span><\/a><\/span><\/td>\n<td><strong>Benjamin Melot<\/strong><\/td>\n<td>KTM 450 Rally<\/td>\n<td class=\"nomobile\"><\/td>\n<td style=\"text-align: right; padding-right: 15px;\"><strong>+5:33:33<\/strong><\/td>\n<\/tr>\n<tr style=\"vertical-align: top; background-color: #f2f2f2;\">\n<td style=\"text-align: center;\"><strong>34.<\/strong><\/td>\n<td class=\"nomobile\" style=\"text-align: center;\">123<\/td>\n<td class=\"nomobile\" style=\"text-align: center;\"><span style=\"font-size: 8pt;\">Rally2<\/span><\/td>\n<td class=\"nomobile\" style=\"text-align: center;\"><span style=\"font-size: 8pt;\"><a href=\"\/index.php\/w2rc\/w2rc-2022\/\"><span style=\"color: #ee8027;\">W2RC<\/span><\/a><\/span><\/td>\n<td><strong>Charan Moore<\/strong><\/td>\n<td>KTM 450 Rally<\/td>\n<td class=\"nomobile\"><\/td>\n<td style=\"text-align: right; padding-right: 15px;\"><strong>+5:52:32<\/strong><\/td>\n<\/tr>\n<tr style=\"vertical-align: top; background-color: #dbd9d9;\">\n<td style=\"text-align: center;\"><strong>35.<\/strong><\/td>\n<td class=\"nomobile\" style=\"text-align: center;\">34<\/td>\n<td class=\"nomobile\" style=\"text-align: center;\"><span style=\"font-size: 8pt;\">Rally2<\/span><\/td>\n<td class=\"nomobile\" style=\"text-align: center;\"><span style=\"font-size: 8pt;\"><a href=\"\/index.php\/w2rc\/w2rc-2022\/\"><span style=\"color: #ee8027;\">W2RC<\/span><\/a><\/span><\/td>\n<td><a href=\"\/index.php\/osobnosti\/mathieu-doveze\/\"><span style=\"color: #ee8027;\"><strong>Mathieu Doveze<\/strong><\/span><\/a><\/td>\n<td>KTM 450 Rally<\/td>\n<td class=\"nomobile\">Nomade Racing<\/td>\n<td style=\"text-align: right; padding-right: 15px;\"><strong>+5:56:34<\/strong><\/td>\n<\/tr>\n<tr style=\"vertical-align: top; background-color: #f2f2f2;\">\n<td style=\"text-align: center;\"><strong>36.<\/strong><\/td>\n<td class=\"nomobile\" style=\"text-align: center;\">10<\/td>\n<td class=\"nomobile\" style=\"text-align: center;\"><span style=\"font-size: 8pt;\">RallyGP<\/span><\/td>\n<td class=\"nomobile\" style=\"text-align: center;\"><span style=\"font-size: 8pt;\"><a href=\"\/index.php\/w2rc\/w2rc-2022\/\"><span style=\"color: #ee8027;\">W2RC<\/span><\/a><\/span><\/td>\n<td><strong><a href=\"\/index.php\/osobnosti\/martin-michek\/\"><span style=\"color: #ee8027;\">Martin Michek<\/span><\/a><\/strong><\/td>\n<td>KTM 450 Rally<\/td>\n<td class=\"nomobile\">Orion &#8211; Moto Racing Group<\/td>\n<td style=\"text-align: right; padding-right: 15px;\"><strong>+6:30:40<\/strong><\/td>\n<\/tr>\n<tr style=\"vertical-align: top; background-color: #dbd9d9;\">\n<td style=\"text-align: center;\"><strong>37.<\/strong><\/td>\n<td class=\"nomobile\" style=\"text-align: center;\">31<\/td>\n<td class=\"nomobile\" style=\"text-align: center;\"><span style=\"font-size: 8pt;\">RallyGP<\/span><\/td>\n<td class=\"nomobile\" style=\"text-align: center;\"><\/td>\n<td><strong>Mohammed Balooshi<\/strong><\/td>\n<td>KTM 450 Rally<\/td>\n<td class=\"nomobile\">MX Ride Dubai<\/td>\n<td style=\"text-align: right; padding-right: 15px;\"><strong>+6:31:18<\/strong><\/td>\n<\/tr>\n<tr style=\"vertical-align: top; background-color: #f2f2f2;\">\n<td style=\"text-align: center;\"><strong>38.<\/strong><\/td>\n<td class=\"nomobile\" style=\"text-align: center;\">50<\/td>\n<td class=\"nomobile\" style=\"text-align: center;\"><span style=\"font-size: 8pt;\">Rally2<\/span><\/td>\n<td class=\"nomobile\" style=\"text-align: center;\"><span style=\"font-size: 8pt;\"><a href=\"\/index.php\/w2rc\/w2rc-2022\/\"><span style=\"color: #ee8027;\">W2RC<\/span><\/a><\/span><\/td>\n<td><strong>Patricio Cabrera<\/strong><\/td>\n<td>KTM 450 Rally<\/td>\n<td class=\"nomobile\">Rieju &#8211; FN Speed Team<\/td>\n<td style=\"text-align: right; padding-right: 15px;\"><strong>+7:53:30<\/strong><\/td>\n<\/tr>\n<tr style=\"vertical-align: top; background-color: #dbd9d9;\">\n<td style=\"text-align: center;\"><strong>39.<\/strong><\/td>\n<td class=\"nomobile\" style=\"text-align: center;\">70<\/td>\n<td class=\"nomobile\" style=\"text-align: center;\"><span style=\"font-size: 8pt;\">Rally2<\/span><\/td>\n<td class=\"nomobile\" style=\"text-align: center;\"><span style=\"font-size: 8pt;\"><a href=\"\/index.php\/w2rc\/w2rc-2022\/\"><span style=\"color: #ee8027;\">W2RC<\/span><\/a><\/span><\/td>\n<td><strong>Mohammed Jaffar<\/strong><\/td>\n<td>KTM 450 Rally<\/td>\n<td class=\"nomobile\">Duust Rally Team<\/td>\n<td style=\"text-align: right; padding-right: 15px;\"><strong>+7:57:36<\/strong><\/td>\n<\/tr>\n<tr style=\"vertical-align: top; background-color: #f2f2f2;\">\n<td style=\"text-align: center;\"><strong>40.<\/strong><\/td>\n<td class=\"nomobile\" style=\"text-align: center;\">37<\/td>\n<td class=\"nomobile\" style=\"text-align: center;\"><span style=\"font-size: 8pt;\">Rally2<\/span><\/td>\n<td class=\"nomobile\" style=\"text-align: center;\"><span style=\"font-size: 8pt;\"><a href=\"\/index.php\/w2rc\/w2rc-2022\/\"><span style=\"color: #ee8027;\">W2RC<\/span><\/a><\/span><\/td>\n<td><strong>Emanuel Gyenes<\/strong><\/td>\n<td>KTM 450 Rally<\/td>\n<td class=\"nomobile\">Autonet Motorcycle Team<\/td>\n<td style=\"text-align: right; padding-right: 15px;\"><strong>+8:19:41<\/strong><\/td>\n<\/tr>\n<tr style=\"vertical-align: top; background-color: #dbd9d9;\">\n<td style=\"text-align: center;\"><strong>41.<\/strong><\/td>\n<td class=\"nomobile\" style=\"text-align: center;\">28<\/td>\n<td class=\"nomobile\" style=\"text-align: center;\"><span style=\"font-size: 8pt;\">Rally2<\/span><\/td>\n<td class=\"nomobile\" style=\"text-align: center;\"><span style=\"font-size: 8pt;\"><a href=\"\/index.php\/w2rc\/w2rc-2022\/\"><span style=\"color: #ee8027;\">W2RC<\/span><\/a><\/span><\/td>\n<td><strong>Zaker Yakp<\/strong><\/td>\n<td>KTM 450 Rally<\/td>\n<td class=\"nomobile\">Wu Pu Da Hai Dao Rally Team<\/td>\n<td style=\"text-align: right; padding-right: 15px;\"><strong>+8:30:11<\/strong><\/td>\n<\/tr>\n<tr style=\"vertical-align: top; background-color: #f2f2f2;\">\n<td style=\"text-align: center;\"><strong>42.<\/strong><\/td>\n<td class=\"nomobile\" style=\"text-align: center;\">33<\/td>\n<td class=\"nomobile\" style=\"text-align: center;\"><span style=\"font-size: 8pt;\">Rally2<\/span><\/td>\n<td class=\"nomobile\" style=\"text-align: center;\"><span style=\"font-size: 8pt;\"><a href=\"\/index.php\/w2rc\/w2rc-2022\/\"><span style=\"color: #ee8027;\">W2RC<\/span><\/a><\/span><\/td>\n<td><strong>Mario Patr\u00e3o<\/strong><\/td>\n<td>KTM 450 Rally<\/td>\n<td class=\"nomobile\">Credit Agricola &#8211; Mario Patr\u00e3o Motosport<\/td>\n<td style=\"text-align: right; padding-right: 15px;\"><strong>+9:01:03<\/strong><\/td>\n<\/tr>\n<tr style=\"vertical-align: top; background-color: #dbd9d9;\">\n<td style=\"text-align: center;\"><strong>43.<\/strong><\/td>\n<td class=\"nomobile\" style=\"text-align: center;\">86<\/td>\n<td class=\"nomobile\" style=\"text-align: center;\"><span style=\"font-size: 8pt;\">Rally2<\/span><\/td>\n<td class=\"nomobile\" style=\"text-align: center;\"><span style=\"font-size: 8pt;\"><a href=\"\/index.php\/w2rc\/w2rc-2022\/\"><span style=\"color: #ee8027;\">W2RC<\/span><\/a><\/span><\/td>\n<td><strong>Charlie Herbst<\/strong><\/td>\n<td>KTM 450 Rally<\/td>\n<td class=\"nomobile\">Team All Tracks<\/td>\n<td style=\"text-align: right; padding-right: 15px;\"><strong>+9:05:18<\/strong><\/td>\n<\/tr>\n<tr style=\"vertical-align: top; background-color: #f2f2f2;\">\n<td style=\"text-align: center;\"><strong>44.<\/strong><\/td>\n<td class=\"nomobile\" style=\"text-align: center;\">95<\/td>\n<td class=\"nomobile\" style=\"text-align: center;\"><span style=\"font-size: 8pt;\">Rally2<\/span><\/td>\n<td class=\"nomobile\" style=\"text-align: center;\"><span style=\"font-size: 8pt;\"><a href=\"\/index.php\/w2rc\/w2rc-2022\/\"><span style=\"color: #ee8027;\">W2RC<\/span><\/a><\/span><\/td>\n<td><strong>Wiljan van Wikselaar<\/strong><\/td>\n<td>KTM 450 EXC<\/td>\n<td class=\"nomobile\">BAS World KTM Racing Team<\/td>\n<td style=\"text-align: right; padding-right: 15px;\"><strong>+9:21:13<\/strong><\/td>\n<\/tr>\n<tr style=\"vertical-align: top; background-color: #dbd9d9;\">\n<td style=\"text-align: center;\"><strong>45.<\/strong><\/td>\n<td class=\"nomobile\" style=\"text-align: center;\">93<\/td>\n<td class=\"nomobile\" style=\"text-align: center;\"><span style=\"font-size: 8pt;\">Rally2<\/span><\/td>\n<td class=\"nomobile\" style=\"text-align: center;\"><span style=\"font-size: 8pt;\"><a href=\"\/index.php\/w2rc\/w2rc-2022\/\"><span style=\"color: #ee8027;\">W2RC<\/span><\/a><\/span><\/td>\n<td><strong>Giovanni Gritti<\/strong><\/td>\n<td>Honda CRF450 Rally<\/td>\n<td class=\"nomobile\">RS Moto Racing Team<\/td>\n<td style=\"text-align: right; padding-right: 15px;\"><strong>+9:41:40<\/strong><\/td>\n<\/tr>\n<tr style=\"vertical-align: top; background-color: #f2f2f2;\">\n<td style=\"text-align: center;\"><strong>46.<\/strong><\/td>\n<td class=\"nomobile\" style=\"text-align: center;\">115<\/td>\n<td class=\"nomobile\" style=\"text-align: center;\"><span style=\"font-size: 8pt;\">Rally2<\/span><\/td>\n<td class=\"nomobile\" style=\"text-align: center;\"><span style=\"font-size: 8pt;\"><a href=\"\/index.php\/w2rc\/w2rc-2022\/\"><span style=\"color: #ee8027;\">W2RC<\/span><\/a><\/span><\/td>\n<td><strong>John Kelly<\/strong><\/td>\n<td>KTM 450 Rally<\/td>\n<td class=\"nomobile\">Lyndon Poskitt Racing<\/td>\n<td style=\"text-align: right; padding-right: 15px;\"><strong>+9:42:51<\/strong><\/td>\n<\/tr>\n<tr style=\"vertical-align: top; background-color: #dbd9d9;\">\n<td style=\"text-align: center;\"><strong>47.<\/strong><\/td>\n<td class=\"nomobile\" style=\"text-align: center;\">131<\/td>\n<td class=\"nomobile\" style=\"text-align: center;\"><span style=\"font-size: 8pt;\">Rally2<\/span><\/td>\n<td class=\"nomobile\" style=\"text-align: center;\"><span style=\"font-size: 8pt;\"><a href=\"\/index.php\/w2rc\/w2rc-2022\/\"><span style=\"color: #ee8027;\">W2RC<\/span><\/a><\/span><\/td>\n<td><strong>David McBride<\/strong><\/td>\n<td>Husqvarna FR 450 Rally<\/td>\n<td class=\"nomobile\">Vendetta Racing UAE<\/td>\n<td style=\"text-align: right; padding-right: 15px;\"><strong>+10:14:26<\/strong><\/td>\n<\/tr>\n<tr style=\"vertical-align: top; background-color: #f2f2f2;\">\n<td style=\"text-align: center;\"><strong>48.<\/strong><\/td>\n<td class=\"nomobile\" style=\"text-align: center;\">91<\/td>\n<td class=\"nomobile\" style=\"text-align: center;\"><span style=\"font-size: 8pt;\">Rally2<\/span><\/td>\n<td class=\"nomobile\" style=\"text-align: center;\"><span style=\"font-size: 8pt;\"><a href=\"\/index.php\/w2rc\/w2rc-2022\/\"><span style=\"color: #ee8027;\">W2RC<\/span><\/a><\/span><\/td>\n<td><strong>Mike Wiedemann<\/strong><\/td>\n<td>KTM 450 Rally<\/td>\n<td class=\"nomobile\">BAS World KTM Racing Team<\/td>\n<td style=\"text-align: right; padding-right: 15px;\"><strong>+10:16:14<\/strong><\/td>\n<\/tr>\n<tr style=\"vertical-align: top; background-color: #dbd9d9;\">\n<td style=\"text-align: center;\"><strong>49.<\/strong><\/td>\n<td class=\"nomobile\" style=\"text-align: center;\">40<\/td>\n<td class=\"nomobile\" style=\"text-align: center;\"><span style=\"font-size: 8pt;\">Rally2<\/span><\/td>\n<td class=\"nomobile\" style=\"text-align: center;\"><span style=\"font-size: 8pt;\"><a href=\"\/index.php\/w2rc\/w2rc-2022\/\"><span style=\"color: #ee8027;\">W2RC<\/span><\/a><\/span><\/td>\n<td><strong>Mirjam Pol<\/strong><\/td>\n<td>Husqvarna FR 450 Rally<\/td>\n<td class=\"nomobile\">HT Rally Raid Husqvarna Racing<\/td>\n<td style=\"text-align: right; padding-right: 15px;\"><strong>+10:36:19<\/strong><\/td>\n<\/tr>\n<tr style=\"vertical-align: top; background-color: #f2f2f2;\">\n<td style=\"text-align: center;\"><strong>50.<\/strong><\/td>\n<td class=\"nomobile\" style=\"text-align: center;\">148<\/td>\n<td class=\"nomobile\" style=\"text-align: center;\"><span style=\"font-size: 8pt;\">Rally2<\/span><\/td>\n<td class=\"nomobile\" style=\"text-align: center;\"><span style=\"font-size: 8pt;\"><a href=\"\/index.php\/w2rc\/w2rc-2022\/\"><span style=\"color: #ee8027;\">W2RC<\/span><\/a><\/span><\/td>\n<td><strong>Martin Bonnet<\/strong><\/td>\n<td>Husqvarna FR 450 Rally<\/td>\n<td class=\"nomobile\">RS Concept<\/td>\n<td style=\"text-align: right; padding-right: 15px;\"><strong>+10:43:21<\/strong><\/td>\n<\/tr>\n<tr style=\"vertical-align: top; background-color: #dbd9d9;\">\n<td style=\"text-align: center;\"><strong>51.<\/strong><\/td>\n<td class=\"nomobile\" style=\"text-align: center;\">58<\/td>\n<td class=\"nomobile\" style=\"text-align: center;\"><span style=\"font-size: 8pt;\">Rally2<\/span><\/td>\n<td class=\"nomobile\" style=\"text-align: center;\"><span style=\"font-size: 8pt;\"><a href=\"\/index.php\/w2rc\/w2rc-2022\/\"><span style=\"color: #ee8027;\">W2RC<\/span><\/a><\/span><\/td>\n<td><strong>Mikael Despontin<\/strong><\/td>\n<td>KTM 450 Rally<\/td>\n<td class=\"nomobile\">RS Concept<\/td>\n<td style=\"text-align: right; padding-right: 15px;\"><strong>+10:58:58<\/strong><\/td>\n<\/tr>\n<tr style=\"vertical-align: top; background-color: #f2f2f2;\">\n<td style=\"text-align: center;\"><strong>52.<\/strong><\/td>\n<td class=\"nomobile\" style=\"text-align: center;\">108<\/td>\n<td class=\"nomobile\" style=\"text-align: center;\"><span style=\"font-size: 8pt;\">Rally2<\/span><\/td>\n<td class=\"nomobile\" style=\"text-align: center;\"><span style=\"font-size: 8pt;\"><a href=\"\/index.php\/w2rc\/w2rc-2022\/\"><span style=\"color: #ee8027;\">W2RC<\/span><\/a><\/span><\/td>\n<td><strong>Marc Calmet<\/strong><\/td>\n<td>KTM 450 Rally<\/td>\n<td class=\"nomobile\">Rieju &#8211; FN Speed Team<\/td>\n<td style=\"text-align: right; padding-right: 15px;\"><strong>+11:17:07<\/strong><\/td>\n<\/tr>\n<tr style=\"vertical-align: top; background-color: #dbd9d9;\">\n<td style=\"text-align: center;\"><strong>53.<\/strong><\/td>\n<td class=\"nomobile\" style=\"text-align: center;\">122<\/td>\n<td class=\"nomobile\" style=\"text-align: center;\"><span style=\"font-size: 8pt;\">Rally2<\/span><\/td>\n<td class=\"nomobile\" style=\"text-align: center;\"><span style=\"font-size: 8pt;\"><a href=\"\/index.php\/w2rc\/w2rc-2022\/\"><span style=\"color: #ee8027;\">W2RC<\/span><\/a><\/span><\/td>\n<td><strong>Diego Noras<\/strong><\/td>\n<td>Husqvarna FR 450 Rally<\/td>\n<td class=\"nomobile\">HT Rally Raid Husqvarna Racing<\/td>\n<td style=\"text-align: right; padding-right: 15px;\"><strong>+11:23:44<\/strong><\/td>\n<\/tr>\n<tr style=\"vertical-align: top; background-color: #f2f2f2;\">\n<td style=\"text-align: center;\"><strong>54.<\/strong><\/td>\n<td class=\"nomobile\" style=\"text-align: center;\">44<\/td>\n<td class=\"nomobile\" style=\"text-align: center;\"><span style=\"font-size: 8pt;\">Rally2<\/span><\/td>\n<td class=\"nomobile\" style=\"text-align: center;\"><span style=\"font-size: 8pt;\"><a href=\"\/index.php\/w2rc\/w2rc-2022\/\"><span style=\"color: #ee8027;\">W2RC<\/span><\/a><\/span><\/td>\n<td><strong>Simon Mar\u010di\u010d<\/strong><\/td>\n<td>Husqvarna FR 450 Rally<\/td>\n<td class=\"nomobile\"><\/td>\n<td style=\"text-align: right; padding-right: 15px;\"><strong>+12:20:01<\/strong><\/td>\n<\/tr>\n<tr style=\"vertical-align: top; background-color: #dbd9d9;\">\n<td style=\"text-align: center;\"><strong>55.<\/strong><\/td>\n<td class=\"nomobile\" style=\"text-align: center;\">138<\/td>\n<td class=\"nomobile\" style=\"text-align: center;\"><span style=\"font-size: 8pt;\">Rally2<\/span><\/td>\n<td class=\"nomobile\" style=\"text-align: center;\"><span style=\"font-size: 8pt;\"><a href=\"\/index.php\/w2rc\/w2rc-2022\/\"><span style=\"color: #ee8027;\">W2RC<\/span><\/a><\/span><\/td>\n<td><strong>Romain Leloup<\/strong><\/td>\n<td>KTM 450 Rally<\/td>\n<td class=\"nomobile\">Team Repar&#8217;stores<\/td>\n<td style=\"text-align: right; padding-right: 15px;\"><strong>+12:25:16<\/strong><\/td>\n<\/tr>\n<tr style=\"vertical-align: top; background-color: #f2f2f2;\">\n<td style=\"text-align: center;\"><strong>56.<\/strong><\/td>\n<td class=\"nomobile\" style=\"text-align: center;\">162<\/td>\n<td class=\"nomobile\" style=\"text-align: center;\"><span style=\"font-size: 8pt;\">Rally2<\/span><\/td>\n<td class=\"nomobile\" style=\"text-align: center;\"><span style=\"font-size: 8pt;\"><a href=\"\/index.php\/w2rc\/w2rc-2022\/\"><span style=\"color: #ee8027;\">W2RC<\/span><\/a><\/span><\/td>\n<td><strong>Ali Oukerbouch<\/strong><\/td>\n<td>KTM 450 Rally<\/td>\n<td class=\"nomobile\">Morocco Racing Team<\/td>\n<td style=\"text-align: right; padding-right: 15px;\"><strong>+12:26:29<\/strong><\/td>\n<\/tr>\n<tr style=\"vertical-align: top; background-color: #dbd9d9;\">\n<td style=\"text-align: center;\"><strong>57.<\/strong><\/td>\n<td class=\"nomobile\" style=\"text-align: center;\">114<\/td>\n<td class=\"nomobile\" style=\"text-align: center;\"><span style=\"font-size: 8pt;\">Rally2<\/span><\/td>\n<td class=\"nomobile\" style=\"text-align: center;\"><span style=\"font-size: 8pt;\"><a href=\"\/index.php\/w2rc\/w2rc-2022\/\"><span style=\"color: #ee8027;\">W2RC<\/span><\/a><\/span><\/td>\n<td><strong>Mathieu Liebaert<\/strong><\/td>\n<td>KTM 450 Rally<\/td>\n<td class=\"nomobile\">BAS World KTM Racing Team<\/td>\n<td style=\"text-align: right; padding-right: 15px;\"><strong>+12:50:44<\/strong><\/td>\n<\/tr>\n<tr style=\"vertical-align: top; background-color: #f2f2f2;\">\n<td style=\"text-align: center;\"><strong>58.<\/strong><\/td>\n<td class=\"nomobile\" style=\"text-align: center;\">155<\/td>\n<td class=\"nomobile\" style=\"text-align: center;\"><span style=\"font-size: 8pt;\">Rally2<\/span><\/td>\n<td class=\"nomobile\" style=\"text-align: center;\"><span style=\"font-size: 8pt;\"><a href=\"\/index.php\/w2rc\/w2rc-2022\/\"><span style=\"color: #ee8027;\">W2RC<\/span><\/a><\/span><\/td>\n<td><strong>Joaquin Debeljuh Taruselli<\/strong><\/td>\n<td>KTM 450 Rally<\/td>\n<td class=\"nomobile\">Xraids Experience<\/td>\n<td style=\"text-align: right; padding-right: 15px;\"><strong>+12:53:12<\/strong><\/td>\n<\/tr>\n<tr style=\"vertical-align: top; background-color: #dbd9d9;\">\n<td style=\"text-align: center;\"><strong>59.<\/strong><\/td>\n<td class=\"nomobile\" style=\"text-align: center;\">129<\/td>\n<td class=\"nomobile\" style=\"text-align: center;\"><span style=\"font-size: 8pt;\">Rally2<\/span><\/td>\n<td class=\"nomobile\" style=\"text-align: center;\"><span style=\"font-size: 8pt;\"><a href=\"\/index.php\/w2rc\/w2rc-2022\/\"><span style=\"color: #ee8027;\">W2RC<\/span><\/a><\/span><\/td>\n<td><strong>David Gaits<\/strong><\/td>\n<td>KTM 450 Rally<\/td>\n<td class=\"nomobile\"><\/td>\n<td style=\"text-align: right; padding-right: 15px;\"><strong>+13:01:12<\/strong><\/td>\n<\/tr>\n<tr style=\"vertical-align: top; background-color: #f2f2f2;\">\n<td style=\"text-align: center;\"><strong>60.<\/strong><\/td>\n<td class=\"nomobile\" style=\"text-align: center;\">107<\/td>\n<td class=\"nomobile\" style=\"text-align: center;\"><span style=\"font-size: 8pt;\">Rally2<\/span><\/td>\n<td class=\"nomobile\" style=\"text-align: center;\"><span style=\"font-size: 8pt;\"><a href=\"\/index.php\/w2rc\/w2rc-2022\/\"><span style=\"color: #ee8027;\">W2RC<\/span><\/a><\/span><\/td>\n<td><strong>Jack Lundin<\/strong><\/td>\n<td>Husqvarna FR 450 Rally<\/td>\n<td class=\"nomobile\">HT Rally Raid Husqvarna Racing<\/td>\n<td style=\"text-align: right; padding-right: 15px;\"><strong>+13:12:43<\/strong><\/td>\n<\/tr>\n<tr style=\"vertical-align: top; background-color: #dbd9d9;\">\n<td style=\"text-align: center;\"><strong>61.<\/strong><\/td>\n<td class=\"nomobile\" style=\"text-align: center;\">45<\/td>\n<td class=\"nomobile\" style=\"text-align: center;\"><span style=\"font-size: 8pt;\">Rally2<\/span><\/td>\n<td class=\"nomobile\" style=\"text-align: center;\"><span style=\"font-size: 8pt;\"><a href=\"\/index.php\/w2rc\/w2rc-2022\/\"><span style=\"color: #ee8027;\">W2RC<\/span><\/a><\/span><\/td>\n<td><strong>Zhang Min<\/strong><\/td>\n<td>KTM 450 Rally<\/td>\n<td class=\"nomobile\">Wu Pu Da Hai Dao Rally Team<\/td>\n<td style=\"text-align: right; padding-right: 15px;\"><strong>+13:45:34<\/strong><\/td>\n<\/tr>\n<tr style=\"vertical-align: top; background-color: #f2f2f2;\">\n<td style=\"text-align: center;\"><strong>62.<\/strong><\/td>\n<td class=\"nomobile\" style=\"text-align: center;\">128<\/td>\n<td class=\"nomobile\" style=\"text-align: center;\"><span style=\"font-size: 8pt;\">Rally2<\/span><\/td>\n<td class=\"nomobile\" style=\"text-align: center;\"><span style=\"font-size: 8pt;\"><a href=\"\/index.php\/w2rc\/w2rc-2022\/\"><span style=\"color: #ee8027;\">W2RC<\/span><\/a><\/span><\/td>\n<td><strong>Sandra Gomez<\/strong><\/td>\n<td>Husqvarna FR 450 Rally<\/td>\n<td class=\"nomobile\">HT Rally Raid Husqvarna Racing<\/td>\n<td style=\"text-align: right; padding-right: 15px;\"><strong>+13:48:17<\/strong><\/td>\n<\/tr>\n<tr style=\"vertical-align: top; background-color: #dbd9d9;\">\n<td style=\"text-align: center;\"><strong>63.<\/strong><\/td>\n<td class=\"nomobile\" style=\"text-align: center;\">101<\/td>\n<td class=\"nomobile\" style=\"text-align: center;\"><span style=\"font-size: 8pt;\">Rally2<\/span><\/td>\n<td class=\"nomobile\" style=\"text-align: center;\"><span style=\"font-size: 8pt;\"><a href=\"\/index.php\/w2rc\/w2rc-2022\/\"><span style=\"color: #ee8027;\">W2RC<\/span><\/a><\/span><\/td>\n<td><strong>Harite Gabari<\/strong><\/td>\n<td>Husqvarna FR 450 Rally<\/td>\n<td class=\"nomobile\">Morocco Racing Team<\/td>\n<td style=\"text-align: right; padding-right: 15px;\"><strong>+13:51:50<\/strong><\/td>\n<\/tr>\n<tr style=\"vertical-align: top; background-color: #f2f2f2;\">\n<td style=\"text-align: center;\"><strong>64.<\/strong><\/td>\n<td class=\"nomobile\" style=\"text-align: center;\">139<\/td>\n<td class=\"nomobile\" style=\"text-align: center;\"><span style=\"font-size: 8pt;\">Rally2<\/span><\/td>\n<td class=\"nomobile\" style=\"text-align: center;\"><span style=\"font-size: 8pt;\"><a href=\"\/index.php\/w2rc\/w2rc-2022\/\"><span style=\"color: #ee8027;\">W2RC<\/span><\/a><\/span><\/td>\n<td><strong>Jonathan Chotard<\/strong><\/td>\n<td>KTM 450 Rally<\/td>\n<td class=\"nomobile\">Juracing Team<\/td>\n<td style=\"text-align: right; padding-right: 15px;\"><strong>+14:00:33<\/strong><\/td>\n<\/tr>\n<tr style=\"vertical-align: top; background-color: #dbd9d9;\">\n<td style=\"text-align: center;\"><strong>65.<\/strong><\/td>\n<td class=\"nomobile\" style=\"text-align: center;\">84<\/td>\n<td class=\"nomobile\" style=\"text-align: center;\"><span style=\"font-size: 8pt;\">Rally2<\/span><\/td>\n<td class=\"nomobile\" style=\"text-align: center;\"><span style=\"font-size: 8pt;\"><a href=\"\/index.php\/w2rc\/w2rc-2022\/\"><span style=\"color: #ee8027;\">W2RC<\/span><\/a><\/span><\/td>\n<td><strong>Stuart Gregory<\/strong><\/td>\n<td>KTM 450 Rally<\/td>\n<td class=\"nomobile\"><\/td>\n<td style=\"text-align: right; padding-right: 15px;\"><strong>+14:27:32<\/strong><\/td>\n<\/tr>\n<tr style=\"vertical-align: top; background-color: #f2f2f2;\">\n<td style=\"text-align: center;\"><strong>66.<\/strong><\/td>\n<td class=\"nomobile\" style=\"text-align: center;\">55<\/td>\n<td class=\"nomobile\" style=\"text-align: center;\"><span style=\"font-size: 8pt;\">Rally2<\/span><\/td>\n<td class=\"nomobile\" style=\"text-align: center;\"><span style=\"font-size: 8pt;\"><a href=\"\/index.php\/w2rc\/w2rc-2022\/\"><span style=\"color: #ee8027;\">W2RC<\/span><\/a><\/span><\/td>\n<td><strong>Cesare Zacchetti<\/strong><\/td>\n<td>KTM 450 Rally<\/td>\n<td class=\"nomobile\"><\/td>\n<td style=\"text-align: right; padding-right: 15px;\"><strong>+14:32:57<\/strong><\/td>\n<\/tr>\n<tr style=\"vertical-align: top; background-color: #dbd9d9;\">\n<td style=\"text-align: center;\"><strong>67.<\/strong><\/td>\n<td class=\"nomobile\" style=\"text-align: center;\">53<\/td>\n<td class=\"nomobile\" style=\"text-align: center;\"><span style=\"font-size: 8pt;\">Rally2<\/span><\/td>\n<td class=\"nomobile\" style=\"text-align: center;\"><span style=\"font-size: 8pt;\"><a href=\"\/index.php\/w2rc\/w2rc-2022\/\"><span style=\"color: #ee8027;\">W2RC<\/span><\/a><\/span><\/td>\n<td><strong>Patrice Carillon<\/strong><\/td>\n<td>KTM 450 Rally<\/td>\n<td class=\"nomobile\"><\/td>\n<td style=\"text-align: right; padding-right: 15px;\"><strong>+14:35:00<\/strong><\/td>\n<\/tr>\n<tr style=\"vertical-align: top; background-color: #f2f2f2;\">\n<td style=\"text-align: center;\"><strong>68.<\/strong><\/td>\n<td class=\"nomobile\" style=\"text-align: center;\">135<\/td>\n<td class=\"nomobile\" style=\"text-align: center;\"><span style=\"font-size: 8pt;\">Rally2<\/span><\/td>\n<td class=\"nomobile\" style=\"text-align: center;\"><span style=\"font-size: 8pt;\"><a href=\"\/index.php\/w2rc\/w2rc-2022\/\"><span style=\"color: #ee8027;\">W2RC<\/span><\/a><\/span><\/td>\n<td><strong>Carles Falcon<\/strong><\/td>\n<td>KTM 450 Rally<\/td>\n<td class=\"nomobile\">Twintrail Racing Team<\/td>\n<td style=\"text-align: right; padding-right: 15px;\"><strong>+15:05:27<\/strong><\/td>\n<\/tr>\n<tr style=\"vertical-align: top; background-color: #dbd9d9;\">\n<td style=\"text-align: center;\"><strong>69.<\/strong><\/td>\n<td class=\"nomobile\" style=\"text-align: center;\">96<\/td>\n<td class=\"nomobile\" style=\"text-align: center;\"><span style=\"font-size: 8pt;\">Rally2<\/span><\/td>\n<td class=\"nomobile\" style=\"text-align: center;\"><span style=\"font-size: 8pt;\"><a href=\"\/index.php\/w2rc\/w2rc-2022\/\"><span style=\"color: #ee8027;\">W2RC<\/span><\/a><\/span><\/td>\n<td><strong>Alexandre Azinhais<\/strong><\/td>\n<td>KTM 450 EXC<\/td>\n<td class=\"nomobile\">Club Aventura Touareg<\/td>\n<td style=\"text-align: right; padding-right: 15px;\"><strong>+15:06:56<\/strong><\/td>\n<\/tr>\n<tr style=\"vertical-align: top; background-color: #f2f2f2;\">\n<td style=\"text-align: center;\"><strong>70.<\/strong><\/td>\n<td class=\"nomobile\" style=\"text-align: center;\">147<\/td>\n<td class=\"nomobile\" style=\"text-align: center;\"><span style=\"font-size: 8pt;\">Rally2<\/span><\/td>\n<td class=\"nomobile\" style=\"text-align: center;\"><span style=\"font-size: 8pt;\"><a href=\"\/index.php\/w2rc\/w2rc-2022\/\"><span style=\"color: #ee8027;\">W2RC<\/span><\/a><\/span><\/td>\n<td><strong>Vasileios Boudros<\/strong><\/td>\n<td>Husqvarna FR 450 Rally<\/td>\n<td class=\"nomobile\">Nomadas Adventure<\/td>\n<td style=\"text-align: right; padding-right: 15px;\"><strong>+15:16:17<\/strong><\/td>\n<\/tr>\n<tr style=\"vertical-align: top; background-color: #dbd9d9;\">\n<td style=\"text-align: center;\"><strong>71.<\/strong><\/td>\n<td class=\"nomobile\" style=\"text-align: center;\">136<\/td>\n<td class=\"nomobile\" style=\"text-align: center;\"><span style=\"font-size: 8pt;\">Rally2<\/span><\/td>\n<td class=\"nomobile\" style=\"text-align: center;\"><span style=\"font-size: 8pt;\"><a href=\"\/index.php\/w2rc\/w2rc-2022\/\"><span style=\"color: #ee8027;\">W2RC<\/span><\/a><\/span><\/td>\n<td><strong>Albert Mart\u00edn Garc\u00eda<\/strong><\/td>\n<td>Husqvarna FR 450 Rally<\/td>\n<td class=\"nomobile\">Twin Trail Racing Team<\/td>\n<td style=\"text-align: right; padding-right: 15px;\"><strong>+15:30:23<\/strong><\/td>\n<\/tr>\n<tr style=\"vertical-align: top; background-color: #f2f2f2;\">\n<td style=\"text-align: center;\"><strong>72.<\/strong><\/td>\n<td class=\"nomobile\" style=\"text-align: center;\">66<\/td>\n<td class=\"nomobile\" style=\"text-align: center;\"><span style=\"font-size: 8pt;\">Rally2<\/span><\/td>\n<td class=\"nomobile\" style=\"text-align: center;\"><span style=\"font-size: 8pt;\"><a href=\"\/index.php\/w2rc\/w2rc-2022\/\"><span style=\"color: #ee8027;\">W2RC<\/span><\/a><\/span><\/td>\n<td><strong>Franco Picco<\/strong><\/td>\n<td>Fantic 450 Rally<\/td>\n<td class=\"nomobile\">Team Franco Picco<\/td>\n<td style=\"text-align: right; padding-right: 15px;\"><strong>+16:00:44<\/strong><\/td>\n<\/tr>\n<tr style=\"vertical-align: top; background-color: #dbd9d9;\">\n<td style=\"text-align: center;\"><strong>73.<\/strong><\/td>\n<td class=\"nomobile\" style=\"text-align: center;\">68<\/td>\n<td class=\"nomobile\" style=\"text-align: center;\"><span style=\"font-size: 8pt;\">Rally2<\/span><\/td>\n<td class=\"nomobile\" style=\"text-align: center;\"><span style=\"font-size: 8pt;\"><a href=\"\/index.php\/w2rc\/w2rc-2022\/\"><span style=\"color: #ee8027;\">W2RC<\/span><\/a><\/span><\/td>\n<td><strong>Francesco Catanese<\/strong><\/td>\n<td>Honda CRF450 Rally<\/td>\n<td class=\"nomobile\">RS Moto Honda Racing Team<\/td>\n<td style=\"text-align: right; padding-right: 15px;\"><strong>+16:05:18<\/strong><\/td>\n<\/tr>\n<tr style=\"vertical-align: top; background-color: #f2f2f2;\">\n<td style=\"text-align: center;\"><strong>74.<\/strong><\/td>\n<td class=\"nomobile\" style=\"text-align: center;\">154<\/td>\n<td class=\"nomobile\" style=\"text-align: center;\"><span style=\"font-size: 8pt;\">Rally2<\/span><\/td>\n<td class=\"nomobile\" style=\"text-align: center;\"><span style=\"font-size: 8pt;\"><a href=\"\/index.php\/w2rc\/w2rc-2022\/\"><span style=\"color: #ee8027;\">W2RC<\/span><\/a><\/span><\/td>\n<td><strong>John William Medina Salazar<\/strong><\/td>\n<td>KTM 450 Rally<\/td>\n<td class=\"nomobile\">Xraids Experience<\/td>\n<td style=\"text-align: right; padding-right: 15px;\"><strong>+16:06:53<\/strong><\/td>\n<\/tr>\n<tr style=\"vertical-align: top; background-color: #dbd9d9;\">\n<td style=\"text-align: center;\"><strong>75.<\/strong><\/td>\n<td class=\"nomobile\" style=\"text-align: center;\">98<\/td>\n<td class=\"nomobile\" style=\"text-align: center;\"><span style=\"font-size: 8pt;\">Rally2<\/span><\/td>\n<td class=\"nomobile\" style=\"text-align: center;\"><span style=\"font-size: 8pt;\"><a href=\"\/index.php\/w2rc\/w2rc-2022\/\"><span style=\"color: #ee8027;\">W2RC<\/span><\/a><\/span><\/td>\n<td><strong>Sara Garc\u00eda<\/strong><\/td>\n<td>Yamaha WR450F Rally<\/td>\n<td class=\"nomobile\">Pont Grup Yamaha<\/td>\n<td style=\"text-align: right; padding-right: 15px;\"><strong>+16:06:54<\/strong><\/td>\n<\/tr>\n<tr style=\"vertical-align: top; background-color: #f2f2f2;\">\n<td style=\"text-align: center;\"><strong>76.<\/strong><\/td>\n<td class=\"nomobile\" style=\"text-align: center;\">35<\/td>\n<td class=\"nomobile\" style=\"text-align: center;\"><span style=\"font-size: 8pt;\">Rally2<\/span><\/td>\n<td class=\"nomobile\" style=\"text-align: center;\"><span style=\"font-size: 8pt;\"><a href=\"\/index.php\/w2rc\/w2rc-2022\/\"><span style=\"color: #ee8027;\">W2RC<\/span><\/a><\/span><\/td>\n<td><strong>Juan Pablo Guillen Riviera<\/strong><\/td>\n<td>KTM 450 Rally<\/td>\n<td class=\"nomobile\">Nomadas Adventure<\/td>\n<td style=\"text-align: right; padding-right: 15px;\"><strong>+16:16:31<\/strong><\/td>\n<\/tr>\n<tr style=\"vertical-align: top; background-color: #dbd9d9;\">\n<td style=\"text-align: center;\"><strong>77.<\/strong><\/td>\n<td class=\"nomobile\" style=\"text-align: center;\">160<\/td>\n<td class=\"nomobile\" style=\"text-align: center;\"><span style=\"font-size: 8pt;\">Rally2<\/span><\/td>\n<td class=\"nomobile\" style=\"text-align: center;\"><span style=\"font-size: 8pt;\"><a href=\"\/index.php\/w2rc\/w2rc-2022\/\"><span style=\"color: #ee8027;\">W2RC<\/span><\/a><\/span><\/td>\n<td><strong>Cesar Zumaran<\/strong><\/td>\n<td>KTM 450 Rally<\/td>\n<td class=\"nomobile\"><\/td>\n<td style=\"text-align: right; padding-right: 15px;\"><strong>+16:29:01<\/strong><\/td>\n<\/tr>\n<tr style=\"vertical-align: top; background-color: #f2f2f2;\">\n<td style=\"text-align: center;\"><strong>78.<\/strong><\/td>\n<td class=\"nomobile\" style=\"text-align: center;\">38<\/td>\n<td class=\"nomobile\" style=\"text-align: center;\"><span style=\"font-size: 8pt;\">Rally2<\/span><\/td>\n<td class=\"nomobile\" style=\"text-align: center;\"><span style=\"font-size: 8pt;\"><a href=\"\/index.php\/w2rc\/w2rc-2022\/\"><span style=\"color: #ee8027;\">W2RC<\/span><\/a><\/span><\/td>\n<td><strong>Eduardo Iglesias Sanchez<\/strong><\/td>\n<td>KTM 450 Rally<\/td>\n<td class=\"nomobile\">Team Monforte Rally<\/td>\n<td style=\"text-align: right; padding-right: 15px;\"><strong>+16:35:48<\/strong><\/td>\n<\/tr>\n<tr style=\"vertical-align: top; background-color: #dbd9d9;\">\n<td style=\"text-align: center;\"><strong>79.<\/strong><\/td>\n<td class=\"nomobile\" style=\"text-align: center;\">48<\/td>\n<td class=\"nomobile\" style=\"text-align: center;\"><span style=\"font-size: 8pt;\">Rally2<\/span><\/td>\n<td class=\"nomobile\" style=\"text-align: center;\"><span style=\"font-size: 8pt;\"><a href=\"\/index.php\/w2rc\/w2rc-2022\/\"><span style=\"color: #ee8027;\">W2RC<\/span><\/a><\/span><\/td>\n<td><strong>Zhao Hongyi<\/strong><\/td>\n<td>KTM 450 Rally<\/td>\n<td class=\"nomobile\">Wu Pu Da Hai Dao Rally Team<\/td>\n<td style=\"text-align: right; padding-right: 15px;\"><strong>+16:44:54<\/strong><\/td>\n<\/tr>\n<tr style=\"vertical-align: top; background-color: #f2f2f2;\">\n<td style=\"text-align: center;\"><strong>80.<\/strong><\/td>\n<td class=\"nomobile\" style=\"text-align: center;\">165<\/td>\n<td class=\"nomobile\" style=\"text-align: center;\"><span style=\"font-size: 8pt;\">Rally2<\/span><\/td>\n<td class=\"nomobile\" style=\"text-align: center;\"><span style=\"font-size: 8pt;\"><a href=\"\/index.php\/w2rc\/w2rc-2022\/\"><span style=\"color: #ee8027;\">W2RC<\/span><\/a><\/span><\/td>\n<td><strong>Arc\u00e9lio Couto<\/strong><\/td>\n<td>Honda CRF450 RX<\/td>\n<td class=\"nomobile\">Team Bianchi Prata &#8211; Honda<\/td>\n<td style=\"text-align: right; padding-right: 15px;\"><strong>+17:04:34<\/strong><\/td>\n<\/tr>\n<tr style=\"vertical-align: top; background-color: #dbd9d9;\">\n<td style=\"text-align: center;\"><strong>81.<\/strong><\/td>\n<td class=\"nomobile\" style=\"text-align: center;\">120<\/td>\n<td class=\"nomobile\" style=\"text-align: center;\"><span style=\"font-size: 8pt;\">Rally2<\/span><\/td>\n<td class=\"nomobile\" style=\"text-align: center;\"><span style=\"font-size: 8pt;\"><a href=\"\/index.php\/w2rc\/w2rc-2022\/\"><span style=\"color: #ee8027;\">W2RC<\/span><\/a><\/span><\/td>\n<td><strong>Jeremy Poncet<\/strong><\/td>\n<td>Husqvarna 450 RFR<\/td>\n<td class=\"nomobile\">Xtrem Garage<\/td>\n<td style=\"text-align: right; padding-right: 15px;\"><strong>+17:45:13<\/strong><\/td>\n<\/tr>\n<tr style=\"vertical-align: top; background-color: #f2f2f2;\">\n<td style=\"text-align: center;\"><strong>82.<\/strong><\/td>\n<td class=\"nomobile\" style=\"text-align: center;\">127<\/td>\n<td class=\"nomobile\" style=\"text-align: center;\"><span style=\"font-size: 8pt;\">Rally2<\/span><\/td>\n<td class=\"nomobile\" style=\"text-align: center;\"><span style=\"font-size: 8pt;\"><a href=\"\/index.php\/w2rc\/w2rc-2022\/\"><span style=\"color: #ee8027;\">W2RC<\/span><\/a><\/span><\/td>\n<td><strong>Sebastien Cojean<\/strong><\/td>\n<td>Husqvarna FE 450<\/td>\n<td class=\"nomobile\"><\/td>\n<td style=\"text-align: right; padding-right: 15px;\"><strong>+18:18:23<\/strong><\/td>\n<\/tr>\n<tr style=\"vertical-align: top; background-color: #dbd9d9;\">\n<td style=\"text-align: center;\"><strong>83.<\/strong><\/td>\n<td class=\"nomobile\" style=\"text-align: center;\">124<\/td>\n<td class=\"nomobile\" style=\"text-align: center;\"><span style=\"font-size: 8pt;\">Rally2<\/span><\/td>\n<td class=\"nomobile\" style=\"text-align: center;\"><span style=\"font-size: 8pt;\"><a href=\"\/index.php\/w2rc\/w2rc-2022\/\"><span style=\"color: #ee8027;\">W2RC<\/span><\/a><\/span><\/td>\n<td><strong>Roch Wolville<\/strong><\/td>\n<td>Husqvarna FR 450 Rally<\/td>\n<td class=\"nomobile\">RS Concept<\/td>\n<td style=\"text-align: right; padding-right: 15px;\"><strong>+18:30:52<\/strong><\/td>\n<\/tr>\n<tr style=\"vertical-align: top; background-color: #f2f2f2;\">\n<td style=\"text-align: center;\"><strong>84.<\/strong><\/td>\n<td class=\"nomobile\" style=\"text-align: center;\">57<\/td>\n<td class=\"nomobile\" style=\"text-align: center;\"><span style=\"font-size: 8pt;\">Rally2<\/span><\/td>\n<td class=\"nomobile\" style=\"text-align: center;\"><span style=\"font-size: 8pt;\"><a href=\"\/index.php\/w2rc\/w2rc-2022\/\"><span style=\"color: #ee8027;\">W2RC<\/span><\/a><\/span><\/td>\n<td><strong>Philippe Cavelius<\/strong><\/td>\n<td>KTM 450 Rally<\/td>\n<td class=\"nomobile\">Cavelius Team<\/td>\n<td style=\"text-align: right; padding-right: 15px;\"><strong>+19:04:07<\/strong><\/td>\n<\/tr>\n<tr style=\"vertical-align: top; background-color: #dbd9d9;\">\n<td style=\"text-align: center;\"><strong>85.<\/strong><\/td>\n<td class=\"nomobile\" style=\"text-align: center;\">109<\/td>\n<td class=\"nomobile\" style=\"text-align: center;\"><span style=\"font-size: 8pt;\">Rally2<\/span><\/td>\n<td class=\"nomobile\" style=\"text-align: center;\"><span style=\"font-size: 8pt;\"><a href=\"\/index.php\/w2rc\/w2rc-2022\/\"><span style=\"color: #ee8027;\">W2RC<\/span><\/a><\/span><\/td>\n<td><strong>Lkhamaa Namchin<\/strong><\/td>\n<td>KTM 450 Rally<\/td>\n<td class=\"nomobile\">Team Lkhamaa<\/td>\n<td style=\"text-align: right; padding-right: 15px;\"><strong>+19:16:57<\/strong><\/td>\n<\/tr>\n<tr style=\"vertical-align: top; background-color: #f2f2f2;\">\n<td style=\"text-align: center;\"><strong>86.<\/strong><\/td>\n<td class=\"nomobile\" style=\"text-align: center;\">87<\/td>\n<td class=\"nomobile\" style=\"text-align: center;\"><span style=\"font-size: 8pt;\">Rally2<\/span><\/td>\n<td class=\"nomobile\" style=\"text-align: center;\"><span style=\"font-size: 8pt;\"><a href=\"\/index.php\/w2rc\/w2rc-2022\/\"><span style=\"color: #ee8027;\">W2RC<\/span><\/a><\/span><\/td>\n<td><strong>Walter Terblanche<\/strong><\/td>\n<td>KTM 450 Rally<\/td>\n<td class=\"nomobile\">BAS World KTM Racing Team<\/td>\n<td style=\"text-align: right; padding-right: 15px;\"><strong>+19:51:11<\/strong><\/td>\n<\/tr>\n<tr style=\"vertical-align: top; background-color: #dbd9d9;\">\n<td style=\"text-align: center;\"><strong>87.<\/strong><\/td>\n<td class=\"nomobile\" style=\"text-align: center;\">99<\/td>\n<td class=\"nomobile\" style=\"text-align: center;\"><span style=\"font-size: 8pt;\">Rally2<\/span><\/td>\n<td class=\"nomobile\" style=\"text-align: center;\"><span style=\"font-size: 8pt;\"><a href=\"\/index.php\/w2rc\/w2rc-2022\/\"><span style=\"color: #ee8027;\">W2RC<\/span><\/a><\/span><\/td>\n<td><strong>Javi Vega<\/strong><\/td>\n<td>Yamaha WR450F<\/td>\n<td class=\"nomobile\">Pont Grup Yamaha<\/td>\n<td style=\"text-align: right; padding-right: 15px;\"><strong>+20:05:15<\/strong><\/td>\n<\/tr>\n<tr style=\"vertical-align: top; background-color: #f2f2f2;\">\n<td style=\"text-align: center;\"><strong>88.<\/strong><\/td>\n<td class=\"nomobile\" style=\"text-align: center;\">119<\/td>\n<td class=\"nomobile\" style=\"text-align: center;\"><span style=\"font-size: 8pt;\">Rally2<\/span><\/td>\n<td class=\"nomobile\" style=\"text-align: center;\"><span style=\"font-size: 8pt;\"><a href=\"\/index.php\/w2rc\/w2rc-2022\/\"><span style=\"color: #ee8027;\">W2RC<\/span><\/a><\/span><\/td>\n<td><strong>Domenico Cipollone<\/strong><\/td>\n<td>KTM 450 Rally<\/td>\n<td class=\"nomobile\">Terrerosse<\/td>\n<td style=\"text-align: right; padding-right: 15px;\"><strong>+20:09:47<\/strong><\/td>\n<\/tr>\n<tr style=\"vertical-align: top; background-color: #dbd9d9;\">\n<td style=\"text-align: center;\"><strong>89.<\/strong><\/td>\n<td class=\"nomobile\" style=\"text-align: center;\">168<\/td>\n<td class=\"nomobile\" style=\"text-align: center;\"><span style=\"font-size: 8pt;\">Rally2<\/span><\/td>\n<td class=\"nomobile\" style=\"text-align: center;\"><span style=\"font-size: 8pt;\"><a href=\"\/index.php\/w2rc\/w2rc-2022\/\"><span style=\"color: #ee8027;\">W2RC<\/span><\/a><\/span><\/td>\n<td><strong>Samuel Fremy<\/strong><\/td>\n<td>KTM 450 Rally<\/td>\n<td class=\"nomobile\">Nomade Racing<\/td>\n<td style=\"text-align: right; padding-right: 15px;\"><strong>+20:28:32<\/strong><\/td>\n<\/tr>\n<tr style=\"vertical-align: top; background-color: #f2f2f2;\">\n<td style=\"text-align: center;\"><strong>90.<\/strong><\/td>\n<td class=\"nomobile\" style=\"text-align: center;\">90<\/td>\n<td class=\"nomobile\" style=\"text-align: center;\"><span style=\"font-size: 8pt;\">Rally2<\/span><\/td>\n<td class=\"nomobile\" style=\"text-align: center;\"><span style=\"font-size: 8pt;\"><a href=\"\/index.php\/w2rc\/w2rc-2022\/\"><span style=\"color: #ee8027;\">W2RC<\/span><\/a><\/span><\/td>\n<td><strong>Danilo Petrucci<\/strong><\/td>\n<td>KTM 450 Rally<\/td>\n<td class=\"nomobile\">Tech 3 KTM Factory Racing<\/td>\n<td style=\"text-align: right; padding-right: 15px;\"><strong>+20:43:04<\/strong><\/td>\n<\/tr>\n<tr style=\"vertical-align: top; background-color: #dbd9d9;\">\n<td style=\"text-align: center;\"><strong>91.<\/strong><\/td>\n<td class=\"nomobile\" style=\"text-align: center;\">153<\/td>\n<td class=\"nomobile\" style=\"text-align: center;\"><span style=\"font-size: 8pt;\">Rally2<\/span><\/td>\n<td class=\"nomobile\" style=\"text-align: center;\"><span style=\"font-size: 8pt;\"><a href=\"\/index.php\/w2rc\/w2rc-2022\/\"><span style=\"color: #ee8027;\">W2RC<\/span><\/a><\/span><\/td>\n<td><strong>Werner Kennedy<\/strong><\/td>\n<td>KTM 450 Rally<\/td>\n<td class=\"nomobile\"><\/td>\n<td style=\"text-align: right; padding-right: 15px;\"><strong>+20:53:09<\/strong><\/td>\n<\/tr>\n<tr style=\"vertical-align: top; background-color: #f2f2f2;\">\n<td style=\"text-align: center;\"><strong>92.<\/strong><\/td>\n<td class=\"nomobile\" style=\"text-align: center;\">112<\/td>\n<td class=\"nomobile\" style=\"text-align: center;\"><span style=\"font-size: 8pt;\">Rally2<\/span><\/td>\n<td class=\"nomobile\" style=\"text-align: center;\"><span style=\"font-size: 8pt;\"><a href=\"\/index.php\/w2rc\/w2rc-2022\/\"><span style=\"color: #ee8027;\">W2RC<\/span><\/a><\/span><\/td>\n<td><strong>Jose Arvest Portero<\/strong><\/td>\n<td>KTM 450 Rally<\/td>\n<td class=\"nomobile\">Arvi Portero Arfsten<\/td>\n<td style=\"text-align: right; padding-right: 15px;\"><strong>+21:01:31<\/strong><\/td>\n<\/tr>\n<tr style=\"vertical-align: top; background-color: #dbd9d9;\">\n<td style=\"text-align: center;\"><strong>93.<\/strong><\/td>\n<td class=\"nomobile\" style=\"text-align: center;\">133<\/td>\n<td class=\"nomobile\" style=\"text-align: center;\"><span style=\"font-size: 8pt;\">Rally2<\/span><\/td>\n<td class=\"nomobile\" style=\"text-align: center;\"><span style=\"font-size: 8pt;\"><a href=\"\/index.php\/w2rc\/w2rc-2022\/\"><span style=\"color: #ee8027;\">W2RC<\/span><\/a><\/span><\/td>\n<td><strong>Julien Barth\u00e9l\u00e9my<\/strong><\/td>\n<td>Honda CRF450 RX Rally<\/td>\n<td class=\"nomobile\">RS Moto Racing Team<\/td>\n<td style=\"text-align: right; padding-right: 15px;\"><strong>+21:26:52<\/strong><\/td>\n<\/tr>\n<tr style=\"vertical-align: top; background-color: #f2f2f2;\">\n<td style=\"text-align: center;\"><strong>94.<\/strong><\/td>\n<td class=\"nomobile\" style=\"text-align: center;\">130<\/td>\n<td class=\"nomobile\" style=\"text-align: center;\"><span style=\"font-size: 8pt;\">Rally2<\/span><\/td>\n<td class=\"nomobile\" style=\"text-align: center;\"><span style=\"font-size: 8pt;\"><a href=\"\/index.php\/w2rc\/w2rc-2022\/\"><span style=\"color: #ee8027;\">W2RC<\/span><\/a><\/span><\/td>\n<td><strong>David Mabbs<\/strong><\/td>\n<td>KTM 450 Rally<\/td>\n<td class=\"nomobile\">Vendetta Racing UAE<\/td>\n<td style=\"text-align: right; padding-right: 15px;\"><strong>+21:30:38<\/strong><\/td>\n<\/tr>\n<tr style=\"vertical-align: top; background-color: #dbd9d9;\">\n<td style=\"text-align: center;\"><strong>95.<\/strong><\/td>\n<td class=\"nomobile\" style=\"text-align: center;\">125<\/td>\n<td class=\"nomobile\" style=\"text-align: center;\"><span style=\"font-size: 8pt;\">Rally2<\/span><\/td>\n<td class=\"nomobile\" style=\"text-align: center;\"><span style=\"font-size: 8pt;\"><a href=\"\/index.php\/w2rc\/w2rc-2022\/\"><span style=\"color: #ee8027;\">W2RC<\/span><\/a><\/span><\/td>\n<td><strong>Edouard Leconte<\/strong><\/td>\n<td>KTM 450 Rally<\/td>\n<td class=\"nomobile\">Dumontier Racing<\/td>\n<td style=\"text-align: right; padding-right: 15px;\"><strong>+22:31:36<\/strong><\/td>\n<\/tr>\n<tr style=\"vertical-align: top; background-color: #f2f2f2;\">\n<td style=\"text-align: center;\"><strong>96.<\/strong><\/td>\n<td class=\"nomobile\" style=\"text-align: center;\">97<\/td>\n<td class=\"nomobile\" style=\"text-align: center;\"><span style=\"font-size: 8pt;\">Rally2<\/span><\/td>\n<td class=\"nomobile\" style=\"text-align: center;\"><span style=\"font-size: 8pt;\"><a href=\"\/index.php\/w2rc\/w2rc-2022\/\"><span style=\"color: #ee8027;\">W2RC<\/span><\/a><\/span><\/td>\n<td><strong>Matias Notti<\/strong><\/td>\n<td>KTM 450 Rally<\/td>\n<td class=\"nomobile\">Man Team<\/td>\n<td style=\"text-align: right; padding-right: 15px;\"><strong>+23:00:45<\/strong><\/td>\n<\/tr>\n<tr style=\"vertical-align: top; background-color: #dbd9d9;\">\n<td style=\"text-align: center;\"><strong>97.<\/strong><\/td>\n<td class=\"nomobile\" style=\"text-align: center;\">156<\/td>\n<td class=\"nomobile\" style=\"text-align: center;\"><span style=\"font-size: 8pt;\">Rally2<\/span><\/td>\n<td class=\"nomobile\" style=\"text-align: center;\"><span style=\"font-size: 8pt;\"><a href=\"\/index.php\/w2rc\/w2rc-2022\/\"><span style=\"color: #ee8027;\">W2RC<\/span><\/a><\/span><\/td>\n<td><strong>Andrea Giuseppe Fili Winkler<\/strong><\/td>\n<td>KTM 450 Rally<\/td>\n<td class=\"nomobile\">Team Motoclub Yashica<\/td>\n<td style=\"text-align: right; padding-right: 15px;\"><strong>+23:02:43<\/strong><\/td>\n<\/tr>\n<tr style=\"vertical-align: top; background-color: #f2f2f2;\">\n<td style=\"text-align: center;\"><strong>98.<\/strong><\/td>\n<td class=\"nomobile\" style=\"text-align: center;\">100<\/td>\n<td class=\"nomobile\" style=\"text-align: center;\"><span style=\"font-size: 8pt;\">Rally2<\/span><\/td>\n<td class=\"nomobile\" style=\"text-align: center;\"><span style=\"font-size: 8pt;\"><a href=\"\/index.php\/w2rc\/w2rc-2022\/\"><span style=\"color: #ee8027;\">W2RC<\/span><\/a><\/span><\/td>\n<td><strong>Audrey Rossat<\/strong><\/td>\n<td>KTM 450 EXC-F<\/td>\n<td class=\"nomobile\">Rossat<\/td>\n<td style=\"text-align: right; padding-right: 15px;\"><strong>+23:15:59<\/strong><\/td>\n<\/tr>\n<tr style=\"vertical-align: top; background-color: #dbd9d9;\">\n<td style=\"text-align: center;\"><strong>99.<\/strong><\/td>\n<td class=\"nomobile\" style=\"text-align: center;\">103<\/td>\n<td class=\"nomobile\" style=\"text-align: center;\"><span style=\"font-size: 8pt;\">Rally2<\/span><\/td>\n<td class=\"nomobile\" style=\"text-align: center;\"><span style=\"font-size: 8pt;\"><a href=\"\/index.php\/w2rc\/w2rc-2022\/\"><span style=\"color: #ee8027;\">W2RC<\/span><\/a><\/span><\/td>\n<td><strong>Fabrice Chirent<\/strong><\/td>\n<td>KTM 450 EXC-F<\/td>\n<td class=\"nomobile\">Team Fabaventure<\/td>\n<td style=\"text-align: right; padding-right: 15px;\"><strong>+23:40:46<\/strong><\/td>\n<\/tr>\n<tr style=\"vertical-align: top; background-color: #f2f2f2;\">\n<td style=\"text-align: center;\"><strong>100.<sup>\u2217<\/sup><\/strong><\/td>\n<td class=\"nomobile\" style=\"text-align: center;\">1<\/td>\n<td class=\"nomobile\" style=\"text-align: center;\"><span style=\"font-size: 8pt;\">RallyGP<\/span><\/td>\n<td class=\"nomobile\" style=\"text-align: center;\"><span style=\"font-size: 8pt;\"><a href=\"\/index.php\/w2rc\/w2rc-2022\/\"><span style=\"color: #ee8027;\">W2RC<\/span><\/a><\/span><\/td>\n<td><a href=\"\/index.php\/osobnosti\/kevin-benavides\/\"><span style=\"color: #ee8027;\"><strong>Kevin Benavides<\/strong><\/span><\/a><\/td>\n<td>KTM 450 Rally<\/td>\n<td class=\"nomobile\">Red Bull KTM Factory Racing<\/td>\n<td style=\"text-align: right; padding-right: 15px;\"><strong>+23:53:29<\/strong><\/td>\n<\/tr>\n<tr style=\"vertical-align: top; background-color: #dbd9d9;\">\n<td style=\"text-align: center;\"><strong>101.<\/strong><\/td>\n<td class=\"nomobile\" style=\"text-align: center;\">92<\/td>\n<td class=\"nomobile\" style=\"text-align: center;\"><span style=\"font-size: 8pt;\">Rally2<\/span><\/td>\n<td class=\"nomobile\" style=\"text-align: center;\"><span style=\"font-size: 8pt;\"><a href=\"\/index.php\/w2rc\/w2rc-2022\/\"><span style=\"color: #ee8027;\">W2RC<\/span><\/a><\/span><\/td>\n<td><strong>Lorenzo Piolini<\/strong><\/td>\n<td>KTM 450 Rally<\/td>\n<td class=\"nomobile\">Caravanserraglio Rally Racing Team<\/td>\n<td style=\"text-align: right; padding-right: 15px;\"><strong>+23:53:49<\/strong><\/td>\n<\/tr>\n<tr style=\"vertical-align: top; background-color: #f2f2f2;\">\n<td style=\"text-align: center;\"><strong>102.<\/strong><\/td>\n<td class=\"nomobile\" style=\"text-align: center;\">64<\/td>\n<td class=\"nomobile\" style=\"text-align: center;\"><span style=\"font-size: 8pt;\">Rally2<\/span><\/td>\n<td class=\"nomobile\" style=\"text-align: center;\"><span style=\"font-size: 8pt;\"><a href=\"\/index.php\/w2rc\/w2rc-2022\/\"><span style=\"color: #ee8027;\">W2RC<\/span><\/a><\/span><\/td>\n<td><strong>Dominique Robin<\/strong><\/td>\n<td>KTM 450 Rally<\/td>\n<td class=\"nomobile\"><\/td>\n<td style=\"text-align: right; padding-right: 15px;\"><strong>+24:24:13<\/strong><\/td>\n<\/tr>\n<tr style=\"vertical-align: top; background-color: #dbd9d9;\">\n<td style=\"text-align: center;\"><strong>103.<\/strong><\/td>\n<td class=\"nomobile\" style=\"text-align: center;\">51<\/td>\n<td class=\"nomobile\" style=\"text-align: center;\"><span style=\"font-size: 8pt;\">Rally2<\/span><\/td>\n<td class=\"nomobile\" style=\"text-align: center;\"><span style=\"font-size: 8pt;\"><a href=\"\/index.php\/w2rc\/w2rc-2022\/\"><span style=\"color: #ee8027;\">W2RC<\/span><\/a><\/span><\/td>\n<td><strong>Rachid Al-lal Lahadil<\/strong><\/td>\n<td>Husqvarna FR 450 Rally<\/td>\n<td class=\"nomobile\">Melilla Sport Capital<\/td>\n<td style=\"text-align: right; padding-right: 15px;\"><strong>+24:38:18<\/strong><\/td>\n<\/tr>\n<tr style=\"vertical-align: top; background-color: #f2f2f2;\">\n<td style=\"text-align: center;\"><strong>104.<\/strong><\/td>\n<td class=\"nomobile\" style=\"text-align: center;\">73<\/td>\n<td class=\"nomobile\" style=\"text-align: center;\"><span style=\"font-size: 8pt;\">Rally2<\/span><\/td>\n<td class=\"nomobile\" style=\"text-align: center;\"><span style=\"font-size: 8pt;\"><a href=\"\/index.php\/w2rc\/w2rc-2022\/\"><span style=\"color: #ee8027;\">W2RC<\/span><\/a><\/span><\/td>\n<td><strong>Tiziano Interno<\/strong><\/td>\n<td>Husqvarna FR 450 Rally<\/td>\n<td class=\"nomobile\">Rally POV<\/td>\n<td style=\"text-align: right; padding-right: 15px;\"><strong>+25:21:04<\/strong><\/td>\n<\/tr>\n<tr style=\"vertical-align: top; background-color: #dbd9d9;\">\n<td style=\"text-align: center;\"><strong>105.<\/strong><\/td>\n<td class=\"nomobile\" style=\"text-align: center;\">167<\/td>\n<td class=\"nomobile\" style=\"text-align: center;\"><span style=\"font-size: 8pt;\">Rally2<\/span><\/td>\n<td class=\"nomobile\" style=\"text-align: center;\"><span style=\"font-size: 8pt;\"><a href=\"\/index.php\/w2rc\/w2rc-2022\/\"><span style=\"color: #ee8027;\">W2RC<\/span><\/a><\/span><\/td>\n<td><strong>Pedro Bianchi Prata<\/strong><\/td>\n<td>Honda CRF450 RX<\/td>\n<td class=\"nomobile\">Team Bianchi Prata &#8211; Honda<\/td>\n<td style=\"text-align: right; padding-right: 15px;\"><strong>+25:52:01<\/strong><\/td>\n<\/tr>\n<tr style=\"vertical-align: top; background-color: #f2f2f2;\">\n<td style=\"text-align: center;\"><strong>106.<\/strong><\/td>\n<td class=\"nomobile\" style=\"text-align: center;\">63<\/td>\n<td class=\"nomobile\" style=\"text-align: center;\"><span style=\"font-size: 8pt;\">Rally2<\/span><\/td>\n<td class=\"nomobile\" style=\"text-align: center;\"><span style=\"font-size: 8pt;\"><a href=\"\/index.php\/w2rc\/w2rc-2022\/\"><span style=\"color: #ee8027;\">W2RC<\/span><\/a><\/span><\/td>\n<td><strong>Gabor Saghmeister<\/strong><\/td>\n<td>KTM 450 Rally<\/td>\n<td class=\"nomobile\">Saghmeister Team<\/td>\n<td style=\"text-align: right; padding-right: 15px;\"><strong>+26:17:38<\/strong><\/td>\n<\/tr>\n<tr style=\"vertical-align: top; background-color: #dbd9d9;\">\n<td style=\"text-align: center;\"><strong>107.<\/strong><\/td>\n<td class=\"nomobile\" style=\"text-align: center;\">159<\/td>\n<td class=\"nomobile\" style=\"text-align: center;\"><span style=\"font-size: 8pt;\">Rally2<\/span><\/td>\n<td class=\"nomobile\" style=\"text-align: center;\"><span style=\"font-size: 8pt;\"><a href=\"\/index.php\/w2rc\/w2rc-2022\/\"><span style=\"color: #ee8027;\">W2RC<\/span><\/a><\/span><\/td>\n<td><strong>Alex Mauricio Cueva Ojeda<\/strong><\/td>\n<td>KTM 450 Rally<\/td>\n<td class=\"nomobile\">Xraids Experience<\/td>\n<td style=\"text-align: right; padding-right: 15px;\"><strong>+26:28:14<\/strong><\/td>\n<\/tr>\n<tr style=\"vertical-align: top; background-color: #f2f2f2;\">\n<td style=\"text-align: center;\"><strong>108.<\/strong><\/td>\n<td class=\"nomobile\" style=\"text-align: center;\">161<\/td>\n<td class=\"nomobile\" style=\"text-align: center;\"><span style=\"font-size: 8pt;\">Rally2<\/span><\/td>\n<td class=\"nomobile\" style=\"text-align: center;\"><span style=\"font-size: 8pt;\"><a href=\"\/index.php\/w2rc\/w2rc-2022\/\"><span style=\"color: #ee8027;\">W2RC<\/span><\/a><\/span><\/td>\n<td><strong>Battur Baatar<\/strong><\/td>\n<td>KTM 450 Rally<\/td>\n<td class=\"nomobile\">Ayanga<\/td>\n<td style=\"text-align: right; padding-right: 15px;\"><strong>+29:50:16<\/strong><\/td>\n<\/tr>\n<tr style=\"vertical-align: top; background-color: #dbd9d9;\">\n<td style=\"text-align: center;\"><strong>109.<\/strong><\/td>\n<td class=\"nomobile\" style=\"text-align: center;\">151<\/td>\n<td class=\"nomobile\" style=\"text-align: center;\"><span style=\"font-size: 8pt;\">Rally2<\/span><\/td>\n<td class=\"nomobile\" style=\"text-align: center;\"><span style=\"font-size: 8pt;\"><a href=\"\/index.php\/w2rc\/w2rc-2022\/\"><span style=\"color: #ee8027;\">W2RC<\/span><\/a><\/span><\/td>\n<td><strong>Stephan Preuss<\/strong><\/td>\n<td>KTM 450 Rally<\/td>\n<td class=\"nomobile\">Reality Beats Fiction Racing Team<\/td>\n<td style=\"text-align: right; padding-right: 15px;\"><strong>+30:20:20<\/strong><\/td>\n<\/tr>\n<tr style=\"vertical-align: top; background-color: #f2f2f2;\">\n<td style=\"text-align: center;\"><strong>110.<\/strong><\/td>\n<td class=\"nomobile\" style=\"text-align: center;\">20<\/td>\n<td class=\"nomobile\" style=\"text-align: center;\"><span style=\"font-size: 8pt;\">RallyGP<\/span><\/td>\n<td class=\"nomobile\" style=\"text-align: center;\"><\/td>\n<td><strong>Harith Noah Koitha Veettil<\/strong><\/td>\n<td>Sherco 450 SEF Rally<\/td>\n<td class=\"nomobile\">Sherco TVS Rally Factory Team<\/td>\n<td style=\"text-align: right; padding-right: 15px;\"><strong>+34:05:20<\/strong><\/td>\n<\/tr>\n<tr style=\"vertical-align: top; background-color: #dbd9d9;\">\n<td style=\"text-align: center;\"><strong>111.<\/strong><\/td>\n<td class=\"nomobile\" style=\"text-align: center;\">126<\/td>\n<td class=\"nomobile\" style=\"text-align: center;\"><span style=\"font-size: 8pt;\">Rally2<\/span><\/td>\n<td class=\"nomobile\" style=\"text-align: center;\"><span style=\"font-size: 8pt;\"><a href=\"\/index.php\/w2rc\/w2rc-2022\/\"><span style=\"color: #ee8027;\">W2RC<\/span><\/a><\/span><\/td>\n<td><strong>Simon Hewitt<\/strong><\/td>\n<td>Yamaha WR450F<\/td>\n<td class=\"nomobile\">Drag&#8217;On Rally Team<\/td>\n<td style=\"text-align: right; padding-right: 15px;\"><strong>+35:25:30<\/strong><\/td>\n<\/tr>\n<tr style=\"vertical-align: top; background-color: #f2f2f2;\">\n<td style=\"text-align: center;\"><strong>112.<\/strong><\/td>\n<td class=\"nomobile\" style=\"text-align: center;\">72<\/td>\n<td class=\"nomobile\" style=\"text-align: center;\"><span style=\"font-size: 8pt;\">Rally2<\/span><\/td>\n<td class=\"nomobile\" style=\"text-align: center;\"><span style=\"font-size: 8pt;\"><a href=\"\/index.php\/w2rc\/w2rc-2022\/\"><span style=\"color: #ee8027;\">W2RC<\/span><\/a><\/span><\/td>\n<td><strong>Philippe Gendron<\/strong><\/td>\n<td>KTM 450 Rally<\/td>\n<td class=\"nomobile\">Nomade Racing<\/td>\n<td style=\"text-align: right; padding-right: 15px;\"><strong>+36:59:18<\/strong><\/td>\n<\/tr>\n<tr style=\"vertical-align: top; background-color: #dbd9d9;\">\n<td style=\"text-align: center;\"><strong>113.<\/strong><\/td>\n<td class=\"nomobile\" style=\"text-align: center;\">116<\/td>\n<td class=\"nomobile\" style=\"text-align: center;\"><span style=\"font-size: 8pt;\">Rally2<\/span><\/td>\n<td class=\"nomobile\" style=\"text-align: center;\"><span style=\"font-size: 8pt;\"><a href=\"\/index.php\/w2rc\/w2rc-2022\/\"><span style=\"color: #ee8027;\">W2RC<\/span><\/a><\/span><\/td>\n<td><strong>Nicolas Monnin<\/strong><\/td>\n<td>Honda CRF450<\/td>\n<td class=\"nomobile\">RS Moto<\/td>\n<td style=\"text-align: right; padding-right: 15px;\"><strong>+39:23:12<\/strong><\/td>\n<\/tr>\n<tr style=\"vertical-align: top; background-color: #f2f2f2;\">\n<td style=\"text-align: center;\"><strong>114.<\/strong><\/td>\n<td class=\"nomobile\" style=\"text-align: center;\">75<\/td>\n<td class=\"nomobile\" style=\"text-align: center;\"><span style=\"font-size: 8pt;\">Rally2<\/span><\/td>\n<td class=\"nomobile\" style=\"text-align: center;\"><span style=\"font-size: 8pt;\"><a href=\"\/index.php\/w2rc\/w2rc-2022\/\"><span style=\"color: #ee8027;\">W2RC<\/span><\/a><\/span><\/td>\n<td><strong>Abdullah Al Shatti<\/strong><\/td>\n<td>KTM 450 Rally<\/td>\n<td class=\"nomobile\"><\/td>\n<td style=\"text-align: right; padding-right: 15px;\"><strong>+42:28:09<\/strong><\/td>\n<\/tr>\n<tr style=\"vertical-align: top; background-color: #dbd9d9;\">\n<td style=\"text-align: center;\"><strong>115.<\/strong><\/td>\n<td class=\"nomobile\" style=\"text-align: center;\">149<\/td>\n<td class=\"nomobile\" style=\"text-align: center;\"><span style=\"font-size: 8pt;\">Rally2<\/span><\/td>\n<td class=\"nomobile\" style=\"text-align: center;\"><span style=\"font-size: 8pt;\"><a href=\"\/index.php\/w2rc\/w2rc-2022\/\"><span style=\"color: #ee8027;\">W2RC<\/span><\/a><\/span><\/td>\n<td><strong>Wolfgang Payr<\/strong><\/td>\n<td>KTM 450 Rally<\/td>\n<td class=\"nomobile\">Klym\u010diw Racing<\/td>\n<td style=\"text-align: right; padding-right: 15px;\"><strong>+42:34:36<\/strong><\/td>\n<\/tr>\n<tr style=\"vertical-align: top; background-color: #f2f2f2;\">\n<td style=\"text-align: center;\"><strong>116.<\/strong><\/td>\n<td class=\"nomobile\" style=\"text-align: center;\">166<\/td>\n<td class=\"nomobile\" style=\"text-align: center;\"><span style=\"font-size: 8pt;\">Rally2<\/span><\/td>\n<td class=\"nomobile\" style=\"text-align: center;\"><span style=\"font-size: 8pt;\"><a href=\"\/index.php\/w2rc\/w2rc-2022\/\"><span style=\"color: #ee8027;\">W2RC<\/span><\/a><\/span><\/td>\n<td><strong>Paulo Oliveira<\/strong><\/td>\n<td>KTM 450 Rally<\/td>\n<td class=\"nomobile\">Mario Patr\u00e3o Motosport<\/td>\n<td style=\"text-align: right; padding-right: 15px;\"><strong>+47:03:29<\/strong><\/td>\n<\/tr>\n<tr style=\"vertical-align: top; background-color: #dbd9d9;\">\n<td style=\"text-align: center;\"><strong>117.<\/strong><\/td>\n<td class=\"nomobile\" style=\"text-align: center;\">81<\/td>\n<td class=\"nomobile\" style=\"text-align: center;\"><span style=\"font-size: 8pt;\">Rally2<\/span><\/td>\n<td class=\"nomobile\" style=\"text-align: center;\"><span style=\"font-size: 8pt;\"><a href=\"\/index.php\/w2rc\/w2rc-2022\/\"><span style=\"color: #ee8027;\">W2RC<\/span><\/a><\/span><\/td>\n<td><strong>Patrice Massador<\/strong><\/td>\n<td>KTM 450 Rally<\/td>\n<td class=\"nomobile\">Team Giroud<\/td>\n<td style=\"text-align: right; padding-right: 15px;\"><strong>+50:33:45<\/strong><\/td>\n<\/tr>\n<tr style=\"vertical-align: top; background-color: #f2f2f2;\">\n<td style=\"text-align: center;\"><strong>118.<\/strong><\/td>\n<td class=\"nomobile\" style=\"text-align: center;\">157<\/td>\n<td class=\"nomobile\" style=\"text-align: center;\"><span style=\"font-size: 8pt;\">Rally2<\/span><\/td>\n<td class=\"nomobile\" style=\"text-align: center;\"><span style=\"font-size: 8pt;\"><a href=\"\/index.php\/w2rc\/w2rc-2022\/\"><span style=\"color: #ee8027;\">W2RC<\/span><\/a><\/span><\/td>\n<td><strong>Aldo Winkler<\/strong><\/td>\n<td>KTM 450 Rally<\/td>\n<td class=\"nomobile\">Team Motoclub Yashica<\/td>\n<td style=\"text-align: right; padding-right: 15px;\"><strong>+72:39:00<\/strong><\/td>\n<\/tr>\n<tr style=\"vertical-align: top; background-color: #dbd9d9;\">\n<td style=\"text-align: center;\"><strong>119.<\/strong><\/td>\n<td class=\"nomobile\" style=\"text-align: center;\">144<\/td>\n<td class=\"nomobile\" style=\"text-align: center;\"><span style=\"font-size: 8pt;\">Rally2<\/span><\/td>\n<td class=\"nomobile\" style=\"text-align: center;\"><span style=\"font-size: 8pt;\"><a href=\"\/index.php\/w2rc\/w2rc-2022\/\"><span style=\"color: #ee8027;\">W2RC<\/span><\/a><\/span><\/td>\n<td><strong>Juan Carlos Puga Davila<\/strong><\/td>\n<td>KTM JP1 450 Rally<\/td>\n<td class=\"nomobile\">Puga Team<\/td>\n<td style=\"text-align: right; padding-right: 15px;\"><strong>+74:27:42<\/strong><\/td>\n<\/tr>\n<tr style=\"vertical-align: top; background-color: #f2f2f2;\">\n<td style=\"text-align: center;\"><strong>120.<\/strong><\/td>\n<td class=\"nomobile\" style=\"text-align: center;\">71<\/td>\n<td class=\"nomobile\" style=\"text-align: center;\"><span style=\"font-size: 8pt;\">Rally2<\/span><\/td>\n<td class=\"nomobile\" style=\"text-align: center;\"><span style=\"font-size: 8pt;\"><a href=\"\/index.php\/w2rc\/w2rc-2022\/\"><span style=\"color: #ee8027;\">W2RC<\/span><\/a><\/span><\/td>\n<td><strong>Leonardo Tonelli<\/strong><\/td>\n<td>Husqvarna FR 450 Rally<\/td>\n<td class=\"nomobile\">Africa Dream Racing<\/td>\n<td style=\"text-align: right; padding-right: 15px;\"><strong>+83:33:55<\/strong><\/td>\n<\/tr>\n<tr style=\"vertical-align: top; background-color: #dbd9d9;\">\n<td style=\"text-align: center;\"><strong>121.<\/strong><\/td>\n<td class=\"nomobile\" style=\"text-align: center;\">152<\/td>\n<td class=\"nomobile\" style=\"text-align: center;\"><span style=\"font-size: 8pt;\">Rally2<\/span><\/td>\n<td class=\"nomobile\" style=\"text-align: center;\"><span style=\"font-size: 8pt;\"><a href=\"\/index.php\/w2rc\/w2rc-2022\/\"><span style=\"color: #ee8027;\">W2RC<\/span><\/a><\/span><\/td>\n<td><strong>Thomas Preuss<\/strong><\/td>\n<td>KTM 450 Rally<\/td>\n<td class=\"nomobile\">Reality Beats Fiction Racing Team<\/td>\n<td style=\"text-align: right; padding-right: 15px;\"><strong>+101:10:09<\/strong><\/td>\n<\/tr>\n<tr style=\"vertical-align: top; background-color: #f2f2f2;\">\n<td style=\"text-align: center;\"><strong>122.<\/strong><\/td>\n<td class=\"nomobile\" style=\"text-align: center;\">65<\/td>\n<td class=\"nomobile\" style=\"text-align: center;\"><span style=\"font-size: 8pt;\">Rally2<\/span><\/td>\n<td class=\"nomobile\" style=\"text-align: center;\"><span style=\"font-size: 8pt;\"><a href=\"\/index.php\/w2rc\/w2rc-2022\/\"><span style=\"color: #ee8027;\">W2RC<\/span><\/a><\/span><\/td>\n<td><strong>Guillaume Chollet<\/strong><\/td>\n<td>Yamaha 450<\/td>\n<td class=\"nomobile\">Drag&#8217;On Rally Team<\/td>\n<td style=\"text-align: right; padding-right: 15px;\"><strong>+101:37:44<\/strong><\/td>\n<\/tr>\n<tr style=\"vertical-align: top; background-color: #dbd9d9;\">\n<td style=\"text-align: center;\"><strong>123.<\/strong><\/td>\n<td class=\"nomobile\" style=\"text-align: center;\">60<\/td>\n<td class=\"nomobile\" style=\"text-align: center;\"><span style=\"font-size: 8pt;\">Rally2<\/span><\/td>\n<td class=\"nomobile\" style=\"text-align: center;\"><span style=\"font-size: 8pt;\"><a href=\"\/index.php\/w2rc\/w2rc-2022\/\"><span style=\"color: #ee8027;\">W2RC<\/span><\/a><\/span><\/td>\n<td><strong>St\u00e9phane Darques<\/strong><\/td>\n<td>Yamaha WR450F<\/td>\n<td class=\"nomobile\">M.O.R.A.L<\/td>\n<td style=\"text-align: right; padding-right: 15px;\"><strong>+119:44:27<\/strong><\/td>\n<\/tr>\n<tr style=\"vertical-align: top; background-color: #f2f2f2;\">\n<td style=\"text-align: center;\"><strong>124.<\/strong><\/td>\n<td class=\"nomobile\" style=\"text-align: center;\">143<\/td>\n<td class=\"nomobile\" style=\"text-align: center;\"><span style=\"font-size: 8pt;\">Rally2<\/span><\/td>\n<td class=\"nomobile\" style=\"text-align: center;\"><span style=\"font-size: 8pt;\"><a href=\"\/index.php\/w2rc\/w2rc-2022\/\"><span style=\"color: #ee8027;\">W2RC<\/span><\/a><\/span><\/td>\n<td><strong>Juan Puga<\/strong><\/td>\n<td>KTM JP1 450 Rally<\/td>\n<td class=\"nomobile\">Puga Team<\/td>\n<td style=\"text-align: right; padding-right: 15px;\"><strong>+165:12:17<\/strong><\/td>\n<\/tr>\n<tr style=\"background-color: #808080; color: white;\">\n<td style=\"text-align: left;\" colspan=\"8\"><\/td>\n<\/tr>\n<tr style=\"vertical-align: top; background-color: #dbd9d9;\">\n<td style=\"text-align: center;\"><strong>DNF<\/strong><\/td>\n<td class=\"nomobile\" style=\"text-align: center;\">4<\/td>\n<td class=\"nomobile\" style=\"text-align: center;\"><span style=\"font-size: 8pt;\">RallyGP<\/span><\/td>\n<td class=\"nomobile\" style=\"text-align: center;\"><span style=\"font-size: 8pt;\"><a href=\"\/index.php\/w2rc\/w2rc-2022\/\"><span style=\"color: #ee8027;\">W2RC<\/span><\/a><\/span><\/td>\n<td><a href=\"\/index.php\/osobnosti\/daniel-sanders\/\"><span style=\"color: #ee8027;\"><strong>Daniel Sanders<\/strong><\/span><\/a><\/td>\n<td>GasGas RC 450F<\/td>\n<td class=\"nomobile\">GasGas Factory Racing<\/td>\n<td style=\"text-align: right; padding-right: 15px;\"><strong><span style=\"font-size: 8pt;\">7. etapa<\/span><\/strong><\/td>\n<\/tr>\n<tr style=\"vertical-align: top; background-color: #f2f2f2;\">\n<td style=\"text-align: center;\"><strong>DNF<\/strong><\/td>\n<td class=\"nomobile\" style=\"text-align: center;\">5<\/td>\n<td class=\"nomobile\" style=\"text-align: center;\"><span style=\"font-size: 8pt;\">RallyGP<\/span><\/td>\n<td class=\"nomobile\" style=\"text-align: center;\"><span style=\"font-size: 8pt;\"><a href=\"\/index.php\/w2rc\/w2rc-2022\/\"><span style=\"color: #ee8027;\">W2RC<\/span><\/a><\/span><\/td>\n<td><strong><a href=\"\/index.php\/osobnosti\/skyler-howes\/\"><span style=\"color: #ee8027;\">Skyler Howes<\/span><\/a><\/strong><\/td>\n<td>Husqvarna FR 450 Rally<\/td>\n<td class=\"nomobile\">Husqvarna Factory Racing<\/td>\n<td style=\"text-align: right; padding-right: 15px;\"><strong><span style=\"font-size: 8pt;\">po 5. etap\u011b<\/span><\/strong><\/td>\n<\/tr>\n<tr style=\"vertical-align: top; background-color: #dbd9d9;\">\n<td style=\"text-align: center;\"><strong>DNF<\/strong><\/td>\n<td class=\"nomobile\" style=\"text-align: center;\">16<\/td>\n<td class=\"nomobile\" style=\"text-align: center;\"><span style=\"font-size: 8pt;\">RallyGP<\/span><\/td>\n<td class=\"nomobile\" style=\"text-align: center;\"><\/td>\n<td><strong><a href=\"\/index.php\/osobnosti\/ross-branch\/\"><span style=\"color: #ee8027;\">Ross Branch<\/span><\/a><\/strong><\/td>\n<td>Yamaha WR450F Rally<\/td>\n<td class=\"nomobile\">Monster Energy Yamaha Rally Team<\/td>\n<td style=\"text-align: right; padding-right: 15px;\"><\/td>\n<\/tr>\n<tr style=\"vertical-align: top; background-color: #f2f2f2;\">\n<td style=\"text-align: center;\"><strong>DNF<\/strong><\/td>\n<td class=\"nomobile\" style=\"text-align: center;\">32<\/td>\n<td class=\"nomobile\" style=\"text-align: center;\"><span style=\"font-size: 8pt;\">Rally2<\/span><\/td>\n<td class=\"nomobile\" style=\"text-align: center;\"><span style=\"font-size: 8pt;\"><a href=\"\/index.php\/w2rc\/w2rc-2022\/\"><span style=\"color: #ee8027;\">W2RC<\/span><\/a><\/span><\/td>\n<td><strong><a href=\"\/index.php\/osobnosti\/david-pabiska\/\"><span style=\"color: #ee8027;\">David Pabi\u0161ka<\/span><\/a><\/strong><\/td>\n<td>Husqvarna FR 450 Rally<\/td>\n<td class=\"nomobile\">Jantar Team<\/td>\n<td style=\"text-align: right; padding-right: 15px;\"><\/td>\n<\/tr>\n<tr style=\"vertical-align: top; background-color: #dbd9d9;\">\n<td style=\"text-align: center;\"><strong>DNF<\/strong><\/td>\n<td class=\"nomobile\" style=\"text-align: center;\">46<\/td>\n<td class=\"nomobile\" style=\"text-align: center;\"><span style=\"font-size: 8pt;\">Rally2<\/span><\/td>\n<td class=\"nomobile\" style=\"text-align: center;\"><span style=\"font-size: 8pt;\"><a href=\"\/index.php\/w2rc\/w2rc-2022\/\"><span style=\"color: #ee8027;\">W2RC<\/span><\/a><\/span><\/td>\n<td><strong><a href=\"\/index.php\/osobnosti\/paolo-lucci\/\"><span style=\"color: #ee8027;\">Paolo Lucci<\/span><\/a><\/strong><\/td>\n<td>Husqvarna FR 450 Rally<\/td>\n<td class=\"nomobile\">Solarys Racing<\/td>\n<td style=\"text-align: right; padding-right: 15px;\"><strong><span style=\"font-size: 8pt;\">8. etapa<\/span><\/strong><\/td>\n<\/tr>\n<tr style=\"vertical-align: top; background-color: #f2f2f2;\">\n<td style=\"text-align: center;\"><strong>DNF<\/strong><\/td>\n<td class=\"nomobile\" style=\"text-align: center;\">59<\/td>\n<td class=\"nomobile\" style=\"text-align: center;\"><span style=\"font-size: 8pt;\">Rally2<\/span><\/td>\n<td class=\"nomobile\" style=\"text-align: center;\"><span style=\"font-size: 8pt;\"><a href=\"\/index.php\/w2rc\/w2rc-2022\/\"><span style=\"color: #ee8027;\">W2RC<\/span><\/a><\/span><\/td>\n<td><strong>Giordano Pacheco<\/strong><\/td>\n<td>Husqvarna FR 450 Rally<\/td>\n<td class=\"nomobile\">Calidoso Racing Team<\/td>\n<td style=\"text-align: right; padding-right: 15px;\"><\/td>\n<\/tr>\n<tr style=\"vertical-align: top; background-color: #dbd9d9;\">\n<td style=\"text-align: center;\"><strong>DNF<\/strong><\/td>\n<td class=\"nomobile\" style=\"text-align: center;\">61<\/td>\n<td class=\"nomobile\" style=\"text-align: center;\"><span style=\"font-size: 8pt;\">Rally2<\/span><\/td>\n<td class=\"nomobile\" style=\"text-align: center;\"><span style=\"font-size: 8pt;\"><a href=\"\/index.php\/w2rc\/w2rc-2022\/\"><span style=\"color: #ee8027;\">W2RC<\/span><\/a><\/span><\/td>\n<td><strong>Norbert Dubois<\/strong><\/td>\n<td>KTM 450 Rally<\/td>\n<td class=\"nomobile\">Aventura Moto 61<\/td>\n<td style=\"text-align: right; padding-right: 15px;\"><\/td>\n<\/tr>\n<tr style=\"vertical-align: top; background-color: #f2f2f2;\">\n<td style=\"text-align: center;\"><strong>DNF<\/strong><\/td>\n<td class=\"nomobile\" style=\"text-align: center;\">62<\/td>\n<td class=\"nomobile\" style=\"text-align: center;\"><span style=\"font-size: 8pt;\">Rally2<\/span><\/td>\n<td class=\"nomobile\" style=\"text-align: center;\"><span style=\"font-size: 8pt;\"><a href=\"\/index.php\/w2rc\/w2rc-2022\/\"><span style=\"color: #ee8027;\">W2RC<\/span><\/a><\/span><\/td>\n<td><strong>Andrew Joseph Houlihan<\/strong><\/td>\n<td>KTM 450 Rally<\/td>\n<td class=\"nomobile\">Nomadas Adventure<\/td>\n<td style=\"text-align: right; padding-right: 15px;\"><\/td>\n<\/tr>\n<tr style=\"vertical-align: top; background-color: #dbd9d9;\">\n<td style=\"text-align: center;\"><strong>DNF<\/strong><\/td>\n<td class=\"nomobile\" style=\"text-align: center;\">67<\/td>\n<td class=\"nomobile\" style=\"text-align: center;\"><span style=\"font-size: 8pt;\">Rally2<\/span><\/td>\n<td class=\"nomobile\" style=\"text-align: center;\"><span style=\"font-size: 8pt;\"><a href=\"\/index.php\/w2rc\/w2rc-2022\/\"><span style=\"color: #ee8027;\">W2RC<\/span><\/a><\/span><\/td>\n<td><strong>Walter Roelants<\/strong><\/td>\n<td>Husqvarna FR 450 Rally<\/td>\n<td class=\"nomobile\">HT Rally Raid Husqvarna Racing<\/td>\n<td style=\"text-align: right; padding-right: 15px;\"><\/td>\n<\/tr>\n<tr style=\"vertical-align: top; background-color: #f2f2f2;\">\n<td style=\"text-align: center;\"><strong>DNF<\/strong><\/td>\n<td class=\"nomobile\" style=\"text-align: center;\">79<\/td>\n<td class=\"nomobile\" style=\"text-align: center;\"><span style=\"font-size: 8pt;\">Rally2<\/span><\/td>\n<td class=\"nomobile\" style=\"text-align: center;\"><span style=\"font-size: 8pt;\"><a href=\"\/index.php\/w2rc\/w2rc-2022\/\"><span style=\"color: #ee8027;\">W2RC<\/span><\/a><\/span><\/td>\n<td><strong>Amaury Baratin<\/strong><\/td>\n<td>KTM 450 Rally<\/td>\n<td class=\"nomobile\">Horizon Moto 95<\/td>\n<td style=\"text-align: right; padding-right: 15px;\"><\/td>\n<\/tr>\n<tr style=\"vertical-align: top; background-color: #dbd9d9;\">\n<td style=\"text-align: center;\"><strong>DNF<\/strong><\/td>\n<td class=\"nomobile\" style=\"text-align: center;\">82<\/td>\n<td class=\"nomobile\" style=\"text-align: center;\"><span style=\"font-size: 8pt;\">Rally2<\/span><\/td>\n<td class=\"nomobile\" style=\"text-align: center;\"><span style=\"font-size: 8pt;\"><a href=\"\/index.php\/w2rc\/w2rc-2022\/\"><span style=\"color: #ee8027;\">W2RC<\/span><\/a><\/span><\/td>\n<td><strong>Giovanni Stigliano<\/strong><\/td>\n<td>KTM 450 Rally<\/td>\n<td class=\"nomobile\">Team JBRally<\/td>\n<td style=\"text-align: right; padding-right: 15px;\"><\/td>\n<\/tr>\n<tr style=\"vertical-align: top; background-color: #f2f2f2;\">\n<td style=\"text-align: center;\"><strong>DNF<\/strong><\/td>\n<td class=\"nomobile\" style=\"text-align: center;\">106<\/td>\n<td class=\"nomobile\" style=\"text-align: center;\"><span style=\"font-size: 8pt;\">Rally2<\/span><\/td>\n<td class=\"nomobile\" style=\"text-align: center;\"><span style=\"font-size: 8pt;\"><a href=\"\/index.php\/w2rc\/w2rc-2022\/\"><span style=\"color: #ee8027;\">W2RC<\/span><\/a><\/span><\/td>\n<td><strong>Bertrand Gavard<\/strong><\/td>\n<td>KTM 450 Rally<\/td>\n<td class=\"nomobile\">RS Concept<\/td>\n<td style=\"text-align: right; padding-right: 15px;\"><\/td>\n<\/tr>\n<tr style=\"vertical-align: top; background-color: #dbd9d9;\">\n<td style=\"text-align: center;\"><strong>DNF<\/strong><\/td>\n<td class=\"nomobile\" style=\"text-align: center;\">111<\/td>\n<td class=\"nomobile\" style=\"text-align: center;\"><span style=\"font-size: 8pt;\">Rally2<\/span><\/td>\n<td class=\"nomobile\" style=\"text-align: center;\"><span style=\"font-size: 8pt;\"><a href=\"\/index.php\/w2rc\/w2rc-2022\/\"><span style=\"color: #ee8027;\">W2RC<\/span><\/a><\/span><\/td>\n<td><strong>Antonio Vicente Guillen Rivera<\/strong><\/td>\n<td>KTM EXC-F<\/td>\n<td class=\"nomobile\">Nomadas Adventure<\/td>\n<td style=\"text-align: right; padding-right: 15px;\"><\/td>\n<\/tr>\n<tr style=\"vertical-align: top; background-color: #f2f2f2;\">\n<td style=\"text-align: center;\"><strong>DNF<\/strong><\/td>\n<td class=\"nomobile\" style=\"text-align: center;\">121<\/td>\n<td class=\"nomobile\" style=\"text-align: center;\"><span style=\"font-size: 8pt;\">Rally2<\/span><\/td>\n<td class=\"nomobile\" style=\"text-align: center;\"><span style=\"font-size: 8pt;\"><a href=\"\/index.php\/w2rc\/w2rc-2022\/\"><span style=\"color: #ee8027;\">W2RC<\/span><\/a><\/span><\/td>\n<td><strong>Lorenzo Maria Fanottoli<\/strong><\/td>\n<td>Husqvarna FR 450 Rally<\/td>\n<td class=\"nomobile\">Joyride Race Service<\/td>\n<td style=\"text-align: right; padding-right: 15px;\"><\/td>\n<\/tr>\n<tr style=\"vertical-align: top; background-color: #dbd9d9;\">\n<td style=\"text-align: center;\"><strong>DNF<\/strong><\/td>\n<td class=\"nomobile\" style=\"text-align: center;\">132<\/td>\n<td class=\"nomobile\" style=\"text-align: center;\"><span style=\"font-size: 8pt;\">Rally2<\/span><\/td>\n<td class=\"nomobile\" style=\"text-align: center;\"><span style=\"font-size: 8pt;\"><a href=\"\/index.php\/w2rc\/w2rc-2022\/\"><span style=\"color: #ee8027;\">W2RC<\/span><\/a><\/span><\/td>\n<td><strong>K\u00e9vin Durand<\/strong><\/td>\n<td>Honda CRF450 RX<\/td>\n<td class=\"nomobile\">RS Moto Racing Team<\/td>\n<td style=\"text-align: right; padding-right: 15px;\"><\/td>\n<\/tr>\n<tr style=\"vertical-align: top; background-color: #f2f2f2;\">\n<td style=\"text-align: center;\"><strong>DNF<\/strong><\/td>\n<td class=\"nomobile\" style=\"text-align: center;\">134<\/td>\n<td class=\"nomobile\" style=\"text-align: center;\"><span style=\"font-size: 8pt;\">Rally2<\/span><\/td>\n<td class=\"nomobile\" style=\"text-align: center;\"><span style=\"font-size: 8pt;\"><a href=\"\/index.php\/w2rc\/w2rc-2022\/\"><span style=\"color: #ee8027;\">W2RC<\/span><\/a><\/span><\/td>\n<td><strong>Isaac Feliu<\/strong><\/td>\n<td>KTM 450 Rally<\/td>\n<td class=\"nomobile\">Twintrail Racing Team<\/td>\n<td style=\"text-align: right; padding-right: 15px;\"><\/td>\n<\/tr>\n<tr style=\"vertical-align: top; background-color: #dbd9d9;\">\n<td style=\"text-align: center;\"><strong>DNF<\/strong><\/td>\n<td class=\"nomobile\" style=\"text-align: center;\">140<\/td>\n<td class=\"nomobile\" style=\"text-align: center;\"><span style=\"font-size: 8pt;\">Rally2<\/span><\/td>\n<td class=\"nomobile\" style=\"text-align: center;\"><span style=\"font-size: 8pt;\"><a href=\"\/index.php\/w2rc\/w2rc-2022\/\"><span style=\"color: #ee8027;\">W2RC<\/span><\/a><\/span><\/td>\n<td><strong>Jose Maria Garcia Dominguez<\/strong><\/td>\n<td>BMW G450X Rally<\/td>\n<td class=\"nomobile\">Club Aventura Touareg<\/td>\n<td style=\"text-align: right; padding-right: 15px;\"><\/td>\n<\/tr>\n<tr style=\"vertical-align: top; background-color: #f2f2f2;\">\n<td style=\"text-align: center;\"><strong>DNF<\/strong><\/td>\n<td class=\"nomobile\" style=\"text-align: center;\">146<\/td>\n<td class=\"nomobile\" style=\"text-align: center;\"><span style=\"font-size: 8pt;\">Rally2<\/span><\/td>\n<td class=\"nomobile\" style=\"text-align: center;\"><span style=\"font-size: 8pt;\"><a href=\"\/index.php\/w2rc\/w2rc-2022\/\"><span style=\"color: #ee8027;\">W2RC<\/span><\/a><\/span><\/td>\n<td><strong>Elio Aglioni<\/strong><\/td>\n<td>KTM 450 Rally<\/td>\n<td class=\"nomobile\">Agif Al Aviv<\/td>\n<td style=\"text-align: right; padding-right: 15px;\"><\/td>\n<\/tr>\n<tr style=\"vertical-align: top; background-color: #dbd9d9;\">\n<td style=\"text-align: center;\"><strong>DNF<\/strong><\/td>\n<td class=\"nomobile\" style=\"text-align: center;\">150<\/td>\n<td class=\"nomobile\" style=\"text-align: center;\"><span style=\"font-size: 8pt;\">Rally2<\/span><\/td>\n<td class=\"nomobile\" style=\"text-align: center;\"><span style=\"font-size: 8pt;\"><a href=\"\/index.php\/w2rc\/w2rc-2022\/\"><span style=\"color: #ee8027;\">W2RC<\/span><\/a><\/span><\/td>\n<td><strong>Bram van der Wouden<\/strong><\/td>\n<td>Sherco 450 SEF Rally<\/td>\n<td class=\"nomobile\"><\/td>\n<td style=\"text-align: right; padding-right: 15px;\"><\/td>\n<\/tr>\n<tr style=\"vertical-align: top; background-color: #f2f2f2;\">\n<td style=\"text-align: center;\"><strong>DNF<\/strong><\/td>\n<td class=\"nomobile\" style=\"text-align: center;\">163<\/td>\n<td class=\"nomobile\" style=\"text-align: center;\"><span style=\"font-size: 8pt;\">Rally2<\/span><\/td>\n<td class=\"nomobile\" style=\"text-align: center;\"><span style=\"font-size: 8pt;\"><a href=\"\/index.php\/w2rc\/w2rc-2022\/\"><span style=\"color: #ee8027;\">W2RC<\/span><\/a><\/span><\/td>\n<td><strong>Mohamedsaid Aoulad Ali<\/strong><\/td>\n<td>KTM 450 Rally<\/td>\n<td class=\"nomobile\">Morocco Racing Team<\/td>\n<td style=\"text-align: right; padding-right: 15px;\"><\/td>\n<\/tr>\n<tr style=\"background-color: #808080; color: white;\">\n<td style=\"text-align: left;\" colspan=\"8\"><span style=\"font-size: 8pt;\">V kategorii motocykl\u016f odstartovalo 144 stroj\u016f, v c\u00edli klasifikov\u00e1no 124.<\/span><br \/>\n<span style=\"font-size: 8pt;\"><sup>\u2217<\/sup> Nedokon\u010dil nebo neabsolvoval n\u011bkterou z etap, ale po za\u010dlen\u011bn\u00ed Rally Dakar do <a href=\"\/index.php\/w2rc\/\"><span style=\"color: #ee8027;\">W2RC<\/span><\/a> mohl podle pravidel tohoto \u0161ampion\u00e1tu v dal\u0161\u00edch dnech pokra\u010dovat v sout\u011b\u017ei, by\u0165 s v\u00fdraznou penalizac\u00ed. V c\u00edli tak byl klasifikov\u00e1n, ale nebyl pova\u017eov\u00e1n za jezdce, kter\u00fd zdolal cel\u00fd Dakar (neobdr\u017eel medaili tradi\u010dn\u011b ud\u011blovanou organiz\u00e1tory v\u0161em \u00fa\u010dastn\u00edk\u016fm, kte\u0159\u00ed poko\u0159\u00ed cel\u00fd maraton).<\/span><\/td>\n<\/tr>\n<\/tbody>\n<\/table>\n<p>[\/vc_column_text][\/vc_tta_section][vc_tta_section title=&#8221;RallyGP&#8221; tab_id=&#8221;rallygp&#8221;][vc_column_text css_animation=&#8221;fadeIn&#8221;]<\/p>\n<table style=\"width: 97.7654%;\" rules=\"rows\" cellpadding=\"4px\">\n<tbody>\n<tr style=\"background-color: #808080; color: white;\">\n<td style=\"text-align: center;\" colspan=\"7\"><span style=\"font-size: 12pt;\"><strong>RALLY DAKAR 2022<br \/>\nRALLYGP<br \/>\nkone\u010dn\u00e9 v\u00fdsledky<\/strong><\/span><\/td>\n<\/tr>\n<tr style=\"vertical-align: top; background-color: #dbd9d9;\">\n<td style=\"text-align: center;\"><strong>1.<\/strong><\/td>\n<td class=\"nomobile\" style=\"text-align: center;\">3<\/td>\n<td class=\"nomobile\" style=\"text-align: center;\"><span style=\"font-size: 8pt;\"><a href=\"\/index.php\/w2rc\/w2rc-2022\/\"><span style=\"color: #ee8027;\">W2RC<\/span><\/a><\/span><\/td>\n<td><a href=\"\/index.php\/osobnosti\/sunderland-sam\/\"><span style=\"color: #ee8027;\"><strong>Sam Sunderland<\/strong><\/span><\/a><\/td>\n<td>GasGas RC 450F<\/td>\n<td class=\"nomobile\">GasGas Factory Racing<\/td>\n<td style=\"text-align: right; padding-right: 15px;\"><strong>38:47:30<\/strong><\/td>\n<\/tr>\n<tr style=\"vertical-align: top; background-color: #f2f2f2;\">\n<td style=\"text-align: center;\"><strong>2.<\/strong><\/td>\n<td class=\"nomobile\" style=\"text-align: center;\">7<\/td>\n<td class=\"nomobile\" style=\"text-align: center;\"><span style=\"font-size: 8pt;\"><a href=\"\/index.php\/w2rc\/w2rc-2022\/\"><span style=\"color: #ee8027;\">W2RC<\/span><\/a><\/span><\/td>\n<td><a href=\"\/index.php\/osobnosti\/pablo-quintanilla\/\"><span style=\"color: #ee8027;\"><strong>Pablo Quintanilla<\/strong><\/span><\/a><\/td>\n<td>Honda CRF450 Rally<\/td>\n<td class=\"nomobile\">Monster Energy Honda Team<\/td>\n<td style=\"text-align: right; padding-right: 15px;\"><strong>+3:27<\/strong><\/td>\n<\/tr>\n<tr style=\"vertical-align: top; background-color: #dbd9d9;\">\n<td style=\"text-align: center;\"><strong>3.<\/strong><\/td>\n<td class=\"nomobile\" style=\"text-align: center;\">52<\/td>\n<td class=\"nomobile\" style=\"text-align: center;\"><span style=\"font-size: 8pt;\"><a href=\"\/index.php\/w2rc\/w2rc-2022\/\"><span style=\"color: #ee8027;\">W2RC<\/span><\/a><\/span><\/td>\n<td><a href=\"\/index.php\/osobnosti\/matthias-walkner\/\"><span style=\"color: #ee8027;\"><strong>Matthias Walkner<\/strong><\/span><\/a><\/td>\n<td>KTM 450 Rally<\/td>\n<td class=\"nomobile\">Red Bull KTM Factory Racing<\/td>\n<td style=\"text-align: right; padding-right: 15px;\"><strong>+6:47<\/strong><\/td>\n<\/tr>\n<tr style=\"vertical-align: top; background-color: #f2f2f2;\">\n<td style=\"text-align: center;\"><strong>4.<\/strong><\/td>\n<td class=\"nomobile\" style=\"text-align: center;\">42<\/td>\n<td class=\"nomobile\" style=\"text-align: center;\"><span style=\"font-size: 8pt;\"><a href=\"\/index.php\/w2rc\/w2rc-2022\/\"><span style=\"color: #ee8027;\">W2RC<\/span><\/a><\/span><\/td>\n<td><strong><a href=\"\/index.php\/osobnosti\/adrien-van-beveren\/\"><span style=\"color: #ee8027;\">Adrien Van Beveren<\/span><\/a><\/strong><\/td>\n<td>Yamaha WR450F Rally<\/td>\n<td class=\"nomobile\">Monster Energy Yamaha Rally Team<\/td>\n<td style=\"text-align: right; padding-right: 15px;\"><strong>+18:41<\/strong><\/td>\n<\/tr>\n<tr style=\"vertical-align: top; background-color: #dbd9d9;\">\n<td style=\"text-align: center;\"><strong>5.<\/strong><\/td>\n<td class=\"nomobile\" style=\"text-align: center;\">88<\/td>\n<td class=\"nomobile\" style=\"text-align: center;\"><span style=\"font-size: 8pt;\"><a href=\"\/index.php\/w2rc\/w2rc-2022\/\"><span style=\"color: #ee8027;\">W2RC<\/span><\/a><\/span><\/td>\n<td><strong><a href=\"\/index.php\/osobnosti\/joan-barreda\/\"><span style=\"color: #ee8027;\">Joan Barreda<\/span><\/a><\/strong><\/td>\n<td>Honda CRF450 Rally<\/td>\n<td class=\"nomobile\">Monster Energy Honda Team<\/td>\n<td style=\"text-align: right; padding-right: 15px;\"><strong>+25:42<\/strong><\/td>\n<\/tr>\n<tr style=\"vertical-align: top; background-color: #f2f2f2;\">\n<td style=\"text-align: center;\"><strong>6.<\/strong><\/td>\n<td class=\"nomobile\" style=\"text-align: center;\">11<\/td>\n<td class=\"nomobile\" style=\"text-align: center;\"><span style=\"font-size: 8pt;\"><a href=\"\/index.php\/w2rc\/w2rc-2022\/\"><span style=\"color: #ee8027;\">W2RC<\/span><\/a><\/span><\/td>\n<td><strong><a href=\"\/index.php\/osobnosti\/nacho-cornejo\/\"><span style=\"color: #ee8027;\">Nacho Cornejo<\/span><\/a><\/strong><\/td>\n<td>Honda CRF450 Rally<\/td>\n<td class=\"nomobile\">Monster Energy Honda Team<\/td>\n<td style=\"text-align: right; padding-right: 15px;\"><strong>+38:06<\/strong><\/td>\n<\/tr>\n<tr style=\"vertical-align: top; background-color: #dbd9d9;\">\n<td style=\"text-align: center;\"><strong>7.<\/strong><\/td>\n<td class=\"nomobile\" style=\"text-align: center;\">2<\/td>\n<td class=\"nomobile\" style=\"text-align: center;\"><span style=\"font-size: 8pt;\"><a href=\"\/index.php\/w2rc\/w2rc-2022\/\"><span style=\"color: #ee8027;\">W2RC<\/span><\/a><\/span><\/td>\n<td><strong><a href=\"\/index.php\/osobnosti\/ricky-brabec\/\"><span style=\"color: #ee8027;\">Ricky Brabec<\/span><\/a><\/strong><\/td>\n<td>Honda CRF450 Rally<\/td>\n<td class=\"nomobile\">Monster Energy Honda Team<\/td>\n<td style=\"text-align: right; padding-right: 15px;\"><strong>+46:04<\/strong><\/td>\n<\/tr>\n<tr style=\"vertical-align: top; background-color: #f2f2f2;\">\n<td style=\"text-align: center;\"><strong>8.<\/strong><\/td>\n<td class=\"nomobile\" style=\"text-align: center;\">29<\/td>\n<td class=\"nomobile\" style=\"text-align: center;\"><\/td>\n<td><strong>Andrew Short<\/strong><\/td>\n<td>Yamaha WR450F Rally<\/td>\n<td class=\"nomobile\">Monster Energy Yamaha Rally Team<\/td>\n<td style=\"text-align: right; padding-right: 15px;\"><strong>+46:08<\/strong><\/td>\n<\/tr>\n<tr style=\"vertical-align: top; background-color: #dbd9d9;\">\n<td style=\"text-align: center;\"><strong>9.<\/strong><\/td>\n<td class=\"nomobile\" style=\"text-align: center;\">18<\/td>\n<td class=\"nomobile\" style=\"text-align: center;\"><span style=\"font-size: 8pt;\"><a href=\"\/index.php\/w2rc\/w2rc-2022\/\"><span style=\"color: #ee8027;\">W2RC<\/span><\/a><\/span><\/td>\n<td><a href=\"\/index.php\/osobnosti\/toby-price\/\"><span style=\"color: #ee8027;\"><strong>Toby Price<\/strong><\/span><\/a><\/td>\n<td>KTM 450 Rally<\/td>\n<td class=\"nomobile\">Red Bull KTM Factory Racing<\/td>\n<td style=\"text-align: right; padding-right: 15px;\"><strong>+49:20<\/strong><\/td>\n<\/tr>\n<tr style=\"vertical-align: top; background-color: #f2f2f2;\">\n<td style=\"text-align: center;\"><strong>10.<\/strong><\/td>\n<td class=\"nomobile\" style=\"text-align: center;\">15<\/td>\n<td class=\"nomobile\" style=\"text-align: center;\"><span style=\"font-size: 8pt;\"><a href=\"\/index.php\/w2rc\/w2rc-2022\/\"><span style=\"color: #ee8027;\">W2RC<\/span><\/a><\/span><\/td>\n<td><strong><a href=\"\/index.php\/osobnosti\/lorenzo-santolino\/\"><span style=\"color: #ee8027;\">Lorenzo Santolino<\/span><\/a><\/strong><\/td>\n<td>Sherco 450 SEF Rally<\/td>\n<td class=\"nomobile\">Sherco TVS Rally Factory Team<\/td>\n<td style=\"text-align: right; padding-right: 15px;\"><strong>+58:26<\/strong><\/td>\n<\/tr>\n<tr style=\"vertical-align: top; background-color: #dbd9d9;\">\n<td style=\"text-align: center;\"><strong>11.<\/strong><\/td>\n<td class=\"nomobile\" style=\"text-align: center;\">142<\/td>\n<td class=\"nomobile\" style=\"text-align: center;\"><\/td>\n<td><strong><a href=\"\/index.php\/osobnosti\/stefan-svitko\/\"><span style=\"color: #ee8027;\">\u0160tefan Svitko<\/span><\/a><\/strong><\/td>\n<td>KTM 450 Rally<\/td>\n<td class=\"nomobile\">Slovnaft Rally Team<\/td>\n<td style=\"text-align: right; padding-right: 15px;\"><strong>+59:17<\/strong><\/td>\n<\/tr>\n<tr style=\"vertical-align: top; background-color: #f2f2f2;\">\n<td style=\"text-align: center;\"><strong>12.<\/strong><\/td>\n<td class=\"nomobile\" style=\"text-align: center;\">77<\/td>\n<td class=\"nomobile\" style=\"text-align: center;\"><span style=\"font-size: 8pt;\"><a href=\"\/index.php\/w2rc\/w2rc-2022\/\"><span style=\"color: #ee8027;\">W2RC<\/span><\/a><\/span><\/td>\n<td><strong><a href=\"\/index.php\/osobnosti\/luciano-benavides\/\"><span style=\"color: #ee8027;\">Luciano Benavides<\/span><\/a><\/strong><\/td>\n<td>Husqvarna FR 450 Rally<\/td>\n<td class=\"nomobile\">Husqvarna Factory Racing<\/td>\n<td style=\"text-align: right; padding-right: 15px;\"><strong>+1:10:19<\/strong><\/td>\n<\/tr>\n<tr style=\"vertical-align: top; background-color: #dbd9d9;\">\n<td style=\"text-align: center;\"><strong>13.<\/strong><\/td>\n<td class=\"nomobile\" style=\"text-align: center;\">27<\/td>\n<td class=\"nomobile\" style=\"text-align: center;\"><span style=\"font-size: 8pt;\"><a href=\"\/index.php\/w2rc\/w2rc-2022\/\"><span style=\"color: #ee8027;\">W2RC<\/span><\/a><\/span><\/td>\n<td><strong>Joaquim Rodrigues<\/strong><\/td>\n<td>Hero 450 Rally<\/td>\n<td class=\"nomobile\">Hero MotoSports Team Rally<\/td>\n<td style=\"text-align: right; padding-right: 15px;\"><strong>+1:15:44<\/strong><\/td>\n<\/tr>\n<tr style=\"vertical-align: top; background-color: #f2f2f2;\">\n<td style=\"text-align: center;\"><strong>14.<\/strong><\/td>\n<td class=\"nomobile\" style=\"text-align: center;\">12<\/td>\n<td class=\"nomobile\" style=\"text-align: center;\"><span style=\"font-size: 8pt;\"><a href=\"\/index.php\/w2rc\/w2rc-2022\/\"><span style=\"color: #ee8027;\">W2RC<\/span><\/a><\/span><\/td>\n<td><strong>Xavier de Soultrait<\/strong><\/td>\n<td>Husqvarna FR 450 Rally<\/td>\n<td class=\"nomobile\">HT Rally Raid Husqvarna Racing<\/td>\n<td style=\"text-align: right; padding-right: 15px;\"><strong>+1:26:25<\/strong><\/td>\n<\/tr>\n<tr style=\"vertical-align: top; background-color: #dbd9d9;\">\n<td style=\"text-align: center;\"><strong>15.<\/strong><\/td>\n<td class=\"nomobile\" style=\"text-align: center;\">6<\/td>\n<td class=\"nomobile\" style=\"text-align: center;\"><span style=\"font-size: 8pt;\"><a href=\"\/index.php\/w2rc\/w2rc-2022\/\"><span style=\"color: #ee8027;\">W2RC<\/span><\/a><\/span><\/td>\n<td><a href=\"\/index.php\/osobnosti\/aaron-mare\/\"><span style=\"color: #ee8027;\"><strong>Aaron Mar\u00e9<\/strong><\/span><\/a><\/td>\n<td>Hero 450 Rally<\/td>\n<td class=\"nomobile\">Hero MotoSports Team Rally<\/td>\n<td style=\"text-align: right; padding-right: 15px;\"><strong>+1:49:00<\/strong><\/td>\n<\/tr>\n<tr style=\"vertical-align: top; background-color: #f2f2f2;\">\n<td style=\"text-align: center;\"><strong>16.<\/strong><\/td>\n<td class=\"nomobile\" style=\"text-align: center;\">54<\/td>\n<td class=\"nomobile\" style=\"text-align: center;\"><\/td>\n<td><strong>Daniel Nosiglia Jager<\/strong><\/td>\n<td>KTM 450 Rally<\/td>\n<td class=\"nomobile\">Rieju &#8211; FN Speed Team<\/td>\n<td style=\"text-align: right; padding-right: 15px;\"><strong>+2:15:16<\/strong><\/td>\n<\/tr>\n<tr style=\"vertical-align: top; background-color: #dbd9d9;\">\n<td style=\"text-align: center;\"><strong>17.<\/strong><\/td>\n<td class=\"nomobile\" style=\"text-align: center;\">22<\/td>\n<td class=\"nomobile\" style=\"text-align: center;\"><\/td>\n<td><strong>Maciej Giemza<\/strong><\/td>\n<td>Husqvarna FR 450 Rally<\/td>\n<td class=\"nomobile\">Orlen Team<\/td>\n<td style=\"text-align: right; padding-right: 15px;\"><strong>+2:28:28<\/strong><\/td>\n<\/tr>\n<tr style=\"vertical-align: top; background-color: #f2f2f2;\">\n<td style=\"text-align: center;\"><strong>18.<\/strong><\/td>\n<td class=\"nomobile\" style=\"text-align: center;\">17<\/td>\n<td class=\"nomobile\" style=\"text-align: center;\"><\/td>\n<td><strong>Joan Pedrero<\/strong><\/td>\n<td>Rieju 450 Rally<\/td>\n<td class=\"nomobile\">Rieju &#8211; FN Speed Team<\/td>\n<td style=\"text-align: right; padding-right: 15px;\"><strong>+2:40:43<\/strong><\/td>\n<\/tr>\n<tr style=\"vertical-align: top; background-color: #dbd9d9;\">\n<td style=\"text-align: center;\"><strong>19.<\/strong><\/td>\n<td class=\"nomobile\" style=\"text-align: center;\">30<\/td>\n<td class=\"nomobile\" style=\"text-align: center;\"><\/td>\n<td><strong>Antonio Maio<\/strong><\/td>\n<td>Yamaha WR450 Rally<\/td>\n<td class=\"nomobile\">Franco Sport Yamaha Racing Team<\/td>\n<td style=\"text-align: right; padding-right: 15px;\"><strong>+2:45:43<\/strong><\/td>\n<\/tr>\n<tr style=\"vertical-align: top; background-color: #f2f2f2;\">\n<td style=\"text-align: center;\"><strong>20.<\/strong><\/td>\n<td class=\"nomobile\" style=\"text-align: center;\">19<\/td>\n<td class=\"nomobile\" style=\"text-align: center;\"><\/td>\n<td><strong>Rui Gon\u00e7alves<\/strong><\/td>\n<td>Sherco 450 SEF Rally<\/td>\n<td class=\"nomobile\">Sherco TVS Rally Factory Team<\/td>\n<td style=\"text-align: right; padding-right: 15px;\"><strong>+3:13:25<\/strong><\/td>\n<\/tr>\n<tr style=\"vertical-align: top; background-color: #dbd9d9;\">\n<td style=\"text-align: center;\"><strong>21.<\/strong><\/td>\n<td class=\"nomobile\" style=\"text-align: center;\">10<\/td>\n<td class=\"nomobile\" style=\"text-align: center;\"><span style=\"font-size: 8pt;\"><a href=\"\/index.php\/w2rc\/w2rc-2022\/\"><span style=\"color: #ee8027;\">W2RC<\/span><\/a><\/span><\/td>\n<td><a href=\"\/index.php\/osobnosti\/martin-michek\/\"><span style=\"color: #ee8027;\"><strong>Martin Michek<\/strong><\/span><\/a><\/td>\n<td>KTM 450 Rally<\/td>\n<td class=\"nomobile\">Orion &#8211; Moto Racing Group<\/td>\n<td style=\"text-align: right; padding-right: 15px;\"><strong>+6:30:40<\/strong><\/td>\n<\/tr>\n<tr style=\"vertical-align: top; background-color: #f2f2f2;\">\n<td style=\"text-align: center;\"><strong>22.<\/strong><\/td>\n<td class=\"nomobile\" style=\"text-align: center;\">31<\/td>\n<td class=\"nomobile\" style=\"text-align: center;\"><\/td>\n<td><strong>Mohammed Balooshi<\/strong><\/td>\n<td>KTM 450 Rally<\/td>\n<td class=\"nomobile\">MX Ride Dubai<\/td>\n<td style=\"text-align: right; padding-right: 15px;\"><strong>+6:31:18<\/strong><\/td>\n<\/tr>\n<tr style=\"vertical-align: top; background-color: #dbd9d9;\">\n<td style=\"text-align: center;\"><strong>23.<\/strong><\/td>\n<td class=\"nomobile\" style=\"text-align: center;\">1<\/td>\n<td class=\"nomobile\" style=\"text-align: center;\"><span style=\"font-size: 8pt;\"><a href=\"\/index.php\/w2rc\/w2rc-2022\/\"><span style=\"color: #ee8027;\">W2RC<\/span><\/a><\/span><\/td>\n<td><a href=\"\/index.php\/osobnosti\/kevin-benavides\/\"><span style=\"color: #ee8027;\"><strong>Kevin Benavides<\/strong><\/span><\/a><\/td>\n<td>KTM 450 Rally<\/td>\n<td class=\"nomobile\">Red Bull KTM Factory Racing<\/td>\n<td style=\"text-align: right; padding-right: 15px;\"><strong>+23:53:29<\/strong><\/td>\n<\/tr>\n<tr style=\"vertical-align: top; background-color: #f2f2f2;\">\n<td style=\"text-align: center;\"><strong>24.<\/strong><\/td>\n<td class=\"nomobile\" style=\"text-align: center;\">20<\/td>\n<td class=\"nomobile\" style=\"text-align: center;\"><\/td>\n<td><strong>Harith Noah Koitha Veettil<\/strong><\/td>\n<td>Sherco 450 SEF Rally<\/td>\n<td class=\"nomobile\">Sherco TVS Rally Factory Team<\/td>\n<td style=\"text-align: right; padding-right: 15px;\"><strong>+34:05:20<\/strong><\/td>\n<\/tr>\n<tr style=\"background-color: #808080; color: white;\">\n<td style=\"text-align: left;\" colspan=\"7\"><\/td>\n<\/tr>\n<tr style=\"vertical-align: top; background-color: #f2f2f2;\">\n<td style=\"text-align: center;\"><strong>DNF<\/strong><\/td>\n<td class=\"nomobile\" style=\"text-align: center;\">4<\/td>\n<td class=\"nomobile\" style=\"text-align: center;\"><span style=\"font-size: 8pt;\"><a href=\"\/index.php\/w2rc\/w2rc-2022\/\"><span style=\"color: #ee8027;\">W2RC<\/span><\/a><\/span><\/td>\n<td><a href=\"\/index.php\/osobnosti\/daniel-sanders\/\"><span style=\"color: #ee8027;\"><strong>Daniel Sanders<\/strong><\/span><\/a><\/td>\n<td>GasGas RC 450F<\/td>\n<td class=\"nomobile\">GasGas Factory Racing<\/td>\n<td style=\"text-align: right; padding-right: 15px;\"><strong><span style=\"font-size: 8pt;\">7. etapa<\/span><\/strong><\/td>\n<\/tr>\n<tr style=\"vertical-align: top; background-color: #dbd9d9;\">\n<td style=\"text-align: center;\"><strong>DNF<\/strong><\/td>\n<td class=\"nomobile\" style=\"text-align: center;\">5<\/td>\n<td class=\"nomobile\" style=\"text-align: center;\"><span style=\"font-size: 8pt;\"><a href=\"\/index.php\/w2rc\/w2rc-2022\/\"><span style=\"color: #ee8027;\">W2RC<\/span><\/a><\/span><\/td>\n<td><strong><a href=\"\/index.php\/osobnosti\/skyler-howes\/\"><span style=\"color: #ee8027;\">Skyler Howes<\/span><\/a><\/strong><\/td>\n<td>Husqvarna FR 450 Rally<\/td>\n<td class=\"nomobile\">Husqvarna Factory Racing<\/td>\n<td style=\"text-align: right; padding-right: 15px;\"><strong><span style=\"font-size: 8pt;\">po 5. etap\u011b<\/span><\/strong><\/td>\n<\/tr>\n<tr style=\"vertical-align: top; background-color: #f2f2f2;\">\n<td style=\"text-align: center;\"><strong>DNF<\/strong><\/td>\n<td class=\"nomobile\" style=\"text-align: center;\">16<\/td>\n<td class=\"nomobile\" style=\"text-align: center;\"><\/td>\n<td><strong><a href=\"\/index.php\/osobnosti\/ross-branch\/\"><span style=\"color: #ee8027;\">Ross Branch<\/span><\/a><\/strong><\/td>\n<td>Yamaha WR450F Rally<\/td>\n<td class=\"nomobile\">Monster Energy Yamaha Rally Team<\/td>\n<td style=\"text-align: right; padding-right: 15px;\"><\/td>\n<\/tr>\n<tr style=\"background-color: #808080; color: white;\">\n<td style=\"text-align: left;\" colspan=\"7\"><span style=\"font-size: 8pt;\">V r\u00e1mci hodnocen\u00ed RallyGP odstartovalo 27 motocyklist\u016f, v c\u00edli klasifikov\u00e1no 24.<\/span><\/td>\n<\/tr>\n<\/tbody>\n<\/table>\n<p>[\/vc_column_text][\/vc_tta_section][vc_tta_section title=&#8221;RALLY2&#8243; tab_id=&#8221;rally2&#8243;][vc_column_text css_animation=&#8221;fadeIn&#8221;]<\/p>\n<table style=\"width: 97.7654%;\" rules=\"rows\" cellpadding=\"4px\">\n<tbody>\n<tr style=\"background-color: #808080; color: white;\">\n<td style=\"text-align: center;\" colspan=\"7\"><span style=\"font-size: 12pt;\"><strong>RALLY DAKAR 2022<br \/>\nRALLY2<br \/>\nkone\u010dn\u00e9 v\u00fdsledky<\/strong><\/span><\/td>\n<\/tr>\n<tr style=\"vertical-align: top; background-color: #dbd9d9;\">\n<td style=\"text-align: center;\"><strong>1.<\/strong><\/td>\n<td class=\"nomobile\" style=\"text-align: center;\">43<\/td>\n<td class=\"nomobile\" style=\"text-align: center;\"><span style=\"font-size: 8pt;\"><a href=\"\/index.php\/w2rc\/w2rc-2022\/\"><span style=\"color: #ee8027;\">W2RC<\/span><\/a><\/span><\/td>\n<td><strong>Mason Klein<\/strong><\/td>\n<td>KTM 450 Rally<\/td>\n<td class=\"nomobile\">BAS World KTM Racing Team<\/td>\n<td style=\"text-align: right; padding-right: 15px;\"><strong>39:36:37<\/strong><\/td>\n<\/tr>\n<tr style=\"vertical-align: top; background-color: #f2f2f2;\">\n<td style=\"text-align: center;\"><strong>2.<\/strong><\/td>\n<td class=\"nomobile\" style=\"text-align: center;\">24<\/td>\n<td class=\"nomobile\" style=\"text-align: center;\"><span style=\"font-size: 8pt;\"><a href=\"\/index.php\/w2rc\/w2rc-2022\/\"><span style=\"color: #ee8027;\">W2RC<\/span><\/a><\/span><\/td>\n<td><a href=\"\/index.php\/osobnosti\/chapeliere-camille\/\"><span style=\"color: #ee8027;\"><strong>Camille Chapeli\u00e8re<\/strong><\/span><\/a><\/td>\n<td>KTM 450 Rally<\/td>\n<td class=\"nomobile\">Team Ba\u00efnes Rally<\/td>\n<td style=\"text-align: right; padding-right: 15px;\"><strong>+1:50:23<\/strong><\/td>\n<\/tr>\n<tr style=\"vertical-align: top; background-color: #dbd9d9;\">\n<td style=\"text-align: center;\"><strong>3.<\/strong><\/td>\n<td class=\"nomobile\" style=\"text-align: center;\">78<\/td>\n<td class=\"nomobile\" style=\"text-align: center;\"><span style=\"font-size: 8pt;\"><a href=\"\/index.php\/w2rc\/w2rc-2022\/\"><span style=\"color: #ee8027;\">W2RC<\/span><\/a><\/span><\/td>\n<td><strong><a href=\"\/index.php\/osobnosti\/romain-dumontier\/\"><span style=\"color: #ee8027;\">Romain Dumontier<\/span><\/a><\/strong><\/td>\n<td>Husqvarna FR 450 Rally<\/td>\n<td class=\"nomobile\">Team Dumontier Racing<\/td>\n<td style=\"text-align: right; padding-right: 15px;\"><strong>+2:11:09<\/strong><\/td>\n<\/tr>\n<tr style=\"vertical-align: top; background-color: #f2f2f2;\">\n<td style=\"text-align: center;\"><strong>4.<\/strong><\/td>\n<td class=\"nomobile\" style=\"text-align: center;\">23<\/td>\n<td class=\"nomobile\" style=\"text-align: center;\"><span style=\"font-size: 8pt;\"><a href=\"\/index.php\/w2rc\/w2rc-2022\/\"><span style=\"color: #ee8027;\">W2RC<\/span><\/a><\/span><\/td>\n<td><strong><a href=\"\/index.php\/osobnosti\/jan-brabec\/\"><span style=\"color: #ee8027;\">Jan Brabec<\/span><\/a><\/strong><\/td>\n<td>KTM 450 Rally<\/td>\n<td class=\"nomobile\">Strojrent Racing<\/td>\n<td style=\"text-align: right; padding-right: 15px;\"><strong>+2:23:32<\/strong><\/td>\n<\/tr>\n<tr style=\"vertical-align: top; background-color: #dbd9d9;\">\n<td style=\"text-align: center;\"><strong>5.<\/strong><\/td>\n<td class=\"nomobile\" style=\"text-align: center;\">49<\/td>\n<td class=\"nomobile\" style=\"text-align: center;\"><span style=\"font-size: 8pt;\"><a href=\"\/index.php\/w2rc\/w2rc-2022\/\"><span style=\"color: #ee8027;\">W2RC<\/span><\/a><\/span><\/td>\n<td><strong>Bradley Cox<\/strong><\/td>\n<td>KTM 450 Rally<\/td>\n<td class=\"nomobile\">BAS World KTM Racing Team<\/td>\n<td style=\"text-align: right; padding-right: 15px;\"><strong>+2:26:46<\/strong><\/td>\n<\/tr>\n<tr style=\"vertical-align: top; background-color: #f2f2f2;\">\n<td style=\"text-align: center;\"><strong>6.<\/strong><\/td>\n<td class=\"nomobile\" style=\"text-align: center;\">158<\/td>\n<td class=\"nomobile\" style=\"text-align: center;\"><span style=\"font-size: 8pt;\"><a href=\"\/index.php\/w2rc\/w2rc-2022\/\"><span style=\"color: #ee8027;\">W2RC<\/span><\/a><\/span><\/td>\n<td><strong>Diego Gamaliel Llanos<\/strong><\/td>\n<td>KTM 450 Rally<\/td>\n<td class=\"nomobile\">Xraid Experience<\/td>\n<td style=\"text-align: right; padding-right: 15px;\"><strong>+2:28:49<\/strong><\/td>\n<\/tr>\n<tr style=\"vertical-align: top; background-color: #dbd9d9;\">\n<td style=\"text-align: center;\"><strong>7.<\/strong><\/td>\n<td class=\"nomobile\" style=\"text-align: center;\">26<\/td>\n<td class=\"nomobile\" style=\"text-align: center;\"><span style=\"font-size: 8pt;\"><a href=\"\/index.php\/w2rc\/w2rc-2022\/\"><span style=\"color: #ee8027;\">W2RC<\/span><\/a><\/span><\/td>\n<td><strong>Konrad D\u0105browski<\/strong><\/td>\n<td>Husqvarna FR 450 Rally<\/td>\n<td class=\"nomobile\">Duust Rally Team<\/td>\n<td style=\"text-align: right; padding-right: 15px;\"><strong>+3:02:44<\/strong><\/td>\n<\/tr>\n<tr style=\"vertical-align: top; background-color: #f2f2f2;\">\n<td style=\"text-align: center;\"><strong>8.<\/strong><\/td>\n<td class=\"nomobile\" style=\"text-align: center;\">36<\/td>\n<td class=\"nomobile\" style=\"text-align: center;\"><span style=\"font-size: 8pt;\"><a href=\"\/index.php\/w2rc\/w2rc-2022\/\"><span style=\"color: #ee8027;\">W2RC<\/span><\/a><\/span><\/td>\n<td><strong>Ar\u016bnas Gela\u017eninkas<\/strong><\/td>\n<td>Husqvarna FR 450 Rally<\/td>\n<td class=\"nomobile\"><\/td>\n<td style=\"text-align: right; padding-right: 15px;\"><strong>+3:34:29<\/strong><\/td>\n<\/tr>\n<tr style=\"vertical-align: top; background-color: #dbd9d9;\">\n<td style=\"text-align: center;\"><strong>9.<\/strong><\/td>\n<td class=\"nomobile\" style=\"text-align: center;\">76<\/td>\n<td class=\"nomobile\" style=\"text-align: center;\"><span style=\"font-size: 8pt;\"><a href=\"\/index.php\/w2rc\/w2rc-2022\/\"><span style=\"color: #ee8027;\">W2RC<\/span><\/a><\/span><\/td>\n<td><strong>Jean-Loup Lepan<\/strong><\/td>\n<td>KTM 450 Rally<\/td>\n<td class=\"nomobile\">Nomade Racing<\/td>\n<td style=\"text-align: right; padding-right: 15px;\"><strong>+3:46:29<\/strong><\/td>\n<\/tr>\n<tr style=\"vertical-align: top; background-color: #f2f2f2;\">\n<td style=\"text-align: center;\"><strong>10.<\/strong><\/td>\n<td class=\"nomobile\" style=\"text-align: center;\">21<\/td>\n<td class=\"nomobile\" style=\"text-align: center;\"><span style=\"font-size: 8pt;\"><a href=\"\/index.php\/w2rc\/w2rc-2022\/\"><span style=\"color: #ee8027;\">W2RC<\/span><\/a><\/span><\/td>\n<td><a href=\"\/index.php\/osobnosti\/milan-engel\/\"><span style=\"color: #ee8027;\"><strong>Milan Engel<\/strong><\/span><\/a><\/td>\n<td>KTM 450 Rally<\/td>\n<td class=\"nomobile\">Orion &#8211; Moto Racing Group<\/td>\n<td style=\"text-align: right; padding-right: 15px;\"><strong>+4:07:34<\/strong><\/td>\n<\/tr>\n<tr style=\"vertical-align: top; background-color: #dbd9d9;\">\n<td style=\"text-align: center;\"><strong>11.<\/strong><\/td>\n<td class=\"nomobile\" style=\"text-align: center;\">56<\/td>\n<td class=\"nomobile\" style=\"text-align: center;\"><span style=\"font-size: 8pt;\"><a href=\"\/index.php\/w2rc\/w2rc-2022\/\"><span style=\"color: #ee8027;\">W2RC<\/span><\/a><\/span><\/td>\n<td><strong>J\u00e9r\u00f4me Martiny<\/strong><\/td>\n<td>Husqvarna FR 450 Rally<\/td>\n<td class=\"nomobile\">Dumontier Racing<\/td>\n<td style=\"text-align: right; padding-right: 15px;\"><strong>+4:08:33<\/strong><\/td>\n<\/tr>\n<tr style=\"vertical-align: top; background-color: #f2f2f2;\">\n<td style=\"text-align: center;\"><strong>12.<\/strong><\/td>\n<td class=\"nomobile\" style=\"text-align: center;\">83<\/td>\n<td class=\"nomobile\" style=\"text-align: center;\"><span style=\"font-size: 8pt;\"><a href=\"\/index.php\/w2rc\/w2rc-2022\/\"><span style=\"color: #ee8027;\">W2RC<\/span><\/a><\/span><\/td>\n<td><strong>Julien Jagu<\/strong><\/td>\n<td>KTM 450 Rally<\/td>\n<td class=\"nomobile\">LG Rally Team<\/td>\n<td style=\"text-align: right; padding-right: 15px;\"><strong>+4:34:18<\/strong><\/td>\n<\/tr>\n<tr style=\"vertical-align: top; background-color: #dbd9d9;\">\n<td style=\"text-align: center;\"><strong>13.<\/strong><\/td>\n<td class=\"nomobile\" style=\"text-align: center;\">39<\/td>\n<td class=\"nomobile\" style=\"text-align: center;\"><span style=\"font-size: 8pt;\"><a href=\"\/index.php\/w2rc\/w2rc-2022\/\"><span style=\"color: #ee8027;\">W2RC<\/span><\/a><\/span><\/td>\n<td><strong>Benjamin Melot<\/strong><\/td>\n<td>KTM 450 Rally<\/td>\n<td class=\"nomobile\"><\/td>\n<td style=\"text-align: right; padding-right: 15px;\"><strong>+4:44:26<\/strong><\/td>\n<\/tr>\n<tr style=\"vertical-align: top; background-color: #f2f2f2;\">\n<td style=\"text-align: center;\"><strong>14.<\/strong><\/td>\n<td class=\"nomobile\" style=\"text-align: center;\">123<\/td>\n<td class=\"nomobile\" style=\"text-align: center;\"><span style=\"font-size: 8pt;\"><a href=\"\/index.php\/w2rc\/w2rc-2022\/\"><span style=\"color: #ee8027;\">W2RC<\/span><\/a><\/span><\/td>\n<td><strong>Charan Moore<\/strong><\/td>\n<td>KTM 450 Rally<\/td>\n<td class=\"nomobile\"><\/td>\n<td style=\"text-align: right; padding-right: 15px;\"><strong>+5:03:25<\/strong><\/td>\n<\/tr>\n<tr style=\"vertical-align: top; background-color: #dbd9d9;\">\n<td style=\"text-align: center;\"><strong>15.<\/strong><\/td>\n<td class=\"nomobile\" style=\"text-align: center;\">34<\/td>\n<td class=\"nomobile\" style=\"text-align: center;\"><span style=\"font-size: 8pt;\"><a href=\"\/index.php\/w2rc\/w2rc-2022\/\"><span style=\"color: #ee8027;\">W2RC<\/span><\/a><\/span><\/td>\n<td><a href=\"\/index.php\/osobnosti\/mathieu-doveze\/\"><span style=\"color: #ee8027;\"><strong>Mathieu Doveze<\/strong><\/span><\/a><\/td>\n<td>KTM 450 Rally<\/td>\n<td class=\"nomobile\">Nomade Racing<\/td>\n<td style=\"text-align: right; padding-right: 15px;\"><strong>+5:07:27<\/strong><\/td>\n<\/tr>\n<tr style=\"vertical-align: top; background-color: #f2f2f2;\">\n<td style=\"text-align: center;\"><strong>16.<\/strong><\/td>\n<td class=\"nomobile\" style=\"text-align: center;\">50<\/td>\n<td class=\"nomobile\" style=\"text-align: center;\"><span style=\"font-size: 8pt;\"><a href=\"\/index.php\/w2rc\/w2rc-2022\/\"><span style=\"color: #ee8027;\">W2RC<\/span><\/a><\/span><\/td>\n<td><strong>Patricio Cabrera<\/strong><\/td>\n<td>KTM 450 Rally<\/td>\n<td class=\"nomobile\">Rieju &#8211; FN Speed Team<\/td>\n<td style=\"text-align: right; padding-right: 15px;\"><strong>+7:04:23<\/strong><\/td>\n<\/tr>\n<tr style=\"vertical-align: top; background-color: #dbd9d9;\">\n<td style=\"text-align: center;\"><strong>17.<\/strong><\/td>\n<td class=\"nomobile\" style=\"text-align: center;\">70<\/td>\n<td class=\"nomobile\" style=\"text-align: center;\"><span style=\"font-size: 8pt;\"><a href=\"\/index.php\/w2rc\/w2rc-2022\/\"><span style=\"color: #ee8027;\">W2RC<\/span><\/a><\/span><\/td>\n<td><strong>Mohammed Jaffar<\/strong><\/td>\n<td>KTM 450 Rally<\/td>\n<td class=\"nomobile\">Duust Rally Team<\/td>\n<td style=\"text-align: right; padding-right: 15px;\"><strong>+7:08:29<\/strong><\/td>\n<\/tr>\n<tr style=\"vertical-align: top; background-color: #f2f2f2;\">\n<td style=\"text-align: center;\"><strong>18.<\/strong><\/td>\n<td class=\"nomobile\" style=\"text-align: center;\">37<\/td>\n<td class=\"nomobile\" style=\"text-align: center;\"><span style=\"font-size: 8pt;\"><a href=\"\/index.php\/w2rc\/w2rc-2022\/\"><span style=\"color: #ee8027;\">W2RC<\/span><\/a><\/span><\/td>\n<td><strong>Emanuel Gyenes<\/strong><\/td>\n<td>KTM 450 Rally<\/td>\n<td class=\"nomobile\">Autonet Motorcycle Team<\/td>\n<td style=\"text-align: right; padding-right: 15px;\"><strong>+7:30:34<\/strong><\/td>\n<\/tr>\n<tr style=\"vertical-align: top; background-color: #dbd9d9;\">\n<td style=\"text-align: center;\"><strong>19.<\/strong><\/td>\n<td class=\"nomobile\" style=\"text-align: center;\">28<\/td>\n<td class=\"nomobile\" style=\"text-align: center;\"><span style=\"font-size: 8pt;\"><a href=\"\/index.php\/w2rc\/w2rc-2022\/\"><span style=\"color: #ee8027;\">W2RC<\/span><\/a><\/span><\/td>\n<td><strong>Zaker Yakp<\/strong><\/td>\n<td>KTM 450 Rally<\/td>\n<td class=\"nomobile\">Wu Pu Da Hai Dao Rally Team<\/td>\n<td style=\"text-align: right; padding-right: 15px;\"><strong>+7:41:04<\/strong><\/td>\n<\/tr>\n<tr style=\"vertical-align: top; background-color: #f2f2f2;\">\n<td style=\"text-align: center;\"><strong>20.<\/strong><\/td>\n<td class=\"nomobile\" style=\"text-align: center;\">33<\/td>\n<td class=\"nomobile\" style=\"text-align: center;\"><span style=\"font-size: 8pt;\"><a href=\"\/index.php\/w2rc\/w2rc-2022\/\"><span style=\"color: #ee8027;\">W2RC<\/span><\/a><\/span><\/td>\n<td><strong>Mario Patr\u00e3o<\/strong><\/td>\n<td>KTM 450 Rally<\/td>\n<td class=\"nomobile\">Credit Agricola &#8211; Mario Patr\u00e3o Motosport<\/td>\n<td style=\"text-align: right; padding-right: 15px;\"><strong>+8:11:56<\/strong><\/td>\n<\/tr>\n<tr style=\"vertical-align: top; background-color: #dbd9d9;\">\n<td style=\"text-align: center;\"><strong>21.<\/strong><\/td>\n<td class=\"nomobile\" style=\"text-align: center;\">86<\/td>\n<td class=\"nomobile\" style=\"text-align: center;\"><span style=\"font-size: 8pt;\"><a href=\"\/index.php\/w2rc\/w2rc-2022\/\"><span style=\"color: #ee8027;\">W2RC<\/span><\/a><\/span><\/td>\n<td><strong>Charlie Herbst<\/strong><\/td>\n<td>KTM 450 Rally<\/td>\n<td class=\"nomobile\">Team All Tracks<\/td>\n<td style=\"text-align: right; padding-right: 15px;\"><strong>+8:16:11<\/strong><\/td>\n<\/tr>\n<tr style=\"vertical-align: top; background-color: #f2f2f2;\">\n<td style=\"text-align: center;\"><strong>22.<\/strong><\/td>\n<td class=\"nomobile\" style=\"text-align: center;\">95<\/td>\n<td class=\"nomobile\" style=\"text-align: center;\"><span style=\"font-size: 8pt;\"><a href=\"\/index.php\/w2rc\/w2rc-2022\/\"><span style=\"color: #ee8027;\">W2RC<\/span><\/a><\/span><\/td>\n<td><strong>Wiljan van Wikselaar<\/strong><\/td>\n<td>KTM 450 EXC<\/td>\n<td class=\"nomobile\">BAS World KTM Racing Team<\/td>\n<td style=\"text-align: right; padding-right: 15px;\"><strong>+8:32:06<\/strong><\/td>\n<\/tr>\n<tr style=\"vertical-align: top; background-color: #dbd9d9;\">\n<td style=\"text-align: center;\"><strong>23.<\/strong><\/td>\n<td class=\"nomobile\" style=\"text-align: center;\">93<\/td>\n<td class=\"nomobile\" style=\"text-align: center;\"><span style=\"font-size: 8pt;\"><a href=\"\/index.php\/w2rc\/w2rc-2022\/\"><span style=\"color: #ee8027;\">W2RC<\/span><\/a><\/span><\/td>\n<td><strong>Giovanni Gritti<\/strong><\/td>\n<td>Honda CRF450 Rally<\/td>\n<td class=\"nomobile\">RS Moto Racing Team<\/td>\n<td style=\"text-align: right; padding-right: 15px;\"><strong>+8:52:33<\/strong><\/td>\n<\/tr>\n<tr style=\"vertical-align: top; background-color: #f2f2f2;\">\n<td style=\"text-align: center;\"><strong>24.<\/strong><\/td>\n<td class=\"nomobile\" style=\"text-align: center;\">115<\/td>\n<td class=\"nomobile\" style=\"text-align: center;\"><span style=\"font-size: 8pt;\"><a href=\"\/index.php\/w2rc\/w2rc-2022\/\"><span style=\"color: #ee8027;\">W2RC<\/span><\/a><\/span><\/td>\n<td><strong>John Kelly<\/strong><\/td>\n<td>KTM 450 Rally<\/td>\n<td class=\"nomobile\">Lyndon Poskitt Racing<\/td>\n<td style=\"text-align: right; padding-right: 15px;\"><strong>+8:53:44<\/strong><\/td>\n<\/tr>\n<tr style=\"vertical-align: top; background-color: #dbd9d9;\">\n<td style=\"text-align: center;\"><strong>25.<\/strong><\/td>\n<td class=\"nomobile\" style=\"text-align: center;\">131<\/td>\n<td class=\"nomobile\" style=\"text-align: center;\"><span style=\"font-size: 8pt;\"><a href=\"\/index.php\/w2rc\/w2rc-2022\/\"><span style=\"color: #ee8027;\">W2RC<\/span><\/a><\/span><\/td>\n<td><strong>David McBride<\/strong><\/td>\n<td>Husqvarna FR 450 Rally<\/td>\n<td class=\"nomobile\">Vendetta Racing UAE<\/td>\n<td style=\"text-align: right; padding-right: 15px;\"><strong>+9:25:19<\/strong><\/td>\n<\/tr>\n<tr style=\"vertical-align: top; background-color: #f2f2f2;\">\n<td style=\"text-align: center;\"><strong>26.<\/strong><\/td>\n<td class=\"nomobile\" style=\"text-align: center;\">91<\/td>\n<td class=\"nomobile\" style=\"text-align: center;\"><span style=\"font-size: 8pt;\"><a href=\"\/index.php\/w2rc\/w2rc-2022\/\"><span style=\"color: #ee8027;\">W2RC<\/span><\/a><\/span><\/td>\n<td><strong>Mike Wiedemann<\/strong><\/td>\n<td>KTM 450 Rally<\/td>\n<td class=\"nomobile\">BAS World KTM Racing Team<\/td>\n<td style=\"text-align: right; padding-right: 15px;\"><strong>+9:27:07<\/strong><\/td>\n<\/tr>\n<tr style=\"vertical-align: top; background-color: #dbd9d9;\">\n<td style=\"text-align: center;\"><strong>27.<\/strong><\/td>\n<td class=\"nomobile\" style=\"text-align: center;\">40<\/td>\n<td class=\"nomobile\" style=\"text-align: center;\"><span style=\"font-size: 8pt;\"><a href=\"\/index.php\/w2rc\/w2rc-2022\/\"><span style=\"color: #ee8027;\">W2RC<\/span><\/a><\/span><\/td>\n<td><strong>Mirjam Pol<\/strong><\/td>\n<td>Husqvarna FR 450 Rally<\/td>\n<td class=\"nomobile\">HT Rally Raid Husqvarna Racing<\/td>\n<td style=\"text-align: right; padding-right: 15px;\"><strong>+9:47:12<\/strong><\/td>\n<\/tr>\n<tr style=\"vertical-align: top; background-color: #f2f2f2;\">\n<td style=\"text-align: center;\"><strong>28.<\/strong><\/td>\n<td class=\"nomobile\" style=\"text-align: center;\">148<\/td>\n<td class=\"nomobile\" style=\"text-align: center;\"><span style=\"font-size: 8pt;\"><a href=\"\/index.php\/w2rc\/w2rc-2022\/\"><span style=\"color: #ee8027;\">W2RC<\/span><\/a><\/span><\/td>\n<td><strong>Martin Bonnet<\/strong><\/td>\n<td>Husqvarna FR 450 Rally<\/td>\n<td class=\"nomobile\">RS Concept<\/td>\n<td style=\"text-align: right; padding-right: 15px;\"><strong>+9:54:14<\/strong><\/td>\n<\/tr>\n<tr style=\"vertical-align: top; background-color: #dbd9d9;\">\n<td style=\"text-align: center;\"><strong>29.<\/strong><\/td>\n<td class=\"nomobile\" style=\"text-align: center;\">58<\/td>\n<td class=\"nomobile\" style=\"text-align: center;\"><span style=\"font-size: 8pt;\"><a href=\"\/index.php\/w2rc\/w2rc-2022\/\"><span style=\"color: #ee8027;\">W2RC<\/span><\/a><\/span><\/td>\n<td><strong>Mikael Despontin<\/strong><\/td>\n<td>KTM 450 Rally<\/td>\n<td class=\"nomobile\">RS Concept<\/td>\n<td style=\"text-align: right; padding-right: 15px;\"><strong>+10:09:51<\/strong><\/td>\n<\/tr>\n<tr style=\"vertical-align: top; background-color: #f2f2f2;\">\n<td style=\"text-align: center;\"><strong>30.<\/strong><\/td>\n<td class=\"nomobile\" style=\"text-align: center;\">108<\/td>\n<td class=\"nomobile\" style=\"text-align: center;\"><span style=\"font-size: 8pt;\"><a href=\"\/index.php\/w2rc\/w2rc-2022\/\"><span style=\"color: #ee8027;\">W2RC<\/span><\/a><\/span><\/td>\n<td><strong>Marc Calmet<\/strong><\/td>\n<td>KTM 450 Rally<\/td>\n<td class=\"nomobile\">Rieju &#8211; FN Speed Team<\/td>\n<td style=\"text-align: right; padding-right: 15px;\"><strong>+10:28:00<\/strong><\/td>\n<\/tr>\n<tr style=\"vertical-align: top; background-color: #dbd9d9;\">\n<td style=\"text-align: center;\"><strong>31.<\/strong><\/td>\n<td class=\"nomobile\" style=\"text-align: center;\">122<\/td>\n<td class=\"nomobile\" style=\"text-align: center;\"><span style=\"font-size: 8pt;\"><a href=\"\/index.php\/w2rc\/w2rc-2022\/\"><span style=\"color: #ee8027;\">W2RC<\/span><\/a><\/span><\/td>\n<td><strong>Diego Noras<\/strong><\/td>\n<td>Husqvarna FR 450 Rally<\/td>\n<td class=\"nomobile\">HT Rally Raid Husqvarna Racing<\/td>\n<td style=\"text-align: right; padding-right: 15px;\"><strong>+10:34:37<\/strong><\/td>\n<\/tr>\n<tr style=\"vertical-align: top; background-color: #f2f2f2;\">\n<td style=\"text-align: center;\"><strong>32.<\/strong><\/td>\n<td class=\"nomobile\" style=\"text-align: center;\">44<\/td>\n<td class=\"nomobile\" style=\"text-align: center;\"><span style=\"font-size: 8pt;\"><a href=\"\/index.php\/w2rc\/w2rc-2022\/\"><span style=\"color: #ee8027;\">W2RC<\/span><\/a><\/span><\/td>\n<td><strong>Simon Mar\u010di\u010d<\/strong><\/td>\n<td>Husqvarna FR 450 Rally<\/td>\n<td class=\"nomobile\"><\/td>\n<td style=\"text-align: right; padding-right: 15px;\"><strong>+11:30:54<\/strong><\/td>\n<\/tr>\n<tr style=\"vertical-align: top; background-color: #dbd9d9;\">\n<td style=\"text-align: center;\"><strong>33.<\/strong><\/td>\n<td class=\"nomobile\" style=\"text-align: center;\">138<\/td>\n<td class=\"nomobile\" style=\"text-align: center;\"><span style=\"font-size: 8pt;\"><a href=\"\/index.php\/w2rc\/w2rc-2022\/\"><span style=\"color: #ee8027;\">W2RC<\/span><\/a><\/span><\/td>\n<td><strong>Romain Leloup<\/strong><\/td>\n<td>KTM 450 Rally<\/td>\n<td class=\"nomobile\">Team Repar&#8217;stores<\/td>\n<td style=\"text-align: right; padding-right: 15px;\"><strong>+11:36:09<\/strong><\/td>\n<\/tr>\n<tr style=\"vertical-align: top; background-color: #f2f2f2;\">\n<td style=\"text-align: center;\"><strong>34.<\/strong><\/td>\n<td class=\"nomobile\" style=\"text-align: center;\">162<\/td>\n<td class=\"nomobile\" style=\"text-align: center;\"><span style=\"font-size: 8pt;\"><a href=\"\/index.php\/w2rc\/w2rc-2022\/\"><span style=\"color: #ee8027;\">W2RC<\/span><\/a><\/span><\/td>\n<td><strong>Ali Oukerbouch<\/strong><\/td>\n<td>KTM 450 Rally<\/td>\n<td class=\"nomobile\">Morocco Racing Team<\/td>\n<td style=\"text-align: right; padding-right: 15px;\"><strong>+11:37:22<\/strong><\/td>\n<\/tr>\n<tr style=\"vertical-align: top; background-color: #dbd9d9;\">\n<td style=\"text-align: center;\"><strong>35.<\/strong><\/td>\n<td class=\"nomobile\" style=\"text-align: center;\">114<\/td>\n<td class=\"nomobile\" style=\"text-align: center;\"><span style=\"font-size: 8pt;\"><a href=\"\/index.php\/w2rc\/w2rc-2022\/\"><span style=\"color: #ee8027;\">W2RC<\/span><\/a><\/span><\/td>\n<td><strong>Mathieu Liebaert<\/strong><\/td>\n<td>KTM 450 Rally<\/td>\n<td class=\"nomobile\">BAS World KTM Racing Team<\/td>\n<td style=\"text-align: right; padding-right: 15px;\"><strong>+12:01:37<\/strong><\/td>\n<\/tr>\n<tr style=\"vertical-align: top; background-color: #f2f2f2;\">\n<td style=\"text-align: center;\"><strong>36.<\/strong><\/td>\n<td class=\"nomobile\" style=\"text-align: center;\">155<\/td>\n<td class=\"nomobile\" style=\"text-align: center;\"><span style=\"font-size: 8pt;\"><a href=\"\/index.php\/w2rc\/w2rc-2022\/\"><span style=\"color: #ee8027;\">W2RC<\/span><\/a><\/span><\/td>\n<td><strong>Joaquin Debeljuh Taruselli<\/strong><\/td>\n<td>KTM 450 Rally<\/td>\n<td class=\"nomobile\">Xraids Experience<\/td>\n<td style=\"text-align: right; padding-right: 15px;\"><strong>+12:04:05<\/strong><\/td>\n<\/tr>\n<tr style=\"vertical-align: top; background-color: #dbd9d9;\">\n<td style=\"text-align: center;\"><strong>37.<\/strong><\/td>\n<td class=\"nomobile\" style=\"text-align: center;\">129<\/td>\n<td class=\"nomobile\" style=\"text-align: center;\"><span style=\"font-size: 8pt;\"><a href=\"\/index.php\/w2rc\/w2rc-2022\/\"><span style=\"color: #ee8027;\">W2RC<\/span><\/a><\/span><\/td>\n<td><strong>David Gaits<\/strong><\/td>\n<td>KTM 450 Rally<\/td>\n<td class=\"nomobile\"><\/td>\n<td style=\"text-align: right; padding-right: 15px;\"><strong>+12:12:05<\/strong><\/td>\n<\/tr>\n<tr style=\"vertical-align: top; background-color: #f2f2f2;\">\n<td style=\"text-align: center;\"><strong>38.<\/strong><\/td>\n<td class=\"nomobile\" style=\"text-align: center;\">107<\/td>\n<td class=\"nomobile\" style=\"text-align: center;\"><span style=\"font-size: 8pt;\"><a href=\"\/index.php\/w2rc\/w2rc-2022\/\"><span style=\"color: #ee8027;\">W2RC<\/span><\/a><\/span><\/td>\n<td><strong>Jack Lundin<\/strong><\/td>\n<td>Husqvarna FR 450 Rally<\/td>\n<td class=\"nomobile\">HT Rally Raid Husqvarna Racing<\/td>\n<td style=\"text-align: right; padding-right: 15px;\"><strong>+12:23:36<\/strong><\/td>\n<\/tr>\n<tr style=\"vertical-align: top; background-color: #dbd9d9;\">\n<td style=\"text-align: center;\"><strong>39.<\/strong><\/td>\n<td class=\"nomobile\" style=\"text-align: center;\">45<\/td>\n<td class=\"nomobile\" style=\"text-align: center;\"><span style=\"font-size: 8pt;\"><a href=\"\/index.php\/w2rc\/w2rc-2022\/\"><span style=\"color: #ee8027;\">W2RC<\/span><\/a><\/span><\/td>\n<td><strong>Zhang Min<\/strong><\/td>\n<td>KTM 450 Rally<\/td>\n<td class=\"nomobile\">Wu Pu Da Hai Dao Rally Team<\/td>\n<td style=\"text-align: right; padding-right: 15px;\"><strong>+12:56:27<\/strong><\/td>\n<\/tr>\n<tr style=\"vertical-align: top; background-color: #f2f2f2;\">\n<td style=\"text-align: center;\"><strong>40.<\/strong><\/td>\n<td class=\"nomobile\" style=\"text-align: center;\">128<\/td>\n<td class=\"nomobile\" style=\"text-align: center;\"><span style=\"font-size: 8pt;\"><a href=\"\/index.php\/w2rc\/w2rc-2022\/\"><span style=\"color: #ee8027;\">W2RC<\/span><\/a><\/span><\/td>\n<td><strong>Sandra Gomez<\/strong><\/td>\n<td>Husqvarna FR 450 Rally<\/td>\n<td class=\"nomobile\">HT Rally Raid Husqvarna Racing<\/td>\n<td style=\"text-align: right; padding-right: 15px;\"><strong>+12:59:10<\/strong><\/td>\n<\/tr>\n<tr style=\"vertical-align: top; background-color: #dbd9d9;\">\n<td style=\"text-align: center;\"><strong>41.<\/strong><\/td>\n<td class=\"nomobile\" style=\"text-align: center;\">101<\/td>\n<td class=\"nomobile\" style=\"text-align: center;\"><span style=\"font-size: 8pt;\"><a href=\"\/index.php\/w2rc\/w2rc-2022\/\"><span style=\"color: #ee8027;\">W2RC<\/span><\/a><\/span><\/td>\n<td><strong>Harite Gabari<\/strong><\/td>\n<td>Husqvarna FR 450 Rally<\/td>\n<td class=\"nomobile\">Morocco Racing Team<\/td>\n<td style=\"text-align: right; padding-right: 15px;\"><strong>+13:02:47<\/strong><\/td>\n<\/tr>\n<tr style=\"vertical-align: top; background-color: #f2f2f2;\">\n<td style=\"text-align: center;\"><strong>42.<\/strong><\/td>\n<td class=\"nomobile\" style=\"text-align: center;\">139<\/td>\n<td class=\"nomobile\" style=\"text-align: center;\"><span style=\"font-size: 8pt;\"><a href=\"\/index.php\/w2rc\/w2rc-2022\/\"><span style=\"color: #ee8027;\">W2RC<\/span><\/a><\/span><\/td>\n<td><strong>Jonathan Chotard<\/strong><\/td>\n<td>KTM 450 Rally<\/td>\n<td class=\"nomobile\">Juracing Team<\/td>\n<td style=\"text-align: right; padding-right: 15px;\"><strong>+13:11:26<\/strong><\/td>\n<\/tr>\n<tr style=\"vertical-align: top; background-color: #dbd9d9;\">\n<td style=\"text-align: center;\"><strong>43.<\/strong><\/td>\n<td class=\"nomobile\" style=\"text-align: center;\">84<\/td>\n<td class=\"nomobile\" style=\"text-align: center;\"><span style=\"font-size: 8pt;\"><a href=\"\/index.php\/w2rc\/w2rc-2022\/\"><span style=\"color: #ee8027;\">W2RC<\/span><\/a><\/span><\/td>\n<td><strong>Stuart Gregory<\/strong><\/td>\n<td>KTM 450 Rally<\/td>\n<td class=\"nomobile\"><\/td>\n<td style=\"text-align: right; padding-right: 15px;\"><strong>+13:38:25<\/strong><\/td>\n<\/tr>\n<tr style=\"vertical-align: top; background-color: #f2f2f2;\">\n<td style=\"text-align: center;\"><strong>44.<\/strong><\/td>\n<td class=\"nomobile\" style=\"text-align: center;\">55<\/td>\n<td class=\"nomobile\" style=\"text-align: center;\"><span style=\"font-size: 8pt;\"><a href=\"\/index.php\/w2rc\/w2rc-2022\/\"><span style=\"color: #ee8027;\">W2RC<\/span><\/a><\/span><\/td>\n<td><strong>Cesare Zacchetti<\/strong><\/td>\n<td>KTM 450 Rally<\/td>\n<td class=\"nomobile\"><\/td>\n<td style=\"text-align: right; padding-right: 15px;\"><strong>+13:43:50<\/strong><\/td>\n<\/tr>\n<tr style=\"vertical-align: top; background-color: #dbd9d9;\">\n<td style=\"text-align: center;\"><strong>45.<\/strong><\/td>\n<td class=\"nomobile\" style=\"text-align: center;\">53<\/td>\n<td class=\"nomobile\" style=\"text-align: center;\"><span style=\"font-size: 8pt;\"><a href=\"\/index.php\/w2rc\/w2rc-2022\/\"><span style=\"color: #ee8027;\">W2RC<\/span><\/a><\/span><\/td>\n<td><strong>Patrice Carillon<\/strong><\/td>\n<td>KTM 450 Rally<\/td>\n<td class=\"nomobile\"><\/td>\n<td style=\"text-align: right; padding-right: 15px;\"><strong>+13:45:53<\/strong><\/td>\n<\/tr>\n<tr style=\"vertical-align: top; background-color: #f2f2f2;\">\n<td style=\"text-align: center;\"><strong>46.<\/strong><\/td>\n<td class=\"nomobile\" style=\"text-align: center;\">135<\/td>\n<td class=\"nomobile\" style=\"text-align: center;\"><span style=\"font-size: 8pt;\"><a href=\"\/index.php\/w2rc\/w2rc-2022\/\"><span style=\"color: #ee8027;\">W2RC<\/span><\/a><\/span><\/td>\n<td><strong>Carles Falcon<\/strong><\/td>\n<td>KTM 450 Rally<\/td>\n<td class=\"nomobile\">Twintrail Racing Team<\/td>\n<td style=\"text-align: right; padding-right: 15px;\"><strong>+14:16:20<\/strong><\/td>\n<\/tr>\n<tr style=\"vertical-align: top; background-color: #dbd9d9;\">\n<td style=\"text-align: center;\"><strong>47.<\/strong><\/td>\n<td class=\"nomobile\" style=\"text-align: center;\">96<\/td>\n<td class=\"nomobile\" style=\"text-align: center;\"><span style=\"font-size: 8pt;\"><a href=\"\/index.php\/w2rc\/w2rc-2022\/\"><span style=\"color: #ee8027;\">W2RC<\/span><\/a><\/span><\/td>\n<td><strong>Alexandre Azinhais<\/strong><\/td>\n<td>KTM 450 EXC<\/td>\n<td class=\"nomobile\">Club Aventura Touareg<\/td>\n<td style=\"text-align: right; padding-right: 15px;\"><strong>+14:17:49<\/strong><\/td>\n<\/tr>\n<tr style=\"vertical-align: top; background-color: #f2f2f2;\">\n<td style=\"text-align: center;\"><strong>48.<\/strong><\/td>\n<td class=\"nomobile\" style=\"text-align: center;\">147<\/td>\n<td class=\"nomobile\" style=\"text-align: center;\"><span style=\"font-size: 8pt;\"><a href=\"\/index.php\/w2rc\/w2rc-2022\/\"><span style=\"color: #ee8027;\">W2RC<\/span><\/a><\/span><\/td>\n<td><strong>Vasileios Boudros<\/strong><\/td>\n<td>Husqvarna FR 450 Rally<\/td>\n<td class=\"nomobile\">Nomadas Adventure<\/td>\n<td style=\"text-align: right; padding-right: 15px;\"><strong>+14:27:10<\/strong><\/td>\n<\/tr>\n<tr style=\"vertical-align: top; background-color: #dbd9d9;\">\n<td style=\"text-align: center;\"><strong>49.<\/strong><\/td>\n<td class=\"nomobile\" style=\"text-align: center;\">136<\/td>\n<td class=\"nomobile\" style=\"text-align: center;\"><span style=\"font-size: 8pt;\"><a href=\"\/index.php\/w2rc\/w2rc-2022\/\"><span style=\"color: #ee8027;\">W2RC<\/span><\/a><\/span><\/td>\n<td><strong>Albert Mart\u00edn Garc\u00eda<\/strong><\/td>\n<td>Husqvarna FR 450 Rally<\/td>\n<td class=\"nomobile\">Twin Trail Racing Team<\/td>\n<td style=\"text-align: right; padding-right: 15px;\"><strong>+14:41:16<\/strong><\/td>\n<\/tr>\n<tr style=\"vertical-align: top; background-color: #f2f2f2;\">\n<td style=\"text-align: center;\"><strong>50.<\/strong><\/td>\n<td class=\"nomobile\" style=\"text-align: center;\">66<\/td>\n<td class=\"nomobile\" style=\"text-align: center;\"><span style=\"font-size: 8pt;\"><a href=\"\/index.php\/w2rc\/w2rc-2022\/\"><span style=\"color: #ee8027;\">W2RC<\/span><\/a><\/span><\/td>\n<td><strong>Franco Picco<\/strong><\/td>\n<td>Fantic 450 Rally<\/td>\n<td class=\"nomobile\">Team Franco Picco<\/td>\n<td style=\"text-align: right; padding-right: 15px;\"><strong>+15:11:37<\/strong><\/td>\n<\/tr>\n<tr style=\"vertical-align: top; background-color: #dbd9d9;\">\n<td style=\"text-align: center;\"><strong>51.<\/strong><\/td>\n<td class=\"nomobile\" style=\"text-align: center;\">68<\/td>\n<td class=\"nomobile\" style=\"text-align: center;\"><span style=\"font-size: 8pt;\"><a href=\"\/index.php\/w2rc\/w2rc-2022\/\"><span style=\"color: #ee8027;\">W2RC<\/span><\/a><\/span><\/td>\n<td><strong>Francesco Catanese<\/strong><\/td>\n<td>Honda CRF450 Rally<\/td>\n<td class=\"nomobile\">RS Moto Honda Racing Team<\/td>\n<td style=\"text-align: right; padding-right: 15px;\"><strong>+15:16:11<\/strong><\/td>\n<\/tr>\n<tr style=\"vertical-align: top; background-color: #f2f2f2;\">\n<td style=\"text-align: center;\"><strong>52.<\/strong><\/td>\n<td class=\"nomobile\" style=\"text-align: center;\">154<\/td>\n<td class=\"nomobile\" style=\"text-align: center;\"><span style=\"font-size: 8pt;\"><a href=\"\/index.php\/w2rc\/w2rc-2022\/\"><span style=\"color: #ee8027;\">W2RC<\/span><\/a><\/span><\/td>\n<td><strong>John William Medina Salazar<\/strong><\/td>\n<td>KTM 450 Rally<\/td>\n<td class=\"nomobile\">Xraids Experience<\/td>\n<td style=\"text-align: right; padding-right: 15px;\"><strong>+15:17:46<\/strong><\/td>\n<\/tr>\n<tr style=\"vertical-align: top; background-color: #dbd9d9;\">\n<td style=\"text-align: center;\"><strong>53.<\/strong><\/td>\n<td class=\"nomobile\" style=\"text-align: center;\">98<\/td>\n<td class=\"nomobile\" style=\"text-align: center;\"><span style=\"font-size: 8pt;\"><a href=\"\/index.php\/w2rc\/w2rc-2022\/\"><span style=\"color: #ee8027;\">W2RC<\/span><\/a><\/span><\/td>\n<td><strong>Sara Garc\u00eda<\/strong><\/td>\n<td>Yamaha WR450F Rally<\/td>\n<td class=\"nomobile\">Pont Grup Yamaha<\/td>\n<td style=\"text-align: right; padding-right: 15px;\"><strong>+15:17:47<\/strong><\/td>\n<\/tr>\n<tr style=\"vertical-align: top; background-color: #f2f2f2;\">\n<td style=\"text-align: center;\"><strong>54.<\/strong><\/td>\n<td class=\"nomobile\" style=\"text-align: center;\">35<\/td>\n<td class=\"nomobile\" style=\"text-align: center;\"><span style=\"font-size: 8pt;\"><a href=\"\/index.php\/w2rc\/w2rc-2022\/\"><span style=\"color: #ee8027;\">W2RC<\/span><\/a><\/span><\/td>\n<td><strong>Juan Pablo Guillen Riviera<\/strong><\/td>\n<td>KTM 450 Rally<\/td>\n<td class=\"nomobile\">Nomadas Adventure<\/td>\n<td style=\"text-align: right; padding-right: 15px;\"><strong>+15:27:24<\/strong><\/td>\n<\/tr>\n<tr style=\"vertical-align: top; background-color: #dbd9d9;\">\n<td style=\"text-align: center;\"><strong>55.<\/strong><\/td>\n<td class=\"nomobile\" style=\"text-align: center;\">160<\/td>\n<td class=\"nomobile\" style=\"text-align: center;\"><span style=\"font-size: 8pt;\"><a href=\"\/index.php\/w2rc\/w2rc-2022\/\"><span style=\"color: #ee8027;\">W2RC<\/span><\/a><\/span><\/td>\n<td><strong>Cesar Zumaran<\/strong><\/td>\n<td>KTM 450 Rally<\/td>\n<td class=\"nomobile\"><\/td>\n<td style=\"text-align: right; padding-right: 15px;\"><strong>+15:39:54<\/strong><\/td>\n<\/tr>\n<tr style=\"vertical-align: top; background-color: #f2f2f2;\">\n<td style=\"text-align: center;\"><strong>56.<\/strong><\/td>\n<td class=\"nomobile\" style=\"text-align: center;\">38<\/td>\n<td class=\"nomobile\" style=\"text-align: center;\"><span style=\"font-size: 8pt;\"><a href=\"\/index.php\/w2rc\/w2rc-2022\/\"><span style=\"color: #ee8027;\">W2RC<\/span><\/a><\/span><\/td>\n<td><strong>Eduardo Iglesias Sanchez<\/strong><\/td>\n<td>KTM 450 Rally<\/td>\n<td class=\"nomobile\">Team Monforte Rally<\/td>\n<td style=\"text-align: right; padding-right: 15px;\"><strong>+15:46:41<\/strong><\/td>\n<\/tr>\n<tr style=\"vertical-align: top; background-color: #dbd9d9;\">\n<td style=\"text-align: center;\"><strong>57.<\/strong><\/td>\n<td class=\"nomobile\" style=\"text-align: center;\">48<\/td>\n<td class=\"nomobile\" style=\"text-align: center;\"><span style=\"font-size: 8pt;\"><a href=\"\/index.php\/w2rc\/w2rc-2022\/\"><span style=\"color: #ee8027;\">W2RC<\/span><\/a><\/span><\/td>\n<td><strong>Zhao Hongyi<\/strong><\/td>\n<td>KTM 450 Rally<\/td>\n<td class=\"nomobile\">Wu Pu Da Hai Dao Rally Team<\/td>\n<td style=\"text-align: right; padding-right: 15px;\"><strong>+15:55:47<\/strong><\/td>\n<\/tr>\n<tr style=\"vertical-align: top; background-color: #f2f2f2;\">\n<td style=\"text-align: center;\"><strong>58.<\/strong><\/td>\n<td class=\"nomobile\" style=\"text-align: center;\">165<\/td>\n<td class=\"nomobile\" style=\"text-align: center;\"><span style=\"font-size: 8pt;\"><a href=\"\/index.php\/w2rc\/w2rc-2022\/\"><span style=\"color: #ee8027;\">W2RC<\/span><\/a><\/span><\/td>\n<td><strong>Arc\u00e9lio Couto<\/strong><\/td>\n<td>Honda CRF450 RX<\/td>\n<td class=\"nomobile\">Team Bianchi Prata &#8211; Honda<\/td>\n<td style=\"text-align: right; padding-right: 15px;\"><strong>+16:15:27<\/strong><\/td>\n<\/tr>\n<tr style=\"vertical-align: top; background-color: #dbd9d9;\">\n<td style=\"text-align: center;\"><strong>59.<\/strong><\/td>\n<td class=\"nomobile\" style=\"text-align: center;\">120<\/td>\n<td class=\"nomobile\" style=\"text-align: center;\"><span style=\"font-size: 8pt;\"><a href=\"\/index.php\/w2rc\/w2rc-2022\/\"><span style=\"color: #ee8027;\">W2RC<\/span><\/a><\/span><\/td>\n<td><strong>Jeremy Poncet<\/strong><\/td>\n<td>Husqvarna 450 RFR<\/td>\n<td class=\"nomobile\">Xtrem Garage<\/td>\n<td style=\"text-align: right; padding-right: 15px;\"><strong>+16:56:06<\/strong><\/td>\n<\/tr>\n<tr style=\"vertical-align: top; background-color: #f2f2f2;\">\n<td style=\"text-align: center;\"><strong>60.<\/strong><\/td>\n<td class=\"nomobile\" style=\"text-align: center;\">127<\/td>\n<td class=\"nomobile\" style=\"text-align: center;\"><span style=\"font-size: 8pt;\"><a href=\"\/index.php\/w2rc\/w2rc-2022\/\"><span style=\"color: #ee8027;\">W2RC<\/span><\/a><\/span><\/td>\n<td><strong>Sebastien Cojean<\/strong><\/td>\n<td>Husqvarna FE 450<\/td>\n<td class=\"nomobile\"><\/td>\n<td style=\"text-align: right; padding-right: 15px;\"><strong>+17:29:16<\/strong><\/td>\n<\/tr>\n<tr style=\"vertical-align: top; background-color: #dbd9d9;\">\n<td style=\"text-align: center;\"><strong>61.<\/strong><\/td>\n<td class=\"nomobile\" style=\"text-align: center;\">124<\/td>\n<td class=\"nomobile\" style=\"text-align: center;\"><span style=\"font-size: 8pt;\"><a href=\"\/index.php\/w2rc\/w2rc-2022\/\"><span style=\"color: #ee8027;\">W2RC<\/span><\/a><\/span><\/td>\n<td><strong>Roch Wolville<\/strong><\/td>\n<td>Husqvarna FR 450 Rally<\/td>\n<td class=\"nomobile\">RS Concept<\/td>\n<td style=\"text-align: right; padding-right: 15px;\"><strong>+17:41:45<\/strong><\/td>\n<\/tr>\n<tr style=\"vertical-align: top; background-color: #f2f2f2;\">\n<td style=\"text-align: center;\"><strong>62.<\/strong><\/td>\n<td class=\"nomobile\" style=\"text-align: center;\">57<\/td>\n<td class=\"nomobile\" style=\"text-align: center;\"><span style=\"font-size: 8pt;\"><a href=\"\/index.php\/w2rc\/w2rc-2022\/\"><span style=\"color: #ee8027;\">W2RC<\/span><\/a><\/span><\/td>\n<td><strong>Philippe Cavelius<\/strong><\/td>\n<td>KTM 450 Rally<\/td>\n<td class=\"nomobile\">Cavelius Team<\/td>\n<td style=\"text-align: right; padding-right: 15px;\"><strong>+18:15:00<\/strong><\/td>\n<\/tr>\n<tr style=\"vertical-align: top; background-color: #dbd9d9;\">\n<td style=\"text-align: center;\"><strong>63.<\/strong><\/td>\n<td class=\"nomobile\" style=\"text-align: center;\">109<\/td>\n<td class=\"nomobile\" style=\"text-align: center;\"><span style=\"font-size: 8pt;\"><a href=\"\/index.php\/w2rc\/w2rc-2022\/\"><span style=\"color: #ee8027;\">W2RC<\/span><\/a><\/span><\/td>\n<td><strong>Lkhamaa Namchin<\/strong><\/td>\n<td>KTM 450 Rally<\/td>\n<td class=\"nomobile\">Team Lkhamaa<\/td>\n<td style=\"text-align: right; padding-right: 15px;\"><strong>+18:27:50<\/strong><\/td>\n<\/tr>\n<tr style=\"vertical-align: top; background-color: #f2f2f2;\">\n<td style=\"text-align: center;\"><strong>64.<\/strong><\/td>\n<td class=\"nomobile\" style=\"text-align: center;\">87<\/td>\n<td class=\"nomobile\" style=\"text-align: center;\"><span style=\"font-size: 8pt;\"><a href=\"\/index.php\/w2rc\/w2rc-2022\/\"><span style=\"color: #ee8027;\">W2RC<\/span><\/a><\/span><\/td>\n<td><strong>Walter Terblanche<\/strong><\/td>\n<td>KTM 450 Rally<\/td>\n<td class=\"nomobile\">BAS World KTM Racing Team<\/td>\n<td style=\"text-align: right; padding-right: 15px;\"><strong>+19:02:04<\/strong><\/td>\n<\/tr>\n<tr style=\"vertical-align: top; background-color: #dbd9d9;\">\n<td style=\"text-align: center;\"><strong>65.<\/strong><\/td>\n<td class=\"nomobile\" style=\"text-align: center;\">99<\/td>\n<td class=\"nomobile\" style=\"text-align: center;\"><span style=\"font-size: 8pt;\"><a href=\"\/index.php\/w2rc\/w2rc-2022\/\"><span style=\"color: #ee8027;\">W2RC<\/span><\/a><\/span><\/td>\n<td><strong>Javi Vega<\/strong><\/td>\n<td>Yamaha WR450F<\/td>\n<td class=\"nomobile\">Pont Grup Yamaha<\/td>\n<td style=\"text-align: right; padding-right: 15px;\"><strong>+19:16:08<\/strong><\/td>\n<\/tr>\n<tr style=\"vertical-align: top; background-color: #f2f2f2;\">\n<td style=\"text-align: center;\"><strong>66.<\/strong><\/td>\n<td class=\"nomobile\" style=\"text-align: center;\">119<\/td>\n<td class=\"nomobile\" style=\"text-align: center;\"><span style=\"font-size: 8pt;\"><a href=\"\/index.php\/w2rc\/w2rc-2022\/\"><span style=\"color: #ee8027;\">W2RC<\/span><\/a><\/span><\/td>\n<td><strong>Domenico Cipollone<\/strong><\/td>\n<td>KTM 450 Rally<\/td>\n<td class=\"nomobile\">Terrerosse<\/td>\n<td style=\"text-align: right; padding-right: 15px;\"><strong>+19:20:40<\/strong><\/td>\n<\/tr>\n<tr style=\"vertical-align: top; background-color: #dbd9d9;\">\n<td style=\"text-align: center;\"><strong>67.<\/strong><\/td>\n<td class=\"nomobile\" style=\"text-align: center;\">168<\/td>\n<td class=\"nomobile\" style=\"text-align: center;\"><span style=\"font-size: 8pt;\"><a href=\"\/index.php\/w2rc\/w2rc-2022\/\"><span style=\"color: #ee8027;\">W2RC<\/span><\/a><\/span><\/td>\n<td><strong>Samuel Fremy<\/strong><\/td>\n<td>KTM 450 Rally<\/td>\n<td class=\"nomobile\">Nomade Racing<\/td>\n<td style=\"text-align: right; padding-right: 15px;\"><strong>+19:39:25<\/strong><\/td>\n<\/tr>\n<tr style=\"vertical-align: top; background-color: #f2f2f2;\">\n<td style=\"text-align: center;\"><strong>68.<\/strong><\/td>\n<td class=\"nomobile\" style=\"text-align: center;\">90<\/td>\n<td class=\"nomobile\" style=\"text-align: center;\"><span style=\"font-size: 8pt;\"><a href=\"\/index.php\/w2rc\/w2rc-2022\/\"><span style=\"color: #ee8027;\">W2RC<\/span><\/a><\/span><\/td>\n<td><strong>Danilo Petrucci<\/strong><\/td>\n<td>KTM 450 Rally<\/td>\n<td class=\"nomobile\">Tech 3 KTM Factory Racing<\/td>\n<td style=\"text-align: right; padding-right: 15px;\"><strong>+19:53:57<\/strong><\/td>\n<\/tr>\n<tr style=\"vertical-align: top; background-color: #dbd9d9;\">\n<td style=\"text-align: center;\"><strong>69.<\/strong><\/td>\n<td class=\"nomobile\" style=\"text-align: center;\">153<\/td>\n<td class=\"nomobile\" style=\"text-align: center;\"><span style=\"font-size: 8pt;\"><a href=\"\/index.php\/w2rc\/w2rc-2022\/\"><span style=\"color: #ee8027;\">W2RC<\/span><\/a><\/span><\/td>\n<td><strong>Werner Kennedy<\/strong><\/td>\n<td>KTM 450 Rally<\/td>\n<td class=\"nomobile\"><\/td>\n<td style=\"text-align: right; padding-right: 15px;\"><strong>+20:04:02<\/strong><\/td>\n<\/tr>\n<tr style=\"vertical-align: top; background-color: #f2f2f2;\">\n<td style=\"text-align: center;\"><strong>70.<\/strong><\/td>\n<td class=\"nomobile\" style=\"text-align: center;\">112<\/td>\n<td class=\"nomobile\" style=\"text-align: center;\"><span style=\"font-size: 8pt;\"><a href=\"\/index.php\/w2rc\/w2rc-2022\/\"><span style=\"color: #ee8027;\">W2RC<\/span><\/a><\/span><\/td>\n<td><strong>Jose Arvest Portero<\/strong><\/td>\n<td>KTM 450 Rally<\/td>\n<td class=\"nomobile\">Arvi Portero Arfsten<\/td>\n<td style=\"text-align: right; padding-right: 15px;\"><strong>+20:12:24<\/strong><\/td>\n<\/tr>\n<tr style=\"vertical-align: top; background-color: #dbd9d9;\">\n<td style=\"text-align: center;\"><strong>71.<\/strong><\/td>\n<td class=\"nomobile\" style=\"text-align: center;\">133<\/td>\n<td class=\"nomobile\" style=\"text-align: center;\"><span style=\"font-size: 8pt;\"><a href=\"\/index.php\/w2rc\/w2rc-2022\/\"><span style=\"color: #ee8027;\">W2RC<\/span><\/a><\/span><\/td>\n<td><strong>Julien Barth\u00e9l\u00e9my<\/strong><\/td>\n<td>Honda CRF450 RX Rally<\/td>\n<td class=\"nomobile\">RS Moto Racing Team<\/td>\n<td style=\"text-align: right; padding-right: 15px;\"><strong>+20:37:45<\/strong><\/td>\n<\/tr>\n<tr style=\"vertical-align: top; background-color: #f2f2f2;\">\n<td style=\"text-align: center;\"><strong>72.<\/strong><\/td>\n<td class=\"nomobile\" style=\"text-align: center;\">130<\/td>\n<td class=\"nomobile\" style=\"text-align: center;\"><span style=\"font-size: 8pt;\"><a href=\"\/index.php\/w2rc\/w2rc-2022\/\"><span style=\"color: #ee8027;\">W2RC<\/span><\/a><\/span><\/td>\n<td><strong>David Mabbs<\/strong><\/td>\n<td>KTM 450 Rally<\/td>\n<td class=\"nomobile\">Vendetta Racing UAE<\/td>\n<td style=\"text-align: right; padding-right: 15px;\"><strong>+20:41:31<\/strong><\/td>\n<\/tr>\n<tr style=\"vertical-align: top; background-color: #dbd9d9;\">\n<td style=\"text-align: center;\"><strong>73.<\/strong><\/td>\n<td class=\"nomobile\" style=\"text-align: center;\">125<\/td>\n<td class=\"nomobile\" style=\"text-align: center;\"><span style=\"font-size: 8pt;\"><a href=\"\/index.php\/w2rc\/w2rc-2022\/\"><span style=\"color: #ee8027;\">W2RC<\/span><\/a><\/span><\/td>\n<td><strong>Edouard Leconte<\/strong><\/td>\n<td>KTM 450 Rally<\/td>\n<td class=\"nomobile\">Dumontier Racing<\/td>\n<td style=\"text-align: right; padding-right: 15px;\"><strong>+21:42:29<\/strong><\/td>\n<\/tr>\n<tr style=\"vertical-align: top; background-color: #f2f2f2;\">\n<td style=\"text-align: center;\"><strong>74.<\/strong><\/td>\n<td class=\"nomobile\" style=\"text-align: center;\">97<\/td>\n<td class=\"nomobile\" style=\"text-align: center;\"><span style=\"font-size: 8pt;\"><a href=\"\/index.php\/w2rc\/w2rc-2022\/\"><span style=\"color: #ee8027;\">W2RC<\/span><\/a><\/span><\/td>\n<td><strong>Matias Notti<\/strong><\/td>\n<td>KTM 450 Rally<\/td>\n<td class=\"nomobile\">Man Team<\/td>\n<td style=\"text-align: right; padding-right: 15px;\"><strong>+22:11:38<\/strong><\/td>\n<\/tr>\n<tr style=\"vertical-align: top; background-color: #dbd9d9;\">\n<td style=\"text-align: center;\"><strong>75.<\/strong><\/td>\n<td class=\"nomobile\" style=\"text-align: center;\">156<\/td>\n<td class=\"nomobile\" style=\"text-align: center;\"><span style=\"font-size: 8pt;\"><a href=\"\/index.php\/w2rc\/w2rc-2022\/\"><span style=\"color: #ee8027;\">W2RC<\/span><\/a><\/span><\/td>\n<td><strong>Andrea Giuseppe Fili Winkler<\/strong><\/td>\n<td>KTM 450 Rally<\/td>\n<td class=\"nomobile\">Team Motoclub Yashica<\/td>\n<td style=\"text-align: right; padding-right: 15px;\"><strong>+22:13:36<\/strong><\/td>\n<\/tr>\n<tr style=\"vertical-align: top; background-color: #f2f2f2;\">\n<td style=\"text-align: center;\"><strong>76.<\/strong><\/td>\n<td class=\"nomobile\" style=\"text-align: center;\">100<\/td>\n<td class=\"nomobile\" style=\"text-align: center;\"><span style=\"font-size: 8pt;\"><a href=\"\/index.php\/w2rc\/w2rc-2022\/\"><span style=\"color: #ee8027;\">W2RC<\/span><\/a><\/span><\/td>\n<td><strong>Audrey Rossat<\/strong><\/td>\n<td>KTM 450 EXC-F<\/td>\n<td class=\"nomobile\">Rossat<\/td>\n<td style=\"text-align: right; padding-right: 15px;\"><strong>+22:26:52<\/strong><\/td>\n<\/tr>\n<tr style=\"vertical-align: top; background-color: #dbd9d9;\">\n<td style=\"text-align: center;\"><strong>77.<\/strong><\/td>\n<td class=\"nomobile\" style=\"text-align: center;\">103<\/td>\n<td class=\"nomobile\" style=\"text-align: center;\"><span style=\"font-size: 8pt;\"><a href=\"\/index.php\/w2rc\/w2rc-2022\/\"><span style=\"color: #ee8027;\">W2RC<\/span><\/a><\/span><\/td>\n<td><strong>Fabrice Chirent<\/strong><\/td>\n<td>KTM 450 EXC-F<\/td>\n<td class=\"nomobile\">Team Fabaventure<\/td>\n<td style=\"text-align: right; padding-right: 15px;\"><strong>+22:51:39<\/strong><\/td>\n<\/tr>\n<tr style=\"vertical-align: top; background-color: #f2f2f2;\">\n<td style=\"text-align: center;\"><strong>78.<\/strong><\/td>\n<td class=\"nomobile\" style=\"text-align: center;\">92<\/td>\n<td class=\"nomobile\" style=\"text-align: center;\"><span style=\"font-size: 8pt;\"><a href=\"\/index.php\/w2rc\/w2rc-2022\/\"><span style=\"color: #ee8027;\">W2RC<\/span><\/a><\/span><\/td>\n<td><strong>Lorenzo Piolini<\/strong><\/td>\n<td>KTM 450 Rally<\/td>\n<td class=\"nomobile\">Caravanserraglio Rally Racing Team<\/td>\n<td style=\"text-align: right; padding-right: 15px;\"><strong>+23:04:42<\/strong><\/td>\n<\/tr>\n<tr style=\"vertical-align: top; background-color: #dbd9d9;\">\n<td style=\"text-align: center;\"><strong>79.<\/strong><\/td>\n<td class=\"nomobile\" style=\"text-align: center;\">64<\/td>\n<td class=\"nomobile\" style=\"text-align: center;\"><span style=\"font-size: 8pt;\"><a href=\"\/index.php\/w2rc\/w2rc-2022\/\"><span style=\"color: #ee8027;\">W2RC<\/span><\/a><\/span><\/td>\n<td><strong>Dominique Robin<\/strong><\/td>\n<td>KTM 450 Rally<\/td>\n<td class=\"nomobile\"><\/td>\n<td style=\"text-align: right; padding-right: 15px;\"><strong>+23:35:06<\/strong><\/td>\n<\/tr>\n<tr style=\"vertical-align: top; background-color: #f2f2f2;\">\n<td style=\"text-align: center;\"><strong>80.<\/strong><\/td>\n<td class=\"nomobile\" style=\"text-align: center;\">51<\/td>\n<td class=\"nomobile\" style=\"text-align: center;\"><span style=\"font-size: 8pt;\"><a href=\"\/index.php\/w2rc\/w2rc-2022\/\"><span style=\"color: #ee8027;\">W2RC<\/span><\/a><\/span><\/td>\n<td><strong>Rachid Al-lal Lahadil<\/strong><\/td>\n<td>Husqvarna FR 450 Rally<\/td>\n<td class=\"nomobile\">Melilla Sport Capital<\/td>\n<td style=\"text-align: right; padding-right: 15px;\"><strong>+23:49:11<\/strong><\/td>\n<\/tr>\n<tr style=\"vertical-align: top; background-color: #dbd9d9;\">\n<td style=\"text-align: center;\"><strong>81.<\/strong><\/td>\n<td class=\"nomobile\" style=\"text-align: center;\">73<\/td>\n<td class=\"nomobile\" style=\"text-align: center;\"><span style=\"font-size: 8pt;\"><a href=\"\/index.php\/w2rc\/w2rc-2022\/\"><span style=\"color: #ee8027;\">W2RC<\/span><\/a><\/span><\/td>\n<td><strong>Tiziano Interno<\/strong><\/td>\n<td>Husqvarna FR 450 Rally<\/td>\n<td class=\"nomobile\">Rally POV<\/td>\n<td style=\"text-align: right; padding-right: 15px;\"><strong>+24:31:57<\/strong><\/td>\n<\/tr>\n<tr style=\"vertical-align: top; background-color: #f2f2f2;\">\n<td style=\"text-align: center;\"><strong>82.<\/strong><\/td>\n<td class=\"nomobile\" style=\"text-align: center;\">167<\/td>\n<td class=\"nomobile\" style=\"text-align: center;\"><span style=\"font-size: 8pt;\"><a href=\"\/index.php\/w2rc\/w2rc-2022\/\"><span style=\"color: #ee8027;\">W2RC<\/span><\/a><\/span><\/td>\n<td><strong>Pedro Bianchi Prata<\/strong><\/td>\n<td>Honda CRF450 RX<\/td>\n<td class=\"nomobile\">Team Bianchi Prata &#8211; Honda<\/td>\n<td style=\"text-align: right; padding-right: 15px;\"><strong>+25:02:54<\/strong><\/td>\n<\/tr>\n<tr style=\"vertical-align: top; background-color: #dbd9d9;\">\n<td style=\"text-align: center;\"><strong>83.<\/strong><\/td>\n<td class=\"nomobile\" style=\"text-align: center;\">63<\/td>\n<td class=\"nomobile\" style=\"text-align: center;\"><span style=\"font-size: 8pt;\"><a href=\"\/index.php\/w2rc\/w2rc-2022\/\"><span style=\"color: #ee8027;\">W2RC<\/span><\/a><\/span><\/td>\n<td><strong>Gabor Saghmeister<\/strong><\/td>\n<td>KTM 450 Rally<\/td>\n<td class=\"nomobile\">Saghmeister Team<\/td>\n<td style=\"text-align: right; padding-right: 15px;\"><strong>+25:28:31<\/strong><\/td>\n<\/tr>\n<tr style=\"vertical-align: top; background-color: #f2f2f2;\">\n<td style=\"text-align: center;\"><strong>84.<\/strong><\/td>\n<td class=\"nomobile\" style=\"text-align: center;\">159<\/td>\n<td class=\"nomobile\" style=\"text-align: center;\"><span style=\"font-size: 8pt;\"><a href=\"\/index.php\/w2rc\/w2rc-2022\/\"><span style=\"color: #ee8027;\">W2RC<\/span><\/a><\/span><\/td>\n<td><strong>Alex Mauricio Cueva Ojeda<\/strong><\/td>\n<td>KTM 450 Rally<\/td>\n<td class=\"nomobile\">Xraids Experience<\/td>\n<td style=\"text-align: right; padding-right: 15px;\"><strong>+25:39:07<\/strong><\/td>\n<\/tr>\n<tr style=\"vertical-align: top; background-color: #dbd9d9;\">\n<td style=\"text-align: center;\"><strong>85.<\/strong><\/td>\n<td class=\"nomobile\" style=\"text-align: center;\">161<\/td>\n<td class=\"nomobile\" style=\"text-align: center;\"><span style=\"font-size: 8pt;\"><a href=\"\/index.php\/w2rc\/w2rc-2022\/\"><span style=\"color: #ee8027;\">W2RC<\/span><\/a><\/span><\/td>\n<td><strong>Battur Baatar<\/strong><\/td>\n<td>KTM 450 Rally<\/td>\n<td class=\"nomobile\">Ayanga<\/td>\n<td style=\"text-align: right; padding-right: 15px;\"><strong>+29:01:09<\/strong><\/td>\n<\/tr>\n<tr style=\"vertical-align: top; background-color: #f2f2f2;\">\n<td style=\"text-align: center;\"><strong>86.<\/strong><\/td>\n<td class=\"nomobile\" style=\"text-align: center;\">151<\/td>\n<td class=\"nomobile\" style=\"text-align: center;\"><span style=\"font-size: 8pt;\"><a href=\"\/index.php\/w2rc\/w2rc-2022\/\"><span style=\"color: #ee8027;\">W2RC<\/span><\/a><\/span><\/td>\n<td><strong>Stephan Preuss<\/strong><\/td>\n<td>KTM 450 Rally<\/td>\n<td class=\"nomobile\">Reality Beats Fiction Racing Team<\/td>\n<td style=\"text-align: right; padding-right: 15px;\"><strong>+29:31:13<\/strong><\/td>\n<\/tr>\n<tr style=\"vertical-align: top; background-color: #dbd9d9;\">\n<td style=\"text-align: center;\"><strong>87.<\/strong><\/td>\n<td class=\"nomobile\" style=\"text-align: center;\">126<\/td>\n<td class=\"nomobile\" style=\"text-align: center;\"><span style=\"font-size: 8pt;\"><a href=\"\/index.php\/w2rc\/w2rc-2022\/\"><span style=\"color: #ee8027;\">W2RC<\/span><\/a><\/span><\/td>\n<td><strong>Simon Hewitt<\/strong><\/td>\n<td>Yamaha WR450F<\/td>\n<td class=\"nomobile\">Drag&#8217;On Rally Team<\/td>\n<td style=\"text-align: right; padding-right: 15px;\"><strong>+34:36:23<\/strong><\/td>\n<\/tr>\n<tr style=\"vertical-align: top; background-color: #f2f2f2;\">\n<td style=\"text-align: center;\"><strong>88.<\/strong><\/td>\n<td class=\"nomobile\" style=\"text-align: center;\">72<\/td>\n<td class=\"nomobile\" style=\"text-align: center;\"><span style=\"font-size: 8pt;\"><a href=\"\/index.php\/w2rc\/w2rc-2022\/\"><span style=\"color: #ee8027;\">W2RC<\/span><\/a><\/span><\/td>\n<td><strong>Philippe Gendron<\/strong><\/td>\n<td>KTM 450 Rally<\/td>\n<td class=\"nomobile\">Nomade Racing<\/td>\n<td style=\"text-align: right; padding-right: 15px;\"><strong>+36:10:11<\/strong><\/td>\n<\/tr>\n<tr style=\"vertical-align: top; background-color: #dbd9d9;\">\n<td style=\"text-align: center;\"><strong>89.<\/strong><\/td>\n<td class=\"nomobile\" style=\"text-align: center;\">116<\/td>\n<td class=\"nomobile\" style=\"text-align: center;\"><span style=\"font-size: 8pt;\"><a href=\"\/index.php\/w2rc\/w2rc-2022\/\"><span style=\"color: #ee8027;\">W2RC<\/span><\/a><\/span><\/td>\n<td><strong>Nicolas Monnin<\/strong><\/td>\n<td>Honda CRF450<\/td>\n<td class=\"nomobile\">RS Moto<\/td>\n<td style=\"text-align: right; padding-right: 15px;\"><strong>+38:34:05<\/strong><\/td>\n<\/tr>\n<tr style=\"vertical-align: top; background-color: #f2f2f2;\">\n<td style=\"text-align: center;\"><strong>90.<\/strong><\/td>\n<td class=\"nomobile\" style=\"text-align: center;\">75<\/td>\n<td class=\"nomobile\" style=\"text-align: center;\"><span style=\"font-size: 8pt;\"><a href=\"\/index.php\/w2rc\/w2rc-2022\/\"><span style=\"color: #ee8027;\">W2RC<\/span><\/a><\/span><\/td>\n<td><strong>Abdullah Al Shatti<\/strong><\/td>\n<td>KTM 450 Rally<\/td>\n<td class=\"nomobile\"><\/td>\n<td style=\"text-align: right; padding-right: 15px;\"><strong>+41:39:02<\/strong><\/td>\n<\/tr>\n<tr style=\"vertical-align: top; background-color: #dbd9d9;\">\n<td style=\"text-align: center;\"><strong>91.<\/strong><\/td>\n<td class=\"nomobile\" style=\"text-align: center;\">149<\/td>\n<td class=\"nomobile\" style=\"text-align: center;\"><span style=\"font-size: 8pt;\"><a href=\"\/index.php\/w2rc\/w2rc-2022\/\"><span style=\"color: #ee8027;\">W2RC<\/span><\/a><\/span><\/td>\n<td><strong>Wolfgang Payr<\/strong><\/td>\n<td>KTM 450 Rally<\/td>\n<td class=\"nomobile\">Klym\u010diw Racing<\/td>\n<td style=\"text-align: right; padding-right: 15px;\"><strong>+41:45:29<\/strong><\/td>\n<\/tr>\n<tr style=\"vertical-align: top; background-color: #f2f2f2;\">\n<td style=\"text-align: center;\"><strong>92.<\/strong><\/td>\n<td class=\"nomobile\" style=\"text-align: center;\">166<\/td>\n<td class=\"nomobile\" style=\"text-align: center;\"><span style=\"font-size: 8pt;\"><a href=\"\/index.php\/w2rc\/w2rc-2022\/\"><span style=\"color: #ee8027;\">W2RC<\/span><\/a><\/span><\/td>\n<td><strong>Paulo Oliveira<\/strong><\/td>\n<td>KTM 450 Rally<\/td>\n<td class=\"nomobile\">Mario Patr\u00e3o Motosport<\/td>\n<td style=\"text-align: right; padding-right: 15px;\"><strong>+46:14:22<\/strong><\/td>\n<\/tr>\n<tr style=\"vertical-align: top; background-color: #dbd9d9;\">\n<td style=\"text-align: center;\"><strong>93.<\/strong><\/td>\n<td class=\"nomobile\" style=\"text-align: center;\">81<\/td>\n<td class=\"nomobile\" style=\"text-align: center;\"><span style=\"font-size: 8pt;\"><a href=\"\/index.php\/w2rc\/w2rc-2022\/\"><span style=\"color: #ee8027;\">W2RC<\/span><\/a><\/span><\/td>\n<td><strong>Patrice Massador<\/strong><\/td>\n<td>KTM 450 Rally<\/td>\n<td class=\"nomobile\">Team Giroud<\/td>\n<td style=\"text-align: right; padding-right: 15px;\"><strong>+49:44:38<\/strong><\/td>\n<\/tr>\n<tr style=\"vertical-align: top; background-color: #f2f2f2;\">\n<td style=\"text-align: center;\"><strong>94.<\/strong><\/td>\n<td class=\"nomobile\" style=\"text-align: center;\">157<\/td>\n<td class=\"nomobile\" style=\"text-align: center;\"><span style=\"font-size: 8pt;\"><a href=\"\/index.php\/w2rc\/w2rc-2022\/\"><span style=\"color: #ee8027;\">W2RC<\/span><\/a><\/span><\/td>\n<td><strong>Aldo Winkler<\/strong><\/td>\n<td>KTM 450 Rally<\/td>\n<td class=\"nomobile\">Team Motoclub Yashica<\/td>\n<td style=\"text-align: right; padding-right: 15px;\"><strong>+71:49:53<\/strong><\/td>\n<\/tr>\n<tr style=\"vertical-align: top; background-color: #dbd9d9;\">\n<td style=\"text-align: center;\"><strong>95.<\/strong><\/td>\n<td class=\"nomobile\" style=\"text-align: center;\">144<\/td>\n<td class=\"nomobile\" style=\"text-align: center;\"><span style=\"font-size: 8pt;\"><a href=\"\/index.php\/w2rc\/w2rc-2022\/\"><span style=\"color: #ee8027;\">W2RC<\/span><\/a><\/span><\/td>\n<td><strong>Juan Carlos Puga Davila<\/strong><\/td>\n<td>KTM JP1 450 Rally<\/td>\n<td class=\"nomobile\">Puga Team<\/td>\n<td style=\"text-align: right; padding-right: 15px;\"><strong>+73:38:35<\/strong><\/td>\n<\/tr>\n<tr style=\"vertical-align: top; background-color: #f2f2f2;\">\n<td style=\"text-align: center;\"><strong>96.<\/strong><\/td>\n<td class=\"nomobile\" style=\"text-align: center;\">71<\/td>\n<td class=\"nomobile\" style=\"text-align: center;\"><span style=\"font-size: 8pt;\"><a href=\"\/index.php\/w2rc\/w2rc-2022\/\"><span style=\"color: #ee8027;\">W2RC<\/span><\/a><\/span><\/td>\n<td><strong>Leonardo Tonelli<\/strong><\/td>\n<td>Husqvarna FR 450 Rally<\/td>\n<td class=\"nomobile\">Africa Dream Racing<\/td>\n<td style=\"text-align: right; padding-right: 15px;\"><strong>+82:44:48<\/strong><\/td>\n<\/tr>\n<tr style=\"vertical-align: top; background-color: #dbd9d9;\">\n<td style=\"text-align: center;\"><strong>97.<\/strong><\/td>\n<td class=\"nomobile\" style=\"text-align: center;\">152<\/td>\n<td class=\"nomobile\" style=\"text-align: center;\"><span style=\"font-size: 8pt;\"><a href=\"\/index.php\/w2rc\/w2rc-2022\/\"><span style=\"color: #ee8027;\">W2RC<\/span><\/a><\/span><\/td>\n<td><strong>Thomas Preuss<\/strong><\/td>\n<td>KTM 450 Rally<\/td>\n<td class=\"nomobile\">Reality Beats Fiction Racing Team<\/td>\n<td style=\"text-align: right; padding-right: 15px;\"><strong>+100:21:02<\/strong><\/td>\n<\/tr>\n<tr style=\"vertical-align: top; background-color: #f2f2f2;\">\n<td style=\"text-align: center;\"><strong>98.<\/strong><\/td>\n<td class=\"nomobile\" style=\"text-align: center;\">65<\/td>\n<td class=\"nomobile\" style=\"text-align: center;\"><span style=\"font-size: 8pt;\"><a href=\"\/index.php\/w2rc\/w2rc-2022\/\"><span style=\"color: #ee8027;\">W2RC<\/span><\/a><\/span><\/td>\n<td><strong>Guillaume Chollet<\/strong><\/td>\n<td>Yamaha 450<\/td>\n<td class=\"nomobile\">Drag&#8217;On Rally Team<\/td>\n<td style=\"text-align: right; padding-right: 15px;\"><strong>+100:48:37<\/strong><\/td>\n<\/tr>\n<tr style=\"vertical-align: top; background-color: #dbd9d9;\">\n<td style=\"text-align: center;\"><strong>99.<\/strong><\/td>\n<td class=\"nomobile\" style=\"text-align: center;\">60<\/td>\n<td class=\"nomobile\" style=\"text-align: center;\"><span style=\"font-size: 8pt;\"><a href=\"\/index.php\/w2rc\/w2rc-2022\/\"><span style=\"color: #ee8027;\">W2RC<\/span><\/a><\/span><\/td>\n<td><strong>St\u00e9phane Darques<\/strong><\/td>\n<td>Yamaha WR450F<\/td>\n<td class=\"nomobile\">M.O.R.A.L<\/td>\n<td style=\"text-align: right; padding-right: 15px;\"><strong>+118:55:20<\/strong><\/td>\n<\/tr>\n<tr style=\"vertical-align: top; background-color: #f2f2f2;\">\n<td style=\"text-align: center;\"><strong>100.<\/strong><\/td>\n<td class=\"nomobile\" style=\"text-align: center;\">143<\/td>\n<td class=\"nomobile\" style=\"text-align: center;\"><span style=\"font-size: 8pt;\"><a href=\"\/index.php\/w2rc\/w2rc-2022\/\"><span style=\"color: #ee8027;\">W2RC<\/span><\/a><\/span><\/td>\n<td><strong>Juan Puga<\/strong><\/td>\n<td>KTM JP1 450 Rally<\/td>\n<td class=\"nomobile\">Puga Team<\/td>\n<td style=\"text-align: right; padding-right: 15px;\"><strong>+164:23:10<\/strong><\/td>\n<\/tr>\n<tr style=\"background-color: #808080; color: white;\">\n<td style=\"text-align: left;\" colspan=\"7\"><\/td>\n<\/tr>\n<tr style=\"vertical-align: top; background-color: #dbd9d9;\">\n<td style=\"text-align: center;\"><strong>DNF<\/strong><\/td>\n<td class=\"nomobile\" style=\"text-align: center;\">32<\/td>\n<td class=\"nomobile\" style=\"text-align: center;\"><span style=\"font-size: 8pt;\"><a href=\"\/index.php\/w2rc\/w2rc-2022\/\"><span style=\"color: #ee8027;\">W2RC<\/span><\/a><\/span><\/td>\n<td><a href=\"\/index.php\/osobnosti\/david-pabiska\/\"><span style=\"color: #ee8027;\"><strong>David Pabi\u0161ka<\/strong><\/span><\/a><\/td>\n<td>Husqvarna FR 450 Rally<\/td>\n<td class=\"nomobile\">Jantar Team<\/td>\n<td style=\"text-align: right; padding-right: 15px;\"><\/td>\n<\/tr>\n<tr style=\"vertical-align: top; background-color: #f2f2f2;\">\n<td style=\"text-align: center;\"><strong>DNF<\/strong><\/td>\n<td class=\"nomobile\" style=\"text-align: center;\">46<\/td>\n<td class=\"nomobile\" style=\"text-align: center;\"><span style=\"font-size: 8pt;\"><a href=\"\/index.php\/w2rc\/w2rc-2022\/\"><span style=\"color: #ee8027;\">W2RC<\/span><\/a><\/span><\/td>\n<td><a href=\"\/index.php\/osobnosti\/paolo-lucci\/\"><span style=\"color: #ee8027;\"><strong>Paolo Lucci<\/strong><\/span><\/a><\/td>\n<td>Husqvarna FR 450 Rally<\/td>\n<td class=\"nomobile\">Solarys Racing<\/td>\n<td style=\"text-align: right; padding-right: 15px;\"><strong><span style=\"font-size: 8pt;\">8. etapa<\/span><\/strong><\/td>\n<\/tr>\n<tr style=\"vertical-align: top; background-color: #dbd9d9;\">\n<td style=\"text-align: center;\"><strong>DNF<\/strong><\/td>\n<td class=\"nomobile\" style=\"text-align: center;\">59<\/td>\n<td class=\"nomobile\" style=\"text-align: center;\"><span style=\"font-size: 8pt;\"><a href=\"\/index.php\/w2rc\/w2rc-2022\/\"><span style=\"color: #ee8027;\">W2RC<\/span><\/a><\/span><\/td>\n<td><strong>Giordano Pacheco<\/strong><\/td>\n<td>Husqvarna FR 450 Rally<\/td>\n<td class=\"nomobile\">Calidoso Racing Team<\/td>\n<td style=\"text-align: right; padding-right: 15px;\"><\/td>\n<\/tr>\n<tr style=\"vertical-align: top; background-color: #f2f2f2;\">\n<td style=\"text-align: center;\"><strong>DNF<\/strong><\/td>\n<td class=\"nomobile\" style=\"text-align: center;\">61<\/td>\n<td class=\"nomobile\" style=\"text-align: center;\"><span style=\"font-size: 8pt;\"><a href=\"\/index.php\/w2rc\/w2rc-2022\/\"><span style=\"color: #ee8027;\">W2RC<\/span><\/a><\/span><\/td>\n<td><strong>Norbert Dubois<\/strong><\/td>\n<td>KTM 450 Rally<\/td>\n<td class=\"nomobile\">Aventura Moto 61<\/td>\n<td style=\"text-align: right; padding-right: 15px;\"><\/td>\n<\/tr>\n<tr style=\"vertical-align: top; background-color: #dbd9d9;\">\n<td style=\"text-align: center;\"><strong>DNF<\/strong><\/td>\n<td class=\"nomobile\" style=\"text-align: center;\">62<\/td>\n<td class=\"nomobile\" style=\"text-align: center;\"><span style=\"font-size: 8pt;\"><a href=\"\/index.php\/w2rc\/w2rc-2022\/\"><span style=\"color: #ee8027;\">W2RC<\/span><\/a><\/span><\/td>\n<td><strong>Andrew Joseph Houlihan<\/strong><\/td>\n<td>KTM 450 Rally<\/td>\n<td class=\"nomobile\">Nomadas Adventure<\/td>\n<td style=\"text-align: right; padding-right: 15px;\"><\/td>\n<\/tr>\n<tr style=\"vertical-align: top; background-color: #f2f2f2;\">\n<td style=\"text-align: center;\"><strong>DNF<\/strong><\/td>\n<td class=\"nomobile\" style=\"text-align: center;\">67<\/td>\n<td class=\"nomobile\" style=\"text-align: center;\"><span style=\"font-size: 8pt;\"><a href=\"\/index.php\/w2rc\/w2rc-2022\/\"><span style=\"color: #ee8027;\">W2RC<\/span><\/a><\/span><\/td>\n<td><strong>Walter Roelants<\/strong><\/td>\n<td>Husqvarna FR 450 Rally<\/td>\n<td class=\"nomobile\">HT Rally Raid Husqvarna Racing<\/td>\n<td style=\"text-align: right; padding-right: 15px;\"><\/td>\n<\/tr>\n<tr style=\"vertical-align: top; background-color: #dbd9d9;\">\n<td style=\"text-align: center;\"><strong>DNF<\/strong><\/td>\n<td class=\"nomobile\" style=\"text-align: center;\">79<\/td>\n<td class=\"nomobile\" style=\"text-align: center;\"><span style=\"font-size: 8pt;\"><a href=\"\/index.php\/w2rc\/w2rc-2022\/\"><span style=\"color: #ee8027;\">W2RC<\/span><\/a><\/span><\/td>\n<td><strong>Amaury Baratin<\/strong><\/td>\n<td>KTM 450 Rally<\/td>\n<td class=\"nomobile\">Horizon Moto 95<\/td>\n<td style=\"text-align: right; padding-right: 15px;\"><\/td>\n<\/tr>\n<tr style=\"vertical-align: top; background-color: #f2f2f2;\">\n<td style=\"text-align: center;\"><strong>DNF<\/strong><\/td>\n<td class=\"nomobile\" style=\"text-align: center;\">82<\/td>\n<td class=\"nomobile\" style=\"text-align: center;\"><span style=\"font-size: 8pt;\"><a href=\"\/index.php\/w2rc\/w2rc-2022\/\"><span style=\"color: #ee8027;\">W2RC<\/span><\/a><\/span><\/td>\n<td><strong>Giovanni Stigliano<\/strong><\/td>\n<td>KTM 450 Rally<\/td>\n<td class=\"nomobile\">Team JBRally<\/td>\n<td style=\"text-align: right; padding-right: 15px;\"><\/td>\n<\/tr>\n<tr style=\"vertical-align: top; background-color: #dbd9d9;\">\n<td style=\"text-align: center;\"><strong>DNF<\/strong><\/td>\n<td class=\"nomobile\" style=\"text-align: center;\">106<\/td>\n<td class=\"nomobile\" style=\"text-align: center;\"><span style=\"font-size: 8pt;\"><a href=\"\/index.php\/w2rc\/w2rc-2022\/\"><span style=\"color: #ee8027;\">W2RC<\/span><\/a><\/span><\/td>\n<td><strong>Bertrand Gavard<\/strong><\/td>\n<td>KTM 450 Rally<\/td>\n<td class=\"nomobile\">RS Concept<\/td>\n<td style=\"text-align: right; padding-right: 15px;\"><\/td>\n<\/tr>\n<tr style=\"vertical-align: top; background-color: #f2f2f2;\">\n<td style=\"text-align: center;\"><strong>DNF<\/strong><\/td>\n<td class=\"nomobile\" style=\"text-align: center;\">111<\/td>\n<td class=\"nomobile\" style=\"text-align: center;\"><span style=\"font-size: 8pt;\"><a href=\"\/index.php\/w2rc\/w2rc-2022\/\"><span style=\"color: #ee8027;\">W2RC<\/span><\/a><\/span><\/td>\n<td><strong>Antonio Vicente Guillen Rivera<\/strong><\/td>\n<td>KTM EXC-F<\/td>\n<td class=\"nomobile\">Nomadas Adventure<\/td>\n<td style=\"text-align: right; padding-right: 15px;\"><\/td>\n<\/tr>\n<tr style=\"vertical-align: top; background-color: #dbd9d9;\">\n<td style=\"text-align: center;\"><strong>DNF<\/strong><\/td>\n<td class=\"nomobile\" style=\"text-align: center;\">121<\/td>\n<td class=\"nomobile\" style=\"text-align: center;\"><span style=\"font-size: 8pt;\"><a href=\"\/index.php\/w2rc\/w2rc-2022\/\"><span style=\"color: #ee8027;\">W2RC<\/span><\/a><\/span><\/td>\n<td><strong>Lorenzo Maria Fanottoli<\/strong><\/td>\n<td>Husqvarna FR 450 Rally<\/td>\n<td class=\"nomobile\">Joyride Race Service<\/td>\n<td style=\"text-align: right; padding-right: 15px;\"><\/td>\n<\/tr>\n<tr style=\"vertical-align: top; background-color: #f2f2f2;\">\n<td style=\"text-align: center;\"><strong>DNF<\/strong><\/td>\n<td class=\"nomobile\" style=\"text-align: center;\">132<\/td>\n<td class=\"nomobile\" style=\"text-align: center;\"><span style=\"font-size: 8pt;\"><a href=\"\/index.php\/w2rc\/w2rc-2022\/\"><span style=\"color: #ee8027;\">W2RC<\/span><\/a><\/span><\/td>\n<td><strong>K\u00e9vin Durand<\/strong><\/td>\n<td>Honda CRF450 RX<\/td>\n<td class=\"nomobile\">RS Moto Racing Team<\/td>\n<td style=\"text-align: right; padding-right: 15px;\"><\/td>\n<\/tr>\n<tr style=\"vertical-align: top; background-color: #dbd9d9;\">\n<td style=\"text-align: center;\"><strong>DNF<\/strong><\/td>\n<td class=\"nomobile\" style=\"text-align: center;\">134<\/td>\n<td class=\"nomobile\" style=\"text-align: center;\"><span style=\"font-size: 8pt;\"><a href=\"\/index.php\/w2rc\/w2rc-2022\/\"><span style=\"color: #ee8027;\">W2RC<\/span><\/a><\/span><\/td>\n<td><strong>Isaac Feliu<\/strong><\/td>\n<td>KTM 450 Rally<\/td>\n<td class=\"nomobile\">Twintrail Racing Team<\/td>\n<td style=\"text-align: right; padding-right: 15px;\"><\/td>\n<\/tr>\n<tr style=\"vertical-align: top; background-color: #f2f2f2;\">\n<td style=\"text-align: center;\"><strong>DNF<\/strong><\/td>\n<td class=\"nomobile\" style=\"text-align: center;\">140<\/td>\n<td class=\"nomobile\" style=\"text-align: center;\"><span style=\"font-size: 8pt;\"><a href=\"\/index.php\/w2rc\/w2rc-2022\/\"><span style=\"color: #ee8027;\">W2RC<\/span><\/a><\/span><\/td>\n<td><strong>Jose Maria Garcia Dominguez<\/strong><\/td>\n<td>BMW G450X Rally<\/td>\n<td class=\"nomobile\">Club Aventura Touareg<\/td>\n<td style=\"text-align: right; padding-right: 15px;\"><\/td>\n<\/tr>\n<tr style=\"vertical-align: top; background-color: #dbd9d9;\">\n<td style=\"text-align: center;\"><strong>DNF<\/strong><\/td>\n<td class=\"nomobile\" style=\"text-align: center;\">146<\/td>\n<td class=\"nomobile\" style=\"text-align: center;\"><span style=\"font-size: 8pt;\"><a href=\"\/index.php\/w2rc\/w2rc-2022\/\"><span style=\"color: #ee8027;\">W2RC<\/span><\/a><\/span><\/td>\n<td><strong>Elio Aglioni<\/strong><\/td>\n<td>KTM 450 Rally<\/td>\n<td class=\"nomobile\">Agif Al Aviv<\/td>\n<td style=\"text-align: right; padding-right: 15px;\"><\/td>\n<\/tr>\n<tr style=\"vertical-align: top; background-color: #f2f2f2;\">\n<td style=\"text-align: center;\"><strong>DNF<\/strong><\/td>\n<td class=\"nomobile\" style=\"text-align: center;\">150<\/td>\n<td class=\"nomobile\" style=\"text-align: center;\"><span style=\"font-size: 8pt;\"><a href=\"\/index.php\/w2rc\/w2rc-2022\/\"><span style=\"color: #ee8027;\">W2RC<\/span><\/a><\/span><\/td>\n<td><strong>Bram van der Wouden<\/strong><\/td>\n<td>Sherco 450 SEF Rally<\/td>\n<td class=\"nomobile\"><\/td>\n<td style=\"text-align: right; padding-right: 15px;\"><\/td>\n<\/tr>\n<tr style=\"vertical-align: top; background-color: #dbd9d9;\">\n<td style=\"text-align: center;\"><strong>DNF<\/strong><\/td>\n<td class=\"nomobile\" style=\"text-align: center;\">163<\/td>\n<td class=\"nomobile\" style=\"text-align: center;\"><span style=\"font-size: 8pt;\"><a href=\"\/index.php\/w2rc\/w2rc-2022\/\"><span style=\"color: #ee8027;\">W2RC<\/span><\/a><\/span><\/td>\n<td><strong>Mohamedsaid Aoulad Ali<\/strong><\/td>\n<td>KTM 450 Rally<\/td>\n<td class=\"nomobile\">Morocco Racing Team<\/td>\n<td style=\"text-align: right; padding-right: 15px;\"><\/td>\n<\/tr>\n<tr style=\"background-color: #808080; color: white;\">\n<td style=\"text-align: left;\" colspan=\"8\"><span style=\"font-size: 8pt;\">V r\u00e1mci hodnocen\u00ed Rally2 odstartovalo 117 stroj\u016f, v c\u00edli klasifikov\u00e1no 100.<\/span><\/td>\n<\/tr>\n<\/tbody>\n<\/table>\n<p>[\/vc_column_text][\/vc_tta_section][vc_tta_section title=&#8221;QUAD&#8221; tab_id=&#8221;quad&#8221;][vc_column_text css_animation=&#8221;fadeIn&#8221;]<\/p>\n<table style=\"width: 97.7654%;\" rules=\"rows\" cellpadding=\"4px\">\n<tbody>\n<tr style=\"background-color: #808080; color: white;\">\n<td style=\"text-align: center;\" colspan=\"7\"><span style=\"font-size: 12pt;\"><strong>RALLY DAKAR 2022<br \/>\nKATEGORIE \u010cTY\u0158KOLEK<br \/>\nkone\u010dn\u00e9 v\u00fdsledky<\/strong><\/span><\/td>\n<\/tr>\n<tr style=\"vertical-align: top; background-color: #dbd9d9;\">\n<td style=\"text-align: center;\"><strong>1.<\/strong><\/td>\n<td class=\"nomobile\" style=\"text-align: center;\">174<\/td>\n<td class=\"nomobile\" style=\"text-align: center;\"><span style=\"font-size: 8pt;\"><a href=\"\/index.php\/w2rc\/w2rc-2022\/\"><span style=\"color: #ee8027;\">W2RC<\/span><\/a><\/span><\/td>\n<td><a href=\"\/index.php\/osobnosti\/alexandre-giroud\/\"><span style=\"color: #ee8027;\"><strong>Alexandre Giroud<\/strong><\/span><\/a><\/td>\n<td>Yamaha Raptor 700<\/td>\n<td class=\"nomobile\">Yamaha Racing &#8211; SMX &#8211; Drag&#8217;on<\/td>\n<td style=\"text-align: right; padding-right: 15px;\"><strong>50:00:51<\/strong><\/td>\n<\/tr>\n<tr style=\"vertical-align: top; background-color: #f2f2f2;\">\n<td style=\"text-align: center;\"><strong>2.<\/strong><\/td>\n<td class=\"nomobile\" style=\"text-align: center;\">192<\/td>\n<td class=\"nomobile\" style=\"text-align: center;\"><span style=\"font-size: 8pt;\"><a href=\"\/index.php\/w2rc\/w2rc-2022\/\"><span style=\"color: #ee8027;\">W2RC<\/span><\/a><\/span><\/td>\n<td><strong>Francisco Moreno<\/strong><\/td>\n<td>Yamaha Raptor 700<\/td>\n<td class=\"nomobile\">Drag&#8217;on Rally Team<\/td>\n<td style=\"text-align: right; padding-right: 15px;\"><strong>+2:21:11<\/strong><\/td>\n<\/tr>\n<tr style=\"vertical-align: top; background-color: #dbd9d9;\">\n<td style=\"text-align: center;\"><strong>3.<\/strong><\/td>\n<td class=\"nomobile\" style=\"text-align: center;\">175<\/td>\n<td class=\"nomobile\" style=\"text-align: center;\"><span style=\"font-size: 8pt;\"><a href=\"\/index.php\/w2rc\/w2rc-2022\/\"><span style=\"color: #ee8027;\">W2RC<\/span><\/a><\/span><\/td>\n<td><strong>Kamil Wi\u015bniewski<\/strong><\/td>\n<td>Yamaha Raptor 700<\/td>\n<td class=\"nomobile\">Orlen Team<\/td>\n<td style=\"text-align: right; padding-right: 15px;\"><strong>+2:27:25<\/strong><\/td>\n<\/tr>\n<tr style=\"vertical-align: top; background-color: #f2f2f2;\">\n<td style=\"text-align: center;\"><strong>4.<\/strong><\/td>\n<td class=\"nomobile\" style=\"text-align: center;\">185<\/td>\n<td class=\"nomobile\" style=\"text-align: center;\"><span style=\"font-size: 8pt;\"><a href=\"\/index.php\/w2rc\/w2rc-2022\/\"><span style=\"color: #ee8027;\">W2RC<\/span><\/a><\/span><\/td>\n<td><strong>Zden\u011bk T\u016fma<\/strong><\/td>\n<td>Yamaha Raptor 700<\/td>\n<td class=\"nomobile\">Barth Racing<\/td>\n<td style=\"text-align: right; padding-right: 15px;\"><strong>+8:08:47<\/strong><\/td>\n<\/tr>\n<tr style=\"vertical-align: top; background-color: #dbd9d9;\">\n<td style=\"text-align: center;\"><strong>5.<\/strong><\/td>\n<td class=\"nomobile\" style=\"text-align: center;\">186<\/td>\n<td class=\"nomobile\" style=\"text-align: center;\"><span style=\"font-size: 8pt;\"><a href=\"\/index.php\/w2rc\/w2rc-2022\/\"><span style=\"color: #ee8027;\">W2RC<\/span><\/a><\/span><\/td>\n<td><strong>Carlos Alejandro Verza<\/strong><\/td>\n<td>Yamaha Raptor 700<\/td>\n<td class=\"nomobile\">Verza Rally Team<\/td>\n<td style=\"text-align: right; padding-right: 15px;\"><strong>+19:43:12<\/strong><\/td>\n<\/tr>\n<tr style=\"vertical-align: top; background-color: #f2f2f2;\">\n<td style=\"text-align: center;\"><strong>6.<\/strong><\/td>\n<td class=\"nomobile\" style=\"text-align: center;\">183<\/td>\n<td class=\"nomobile\" style=\"text-align: center;\"><span style=\"font-size: 8pt;\"><a href=\"\/index.php\/w2rc\/w2rc-2022\/\"><span style=\"color: #ee8027;\">W2RC<\/span><\/a><\/span><\/td>\n<td><strong>Marcelo Medeiros<\/strong><\/td>\n<td>Yamaha Raptor 700<\/td>\n<td class=\"nomobile\">Team Marcelo Medeiros<\/td>\n<td style=\"text-align: right; padding-right: 15px;\"><strong>+22:05:05<\/strong><\/td>\n<\/tr>\n<tr style=\"vertical-align: top; background-color: #dbd9d9;\">\n<td style=\"text-align: center;\"><strong>7.<\/strong><\/td>\n<td class=\"nomobile\" style=\"text-align: center;\">182<\/td>\n<td class=\"nomobile\" style=\"text-align: center;\"><span style=\"font-size: 8pt;\"><a href=\"\/index.php\/w2rc\/w2rc-2022\/\"><span style=\"color: #ee8027;\">W2RC<\/span><\/a><\/span><\/td>\n<td><strong>Nicolas Robledo Serna<\/strong><\/td>\n<td>Can-Am Renegade X XC 850<\/td>\n<td class=\"nomobile\">Equipo Colombia 4\u00d74<\/td>\n<td style=\"text-align: right; padding-right: 15px;\"><strong>+50:25:50<\/strong><\/td>\n<\/tr>\n<tr style=\"background-color: #808080; color: white;\">\n<td style=\"text-align: left;\" colspan=\"7\"><\/td>\n<\/tr>\n<tr style=\"vertical-align: top; background-color: #f2f2f2;\">\n<td style=\"text-align: center;\"><strong>DNF<\/strong><\/td>\n<td class=\"nomobile\" style=\"text-align: center;\">170<\/td>\n<td class=\"nomobile\" style=\"text-align: center;\"><span style=\"font-size: 8pt;\"><a href=\"\/index.php\/w2rc\/w2rc-2022\/\"><span style=\"color: #ee8027;\">W2RC<\/span><\/a><\/span><\/td>\n<td><a href=\"\/index.php\/osobnosti\/manuel-andujar\/\"><span style=\"color: #ee8027;\"><strong>Manuel And\u00fajar<\/strong><\/span><\/a><\/td>\n<td>Yamaha Raptor 700<\/td>\n<td class=\"nomobile\">7240 Team<\/td>\n<td style=\"text-align: right; padding-right: 15px;\"><\/td>\n<\/tr>\n<tr style=\"vertical-align: top; background-color: #dbd9d9;\">\n<td style=\"text-align: center;\"><strong>DNF<\/strong><\/td>\n<td class=\"nomobile\" style=\"text-align: center;\">171<\/td>\n<td class=\"nomobile\" style=\"text-align: center;\"><span style=\"font-size: 8pt;\"><a href=\"\/index.php\/w2rc\/w2rc-2022\/\"><span style=\"color: #ee8027;\">W2RC<\/span><\/a><\/span><\/td>\n<td><strong><a href=\"\/index.php\/osobnosti\/giovanni-enrico\/\"><span style=\"color: #ee8027;\">Giovanni Enrico<\/span><\/a><\/strong><\/td>\n<td>Yamaha Raptor 700<\/td>\n<td class=\"nomobile\">Enrico Racing Team<\/td>\n<td style=\"text-align: right; padding-right: 15px;\"><\/td>\n<\/tr>\n<tr style=\"vertical-align: top; background-color: #f2f2f2;\">\n<td style=\"text-align: center;\"><strong>DNF<\/strong><\/td>\n<td class=\"nomobile\" style=\"text-align: center;\">173<\/td>\n<td class=\"nomobile\" style=\"text-align: center;\"><span style=\"font-size: 8pt;\"><a href=\"\/index.php\/w2rc\/w2rc-2022\/\"><span style=\"color: #ee8027;\">W2RC<\/span><\/a><\/span><\/td>\n<td><strong><a href=\"\/index.php\/osobnosti\/pablo-copetti\/\"><span style=\"color: #ee8027;\">Pablo Copetti<\/span><\/a><\/strong><\/td>\n<td>Yamaha Raptor 700<\/td>\n<td class=\"nomobile\">Del Amo Motorsports \/ Yamaha Rally Team<\/td>\n<td style=\"text-align: right; padding-right: 15px;\"><\/td>\n<\/tr>\n<tr style=\"vertical-align: top; background-color: #dbd9d9;\">\n<td style=\"text-align: center;\"><strong>DNF<\/strong><\/td>\n<td class=\"nomobile\" style=\"text-align: center;\">176<\/td>\n<td class=\"nomobile\" style=\"text-align: center;\"><span style=\"font-size: 8pt;\"><a href=\"\/index.php\/w2rc\/w2rc-2022\/\"><span style=\"color: #ee8027;\">W2RC<\/span><\/a><\/span><\/td>\n<td><a href=\"\/index.php\/osobnosti\/tomas-kubiena\/\"><span style=\"color: #ee8027;\"><strong>Tom\u00e1\u0161 Kubiena<\/strong><\/span><\/a><\/td>\n<td>Yamaha Raptor 700<\/td>\n<td class=\"nomobile\">Story Racing<\/td>\n<td style=\"text-align: right; padding-right: 15px;\"><\/td>\n<\/tr>\n<tr style=\"vertical-align: top; background-color: #f2f2f2;\">\n<td style=\"text-align: center;\"><strong>DNF<\/strong><\/td>\n<td class=\"nomobile\" style=\"text-align: center;\">179<\/td>\n<td class=\"nomobile\" style=\"text-align: center;\"><span style=\"font-size: 8pt;\"><a href=\"\/index.php\/w2rc\/w2rc-2022\/\"><span style=\"color: #ee8027;\">W2RC<\/span><\/a><\/span><\/td>\n<td><strong>Laisvydas Kancius<\/strong><\/td>\n<td>Yamaha Raptor 700<\/td>\n<td class=\"nomobile\">Story Racing<\/td>\n<td style=\"text-align: right; padding-right: 15px;\"><\/td>\n<\/tr>\n<tr style=\"vertical-align: top; background-color: #dbd9d9;\">\n<td style=\"text-align: center;\"><strong>DNF<\/strong><\/td>\n<td class=\"nomobile\" style=\"text-align: center;\">180<\/td>\n<td class=\"nomobile\" style=\"text-align: center;\"><span style=\"font-size: 8pt;\"><a href=\"\/index.php\/w2rc\/w2rc-2022\/\"><span style=\"color: #ee8027;\">W2RC<\/span><\/a><\/span><\/td>\n<td><strong>Nelson Augusto Sanabria Galeano<\/strong><\/td>\n<td>Yamaha Raptor 700<\/td>\n<td class=\"nomobile\">Xraids Experience<\/td>\n<td style=\"text-align: right; padding-right: 15px;\"><\/td>\n<\/tr>\n<tr style=\"vertical-align: top; background-color: #f2f2f2;\">\n<td style=\"text-align: center;\"><strong>DNF<\/strong><\/td>\n<td class=\"nomobile\" style=\"text-align: center;\">181<\/td>\n<td class=\"nomobile\" style=\"text-align: center;\"><span style=\"font-size: 8pt;\"><a href=\"\/index.php\/w2rc\/w2rc-2022\/\"><span style=\"color: #ee8027;\">W2RC<\/span><\/a><\/span><\/td>\n<td><strong>S\u00e9bastien Souday<\/strong><\/td>\n<td>Yamaha Raptor 700<\/td>\n<td class=\"nomobile\">Team All Tracks<\/td>\n<td style=\"text-align: right; padding-right: 15px;\"><\/td>\n<\/tr>\n<tr style=\"vertical-align: top; background-color: #dbd9d9;\">\n<td style=\"text-align: center;\"><strong>DNF<\/strong><\/td>\n<td class=\"nomobile\" style=\"text-align: center;\">184<\/td>\n<td class=\"nomobile\" style=\"text-align: center;\"><span style=\"font-size: 8pt;\"><a href=\"\/index.php\/w2rc\/w2rc-2022\/\"><span style=\"color: #ee8027;\">W2RC<\/span><\/a><\/span><\/td>\n<td><strong>Toni Vingut<\/strong><\/td>\n<td>Yamaha Raptor 700<\/td>\n<td class=\"nomobile\">Visit Sant Antoni &#8211; Ibiza<\/td>\n<td style=\"text-align: right; padding-right: 15px;\"><\/td>\n<\/tr>\n<tr style=\"vertical-align: top; background-color: #f2f2f2;\">\n<td style=\"text-align: center;\"><strong>DNF<\/strong><\/td>\n<td class=\"nomobile\" style=\"text-align: center;\">187<\/td>\n<td class=\"nomobile\" style=\"text-align: center;\"><span style=\"font-size: 8pt;\"><a href=\"\/index.php\/w2rc\/w2rc-2022\/\"><span style=\"color: #ee8027;\">W2RC<\/span><\/a><\/span><\/td>\n<td><strong>Italo Pedermonte<\/strong><\/td>\n<td>Yamaha Raptor 700<\/td>\n<td class=\"nomobile\">Enrico Racing Team<\/td>\n<td style=\"text-align: right; padding-right: 15px;\"><\/td>\n<\/tr>\n<tr style=\"vertical-align: top; background-color: #dbd9d9;\">\n<td style=\"text-align: center;\"><strong>DNF<\/strong><\/td>\n<td class=\"nomobile\" style=\"text-align: center;\">188<\/td>\n<td class=\"nomobile\" style=\"text-align: center;\"><span style=\"font-size: 8pt;\"><a href=\"\/index.php\/w2rc\/w2rc-2022\/\"><span style=\"color: #ee8027;\">W2RC<\/span><\/a><\/span><\/td>\n<td><strong>Vincent Padrona<\/strong><\/td>\n<td>Yamaha Raptor 700<\/td>\n<td class=\"nomobile\">Drag&#8217;On Rally Team<\/td>\n<td style=\"text-align: right; padding-right: 15px;\"><\/td>\n<\/tr>\n<tr style=\"vertical-align: top; background-color: #f2f2f2;\">\n<td style=\"text-align: center;\"><strong>DNF<\/strong><\/td>\n<td class=\"nomobile\" style=\"text-align: center;\">193<\/td>\n<td class=\"nomobile\" style=\"text-align: center;\"><span style=\"font-size: 8pt;\"><a href=\"\/index.php\/w2rc\/w2rc-2022\/\"><span style=\"color: #ee8027;\">W2RC<\/span><\/a><\/span><\/td>\n<td><strong>Alexandr Maximov<\/strong><\/td>\n<td>Yamaha Raptor 700<\/td>\n<td class=\"nomobile\">Chyr Mari<\/td>\n<td style=\"text-align: right; padding-right: 15px;\"><\/td>\n<\/tr>\n<tr style=\"vertical-align: top; background-color: #dbd9d9;\">\n<td style=\"text-align: center;\"><strong>DNF<\/strong><\/td>\n<td class=\"nomobile\" style=\"text-align: center;\">194<\/td>\n<td class=\"nomobile\" style=\"text-align: center;\"><span style=\"font-size: 8pt;\"><a href=\"\/index.php\/w2rc\/w2rc-2022\/\"><span style=\"color: #ee8027;\">W2RC<\/span><\/a><\/span><\/td>\n<td><strong>Nicolas Martinez<\/strong><\/td>\n<td>Yamaha Raptor 700<\/td>\n<td class=\"nomobile\">Drag&#8217;On Rally Team<\/td>\n<td style=\"text-align: right; padding-right: 15px;\"><\/td>\n<\/tr>\n<tr style=\"vertical-align: top; background-color: #f2f2f2;\">\n<td style=\"text-align: center;\"><strong>DNF<\/strong><\/td>\n<td class=\"nomobile\" style=\"text-align: center;\">195<\/td>\n<td class=\"nomobile\" style=\"text-align: center;\"><span style=\"font-size: 8pt;\"><a href=\"\/index.php\/w2rc\/w2rc-2022\/\"><span style=\"color: #ee8027;\">W2RC<\/span><\/a><\/span><\/td>\n<td><strong>\u00c0lex Feliu<\/strong><\/td>\n<td>Can-Am Renegade 1000 XXC<\/td>\n<td class=\"nomobile\">\u00c0lex Feliu Competici\u00f3n<\/td>\n<td style=\"text-align: right; padding-right: 15px;\"><\/td>\n<\/tr>\n<tr style=\"background-color: #808080; color: white;\">\n<td style=\"text-align: left;\" colspan=\"8\"><span style=\"font-size: 8pt;\">V kategorii \u010dty\u0159kolek odstartovalo 20 stroj\u016f, v c\u00edli klasifikov\u00e1no 7.<\/span><\/td>\n<\/tr>\n<\/tbody>\n<\/table>\n<p>[\/vc_column_text][\/vc_tta_section][\/vc_tta_pageable][\/vc_column][\/vc_row]<\/p>\n","protected":false},"excerpt":{"rendered":"<p>V\u00fdsledky Rally Dakar 2022<\/p>\n","protected":false},"author":1,"featured_media":24445,"parent":24284,"menu_order":0,"comment_status":"closed","ping_status":"closed","template":"page-templates\/builder.php","meta":{"footnotes":""},"class_list":["post-24439","page","type-page","status-publish","has-post-thumbnail","hentry"],"yoast_head":"<!-- This site is optimized with the Yoast SEO plugin v24.9 - https:\/\/yoast.com\/wordpress\/plugins\/seo\/ -->\n<title>Rally Dakar 2022 - DAKARMANIA.cz<\/title>\n<meta name=\"robots\" content=\"index, follow, max-snippet:-1, max-image-preview:large, max-video-preview:-1\" \/>\n<link rel=\"canonical\" href=\"https:\/\/www.dakarmania.cz\/index.php\/rally-dakar\/dakar-2022\/\" \/>\n<meta property=\"og:locale\" content=\"cs_CZ\" \/>\n<meta property=\"og:type\" content=\"article\" \/>\n<meta property=\"og:title\" content=\"Rally Dakar 2022 - DAKARMANIA.cz\" \/>\n<meta property=\"og:description\" content=\"V\u00fdsledky Rally Dakar 2022\" \/>\n<meta property=\"og:url\" content=\"https:\/\/www.dakarmania.cz\/index.php\/rally-dakar\/dakar-2022\/\" \/>\n<meta property=\"og:site_name\" content=\"DAKARMANIA.cz\" \/>\n<meta property=\"article:publisher\" content=\"https:\/\/www.facebook.com\/dakarmania\/\" \/>\n<meta property=\"article:modified_time\" content=\"2023-09-08T08:53:52+00:00\" \/>\n<meta property=\"og:image\" content=\"https:\/\/www.dakarmania.cz\/wp-content\/uploads\/2023\/01\/22-dakar-sunderland-header-02.jpg\" \/>\n\t<meta property=\"og:image:width\" content=\"1600\" \/>\n\t<meta property=\"og:image:height\" content=\"710\" \/>\n\t<meta property=\"og:image:type\" content=\"image\/jpeg\" \/>\n<meta name=\"twitter:card\" content=\"summary_large_image\" \/>\n<meta name=\"twitter:label1\" content=\"Odhadovan\u00e1 doba \u010dten\u00ed\" \/>\n\t<meta name=\"twitter:data1\" content=\"70 minut\" \/>\n<script type=\"application\/ld+json\" class=\"yoast-schema-graph\">{\"@context\":\"https:\/\/schema.org\",\"@graph\":[{\"@type\":\"WebPage\",\"@id\":\"https:\/\/www.dakarmania.cz\/index.php\/rally-dakar\/dakar-2022\/\",\"url\":\"https:\/\/www.dakarmania.cz\/index.php\/rally-dakar\/dakar-2022\/\",\"name\":\"Rally Dakar 2022 - DAKARMANIA.cz\",\"isPartOf\":{\"@id\":\"https:\/\/www.dakarmania.cz\/#website\"},\"primaryImageOfPage\":{\"@id\":\"https:\/\/www.dakarmania.cz\/index.php\/rally-dakar\/dakar-2022\/#primaryimage\"},\"image\":{\"@id\":\"https:\/\/www.dakarmania.cz\/index.php\/rally-dakar\/dakar-2022\/#primaryimage\"},\"thumbnailUrl\":\"https:\/\/www.dakarmania.cz\/wp-content\/uploads\/2023\/01\/22-dakar-sunderland-header-02.jpg\",\"datePublished\":\"2023-01-22T10:09:26+00:00\",\"dateModified\":\"2023-09-08T08:53:52+00:00\",\"breadcrumb\":{\"@id\":\"https:\/\/www.dakarmania.cz\/index.php\/rally-dakar\/dakar-2022\/#breadcrumb\"},\"inLanguage\":\"cs\",\"potentialAction\":[{\"@type\":\"ReadAction\",\"target\":[\"https:\/\/www.dakarmania.cz\/index.php\/rally-dakar\/dakar-2022\/\"]}]},{\"@type\":\"ImageObject\",\"inLanguage\":\"cs\",\"@id\":\"https:\/\/www.dakarmania.cz\/index.php\/rally-dakar\/dakar-2022\/#primaryimage\",\"url\":\"https:\/\/www.dakarmania.cz\/wp-content\/uploads\/2023\/01\/22-dakar-sunderland-header-02.jpg\",\"contentUrl\":\"https:\/\/www.dakarmania.cz\/wp-content\/uploads\/2023\/01\/22-dakar-sunderland-header-02.jpg\",\"width\":1600,\"height\":710,\"caption\":\"Sam Sunderland, GasGas RC 450F Rally, GasGas Factory Racing. Dakar 2022. \u00a9 ASO\/Fotop\"},{\"@type\":\"BreadcrumbList\",\"@id\":\"https:\/\/www.dakarmania.cz\/index.php\/rally-dakar\/dakar-2022\/#breadcrumb\",\"itemListElement\":[{\"@type\":\"ListItem\",\"position\":1,\"name\":\"Dom\u016f\",\"item\":\"https:\/\/www.dakarmania.cz\/\"},{\"@type\":\"ListItem\",\"position\":2,\"name\":\"RALLY DAKAR\",\"item\":\"https:\/\/www.dakarmania.cz\/index.php\/rally-dakar\/\"},{\"@type\":\"ListItem\",\"position\":3,\"name\":\"Rally Dakar 2022\"}]},{\"@type\":\"WebSite\",\"@id\":\"https:\/\/www.dakarmania.cz\/#website\",\"url\":\"https:\/\/www.dakarmania.cz\/\",\"name\":\"DAKARMANIA.cz\",\"description\":\"\u017dijeme Dakarem cel\u00fd rok\",\"publisher\":{\"@id\":\"https:\/\/www.dakarmania.cz\/#organization\"},\"potentialAction\":[{\"@type\":\"SearchAction\",\"target\":{\"@type\":\"EntryPoint\",\"urlTemplate\":\"https:\/\/www.dakarmania.cz\/?s={search_term_string}\"},\"query-input\":{\"@type\":\"PropertyValueSpecification\",\"valueRequired\":true,\"valueName\":\"search_term_string\"}}],\"inLanguage\":\"cs\"},{\"@type\":\"Organization\",\"@id\":\"https:\/\/www.dakarmania.cz\/#organization\",\"name\":\"DAKAR MANIA\",\"url\":\"https:\/\/www.dakarmania.cz\/\",\"logo\":{\"@type\":\"ImageObject\",\"inLanguage\":\"cs\",\"@id\":\"https:\/\/www.dakarmania.cz\/#\/schema\/logo\/image\/\",\"url\":\"https:\/\/www.dakarmania.cz\/wp-content\/uploads\/2018\/12\/Dakar-Mania-Logo-Square-Orange.png\",\"contentUrl\":\"https:\/\/www.dakarmania.cz\/wp-content\/uploads\/2018\/12\/Dakar-Mania-Logo-Square-Orange.png\",\"width\":992,\"height\":992,\"caption\":\"DAKAR MANIA\"},\"image\":{\"@id\":\"https:\/\/www.dakarmania.cz\/#\/schema\/logo\/image\/\"},\"sameAs\":[\"https:\/\/www.facebook.com\/dakarmania\/\"]}]}<\/script>\n<!-- \/ Yoast SEO plugin. -->","yoast_head_json":{"title":"Rally Dakar 2022 - DAKARMANIA.cz","robots":{"index":"index","follow":"follow","max-snippet":"max-snippet:-1","max-image-preview":"max-image-preview:large","max-video-preview":"max-video-preview:-1"},"canonical":"https:\/\/www.dakarmania.cz\/index.php\/rally-dakar\/dakar-2022\/","og_locale":"cs_CZ","og_type":"article","og_title":"Rally Dakar 2022 - DAKARMANIA.cz","og_description":"V\u00fdsledky Rally Dakar 2022","og_url":"https:\/\/www.dakarmania.cz\/index.php\/rally-dakar\/dakar-2022\/","og_site_name":"DAKARMANIA.cz","article_publisher":"https:\/\/www.facebook.com\/dakarmania\/","article_modified_time":"2023-09-08T08:53:52+00:00","og_image":[{"width":1600,"height":710,"url":"https:\/\/www.dakarmania.cz\/wp-content\/uploads\/2023\/01\/22-dakar-sunderland-header-02.jpg","type":"image\/jpeg"}],"twitter_card":"summary_large_image","twitter_misc":{"Odhadovan\u00e1 doba \u010dten\u00ed":"70 minut"},"schema":{"@context":"https:\/\/schema.org","@graph":[{"@type":"WebPage","@id":"https:\/\/www.dakarmania.cz\/index.php\/rally-dakar\/dakar-2022\/","url":"https:\/\/www.dakarmania.cz\/index.php\/rally-dakar\/dakar-2022\/","name":"Rally Dakar 2022 - DAKARMANIA.cz","isPartOf":{"@id":"https:\/\/www.dakarmania.cz\/#website"},"primaryImageOfPage":{"@id":"https:\/\/www.dakarmania.cz\/index.php\/rally-dakar\/dakar-2022\/#primaryimage"},"image":{"@id":"https:\/\/www.dakarmania.cz\/index.php\/rally-dakar\/dakar-2022\/#primaryimage"},"thumbnailUrl":"https:\/\/www.dakarmania.cz\/wp-content\/uploads\/2023\/01\/22-dakar-sunderland-header-02.jpg","datePublished":"2023-01-22T10:09:26+00:00","dateModified":"2023-09-08T08:53:52+00:00","breadcrumb":{"@id":"https:\/\/www.dakarmania.cz\/index.php\/rally-dakar\/dakar-2022\/#breadcrumb"},"inLanguage":"cs","potentialAction":[{"@type":"ReadAction","target":["https:\/\/www.dakarmania.cz\/index.php\/rally-dakar\/dakar-2022\/"]}]},{"@type":"ImageObject","inLanguage":"cs","@id":"https:\/\/www.dakarmania.cz\/index.php\/rally-dakar\/dakar-2022\/#primaryimage","url":"https:\/\/www.dakarmania.cz\/wp-content\/uploads\/2023\/01\/22-dakar-sunderland-header-02.jpg","contentUrl":"https:\/\/www.dakarmania.cz\/wp-content\/uploads\/2023\/01\/22-dakar-sunderland-header-02.jpg","width":1600,"height":710,"caption":"Sam Sunderland, GasGas RC 450F Rally, GasGas Factory Racing. Dakar 2022. \u00a9 ASO\/Fotop"},{"@type":"BreadcrumbList","@id":"https:\/\/www.dakarmania.cz\/index.php\/rally-dakar\/dakar-2022\/#breadcrumb","itemListElement":[{"@type":"ListItem","position":1,"name":"Dom\u016f","item":"https:\/\/www.dakarmania.cz\/"},{"@type":"ListItem","position":2,"name":"RALLY DAKAR","item":"https:\/\/www.dakarmania.cz\/index.php\/rally-dakar\/"},{"@type":"ListItem","position":3,"name":"Rally Dakar 2022"}]},{"@type":"WebSite","@id":"https:\/\/www.dakarmania.cz\/#website","url":"https:\/\/www.dakarmania.cz\/","name":"DAKARMANIA.cz","description":"\u017dijeme Dakarem cel\u00fd rok","publisher":{"@id":"https:\/\/www.dakarmania.cz\/#organization"},"potentialAction":[{"@type":"SearchAction","target":{"@type":"EntryPoint","urlTemplate":"https:\/\/www.dakarmania.cz\/?s={search_term_string}"},"query-input":{"@type":"PropertyValueSpecification","valueRequired":true,"valueName":"search_term_string"}}],"inLanguage":"cs"},{"@type":"Organization","@id":"https:\/\/www.dakarmania.cz\/#organization","name":"DAKAR MANIA","url":"https:\/\/www.dakarmania.cz\/","logo":{"@type":"ImageObject","inLanguage":"cs","@id":"https:\/\/www.dakarmania.cz\/#\/schema\/logo\/image\/","url":"https:\/\/www.dakarmania.cz\/wp-content\/uploads\/2018\/12\/Dakar-Mania-Logo-Square-Orange.png","contentUrl":"https:\/\/www.dakarmania.cz\/wp-content\/uploads\/2018\/12\/Dakar-Mania-Logo-Square-Orange.png","width":992,"height":992,"caption":"DAKAR MANIA"},"image":{"@id":"https:\/\/www.dakarmania.cz\/#\/schema\/logo\/image\/"},"sameAs":["https:\/\/www.facebook.com\/dakarmania\/"]}]}},"amp_enabled":false,"_links":{"self":[{"href":"https:\/\/www.dakarmania.cz\/index.php\/wp-json\/wp\/v2\/pages\/24439","targetHints":{"allow":["GET"]}}],"collection":[{"href":"https:\/\/www.dakarmania.cz\/index.php\/wp-json\/wp\/v2\/pages"}],"about":[{"href":"https:\/\/www.dakarmania.cz\/index.php\/wp-json\/wp\/v2\/types\/page"}],"author":[{"embeddable":true,"href":"https:\/\/www.dakarmania.cz\/index.php\/wp-json\/wp\/v2\/users\/1"}],"replies":[{"embeddable":true,"href":"https:\/\/www.dakarmania.cz\/index.php\/wp-json\/wp\/v2\/comments?post=24439"}],"version-history":[{"count":283,"href":"https:\/\/www.dakarmania.cz\/index.php\/wp-json\/wp\/v2\/pages\/24439\/revisions"}],"predecessor-version":[{"id":29312,"href":"https:\/\/www.dakarmania.cz\/index.php\/wp-json\/wp\/v2\/pages\/24439\/revisions\/29312"}],"up":[{"embeddable":true,"href":"https:\/\/www.dakarmania.cz\/index.php\/wp-json\/wp\/v2\/pages\/24284"}],"wp:featuredmedia":[{"embeddable":true,"href":"https:\/\/www.dakarmania.cz\/index.php\/wp-json\/wp\/v2\/media\/24445"}],"wp:attachment":[{"href":"https:\/\/www.dakarmania.cz\/index.php\/wp-json\/wp\/v2\/media?parent=24439"}],"curies":[{"name":"wp","href":"https:\/\/api.w.org\/{rel}","templated":true}]}}