{"id":24485,"date":"2023-01-23T13:25:24","date_gmt":"2023-01-23T12:25:24","guid":{"rendered":"https:\/\/www.dakarmania.cz\/?page_id=24485"},"modified":"2023-07-25T10:50:00","modified_gmt":"2023-07-25T08:50:00","slug":"addc-2022","status":"publish","type":"page","link":"https:\/\/www.dakarmania.cz\/index.php\/w2rc\/addc-2022\/","title":{"rendered":"Abu Dhabi Desert Challenge 2022"},"content":{"rendered":"<p>[vc_row][vc_column][vc_btn title=&#8221;W2RC&#8221; style=&#8221;outline&#8221; shape=&#8221;square&#8221; color=&#8221;warning&#8221; size=&#8221;xs&#8221; align=&#8221;right&#8221; i_align=&#8221;right&#8221; i_icon_fontawesome=&#8221;fa fa-chevron-up&#8221; css_animation=&#8221;fadeIn&#8221; add_icon=&#8221;true&#8221; link=&#8221;url:%2Findex.php%2Fw2rc%2F|||&#8221; css=&#8221;.vc_custom_1674477005187{padding-top: 1px !important;padding-right: 1px !important;padding-bottom: 1px !important;padding-left: 1px !important;}&#8221;][vc_column_text css_animation=&#8221;fadeIn&#8221; css=&#8221;.vc_custom_1674477152004{padding-top: 80px !important;padding-right: 20px !important;padding-bottom: 20px !important;padding-left: 20px !important;background-image: url(https:\/\/www.dakarmania.cz\/wp-content\/uploads\/2023\/01\/22-addc-peterhansel-header-01.jpg?id=24484) !important;background-position: center !important;background-repeat: no-repeat !important;background-size: cover !important;}&#8221;]<\/p>\n<h1 style=\"text-align: left;\"><span style=\"background-color: #ee8027; opacity: 0.7;\"><span style=\"color: #ffffff; padding: 10px;\">ABU DHABI<\/span><br \/>\n<span style=\"color: #ffffff; padding: 10px;\">DESERT CHALLENGE<\/span><br \/>\n<span style=\"color: #ffffff; padding: 10px;\">2022<\/span><\/span><\/h1>\n<p>[\/vc_column_text][vc_empty_space height=&#8221;5px&#8221;][vc_column_text]<\/p>\n<p style=\"text-align: center;\"><strong>31. ro\u010dn\u00edk | 4. a\u017e 10. b\u0159ezna 2022 | Spojen\u00e9 arabsk\u00e9 emir\u00e1ty<br \/>\n<\/strong><\/p>\n<p style=\"text-align: center;\">Celkem 1933 km, z toho 1342 km rychlostn\u00edch zkou\u0161ek | 2. podnik <a href=\"\/index.php\/w2rc\/w2rc-2022\/\"><span style=\"color: #ee8027;\">Mistrovstv\u00ed sv\u011bta v d\u00e1lkov\u00fdch sout\u011b\u017e\u00edch 2022<\/span><\/a><\/p>\n<p>[\/vc_column_text][\/vc_column][\/vc_row][vc_row][vc_column][vc_btn title=&#8221;FIA&#8221; shape=&#8221;square&#8221; color=&#8221;warning&#8221; size=&#8221;xs&#8221; i_icon_fontawesome=&#8221;fa fa-list-ol&#8221; css_animation=&#8221;fadeIn&#8221; add_icon=&#8221;true&#8221; link=&#8221;url:%2Findex.php%2Fw2rc%2Faddc-2022%2F%23fia|||&#8221; css=&#8221;.vc_custom_1674489879296{padding-top: 1px !important;padding-right: 1px !important;padding-bottom: 1px !important;padding-left: 1px !important;}&#8221;][vc_btn title=&#8221;T3&#8243; shape=&#8221;square&#8221; color=&#8221;warning&#8221; size=&#8221;xs&#8221; i_icon_fontawesome=&#8221;fa fa-list-ol&#8221; css_animation=&#8221;fadeIn&#8221; add_icon=&#8221;true&#8221; link=&#8221;url:%2Findex.php%2Fw2rc%2Faddc-2022%2F%23t3|||&#8221; css=&#8221;.vc_custom_1674489892074{padding-top: 1px !important;padding-right: 1px !important;padding-bottom: 1px !important;padding-left: 1px !important;}&#8221;][vc_btn title=&#8221;T4&#8243; shape=&#8221;square&#8221; color=&#8221;warning&#8221; size=&#8221;xs&#8221; i_icon_fontawesome=&#8221;fa fa-list-ol&#8221; css_animation=&#8221;fadeIn&#8221; add_icon=&#8221;true&#8221; link=&#8221;url:%2Findex.php%2Fw2rc%2Faddc-2022%2F%23t4|||&#8221; css=&#8221;.vc_custom_1674489902957{padding-top: 1px !important;padding-right: 1px !important;padding-bottom: 1px !important;padding-left: 1px !important;}&#8221;][vc_btn title=&#8221;KAMIONY&#8221; shape=&#8221;square&#8221; color=&#8221;warning&#8221; size=&#8221;xs&#8221; i_icon_fontawesome=&#8221;fa fa-list-ol&#8221; css_animation=&#8221;fadeIn&#8221; add_icon=&#8221;true&#8221; link=&#8221;url:%2Findex.php%2Fw2rc%2Faddc-2022%2F%23kamiony|||&#8221; css=&#8221;.vc_custom_1674489915306{padding-top: 1px !important;padding-right: 1px !important;padding-bottom: 1px !important;padding-left: 1px !important;}&#8221;][vc_btn title=&#8221;RALLYGP&#8221; shape=&#8221;square&#8221; color=&#8221;warning&#8221; size=&#8221;xs&#8221; i_icon_fontawesome=&#8221;fa fa-list-ol&#8221; css_animation=&#8221;fadeIn&#8221; add_icon=&#8221;true&#8221; link=&#8221;url:%2Findex.php%2Fw2rc%2Faddc-2022%2F%23rallygp|||&#8221; css=&#8221;.vc_custom_1675871149165{padding-top: 1px !important;padding-right: 1px !important;padding-bottom: 1px !important;padding-left: 1px !important;}&#8221;][vc_btn title=&#8221;RALLY2&#8243; shape=&#8221;square&#8221; color=&#8221;warning&#8221; size=&#8221;xs&#8221; i_icon_fontawesome=&#8221;fa fa-list-ol&#8221; css_animation=&#8221;fadeIn&#8221; add_icon=&#8221;true&#8221; link=&#8221;url:%2Findex.php%2Fw2rc%2Faddc-2022%2F%23rally2|||&#8221; css=&#8221;.vc_custom_1674544889121{padding-top: 1px !important;padding-right: 1px !important;padding-bottom: 1px !important;padding-left: 1px !important;}&#8221;][vc_btn title=&#8221;QUAD&#8221; shape=&#8221;square&#8221; color=&#8221;warning&#8221; size=&#8221;xs&#8221; i_icon_fontawesome=&#8221;fa fa-list-ol&#8221; css_animation=&#8221;fadeIn&#8221; add_icon=&#8221;true&#8221; link=&#8221;url:%2Findex.php%2Fw2rc%2Faddc-2022%2F%23quad|||&#8221; css=&#8221;.vc_custom_1674544898543{padding-top: 1px !important;padding-right: 1px !important;padding-bottom: 1px !important;padding-left: 1px !important;}&#8221;][vc_tta_pageable no_fill_content_area=&#8221;1&#8243; active_section=&#8221;1&#8243; pagination_style=&#8221;&#8221; css_animation=&#8221;fadeIn&#8221;][vc_tta_section title=&#8221;FIA&#8221; tab_id=&#8221;fia&#8221;][vc_column_text css_animation=&#8221;fadeIn&#8221;]<\/p>\n<table style=\"width: 97.7654%;\" rules=\"rows\" cellpadding=\"4px\">\n<tbody>\n<tr style=\"background-color: #808080; color: white;\">\n<td style=\"text-align: center;\" colspan=\"8\"><span style=\"font-size: 12pt;\"><strong>ABU DHABI DESERT CHALLENGE 2022<br \/>\nFIA<br \/>\nkone\u010dn\u00e9 v\u00fdsledky<\/strong><\/span><\/td>\n<\/tr>\n<tr style=\"vertical-align: top; background-color: #dbd9d9;\">\n<td style=\"text-align: center;\">1.<\/td>\n<td class=\"nomobile\" style=\"text-align: center;\">208<\/td>\n<td class=\"nomobile\" style=\"text-align: center;\"><span style=\"font-size: 8pt;\">T1<\/span><\/td>\n<td class=\"nomobile\" style=\"text-align: center;\"><\/td>\n<td><a href=\"\/index.php\/osobnosti\/stephane-peterhansel\/\"><span style=\"color: #ee8027;\">St\u00e9phane Peterhansel<\/span><\/a><br \/>\n<a href=\"\/index.php\/osobnosti\/edouard-boulanger\/\"><span style=\"color: #ee8027;\">Edouard Boulanger<\/span><\/a><\/td>\n<td>Audi RS Q e-tron<\/td>\n<td class=\"nomobile\">Team Audi Sport<\/td>\n<td style=\"text-align: right; padding-right: 15px;\">17:43:07<\/td>\n<\/tr>\n<tr style=\"vertical-align: top; background-color: #f2f2f2;\">\n<td style=\"text-align: center;\">2.<\/td>\n<td class=\"nomobile\" style=\"text-align: center;\">209<\/td>\n<td class=\"nomobile\" style=\"text-align: center;\"><span style=\"font-size: 8pt;\">T1<\/span><\/td>\n<td class=\"nomobile\" style=\"text-align: center;\"><\/td>\n<td><a href=\"\/index.php\/osobnosti\/martin-prokop\/\"><span style=\"color: #ee8027;\">Martin Prokop<\/span><\/a><br \/>\n<a href=\"\/index.php\/osobnosti\/viktor-chytka\/\"><span style=\"color: #ee8027;\">Viktor Chytka<\/span><\/a><\/td>\n<td>Ford Raptor RS Cross Country<\/td>\n<td class=\"nomobile\">Benzina Orlen Team<\/td>\n<td style=\"text-align: right; padding-right: 15px;\">+29:49<\/td>\n<\/tr>\n<tr style=\"vertical-align: top; background-color: #dbd9d9;\">\n<td style=\"text-align: center;\">3.<\/td>\n<td class=\"nomobile\" style=\"text-align: center;\">301<\/td>\n<td class=\"nomobile\" style=\"text-align: center;\"><span style=\"font-size: 8pt;\">T3<\/span><\/td>\n<td class=\"nomobile\" style=\"text-align: center;\"><span style=\"font-size: 8pt;\"><a href=\"\/index.php\/w2rc\/w2rc-2022\/\"><span style=\"color: #ee8027;\">W2RC<\/span><\/a><\/span><\/td>\n<td>Chaleco L\u00f3pez<br \/>\n<a href=\"\/index.php\/osobnosti\/paolo-ceci\/\"><span style=\"color: #ee8027;\">Paolo Ceci<\/span><\/a><\/td>\n<td>Can-Am Maverick X3<\/td>\n<td class=\"nomobile\">South Racing Can-Am<\/td>\n<td style=\"text-align: right; padding-right: 15px;\">+1:10:39<\/td>\n<\/tr>\n<tr style=\"vertical-align: top; background-color: #f2f2f2;\">\n<td style=\"text-align: center;\">4.<\/td>\n<td class=\"nomobile\" style=\"text-align: center;\">302<\/td>\n<td class=\"nomobile\" style=\"text-align: center;\"><span style=\"font-size: 8pt;\">T3<\/span><\/td>\n<td class=\"nomobile\" style=\"text-align: center;\"><span style=\"font-size: 8pt;\"><a href=\"\/index.php\/w2rc\/w2rc-2022\/\"><span style=\"color: #ee8027;\">W2RC<\/span><\/a><\/span><\/td>\n<td><a href=\"\/index.php\/osobnosti\/cristina-gutierrez\/\"><span style=\"color: #ee8027;\">Cristina Guti\u00e9rrez<\/span><\/a><br \/>\n<a href=\"\/index.php\/osobnosti\/francois-cazalet\/\"><span style=\"color: #ee8027;\">Fran\u00e7ois Cazalet<\/span><\/a><\/td>\n<td>Overdrive OT3<\/td>\n<td class=\"nomobile\">Red Bull Off-Road Junior Team<\/td>\n<td style=\"text-align: right; padding-right: 15px;\">+1:18:57<\/td>\n<\/tr>\n<tr style=\"vertical-align: top; background-color: #dbd9d9;\">\n<td style=\"text-align: center;\">5.<\/td>\n<td class=\"nomobile\" style=\"text-align: center;\">204<\/td>\n<td class=\"nomobile\" style=\"text-align: center;\"><span style=\"font-size: 8pt;\">T1<\/span><\/td>\n<td class=\"nomobile\" style=\"text-align: center;\"><span style=\"font-size: 8pt;\"><a href=\"\/index.php\/w2rc\/w2rc-2022\/\"><span style=\"color: #ee8027;\">W2RC<\/span><\/a><\/span><\/td>\n<td>Kuba Przygo\u0144ski<br \/>\n<a href=\"\/index.php\/osobnosti\/timo-gottschalk\/\"><span style=\"color: #ee8027;\">Timo Gottschalk<\/span><\/a><\/td>\n<td>Mini JCW Buggy<\/td>\n<td class=\"nomobile\">X-raid Mini JCW Team<\/td>\n<td style=\"text-align: right; padding-right: 15px;\">+1:28:53<\/td>\n<\/tr>\n<tr style=\"vertical-align: top; background-color: #f2f2f2;\">\n<td style=\"text-align: center;\">6.<\/td>\n<td class=\"nomobile\" style=\"text-align: center;\">403<\/td>\n<td class=\"nomobile\" style=\"text-align: center;\"><span style=\"font-size: 8pt;\">T4<\/span><\/td>\n<td class=\"nomobile\" style=\"text-align: center;\"><span style=\"font-size: 8pt;\"><a href=\"\/index.php\/w2rc\/w2rc-2022\/\"><span style=\"color: #ee8027;\">W2RC<\/span><\/a><\/span><\/td>\n<td>Marek Gocza\u0142<br \/>\n\u0141ukasz \u0141askawiec<\/td>\n<td>Can-Am Maverick X3<\/td>\n<td class=\"nomobile\">Cobant Energylandia Rally Team<\/td>\n<td style=\"text-align: right; padding-right: 15px;\">+1:29:31<\/td>\n<\/tr>\n<tr style=\"vertical-align: top; background-color: #dbd9d9;\">\n<td style=\"text-align: center;\">7.<\/td>\n<td class=\"nomobile\" style=\"text-align: center;\">402<\/td>\n<td class=\"nomobile\" style=\"text-align: center;\"><span style=\"font-size: 8pt;\">T4<\/span><\/td>\n<td class=\"nomobile\" style=\"text-align: center;\"><span style=\"font-size: 8pt;\"><a href=\"\/index.php\/w2rc\/w2rc-2022\/\"><span style=\"color: #ee8027;\">W2RC<\/span><\/a><\/span><\/td>\n<td>Rokas Baciu\u0161ka<br \/>\nOriol Mena<\/td>\n<td>Can-Am Maverick X3<\/td>\n<td class=\"nomobile\">South Racing Can-Am<\/td>\n<td style=\"text-align: right; padding-right: 15px;\">+1:51:49<\/td>\n<\/tr>\n<tr style=\"vertical-align: top; background-color: #f2f2f2;\">\n<td style=\"text-align: center;\">8.<\/td>\n<td class=\"nomobile\" style=\"text-align: center;\">202<\/td>\n<td class=\"nomobile\" style=\"text-align: center;\"><span style=\"font-size: 8pt;\">T1<\/span><\/td>\n<td class=\"nomobile\" style=\"text-align: center;\"><span style=\"font-size: 8pt;\"><a href=\"\/index.php\/w2rc\/w2rc-2022\/\"><span style=\"color: #ee8027;\">W2RC<\/span><\/a><\/span><\/td>\n<td><a href=\"\/index.php\/osobnosti\/loeb-sebastien\/\"><span style=\"color: #ee8027;\">S\u00e9bastien Loeb<\/span><\/a><br \/>\n<a href=\"\/index.php\/osobnosti\/fabian-lurquin\/\"><span style=\"color: #ee8027;\">Fabian Lurquin<\/span><\/a><\/td>\n<td>Prodrive Hunter<\/td>\n<td class=\"nomobile\">Bahrain Raid Xtreme<\/td>\n<td style=\"text-align: right; padding-right: 15px;\">+1:52:11<\/td>\n<\/tr>\n<tr style=\"vertical-align: top; background-color: #dbd9d9;\">\n<td style=\"text-align: center;\">9.<\/td>\n<td class=\"nomobile\" style=\"text-align: center;\">303<\/td>\n<td class=\"nomobile\" style=\"text-align: center;\"><span style=\"font-size: 8pt;\">T3<\/span><\/td>\n<td class=\"nomobile\" style=\"text-align: center;\"><span style=\"font-size: 8pt;\"><a href=\"\/index.php\/w2rc\/w2rc-2022\/\"><span style=\"color: #ee8027;\">W2RC<\/span><\/a><\/span><\/td>\n<td>Seth Quintero<br \/>\nDennis Zenz<\/td>\n<td>Overdrive OT3<\/td>\n<td class=\"nomobile\">Red Bull Off-Road Junior Team<\/td>\n<td style=\"text-align: right; padding-right: 15px;\">+2:32:59<\/td>\n<\/tr>\n<tr style=\"vertical-align: top; background-color: #f2f2f2;\">\n<td style=\"text-align: center;\">10.<\/td>\n<td class=\"nomobile\" style=\"text-align: center;\">311<\/td>\n<td class=\"nomobile\" style=\"text-align: center;\"><span style=\"font-size: 8pt;\">T3<\/span><\/td>\n<td class=\"nomobile\" style=\"text-align: center;\"><\/td>\n<td>Conrad Rautenbach<br \/>\nWouter Rosegaar<\/td>\n<td>Can-Am Maverick X3<\/td>\n<td class=\"nomobile\">South Racing Middle East<\/td>\n<td style=\"text-align: right; padding-right: 15px;\">+3:15:05<\/td>\n<\/tr>\n<tr style=\"vertical-align: top; background-color: #dbd9d9;\">\n<td style=\"text-align: center;\">11.<\/td>\n<td class=\"nomobile\" style=\"text-align: center;\">307<\/td>\n<td class=\"nomobile\" style=\"text-align: center;\"><span style=\"font-size: 8pt;\">T3<\/span><\/td>\n<td class=\"nomobile\" style=\"text-align: center;\"><span style=\"font-size: 8pt;\"><a href=\"\/index.php\/w2rc\/w2rc-2022\/\"><span style=\"color: #ee8027;\">W2RC<\/span><\/a><\/span><\/td>\n<td>Annett Fischer<br \/>\nAnnie Seel<\/td>\n<td>Can-Am Maverick X3<\/td>\n<td class=\"nomobile\"><\/td>\n<td style=\"text-align: right; padding-right: 15px;\">+4:12:47<\/td>\n<\/tr>\n<tr style=\"vertical-align: top; background-color: #f2f2f2;\">\n<td style=\"text-align: center;\">12.<\/td>\n<td class=\"nomobile\" style=\"text-align: center;\">304<\/td>\n<td class=\"nomobile\" style=\"text-align: center;\"><span style=\"font-size: 8pt;\">T3<\/span><\/td>\n<td class=\"nomobile\" style=\"text-align: center;\"><span style=\"font-size: 8pt;\"><a href=\"\/index.php\/w2rc\/w2rc-2022\/\"><span style=\"color: #ee8027;\">W2RC<\/span><\/a><\/span><\/td>\n<td>Thomas Bell<br \/>\nBruno Jacomy<\/td>\n<td>Can-Am Maverick X3<\/td>\n<td class=\"nomobile\">South Racing Middle East<\/td>\n<td style=\"text-align: right; padding-right: 15px;\">+6:16:08<\/td>\n<\/tr>\n<tr style=\"vertical-align: top; background-color: #dbd9d9;\">\n<td style=\"text-align: center;\">13.<\/td>\n<td class=\"nomobile\" style=\"text-align: center;\">502<\/td>\n<td class=\"nomobile\" style=\"text-align: center;\"><span style=\"font-size: 8pt;\">T5<\/span><\/td>\n<td class=\"nomobile\" style=\"text-align: center;\"><span style=\"font-size: 8pt;\"><a href=\"\/index.php\/w2rc\/w2rc-2022\/\"><span style=\"color: #ee8027;\">W2RC<\/span><\/a><\/span><\/td>\n<td>Kees Koolen<br \/>\n<a href=\"\/index.php\/osobnosti\/wouter-de-graaff\/\"><span style=\"color: #ee8027;\">Wouter de Graaff<\/span><\/a><br \/>\nGijsbert van Uden<\/td>\n<td>Iveco Powerstar<\/td>\n<td class=\"nomobile\">Project 2030<\/td>\n<td style=\"text-align: right; padding-right: 15px;\">+6:31:51<\/td>\n<\/tr>\n<tr style=\"vertical-align: top; background-color: #f2f2f2;\">\n<td style=\"text-align: center;\">14.<\/td>\n<td class=\"nomobile\" style=\"text-align: center;\">308<\/td>\n<td class=\"nomobile\" style=\"text-align: center;\"><span style=\"font-size: 8pt;\">T3<\/span><\/td>\n<td class=\"nomobile\" style=\"text-align: center;\"><span style=\"font-size: 8pt;\"><a href=\"\/index.php\/w2rc\/w2rc-2022\/\"><span style=\"color: #ee8027;\">W2RC<\/span><\/a><\/span><\/td>\n<td>Jean-Luc Ceccaldi-Pisson<br \/>\n<a href=\"\/index.php\/osobnosti\/laurent-lichtleuchter\/\"><span style=\"color: #ee8027;\">Laurent Lichtleuchter<\/span><\/a><\/td>\n<td>PH Sport Zephyr<\/td>\n<td class=\"nomobile\"><\/td>\n<td style=\"text-align: right; padding-right: 15px;\">+6:39:12<\/td>\n<\/tr>\n<tr style=\"vertical-align: top; background-color: #dbd9d9;\">\n<td style=\"text-align: center;\">15.<\/td>\n<td class=\"nomobile\" style=\"text-align: center;\">408<\/td>\n<td class=\"nomobile\" style=\"text-align: center;\"><span style=\"font-size: 8pt;\">T4<\/span><\/td>\n<td class=\"nomobile\" style=\"text-align: center;\"><\/td>\n<td>Ma\u0142gorzata Go\u0142da<br \/>\nMarek D\u0105browski<\/td>\n<td>Polaris RZR PRO XP Turbo<\/td>\n<td class=\"nomobile\"><\/td>\n<td style=\"text-align: right; padding-right: 15px;\">+9:49:48<\/td>\n<\/tr>\n<tr style=\"vertical-align: top; background-color: #f2f2f2;\">\n<td style=\"text-align: center;\">16.<\/td>\n<td class=\"nomobile\" style=\"text-align: center;\">201<\/td>\n<td class=\"nomobile\" style=\"text-align: center;\"><span style=\"font-size: 8pt;\">T1<\/span><\/td>\n<td class=\"nomobile\" style=\"text-align: center;\"><span style=\"font-size: 8pt;\"><a href=\"\/index.php\/w2rc\/w2rc-2022\/\"><span style=\"color: #ee8027;\">W2RC<\/span><\/a><\/span><\/td>\n<td><a href=\"\/index.php\/osobnosti\/nasser-al-attiyah\/\"><span style=\"color: #ee8027;\">Nasser Al-Attiyah<\/span><\/a><br \/>\n<a href=\"\/index.php\/osobnosti\/mathieu-baumel\/\"><span style=\"color: #ee8027;\">Mathieu Baumel<\/span><\/a><\/td>\n<td>Toyota GR DKR Hilux<\/td>\n<td class=\"nomobile\">Toyota Gazoo Racing<\/td>\n<td style=\"text-align: right; padding-right: 15px;\">+19:44:13<\/td>\n<\/tr>\n<tr style=\"vertical-align: top; background-color: #dbd9d9;\">\n<td style=\"text-align: center;\">17.<\/td>\n<td class=\"nomobile\" style=\"text-align: center;\">203<\/td>\n<td class=\"nomobile\" style=\"text-align: center;\"><span style=\"font-size: 8pt;\">T1<\/span><\/td>\n<td class=\"nomobile\" style=\"text-align: center;\"><span style=\"font-size: 8pt;\"><a href=\"\/index.php\/w2rc\/w2rc-2022\/\"><span style=\"color: #ee8027;\">W2RC<\/span><\/a><\/span><\/td>\n<td><a href=\"\/index.php\/osobnosti\/yazeed-al-rajhi\/\"><span style=\"color: #ee8027;\">Yazeed Al-Rajhi<\/span><\/a><br \/>\nDirk von Zitzewitz<\/td>\n<td>Toyota Hilux Overdrive<\/td>\n<td class=\"nomobile\">Overdrive Racing<\/td>\n<td style=\"text-align: right; padding-right: 15px;\">+20:11:21<\/td>\n<\/tr>\n<tr style=\"vertical-align: top; background-color: #f2f2f2;\">\n<td style=\"text-align: center;\">18.<\/td>\n<td class=\"nomobile\" style=\"text-align: center;\">205<\/td>\n<td class=\"nomobile\" style=\"text-align: center;\"><span style=\"font-size: 8pt;\">T1<\/span><\/td>\n<td class=\"nomobile\" style=\"text-align: center;\"><span style=\"font-size: 8pt;\"><a href=\"\/index.php\/w2rc\/w2rc-2022\/\"><span style=\"color: #ee8027;\">W2RC<\/span><\/a><\/span><\/td>\n<td><a href=\"\/index.php\/osobnosti\/mathieu-serradori\/\"><span style=\"color: #ee8027;\">Mathieu Serradori<\/span><\/a><br \/>\n<a href=\"\/index.php\/osobnosti\/loic-minaudier\/\"><span style=\"color: #ee8027;\">Lo\u00efc Minaudier<\/span><\/a><\/td>\n<td>Century CR6<\/td>\n<td class=\"nomobile\">SRT Racing<\/td>\n<td style=\"text-align: right; padding-right: 15px;\">+21:26:38<\/td>\n<\/tr>\n<tr style=\"vertical-align: top; background-color: #dbd9d9;\">\n<td style=\"text-align: center;\">19.<\/td>\n<td class=\"nomobile\" style=\"text-align: center;\">401<\/td>\n<td class=\"nomobile\" style=\"text-align: center;\"><span style=\"font-size: 8pt;\">T4<\/span><\/td>\n<td class=\"nomobile\" style=\"text-align: center;\"><span style=\"font-size: 8pt;\"><a href=\"\/index.php\/w2rc\/w2rc-2022\/\"><span style=\"color: #ee8027;\">W2RC<\/span><\/a><\/span><\/td>\n<td><a href=\"\/index.php\/osobnosti\/austin-jones\/\"><span style=\"color: #ee8027;\">Austin Jones<\/span><\/a><br \/>\n<a href=\"\/index.php\/osobnosti\/gustavo-gugelmin\/\"><span style=\"color: #ee8027;\">Gustavo Gugelmin<\/span><\/a><\/td>\n<td>Can-Am Maverick X3<\/td>\n<td class=\"nomobile\">South Racing Can-Am<\/td>\n<td style=\"text-align: right; padding-right: 15px;\">+21:34:20<\/td>\n<\/tr>\n<tr style=\"vertical-align: top; background-color: #f2f2f2;\">\n<td style=\"text-align: center;\">20.<\/td>\n<td class=\"nomobile\" style=\"text-align: center;\">206<\/td>\n<td class=\"nomobile\" style=\"text-align: center;\"><span style=\"font-size: 8pt;\">T1<\/span><\/td>\n<td class=\"nomobile\" style=\"text-align: center;\"><span style=\"font-size: 8pt;\"><a href=\"\/index.php\/w2rc\/w2rc-2022\/\"><span style=\"color: #ee8027;\">W2RC<\/span><\/a><\/span><\/td>\n<td><a href=\"\/index.php\/osobnosti\/sebastian-halpern\/\"><span style=\"color: #ee8027;\">Sebasti\u00e1n Halpern<\/span><\/a><br \/>\n<a href=\"\/index.php\/osobnosti\/ronnie-graue\/\"><span style=\"color: #ee8027;\">Ronnie Graue<\/span><\/a><\/td>\n<td>Toyota Hilux Overdrive<\/td>\n<td class=\"nomobile\">Overdrive Racing<\/td>\n<td style=\"text-align: right; padding-right: 15px;\">+22:51:48<\/td>\n<\/tr>\n<tr style=\"vertical-align: top; background-color: #dbd9d9;\">\n<td style=\"text-align: center;\">21.<\/td>\n<td class=\"nomobile\" style=\"text-align: center;\">405<\/td>\n<td class=\"nomobile\" style=\"text-align: center;\"><span style=\"font-size: 8pt;\">T4<\/span><\/td>\n<td class=\"nomobile\" style=\"text-align: center;\"><span style=\"font-size: 8pt;\"><a href=\"\/index.php\/w2rc\/w2rc-2022\/\"><span style=\"color: #ee8027;\">W2RC<\/span><\/a><\/span><\/td>\n<td>Lucas del R\u00edo<br \/>\n<a href=\"\/index.php\/osobnosti\/alvaro-leon\/\"><span style=\"color: #ee8027;\">\u00c1lvaro Le\u00f3n<\/span><\/a><\/td>\n<td>Can-Am Maverick X3<\/td>\n<td class=\"nomobile\">South Racing Can-Am<\/td>\n<td style=\"text-align: right; padding-right: 15px;\">+42:31:18<\/td>\n<\/tr>\n<tr style=\"vertical-align: top; background-color: #f2f2f2;\">\n<td style=\"text-align: center;\">22.<\/td>\n<td class=\"nomobile\" style=\"text-align: center;\">407<\/td>\n<td class=\"nomobile\" style=\"text-align: center;\"><span style=\"font-size: 8pt;\">T4<\/span><\/td>\n<td class=\"nomobile\" style=\"text-align: center;\"><\/td>\n<td>Geoff Minnit<br \/>\nGerhard Snyman<\/td>\n<td>Can-Am Maverick X3<\/td>\n<td class=\"nomobile\">South Racing Can-Am<\/td>\n<td style=\"text-align: right; padding-right: 15px;\">+46:28:50<\/td>\n<\/tr>\n<tr style=\"vertical-align: top; background-color: #dbd9d9;\">\n<td style=\"text-align: center;\">23.<\/td>\n<td class=\"nomobile\" style=\"text-align: center;\">406<\/td>\n<td class=\"nomobile\" style=\"text-align: center;\"><span style=\"font-size: 8pt;\">T4<\/span><\/td>\n<td class=\"nomobile\" style=\"text-align: center;\"><\/td>\n<td>Robert Jan Szustkowski<br \/>\nAlbert Krzysztof Gryszczuk<\/td>\n<td>Polaris RZR PRO XP Turbo<\/td>\n<td class=\"nomobile\">R-Six Team<\/td>\n<td style=\"text-align: right; padding-right: 15px;\">+49:14:43<\/td>\n<\/tr>\n<tr style=\"vertical-align: top; background-color: #f2f2f2;\">\n<td style=\"text-align: center;\">24.<\/td>\n<td class=\"nomobile\" style=\"text-align: center;\">210<\/td>\n<td class=\"nomobile\" style=\"text-align: center;\"><span style=\"font-size: 8pt;\">T1<\/span><\/td>\n<td class=\"nomobile\" style=\"text-align: center;\"><\/td>\n<td>Yahya Al Helei<br \/>\n<a href=\"\/index.php\/osobnosti\/khalid-alkendi\/\"><span style=\"color: #ee8027;\">Khalid Alkendi<\/span><\/a><\/td>\n<td>Nissan Pick Up<\/td>\n<td class=\"nomobile\"><\/td>\n<td style=\"text-align: right; padding-right: 15px;\">+62:59:49<\/td>\n<\/tr>\n<tr style=\"vertical-align: top; background-color: #dbd9d9;\">\n<td style=\"text-align: center;\">25.<\/td>\n<td class=\"nomobile\" style=\"text-align: center;\">312<\/td>\n<td class=\"nomobile\" style=\"text-align: center;\"><span style=\"font-size: 8pt;\">T3<\/span><\/td>\n<td class=\"nomobile\" style=\"text-align: center;\"><\/td>\n<td>Hern\u00e1n Garc\u00e9s<br \/>\nJuan Pablo Latrach<\/td>\n<td>Can-Am Maverick X3<\/td>\n<td class=\"nomobile\">South Racing Can-Am<\/td>\n<td style=\"text-align: right; padding-right: 15px;\">+72:08:33<\/td>\n<\/tr>\n<tr style=\"background-color: #808080; color: white;\">\n<td style=\"text-align: center;\" colspan=\"8\"><\/td>\n<\/tr>\n<tr style=\"vertical-align: top; background-color: #f2f2f2;\">\n<td style=\"text-align: center;\">DNF<\/td>\n<td class=\"nomobile\" style=\"text-align: center;\">211<\/td>\n<td class=\"nomobile\" style=\"text-align: center;\"><span style=\"font-size: 8pt;\">T1<\/span><\/td>\n<td class=\"nomobile\" style=\"text-align: center;\"><\/td>\n<td>Stephan Schott<br \/>\nPhilipp Beier<\/td>\n<td>Mini JCW Rally<\/td>\n<td class=\"nomobile\">X-raid Mini JCW Team<\/td>\n<td style=\"text-align: right; padding-right: 15px;\"><\/td>\n<\/tr>\n<tr style=\"vertical-align: top; background-color: #dbd9d9;\">\n<td style=\"text-align: center;\">DNF<\/td>\n<td class=\"nomobile\" style=\"text-align: center;\">212<\/td>\n<td class=\"nomobile\" style=\"text-align: center;\"><span style=\"font-size: 8pt;\">T1<\/span><\/td>\n<td class=\"nomobile\" style=\"text-align: center;\"><\/td>\n<td>Mansoor Al Helei<br \/>\nMohmmed Al Hamri<\/td>\n<td>Jeep Wrangler<\/td>\n<td class=\"nomobile\"><\/td>\n<td style=\"text-align: right; padding-right: 15px;\"><\/td>\n<\/tr>\n<tr style=\"vertical-align: top; background-color: #f2f2f2;\">\n<td style=\"text-align: center;\">DNF<\/td>\n<td class=\"nomobile\" style=\"text-align: center;\">305<\/td>\n<td class=\"nomobile\" style=\"text-align: center;\"><span style=\"font-size: 8pt;\">T3<\/span><\/td>\n<td class=\"nomobile\" style=\"text-align: center;\"><span style=\"font-size: 8pt;\"><a href=\"\/index.php\/w2rc\/w2rc-2022\/\"><span style=\"color: #ee8027;\">W2RC<\/span><\/a><\/span><\/td>\n<td>Guillaume de M\u00e9vius<br \/>\n<a href=\"\/index.php\/osobnosti\/tom-colsoul\/\"><span style=\"color: #ee8027;\">Tom Colsoul<\/span><\/a><\/td>\n<td>Overdrive OT3<\/td>\n<td class=\"nomobile\">Red Bull Off-Road Junior Team<\/td>\n<td style=\"text-align: right; padding-right: 15px;\"><\/td>\n<\/tr>\n<tr style=\"vertical-align: top; background-color: #dbd9d9;\">\n<td style=\"text-align: center;\">DNF<\/td>\n<td class=\"nomobile\" style=\"text-align: center;\">309<\/td>\n<td class=\"nomobile\" style=\"text-align: center;\"><span style=\"font-size: 8pt;\">T3<\/span><\/td>\n<td class=\"nomobile\" style=\"text-align: center;\"><span style=\"font-size: 8pt;\"><a href=\"\/index.php\/w2rc\/w2rc-2022\/\"><span style=\"color: #ee8027;\">W2RC<\/span><\/a><\/span><\/td>\n<td>Mitch Guthrie<br \/>\n<a href=\"\/index.php\/osobnosti\/floene-ola\/\"><span style=\"color: #ee8027;\">Ola Fl\u00f8ene<\/span><\/a><\/td>\n<td>Overdrive OT3<\/td>\n<td class=\"nomobile\">Red Bull Off-Road Junior Team<\/td>\n<td style=\"text-align: right; padding-right: 15px;\"><\/td>\n<\/tr>\n<tr style=\"vertical-align: top; background-color: #f2f2f2;\">\n<td style=\"text-align: center;\">DNS<\/td>\n<td class=\"nomobile\" style=\"text-align: center;\">310<\/td>\n<td class=\"nomobile\" style=\"text-align: center;\"><span style=\"font-size: 8pt;\">T3<\/span><\/td>\n<td class=\"nomobile\" style=\"text-align: center;\"><\/td>\n<td>Khalid Aljafla<br \/>\nAndrej Rudnickij<\/td>\n<td>Evo 3<\/td>\n<td class=\"nomobile\"><\/td>\n<td style=\"text-align: right; padding-right: 15px;\"><\/td>\n<\/tr>\n<tr style=\"vertical-align: top; background-color: #dbd9d9;\">\n<td style=\"text-align: center;\">DNF<\/td>\n<td class=\"nomobile\" style=\"text-align: center;\">314<\/td>\n<td class=\"nomobile\" style=\"text-align: center;\"><span style=\"font-size: 8pt;\">T3<\/span><\/td>\n<td class=\"nomobile\" style=\"text-align: center;\"><\/td>\n<td>Diego Martinez<br \/>\nSantiago Hansen<\/td>\n<td>Can-Am Maverick X3<\/td>\n<td class=\"nomobile\">South Racing Can-Am<\/td>\n<td style=\"text-align: right; padding-right: 15px;\"><\/td>\n<\/tr>\n<tr style=\"vertical-align: top; background-color: #f2f2f2;\">\n<td style=\"text-align: center;\">DNF<\/td>\n<td class=\"nomobile\" style=\"text-align: center;\">404<\/td>\n<td class=\"nomobile\" style=\"text-align: center;\"><span style=\"font-size: 8pt;\">T4<\/span><\/td>\n<td class=\"nomobile\" style=\"text-align: center;\"><span style=\"font-size: 8pt;\"><a href=\"\/index.php\/w2rc\/w2rc-2022\/\"><span style=\"color: #ee8027;\">W2RC<\/span><\/a><\/span><\/td>\n<td>Micha\u0142 Gocza\u0142<br \/>\nSzymon Gospodarczyk<\/td>\n<td>Can-Am Maverick X3<\/td>\n<td class=\"nomobile\">Cobant Energylandia Rally Team<\/td>\n<td style=\"text-align: right; padding-right: 15px;\"><\/td>\n<\/tr>\n<tr style=\"vertical-align: top; background-color: #dbd9d9;\">\n<td style=\"text-align: center;\">DNF<\/td>\n<td class=\"nomobile\" style=\"text-align: center;\">501<\/td>\n<td class=\"nomobile\" style=\"text-align: center;\"><span style=\"font-size: 8pt;\">T5<\/span><\/td>\n<td class=\"nomobile\" style=\"text-align: center;\"><span style=\"font-size: 8pt;\"><a href=\"\/index.php\/w2rc\/w2rc-2022\/\"><span style=\"color: #ee8027;\">W2RC<\/span><\/a><\/span><\/td>\n<td><a href=\"\/index.php\/osobnosti\/martin-macik-ml\/\"><span style=\"color: #ee8027;\">Martin Mac\u00edk ml.<\/span><\/a><br \/>\n<a href=\"\/index.php\/osobnosti\/frantisek-tomasek\/\"><span style=\"color: #ee8027;\">Franti\u0161ek Tom\u00e1\u0161ek<\/span><\/a><br \/>\n<a href=\"\/index.php\/osobnosti\/david-svanda\/\"><span style=\"color: #ee8027;\">David \u0160vanda<\/span><\/a><\/td>\n<td>Iveco Powerstar<\/td>\n<td class=\"nomobile\">MM Technology<\/td>\n<td style=\"text-align: right; padding-right: 15px;\"><\/td>\n<\/tr>\n<tr style=\"background-color: #808080; color: white;\">\n<td style=\"text-align: left;\" colspan=\"8\"><span style=\"font-size: 8pt;\">V r\u00e1mci hodnocen\u00ed FIA odstartovalo 33 vozidel, v c\u00edli klasifikov\u00e1no 25.<\/span><\/td>\n<\/tr>\n<\/tbody>\n<\/table>\n<p>[\/vc_column_text][\/vc_tta_section][vc_tta_section title=&#8221;T3&#8243; tab_id=&#8221;t3&#8243;][vc_column_text css_animation=&#8221;fadeIn&#8221;]<\/p>\n<table style=\"width: 97.7654%;\" rules=\"rows\" cellpadding=\"4px\">\n<tbody>\n<tr style=\"background-color: #808080; color: white;\">\n<td style=\"text-align: center;\" colspan=\"7\"><span style=\"font-size: 12pt;\"><strong>ABU DHABI DESERT CHALLENGE 2022<br \/>\nSKUPINA T3 (LEHK\u00c9 PROTOTYPY)<br \/>\nkone\u010dn\u00e9 v\u00fdsledky<\/strong><\/span><\/td>\n<\/tr>\n<tr style=\"vertical-align: top; background-color: #dbd9d9;\">\n<td style=\"text-align: center;\">1.<\/td>\n<td class=\"nomobile\" style=\"text-align: center;\">301<\/td>\n<td class=\"nomobile\" style=\"text-align: center;\"><span style=\"font-size: 8pt;\"><a href=\"\/index.php\/w2rc\/w2rc-2022\/\"><span style=\"color: #ee8027;\">W2RC<\/span><\/a><\/span><\/td>\n<td>Chaleco L\u00f3pez<br \/>\n<a href=\"\/index.php\/osobnosti\/paolo-ceci\/\"><span style=\"color: #ee8027;\">Paolo Ceci<\/span><\/a><\/td>\n<td>Can-Am Maverick X3<\/td>\n<td class=\"nomobile\">South Racing Can-Am<\/td>\n<td style=\"text-align: right; padding-right: 15px;\">18:53:46<\/td>\n<\/tr>\n<tr style=\"vertical-align: top; background-color: #f2f2f2;\">\n<td style=\"text-align: center;\">2.<\/td>\n<td class=\"nomobile\" style=\"text-align: center;\">302<\/td>\n<td class=\"nomobile\" style=\"text-align: center;\"><span style=\"font-size: 8pt;\"><a href=\"\/index.php\/w2rc\/w2rc-2022\/\"><span style=\"color: #ee8027;\">W2RC<\/span><\/a><\/span><\/td>\n<td><a href=\"\/index.php\/osobnosti\/cristina-gutierrez\/\"><span style=\"color: #ee8027;\">Cristina Guti\u00e9rrez<\/span><\/a><br \/>\n<a href=\"\/index.php\/osobnosti\/francois-cazalet\/\"><span style=\"color: #ee8027;\">Fran\u00e7ois Cazalet<\/span><\/a><\/td>\n<td>Overdrive OT3<\/td>\n<td class=\"nomobile\">Red Bull Off-Road Junior Team<\/td>\n<td style=\"text-align: right; padding-right: 15px;\">+8:18<\/td>\n<\/tr>\n<tr style=\"vertical-align: top; background-color: #dbd9d9;\">\n<td style=\"text-align: center;\">3.<\/td>\n<td class=\"nomobile\" style=\"text-align: center;\">303<\/td>\n<td class=\"nomobile\" style=\"text-align: center;\"><span style=\"font-size: 8pt;\"><a href=\"\/index.php\/w2rc\/w2rc-2022\/\"><span style=\"color: #ee8027;\">W2RC<\/span><\/a><\/span><\/td>\n<td>Seth Quintero<br \/>\nDennis Zenz<\/td>\n<td>Overdrive OT3<\/td>\n<td class=\"nomobile\">Red Bull Off-Road Junior Team<\/td>\n<td style=\"text-align: right; padding-right: 15px;\">+1:22:20<\/td>\n<\/tr>\n<tr style=\"vertical-align: top; background-color: #f2f2f2;\">\n<td style=\"text-align: center;\">4.<\/td>\n<td class=\"nomobile\" style=\"text-align: center;\">311<\/td>\n<td class=\"nomobile\" style=\"text-align: center;\"><\/td>\n<td>Conrad Rautenbach<br \/>\nWouter Rosegaar<\/td>\n<td>Can-Am Maverick X3<\/td>\n<td class=\"nomobile\">South Racing Middle East<\/td>\n<td style=\"text-align: right; padding-right: 15px;\">+2:04:26<\/td>\n<\/tr>\n<tr style=\"vertical-align: top; background-color: #dbd9d9;\">\n<td style=\"text-align: center;\">5.<\/td>\n<td class=\"nomobile\" style=\"text-align: center;\">307<\/td>\n<td class=\"nomobile\" style=\"text-align: center;\"><span style=\"font-size: 8pt;\"><a href=\"\/index.php\/w2rc\/w2rc-2022\/\"><span style=\"color: #ee8027;\">W2RC<\/span><\/a><\/span><\/td>\n<td>Annett Fischer<br \/>\nAnnie Seel<\/td>\n<td>Can-Am Maverick X3<\/td>\n<td class=\"nomobile\"><\/td>\n<td style=\"text-align: right; padding-right: 15px;\">+3:02:08<\/td>\n<\/tr>\n<tr style=\"vertical-align: top; background-color: #f2f2f2;\">\n<td style=\"text-align: center;\">6.<\/td>\n<td class=\"nomobile\" style=\"text-align: center;\">304<\/td>\n<td class=\"nomobile\" style=\"text-align: center;\"><span style=\"font-size: 8pt;\"><a href=\"\/index.php\/w2rc\/w2rc-2022\/\"><span style=\"color: #ee8027;\">W2RC<\/span><\/a><\/span><\/td>\n<td>Thomas Bell<br \/>\nBruno Jacomy<\/td>\n<td>Can-Am Maverick X3<\/td>\n<td class=\"nomobile\">South Racing Middle East<\/td>\n<td style=\"text-align: right; padding-right: 15px;\">+5:05:29<\/td>\n<\/tr>\n<tr style=\"vertical-align: top; background-color: #dbd9d9;\">\n<td style=\"text-align: center;\">7.<\/td>\n<td class=\"nomobile\" style=\"text-align: center;\">308<\/td>\n<td class=\"nomobile\" style=\"text-align: center;\"><span style=\"font-size: 8pt;\"><a href=\"\/index.php\/w2rc\/w2rc-2022\/\"><span style=\"color: #ee8027;\">W2RC<\/span><\/a><\/span><\/td>\n<td>Jean-Luc Ceccaldi-Pisson<br \/>\n<a href=\"\/index.php\/osobnosti\/laurent-lichtleuchter\/\"><span style=\"color: #ee8027;\">Laurent Lichtleuchter<\/span><\/a><\/td>\n<td>PH Sport Zephyr<\/td>\n<td class=\"nomobile\"><\/td>\n<td style=\"text-align: right; padding-right: 15px;\">+5:28:33<\/td>\n<\/tr>\n<tr style=\"vertical-align: top; background-color: #f2f2f2;\">\n<td style=\"text-align: center;\">8.<\/td>\n<td class=\"nomobile\" style=\"text-align: center;\">312<\/td>\n<td class=\"nomobile\" style=\"text-align: center;\"><\/td>\n<td>Hern\u00e1n Garc\u00e9s<br \/>\nJuan Pablo Latrach<\/td>\n<td>Can-Am Maverick X3<\/td>\n<td class=\"nomobile\">South Racing Can-Am<\/td>\n<td style=\"text-align: right; padding-right: 15px;\">+70:57:54<\/td>\n<\/tr>\n<tr style=\"background-color: #808080; color: white;\">\n<td style=\"text-align: center;\" colspan=\"7\"><\/td>\n<\/tr>\n<tr style=\"vertical-align: top; background-color: #dbd9d9;\">\n<td style=\"text-align: center;\">DNF<\/td>\n<td class=\"nomobile\" style=\"text-align: center;\">305<\/td>\n<td class=\"nomobile\" style=\"text-align: center;\"><span style=\"font-size: 8pt;\"><a href=\"\/index.php\/w2rc\/w2rc-2022\/\"><span style=\"color: #ee8027;\">W2RC<\/span><\/a><\/span><\/td>\n<td>Guillaume de M\u00e9vius<br \/>\n<a href=\"\/index.php\/osobnosti\/tom-colsoul\/\"><span style=\"color: #ee8027;\">Tom Colsoul<\/span><\/a><\/td>\n<td>Overdrive OT3<\/td>\n<td class=\"nomobile\">Red Bull Off-Road Junior Team<\/td>\n<td style=\"text-align: right; padding-right: 15px;\"><\/td>\n<\/tr>\n<tr style=\"vertical-align: top; background-color: #f2f2f2;\">\n<td style=\"text-align: center;\">DNF<\/td>\n<td class=\"nomobile\" style=\"text-align: center;\">309<\/td>\n<td class=\"nomobile\" style=\"text-align: center;\"><span style=\"font-size: 8pt;\"><a href=\"\/index.php\/w2rc\/w2rc-2022\/\"><span style=\"color: #ee8027;\">W2RC<\/span><\/a><\/span><\/td>\n<td>Mitch Guthrie<br \/>\n<a href=\"\/index.php\/osobnosti\/floene-ola\/\"><span style=\"color: #ee8027;\">Ola Fl\u00f8ene<\/span><\/a><\/td>\n<td style=\"text-align: left;\">Overdrive OT3<\/td>\n<td class=\"nomobile\">Red Bull Off-Road Junior Team<\/td>\n<td style=\"text-align: right; padding-right: 15px;\"><\/td>\n<\/tr>\n<tr style=\"vertical-align: top; background-color: #dbd9d9;\">\n<td style=\"text-align: center;\">DNS<\/td>\n<td class=\"nomobile\" style=\"text-align: center;\">310<\/td>\n<td class=\"nomobile\" style=\"text-align: center;\"><\/td>\n<td>Khalid Aljafla<br \/>\nAndrej Rudnickij<\/td>\n<td>Evo 3<\/td>\n<td class=\"nomobile\"><\/td>\n<td style=\"text-align: right; padding-right: 15px;\"><\/td>\n<\/tr>\n<tr style=\"vertical-align: top; background-color: #f2f2f2;\">\n<td style=\"text-align: center;\">DNF<\/td>\n<td class=\"nomobile\" style=\"text-align: center;\">314<\/td>\n<td class=\"nomobile\" style=\"text-align: center;\"><\/td>\n<td>Diego Martinez<br \/>\nSantiago Hansen<\/td>\n<td>Can-Am Maverick X3<\/td>\n<td class=\"nomobile\">South Racing Can-Am<\/td>\n<td style=\"text-align: right; padding-right: 15px;\"><\/td>\n<\/tr>\n<tr style=\"background-color: #808080; color: white;\">\n<td style=\"text-align: left;\" colspan=\"7\"><span style=\"font-size: 8pt;\">Ve skupin\u011b T3 odstartovalo 12 vozidel, v c\u00edli klasifikov\u00e1no 8.<\/span><\/td>\n<\/tr>\n<\/tbody>\n<\/table>\n<p>[\/vc_column_text][\/vc_tta_section][vc_tta_section title=&#8221;T4&#8243; tab_id=&#8221;t4&#8243;][vc_column_text css_animation=&#8221;fadeIn&#8221;]<\/p>\n<table style=\"width: 97.7654%;\" rules=\"rows\" cellpadding=\"4px\">\n<tbody>\n<tr style=\"background-color: #808080; color: white;\">\n<td style=\"text-align: center;\" colspan=\"7\"><span style=\"font-size: 12pt;\"><strong>ABU DHABI DESERT CHALLENGE 2022<br \/>\nSKUPINA T4 (SSV)<br \/>\nkone\u010dn\u00e9 v\u00fdsledky<\/strong><\/span><\/td>\n<\/tr>\n<tr style=\"vertical-align: top; background-color: #dbd9d9;\">\n<td style=\"text-align: center;\">1.<\/td>\n<td class=\"nomobile\" style=\"text-align: center;\">403<\/td>\n<td class=\"nomobile\" style=\"text-align: center;\"><span style=\"font-size: 8pt;\"><a href=\"\/index.php\/w2rc\/w2rc-2022\/\"><span style=\"color: #ee8027;\">W2RC<\/span><\/a><\/span><\/td>\n<td>Marek Gocza\u0142<br \/>\n\u0141ukasz \u0141askawiec<\/td>\n<td>Can-Am Maverick X3<\/td>\n<td class=\"nomobile\">Cobant Energylandia Rally Team<\/td>\n<td style=\"text-align: right; padding-right: 15px;\">19:12:38<\/td>\n<\/tr>\n<tr style=\"vertical-align: top; background-color: #f2f2f2;\">\n<td style=\"text-align: center;\">2.<\/td>\n<td class=\"nomobile\" style=\"text-align: center;\">402<\/td>\n<td class=\"nomobile\" style=\"text-align: center;\"><span style=\"font-size: 8pt;\"><a href=\"\/index.php\/w2rc\/w2rc-2022\/\"><span style=\"color: #ee8027;\">W2RC<\/span><\/a><\/span><\/td>\n<td>Rokas Baciu\u0161ka<br \/>\nOriol Mena<\/td>\n<td>Can-Am Maverick X3<\/td>\n<td class=\"nomobile\">South Racing Can-Am<\/td>\n<td style=\"text-align: right; padding-right: 15px;\">+22:18<\/td>\n<\/tr>\n<tr style=\"vertical-align: top; background-color: #dbd9d9;\">\n<td style=\"text-align: center;\">3.<\/td>\n<td class=\"nomobile\" style=\"text-align: center;\">408<\/td>\n<td class=\"nomobile\" style=\"text-align: center;\"><\/td>\n<td>Ma\u0142gorzata Go\u0142da<br \/>\nMarek D\u0105browski<\/td>\n<td>Polaris RZR PRO XP Turbo<\/td>\n<td class=\"nomobile\"><\/td>\n<td style=\"text-align: right; padding-right: 15px;\">+8:20:17<\/td>\n<\/tr>\n<tr style=\"vertical-align: top; background-color: #f2f2f2;\">\n<td style=\"text-align: center;\">4.<\/td>\n<td class=\"nomobile\" style=\"text-align: center;\">401<\/td>\n<td class=\"nomobile\" style=\"text-align: center;\"><span style=\"font-size: 8pt;\"><a href=\"\/index.php\/w2rc\/w2rc-2022\/\"><span style=\"color: #ee8027;\">W2RC<\/span><\/a><\/span><\/td>\n<td><a href=\"\/index.php\/osobnosti\/austin-jones\/\"><span style=\"color: #ee8027;\">Austin Jones<\/span><\/a><br \/>\n<a href=\"\/index.php\/osobnosti\/gustavo-gugelmin\/\"><span style=\"color: #ee8027;\">Gustavo Gugelmin<\/span><\/a><\/td>\n<td>Can-Am Maverick X3<\/td>\n<td class=\"nomobile\">South Racing Can-Am<\/td>\n<td style=\"text-align: right; padding-right: 15px;\">+20:04:49<\/td>\n<\/tr>\n<tr style=\"vertical-align: top; background-color: #dbd9d9;\">\n<td style=\"text-align: center;\">5.<\/td>\n<td class=\"nomobile\" style=\"text-align: center;\">405<\/td>\n<td class=\"nomobile\" style=\"text-align: center;\"><span style=\"font-size: 8pt;\"><a href=\"\/index.php\/w2rc\/w2rc-2022\/\"><span style=\"color: #ee8027;\">W2RC<\/span><\/a><\/span><\/td>\n<td>Lucas del R\u00edo<br \/>\n<a href=\"\/index.php\/osobnosti\/alvaro-leon\/\"><span style=\"color: #ee8027;\">\u00c1lvaro Le\u00f3n<\/span><\/a><\/td>\n<td>Can-Am Maverick X3<\/td>\n<td class=\"nomobile\">South Racing Can-Am<\/td>\n<td style=\"text-align: right; padding-right: 15px;\">+41:01:47<\/td>\n<\/tr>\n<tr style=\"vertical-align: top; background-color: #f2f2f2;\">\n<td style=\"text-align: center;\">6.<\/td>\n<td class=\"nomobile\" style=\"text-align: center;\">407<\/td>\n<td class=\"nomobile\" style=\"text-align: center;\"><\/td>\n<td>Geoff Minnit<br \/>\nGerhard Snyman<\/td>\n<td>Can-Am Maverick X3<\/td>\n<td class=\"nomobile\">South Racing Can-Am<\/td>\n<td style=\"text-align: right; padding-right: 15px;\">+44:59:19<\/td>\n<\/tr>\n<tr style=\"vertical-align: top; background-color: #dbd9d9;\">\n<td style=\"text-align: center;\">7.<\/td>\n<td class=\"nomobile\" style=\"text-align: center;\">406<\/td>\n<td class=\"nomobile\" style=\"text-align: center;\"><\/td>\n<td>Robert Jan Szustkowski<br \/>\nAlbert Krzysztof Gryszczuk<\/td>\n<td>Polaris RZR PRO XP Turbo<\/td>\n<td class=\"nomobile\">R-Six Team<\/td>\n<td style=\"text-align: right; padding-right: 15px;\">+47:45:12<\/td>\n<\/tr>\n<tr style=\"background-color: #808080; color: white;\">\n<td style=\"text-align: left;\" colspan=\"7\"><\/td>\n<\/tr>\n<tr style=\"vertical-align: top; background-color: #f2f2f2;\">\n<td style=\"text-align: center;\">DNF<\/td>\n<td class=\"nomobile\" style=\"text-align: center;\">404<\/td>\n<td class=\"nomobile\" style=\"text-align: center;\"><span style=\"font-size: 8pt;\"><a href=\"\/index.php\/w2rc\/w2rc-2022\/\"><span style=\"color: #ee8027;\">W2RC<\/span><\/a><\/span><\/td>\n<td>Micha\u0142 Gocza\u0142<br \/>\nSzymon Gospodarczyk<\/td>\n<td>Can-Am Maverick X3<\/td>\n<td class=\"nomobile\">Cobant Energylandia Rally Team<\/td>\n<td style=\"text-align: right; padding-right: 15px;\"><\/td>\n<\/tr>\n<tr style=\"background-color: #808080; color: white;\">\n<td style=\"text-align: left;\" colspan=\"7\"><span style=\"font-size: 8pt;\">Ve skupin\u011b T4 odstartovalo 8 vozidel, v c\u00edli klasifikov\u00e1no 7.<\/span><\/td>\n<\/tr>\n<\/tbody>\n<\/table>\n<p>[\/vc_column_text][\/vc_tta_section][vc_tta_section title=&#8221;KAMIONY&#8221; tab_id=&#8221;kamiony&#8221;][vc_column_text css_animation=&#8221;fadeIn&#8221;]<\/p>\n<table style=\"width: 97.7654%;\" rules=\"rows\" cellpadding=\"4px\">\n<tbody>\n<tr style=\"background-color: #808080; color: white;\">\n<td style=\"text-align: center;\" colspan=\"7\"><span style=\"font-size: 12pt;\"><strong>ABU DHABI DESERT CHALLENGE 2022<br \/>\nKATEGORIE KAMION\u016e<br \/>\nkone\u010dn\u00e9 v\u00fdsledky<\/strong><\/span><\/td>\n<\/tr>\n<tr style=\"vertical-align: top; background-color: #dbd9d9;\">\n<td style=\"text-align: center;\">1.<\/td>\n<td class=\"nomobile\" style=\"text-align: center;\">502<\/td>\n<td class=\"nomobile\" style=\"text-align: center;\"><span style=\"font-size: 8pt;\"><a href=\"\/index.php\/w2rc\/w2rc-2022\/\"><span style=\"color: #ee8027;\">W2RC<\/span><\/a><\/span><\/td>\n<td>Kees Koolen<br \/>\n<a href=\"\/index.php\/osobnosti\/wouter-de-graaff\/\"><span style=\"color: #ee8027;\">Wouter de Graaff<\/span><\/a><br \/>\nGijsbert van Uden<\/td>\n<td>Iveco Powerstar<\/td>\n<td class=\"nomobile\">Project 2030<\/td>\n<td style=\"text-align: right; padding-right: 15px;\">24:14:58<\/td>\n<\/tr>\n<tr style=\"background-color: #808080; color: white;\">\n<td style=\"text-align: left;\" colspan=\"7\"><\/td>\n<\/tr>\n<tr style=\"vertical-align: top; background-color: #f2f2f2;\">\n<td style=\"text-align: center;\">DNF<\/td>\n<td class=\"nomobile\" style=\"text-align: center;\">501<\/td>\n<td class=\"nomobile\" style=\"text-align: center;\"><span style=\"font-size: 8pt;\"><a href=\"\/index.php\/w2rc\/w2rc-2022\/\"><span style=\"color: #ee8027;\">W2RC<\/span><\/a><\/span><\/td>\n<td><a href=\"\/index.php\/osobnosti\/martin-macik-ml\/\"><span style=\"color: #ee8027;\">Martin Mac\u00edk ml.<\/span><\/a><br \/>\n<a href=\"\/index.php\/osobnosti\/frantisek-tomasek\/\"><span style=\"color: #ee8027;\">Franti\u0161ek Tom\u00e1\u0161ek<\/span><\/a><br \/>\n<a href=\"\/index.php\/osobnosti\/david-svanda\/\"><span style=\"color: #ee8027;\">David \u0160vanda<\/span><\/a><\/td>\n<td>Iveco Powerstar<\/td>\n<td class=\"nomobile\">MM Technology<\/td>\n<td style=\"text-align: right; padding-right: 15px;\"><\/td>\n<\/tr>\n<tr style=\"background-color: #808080; color: white;\">\n<td style=\"text-align: left;\" colspan=\"7\"><span style=\"font-size: 8pt;\">V kategorii kamion\u016f odstartovala 2 vozidla, v c\u00edli klasifikov\u00e1no 1.<\/span><\/td>\n<\/tr>\n<\/tbody>\n<\/table>\n<p>[\/vc_column_text][\/vc_tta_section][vc_tta_section title=&#8221;RallyGP&#8221; tab_id=&#8221;rallygp&#8221;][vc_column_text css_animation=&#8221;fadeIn&#8221;]<\/p>\n<table style=\"width: 97.7654%;\" rules=\"rows\" cellpadding=\"4px\">\n<tbody>\n<tr style=\"background-color: #808080; color: white;\">\n<td style=\"text-align: center;\" colspan=\"7\"><span style=\"font-size: 12pt;\"><strong>ABU DHABI DESERT CHALLENGE 2022<br \/>\nRALLYGP<br \/>\nkone\u010dn\u00e9 v\u00fdsledky<\/strong><\/span><\/td>\n<\/tr>\n<tr style=\"vertical-align: top; background-color: #dbd9d9;\">\n<td style=\"text-align: center;\">1.<\/td>\n<td class=\"nomobile\" style=\"text-align: center;\">3<\/td>\n<td class=\"nomobile\" style=\"text-align: center;\"><span style=\"font-size: 8pt;\"><a href=\"\/index.php\/w2rc\/w2rc-2022\/\"><span style=\"color: #ee8027;\">W2RC<\/span><\/a><\/span><\/td>\n<td><a href=\"\/index.php\/osobnosti\/sunderland-sam\/\"><span style=\"color: #ee8027;\">Sam Sunderland<\/span><\/a><\/td>\n<td>GasGas RC 450F<\/td>\n<td class=\"nomobile\">GasGas Factory Racing<\/td>\n<td style=\"text-align: right; padding-right: 15px;\">16:54:24<\/td>\n<\/tr>\n<tr style=\"vertical-align: top; background-color: #f2f2f2;\">\n<td style=\"text-align: center;\">2.<\/td>\n<td class=\"nomobile\" style=\"text-align: center;\">2<\/td>\n<td class=\"nomobile\" style=\"text-align: center;\"><span style=\"font-size: 8pt;\"><a href=\"\/index.php\/w2rc\/w2rc-2022\/\"><span style=\"color: #ee8027;\">W2RC<\/span><\/a><\/span><\/td>\n<td><a href=\"\/index.php\/osobnosti\/ricky-brabec\/\"><span style=\"color: #ee8027;\">Ricky Brabec<\/span><\/a><\/td>\n<td>Honda CRF450 Rally<\/td>\n<td class=\"nomobile\">Monster Energy Honda Team<\/td>\n<td style=\"text-align: right; padding-right: 15px;\">+3:08<\/td>\n<\/tr>\n<tr style=\"vertical-align: top; background-color: #dbd9d9;\">\n<td style=\"text-align: center;\">3.<\/td>\n<td class=\"nomobile\" style=\"text-align: center;\">7<\/td>\n<td class=\"nomobile\" style=\"text-align: center;\"><span style=\"font-size: 8pt;\"><a href=\"\/index.php\/w2rc\/w2rc-2022\/\"><span style=\"color: #ee8027;\">W2RC<\/span><\/a><\/span><\/td>\n<td><a href=\"\/index.php\/osobnosti\/pablo-quintanilla\/\"><span style=\"color: #ee8027;\">Pablo Quintanilla<\/span><\/a><\/td>\n<td>Honda CRF450 Rally<\/td>\n<td class=\"nomobile\">Monster Energy Honda Team<\/td>\n<td style=\"text-align: right; padding-right: 15px;\">+3:56<\/td>\n<\/tr>\n<tr style=\"vertical-align: top; background-color: #f2f2f2;\">\n<td style=\"text-align: center;\">4.<\/td>\n<td class=\"nomobile\" style=\"text-align: center;\">18<\/td>\n<td class=\"nomobile\" style=\"text-align: center;\"><span style=\"font-size: 8pt;\"><a href=\"\/index.php\/w2rc\/w2rc-2022\/\"><span style=\"color: #ee8027;\">W2RC<\/span><\/a><\/span><\/td>\n<td><a href=\"\/index.php\/osobnosti\/toby-price\/\"><span style=\"color: #ee8027;\">Toby Price<\/span><\/a><\/td>\n<td>KTM 450 Rally<\/td>\n<td class=\"nomobile\">Red Bull KTM Factory Racing<\/td>\n<td style=\"text-align: right; padding-right: 15px;\">+8:17<\/td>\n<\/tr>\n<tr style=\"vertical-align: top; background-color: #dbd9d9;\">\n<td style=\"text-align: center;\">5.<\/td>\n<td class=\"nomobile\" style=\"text-align: center;\">52<\/td>\n<td class=\"nomobile\" style=\"text-align: center;\"><span style=\"font-size: 8pt;\"><a href=\"\/index.php\/w2rc\/w2rc-2022\/\"><span style=\"color: #ee8027;\">W2RC<\/span><\/a><\/span><\/td>\n<td><a href=\"\/index.php\/osobnosti\/matthias-walkner\/\"><span style=\"color: #ee8027;\">Matthias Walkner<\/span><\/a><\/td>\n<td>KTM 450 Rally<\/td>\n<td class=\"nomobile\">Red Bull KTM Factory Racing<\/td>\n<td style=\"text-align: right; padding-right: 15px;\">+8:31<\/td>\n<\/tr>\n<tr style=\"vertical-align: top; background-color: #f2f2f2;\">\n<td style=\"text-align: center;\">6.<\/td>\n<td class=\"nomobile\" style=\"text-align: center;\">27<\/td>\n<td class=\"nomobile\" style=\"text-align: center;\"><span style=\"font-size: 8pt;\"><a href=\"\/index.php\/w2rc\/w2rc-2022\/\"><span style=\"color: #ee8027;\">W2RC<\/span><\/a><\/span><\/td>\n<td>Joaquim Rodrigues<\/td>\n<td>Hero 450 Rally<\/td>\n<td class=\"nomobile\">Hero MotoSports Team Rally<\/td>\n<td style=\"text-align: right; padding-right: 15px;\">+10:10<\/td>\n<\/tr>\n<tr style=\"vertical-align: top; background-color: #dbd9d9;\">\n<td style=\"text-align: center;\">7.<\/td>\n<td class=\"nomobile\" style=\"text-align: center;\">11<\/td>\n<td class=\"nomobile\" style=\"text-align: center;\"><span style=\"font-size: 8pt;\"><a href=\"\/index.php\/w2rc\/w2rc-2022\/\"><span style=\"color: #ee8027;\">W2RC<\/span><\/a><\/span><\/td>\n<td><a href=\"\/index.php\/osobnosti\/nacho-cornejo\/\"><span style=\"color: #ee8027;\">Nacho Cornejo<\/span><\/a><\/td>\n<td>Honda CRF450 Rally<\/td>\n<td class=\"nomobile\">Monster Energy Honda Team<\/td>\n<td style=\"text-align: right; padding-right: 15px;\">+14:57<\/td>\n<\/tr>\n<tr style=\"vertical-align: top; background-color: #f2f2f2;\">\n<td style=\"text-align: center;\">8.<\/td>\n<td class=\"nomobile\" style=\"text-align: center;\">6<\/td>\n<td class=\"nomobile\" style=\"text-align: center;\"><span style=\"font-size: 8pt;\"><a href=\"\/index.php\/w2rc\/w2rc-2022\/\"><span style=\"color: #ee8027;\">W2RC<\/span><\/a><\/span><\/td>\n<td><a href=\"\/index.php\/osobnosti\/franco-caimi\/\"><span style=\"color: #ee8027;\">Franco Caimi<\/span><\/a><\/td>\n<td>Hero 450 Rally<\/td>\n<td class=\"nomobile\">Hero MotoSports Team Rally<\/td>\n<td style=\"text-align: right; padding-right: 15px;\">+16:55<\/td>\n<\/tr>\n<tr style=\"vertical-align: top; background-color: #dbd9d9;\">\n<td style=\"text-align: center;\">9.<\/td>\n<td class=\"nomobile\" style=\"text-align: center;\">77<\/td>\n<td class=\"nomobile\" style=\"text-align: center;\"><span style=\"font-size: 8pt;\"><a href=\"\/index.php\/w2rc\/w2rc-2022\/\"><span style=\"color: #ee8027;\">W2RC<\/span><\/a><\/span><\/td>\n<td><a href=\"\/index.php\/osobnosti\/luciano-benavides\/\"><span style=\"color: #ee8027;\">Luciano Benavides<\/span><\/a><\/td>\n<td>Husqvarna FR 450 Rally<\/td>\n<td class=\"nomobile\">Husqvarna Factory Racing<\/td>\n<td style=\"text-align: right; padding-right: 15px;\">+20:53<\/td>\n<\/tr>\n<tr style=\"vertical-align: top; background-color: #f2f2f2;\">\n<td style=\"text-align: center;\">10.<\/td>\n<td class=\"nomobile\" style=\"text-align: center;\">5<\/td>\n<td class=\"nomobile\" style=\"text-align: center;\"><span style=\"font-size: 8pt;\"><a href=\"\/index.php\/w2rc\/w2rc-2022\/\"><span style=\"color: #ee8027;\">W2RC<\/span><\/a><\/span><\/td>\n<td><a href=\"\/index.php\/osobnosti\/skyler-howes\/\"><span style=\"color: #ee8027;\">Skyler Howes<\/span><\/a><\/td>\n<td>Husqvarna FR 450 Rally<\/td>\n<td class=\"nomobile\">Husqvarna Factory Racing<\/td>\n<td style=\"text-align: right; padding-right: 15px;\">+21:08<\/td>\n<\/tr>\n<tr style=\"vertical-align: top; background-color: #dbd9d9;\">\n<td style=\"text-align: center;\">11.<\/td>\n<td class=\"nomobile\" style=\"text-align: center;\">15<\/td>\n<td class=\"nomobile\" style=\"text-align: center;\"><span style=\"font-size: 8pt;\"><a href=\"\/index.php\/w2rc\/w2rc-2022\/\"><span style=\"color: #ee8027;\">W2RC<\/span><\/a><\/span><\/td>\n<td><a href=\"\/index.php\/osobnosti\/lorenzo-santolino\/\"><span style=\"color: #ee8027;\">Lorenzo Santolino<\/span><\/a><\/td>\n<td>Sherco 450 SEF Rally<\/td>\n<td class=\"nomobile\">Sherco TVS Rally Factory Team<\/td>\n<td style=\"text-align: right; padding-right: 15px;\">+54:49<\/td>\n<\/tr>\n<tr style=\"vertical-align: top; background-color: #f2f2f2;\">\n<td style=\"text-align: center;\">12.<\/td>\n<td class=\"nomobile\" style=\"text-align: center;\">1<\/td>\n<td class=\"nomobile\" style=\"text-align: center;\"><span style=\"font-size: 8pt;\"><a href=\"\/index.php\/w2rc\/w2rc-2022\/\"><span style=\"color: #ee8027;\">W2RC<\/span><\/a><\/span><\/td>\n<td><a href=\"\/index.php\/osobnosti\/kevin-benavides\/\"><span style=\"color: #ee8027;\">Kevin Benavides<\/span><\/a><\/td>\n<td>KTM 450 Rally<\/td>\n<td class=\"nomobile\">Red Bull KTM Factory Racing<\/td>\n<td style=\"text-align: right; padding-right: 15px;\">+1:08:10<\/td>\n<\/tr>\n<tr style=\"vertical-align: top; background-color: #dbd9d9;\">\n<td style=\"text-align: center;\">13.<\/td>\n<td class=\"nomobile\" style=\"text-align: center;\">16<\/td>\n<td class=\"nomobile\" style=\"text-align: center;\"><span style=\"font-size: 8pt;\"><a href=\"\/index.php\/w2rc\/w2rc-2022\/\"><span style=\"color: #ee8027;\">W2RC<\/span><\/a><\/span><\/td>\n<td><a href=\"\/index.php\/osobnosti\/ross-branch\/\"><span style=\"color: #ee8027;\">Ross Branch<\/span><\/a><\/td>\n<td>Hero 450 Rally<\/td>\n<td class=\"nomobile\">Hero MotoSports Team Rally<\/td>\n<td style=\"text-align: right; padding-right: 15px;\">+22:19:21<\/td>\n<\/tr>\n<tr style=\"vertical-align: top; background-color: #f2f2f2;\">\n<td style=\"text-align: center;\">14.<\/td>\n<td class=\"nomobile\" style=\"text-align: center;\">10<\/td>\n<td class=\"nomobile\" style=\"text-align: center;\"><span style=\"font-size: 8pt;\"><a href=\"\/index.php\/w2rc\/w2rc-2022\/\"><span style=\"color: #ee8027;\">W2RC<\/span><\/a><\/span><\/td>\n<td><a href=\"\/index.php\/osobnosti\/martin-michek\/\"><span style=\"color: #ee8027;\">Martin Michek<\/span><\/a><\/td>\n<td>KTM 450 Rally Replica<\/td>\n<td class=\"nomobile\">Orion &#8211; Moto Racing Group<\/td>\n<td style=\"text-align: right; padding-right: 15px;\">+54:52:46<\/td>\n<\/tr>\n<tr style=\"background-color: #808080; color: white;\">\n<td style=\"text-align: left;\" colspan=\"7\"><span style=\"font-size: 8pt;\">V r\u00e1mci hodnocen\u00ed RallyGP odstartovalo 14 jezdc\u016f, v c\u00edli klasifikov\u00e1no 14.<\/span><\/td>\n<\/tr>\n<\/tbody>\n<\/table>\n<p>[\/vc_column_text][\/vc_tta_section][vc_tta_section title=&#8221;Rally2&#8243; tab_id=&#8221;rally2&#8243;][vc_column_text css_animation=&#8221;fadeIn&#8221;]<\/p>\n<table style=\"width: 97.7654%;\" rules=\"rows\" cellpadding=\"4px\">\n<tbody>\n<tr style=\"background-color: #808080; color: white;\">\n<td style=\"text-align: center;\" colspan=\"7\"><span style=\"font-size: 12pt;\"><strong>ABU DHABI DESERT CHALLENGE 2022<br \/>\nRALLY2<br \/>\nkone\u010dn\u00e9 v\u00fdsledky<\/strong><\/span><\/td>\n<\/tr>\n<tr style=\"vertical-align: top; background-color: #dbd9d9;\">\n<td style=\"text-align: center;\">1.<\/td>\n<td class=\"nomobile\" style=\"text-align: center;\">98<\/td>\n<td class=\"nomobile\" style=\"text-align: center;\"><span style=\"font-size: 8pt;\"><a href=\"\/index.php\/w2rc\/w2rc-2022\/\"><span style=\"color: #ee8027;\">W2RC<\/span><\/a><\/span><\/td>\n<td>Mason Klein<\/td>\n<td>KTM 450 Rally<\/td>\n<td class=\"nomobile\">BAS World KTM Racing Team<\/td>\n<td style=\"text-align: right; padding-right: 15px;\">17:38:20<\/td>\n<\/tr>\n<tr style=\"vertical-align: top; background-color: #f2f2f2;\">\n<td style=\"text-align: center;\">2.<\/td>\n<td class=\"nomobile\" style=\"text-align: center;\">78<\/td>\n<td class=\"nomobile\" style=\"text-align: center;\"><span style=\"font-size: 8pt;\"><a href=\"\/index.php\/w2rc\/w2rc-2022\/\"><span style=\"color: #ee8027;\">W2RC<\/span><\/a><\/span><\/td>\n<td><a href=\"\/index.php\/osobnosti\/romain-dumontier\/\"><span style=\"color: #ee8027;\">Romain Dumontier<\/span><\/a><\/td>\n<td>Husqvarna FR 450 Rally<\/td>\n<td class=\"nomobile\">HT Rally Raid Husqvarna Racing<\/td>\n<td style=\"text-align: right; padding-right: 15px;\">+36:19<\/td>\n<\/tr>\n<tr style=\"vertical-align: top; background-color: #dbd9d9;\">\n<td style=\"text-align: center;\">3.<\/td>\n<td class=\"nomobile\" style=\"text-align: center;\">48<\/td>\n<td class=\"nomobile\" style=\"text-align: center;\"><span style=\"font-size: 8pt;\"><a href=\"\/index.php\/w2rc\/w2rc-2022\/\"><span style=\"color: #ee8027;\">W2RC<\/span><\/a><\/span><\/td>\n<td><a href=\"\/index.php\/osobnosti\/paolo-lucci\/\"><span style=\"color: #ee8027;\">Paolo Lucci<\/span><\/a><\/td>\n<td>Husqvarna FR 450 Rally<\/td>\n<td class=\"nomobile\">Solarys Racing<\/td>\n<td style=\"text-align: right; padding-right: 15px;\">+1:03:12<\/td>\n<\/tr>\n<tr style=\"vertical-align: top; background-color: #f2f2f2;\">\n<td style=\"text-align: center;\">4.<\/td>\n<td class=\"nomobile\" style=\"text-align: center;\">26<\/td>\n<td class=\"nomobile\" style=\"text-align: center;\"><span style=\"font-size: 8pt;\"><a href=\"\/index.php\/w2rc\/w2rc-2022\/\"><span style=\"color: #ee8027;\">W2RC<\/span><\/a><\/span><\/td>\n<td>Konrad D\u0105browski<\/td>\n<td>Husqvarna FR 450 Rally<\/td>\n<td class=\"nomobile\">Duust Rally Team<\/td>\n<td style=\"text-align: right; padding-right: 15px;\">+1:06:16<\/td>\n<\/tr>\n<tr style=\"vertical-align: top; background-color: #dbd9d9;\">\n<td style=\"text-align: center;\">5.<\/td>\n<td class=\"nomobile\" style=\"text-align: center;\">123<\/td>\n<td class=\"nomobile\" style=\"text-align: center;\"><span style=\"font-size: 8pt;\"><a href=\"\/index.php\/w2rc\/w2rc-2022\/\"><span style=\"color: #ee8027;\">W2RC<\/span><\/a><\/span><\/td>\n<td>Charan Moore<\/td>\n<td>Husqvarna FR 450 Rally<\/td>\n<td class=\"nomobile\">HT Rally Raid Husqvarna Racing<\/td>\n<td style=\"text-align: right; padding-right: 15px;\">+1:44:10<\/td>\n<\/tr>\n<tr style=\"vertical-align: top; background-color: #f2f2f2;\">\n<td style=\"text-align: center;\">6.<\/td>\n<td class=\"nomobile\" style=\"text-align: center;\">157<\/td>\n<td class=\"nomobile\" style=\"text-align: center;\"><\/td>\n<td>Makis Rees-Stavros<\/td>\n<td>KTM 450 EXC-F<\/td>\n<td class=\"nomobile\"><\/td>\n<td style=\"text-align: right; padding-right: 15px;\">+2:15:18<\/td>\n<\/tr>\n<tr style=\"vertical-align: top; background-color: #dbd9d9;\">\n<td style=\"text-align: center;\">7.<\/td>\n<td class=\"nomobile\" style=\"text-align: center;\">76<\/td>\n<td class=\"nomobile\" style=\"text-align: center;\"><\/td>\n<td>Abdallah Abuaisheh<\/td>\n<td>KTM 450 Rally<\/td>\n<td class=\"nomobile\"><\/td>\n<td style=\"text-align: right; padding-right: 15px;\">+3:51:20<\/td>\n<\/tr>\n<tr style=\"vertical-align: top; background-color: #f2f2f2;\">\n<td style=\"text-align: center;\">8.<\/td>\n<td class=\"nomobile\" style=\"text-align: center;\">141<\/td>\n<td class=\"nomobile\" style=\"text-align: center;\"><\/td>\n<td>James Hillier<\/td>\n<td>KTM 450 Rally<\/td>\n<td class=\"nomobile\"><\/td>\n<td style=\"text-align: right; padding-right: 15px;\">+4:43:04<\/td>\n<\/tr>\n<tr style=\"vertical-align: top; background-color: #dbd9d9;\">\n<td style=\"text-align: center;\">9.<\/td>\n<td class=\"nomobile\" style=\"text-align: center;\">135<\/td>\n<td class=\"nomobile\" style=\"text-align: center;\"><\/td>\n<td>Gwen Backx<\/td>\n<td>KTM 450 Rally<\/td>\n<td class=\"nomobile\">HT Rally Raid Husqvarna Racing<\/td>\n<td style=\"text-align: right; padding-right: 15px;\">+4:43:30<\/td>\n<\/tr>\n<tr style=\"vertical-align: top; background-color: #f2f2f2;\">\n<td style=\"text-align: center;\">10.<\/td>\n<td class=\"nomobile\" style=\"text-align: center;\">136<\/td>\n<td class=\"nomobile\" style=\"text-align: center;\"><\/td>\n<td>Joris van Dyck<\/td>\n<td>KTM 450 Rally<\/td>\n<td class=\"nomobile\">HT Rally Raid Husqvarna Racing<\/td>\n<td style=\"text-align: right; padding-right: 15px;\">+4:46:28<\/td>\n<\/tr>\n<tr style=\"vertical-align: top; background-color: #dbd9d9;\">\n<td style=\"text-align: center;\">11.<\/td>\n<td class=\"nomobile\" style=\"text-align: center;\">134<\/td>\n<td class=\"nomobile\" style=\"text-align: center;\"><\/td>\n<td>Nathan Rafferty<\/td>\n<td>KTM 450 Rally<\/td>\n<td class=\"nomobile\">BAS World KTM Racing Team<\/td>\n<td style=\"text-align: right; padding-right: 15px;\">+5:39:58<\/td>\n<\/tr>\n<tr style=\"vertical-align: top; background-color: #f2f2f2;\">\n<td style=\"text-align: center;\">12.<\/td>\n<td class=\"nomobile\" style=\"text-align: center;\">21<\/td>\n<td class=\"nomobile\" style=\"text-align: center;\"><\/td>\n<td>Alex McInnes<\/td>\n<td>Husqvarna FR 450 Rally<\/td>\n<td class=\"nomobile\">SRG Motorsports<\/td>\n<td style=\"text-align: right; padding-right: 15px;\">+5:56:25<\/td>\n<\/tr>\n<tr style=\"vertical-align: top; background-color: #dbd9d9;\">\n<td style=\"text-align: center;\">13.<\/td>\n<td class=\"nomobile\" style=\"text-align: center;\">71<\/td>\n<td class=\"nomobile\" style=\"text-align: center;\"><\/td>\n<td>Ben Young<\/td>\n<td>Husqvarna FR 450 Rally<\/td>\n<td class=\"nomobile\">Duust Rally Team<\/td>\n<td style=\"text-align: right; padding-right: 15px;\">+6:02:30<\/td>\n<\/tr>\n<tr style=\"vertical-align: top; background-color: #f2f2f2;\">\n<td style=\"text-align: center;\">14.<\/td>\n<td class=\"nomobile\" style=\"text-align: center;\">133<\/td>\n<td class=\"nomobile\" style=\"text-align: center;\"><\/td>\n<td>Kyle McCoy<\/td>\n<td>KTM 450 Rally<\/td>\n<td class=\"nomobile\">BAS World KTM Racing Team<\/td>\n<td style=\"text-align: right; padding-right: 15px;\">+6:16:37<\/td>\n<\/tr>\n<tr style=\"vertical-align: top; background-color: #dbd9d9;\">\n<td style=\"text-align: center;\">15.<\/td>\n<td class=\"nomobile\" style=\"text-align: center;\">130<\/td>\n<td class=\"nomobile\" style=\"text-align: center;\"><\/td>\n<td>Tom Childs<\/td>\n<td>KTM 450 Rally<\/td>\n<td class=\"nomobile\">Vendetta Racing UAE<\/td>\n<td style=\"text-align: right; padding-right: 15px;\">+6:21:26<\/td>\n<\/tr>\n<tr style=\"vertical-align: top; background-color: #f2f2f2;\">\n<td style=\"text-align: center;\">16.<\/td>\n<td class=\"nomobile\" style=\"text-align: center;\">138<\/td>\n<td class=\"nomobile\" style=\"text-align: center;\"><\/td>\n<td>Cesar Rojo<\/td>\n<td>Husqvarna FR 450 Rally<\/td>\n<td class=\"nomobile\">BAS World KTM Racing Team<\/td>\n<td style=\"text-align: right; padding-right: 15px;\">+6:28:08<\/td>\n<\/tr>\n<tr style=\"vertical-align: top; background-color: #dbd9d9;\">\n<td style=\"text-align: center;\">17.<\/td>\n<td class=\"nomobile\" style=\"text-align: center;\">132<\/td>\n<td class=\"nomobile\" style=\"text-align: center;\"><\/td>\n<td>Oran O&#8217;Kelly<\/td>\n<td>KTM 450 Rally<\/td>\n<td class=\"nomobile\">Vendetta Racing UAE<\/td>\n<td style=\"text-align: right; padding-right: 15px;\">+6:42:27<\/td>\n<\/tr>\n<tr style=\"vertical-align: top; background-color: #f2f2f2;\">\n<td style=\"text-align: center;\">18.<\/td>\n<td class=\"nomobile\" style=\"text-align: center;\">66<\/td>\n<td class=\"nomobile\" style=\"text-align: center;\"><span style=\"font-size: 8pt;\"><a href=\"\/index.php\/w2rc\/w2rc-2022\/\"><span style=\"color: #ee8027;\">W2RC<\/span><\/a><\/span><\/td>\n<td>Franco Picco<\/td>\n<td>Fantic XE450F<\/td>\n<td class=\"nomobile\">Fantic Rally Team<\/td>\n<td style=\"text-align: right; padding-right: 15px;\">+7:10:51<\/td>\n<\/tr>\n<tr style=\"vertical-align: top; background-color: #dbd9d9;\">\n<td style=\"text-align: center;\">19.<\/td>\n<td class=\"nomobile\" style=\"text-align: center;\">131<\/td>\n<td class=\"nomobile\" style=\"text-align: center;\"><\/td>\n<td>William McBride<\/td>\n<td>Husqvarna FR 450 Rally<\/td>\n<td class=\"nomobile\">Vendetta Racing UAE<\/td>\n<td style=\"text-align: right; padding-right: 15px;\">+7:32:10<\/td>\n<\/tr>\n<tr style=\"vertical-align: top; background-color: #f2f2f2;\">\n<td style=\"text-align: center;\">20.<\/td>\n<td class=\"nomobile\" style=\"text-align: center;\">137<\/td>\n<td class=\"nomobile\" style=\"text-align: center;\"><\/td>\n<td>Wesley Aaldering<\/td>\n<td>Husqvarna FR 450 Rally<\/td>\n<td class=\"nomobile\">HT Rally Raid Husqvarna Racing<\/td>\n<td style=\"text-align: right; padding-right: 15px;\">+7:56:20<\/td>\n<\/tr>\n<tr style=\"vertical-align: top; background-color: #dbd9d9;\">\n<td style=\"text-align: center;\">21.<\/td>\n<td class=\"nomobile\" style=\"text-align: center;\">46<\/td>\n<td class=\"nomobile\" style=\"text-align: center;\"><\/td>\n<td>Iader Giraldi<\/td>\n<td>KTM 450 Rally<\/td>\n<td class=\"nomobile\">Solarys Racing<\/td>\n<td style=\"text-align: right; padding-right: 15px;\">+30:00:06<\/td>\n<\/tr>\n<tr style=\"vertical-align: top; background-color: #f2f2f2;\">\n<td style=\"text-align: center;\">22.<\/td>\n<td class=\"nomobile\" style=\"text-align: center;\">140<\/td>\n<td class=\"nomobile\" style=\"text-align: center;\"><\/td>\n<td>Salim Walimohamed<\/td>\n<td>KTM 450 Rally<\/td>\n<td class=\"nomobile\">Duust Rally Team<\/td>\n<td style=\"text-align: right; padding-right: 15px;\">+72:48:52<\/td>\n<\/tr>\n<tr style=\"background-color: #808080; color: white;\">\n<td style=\"text-align: left;\" colspan=\"7\"><\/td>\n<\/tr>\n<tr style=\"vertical-align: top; background-color: #dbd9d9;\">\n<td style=\"text-align: center;\">DNF<\/td>\n<td class=\"nomobile\" style=\"text-align: center;\">20<\/td>\n<td class=\"nomobile\" style=\"text-align: center;\"><\/td>\n<td>Michael Docherty<\/td>\n<td>Husqvarna FR 450 Rally<\/td>\n<td class=\"nomobile\">SRG Motorsports<\/td>\n<td style=\"text-align: right; padding-right: 15px;\"><\/td>\n<\/tr>\n<tr style=\"vertical-align: top; background-color: #f2f2f2;\">\n<td style=\"text-align: center;\">DNF<\/td>\n<td class=\"nomobile\" style=\"text-align: center;\">49<\/td>\n<td class=\"nomobile\" style=\"text-align: center;\"><span style=\"font-size: 8pt;\"><a href=\"\/index.php\/w2rc\/w2rc-2022\/\"><span style=\"color: #ee8027;\">W2RC<\/span><\/a><\/span><\/td>\n<td>Bradley Cox<\/td>\n<td>KTM 450 Rally<\/td>\n<td class=\"nomobile\">BAS World KTM Racing Team<\/td>\n<td style=\"text-align: right; padding-right: 15px;\"><\/td>\n<\/tr>\n<tr style=\"vertical-align: top; background-color: #dbd9d9;\">\n<td style=\"text-align: center;\">DNF<\/td>\n<td class=\"nomobile\" style=\"text-align: center;\">139<\/td>\n<td class=\"nomobile\" style=\"text-align: center;\"><\/td>\n<td>Ad Jansen<\/td>\n<td>Husqvarna FR 450 Rally<\/td>\n<td class=\"nomobile\">BAS World KTM Racing Team<\/td>\n<td style=\"text-align: right; padding-right: 15px;\"><\/td>\n<\/tr>\n<tr style=\"vertical-align: top; background-color: #f2f2f2;\">\n<td style=\"text-align: center;\">DNF<\/td>\n<td class=\"nomobile\" style=\"text-align: center;\">155<\/td>\n<td class=\"nomobile\" style=\"text-align: center;\"><\/td>\n<td>Sultan Alireza<\/td>\n<td>KTM 450 Rally<\/td>\n<td class=\"nomobile\"><\/td>\n<td style=\"text-align: right; padding-right: 15px;\"><\/td>\n<\/tr>\n<tr style=\"background-color: #808080; color: white;\">\n<td style=\"text-align: left;\" colspan=\"8\"><span style=\"font-size: 8pt;\">V r\u00e1mci hodnocen\u00ed Rally2 odstartovalo 26 stroj\u016f, v c\u00edli klasifikov\u00e1no 22.<\/span><\/td>\n<\/tr>\n<\/tbody>\n<\/table>\n<p>[\/vc_column_text][\/vc_tta_section][vc_tta_section title=&#8221;Quad&#8221; tab_id=&#8221;quad&#8221;][vc_column_text css_animation=&#8221;fadeIn&#8221;]<\/p>\n<table style=\"width: 97.7654%;\" rules=\"rows\" cellpadding=\"4px\">\n<tbody>\n<tr style=\"background-color: #808080; color: white;\">\n<td style=\"text-align: center;\" colspan=\"7\"><span style=\"font-size: 12pt;\"><strong>ABU DHABI DESERT CHALLENGE 2022<br \/>\nKATEGORIE \u010cTY\u0158KOLEK<br \/>\nkone\u010dn\u00e9 v\u00fdsledky<\/strong><\/span><\/td>\n<\/tr>\n<tr style=\"vertical-align: top; background-color: #dbd9d9;\">\n<td style=\"text-align: center;\">1.<\/td>\n<td class=\"nomobile\" style=\"text-align: center;\">174<\/td>\n<td class=\"nomobile\" style=\"text-align: center;\"><span style=\"font-size: 8pt;\"><a href=\"\/index.php\/w2rc\/w2rc-2022\/\"><span style=\"color: #ee8027;\">W2RC<\/span><\/a><\/span><\/td>\n<td>Abdulaziz Ahli<\/td>\n<td>Yamaha Raptor 700<\/td>\n<td class=\"nomobile\"><\/td>\n<td style=\"text-align: right; padding-right: 15px;\">22:42:15<\/td>\n<\/tr>\n<tr style=\"vertical-align: top; background-color: #f2f2f2;\">\n<td style=\"text-align: center;\">2.<\/td>\n<td class=\"nomobile\" style=\"text-align: center;\">177<\/td>\n<td class=\"nomobile\" style=\"text-align: center;\"><span style=\"font-size: 8pt;\"><a href=\"\/index.php\/w2rc\/w2rc-2022\/\"><span style=\"color: #ee8027;\">W2RC<\/span><\/a><\/span><\/td>\n<td>Juraj Varga<\/td>\n<td>Yamaha Raptor 700<\/td>\n<td class=\"nomobile\"><\/td>\n<td style=\"text-align: right; padding-right: 15px;\">+2:05:18<\/td>\n<\/tr>\n<tr style=\"vertical-align: top; background-color: #dbd9d9;\">\n<td style=\"text-align: center;\">3.<\/td>\n<td class=\"nomobile\" style=\"text-align: center;\">176<\/td>\n<td class=\"nomobile\" style=\"text-align: center;\"><span style=\"font-size: 8pt;\"><a href=\"\/index.php\/w2rc\/w2rc-2022\/\"><span style=\"color: #ee8027;\">W2RC<\/span><\/a><\/span><\/td>\n<td>Rodolfo Guillioli Schippers<\/td>\n<td>Yamaha Raptor 700<\/td>\n<td class=\"nomobile\"><\/td>\n<td style=\"text-align: right; padding-right: 15px;\">+2:52:57<\/td>\n<\/tr>\n<tr style=\"background-color: #808080; color: white;\">\n<td style=\"text-align: left;\" colspan=\"8\"><span style=\"font-size: 8pt;\">V kategorii \u010dty\u0159kolek odstartovaly 3 stroje, v c\u00edli klasifikov\u00e1ny 3.<\/span><\/td>\n<\/tr>\n<\/tbody>\n<\/table>\n<p>[\/vc_column_text][\/vc_tta_section][\/vc_tta_pageable][\/vc_column][\/vc_row]<\/p>\n","protected":false},"excerpt":{"rendered":"<p>[vc_row][vc_column][vc_btn title=&#8221;W2RC&#8221; style=&#8221;outline&#8221; shape=&#8221;square&#8221; color=&#8221;warning&#8221; size=&#8221;xs&#8221; align=&#8221;right&#8221; i_align=&#8221;right&#8221; i_icon_fontawesome=&#8221;fa fa-chevron-up&#8221; css_animation=&#8221;fadeIn&#8221; add_icon=&#8221;true&#8221; link=&#8221;url:%2Findex.php%2Fw2rc%2F|||&#8221; css=&#8221;.vc_custom_1674477005187{padding-top: 1px !important;padding-right: 1px !important;padding-bottom: 1px !important;padding-left: 1px !important;}&#8221;][vc_column_text css_animation=&#8221;fadeIn&#8221; css=&#8221;.vc_custom_1674477152004{padding-top: 80px !important;padding-right: 20px !important;padding-bottom: 20px !important;padding-left: 20px !important;background-image: url(https:\/\/www.dakarmania.cz\/wp-content\/uploads\/2023\/01\/22-addc-peterhansel-header-01.jpg?id=24484) !important;background-position: center !important;background-repeat: no-repeat !important;background-size: cover !important;}&#8221;] ABU DHABI DESERT CHALLENGE 2022 [\/vc_column_text][vc_empty_space height=&#8221;5px&#8221;][vc_column_text] 31. ro\u010dn\u00edk | 4. a\u017e 10. b\u0159ezna 2022 [&hellip;]<\/p>\n","protected":false},"author":1,"featured_media":24484,"parent":24304,"menu_order":0,"comment_status":"closed","ping_status":"closed","template":"page-templates\/builder.php","meta":{"footnotes":""},"class_list":["post-24485","page","type-page","status-publish","has-post-thumbnail","hentry"],"yoast_head":"<!-- This site is optimized with the Yoast SEO plugin v24.9 - https:\/\/yoast.com\/wordpress\/plugins\/seo\/ -->\n<title>Abu Dhabi Desert Challenge 2022 - DAKARMANIA.cz<\/title>\n<meta name=\"robots\" content=\"index, follow, max-snippet:-1, max-image-preview:large, max-video-preview:-1\" \/>\n<link rel=\"canonical\" href=\"https:\/\/www.dakarmania.cz\/index.php\/w2rc\/addc-2022\/\" \/>\n<meta property=\"og:locale\" content=\"cs_CZ\" \/>\n<meta property=\"og:type\" content=\"article\" \/>\n<meta property=\"og:title\" content=\"Abu Dhabi Desert Challenge 2022 - DAKARMANIA.cz\" \/>\n<meta property=\"og:description\" content=\"[vc_row][vc_column][vc_btn title=&#8221;W2RC&#8221; style=&#8221;outline&#8221; shape=&#8221;square&#8221; color=&#8221;warning&#8221; size=&#8221;xs&#8221; align=&#8221;right&#8221; i_align=&#8221;right&#8221; i_icon_fontawesome=&#8221;fa fa-chevron-up&#8221; css_animation=&#8221;fadeIn&#8221; add_icon=&#8221;true&#8221; link=&#8221;url:%2Findex.php%2Fw2rc%2F|||&#8221; css=&#8221;.vc_custom_1674477005187{padding-top: 1px !important;padding-right: 1px !important;padding-bottom: 1px !important;padding-left: 1px !important;}&#8221;][vc_column_text css_animation=&#8221;fadeIn&#8221; css=&#8221;.vc_custom_1674477152004{padding-top: 80px !important;padding-right: 20px !important;padding-bottom: 20px !important;padding-left: 20px !important;background-image: url(https:\/\/www.dakarmania.cz\/wp-content\/uploads\/2023\/01\/22-addc-peterhansel-header-01.jpg?id=24484) !important;background-position: center !important;background-repeat: no-repeat !important;background-size: cover !important;}&#8221;] ABU DHABI DESERT CHALLENGE 2022 [\/vc_column_text][vc_empty_space height=&#8221;5px&#8221;][vc_column_text] 31. ro\u010dn\u00edk | 4. a\u017e 10. b\u0159ezna 2022 [&hellip;]\" \/>\n<meta property=\"og:url\" content=\"https:\/\/www.dakarmania.cz\/index.php\/w2rc\/addc-2022\/\" \/>\n<meta property=\"og:site_name\" content=\"DAKARMANIA.cz\" \/>\n<meta property=\"article:publisher\" content=\"https:\/\/www.facebook.com\/dakarmania\/\" \/>\n<meta property=\"article:modified_time\" content=\"2023-07-25T08:50:00+00:00\" \/>\n<meta property=\"og:image\" content=\"https:\/\/www.dakarmania.cz\/wp-content\/uploads\/2023\/01\/22-addc-peterhansel-header-01.jpg\" \/>\n\t<meta property=\"og:image:width\" content=\"1600\" \/>\n\t<meta property=\"og:image:height\" content=\"710\" \/>\n\t<meta property=\"og:image:type\" content=\"image\/jpeg\" \/>\n<meta name=\"twitter:card\" content=\"summary_large_image\" \/>\n<meta name=\"twitter:label1\" content=\"Odhadovan\u00e1 doba \u010dten\u00ed\" \/>\n\t<meta name=\"twitter:data1\" content=\"10 minut\" \/>\n<script type=\"application\/ld+json\" class=\"yoast-schema-graph\">{\"@context\":\"https:\/\/schema.org\",\"@graph\":[{\"@type\":\"WebPage\",\"@id\":\"https:\/\/www.dakarmania.cz\/index.php\/w2rc\/addc-2022\/\",\"url\":\"https:\/\/www.dakarmania.cz\/index.php\/w2rc\/addc-2022\/\",\"name\":\"Abu Dhabi Desert Challenge 2022 - DAKARMANIA.cz\",\"isPartOf\":{\"@id\":\"https:\/\/www.dakarmania.cz\/#website\"},\"primaryImageOfPage\":{\"@id\":\"https:\/\/www.dakarmania.cz\/index.php\/w2rc\/addc-2022\/#primaryimage\"},\"image\":{\"@id\":\"https:\/\/www.dakarmania.cz\/index.php\/w2rc\/addc-2022\/#primaryimage\"},\"thumbnailUrl\":\"https:\/\/www.dakarmania.cz\/wp-content\/uploads\/2023\/01\/22-addc-peterhansel-header-01.jpg\",\"datePublished\":\"2023-01-23T12:25:24+00:00\",\"dateModified\":\"2023-07-25T08:50:00+00:00\",\"breadcrumb\":{\"@id\":\"https:\/\/www.dakarmania.cz\/index.php\/w2rc\/addc-2022\/#breadcrumb\"},\"inLanguage\":\"cs\",\"potentialAction\":[{\"@type\":\"ReadAction\",\"target\":[\"https:\/\/www.dakarmania.cz\/index.php\/w2rc\/addc-2022\/\"]}]},{\"@type\":\"ImageObject\",\"inLanguage\":\"cs\",\"@id\":\"https:\/\/www.dakarmania.cz\/index.php\/w2rc\/addc-2022\/#primaryimage\",\"url\":\"https:\/\/www.dakarmania.cz\/wp-content\/uploads\/2023\/01\/22-addc-peterhansel-header-01.jpg\",\"contentUrl\":\"https:\/\/www.dakarmania.cz\/wp-content\/uploads\/2023\/01\/22-addc-peterhansel-header-01.jpg\",\"width\":1600,\"height\":710,\"caption\":\"St\u00e9phane Peterhansel \/ Edouard Boulanger, Audi RS Q e-tron, Team Audi Sport. Abu Dhabi Desert Challenge 2022. \u00a9 ASO\"},{\"@type\":\"BreadcrumbList\",\"@id\":\"https:\/\/www.dakarmania.cz\/index.php\/w2rc\/addc-2022\/#breadcrumb\",\"itemListElement\":[{\"@type\":\"ListItem\",\"position\":1,\"name\":\"Dom\u016f\",\"item\":\"https:\/\/www.dakarmania.cz\/\"},{\"@type\":\"ListItem\",\"position\":2,\"name\":\"World Rally-Raid Championship\",\"item\":\"https:\/\/www.dakarmania.cz\/index.php\/w2rc\/\"},{\"@type\":\"ListItem\",\"position\":3,\"name\":\"Abu Dhabi Desert Challenge 2022\"}]},{\"@type\":\"WebSite\",\"@id\":\"https:\/\/www.dakarmania.cz\/#website\",\"url\":\"https:\/\/www.dakarmania.cz\/\",\"name\":\"DAKARMANIA.cz\",\"description\":\"\u017dijeme Dakarem cel\u00fd rok\",\"publisher\":{\"@id\":\"https:\/\/www.dakarmania.cz\/#organization\"},\"potentialAction\":[{\"@type\":\"SearchAction\",\"target\":{\"@type\":\"EntryPoint\",\"urlTemplate\":\"https:\/\/www.dakarmania.cz\/?s={search_term_string}\"},\"query-input\":{\"@type\":\"PropertyValueSpecification\",\"valueRequired\":true,\"valueName\":\"search_term_string\"}}],\"inLanguage\":\"cs\"},{\"@type\":\"Organization\",\"@id\":\"https:\/\/www.dakarmania.cz\/#organization\",\"name\":\"DAKAR MANIA\",\"url\":\"https:\/\/www.dakarmania.cz\/\",\"logo\":{\"@type\":\"ImageObject\",\"inLanguage\":\"cs\",\"@id\":\"https:\/\/www.dakarmania.cz\/#\/schema\/logo\/image\/\",\"url\":\"https:\/\/www.dakarmania.cz\/wp-content\/uploads\/2018\/12\/Dakar-Mania-Logo-Square-Orange.png\",\"contentUrl\":\"https:\/\/www.dakarmania.cz\/wp-content\/uploads\/2018\/12\/Dakar-Mania-Logo-Square-Orange.png\",\"width\":992,\"height\":992,\"caption\":\"DAKAR MANIA\"},\"image\":{\"@id\":\"https:\/\/www.dakarmania.cz\/#\/schema\/logo\/image\/\"},\"sameAs\":[\"https:\/\/www.facebook.com\/dakarmania\/\"]}]}<\/script>\n<!-- \/ Yoast SEO plugin. -->","yoast_head_json":{"title":"Abu Dhabi Desert Challenge 2022 - DAKARMANIA.cz","robots":{"index":"index","follow":"follow","max-snippet":"max-snippet:-1","max-image-preview":"max-image-preview:large","max-video-preview":"max-video-preview:-1"},"canonical":"https:\/\/www.dakarmania.cz\/index.php\/w2rc\/addc-2022\/","og_locale":"cs_CZ","og_type":"article","og_title":"Abu Dhabi Desert Challenge 2022 - DAKARMANIA.cz","og_description":"[vc_row][vc_column][vc_btn title=&#8221;W2RC&#8221; style=&#8221;outline&#8221; shape=&#8221;square&#8221; color=&#8221;warning&#8221; size=&#8221;xs&#8221; align=&#8221;right&#8221; i_align=&#8221;right&#8221; i_icon_fontawesome=&#8221;fa fa-chevron-up&#8221; css_animation=&#8221;fadeIn&#8221; add_icon=&#8221;true&#8221; link=&#8221;url:%2Findex.php%2Fw2rc%2F|||&#8221; css=&#8221;.vc_custom_1674477005187{padding-top: 1px !important;padding-right: 1px !important;padding-bottom: 1px !important;padding-left: 1px !important;}&#8221;][vc_column_text css_animation=&#8221;fadeIn&#8221; css=&#8221;.vc_custom_1674477152004{padding-top: 80px !important;padding-right: 20px !important;padding-bottom: 20px !important;padding-left: 20px !important;background-image: url(https:\/\/www.dakarmania.cz\/wp-content\/uploads\/2023\/01\/22-addc-peterhansel-header-01.jpg?id=24484) !important;background-position: center !important;background-repeat: no-repeat !important;background-size: cover !important;}&#8221;] ABU DHABI DESERT CHALLENGE 2022 [\/vc_column_text][vc_empty_space height=&#8221;5px&#8221;][vc_column_text] 31. ro\u010dn\u00edk | 4. a\u017e 10. b\u0159ezna 2022 [&hellip;]","og_url":"https:\/\/www.dakarmania.cz\/index.php\/w2rc\/addc-2022\/","og_site_name":"DAKARMANIA.cz","article_publisher":"https:\/\/www.facebook.com\/dakarmania\/","article_modified_time":"2023-07-25T08:50:00+00:00","og_image":[{"width":1600,"height":710,"url":"https:\/\/www.dakarmania.cz\/wp-content\/uploads\/2023\/01\/22-addc-peterhansel-header-01.jpg","type":"image\/jpeg"}],"twitter_card":"summary_large_image","twitter_misc":{"Odhadovan\u00e1 doba \u010dten\u00ed":"10 minut"},"schema":{"@context":"https:\/\/schema.org","@graph":[{"@type":"WebPage","@id":"https:\/\/www.dakarmania.cz\/index.php\/w2rc\/addc-2022\/","url":"https:\/\/www.dakarmania.cz\/index.php\/w2rc\/addc-2022\/","name":"Abu Dhabi Desert Challenge 2022 - DAKARMANIA.cz","isPartOf":{"@id":"https:\/\/www.dakarmania.cz\/#website"},"primaryImageOfPage":{"@id":"https:\/\/www.dakarmania.cz\/index.php\/w2rc\/addc-2022\/#primaryimage"},"image":{"@id":"https:\/\/www.dakarmania.cz\/index.php\/w2rc\/addc-2022\/#primaryimage"},"thumbnailUrl":"https:\/\/www.dakarmania.cz\/wp-content\/uploads\/2023\/01\/22-addc-peterhansel-header-01.jpg","datePublished":"2023-01-23T12:25:24+00:00","dateModified":"2023-07-25T08:50:00+00:00","breadcrumb":{"@id":"https:\/\/www.dakarmania.cz\/index.php\/w2rc\/addc-2022\/#breadcrumb"},"inLanguage":"cs","potentialAction":[{"@type":"ReadAction","target":["https:\/\/www.dakarmania.cz\/index.php\/w2rc\/addc-2022\/"]}]},{"@type":"ImageObject","inLanguage":"cs","@id":"https:\/\/www.dakarmania.cz\/index.php\/w2rc\/addc-2022\/#primaryimage","url":"https:\/\/www.dakarmania.cz\/wp-content\/uploads\/2023\/01\/22-addc-peterhansel-header-01.jpg","contentUrl":"https:\/\/www.dakarmania.cz\/wp-content\/uploads\/2023\/01\/22-addc-peterhansel-header-01.jpg","width":1600,"height":710,"caption":"St\u00e9phane Peterhansel \/ Edouard Boulanger, Audi RS Q e-tron, Team Audi Sport. Abu Dhabi Desert Challenge 2022. \u00a9 ASO"},{"@type":"BreadcrumbList","@id":"https:\/\/www.dakarmania.cz\/index.php\/w2rc\/addc-2022\/#breadcrumb","itemListElement":[{"@type":"ListItem","position":1,"name":"Dom\u016f","item":"https:\/\/www.dakarmania.cz\/"},{"@type":"ListItem","position":2,"name":"World Rally-Raid Championship","item":"https:\/\/www.dakarmania.cz\/index.php\/w2rc\/"},{"@type":"ListItem","position":3,"name":"Abu Dhabi Desert Challenge 2022"}]},{"@type":"WebSite","@id":"https:\/\/www.dakarmania.cz\/#website","url":"https:\/\/www.dakarmania.cz\/","name":"DAKARMANIA.cz","description":"\u017dijeme Dakarem cel\u00fd rok","publisher":{"@id":"https:\/\/www.dakarmania.cz\/#organization"},"potentialAction":[{"@type":"SearchAction","target":{"@type":"EntryPoint","urlTemplate":"https:\/\/www.dakarmania.cz\/?s={search_term_string}"},"query-input":{"@type":"PropertyValueSpecification","valueRequired":true,"valueName":"search_term_string"}}],"inLanguage":"cs"},{"@type":"Organization","@id":"https:\/\/www.dakarmania.cz\/#organization","name":"DAKAR MANIA","url":"https:\/\/www.dakarmania.cz\/","logo":{"@type":"ImageObject","inLanguage":"cs","@id":"https:\/\/www.dakarmania.cz\/#\/schema\/logo\/image\/","url":"https:\/\/www.dakarmania.cz\/wp-content\/uploads\/2018\/12\/Dakar-Mania-Logo-Square-Orange.png","contentUrl":"https:\/\/www.dakarmania.cz\/wp-content\/uploads\/2018\/12\/Dakar-Mania-Logo-Square-Orange.png","width":992,"height":992,"caption":"DAKAR MANIA"},"image":{"@id":"https:\/\/www.dakarmania.cz\/#\/schema\/logo\/image\/"},"sameAs":["https:\/\/www.facebook.com\/dakarmania\/"]}]}},"amp_enabled":false,"_links":{"self":[{"href":"https:\/\/www.dakarmania.cz\/index.php\/wp-json\/wp\/v2\/pages\/24485","targetHints":{"allow":["GET"]}}],"collection":[{"href":"https:\/\/www.dakarmania.cz\/index.php\/wp-json\/wp\/v2\/pages"}],"about":[{"href":"https:\/\/www.dakarmania.cz\/index.php\/wp-json\/wp\/v2\/types\/page"}],"author":[{"embeddable":true,"href":"https:\/\/www.dakarmania.cz\/index.php\/wp-json\/wp\/v2\/users\/1"}],"replies":[{"embeddable":true,"href":"https:\/\/www.dakarmania.cz\/index.php\/wp-json\/wp\/v2\/comments?post=24485"}],"version-history":[{"count":78,"href":"https:\/\/www.dakarmania.cz\/index.php\/wp-json\/wp\/v2\/pages\/24485\/revisions"}],"predecessor-version":[{"id":28116,"href":"https:\/\/www.dakarmania.cz\/index.php\/wp-json\/wp\/v2\/pages\/24485\/revisions\/28116"}],"up":[{"embeddable":true,"href":"https:\/\/www.dakarmania.cz\/index.php\/wp-json\/wp\/v2\/pages\/24304"}],"wp:featuredmedia":[{"embeddable":true,"href":"https:\/\/www.dakarmania.cz\/index.php\/wp-json\/wp\/v2\/media\/24484"}],"wp:attachment":[{"href":"https:\/\/www.dakarmania.cz\/index.php\/wp-json\/wp\/v2\/media?parent=24485"}],"curies":[{"name":"wp","href":"https:\/\/api.w.org\/{rel}","templated":true}]}}