{"id":25328,"date":"2023-02-18T11:11:58","date_gmt":"2023-02-18T10:11:58","guid":{"rendered":"https:\/\/www.dakarmania.cz\/?page_id=25328"},"modified":"2023-08-22T17:47:10","modified_gmt":"2023-08-22T15:47:10","slug":"addc-2023","status":"publish","type":"page","link":"https:\/\/www.dakarmania.cz\/index.php\/w2rc\/addc-2023\/","title":{"rendered":"Abu Dhabi Desert Challenge 2023"},"content":{"rendered":"<p>[vc_row][vc_column][vc_btn title=&#8221;W2RC&#8221; style=&#8221;outline&#8221; shape=&#8221;square&#8221; color=&#8221;warning&#8221; size=&#8221;xs&#8221; align=&#8221;right&#8221; i_align=&#8221;right&#8221; i_icon_fontawesome=&#8221;fa fa-chevron-up&#8221; css_animation=&#8221;fadeIn&#8221; add_icon=&#8221;true&#8221; link=&#8221;url:%2Findex.php%2Fw2rc%2F|||&#8221; css=&#8221;.vc_custom_1674477005187{padding-top: 1px !important;padding-right: 1px !important;padding-bottom: 1px !important;padding-left: 1px !important;}&#8221;][vc_column_text css_animation=&#8221;fadeIn&#8221; css=&#8221;.vc_custom_1677954386686{padding-top: 80px !important;padding-right: 20px !important;padding-bottom: 20px !important;padding-left: 20px !important;background-image: url(https:\/\/www.dakarmania.cz\/wp-content\/uploads\/2023\/03\/23-addc-al-rajhi-header-01.jpg?id=25757) !important;background-position: center !important;background-repeat: no-repeat !important;background-size: cover !important;}&#8221;]<\/p>\n<h1 style=\"text-align: left;\"><span style=\"background-color: #ee8027; opacity: 0.7;\"><span style=\"color: #ffffff; padding: 10px;\">ABU DHABI<\/span><br \/>\n<span style=\"color: #ffffff; padding: 10px;\">DESERT CHALLENGE<\/span><br \/>\n<span style=\"color: #ffffff; padding: 10px;\">2023<\/span><\/span><\/h1>\n<p>[\/vc_column_text][vc_empty_space height=&#8221;5px&#8221;][vc_column_text]<\/p>\n<p style=\"text-align: center;\"><strong>32. ro\u010dn\u00edk | 25. \u00fanora a\u017e 3. b\u0159ezna 2023 | Spojen\u00e9 arabsk\u00e9 emir\u00e1ty<br \/>\n<\/strong><\/p>\n<p style=\"text-align: center;\">5 etap | celkem 2168 km, z toho 1311 km rychlostn\u00edch zkou\u0161ek<br \/>\n2. podnik <a href=\"\/index.php\/w2rc\/w2rc-2023\/\"><span style=\"color: #ee8027;\">Mistrovstv\u00ed sv\u011bta v d\u00e1lkov\u00fdch sout\u011b\u017e\u00edch 2023<\/span><\/a><\/p>\n<p>[\/vc_column_text][\/vc_column][\/vc_row][vc_row][vc_column][vc_btn title=&#8221;FIA&#8221; shape=&#8221;square&#8221; color=&#8221;warning&#8221; size=&#8221;xs&#8221; i_icon_fontawesome=&#8221;fa fa-list-ol&#8221; css_animation=&#8221;fadeIn&#8221; add_icon=&#8221;true&#8221; link=&#8221;url:%2Findex.php%2Fw2rc%2Faddc-2023%2F%23fia|||&#8221; css=&#8221;.vc_custom_1677881698454{padding-top: 1px !important;padding-right: 1px !important;padding-bottom: 1px !important;padding-left: 1px !important;}&#8221;][vc_btn title=&#8221;T3&#8243; shape=&#8221;square&#8221; color=&#8221;warning&#8221; size=&#8221;xs&#8221; i_icon_fontawesome=&#8221;fa fa-list-ol&#8221; css_animation=&#8221;fadeIn&#8221; add_icon=&#8221;true&#8221; link=&#8221;url:%2Findex.php%2Fw2rc%2Faddc-2023%2F%23t3|||&#8221; css=&#8221;.vc_custom_1677881714409{padding-top: 1px !important;padding-right: 1px !important;padding-bottom: 1px !important;padding-left: 1px !important;}&#8221;][vc_btn title=&#8221;T4&#8243; shape=&#8221;square&#8221; color=&#8221;warning&#8221; size=&#8221;xs&#8221; i_icon_fontawesome=&#8221;fa fa-list-ol&#8221; css_animation=&#8221;fadeIn&#8221; add_icon=&#8221;true&#8221; link=&#8221;url:%2Findex.php%2Fw2rc%2Faddc-2023%2F%23t4|||&#8221; css=&#8221;.vc_custom_1677881729375{padding-top: 1px !important;padding-right: 1px !important;padding-bottom: 1px !important;padding-left: 1px !important;}&#8221;][vc_btn title=&#8221;RALLYGP&#8221; shape=&#8221;square&#8221; color=&#8221;warning&#8221; size=&#8221;xs&#8221; i_icon_fontawesome=&#8221;fa fa-list-ol&#8221; css_animation=&#8221;fadeIn&#8221; add_icon=&#8221;true&#8221; link=&#8221;url:%20https%3A%2F%2Fwww.dakarmania.cz%2Findex.php%2Fw2rc%2Faddc-2023%2F%23rallygp|||&#8221; css=&#8221;.vc_custom_1677882010773{padding-top: 1px !important;padding-right: 1px !important;padding-bottom: 1px !important;padding-left: 1px !important;}&#8221;][vc_btn title=&#8221;RALLY2&#8243; shape=&#8221;square&#8221; color=&#8221;warning&#8221; size=&#8221;xs&#8221; i_icon_fontawesome=&#8221;fa fa-list-ol&#8221; css_animation=&#8221;fadeIn&#8221; add_icon=&#8221;true&#8221; link=&#8221;url:%2Findex.php%2Fw2rc%2Faddc-2023%2F%23rally2|||&#8221; css=&#8221;.vc_custom_1677881755536{padding-top: 1px !important;padding-right: 1px !important;padding-bottom: 1px !important;padding-left: 1px !important;}&#8221;][vc_btn title=&#8221;QUAD&#8221; shape=&#8221;square&#8221; color=&#8221;warning&#8221; size=&#8221;xs&#8221; i_icon_fontawesome=&#8221;fa fa-list-ol&#8221; css_animation=&#8221;fadeIn&#8221; add_icon=&#8221;true&#8221; link=&#8221;url:%2Findex.php%2Fw2rc%2Faddc-2023%2F%23quad|||&#8221; css=&#8221;.vc_custom_1677881767746{padding-top: 1px !important;padding-right: 1px !important;padding-bottom: 1px !important;padding-left: 1px !important;}&#8221;][vc_tta_pageable no_fill_content_area=&#8221;1&#8243; active_section=&#8221;1&#8243; pagination_style=&#8221;&#8221; css_animation=&#8221;fadeIn&#8221;][vc_tta_section title=&#8221;FIA&#8221; tab_id=&#8221;fia&#8221;][vc_column_text css_animation=&#8221;fadeIn&#8221;]<\/p>\n<table style=\"width: 97.7654%;\" rules=\"rows\" cellpadding=\"4px\">\n<tbody>\n<tr style=\"background-color: #808080; color: white;\">\n<td style=\"text-align: center;\" colspan=\"8\"><span style=\"font-size: 12pt;\"><strong>ABU DHABI DESERT CHALLENGE 2023<br \/>\nFIA<br \/>\nkone\u010dn\u00e9 v\u00fdsledky<br \/>\n<\/strong><\/span><\/td>\n<\/tr>\n<tr style=\"vertical-align: top; background-color: #dbd9d9;\">\n<td style=\"text-align: center;\"><strong>1.<\/strong><\/td>\n<td class=\"nomobile\" style=\"text-align: center;\">207<\/td>\n<td class=\"nomobile\" style=\"text-align: center;\"><span style=\"font-size: 8pt;\">T1<\/span><\/td>\n<td class=\"nomobile\" style=\"text-align: center;\"><span style=\"font-size: 8pt;\"><a href=\"\/index.php\/w2rc\/w2rc-2022\/\"><span style=\"color: #ee8027;\">W2RC<\/span><\/a><\/span><\/td>\n<td><strong><a href=\"\/index.php\/osobnosti\/yazeed-al-rajhi\/\"><span style=\"color: #ee8027;\">Yazeed Al-Rajhi<\/span><\/a><\/strong><br \/>\n<a href=\"\/index.php\/osobnosti\/timo-gottschalk\/\"><span style=\"color: #ee8027;\"><strong>Timo Gottschalk<\/strong><\/span><\/a><\/td>\n<td>Toyota Hilux Overdrive<\/td>\n<td class=\"nomobile\">Overdrive Racing<\/td>\n<td style=\"text-align: right; padding-right: 15px;\"><strong>16:28:06<\/strong><\/td>\n<\/tr>\n<tr style=\"vertical-align: top; background-color: #f2f2f2;\">\n<td style=\"text-align: center;\"><strong>2.<\/strong><\/td>\n<td class=\"nomobile\" style=\"text-align: center;\">203<\/td>\n<td class=\"nomobile\" style=\"text-align: center;\"><span style=\"font-size: 8pt;\">T1<\/span><\/td>\n<td class=\"nomobile\" style=\"text-align: center;\"><span style=\"font-size: 8pt;\"><a href=\"\/index.php\/w2rc\/w2rc-2022\/\"><span style=\"color: #ee8027;\">W2RC<\/span><\/a><\/span><\/td>\n<td><strong><a href=\"\/index.php\/osobnosti\/martin-prokop\/\"><span style=\"color: #ee8027;\">Martin Prokop<\/span><\/a><\/strong><br \/>\n<a href=\"\/index.php\/osobnosti\/viktor-chytka\/\"><span style=\"color: #ee8027;\"><strong>Viktor Chytka<\/strong><\/span><\/a><\/td>\n<td>Ford Raptor RS Cross Country<\/td>\n<td class=\"nomobile\">Orlen Benzina Team<\/td>\n<td style=\"text-align: right; padding-right: 15px;\"><strong>+12:31<\/strong><\/td>\n<\/tr>\n<tr style=\"vertical-align: top; background-color: #dbd9d9;\">\n<td style=\"text-align: center;\"><strong>3.<\/strong><\/td>\n<td class=\"nomobile\" style=\"text-align: center;\">302<\/td>\n<td class=\"nomobile\" style=\"text-align: center;\"><span style=\"font-size: 8pt;\">T3<\/span><\/td>\n<td class=\"nomobile\" style=\"text-align: center;\"><span style=\"font-size: 8pt;\"><a href=\"\/index.php\/w2rc\/w2rc-2022\/\"><span style=\"color: #ee8027;\">W2RC<\/span><\/a><\/span><\/td>\n<td><strong>Seth Quintero<\/strong><br \/>\n<strong>Dennis Zenz<\/strong><\/td>\n<td>Can-Am Maverick X3<\/td>\n<td class=\"nomobile\">Red Bull Off-Road Junior Team USA<\/td>\n<td style=\"text-align: right; padding-right: 15px;\"><strong>+30:25<\/strong><\/td>\n<\/tr>\n<tr style=\"vertical-align: top; background-color: #f2f2f2;\">\n<td style=\"text-align: center;\"><strong>4.<\/strong><\/td>\n<td class=\"nomobile\" style=\"text-align: center;\">204<\/td>\n<td class=\"nomobile\" style=\"text-align: center;\"><span style=\"font-size: 8pt;\">T1<\/span><\/td>\n<td class=\"nomobile\" style=\"text-align: center;\"><span style=\"font-size: 8pt;\"><a href=\"\/index.php\/w2rc\/w2rc-2022\/\"><span style=\"color: #ee8027;\">W2RC<\/span><\/a><\/span><\/td>\n<td><a href=\"\/index.php\/osobnosti\/juan-cruz-yacopini\/\"><span style=\"color: #ee8027;\"><strong>Juan Cruz Yacopini<\/strong><\/span><\/a><br \/>\n<a href=\"\/index.php\/osobnosti\/daniel-oliveras\/\"><span style=\"color: #ee8027;\"><strong>Daniel Oliveras<\/strong><\/span><\/a><\/td>\n<td>Toyota Hilux Overdrive<\/td>\n<td class=\"nomobile\">Overdrive Racing<\/td>\n<td style=\"text-align: right; padding-right: 15px;\"><strong>+32:57<\/strong><\/td>\n<\/tr>\n<tr style=\"vertical-align: top; background-color: #dbd9d9;\">\n<td style=\"text-align: center;\"><strong>5.<\/strong><\/td>\n<td class=\"nomobile\" style=\"text-align: center;\">205<\/td>\n<td class=\"nomobile\" style=\"text-align: center;\"><span style=\"font-size: 8pt;\">T1<\/span><\/td>\n<td class=\"nomobile\" style=\"text-align: center;\"><span style=\"font-size: 8pt;\"><a href=\"\/index.php\/w2rc\/w2rc-2022\/\"><span style=\"color: #ee8027;\">W2RC<\/span><\/a><\/span><\/td>\n<td><a href=\"\/index.php\/osobnosti\/sebastian-halpern\/\"><span style=\"color: #ee8027;\"><strong>Sebasti\u00e1n Halpern<\/strong><\/span><\/a><br \/>\n<a href=\"\/index.php\/osobnosti\/ronnie-graue\/\"><span style=\"color: #ee8027;\"><strong>Ronnie Graue<\/strong><\/span><\/a><\/td>\n<td>Mini JCW Rally Plus<\/td>\n<td class=\"nomobile\">X-raid Mini JCW Team<\/td>\n<td style=\"text-align: right; padding-right: 15px;\"><strong>+34:29<\/strong><\/td>\n<\/tr>\n<tr style=\"vertical-align: top; background-color: #f2f2f2;\">\n<td style=\"text-align: center;\"><strong>6.<\/strong><\/td>\n<td class=\"nomobile\" style=\"text-align: center;\">214<\/td>\n<td class=\"nomobile\" style=\"text-align: center;\"><span style=\"font-size: 8pt;\">T1<\/span><\/td>\n<td class=\"nomobile\" style=\"text-align: center;\"><\/td>\n<td><strong><a href=\"\/index.php\/osobnosti\/khalid-al-qassimi\/\"><span style=\"color: #ee8027;\">Khalid Al Qassimi<\/span><\/a><\/strong><br \/>\n<a href=\"\/index.php\/osobnosti\/floene-ola\/\"><span style=\"color: #ee8027;\"><strong>Ola Fl\u00f8ene<\/strong><\/span><\/a><\/td>\n<td>Mini JCW Rally Plus<\/td>\n<td class=\"nomobile\">Abu Dhabi Team<\/td>\n<td style=\"text-align: right; padding-right: 15px;\"><strong>+49:24<\/strong><\/td>\n<\/tr>\n<tr style=\"vertical-align: top; background-color: #dbd9d9;\">\n<td style=\"text-align: center;\"><strong>7.<\/strong><\/td>\n<td class=\"nomobile\" style=\"text-align: center;\">400<\/td>\n<td class=\"nomobile\" style=\"text-align: center;\"><span style=\"font-size: 8pt;\">T4<\/span><\/td>\n<td class=\"nomobile\" style=\"text-align: center;\"><span style=\"font-size: 8pt;\"><a href=\"\/index.php\/w2rc\/w2rc-2022\/\"><span style=\"color: #ee8027;\">W2RC<\/span><\/a><\/span><\/td>\n<td><strong>Rokas Baciu\u0161ka<\/strong><br \/>\n<strong>Oriol Vidal<\/strong><\/td>\n<td>Can-Am Maverick X3<\/td>\n<td class=\"nomobile\">Red Bull Can-Am Factory Team<\/td>\n<td style=\"text-align: right; padding-right: 15px;\"><strong>+57:41<\/strong><\/td>\n<\/tr>\n<tr style=\"vertical-align: top; background-color: #f2f2f2;\">\n<td style=\"text-align: center;\"><strong>8.<\/strong><\/td>\n<td class=\"nomobile\" style=\"text-align: center;\">301<\/td>\n<td class=\"nomobile\" style=\"text-align: center;\"><span style=\"font-size: 8pt;\">T3<\/span><\/td>\n<td class=\"nomobile\" style=\"text-align: center;\"><span style=\"font-size: 8pt;\"><a href=\"\/index.php\/w2rc\/w2rc-2022\/\"><span style=\"color: #ee8027;\">W2RC<\/span><\/a><\/span><\/td>\n<td><strong><a href=\"\/index.php\/osobnosti\/austin-jones\/\"><span style=\"color: #ee8027;\">Austin Jones<\/span><\/a><\/strong><br \/>\n<a href=\"\/index.php\/osobnosti\/gustavo-gugelmin\/\"><span style=\"color: #ee8027;\"><strong>Gustavo Gugelmin<\/strong><\/span><\/a><\/td>\n<td>Can-Am Maverick X3<\/td>\n<td class=\"nomobile\">Red Bull Off-Road Junior Team USA<\/td>\n<td style=\"text-align: right; padding-right: 15px;\"><strong>+58:10<\/strong><\/td>\n<\/tr>\n<tr style=\"vertical-align: top; background-color: #dbd9d9;\">\n<td style=\"text-align: center;\"><strong>9.<\/strong><\/td>\n<td class=\"nomobile\" style=\"text-align: center;\">405<\/td>\n<td class=\"nomobile\" style=\"text-align: center;\"><span style=\"font-size: 8pt;\">T4<\/span><\/td>\n<td class=\"nomobile\" style=\"text-align: center;\"><\/td>\n<td><strong>Mansour Al Helei<\/strong><br \/>\n<strong>Mohamed Al Hamri<\/strong><\/td>\n<td>Can-Am Maverick X3<\/td>\n<td class=\"nomobile\">Abu Dhabi Team<\/td>\n<td style=\"text-align: right; padding-right: 15px;\"><strong>+1:09:44<\/strong><\/td>\n<\/tr>\n<tr style=\"vertical-align: top; background-color: #f2f2f2;\">\n<td style=\"text-align: center;\"><strong>10.<\/strong><\/td>\n<td class=\"nomobile\" style=\"text-align: center;\">401<\/td>\n<td class=\"nomobile\" style=\"text-align: center;\"><span style=\"font-size: 8pt;\">T4<\/span><\/td>\n<td class=\"nomobile\" style=\"text-align: center;\"><span style=\"font-size: 8pt;\"><a href=\"\/index.php\/w2rc\/w2rc-2022\/\"><span style=\"color: #ee8027;\">W2RC<\/span><\/a><\/span><\/td>\n<td><strong>Pau Navarro<\/strong><br \/>\n<a href=\"\/index.php\/osobnosti\/francois-cazalet\/\"><span style=\"color: #ee8027;\"><strong>Fran\u00e7ois Cazalet<\/strong><\/span><\/a><\/td>\n<td>Can-Am Maverick X3<\/td>\n<td class=\"nomobile\">FN Speed Team<\/td>\n<td style=\"text-align: right; padding-right: 15px;\"><strong>+1:23:41<\/strong><\/td>\n<\/tr>\n<tr style=\"vertical-align: top; background-color: #dbd9d9;\">\n<td style=\"text-align: center;\"><strong>11.<\/strong><\/td>\n<td class=\"nomobile\" style=\"text-align: center;\">314<\/td>\n<td class=\"nomobile\" style=\"text-align: center;\"><span style=\"font-size: 8pt;\">T3<\/span><\/td>\n<td class=\"nomobile\" style=\"text-align: center;\"><\/td>\n<td><strong>Hern\u00e1n Garc\u00e9s Echeverr\u00eda<\/strong><br \/>\n<strong>Juan Pablo Latrach<\/strong><\/td>\n<td>Can-Am Maverick X3<\/td>\n<td class=\"nomobile\">South Racing Can-Am<\/td>\n<td style=\"text-align: right; padding-right: 15px;\"><strong>+1:26:53<\/strong><\/td>\n<\/tr>\n<tr style=\"vertical-align: top; background-color: #f2f2f2;\">\n<td style=\"text-align: center;\"><strong>12.<\/strong><\/td>\n<td class=\"nomobile\" style=\"text-align: center;\">206<\/td>\n<td class=\"nomobile\" style=\"text-align: center;\"><span style=\"font-size: 8pt;\">T1<\/span><\/td>\n<td class=\"nomobile\" style=\"text-align: center;\"><span style=\"font-size: 8pt;\"><a href=\"\/index.php\/w2rc\/w2rc-2022\/\"><span style=\"color: #ee8027;\">W2RC<\/span><\/a><\/span><\/td>\n<td><a href=\"\/index.php\/osobnosti\/wei-han\/\"><span style=\"color: #ee8027;\"><strong>Wei Han<\/strong><\/span><\/a><br \/>\n<a href=\"\/index.php\/osobnosti\/li-ma\/\"><span style=\"color: #ee8027;\"><strong>Li Ma<\/strong><\/span><\/a><\/td>\n<td>Lichi HW2021<\/td>\n<td class=\"nomobile\">Hanwei Motorsport Team<\/td>\n<td style=\"text-align: right; padding-right: 15px;\"><strong>+1:41:28<\/strong><\/td>\n<\/tr>\n<tr style=\"vertical-align: top; background-color: #dbd9d9;\">\n<td style=\"text-align: center;\"><strong>13.<\/strong><\/td>\n<td class=\"nomobile\" style=\"text-align: center;\">209<\/td>\n<td class=\"nomobile\" style=\"text-align: center;\"><span style=\"font-size: 8pt;\">T1<\/span><\/td>\n<td class=\"nomobile\" style=\"text-align: center;\"><span style=\"font-size: 8pt;\"><a href=\"\/index.php\/w2rc\/w2rc-2022\/\"><span style=\"color: #ee8027;\">W2RC<\/span><\/a><\/span><\/td>\n<td><strong>Guoyu Zhang<\/strong><br \/>\n<strong>Oriol Mena<\/strong><\/td>\n<td>BAIC ORV BJ40<\/td>\n<td class=\"nomobile\">BAIC ORV<\/td>\n<td style=\"text-align: right; padding-right: 15px;\"><strong>+1:44:46<\/strong><\/td>\n<\/tr>\n<tr style=\"vertical-align: top; background-color: #f2f2f2;\">\n<td style=\"text-align: center;\"><strong>14.<\/strong><\/td>\n<td class=\"nomobile\" style=\"text-align: center;\">319<\/td>\n<td class=\"nomobile\" style=\"text-align: center;\"><span style=\"font-size: 8pt;\">T3<\/span><\/td>\n<td class=\"nomobile\" style=\"text-align: center;\"><\/td>\n<td><strong>Lionel Baud<\/strong><br \/>\n<strong>Lucie Baud<\/strong><\/td>\n<td>GRallyTeam OT3<\/td>\n<td class=\"nomobile\">GRallyTeam<\/td>\n<td style=\"text-align: right; padding-right: 15px;\"><strong>+1:58:23<\/strong><\/td>\n<\/tr>\n<tr style=\"vertical-align: top; background-color: #dbd9d9;\">\n<td style=\"text-align: center;\"><strong>15.<\/strong><\/td>\n<td class=\"nomobile\" style=\"text-align: center;\">310<\/td>\n<td class=\"nomobile\" style=\"text-align: center;\"><span style=\"font-size: 8pt;\">T3<\/span><\/td>\n<td class=\"nomobile\" style=\"text-align: center;\"><span style=\"font-size: 8pt;\"><a href=\"\/index.php\/w2rc\/w2rc-2022\/\"><span style=\"color: #ee8027;\">W2RC<\/span><\/a><\/span><\/td>\n<td><strong>Aliyyah Koloc<\/strong><br \/>\n<strong>St\u00e9phane Duple<\/strong><\/td>\n<td>Buggyra Can-Am DV21<\/td>\n<td class=\"nomobile\">Buggyra ZM Racing<\/td>\n<td style=\"text-align: right; padding-right: 15px;\"><strong>+2:52:03<\/strong><\/td>\n<\/tr>\n<tr style=\"vertical-align: top; background-color: #f2f2f2;\">\n<td style=\"text-align: center;\"><strong>16.<\/strong><\/td>\n<td class=\"nomobile\" style=\"text-align: center;\">317<\/td>\n<td class=\"nomobile\" style=\"text-align: center;\"><span style=\"font-size: 8pt;\">T3<\/span><\/td>\n<td class=\"nomobile\" style=\"text-align: center;\"><\/td>\n<td><strong>Khalid Aljafla<\/strong><br \/>\n<strong>Bruno Jacomy<\/strong><\/td>\n<td><\/td>\n<td class=\"nomobile\"><\/td>\n<td style=\"text-align: right; padding-right: 15px;\"><strong>+3:21:53<\/strong><\/td>\n<\/tr>\n<tr style=\"vertical-align: top; background-color: #dbd9d9;\">\n<td style=\"text-align: center;\"><strong>17.<\/strong><\/td>\n<td class=\"nomobile\" style=\"text-align: center;\">320<\/td>\n<td class=\"nomobile\" style=\"text-align: center;\"><span style=\"font-size: 8pt;\">T3<\/span><\/td>\n<td class=\"nomobile\" style=\"text-align: center;\"><\/td>\n<td><strong>Anja van Loon<\/strong><br \/>\n<strong>Annefloor Maten<\/strong><\/td>\n<td>Can-Am Maverick X3<\/td>\n<td class=\"nomobile\">South Racing Can-Am<\/td>\n<td style=\"text-align: right; padding-right: 15px;\"><strong>+4:24:23<\/strong><\/td>\n<\/tr>\n<tr style=\"vertical-align: top; background-color: #f2f2f2;\">\n<td style=\"text-align: center;\"><strong>18.<\/strong><\/td>\n<td class=\"nomobile\" style=\"text-align: center;\">306<\/td>\n<td class=\"nomobile\" style=\"text-align: center;\"><span style=\"font-size: 8pt;\">T3<\/span><\/td>\n<td class=\"nomobile\" style=\"text-align: center;\"><span style=\"font-size: 8pt;\"><a href=\"\/index.php\/w2rc\/w2rc-2022\/\"><span style=\"color: #ee8027;\">W2RC<\/span><\/a><\/span><\/td>\n<td><strong>Jean-Luc Ceccaldi<\/strong><br \/>\n<strong>C\u00e9dric Duple<\/strong><\/td>\n<td>PH Sport Zephyr<\/td>\n<td class=\"nomobile\"><\/td>\n<td style=\"text-align: right; padding-right: 15px;\"><strong>+4:45:49<\/strong><\/td>\n<\/tr>\n<tr style=\"vertical-align: top; background-color: #dbd9d9;\">\n<td style=\"text-align: center;\"><strong>19.<\/strong><\/td>\n<td class=\"nomobile\" style=\"text-align: center;\">210<\/td>\n<td class=\"nomobile\" style=\"text-align: center;\"><span style=\"font-size: 8pt;\">T1<\/span><\/td>\n<td class=\"nomobile\" style=\"text-align: center;\"><span style=\"font-size: 8pt;\"><a href=\"\/index.php\/w2rc\/w2rc-2022\/\"><span style=\"color: #ee8027;\">W2RC<\/span><\/a><\/span><\/td>\n<td><strong>Yunliang Zi<\/strong><br \/>\n<strong>He Sha<\/strong><\/td>\n<td>BAIC ORV BJ40<\/td>\n<td class=\"nomobile\">BAIC ORV<\/td>\n<td style=\"text-align: right; padding-right: 15px;\"><strong>+5:04:28<\/strong><\/td>\n<\/tr>\n<tr style=\"vertical-align: top; background-color: #f2f2f2;\">\n<td style=\"text-align: center;\"><strong>20.<\/strong><\/td>\n<td class=\"nomobile\" style=\"text-align: center;\">408<\/td>\n<td class=\"nomobile\" style=\"text-align: center;\"><span style=\"font-size: 8pt;\">T4<\/span><\/td>\n<td class=\"nomobile\" style=\"text-align: center;\"><\/td>\n<td><strong>Abdullah Al Rawahi<\/strong><br \/>\n<strong>Nasser Al Kuwari<\/strong><\/td>\n<td>Can-Am Maverick X3<\/td>\n<td class=\"nomobile\">R-X Sport<\/td>\n<td style=\"text-align: right; padding-right: 15px;\"><strong>+5:11:01<\/strong><\/td>\n<\/tr>\n<tr style=\"vertical-align: top; background-color: #dbd9d9;\">\n<td style=\"text-align: center;\"><strong>21.<\/strong><\/td>\n<td class=\"nomobile\" style=\"text-align: center;\">308<\/td>\n<td class=\"nomobile\" style=\"text-align: center;\"><span style=\"font-size: 8pt;\">T3<\/span><\/td>\n<td class=\"nomobile\" style=\"text-align: center;\"><span style=\"font-size: 8pt;\"><a href=\"\/index.php\/w2rc\/w2rc-2022\/\"><span style=\"color: #ee8027;\">W2RC<\/span><\/a><\/span><\/td>\n<td><strong><a href=\"\/index.php\/osobnosti\/claude-fournier\/\"><span style=\"color: #ee8027;\">Claude Fournier<\/span><\/a><\/strong><br \/>\n<strong>Szymon Gospodarczyk<\/strong><\/td>\n<td>Can-Am Maverick X3<\/td>\n<td class=\"nomobile\"><\/td>\n<td style=\"text-align: right; padding-right: 15px;\"><strong>+6:05:20<\/strong><\/td>\n<\/tr>\n<tr style=\"vertical-align: top; background-color: #f2f2f2;\">\n<td style=\"text-align: center;\"><strong>22.<\/strong><\/td>\n<td class=\"nomobile\" style=\"text-align: center;\">406<\/td>\n<td class=\"nomobile\" style=\"text-align: center;\"><span style=\"font-size: 8pt;\">T4<\/span><\/td>\n<td class=\"nomobile\" style=\"text-align: center;\"><\/td>\n<td><strong>Enrico Gaspari<\/strong><br \/>\n<a href=\"\/index.php\/osobnosti\/loic-minaudier\/\"><span style=\"color: #ee8027;\"><strong>Lo\u00efc Minaudier<\/strong><\/span><\/a><\/td>\n<td>Polaris RZR PRO R<\/td>\n<td class=\"nomobile\"><\/td>\n<td style=\"text-align: right; padding-right: 15px;\"><strong>+6:41:40<\/strong><\/td>\n<\/tr>\n<tr style=\"vertical-align: top; background-color: #dbd9d9;\">\n<td style=\"text-align: center;\"><strong>23.<\/strong><\/td>\n<td class=\"nomobile\" style=\"text-align: center;\">305<\/td>\n<td class=\"nomobile\" style=\"text-align: center;\"><span style=\"font-size: 8pt;\">T3<\/span><\/td>\n<td class=\"nomobile\" style=\"text-align: center;\"><span style=\"font-size: 8pt;\"><a href=\"\/index.php\/w2rc\/w2rc-2022\/\"><span style=\"color: #ee8027;\">W2RC<\/span><\/a><\/span><\/td>\n<td><strong>Jo\u00e3o Ferreira<\/strong><br \/>\n<strong>Filipe Palmeiro<\/strong><\/td>\n<td>Yamaha X-raid YXZ 1000 R Turbo<\/td>\n<td class=\"nomobile\">X-raid Yamaha supported team<\/td>\n<td style=\"text-align: right; padding-right: 15px;\"><strong>+17:35:37<\/strong><\/td>\n<\/tr>\n<tr style=\"vertical-align: top; background-color: #f2f2f2;\">\n<td style=\"text-align: center;\"><strong>24.<\/strong><\/td>\n<td class=\"nomobile\" style=\"text-align: center;\">303<\/td>\n<td class=\"nomobile\" style=\"text-align: center;\"><span style=\"font-size: 8pt;\">T3<\/span><\/td>\n<td class=\"nomobile\" style=\"text-align: center;\"><span style=\"font-size: 8pt;\"><a href=\"\/index.php\/w2rc\/w2rc-2022\/\"><span style=\"color: #ee8027;\">W2RC<\/span><\/a><\/span><\/td>\n<td><strong>Mitch Guthrie<\/strong><br \/>\n<strong>Kellon Walch<\/strong><\/td>\n<td>MCE-5 T3M<\/td>\n<td class=\"nomobile\">Red Bull Off-Road Junior Team USA<\/td>\n<td style=\"text-align: right; padding-right: 15px;\"><strong>+19:03:26<\/strong><\/td>\n<\/tr>\n<tr style=\"vertical-align: top; background-color: #dbd9d9;\">\n<td style=\"text-align: center;\"><strong>25.<\/strong><\/td>\n<td class=\"nomobile\" style=\"text-align: center;\">402<\/td>\n<td class=\"nomobile\" style=\"text-align: center;\"><span style=\"font-size: 8pt;\">T4<\/span><\/td>\n<td class=\"nomobile\" style=\"text-align: center;\"><span style=\"font-size: 8pt;\"><a href=\"\/index.php\/w2rc\/w2rc-2022\/\"><span style=\"color: #ee8027;\">W2RC<\/span><\/a><\/span><\/td>\n<td><strong>\u0160insuke Umeda<\/strong><br \/>\n<strong>Facundo Jaton<\/strong><\/td>\n<td>Polaris RZR PRO R<\/td>\n<td class=\"nomobile\"><\/td>\n<td style=\"text-align: right; padding-right: 15px;\"><strong>+21:18:29<\/strong><\/td>\n<\/tr>\n<tr style=\"vertical-align: top; background-color: #f2f2f2;\">\n<td style=\"text-align: center;\"><strong>26.<\/strong><\/td>\n<td class=\"nomobile\" style=\"text-align: center;\">211<\/td>\n<td class=\"nomobile\" style=\"text-align: center;\"><span style=\"font-size: 8pt;\">T1<\/span><\/td>\n<td class=\"nomobile\" style=\"text-align: center;\"><\/td>\n<td><strong><a href=\"\/index.php\/osobnosti\/henk-lategan\/\"><span style=\"color: #ee8027;\">Henk Lategan<\/span><\/a><\/strong><br \/>\n<a href=\"\/index.php\/osobnosti\/brett-cummings\/\"><span style=\"color: #ee8027;\"><strong>Brett Cummings<\/strong><\/span><\/a><\/td>\n<td>Toyota GR DKR Hilux<\/td>\n<td class=\"nomobile\">Toyota Gazoo Racing<\/td>\n<td style=\"text-align: right; padding-right: 15px;\"><strong>+21:46:52<\/strong><\/td>\n<\/tr>\n<tr style=\"vertical-align: top; background-color: #dbd9d9;\">\n<td style=\"text-align: center;\"><strong>27.<\/strong><\/td>\n<td class=\"nomobile\" style=\"text-align: center;\">315<\/td>\n<td class=\"nomobile\" style=\"text-align: center;\"><span style=\"font-size: 8pt;\">T3<\/span><\/td>\n<td class=\"nomobile\" style=\"text-align: center;\"><\/td>\n<td><strong>Eduardo Pons<\/strong><br \/>\n<strong>Monica Plaza<\/strong><\/td>\n<td>Can-Am Maverick X3<\/td>\n<td class=\"nomobile\">South Racing Can-Am<\/td>\n<td style=\"text-align: right; padding-right: 15px;\"><strong>+22:25:43<\/strong><\/td>\n<\/tr>\n<tr style=\"vertical-align: top; background-color: #f2f2f2;\">\n<td style=\"text-align: center;\"><strong>28.<\/strong><\/td>\n<td class=\"nomobile\" style=\"text-align: center;\">311<\/td>\n<td class=\"nomobile\" style=\"text-align: center;\"><span style=\"font-size: 8pt;\">T3<\/span><\/td>\n<td class=\"nomobile\" style=\"text-align: center;\"><span style=\"font-size: 8pt;\"><a href=\"\/index.php\/w2rc\/w2rc-2022\/\"><span style=\"color: #ee8027;\">W2RC<\/span><\/a><\/span><\/td>\n<td><strong>Erik van Loon<\/strong><br \/>\n<a href=\"\/index.php\/osobnosti\/sebastien-delaunay\/\"><span style=\"color: #ee8027;\"><strong>S\u00e9bastien Delaunay<\/strong><\/span><\/a><\/td>\n<td>Can-Am Maverick X3<\/td>\n<td class=\"nomobile\">South Racing Can-Am<\/td>\n<td style=\"text-align: right; padding-right: 15px;\"><strong>+22:44:16<\/strong><\/td>\n<\/tr>\n<tr style=\"vertical-align: top; background-color: #dbd9d9;\">\n<td style=\"text-align: center;\"><strong>29.<\/strong><\/td>\n<td class=\"nomobile\" style=\"text-align: center;\">313<\/td>\n<td class=\"nomobile\" style=\"text-align: center;\"><span style=\"font-size: 8pt;\">T3<\/span><\/td>\n<td class=\"nomobile\" style=\"text-align: center;\"><span style=\"font-size: 8pt;\"><a href=\"\/index.php\/w2rc\/w2rc-2022\/\"><span style=\"color: #ee8027;\">W2RC<\/span><\/a><\/span><\/td>\n<td><strong>Annett Fischer<\/strong><br \/>\n<strong>Annie Seel<\/strong><\/td>\n<td>Yamaha X-raid YXZ 1000 R Turbo<\/td>\n<td class=\"nomobile\">X-raid Yamaha supported team<\/td>\n<td style=\"text-align: right; padding-right: 15px;\"><strong>+24:38:10<\/strong><\/td>\n<\/tr>\n<tr style=\"vertical-align: top; background-color: #f2f2f2;\">\n<td style=\"text-align: center;\"><strong>30.<\/strong><\/td>\n<td class=\"nomobile\" style=\"text-align: center;\">407<\/td>\n<td class=\"nomobile\" style=\"text-align: center;\"><span style=\"font-size: 8pt;\">T4<\/span><\/td>\n<td class=\"nomobile\" style=\"text-align: center;\"><\/td>\n<td><strong>Ricardo Ramilo<\/strong><br \/>\n<a href=\"\/index.php\/osobnosti\/dmitrij-cyro\/\"><span style=\"color: #ee8027;\"><strong>Dmitrij Cyro<\/strong><\/span><\/a><\/td>\n<td>Can-Am Maverick X3<\/td>\n<td class=\"nomobile\"><\/td>\n<td style=\"text-align: right; padding-right: 15px;\"><strong>+25:02:42<\/strong><\/td>\n<\/tr>\n<tr style=\"vertical-align: top; background-color: #dbd9d9;\">\n<td style=\"text-align: center;\"><strong>31.<\/strong><\/td>\n<td class=\"nomobile\" style=\"text-align: center;\">213<\/td>\n<td class=\"nomobile\" style=\"text-align: center;\"><span style=\"font-size: 8pt;\">T1<\/span><\/td>\n<td class=\"nomobile\" style=\"text-align: center;\"><span style=\"font-size: 8pt;\"><a href=\"\/index.php\/w2rc\/w2rc-2022\/\"><span style=\"color: #ee8027;\">W2RC<\/span><\/a><\/span><\/td>\n<td><strong>Magdalena Zajac<\/strong><br \/>\n<strong>Jacek Czachor<\/strong><\/td>\n<td>Toyota Hilux<\/td>\n<td class=\"nomobile\">Proxcars TME Rally Team<\/td>\n<td style=\"text-align: right; padding-right: 15px;\"><strong>+34:13:34<\/strong><\/td>\n<\/tr>\n<tr style=\"vertical-align: top; background-color: #f2f2f2;\">\n<td style=\"text-align: center;\"><strong>32.<\/strong><\/td>\n<td class=\"nomobile\" style=\"text-align: center;\">322<\/td>\n<td class=\"nomobile\" style=\"text-align: center;\"><span style=\"font-size: 8pt;\">T3<\/span><\/td>\n<td class=\"nomobile\" style=\"text-align: center;\"><\/td>\n<td><strong>Tim Axel Marklund<\/strong><br \/>\n<a href=\"\/index.php\/osobnosti\/alexej-kuzmic\/\"><span style=\"color: #ee8027;\"><strong>Alexej Kuzmi\u010d<\/strong><\/span><\/a><\/td>\n<td>Can-Am Maverick X3<\/td>\n<td class=\"nomobile\">South Racing Can-Am<\/td>\n<td style=\"text-align: right; padding-right: 15px;\"><strong>+37:39:44<\/strong><\/td>\n<\/tr>\n<tr style=\"vertical-align: top; background-color: #dbd9d9;\">\n<td style=\"text-align: center;\"><strong>33.<\/strong><\/td>\n<td class=\"nomobile\" style=\"text-align: center;\">324<\/td>\n<td class=\"nomobile\" style=\"text-align: center;\"><span style=\"font-size: 8pt;\">T3<\/span><\/td>\n<td class=\"nomobile\" style=\"text-align: center;\"><\/td>\n<td><strong>Hassan Al Sadadi<\/strong><br \/>\n<strong>Bader S. Alajmi<\/strong><\/td>\n<td>Can-Am Maverick X3<\/td>\n<td class=\"nomobile\">R-X Sport<\/td>\n<td style=\"text-align: right; padding-right: 15px;\"><strong>+50:00:51<\/strong><\/td>\n<\/tr>\n<tr style=\"vertical-align: top; background-color: #f2f2f2;\">\n<td style=\"text-align: center;\"><strong>34.<\/strong><\/td>\n<td class=\"nomobile\" style=\"text-align: center;\">200<\/td>\n<td class=\"nomobile\" style=\"text-align: center;\"><span style=\"font-size: 8pt;\">T1<\/span><\/td>\n<td class=\"nomobile\" style=\"text-align: center;\"><span style=\"font-size: 8pt;\"><a href=\"\/index.php\/w2rc\/w2rc-2022\/\"><span style=\"color: #ee8027;\">W2RC<\/span><\/a><\/span><\/td>\n<td><a href=\"\/index.php\/osobnosti\/loeb-sebastien\/\"><span style=\"color: #ee8027;\"><strong>S\u00e9bastien Loeb<\/strong><\/span><\/a><br \/>\n<a href=\"\/index.php\/osobnosti\/fabian-lurquin\/\"><span style=\"color: #ee8027;\"><strong>Fabian Lurquin<\/strong><\/span><\/a><\/td>\n<td>Prodrive Hunter<\/td>\n<td class=\"nomobile\">Bahrain Raid Xtreme<\/td>\n<td style=\"text-align: right; padding-right: 15px;\"><strong>+71:02:11<\/strong><\/td>\n<\/tr>\n<tr style=\"vertical-align: top; background-color: #dbd9d9;\">\n<td style=\"text-align: center;\"><strong>35.<\/strong><\/td>\n<td class=\"nomobile\" style=\"text-align: center;\">300<\/td>\n<td class=\"nomobile\" style=\"text-align: center;\"><span style=\"font-size: 8pt;\">T3<\/span><\/td>\n<td class=\"nomobile\" style=\"text-align: center;\"><span style=\"font-size: 8pt;\"><a href=\"\/index.php\/w2rc\/w2rc-2022\/\"><span style=\"color: #ee8027;\">W2RC<\/span><\/a><\/span><\/td>\n<td><strong><a href=\"\/index.php\/osobnosti\/mattias-ekstrom\/\"><span style=\"color: #ee8027;\">Mattias Ekstr\u00f6m<\/span><\/a><\/strong><br \/>\n<a href=\"\/index.php\/osobnosti\/emil-bergkvist\/\"><span style=\"color: #ee8027;\"><strong>Emil Bergkvist<\/strong><\/span><\/a><\/td>\n<td>Can-Am Maverick X3<\/td>\n<td class=\"nomobile\">South Racing Can-Am<\/td>\n<td style=\"text-align: right; padding-right: 15px;\"><strong>+74:59:34<\/strong><\/td>\n<\/tr>\n<tr style=\"background-color: #808080; color: white;\">\n<td style=\"text-align: left;\" colspan=\"8\"><\/td>\n<\/tr>\n<tr style=\"vertical-align: top; background-color: #f2f2f2;\">\n<td style=\"text-align: center;\"><strong>DNF<\/strong><\/td>\n<td class=\"nomobile\" style=\"text-align: center;\">201<\/td>\n<td class=\"nomobile\" style=\"text-align: center;\"><span style=\"font-size: 8pt;\">T1<\/span><\/td>\n<td class=\"nomobile\" style=\"text-align: center;\"><span style=\"font-size: 8pt;\"><a href=\"\/index.php\/w2rc\/w2rc-2022\/\"><span style=\"color: #ee8027;\">W2RC<\/span><\/a><\/span><\/td>\n<td><strong><a href=\"\/index.php\/osobnosti\/nasser-al-attiyah\/\"><span style=\"color: #ee8027;\">Nasser Al-Attiyah<\/span><\/a><\/strong><br \/>\n<a href=\"\/index.php\/osobnosti\/mathieu-baumel\/\"><span style=\"color: #ee8027;\"><strong>Mathieu Baumel<\/strong><\/span><\/a><\/td>\n<td>Toyota GR DKR Hilux<\/td>\n<td class=\"nomobile\">Toyota Gazoo Racing<\/td>\n<td style=\"text-align: right; padding-right: 15px;\"><strong><span style=\"font-size: 8pt;\">po 3. etap\u011b<\/span><\/strong><\/td>\n<\/tr>\n<tr style=\"vertical-align: top; background-color: #dbd9d9;\">\n<td style=\"text-align: center;\"><strong>DNF<\/strong><\/td>\n<td class=\"nomobile\" style=\"text-align: center;\">202<\/td>\n<td class=\"nomobile\" style=\"text-align: center;\"><span style=\"font-size: 8pt;\">T1<\/span><\/td>\n<td class=\"nomobile\" style=\"text-align: center;\"><span style=\"font-size: 8pt;\"><a href=\"\/index.php\/w2rc\/w2rc-2022\/\"><span style=\"color: #ee8027;\">W2RC<\/span><\/a><\/span><\/td>\n<td><strong><a href=\"\/index.php\/osobnosti\/guerlain-chicherit\/\"><span style=\"color: #ee8027;\">Guerlain Chicherit<\/span><\/a><\/strong><br \/>\n<a href=\"\/index.php\/osobnosti\/alexandre-winocq\/\"><span style=\"color: #ee8027;\"><strong>Alex Winocq<\/strong><\/span><\/a><\/td>\n<td>Prodrive Hunter<\/td>\n<td class=\"nomobile\">GCK Motorsport<\/td>\n<td style=\"text-align: right; padding-right: 15px;\"><strong><span style=\"font-size: 8pt;\">po 1. etap\u011b<\/span><\/strong><\/td>\n<\/tr>\n<tr style=\"vertical-align: top; background-color: #f2f2f2;\">\n<td style=\"text-align: center;\"><strong>DNF<\/strong><\/td>\n<td class=\"nomobile\" style=\"text-align: center;\">208<\/td>\n<td class=\"nomobile\" style=\"text-align: center;\"><span style=\"font-size: 8pt;\">T1<\/span><\/td>\n<td class=\"nomobile\" style=\"text-align: center;\"><span style=\"font-size: 8pt;\"><a href=\"\/index.php\/w2rc\/w2rc-2022\/\"><span style=\"color: #ee8027;\">W2RC<\/span><\/a><\/span><\/td>\n<td><strong><a href=\"\/index.php\/osobnosti\/denis-krotov\/\"><span style=\"color: #ee8027;\">Denis Krotov<\/span><\/a><\/strong><br \/>\n<strong>Konstantin \u017dilcov<\/strong><\/td>\n<td>Mini JCW Rally Plus<\/td>\n<td class=\"nomobile\">X-raid Mini JCW Team<\/td>\n<td style=\"text-align: right; padding-right: 15px;\"><strong><span style=\"font-size: 8pt;\">5. etapa<\/span><\/strong><\/td>\n<\/tr>\n<tr style=\"vertical-align: top; background-color: #dbd9d9;\">\n<td style=\"text-align: center;\"><strong>DNF<\/strong><\/td>\n<td class=\"nomobile\" style=\"text-align: center;\">212<\/td>\n<td class=\"nomobile\" style=\"text-align: center;\"><span style=\"font-size: 8pt;\">T1<\/span><\/td>\n<td class=\"nomobile\" style=\"text-align: center;\"><span style=\"font-size: 8pt;\"><a href=\"\/index.php\/w2rc\/w2rc-2022\/\"><span style=\"color: #ee8027;\">W2RC<\/span><\/a><\/span><\/td>\n<td><strong>Tian Po<\/strong><br \/>\n<strong>Du Xuanyi<\/strong><\/td>\n<td>Lichi HW2021<\/td>\n<td class=\"nomobile\">Hanwei Motorsport Team<\/td>\n<td style=\"text-align: right; padding-right: 15px;\"><\/td>\n<\/tr>\n<tr style=\"vertical-align: top; background-color: #f2f2f2;\">\n<td style=\"text-align: center;\"><strong>DNF<\/strong><\/td>\n<td class=\"nomobile\" style=\"text-align: center;\">215<\/td>\n<td class=\"nomobile\" style=\"text-align: center;\"><span style=\"font-size: 8pt;\">T1<\/span><\/td>\n<td class=\"nomobile\" style=\"text-align: center;\"><\/td>\n<td><strong>Yahya Al Helei<\/strong><br \/>\n<a href=\"\/index.php\/osobnosti\/khalid-alkendi\/\"><span style=\"color: #ee8027;\"><strong>Khalid Alkendi<\/strong><\/span><\/a><\/td>\n<td>Nissan Pick Up<\/td>\n<td class=\"nomobile\"><\/td>\n<td style=\"text-align: right; padding-right: 15px;\"><\/td>\n<\/tr>\n<tr style=\"vertical-align: top; background-color: #dbd9d9;\">\n<td style=\"text-align: center;\"><strong>DNF<\/strong><\/td>\n<td class=\"nomobile\" style=\"text-align: center;\">216<\/td>\n<td class=\"nomobile\" style=\"text-align: center;\"><span style=\"font-size: 8pt;\">T1<\/span><\/td>\n<td class=\"nomobile\" style=\"text-align: center;\"><\/td>\n<td><strong>Abdullah Al Zubair<\/strong><br \/>\n<strong>Faisal Al Raisi<\/strong><\/td>\n<td>Jeep Wrangler<\/td>\n<td class=\"nomobile\"><\/td>\n<td style=\"text-align: right; padding-right: 15px;\"><\/td>\n<\/tr>\n<tr style=\"vertical-align: top; background-color: #f2f2f2;\">\n<td style=\"text-align: center;\"><strong>DNF<\/strong><\/td>\n<td class=\"nomobile\" style=\"text-align: center;\">304<\/td>\n<td class=\"nomobile\" style=\"text-align: center;\"><span style=\"font-size: 8pt;\">T3<\/span><\/td>\n<td class=\"nomobile\" style=\"text-align: center;\"><span style=\"font-size: 8pt;\"><a href=\"\/index.php\/w2rc\/w2rc-2022\/\"><span style=\"color: #ee8027;\">W2RC<\/span><\/a><\/span><\/td>\n<td><a href=\"\/index.php\/osobnosti\/cristina-gutierrez\/\"><span style=\"color: #ee8027;\"><strong>Cristina Guti\u00e9rrez<\/strong><\/span><\/a><br \/>\n<strong>Pablo Moreno<\/strong><\/td>\n<td>Can-Am Maverick X3<\/td>\n<td class=\"nomobile\">Red Bull Can-Am Factory Team<\/td>\n<td style=\"text-align: right; padding-right: 15px;\"><strong><span style=\"font-size: 8pt;\">4. etapa<\/span><\/strong><\/td>\n<\/tr>\n<tr style=\"vertical-align: top; background-color: #dbd9d9;\">\n<td style=\"text-align: center;\"><strong>DSQ<\/strong><\/td>\n<td class=\"nomobile\" style=\"text-align: center;\">309<\/td>\n<td class=\"nomobile\" style=\"text-align: center;\"><span style=\"font-size: 8pt;\">T3<\/span><\/td>\n<td class=\"nomobile\" style=\"text-align: center;\"><span style=\"font-size: 8pt;\"><a href=\"\/index.php\/w2rc\/w2rc-2022\/\"><span style=\"color: #ee8027;\">W2RC<\/span><\/a><\/span><\/td>\n<td><strong>Dania Akeel<\/strong><br \/>\n<strong>Taye Perry<\/strong><\/td>\n<td>Can-Am Maverick X3<\/td>\n<td class=\"nomobile\">South Racing Can-Am<\/td>\n<td style=\"text-align: right; padding-right: 15px;\"><\/td>\n<\/tr>\n<tr style=\"vertical-align: top; background-color: #f2f2f2;\">\n<td style=\"text-align: center;\"><strong>DNF<\/strong><\/td>\n<td class=\"nomobile\" style=\"text-align: center;\">318<\/td>\n<td class=\"nomobile\" style=\"text-align: center;\"><span style=\"font-size: 8pt;\">T3<\/span><\/td>\n<td class=\"nomobile\" style=\"text-align: center;\"><\/td>\n<td><strong>Nazar Al Shanfari<\/strong><br \/>\n<strong>Ali Mirza<\/strong><\/td>\n<td>Can-Am Maverick X3<\/td>\n<td class=\"nomobile\">R-X Sport<\/td>\n<td style=\"text-align: right; padding-right: 15px;\"><\/td>\n<\/tr>\n<tr style=\"vertical-align: top; background-color: #dbd9d9;\">\n<td style=\"text-align: center;\"><strong>DNF<\/strong><\/td>\n<td class=\"nomobile\" style=\"text-align: center;\">321<\/td>\n<td class=\"nomobile\" style=\"text-align: center;\"><span style=\"font-size: 8pt;\">T3<\/span><\/td>\n<td class=\"nomobile\" style=\"text-align: center;\"><\/td>\n<td><strong>Glenn Brinkman<\/strong><br \/>\n<strong>Dale Moscatt<\/strong><\/td>\n<td>PH Sport Zephyr<\/td>\n<td class=\"nomobile\"><\/td>\n<td style=\"text-align: right; padding-right: 15px;\"><\/td>\n<\/tr>\n<tr style=\"vertical-align: top; background-color: #f2f2f2;\">\n<td style=\"text-align: center;\"><strong>DNF<\/strong><\/td>\n<td class=\"nomobile\" style=\"text-align: center;\">323<\/td>\n<td class=\"nomobile\" style=\"text-align: center;\"><span style=\"font-size: 8pt;\">T3<\/span><\/td>\n<td class=\"nomobile\" style=\"text-align: center;\"><\/td>\n<td><strong>Yungang Zi<\/strong><br \/>\n<strong>Zengrong Wang<\/strong><\/td>\n<td>GRallyTeam OT3<\/td>\n<td class=\"nomobile\">BAIC ORV<\/td>\n<td style=\"text-align: right; padding-right: 15px;\"><\/td>\n<\/tr>\n<tr style=\"vertical-align: top; background-color: #dbd9d9;\">\n<td style=\"text-align: center;\"><strong>DNF<\/strong><\/td>\n<td class=\"nomobile\" style=\"text-align: center;\">403<\/td>\n<td class=\"nomobile\" style=\"text-align: center;\"><span style=\"font-size: 8pt;\">T4<\/span><\/td>\n<td class=\"nomobile\" style=\"text-align: center;\"><span style=\"font-size: 8pt;\"><a href=\"\/index.php\/w2rc\/w2rc-2022\/\"><span style=\"color: #ee8027;\">W2RC<\/span><\/a><\/span><\/td>\n<td><strong>Mich\u00e8le Cinotto<\/strong><br \/>\n<strong>Maurizio Dominella<\/strong><\/td>\n<td>Polaris RZR PRO R<\/td>\n<td class=\"nomobile\"><\/td>\n<td style=\"text-align: right; padding-right: 15px;\"><\/td>\n<\/tr>\n<tr style=\"vertical-align: top; background-color: #f2f2f2;\">\n<td style=\"text-align: center;\"><strong>DNF<\/strong><\/td>\n<td class=\"nomobile\" style=\"text-align: center;\">404<\/td>\n<td class=\"nomobile\" style=\"text-align: center;\"><span style=\"font-size: 8pt;\">T4<\/span><\/td>\n<td class=\"nomobile\" style=\"text-align: center;\"><\/td>\n<td><a href=\"\/index.php\/osobnosti\/eugenio-amos\/\"><span style=\"color: #ee8027;\"><strong>Eugenio Amos<\/strong><\/span><\/a><br \/>\n<a href=\"\/index.php\/osobnosti\/paolo-ceci\/\"><span style=\"color: #ee8027;\"><strong>Paolo Ceci<\/strong><\/span><\/a><\/td>\n<td>Can-Am Maverick X3<\/td>\n<td class=\"nomobile\">South Racing Can-Am<\/td>\n<td style=\"text-align: right; padding-right: 15px;\"><\/td>\n<\/tr>\n<tr style=\"background-color: #808080; color: white;\">\n<td style=\"text-align: left;\" colspan=\"8\"><span style=\"font-size: 8pt;\">V r\u00e1mci hodnocen\u00ed FIA odstartovalo 48 vozidel, v c\u00edli klasifikov\u00e1no 35.<br \/>\n<\/span><\/td>\n<\/tr>\n<\/tbody>\n<\/table>\n<p>[\/vc_column_text][\/vc_tta_section][vc_tta_section title=&#8221;T3&#8243; tab_id=&#8221;t3&#8243;][vc_column_text css_animation=&#8221;fadeIn&#8221;]<\/p>\n<table style=\"width: 97.7654%;\" rules=\"rows\" cellpadding=\"4px\">\n<tbody>\n<tr style=\"background-color: #808080; color: white;\">\n<td style=\"text-align: center;\" colspan=\"7\"><span style=\"font-size: 12pt;\"><strong>ABU DHABI DESERT CHALLENGE 2023<br \/>\nSKUPINA T3 (LEHK\u00c9 PROTOTYPY)<br \/>\nkone\u010dn\u00e9 v\u00fdsledky<\/strong><\/span><\/td>\n<\/tr>\n<tr style=\"vertical-align: top; background-color: #dbd9d9;\">\n<td>1.<\/td>\n<td class=\"nomobile\" style=\"text-align: center;\">302<\/td>\n<td class=\"nomobile\" style=\"text-align: center;\"><span style=\"font-size: 8pt;\"><a href=\"\/index.php\/w2rc\/w2rc-2022\/\"><span style=\"color: #ee8027;\">W2RC<\/span><\/a><\/span><\/td>\n<td>Seth Quintero<br \/>\nDennis Zenz<\/td>\n<td>Can-Am Maverick X3<\/td>\n<td class=\"nomobile\">Red Bull Off-Road Junior Team USA<\/td>\n<td style=\"text-align: right;\">16:58:31<\/td>\n<\/tr>\n<tr style=\"vertical-align: top; background-color: #f2f2f2;\">\n<td>2.<\/td>\n<td class=\"nomobile\" style=\"text-align: center;\">301<\/td>\n<td class=\"nomobile\" style=\"text-align: center;\"><span style=\"font-size: 8pt;\"><a href=\"\/index.php\/w2rc\/w2rc-2022\/\"><span style=\"color: #ee8027;\">W2RC<\/span><\/a><\/span><\/td>\n<td><a href=\"\/index.php\/osobnosti\/austin-jones\/\"><span style=\"color: #ee8027;\">Austin Jones<\/span><\/a><br \/>\n<a href=\"\/index.php\/osobnosti\/gustavo-gugelmin\/\"><span style=\"color: #ee8027;\">Gustavo Gugelmin<\/span><\/a><\/td>\n<td>Can-Am Maverick X3<\/td>\n<td class=\"nomobile\">Red Bull Off-Road Junior Team USA<\/td>\n<td style=\"text-align: right;\">+27:45<\/td>\n<\/tr>\n<tr style=\"vertical-align: top; background-color: #dbd9d9;\">\n<td>3.<\/td>\n<td class=\"nomobile\" style=\"text-align: center;\">314<\/td>\n<td class=\"nomobile\" style=\"text-align: center;\"><\/td>\n<td>Hern\u00e1n Garc\u00e9s Echeverr\u00eda<br \/>\nJuan Pablo Latrach<\/td>\n<td>Can-Am Maverick X3<\/td>\n<td class=\"nomobile\">South Racing Can-Am<\/td>\n<td style=\"text-align: right;\">+56:28<\/td>\n<\/tr>\n<tr style=\"vertical-align: top; background-color: #f2f2f2;\">\n<td>4.<\/td>\n<td class=\"nomobile\" style=\"text-align: center;\">319<\/td>\n<td class=\"nomobile\" style=\"text-align: center;\"><\/td>\n<td>Lionel Baud<br \/>\nLucie Baud<\/td>\n<td>GRallyTeam OT3<\/td>\n<td class=\"nomobile\">GRallyTeam<\/td>\n<td style=\"text-align: right;\">+1:27:58<\/td>\n<\/tr>\n<tr style=\"vertical-align: top; background-color: #dbd9d9;\">\n<td>5.<\/td>\n<td class=\"nomobile\" style=\"text-align: center;\">310<\/td>\n<td class=\"nomobile\" style=\"text-align: center;\"><span style=\"font-size: 8pt;\"><a href=\"\/index.php\/w2rc\/w2rc-2022\/\"><span style=\"color: #ee8027;\">W2RC<\/span><\/a><\/span><\/td>\n<td>Aliyyah Koloc<br \/>\nSt\u00e9phane Duple<\/td>\n<td>Buggyra Can-Am DV21<\/td>\n<td class=\"nomobile\">Buggyra ZM Racing<\/td>\n<td style=\"text-align: right;\">+2:21:38<\/td>\n<\/tr>\n<tr style=\"vertical-align: top; background-color: #f2f2f2;\">\n<td>6.<\/td>\n<td class=\"nomobile\" style=\"text-align: center;\">317<\/td>\n<td class=\"nomobile\" style=\"text-align: center;\"><\/td>\n<td>Khalid Aljafla<br \/>\nBruno Jacomy<\/td>\n<td><\/td>\n<td class=\"nomobile\"><\/td>\n<td style=\"text-align: right;\">+2:51:28<\/td>\n<\/tr>\n<tr style=\"vertical-align: top; background-color: #dbd9d9;\">\n<td>7.<\/td>\n<td class=\"nomobile\" style=\"text-align: center;\">320<\/td>\n<td class=\"nomobile\" style=\"text-align: center;\"><\/td>\n<td>Anja van Loon<br \/>\nAnnefloor Maten<\/td>\n<td>Can-Am Maverick X3<\/td>\n<td class=\"nomobile\">South Racing Can-Am<\/td>\n<td style=\"text-align: right;\">+3:53:58<\/td>\n<\/tr>\n<tr style=\"vertical-align: top; background-color: #f2f2f2;\">\n<td>8.<\/td>\n<td class=\"nomobile\" style=\"text-align: center;\">306<\/td>\n<td class=\"nomobile\" style=\"text-align: center;\"><span style=\"font-size: 8pt;\"><a href=\"\/index.php\/w2rc\/w2rc-2022\/\"><span style=\"color: #ee8027;\">W2RC<\/span><\/a><\/span><\/td>\n<td>Jean-Luc Ceccaldi<br \/>\nC\u00e9dric Duple<\/td>\n<td>PH Sport Zephyr<\/td>\n<td class=\"nomobile\"><\/td>\n<td style=\"text-align: right;\">+4:15:24<\/td>\n<\/tr>\n<tr style=\"vertical-align: top; background-color: #dbd9d9;\">\n<td>9.<\/td>\n<td class=\"nomobile\" style=\"text-align: center;\">308<\/td>\n<td class=\"nomobile\" style=\"text-align: center;\"><span style=\"font-size: 8pt;\"><a href=\"\/index.php\/w2rc\/w2rc-2022\/\"><span style=\"color: #ee8027;\">W2RC<\/span><\/a><\/span><\/td>\n<td><a href=\"\/index.php\/osobnosti\/claude-fournier\/\"><span style=\"color: #ee8027;\">Claude Fournier<\/span><\/a><br \/>\nSzymon Gospodarczyk<\/td>\n<td>Can-Am Maverick X3<\/td>\n<td class=\"nomobile\"><\/td>\n<td style=\"text-align: right;\">+5:34:55<\/td>\n<\/tr>\n<tr style=\"vertical-align: top; background-color: #f2f2f2;\">\n<td>10.<\/td>\n<td class=\"nomobile\" style=\"text-align: center;\">305<\/td>\n<td class=\"nomobile\" style=\"text-align: center;\"><span style=\"font-size: 8pt;\"><a href=\"\/index.php\/w2rc\/w2rc-2022\/\"><span style=\"color: #ee8027;\">W2RC<\/span><\/a><\/span><\/td>\n<td>Jo\u00e3o Ferreira<br \/>\nFilipe Palmeiro<\/td>\n<td>Yamaha X-raid YXZ 1000 R Turbo<\/td>\n<td class=\"nomobile\">X-raid Yamaha supported team<\/td>\n<td style=\"text-align: right;\">+17:05:12<\/td>\n<\/tr>\n<tr style=\"vertical-align: top; background-color: #dbd9d9;\">\n<td>11.<\/td>\n<td class=\"nomobile\" style=\"text-align: center;\">303<\/td>\n<td class=\"nomobile\" style=\"text-align: center;\"><span style=\"font-size: 8pt;\"><a href=\"\/index.php\/w2rc\/w2rc-2022\/\"><span style=\"color: #ee8027;\">W2RC<\/span><\/a><\/span><\/td>\n<td>Mitch Guthrie<br \/>\nKellon Walch<\/td>\n<td>MCE-5 TM3<\/td>\n<td class=\"nomobile\">Red Bull Off-Road Junior Team USA<\/td>\n<td style=\"text-align: right;\">+18:33:01<\/td>\n<\/tr>\n<tr style=\"vertical-align: top; background-color: #f2f2f2;\">\n<td>12.<\/td>\n<td class=\"nomobile\" style=\"text-align: center;\">315<\/td>\n<td class=\"nomobile\" style=\"text-align: center;\"><\/td>\n<td>Eduardo Pons<br \/>\nMonica Plaza<\/td>\n<td>Can-Am Maverick X3<\/td>\n<td class=\"nomobile\">South Racing Can-Am<\/td>\n<td style=\"text-align: right;\">+21:55:18<\/td>\n<\/tr>\n<tr style=\"vertical-align: top; background-color: #dbd9d9;\">\n<td>13.<\/td>\n<td class=\"nomobile\" style=\"text-align: center;\">311<\/td>\n<td class=\"nomobile\" style=\"text-align: center;\"><span style=\"font-size: 8pt;\"><a href=\"\/index.php\/w2rc\/w2rc-2022\/\"><span style=\"color: #ee8027;\">W2RC<\/span><\/a><\/span><\/td>\n<td>Erik van Loon<br \/>\n<a href=\"\/index.php\/osobnosti\/sebastien-delaunay\/\"><span style=\"color: #ee8027;\">S\u00e9bastien Delaunay<\/span><\/a><\/td>\n<td>Can-Am Maverick X3<\/td>\n<td class=\"nomobile\">South Racing Can-Am<\/td>\n<td style=\"text-align: right;\">+22:13:51<\/td>\n<\/tr>\n<tr style=\"vertical-align: top; background-color: #f2f2f2;\">\n<td>14.<\/td>\n<td class=\"nomobile\" style=\"text-align: center;\">313<\/td>\n<td class=\"nomobile\" style=\"text-align: center;\"><span style=\"font-size: 8pt;\"><a href=\"\/index.php\/w2rc\/w2rc-2022\/\"><span style=\"color: #ee8027;\">W2RC<\/span><\/a><\/span><\/td>\n<td>Annett Fischer<br \/>\nAnnie Seel<\/td>\n<td>Yamaha X-raid YXZ 1000 R Turbo<\/td>\n<td class=\"nomobile\">X-raid Yamaha supported team<\/td>\n<td style=\"text-align: right;\">+24:07:45<\/td>\n<\/tr>\n<tr style=\"vertical-align: top; background-color: #dbd9d9;\">\n<td>15.<\/td>\n<td class=\"nomobile\" style=\"text-align: center;\">322<\/td>\n<td class=\"nomobile\" style=\"text-align: center;\"><\/td>\n<td>Tim Axel Marklund<br \/>\n<a href=\"\/index.php\/osobnosti\/alexej-kuzmic\/\"><span style=\"color: #ee8027;\">Alexej Kuzmi\u010d<\/span><\/a><\/td>\n<td>Can-Am Maverick X3<\/td>\n<td class=\"nomobile\">South Racing Can-Am<\/td>\n<td style=\"text-align: right;\">+37:09:19<\/td>\n<\/tr>\n<tr style=\"vertical-align: top; background-color: #f2f2f2;\">\n<td>16.<\/td>\n<td class=\"nomobile\" style=\"text-align: center;\">324<\/td>\n<td class=\"nomobile\" style=\"text-align: center;\"><\/td>\n<td>Hassan Al Sadadi<br \/>\nBader S. Alajmi<\/td>\n<td>Can-Am Maverick X3<\/td>\n<td class=\"nomobile\">R-X Sport<\/td>\n<td style=\"text-align: right;\">+49:30:26<\/td>\n<\/tr>\n<tr style=\"vertical-align: top; background-color: #dbd9d9;\">\n<td>17.<\/td>\n<td class=\"nomobile\" style=\"text-align: center;\">300<\/td>\n<td class=\"nomobile\" style=\"text-align: center;\"><span style=\"font-size: 8pt;\"><a href=\"\/index.php\/w2rc\/w2rc-2022\/\"><span style=\"color: #ee8027;\">W2RC<\/span><\/a><\/span><\/td>\n<td><a href=\"\/index.php\/osobnosti\/mattias-ekstrom\/\"><span style=\"color: #ee8027;\">Mattias Ekstr\u00f6m<\/span><\/a><br \/>\n<a href=\"\/index.php\/osobnosti\/emil-bergkvist\/\"><span style=\"color: #ee8027;\">Emil Bergkvist<\/span><\/a><\/td>\n<td>Can-Am Maverick X3<\/td>\n<td class=\"nomobile\">South Racing Can-Am<\/td>\n<td style=\"text-align: right;\">+74:29:09<\/td>\n<\/tr>\n<tr style=\"background-color: #808080; color: white;\">\n<td style=\"text-align: left;\" colspan=\"7\"><\/td>\n<\/tr>\n<tr style=\"vertical-align: top; background-color: #f2f2f2;\">\n<td>DNF<\/td>\n<td class=\"nomobile\" style=\"text-align: center;\">304<\/td>\n<td class=\"nomobile\" style=\"text-align: center;\"><span style=\"font-size: 8pt;\"><a href=\"\/index.php\/w2rc\/w2rc-2022\/\"><span style=\"color: #ee8027;\">W2RC<\/span><\/a><\/span><\/td>\n<td><a href=\"\/index.php\/osobnosti\/cristina-gutierrez\/\"><span style=\"color: #ee8027;\">Cristina Guti\u00e9rrez<\/span><\/a><br \/>\nPablo Moreno<\/td>\n<td>Can-Am Maverick X3<\/td>\n<td class=\"nomobile\">Red Bull Can-Am Factory Team<\/td>\n<td style=\"text-align: right;\"><span style=\"font-size: 8pt;\">4. etapa<\/span><\/td>\n<\/tr>\n<tr style=\"vertical-align: top; background-color: #dbd9d9;\">\n<td>DSQ<\/td>\n<td class=\"nomobile\" style=\"text-align: center;\">309<\/td>\n<td class=\"nomobile\" style=\"text-align: center;\"><span style=\"font-size: 8pt;\"><a href=\"\/index.php\/w2rc\/w2rc-2022\/\"><span style=\"color: #ee8027;\">W2RC<\/span><\/a><\/span><\/td>\n<td>Dania Akeel<br \/>\nTaye Perry<\/td>\n<td>Can-Am Maverick X3<\/td>\n<td class=\"nomobile\">South Racing Can-Am<\/td>\n<td style=\"text-align: right;\"><\/td>\n<\/tr>\n<tr style=\"vertical-align: top; background-color: #f2f2f2;\">\n<td>DNF<\/td>\n<td class=\"nomobile\" style=\"text-align: center;\">318<\/td>\n<td class=\"nomobile\" style=\"text-align: center;\"><\/td>\n<td>Nazar Al Shanfari<br \/>\nAli Mirza<\/td>\n<td>Can-Am Maverick X3<\/td>\n<td class=\"nomobile\">R-X Sport<\/td>\n<td style=\"text-align: right;\"><\/td>\n<\/tr>\n<tr style=\"vertical-align: top; background-color: #dbd9d9;\">\n<td>DNF<\/td>\n<td class=\"nomobile\" style=\"text-align: center;\">321<\/td>\n<td class=\"nomobile\" style=\"text-align: center;\"><\/td>\n<td>Glenn Brinkman<br \/>\nDale Moscatt<\/td>\n<td>PH Sport Zephyr<\/td>\n<td class=\"nomobile\"><\/td>\n<td style=\"text-align: right;\"><\/td>\n<\/tr>\n<tr style=\"vertical-align: top; background-color: #f2f2f2;\">\n<td>DNF<\/td>\n<td class=\"nomobile\" style=\"text-align: center;\">323<\/td>\n<td class=\"nomobile\" style=\"text-align: center;\"><\/td>\n<td>Yungang Zi<br \/>\nZengrong Wang<\/td>\n<td>GRallyTeam OT3<\/td>\n<td class=\"nomobile\">BAIC ORV<\/td>\n<td style=\"text-align: right;\"><\/td>\n<\/tr>\n<tr style=\"background-color: #808080; color: white;\">\n<td style=\"text-align: left;\" colspan=\"7\"><span style=\"font-size: 8pt;\">Ve skupin\u011b T3 odstartovalo 22 vozidel, v c\u00edli klasifikov\u00e1no 17.<br \/>\n<\/span><\/td>\n<\/tr>\n<\/tbody>\n<\/table>\n<p>[\/vc_column_text][\/vc_tta_section][vc_tta_section title=&#8221;T4&#8243; tab_id=&#8221;t4&#8243;][vc_column_text css_animation=&#8221;fadeIn&#8221;]<\/p>\n<table style=\"width: 97.7654%;\" rules=\"rows\" cellpadding=\"4px\">\n<tbody>\n<tr style=\"background-color: #808080; color: white;\">\n<td style=\"text-align: center;\" colspan=\"7\"><span style=\"font-size: 12pt;\"><strong>ABU DHABI DESERT CHALLENGE 2023<br \/>\nSKUPINA T4 (SSV)<br \/>\nkone\u010dn\u00e9 v\u00fdsledky<br \/>\n<\/strong><\/span><\/td>\n<\/tr>\n<tr style=\"vertical-align: top; background-color: #dbd9d9;\">\n<td>1.<\/td>\n<td class=\"nomobile\" style=\"text-align: center;\">400<\/td>\n<td class=\"nomobile\" style=\"text-align: center;\"><span style=\"font-size: 8pt;\"><a href=\"\/index.php\/w2rc\/w2rc-2022\/\"><span style=\"color: #ee8027;\">W2RC<\/span><\/a><\/span><\/td>\n<td>Rokas Baciu\u0161ka<br \/>\nOriol Vidal<\/td>\n<td>Can-Am Maverick X3<\/td>\n<td class=\"nomobile\">Red Bull Can-Am Factory Team<\/td>\n<td style=\"text-align: right;\">17:25:47<\/td>\n<\/tr>\n<tr style=\"vertical-align: top; background-color: #f2f2f2;\">\n<td>2.<\/td>\n<td class=\"nomobile\" style=\"text-align: center;\">405<\/td>\n<td class=\"nomobile\" style=\"text-align: center;\"><\/td>\n<td>Mansour Al Helei<br \/>\nMohamed Al Hamri<\/td>\n<td>Can-Am Maverick X3<\/td>\n<td class=\"nomobile\">Abu Dhabi Team<\/td>\n<td style=\"text-align: right;\">+12:03<\/td>\n<\/tr>\n<tr style=\"vertical-align: top; background-color: #dbd9d9;\">\n<td>3.<\/td>\n<td class=\"nomobile\" style=\"text-align: center;\">401<\/td>\n<td class=\"nomobile\" style=\"text-align: center;\"><span style=\"font-size: 8pt;\"><a href=\"\/index.php\/w2rc\/w2rc-2022\/\"><span style=\"color: #ee8027;\">W2RC<\/span><\/a><\/span><\/td>\n<td>Pau Navarro<br \/>\n<a href=\"\/index.php\/osobnosti\/francois-cazalet\/\"><span style=\"color: #ee8027;\">Fran\u00e7ois Cazalet<\/span><\/a><\/td>\n<td>Can-Am Maverick X3<\/td>\n<td class=\"nomobile\">FN Speed Team<\/td>\n<td style=\"text-align: right;\">+26:00<\/td>\n<\/tr>\n<tr style=\"vertical-align: top; background-color: #f2f2f2;\">\n<td>4.<\/td>\n<td class=\"nomobile\" style=\"text-align: center;\">408<\/td>\n<td class=\"nomobile\" style=\"text-align: center;\"><\/td>\n<td>Abdullah Al Rawahi<br \/>\nNasser Al Kuwari<\/td>\n<td>Can-Am Maverick X3<\/td>\n<td class=\"nomobile\">R-X Sport<\/td>\n<td style=\"text-align: right;\">+4:13:20<\/td>\n<\/tr>\n<tr style=\"vertical-align: top; background-color: #dbd9d9;\">\n<td>5.<\/td>\n<td class=\"nomobile\" style=\"text-align: center;\">406<\/td>\n<td class=\"nomobile\" style=\"text-align: center;\"><\/td>\n<td>Enrico Gaspari<br \/>\n<a href=\"\/index.php\/osobnosti\/loic-minaudier\/\"><span style=\"color: #ee8027;\">Lo\u00efc Minaudier<\/span><\/a><\/td>\n<td>Polaris RZR PRO R<\/td>\n<td class=\"nomobile\"><\/td>\n<td style=\"text-align: right;\">+5:43:59<\/td>\n<\/tr>\n<tr style=\"vertical-align: top; background-color: #f2f2f2;\">\n<td>6.<\/td>\n<td class=\"nomobile\" style=\"text-align: center;\">402<\/td>\n<td class=\"nomobile\" style=\"text-align: center;\"><span style=\"font-size: 8pt;\"><a href=\"\/index.php\/w2rc\/w2rc-2022\/\"><span style=\"color: #ee8027;\">W2RC<\/span><\/a><\/span><\/td>\n<td>\u0160insuke Umeda<br \/>\nFacundo Jaton<\/td>\n<td>Polaris RZR PRO R<\/td>\n<td class=\"nomobile\"><\/td>\n<td style=\"text-align: right;\">+20:20:48<\/td>\n<\/tr>\n<tr style=\"vertical-align: top; background-color: #dbd9d9;\">\n<td>7.<\/td>\n<td class=\"nomobile\" style=\"text-align: center;\">407<\/td>\n<td class=\"nomobile\" style=\"text-align: center;\"><\/td>\n<td>Ricardo Ramilo<br \/>\n<a href=\"\/index.php\/osobnosti\/dmitrij-cyro\/\"><span style=\"color: #ee8027;\">Dmitrij Cyro<\/span><\/a><\/td>\n<td>Can-Am Maverick X3<\/td>\n<td class=\"nomobile\"><\/td>\n<td style=\"text-align: right;\">+24:05:01<\/td>\n<\/tr>\n<tr style=\"background-color: #808080; color: white;\">\n<td style=\"text-align: left;\" colspan=\"7\"><\/td>\n<\/tr>\n<tr style=\"vertical-align: top; background-color: #f2f2f2;\">\n<td>DNF<\/td>\n<td class=\"nomobile\" style=\"text-align: center;\">403<\/td>\n<td class=\"nomobile\" style=\"text-align: center;\"><span style=\"font-size: 8pt;\"><a href=\"\/index.php\/w2rc\/w2rc-2022\/\"><span style=\"color: #ee8027;\">W2RC<\/span><\/a><\/span><\/td>\n<td>Mich\u00e8le Cinotto<br \/>\nMaurizio Dominella<\/td>\n<td>Polaris RZR PRO R<\/td>\n<td class=\"nomobile\"><\/td>\n<td style=\"text-align: right;\"><\/td>\n<\/tr>\n<tr style=\"vertical-align: top; background-color: #dbd9d9;\">\n<td>DNF<\/td>\n<td class=\"nomobile\" style=\"text-align: center;\">404<\/td>\n<td class=\"nomobile\" style=\"text-align: center;\"><\/td>\n<td><a href=\"\/index.php\/osobnosti\/eugenio-amos\/\"><span style=\"color: #ee8027;\">Eugenio Amos<\/span><\/a><br \/>\n<a href=\"\/index.php\/osobnosti\/paolo-ceci\/\"><span style=\"color: #ee8027;\">Paolo Ceci<\/span><\/a><\/td>\n<td>Can-Am Maverick X3<\/td>\n<td class=\"nomobile\">South Racing Can-Am<\/td>\n<td style=\"text-align: right;\"><\/td>\n<\/tr>\n<tr style=\"background-color: #808080; color: white;\">\n<td style=\"text-align: left;\" colspan=\"7\"><span style=\"font-size: 8pt;\">Ve skupin\u011b T4 odstartovalo 9 vozidel, v c\u00edli klasifikov\u00e1no 7.<br \/>\n<\/span><\/td>\n<\/tr>\n<\/tbody>\n<\/table>\n<p>[\/vc_column_text][\/vc_tta_section][vc_tta_section title=&#8221;RallyGP&#8221; tab_id=&#8221;rallygp&#8221;][vc_column_text css_animation=&#8221;fadeIn&#8221;]<\/p>\n<table style=\"width: 97.7654%;\" rules=\"rows\" cellpadding=\"4px\">\n<tbody>\n<tr style=\"background-color: #808080; color: white;\">\n<td style=\"text-align: center;\" colspan=\"7\"><span style=\"font-size: 12pt;\"><strong>ABU DHABI DESERT CHALLENGE 2023<br \/>\nRALLYGP<br \/>\nkone\u010dn\u00e9 v\u00fdsledky<br \/>\n<\/strong><\/span><\/td>\n<\/tr>\n<tr style=\"vertical-align: top; background-color: #dbd9d9;\">\n<td>1.<\/td>\n<td class=\"nomobile\" style=\"text-align: center;\">42<\/td>\n<td class=\"nomobile\" style=\"text-align: center;\"><span style=\"font-size: 8pt;\"><a href=\"\/index.php\/w2rc\/w2rc-2022\/\"><span style=\"color: #ee8027;\">W2RC<\/span><\/a><\/span><\/td>\n<td><a href=\"\/index.php\/osobnosti\/adrien-van-beveren\/\"><span style=\"color: #ee8027;\">Adrien Van Beveren<\/span><\/a><\/td>\n<td>Honda CRF450 Rally<\/td>\n<td class=\"nomobile\">Monster Energy Honda Team<\/td>\n<td style=\"text-align: right;\">17:13:39<\/td>\n<\/tr>\n<tr style=\"vertical-align: top; background-color: #f2f2f2;\">\n<td>2.<\/td>\n<td class=\"nomobile\" style=\"text-align: center;\">77<\/td>\n<td class=\"nomobile\" style=\"text-align: center;\"><span style=\"font-size: 8pt;\"><a href=\"\/index.php\/w2rc\/w2rc-2022\/\"><span style=\"color: #ee8027;\">W2RC<\/span><\/a><\/span><\/td>\n<td><a href=\"\/index.php\/osobnosti\/luciano-benavides\/\"><span style=\"color: #ee8027;\">Luciano Benavides<\/span><\/a><\/td>\n<td>Husqvarna FR 450 Rally<\/td>\n<td class=\"nomobile\">Husqvarna Factory Racing<\/td>\n<td style=\"text-align: right;\">+4:18<\/td>\n<\/tr>\n<tr style=\"vertical-align: top; background-color: #dbd9d9;\">\n<td>3.<\/td>\n<td class=\"nomobile\" style=\"text-align: center;\">8<\/td>\n<td class=\"nomobile\" style=\"text-align: center;\"><span style=\"font-size: 8pt;\"><a href=\"\/index.php\/w2rc\/w2rc-2022\/\"><span style=\"color: #ee8027;\">W2RC<\/span><\/a><\/span><\/td>\n<td><a href=\"\/index.php\/osobnosti\/toby-price\/\"><span style=\"color: #ee8027;\">Toby Price<\/span><\/a><\/td>\n<td>KTM 450 Rally<\/td>\n<td class=\"nomobile\">Red Bull KTM Factory Racing<\/td>\n<td style=\"text-align: right;\">+5:13<\/td>\n<\/tr>\n<tr style=\"vertical-align: top; background-color: #f2f2f2;\">\n<td>4.<\/td>\n<td class=\"nomobile\" style=\"text-align: center;\">11<\/td>\n<td class=\"nomobile\" style=\"text-align: center;\"><span style=\"font-size: 8pt;\"><a href=\"\/index.php\/w2rc\/w2rc-2022\/\"><span style=\"color: #ee8027;\">W2RC<\/span><\/a><\/span><\/td>\n<td><a href=\"\/index.php\/osobnosti\/nacho-cornejo\/\"><span style=\"color: #ee8027;\">Nacho Cornejo<\/span><\/a><\/td>\n<td>Honda CRF450 Rally<\/td>\n<td class=\"nomobile\">Monster Energy Honda Team<\/td>\n<td style=\"text-align: right;\">+5:15<\/td>\n<\/tr>\n<tr style=\"vertical-align: top; background-color: #dbd9d9;\">\n<td>5.<\/td>\n<td class=\"nomobile\" style=\"text-align: center;\">16<\/td>\n<td class=\"nomobile\" style=\"text-align: center;\"><span style=\"font-size: 8pt;\"><a href=\"\/index.php\/w2rc\/w2rc-2022\/\"><span style=\"color: #ee8027;\">W2RC<\/span><\/a><\/span><\/td>\n<td><a href=\"\/index.php\/osobnosti\/ross-branch\/\"><span style=\"color: #ee8027;\">Ross Branch<\/span><\/a><\/td>\n<td>Hero 450 Rally<\/td>\n<td class=\"nomobile\">Hero MotoSports Team Rally<\/td>\n<td style=\"text-align: right;\">+6:17<\/td>\n<\/tr>\n<tr style=\"vertical-align: top; background-color: #f2f2f2;\">\n<td>6.<\/td>\n<td class=\"nomobile\" style=\"text-align: center;\">10<\/td>\n<td class=\"nomobile\" style=\"text-align: center;\"><span style=\"font-size: 8pt;\"><a href=\"\/index.php\/w2rc\/w2rc-2022\/\"><span style=\"color: #ee8027;\">W2RC<\/span><\/a><\/span><\/td>\n<td><a href=\"\/index.php\/osobnosti\/skyler-howes\/\"><span style=\"color: #ee8027;\">Skyler Howes<\/span><\/a><\/td>\n<td>Husqvarna FR 450 Rally<\/td>\n<td class=\"nomobile\">Husqvarna Factory Racing<\/td>\n<td style=\"text-align: right;\">+6:23<\/td>\n<\/tr>\n<tr style=\"vertical-align: top; background-color: #dbd9d9;\">\n<td>7.<\/td>\n<td class=\"nomobile\" style=\"text-align: center;\">2<\/td>\n<td class=\"nomobile\" style=\"text-align: center;\"><span style=\"font-size: 8pt;\"><a href=\"\/index.php\/w2rc\/w2rc-2022\/\"><span style=\"color: #ee8027;\">W2RC<\/span><\/a><\/span><\/td>\n<td><a href=\"\/index.php\/osobnosti\/ricky-brabec\/\"><span style=\"color: #ee8027;\">Ricky Brabec<\/span><\/a><\/td>\n<td>Honda CRF450 Rally<\/td>\n<td class=\"nomobile\">Monster Energy Honda Team<\/td>\n<td style=\"text-align: right;\">+10:05<\/td>\n<\/tr>\n<tr style=\"background-color: #808080; color: white;\">\n<td style=\"text-align: left;\" colspan=\"7\"><\/td>\n<\/tr>\n<tr style=\"vertical-align: top; background-color: #f2f2f2;\">\n<td><\/td>\n<td class=\"nomobile\" style=\"text-align: center;\">7<\/td>\n<td class=\"nomobile\" style=\"text-align: center;\"><span style=\"font-size: 8pt;\"><a href=\"\/index.php\/w2rc\/w2rc-2022\/\"><span style=\"color: #ee8027;\">W2RC<\/span><\/a><\/span><\/td>\n<td><a href=\"\/index.php\/osobnosti\/pablo-quintanilla\/\"><span style=\"color: #ee8027;\">Pablo Quintanilla<\/span><\/a><\/td>\n<td>Honda CRF450 Rally<\/td>\n<td class=\"nomobile\">Monster Energy Honda Team<\/td>\n<td style=\"text-align: right;\"><\/td>\n<\/tr>\n<tr style=\"vertical-align: top; background-color: #dbd9d9;\">\n<td><\/td>\n<td class=\"nomobile\" style=\"text-align: center;\">9<\/td>\n<td class=\"nomobile\" style=\"text-align: center;\"><span style=\"font-size: 8pt;\"><a href=\"\/index.php\/w2rc\/w2rc-2022\/\"><span style=\"color: #ee8027;\">W2RC<\/span><\/a><\/span><\/td>\n<td>Mason Klein<\/td>\n<td>KTM 450 Rally<\/td>\n<td class=\"nomobile\">BAS World KTM Racing Team<\/td>\n<td style=\"text-align: right;\"><\/td>\n<\/tr>\n<tr style=\"vertical-align: top; background-color: #f2f2f2;\">\n<td><\/td>\n<td class=\"nomobile\" style=\"text-align: center;\">14<\/td>\n<td class=\"nomobile\" style=\"text-align: center;\"><span style=\"font-size: 8pt;\"><a href=\"\/index.php\/w2rc\/w2rc-2022\/\"><span style=\"color: #ee8027;\">W2RC<\/span><\/a><\/span><\/td>\n<td><a href=\"\/index.php\/osobnosti\/sebastian-buhler\/\"><span style=\"color: #ee8027;\">Sebastian B\u00fchler<\/span><\/a><\/td>\n<td>Hero 450 Rally<\/td>\n<td class=\"nomobile\">Hero MotoSports Team Rally<\/td>\n<td style=\"text-align: right;\"><\/td>\n<\/tr>\n<tr style=\"vertical-align: top; background-color: #dbd9d9;\">\n<td><\/td>\n<td class=\"nomobile\" style=\"text-align: center;\">25<\/td>\n<td class=\"nomobile\" style=\"text-align: center;\"><\/td>\n<td>Mohammed Al Balooshi<\/td>\n<td>KTM 450 Rally<\/td>\n<td class=\"nomobile\">Abu Dhabi Team<\/td>\n<td style=\"text-align: right;\"><\/td>\n<\/tr>\n<tr style=\"background-color: #808080; color: white;\">\n<td style=\"text-align: left;\" colspan=\"7\"><span style=\"font-size: 8pt;\">V kategorii RallyGP odstartovalo 11 motocyklist\u016f, v c\u00edli klasifikov\u00e1no 7.<\/span><\/td>\n<\/tr>\n<\/tbody>\n<\/table>\n<p>[\/vc_column_text][\/vc_tta_section][vc_tta_section title=&#8221;Rally2&#8243; tab_id=&#8221;rally2&#8243;][vc_column_text css_animation=&#8221;fadeIn&#8221;]<\/p>\n<table style=\"width: 97.7654%;\" rules=\"rows\" cellpadding=\"4px\">\n<tbody>\n<tr style=\"background-color: #808080; color: white;\">\n<td style=\"text-align: center;\" colspan=\"7\"><span style=\"font-size: 12pt;\"><strong>ABU DHABI DESERT CHALLENGE 2023<br \/>\nRALLY2<br \/>\nkone\u010dn\u00e9 v\u00fdsledky<br \/>\n<\/strong><\/span><\/td>\n<\/tr>\n<tr style=\"vertical-align: top; background-color: #dbd9d9;\">\n<td>1.<\/td>\n<td class=\"nomobile\" style=\"text-align: center;\">96<\/td>\n<td class=\"nomobile\" style=\"text-align: center;\"><\/td>\n<td>Tobias Ebster<\/td>\n<td>GasGas 450 Rally<\/td>\n<td class=\"nomobile\">SRG Motorsports<\/td>\n<td style=\"text-align: right;\">18:41:50<\/td>\n<\/tr>\n<tr style=\"vertical-align: top; background-color: #f2f2f2;\">\n<td>2.<\/td>\n<td class=\"nomobile\" style=\"text-align: center;\">76<\/td>\n<td class=\"nomobile\" style=\"text-align: center;\"><span style=\"font-size: 8pt;\"><a href=\"\/index.php\/w2rc\/w2rc-2022\/\"><span style=\"color: #ee8027;\">W2RC<\/span><\/a><\/span><\/td>\n<td>Jean-Loup Lepan<\/td>\n<td>KTM 450 Rally<\/td>\n<td class=\"nomobile\">Duust Diverse Racing<\/td>\n<td style=\"text-align: right;\">+2:37<\/td>\n<\/tr>\n<tr style=\"vertical-align: top; background-color: #dbd9d9;\">\n<td>3.<\/td>\n<td class=\"nomobile\" style=\"text-align: center;\">46<\/td>\n<td class=\"nomobile\" style=\"text-align: center;\"><span style=\"font-size: 8pt;\"><a href=\"\/index.php\/w2rc\/w2rc-2022\/\"><span style=\"color: #ee8027;\">W2RC<\/span><\/a><\/span><\/td>\n<td><a href=\"\/index.php\/osobnosti\/paolo-lucci\/\"><span style=\"color: #ee8027;\">Paolo Lucci<\/span><\/a><\/td>\n<td>KTM 450 Rally<\/td>\n<td class=\"nomobile\">BAS World KTM Racing Team<\/td>\n<td style=\"text-align: right;\">+11:02<\/td>\n<\/tr>\n<tr style=\"vertical-align: top; background-color: #f2f2f2;\">\n<td>4.<\/td>\n<td class=\"nomobile\" style=\"text-align: center;\">53<\/td>\n<td class=\"nomobile\" style=\"text-align: center;\"><span style=\"font-size: 8pt;\"><a href=\"\/index.php\/w2rc\/w2rc-2022\/\"><span style=\"color: #ee8027;\">W2RC<\/span><\/a><\/span><\/td>\n<td>Toni Mulec<\/td>\n<td>KTM 450 Rally<\/td>\n<td class=\"nomobile\">BAS World KTM Racing Team<\/td>\n<td style=\"text-align: right;\">+45:39<\/td>\n<\/tr>\n<tr style=\"vertical-align: top; background-color: #dbd9d9;\">\n<td>5.<\/td>\n<td class=\"nomobile\" style=\"text-align: center;\">54<\/td>\n<td class=\"nomobile\" style=\"text-align: center;\"><\/td>\n<td>Bruno Santos<\/td>\n<td>Husqvarna FR 450 Rally<\/td>\n<td class=\"nomobile\"><\/td>\n<td style=\"text-align: right;\">+3:28:57<\/td>\n<\/tr>\n<tr style=\"vertical-align: top; background-color: #f2f2f2;\">\n<td>6.<\/td>\n<td class=\"nomobile\" style=\"text-align: center;\">21<\/td>\n<td class=\"nomobile\" style=\"text-align: center;\"><\/td>\n<td>Alex McInnes<\/td>\n<td>Husqvarna FE 450<\/td>\n<td class=\"nomobile\">Motozone Racing<\/td>\n<td style=\"text-align: right;\">+4:12:00<\/td>\n<\/tr>\n<tr style=\"vertical-align: top; background-color: #dbd9d9;\">\n<td>7.<\/td>\n<td class=\"nomobile\" style=\"text-align: center;\">68<\/td>\n<td class=\"nomobile\" style=\"text-align: center;\"><\/td>\n<td>David McBride<\/td>\n<td>Husqvarna FR 450 Rally<\/td>\n<td class=\"nomobile\">Vendetta Racing UAE<\/td>\n<td style=\"text-align: right;\">+4:15:47<\/td>\n<\/tr>\n<tr style=\"vertical-align: top; background-color: #f2f2f2;\">\n<td>8.<\/td>\n<td class=\"nomobile\" style=\"text-align: center;\">67<\/td>\n<td class=\"nomobile\" style=\"text-align: center;\"><\/td>\n<td>Oran O&#8217;Kelly<\/td>\n<td>KTM 450 Rally<\/td>\n<td class=\"nomobile\">Vendetta Racing UAE<\/td>\n<td style=\"text-align: right;\">+4:39:19<\/td>\n<\/tr>\n<tr style=\"vertical-align: top; background-color: #dbd9d9;\">\n<td>9.<\/td>\n<td class=\"nomobile\" style=\"text-align: center;\">88<\/td>\n<td class=\"nomobile\" style=\"text-align: center;\"><\/td>\n<td>Modestas Sili\u016bnas<\/td>\n<td>KTM 450 Rally<\/td>\n<td class=\"nomobile\">AG Dakar School<\/td>\n<td style=\"text-align: right;\">+5:03:41<\/td>\n<\/tr>\n<tr style=\"vertical-align: top; background-color: #f2f2f2;\">\n<td>10.<\/td>\n<td class=\"nomobile\" style=\"text-align: center;\">44<\/td>\n<td class=\"nomobile\" style=\"text-align: center;\"><\/td>\n<td>Vincent Biau<\/td>\n<td>Husqvarna FR 450 Rally<\/td>\n<td class=\"nomobile\"><\/td>\n<td style=\"text-align: right;\">+5:11:35<\/td>\n<\/tr>\n<tr style=\"vertical-align: top; background-color: #dbd9d9;\">\n<td>11.<\/td>\n<td class=\"nomobile\" style=\"text-align: center;\">34<\/td>\n<td class=\"nomobile\" style=\"text-align: center;\"><\/td>\n<td>Ashish Raorane<\/td>\n<td>KTM 450 Rally<\/td>\n<td class=\"nomobile\"><\/td>\n<td style=\"text-align: right;\">+6:27:15<\/td>\n<\/tr>\n<tr style=\"vertical-align: top; background-color: #f2f2f2;\">\n<td>12.<\/td>\n<td class=\"nomobile\" style=\"text-align: center;\">45<\/td>\n<td class=\"nomobile\" style=\"text-align: center;\"><\/td>\n<td>Jo\u0161io Ikema\u010di<\/td>\n<td>KTM 450 Rally<\/td>\n<td class=\"nomobile\"><\/td>\n<td style=\"text-align: right;\">+6:55:43<\/td>\n<\/tr>\n<tr style=\"vertical-align: top; background-color: #dbd9d9;\">\n<td>13.<\/td>\n<td class=\"nomobile\" style=\"text-align: center;\">33<\/td>\n<td class=\"nomobile\" style=\"text-align: center;\"><\/td>\n<td>Pierre Saeys<\/td>\n<td>Husqvarna FR 450 Rally<\/td>\n<td class=\"nomobile\">HT Rally Raid Husqvarna Racing<\/td>\n<td style=\"text-align: right;\">+7:13:44<\/td>\n<\/tr>\n<tr style=\"vertical-align: top; background-color: #f2f2f2;\">\n<td>14.<\/td>\n<td class=\"nomobile\" style=\"text-align: center;\">31<\/td>\n<td class=\"nomobile\" style=\"text-align: center;\"><\/td>\n<td>Weston Carr<\/td>\n<td>Husqvarna FR 450 Rally<\/td>\n<td class=\"nomobile\">HT Rally Raid Husqvarna Racing<\/td>\n<td style=\"text-align: right;\">+9:59:03<\/td>\n<\/tr>\n<tr style=\"vertical-align: top; background-color: #dbd9d9;\">\n<td>15.<\/td>\n<td class=\"nomobile\" style=\"text-align: center;\">39<\/td>\n<td class=\"nomobile\" style=\"text-align: center;\"><\/td>\n<td>Benjamin Melot<\/td>\n<td>KTM 450 Rally<\/td>\n<td class=\"nomobile\"><\/td>\n<td style=\"text-align: right;\">+12:32:36<\/td>\n<\/tr>\n<tr style=\"vertical-align: top; background-color: #f2f2f2;\">\n<td>16.<\/td>\n<td class=\"nomobile\" style=\"text-align: center;\">40<\/td>\n<td class=\"nomobile\" style=\"text-align: center;\"><\/td>\n<td>Mark Davidson<\/td>\n<td>Husqvarna FE 450<\/td>\n<td class=\"nomobile\"><\/td>\n<td style=\"text-align: right;\">+12:35:31<\/td>\n<\/tr>\n<tr style=\"vertical-align: top; background-color: #dbd9d9;\">\n<td>17.<\/td>\n<td class=\"nomobile\" style=\"text-align: center;\">32<\/td>\n<td class=\"nomobile\" style=\"text-align: center;\"><\/td>\n<td>Ganzorig Chuluun<\/td>\n<td>Husqvarna FR 450 Rally<\/td>\n<td class=\"nomobile\">HT Rally Raid Husqvarna Racing<\/td>\n<td style=\"text-align: right;\">+14:29:39<\/td>\n<\/tr>\n<tr style=\"vertical-align: top; background-color: #f2f2f2;\">\n<td>18.<\/td>\n<td class=\"nomobile\" style=\"text-align: center;\">58<\/td>\n<td class=\"nomobile\" style=\"text-align: center;\"><\/td>\n<td>Gediminas Satkus<\/td>\n<td>KTM 450 Rally<\/td>\n<td class=\"nomobile\">AG Dakar School<\/td>\n<td style=\"text-align: right;\">+14:56:42<\/td>\n<\/tr>\n<tr style=\"vertical-align: top; background-color: #dbd9d9;\">\n<td>19.<\/td>\n<td class=\"nomobile\" style=\"text-align: center;\">35<\/td>\n<td class=\"nomobile\" style=\"text-align: center;\"><span style=\"font-size: 8pt;\"><a href=\"\/index.php\/w2rc\/w2rc-2022\/\"><span style=\"color: #ee8027;\">W2RC<\/span><\/a><\/span><\/td>\n<td>Dominique Cizeu Girault<\/td>\n<td>KTM 450 Rally<\/td>\n<td class=\"nomobile\">Xraids Experience<\/td>\n<td style=\"text-align: right;\">+16:27:51<\/td>\n<\/tr>\n<tr style=\"vertical-align: top; background-color: #f2f2f2;\">\n<td>20.<\/td>\n<td class=\"nomobile\" style=\"text-align: center;\">27<\/td>\n<td class=\"nomobile\" style=\"text-align: center;\"><\/td>\n<td>Marwan Alrahmani<\/td>\n<td>KTM 450 Rally<\/td>\n<td class=\"nomobile\">MX Ride Dubai<\/td>\n<td style=\"text-align: right;\">+17:27:02<\/td>\n<\/tr>\n<tr style=\"vertical-align: top; background-color: #dbd9d9;\">\n<td>21.<\/td>\n<td class=\"nomobile\" style=\"text-align: center;\">26<\/td>\n<td class=\"nomobile\" style=\"text-align: center;\"><\/td>\n<td>Sultan Al Balooshi<\/td>\n<td>Husqvarna FR 450 Rally<\/td>\n<td class=\"nomobile\">MX Ride Dubai<\/td>\n<td style=\"text-align: right;\">+18:16:12<\/td>\n<\/tr>\n<tr style=\"vertical-align: top; background-color: #f2f2f2;\">\n<td>22.<\/td>\n<td class=\"nomobile\" style=\"text-align: center;\">38<\/td>\n<td class=\"nomobile\" style=\"text-align: center;\"><\/td>\n<td>Justin Gerlach<\/td>\n<td>KTM 450 EXC-F<\/td>\n<td class=\"nomobile\"><\/td>\n<td style=\"text-align: right;\">+24:34:27<\/td>\n<\/tr>\n<tr style=\"vertical-align: top; background-color: #dbd9d9;\">\n<td>23.<\/td>\n<td class=\"nomobile\" style=\"text-align: center;\">28<\/td>\n<td class=\"nomobile\" style=\"text-align: center;\"><\/td>\n<td>Hamdan Al Ali<\/td>\n<td>Husqvarna FE 450<\/td>\n<td class=\"nomobile\"><\/td>\n<td style=\"text-align: right;\">+43:10:10<\/td>\n<\/tr>\n<tr style=\"vertical-align: top; background-color: #f2f2f2;\">\n<td>24.<\/td>\n<td class=\"nomobile\" style=\"text-align: center;\">69<\/td>\n<td class=\"nomobile\" style=\"text-align: center;\"><\/td>\n<td>David Mabbs<\/td>\n<td>KTM 450 Rally<\/td>\n<td class=\"nomobile\">Vendetta Racing UAE<\/td>\n<td style=\"text-align: right;\">+66:08:59<\/td>\n<\/tr>\n<tr style=\"vertical-align: top; background-color: #dbd9d9;\">\n<td>25.<\/td>\n<td class=\"nomobile\" style=\"text-align: center;\">92<\/td>\n<td class=\"nomobile\" style=\"text-align: center;\"><span style=\"font-size: 8pt;\"><a href=\"\/index.php\/w2rc\/w2rc-2022\/\"><span style=\"color: #ee8027;\">W2RC<\/span><\/a><\/span><\/td>\n<td>Ionut Florea<\/td>\n<td>Husqvarna FE 450<\/td>\n<td class=\"nomobile\"><\/td>\n<td style=\"text-align: right;\">+86:09:51<\/td>\n<\/tr>\n<tr style=\"background-color: #808080; color: white;\">\n<td style=\"text-align: left;\" colspan=\"7\"><\/td>\n<\/tr>\n<tr style=\"vertical-align: top; background-color: #f2f2f2;\">\n<td>DNF<\/td>\n<td class=\"nomobile\" style=\"text-align: center;\">23<\/td>\n<td class=\"nomobile\" style=\"text-align: center;\"><span style=\"font-size: 8pt;\"><a href=\"\/index.php\/w2rc\/w2rc-2022\/\"><span style=\"color: #ee8027;\">W2RC<\/span><\/a><\/span><\/td>\n<td>Konrad D\u0105browski<\/td>\n<td>KTM 450 Rally<\/td>\n<td class=\"nomobile\">Duust Diverse Racing<\/td>\n<td style=\"text-align: right;\"><\/td>\n<\/tr>\n<tr style=\"vertical-align: top; background-color: #dbd9d9;\">\n<td>DNF<\/td>\n<td class=\"nomobile\" style=\"text-align: center;\">29<\/td>\n<td class=\"nomobile\" style=\"text-align: center;\"><\/td>\n<td>Alissa Harkin<\/td>\n<td>Husqvarna FR 450 Rally<\/td>\n<td class=\"nomobile\">HT Rally Raid Husqvarna Racing<\/td>\n<td style=\"text-align: right;\"><\/td>\n<\/tr>\n<tr style=\"vertical-align: top; background-color: #f2f2f2;\">\n<td>DNF<\/td>\n<td class=\"nomobile\" style=\"text-align: center;\">43<\/td>\n<td class=\"nomobile\" style=\"text-align: center;\"><\/td>\n<td>Darren Goodman<\/td>\n<td>KTM 450 EXC-F<\/td>\n<td class=\"nomobile\"><\/td>\n<td style=\"text-align: right;\"><\/td>\n<\/tr>\n<tr style=\"vertical-align: top; background-color: #dbd9d9;\">\n<td>DNF<\/td>\n<td class=\"nomobile\" style=\"text-align: center;\">93<\/td>\n<td class=\"nomobile\" style=\"text-align: center;\"><span style=\"font-size: 8pt;\"><a href=\"\/index.php\/w2rc\/w2rc-2022\/\"><span style=\"color: #ee8027;\">W2RC<\/span><\/a><\/span><\/td>\n<td>Andrei Cristian Danila<\/td>\n<td>KTM 450 EXC F<\/td>\n<td class=\"nomobile\"><\/td>\n<td style=\"text-align: right;\"><\/td>\n<\/tr>\n<tr style=\"background-color: #808080; color: white;\">\n<td style=\"text-align: left;\" colspan=\"7\"><span style=\"font-size: 8pt;\">V kategorii Rally2 odstartovalo 29 motocyklist\u016f, v c\u00edli klasifikov\u00e1no 25.<\/span><\/td>\n<\/tr>\n<\/tbody>\n<\/table>\n<p>[\/vc_column_text][\/vc_tta_section][vc_tta_section title=&#8221;Quad&#8221; tab_id=&#8221;quad&#8221;][vc_column_text css_animation=&#8221;fadeIn&#8221;]<\/p>\n<table style=\"width: 97.7654%;\" rules=\"rows\" cellpadding=\"4px\">\n<tbody>\n<tr style=\"background-color: #808080; color: white;\">\n<td style=\"text-align: center;\" colspan=\"7\"><span style=\"font-size: 12pt;\"><strong>ABU DHABI DESERT CHALLENGE 2023<br \/>\n\u010cTY\u0158KOLKY<br \/>\nstartovn\u00ed listina<br \/>\n<\/strong><\/span><\/td>\n<\/tr>\n<tr style=\"vertical-align: top; background-color: #dbd9d9;\">\n<td>1.<\/td>\n<td class=\"nomobile\" style=\"text-align: center;\">174<\/td>\n<td class=\"nomobile\" style=\"text-align: center;\"><span style=\"font-size: 8pt;\"><a href=\"\/index.php\/w2rc\/w2rc-2022\/\"><span style=\"color: #ee8027;\">W2RC<\/span><\/a><\/span><\/td>\n<td>Abdulaziz Ahli<\/td>\n<td>Yamaha Raptor 700<\/td>\n<td class=\"nomobile\">Abu Dhabi Team<\/td>\n<td style=\"text-align: right;\">22:01:51<\/td>\n<\/tr>\n<tr style=\"vertical-align: top; background-color: #f2f2f2;\">\n<td>2.<\/td>\n<td class=\"nomobile\" style=\"text-align: center;\">162<\/td>\n<td class=\"nomobile\" style=\"text-align: center;\"><span style=\"font-size: 8pt;\"><a href=\"\/index.php\/w2rc\/w2rc-2022\/\"><span style=\"color: #ee8027;\">W2RC<\/span><\/a><\/span><\/td>\n<td>Laisvydas Kancius<\/td>\n<td>Yamaha Raptor 700<\/td>\n<td class=\"nomobile\">AG Dakar School<\/td>\n<td style=\"text-align: right;\">+1:05:42<\/td>\n<\/tr>\n<tr style=\"vertical-align: top; background-color: #dbd9d9;\">\n<td>3.<\/td>\n<td class=\"nomobile\" style=\"text-align: center;\">160<\/td>\n<td class=\"nomobile\" style=\"text-align: center;\"><span style=\"font-size: 8pt;\"><a href=\"\/index.php\/w2rc\/w2rc-2022\/\"><span style=\"color: #ee8027;\">W2RC<\/span><\/a><\/span><\/td>\n<td>Adomas Gan\u010dierius<\/td>\n<td>CFMOTO CFORCE 1000<\/td>\n<td class=\"nomobile\"><\/td>\n<td style=\"text-align: right;\">+5:00:26<\/td>\n<\/tr>\n<tr style=\"vertical-align: top; background-color: #f2f2f2;\">\n<td>4.<\/td>\n<td class=\"nomobile\" style=\"text-align: center;\">165<\/td>\n<td class=\"nomobile\" style=\"text-align: center;\"><span style=\"font-size: 8pt;\"><a href=\"\/index.php\/w2rc\/w2rc-2022\/\"><span style=\"color: #ee8027;\">W2RC<\/span><\/a><\/span><\/td>\n<td>Rodolfo Guillioli<\/td>\n<td>Yamaha Raptor 700<\/td>\n<td class=\"nomobile\"><\/td>\n<td style=\"text-align: right;\">+5:52:36<\/td>\n<\/tr>\n<tr style=\"vertical-align: top; background-color: #dbd9d9;\">\n<td>5.<\/td>\n<td class=\"nomobile\" style=\"text-align: center;\">161<\/td>\n<td class=\"nomobile\" style=\"text-align: center;\"><span style=\"font-size: 8pt;\"><a href=\"\/index.php\/w2rc\/w2rc-2022\/\"><span style=\"color: #ee8027;\">W2RC<\/span><\/a><\/span><\/td>\n<td>Antanas Kanopkinas<\/td>\n<td>CFMOTO CFORCE 1000<\/td>\n<td class=\"nomobile\"><\/td>\n<td style=\"text-align: right;\">+22:07:24<\/td>\n<\/tr>\n<tr style=\"vertical-align: top; background-color: #f2f2f2;\">\n<td>6.<\/td>\n<td class=\"nomobile\" style=\"text-align: center;\">164<\/td>\n<td class=\"nomobile\" style=\"text-align: center;\"><\/td>\n<td>Pawe\u0142 Otwinowski<\/td>\n<td>Quaddy<\/td>\n<td class=\"nomobile\">Duust Diverse Racing<\/td>\n<td style=\"text-align: right;\">+33:34:09<\/td>\n<\/tr>\n<tr style=\"background-color: #808080; color: white;\">\n<td style=\"text-align: left;\" colspan=\"7\"><span style=\"font-size: 8pt;\">V kategorii \u010dty\u0159kolek odstartovalo 6 jezdc\u016f; v\u0161ichni byli v c\u00edli klasifikov\u00e1ni.<\/span><\/td>\n<\/tr>\n<\/tbody>\n<\/table>\n<p>[\/vc_column_text][\/vc_tta_section][\/vc_tta_pageable][\/vc_column][\/vc_row][vc_row][vc_column][vc_masonry_grid post_type=&#8221;post&#8221; max_items=&#8221;-1&#8243; style=&#8221;lazy&#8221; items_per_page=&#8221;3&#8243; gap=&#8221;5&#8243; item=&#8221;3404&#8243; grid_id=&#8221;vc_gid:1692718062282-bc27b39d-4fda-10&#8243; taxonomies=&#8221;1995&#8243;][\/vc_column][\/vc_row]<\/p>\n","protected":false},"excerpt":{"rendered":"<p>Abu Dhabi Desert Challenge 2023, Spojen\u00e9 arabsk\u00e9 emir\u00e1ty, 3. podnik Mistrovstv\u00ed sv\u011bta v d\u00e1lkov\u00fdch rally | World Rally-Raid Championship 2023, W2RC<\/p>\n","protected":false},"author":1,"featured_media":25757,"parent":24304,"menu_order":0,"comment_status":"closed","ping_status":"closed","template":"page-templates\/builder.php","meta":{"footnotes":""},"class_list":["post-25328","page","type-page","status-publish","has-post-thumbnail","hentry"],"yoast_head":"<!-- This site is optimized with the Yoast SEO plugin v24.9 - https:\/\/yoast.com\/wordpress\/plugins\/seo\/ -->\n<title>Abu Dhabi Desert Challenge 2023 - DAKARMANIA.cz<\/title>\n<meta name=\"robots\" content=\"index, follow, max-snippet:-1, max-image-preview:large, max-video-preview:-1\" \/>\n<link rel=\"canonical\" href=\"https:\/\/www.dakarmania.cz\/index.php\/w2rc\/addc-2023\/\" \/>\n<meta property=\"og:locale\" content=\"cs_CZ\" \/>\n<meta property=\"og:type\" content=\"article\" \/>\n<meta property=\"og:title\" content=\"Abu Dhabi Desert Challenge 2023 - DAKARMANIA.cz\" \/>\n<meta property=\"og:description\" content=\"Abu Dhabi Desert Challenge 2023, Spojen\u00e9 arabsk\u00e9 emir\u00e1ty, 3. podnik Mistrovstv\u00ed sv\u011bta v d\u00e1lkov\u00fdch rally | World Rally-Raid Championship 2023, W2RC\" \/>\n<meta property=\"og:url\" content=\"https:\/\/www.dakarmania.cz\/index.php\/w2rc\/addc-2023\/\" \/>\n<meta property=\"og:site_name\" content=\"DAKARMANIA.cz\" \/>\n<meta property=\"article:publisher\" content=\"https:\/\/www.facebook.com\/dakarmania\/\" \/>\n<meta property=\"article:modified_time\" content=\"2023-08-22T15:47:10+00:00\" \/>\n<meta property=\"og:image\" content=\"https:\/\/www.dakarmania.cz\/wp-content\/uploads\/2023\/03\/23-addc-al-rajhi-header-01.jpg\" \/>\n\t<meta property=\"og:image:width\" content=\"1600\" \/>\n\t<meta property=\"og:image:height\" content=\"710\" \/>\n\t<meta property=\"og:image:type\" content=\"image\/jpeg\" \/>\n<meta name=\"twitter:card\" content=\"summary_large_image\" \/>\n<meta name=\"twitter:label1\" content=\"Odhadovan\u00e1 doba \u010dten\u00ed\" \/>\n\t<meta name=\"twitter:data1\" content=\"11 minut\" \/>\n<script type=\"application\/ld+json\" class=\"yoast-schema-graph\">{\"@context\":\"https:\/\/schema.org\",\"@graph\":[{\"@type\":\"WebPage\",\"@id\":\"https:\/\/www.dakarmania.cz\/index.php\/w2rc\/addc-2023\/\",\"url\":\"https:\/\/www.dakarmania.cz\/index.php\/w2rc\/addc-2023\/\",\"name\":\"Abu Dhabi Desert Challenge 2023 - DAKARMANIA.cz\",\"isPartOf\":{\"@id\":\"https:\/\/www.dakarmania.cz\/#website\"},\"primaryImageOfPage\":{\"@id\":\"https:\/\/www.dakarmania.cz\/index.php\/w2rc\/addc-2023\/#primaryimage\"},\"image\":{\"@id\":\"https:\/\/www.dakarmania.cz\/index.php\/w2rc\/addc-2023\/#primaryimage\"},\"thumbnailUrl\":\"https:\/\/www.dakarmania.cz\/wp-content\/uploads\/2023\/03\/23-addc-al-rajhi-header-01.jpg\",\"datePublished\":\"2023-02-18T10:11:58+00:00\",\"dateModified\":\"2023-08-22T15:47:10+00:00\",\"breadcrumb\":{\"@id\":\"https:\/\/www.dakarmania.cz\/index.php\/w2rc\/addc-2023\/#breadcrumb\"},\"inLanguage\":\"cs\",\"potentialAction\":[{\"@type\":\"ReadAction\",\"target\":[\"https:\/\/www.dakarmania.cz\/index.php\/w2rc\/addc-2023\/\"]}]},{\"@type\":\"ImageObject\",\"inLanguage\":\"cs\",\"@id\":\"https:\/\/www.dakarmania.cz\/index.php\/w2rc\/addc-2023\/#primaryimage\",\"url\":\"https:\/\/www.dakarmania.cz\/wp-content\/uploads\/2023\/03\/23-addc-al-rajhi-header-01.jpg\",\"contentUrl\":\"https:\/\/www.dakarmania.cz\/wp-content\/uploads\/2023\/03\/23-addc-al-rajhi-header-01.jpg\",\"width\":1600,\"height\":710,\"caption\":\"Yazeed Al-Rajhi \/ Timo Gottschalk, Toyota Hillux Overdrive, Overdrive Racing. Abu Dhabi Desert Challenge 2023. \u00a9 ASO\"},{\"@type\":\"BreadcrumbList\",\"@id\":\"https:\/\/www.dakarmania.cz\/index.php\/w2rc\/addc-2023\/#breadcrumb\",\"itemListElement\":[{\"@type\":\"ListItem\",\"position\":1,\"name\":\"Dom\u016f\",\"item\":\"https:\/\/www.dakarmania.cz\/\"},{\"@type\":\"ListItem\",\"position\":2,\"name\":\"World Rally-Raid Championship\",\"item\":\"https:\/\/www.dakarmania.cz\/index.php\/w2rc\/\"},{\"@type\":\"ListItem\",\"position\":3,\"name\":\"Abu Dhabi Desert Challenge 2023\"}]},{\"@type\":\"WebSite\",\"@id\":\"https:\/\/www.dakarmania.cz\/#website\",\"url\":\"https:\/\/www.dakarmania.cz\/\",\"name\":\"DAKARMANIA.cz\",\"description\":\"\u017dijeme Dakarem cel\u00fd rok\",\"publisher\":{\"@id\":\"https:\/\/www.dakarmania.cz\/#organization\"},\"potentialAction\":[{\"@type\":\"SearchAction\",\"target\":{\"@type\":\"EntryPoint\",\"urlTemplate\":\"https:\/\/www.dakarmania.cz\/?s={search_term_string}\"},\"query-input\":{\"@type\":\"PropertyValueSpecification\",\"valueRequired\":true,\"valueName\":\"search_term_string\"}}],\"inLanguage\":\"cs\"},{\"@type\":\"Organization\",\"@id\":\"https:\/\/www.dakarmania.cz\/#organization\",\"name\":\"DAKAR MANIA\",\"url\":\"https:\/\/www.dakarmania.cz\/\",\"logo\":{\"@type\":\"ImageObject\",\"inLanguage\":\"cs\",\"@id\":\"https:\/\/www.dakarmania.cz\/#\/schema\/logo\/image\/\",\"url\":\"https:\/\/www.dakarmania.cz\/wp-content\/uploads\/2018\/12\/Dakar-Mania-Logo-Square-Orange.png\",\"contentUrl\":\"https:\/\/www.dakarmania.cz\/wp-content\/uploads\/2018\/12\/Dakar-Mania-Logo-Square-Orange.png\",\"width\":992,\"height\":992,\"caption\":\"DAKAR MANIA\"},\"image\":{\"@id\":\"https:\/\/www.dakarmania.cz\/#\/schema\/logo\/image\/\"},\"sameAs\":[\"https:\/\/www.facebook.com\/dakarmania\/\"]}]}<\/script>\n<!-- \/ Yoast SEO plugin. -->","yoast_head_json":{"title":"Abu Dhabi Desert Challenge 2023 - DAKARMANIA.cz","robots":{"index":"index","follow":"follow","max-snippet":"max-snippet:-1","max-image-preview":"max-image-preview:large","max-video-preview":"max-video-preview:-1"},"canonical":"https:\/\/www.dakarmania.cz\/index.php\/w2rc\/addc-2023\/","og_locale":"cs_CZ","og_type":"article","og_title":"Abu Dhabi Desert Challenge 2023 - DAKARMANIA.cz","og_description":"Abu Dhabi Desert Challenge 2023, Spojen\u00e9 arabsk\u00e9 emir\u00e1ty, 3. podnik Mistrovstv\u00ed sv\u011bta v d\u00e1lkov\u00fdch rally | World Rally-Raid Championship 2023, W2RC","og_url":"https:\/\/www.dakarmania.cz\/index.php\/w2rc\/addc-2023\/","og_site_name":"DAKARMANIA.cz","article_publisher":"https:\/\/www.facebook.com\/dakarmania\/","article_modified_time":"2023-08-22T15:47:10+00:00","og_image":[{"width":1600,"height":710,"url":"https:\/\/www.dakarmania.cz\/wp-content\/uploads\/2023\/03\/23-addc-al-rajhi-header-01.jpg","type":"image\/jpeg"}],"twitter_card":"summary_large_image","twitter_misc":{"Odhadovan\u00e1 doba \u010dten\u00ed":"11 minut"},"schema":{"@context":"https:\/\/schema.org","@graph":[{"@type":"WebPage","@id":"https:\/\/www.dakarmania.cz\/index.php\/w2rc\/addc-2023\/","url":"https:\/\/www.dakarmania.cz\/index.php\/w2rc\/addc-2023\/","name":"Abu Dhabi Desert Challenge 2023 - DAKARMANIA.cz","isPartOf":{"@id":"https:\/\/www.dakarmania.cz\/#website"},"primaryImageOfPage":{"@id":"https:\/\/www.dakarmania.cz\/index.php\/w2rc\/addc-2023\/#primaryimage"},"image":{"@id":"https:\/\/www.dakarmania.cz\/index.php\/w2rc\/addc-2023\/#primaryimage"},"thumbnailUrl":"https:\/\/www.dakarmania.cz\/wp-content\/uploads\/2023\/03\/23-addc-al-rajhi-header-01.jpg","datePublished":"2023-02-18T10:11:58+00:00","dateModified":"2023-08-22T15:47:10+00:00","breadcrumb":{"@id":"https:\/\/www.dakarmania.cz\/index.php\/w2rc\/addc-2023\/#breadcrumb"},"inLanguage":"cs","potentialAction":[{"@type":"ReadAction","target":["https:\/\/www.dakarmania.cz\/index.php\/w2rc\/addc-2023\/"]}]},{"@type":"ImageObject","inLanguage":"cs","@id":"https:\/\/www.dakarmania.cz\/index.php\/w2rc\/addc-2023\/#primaryimage","url":"https:\/\/www.dakarmania.cz\/wp-content\/uploads\/2023\/03\/23-addc-al-rajhi-header-01.jpg","contentUrl":"https:\/\/www.dakarmania.cz\/wp-content\/uploads\/2023\/03\/23-addc-al-rajhi-header-01.jpg","width":1600,"height":710,"caption":"Yazeed Al-Rajhi \/ Timo Gottschalk, Toyota Hillux Overdrive, Overdrive Racing. Abu Dhabi Desert Challenge 2023. \u00a9 ASO"},{"@type":"BreadcrumbList","@id":"https:\/\/www.dakarmania.cz\/index.php\/w2rc\/addc-2023\/#breadcrumb","itemListElement":[{"@type":"ListItem","position":1,"name":"Dom\u016f","item":"https:\/\/www.dakarmania.cz\/"},{"@type":"ListItem","position":2,"name":"World Rally-Raid Championship","item":"https:\/\/www.dakarmania.cz\/index.php\/w2rc\/"},{"@type":"ListItem","position":3,"name":"Abu Dhabi Desert Challenge 2023"}]},{"@type":"WebSite","@id":"https:\/\/www.dakarmania.cz\/#website","url":"https:\/\/www.dakarmania.cz\/","name":"DAKARMANIA.cz","description":"\u017dijeme Dakarem cel\u00fd rok","publisher":{"@id":"https:\/\/www.dakarmania.cz\/#organization"},"potentialAction":[{"@type":"SearchAction","target":{"@type":"EntryPoint","urlTemplate":"https:\/\/www.dakarmania.cz\/?s={search_term_string}"},"query-input":{"@type":"PropertyValueSpecification","valueRequired":true,"valueName":"search_term_string"}}],"inLanguage":"cs"},{"@type":"Organization","@id":"https:\/\/www.dakarmania.cz\/#organization","name":"DAKAR MANIA","url":"https:\/\/www.dakarmania.cz\/","logo":{"@type":"ImageObject","inLanguage":"cs","@id":"https:\/\/www.dakarmania.cz\/#\/schema\/logo\/image\/","url":"https:\/\/www.dakarmania.cz\/wp-content\/uploads\/2018\/12\/Dakar-Mania-Logo-Square-Orange.png","contentUrl":"https:\/\/www.dakarmania.cz\/wp-content\/uploads\/2018\/12\/Dakar-Mania-Logo-Square-Orange.png","width":992,"height":992,"caption":"DAKAR MANIA"},"image":{"@id":"https:\/\/www.dakarmania.cz\/#\/schema\/logo\/image\/"},"sameAs":["https:\/\/www.facebook.com\/dakarmania\/"]}]}},"amp_enabled":false,"_links":{"self":[{"href":"https:\/\/www.dakarmania.cz\/index.php\/wp-json\/wp\/v2\/pages\/25328","targetHints":{"allow":["GET"]}}],"collection":[{"href":"https:\/\/www.dakarmania.cz\/index.php\/wp-json\/wp\/v2\/pages"}],"about":[{"href":"https:\/\/www.dakarmania.cz\/index.php\/wp-json\/wp\/v2\/types\/page"}],"author":[{"embeddable":true,"href":"https:\/\/www.dakarmania.cz\/index.php\/wp-json\/wp\/v2\/users\/1"}],"replies":[{"embeddable":true,"href":"https:\/\/www.dakarmania.cz\/index.php\/wp-json\/wp\/v2\/comments?post=25328"}],"version-history":[{"count":83,"href":"https:\/\/www.dakarmania.cz\/index.php\/wp-json\/wp\/v2\/pages\/25328\/revisions"}],"predecessor-version":[{"id":28833,"href":"https:\/\/www.dakarmania.cz\/index.php\/wp-json\/wp\/v2\/pages\/25328\/revisions\/28833"}],"up":[{"embeddable":true,"href":"https:\/\/www.dakarmania.cz\/index.php\/wp-json\/wp\/v2\/pages\/24304"}],"wp:featuredmedia":[{"embeddable":true,"href":"https:\/\/www.dakarmania.cz\/index.php\/wp-json\/wp\/v2\/media\/25757"}],"wp:attachment":[{"href":"https:\/\/www.dakarmania.cz\/index.php\/wp-json\/wp\/v2\/media?parent=25328"}],"curies":[{"name":"wp","href":"https:\/\/api.w.org\/{rel}","templated":true}]}}