{"id":3895,"date":"2019-03-06T13:19:11","date_gmt":"2019-03-06T12:19:11","guid":{"rendered":"https:\/\/www.dakarmania.cz\/?page_id=3895"},"modified":"2019-07-02T16:16:52","modified_gmt":"2019-07-02T14:16:52","slug":"baja-tt-do-pinhal-2019","status":"publish","type":"page","link":"https:\/\/www.dakarmania.cz\/index.php\/sampionaty\/svetovy-pohar-fim-v-bajach-2019\/baja-tt-do-pinhal-2019\/","title":{"rendered":"Baja TT do Pinhal 2019"},"content":{"rendered":"<p>[vc_row][vc_column][vc_single_image image=&#8221;4614&#8243; img_size=&#8221;full&#8221; alignment=&#8221;center&#8221;][vc_column_text]<\/p>\n<h3 style=\"text-align: center;\">BAJA TT DO PINHAL 2019<\/h3>\n<p style=\"text-align: center;\">22. a\u017e 24. b\u0159ezna | Sert\u00e3, Portugalsko<\/p>\n<p style=\"text-align: center;\"><a href=\"\/index.php\/sampionaty\/svetovy-pohar-fim-v-bajach-2019\/\"><span style=\"color: #ee8027;\">Sv\u011btov\u00fd poh\u00e1r FIM v baj\u00e1ch<\/span><\/a><br \/>\n2. podnik sezony<\/p>\n<p>[\/vc_column_text][\/vc_column][\/vc_row][vc_row][vc_column width=&#8221;2\/3&#8243;][vc_row_inner][vc_column_inner width=&#8221;1\/2&#8243;][vc_custom_heading text=&#8221;Z\u00c1KLADN\u00cd INFO&#8221; font_container=&#8221;tag:h3|text_align:center|color:%23ffffff&#8221; google_fonts=&#8221;font_family:Open%20Sans%3A300%2C300italic%2Cregular%2Citalic%2C600%2C600italic%2C700%2C700italic%2C800%2C800italic|font_style:400%20regular%3A400%3Anormal&#8221; css=&#8221;.vc_custom_1549325722649{background-color: #ee8027 !important;}&#8221;][vc_column_text]<\/p>\n<ul>\n<li>V roce 2019 je sout\u011b\u017e <strong>poprv\u00e9 za\u0159azena do SP FIM v baj\u00e1ch<\/strong><\/li>\n<li>Prolog a dv\u011b etapy m\u011b\u0159\u00ed <strong>celkem 374 km<\/strong><\/li>\n<li>Trat\u011b jsou vyty\u010deny v les\u00edch st\u0159edn\u00edho Portugalska v okol\u00ed m\u011bst\u00a0Sert\u00e3, Proen\u00e7a-a-Nova a Vila Velha de R\u00f3d\u00e3o v distriktu Castelo Branco; centrem sout\u011b\u017ee je\u00a0Sert\u00e3<\/li>\n<li>Podnik je z\u00e1rove\u0148 sou\u010d\u00e1st\u00ed evropsk\u00e9ho \u0161ampion\u00e1tu FIM v baj\u00e1ch a portugalsk\u00e9ho \u0161ampion\u00e1tu v cross-country rally<\/li>\n<\/ul>\n<p>[\/vc_column_text][\/vc_column_inner][vc_column_inner width=&#8221;1\/2&#8243;][vc_custom_heading text=&#8221;MELOT NOV\u00ddM LEADEREM SP&#8221; font_container=&#8221;tag:h3|text_align:center|color:%23ffffff&#8221; google_fonts=&#8221;font_family:Open%20Sans%3A300%2C300italic%2Cregular%2Citalic%2C600%2C600italic%2C700%2C700italic%2C800%2C800italic|font_style:400%20regular%3A400%3Anormal&#8221; css=&#8221;.vc_custom_1553603370215{background-color: #ee8027 !important;}&#8221;][vc_single_image image=&#8221;4619&#8243; img_size=&#8221;medium&#8221; alignment=&#8221;center&#8221;][vc_column_text]Jedin\u00fdm \u010desk\u00fdm z\u00e1stupcem ve startovn\u00edm poli Baja TT do Pinhal 2019 je \u010dty\u0159kolk\u00e1\u0159 <strong>Anton\u00edn Pacanda<\/strong>. P\u0159i sv\u00e9m debutu ve Sv\u011btov\u00e9m poh\u00e1ru FIM v baj\u00e1ch z\u00edsk\u00e1v\u00e1 body za \u010dtvrt\u00e9 m\u00edsto.[\/vc_column_text][\/vc_column_inner][\/vc_row_inner][\/vc_column][vc_column width=&#8221;1\/3&#8243;][vc_custom_heading text=&#8221;HARMONOGRAM&#8221; font_container=&#8221;tag:h3|text_align:center|color:%23ffffff&#8221; google_fonts=&#8221;font_family:Open%20Sans%3A300%2C300italic%2Cregular%2Citalic%2C600%2C600italic%2C700%2C700italic%2C800%2C800italic|font_style:400%20regular%3A400%3Anormal&#8221; css=&#8221;.vc_custom_1549328159922{background-color: #ee8027 !important;}&#8221;][vc_column_text]<\/p>\n<table style=\"width: 97.7654%; height: 168px;\">\n<tbody>\n<tr style=\"height: 24px;\">\n<th style=\"text-align: left; height: 24px;\" colspan=\"2\"><strong>p\u00e1tek 22. b\u0159ezna<\/strong><\/th>\n<\/tr>\n<tr style=\"height: 24px;\">\n<td style=\"height: 24px;\">17:00<\/td>\n<td style=\"height: 24px;\">SSS (9,57 km)<\/td>\n<\/tr>\n<tr style=\"height: 24px;\">\n<th style=\"text-align: left; height: 24px;\" colspan=\"2\"><strong>sobota 23. b\u0159ezna<\/strong><\/th>\n<\/tr>\n<tr style=\"height: 24px;\">\n<td style=\"height: 24px;\">09:00<\/td>\n<td style=\"height: 24px;\">SS1\u00a0Sert\u00e3 (191,27 km)<\/td>\n<\/tr>\n<tr style=\"height: 24px;\">\n<td style=\"height: 24px;\">18:00<\/td>\n<td style=\"height: 24px;\">City Stage\u00a0Sert\u00e3 (1,1 km)<\/td>\n<\/tr>\n<tr style=\"height: 24px;\">\n<th style=\"text-align: left; height: 24px;\" colspan=\"2\"><strong>ned\u011ble 24. b\u0159ezna<\/strong><\/th>\n<\/tr>\n<tr style=\"height: 24px;\">\n<td style=\"height: 24px;\">11:00<\/td>\n<td style=\"height: 24px;\">SS2 Sert\u00e3\/Proen\u00e7a\/Vila Velha (173,42 km)<\/td>\n<\/tr>\n<\/tbody>\n<\/table>\n<p><em>\u010casy uvedeny v SE\u010c<\/em>[\/vc_column_text][\/vc_column][\/vc_row][vc_row][vc_column width=&#8221;2\/3&#8243;][vc_custom_heading text=&#8221;SOUVISEJ\u00cdC\u00cd \u010cL\u00c1NKY&#8221; font_container=&#8221;tag:h3|text_align:center|color:%23ffffff&#8221; google_fonts=&#8221;font_family:Open%20Sans%3A300%2C300italic%2Cregular%2Citalic%2C600%2C600italic%2C700%2C700italic%2C800%2C800italic|font_style:400%20regular%3A400%3Anormal&#8221; css=&#8221;.vc_custom_1550791735496{background-color: #ee8027 !important;}&#8221;]<div class=\"news_box_wrapper  box_title_style_pointer_border left_box single_col_items large_box repeated_box text_news_box left_single_news_box clearfix daynight_shorcode_1\" data-uniquecolor=\"\"><div class=\"ajax_content_container clearfix news_box_container_wrapper daynoight_news_box\"><div class=\"news_box_title_wrapper clearfix\"><div class=\"ajax_nav_container news_post_nav_container horizontal_nav_container nav_container arrows_nav_container\" data-tags=\"\" data-showpostsreview=\"\" data-orderby=\"date\" data-format=\"\" data-exclude=\"\" data-cat=\"502\" data-style=\"left_single\" data-sticky=\"show\" data-cycle=\"1\" data-posttype=\"post\" data-postsperpage=\"2\" data-loopfile=\"parts\/newsbox\" data-totalpages=\"2\" data-loaderimage=\"https:\/\/www.dakarmania.cz\/wp-content\/themes\/daynight\/inc\/images\/loader.gif\" data-prev-effect=\"fadeInDown\" data-next-effect=\"fadeInUp \"><span class=\"previous_arrow news_box_nav_arrow nav_arrow no_ajax_page\"><i class=\"fa fa-angle-left\"><\/i><\/span><span class=\"next_arrow news_box_nav_arrow nav_arrow \"><i class=\"fa fa-angle-right\"><\/i><\/span><\/div><\/div><div class=\"ajax_inside_container clearfix news_box_inside_container \"><div class=\"gif_loader_container\"><\/div><div class=\"ajax_inner_content news_box_inner_content clearfix\"><div class=\"hidden ajax_data_helper\" data-newtotalpages=\"2\"><\/div><div class=\"news_box_container news_box_first row\"><div class=\"news_box_item ajax_item clearfix col12\"><a class=\"news_box_image_link\" href=\"https:\/\/www.dakarmania.cz\/index.php\/2020\/09\/12\/komplikace-portugalska-baja-odlozena\/\"><figure class=\"box_item_image_container\"><div class=\"featured_image_overlay\"><\/div><span data-postid=\"16701\" class=\"featured_image_icon\"><i class=\"fa fa-newspaper-o\"><\/i><\/span><img loading=\"lazy\" decoding=\"async\" width=\"303\" height=\"178\" src=\"https:\/\/www.dakarmania.cz\/wp-content\/uploads\/2020\/09\/20-rouckova-test-03-303x178.jpg\" class=\"img-responsive wp-post-image\" alt=\"Olga Rou\u010dkov\u00e1, tr\u00e9nink 2020\" \/><\/figure><\/a><div class=\"news_box_item_content\"><h3 class=\"post_title title\"><a class=\"news_box_link\" href=\"https:\/\/www.dakarmania.cz\/index.php\/2020\/09\/12\/komplikace-portugalska-baja-odlozena\/\">Komplikace pro Rou\u010dkovou a Caisovovou. Portugalsk\u00e1 baja o t\u00fdden odlo\u017eena<\/a><\/h3><div class=\"post_meta_container\"><span class=\"post_meta_item post_meta_time\"><i class=\"fa fa-clock-o\"><\/i> Z\u00e1\u0159 12, 2020<\/span><span class=\"post_meta_item post_meta_views\"><i class=\"fa fa-eye\"><\/i> 2375<\/span><span class=\"post_meta_item post_meta_comments\"><i class=\"fa fa-comments-o\"><\/i> <a href=\"https:\/\/www.dakarmania.cz\/index.php\/2020\/09\/12\/komplikace-portugalska-baja-odlozena\/#respond\">0 koment\u00e1\u0159\u016f<\/a><\/span><\/div><p class=\"news_box_desc\">Ve chv\u00edli, kdy m\u011bly v Sert\u011b prob\u011bhnout technick\u00e9 a administrativn\u00ed p\u0159ej\u00edmky, obest\u0159ely Baju TT do Pinhal neobvykl\u00e9 zmatky.<\/p><span class=\"read_more_button\"><a href=\"https:\/\/www.dakarmania.cz\/index.php\/2020\/09\/12\/komplikace-portugalska-baja-odlozena\/\">V\u00edce...<\/a><\/span><\/div><\/div><\/div><div class=\"news_box_container news_box_first row\"><div class=\"news_box_item ajax_item clearfix col12\"><a class=\"news_box_image_link\" href=\"https:\/\/www.dakarmania.cz\/index.php\/2020\/09\/10\/baja-pinhal-rouckova-pro-svetove-body\/\"><figure class=\"box_item_image_container\"><div class=\"featured_image_overlay\"><\/div><span data-postid=\"16689\" class=\"featured_image_icon\"><i class=\"fa fa-newspaper-o\"><\/i><\/span><img loading=\"lazy\" decoding=\"async\" width=\"303\" height=\"178\" src=\"https:\/\/www.dakarmania.cz\/wp-content\/uploads\/2020\/09\/20-rouckova-test-01-303x178.jpg\" class=\"img-responsive wp-post-image\" alt=\"Olga Rou\u010dkov\u00e1, tr\u00e9nink 2020\" \/><\/figure><\/a><div class=\"news_box_item_content\"><h3 class=\"post_title title\"><a class=\"news_box_link\" href=\"https:\/\/www.dakarmania.cz\/index.php\/2020\/09\/10\/baja-pinhal-rouckova-pro-svetove-body\/\">Baja TT do Pinhal: Zotaven\u00e1 Rou\u010dkov\u00e1 jede pro sv\u011btov\u00e9 body<\/a><\/h3><div class=\"post_meta_container\"><span class=\"post_meta_item post_meta_time\"><i class=\"fa fa-clock-o\"><\/i> Z\u00e1\u0159 10, 2020<\/span><span class=\"post_meta_item post_meta_views\"><i class=\"fa fa-eye\"><\/i> 2519<\/span><span class=\"post_meta_item post_meta_comments\"><i class=\"fa fa-comments-o\"><\/i> <a href=\"https:\/\/www.dakarmania.cz\/index.php\/2020\/09\/10\/baja-pinhal-rouckova-pro-svetove-body\/#respond\">0 koment\u00e1\u0159\u016f<\/a><\/span><\/div><p class=\"news_box_desc\">T\u00e9m\u011b\u0159 po roce a p\u016fl se Olga Rou\u010dkov\u00e1 vrac\u00ed na z\u00e1vodn\u00ed trat\u011b v sedle \u010dty\u0159kolky. V Portugalsku se o v\u00edkendu z\u00fa\u010dastn\u00ed Baji TT do Pinhal.<\/p><span class=\"read_more_button\"><a href=\"https:\/\/www.dakarmania.cz\/index.php\/2020\/09\/10\/baja-pinhal-rouckova-pro-svetove-body\/\">V\u00edce...<\/a><\/span><\/div><\/div><\/div><\/div><\/div><\/div><\/div>[\/vc_column][vc_column width=&#8221;1\/3&#8243;][vc_custom_heading text=&#8221;DOKUMENTY&#8221; font_container=&#8221;tag:h3|text_align:center|color:%23ffffff&#8221; google_fonts=&#8221;font_family:Open%20Sans%3A300%2C300italic%2Cregular%2Citalic%2C600%2C600italic%2C700%2C700italic%2C800%2C800italic|font_style:400%20regular%3A400%3Anormal&#8221; css=&#8221;.vc_custom_1549328336648{background-color: #ee8027 !important;}&#8221;][vc_column_text]<\/p>\n<p style=\"text-align: center;\"><a href=\"https:\/\/www.dakarmania.cz\/wp-content\/uploads\/2019\/03\/2019-baja-pinhal-moto-after-ss2.pdf\" target=\"_blank\" rel=\"noopener noreferrer\"><span style=\"color: #ee8027;\">Moto: Kone\u010dn\u00e9 v\u00fdsledky<\/span><\/a><br \/>\n<a href=\"https:\/\/www.dakarmania.cz\/wp-content\/uploads\/2019\/03\/2019-baja-pinhal-quad-after-ss2.pdf\" target=\"_blank\" rel=\"noopener noreferrer\"><span style=\"color: #ee8027;\">Quad: Kone\u010dn\u00e9 v\u00fdsledky<\/span><\/a><\/p>\n<p style=\"text-align: center;\"><a href=\"https:\/\/www.dakarmania.cz\/wp-content\/uploads\/2019\/03\/2019-baja-pinhal-moto-ss2.pdf\" target=\"_blank\" rel=\"noopener noreferrer\"><span style=\"color: #ee8027;\">Moto: V\u00fdsledky RZ2<\/span><\/a><br \/>\n<a href=\"https:\/\/www.dakarmania.cz\/wp-content\/uploads\/2019\/03\/2019-baja-pinhal-moto-after-ss1.pdf\" target=\"_blank\" rel=\"noopener noreferrer\"><span style=\"color: #ee8027;\">Moto: Pr\u016fb\u011b\u017en\u00e9 po\u0159ad\u00ed po RZ1<\/span><\/a><br \/>\n<a href=\"https:\/\/www.dakarmania.cz\/wp-content\/uploads\/2019\/03\/2019-baja-pinhal-moto-ss1.pdf\" target=\"_blank\" rel=\"noopener noreferrer\"><span style=\"color: #ee8027;\">Moto: V\u00fdsledky RZ1<\/span><\/a><br \/>\n<a href=\"https:\/\/www.dakarmania.cz\/wp-content\/uploads\/2019\/03\/2019-baja-pinhal-moto-prologue.pdf\" target=\"_blank\" rel=\"noopener noreferrer\"><span style=\"color: #ee8027;\">Moto: V\u00fdsledky prologu<\/span><\/a><\/p>\n<p style=\"text-align: center;\"><a href=\"https:\/\/www.dakarmania.cz\/wp-content\/uploads\/2019\/03\/2019-baja-pinhal-quad-ss2.pdf\" target=\"_blank\" rel=\"noopener noreferrer\"><span style=\"color: #ee8027;\">Quad: V\u00fdsledky RZ2<\/span><\/a><br \/>\n<a href=\"https:\/\/www.dakarmania.cz\/wp-content\/uploads\/2019\/03\/2019-baja-pinhal-quad-after-ss1.pdf\" target=\"_blank\" rel=\"noopener noreferrer\"><span style=\"color: #ee8027;\">Quad: Pr\u016fb\u011b\u017en\u00e9 po\u0159ad\u00ed po RZ1<\/span><\/a><br \/>\n<a href=\"https:\/\/www.dakarmania.cz\/wp-content\/uploads\/2019\/03\/2019-baja-pinhal-quad-ss1.pdf\" target=\"_blank\" rel=\"noopener noreferrer\"><span style=\"color: #ee8027;\">Quad: V\u00fdsledky RZ1<\/span><\/a><br \/>\n<a href=\"https:\/\/www.dakarmania.cz\/wp-content\/uploads\/2019\/03\/2019-baja-pinhal-quad-prologue.pdf\" target=\"_blank\" rel=\"noopener noreferrer\"><span style=\"color: #ee8027;\">Quad: V\u00fdsledky prologu<\/span><\/a><\/p>\n<p style=\"text-align: center;\"><a href=\"https:\/\/www.dakarmania.cz\/wp-content\/uploads\/2019\/03\/2019-baja-pinhal-entry-moto-v4.pdf\" target=\"_blank\" rel=\"noopener noreferrer\"><span style=\"color: #ee8027;\">Moto: seznam p\u0159ihl\u00e1\u0161en\u00fdch<\/span><\/a><br \/>\n<a href=\"https:\/\/www.dakarmania.cz\/wp-content\/uploads\/2019\/03\/2019-baja-pinhal-entry-quad-v4.pdf\" target=\"_blank\" rel=\"noopener noreferrer\"><span style=\"color: #ee8027;\">Quad: seznam p\u0159ihl\u00e1\u0161en\u00fdch<\/span><\/a><\/p>\n<p style=\"text-align: center;\"><a href=\"https:\/\/www.dakarmania.cz\/wp-content\/uploads\/2019\/03\/2019-baja-pinhal-itinerary-moto.pdf\" target=\"_blank\" rel=\"noopener noreferrer\"><span style=\"color: #ee8027;\">Harmonogram<\/span><\/a><br \/>\n<a href=\"https:\/\/www.dakarmania.cz\/wp-content\/uploads\/2019\/03\/2019-baja-pinhal-supplementary-regulations-fim.pdf\" target=\"_blank\" rel=\"noopener noreferrer\"><span style=\"color: #ee8027;\">Zvl\u00e1\u0161tn\u00ed ustanoven\u00ed<\/span><\/a><\/p>\n<p>[\/vc_column_text][\/vc_column][\/vc_row][vc_row][vc_column][vc_row_inner][vc_column_inner width=&#8221;1\/3&#8243;][vc_custom_heading text=&#8221;V\u00cdT\u011aZOV\u00c9 &#8211; MOTO&#8221; font_container=&#8221;tag:h3|text_align:center|color:%23ffffff&#8221; google_fonts=&#8221;font_family:Open%20Sans%3A300%2C300italic%2Cregular%2Citalic%2C600%2C600italic%2C700%2C700italic%2C800%2C800italic|font_style:400%20regular%3A400%3Anormal&#8221; css=&#8221;.vc_custom_1553603574722{background-color: #ee8027 !important;}&#8221;][vc_single_image image=&#8221;4621&#8243; img_size=&#8221;medium&#8221; alignment=&#8221;center&#8221;][vc_column_text]<\/p>\n<table style=\"width: 97.7654%; height: 384px;\">\n<tbody>\n<tr>\n<td style=\"vertical-align: top; height: 48px;\"><strong>2019<\/strong><\/td>\n<td style=\"vertical-align: top; height: 48px;\"><strong>Daniel Jord\u00e3o<\/strong><br \/>\nYamaha WR 450<\/td>\n<\/tr>\n<tr style=\"background-color: #dbd9d9;\">\n<td style=\"vertical-align: top; height: 48px;\"><strong>2018<\/strong><\/td>\n<td style=\"vertical-align: top; height: 48px;\"><strong>Ant\u00f3nio Maio<\/strong><br \/>\nYamaha WR<\/td>\n<\/tr>\n<tr style=\"height: 48px;\">\n<td style=\"vertical-align: top; height: 48px;\"><strong>2017<\/strong><\/td>\n<td style=\"vertical-align: top; height: 48px;\"><strong>Ant\u00f3nio Maio<\/strong><br \/>\nYamaha WR 450 F<\/td>\n<\/tr>\n<tr style=\"background-color: #dbd9d9;\">\n<td style=\"vertical-align: top; height: 48px;\"><strong>2016<\/strong><\/td>\n<td style=\"vertical-align: top; height: 48px;\"><strong>Ant\u00f3nio Maio<\/strong><br \/>\nYamaha WR<\/td>\n<\/tr>\n<tr style=\"height: 48px;\">\n<td style=\"vertical-align: top; height: 48px;\"><strong>2015<\/strong><\/td>\n<td style=\"vertical-align: top; height: 48px;\"><strong>Ant\u00f3nio Maio<\/strong><br \/>\nYamaha YZ450F<\/td>\n<\/tr>\n<tr style=\"background-color: #dbd9d9;\">\n<td style=\"vertical-align: top; height: 48px;\"><strong>2014<\/strong><\/td>\n<td style=\"vertical-align: top; height: 48px;\"><strong>M\u00e1rio Patr\u00e3o<\/strong><br \/>\nSuzuki RMZ<\/td>\n<\/tr>\n<tr style=\"height: 48px;\">\n<td style=\"vertical-align: top; height: 48px;\"><strong>2013<\/strong><\/td>\n<td style=\"vertical-align: top; height: 48px;\"><strong>Luis Ferreira<\/strong><br \/>\nKTM 505 SX-F<\/td>\n<\/tr>\n<tr style=\"background-color: #dbd9d9;\">\n<td style=\"vertical-align: top; height: 48px;\"><strong>2012<\/strong><\/td>\n<td style=\"vertical-align: top; height: 48px;\"><strong>M\u00e1rio Patr\u00e3o<\/strong><br \/>\nSuzuki RMZ 450i<\/td>\n<\/tr>\n<tr style=\"height: 48px;\">\n<td style=\"vertical-align: top; height: 48px;\"><strong>2011<\/strong><\/td>\n<td style=\"vertical-align: top; height: 48px;\"><strong>M\u00e1rio Patr\u00e3o<\/strong><br \/>\nSuzuki RMZ 450<\/td>\n<\/tr>\n<\/tbody>\n<\/table>\n<p>[\/vc_column_text][\/vc_column_inner][vc_column_inner width=&#8221;1\/3&#8243;][vc_custom_heading text=&#8221;V\u00cdT\u011aZOV\u00c9 &#8211; QUAD&#8221; font_container=&#8221;tag:h3|text_align:center|color:%23ffffff&#8221; google_fonts=&#8221;font_family:Open%20Sans%3A300%2C300italic%2Cregular%2Citalic%2C600%2C600italic%2C700%2C700italic%2C800%2C800italic|font_style:400%20regular%3A400%3Anormal&#8221; css=&#8221;.vc_custom_1553603582131{background-color: #ee8027 !important;}&#8221;][vc_single_image image=&#8221;4618&#8243; img_size=&#8221;medium&#8221; alignment=&#8221;center&#8221;][vc_column_text]<\/p>\n<table style=\"width: 97.7654%; height: 384px;\">\n<tbody>\n<tr>\n<td style=\"vertical-align: top; height: 48px;\"><strong>2019<\/strong><\/td>\n<td style=\"vertical-align: top; height: 48px;\"><strong>Roberto Borrego<\/strong><br \/>\nYamaha AJ42<\/td>\n<\/tr>\n<tr style=\"background-color: #dbd9d9;\">\n<td style=\"vertical-align: top; height: 48px;\"><strong>2018<\/strong><\/td>\n<td style=\"vertical-align: top; height: 48px;\"><strong>Arnaldo Martins<\/strong><br \/>\nSuzuki LTR<\/td>\n<\/tr>\n<tr style=\"height: 48px;\">\n<td style=\"vertical-align: top; height: 48px;\"><strong>2017<\/strong><\/td>\n<td style=\"vertical-align: top; height: 48px;\"><strong>Arnaldo Martins<\/strong><br \/>\nSuzuki<\/td>\n<\/tr>\n<tr style=\"background-color: #dbd9d9;\">\n<td style=\"vertical-align: top; height: 48px;\"><strong>2016<\/strong><\/td>\n<td style=\"vertical-align: top; height: 48px;\"><strong>Arnaldo Martins<\/strong><br \/>\nSuzuki LTR 450<\/td>\n<\/tr>\n<tr style=\"height: 48px;\">\n<td style=\"vertical-align: top; height: 48px;\"><strong>2015<\/strong><\/td>\n<td style=\"vertical-align: top; height: 48px;\"><strong>Roberto Borrego<\/strong><br \/>\nYamaha YFZ 450R<\/td>\n<\/tr>\n<tr style=\"background-color: #dbd9d9;\">\n<td style=\"vertical-align: top; height: 48px;\"><strong>2014<\/strong><\/td>\n<td style=\"vertical-align: top; height: 48px;\"><strong>Ricardo Carvalho<\/strong><br \/>\nYamaha YFZ 450 R<\/td>\n<\/tr>\n<tr style=\"height: 48px;\">\n<td style=\"vertical-align: top; height: 48px;\"><strong>2013<\/strong><\/td>\n<td style=\"vertical-align: top; height: 48px;\"><strong>Roberto Borrego<\/strong><br \/>\nYamaha YFZ 450 R<\/td>\n<\/tr>\n<tr style=\"background-color: #dbd9d9;\">\n<td style=\"vertical-align: top; height: 48px;\"><strong>2012<\/strong><\/td>\n<td style=\"vertical-align: top; height: 48px;\"><strong>Roberto Borrego<\/strong><br \/>\nYamaha YFZ 450 R<\/td>\n<\/tr>\n<tr style=\"height: 48px;\">\n<td style=\"vertical-align: top; height: 48px;\"><strong>2011<\/strong><\/td>\n<td style=\"vertical-align: top; height: 48px;\"><strong>Humberto Pinto<\/strong><br \/>\nSuzuki LTR 450<\/td>\n<\/tr>\n<\/tbody>\n<\/table>\n<p>[\/vc_column_text][\/vc_column_inner][vc_column_inner width=&#8221;1\/3&#8243;][vc_custom_heading text=&#8221;V\u00cdT\u011aZOV\u00c9 &#8211; SxS&#8221; font_container=&#8221;tag:h3|text_align:center|color:%23ffffff&#8221; google_fonts=&#8221;font_family:Open%20Sans%3A300%2C300italic%2Cregular%2Citalic%2C600%2C600italic%2C700%2C700italic%2C800%2C800italic|font_style:400%20regular%3A400%3Anormal&#8221; css=&#8221;.vc_custom_1553603590331{background-color: #ee8027 !important;}&#8221;][vc_single_image image=&#8221;4620&#8243; img_size=&#8221;medium&#8221; alignment=&#8221;center&#8221;][vc_column_text]<\/p>\n<table style=\"width: 97.7654%; height: 384px;\">\n<tbody>\n<tr>\n<td style=\"vertical-align: top; height: 48px;\"><strong>2019<\/strong><\/td>\n<td style=\"vertical-align: top; height: 48px;\"><strong>Pedro Santinho Mendes<\/strong><br \/>\nCan-Am Maverick X3 XRS<\/td>\n<\/tr>\n<tr style=\"background-color: #dbd9d9;\">\n<td style=\"vertical-align: top; height: 48px;\"><strong>2018<\/strong><\/td>\n<td style=\"vertical-align: top; height: 48px;\"><strong>Jo\u00e3o Monteiro \/ Manuel Pereira<\/strong><br \/>\nCan-Am Maverick X3 XRS<\/td>\n<\/tr>\n<tr style=\"height: 48px;\">\n<td style=\"vertical-align: top; height: 48px;\"><strong>2017<\/strong><\/td>\n<td style=\"vertical-align: top; height: 48px;\"><strong>Pedro Grancha \/ Tom\u00e1s Neves<\/strong><br \/>\nCan-Am Maverick X3 XRS<\/td>\n<\/tr>\n<tr style=\"background-color: #dbd9d9;\">\n<td style=\"vertical-align: top; height: 48px;\"><strong>2016<\/strong><\/td>\n<td style=\"vertical-align: top; height: 48px;\"><strong>Ricardo Carvalho<\/strong><br \/>\nYamaha YXZ 1000R<\/td>\n<\/tr>\n<tr style=\"height: 48px;\">\n<td style=\"vertical-align: top; height: 48px;\"><strong>2015<\/strong><\/td>\n<td style=\"vertical-align: top; height: 48px;\"><strong>Jo\u00e3o Lopes \/ Bruno Santos<\/strong><br \/>\nPolaris RZR XP<\/td>\n<\/tr>\n<tr style=\"background-color: #dbd9d9;\">\n<td style=\"vertical-align: top; height: 48px;\"><strong>2014<\/strong><\/td>\n<td style=\"vertical-align: top; height: 48px;\"><strong>Roberto Gallart<\/strong><br \/>\nPolaris RZR 1000<\/td>\n<\/tr>\n<tr style=\"height: 48px;\">\n<td style=\"vertical-align: top; height: 48px;\"><strong>2013<\/strong><\/td>\n<td style=\"vertical-align: top; height: 48px;\"><strong>Jo\u00e3o Dias \/ Nuno Passos<\/strong><br \/>\nIPS RX<\/td>\n<\/tr>\n<tr style=\"background-color: #dbd9d9;\">\n<td style=\"vertical-align: top; height: 48px;\"><strong>2012<\/strong><\/td>\n<td style=\"vertical-align: top; height: 48px;\"><strong>Jorge Monteiro<\/strong><br \/>\nPolaris K 900 XP<\/td>\n<\/tr>\n<tr style=\"height: 48px;\">\n<td style=\"vertical-align: top; height: 48px;\"><strong>2011<\/strong><\/td>\n<td style=\"vertical-align: top; height: 48px;\"><strong>S\u00e9rgio Silva<\/strong><br \/>\nPolaris XP 900<\/td>\n<\/tr>\n<\/tbody>\n<\/table>\n<p>[\/vc_column_text][\/vc_column_inner][\/vc_row_inner][\/vc_column][\/vc_row]<\/p>\n","protected":false},"excerpt":{"rendered":"<p>[vc_row][vc_column][vc_single_image image=&#8221;4614&#8243; img_size=&#8221;full&#8221; alignment=&#8221;center&#8221;][vc_column_text] BAJA TT DO PINHAL 2019 22. a\u017e 24. b\u0159ezna | Sert\u00e3, Portugalsko Sv\u011btov\u00fd poh\u00e1r FIM v baj\u00e1ch 2. podnik sezony [\/vc_column_text][\/vc_column][\/vc_row][vc_row][vc_column width=&#8221;2\/3&#8243;][vc_row_inner][vc_column_inner width=&#8221;1\/2&#8243;][vc_custom_heading text=&#8221;Z\u00c1KLADN\u00cd INFO&#8221; font_container=&#8221;tag:h3|text_align:center|color:%23ffffff&#8221; google_fonts=&#8221;font_family:Open%20Sans%3A300%2C300italic%2Cregular%2Citalic%2C600%2C600italic%2C700%2C700italic%2C800%2C800italic|font_style:400%20regular%3A400%3Anormal&#8221; css=&#8221;.vc_custom_1549325722649{background-color: #ee8027 !important;}&#8221;][vc_column_text] V roce 2019 je sout\u011b\u017e poprv\u00e9 za\u0159azena do SP FIM v baj\u00e1ch Prolog a dv\u011b etapy m\u011b\u0159\u00ed celkem 374 km Trat\u011b [&hellip;]<\/p>\n","protected":false},"author":1,"featured_media":4621,"parent":3762,"menu_order":2,"comment_status":"closed","ping_status":"closed","template":"page-templates\/builder.php","meta":{"footnotes":""},"class_list":["post-3895","page","type-page","status-publish","has-post-thumbnail","hentry"],"yoast_head":"<!-- This site is optimized with the Yoast SEO plugin v24.9 - https:\/\/yoast.com\/wordpress\/plugins\/seo\/ -->\n<title>Baja TT do Pinhal 2019 - DAKARMANIA.cz<\/title>\n<meta name=\"description\" content=\"Portugalsk\u00fd podnik je po\u0159\u00e1d\u00e1n od roku 2011 a je vyps\u00e1n pro motocykly, \u010dty\u0159kolky a SxS. V roce 2019 je poprv\u00e9 za\u0159azena do Sv\u011btov\u00e9ho poh\u00e1ru FIM v baj\u00e1ch.\" \/>\n<meta name=\"robots\" content=\"index, follow, max-snippet:-1, max-image-preview:large, max-video-preview:-1\" \/>\n<link rel=\"canonical\" href=\"https:\/\/www.dakarmania.cz\/index.php\/sampionaty\/svetovy-pohar-fim-v-bajach-2019\/baja-tt-do-pinhal-2019\/\" \/>\n<meta property=\"og:locale\" content=\"cs_CZ\" \/>\n<meta property=\"og:type\" content=\"article\" \/>\n<meta property=\"og:title\" content=\"Baja TT do Pinhal 2019 - DAKARMANIA.cz\" \/>\n<meta property=\"og:description\" content=\"Portugalsk\u00fd podnik je po\u0159\u00e1d\u00e1n od roku 2011 a je vyps\u00e1n pro motocykly, \u010dty\u0159kolky a SxS. V roce 2019 je poprv\u00e9 za\u0159azena do Sv\u011btov\u00e9ho poh\u00e1ru FIM v baj\u00e1ch.\" \/>\n<meta property=\"og:url\" content=\"https:\/\/www.dakarmania.cz\/index.php\/sampionaty\/svetovy-pohar-fim-v-bajach-2019\/baja-tt-do-pinhal-2019\/\" \/>\n<meta property=\"og:site_name\" content=\"DAKARMANIA.cz\" \/>\n<meta property=\"article:publisher\" content=\"https:\/\/www.facebook.com\/dakarmania\/\" \/>\n<meta property=\"article:modified_time\" content=\"2019-07-02T14:16:52+00:00\" \/>\n<meta property=\"og:image\" content=\"https:\/\/www.dakarmania.cz\/wp-content\/uploads\/2019\/03\/19-pinhal-jordao-03.jpg\" \/>\n\t<meta property=\"og:image:width\" content=\"1384\" \/>\n\t<meta property=\"og:image:height\" content=\"923\" \/>\n\t<meta property=\"og:image:type\" content=\"image\/jpeg\" \/>\n<meta name=\"twitter:card\" content=\"summary_large_image\" \/>\n<meta name=\"twitter:label1\" content=\"Odhadovan\u00e1 doba \u010dten\u00ed\" \/>\n\t<meta name=\"twitter:data1\" content=\"5 minut\" \/>\n<script type=\"application\/ld+json\" class=\"yoast-schema-graph\">{\"@context\":\"https:\/\/schema.org\",\"@graph\":[{\"@type\":\"WebPage\",\"@id\":\"https:\/\/www.dakarmania.cz\/index.php\/sampionaty\/svetovy-pohar-fim-v-bajach-2019\/baja-tt-do-pinhal-2019\/\",\"url\":\"https:\/\/www.dakarmania.cz\/index.php\/sampionaty\/svetovy-pohar-fim-v-bajach-2019\/baja-tt-do-pinhal-2019\/\",\"name\":\"Baja TT do Pinhal 2019 - DAKARMANIA.cz\",\"isPartOf\":{\"@id\":\"https:\/\/www.dakarmania.cz\/#website\"},\"primaryImageOfPage\":{\"@id\":\"https:\/\/www.dakarmania.cz\/index.php\/sampionaty\/svetovy-pohar-fim-v-bajach-2019\/baja-tt-do-pinhal-2019\/#primaryimage\"},\"image\":{\"@id\":\"https:\/\/www.dakarmania.cz\/index.php\/sampionaty\/svetovy-pohar-fim-v-bajach-2019\/baja-tt-do-pinhal-2019\/#primaryimage\"},\"thumbnailUrl\":\"https:\/\/www.dakarmania.cz\/wp-content\/uploads\/2019\/03\/19-pinhal-jordao-03.jpg\",\"datePublished\":\"2019-03-06T12:19:11+00:00\",\"dateModified\":\"2019-07-02T14:16:52+00:00\",\"description\":\"Portugalsk\u00fd podnik je po\u0159\u00e1d\u00e1n od roku 2011 a je vyps\u00e1n pro motocykly, \u010dty\u0159kolky a SxS. V roce 2019 je poprv\u00e9 za\u0159azena do Sv\u011btov\u00e9ho poh\u00e1ru FIM v baj\u00e1ch.\",\"breadcrumb\":{\"@id\":\"https:\/\/www.dakarmania.cz\/index.php\/sampionaty\/svetovy-pohar-fim-v-bajach-2019\/baja-tt-do-pinhal-2019\/#breadcrumb\"},\"inLanguage\":\"cs\",\"potentialAction\":[{\"@type\":\"ReadAction\",\"target\":[\"https:\/\/www.dakarmania.cz\/index.php\/sampionaty\/svetovy-pohar-fim-v-bajach-2019\/baja-tt-do-pinhal-2019\/\"]}]},{\"@type\":\"ImageObject\",\"inLanguage\":\"cs\",\"@id\":\"https:\/\/www.dakarmania.cz\/index.php\/sampionaty\/svetovy-pohar-fim-v-bajach-2019\/baja-tt-do-pinhal-2019\/#primaryimage\",\"url\":\"https:\/\/www.dakarmania.cz\/wp-content\/uploads\/2019\/03\/19-pinhal-jordao-03.jpg\",\"contentUrl\":\"https:\/\/www.dakarmania.cz\/wp-content\/uploads\/2019\/03\/19-pinhal-jordao-03.jpg\",\"width\":1384,\"height\":923,\"caption\":\"Daniel Jord\u00e3o, Yamaha WR 450, Franco Sport. Baja TT do Pinhal 2019. \u00a9 Escuderia Castelo Branco Media\"},{\"@type\":\"BreadcrumbList\",\"@id\":\"https:\/\/www.dakarmania.cz\/index.php\/sampionaty\/svetovy-pohar-fim-v-bajach-2019\/baja-tt-do-pinhal-2019\/#breadcrumb\",\"itemListElement\":[{\"@type\":\"ListItem\",\"position\":1,\"name\":\"Dom\u016f\",\"item\":\"https:\/\/www.dakarmania.cz\/\"},{\"@type\":\"ListItem\",\"position\":2,\"name\":\"\u0160ampion\u00e1ty\",\"item\":\"https:\/\/www.dakarmania.cz\/index.php\/sampionaty\/\"},{\"@type\":\"ListItem\",\"position\":3,\"name\":\"Sv\u011btov\u00fd poh\u00e1r FIM v baj\u00e1ch 2019\",\"item\":\"https:\/\/www.dakarmania.cz\/index.php\/sampionaty\/svetovy-pohar-fim-v-bajach-2019\/\"},{\"@type\":\"ListItem\",\"position\":4,\"name\":\"Baja TT do Pinhal 2019\"}]},{\"@type\":\"WebSite\",\"@id\":\"https:\/\/www.dakarmania.cz\/#website\",\"url\":\"https:\/\/www.dakarmania.cz\/\",\"name\":\"DAKARMANIA.cz\",\"description\":\"\u017dijeme Dakarem cel\u00fd rok\",\"publisher\":{\"@id\":\"https:\/\/www.dakarmania.cz\/#organization\"},\"potentialAction\":[{\"@type\":\"SearchAction\",\"target\":{\"@type\":\"EntryPoint\",\"urlTemplate\":\"https:\/\/www.dakarmania.cz\/?s={search_term_string}\"},\"query-input\":{\"@type\":\"PropertyValueSpecification\",\"valueRequired\":true,\"valueName\":\"search_term_string\"}}],\"inLanguage\":\"cs\"},{\"@type\":\"Organization\",\"@id\":\"https:\/\/www.dakarmania.cz\/#organization\",\"name\":\"DAKAR MANIA\",\"url\":\"https:\/\/www.dakarmania.cz\/\",\"logo\":{\"@type\":\"ImageObject\",\"inLanguage\":\"cs\",\"@id\":\"https:\/\/www.dakarmania.cz\/#\/schema\/logo\/image\/\",\"url\":\"https:\/\/www.dakarmania.cz\/wp-content\/uploads\/2018\/12\/Dakar-Mania-Logo-Square-Orange.png\",\"contentUrl\":\"https:\/\/www.dakarmania.cz\/wp-content\/uploads\/2018\/12\/Dakar-Mania-Logo-Square-Orange.png\",\"width\":992,\"height\":992,\"caption\":\"DAKAR MANIA\"},\"image\":{\"@id\":\"https:\/\/www.dakarmania.cz\/#\/schema\/logo\/image\/\"},\"sameAs\":[\"https:\/\/www.facebook.com\/dakarmania\/\"]}]}<\/script>\n<!-- \/ Yoast SEO plugin. -->","yoast_head_json":{"title":"Baja TT do Pinhal 2019 - DAKARMANIA.cz","description":"Portugalsk\u00fd podnik je po\u0159\u00e1d\u00e1n od roku 2011 a je vyps\u00e1n pro motocykly, \u010dty\u0159kolky a SxS. V roce 2019 je poprv\u00e9 za\u0159azena do Sv\u011btov\u00e9ho poh\u00e1ru FIM v baj\u00e1ch.","robots":{"index":"index","follow":"follow","max-snippet":"max-snippet:-1","max-image-preview":"max-image-preview:large","max-video-preview":"max-video-preview:-1"},"canonical":"https:\/\/www.dakarmania.cz\/index.php\/sampionaty\/svetovy-pohar-fim-v-bajach-2019\/baja-tt-do-pinhal-2019\/","og_locale":"cs_CZ","og_type":"article","og_title":"Baja TT do Pinhal 2019 - DAKARMANIA.cz","og_description":"Portugalsk\u00fd podnik je po\u0159\u00e1d\u00e1n od roku 2011 a je vyps\u00e1n pro motocykly, \u010dty\u0159kolky a SxS. V roce 2019 je poprv\u00e9 za\u0159azena do Sv\u011btov\u00e9ho poh\u00e1ru FIM v baj\u00e1ch.","og_url":"https:\/\/www.dakarmania.cz\/index.php\/sampionaty\/svetovy-pohar-fim-v-bajach-2019\/baja-tt-do-pinhal-2019\/","og_site_name":"DAKARMANIA.cz","article_publisher":"https:\/\/www.facebook.com\/dakarmania\/","article_modified_time":"2019-07-02T14:16:52+00:00","og_image":[{"width":1384,"height":923,"url":"https:\/\/www.dakarmania.cz\/wp-content\/uploads\/2019\/03\/19-pinhal-jordao-03.jpg","type":"image\/jpeg"}],"twitter_card":"summary_large_image","twitter_misc":{"Odhadovan\u00e1 doba \u010dten\u00ed":"5 minut"},"schema":{"@context":"https:\/\/schema.org","@graph":[{"@type":"WebPage","@id":"https:\/\/www.dakarmania.cz\/index.php\/sampionaty\/svetovy-pohar-fim-v-bajach-2019\/baja-tt-do-pinhal-2019\/","url":"https:\/\/www.dakarmania.cz\/index.php\/sampionaty\/svetovy-pohar-fim-v-bajach-2019\/baja-tt-do-pinhal-2019\/","name":"Baja TT do Pinhal 2019 - DAKARMANIA.cz","isPartOf":{"@id":"https:\/\/www.dakarmania.cz\/#website"},"primaryImageOfPage":{"@id":"https:\/\/www.dakarmania.cz\/index.php\/sampionaty\/svetovy-pohar-fim-v-bajach-2019\/baja-tt-do-pinhal-2019\/#primaryimage"},"image":{"@id":"https:\/\/www.dakarmania.cz\/index.php\/sampionaty\/svetovy-pohar-fim-v-bajach-2019\/baja-tt-do-pinhal-2019\/#primaryimage"},"thumbnailUrl":"https:\/\/www.dakarmania.cz\/wp-content\/uploads\/2019\/03\/19-pinhal-jordao-03.jpg","datePublished":"2019-03-06T12:19:11+00:00","dateModified":"2019-07-02T14:16:52+00:00","description":"Portugalsk\u00fd podnik je po\u0159\u00e1d\u00e1n od roku 2011 a je vyps\u00e1n pro motocykly, \u010dty\u0159kolky a SxS. V roce 2019 je poprv\u00e9 za\u0159azena do Sv\u011btov\u00e9ho poh\u00e1ru FIM v baj\u00e1ch.","breadcrumb":{"@id":"https:\/\/www.dakarmania.cz\/index.php\/sampionaty\/svetovy-pohar-fim-v-bajach-2019\/baja-tt-do-pinhal-2019\/#breadcrumb"},"inLanguage":"cs","potentialAction":[{"@type":"ReadAction","target":["https:\/\/www.dakarmania.cz\/index.php\/sampionaty\/svetovy-pohar-fim-v-bajach-2019\/baja-tt-do-pinhal-2019\/"]}]},{"@type":"ImageObject","inLanguage":"cs","@id":"https:\/\/www.dakarmania.cz\/index.php\/sampionaty\/svetovy-pohar-fim-v-bajach-2019\/baja-tt-do-pinhal-2019\/#primaryimage","url":"https:\/\/www.dakarmania.cz\/wp-content\/uploads\/2019\/03\/19-pinhal-jordao-03.jpg","contentUrl":"https:\/\/www.dakarmania.cz\/wp-content\/uploads\/2019\/03\/19-pinhal-jordao-03.jpg","width":1384,"height":923,"caption":"Daniel Jord\u00e3o, Yamaha WR 450, Franco Sport. Baja TT do Pinhal 2019. \u00a9 Escuderia Castelo Branco Media"},{"@type":"BreadcrumbList","@id":"https:\/\/www.dakarmania.cz\/index.php\/sampionaty\/svetovy-pohar-fim-v-bajach-2019\/baja-tt-do-pinhal-2019\/#breadcrumb","itemListElement":[{"@type":"ListItem","position":1,"name":"Dom\u016f","item":"https:\/\/www.dakarmania.cz\/"},{"@type":"ListItem","position":2,"name":"\u0160ampion\u00e1ty","item":"https:\/\/www.dakarmania.cz\/index.php\/sampionaty\/"},{"@type":"ListItem","position":3,"name":"Sv\u011btov\u00fd poh\u00e1r FIM v baj\u00e1ch 2019","item":"https:\/\/www.dakarmania.cz\/index.php\/sampionaty\/svetovy-pohar-fim-v-bajach-2019\/"},{"@type":"ListItem","position":4,"name":"Baja TT do Pinhal 2019"}]},{"@type":"WebSite","@id":"https:\/\/www.dakarmania.cz\/#website","url":"https:\/\/www.dakarmania.cz\/","name":"DAKARMANIA.cz","description":"\u017dijeme Dakarem cel\u00fd rok","publisher":{"@id":"https:\/\/www.dakarmania.cz\/#organization"},"potentialAction":[{"@type":"SearchAction","target":{"@type":"EntryPoint","urlTemplate":"https:\/\/www.dakarmania.cz\/?s={search_term_string}"},"query-input":{"@type":"PropertyValueSpecification","valueRequired":true,"valueName":"search_term_string"}}],"inLanguage":"cs"},{"@type":"Organization","@id":"https:\/\/www.dakarmania.cz\/#organization","name":"DAKAR MANIA","url":"https:\/\/www.dakarmania.cz\/","logo":{"@type":"ImageObject","inLanguage":"cs","@id":"https:\/\/www.dakarmania.cz\/#\/schema\/logo\/image\/","url":"https:\/\/www.dakarmania.cz\/wp-content\/uploads\/2018\/12\/Dakar-Mania-Logo-Square-Orange.png","contentUrl":"https:\/\/www.dakarmania.cz\/wp-content\/uploads\/2018\/12\/Dakar-Mania-Logo-Square-Orange.png","width":992,"height":992,"caption":"DAKAR MANIA"},"image":{"@id":"https:\/\/www.dakarmania.cz\/#\/schema\/logo\/image\/"},"sameAs":["https:\/\/www.facebook.com\/dakarmania\/"]}]}},"amp_enabled":false,"_links":{"self":[{"href":"https:\/\/www.dakarmania.cz\/index.php\/wp-json\/wp\/v2\/pages\/3895","targetHints":{"allow":["GET"]}}],"collection":[{"href":"https:\/\/www.dakarmania.cz\/index.php\/wp-json\/wp\/v2\/pages"}],"about":[{"href":"https:\/\/www.dakarmania.cz\/index.php\/wp-json\/wp\/v2\/types\/page"}],"author":[{"embeddable":true,"href":"https:\/\/www.dakarmania.cz\/index.php\/wp-json\/wp\/v2\/users\/1"}],"replies":[{"embeddable":true,"href":"https:\/\/www.dakarmania.cz\/index.php\/wp-json\/wp\/v2\/comments?post=3895"}],"version-history":[{"count":25,"href":"https:\/\/www.dakarmania.cz\/index.php\/wp-json\/wp\/v2\/pages\/3895\/revisions"}],"predecessor-version":[{"id":8071,"href":"https:\/\/www.dakarmania.cz\/index.php\/wp-json\/wp\/v2\/pages\/3895\/revisions\/8071"}],"up":[{"embeddable":true,"href":"https:\/\/www.dakarmania.cz\/index.php\/wp-json\/wp\/v2\/pages\/3762"}],"wp:featuredmedia":[{"embeddable":true,"href":"https:\/\/www.dakarmania.cz\/index.php\/wp-json\/wp\/v2\/media\/4621"}],"wp:attachment":[{"href":"https:\/\/www.dakarmania.cz\/index.php\/wp-json\/wp\/v2\/media?parent=3895"}],"curies":[{"name":"wp","href":"https:\/\/api.w.org\/{rel}","templated":true}]}}