{"id":604,"date":"2016-07-04T03:25:30","date_gmt":"2016-07-04T03:25:30","guid":{"rendered":"https:\/\/ahmad.works\/daynight\/?page_id=604"},"modified":"2024-09-09T00:17:39","modified_gmt":"2024-09-08T22:17:39","slug":"wide-home","status":"publish","type":"page","link":"https:\/\/www.dakarmania.cz\/","title":{"rendered":"DAKARMANIA"},"content":{"rendered":"<p>[vc_row][vc_column]<div class=\"row gridslider_wrapper  gridslider_overlay_default gridslider_style_large_grid daynight_shorcode_1\"><div class=\"owl-carousel daynight_carousel\"><div class=\"gridslider_first_slide single_slide clearfix\"><div class=\"gridslider_first\"><div class=\"gridslider_post_container grid_slider_post_1\"><figure class=\"gridpost_image_container\"><a class=\"gridpost_link\" href=\"https:\/\/www.dakarmania.cz\/index.php\/2025\/01\/18\/dakar-2025-ales-loprais-po-roce-znovu-na-stupnich-vitezu\/\"><div class=\"gridpost_image_overlay\"><\/div><\/a><img loading=\"lazy\" decoding=\"async\" width=\"484\" height=\"400\" src=\"https:\/\/www.dakarmania.cz\/wp-content\/uploads\/2025\/01\/dkr25-dkrm-1101-484x400.jpg\" class=\"img-responsive wp-post-image\" alt=\"Ale\u0161 Loprais, Dakar 2025\" srcset=\"https:\/\/www.dakarmania.cz\/wp-content\/uploads\/2025\/01\/dkr25-dkrm-1101-484x400.jpg 484w, https:\/\/www.dakarmania.cz\/wp-content\/uploads\/2025\/01\/dkr25-dkrm-1101-240x198.jpg 240w\" sizes=\"auto, (max-width: 484px) 100vw, 484px\" \/><a class=\"gridpost_title_link\" href=\"https:\/\/www.dakarmania.cz\/index.php\/2025\/01\/18\/dakar-2025-ales-loprais-po-roce-znovu-na-stupnich-vitezu\/\"><div class=\"gridpost_content\"><h2 class=\"gridpost_title title\">Dakar 2025: Ale\u0161 Loprais po roce znovu na stupn\u00edch v\u00edt\u011bz\u016f<\/h2><p class=\"gridpost_desc\">Ale\u0161 Loprais s Davidem K\u0159\u00edpalem a Darekem Rodewaldem se s Dakarem 2025 rozlou\u010dili p\u00e1t\u00fdm etapov\u00fdm v\u00edt\u011bzstv\u00edm, kter\u00e9 v pr\u016fb\u011bhu tohoto ro\u010dn\u00edku vybojovali. V kone\u010dn\u00e9m hodnocen\u00ed kategorie kamion\u016f pat\u0159\u00ed pos\u00e1dce InstaTrade Loprais Teamu De Rooy FPT t\u0159et\u00ed p\u0159\u00ed\u010dka. ...<\/p><span class=\"gridpost_cat\">Partnersk\u00e9 t\u00fdmy<\/span><span class=\"gridpost_date\"><i class=\"fa fa-clock-o\"><\/i> Led 18, 2025<\/span><\/div><\/a><\/figure><\/div><\/div><div class=\"gridslider_others\"><div class=\"gridslider_post_container grid_slider_post_2\"><figure class=\"gridpost_image_container\"><a class=\"gridpost_link\" href=\"https:\/\/www.dakarmania.cz\/index.php\/2025\/01\/16\/dakar-2025-ales-loprais-zustava-po-predposledni-etape-treti\/\"><div class=\"gridpost_image_overlay\"><\/div><\/a><img loading=\"lazy\" decoding=\"async\" width=\"484\" height=\"198\" src=\"https:\/\/www.dakarmania.cz\/wp-content\/uploads\/2025\/01\/dkr25-dkrm-1001-484x198.jpg\" class=\"img-responsive wp-post-image\" alt=\"Ale\u0161 Loprais, Dakar 2025\" \/><a class=\"gridpost_title_link\" href=\"https:\/\/www.dakarmania.cz\/index.php\/2025\/01\/16\/dakar-2025-ales-loprais-zustava-po-predposledni-etape-treti\/\"><div class=\"gridpost_content\"><h2 class=\"gridpost_title title\">Dakar 2025: Ale\u0161 Loprais z\u016fst\u00e1v\u00e1 po p\u0159edposledn\u00ed etap\u011b t\u0159et\u00ed<\/h2><span class=\"gridpost_cat\">Partnersk\u00e9 t\u00fdmy<\/span><span class=\"gridpost_date\"><i class=\"fa fa-clock-o\"><\/i> Led 16, 2025<\/span><\/div><\/a><\/figure><\/div><div class=\"gridslider_post_container grid_slider_post_3\"><figure class=\"gridpost_image_container\"><a class=\"gridpost_link\" href=\"https:\/\/www.dakarmania.cz\/index.php\/2025\/01\/15\/dakar-2025-loprais-vyhral-druhou-etapu-v-rade\/\"><div class=\"gridpost_image_overlay\"><\/div><\/a><img loading=\"lazy\" decoding=\"async\" width=\"240\" height=\"198\" src=\"https:\/\/www.dakarmania.cz\/wp-content\/uploads\/2025\/01\/dkr25-dkrm-901-240x198.jpg\" class=\"img-responsive wp-post-image\" alt=\"Ale\u0161 Loprais, Dakar 2025\" srcset=\"https:\/\/www.dakarmania.cz\/wp-content\/uploads\/2025\/01\/dkr25-dkrm-901-240x198.jpg 240w, https:\/\/www.dakarmania.cz\/wp-content\/uploads\/2025\/01\/dkr25-dkrm-901-484x400.jpg 484w\" sizes=\"auto, (max-width: 240px) 100vw, 240px\" \/><a class=\"gridpost_title_link\" href=\"https:\/\/www.dakarmania.cz\/index.php\/2025\/01\/15\/dakar-2025-loprais-vyhral-druhou-etapu-v-rade\/\"><div class=\"gridpost_content\"><h2 class=\"gridpost_title title\">Dakar 2025: Loprais vyhr\u00e1l druhou etapu v \u0159ad\u011b<\/h2><span class=\"gridpost_cat\">Partnersk\u00e9 t\u00fdmy<\/span><span class=\"gridpost_date\"><i class=\"fa fa-clock-o\"><\/i> Led 15, 2025<\/span><\/div><\/a><\/figure><\/div><div class=\"gridslider_post_container grid_slider_post_4\"><figure class=\"gridpost_image_container\"><a class=\"gridpost_link\" href=\"https:\/\/www.dakarmania.cz\/index.php\/2025\/01\/14\/dakar-2025-treti-etapove-vitezstvi-pro-lopraise\/\"><div class=\"gridpost_image_overlay\"><\/div><\/a><img loading=\"lazy\" decoding=\"async\" width=\"240\" height=\"198\" src=\"https:\/\/www.dakarmania.cz\/wp-content\/uploads\/2025\/01\/dkr25-dkrm-801-240x198.jpg\" class=\"img-responsive wp-post-image\" alt=\"Ale\u0161 Loprais, Dakar 2025\" srcset=\"https:\/\/www.dakarmania.cz\/wp-content\/uploads\/2025\/01\/dkr25-dkrm-801-240x198.jpg 240w, https:\/\/www.dakarmania.cz\/wp-content\/uploads\/2025\/01\/dkr25-dkrm-801-484x400.jpg 484w\" sizes=\"auto, (max-width: 240px) 100vw, 240px\" \/><a class=\"gridpost_title_link\" href=\"https:\/\/www.dakarmania.cz\/index.php\/2025\/01\/14\/dakar-2025-treti-etapove-vitezstvi-pro-lopraise\/\"><div class=\"gridpost_content\"><h2 class=\"gridpost_title title\">Dakar 2025: T\u0159et\u00ed etapov\u00e9 v\u00edt\u011bzstv\u00ed pro Lopraise<\/h2><span class=\"gridpost_cat\">Partnersk\u00e9 t\u00fdmy<\/span><span class=\"gridpost_date\"><i class=\"fa fa-clock-o\"><\/i> Led 14, 2025<\/span><\/div><\/a><\/figure><\/div><\/div><\/div><\/div><\/div>[\/vc_column][\/vc_row][vc_row][vc_column width=&#8221;2\/3&#8243;][vc_row_inner][vc_column_inner]<div class=\"news_box_wrapper  box_title_style_default left_box left_news_box clearfix daynight_shorcode_2\" data-uniquecolor=\"\"><div class=\"ajax_content_container clearfix news_box_container_wrapper daynoight_news_box\"><div class=\"news_box_title_wrapper clearfix\"><div class=\"news_box_title\"><a href=\"https:\/\/www.dakarmania.cz\/index.php\/category\/e-shop\/\" title=\"e-shop\"><h3 class=\"title\">e-shop<\/h3><\/a><\/div><div class=\"ajax_nav_container news_post_nav_container horizontal_nav_container nav_container arrows_nav_container\" data-tags=\"\" data-showpostsreview=\"\" data-orderby=\"date\" data-format=\"\" data-exclude=\"\" data-cat=\"1915\" data-style=\"left\" data-sticky=\"ignore\" data-cycle=\"1\" data-posttype=\"post\" data-postsperpage=\"5\" data-loopfile=\"parts\/newsbox\" data-totalpages=\"2\" data-loaderimage=\"https:\/\/www.dakarmania.cz\/wp-content\/themes\/daynight\/inc\/images\/loader.gif\" data-prev-effect=\"fadeInLeft\" data-next-effect=\"fadeInRight \"><span class=\"previous_arrow news_box_nav_arrow nav_arrow no_ajax_page\"><i class=\"fa fa-angle-left\"><\/i><\/span><span class=\"next_arrow news_box_nav_arrow nav_arrow \"><i class=\"fa fa-angle-right\"><\/i><\/span><\/div><\/div><div class=\"ajax_inside_container clearfix news_box_inside_container row\"><div class=\"gif_loader_container\"><\/div><div class=\"ajax_inner_content news_box_inner_content clearfix\"><div class=\"hidden ajax_data_helper\" data-newtotalpages=\"2\"><\/div><div class=\"news_box_container news_box_first col6\"><div class=\"news_box_item ajax_item clearfix \"><a class=\"news_box_image_link\" href=\"https:\/\/www.dakarmania.cz\/index.php\/2024\/01\/19\/novinka-iveco-macikovy-posadky-z-dakaru-2023-a-2024\/\"><figure class=\"box_item_image_container\"><div class=\"featured_image_overlay\"><\/div><span data-postid=\"29382\" class=\"featured_image_icon\"><i class=\"fa fa-newspaper-o\"><\/i><\/span><img loading=\"lazy\" decoding=\"async\" width=\"303\" height=\"178\" src=\"https:\/\/www.dakarmania.cz\/wp-content\/uploads\/2024\/01\/00-dkrm-303x178.jpg\" class=\"img-responsive wp-post-image\" alt=\"Vimos No. 55, Iveco &quot;\u010cenda&quot;, Dakar 2023 &amp; 2024\" \/><\/figure><\/a><div class=\"news_box_item_content\"><h3 class=\"post_title title\"><a class=\"news_box_link\" href=\"https:\/\/www.dakarmania.cz\/index.php\/2024\/01\/19\/novinka-iveco-macikovy-posadky-z-dakaru-2023-a-2024\/\">SKLADEM : Iveco Mac\u00edkovy pos\u00e1dky z Dakaru 2023 a 2024<\/a><\/h3><div class=\"post_meta_container\"><span class=\"post_meta_item post_meta_time\"><i class=\"fa fa-clock-o\"><\/i> Led 19, 2024<\/span><span class=\"post_meta_item post_meta_views\"><i class=\"fa fa-eye\"><\/i> 3167<\/span><\/div><p class=\"news_box_desc\">Vimos uv\u00e1d\u00ed na trh dal\u0161\u00ed zaj\u00edmavou novinku, je\u017e bude nepochybn\u011b naprostou nutnost\u00ed pro v\u0161echny dakarsk\u00e9 fanou\u0161ky, kte\u0159\u00ed z\u00e1rove\u0148 propadli kouzlu pap\u00edrov\u00e9ho model\u00e1\u0159stv\u00ed.<\/p><span class=\"read_more_button\"><a href=\"https:\/\/www.dakarmania.cz\/index.php\/2024\/01\/19\/novinka-iveco-macikovy-posadky-z-dakaru-2023-a-2024\/\">V\u00edce...<\/a><\/span><\/div><\/div><\/div><div class=\"news_box_container news_box_others col6\"><div class=\"news_box_item ajax_item clearfix \"><a class=\"news_box_image_link\" href=\"https:\/\/www.dakarmania.cz\/index.php\/2024\/01\/04\/vyprodej-dakarmania-posledni-kusy\/\"><figure class=\"box_item_image_container\"><div class=\"featured_image_overlay\"><\/div><span data-postid=\"28677\" class=\"featured_image_icon modal_click\"><i class=\"fa fa-newspaper-o\"><\/i><\/span><img loading=\"lazy\" decoding=\"async\" width=\"100\" height=\"76\" src=\"https:\/\/www.dakarmania.cz\/wp-content\/uploads\/2023\/04\/dkrm-vyprodej2-100x76.jpg\" class=\"img-responsive wp-post-image\" alt=\"Magaz\u00edn DAKARMANIA - v\u00fdprodej\" srcset=\"https:\/\/www.dakarmania.cz\/wp-content\/uploads\/2023\/04\/dkrm-vyprodej2-100x76.jpg 100w, https:\/\/www.dakarmania.cz\/wp-content\/uploads\/2023\/04\/dkrm-vyprodej2-400x298.jpg 400w\" sizes=\"auto, (max-width: 100px) 100vw, 100px\" \/><\/figure><\/a><div class=\"news_box_item_content\"><h3 class=\"post_title title\"><a class=\"news_box_link\" href=\"https:\/\/www.dakarmania.cz\/index.php\/2024\/01\/04\/vyprodej-dakarmania-posledni-kusy\/\">V\u00fdprodej magaz\u00edn\u016f DAKARMANIA kon\u010d\u00ed<\/a><\/h3><div class=\"post_meta_container\"><span class=\"post_meta_item post_meta_time\"><i class=\"fa fa-clock-o\"><\/i> Led 4, 2024<\/span><\/div><\/div><\/div><div class=\"news_box_item ajax_item clearfix \"><a class=\"news_box_image_link\" href=\"https:\/\/www.dakarmania.cz\/index.php\/2023\/07\/31\/novinka-audi-sainz-dakar-2022\/\"><figure class=\"box_item_image_container\"><div class=\"featured_image_overlay\"><\/div><span data-postid=\"28228\" class=\"featured_image_icon modal_click\"><i class=\"fa fa-newspaper-o\"><\/i><\/span><img loading=\"lazy\" decoding=\"async\" width=\"100\" height=\"76\" src=\"https:\/\/www.dakarmania.cz\/wp-content\/uploads\/2023\/07\/spark-s3187-audi-rs-q-e-tron-202-dakar-2022-sainz-cruz-100x76.jpg\" class=\"img-responsive wp-post-image\" alt=\"Spark 1:43, Audi RS Q e-tron, Sainz\/Cruz, Dakar 2022\" srcset=\"https:\/\/www.dakarmania.cz\/wp-content\/uploads\/2023\/07\/spark-s3187-audi-rs-q-e-tron-202-dakar-2022-sainz-cruz-100x76.jpg 100w, https:\/\/www.dakarmania.cz\/wp-content\/uploads\/2023\/07\/spark-s3187-audi-rs-q-e-tron-202-dakar-2022-sainz-cruz-400x298.jpg 400w\" sizes=\"auto, (max-width: 100px) 100vw, 100px\" \/><\/figure><\/a><div class=\"news_box_item_content\"><h3 class=\"post_title title\"><a class=\"news_box_link\" href=\"https:\/\/www.dakarmania.cz\/index.php\/2023\/07\/31\/novinka-audi-sainz-dakar-2022\/\">Skladem: Trojice tov\u00e1rn\u00edch Audi z Dakaru 2022 v m\u011b\u0159\u00edtku 1:43<\/a><\/h3><div class=\"post_meta_container\"><span class=\"post_meta_item post_meta_time\"><i class=\"fa fa-clock-o\"><\/i> \u010cvc 31, 2023<\/span><\/div><\/div><\/div><div class=\"news_box_item ajax_item clearfix \"><a class=\"news_box_image_link\" href=\"https:\/\/www.dakarmania.cz\/index.php\/2023\/07\/22\/novinka-valtruv-a-kasakuv-phoenix-z-dakaru-2023\/\"><figure class=\"box_item_image_container\"><div class=\"featured_image_overlay\"><\/div><span data-postid=\"27854\" class=\"featured_image_icon modal_click\"><i class=\"fa fa-newspaper-o\"><\/i><\/span><img loading=\"lazy\" decoding=\"async\" width=\"100\" height=\"76\" src=\"https:\/\/www.dakarmania.cz\/wp-content\/uploads\/2023\/07\/vim52-02-100x76.jpg\" class=\"img-responsive wp-post-image\" alt=\"Vimos No 52, Tatra Phoenix, Dakar 2023\" srcset=\"https:\/\/www.dakarmania.cz\/wp-content\/uploads\/2023\/07\/vim52-02-100x76.jpg 100w, https:\/\/www.dakarmania.cz\/wp-content\/uploads\/2023\/07\/vim52-02-400x298.jpg 400w\" sizes=\"auto, (max-width: 100px) 100vw, 100px\" \/><\/figure><\/a><div class=\"news_box_item_content\"><h3 class=\"post_title title\"><a class=\"news_box_link\" href=\"https:\/\/www.dakarmania.cz\/index.php\/2023\/07\/22\/novinka-valtruv-a-kasakuv-phoenix-z-dakaru-2023\/\">Novinka: Valtr\u016fv a Kas\u00e1k\u016fv Phoenix z Dakaru 2023<\/a><\/h3><div class=\"post_meta_container\"><span class=\"post_meta_item post_meta_time\"><i class=\"fa fa-clock-o\"><\/i> \u010cvc 22, 2023<\/span><\/div><\/div><\/div><div class=\"news_box_item ajax_item clearfix \"><a class=\"news_box_image_link\" href=\"https:\/\/www.dakarmania.cz\/index.php\/2023\/07\/12\/skladem-dve-dakarska-mitsubishi-od-norevu\/\"><figure class=\"box_item_image_container\"><div class=\"featured_image_overlay\"><\/div><span data-postid=\"27692\" class=\"featured_image_icon modal_click\"><i class=\"fa fa-newspaper-o\"><\/i><\/span><img loading=\"lazy\" decoding=\"async\" width=\"100\" height=\"76\" src=\"https:\/\/www.dakarmania.cz\/wp-content\/uploads\/2023\/07\/norev-dkr-1992-mitsubishi-shinozuka-100x76.jpg\" class=\"img-responsive wp-post-image\" alt=\"Norev, Dakar 1992, Mitsubishi, \u0160inozuka\" srcset=\"https:\/\/www.dakarmania.cz\/wp-content\/uploads\/2023\/07\/norev-dkr-1992-mitsubishi-shinozuka-100x76.jpg 100w, https:\/\/www.dakarmania.cz\/wp-content\/uploads\/2023\/07\/norev-dkr-1992-mitsubishi-shinozuka-400x298.jpg 400w\" sizes=\"auto, (max-width: 100px) 100vw, 100px\" \/><\/figure><\/a><div class=\"news_box_item_content\"><h3 class=\"post_title title\"><a class=\"news_box_link\" href=\"https:\/\/www.dakarmania.cz\/index.php\/2023\/07\/12\/skladem-dve-dakarska-mitsubishi-od-norevu\/\">Skladem: Dv\u011b dakarsk\u00e1 Mitsubishi od Norevu<\/a><\/h3><div class=\"post_meta_container\"><span class=\"post_meta_item post_meta_time\"><i class=\"fa fa-clock-o\"><\/i> \u010cvc 12, 2023<\/span><\/div><\/div><\/div><\/div><\/div><\/div><\/div><\/div>[\/vc_column_inner][\/vc_row_inner][\/vc_column][vc_column width=&#8221;1\/3&#8243;][vc_row_inner][vc_column_inner][vc_single_image image=&#8221;27610&#8243; img_size=&#8221;full&#8221; alignment=&#8221;center&#8221; onclick=&#8221;custom_link&#8221; img_link_target=&#8221;_blank&#8221; css_animation=&#8221;fadeIn&#8221; link=&#8221;https:\/\/www.alfredova-autickarna.cz\/&#8221;][\/vc_column_inner][\/vc_row_inner][vc_row_inner][vc_column_inner]<div class=\"fbpage_wrapper clearfix daynight_shorcode_3\"><div class=\"fb-page\" data-href=\"https:\/\/www.facebook.com\/racingrepublic.models.media\/\" data-hide-cover=\"false\" data-adapt-container-width=\"true\" data-show-facepile=\"true\"><div class=\"fb-xfbml-parse-ignore\"><\/div><\/div><\/div>[\/vc_column_inner][\/vc_row_inner][\/vc_column][\/vc_row][vc_row][vc_column]<div class=\"news_box_wrapper  box_title_style_default left_box triple_col_items small_triple_news_box clearfix daynight_shorcode_4\" data-uniquecolor=\"\"><div class=\"ajax_content_container clearfix news_box_container_wrapper daynoight_news_box\"><div class=\"news_box_title_wrapper clearfix\"><div class=\"news_box_title\"><a href=\"https:\/\/www.dakarmania.cz\/index.php\/category\/partneri\/\" title=\"partnersk\u00e9 t\u00fdmy\"><h3 class=\"title\">partnersk\u00e9 t\u00fdmy<\/h3><\/a><\/div><div class=\"ajax_nav_container news_post_nav_container horizontal_nav_container nav_container arrows_nav_container\" data-tags=\"\" data-showpostsreview=\"show\" data-orderby=\"date\" data-format=\"\" data-exclude=\"\" data-cat=\"1914\" data-style=\"small_triple\" data-sticky=\"ignore\" data-cycle=\"1\" data-posttype=\"post\" data-postsperpage=\"9\" data-loopfile=\"parts\/newsbox\" data-totalpages=\"7\" data-loaderimage=\"https:\/\/www.dakarmania.cz\/wp-content\/themes\/daynight\/inc\/images\/loader.gif\" data-prev-effect=\"fadeInDown\" data-next-effect=\"fadeInUp \"><span class=\"previous_arrow news_box_nav_arrow nav_arrow no_ajax_page\"><i class=\"fa fa-angle-left\"><\/i><\/span><span class=\"next_arrow news_box_nav_arrow nav_arrow \"><i class=\"fa fa-angle-right\"><\/i><\/span><\/div><\/div><div class=\"ajax_inside_container clearfix news_box_inside_container row\"><div class=\"gif_loader_container\"><\/div><div class=\"ajax_inner_content news_box_inner_content clearfix\"><div class=\"hidden ajax_data_helper\" data-newtotalpages=\"7\"><\/div><div class=\"news_box_container news_box_others col4\"><div class=\"news_box_item ajax_item clearfix \"><a class=\"news_box_image_link\" href=\"https:\/\/www.dakarmania.cz\/index.php\/2025\/01\/18\/dakar-2025-ales-loprais-po-roce-znovu-na-stupnich-vitezu\/\"><figure class=\"box_item_image_container\"><div class=\"featured_image_overlay\"><\/div><span data-postid=\"29608\" class=\"featured_image_icon modal_click\"><i class=\"fa fa-newspaper-o\"><\/i><\/span><img loading=\"lazy\" decoding=\"async\" width=\"100\" height=\"76\" src=\"https:\/\/www.dakarmania.cz\/wp-content\/uploads\/2025\/01\/dkr25-dkrm-1101-100x76.jpg\" class=\"img-responsive wp-post-image\" alt=\"Ale\u0161 Loprais, Dakar 2025\" srcset=\"https:\/\/www.dakarmania.cz\/wp-content\/uploads\/2025\/01\/dkr25-dkrm-1101-100x76.jpg 100w, https:\/\/www.dakarmania.cz\/wp-content\/uploads\/2025\/01\/dkr25-dkrm-1101-400x298.jpg 400w\" sizes=\"auto, (max-width: 100px) 100vw, 100px\" \/><\/figure><\/a><div class=\"news_box_item_content\"><h3 class=\"post_title title\"><a class=\"news_box_link\" href=\"https:\/\/www.dakarmania.cz\/index.php\/2025\/01\/18\/dakar-2025-ales-loprais-po-roce-znovu-na-stupnich-vitezu\/\">Dakar 2025: Ale\u0161 Loprais po roce znovu na stupn\u00edch v\u00edt\u011bz\u016f<\/a><\/h3><div class=\"post_meta_container\"><\/div><\/div><\/div><div class=\"news_box_item ajax_item clearfix \"><a class=\"news_box_image_link\" href=\"https:\/\/www.dakarmania.cz\/index.php\/2025\/01\/16\/dakar-2025-ales-loprais-zustava-po-predposledni-etape-treti\/\"><figure class=\"box_item_image_container\"><div class=\"featured_image_overlay\"><\/div><span data-postid=\"29602\" class=\"featured_image_icon modal_click\"><i class=\"fa fa-newspaper-o\"><\/i><\/span><img loading=\"lazy\" decoding=\"async\" width=\"100\" height=\"76\" src=\"https:\/\/www.dakarmania.cz\/wp-content\/uploads\/2025\/01\/dkr25-dkrm-1001-100x76.jpg\" class=\"img-responsive wp-post-image\" alt=\"Ale\u0161 Loprais, Dakar 2025\" srcset=\"https:\/\/www.dakarmania.cz\/wp-content\/uploads\/2025\/01\/dkr25-dkrm-1001-100x76.jpg 100w, https:\/\/www.dakarmania.cz\/wp-content\/uploads\/2025\/01\/dkr25-dkrm-1001-400x298.jpg 400w\" sizes=\"auto, (max-width: 100px) 100vw, 100px\" \/><\/figure><\/a><div class=\"news_box_item_content\"><h3 class=\"post_title title\"><a class=\"news_box_link\" href=\"https:\/\/www.dakarmania.cz\/index.php\/2025\/01\/16\/dakar-2025-ales-loprais-zustava-po-predposledni-etape-treti\/\">Dakar 2025: Ale\u0161 Loprais z\u016fst\u00e1v\u00e1 po p\u0159edposledn\u00ed etap\u011b t\u0159et\u00ed<\/a><\/h3><div class=\"post_meta_container\"><\/div><\/div><\/div><div class=\"news_box_item ajax_item clearfix \"><a class=\"news_box_image_link\" href=\"https:\/\/www.dakarmania.cz\/index.php\/2025\/01\/15\/dakar-2025-loprais-vyhral-druhou-etapu-v-rade\/\"><figure class=\"box_item_image_container\"><div class=\"featured_image_overlay\"><\/div><span data-postid=\"29590\" class=\"featured_image_icon modal_click\"><i class=\"fa fa-newspaper-o\"><\/i><\/span><img loading=\"lazy\" decoding=\"async\" width=\"100\" height=\"76\" src=\"https:\/\/www.dakarmania.cz\/wp-content\/uploads\/2025\/01\/dkr25-dkrm-901-100x76.jpg\" class=\"img-responsive wp-post-image\" alt=\"Ale\u0161 Loprais, Dakar 2025\" srcset=\"https:\/\/www.dakarmania.cz\/wp-content\/uploads\/2025\/01\/dkr25-dkrm-901-100x76.jpg 100w, https:\/\/www.dakarmania.cz\/wp-content\/uploads\/2025\/01\/dkr25-dkrm-901-400x298.jpg 400w\" sizes=\"auto, (max-width: 100px) 100vw, 100px\" \/><\/figure><\/a><div class=\"news_box_item_content\"><h3 class=\"post_title title\"><a class=\"news_box_link\" href=\"https:\/\/www.dakarmania.cz\/index.php\/2025\/01\/15\/dakar-2025-loprais-vyhral-druhou-etapu-v-rade\/\">Dakar 2025: Loprais vyhr\u00e1l druhou etapu v \u0159ad\u011b<\/a><\/h3><div class=\"post_meta_container\"><\/div><\/div><\/div><\/div><div class=\"news_box_container news_box_others col4\"><div class=\"news_box_item ajax_item clearfix \"><a class=\"news_box_image_link\" href=\"https:\/\/www.dakarmania.cz\/index.php\/2025\/01\/14\/dakar-2025-treti-etapove-vitezstvi-pro-lopraise\/\"><figure class=\"box_item_image_container\"><div class=\"featured_image_overlay\"><\/div><span data-postid=\"29584\" class=\"featured_image_icon modal_click\"><i class=\"fa fa-newspaper-o\"><\/i><\/span><img loading=\"lazy\" decoding=\"async\" width=\"100\" height=\"76\" src=\"https:\/\/www.dakarmania.cz\/wp-content\/uploads\/2025\/01\/dkr25-dkrm-801-100x76.jpg\" class=\"img-responsive wp-post-image\" alt=\"Ale\u0161 Loprais, Dakar 2025\" srcset=\"https:\/\/www.dakarmania.cz\/wp-content\/uploads\/2025\/01\/dkr25-dkrm-801-100x76.jpg 100w, https:\/\/www.dakarmania.cz\/wp-content\/uploads\/2025\/01\/dkr25-dkrm-801-400x298.jpg 400w\" sizes=\"auto, (max-width: 100px) 100vw, 100px\" \/><\/figure><\/a><div class=\"news_box_item_content\"><h3 class=\"post_title title\"><a class=\"news_box_link\" href=\"https:\/\/www.dakarmania.cz\/index.php\/2025\/01\/14\/dakar-2025-treti-etapove-vitezstvi-pro-lopraise\/\">Dakar 2025: T\u0159et\u00ed etapov\u00e9 v\u00edt\u011bzstv\u00ed pro Lopraise<\/a><\/h3><div class=\"post_meta_container\"><\/div><\/div><\/div><div class=\"news_box_item ajax_item clearfix \"><a class=\"news_box_image_link\" href=\"https:\/\/www.dakarmania.cz\/index.php\/2025\/01\/13\/dakar-2025-diky-etapovemu-stribru-ma-loprais-na-dosah-druhe-misto-i-celkove\/\"><figure class=\"box_item_image_container\"><div class=\"featured_image_overlay\"><\/div><span data-postid=\"29578\" class=\"featured_image_icon modal_click\"><i class=\"fa fa-newspaper-o\"><\/i><\/span><img loading=\"lazy\" decoding=\"async\" width=\"100\" height=\"76\" src=\"https:\/\/www.dakarmania.cz\/wp-content\/uploads\/2025\/01\/dkr25-dkrm-701-100x76.jpg\" class=\"img-responsive wp-post-image\" alt=\"Ale\u0161 Loprais, Dakar 2025\" srcset=\"https:\/\/www.dakarmania.cz\/wp-content\/uploads\/2025\/01\/dkr25-dkrm-701-100x76.jpg 100w, https:\/\/www.dakarmania.cz\/wp-content\/uploads\/2025\/01\/dkr25-dkrm-701-400x298.jpg 400w\" sizes=\"auto, (max-width: 100px) 100vw, 100px\" \/><\/figure><\/a><div class=\"news_box_item_content\"><h3 class=\"post_title title\"><a class=\"news_box_link\" href=\"https:\/\/www.dakarmania.cz\/index.php\/2025\/01\/13\/dakar-2025-diky-etapovemu-stribru-ma-loprais-na-dosah-druhe-misto-i-celkove\/\">Dakar 2025: D\u00edky etapov\u00e9mu st\u0159\u00edbru m\u00e1 Loprais na dosah druh\u00e9 m\u00edsto i celkov\u011b<\/a><\/h3><div class=\"post_meta_container\"><\/div><\/div><\/div><div class=\"news_box_item ajax_item clearfix \"><a class=\"news_box_image_link\" href=\"https:\/\/www.dakarmania.cz\/index.php\/2025\/01\/12\/dakar-2025-etapove-vitezstvi-priblizilo-lopraise-druhe-pozici-celkove\/\"><figure class=\"box_item_image_container\"><div class=\"featured_image_overlay\"><\/div><span data-postid=\"29572\" class=\"featured_image_icon modal_click\"><i class=\"fa fa-newspaper-o\"><\/i><\/span><img loading=\"lazy\" decoding=\"async\" width=\"100\" height=\"76\" src=\"https:\/\/www.dakarmania.cz\/wp-content\/uploads\/2025\/01\/dkr25-dkrm-601-100x76.jpg\" class=\"img-responsive wp-post-image\" alt=\"Ale\u0161 Loprais, Dakar 2025\" srcset=\"https:\/\/www.dakarmania.cz\/wp-content\/uploads\/2025\/01\/dkr25-dkrm-601-100x76.jpg 100w, https:\/\/www.dakarmania.cz\/wp-content\/uploads\/2025\/01\/dkr25-dkrm-601-400x298.jpg 400w\" sizes=\"auto, (max-width: 100px) 100vw, 100px\" \/><\/figure><\/a><div class=\"news_box_item_content\"><h3 class=\"post_title title\"><a class=\"news_box_link\" href=\"https:\/\/www.dakarmania.cz\/index.php\/2025\/01\/12\/dakar-2025-etapove-vitezstvi-priblizilo-lopraise-druhe-pozici-celkove\/\">Dakar 2025: Etapov\u00e9 v\u00edt\u011bzstv\u00ed p\u0159ibl\u00ed\u017eilo Lopraise druh\u00e9 pozici celkov\u011b<\/a><\/h3><div class=\"post_meta_container\"><\/div><\/div><\/div><\/div><div class=\"news_box_container news_box_others col4\"><div class=\"news_box_item ajax_item clearfix \"><a class=\"news_box_image_link\" href=\"https:\/\/www.dakarmania.cz\/index.php\/2025\/01\/11\/dakar-2025-loprais-stale-treti-i-kdyz-musel-duny-zdolat-uz-za-tmy\/\"><figure class=\"box_item_image_container\"><div class=\"featured_image_overlay\"><\/div><span data-postid=\"29564\" class=\"featured_image_icon modal_click\"><i class=\"fa fa-newspaper-o\"><\/i><\/span><img loading=\"lazy\" decoding=\"async\" width=\"100\" height=\"76\" src=\"https:\/\/www.dakarmania.cz\/wp-content\/uploads\/2025\/01\/dkr25-dkrm-501-100x76.jpg\" class=\"img-responsive wp-post-image\" alt=\"Ale\u0161 Loprais, Dakar 2025\" srcset=\"https:\/\/www.dakarmania.cz\/wp-content\/uploads\/2025\/01\/dkr25-dkrm-501-100x76.jpg 100w, https:\/\/www.dakarmania.cz\/wp-content\/uploads\/2025\/01\/dkr25-dkrm-501-400x298.jpg 400w\" sizes=\"auto, (max-width: 100px) 100vw, 100px\" \/><\/figure><\/a><div class=\"news_box_item_content\"><h3 class=\"post_title title\"><a class=\"news_box_link\" href=\"https:\/\/www.dakarmania.cz\/index.php\/2025\/01\/11\/dakar-2025-loprais-stale-treti-i-kdyz-musel-duny-zdolat-uz-za-tmy\/\">Dakar 2025: Loprais st\u00e1le t\u0159et\u00ed, i kdy\u017e musel duny zdolat u\u017e za tmy<\/a><\/h3><div class=\"post_meta_container\"><\/div><\/div><\/div><div class=\"news_box_item ajax_item clearfix \"><a class=\"news_box_image_link\" href=\"https:\/\/www.dakarmania.cz\/index.php\/2025\/01\/09\/dakar-2025-unava-materialu-odsunula-lopraise-na-treti-misto\/\"><figure class=\"box_item_image_container\"><div class=\"featured_image_overlay\"><\/div><span data-postid=\"29556\" class=\"featured_image_icon modal_click\"><i class=\"fa fa-newspaper-o\"><\/i><\/span><img loading=\"lazy\" decoding=\"async\" width=\"100\" height=\"76\" src=\"https:\/\/www.dakarmania.cz\/wp-content\/uploads\/2025\/01\/dkr25-dkrm-401-100x76.jpg\" class=\"img-responsive wp-post-image\" alt=\"Ale\u0161 Loprais, Dakar 2025\" srcset=\"https:\/\/www.dakarmania.cz\/wp-content\/uploads\/2025\/01\/dkr25-dkrm-401-100x76.jpg 100w, https:\/\/www.dakarmania.cz\/wp-content\/uploads\/2025\/01\/dkr25-dkrm-401-400x298.jpg 400w\" sizes=\"auto, (max-width: 100px) 100vw, 100px\" \/><\/figure><\/a><div class=\"news_box_item_content\"><h3 class=\"post_title title\"><a class=\"news_box_link\" href=\"https:\/\/www.dakarmania.cz\/index.php\/2025\/01\/09\/dakar-2025-unava-materialu-odsunula-lopraise-na-treti-misto\/\">Dakar 2025: \u00danava materi\u00e1lu odsunula Lopraise na t\u0159et\u00ed m\u00edsto<\/a><\/h3><div class=\"post_meta_container\"><\/div><\/div><\/div><div class=\"news_box_item ajax_item clearfix \"><a class=\"news_box_image_link\" href=\"https:\/\/www.dakarmania.cz\/index.php\/2025\/01\/08\/dakar-2025-po-trech-defektech-zustal-loprais-v-maratonske-etape-bez-rezervy\/\"><figure class=\"box_item_image_container\"><div class=\"featured_image_overlay\"><\/div><span data-postid=\"29549\" class=\"featured_image_icon modal_click\"><i class=\"fa fa-newspaper-o\"><\/i><\/span><img loading=\"lazy\" decoding=\"async\" width=\"100\" height=\"76\" src=\"https:\/\/www.dakarmania.cz\/wp-content\/uploads\/2025\/01\/dkr25-dkrm-301-100x76.jpg\" class=\"img-responsive wp-post-image\" alt=\"Ale\u0161 Loprais, Dakar 2025\" srcset=\"https:\/\/www.dakarmania.cz\/wp-content\/uploads\/2025\/01\/dkr25-dkrm-301-100x76.jpg 100w, https:\/\/www.dakarmania.cz\/wp-content\/uploads\/2025\/01\/dkr25-dkrm-301-400x298.jpg 400w\" sizes=\"auto, (max-width: 100px) 100vw, 100px\" \/><\/figure><\/a><div class=\"news_box_item_content\"><h3 class=\"post_title title\"><a class=\"news_box_link\" href=\"https:\/\/www.dakarmania.cz\/index.php\/2025\/01\/08\/dakar-2025-po-trech-defektech-zustal-loprais-v-maratonske-etape-bez-rezervy\/\">Dakar 2025: Po t\u0159ech defektech z\u016fstal Loprais v maratonsk\u00e9 etap\u011b bez rezervy<\/a><\/h3><div class=\"post_meta_container\"><\/div><\/div><\/div><\/div><\/div><\/div><\/div><\/div>[\/vc_column][\/vc_row]<\/p>\n","protected":false},"excerpt":{"rendered":"<p>\u017dijeme Dakarem cel\u00fd rok! Zpravodajstv\u00ed, novinky, zaj\u00edmavosti a rozhovory ze sv\u011bta nejslavn\u011bj\u0161\u00edch maratonsk\u00fdch rally sv\u011bta a dal\u0161\u00edch cross-country rally.<\/p>\n","protected":false},"author":1,"featured_media":13143,"parent":0,"menu_order":0,"comment_status":"closed","ping_status":"closed","template":"page-templates\/builder.php","meta":{"footnotes":""},"class_list":["post-604","page","type-page","status-publish","has-post-thumbnail","hentry"],"yoast_head":"<!-- This site is optimized with the Yoast SEO plugin v24.9 - https:\/\/yoast.com\/wordpress\/plugins\/seo\/ -->\n<title>DAKARMANIA - Dakar Rally: novinky, v\u00fdsledky, foto, video,<\/title>\n<meta name=\"description\" content=\"\u017dijeme Dakarem cel\u00fd rok! Zpravodajstv\u00ed, novinky, zaj\u00edmavosti a rozhovory ze sv\u011bta nejslavn\u011bj\u0161\u00edch maratonsk\u00fdch rally sv\u011bta a dal\u0161\u00edch cross-country rally.\" \/>\n<meta name=\"robots\" content=\"index, follow, max-snippet:-1, max-image-preview:large, max-video-preview:-1\" \/>\n<link rel=\"canonical\" href=\"https:\/\/www.dakarmania.cz\/\" \/>\n<meta property=\"og:locale\" content=\"cs_CZ\" \/>\n<meta property=\"og:type\" content=\"article\" \/>\n<meta property=\"og:title\" content=\"DAKARMANIA - Dakar Rally: novinky, v\u00fdsledky, foto, video,\" \/>\n<meta property=\"og:description\" content=\"\u017dijeme Dakarem cel\u00fd rok! Zpravodajstv\u00ed, novinky, zaj\u00edmavosti a rozhovory ze sv\u011bta nejslavn\u011bj\u0161\u00edch maratonsk\u00fdch rally sv\u011bta a dal\u0161\u00edch cross-country rally.\" \/>\n<meta property=\"og:url\" content=\"https:\/\/www.dakarmania.cz\/\" \/>\n<meta property=\"og:site_name\" content=\"DAKARMANIA.cz\" \/>\n<meta property=\"article:publisher\" content=\"https:\/\/www.facebook.com\/dakarmania\/\" \/>\n<meta property=\"article:modified_time\" content=\"2024-09-08T22:17:39+00:00\" \/>\n<meta property=\"og:image\" content=\"https:\/\/www.dakarmania.cz\/wp-content\/uploads\/2019\/11\/Dakar-Mania-Logo-01.jpg\" \/>\n\t<meta property=\"og:image:width\" content=\"1024\" \/>\n\t<meta property=\"og:image:height\" content=\"448\" \/>\n\t<meta property=\"og:image:type\" content=\"image\/jpeg\" \/>\n<meta name=\"twitter:card\" content=\"summary_large_image\" \/>\n<meta name=\"twitter:label1\" content=\"Odhadovan\u00e1 doba \u010dten\u00ed\" \/>\n\t<meta name=\"twitter:data1\" content=\"1 minuta\" \/>\n<script type=\"application\/ld+json\" class=\"yoast-schema-graph\">{\"@context\":\"https:\/\/schema.org\",\"@graph\":[{\"@type\":\"WebPage\",\"@id\":\"https:\/\/www.dakarmania.cz\/\",\"url\":\"https:\/\/www.dakarmania.cz\/\",\"name\":\"DAKARMANIA - Dakar Rally: novinky, v\u00fdsledky, foto, video,\",\"isPartOf\":{\"@id\":\"https:\/\/www.dakarmania.cz\/#website\"},\"primaryImageOfPage\":{\"@id\":\"https:\/\/www.dakarmania.cz\/#primaryimage\"},\"image\":{\"@id\":\"https:\/\/www.dakarmania.cz\/#primaryimage\"},\"thumbnailUrl\":\"https:\/\/www.dakarmania.cz\/wp-content\/uploads\/2019\/11\/Dakar-Mania-Logo-01.jpg\",\"datePublished\":\"2016-07-04T03:25:30+00:00\",\"dateModified\":\"2024-09-08T22:17:39+00:00\",\"description\":\"\u017dijeme Dakarem cel\u00fd rok! Zpravodajstv\u00ed, novinky, zaj\u00edmavosti a rozhovory ze sv\u011bta nejslavn\u011bj\u0161\u00edch maratonsk\u00fdch rally sv\u011bta a dal\u0161\u00edch cross-country rally.\",\"breadcrumb\":{\"@id\":\"https:\/\/www.dakarmania.cz\/#breadcrumb\"},\"inLanguage\":\"cs\",\"potentialAction\":[{\"@type\":\"ReadAction\",\"target\":[\"https:\/\/www.dakarmania.cz\/\"]}]},{\"@type\":\"ImageObject\",\"inLanguage\":\"cs\",\"@id\":\"https:\/\/www.dakarmania.cz\/#primaryimage\",\"url\":\"https:\/\/www.dakarmania.cz\/wp-content\/uploads\/2019\/11\/Dakar-Mania-Logo-01.jpg\",\"contentUrl\":\"https:\/\/www.dakarmania.cz\/wp-content\/uploads\/2019\/11\/Dakar-Mania-Logo-01.jpg\",\"width\":1024,\"height\":448,\"caption\":\"DAKARMANIA\"},{\"@type\":\"BreadcrumbList\",\"@id\":\"https:\/\/www.dakarmania.cz\/#breadcrumb\",\"itemListElement\":[{\"@type\":\"ListItem\",\"position\":1,\"name\":\"Dom\u016f\",\"item\":\"https:\/\/www.dakarmania.cz\/\"},{\"@type\":\"ListItem\",\"position\":2,\"name\":\"DAKARMANIA\"}]},{\"@type\":\"WebSite\",\"@id\":\"https:\/\/www.dakarmania.cz\/#website\",\"url\":\"https:\/\/www.dakarmania.cz\/\",\"name\":\"DAKARMANIA.cz\",\"description\":\"\u017dijeme Dakarem cel\u00fd rok\",\"publisher\":{\"@id\":\"https:\/\/www.dakarmania.cz\/#organization\"},\"potentialAction\":[{\"@type\":\"SearchAction\",\"target\":{\"@type\":\"EntryPoint\",\"urlTemplate\":\"https:\/\/www.dakarmania.cz\/?s={search_term_string}\"},\"query-input\":{\"@type\":\"PropertyValueSpecification\",\"valueRequired\":true,\"valueName\":\"search_term_string\"}}],\"inLanguage\":\"cs\"},{\"@type\":\"Organization\",\"@id\":\"https:\/\/www.dakarmania.cz\/#organization\",\"name\":\"DAKAR MANIA\",\"url\":\"https:\/\/www.dakarmania.cz\/\",\"logo\":{\"@type\":\"ImageObject\",\"inLanguage\":\"cs\",\"@id\":\"https:\/\/www.dakarmania.cz\/#\/schema\/logo\/image\/\",\"url\":\"https:\/\/www.dakarmania.cz\/wp-content\/uploads\/2018\/12\/Dakar-Mania-Logo-Square-Orange.png\",\"contentUrl\":\"https:\/\/www.dakarmania.cz\/wp-content\/uploads\/2018\/12\/Dakar-Mania-Logo-Square-Orange.png\",\"width\":992,\"height\":992,\"caption\":\"DAKAR MANIA\"},\"image\":{\"@id\":\"https:\/\/www.dakarmania.cz\/#\/schema\/logo\/image\/\"},\"sameAs\":[\"https:\/\/www.facebook.com\/dakarmania\/\"]}]}<\/script>\n<!-- \/ Yoast SEO plugin. -->","yoast_head_json":{"title":"DAKARMANIA - Dakar Rally: novinky, v\u00fdsledky, foto, video,","description":"\u017dijeme Dakarem cel\u00fd rok! Zpravodajstv\u00ed, novinky, zaj\u00edmavosti a rozhovory ze sv\u011bta nejslavn\u011bj\u0161\u00edch maratonsk\u00fdch rally sv\u011bta a dal\u0161\u00edch cross-country rally.","robots":{"index":"index","follow":"follow","max-snippet":"max-snippet:-1","max-image-preview":"max-image-preview:large","max-video-preview":"max-video-preview:-1"},"canonical":"https:\/\/www.dakarmania.cz\/","og_locale":"cs_CZ","og_type":"article","og_title":"DAKARMANIA - Dakar Rally: novinky, v\u00fdsledky, foto, video,","og_description":"\u017dijeme Dakarem cel\u00fd rok! Zpravodajstv\u00ed, novinky, zaj\u00edmavosti a rozhovory ze sv\u011bta nejslavn\u011bj\u0161\u00edch maratonsk\u00fdch rally sv\u011bta a dal\u0161\u00edch cross-country rally.","og_url":"https:\/\/www.dakarmania.cz\/","og_site_name":"DAKARMANIA.cz","article_publisher":"https:\/\/www.facebook.com\/dakarmania\/","article_modified_time":"2024-09-08T22:17:39+00:00","og_image":[{"width":1024,"height":448,"url":"https:\/\/www.dakarmania.cz\/wp-content\/uploads\/2019\/11\/Dakar-Mania-Logo-01.jpg","type":"image\/jpeg"}],"twitter_card":"summary_large_image","twitter_misc":{"Odhadovan\u00e1 doba \u010dten\u00ed":"1 minuta"},"schema":{"@context":"https:\/\/schema.org","@graph":[{"@type":"WebPage","@id":"https:\/\/www.dakarmania.cz\/","url":"https:\/\/www.dakarmania.cz\/","name":"DAKARMANIA - Dakar Rally: novinky, v\u00fdsledky, foto, video,","isPartOf":{"@id":"https:\/\/www.dakarmania.cz\/#website"},"primaryImageOfPage":{"@id":"https:\/\/www.dakarmania.cz\/#primaryimage"},"image":{"@id":"https:\/\/www.dakarmania.cz\/#primaryimage"},"thumbnailUrl":"https:\/\/www.dakarmania.cz\/wp-content\/uploads\/2019\/11\/Dakar-Mania-Logo-01.jpg","datePublished":"2016-07-04T03:25:30+00:00","dateModified":"2024-09-08T22:17:39+00:00","description":"\u017dijeme Dakarem cel\u00fd rok! Zpravodajstv\u00ed, novinky, zaj\u00edmavosti a rozhovory ze sv\u011bta nejslavn\u011bj\u0161\u00edch maratonsk\u00fdch rally sv\u011bta a dal\u0161\u00edch cross-country rally.","breadcrumb":{"@id":"https:\/\/www.dakarmania.cz\/#breadcrumb"},"inLanguage":"cs","potentialAction":[{"@type":"ReadAction","target":["https:\/\/www.dakarmania.cz\/"]}]},{"@type":"ImageObject","inLanguage":"cs","@id":"https:\/\/www.dakarmania.cz\/#primaryimage","url":"https:\/\/www.dakarmania.cz\/wp-content\/uploads\/2019\/11\/Dakar-Mania-Logo-01.jpg","contentUrl":"https:\/\/www.dakarmania.cz\/wp-content\/uploads\/2019\/11\/Dakar-Mania-Logo-01.jpg","width":1024,"height":448,"caption":"DAKARMANIA"},{"@type":"BreadcrumbList","@id":"https:\/\/www.dakarmania.cz\/#breadcrumb","itemListElement":[{"@type":"ListItem","position":1,"name":"Dom\u016f","item":"https:\/\/www.dakarmania.cz\/"},{"@type":"ListItem","position":2,"name":"DAKARMANIA"}]},{"@type":"WebSite","@id":"https:\/\/www.dakarmania.cz\/#website","url":"https:\/\/www.dakarmania.cz\/","name":"DAKARMANIA.cz","description":"\u017dijeme Dakarem cel\u00fd rok","publisher":{"@id":"https:\/\/www.dakarmania.cz\/#organization"},"potentialAction":[{"@type":"SearchAction","target":{"@type":"EntryPoint","urlTemplate":"https:\/\/www.dakarmania.cz\/?s={search_term_string}"},"query-input":{"@type":"PropertyValueSpecification","valueRequired":true,"valueName":"search_term_string"}}],"inLanguage":"cs"},{"@type":"Organization","@id":"https:\/\/www.dakarmania.cz\/#organization","name":"DAKAR MANIA","url":"https:\/\/www.dakarmania.cz\/","logo":{"@type":"ImageObject","inLanguage":"cs","@id":"https:\/\/www.dakarmania.cz\/#\/schema\/logo\/image\/","url":"https:\/\/www.dakarmania.cz\/wp-content\/uploads\/2018\/12\/Dakar-Mania-Logo-Square-Orange.png","contentUrl":"https:\/\/www.dakarmania.cz\/wp-content\/uploads\/2018\/12\/Dakar-Mania-Logo-Square-Orange.png","width":992,"height":992,"caption":"DAKAR MANIA"},"image":{"@id":"https:\/\/www.dakarmania.cz\/#\/schema\/logo\/image\/"},"sameAs":["https:\/\/www.facebook.com\/dakarmania\/"]}]}},"amp_enabled":false,"_links":{"self":[{"href":"https:\/\/www.dakarmania.cz\/index.php\/wp-json\/wp\/v2\/pages\/604","targetHints":{"allow":["GET"]}}],"collection":[{"href":"https:\/\/www.dakarmania.cz\/index.php\/wp-json\/wp\/v2\/pages"}],"about":[{"href":"https:\/\/www.dakarmania.cz\/index.php\/wp-json\/wp\/v2\/types\/page"}],"author":[{"embeddable":true,"href":"https:\/\/www.dakarmania.cz\/index.php\/wp-json\/wp\/v2\/users\/1"}],"replies":[{"embeddable":true,"href":"https:\/\/www.dakarmania.cz\/index.php\/wp-json\/wp\/v2\/comments?post=604"}],"version-history":[{"count":548,"href":"https:\/\/www.dakarmania.cz\/index.php\/wp-json\/wp\/v2\/pages\/604\/revisions"}],"predecessor-version":[{"id":29502,"href":"https:\/\/www.dakarmania.cz\/index.php\/wp-json\/wp\/v2\/pages\/604\/revisions\/29502"}],"wp:featuredmedia":[{"embeddable":true,"href":"https:\/\/www.dakarmania.cz\/index.php\/wp-json\/wp\/v2\/media\/13143"}],"wp:attachment":[{"href":"https:\/\/www.dakarmania.cz\/index.php\/wp-json\/wp\/v2\/media?parent=604"}],"curies":[{"name":"wp","href":"https:\/\/api.w.org\/{rel}","templated":true}]}}