{"id":7793,"date":"2019-06-26T12:06:12","date_gmt":"2019-06-26T10:06:12","guid":{"rendered":"https:\/\/www.dakarmania.cz\/?page_id=7793"},"modified":"2023-08-22T17:51:32","modified_gmt":"2023-08-22T15:51:32","slug":"baja-aragon-2019","status":"publish","type":"page","link":"https:\/\/www.dakarmania.cz\/index.php\/souteze\/baja-aragon-2019\/","title":{"rendered":"Baja Espa\u00f1a Arag\u00f3n 2019"},"content":{"rendered":"<p>[vc_row css_animation=&#8221;fadeIn&#8221; no_sep_borders=&#8221;yes&#8221;][vc_column][vc_btn title=&#8221;Sout\u011b\u017ee&#8221; style=&#8221;outline&#8221; shape=&#8221;square&#8221; color=&#8221;warning&#8221; size=&#8221;xs&#8221; align=&#8221;right&#8221; i_align=&#8221;right&#8221; i_icon_fontawesome=&#8221;fa fa-chevron-up&#8221; css_animation=&#8221;fadeIn&#8221; add_icon=&#8221;true&#8221; css=&#8221;.vc_custom_1619641442353{padding-right: 1px !important;padding-left: 1px !important;}&#8221; link=&#8221;url:%2Findex.php%2Fsouteze%2F|||&#8221;][vc_column_text css_animation=&#8221;fadeIn&#8221; css=&#8221;.vc_custom_1626684137927{padding-top: 200px !important;padding-right: 15px !important;padding-bottom: 15px !important;padding-left: 15px !important;background: #f2f2f2 url(https:\/\/www.dakarmania.cz\/wp-content\/uploads\/2019\/07\/19-aragon-terranova-00.jpg?id=9226) !important;background-position: center !important;background-repeat: no-repeat !important;background-size: cover !important;}&#8221;]<\/p>\n<h1 style=\"text-align: left;\"><span style=\"background-color: #ee8027; opacity: 0.7;\"><span style=\"color: #ffffff; padding: 10px;\">BAJA ESPA\u00d1A<\/span><br \/>\n<span style=\"color: #ffffff; padding: 10px;\">ARAG\u00d3N 2019<\/span><\/span><\/h1>\n<p>[\/vc_column_text][vc_empty_space height=&#8221;2px&#8221;][vc_row_inner el_id=&#8221;info&#8221;][vc_column_inner width=&#8221;1\/2&#8243;][vc_column_text css_animation=&#8221;fadeIn&#8221;]<strong>36. ro\u010dn\u00edk | 25. a\u017e 27. \u010dervence | Teruel, Arag\u00f3n, \u0160pan\u011blsko<\/strong><\/p>\n<p>Celkem <strong>810 km<\/strong>, z toho <strong>400 km rychlostn\u00edch zkou\u0161ek<\/strong><\/p>\n<p>4. podnik <a href=\"\/index.php\/sampionaty\/svetovy-pohar-fia-v-cross-country-bajach-2019\/\"><span style=\"color: #ee8027;\">Sv\u011btov\u00e9ho poh\u00e1ru FIA v cross-country baj\u00e1ch<\/span><\/a><br \/>\n3. podnik <a href=\"\/index.php\/sampionaty\/svetovy-pohar-fim-v-bajach-2019\/\"><span style=\"color: #ee8027;\">Sv\u011btov\u00e9ho poh\u00e1ru FIM v baj\u00e1ch<\/span><\/a>[\/vc_column_text][\/vc_column_inner][vc_column_inner width=&#8221;1\/2&#8243;][vc_btn title=&#8221;V\u00edt\u011bzov\u00e9&#8221; style=&#8221;outline&#8221; shape=&#8221;square&#8221; color=&#8221;warning&#8221; size=&#8221;sm&#8221; align=&#8221;center&#8221; i_icon_fontawesome=&#8221;fa fa-trophy&#8221; css_animation=&#8221;fadeIn&#8221; button_block=&#8221;true&#8221; add_icon=&#8221;true&#8221; link=&#8221;url:%2Findex.php%2Fsouteze%2Faragon-vitezove%2F|||&#8221; css=&#8221;.vc_custom_1626684749167{margin-top: 2px !important;margin-right: 5px !important;margin-bottom: 2px !important;margin-left: 5px !important;}&#8221;][vc_btn title=&#8221;\u010ce\u0161i na Baja Arag\u00f3n&#8221; style=&#8221;outline&#8221; shape=&#8221;square&#8221; color=&#8221;warning&#8221; size=&#8221;sm&#8221; align=&#8221;center&#8221; i_icon_fontawesome=&#8221;fa fa-user-circle&#8221; css_animation=&#8221;fadeIn&#8221; button_block=&#8221;true&#8221; add_icon=&#8221;true&#8221; link=&#8221;url:%2Findex.php%2Fsouteze%2Faragon-cesi%2F|||&#8221; css=&#8221;.vc_custom_1627629100918{margin-top: 2px !important;margin-right: 5px !important;margin-bottom: 2px !important;margin-left: 5px !important;}&#8221;][\/vc_column_inner][\/vc_row_inner][vc_btn title=&#8221;MOTO (FIM)&#8221; style=&#8221;classic&#8221; shape=&#8221;square&#8221; color=&#8221;warning&#8221; size=&#8221;xs&#8221; i_icon_fontawesome=&#8221;fa fa-list-ol&#8221; css_animation=&#8221;fadeIn&#8221; add_icon=&#8221;true&#8221; css=&#8221;.vc_custom_1627638931994{padding-right: 1px !important;padding-left: 1px !important;}&#8221; link=&#8221;url:%2Findex.php%2Fsouteze%2Fbaja-aragon-2019%2F%23moto|||&#8221;][vc_btn title=&#8221;QUAD (FIM)&#8221; style=&#8221;classic&#8221; shape=&#8221;square&#8221; color=&#8221;warning&#8221; size=&#8221;xs&#8221; i_icon_fontawesome=&#8221;fa fa-list-ol&#8221; css_animation=&#8221;fadeIn&#8221; add_icon=&#8221;true&#8221; css=&#8221;.vc_custom_1627638939233{padding-right: 1px !important;padding-left: 1px !important;}&#8221; link=&#8221;url:%2Findex.php%2Fsouteze%2Fbaja-aragon-2019%2F%23quad|||&#8221;][vc_btn title=&#8221;AUTO (FIA)&#8221; style=&#8221;classic&#8221; shape=&#8221;square&#8221; color=&#8221;warning&#8221; size=&#8221;xs&#8221; i_icon_fontawesome=&#8221;fa fa-list-ol&#8221; css_animation=&#8221;fadeIn&#8221; add_icon=&#8221;true&#8221; css=&#8221;.vc_custom_1627638946145{padding-right: 1px !important;padding-left: 1px !important;}&#8221; link=&#8221;url:%2Findex.php%2Fsouteze%2Fbaja-aragon-2019%2F%23auto|||&#8221;][vc_btn title=&#8221;T2 (FIA)&#8221; style=&#8221;classic&#8221; shape=&#8221;square&#8221; color=&#8221;warning&#8221; size=&#8221;xs&#8221; i_icon_fontawesome=&#8221;fa fa-list-ol&#8221; css_animation=&#8221;fadeIn&#8221; add_icon=&#8221;true&#8221; css=&#8221;.vc_custom_1627638953905{padding-right: 1px !important;padding-left: 1px !important;}&#8221; link=&#8221;url:%2Findex.php%2Fsouteze%2Fbaja-aragon-2019%2F%23t2|||&#8221;][vc_btn title=&#8221;T3 (FIA)&#8221; style=&#8221;classic&#8221; shape=&#8221;square&#8221; color=&#8221;warning&#8221; size=&#8221;xs&#8221; i_icon_fontawesome=&#8221;fa fa-list-ol&#8221; css_animation=&#8221;fadeIn&#8221; add_icon=&#8221;true&#8221; css=&#8221;.vc_custom_1627638961545{padding-right: 1px !important;padding-left: 1px !important;}&#8221; link=&#8221;url:%2Findex.php%2Fsouteze%2Fbaja-aragon-2019%2F%23t3|||&#8221;][vc_btn title=&#8221;KAMIONY&#8221; style=&#8221;classic&#8221; shape=&#8221;square&#8221; color=&#8221;warning&#8221; size=&#8221;xs&#8221; i_icon_fontawesome=&#8221;fa fa-list-ol&#8221; css_animation=&#8221;fadeIn&#8221; add_icon=&#8221;true&#8221; css=&#8221;.vc_custom_1627638968948{padding-right: 1px !important;padding-left: 1px !important;}&#8221; link=&#8221;url:%2Findex.php%2Fsouteze%2Fbaja-aragon-2019%2F%23kamiony|||&#8221;][vc_tta_pageable no_fill_content_area=&#8221;1&#8243; active_section=&#8221;1&#8243; pagination_style=&#8221;&#8221; css_animation=&#8221;fadeIn&#8221; el_id=&#8221;vysledky&#8221; css=&#8221;.vc_custom_1566586979997{padding-right: 10px !important;padding-left: 10px !important;background-color: #f4f4f4 !important;}&#8221;][vc_tta_section title=&#8221;Auto&#8221; tab_id=&#8221;auto&#8221;][vc_row_inner][vc_column_inner][vc_column_text css_animation=&#8221;fadeIn&#8221;]<\/p>\n<table style=\"width: 97.7654%;\" rules=\"rows\" cellpadding=\"4px\">\n<tbody>\n<tr style=\"background-color: #808080; color: white;\">\n<td style=\"text-align: center;\" colspan=\"6\"><span style=\"font-size: 10pt;\"><strong>BAJA ESPA\u00d1A ARAG\u00d3N 2019<br \/>\nAUTOMOBILY (FIA)<br \/>\nkone\u010dn\u00e9 v\u00fdsledky<\/strong><\/span><\/td>\n<\/tr>\n<tr style=\"background-color: #dbd9d9; vertical-align: top;\">\n<td>1.<\/td>\n<td class=\"nomobile\" style=\"text-align: center;\">204<\/td>\n<td>Orlando Terranova \/ Ronnie Graue<\/td>\n<td>Mini JCW Rally<\/td>\n<td class=\"nomobile\">X-raid Mini JCW Team<\/td>\n<td style=\"text-align: right;\">6:21:40<\/td>\n<\/tr>\n<tr style=\"background-color: #f2f2f2; vertical-align: top;\">\n<td>2.<\/td>\n<td class=\"nomobile\" style=\"text-align: center;\">274<\/td>\n<td><a href=\"\/index.php\/osobnosti\/nani-roma\/\"><span style=\"color: #ee8027;\">Nani Roma<\/span><\/a> \/ <a href=\"\/index.php\/osobnosti\/alex-haro\/\"><span style=\"color: #ee8027;\">\u00c0lex Haro<\/span><\/a><\/td>\n<td>Mini All4 Racing<\/td>\n<td class=\"nomobile\">X-raid Mini JCW Team<\/td>\n<td style=\"text-align: right;\">+3:36<\/td>\n<\/tr>\n<tr style=\"background-color: #dbd9d9; vertical-align: top;\">\n<td>3.<\/td>\n<td class=\"nomobile\" style=\"text-align: center;\">203<\/td>\n<td><a href=\"\/index.php\/osobnosti\/kuba-przygonski\/\"><span style=\"color: #ee8027;\">Kuba Przygo\u0144ski<\/span><\/a> \/ <a href=\"\/index.php\/osobnosti\/timo-gottschalk\/\"><span style=\"color: #ee8027;\">Timo Gottschalk<\/span><\/a><\/td>\n<td>Mini JCW Rally<\/td>\n<td class=\"nomobile\">Orlen Team \/ X-raid<\/td>\n<td style=\"text-align: right;\">+4:12<\/td>\n<\/tr>\n<tr style=\"background-color: #f2f2f2; vertical-align: top;\">\n<td>4.<\/td>\n<td class=\"nomobile\" style=\"text-align: center;\">202<\/td>\n<td><a href=\"\/index.php\/osobnosti\/martin-prokop\/\"><span style=\"color: #ee8027;\">Martin Prokop<\/span><\/a> \/ Jan Tom\u00e1nek<\/td>\n<td>Ford Raptor RS Cross-Country<\/td>\n<td class=\"nomobile\">MP-Sports<\/td>\n<td style=\"text-align: right;\">+5:33<\/td>\n<\/tr>\n<tr style=\"background-color: #dbd9d9; vertical-align: top;\">\n<td>5.<\/td>\n<td class=\"nomobile\" style=\"text-align: center;\">201<\/td>\n<td>Vladimir Vasiljev \/ <a href=\"\/index.php\/osobnosti\/konstantin-zilcov\/\"><span style=\"color: #ee8027;\">Konstantin \u017dilcov<\/span><\/a><\/td>\n<td>Toyota Hilux<\/td>\n<td class=\"nomobile\">VRT<\/td>\n<td style=\"text-align: right;\">+12:17<\/td>\n<\/tr>\n<tr style=\"background-color: #f2f2f2; vertical-align: top;\">\n<td>6.<\/td>\n<td class=\"nomobile\" style=\"text-align: center;\">209<\/td>\n<td>Jo\u00e3o Ramos \/ Jesus Victor<\/td>\n<td>Toyota Hilux<\/td>\n<td class=\"nomobile\"><\/td>\n<td style=\"text-align: right;\">+16:29<\/td>\n<\/tr>\n<tr style=\"background-color: #dbd9d9; vertical-align: top;\">\n<td>7.<\/td>\n<td class=\"nomobile\" style=\"text-align: center;\">227<\/td>\n<td>Luis J. Recuenco \/ Victor M. Alijas<\/td>\n<td>Mini<\/td>\n<td class=\"nomobile\">Cuenca Motor 4&#215;4<\/td>\n<td style=\"text-align: right;\">+22:17<\/td>\n<\/tr>\n<tr style=\"background-color: #f2f2f2; vertical-align: top;\">\n<td>8.<\/td>\n<td class=\"nomobile\" style=\"text-align: center;\">224<\/td>\n<td>Helder Carapeta \/ Rui M. Pereira<\/td>\n<td>Range Rover Evoque<\/td>\n<td class=\"nomobile\">Lino Carapeta<\/td>\n<td style=\"text-align: right;\">+36:59<\/td>\n<\/tr>\n<tr style=\"background-color: #dbd9d9; vertical-align: top;\">\n<td>9.<\/td>\n<td class=\"nomobile\" style=\"text-align: center;\">219<\/td>\n<td><a href=\"\/index.php\/osobnosti\/fernando-alvarez\/\"><span style=\"color: #ee8027;\">Fernando \u00c1lvarez<\/span><\/a> \/ Juan P. Monasterolo<\/td>\n<td>Volkswagen Amarock<\/td>\n<td class=\"nomobile\">South Racing<\/td>\n<td style=\"text-align: right;\">+38:29<\/td>\n<\/tr>\n<tr style=\"background-color: #f2f2f2; vertical-align: top;\">\n<td>10.<\/td>\n<td class=\"nomobile\" style=\"text-align: center;\">220<\/td>\n<td>Laurent Poletti \/ Cyril Debet<\/td>\n<td>MMP Original<\/td>\n<td class=\"nomobile\"><\/td>\n<td style=\"text-align: right;\">+41:27<\/td>\n<\/tr>\n<tr style=\"background-color: #dbd9d9; vertical-align: top;\">\n<td>11.<\/td>\n<td class=\"nomobile\" style=\"text-align: center;\">226<\/td>\n<td>Hugo Arellano \/ Fabien Bigard<\/td>\n<td>Isuzu D-Max<\/td>\n<td class=\"nomobile\"><\/td>\n<td style=\"text-align: right;\">+41:37<\/td>\n<\/tr>\n<tr style=\"background-color: #f2f2f2; vertical-align: top;\">\n<td>12.<\/td>\n<td class=\"nomobile\" style=\"text-align: center;\">237<\/td>\n<td>Santiago Navarro \/ <a href=\"\/index.php\/osobnosti\/daniel-oliveras\/\"><span style=\"color: #ee8027;\">Daniel Oliveras<\/span><\/a><\/td>\n<td>Can-Am Maverick X3<\/td>\n<td class=\"nomobile\">FN Speed Team<\/td>\n<td style=\"text-align: right;\">+42:32<\/td>\n<\/tr>\n<tr style=\"background-color: #dbd9d9; vertical-align: top;\">\n<td>13.<\/td>\n<td class=\"nomobile\" style=\"text-align: center;\">239<\/td>\n<td>Alexandr Dorossinskij \/ Dmitrij Pavlov<\/td>\n<td>Can-Am Maverick X3<\/td>\n<td class=\"nomobile\">Sports Racing Technologies<\/td>\n<td style=\"text-align: right;\">+42:37<\/td>\n<\/tr>\n<tr style=\"background-color: #f2f2f2; vertical-align: top;\">\n<td>14.<\/td>\n<td class=\"nomobile\" style=\"text-align: center;\">210<\/td>\n<td>Rui Sousa \/ Carlos Silva<\/td>\n<td>Mini Paceman<\/td>\n<td class=\"nomobile\"><\/td>\n<td style=\"text-align: right;\">+46:36<\/td>\n<\/tr>\n<tr style=\"background-color: #dbd9d9; vertical-align: top;\">\n<td>15.<\/td>\n<td class=\"nomobile\" style=\"text-align: center;\">241<\/td>\n<td>Gerrard Farr\u00e9s \/ <a href=\"\/index.php\/osobnosti\/armand-monleon\/\"><span style=\"color: #ee8027;\">Armand Monle\u00f3n<\/span><\/a><\/td>\n<td>Can-Am Maverick X3<\/td>\n<td class=\"nomobile\">Monster Energy Can-Am<\/td>\n<td style=\"text-align: right;\">+48:46<\/td>\n<\/tr>\n<tr style=\"background-color: #f2f2f2; vertical-align: top;\">\n<td>16.<\/td>\n<td class=\"nomobile\" style=\"text-align: center;\">206<\/td>\n<td><a href=\"\/index.php\/osobnosti\/andrej-novikov\/\"><span style=\"color: #ee8027;\">Andrej Novikov<\/span><\/a> \/ Vladimir Novikov<\/td>\n<td>G-Force BARS<\/td>\n<td class=\"nomobile\">G-Force Motorsport<\/td>\n<td style=\"text-align: right;\">+49:38<\/td>\n<\/tr>\n<tr style=\"background-color: #dbd9d9; vertical-align: top;\">\n<td>17.<\/td>\n<td class=\"nomobile\" style=\"text-align: center;\">236<\/td>\n<td>Adel Abdulla \/ Jean Michel Polato<\/td>\n<td>Can-Am Maverick X3<\/td>\n<td class=\"nomobile\">FN Speed Team<\/td>\n<td style=\"text-align: right;\">+53:48<\/td>\n<\/tr>\n<tr style=\"background-color: #f2f2f2; vertical-align: top;\">\n<td>18.<\/td>\n<td class=\"nomobile\" style=\"text-align: center;\">250<\/td>\n<td>Miguel A. Ukriola \/ Samule Benitez<\/td>\n<td>Nissan Navara<\/td>\n<td class=\"nomobile\">Escuderia Lagunartea<\/td>\n<td style=\"text-align: right;\">+55:25<\/td>\n<\/tr>\n<tr style=\"background-color: #dbd9d9; vertical-align: top;\">\n<td>19.<\/td>\n<td class=\"nomobile\" style=\"text-align: center;\">248<\/td>\n<td>Manuel Plaza \/ Monica Plaza<\/td>\n<td>BV2 Sodicars Chevrolet<\/td>\n<td class=\"nomobile\">Cuenca Motor 4&#215;4<\/td>\n<td style=\"text-align: right;\">+55:49<\/td>\n<\/tr>\n<tr style=\"background-color: #f2f2f2; vertical-align: top;\">\n<td>20.<\/td>\n<td class=\"nomobile\" style=\"text-align: center;\">230<\/td>\n<td><a href=\"\/index.php\/osobnosti\/cristina-gutierrez\/\"><span style=\"color: #ee8027;\">Cristina Guti\u00e9rrez<\/span><\/a> \/ Pablo Moreno<\/td>\n<td>BV6 Sodicars Mitsubishi<\/td>\n<td class=\"nomobile\">Eclipse Cross Team<\/td>\n<td style=\"text-align: right;\">+59:17<\/td>\n<\/tr>\n<tr style=\"background-color: #dbd9d9; vertical-align: top;\">\n<td>21.<\/td>\n<td class=\"nomobile\" style=\"text-align: center;\">232<\/td>\n<td>Gilles Billaut \/ Mayeul Barbet<\/td>\n<td>Chevrolet 4<\/td>\n<td class=\"nomobile\"><\/td>\n<td style=\"text-align: right;\">+1:00:11<\/td>\n<\/tr>\n<tr style=\"background-color: #f2f2f2; vertical-align: top;\">\n<td>22.<\/td>\n<td class=\"nomobile\" style=\"text-align: center;\">228<\/td>\n<td>Edgar Condenso \/ Nuno Silva<\/td>\n<td>Opel Mokka<\/td>\n<td class=\"nomobile\"><\/td>\n<td style=\"text-align: right;\">+1:01:15<\/td>\n<\/tr>\n<tr style=\"background-color: #dbd9d9; vertical-align: top;\">\n<td>23.<\/td>\n<td class=\"nomobile\" style=\"text-align: center;\">234<\/td>\n<td>Michele Cinotto \/ Rafael Tornabell<\/td>\n<td>Polaris RZR 1000 Turbo<\/td>\n<td class=\"nomobile\">CR Racing<\/td>\n<td style=\"text-align: right;\">+1:02:57<\/td>\n<\/tr>\n<tr style=\"background-color: #f2f2f2; vertical-align: top;\">\n<td>24.<\/td>\n<td class=\"nomobile\" style=\"text-align: center;\">233<\/td>\n<td>Williams Villanueva \/Borja Aguado<\/td>\n<td>Toyota Hilux<\/td>\n<td class=\"nomobile\"><\/td>\n<td style=\"text-align: right;\">+1:04:40<\/td>\n<\/tr>\n<tr style=\"background-color: #dbd9d9; vertical-align: top;\">\n<td>25.<\/td>\n<td class=\"nomobile\" style=\"text-align: center;\">215<\/td>\n<td>Javier Pita \/ Ana Herrero<\/td>\n<td>Ford Ranger GPR18<\/td>\n<td class=\"nomobile\">GPR Sport<\/td>\n<td style=\"text-align: right;\">+1:05:23<\/td>\n<\/tr>\n<tr style=\"background-color: #f2f2f2; vertical-align: top;\">\n<td>26.<\/td>\n<td class=\"nomobile\" style=\"text-align: center;\">238<\/td>\n<td>Abdullah Al Zubair \/ Faisal Al Raisi<\/td>\n<td>Can-Am Maverick X3<\/td>\n<td class=\"nomobile\">AZ Racing Team<\/td>\n<td style=\"text-align: right;\">+1:17:18<\/td>\n<\/tr>\n<tr style=\"background-color: #dbd9d9; vertical-align: top;\">\n<td>27.<\/td>\n<td class=\"nomobile\" style=\"text-align: center;\">217<\/td>\n<td>Gerard Subirats \/ Fina Roman<\/td>\n<td>Toyota Hilux<\/td>\n<td class=\"nomobile\"><\/td>\n<td style=\"text-align: right;\">+1:22:17<\/td>\n<\/tr>\n<tr style=\"background-color: #f2f2f2; vertical-align: top;\">\n<td>28.<\/td>\n<td class=\"nomobile\" style=\"text-align: center;\">251<\/td>\n<td>Alexandre Franco \/ Rui Franco<\/td>\n<td>BMW Evo X1<\/td>\n<td class=\"nomobile\"><\/td>\n<td style=\"text-align: right;\">+1:26:05<\/td>\n<\/tr>\n<tr style=\"background-color: #dbd9d9; vertical-align: top;\">\n<td>29.<\/td>\n<td class=\"nomobile\" style=\"text-align: center;\">256<\/td>\n<td>Manuel Vasco \/ Maria Bel\u00e9n Mart\u00edn<\/td>\n<td>Nissan Navara<\/td>\n<td class=\"nomobile\">Jose M. Vasco<\/td>\n<td style=\"text-align: right;\">+1:29:42<\/td>\n<\/tr>\n<tr style=\"background-color: #f2f2f2; vertical-align: top;\">\n<td>30.<\/td>\n<td class=\"nomobile\" style=\"text-align: center;\">254<\/td>\n<td>Javier Herrador \/ Daniel Mesa<\/td>\n<td>Herrator Inzane<\/td>\n<td class=\"nomobile\">Escuderia JMP Racing<\/td>\n<td style=\"text-align: right;\">+1:29:45<\/td>\n<\/tr>\n<tr style=\"background-color: #dbd9d9; vertical-align: top;\">\n<td>31.<\/td>\n<td class=\"nomobile\" style=\"text-align: center;\">268<\/td>\n<td>Jose Maria Naranjo \/ Miguel A. Lazaro<\/td>\n<td>Toyota Hilux<\/td>\n<td class=\"nomobile\">Escuderia JMP Racing<\/td>\n<td style=\"text-align: right;\">+1:29:53<\/td>\n<\/tr>\n<tr style=\"background-color: #f2f2f2; vertical-align: top;\">\n<td>32.<\/td>\n<td class=\"nomobile\" style=\"text-align: center;\">252<\/td>\n<td>Toto Ramos \/ Jaqueline Ricci<\/td>\n<td>Mitsubishi L200<\/td>\n<td class=\"nomobile\">Mi\u00f1o Lugo<\/td>\n<td style=\"text-align: right;\">+1:34:54<\/td>\n<\/tr>\n<tr style=\"background-color: #dbd9d9; vertical-align: top;\">\n<td>33.<\/td>\n<td class=\"nomobile\" style=\"text-align: center;\">258<\/td>\n<td>Shanti Guridi \/ Elixabette Otegi<\/td>\n<td>Mitsubishi L200<\/td>\n<td class=\"nomobile\"><\/td>\n<td style=\"text-align: right;\">+1:37:24<\/td>\n<\/tr>\n<tr style=\"background-color: #f2f2f2; vertical-align: top;\">\n<td>34.<\/td>\n<td class=\"nomobile\" style=\"text-align: center;\">235<\/td>\n<td>Fjodor Vorobjev \/ Kirill \u0160ubin<\/td>\n<td>Can-Am Maverick X3<\/td>\n<td class=\"nomobile\">Zavidovo Racing Team<\/td>\n<td style=\"text-align: right;\">+1:40:42<\/td>\n<\/tr>\n<tr style=\"background-color: #dbd9d9; vertical-align: top;\">\n<td>35.<\/td>\n<td class=\"nomobile\" style=\"text-align: center;\">231<\/td>\n<td>Blas Zapag \/ Juan J. Sanchez<\/td>\n<td>Ford Ranger<\/td>\n<td class=\"nomobile\">South Racing<\/td>\n<td style=\"text-align: right;\">+1:43:26<\/td>\n<\/tr>\n<tr style=\"background-color: #f2f2f2; vertical-align: top;\">\n<td>36.<\/td>\n<td class=\"nomobile\" style=\"text-align: center;\">264<\/td>\n<td>Jo\u00e3o Ferreira \/ David Monteiro<\/td>\n<td>Toyota Land Cruiser KD<\/td>\n<td class=\"nomobile\"><\/td>\n<td style=\"text-align: right;\">+1:46:11<\/td>\n<\/tr>\n<tr style=\"background-color: #dbd9d9; vertical-align: top;\">\n<td>37.<\/td>\n<td class=\"nomobile\" style=\"text-align: center;\">263<\/td>\n<td>Nuno Corvo \/ Jos\u00e9 Martins<\/td>\n<td>Nissan Pathfinder<\/td>\n<td class=\"nomobile\"><\/td>\n<td style=\"text-align: right;\">+1:49:32<\/td>\n<\/tr>\n<tr style=\"background-color: #f2f2f2; vertical-align: top;\">\n<td>38.<\/td>\n<td class=\"nomobile\" style=\"text-align: center;\">257<\/td>\n<td>Bernard Touzery \/ Fran\u00e7ois Ganache<\/td>\n<td>Sans Original<\/td>\n<td class=\"nomobile\"><\/td>\n<td style=\"text-align: right;\">+2:07:37<\/td>\n<\/tr>\n<tr style=\"background-color: #dbd9d9; vertical-align: top;\">\n<td>39.<\/td>\n<td class=\"nomobile\" style=\"text-align: center;\">262<\/td>\n<td>Fernando Barreiros \/ Nuno Barreiros<\/td>\n<td>Isuzu D-Max<\/td>\n<td class=\"nomobile\"><\/td>\n<td style=\"text-align: right;\">+2:18:42<\/td>\n<\/tr>\n<tr style=\"background-color: #f2f2f2; vertical-align: top;\">\n<td>40.<\/td>\n<td class=\"nomobile\" style=\"text-align: center;\">255<\/td>\n<td>Frederic Dubois \/ Frederic Dessillons<\/td>\n<td>Sans Original<\/td>\n<td class=\"nomobile\"><\/td>\n<td style=\"text-align: right;\">+2:35:06<\/td>\n<\/tr>\n<tr style=\"background-color: #dbd9d9; vertical-align: top;\">\n<td>41.<\/td>\n<td class=\"nomobile\" style=\"text-align: center;\">242<\/td>\n<td>Ilya Rouss \/ Anton Yarashuk<\/td>\n<td>Can-Am Maverick X3<\/td>\n<td class=\"nomobile\">South Racing Can-Am<\/td>\n<td style=\"text-align: right;\">+2:39:23<\/td>\n<\/tr>\n<tr style=\"background-color: #f2f2f2; vertical-align: top;\">\n<td>42.<\/td>\n<td class=\"nomobile\" style=\"text-align: center;\">243<\/td>\n<td>Adrian Yacopini \/ Ricardo Torlaschi<\/td>\n<td>Can-Am Maverick X3<\/td>\n<td class=\"nomobile\">South Racing Can-Am<\/td>\n<td style=\"text-align: right;\">+2:56:36<\/td>\n<\/tr>\n<tr style=\"background-color: #dbd9d9; vertical-align: top;\">\n<td>43.<\/td>\n<td class=\"nomobile\" style=\"text-align: center;\">229<\/td>\n<td>Jesus Henriquez \/ Raquel Santamaria<\/td>\n<td>Dakar McRae Enduro<\/td>\n<td class=\"nomobile\"><\/td>\n<td style=\"text-align: right;\">+3:43:04<\/td>\n<\/tr>\n<tr style=\"background-color: #f2f2f2; vertical-align: top;\">\n<td>44.<\/td>\n<td class=\"nomobile\" style=\"text-align: center;\">212<\/td>\n<td>Alexandre R\u00e9 \/ Hugo Magalh\u00e3es<\/td>\n<td>Volkswagen Amarok<\/td>\n<td class=\"nomobile\">South Racing<\/td>\n<td style=\"text-align: right;\">+5:23:00<\/td>\n<\/tr>\n<tr style=\"background-color: #dbd9d9; vertical-align: top;\">\n<td>45.<\/td>\n<td class=\"nomobile\" style=\"text-align: center;\">271<\/td>\n<td>Domingo Rom\u00e1n \/ Julian Garc\u00eda<\/td>\n<td>Nissan Pathfinder<\/td>\n<td class=\"nomobile\">Metal Lube Rally Raid Team<\/td>\n<td style=\"text-align: right;\">+6:59:11<\/td>\n<\/tr>\n<tr style=\"background-color: #808080; color: white;\">\n<td style=\"text-align: left;\" colspan=\"7\"><\/td>\n<\/tr>\n<tr style=\"background-color: #f2f2f2; vertical-align: top;\">\n<td>DNF<\/td>\n<td class=\"nomobile\" style=\"text-align: center;\">205<\/td>\n<td>Benediktas Vanagas \/ Sebastian Rozwadowski<\/td>\n<td>Toyota Hilux<\/td>\n<td class=\"nomobile\">General Financing Team Pitlane<\/td>\n<td style=\"text-align: right;\"><\/td>\n<\/tr>\n<tr style=\"background-color: #dbd9d9; vertical-align: top;\">\n<td>DNF<\/td>\n<td class=\"nomobile\" style=\"text-align: center;\">208<\/td>\n<td>Bernhard ten Brinke \/ <a href=\"\/index.php\/osobnosti\/tom-colsoul\/\"><span style=\"color: #ee8027;\">Tom Colsoul<\/span><\/a><\/td>\n<td>Toyota Hilux<\/td>\n<td class=\"nomobile\">Overdrive Racing<\/td>\n<td style=\"text-align: right;\"><\/td>\n<\/tr>\n<tr style=\"background-color: #f2f2f2; vertical-align: top;\">\n<td>DNF<\/td>\n<td class=\"nomobile\" style=\"text-align: center;\">211<\/td>\n<td>Rui Ferreira \/ Jorge Monteiro<\/td>\n<td>Toyota Hilux<\/td>\n<td class=\"nomobile\">Paulo Rui Ferreira<\/td>\n<td style=\"text-align: right;\"><\/td>\n<\/tr>\n<tr style=\"background-color: #dbd9d9; vertical-align: top;\">\n<td>DNF<\/td>\n<td class=\"nomobile\" style=\"text-align: center;\">214<\/td>\n<td>Tiago Reis \/ Valter Cardoso<\/td>\n<td>Mitsubishi Rancing Lancer<\/td>\n<td class=\"nomobile\"><\/td>\n<td style=\"text-align: right;\"><\/td>\n<\/tr>\n<tr style=\"background-color: #f2f2f2; vertical-align: top;\">\n<td>DNF<\/td>\n<td class=\"nomobile\" style=\"text-align: center;\">216<\/td>\n<td>Petr Hoz\u00e1k \/ Ren\u00e9 Kilian<\/td>\n<td>Hummer H3 RS<\/td>\n<td class=\"nomobile\">Rockstar Energy AVE Team<\/td>\n<td style=\"text-align: right;\"><\/td>\n<\/tr>\n<tr style=\"background-color: #dbd9d9; vertical-align: top;\">\n<td>DNF<\/td>\n<td class=\"nomobile\" style=\"text-align: center;\">218<\/td>\n<td>Miguel Casaca \/ Pedro Tavares<\/td>\n<td>Mitsubishi Lancer<\/td>\n<td class=\"nomobile\"><\/td>\n<td style=\"text-align: right;\"><\/td>\n<\/tr>\n<tr style=\"background-color: #f2f2f2; vertical-align: top;\">\n<td>DNF<\/td>\n<td class=\"nomobile\" style=\"text-align: center;\">221<\/td>\n<td>Jesus Calleja \/ Fernando Lopez<\/td>\n<td>Toyota Hilux<\/td>\n<td class=\"nomobile\"><\/td>\n<td style=\"text-align: right;\"><\/td>\n<\/tr>\n<tr style=\"background-color: #dbd9d9; vertical-align: top;\">\n<td>DNF<\/td>\n<td class=\"nomobile\" style=\"text-align: center;\">222<\/td>\n<td>Arnaud Lepilliez \/ <a href=\"\/index.php\/osobnosti\/sebastien-delaunay\/\"><span style=\"color: #ee8027;\">S\u00e9bastien Delaunay<\/span><\/a><\/td>\n<td>Volkswagen Off Road<\/td>\n<td class=\"nomobile\"><\/td>\n<td style=\"text-align: right;\"><\/td>\n<\/tr>\n<tr style=\"background-color: #f2f2f2; vertical-align: top;\">\n<td>DNF<\/td>\n<td class=\"nomobile\" style=\"text-align: center;\">223<\/td>\n<td>Pal Lonyai \/ Albert Horn<\/td>\n<td>LPR Porsche Macan<\/td>\n<td class=\"nomobile\">LP Racing<\/td>\n<td style=\"text-align: right;\"><\/td>\n<\/tr>\n<tr style=\"background-color: #dbd9d9; vertical-align: top;\">\n<td>DNF<\/td>\n<td class=\"nomobile\" style=\"text-align: center;\">225<\/td>\n<td>Roberto Carranza \/ Juan C. Fernandez<\/td>\n<td>Mitsubishi Montero<\/td>\n<td class=\"nomobile\">Automovil C. Costablanca<\/td>\n<td style=\"text-align: right;\"><\/td>\n<\/tr>\n<tr style=\"background-color: #f2f2f2; vertical-align: top;\">\n<td>DNF<\/td>\n<td class=\"nomobile\" style=\"text-align: center;\">240<\/td>\n<td>Ghislain de Mevius \/ Johan Jalet<\/td>\n<td>Yamaha Interceptor 100<\/td>\n<td class=\"nomobile\"><\/td>\n<td style=\"text-align: right;\"><\/td>\n<\/tr>\n<tr style=\"background-color: #dbd9d9; vertical-align: top;\">\n<td>DNF<\/td>\n<td class=\"nomobile\" style=\"text-align: center;\">245<\/td>\n<td>Nicolas Larroquet \/ Bruno Larroquet<\/td>\n<td>MMP Evo Raid<\/td>\n<td class=\"nomobile\"><\/td>\n<td style=\"text-align: right;\"><\/td>\n<\/tr>\n<tr style=\"background-color: #f2f2f2; vertical-align: top;\">\n<td>DNF<\/td>\n<td class=\"nomobile\" style=\"text-align: center;\">246<\/td>\n<td>Felix Macias \/ Jose L. Conde<\/td>\n<td>Toyota Hilux<\/td>\n<td class=\"nomobile\">Team Repauto<\/td>\n<td style=\"text-align: right;\"><\/td>\n<\/tr>\n<tr style=\"background-color: #dbd9d9; vertical-align: top;\">\n<td>DNF<\/td>\n<td class=\"nomobile\" style=\"text-align: center;\">247<\/td>\n<td>Cesar M. Costa \/ Filipa I. Cardoso<\/td>\n<td>Mini Cooper D Prototype<\/td>\n<td class=\"nomobile\">Cesar Sequeira<\/td>\n<td style=\"text-align: right;\"><\/td>\n<\/tr>\n<tr style=\"background-color: #f2f2f2; vertical-align: top;\">\n<td>DNF<\/td>\n<td class=\"nomobile\" style=\"text-align: center;\">259<\/td>\n<td>Javier Grasa \/ Miguel Grasa<\/td>\n<td>Bowler Wildcat 200<\/td>\n<td class=\"nomobile\"><\/td>\n<td style=\"text-align: right;\"><\/td>\n<\/tr>\n<tr style=\"background-color: #dbd9d9; vertical-align: top;\">\n<td>DNF<\/td>\n<td class=\"nomobile\" style=\"text-align: center;\">260<\/td>\n<td>Pietro Cinotto \/ Maurizio Dominella<\/td>\n<td>Audi Titano<\/td>\n<td class=\"nomobile\">CR Racing<\/td>\n<td style=\"text-align: right;\"><\/td>\n<\/tr>\n<tr style=\"background-color: #f2f2f2; vertical-align: top;\">\n<td>DNF<\/td>\n<td class=\"nomobile\" style=\"text-align: center;\">261<\/td>\n<td>Jose L. Ia\u00f1ez \/ Antonio Berlanga<\/td>\n<td>Toyota Hilux<\/td>\n<td class=\"nomobile\">JRX4 Competicion<\/td>\n<td style=\"text-align: right;\"><\/td>\n<\/tr>\n<tr style=\"background-color: #dbd9d9; vertical-align: top;\">\n<td>DNF<\/td>\n<td class=\"nomobile\" style=\"text-align: center;\">266<\/td>\n<td>Jose A. Gonz\u00e1lez \/ Maria \u00c1ngeles Hern\u00e1ndez<\/td>\n<td>Mitsubishi L200<\/td>\n<td class=\"nomobile\">Metal Lube Rally Raid Team<\/td>\n<td style=\"text-align: right;\"><\/td>\n<\/tr>\n<tr style=\"background-color: #f2f2f2; vertical-align: top;\">\n<td>DNF<\/td>\n<td class=\"nomobile\" style=\"text-align: center;\">267<\/td>\n<td>Josep Sol\u00e9 \/ Albert Casabona<\/td>\n<td>Mitsubishi Montero<\/td>\n<td class=\"nomobile\">Escuderia Lleida<\/td>\n<td style=\"text-align: right;\"><\/td>\n<\/tr>\n<tr style=\"background-color: #dbd9d9; vertical-align: top;\">\n<td>DNF<\/td>\n<td class=\"nomobile\" style=\"text-align: center;\">269<\/td>\n<td>Victor Verdu \/ Alfonso V. de Miguel<\/td>\n<td>Toyota Hilux<\/td>\n<td class=\"nomobile\">Metal Lube Rally Raid Team<\/td>\n<td style=\"text-align: right;\"><\/td>\n<\/tr>\n<tr style=\"background-color: #f2f2f2; vertical-align: top;\">\n<td>DNF<\/td>\n<td class=\"nomobile\" style=\"text-align: center;\">270<\/td>\n<td>David Camacho \/ Alvaro Ortega<\/td>\n<td>SsangYong Kyron Proto<\/td>\n<td class=\"nomobile\">AC Costablanca<\/td>\n<td style=\"text-align: right;\"><\/td>\n<\/tr>\n<tr style=\"background-color: #808080; color: white;\">\n<td style=\"text-align: left;\" colspan=\"6\"><span style=\"font-size: 8pt;\">V r\u00e1mci hodnocen\u00ed FIA odstartovalo 66 automobil\u016f, v c\u00edli klasifikov\u00e1no 45<\/span><\/td>\n<\/tr>\n<\/tbody>\n<\/table>\n<p>[\/vc_column_text][\/vc_column_inner][\/vc_row_inner][\/vc_tta_section][vc_tta_section title=&#8221;Moto&#8221; tab_id=&#8221;moto&#8221;][vc_row_inner][vc_column_inner][vc_column_text css_animation=&#8221;fadeIn&#8221;]<\/p>\n<table style=\"width: 97.7654%;\" rules=\"rows\" cellpadding=\"4px\">\n<tbody>\n<tr style=\"background-color: #808080; color: white;\">\n<td style=\"text-align: center;\" colspan=\"6\"><span style=\"font-size: 10pt;\"><strong>BAJA ESPA\u00d1A ARAG\u00d3N 2019<br \/>\nMOTOCYKLY (FIM)<br \/>\nkone\u010dn\u00e9 v\u00fdsledky<\/strong><\/span><\/td>\n<\/tr>\n<tr style=\"background-color: #dbd9d9; vertical-align: top;\">\n<td>1.<\/td>\n<td class=\"nomobile\" style=\"text-align: center;\">1<\/td>\n<td>Michael Metge<\/td>\n<td>Sherco Rallye<\/td>\n<td class=\"nomobile\">Sherco TVS Rally Factory<\/td>\n<td style=\"text-align: right;\">6:30:21<\/td>\n<\/tr>\n<tr style=\"background-color: #f2f2f2; vertical-align: top;\">\n<td>2.<\/td>\n<td class=\"nomobile\" style=\"text-align: center;\">25<\/td>\n<td>Tosha Schareina<\/td>\n<td>Husqvarna FE 450<\/td>\n<td class=\"nomobile\">Motodes<\/td>\n<td style=\"text-align: right;\">+3:39<\/td>\n<\/tr>\n<tr style=\"background-color: #dbd9d9; vertical-align: top;\">\n<td>3.<\/td>\n<td class=\"nomobile\" style=\"text-align: center;\">2<\/td>\n<td>Joan Pedrero<\/td>\n<td>KTM 450<\/td>\n<td class=\"nomobile\">Club Aventura Touareg<\/td>\n<td style=\"text-align: right;\">+7:18<\/td>\n<\/tr>\n<tr style=\"background-color: #f2f2f2; vertical-align: top;\">\n<td>4.<\/td>\n<td class=\"nomobile\" style=\"text-align: center;\">3<\/td>\n<td><a href=\"\/index.php\/osobnosti\/lorenzo-santolino\/\"><span style=\"color: #ee8027;\">Lorenzo Santolino<\/span><\/a><\/td>\n<td>Sherco Rallye<\/td>\n<td class=\"nomobile\">Sherco TVS Rally Factory<\/td>\n<td style=\"text-align: right;\">+14:36<\/td>\n<\/tr>\n<tr style=\"background-color: #dbd9d9; vertical-align: top;\">\n<td>5.<\/td>\n<td class=\"nomobile\" style=\"text-align: center;\">26<\/td>\n<td><a href=\"\/index.php\/osobnosti\/martin-michek\/\"><span style=\"color: #ee8027;\">Martin Michek<\/span><\/a><\/td>\n<td>KTM 450 Rally Replica<\/td>\n<td class=\"nomobile\">Orion &#8211; Moto Racing Group<\/td>\n<td style=\"text-align: right;\">+21:10<\/td>\n<\/tr>\n<tr style=\"background-color: #f2f2f2; vertical-align: top;\">\n<td>6.<\/td>\n<td class=\"nomobile\" style=\"text-align: center;\">23<\/td>\n<td>Maciej Giemza<\/td>\n<td>Husqvarna 450<\/td>\n<td class=\"nomobile\">Orlen Team<\/td>\n<td style=\"text-align: right;\">+25:03<\/td>\n<\/tr>\n<tr style=\"background-color: #dbd9d9; vertical-align: top;\">\n<td>7.<\/td>\n<td class=\"nomobile\" style=\"text-align: center;\">28<\/td>\n<td>Harith Noah Koitha Veettil<\/td>\n<td>Sherco Rallye<\/td>\n<td class=\"nomobile\">Sherco TVS Rally Factory<\/td>\n<td style=\"text-align: right;\">+29:38<\/td>\n<\/tr>\n<tr style=\"background-color: #f2f2f2; vertical-align: top;\">\n<td>8.<\/td>\n<td class=\"nomobile\" style=\"text-align: center;\">4<\/td>\n<td>Benjamin Melot<\/td>\n<td>KTM EXC 450<\/td>\n<td class=\"nomobile\">KTM Work Inc<\/td>\n<td style=\"text-align: right;\">+36:42<\/td>\n<\/tr>\n<tr style=\"background-color: #dbd9d9; vertical-align: top;\">\n<td>9.<\/td>\n<td class=\"nomobile\" style=\"text-align: center;\">9<\/td>\n<td>Cristian Espa\u00f1a<\/td>\n<td>KTM 450 Rally Replica<\/td>\n<td class=\"nomobile\">Moto3DBN\/ Team CE Rally<\/td>\n<td style=\"text-align: right;\">+37:19<\/td>\n<\/tr>\n<tr style=\"background-color: #f2f2f2; vertical-align: top;\">\n<td>10.<\/td>\n<td class=\"nomobile\" style=\"text-align: center;\">11<\/td>\n<td>CS Santosh<\/td>\n<td>Hero 450 Rally<\/td>\n<td class=\"nomobile\">Hero MotoSports Team Rally<\/td>\n<td style=\"text-align: right;\">+52:35<\/td>\n<\/tr>\n<tr style=\"background-color: #dbd9d9; vertical-align: top;\">\n<td>11.<\/td>\n<td class=\"nomobile\" style=\"text-align: center;\">22<\/td>\n<td>Adam Tomiczek<\/td>\n<td>Husqvarna 450<\/td>\n<td class=\"nomobile\">Orlen Team<\/td>\n<td style=\"text-align: right;\">+56:57<\/td>\n<\/tr>\n<tr style=\"background-color: #f2f2f2; vertical-align: top;\">\n<td>12.<\/td>\n<td class=\"nomobile\" style=\"text-align: center;\">5<\/td>\n<td>Jakub Pi\u0105tek<\/td>\n<td>Husqvarna FE 450<\/td>\n<td class=\"nomobile\"><\/td>\n<td style=\"text-align: right;\">+1:01:30<\/td>\n<\/tr>\n<tr style=\"background-color: #dbd9d9; vertical-align: top;\">\n<td>13.<\/td>\n<td class=\"nomobile\" style=\"text-align: center;\">15<\/td>\n<td>Sultan Al Balooshi<\/td>\n<td>KTM EXC<\/td>\n<td class=\"nomobile\">M\u00e1rio Patr\u00e3o Motorsport<\/td>\n<td style=\"text-align: right;\">+1:14:51<\/td>\n<\/tr>\n<tr style=\"background-color: #f2f2f2; vertical-align: top;\">\n<td>14.<\/td>\n<td class=\"nomobile\" style=\"text-align: center;\">12<\/td>\n<td>Abdullah T&#8217;Alshatti<\/td>\n<td>KTM EXC<\/td>\n<td class=\"nomobile\">M\u00e1rio Patr\u00e3o Motorsport<\/td>\n<td style=\"text-align: right;\">+1:28:11<\/td>\n<\/tr>\n<tr style=\"background-color: #dbd9d9; vertical-align: top;\">\n<td>15.<\/td>\n<td class=\"nomobile\" style=\"text-align: center;\">13<\/td>\n<td>Tomas de Gavardo<\/td>\n<td>KTM EXC-F 450<\/td>\n<td class=\"nomobile\"><\/td>\n<td style=\"text-align: right;\">+1:30:14<\/td>\n<\/tr>\n<tr style=\"background-color: #f2f2f2; vertical-align: top;\">\n<td>16.<\/td>\n<td class=\"nomobile\" style=\"text-align: center;\">14<\/td>\n<td>Rosa Romero<\/td>\n<td>KTM EXC<\/td>\n<td class=\"nomobile\">Team Women Bajas RFME<\/td>\n<td style=\"text-align: right;\">+1:31:09<\/td>\n<\/tr>\n<tr style=\"background-color: #dbd9d9; vertical-align: top;\">\n<td>17.<\/td>\n<td class=\"nomobile\" style=\"text-align: center;\">16<\/td>\n<td>Rita Vieira<\/td>\n<td>Yamaha WR<\/td>\n<td class=\"nomobile\">Raposeira Bubbles Racing<\/td>\n<td style=\"text-align: right;\">+1:45:03<\/td>\n<\/tr>\n<tr style=\"background-color: #f2f2f2; vertical-align: top;\">\n<td>18.<\/td>\n<td class=\"nomobile\" style=\"text-align: center;\">32<\/td>\n<td>Bruno Bony<\/td>\n<td>KTM 450 Rally Replica<\/td>\n<td class=\"nomobile\">Team Casteu<\/td>\n<td style=\"text-align: right;\">+1:46:30<\/td>\n<\/tr>\n<tr style=\"background-color: #dbd9d9; vertical-align: top;\">\n<td>19.<\/td>\n<td class=\"nomobile\" style=\"text-align: center;\">19<\/td>\n<td>Sara Garc\u00eda<\/td>\n<td>Yamaha WRF<\/td>\n<td class=\"nomobile\">Pont Grup Yamaha\/Team Women Bajas RFME<\/td>\n<td style=\"text-align: right;\">+1:48:51<\/td>\n<\/tr>\n<tr style=\"background-color: #f2f2f2; vertical-align: top;\">\n<td>20.<\/td>\n<td class=\"nomobile\" style=\"text-align: center;\">27<\/td>\n<td>Margot Llobera<\/td>\n<td>Husqvarna FE 450<\/td>\n<td class=\"nomobile\">Margot Llobera Team<\/td>\n<td style=\"text-align: right;\">+1:50:52<\/td>\n<\/tr>\n<tr style=\"background-color: #dbd9d9; vertical-align: top;\">\n<td>21.<\/td>\n<td class=\"nomobile\" style=\"text-align: center;\">17<\/td>\n<td>Ashis Raorane<\/td>\n<td>KMT EXC 450<\/td>\n<td class=\"nomobile\">Bigrock Spain<\/td>\n<td style=\"text-align: right;\">+1:57:34<\/td>\n<\/tr>\n<tr style=\"background-color: #f2f2f2; vertical-align: top;\">\n<td>22.<\/td>\n<td class=\"nomobile\" style=\"text-align: center;\">30<\/td>\n<td>Fabrice Lardon<\/td>\n<td>KTM 450 Rally Replica<\/td>\n<td class=\"nomobile\">Team Casteu<\/td>\n<td style=\"text-align: right;\">+2:01:44<\/td>\n<\/tr>\n<tr style=\"background-color: #dbd9d9; vertical-align: top;\">\n<td>23.<\/td>\n<td class=\"nomobile\" style=\"text-align: center;\">24<\/td>\n<td>Enzo Cilote<\/td>\n<td>KTM EXC<\/td>\n<td class=\"nomobile\"><\/td>\n<td style=\"text-align: right;\">+3:02:19<\/td>\n<\/tr>\n<tr style=\"background-color: #f2f2f2; vertical-align: top;\">\n<td>24.<\/td>\n<td class=\"nomobile\" style=\"text-align: center;\">20<\/td>\n<td>Aishwarya Pissay<\/td>\n<td>Sherco Rallye<\/td>\n<td class=\"nomobile\">Sherco TVS Rally Factory<\/td>\n<td style=\"text-align: right;\">+4:39:46<\/td>\n<\/tr>\n<tr style=\"background-color: #dbd9d9; vertical-align: top;\">\n<td>25.<\/td>\n<td class=\"nomobile\" style=\"text-align: center;\">7<\/td>\n<td>Joaquim Rodrigues<\/td>\n<td>Hero 450 Rally<\/td>\n<td class=\"nomobile\">Hero MotoSports Team Rally<\/td>\n<td style=\"text-align: right;\">+4:56:26<\/td>\n<\/tr>\n<tr style=\"background-color: #808080; color: white;\">\n<td style=\"text-align: left;\" colspan=\"7\"><\/td>\n<\/tr>\n<tr style=\"background-color: #f2f2f2; vertical-align: top;\">\n<td>DNF<\/td>\n<td class=\"nomobile\" style=\"text-align: center;\">6<\/td>\n<td>M\u00e1rio Patr\u00e3o<\/td>\n<td>KTM EXC-F<\/td>\n<td class=\"nomobile\">M\u00e1rio Patr\u00e3o Motorsport<\/td>\n<td style=\"text-align: right;\"><\/td>\n<\/tr>\n<tr style=\"background-color: #dbd9d9; vertical-align: top;\">\n<td>DNF<\/td>\n<td class=\"nomobile\" style=\"text-align: center;\">8<\/td>\n<td>Mohamed Al Balooshi<\/td>\n<td>KTM EXC<\/td>\n<td class=\"nomobile\">M\u00e1rio Patr\u00e3o Motorsport<\/td>\n<td style=\"text-align: right;\"><\/td>\n<\/tr>\n<tr style=\"background-color: #f2f2f2; vertical-align: top;\">\n<td>DNF<\/td>\n<td class=\"nomobile\" style=\"text-align: center;\">10<\/td>\n<td>Ivan Donoso<\/td>\n<td>Honda CRF450<\/td>\n<td class=\"nomobile\">Team Bianchi Prata<\/td>\n<td style=\"text-align: right;\"><\/td>\n<\/tr>\n<tr style=\"background-color: #dbd9d9; vertical-align: top;\">\n<td>DNF<\/td>\n<td class=\"nomobile\" style=\"text-align: center;\">18<\/td>\n<td>Aravind Prabhakar<\/td>\n<td>Sherco<\/td>\n<td class=\"nomobile\">Sherco TVS Rally Factory<\/td>\n<td style=\"text-align: right;\"><\/td>\n<\/tr>\n<tr style=\"background-color: #f2f2f2; vertical-align: top;\">\n<td>DNF<\/td>\n<td class=\"nomobile\" style=\"text-align: center;\">21<\/td>\n<td>Michael Ott-Eulberg<\/td>\n<td>Speedbrain Rally 450<\/td>\n<td class=\"nomobile\">Club Aventura Touareg<\/td>\n<td style=\"text-align: right;\"><\/td>\n<\/tr>\n<tr style=\"background-color: #dbd9d9; vertical-align: top;\">\n<td>DNF<\/td>\n<td class=\"nomobile\" style=\"text-align: center;\">29<\/td>\n<td>Alejandro Andreu<\/td>\n<td>Beta RR<\/td>\n<td class=\"nomobile\">Betatrueba<\/td>\n<td style=\"text-align: right;\"><\/td>\n<\/tr>\n<tr style=\"background-color: #808080; color: white;\">\n<td style=\"text-align: left;\" colspan=\"6\"><span style=\"font-size: 8pt;\">V r\u00e1mci hodnocen\u00ed FIM odstartovalo 31 motocykl\u016f, v c\u00edli klasifikov\u00e1no 25<\/span><\/td>\n<\/tr>\n<\/tbody>\n<\/table>\n<p>[\/vc_column_text][\/vc_column_inner][\/vc_row_inner][\/vc_tta_section][vc_tta_section title=&#8221;Quad&#8221; tab_id=&#8221;quad&#8221;][vc_row_inner][vc_column_inner][vc_column_text css_animation=&#8221;fadeIn&#8221;]<\/p>\n<table style=\"width: 97.7654%;\" rules=\"rows\" cellpadding=\"4px\">\n<tbody>\n<tr style=\"background-color: #808080; color: white;\">\n<td style=\"text-align: center;\" colspan=\"6\"><span style=\"font-size: 10pt;\"><strong>BAJA ESPA\u00d1A ARAG\u00d3N 2019<br \/>\n\u010cTY\u0158KOLKY (FIM)<br \/>\nkone\u010dn\u00e9 v\u00fdsledky<\/strong><\/span><\/td>\n<\/tr>\n<tr style=\"background-color: #dbd9d9; vertical-align: top;\">\n<td>1.<\/td>\n<td class=\"nomobile\" style=\"text-align: center;\">50<\/td>\n<td>Dani Vil\u00e0<\/td>\n<td>Yamaha Raptor 700<\/td>\n<td class=\"nomobile\">SDS Pro Race<\/td>\n<td style=\"text-align: right;\">6:56:11<\/td>\n<\/tr>\n<tr style=\"background-color: #f2f2f2; vertical-align: top;\">\n<td>2.<\/td>\n<td class=\"nomobile\" style=\"text-align: center;\">53<\/td>\n<td>Mario Gajon<\/td>\n<td>KTM 525 XC<\/td>\n<td class=\"nomobile\">Newcar Zaragoza Team\/Ayto<\/td>\n<td style=\"text-align: right;\">+14:32<\/td>\n<\/tr>\n<tr style=\"background-color: #dbd9d9; vertical-align: top;\">\n<td>3.<\/td>\n<td class=\"nomobile\" style=\"text-align: center;\">59<\/td>\n<td>Toni Vingut<\/td>\n<td>KTM 450 HC<\/td>\n<td class=\"nomobile\">Pitera&#8217;s Racing\/Quads Dul<\/td>\n<td style=\"text-align: right;\">+19:10<\/td>\n<\/tr>\n<tr style=\"background-color: #f2f2f2; vertical-align: top;\">\n<td>4.<\/td>\n<td class=\"nomobile\" style=\"text-align: center;\">58<\/td>\n<td>Jer\u00f4me Connart<\/td>\n<td>KTM XC 525 C<\/td>\n<td class=\"nomobile\">SMX Racing<\/td>\n<td style=\"text-align: right;\">+32:10<\/td>\n<\/tr>\n<tr style=\"background-color: #dbd9d9; vertical-align: top;\">\n<td>5.<\/td>\n<td class=\"nomobile\" style=\"text-align: center;\">51<\/td>\n<td>Alexandr Maximov<\/td>\n<td>Yamaha Raptor 700<\/td>\n<td class=\"nomobile\"><\/td>\n<td style=\"text-align: right;\">+36:24<\/td>\n<\/tr>\n<tr style=\"background-color: #f2f2f2; vertical-align: top;\">\n<td>6.<\/td>\n<td class=\"nomobile\" style=\"text-align: center;\">60<\/td>\n<td>Romain Dutu<\/td>\n<td>Paoletti 350<\/td>\n<td class=\"nomobile\">SMX Racing<\/td>\n<td style=\"text-align: right;\">+48:33<\/td>\n<\/tr>\n<tr style=\"background-color: #dbd9d9; vertical-align: top;\">\n<td>7.<\/td>\n<td class=\"nomobile\" style=\"text-align: center;\">56<\/td>\n<td><a href=\"\/index.php\/osobnosti\/alexandre-giroud\/\"><span style=\"color: #ee8027;\">Alexandre Giroud<\/span><\/a><\/td>\n<td>KTM 510<\/td>\n<td class=\"nomobile\">SMX Racing\/Team Giroud<\/td>\n<td style=\"text-align: right;\">+56:13<\/td>\n<\/tr>\n<tr style=\"background-color: #f2f2f2; vertical-align: top;\">\n<td>8.<\/td>\n<td class=\"nomobile\" style=\"text-align: center;\">55<\/td>\n<td>Miguel Angel Arranz<\/td>\n<td>KTM 525 HC<\/td>\n<td class=\"nomobile\">Carza\/Araiz\/Arranz Racing<\/td>\n<td style=\"text-align: right;\">+1:02:26<\/td>\n<\/tr>\n<tr style=\"background-color: #dbd9d9; vertical-align: top;\">\n<td>9.<\/td>\n<td class=\"nomobile\" style=\"text-align: center;\">52<\/td>\n<td>Juraj Varga<\/td>\n<td>Yamaha Raptor 700<\/td>\n<td class=\"nomobile\">Varga Motorsport<\/td>\n<td style=\"text-align: right;\">+1:45:38<\/td>\n<\/tr>\n<tr style=\"background-color: #f2f2f2; vertical-align: top;\">\n<td>10.<\/td>\n<td class=\"nomobile\" style=\"text-align: center;\">57<\/td>\n<td>Sergej Redkov<\/td>\n<td>Yamaha Raptor 700<\/td>\n<td class=\"nomobile\">Xraids<\/td>\n<td style=\"text-align: right;\">+6:27:59<\/td>\n<\/tr>\n<tr style=\"background-color: #dbd9d9; vertical-align: top;\">\n<td>11.<\/td>\n<td class=\"nomobile\" style=\"text-align: center;\">54<\/td>\n<td>Artur Ardavi\u010dus<\/td>\n<td>Kawasaki KFK 450R<\/td>\n<td class=\"nomobile\">Xraids<\/td>\n<td style=\"text-align: right;\">+6:57:51<\/td>\n<\/tr>\n<tr style=\"background-color: #808080; color: white;\">\n<td style=\"text-align: left;\" colspan=\"7\"><\/td>\n<\/tr>\n<tr style=\"background-color: #f2f2f2; vertical-align: top;\">\n<td>DNF<\/td>\n<td class=\"nomobile\" style=\"text-align: center;\">61<\/td>\n<td>Diego Ortega<\/td>\n<td>Yamaha Raptor 700<\/td>\n<td class=\"nomobile\">Pitera&#8217;s Racing\/Quads Dul<\/td>\n<td style=\"text-align: right;\"><\/td>\n<\/tr>\n<tr style=\"background-color: #dbd9d9; vertical-align: top;\">\n<td>DNF<\/td>\n<td class=\"nomobile\" style=\"text-align: center;\">62<\/td>\n<td>Jose Vicente Martinez<\/td>\n<td>Honda TRX<\/td>\n<td class=\"nomobile\">Pitera&#8217;s Racing\/Quads Dul<\/td>\n<td style=\"text-align: right;\"><\/td>\n<\/tr>\n<tr style=\"background-color: #808080; color: white;\">\n<td style=\"text-align: left;\" colspan=\"6\"><span style=\"font-size: 8pt;\">V r\u00e1mci hodnocen\u00ed FIM odstartovalo 13 \u010dty\u0159kolek, v c\u00edli klasifikov\u00e1no 11<\/span><\/td>\n<\/tr>\n<\/tbody>\n<\/table>\n<p>[\/vc_column_text][\/vc_column_inner][\/vc_row_inner][\/vc_tta_section][vc_tta_section title=&#8221;T2&#8243; tab_id=&#8221;t2&#8243;][vc_row_inner][vc_column_inner][vc_column_text css_animation=&#8221;fadeIn&#8221;]<\/p>\n<table style=\"width: 97.7654%;\" rules=\"rows\" cellpadding=\"4px\">\n<tbody>\n<tr style=\"background-color: #808080; color: white;\">\n<td style=\"text-align: center;\" colspan=\"6\"><span style=\"font-size: 10pt;\"><strong>BAJA ESPA\u00d1A ARAG\u00d3N 2019<br \/>\nSKUPINA T2 (FIA)<br \/>\nkone\u010dn\u00e9 v\u00fdsledky<\/strong><\/span><\/td>\n<\/tr>\n<tr style=\"background-color: #dbd9d9; vertical-align: top;\">\n<td>1.<\/td>\n<td class=\"nomobile\" style=\"text-align: center;\">264<\/td>\n<td>Jo\u00e3o Ferreira \/ David Monteiro<\/td>\n<td>Toyota Land Cruiser KD<\/td>\n<td class=\"nomobile\"><\/td>\n<td style=\"text-align: right;\">8:07:51<\/td>\n<\/tr>\n<tr style=\"background-color: #f2f2f2; vertical-align: top;\">\n<td>2.<\/td>\n<td class=\"nomobile\" style=\"text-align: center;\">263<\/td>\n<td>Nuno Corvo \/ Jos\u00e9 Martins<\/td>\n<td>Nissan Pathfinder<\/td>\n<td class=\"nomobile\"><\/td>\n<td style=\"text-align: right;\">+3:21<\/td>\n<\/tr>\n<tr style=\"background-color: #dbd9d9; vertical-align: top;\">\n<td>3.<\/td>\n<td class=\"nomobile\" style=\"text-align: center;\">262<\/td>\n<td>Fernando Barreiros \/ Nuno Barreiros<\/td>\n<td>Isuzu D-Max<\/td>\n<td class=\"nomobile\"><\/td>\n<td style=\"text-align: right;\">+32:31<\/td>\n<\/tr>\n<tr style=\"background-color: #f2f2f2; vertical-align: top;\">\n<td>4.<\/td>\n<td class=\"nomobile\" style=\"text-align: center;\">271<\/td>\n<td>Domingo Rom\u00e1n \/ Julian Garc\u00eda<\/td>\n<td>Nissan Pathfinder<\/td>\n<td class=\"nomobile\">Metal Lube Rally Raid Team<\/td>\n<td style=\"text-align: right;\">+5:13:00<\/td>\n<\/tr>\n<tr style=\"background-color: #808080; color: white;\">\n<td style=\"text-align: left;\" colspan=\"6\"><span style=\"font-size: 8pt;\">V r\u00e1mci hodnocen\u00ed FIA odstartovaly 4 vozy skupiny T2, v c\u00edli klasifikov\u00e1ny 4<\/span><\/td>\n<\/tr>\n<\/tbody>\n<\/table>\n<p>[\/vc_column_text][\/vc_column_inner][\/vc_row_inner][\/vc_tta_section][vc_tta_section title=&#8221;T3&#8243; tab_id=&#8221;t3&#8243;][vc_row_inner][vc_column_inner][vc_column_text css_animation=&#8221;fadeIn&#8221;]<\/p>\n<table style=\"width: 97.7654%;\" rules=\"rows\" cellpadding=\"4px\">\n<tbody>\n<tr style=\"background-color: #808080; color: white;\">\n<td style=\"text-align: center;\" colspan=\"6\"><span style=\"font-size: 10pt;\"><strong>BAJA ESPA\u00d1A ARAG\u00d3N 2019<br \/>\nSKUPINA T3 (FIA)<br \/>\nkone\u010dn\u00e9 v\u00fdsledky<\/strong><\/span><\/td>\n<\/tr>\n<tr style=\"background-color: #dbd9d9; vertical-align: top;\">\n<td>1.<\/td>\n<td class=\"nomobile\" style=\"text-align: center;\">237<\/td>\n<td>Santiago Navarro \/ <a href=\"\/index.php\/osobnosti\/daniel-oliveras\/\"><span style=\"color: #ee8027;\">Daniel Oliveras<\/span><\/a><\/td>\n<td>Can-Am Maverick X3<\/td>\n<td class=\"nomobile\">FN Speed Team<\/td>\n<td style=\"text-align: right;\">7:04:12<\/td>\n<\/tr>\n<tr style=\"background-color: #f2f2f2; vertical-align: top;\">\n<td>2.<\/td>\n<td class=\"nomobile\" style=\"text-align: center;\">239<\/td>\n<td>Alexandr Dorossinskij \/ Dmitrij Pavlov<\/td>\n<td>Can-Am Maverick X3<\/td>\n<td class=\"nomobile\">Sports Racing Technologies<\/td>\n<td style=\"text-align: right;\">+5<\/td>\n<\/tr>\n<tr style=\"background-color: #dbd9d9; vertical-align: top;\">\n<td>3.<\/td>\n<td class=\"nomobile\" style=\"text-align: center;\">241<\/td>\n<td>Gerrard Farr\u00e9s \/ <a href=\"\/index.php\/osobnosti\/armand-monleon\/\"><span style=\"color: #ee8027;\">Armand Monle\u00f3n<\/span><\/a><\/td>\n<td>Can-Am Maverick X3<\/td>\n<td class=\"nomobile\">Monster Energy Can-Am<\/td>\n<td style=\"text-align: right;\">+6:09<\/td>\n<\/tr>\n<tr style=\"background-color: #f2f2f2; vertical-align: top;\">\n<td>4.<\/td>\n<td class=\"nomobile\" style=\"text-align: center;\">236<\/td>\n<td>Adel Abdulla \/ Jean Michel Polato<\/td>\n<td>Can-Am Maverick X3<\/td>\n<td class=\"nomobile\">FN Speed Team<\/td>\n<td style=\"text-align: right;\">+12:48<\/td>\n<\/tr>\n<tr style=\"background-color: #dbd9d9; vertical-align: top;\">\n<td>5.<\/td>\n<td class=\"nomobile\" style=\"text-align: center;\">234<\/td>\n<td>Michele Cinotto \/ Rafael Tornabell<\/td>\n<td>Polaris RZR 1000 Turbo<\/td>\n<td class=\"nomobile\">CR Racing<\/td>\n<td style=\"text-align: right;\">+20:20<\/td>\n<\/tr>\n<tr style=\"background-color: #f2f2f2; vertical-align: top;\">\n<td>6.<\/td>\n<td class=\"nomobile\" style=\"text-align: center;\">238<\/td>\n<td>Abdullah Al Zubair \/ Faisal Al Raisi<\/td>\n<td>Can-Am Maverick X3<\/td>\n<td class=\"nomobile\">AZ Racing Team<\/td>\n<td style=\"text-align: right;\">+34:41<\/td>\n<\/tr>\n<tr style=\"background-color: #dbd9d9; vertical-align: top;\">\n<td>7.<\/td>\n<td class=\"nomobile\" style=\"text-align: center;\">235<\/td>\n<td>Fjodor Vorobjev \/ Kirill \u0160ubin<\/td>\n<td>Can-Am Maverick X3<\/td>\n<td class=\"nomobile\">Zavidovo Racing Team<\/td>\n<td style=\"text-align: right;\">+58:05<\/td>\n<\/tr>\n<tr style=\"background-color: #f2f2f2; vertical-align: top;\">\n<td>8.<\/td>\n<td class=\"nomobile\" style=\"text-align: center;\">242<\/td>\n<td>Ilya Rouss \/ Anton Yarashuk<\/td>\n<td>Can-Am Maverick X3<\/td>\n<td class=\"nomobile\">South Racing Can-Am<\/td>\n<td style=\"text-align: right;\">+1:56:46<\/td>\n<\/tr>\n<tr style=\"background-color: #dbd9d9; vertical-align: top;\">\n<td>9.<\/td>\n<td class=\"nomobile\" style=\"text-align: center;\">243<\/td>\n<td>Adrian Yacopini \/ Ricardo Torlaschi<\/td>\n<td>Can-Am Maverick X3<\/td>\n<td class=\"nomobile\">South Racing Can-Am<\/td>\n<td style=\"text-align: right;\">+2:13:59<\/td>\n<\/tr>\n<tr style=\"background-color: #808080; color: white;\">\n<td style=\"text-align: left;\" colspan=\"7\"><\/td>\n<\/tr>\n<tr style=\"background-color: #f2f2f2; vertical-align: top;\">\n<td>DNF<\/td>\n<td class=\"nomobile\" style=\"text-align: center;\">240<\/td>\n<td>Ghislain de Mevius \/ Johan Jalet<\/td>\n<td>Yamaha Interceptor 100<\/td>\n<td class=\"nomobile\"><\/td>\n<td style=\"text-align: right;\"><\/td>\n<\/tr>\n<tr style=\"background-color: #808080; color: white;\">\n<td style=\"text-align: left;\" colspan=\"6\"><span style=\"font-size: 8pt;\">V r\u00e1mci hodnocen\u00ed FIA odstartovalo 10 vozidel skupiny T3, v c\u00edli klasifikov\u00e1no 9<\/span><\/td>\n<\/tr>\n<\/tbody>\n<\/table>\n<p>[\/vc_column_text][\/vc_column_inner][\/vc_row_inner][\/vc_tta_section][vc_tta_section title=&#8221;Kamiony&#8221; tab_id=&#8221;kamiony&#8221;][vc_row_inner][vc_column_inner][vc_column_text css_animation=&#8221;fadeIn&#8221;]<\/p>\n<table style=\"width: 97.7654%;\" rules=\"rows\" cellpadding=\"4px\">\n<tbody>\n<tr style=\"background-color: #808080; color: white;\">\n<td style=\"text-align: center;\" colspan=\"6\"><span style=\"font-size: 10pt;\"><strong>BAJA ESPA\u00d1A ARAG\u00d3N 2019<br \/>\nKAMIONY<br \/>\nkone\u010dn\u00e9 v\u00fdsledky<\/strong><\/span><\/td>\n<\/tr>\n<tr style=\"background-color: #dbd9d9; vertical-align: top;\">\n<td>1.<\/td>\n<td class=\"nomobile\" style=\"text-align: center;\">702<\/td>\n<td><a href=\"\/index.php\/osobnosti\/martin-macik-ml\/\"><span style=\"color: #ee8027;\">Martin Mac\u00edk ml.<\/span><\/a> \/ <a href=\"\/index.php\/osobnosti\/frantisek-tomasek\/\"><span style=\"color: #ee8027;\">Franti\u0161ek Tom\u00e1\u0161ek<\/span><\/a> \/ <a href=\"\/index.php\/osobnosti\/david-svanda\/\"><span style=\"color: #ee8027;\">David \u0160vanda<\/span><\/a><\/td>\n<td>Iveco Powerstar<\/td>\n<td class=\"nomobile\">Big Shock Racing<\/td>\n<td style=\"text-align: right;\">7:39:50<\/td>\n<\/tr>\n<tr style=\"background-color: #f2f2f2; vertical-align: top;\">\n<td>2.<\/td>\n<td class=\"nomobile\" style=\"text-align: center;\">703<\/td>\n<td>Alex Aguirregaviria \/ Francesc Salisi \/ Jordi Perera<\/td>\n<td>Mercedes 1844-SK<\/td>\n<td class=\"nomobile\">Biela Club Manresa<\/td>\n<td style=\"text-align: right;\">+17:50<\/td>\n<\/tr>\n<tr style=\"background-color: #dbd9d9; vertical-align: top;\">\n<td>3.<\/td>\n<td class=\"nomobile\" style=\"text-align: center;\">704<\/td>\n<td>Javier Mariezcurrena \/ Facundo Martin Vitoria \/ Angel Iribar<\/td>\n<td>Tatra 163 Jamal<\/td>\n<td class=\"nomobile\">Bonver Dakar Project<\/td>\n<td style=\"text-align: right;\">+52:05<\/td>\n<\/tr>\n<tr style=\"background-color: #f2f2f2; vertical-align: top;\">\n<td>4.<\/td>\n<td class=\"nomobile\" style=\"text-align: center;\">708<\/td>\n<td>Javier Jacoste \/ Jordi Celma \/ Juan Maria Piera<\/td>\n<td>Mercedes 1844-AK<\/td>\n<td class=\"nomobile\">Escuderia Costa Daurada<\/td>\n<td style=\"text-align: right;\">+1:10:38<\/td>\n<\/tr>\n<tr style=\"background-color: #dbd9d9; vertical-align: top;\">\n<td>5.<\/td>\n<td class=\"nomobile\" style=\"text-align: center;\">706<\/td>\n<td>Alberto Herrero \/ Susana Hernando \/ Joseba Berasategi<\/td>\n<td>MAN TGA 480 6&#215;6<\/td>\n<td class=\"nomobile\">GPR Sport<\/td>\n<td style=\"text-align: right;\">+1:45:00<\/td>\n<\/tr>\n<tr style=\"background-color: #f2f2f2; vertical-align: top;\">\n<td>6.<\/td>\n<td class=\"nomobile\" style=\"text-align: center;\">705<\/td>\n<td>Richard Gonzales \/ Guillaume Gonzalez \/ Jean Philippe Salviat<\/td>\n<td>Tatra 163 Jamal<\/td>\n<td class=\"nomobile\">Bonver Dakar Project<\/td>\n<td style=\"text-align: right;\">+2:05:32<\/td>\n<\/tr>\n<tr style=\"background-color: #dbd9d9; vertical-align: top;\">\n<td>7.<\/td>\n<td class=\"nomobile\" style=\"text-align: center;\">701<\/td>\n<td>Jaroslav Valtr st. \/ Jaroslav Valtr ml. \/ Michal Valtr<\/td>\n<td>Iveco Powerstar<\/td>\n<td class=\"nomobile\">Valtr Racing Team<\/td>\n<td style=\"text-align: right;\">+2:33:23<\/td>\n<\/tr>\n<tr style=\"background-color: #f2f2f2; vertical-align: top;\">\n<td>8.<\/td>\n<td class=\"nomobile\" style=\"text-align: center;\">707<\/td>\n<td>Enrique A. Vila \/ Luis Martinez \/ Miguel Rey<\/td>\n<td>MAN 19.422<\/td>\n<td class=\"nomobile\">AC Madrid Sport<\/td>\n<td style=\"text-align: right;\">+2:47:57<\/td>\n<\/tr>\n<tr style=\"background-color: #dbd9d9; vertical-align: top;\">\n<td>9.<\/td>\n<td class=\"nomobile\" style=\"text-align: center;\">709<\/td>\n<td>Francisco del Pozo \/ Daniel Cesteros \/ Antonio Cerezo \/ Mario Garcia<\/td>\n<td>Pegaso 2223<\/td>\n<td class=\"nomobile\">AC Madrid Sport<\/td>\n<td style=\"text-align: right;\">+3:47:01<\/td>\n<\/tr>\n<tr style=\"background-color: #808080; color: white;\">\n<td style=\"text-align: left;\" colspan=\"6\"><span style=\"font-size: 8pt;\">Odstartovalo 9 kamion\u016f, v c\u00edli klasifikov\u00e1no 9<\/span><\/td>\n<\/tr>\n<\/tbody>\n<\/table>\n<p>[\/vc_column_text][\/vc_column_inner][\/vc_row_inner][\/vc_tta_section][\/vc_tta_pageable][\/vc_column][\/vc_row][vc_row][vc_column][vc_masonry_grid post_type=&#8221;post&#8221; max_items=&#8221;-1&#8243; style=&#8221;lazy&#8221; items_per_page=&#8221;3&#8243; show_filter=&#8221;yes&#8221; gap=&#8221;5&#8243; filter_style=&#8221;filled&#8221; item=&#8221;3404&#8243; grid_id=&#8221;vc_gid:1692719455632-49be39cb-3eec-1&#8243; taxonomies=&#8221;245&#8243; filter_source=&#8221;category&#8221;][\/vc_column][\/vc_row]<\/p>\n","protected":false},"excerpt":{"rendered":"<p>[vc_row css_animation=&#8221;fadeIn&#8221; no_sep_borders=&#8221;yes&#8221;][vc_column][vc_btn title=&#8221;Sout\u011b\u017ee&#8221; style=&#8221;outline&#8221; shape=&#8221;square&#8221; color=&#8221;warning&#8221; size=&#8221;xs&#8221; align=&#8221;right&#8221; i_align=&#8221;right&#8221; i_icon_fontawesome=&#8221;fa fa-chevron-up&#8221; css_animation=&#8221;fadeIn&#8221; add_icon=&#8221;true&#8221; css=&#8221;.vc_custom_1619641442353{padding-right: 1px !important;padding-left: 1px !important;}&#8221; link=&#8221;url:%2Findex.php%2Fsouteze%2F|||&#8221;][vc_column_text css_animation=&#8221;fadeIn&#8221; css=&#8221;.vc_custom_1626684137927{padding-top: 200px !important;padding-right: 15px !important;padding-bottom: 15px !important;padding-left: 15px !important;background: #f2f2f2 url(https:\/\/www.dakarmania.cz\/wp-content\/uploads\/2019\/07\/19-aragon-terranova-00.jpg?id=9226) !important;background-position: center !important;background-repeat: no-repeat !important;background-size: cover !important;}&#8221;] BAJA ESPA\u00d1A ARAG\u00d3N 2019 [\/vc_column_text][vc_empty_space height=&#8221;2px&#8221;][vc_row_inner el_id=&#8221;info&#8221;][vc_column_inner width=&#8221;1\/2&#8243;][vc_column_text css_animation=&#8221;fadeIn&#8221;]36. ro\u010dn\u00edk | 25. a\u017e 27. \u010dervence | [&hellip;]<\/p>\n","protected":false},"author":1,"featured_media":9226,"parent":4410,"menu_order":0,"comment_status":"closed","ping_status":"closed","template":"page-templates\/builder.php","meta":{"footnotes":""},"class_list":["post-7793","page","type-page","status-publish","has-post-thumbnail","hentry"],"yoast_head":"<!-- This site is optimized with the Yoast SEO plugin v24.9 - https:\/\/yoast.com\/wordpress\/plugins\/seo\/ -->\n<title>Baja Espa\u00f1a Arag\u00f3n 2019 - DAKARMANIA.cz<\/title>\n<meta name=\"description\" content=\"Baja Arag\u00f3n 2019 je \u0161pan\u011blsk\u00e1 dvoudenn\u00ed cross-country sout\u011b\u017e za\u0159azen\u00e1 do Sv\u011btov\u00e9ho poh\u00e1ru FIM v baj\u00e1ch a Sv\u011btov\u00e9ho poh\u00e1ru FIA v cross-country baj\u00e1ch.\" \/>\n<meta name=\"robots\" content=\"index, follow, max-snippet:-1, max-image-preview:large, max-video-preview:-1\" \/>\n<link rel=\"canonical\" href=\"https:\/\/www.dakarmania.cz\/index.php\/souteze\/baja-aragon-2019\/\" \/>\n<meta property=\"og:locale\" content=\"cs_CZ\" \/>\n<meta property=\"og:type\" content=\"article\" \/>\n<meta property=\"og:title\" content=\"Baja Espa\u00f1a Arag\u00f3n 2019 - DAKARMANIA.cz\" \/>\n<meta property=\"og:description\" content=\"Baja Arag\u00f3n 2019 je \u0161pan\u011blsk\u00e1 dvoudenn\u00ed cross-country sout\u011b\u017e za\u0159azen\u00e1 do Sv\u011btov\u00e9ho poh\u00e1ru FIM v baj\u00e1ch a Sv\u011btov\u00e9ho poh\u00e1ru FIA v cross-country baj\u00e1ch.\" \/>\n<meta property=\"og:url\" content=\"https:\/\/www.dakarmania.cz\/index.php\/souteze\/baja-aragon-2019\/\" \/>\n<meta property=\"og:site_name\" content=\"DAKARMANIA.cz\" \/>\n<meta property=\"article:publisher\" content=\"https:\/\/www.facebook.com\/dakarmania\/\" \/>\n<meta property=\"article:modified_time\" content=\"2023-08-22T15:51:32+00:00\" \/>\n<meta property=\"og:image\" content=\"https:\/\/www.dakarmania.cz\/wp-content\/uploads\/2019\/07\/19-aragon-terranova-00.jpg\" \/>\n\t<meta property=\"og:image:width\" content=\"1600\" \/>\n\t<meta property=\"og:image:height\" content=\"710\" \/>\n\t<meta property=\"og:image:type\" content=\"image\/jpeg\" \/>\n<meta name=\"twitter:card\" content=\"summary_large_image\" \/>\n<meta name=\"twitter:label1\" content=\"Odhadovan\u00e1 doba \u010dten\u00ed\" \/>\n\t<meta name=\"twitter:data1\" content=\"11 minut\" \/>\n<script type=\"application\/ld+json\" class=\"yoast-schema-graph\">{\"@context\":\"https:\/\/schema.org\",\"@graph\":[{\"@type\":\"WebPage\",\"@id\":\"https:\/\/www.dakarmania.cz\/index.php\/souteze\/baja-aragon-2019\/\",\"url\":\"https:\/\/www.dakarmania.cz\/index.php\/souteze\/baja-aragon-2019\/\",\"name\":\"Baja Espa\u00f1a Arag\u00f3n 2019 - DAKARMANIA.cz\",\"isPartOf\":{\"@id\":\"https:\/\/www.dakarmania.cz\/#website\"},\"primaryImageOfPage\":{\"@id\":\"https:\/\/www.dakarmania.cz\/index.php\/souteze\/baja-aragon-2019\/#primaryimage\"},\"image\":{\"@id\":\"https:\/\/www.dakarmania.cz\/index.php\/souteze\/baja-aragon-2019\/#primaryimage\"},\"thumbnailUrl\":\"https:\/\/www.dakarmania.cz\/wp-content\/uploads\/2019\/07\/19-aragon-terranova-00.jpg\",\"datePublished\":\"2019-06-26T10:06:12+00:00\",\"dateModified\":\"2023-08-22T15:51:32+00:00\",\"description\":\"Baja Arag\u00f3n 2019 je \u0161pan\u011blsk\u00e1 dvoudenn\u00ed cross-country sout\u011b\u017e za\u0159azen\u00e1 do Sv\u011btov\u00e9ho poh\u00e1ru FIM v baj\u00e1ch a Sv\u011btov\u00e9ho poh\u00e1ru FIA v cross-country baj\u00e1ch.\",\"breadcrumb\":{\"@id\":\"https:\/\/www.dakarmania.cz\/index.php\/souteze\/baja-aragon-2019\/#breadcrumb\"},\"inLanguage\":\"cs\",\"potentialAction\":[{\"@type\":\"ReadAction\",\"target\":[\"https:\/\/www.dakarmania.cz\/index.php\/souteze\/baja-aragon-2019\/\"]}]},{\"@type\":\"ImageObject\",\"inLanguage\":\"cs\",\"@id\":\"https:\/\/www.dakarmania.cz\/index.php\/souteze\/baja-aragon-2019\/#primaryimage\",\"url\":\"https:\/\/www.dakarmania.cz\/wp-content\/uploads\/2019\/07\/19-aragon-terranova-00.jpg\",\"contentUrl\":\"https:\/\/www.dakarmania.cz\/wp-content\/uploads\/2019\/07\/19-aragon-terranova-00.jpg\",\"width\":1600,\"height\":710,\"caption\":\"Orlando Terranova\/Ronnie Graue, Mini JCW Rally, X-raid. Baja Arag\u00f3n 2019. \u00a9 X-raid\"},{\"@type\":\"BreadcrumbList\",\"@id\":\"https:\/\/www.dakarmania.cz\/index.php\/souteze\/baja-aragon-2019\/#breadcrumb\",\"itemListElement\":[{\"@type\":\"ListItem\",\"position\":1,\"name\":\"Dom\u016f\",\"item\":\"https:\/\/www.dakarmania.cz\/\"},{\"@type\":\"ListItem\",\"position\":2,\"name\":\"Sout\u011b\u017ee\",\"item\":\"https:\/\/www.dakarmania.cz\/index.php\/souteze\/\"},{\"@type\":\"ListItem\",\"position\":3,\"name\":\"Baja Espa\u00f1a Arag\u00f3n 2019\"}]},{\"@type\":\"WebSite\",\"@id\":\"https:\/\/www.dakarmania.cz\/#website\",\"url\":\"https:\/\/www.dakarmania.cz\/\",\"name\":\"DAKARMANIA.cz\",\"description\":\"\u017dijeme Dakarem cel\u00fd rok\",\"publisher\":{\"@id\":\"https:\/\/www.dakarmania.cz\/#organization\"},\"potentialAction\":[{\"@type\":\"SearchAction\",\"target\":{\"@type\":\"EntryPoint\",\"urlTemplate\":\"https:\/\/www.dakarmania.cz\/?s={search_term_string}\"},\"query-input\":{\"@type\":\"PropertyValueSpecification\",\"valueRequired\":true,\"valueName\":\"search_term_string\"}}],\"inLanguage\":\"cs\"},{\"@type\":\"Organization\",\"@id\":\"https:\/\/www.dakarmania.cz\/#organization\",\"name\":\"DAKAR MANIA\",\"url\":\"https:\/\/www.dakarmania.cz\/\",\"logo\":{\"@type\":\"ImageObject\",\"inLanguage\":\"cs\",\"@id\":\"https:\/\/www.dakarmania.cz\/#\/schema\/logo\/image\/\",\"url\":\"https:\/\/www.dakarmania.cz\/wp-content\/uploads\/2018\/12\/Dakar-Mania-Logo-Square-Orange.png\",\"contentUrl\":\"https:\/\/www.dakarmania.cz\/wp-content\/uploads\/2018\/12\/Dakar-Mania-Logo-Square-Orange.png\",\"width\":992,\"height\":992,\"caption\":\"DAKAR MANIA\"},\"image\":{\"@id\":\"https:\/\/www.dakarmania.cz\/#\/schema\/logo\/image\/\"},\"sameAs\":[\"https:\/\/www.facebook.com\/dakarmania\/\"]}]}<\/script>\n<!-- \/ Yoast SEO plugin. -->","yoast_head_json":{"title":"Baja Espa\u00f1a Arag\u00f3n 2019 - DAKARMANIA.cz","description":"Baja Arag\u00f3n 2019 je \u0161pan\u011blsk\u00e1 dvoudenn\u00ed cross-country sout\u011b\u017e za\u0159azen\u00e1 do Sv\u011btov\u00e9ho poh\u00e1ru FIM v baj\u00e1ch a Sv\u011btov\u00e9ho poh\u00e1ru FIA v cross-country baj\u00e1ch.","robots":{"index":"index","follow":"follow","max-snippet":"max-snippet:-1","max-image-preview":"max-image-preview:large","max-video-preview":"max-video-preview:-1"},"canonical":"https:\/\/www.dakarmania.cz\/index.php\/souteze\/baja-aragon-2019\/","og_locale":"cs_CZ","og_type":"article","og_title":"Baja Espa\u00f1a Arag\u00f3n 2019 - DAKARMANIA.cz","og_description":"Baja Arag\u00f3n 2019 je \u0161pan\u011blsk\u00e1 dvoudenn\u00ed cross-country sout\u011b\u017e za\u0159azen\u00e1 do Sv\u011btov\u00e9ho poh\u00e1ru FIM v baj\u00e1ch a Sv\u011btov\u00e9ho poh\u00e1ru FIA v cross-country baj\u00e1ch.","og_url":"https:\/\/www.dakarmania.cz\/index.php\/souteze\/baja-aragon-2019\/","og_site_name":"DAKARMANIA.cz","article_publisher":"https:\/\/www.facebook.com\/dakarmania\/","article_modified_time":"2023-08-22T15:51:32+00:00","og_image":[{"width":1600,"height":710,"url":"https:\/\/www.dakarmania.cz\/wp-content\/uploads\/2019\/07\/19-aragon-terranova-00.jpg","type":"image\/jpeg"}],"twitter_card":"summary_large_image","twitter_misc":{"Odhadovan\u00e1 doba \u010dten\u00ed":"11 minut"},"schema":{"@context":"https:\/\/schema.org","@graph":[{"@type":"WebPage","@id":"https:\/\/www.dakarmania.cz\/index.php\/souteze\/baja-aragon-2019\/","url":"https:\/\/www.dakarmania.cz\/index.php\/souteze\/baja-aragon-2019\/","name":"Baja Espa\u00f1a Arag\u00f3n 2019 - DAKARMANIA.cz","isPartOf":{"@id":"https:\/\/www.dakarmania.cz\/#website"},"primaryImageOfPage":{"@id":"https:\/\/www.dakarmania.cz\/index.php\/souteze\/baja-aragon-2019\/#primaryimage"},"image":{"@id":"https:\/\/www.dakarmania.cz\/index.php\/souteze\/baja-aragon-2019\/#primaryimage"},"thumbnailUrl":"https:\/\/www.dakarmania.cz\/wp-content\/uploads\/2019\/07\/19-aragon-terranova-00.jpg","datePublished":"2019-06-26T10:06:12+00:00","dateModified":"2023-08-22T15:51:32+00:00","description":"Baja Arag\u00f3n 2019 je \u0161pan\u011blsk\u00e1 dvoudenn\u00ed cross-country sout\u011b\u017e za\u0159azen\u00e1 do Sv\u011btov\u00e9ho poh\u00e1ru FIM v baj\u00e1ch a Sv\u011btov\u00e9ho poh\u00e1ru FIA v cross-country baj\u00e1ch.","breadcrumb":{"@id":"https:\/\/www.dakarmania.cz\/index.php\/souteze\/baja-aragon-2019\/#breadcrumb"},"inLanguage":"cs","potentialAction":[{"@type":"ReadAction","target":["https:\/\/www.dakarmania.cz\/index.php\/souteze\/baja-aragon-2019\/"]}]},{"@type":"ImageObject","inLanguage":"cs","@id":"https:\/\/www.dakarmania.cz\/index.php\/souteze\/baja-aragon-2019\/#primaryimage","url":"https:\/\/www.dakarmania.cz\/wp-content\/uploads\/2019\/07\/19-aragon-terranova-00.jpg","contentUrl":"https:\/\/www.dakarmania.cz\/wp-content\/uploads\/2019\/07\/19-aragon-terranova-00.jpg","width":1600,"height":710,"caption":"Orlando Terranova\/Ronnie Graue, Mini JCW Rally, X-raid. Baja Arag\u00f3n 2019. \u00a9 X-raid"},{"@type":"BreadcrumbList","@id":"https:\/\/www.dakarmania.cz\/index.php\/souteze\/baja-aragon-2019\/#breadcrumb","itemListElement":[{"@type":"ListItem","position":1,"name":"Dom\u016f","item":"https:\/\/www.dakarmania.cz\/"},{"@type":"ListItem","position":2,"name":"Sout\u011b\u017ee","item":"https:\/\/www.dakarmania.cz\/index.php\/souteze\/"},{"@type":"ListItem","position":3,"name":"Baja Espa\u00f1a Arag\u00f3n 2019"}]},{"@type":"WebSite","@id":"https:\/\/www.dakarmania.cz\/#website","url":"https:\/\/www.dakarmania.cz\/","name":"DAKARMANIA.cz","description":"\u017dijeme Dakarem cel\u00fd rok","publisher":{"@id":"https:\/\/www.dakarmania.cz\/#organization"},"potentialAction":[{"@type":"SearchAction","target":{"@type":"EntryPoint","urlTemplate":"https:\/\/www.dakarmania.cz\/?s={search_term_string}"},"query-input":{"@type":"PropertyValueSpecification","valueRequired":true,"valueName":"search_term_string"}}],"inLanguage":"cs"},{"@type":"Organization","@id":"https:\/\/www.dakarmania.cz\/#organization","name":"DAKAR MANIA","url":"https:\/\/www.dakarmania.cz\/","logo":{"@type":"ImageObject","inLanguage":"cs","@id":"https:\/\/www.dakarmania.cz\/#\/schema\/logo\/image\/","url":"https:\/\/www.dakarmania.cz\/wp-content\/uploads\/2018\/12\/Dakar-Mania-Logo-Square-Orange.png","contentUrl":"https:\/\/www.dakarmania.cz\/wp-content\/uploads\/2018\/12\/Dakar-Mania-Logo-Square-Orange.png","width":992,"height":992,"caption":"DAKAR MANIA"},"image":{"@id":"https:\/\/www.dakarmania.cz\/#\/schema\/logo\/image\/"},"sameAs":["https:\/\/www.facebook.com\/dakarmania\/"]}]}},"amp_enabled":false,"_links":{"self":[{"href":"https:\/\/www.dakarmania.cz\/index.php\/wp-json\/wp\/v2\/pages\/7793","targetHints":{"allow":["GET"]}}],"collection":[{"href":"https:\/\/www.dakarmania.cz\/index.php\/wp-json\/wp\/v2\/pages"}],"about":[{"href":"https:\/\/www.dakarmania.cz\/index.php\/wp-json\/wp\/v2\/types\/page"}],"author":[{"embeddable":true,"href":"https:\/\/www.dakarmania.cz\/index.php\/wp-json\/wp\/v2\/users\/1"}],"replies":[{"embeddable":true,"href":"https:\/\/www.dakarmania.cz\/index.php\/wp-json\/wp\/v2\/comments?post=7793"}],"version-history":[{"count":70,"href":"https:\/\/www.dakarmania.cz\/index.php\/wp-json\/wp\/v2\/pages\/7793\/revisions"}],"predecessor-version":[{"id":28835,"href":"https:\/\/www.dakarmania.cz\/index.php\/wp-json\/wp\/v2\/pages\/7793\/revisions\/28835"}],"up":[{"embeddable":true,"href":"https:\/\/www.dakarmania.cz\/index.php\/wp-json\/wp\/v2\/pages\/4410"}],"wp:featuredmedia":[{"embeddable":true,"href":"https:\/\/www.dakarmania.cz\/index.php\/wp-json\/wp\/v2\/media\/9226"}],"wp:attachment":[{"href":"https:\/\/www.dakarmania.cz\/index.php\/wp-json\/wp\/v2\/media?parent=7793"}],"curies":[{"name":"wp","href":"https:\/\/api.w.org\/{rel}","templated":true}]}}