{"id":7968,"date":"2019-07-01T02:15:40","date_gmt":"2019-07-01T00:15:40","guid":{"rendered":"https:\/\/www.dakarmania.cz\/?page_id=7968"},"modified":"2023-09-06T11:58:25","modified_gmt":"2023-09-06T09:58:25","slug":"aragon-vitezove","status":"publish","type":"page","link":"https:\/\/www.dakarmania.cz\/index.php\/souteze\/aragon-vitezove\/","title":{"rendered":"Baja Arag\u00f3n: V\u00edt\u011bzov\u00e9"},"content":{"rendered":"<p>[vc_row][vc_column][vc_btn title=&#8221;Baja Espa\u00f1a Arag\u00f3n&#8221; style=&#8221;outline&#8221; shape=&#8221;square&#8221; color=&#8221;warning&#8221; size=&#8221;xs&#8221; align=&#8221;right&#8221; i_align=&#8221;right&#8221; i_icon_fontawesome=&#8221;fa fa-chevron-up&#8221; css_animation=&#8221;fadeIn&#8221; add_icon=&#8221;true&#8221; css=&#8221;.vc_custom_1626677545072{padding-right: 1px !important;padding-left: 1px !important;}&#8221; link=&#8221;url:%2Findex.php%2Fsouteze%2F%23aragon|||&#8221;][vc_btn title=&#8221;Moto&#8221; style=&#8221;classic&#8221; shape=&#8221;square&#8221; color=&#8221;warning&#8221; size=&#8221;xs&#8221; css_animation=&#8221;fadeIn&#8221; css=&#8221;.vc_custom_1626677635317{padding-right: 1px !important;padding-left: 1px !important;}&#8221; link=&#8221;url:%2Findex.php%2Fsouteze%2Faragon-vitezove%2F%23moto|||&#8221;][vc_btn title=&#8221;Quad&#8221; style=&#8221;classic&#8221; shape=&#8221;square&#8221; color=&#8221;warning&#8221; size=&#8221;xs&#8221; css_animation=&#8221;fadeIn&#8221; css=&#8221;.vc_custom_1626677738966{padding-right: 1px !important;padding-left: 1px !important;}&#8221; link=&#8221;url:%2Findex.php%2Fsouteze%2Faragon-vitezove%2F%23quad|||&#8221;][vc_btn title=&#8221;Auto&#8221; style=&#8221;classic&#8221; shape=&#8221;square&#8221; color=&#8221;warning&#8221; size=&#8221;xs&#8221; css_animation=&#8221;fadeIn&#8221; css=&#8221;.vc_custom_1626677764979{padding-right: 1px !important;padding-left: 1px !important;}&#8221; link=&#8221;url:%2Findex.php%2Fsouteze%2Faragon-vitezove%2F%23auto|||&#8221;][vc_btn title=&#8221;Kamiony&#8221; style=&#8221;classic&#8221; shape=&#8221;square&#8221; color=&#8221;warning&#8221; size=&#8221;xs&#8221; css_animation=&#8221;fadeIn&#8221; css=&#8221;.vc_custom_1626677792654{padding-right: 1px !important;padding-left: 1px !important;}&#8221; link=&#8221;url:%2Findex.php%2Fsouteze%2Faragon-vitezove%2F%23kamiony|||&#8221;][vc_tta_pageable no_fill_content_area=&#8221;1&#8243; active_section=&#8221;1&#8243; pagination_style=&#8221;&#8221; css_animation=&#8221;fadeIn&#8221;][vc_tta_section title=&#8221;Auto&#8221; tab_id=&#8221;auto&#8221;][vc_column_text css_animation=&#8221;fadeIn&#8221; css=&#8221;.vc_custom_1626681472521{padding-top: 200px !important;padding-right: 15px !important;padding-bottom: 15px !important;padding-left: 15px !important;background: #f2f2f2 url(https:\/\/www.dakarmania.cz\/wp-content\/uploads\/2019\/06\/15-aragon-roma-winner.jpg?id=7834) !important;background-position: center !important;background-repeat: no-repeat !important;background-size: cover !important;}&#8221;]<\/p>\n<h1 style=\"text-align: left;\"><span style=\"background-color: #ee8027; opacity: 0.7;\"><span style=\"color: #ffffff; padding: 10px;\">V\u00cdT\u011aZOV\u00c9<\/span><br \/>\n<span style=\"color: #ffffff; padding: 10px;\">BAJA ESPA\u00d1A<\/span><br \/>\n<span style=\"color: #ffffff; padding: 10px;\">AUTOMOBILY<\/span><\/span><\/h1>\n<p>[\/vc_column_text][vc_row_inner][vc_column_inner width=&#8221;1\/2&#8243;][vc_column_text css_animation=&#8221;fadeIn&#8221;]<\/p>\n<h4><span style=\"color: #808080;\">AUTOMOBILY<\/span><\/h4>\n<table style=\"width: 97.7654%;\" rules=\"rows\" cellpadding=\"4px\">\n<tbody>\n<tr style=\"background-color: #dbd9d9;\">\n<td style=\"vertical-align: top; width: 11.5152%; text-align: center;\">2022<\/td>\n<td style=\"vertical-align: top;\"><a href=\"\/index.php\/osobnosti\/nasser-al-attiyah\/\"><span style=\"color: #ee8027;\">Nasser Al-Attiyah<\/span><\/a><br \/>\n<a href=\"\/index.php\/osobnosti\/mathieu-baumel\/\"><span style=\"color: #ee8027;\">Mathieu Baumel<\/span><\/a><\/td>\n<td style=\"vertical-align: top;\">Toyota GR DKR Hilux<\/td>\n<\/tr>\n<tr style=\"background-color: #f2f2f2;\">\n<td style=\"vertical-align: top; width: 11.5152%; text-align: center;\"><a href=\"\/index.php\/souteze\/baja-aragon-2021\/\"><span style=\"color: #ee8027;\">2021<\/span><\/a><\/td>\n<td style=\"vertical-align: top;\"><a href=\"\/index.php\/osobnosti\/nasser-al-attiyah\/\"><span style=\"color: #ee8027;\">Nasser Al-Attiyah<\/span><\/a><br \/>\n<a href=\"\/index.php\/osobnosti\/mathieu-baumel\/\"><span style=\"color: #ee8027;\">Mathieu Baumel<\/span><\/a><\/td>\n<td style=\"vertical-align: top;\">Toyota Hilux<\/td>\n<\/tr>\n<tr style=\"vertical-align: top; background-color: #dbd9d9;\">\n<td style=\"width: 11.5152%; text-align: center;\">2020<\/td>\n<td style=\"text-align: center;\" colspan=\"2\"><em>sout\u011b\u017e zru\u0161ena (covid-19)<\/em><\/td>\n<\/tr>\n<tr style=\"background-color: #f2f2f2;\">\n<td style=\"vertical-align: top; width: 11.5152%; text-align: center;\"><a href=\"\/index.php\/souteze\/baja-aragon-2019\/\"><span style=\"color: #ee8027;\">2019<\/span><\/a><\/td>\n<td style=\"vertical-align: top;\">Orlando Terranova<br \/>\nRonnie Graue<\/td>\n<td style=\"vertical-align: top;\">Mini JCW Rally<\/td>\n<\/tr>\n<tr style=\"background-color: #dbd9d9;\">\n<td style=\"vertical-align: top; width: 11.5152%; text-align: center;\">2018<\/td>\n<td style=\"vertical-align: top;\">Vladimir Vasiljev<br \/>\n<a href=\"\/index.php\/osobnosti\/konstantin-zilcov\/\"><span style=\"color: #ee8027;\">Konstantin \u017dilcov<\/span><\/a><\/td>\n<td style=\"vertical-align: top;\">Toyota Hilux<\/td>\n<\/tr>\n<tr style=\"background-color: #f2f2f2;\">\n<td style=\"vertical-align: top; width: 11.5152%; text-align: center;\">2017<\/td>\n<td style=\"vertical-align: top;\"><a href=\"\/index.php\/osobnosti\/nasser-al-attiyah\/\"><span style=\"color: #ee8027;\">Nasser Al-Attiyah<\/span><\/a><br \/>\n<a href=\"\/index.php\/osobnosti\/mathieu-baumel\/\"><span style=\"color: #ee8027;\">Mathieu Baumel<\/span><\/a><\/td>\n<td style=\"vertical-align: top;\">Toyota Hilux<\/td>\n<\/tr>\n<tr style=\"background-color: #dbd9d9;\">\n<td style=\"vertical-align: top; width: 11.5152%; text-align: center;\">2016<\/td>\n<td style=\"vertical-align: top;\"><a href=\"\/index.php\/osobnosti\/nasser-al-attiyah\/\"><span style=\"color: #ee8027;\">Nasser Al-Attiyah<\/span><\/a><br \/>\n<a href=\"\/index.php\/osobnosti\/mathieu-baumel\/\"><span style=\"color: #ee8027;\">Mathieu Baumel<\/span><\/a><\/td>\n<td style=\"vertical-align: top;\">Toyota Hilux<\/td>\n<\/tr>\n<tr style=\"background-color: #f2f2f2;\">\n<td style=\"vertical-align: top; width: 11.5152%; text-align: center;\">2015<\/td>\n<td style=\"vertical-align: top;\"><a href=\"\/index.php\/osobnosti\/nani-roma\/\"><span style=\"color: #ee8027;\">Nani Roma<\/span><\/a><br \/>\n<a href=\"\/index.php\/osobnosti\/alex-haro\/\"><span style=\"color: #ee8027;\">\u00c0lex Haro<\/span><\/a><\/td>\n<td style=\"vertical-align: top;\">Mini<\/td>\n<\/tr>\n<tr style=\"background-color: #dbd9d9;\">\n<td style=\"vertical-align: top; width: 11.5152%; text-align: center;\">2014<\/td>\n<td style=\"vertical-align: top;\"><a href=\"\/index.php\/osobnosti\/nani-roma\/\"><span style=\"color: #ee8027;\">Nani Roma<\/span><\/a><br \/>\nMichel P\u00e9rin<\/td>\n<td style=\"vertical-align: top;\">Mini<\/td>\n<\/tr>\n<tr style=\"background-color: #f2f2f2;\">\n<td style=\"vertical-align: top; width: 11.5152%; text-align: center;\">2013<\/td>\n<td style=\"vertical-align: top;\"><a href=\"\/index.php\/osobnosti\/nani-roma\/\"><span style=\"color: #ee8027;\">Nani Roma<\/span><\/a><br \/>\nMichel P\u00e9rin<\/td>\n<td style=\"vertical-align: top;\">Mini<\/td>\n<\/tr>\n<tr style=\"background-color: #dbd9d9;\">\n<td style=\"vertical-align: top; width: 11.5152%; text-align: center;\">2012<\/td>\n<td style=\"vertical-align: top;\"><a href=\"\/index.php\/osobnosti\/stephane-peterhansel\/\"><span style=\"color: #ee8027;\">St\u00e9phane Peterhansel<\/span><\/a><br \/>\n<a href=\"\/index.php\/osobnosti\/jean-paul-cottret\/\"><span style=\"color: #ee8027;\">Jean-Paul Cottret<\/span><\/a><\/td>\n<td style=\"vertical-align: top;\">Mini All4 Racing<\/td>\n<\/tr>\n<tr style=\"background-color: #f2f2f2;\">\n<td style=\"vertical-align: top; width: 11.5152%; text-align: center;\">2011<\/td>\n<td style=\"vertical-align: top;\">Filipe Campos<br \/>\nJaime Baptista<\/td>\n<td style=\"vertical-align: top;\">BMW<\/td>\n<\/tr>\n<tr style=\"background-color: #dbd9d9;\">\n<td style=\"vertical-align: top; width: 11.5152%; text-align: center;\">2010<\/td>\n<td style=\"vertical-align: top;\"><a href=\"\/index.php\/osobnosti\/stephane-peterhansel\/\"><span style=\"color: #ee8027;\">St\u00e9phane Peterhansel<\/span><\/a><br \/>\n<a href=\"\/index.php\/osobnosti\/jean-paul-cottret\/\"><span style=\"color: #ee8027;\">Jean-Paul Cottret<\/span><\/a><\/td>\n<td style=\"vertical-align: top;\">BMW<\/td>\n<\/tr>\n<tr style=\"background-color: #f2f2f2;\">\n<td style=\"vertical-align: top; width: 11.5152%; text-align: center;\">2009<\/td>\n<td style=\"vertical-align: top;\"><a href=\"\/index.php\/osobnosti\/nani-roma\/\"><span style=\"color: #ee8027;\">Nani Roma<\/span><\/a><br \/>\nMichel P\u00e9rin<\/td>\n<td style=\"vertical-align: top;\">BMW<\/td>\n<\/tr>\n<tr style=\"background-color: #dbd9d9;\">\n<td style=\"vertical-align: top; width: 11.5152%; text-align: center;\">2008<\/td>\n<td style=\"vertical-align: top;\"><a href=\"\/index.php\/osobnosti\/nasser-al-attiyah\/\"><span style=\"color: #ee8027;\">Nasser Al-Attiyah<\/span><\/a><br \/>\nTina Th\u00f6rner<\/td>\n<td style=\"vertical-align: top;\">BMW<\/td>\n<\/tr>\n<tr style=\"background-color: #f2f2f2;\">\n<td style=\"vertical-align: top; width: 11.5152%; text-align: center;\">2007<\/td>\n<td style=\"vertical-align: top;\"><a href=\"\/index.php\/osobnosti\/stephane-peterhansel\/\"><span style=\"color: #ee8027;\">St\u00e9phane Peterhansel<\/span><\/a><br \/>\n<a href=\"\/index.php\/osobnosti\/jean-paul-cottret\/\"><span style=\"color: #ee8027;\">Jean-Paul Cottret<\/span><\/a><\/td>\n<td style=\"vertical-align: top;\">Mitsubishi<\/td>\n<\/tr>\n<tr style=\"background-color: #dbd9d9;\">\n<td style=\"vertical-align: top; width: 11.5152%; text-align: center;\">2006<\/td>\n<td style=\"vertical-align: top;\">Jozef S\u00fdkora<br \/>\n<a href=\"\/index.php\/osobnosti\/marek-sykora\/\"><span style=\"color: #ee8027;\">Marek S\u00fdkora<\/span><\/a><\/td>\n<td style=\"vertical-align: top;\">Mitsubishi<\/td>\n<\/tr>\n<tr style=\"background-color: #f2f2f2;\">\n<td style=\"vertical-align: top; width: 11.5152%; text-align: center;\">2005<\/td>\n<td style=\"vertical-align: top;\"><a href=\"\/index.php\/osobnosti\/nani-roma\/\"><span style=\"color: #ee8027;\">Nani Roma<\/span><\/a><br \/>\nHenri Magne<\/td>\n<td style=\"vertical-align: top;\">Mitsubishi<\/td>\n<\/tr>\n<tr style=\"background-color: #dbd9d9;\">\n<td style=\"vertical-align: top; width: 11.5152%; text-align: center;\">2004<\/td>\n<td style=\"vertical-align: top;\">Carlos Sousa<br \/>\nHenri Magne<\/td>\n<td style=\"vertical-align: top;\">Mitsubishi<\/td>\n<\/tr>\n<tr style=\"background-color: #f2f2f2;\">\n<td style=\"vertical-align: top; width: 11.5152%; text-align: center;\">2003<\/td>\n<td style=\"vertical-align: top;\">Luc Alphand<br \/>\nArnaud Debron<\/td>\n<td style=\"vertical-align: top;\">BMW X5<\/td>\n<\/tr>\n<tr style=\"background-color: #dbd9d9;\">\n<td style=\"vertical-align: top; width: 11.5152%; text-align: center;\">2002<\/td>\n<td style=\"vertical-align: top;\">Jean-Louis Schlesser<br \/>\nJean-Dominique Comolli<\/td>\n<td style=\"vertical-align: top;\">Schlesser<\/td>\n<\/tr>\n<tr style=\"background-color: #f2f2f2;\">\n<td style=\"vertical-align: top; width: 11.5152%; text-align: center;\">2001<\/td>\n<td style=\"vertical-align: top;\">Jean-Louis Schlesser<br \/>\nJean-Dominique Comolli<\/td>\n<td style=\"vertical-align: top;\">Schlesser<\/td>\n<\/tr>\n<tr style=\"background-color: #dbd9d9;\">\n<td style=\"vertical-align: top; width: 11.5152%; text-align: center;\">2000<\/td>\n<td style=\"vertical-align: top;\">Jean-Louis Schlesser<br \/>\nJean-Dominique Comolli<\/td>\n<td style=\"vertical-align: top;\">Schlesser<\/td>\n<\/tr>\n<tr style=\"background-color: #f2f2f2;\">\n<td style=\"vertical-align: top; width: 11.5152%; text-align: center;\">1999<\/td>\n<td style=\"vertical-align: top;\">Josep Maria Servi\u00e0<br \/>\nThierry Delli Zotti<\/td>\n<td style=\"vertical-align: top;\">Schlesser<\/td>\n<\/tr>\n<tr style=\"background-color: #dbd9d9;\">\n<td style=\"vertical-align: top; width: 11.5152%; text-align: center;\">1998<\/td>\n<td style=\"vertical-align: top;\">Jean-Louis Schlesser<br \/>\nJean-Dominique Comolli<\/td>\n<td style=\"vertical-align: top;\">Schlesser<\/td>\n<\/tr>\n<tr style=\"background-color: #f2f2f2;\">\n<td style=\"vertical-align: top; width: 11.5152%; text-align: center;\">1997<\/td>\n<td style=\"vertical-align: top;\">Pierre Lartigue<br \/>\nMichel P\u00e9rin<\/td>\n<td style=\"vertical-align: top;\">Citro\u00ebn<\/td>\n<\/tr>\n<tr style=\"background-color: #dbd9d9;\">\n<td style=\"vertical-align: top; width: 11.5152%; text-align: center;\">1996<\/td>\n<td style=\"vertical-align: top;\">Ari Vatanen<br \/>\nGilles Picard<\/td>\n<td style=\"vertical-align: top;\">Citro\u00ebn<\/td>\n<\/tr>\n<tr style=\"background-color: #f2f2f2;\">\n<td style=\"vertical-align: top; width: 11.5152%; text-align: center;\">1995<\/td>\n<td style=\"vertical-align: top;\">Pierre Lartigue<br \/>\nMichel P\u00e9rin<\/td>\n<td style=\"vertical-align: top;\">Citro\u00ebn<\/td>\n<\/tr>\n<tr style=\"background-color: #dbd9d9;\">\n<td style=\"vertical-align: top; width: 11.5152%; text-align: center;\">1994<\/td>\n<td style=\"vertical-align: top;\">Timo Salonen<br \/>\nFred Gallagher<\/td>\n<td style=\"vertical-align: top;\">Citro\u00ebn<\/td>\n<\/tr>\n<tr style=\"background-color: #f2f2f2;\">\n<td style=\"vertical-align: top; width: 11.5152%; text-align: center;\">1993<\/td>\n<td style=\"vertical-align: top;\">Pierre Lartigue<br \/>\nMichel P\u00e9rin<\/td>\n<td style=\"vertical-align: top;\">Citro\u00ebn<\/td>\n<\/tr>\n<tr style=\"background-color: #dbd9d9;\">\n<td style=\"vertical-align: top; width: 11.5152%; text-align: center;\">1992<\/td>\n<td style=\"text-align: center;\" colspan=\"2\"><em>sout\u011b\u017e se nekonala<\/em><\/td>\n<\/tr>\n<tr style=\"background-color: #f2f2f2;\">\n<td style=\"vertical-align: top; width: 11.5152%; text-align: center;\">1991<\/td>\n<td style=\"vertical-align: top;\">Kenneth Eriksson<br \/>\nStaffan Parmander<\/td>\n<td style=\"vertical-align: top;\">Mitsubishi<\/td>\n<\/tr>\n<tr style=\"background-color: #dbd9d9;\">\n<td style=\"vertical-align: top; width: 11.5152%; text-align: center;\">1990<\/td>\n<td style=\"vertical-align: top;\">Ari Vatanen<br \/>\nBruno Berglund<\/td>\n<td style=\"vertical-align: top;\">Citro\u00ebn<\/td>\n<\/tr>\n<tr style=\"background-color: #f2f2f2;\">\n<td style=\"vertical-align: top; width: 11.5152%; text-align: center;\">1989<\/td>\n<td style=\"vertical-align: top;\">Jacky Ickx<br \/>\nChristian Tarin<\/td>\n<td style=\"vertical-align: top;\">Peugeot<\/td>\n<\/tr>\n<tr style=\"background-color: #dbd9d9;\">\n<td style=\"vertical-align: top; width: 11.5152%; text-align: center;\">1988<\/td>\n<td style=\"vertical-align: top;\">Ari Vatanen<br \/>\nBruno Berglund<\/td>\n<td style=\"vertical-align: top;\">Peugeot<\/td>\n<\/tr>\n<tr style=\"background-color: #f2f2f2;\">\n<td style=\"vertical-align: top; text-align: center;\">1987<\/td>\n<td style=\"vertical-align: top;\">Jean Da Silva<br \/>\nHubert Rigal<\/td>\n<td style=\"vertical-align: top;\">Mitsubishi<\/td>\n<\/tr>\n<tr style=\"background-color: #dbd9d9;\">\n<td style=\"vertical-align: top; width: 11.5152%; text-align: center;\">1986<\/td>\n<td style=\"vertical-align: top;\">Jean Da Silva<br \/>\nHubert Rigal<\/td>\n<td style=\"vertical-align: top;\">Mitsubishi Pajero<\/td>\n<\/tr>\n<tr style=\"background-color: #f2f2f2;\">\n<td style=\"vertical-align: top; width: 11.5152%; text-align: center;\">1985<\/td>\n<td style=\"vertical-align: top;\">Pierre Lartigue<br \/>\nBernard Giroux<\/td>\n<td style=\"vertical-align: top;\">Lada Niva<\/td>\n<\/tr>\n<tr style=\"background-color: #dbd9d9;\">\n<td style=\"vertical-align: top; width: 11.5152%; text-align: center;\">1984<\/td>\n<td style=\"vertical-align: top;\">Raoul Raymondis<br \/>\nJacques Pastorello<\/td>\n<td style=\"vertical-align: top;\">Range Rover<\/td>\n<\/tr>\n<tr style=\"background-color: #f2f2f2;\">\n<td style=\"vertical-align: top; width: 11.5152%; text-align: center;\">1983<\/td>\n<td style=\"vertical-align: top;\">Jean-Jacques Ratet<br \/>\nS. Charier<\/td>\n<td style=\"vertical-align: top;\">Toyota<\/td>\n<\/tr>\n<\/tbody>\n<\/table>\n<p>[\/vc_column_text][\/vc_column_inner][vc_column_inner width=&#8221;1\/2&#8243;][vc_column_text css_animation=&#8221;fadeIn&#8221;]<\/p>\n<h4><span style=\"color: #808080;\">JEZDCI PODLE PO\u010cTU V\u00cdT\u011aZSTV\u00cd<\/span><\/h4>\n<table style=\"width: 97.7654%;\" rules=\"rows\" cellpadding=\"4px\">\n<tbody>\n<tr style=\"background-color: #dbd9d9;\">\n<td style=\"vertical-align: top; text-align: center;\">5<\/td>\n<td style=\"vertical-align: top;\"><a href=\"\/index.php\/osobnosti\/nani-roma\/\"><span style=\"color: #ee8027;\">Nani Roma<\/span><\/a><\/td>\n<td style=\"vertical-align: top;\">2005, 2009, 2013-15<\/td>\n<\/tr>\n<tr style=\"background-color: #f2f2f2;\">\n<td style=\"vertical-align: top; text-align: center;\">5<\/td>\n<td style=\"vertical-align: top;\"><a href=\"\/index.php\/osobnosti\/nasser-al-attiyah\/\"><span style=\"color: #ee8027;\">Nasser Al-Attiyah<\/span><\/a><\/td>\n<td style=\"vertical-align: top;\">2008, 2016, 2017, 2021, 2022<\/td>\n<\/tr>\n<tr style=\"background-color: #dbd9d9;\">\n<td style=\"vertical-align: top; text-align: center;\">4<\/td>\n<td style=\"vertical-align: top;\">Pierre Lartigue<\/td>\n<td style=\"vertical-align: top;\">1985, 1993, 1995, 1997<\/td>\n<\/tr>\n<tr style=\"background-color: #f2f2f2;\">\n<td style=\"vertical-align: top; text-align: center;\">4<\/td>\n<td style=\"vertical-align: top;\">Jean-Louis Schlesser<\/td>\n<td style=\"vertical-align: top;\">1998, 2000-02<\/td>\n<\/tr>\n<tr style=\"background-color: #dbd9d9;\">\n<td style=\"vertical-align: top; text-align: center;\">3<\/td>\n<td style=\"vertical-align: top;\">Ari Vatanen<\/td>\n<td style=\"vertical-align: top;\">1988, 1990, 1996<\/td>\n<\/tr>\n<tr style=\"background-color: #f2f2f2;\">\n<td style=\"vertical-align: top; text-align: center;\">3<\/td>\n<td style=\"vertical-align: top;\"><a href=\"\/index.php\/osobnosti\/stephane-peterhansel\/\"><span style=\"color: #ee8027;\">St\u00e9phane Peterhansel<\/span><\/a><\/td>\n<td style=\"vertical-align: top;\">2007, 2010, 2012<\/td>\n<\/tr>\n<tr style=\"background-color: #dbd9d9;\">\n<td style=\"vertical-align: top; text-align: center;\">2<\/td>\n<td style=\"vertical-align: top;\">Jean Da Silva<\/td>\n<td style=\"vertical-align: top;\">1986, 1987<\/td>\n<\/tr>\n<tr style=\"background-color: #f2f2f2;\">\n<td style=\"vertical-align: top; text-align: center;\">1<\/td>\n<td style=\"vertical-align: top;\">Jean-Jacques Ratet<\/td>\n<td style=\"vertical-align: top;\">1983<\/td>\n<\/tr>\n<tr style=\"background-color: #dbd9d9;\">\n<td style=\"vertical-align: top; text-align: center;\">1<\/td>\n<td style=\"vertical-align: top;\">Raoul Raymondis<\/td>\n<td style=\"vertical-align: top;\">1984<\/td>\n<\/tr>\n<tr style=\"background-color: #f2f2f2;\">\n<td style=\"vertical-align: top; text-align: center;\">1<\/td>\n<td style=\"vertical-align: top;\">Jacky Ickx<\/td>\n<td style=\"vertical-align: top;\">1989<\/td>\n<\/tr>\n<tr style=\"background-color: #dbd9d9;\">\n<td style=\"vertical-align: top; text-align: center;\">1<\/td>\n<td style=\"vertical-align: top;\">Kenneth Eriksson<\/td>\n<td style=\"vertical-align: top;\">1991<\/td>\n<\/tr>\n<tr style=\"background-color: #f2f2f2;\">\n<td style=\"vertical-align: top; text-align: center;\">1<\/td>\n<td style=\"vertical-align: top;\">Timo Salonen<\/td>\n<td style=\"vertical-align: top;\">1994<\/td>\n<\/tr>\n<tr style=\"background-color: #dbd9d9;\">\n<td style=\"vertical-align: top; text-align: center;\">1<\/td>\n<td style=\"vertical-align: top;\">Josep Maria Servi\u00e0<\/td>\n<td style=\"vertical-align: top;\">1999<\/td>\n<\/tr>\n<tr style=\"background-color: #f2f2f2;\">\n<td style=\"vertical-align: top; text-align: center;\">1<\/td>\n<td style=\"vertical-align: top;\">Luc Alphand<\/td>\n<td style=\"vertical-align: top;\">2003<\/td>\n<\/tr>\n<tr style=\"background-color: #dbd9d9;\">\n<td style=\"vertical-align: top; text-align: center;\">1<\/td>\n<td style=\"vertical-align: top;\">Carlos Sousa<\/td>\n<td style=\"vertical-align: top;\">2004<\/td>\n<\/tr>\n<tr style=\"background-color: #f2f2f2;\">\n<td style=\"vertical-align: top; text-align: center;\">1<\/td>\n<td style=\"vertical-align: top;\">Jozef S\u00fdkora<\/td>\n<td style=\"vertical-align: top;\">2006<\/td>\n<\/tr>\n<tr style=\"background-color: #dbd9d9;\">\n<td style=\"vertical-align: top; text-align: center;\">1<\/td>\n<td style=\"vertical-align: top;\">Filipe Campos<\/td>\n<td style=\"vertical-align: top;\">2011<\/td>\n<\/tr>\n<tr style=\"background-color: #f2f2f2;\">\n<td style=\"vertical-align: top; text-align: center;\">1<\/td>\n<td style=\"vertical-align: top;\">Vladimir Vasiljev<\/td>\n<td style=\"vertical-align: top;\">2018<\/td>\n<\/tr>\n<tr style=\"background-color: #dbd9d9;\">\n<td style=\"vertical-align: top; text-align: center;\">1<\/td>\n<td style=\"vertical-align: top;\">Orlando Terranova<\/td>\n<td style=\"vertical-align: top;\">2019<\/td>\n<\/tr>\n<\/tbody>\n<\/table>\n<p>[\/vc_column_text][vc_column_text css_animation=&#8221;fadeIn&#8221;]<\/p>\n<h4><span style=\"color: #808080;\">NAVIG\u00c1TO\u0158I PODLE PO\u010cTU V\u00cdT\u011aZSTV\u00cd<\/span><\/h4>\n<table style=\"width: 97.7654%;\" rules=\"rows\" cellpadding=\"4px\">\n<tbody>\n<tr style=\"background-color: #dbd9d9;\">\n<td style=\"vertical-align: top; text-align: center;\">6<\/td>\n<td style=\"vertical-align: top;\">Michel P\u00e9rin<\/td>\n<td style=\"vertical-align: top;\">1993, 1995, 1997, 2009, 2013, 2014<\/td>\n<\/tr>\n<tr style=\"background-color: #f2f2f2;\">\n<td style=\"vertical-align: top; text-align: center;\">4<\/td>\n<td style=\"vertical-align: top;\">Jean-Dominique Comolli<\/td>\n<td style=\"vertical-align: top;\">1998, 2000-02<\/td>\n<\/tr>\n<tr style=\"background-color: #dbd9d9;\">\n<td style=\"vertical-align: top; text-align: center;\">4<\/td>\n<td style=\"vertical-align: top;\"><a href=\"\/index.php\/osobnosti\/mathieu-baumel\/\"><span style=\"color: #ee8027;\">Mathieu Baumel<\/span><\/a><\/td>\n<td style=\"vertical-align: top;\">2016, 2017, 2021, 2022<\/td>\n<\/tr>\n<tr style=\"background-color: #f2f2f2;\">\n<td style=\"vertical-align: top; text-align: center;\">3<\/td>\n<td style=\"vertical-align: top;\"><a href=\"\/index.php\/osobnosti\/jean-paul-cottret\/\"><span style=\"color: #ee8027;\">Jean-Paul Cottret<\/span><\/a><\/td>\n<td style=\"vertical-align: top;\">2007, 2010, 2012<\/td>\n<\/tr>\n<tr style=\"background-color: #dbd9d9;\">\n<td style=\"vertical-align: top; text-align: center;\">2<\/td>\n<td style=\"vertical-align: top;\">Hubert Rigal<\/td>\n<td style=\"vertical-align: top;\">1986, 1987<\/td>\n<\/tr>\n<tr style=\"background-color: #f2f2f2;\">\n<td style=\"vertical-align: top; text-align: center;\">2<\/td>\n<td style=\"vertical-align: top;\">Bruno Berglund<\/td>\n<td style=\"vertical-align: top;\">1988, 1990<\/td>\n<\/tr>\n<tr style=\"background-color: #dbd9d9;\">\n<td style=\"vertical-align: top; text-align: center;\">2<\/td>\n<td style=\"vertical-align: top;\">Henri Magne<\/td>\n<td style=\"vertical-align: top;\">2004, 2005<\/td>\n<\/tr>\n<tr style=\"background-color: #f2f2f2;\">\n<td style=\"vertical-align: top; text-align: center;\">1<\/td>\n<td style=\"vertical-align: top;\">S. Charier<\/td>\n<td style=\"vertical-align: top;\">1983<\/td>\n<\/tr>\n<tr style=\"background-color: #dbd9d9;\">\n<td style=\"vertical-align: top; text-align: center;\">1<\/td>\n<td style=\"vertical-align: top;\">Jacques Pastorello<\/td>\n<td style=\"vertical-align: top;\">1984<\/td>\n<\/tr>\n<tr style=\"background-color: #f2f2f2;\">\n<td style=\"vertical-align: top; text-align: center;\">1<\/td>\n<td style=\"vertical-align: top;\">Bernard Giroux<\/td>\n<td style=\"vertical-align: top;\">1985<\/td>\n<\/tr>\n<tr style=\"background-color: #dbd9d9;\">\n<td style=\"vertical-align: top; text-align: center;\">1<\/td>\n<td style=\"vertical-align: top;\">Christian Tarin<\/td>\n<td style=\"vertical-align: top;\">1989<\/td>\n<\/tr>\n<tr style=\"background-color: #f2f2f2;\">\n<td style=\"vertical-align: top; text-align: center;\">1<\/td>\n<td style=\"vertical-align: top;\">Staffan Parmander<\/td>\n<td style=\"vertical-align: top;\">1991<\/td>\n<\/tr>\n<tr style=\"background-color: #dbd9d9;\">\n<td style=\"vertical-align: top; text-align: center;\">1<\/td>\n<td style=\"vertical-align: top;\">Fred Gallagher<\/td>\n<td style=\"vertical-align: top;\">1994<\/td>\n<\/tr>\n<tr style=\"background-color: #f2f2f2;\">\n<td style=\"vertical-align: top; text-align: center;\">1<\/td>\n<td style=\"vertical-align: top;\">Gilles Picard<\/td>\n<td style=\"vertical-align: top;\">1996<\/td>\n<\/tr>\n<tr style=\"background-color: #dbd9d9;\">\n<td style=\"vertical-align: top; text-align: center;\">1<\/td>\n<td style=\"vertical-align: top;\">Thierry Delli Zotti<\/td>\n<td style=\"vertical-align: top;\">1999<\/td>\n<\/tr>\n<tr style=\"background-color: #f2f2f2;\">\n<td style=\"vertical-align: top; text-align: center;\">1<\/td>\n<td style=\"vertical-align: top;\">Arnaud Debron<\/td>\n<td style=\"vertical-align: top;\">2003<\/td>\n<\/tr>\n<tr style=\"background-color: #dbd9d9;\">\n<td style=\"vertical-align: top; text-align: center;\">1<\/td>\n<td style=\"vertical-align: top;\"><a href=\"\/index.php\/osobnosti\/marek-sykora\/\"><span style=\"color: #ee8027;\">Marek S\u00fdkora<\/span><\/a><\/td>\n<td style=\"vertical-align: top;\">2006<\/td>\n<\/tr>\n<tr style=\"background-color: #f2f2f2;\">\n<td style=\"vertical-align: top; text-align: center;\">1<\/td>\n<td style=\"vertical-align: top;\">Tina Th\u00f6rner<\/td>\n<td style=\"vertical-align: top;\">2008<\/td>\n<\/tr>\n<tr style=\"background-color: #dbd9d9;\">\n<td style=\"vertical-align: top; text-align: center;\">1<\/td>\n<td style=\"vertical-align: top;\">Jaime Baptista<\/td>\n<td style=\"vertical-align: top;\">2011<\/td>\n<\/tr>\n<tr style=\"background-color: #f2f2f2;\">\n<td style=\"vertical-align: top; text-align: center;\">1<\/td>\n<td style=\"vertical-align: top;\"><a href=\"\/index.php\/osobnosti\/alex-haro\/\"><span style=\"color: #ee8027;\">\u00c0lex Haro<\/span><\/a><\/td>\n<td style=\"vertical-align: top;\">2015<\/td>\n<\/tr>\n<tr style=\"background-color: #dbd9d9;\">\n<td style=\"vertical-align: top; text-align: center;\">1<\/td>\n<td style=\"vertical-align: top;\"><a href=\"\/index.php\/osobnosti\/konstantin-zilcov\/\"><span style=\"color: #ee8027;\">Konstantin \u017dilcov<\/span><\/a><\/td>\n<td style=\"vertical-align: top;\">2018<\/td>\n<\/tr>\n<tr style=\"background-color: #f2f2f2;\">\n<td style=\"vertical-align: top; text-align: center;\">1<\/td>\n<td style=\"vertical-align: top;\">Ronnie Graue<\/td>\n<td style=\"vertical-align: top;\">2019<\/td>\n<\/tr>\n<\/tbody>\n<\/table>\n<p>[\/vc_column_text][\/vc_column_inner][\/vc_row_inner][\/vc_tta_section][vc_tta_section title=&#8221;Moto&#8221; tab_id=&#8221;moto&#8221;][vc_column_text css_animation=&#8221;fadeIn&#8221; css=&#8221;.vc_custom_1626678038518{padding-top: 200px !important;padding-right: 15px !important;padding-bottom: 15px !important;padding-left: 15px !important;background: #f2f2f2 url(https:\/\/www.dakarmania.cz\/wp-content\/uploads\/2019\/07\/17-aragon-barreda-winner.jpg?id=7996) !important;background-position: center !important;background-repeat: no-repeat !important;background-size: cover !important;}&#8221;]<\/p>\n<h1 style=\"text-align: left;\"><span style=\"background-color: #ee8027; opacity: 0.7;\"><span style=\"color: #ffffff; padding: 10px;\">V\u00cdT\u011aZOV\u00c9<\/span><br \/>\n<span style=\"color: #ffffff; padding: 10px;\">BAJA ESPA\u00d1A<\/span><br \/>\n<span style=\"color: #ffffff; padding: 10px;\">MOTOCYKLY<\/span><\/span><\/h1>\n<p>[\/vc_column_text][vc_row_inner][vc_column_inner width=&#8221;1\/2&#8243;][vc_column_text css_animation=&#8221;fadeIn&#8221;]<\/p>\n<h4><span style=\"color: #808080;\">MOTOCYKLY<\/span><\/h4>\n<table style=\"width: 97.7654%;\" rules=\"rows\" cellpadding=\"4px\">\n<tbody>\n<tr style=\"vertical-align: top; background-color: #dbd9d9;\">\n<td style=\"width: 11.5152%;\">2022<\/td>\n<td><a href=\"\/index.php\/osobnosti\/tosha-schareina\/\"><span style=\"color: #ee8027;\">Tosha Schareina<\/span><\/a><\/td>\n<td>KTM 450 Rally<\/td>\n<\/tr>\n<tr style=\"vertical-align: top; background-color: #f2f2f2;\">\n<td style=\"width: 11.5152%;\"><a href=\"\/index.php\/souteze\/baja-aragon-2021\/\"><span style=\"color: #ee8027;\">2021<\/span><\/a><\/td>\n<td><a href=\"\/index.php\/osobnosti\/joan-barreda\/\"><span style=\"color: #ee8027;\">Joan Barreda<\/span><\/a><\/td>\n<td>Honda CRF450 Rally<\/td>\n<\/tr>\n<tr style=\"vertical-align: top; background-color: #dbd9d9;\">\n<td style=\"width: 11.5152%;\">2020<\/td>\n<td style=\"text-align: center;\" colspan=\"2\"><em>sout\u011b\u017e zru\u0161ena (covid-19)<\/em><\/td>\n<\/tr>\n<tr style=\"vertical-align: top; background-color: #f2f2f2;\">\n<td style=\"width: 11.5152%;\"><a href=\"\/index.php\/souteze\/baja-aragon-2019\/\"><span style=\"color: #ee8027;\">2019<\/span><\/a><\/td>\n<td>Michael Metge<\/td>\n<td>Sherco 450 RTR<\/td>\n<\/tr>\n<tr style=\"vertical-align: top; background-color: #dbd9d9;\">\n<td style=\"width: 11.5152%;\">2018<\/td>\n<td>Michael Metge<\/td>\n<td>Sherco 450 RTR<\/td>\n<\/tr>\n<tr style=\"vertical-align: top; background-color: #f2f2f2;\">\n<td style=\"width: 11.5152%;\">2017<\/td>\n<td><a href=\"\/index.php\/osobnosti\/joan-barreda\/\"><span style=\"color: #ee8027;\">Joan Barreda<\/span><\/a><\/td>\n<td>Honda<\/td>\n<\/tr>\n<tr style=\"vertical-align: top; background-color: #dbd9d9;\">\n<td style=\"width: 11.5152%;\">2016<\/td>\n<td><a href=\"\/index.php\/osobnosti\/joan-barreda\/\"><span style=\"color: #ee8027;\">Joan Barreda<\/span><\/a><\/td>\n<td>Honda<\/td>\n<\/tr>\n<tr style=\"vertical-align: top; background-color: #f2f2f2;\">\n<td style=\"width: 11.5152%;\">2015<\/td>\n<td>Gerard Farr\u00e9s<\/td>\n<td>KTM<\/td>\n<\/tr>\n<tr style=\"vertical-align: top; background-color: #dbd9d9;\">\n<td style=\"width: 11.5152%;\">2014<\/td>\n<td>Gerard Farr\u00e9s<\/td>\n<td>GasGas<\/td>\n<\/tr>\n<tr style=\"vertical-align: top; background-color: #f2f2f2;\">\n<td style=\"width: 11.5152%;\">2013<\/td>\n<td><a href=\"\/index.php\/osobnosti\/joan-barreda\/\"><span style=\"color: #ee8027;\">Joan Barreda<\/span><\/a><\/td>\n<td>Honda<\/td>\n<\/tr>\n<tr style=\"vertical-align: top; background-color: #dbd9d9;\">\n<td style=\"width: 11.5152%;\">2012<\/td>\n<td><a href=\"\/index.php\/osobnosti\/joan-barreda\/\"><span style=\"color: #ee8027;\">Joan Barreda<\/span><\/a><\/td>\n<td>Husqvarna<\/td>\n<\/tr>\n<tr style=\"vertical-align: top; background-color: #f2f2f2;\">\n<td style=\"width: 11.5152%;\">2011<\/td>\n<td>Gerard Farr\u00e9s<\/td>\n<td>KTM<\/td>\n<\/tr>\n<tr style=\"vertical-align: top; background-color: #dbd9d9;\">\n<td style=\"width: 11.5152%;\">2010<\/td>\n<td>Marc Guasch<\/td>\n<td>Yamaha<\/td>\n<\/tr>\n<tr style=\"vertical-align: top; background-color: #f2f2f2;\">\n<td style=\"width: 11.5152%;\">2009<\/td>\n<td>Gerard Farr\u00e9s<\/td>\n<td>KTM<\/td>\n<\/tr>\n<tr style=\"vertical-align: top; background-color: #dbd9d9;\">\n<td style=\"width: 11.5152%;\">2008<\/td>\n<td><a href=\"\/index.php\/osobnosti\/marc-coma\/\"><span style=\"color: #ee8027;\">Marc Coma<\/span><\/a><\/td>\n<td>KTM<\/td>\n<\/tr>\n<tr style=\"vertical-align: top; background-color: #f2f2f2;\">\n<td style=\"width: 11.5152%;\">2007<\/td>\n<td>Gerard Farr\u00e9s<\/td>\n<td>KTM<\/td>\n<\/tr>\n<tr style=\"vertical-align: top; background-color: #dbd9d9;\">\n<td style=\"width: 11.5152%;\">2006<\/td>\n<td>Isidre Esteve<\/td>\n<td>KTM<\/td>\n<\/tr>\n<tr style=\"vertical-align: top; background-color: #f2f2f2;\">\n<td style=\"width: 11.5152%;\">2005<\/td>\n<td>Isidre Esteve<\/td>\n<td>KTM<\/td>\n<\/tr>\n<tr style=\"vertical-align: top; background-color: #dbd9d9;\">\n<td style=\"width: 11.5152%;\">2004<\/td>\n<td><a href=\"\/index.php\/osobnosti\/marc-coma\/\"><span style=\"color: #ee8027;\">Marc Coma<\/span><\/a><\/td>\n<td>KTM<\/td>\n<\/tr>\n<tr style=\"vertical-align: top; background-color: #f2f2f2;\">\n<td style=\"width: 11.5152%;\">2003<\/td>\n<td>Isidre Esteve<\/td>\n<td>KTM<\/td>\n<\/tr>\n<tr style=\"vertical-align: top; background-color: #dbd9d9;\">\n<td style=\"width: 11.5152%;\">2002<\/td>\n<td><a href=\"\/index.php\/osobnosti\/nani-roma\/\"><span style=\"color: #ee8027;\">Nani Roma<\/span><\/a><\/td>\n<td>KTM<\/td>\n<\/tr>\n<tr style=\"vertical-align: top; background-color: #f2f2f2;\">\n<td style=\"width: 11.5152%;\">2001<\/td>\n<td>Isidre Esteve<\/td>\n<td>KTM<\/td>\n<\/tr>\n<tr style=\"vertical-align: top; background-color: #dbd9d9;\">\n<td style=\"width: 11.5152%;\">2000<\/td>\n<td>Isidre Esteve<\/td>\n<td>KTM<\/td>\n<\/tr>\n<tr style=\"vertical-align: top; background-color: #f2f2f2;\">\n<td style=\"width: 11.5152%;\">1999<\/td>\n<td><a href=\"\/index.php\/osobnosti\/nani-roma\/\"><span style=\"color: #ee8027;\">Nani Roma<\/span><\/a><\/td>\n<td>KTM<\/td>\n<\/tr>\n<tr style=\"vertical-align: top; background-color: #dbd9d9;\">\n<td style=\"width: 11.5152%;\">1998<\/td>\n<td>Isidre Esteve<\/td>\n<td>KTM<\/td>\n<\/tr>\n<tr style=\"vertical-align: top; background-color: #f2f2f2;\">\n<td style=\"width: 11.5152%;\">1997<\/td>\n<td><a href=\"\/index.php\/osobnosti\/nani-roma\/\"><span style=\"color: #ee8027;\">Nani Roma<\/span><\/a><\/td>\n<td>KTM<\/td>\n<\/tr>\n<tr style=\"vertical-align: top; background-color: #dbd9d9;\">\n<td style=\"width: 11.5152%;\">1996<\/td>\n<td>Josep Llu\u00eds Steuri<\/td>\n<td>Honda<\/td>\n<\/tr>\n<tr style=\"vertical-align: top; background-color: #f2f2f2;\">\n<td style=\"width: 11.5152%;\">1995<\/td>\n<td><a href=\"\/index.php\/osobnosti\/nani-roma\/\"><span style=\"color: #ee8027;\">Nani Roma<\/span><\/a><\/td>\n<td>KTM<\/td>\n<\/tr>\n<tr style=\"vertical-align: top; background-color: #dbd9d9;\">\n<td style=\"width: 11.5152%;\">1994<\/td>\n<td>Agust\u00ed Vall<\/td>\n<td>KTM<\/td>\n<\/tr>\n<tr style=\"vertical-align: top; background-color: #f2f2f2;\">\n<td style=\"width: 11.5152%;\">1993<\/td>\n<td>Josep Llu\u00eds Steuri<\/td>\n<td>KTM<\/td>\n<\/tr>\n<tr style=\"vertical-align: top; background-color: #dbd9d9;\">\n<td style=\"width: 11.5152%;\">1992<\/td>\n<td style=\"text-align: center;\" colspan=\"2\"><em>sout\u011b\u017e se nekonala<\/em><\/td>\n<\/tr>\n<tr style=\"vertical-align: top; background-color: #f2f2f2;\">\n<td style=\"width: 11.5152%;\">1991<\/td>\n<td>Jordi Arcarons<br \/>\nDanny Laporte<\/td>\n<td>Husqvarna<\/td>\n<\/tr>\n<tr style=\"vertical-align: top; background-color: #dbd9d9;\">\n<td style=\"width: 11.5152%;\">1990<\/td>\n<td>Agust\u00ed Vall<br \/>\nDavide Trolli<\/td>\n<td>KTM<\/td>\n<\/tr>\n<tr style=\"vertical-align: top; background-color: #f2f2f2;\">\n<td style=\"width: 11.5152%;\">1989<\/td>\n<td>Joao Lopes<br \/>\nAntonio Lopes<\/td>\n<td>Honda<\/td>\n<\/tr>\n<tr style=\"vertical-align: top; background-color: #dbd9d9;\">\n<td style=\"width: 11.5152%;\">1988<\/td>\n<td>Jordi Arcarons<br \/>\nJosep Llu\u00eds Steuri<\/td>\n<td>KTM<\/td>\n<\/tr>\n<tr style=\"vertical-align: top; background-color: #f2f2f2;\">\n<td style=\"width: 11.5152%;\">1987<\/td>\n<td>Carlos Mas<br \/>\nFerran Gil<\/td>\n<td>Yamaha<\/td>\n<\/tr>\n<tr style=\"vertical-align: top; background-color: #dbd9d9;\">\n<td style=\"width: 11.5152%;\">1986<\/td>\n<td>Lacroix<br \/>\nTehric<\/td>\n<td>Honda<\/td>\n<\/tr>\n<tr style=\"vertical-align: top; background-color: #f2f2f2;\">\n<td style=\"width: 11.5152%;\">1985<\/td>\n<td>Chavanette<br \/>\nMorales<\/td>\n<td>KTM<\/td>\n<\/tr>\n<tr style=\"vertical-align: top; background-color: #dbd9d9;\">\n<td style=\"width: 11.5152%;\">1984<\/td>\n<td>Serge Bacou<br \/>\nChuck Stearns<\/td>\n<td>Yamaha<\/td>\n<\/tr>\n<tr style=\"vertical-align: top; background-color: #f2f2f2;\">\n<td style=\"width: 11.5152%;\">1983<\/td>\n<td>Poli<br \/>\nAudouard<\/td>\n<td>Yamaha<\/td>\n<\/tr>\n<\/tbody>\n<\/table>\n<p>[\/vc_column_text][\/vc_column_inner][vc_column_inner width=&#8221;1\/2&#8243;][vc_column_text css_animation=&#8221;fadeIn&#8221;]<\/p>\n<h4><span style=\"color: #808080;\">JEZDCI PODLE PO\u010cTU V\u00cdT\u011aZSTV\u00cd<\/span><\/h4>\n<table style=\"width: 97.7654%;\" rules=\"rows\" cellpadding=\"4px\">\n<tbody>\n<tr style=\"vertical-align: top; background-color: #dbd9d9;\">\n<td>6<\/td>\n<td>Isidre Esteve<\/td>\n<td>1998, 2000, 2001, 2003, 2005, 2006<\/td>\n<\/tr>\n<tr style=\"vertical-align: top; background-color: #f2f2f2;\">\n<td>5<\/td>\n<td>Gerard Farr\u00e9s<\/td>\n<td>2007, 2009, 2011, 2014, 2015<\/td>\n<\/tr>\n<tr style=\"vertical-align: top; background-color: #dbd9d9;\">\n<td>5<\/td>\n<td><a href=\"\/index.php\/osobnosti\/joan-barreda\/\"><span style=\"color: #ee8027;\">Joan Barreda<\/span><\/a><\/td>\n<td>2012, 2013, 2016, 2017, 2021<\/td>\n<\/tr>\n<tr style=\"vertical-align: top; background-color: #f2f2f2;\">\n<td>4<\/td>\n<td><a href=\"\/index.php\/osobnosti\/nani-roma\/\"><span style=\"color: #ee8027;\">Nani Roma<\/span><\/a><\/td>\n<td>1995, 1997, 1999, 2002<\/td>\n<\/tr>\n<tr style=\"vertical-align: top; background-color: #dbd9d9;\">\n<td>3<\/td>\n<td>Josep Llu\u00eds Steuri<\/td>\n<td>1988, 1993, 1996<\/td>\n<\/tr>\n<tr style=\"vertical-align: top; background-color: #f2f2f2;\">\n<td>2<\/td>\n<td>Jordi Arcarons<\/td>\n<td>1988, 1991<\/td>\n<\/tr>\n<tr style=\"vertical-align: top; background-color: #dbd9d9;\">\n<td>2<\/td>\n<td>Agust\u00ed Vall<\/td>\n<td>1990, 1994<\/td>\n<\/tr>\n<tr style=\"vertical-align: top; background-color: #f2f2f2;\">\n<td>2<\/td>\n<td><a href=\"\/index.php\/osobnosti\/marc-coma\/\"><span style=\"color: #ee8027;\">Marc Coma<\/span><\/a><\/td>\n<td>2004, 2008<\/td>\n<\/tr>\n<tr style=\"vertical-align: top; background-color: #dbd9d9;\">\n<td>2<\/td>\n<td>Michael Metge<\/td>\n<td>2018, 2019<\/td>\n<\/tr>\n<tr style=\"vertical-align: top; background-color: #f2f2f2;\">\n<td>1<\/td>\n<td>Poli<\/td>\n<td>1983<\/td>\n<\/tr>\n<tr style=\"vertical-align: top; background-color: #dbd9d9;\">\n<td>1<\/td>\n<td>Audouard<\/td>\n<td>1983<\/td>\n<\/tr>\n<tr style=\"vertical-align: top; background-color: #f2f2f2;\">\n<td>1<\/td>\n<td>Serge Bacou<\/td>\n<td>1984<\/td>\n<\/tr>\n<tr style=\"vertical-align: top; background-color: #dbd9d9;\">\n<td>1<\/td>\n<td>Chuck Stearns<\/td>\n<td>1984<\/td>\n<\/tr>\n<tr style=\"vertical-align: top; background-color: #f2f2f2;\">\n<td>1<\/td>\n<td>Chavanette<\/td>\n<td>1985<\/td>\n<\/tr>\n<tr style=\"vertical-align: top; background-color: #dbd9d9;\">\n<td>1<\/td>\n<td>Morales<\/td>\n<td>1985<\/td>\n<\/tr>\n<tr style=\"vertical-align: top; background-color: #f2f2f2;\">\n<td>1<\/td>\n<td>Lacroix<\/td>\n<td>1986<\/td>\n<\/tr>\n<tr style=\"vertical-align: top; background-color: #dbd9d9;\">\n<td>1<\/td>\n<td>Tehric<\/td>\n<td>1986<\/td>\n<\/tr>\n<tr style=\"vertical-align: top; background-color: #f2f2f2;\">\n<td>1<\/td>\n<td>Carlos Mas<\/td>\n<td>1987<\/td>\n<\/tr>\n<tr style=\"vertical-align: top; background-color: #dbd9d9;\">\n<td>1<\/td>\n<td>Ferran Gil<\/td>\n<td>1987<\/td>\n<\/tr>\n<tr style=\"vertical-align: top; background-color: #f2f2f2;\">\n<td>1<\/td>\n<td>Joao Lopes<\/td>\n<td>1989<\/td>\n<\/tr>\n<tr style=\"vertical-align: top; background-color: #dbd9d9;\">\n<td>1<\/td>\n<td>Antonio Lopes<\/td>\n<td>1989<\/td>\n<\/tr>\n<tr style=\"vertical-align: top; background-color: #f2f2f2;\">\n<td>1<\/td>\n<td>Davide Trolli<\/td>\n<td>1990<\/td>\n<\/tr>\n<tr style=\"vertical-align: top; background-color: #dbd9d9;\">\n<td>1<\/td>\n<td>Danny Laporte<\/td>\n<td>1991<\/td>\n<\/tr>\n<tr style=\"vertical-align: top; background-color: #f2f2f2;\">\n<td>1<\/td>\n<td>Marc Guasch<\/td>\n<td>2010<\/td>\n<\/tr>\n<tr style=\"vertical-align: top; background-color: #dbd9d9;\">\n<td>1<\/td>\n<td><a href=\"\/index.php\/osobnosti\/tosha-schareina\/\"><span style=\"color: #ee8027;\">Tosha Schareina<\/span><\/a><\/td>\n<td>2022<\/td>\n<\/tr>\n<\/tbody>\n<\/table>\n<p>[\/vc_column_text][\/vc_column_inner][\/vc_row_inner][\/vc_tta_section][vc_tta_section title=&#8221;Quad&#8221; tab_id=&#8221;quad&#8221;][vc_column_text css_animation=&#8221;fadeIn&#8221; css=&#8221;.vc_custom_1626680770442{padding-top: 200px !important;padding-right: 15px !important;padding-bottom: 15px !important;padding-left: 15px !important;background: #f2f2f2 url(https:\/\/www.dakarmania.cz\/wp-content\/uploads\/2019\/07\/11-aragon-romero-01.jpg?id=7994) !important;background-position: center !important;background-repeat: no-repeat !important;background-size: cover !important;}&#8221;]<\/p>\n<h1 style=\"text-align: left;\"><span style=\"background-color: #ee8027; opacity: 0.7;\"><span style=\"color: #ffffff; padding: 10px;\">V\u00cdT\u011aZOV\u00c9<\/span><br \/>\n<span style=\"color: #ffffff; padding: 10px;\">BAJA ESPA\u00d1A<\/span><br \/>\n<span style=\"color: #ffffff; padding: 10px;\">\u010cTY\u0158KOLKY<\/span><\/span><\/h1>\n<p>[\/vc_column_text][vc_row_inner][vc_column_inner width=&#8221;1\/2&#8243;][vc_column_text css_animation=&#8221;fadeIn&#8221;]<\/p>\n<h4><span style=\"color: #808080;\">\u010cTY\u0158KOLKY<\/span><\/h4>\n<table style=\"width: 97.7654%;\" rules=\"rows\" cellpadding=\"4px\">\n<tbody>\n<tr style=\"background-color: #dbd9d9;\">\n<td style=\"vertical-align: top; width: 11.5152%;\">2022<\/td>\n<td style=\"vertical-align: top;\"><a href=\"\/index.php\/osobnosti\/alexandre-giroud\/\"><span style=\"color: #ee8027;\">Alexandre Giroud<\/span><\/a><\/td>\n<td style=\"vertical-align: top;\">Yamaha Raptor<\/td>\n<\/tr>\n<tr style=\"background-color: #f2f2f2;\">\n<td style=\"vertical-align: top; width: 11.5152%;\"><a href=\"\/index.php\/souteze\/baja-aragon-2021\/\"><span style=\"color: #ee8027;\">2021<\/span><\/a><\/td>\n<td style=\"vertical-align: top;\"><a href=\"\/index.php\/osobnosti\/alexandre-giroud\/\"><span style=\"color: #ee8027;\">Alexandre Giroud<\/span><\/a><\/td>\n<td style=\"vertical-align: top;\">Yamaha Raptor<\/td>\n<\/tr>\n<tr style=\"vertical-align: top; background-color: #dbd9d9;\">\n<td style=\"width: 11.5152%;\">2020<\/td>\n<td style=\"text-align: center;\" colspan=\"2\"><em>sout\u011b\u017e zru\u0161ena (covid-19)<\/em><\/td>\n<\/tr>\n<tr style=\"background-color: #f2f2f2;\">\n<td style=\"vertical-align: top; width: 11.5152%;\"><a href=\"\/index.php\/souteze\/baja-aragon-2019\/\"><span style=\"color: #ee8027;\">2019<\/span><\/a><\/td>\n<td style=\"vertical-align: top;\">Dani Vil\u00e0<\/td>\n<td style=\"vertical-align: top;\">Yamaha Raptor<\/td>\n<\/tr>\n<tr style=\"background-color: #dbd9d9;\">\n<td style=\"vertical-align: top;\">2018<\/td>\n<td style=\"vertical-align: top;\">Dani Vil\u00e0<\/td>\n<td style=\"vertical-align: top;\">Yamaha<\/td>\n<\/tr>\n<tr style=\"background-color: #f2f2f2;\">\n<td style=\"vertical-align: top; width: 11.5152%;\">2017<\/td>\n<td style=\"vertical-align: top;\">Arnaldo Martins<\/td>\n<td style=\"vertical-align: top;\">Suzuki<\/td>\n<\/tr>\n<tr style=\"background-color: #dbd9d9;\">\n<td style=\"vertical-align: top; width: 11.5152%;\">2016<\/td>\n<td style=\"vertical-align: top;\">Oriol Vidal<\/td>\n<td style=\"vertical-align: top;\">Yamaha<\/td>\n<\/tr>\n<tr style=\"background-color: #f2f2f2;\">\n<td style=\"vertical-align: top; width: 11.5152%;\">2015<\/td>\n<td style=\"vertical-align: top;\">Mario Gaj\u00f3n<\/td>\n<td style=\"vertical-align: top;\">KTM<\/td>\n<\/tr>\n<tr style=\"background-color: #dbd9d9;\">\n<td style=\"vertical-align: top; width: 11.5152%;\">2014<\/td>\n<td style=\"vertical-align: top;\">Mario Gaj\u00f3n<\/td>\n<td style=\"vertical-align: top;\">KTM<\/td>\n<\/tr>\n<tr style=\"background-color: #f2f2f2;\">\n<td style=\"vertical-align: top; width: 11.5152%;\">2013<\/td>\n<td style=\"vertical-align: top;\">Mario Gaj\u00f3n<\/td>\n<td style=\"vertical-align: top;\">KTM<\/td>\n<\/tr>\n<tr style=\"background-color: #dbd9d9;\">\n<td style=\"vertical-align: top; width: 11.5152%;\">2012<\/td>\n<td style=\"vertical-align: top;\">David Serrano<\/td>\n<td style=\"vertical-align: top;\">KTM<\/td>\n<\/tr>\n<tr style=\"background-color: #f2f2f2;\">\n<td style=\"vertical-align: top; width: 11.5152%;\">2011<\/td>\n<td style=\"vertical-align: top;\">\u00d3scar Romero<\/td>\n<td style=\"vertical-align: top;\">KTM<\/td>\n<\/tr>\n<tr style=\"background-color: #dbd9d9;\">\n<td style=\"vertical-align: top; width: 11.5152%;\">2010<\/td>\n<td style=\"vertical-align: top;\">\u00d3scar Romero<\/td>\n<td style=\"vertical-align: top;\">Polaris<\/td>\n<\/tr>\n<tr style=\"background-color: #f2f2f2;\">\n<td style=\"vertical-align: top; width: 11.5152%;\">2009<\/td>\n<td style=\"vertical-align: top;\">\u00d3scar Romero<\/td>\n<td style=\"vertical-align: top;\">Polaris<\/td>\n<\/tr>\n<tr style=\"background-color: #dbd9d9;\">\n<td style=\"vertical-align: top; width: 11.5152%;\">2008<\/td>\n<td style=\"vertical-align: top;\">Jos\u00e9 Mar\u00eda Pe\u00f1a<\/td>\n<td style=\"vertical-align: top;\">Yamaha<\/td>\n<\/tr>\n<tr style=\"background-color: #f2f2f2;\">\n<td style=\"vertical-align: top; width: 11.5152%;\">2007<\/td>\n<td style=\"vertical-align: top;\">Paulino A. Ferreira<\/td>\n<td style=\"vertical-align: top;\">Suzuki<\/td>\n<\/tr>\n<tr style=\"background-color: #dbd9d9;\">\n<td style=\"vertical-align: top; width: 11.5152%;\">2006<\/td>\n<td style=\"vertical-align: top;\">Francisco Palac\u00edn<\/td>\n<td style=\"vertical-align: top;\">Honda<\/td>\n<\/tr>\n<tr style=\"background-color: #f2f2f2;\">\n<td style=\"vertical-align: top; width: 11.5152%;\">2005<\/td>\n<td style=\"vertical-align: top;\">Pascal Estebe<\/td>\n<td style=\"vertical-align: top;\">GasGas<\/td>\n<\/tr>\n<tr style=\"background-color: #dbd9d9;\">\n<td style=\"vertical-align: top; width: 11.5152%;\">2004<\/td>\n<td style=\"vertical-align: top;\">V\u00edctor Santos<\/td>\n<td style=\"vertical-align: top;\">Suzuki<\/td>\n<\/tr>\n<\/tbody>\n<\/table>\n<p>[\/vc_column_text][\/vc_column_inner][vc_column_inner width=&#8221;1\/2&#8243;][vc_column_text css_animation=&#8221;fadeIn&#8221;]<\/p>\n<h4><span style=\"color: #808080;\">JEZDCI PODLE PO\u010cTU V\u00cdT\u011aZSTV\u00cd<\/span><\/h4>\n<table style=\"width: 97.7654%;\" rules=\"rows\" cellpadding=\"4px\">\n<tbody>\n<tr style=\"background-color: #dbd9d9;\">\n<td style=\"vertical-align: top;\">3<\/td>\n<td style=\"vertical-align: top;\">\u00d3scar Romero<\/td>\n<td style=\"vertical-align: top;\">2009-11<\/td>\n<\/tr>\n<tr style=\"background-color: #f2f2f2;\">\n<td style=\"vertical-align: top;\">3<\/td>\n<td style=\"vertical-align: top;\">Mario Gaj\u00f3n<\/td>\n<td style=\"vertical-align: top;\">2013-15<\/td>\n<\/tr>\n<tr style=\"background-color: #dbd9d9;\">\n<td style=\"vertical-align: top;\">2<\/td>\n<td style=\"vertical-align: top;\">Dani Vil\u00e0<\/td>\n<td style=\"vertical-align: top;\">2018, 2019<\/td>\n<\/tr>\n<tr style=\"background-color: #f2f2f2;\">\n<td style=\"vertical-align: top;\">2<\/td>\n<td style=\"vertical-align: top;\"><a href=\"\/index.php\/osobnosti\/alexandre-giroud\/\"><span style=\"color: #ee8027;\">Alexandre Giroud<\/span><\/a><\/td>\n<td style=\"vertical-align: top;\">2021, 2022<\/td>\n<\/tr>\n<tr style=\"background-color: #dbd9d9;\">\n<td style=\"vertical-align: top;\">1<\/td>\n<td style=\"vertical-align: top;\">V\u00edctor Santos<\/td>\n<td style=\"vertical-align: top;\">2004<\/td>\n<\/tr>\n<tr style=\"background-color: #f2f2f2;\">\n<td style=\"vertical-align: top;\">1<\/td>\n<td style=\"vertical-align: top;\">Pascal Estebe<\/td>\n<td style=\"vertical-align: top;\">2005<\/td>\n<\/tr>\n<tr style=\"background-color: #dbd9d9;\">\n<td style=\"vertical-align: top;\">1<\/td>\n<td style=\"vertical-align: top;\">Francisco Palac\u00edn<\/td>\n<td style=\"vertical-align: top;\">2006<\/td>\n<\/tr>\n<tr style=\"background-color: #f2f2f2;\">\n<td style=\"vertical-align: top;\">1<\/td>\n<td style=\"vertical-align: top;\">Paulino A. Ferreira<\/td>\n<td style=\"vertical-align: top;\">2007<\/td>\n<\/tr>\n<tr style=\"background-color: #dbd9d9;\">\n<td style=\"vertical-align: top;\">1<\/td>\n<td style=\"vertical-align: top;\">Jos\u00e9 Mar\u00eda Pe\u00f1a<\/td>\n<td style=\"vertical-align: top;\">2008<\/td>\n<\/tr>\n<tr style=\"background-color: #f2f2f2;\">\n<td style=\"vertical-align: top;\">1<\/td>\n<td style=\"vertical-align: top;\">David Serrano<\/td>\n<td style=\"vertical-align: top;\">2012<\/td>\n<\/tr>\n<tr style=\"background-color: #dbd9d9;\">\n<td style=\"vertical-align: top;\">1<\/td>\n<td style=\"vertical-align: top;\">Oriol Vidal<\/td>\n<td style=\"vertical-align: top;\">2016<\/td>\n<\/tr>\n<tr style=\"background-color: #f2f2f2;\">\n<td style=\"vertical-align: top;\">1<\/td>\n<td style=\"vertical-align: top;\">Arnaldo Martins<\/td>\n<td style=\"vertical-align: top;\">2017<\/td>\n<\/tr>\n<\/tbody>\n<\/table>\n<p>[\/vc_column_text][\/vc_column_inner][\/vc_row_inner][\/vc_tta_section][vc_tta_section title=&#8221;Kamiony&#8221; tab_id=&#8221;kamiony&#8221;][vc_column_text css_animation=&#8221;fadeIn&#8221; css=&#8221;.vc_custom_1627599888654{padding-top: 200px !important;padding-right: 15px !important;padding-bottom: 15px !important;padding-left: 15px !important;background: #f2f2f2 url(https:\/\/www.dakarmania.cz\/wp-content\/uploads\/2021\/07\/21-aragon-macik-header-01.jpg?id=21205) !important;background-position: center !important;background-repeat: no-repeat !important;background-size: cover !important;}&#8221;]<\/p>\n<h1 style=\"text-align: left;\"><span style=\"background-color: #ee8027; opacity: 0.7;\"><span style=\"color: #ffffff; padding: 10px;\">V\u00cdT\u011aZOV\u00c9<\/span><br \/>\n<span style=\"color: #ffffff; padding: 10px;\">BAJA ESPA\u00d1A<\/span><br \/>\n<span style=\"color: #ffffff; padding: 10px;\">KAMIONY<\/span><\/span><\/h1>\n<p>[\/vc_column_text][vc_row_inner][vc_column_inner width=&#8221;1\/2&#8243;][vc_column_text css_animation=&#8221;fadeIn&#8221;]<\/p>\n<h4><span style=\"color: #808080;\">KAMIONY<\/span><\/h4>\n<table style=\"width: 97.7654%;\" rules=\"rows\" cellpadding=\"4px\">\n<tbody>\n<tr style=\"background-color: #dbd9d9;\">\n<td style=\"vertical-align: top; width: 11.5152%;\">2022<\/td>\n<td style=\"vertical-align: top;\">Jaroslav Valtr<br \/>\nJaroslav Mi\u0161kolci<br \/>\nRadim Kapl\u00e1nek<\/td>\n<td style=\"vertical-align: top;\">Iveco Powerstar<\/td>\n<\/tr>\n<tr style=\"background-color: #f2f2f2;\">\n<td style=\"vertical-align: top; width: 11.5152%;\"><a href=\"\/index.php\/souteze\/baja-aragon-2021\/\"><span style=\"color: #ee8027;\">2021<\/span><\/a><\/td>\n<td style=\"vertical-align: top;\"><a href=\"\/index.php\/osobnosti\/martin-macik-ml\/\"><span style=\"color: #ee8027;\">Martin Mac\u00edk ml.<\/span><\/a><br \/>\n<a href=\"\/index.php\/osobnosti\/frantisek-tomasek\/\"><span style=\"color: #ee8027;\">Franti\u0161ek Tom\u00e1\u0161ek<\/span><\/a><br \/>\n<a href=\"\/index.php\/osobnosti\/david-svanda\/\"><span style=\"color: #ee8027;\">David \u0160vanda<\/span><\/a><\/td>\n<td style=\"vertical-align: top;\">Iveco Powerstar<\/td>\n<\/tr>\n<tr style=\"vertical-align: top; background-color: #dbd9d9;\">\n<td style=\"width: 11.5152%;\">2020<\/td>\n<td style=\"text-align: center;\" colspan=\"2\"><em>sout\u011b\u017e zru\u0161ena (covid-19)<\/em><\/td>\n<\/tr>\n<tr style=\"background-color: #f2f2f2;\">\n<td style=\"vertical-align: top; width: 11.5152%;\"><a href=\"\/index.php\/souteze\/baja-aragon-2019\/\"><span style=\"color: #ee8027;\">2019<\/span><\/a><\/td>\n<td style=\"vertical-align: top;\"><a href=\"\/index.php\/osobnosti\/martin-macik-ml\/\"><span style=\"color: #ee8027;\">Martin Mac\u00edk ml.<\/span><\/a><br \/>\n<a href=\"\/index.php\/osobnosti\/frantisek-tomasek\/\"><span style=\"color: #ee8027;\">Franti\u0161ek Tom\u00e1\u0161ek<\/span><\/a><br \/>\n<a href=\"\/index.php\/osobnosti\/david-svanda\/\"><span style=\"color: #ee8027;\">David \u0160vanda<\/span><\/a><\/td>\n<td style=\"vertical-align: top;\">Iveco Powerstar<\/td>\n<\/tr>\n<tr style=\"background-color: #dbd9d9;\">\n<td style=\"vertical-align: top; width: 11.5152%;\">2018<\/td>\n<td style=\"vertical-align: top;\">Jaroslav Valtr<br \/>\nMiroslav Zbranek<br \/>\nRadim Kapl\u00e1nek<\/td>\n<td style=\"vertical-align: top;\">Tatra<\/td>\n<\/tr>\n<tr style=\"background-color: #f2f2f2;\">\n<td style=\"vertical-align: top; width: 11.5152%;\">2017<\/td>\n<td style=\"vertical-align: top;\"><a href=\"\/index.php\/osobnosti\/martin-macik-ml\/\"><span style=\"color: #ee8027;\">Martin Mac\u00edk ml.<\/span><\/a><br \/>\n<a href=\"\/index.php\/osobnosti\/frantisek-tomasek\/\"><span style=\"color: #ee8027;\">Franti\u0161ek Tom\u00e1\u0161ek<\/span><\/a><br \/>\nMichal Mrkva<\/td>\n<td style=\"vertical-align: top;\">Liaz<\/td>\n<\/tr>\n<tr style=\"background-color: #dbd9d9;\">\n<td style=\"vertical-align: top; width: 11.5152%;\">2016<\/td>\n<td style=\"vertical-align: top;\"><a href=\"\/index.php\/osobnosti\/martin-kolomy\/\"><span style=\"color: #ee8027;\">Martin Kolom\u00fd<\/span><\/a><br \/>\nRen\u00e9 Kilian<br \/>\nDavid Kilian<\/td>\n<td style=\"vertical-align: top;\">Tatra<\/td>\n<\/tr>\n<tr style=\"background-color: #f2f2f2;\">\n<td style=\"vertical-align: top; width: 11.5152%;\">2015<\/td>\n<td style=\"vertical-align: top;\"><a href=\"\/index.php\/osobnosti\/martin-kolomy\/\"><span style=\"color: #ee8027;\">Martin Kolom\u00fd<\/span><\/a><br \/>\nRen\u00e9 Kilian<br \/>\nJi\u0159\u00ed Stross<\/td>\n<td style=\"vertical-align: top;\">Tatra<\/td>\n<\/tr>\n<tr style=\"background-color: #dbd9d9;\">\n<td style=\"vertical-align: top; width: 11.5152%;\">2014<\/td>\n<td style=\"vertical-align: top;\">Artur Ardavi\u010dus<br \/>\nAlexej Niki\u017eev<br \/>\nFilip \u0160krob\u00e1nek<\/td>\n<td style=\"vertical-align: top;\">Tatra<\/td>\n<\/tr>\n<tr style=\"background-color: #f2f2f2;\">\n<td style=\"vertical-align: top; width: 11.5152%;\">2013<\/td>\n<td style=\"vertical-align: top;\">Manuel Borrero<br \/>\nJuan Jos\u00e9 Caama\u00f1o<br \/>\nEdesio Caama\u00f1o<\/td>\n<td style=\"vertical-align: top;\">MAN<\/td>\n<\/tr>\n<tr style=\"background-color: #dbd9d9;\">\n<td style=\"vertical-align: top; width: 11.5152%;\">2012<\/td>\n<td style=\"vertical-align: top;\">Joseph Adua<br \/>\n<a href=\"\/index.php\/osobnosti\/ferran-marco-alcayna\/\"><span style=\"color: #ee8027;\">Ferran Marco<\/span><\/a><br \/>\nMarc Torres<\/td>\n<td style=\"vertical-align: top;\">Iveco<\/td>\n<\/tr>\n<tr style=\"background-color: #f2f2f2;\">\n<td style=\"vertical-align: top; width: 11.5152%;\">2011<\/td>\n<td style=\"vertical-align: top;\">Pep Vila<br \/>\nRafa Tornabell<br \/>\nPeterhan Van Eerd<\/td>\n<td style=\"vertical-align: top;\">Iveco<\/td>\n<\/tr>\n<tr style=\"background-color: #dbd9d9;\">\n<td style=\"vertical-align: top; width: 11.5152%;\">2010<\/td>\n<td style=\"vertical-align: top;\">&#8211;<\/td>\n<td style=\"vertical-align: top;\">&#8211;<\/td>\n<\/tr>\n<tr style=\"background-color: #f2f2f2;\">\n<td style=\"vertical-align: top; width: 11.5152%;\">2009<\/td>\n<td style=\"vertical-align: top;\">Martin Mac\u00edk<br \/>\nJosef Kalina<br \/>\n<a href=\"\/index.php\/osobnosti\/martin-macik-ml\/\"><span style=\"color: #ee8027;\">Martin Mac\u00edk ml.<\/span><\/a><\/td>\n<td style=\"vertical-align: top;\">Liaz<\/td>\n<\/tr>\n<tr style=\"background-color: #dbd9d9;\">\n<td style=\"vertical-align: top; width: 11.5152%;\">2008<\/td>\n<td style=\"vertical-align: top;\">Marco Dono<br \/>\nAndrea Bettiga<br \/>\nVittorio Acerboni<\/td>\n<td style=\"vertical-align: top;\">Iveco<\/td>\n<\/tr>\n<tr style=\"background-color: #f2f2f2;\">\n<td style=\"vertical-align: top; width: 11.5152%;\">2007<\/td>\n<td style=\"vertical-align: top;\">David Oliveras<br \/>\nJosep Capsada<br \/>\n\u00d2scar Matons<\/td>\n<td style=\"vertical-align: top;\">Mercedes<\/td>\n<\/tr>\n<tr style=\"background-color: #dbd9d9;\">\n<td style=\"vertical-align: top; width: 11.5152%;\">2006<\/td>\n<td style=\"vertical-align: top;\">David Oliveras<br \/>\nAgust\u00ed Camp\u00e0<br \/>\nJosep Capsada<\/td>\n<td style=\"vertical-align: top;\">Mercedes<\/td>\n<\/tr>\n<tr style=\"background-color: #f2f2f2;\">\n<td style=\"vertical-align: top; width: 11.5152%;\">2005<\/td>\n<td style=\"vertical-align: top;\">Francesc Selga<br \/>\nJordi Torra<\/td>\n<td style=\"vertical-align: top;\">Iveco<\/td>\n<\/tr>\n<\/tbody>\n<\/table>\n<p>[\/vc_column_text][\/vc_column_inner][vc_column_inner width=&#8221;1\/2&#8243;][vc_column_text css_animation=&#8221;fadeIn&#8221;]<\/p>\n<h4 style=\"text-align: left;\"><span style=\"color: #808080;\">JEZDCI PODLE PO\u010cTU V\u00cdT\u011aZSTV\u00cd<\/span><\/h4>\n<table style=\"width: 97.7654%;\" rules=\"rows\" cellpadding=\"4px\">\n<tbody>\n<tr style=\"background-color: #dbd9d9;\">\n<td style=\"vertical-align: top; text-align: center;\">3<\/td>\n<td style=\"vertical-align: top;\"><a href=\"\/index.php\/osobnosti\/martin-macik-ml\/\"><span style=\"color: #ee8027;\">Martin Mac\u00edk ml.<\/span><\/a><\/td>\n<td style=\"vertical-align: top;\">2017, 2019, 2021<\/td>\n<\/tr>\n<tr style=\"background-color: #f2f2f2;\">\n<td style=\"vertical-align: top; text-align: center;\">2<\/td>\n<td style=\"vertical-align: top;\">David Oliveras<\/td>\n<td style=\"vertical-align: top;\">2006, 2007<\/td>\n<\/tr>\n<tr style=\"background-color: #dbd9d9;\">\n<td style=\"vertical-align: top; text-align: center;\">2<\/td>\n<td style=\"vertical-align: top;\"><a href=\"\/index.php\/osobnosti\/martin-kolomy\/\"><span style=\"color: #ee8027;\">Martin Kolom\u00fd<\/span><\/a><\/td>\n<td style=\"vertical-align: top;\">2015, 2016<\/td>\n<\/tr>\n<tr style=\"background-color: #f2f2f2;\">\n<td style=\"vertical-align: top; text-align: center;\">2<\/td>\n<td style=\"vertical-align: top;\">Jaroslav Valtr<\/td>\n<td style=\"vertical-align: top;\">2018, 2022<\/td>\n<\/tr>\n<tr style=\"background-color: #dbd9d9;\">\n<td style=\"vertical-align: top; text-align: center;\">1<\/td>\n<td style=\"vertical-align: top;\">Francesc Selga<\/td>\n<td style=\"vertical-align: top;\">2005<\/td>\n<\/tr>\n<tr style=\"background-color: #f2f2f2;\">\n<td style=\"vertical-align: top; text-align: center;\">1<\/td>\n<td style=\"vertical-align: top;\">Marco Dono<\/td>\n<td style=\"vertical-align: top;\">2008<\/td>\n<\/tr>\n<tr style=\"background-color: #dbd9d9;\">\n<td style=\"vertical-align: top; text-align: center;\">1<\/td>\n<td style=\"vertical-align: top;\">Martin Mac\u00edk<\/td>\n<td style=\"vertical-align: top;\">2009<\/td>\n<\/tr>\n<tr style=\"background-color: #f2f2f2;\">\n<td style=\"vertical-align: top; text-align: center;\">1<\/td>\n<td style=\"vertical-align: top;\">Pep Vila<\/td>\n<td style=\"vertical-align: top;\">2011<\/td>\n<\/tr>\n<tr style=\"background-color: #dbd9d9;\">\n<td style=\"vertical-align: top; text-align: center;\">1<\/td>\n<td style=\"vertical-align: top;\">Joseph Adua<\/td>\n<td style=\"vertical-align: top;\">2012<\/td>\n<\/tr>\n<tr style=\"background-color: #f2f2f2;\">\n<td style=\"vertical-align: top; text-align: center;\">1<\/td>\n<td style=\"vertical-align: top;\">Manuel Borrero<\/td>\n<td style=\"vertical-align: top;\">2013<\/td>\n<\/tr>\n<tr style=\"background-color: #dbd9d9;\">\n<td style=\"vertical-align: top; text-align: center;\">1<\/td>\n<td style=\"vertical-align: top;\">Artur Ardavi\u010dus<\/td>\n<td style=\"vertical-align: top;\">2014<\/td>\n<\/tr>\n<\/tbody>\n<\/table>\n<p>[\/vc_column_text][vc_column_text css_animation=&#8221;fadeIn&#8221;]<\/p>\n<h4><span style=\"color: #808080;\">SPOLUJEZDCI PODLE PO\u010cTU V\u00cdT\u011aZSTV\u00cd<\/span><\/h4>\n<table style=\"width: 97.7654%;\" rules=\"rows\" cellpadding=\"4px\">\n<tbody>\n<tr style=\"background-color: #dbd9d9;\">\n<td style=\"vertical-align: top; text-align: center;\">3<\/td>\n<td style=\"vertical-align: top;\"><a href=\"\/index.php\/osobnosti\/frantisek-tomasek\/\"><span style=\"color: #ee8027;\">Franti\u0161ek Tom\u00e1\u0161ek<\/span><\/a><\/td>\n<td style=\"vertical-align: top;\">2017, 2019, 2021<\/td>\n<\/tr>\n<tr style=\"background-color: #f2f2f2;\">\n<td style=\"vertical-align: top; text-align: center;\">2<\/td>\n<td style=\"vertical-align: top;\">Josep Capsada<\/td>\n<td style=\"vertical-align: top;\">2006, 2007<\/td>\n<\/tr>\n<tr style=\"background-color: #dbd9d9;\">\n<td style=\"vertical-align: top; text-align: center;\">2<\/td>\n<td style=\"vertical-align: top;\">Ren\u00e9 Kilian<\/td>\n<td style=\"vertical-align: top;\">2015, 2016<\/td>\n<\/tr>\n<tr style=\"background-color: #f2f2f2;\">\n<td style=\"vertical-align: top; text-align: center;\">2<\/td>\n<td style=\"vertical-align: top;\"><a href=\"\/index.php\/osobnosti\/david-svanda\/\"><span style=\"color: #ee8027;\">David \u0160vanda<\/span><\/a><\/td>\n<td style=\"vertical-align: top;\">2019, 2021<\/td>\n<\/tr>\n<tr style=\"background-color: #dbd9d9;\">\n<td style=\"vertical-align: top; text-align: center;\">2<\/td>\n<td style=\"vertical-align: top;\">Radim Kapl\u00e1nek<\/td>\n<td style=\"vertical-align: top;\">2018, 2022<\/td>\n<\/tr>\n<tr style=\"background-color: #f2f2f2;\">\n<td style=\"vertical-align: top; text-align: center;\">1<\/td>\n<td style=\"vertical-align: top;\">Jordi Torra<\/td>\n<td style=\"vertical-align: top;\">2005<\/td>\n<\/tr>\n<tr style=\"background-color: #dbd9d9;\">\n<td style=\"vertical-align: top; text-align: center;\">1<\/td>\n<td style=\"vertical-align: top;\">Agust\u00ed Camp\u00e0<\/td>\n<td style=\"vertical-align: top;\">2006<\/td>\n<\/tr>\n<tr style=\"background-color: #f2f2f2;\">\n<td style=\"vertical-align: top; text-align: center;\">1<\/td>\n<td style=\"vertical-align: top;\">\u00d2scar Matons<\/td>\n<td style=\"vertical-align: top;\">2007<\/td>\n<\/tr>\n<tr style=\"background-color: #dbd9d9;\">\n<td style=\"vertical-align: top; text-align: center;\">1<\/td>\n<td style=\"vertical-align: top;\">Andrea Bettiga<\/td>\n<td style=\"vertical-align: top;\">2008<\/td>\n<\/tr>\n<tr style=\"background-color: #f2f2f2;\">\n<td style=\"vertical-align: top; text-align: center;\">1<\/td>\n<td style=\"vertical-align: top;\">Vittorio Acerboni<\/td>\n<td style=\"vertical-align: top;\">2008<\/td>\n<\/tr>\n<tr style=\"background-color: #dbd9d9;\">\n<td style=\"vertical-align: top; text-align: center;\">1<\/td>\n<td style=\"vertical-align: top;\">Josef Kalina<\/td>\n<td style=\"vertical-align: top;\">2009<\/td>\n<\/tr>\n<tr style=\"background-color: #f2f2f2;\">\n<td style=\"vertical-align: top; text-align: center;\">1<\/td>\n<td style=\"vertical-align: top;\"><a href=\"\/index.php\/osobnosti\/martin-macik-ml\/\"><span style=\"color: #ee8027;\">Martin Mac\u00edk ml.<\/span><\/a><\/td>\n<td style=\"vertical-align: top;\">2009<\/td>\n<\/tr>\n<tr style=\"background-color: #dbd9d9;\">\n<td style=\"vertical-align: top; text-align: center;\">1<\/td>\n<td style=\"vertical-align: top;\">Rafa Tornabell<\/td>\n<td style=\"vertical-align: top;\">2011<\/td>\n<\/tr>\n<tr style=\"background-color: #f2f2f2;\">\n<td style=\"vertical-align: top; text-align: center;\">1<\/td>\n<td style=\"vertical-align: top;\">Peterhan Van Eerd<\/td>\n<td style=\"vertical-align: top;\">2011<\/td>\n<\/tr>\n<tr style=\"background-color: #dbd9d9;\">\n<td style=\"vertical-align: top; text-align: center;\">1<\/td>\n<td style=\"vertical-align: top;\"><a href=\"\/index.php\/osobnosti\/ferran-marco-alcayna\/\"><span style=\"color: #ee8027;\">Ferran Marco<\/span><\/a><\/td>\n<td style=\"vertical-align: top;\">2012<\/td>\n<\/tr>\n<tr style=\"background-color: #f2f2f2;\">\n<td style=\"vertical-align: top; text-align: center;\">1<\/td>\n<td style=\"vertical-align: top;\">Marc Torres<\/td>\n<td style=\"vertical-align: top;\">2012<\/td>\n<\/tr>\n<tr style=\"background-color: #dbd9d9;\">\n<td style=\"vertical-align: top; text-align: center;\">1<\/td>\n<td style=\"vertical-align: top;\">Juan Jos\u00e9 Caama\u00f1o<\/td>\n<td style=\"vertical-align: top;\">2013<\/td>\n<\/tr>\n<tr style=\"background-color: #f2f2f2;\">\n<td style=\"vertical-align: top; text-align: center;\">1<\/td>\n<td style=\"vertical-align: top;\">Edesio Caama\u00f1o<\/td>\n<td style=\"vertical-align: top;\">2013<\/td>\n<\/tr>\n<tr style=\"background-color: #dbd9d9;\">\n<td style=\"vertical-align: top; text-align: center;\">1<\/td>\n<td style=\"vertical-align: top;\">Alexej Niki\u017eev<\/td>\n<td style=\"vertical-align: top;\">2014<\/td>\n<\/tr>\n<tr style=\"background-color: #f2f2f2;\">\n<td style=\"vertical-align: top; text-align: center;\">1<\/td>\n<td style=\"vertical-align: top;\">Filip \u0160krob\u00e1nek<\/td>\n<td style=\"vertical-align: top;\">2014<\/td>\n<\/tr>\n<tr style=\"background-color: #dbd9d9;\">\n<td style=\"vertical-align: top; text-align: center;\">1<\/td>\n<td style=\"vertical-align: top;\">Ji\u0159\u00ed Stross<\/td>\n<td style=\"vertical-align: top;\">2015<\/td>\n<\/tr>\n<tr style=\"background-color: #f2f2f2;\">\n<td style=\"vertical-align: top; text-align: center;\">1<\/td>\n<td style=\"vertical-align: top;\">David Kilian<\/td>\n<td style=\"vertical-align: top;\">2016<\/td>\n<\/tr>\n<tr style=\"background-color: #dbd9d9;\">\n<td style=\"vertical-align: top; text-align: center;\">1<\/td>\n<td style=\"vertical-align: top;\">Michal Mrkva<\/td>\n<td style=\"vertical-align: top;\">2017<\/td>\n<\/tr>\n<tr style=\"background-color: #f2f2f2;\">\n<td style=\"vertical-align: top; text-align: center;\">1<\/td>\n<td style=\"vertical-align: top;\">Miroslav Zbranek<\/td>\n<td style=\"vertical-align: top;\">2018<\/td>\n<\/tr>\n<tr style=\"background-color: #dbd9d9;\">\n<td style=\"vertical-align: top; text-align: center;\">1<\/td>\n<td style=\"vertical-align: top;\">Jaroslav Mi\u0161kolci<\/td>\n<td style=\"vertical-align: top;\">2022<\/td>\n<\/tr>\n<\/tbody>\n<\/table>\n<p>[\/vc_column_text][\/vc_column_inner][\/vc_row_inner][\/vc_tta_section][\/vc_tta_pageable][\/vc_column][\/vc_row]<\/p>\n","protected":false},"excerpt":{"rendered":"<p>P\u0159ehled v\u00edt\u011bz\u016f Baja Espa\u00f1a Arag\u00f3n.<\/p>\n","protected":false},"author":1,"featured_media":7834,"parent":4410,"menu_order":0,"comment_status":"closed","ping_status":"closed","template":"page-templates\/builder.php","meta":{"footnotes":""},"class_list":["post-7968","page","type-page","status-publish","has-post-thumbnail","hentry"],"yoast_head":"<!-- This site is optimized with the Yoast SEO plugin v24.9 - https:\/\/yoast.com\/wordpress\/plugins\/seo\/ -->\n<title>Baja Arag\u00f3n: V\u00edt\u011bzov\u00e9 - DAKARMANIA.cz<\/title>\n<meta name=\"description\" content=\"P\u0159ehled v\u00edt\u011bz\u016f Baja Espa\u00f1a Arag\u00f3n.\" \/>\n<meta name=\"robots\" content=\"index, follow, max-snippet:-1, max-image-preview:large, max-video-preview:-1\" \/>\n<link rel=\"canonical\" href=\"https:\/\/www.dakarmania.cz\/index.php\/souteze\/aragon-vitezove\/\" \/>\n<meta property=\"og:locale\" content=\"cs_CZ\" \/>\n<meta property=\"og:type\" content=\"article\" \/>\n<meta property=\"og:title\" content=\"Baja Arag\u00f3n: V\u00edt\u011bzov\u00e9 - DAKARMANIA.cz\" \/>\n<meta property=\"og:description\" content=\"P\u0159ehled v\u00edt\u011bz\u016f Baja Espa\u00f1a Arag\u00f3n.\" \/>\n<meta property=\"og:url\" content=\"https:\/\/www.dakarmania.cz\/index.php\/souteze\/aragon-vitezove\/\" \/>\n<meta property=\"og:site_name\" content=\"DAKARMANIA.cz\" \/>\n<meta property=\"article:publisher\" content=\"https:\/\/www.facebook.com\/dakarmania\/\" \/>\n<meta property=\"article:modified_time\" content=\"2023-09-06T09:58:25+00:00\" \/>\n<meta property=\"og:image\" content=\"https:\/\/www.dakarmania.cz\/wp-content\/uploads\/2019\/06\/15-aragon-roma-winner.jpg\" \/>\n\t<meta property=\"og:image:width\" content=\"1600\" \/>\n\t<meta property=\"og:image:height\" content=\"710\" \/>\n\t<meta property=\"og:image:type\" content=\"image\/jpeg\" \/>\n<meta name=\"twitter:card\" content=\"summary_large_image\" \/>\n<meta name=\"twitter:label1\" content=\"Odhadovan\u00e1 doba \u010dten\u00ed\" \/>\n\t<meta name=\"twitter:data1\" content=\"8 minut\" \/>\n<script type=\"application\/ld+json\" class=\"yoast-schema-graph\">{\"@context\":\"https:\/\/schema.org\",\"@graph\":[{\"@type\":\"WebPage\",\"@id\":\"https:\/\/www.dakarmania.cz\/index.php\/souteze\/aragon-vitezove\/\",\"url\":\"https:\/\/www.dakarmania.cz\/index.php\/souteze\/aragon-vitezove\/\",\"name\":\"Baja Arag\u00f3n: V\u00edt\u011bzov\u00e9 - DAKARMANIA.cz\",\"isPartOf\":{\"@id\":\"https:\/\/www.dakarmania.cz\/#website\"},\"primaryImageOfPage\":{\"@id\":\"https:\/\/www.dakarmania.cz\/index.php\/souteze\/aragon-vitezove\/#primaryimage\"},\"image\":{\"@id\":\"https:\/\/www.dakarmania.cz\/index.php\/souteze\/aragon-vitezove\/#primaryimage\"},\"thumbnailUrl\":\"https:\/\/www.dakarmania.cz\/wp-content\/uploads\/2019\/06\/15-aragon-roma-winner.jpg\",\"datePublished\":\"2019-07-01T00:15:40+00:00\",\"dateModified\":\"2023-09-06T09:58:25+00:00\",\"description\":\"P\u0159ehled v\u00edt\u011bz\u016f Baja Espa\u00f1a Arag\u00f3n.\",\"breadcrumb\":{\"@id\":\"https:\/\/www.dakarmania.cz\/index.php\/souteze\/aragon-vitezove\/#breadcrumb\"},\"inLanguage\":\"cs\",\"potentialAction\":[{\"@type\":\"ReadAction\",\"target\":[\"https:\/\/www.dakarmania.cz\/index.php\/souteze\/aragon-vitezove\/\"]}]},{\"@type\":\"ImageObject\",\"inLanguage\":\"cs\",\"@id\":\"https:\/\/www.dakarmania.cz\/index.php\/souteze\/aragon-vitezove\/#primaryimage\",\"url\":\"https:\/\/www.dakarmania.cz\/wp-content\/uploads\/2019\/06\/15-aragon-roma-winner.jpg\",\"contentUrl\":\"https:\/\/www.dakarmania.cz\/wp-content\/uploads\/2019\/06\/15-aragon-roma-winner.jpg\",\"width\":1600,\"height\":710,\"caption\":\"V roce 2015 z\u00edskal Nani Roma (vpravo) na Baja Arag\u00f3n rekordn\u00ed p\u00e1t\u00e9 v\u00edt\u011bzstv\u00ed v kategorii automobil\u016f. Poprv\u00e9 se radoval spole\u010dn\u011b s \u00c0lexem Harem. \u00a9 X-raid\"},{\"@type\":\"BreadcrumbList\",\"@id\":\"https:\/\/www.dakarmania.cz\/index.php\/souteze\/aragon-vitezove\/#breadcrumb\",\"itemListElement\":[{\"@type\":\"ListItem\",\"position\":1,\"name\":\"Dom\u016f\",\"item\":\"https:\/\/www.dakarmania.cz\/\"},{\"@type\":\"ListItem\",\"position\":2,\"name\":\"Sout\u011b\u017ee\",\"item\":\"https:\/\/www.dakarmania.cz\/index.php\/souteze\/\"},{\"@type\":\"ListItem\",\"position\":3,\"name\":\"Baja Arag\u00f3n: V\u00edt\u011bzov\u00e9\"}]},{\"@type\":\"WebSite\",\"@id\":\"https:\/\/www.dakarmania.cz\/#website\",\"url\":\"https:\/\/www.dakarmania.cz\/\",\"name\":\"DAKARMANIA.cz\",\"description\":\"\u017dijeme Dakarem cel\u00fd rok\",\"publisher\":{\"@id\":\"https:\/\/www.dakarmania.cz\/#organization\"},\"potentialAction\":[{\"@type\":\"SearchAction\",\"target\":{\"@type\":\"EntryPoint\",\"urlTemplate\":\"https:\/\/www.dakarmania.cz\/?s={search_term_string}\"},\"query-input\":{\"@type\":\"PropertyValueSpecification\",\"valueRequired\":true,\"valueName\":\"search_term_string\"}}],\"inLanguage\":\"cs\"},{\"@type\":\"Organization\",\"@id\":\"https:\/\/www.dakarmania.cz\/#organization\",\"name\":\"DAKAR MANIA\",\"url\":\"https:\/\/www.dakarmania.cz\/\",\"logo\":{\"@type\":\"ImageObject\",\"inLanguage\":\"cs\",\"@id\":\"https:\/\/www.dakarmania.cz\/#\/schema\/logo\/image\/\",\"url\":\"https:\/\/www.dakarmania.cz\/wp-content\/uploads\/2018\/12\/Dakar-Mania-Logo-Square-Orange.png\",\"contentUrl\":\"https:\/\/www.dakarmania.cz\/wp-content\/uploads\/2018\/12\/Dakar-Mania-Logo-Square-Orange.png\",\"width\":992,\"height\":992,\"caption\":\"DAKAR MANIA\"},\"image\":{\"@id\":\"https:\/\/www.dakarmania.cz\/#\/schema\/logo\/image\/\"},\"sameAs\":[\"https:\/\/www.facebook.com\/dakarmania\/\"]}]}<\/script>\n<!-- \/ Yoast SEO plugin. -->","yoast_head_json":{"title":"Baja Arag\u00f3n: V\u00edt\u011bzov\u00e9 - DAKARMANIA.cz","description":"P\u0159ehled v\u00edt\u011bz\u016f Baja Espa\u00f1a Arag\u00f3n.","robots":{"index":"index","follow":"follow","max-snippet":"max-snippet:-1","max-image-preview":"max-image-preview:large","max-video-preview":"max-video-preview:-1"},"canonical":"https:\/\/www.dakarmania.cz\/index.php\/souteze\/aragon-vitezove\/","og_locale":"cs_CZ","og_type":"article","og_title":"Baja Arag\u00f3n: V\u00edt\u011bzov\u00e9 - DAKARMANIA.cz","og_description":"P\u0159ehled v\u00edt\u011bz\u016f Baja Espa\u00f1a Arag\u00f3n.","og_url":"https:\/\/www.dakarmania.cz\/index.php\/souteze\/aragon-vitezove\/","og_site_name":"DAKARMANIA.cz","article_publisher":"https:\/\/www.facebook.com\/dakarmania\/","article_modified_time":"2023-09-06T09:58:25+00:00","og_image":[{"width":1600,"height":710,"url":"https:\/\/www.dakarmania.cz\/wp-content\/uploads\/2019\/06\/15-aragon-roma-winner.jpg","type":"image\/jpeg"}],"twitter_card":"summary_large_image","twitter_misc":{"Odhadovan\u00e1 doba \u010dten\u00ed":"8 minut"},"schema":{"@context":"https:\/\/schema.org","@graph":[{"@type":"WebPage","@id":"https:\/\/www.dakarmania.cz\/index.php\/souteze\/aragon-vitezove\/","url":"https:\/\/www.dakarmania.cz\/index.php\/souteze\/aragon-vitezove\/","name":"Baja Arag\u00f3n: V\u00edt\u011bzov\u00e9 - DAKARMANIA.cz","isPartOf":{"@id":"https:\/\/www.dakarmania.cz\/#website"},"primaryImageOfPage":{"@id":"https:\/\/www.dakarmania.cz\/index.php\/souteze\/aragon-vitezove\/#primaryimage"},"image":{"@id":"https:\/\/www.dakarmania.cz\/index.php\/souteze\/aragon-vitezove\/#primaryimage"},"thumbnailUrl":"https:\/\/www.dakarmania.cz\/wp-content\/uploads\/2019\/06\/15-aragon-roma-winner.jpg","datePublished":"2019-07-01T00:15:40+00:00","dateModified":"2023-09-06T09:58:25+00:00","description":"P\u0159ehled v\u00edt\u011bz\u016f Baja Espa\u00f1a Arag\u00f3n.","breadcrumb":{"@id":"https:\/\/www.dakarmania.cz\/index.php\/souteze\/aragon-vitezove\/#breadcrumb"},"inLanguage":"cs","potentialAction":[{"@type":"ReadAction","target":["https:\/\/www.dakarmania.cz\/index.php\/souteze\/aragon-vitezove\/"]}]},{"@type":"ImageObject","inLanguage":"cs","@id":"https:\/\/www.dakarmania.cz\/index.php\/souteze\/aragon-vitezove\/#primaryimage","url":"https:\/\/www.dakarmania.cz\/wp-content\/uploads\/2019\/06\/15-aragon-roma-winner.jpg","contentUrl":"https:\/\/www.dakarmania.cz\/wp-content\/uploads\/2019\/06\/15-aragon-roma-winner.jpg","width":1600,"height":710,"caption":"V roce 2015 z\u00edskal Nani Roma (vpravo) na Baja Arag\u00f3n rekordn\u00ed p\u00e1t\u00e9 v\u00edt\u011bzstv\u00ed v kategorii automobil\u016f. Poprv\u00e9 se radoval spole\u010dn\u011b s \u00c0lexem Harem. \u00a9 X-raid"},{"@type":"BreadcrumbList","@id":"https:\/\/www.dakarmania.cz\/index.php\/souteze\/aragon-vitezove\/#breadcrumb","itemListElement":[{"@type":"ListItem","position":1,"name":"Dom\u016f","item":"https:\/\/www.dakarmania.cz\/"},{"@type":"ListItem","position":2,"name":"Sout\u011b\u017ee","item":"https:\/\/www.dakarmania.cz\/index.php\/souteze\/"},{"@type":"ListItem","position":3,"name":"Baja Arag\u00f3n: V\u00edt\u011bzov\u00e9"}]},{"@type":"WebSite","@id":"https:\/\/www.dakarmania.cz\/#website","url":"https:\/\/www.dakarmania.cz\/","name":"DAKARMANIA.cz","description":"\u017dijeme Dakarem cel\u00fd rok","publisher":{"@id":"https:\/\/www.dakarmania.cz\/#organization"},"potentialAction":[{"@type":"SearchAction","target":{"@type":"EntryPoint","urlTemplate":"https:\/\/www.dakarmania.cz\/?s={search_term_string}"},"query-input":{"@type":"PropertyValueSpecification","valueRequired":true,"valueName":"search_term_string"}}],"inLanguage":"cs"},{"@type":"Organization","@id":"https:\/\/www.dakarmania.cz\/#organization","name":"DAKAR MANIA","url":"https:\/\/www.dakarmania.cz\/","logo":{"@type":"ImageObject","inLanguage":"cs","@id":"https:\/\/www.dakarmania.cz\/#\/schema\/logo\/image\/","url":"https:\/\/www.dakarmania.cz\/wp-content\/uploads\/2018\/12\/Dakar-Mania-Logo-Square-Orange.png","contentUrl":"https:\/\/www.dakarmania.cz\/wp-content\/uploads\/2018\/12\/Dakar-Mania-Logo-Square-Orange.png","width":992,"height":992,"caption":"DAKAR MANIA"},"image":{"@id":"https:\/\/www.dakarmania.cz\/#\/schema\/logo\/image\/"},"sameAs":["https:\/\/www.facebook.com\/dakarmania\/"]}]}},"amp_enabled":false,"_links":{"self":[{"href":"https:\/\/www.dakarmania.cz\/index.php\/wp-json\/wp\/v2\/pages\/7968","targetHints":{"allow":["GET"]}}],"collection":[{"href":"https:\/\/www.dakarmania.cz\/index.php\/wp-json\/wp\/v2\/pages"}],"about":[{"href":"https:\/\/www.dakarmania.cz\/index.php\/wp-json\/wp\/v2\/types\/page"}],"author":[{"embeddable":true,"href":"https:\/\/www.dakarmania.cz\/index.php\/wp-json\/wp\/v2\/users\/1"}],"replies":[{"embeddable":true,"href":"https:\/\/www.dakarmania.cz\/index.php\/wp-json\/wp\/v2\/comments?post=7968"}],"version-history":[{"count":64,"href":"https:\/\/www.dakarmania.cz\/index.php\/wp-json\/wp\/v2\/pages\/7968\/revisions"}],"predecessor-version":[{"id":29265,"href":"https:\/\/www.dakarmania.cz\/index.php\/wp-json\/wp\/v2\/pages\/7968\/revisions\/29265"}],"up":[{"embeddable":true,"href":"https:\/\/www.dakarmania.cz\/index.php\/wp-json\/wp\/v2\/pages\/4410"}],"wp:featuredmedia":[{"embeddable":true,"href":"https:\/\/www.dakarmania.cz\/index.php\/wp-json\/wp\/v2\/media\/7834"}],"wp:attachment":[{"href":"https:\/\/www.dakarmania.cz\/index.php\/wp-json\/wp\/v2\/media?parent=7968"}],"curies":[{"name":"wp","href":"https:\/\/api.w.org\/{rel}","templated":true}]}}