{"id":9135,"date":"2019-07-25T16:05:18","date_gmt":"2019-07-25T14:05:18","guid":{"rendered":"https:\/\/www.dakarmania.cz\/?page_id=9135"},"modified":"2023-07-19T13:51:29","modified_gmt":"2023-07-19T11:51:29","slug":"poland-vitezove","status":"publish","type":"page","link":"https:\/\/www.dakarmania.cz\/index.php\/souteze\/poland-vitezove\/","title":{"rendered":"Baja Poland: V\u00edt\u011bzov\u00e9"},"content":{"rendered":"<p>[vc_row][vc_column][vc_btn title=&#8221;Baja Poland&#8221; style=&#8221;outline&#8221; shape=&#8221;square&#8221; color=&#8221;warning&#8221; size=&#8221;xs&#8221; align=&#8221;right&#8221; i_align=&#8221;right&#8221; i_icon_fontawesome=&#8221;fa fa-chevron-up&#8221; css_animation=&#8221;fadeIn&#8221; add_icon=&#8221;true&#8221; css=&#8221;.vc_custom_1628507656031{padding-right: 1px !important;padding-left: 1px !important;}&#8221; link=&#8221;url:%2Findex.php%2Fsouteze%2F%23poland|||&#8221;][vc_btn title=&#8221;Auto&#8221; style=&#8221;classic&#8221; shape=&#8221;square&#8221; color=&#8221;warning&#8221; size=&#8221;xs&#8221; css_animation=&#8221;fadeIn&#8221; css=&#8221;.vc_custom_1628507665816{padding-right: 1px !important;padding-left: 1px !important;}&#8221; link=&#8221;url:%2Findex.php%2Fsouteze%2Fpoland-vitezove%2F%23auto|||&#8221;][vc_tta_pageable no_fill_content_area=&#8221;1&#8243; active_section=&#8221;1&#8243; pagination_style=&#8221;&#8221; css_animation=&#8221;fadeIn&#8221;][vc_tta_section title=&#8221;Auto&#8221; tab_id=&#8221;auto&#8221;][vc_column_text css_animation=&#8221;fadeIn&#8221; css=&#8221;.vc_custom_1628507633977{padding-top: 200px !important;padding-right: 15px !important;padding-bottom: 15px !important;padding-left: 15px !important;background: #f2f2f2 url(https:\/\/www.dakarmania.cz\/wp-content\/uploads\/2019\/08\/14-poland-winners-01.jpg?id=10753) !important;background-position: center !important;background-repeat: no-repeat !important;background-size: cover !important;}&#8221;]<\/p>\n<h1 style=\"text-align: left;\"><span style=\"background-color: #ee8027; opacity: 0.7;\"><span style=\"color: #ffffff; padding: 10px;\">V\u00cdT\u011aZOV\u00c9<\/span><br \/>\n<span style=\"color: #ffffff; padding: 10px;\">BAJA POLAND<\/span><br \/>\n<span style=\"color: #ffffff; padding: 10px;\">AUTOMOBILY<\/span><\/span><\/h1>\n<p>[\/vc_column_text][vc_row_inner][vc_column_inner width=&#8221;1\/2&#8243;][vc_column_text css_animation=&#8221;fadeIn&#8221;]<\/p>\n<h4><span style=\"color: #808080;\">AUTOMOBILY<\/span><\/h4>\n<table style=\"width: 97.7654%;\" rules=\"rows\" cellpadding=\"4px\">\n<tbody>\n<tr style=\"background-color: #f2f2f2;\">\n<td style=\"vertical-align: top;\"><a href=\"\/index.php\/souteze\/baja-poland-2021\/\"><span style=\"color: #ee8027;\">2021<\/span><\/a><\/td>\n<td style=\"vertical-align: top;\"><a href=\"\/index.php\/osobnosti\/krzysztof-holowczyc\/\"><span style=\"color: #ee8027;\">Krzysztof Ho\u0142owczyc<\/span><\/a><br \/>\n\u0141ukasz Kurzeja<\/td>\n<td style=\"vertical-align: top;\">Mini JCW Rally<\/td>\n<\/tr>\n<tr style=\"background-color: #dbd9d9;\">\n<td style=\"vertical-align: top;\"><a href=\"\/index.php\/souteze\/baja-poland-2020\/\"><span style=\"color: #ee8027;\">2020<\/span><\/a><\/td>\n<td style=\"vertical-align: top;\"><a href=\"\/index.php\/osobnosti\/bernhard-ten-brinke\/\"><span style=\"color: #ee8027;\">Bernhard ten Brinke<\/span><\/a><br \/>\n<a href=\"\/index.php\/osobnosti\/tom-colsoul\/\"><span style=\"color: #ee8027;\">Tom Colsoul<\/span><\/a><\/td>\n<td style=\"vertical-align: top;\">Toyota Hilux<\/td>\n<\/tr>\n<tr style=\"background-color: #f2f2f2;\">\n<td style=\"vertical-align: top;\"><a href=\"\/index.php\/souteze\/baja-poland-2019\/\"><span style=\"color: #ee8027;\">2019<\/span><\/a><\/td>\n<td style=\"vertical-align: top;\"><a href=\"\/index.php\/osobnosti\/krzysztof-holowczyc\/\"><span style=\"color: #ee8027;\">Krzysztof Ho\u0142owczyc<\/span><\/a><br \/>\n\u0141ukasz Kurzeja<\/td>\n<td style=\"vertical-align: top;\">Mini JCW Rally<\/td>\n<\/tr>\n<tr style=\"background-color: #dbd9d9;\">\n<td style=\"vertical-align: top; width: 11.5152%;\">2018<\/td>\n<td style=\"vertical-align: top; width: 46.6667%;\"><a href=\"\/index.php\/osobnosti\/kuba-przygonski\/\"><span style=\"color: #ee8027;\">Kuba Przygo\u0144ski<\/span><\/a><br \/>\n<a href=\"\/index.php\/osobnosti\/tom-colsoul\/\"><span style=\"color: #ee8027;\">Tom Colsoul<\/span><\/a><\/td>\n<td style=\"vertical-align: top; width: 41.8182%;\">Mini JCW Rally<\/td>\n<\/tr>\n<tr style=\"background-color: #f2f2f2;\">\n<td style=\"vertical-align: top; width: 11.5152%;\">2017<\/td>\n<td style=\"vertical-align: top; width: 46.6667%;\"><a href=\"\/index.php\/osobnosti\/nasser-al-attiyah\/\"><span style=\"color: #ee8027;\">Nasser Al-Attiyah<\/span><\/a><br \/>\n<a href=\"\/index.php\/osobnosti\/mathieu-baumel\/\"><span style=\"color: #ee8027;\">Mathieu Baumel<\/span><\/a><\/td>\n<td style=\"vertical-align: top; width: 41.8182%;\">Toyota Hilux<\/td>\n<\/tr>\n<tr style=\"background-color: #dbd9d9;\">\n<td style=\"vertical-align: top; width: 11.5152%;\">2016<\/td>\n<td style=\"vertical-align: top; width: 46.6667%;\"><a href=\"\/index.php\/osobnosti\/nasser-al-attiyah\/\"><span style=\"color: #ee8027;\">Nasser Al-Attiyah<\/span><\/a><br \/>\n<a href=\"\/index.php\/osobnosti\/mathieu-baumel\/\"><span style=\"color: #ee8027;\">Mathieu Baumel<\/span><\/a><\/td>\n<td style=\"vertical-align: top; width: 41.8182%;\">Toyota Hilux<\/td>\n<\/tr>\n<tr style=\"background-color: #f2f2f2;\">\n<td style=\"vertical-align: top; width: 11.5152%;\">2015<\/td>\n<td style=\"vertical-align: top; width: 46.6667%;\"><a href=\"\/index.php\/osobnosti\/krzysztof-holowczyc\/\"><span style=\"color: #ee8027;\">Krzysztof Ho\u0142owczyc<\/span><\/a><br \/>\n\u0141ukasz Kurzeja<\/td>\n<td style=\"vertical-align: top; width: 41.8182%;\">Mini All4 Racing<\/td>\n<\/tr>\n<tr style=\"background-color: #dbd9d9;\">\n<td style=\"vertical-align: top; width: 11.5152%;\">2014<\/td>\n<td style=\"vertical-align: top; width: 46.6667%;\"><a href=\"\/index.php\/osobnosti\/krzysztof-holowczyc\/\"><span style=\"color: #ee8027;\">Krzysztof Ho\u0142owczyc<\/span><\/a><br \/>\n<a href=\"\/index.php\/osobnosti\/xavier-panseri\/\"><span style=\"color: #ee8027;\">Xavier Panseri<\/span><\/a><\/td>\n<td style=\"vertical-align: top; width: 41.8182%;\">Mini All4 Racing<\/td>\n<\/tr>\n<tr style=\"background-color: #f2f2f2;\">\n<td style=\"vertical-align: top; width: 11.5152%;\">2013<\/td>\n<td style=\"vertical-align: top; width: 46.6667%;\">Alexander \u017deludov<br \/>\n<a href=\"\/index.php\/osobnosti\/andrej-rudnickij\/\"><span style=\"color: #ee8027;\">Andrej Rudnickij<\/span><\/a><\/td>\n<td style=\"vertical-align: top; width: 41.8182%;\">Toyota Hilux<\/td>\n<\/tr>\n<tr style=\"background-color: #dbd9d9;\">\n<td style=\"vertical-align: top; width: 11.5152%;\">2012<\/td>\n<td style=\"vertical-align: top; width: 46.6667%;\"><a href=\"\/index.php\/osobnosti\/krzysztof-holowczyc\/\"><span style=\"color: #ee8027;\">Krzysztof Ho\u0142owczyc<\/span><\/a><br \/>\nFilipe Palmeiro<\/td>\n<td style=\"vertical-align: top; width: 41.8182%;\">Mini All4 Racing<\/td>\n<\/tr>\n<tr style=\"background-color: #f2f2f2;\">\n<td style=\"vertical-align: top; width: 11.5152%;\">2011<\/td>\n<td style=\"vertical-align: top; width: 46.6667%;\"><a href=\"\/index.php\/osobnosti\/krzysztof-holowczyc\/\"><span style=\"color: #ee8027;\">Krzysztof Ho\u0142owczyc<\/span><\/a><br \/>\nJean-Marc Fortin<\/td>\n<td style=\"vertical-align: top; width: 41.8182%;\">BMW X3CC<\/td>\n<\/tr>\n<tr style=\"background-color: #dbd9d9;\">\n<td style=\"vertical-align: top; width: 11.5152%;\">2010<\/td>\n<td style=\"vertical-align: top; width: 46.6667%;\"><a href=\"\/index.php\/osobnosti\/krzysztof-holowczyc\/\"><span style=\"color: #ee8027;\">Krzysztof Ho\u0142owczyc<\/span><\/a><br \/>\nJean-Marc Fortin<\/td>\n<td style=\"vertical-align: top; width: 41.8182%;\">Nissan Navarra<\/td>\n<\/tr>\n<tr style=\"background-color: #f2f2f2;\">\n<td style=\"vertical-align: top; width: 11.5152%;\">2009<\/td>\n<td style=\"vertical-align: top; width: 46.6667%;\">Balazs Szalay<br \/>\nL\u00e1szl\u00f3 Bunkoczi<\/td>\n<td style=\"vertical-align: top; width: 41.8182%;\">Opel Antara<\/td>\n<\/tr>\n<\/tbody>\n<\/table>\n<p>[\/vc_column_text][\/vc_column_inner][vc_column_inner width=&#8221;1\/2&#8243;][vc_column_text css_animation=&#8221;fadeIn&#8221;]<\/p>\n<h4><span style=\"color: #808080;\">JEZDCI PODLE PO\u010cTU V\u00cdT\u011aZSTV\u00cd<\/span><\/h4>\n<table style=\"width: 97.7654%;\" rules=\"rows\" cellpadding=\"4px\">\n<tbody>\n<tr style=\"background-color: #dbd9d9;\">\n<td style=\"vertical-align: top;\">7<\/td>\n<td style=\"vertical-align: top;\"><a href=\"\/index.php\/osobnosti\/krzysztof-holowczyc\/\"><span style=\"color: #ee8027;\">Krzysztof Ho\u0142owczyc<\/span><\/a><\/td>\n<td style=\"vertical-align: top;\">2010-12, 2014, 2015, 2019, 2021<\/td>\n<\/tr>\n<tr style=\"background-color: #f2f2f2;\">\n<td style=\"vertical-align: top;\">2<\/td>\n<td style=\"vertical-align: top;\"><a href=\"\/index.php\/osobnosti\/nasser-al-attiyah\/\"><span style=\"color: #ee8027;\">Nasser Al-Attiyah<\/span><\/a><\/td>\n<td style=\"vertical-align: top;\">2016, 2017<\/td>\n<\/tr>\n<tr style=\"background-color: #dbd9d9;\">\n<td style=\"vertical-align: top;\">1<\/td>\n<td style=\"vertical-align: top;\">Balazs Szalay<\/td>\n<td style=\"vertical-align: top;\">2009<\/td>\n<\/tr>\n<tr style=\"background-color: #f2f2f2;\">\n<td style=\"vertical-align: top;\">1<\/td>\n<td style=\"vertical-align: top;\">Alexander \u017deludov<\/td>\n<td style=\"vertical-align: top;\">2013<\/td>\n<\/tr>\n<tr style=\"background-color: #dbd9d9;\">\n<td style=\"vertical-align: top;\">1<\/td>\n<td style=\"vertical-align: top;\"><a href=\"\/index.php\/osobnosti\/kuba-przygonski\/\"><span style=\"color: #ee8027;\">Kuba Przygo\u0144ski<\/span><\/a><\/td>\n<td style=\"vertical-align: top;\">2018<\/td>\n<\/tr>\n<tr style=\"background-color: #f2f2f2;\">\n<td style=\"vertical-align: top;\">1<\/td>\n<td style=\"vertical-align: top;\"><a href=\"\/index.php\/osobnosti\/bernhard-ten-brinke\/\"><span style=\"color: #ee8027;\">Bernhard ten Brinke<\/span><\/a><\/td>\n<td style=\"vertical-align: top;\">2020<\/td>\n<\/tr>\n<\/tbody>\n<\/table>\n<p>[\/vc_column_text][vc_column_text css_animation=&#8221;fadeIn&#8221;]<\/p>\n<h4><span style=\"color: #808080;\">NAVIG\u00c1TO\u0158I PODLE PO\u010cTU V\u00cdT\u011aZSTV\u00cd<\/span><\/h4>\n<table style=\"width: 97.7654%;\" rules=\"rows\" cellpadding=\"4px\">\n<tbody>\n<tr style=\"background-color: #dbd9d9;\">\n<td style=\"vertical-align: top;\">3<\/td>\n<td style=\"vertical-align: top;\">\u0141ukasz Kurzeja<\/td>\n<td style=\"vertical-align: top;\">2015, 2019, 2021<\/td>\n<\/tr>\n<tr style=\"background-color: #f2f2f2;\">\n<td style=\"vertical-align: top;\">2<\/td>\n<td style=\"vertical-align: top;\">Jean-Marc Fortin<\/td>\n<td style=\"vertical-align: top;\">2010, 2011<\/td>\n<\/tr>\n<tr style=\"background-color: #dbd9d9;\">\n<td style=\"vertical-align: top;\">2<\/td>\n<td style=\"vertical-align: top;\"><a href=\"\/index.php\/osobnosti\/mathieu-baumel\/\"><span style=\"color: #ee8027;\">Mathieu Baumel<\/span><\/a><\/td>\n<td style=\"vertical-align: top;\">2016, 2017<\/td>\n<\/tr>\n<tr style=\"background-color: #f2f2f2;\">\n<td style=\"vertical-align: top;\">2<\/td>\n<td style=\"vertical-align: top;\"><a href=\"\/index.php\/osobnosti\/tom-colsoul\/\"><span style=\"color: #ee8027;\">Tom Colsoul<\/span><\/a><\/td>\n<td style=\"vertical-align: top;\">2018, 2020<\/td>\n<\/tr>\n<tr style=\"background-color: #dbd9d9;\">\n<td style=\"vertical-align: top;\">1<\/td>\n<td style=\"vertical-align: top;\">L\u00e1szl\u00f3 Bunkoczi<\/td>\n<td style=\"vertical-align: top;\">2009<\/td>\n<\/tr>\n<tr style=\"background-color: #f2f2f2;\">\n<td style=\"vertical-align: top;\">1<\/td>\n<td style=\"vertical-align: top;\">Filipe Palmeiro<\/td>\n<td style=\"vertical-align: top;\">2012<\/td>\n<\/tr>\n<tr style=\"background-color: #dbd9d9;\">\n<td style=\"vertical-align: top;\">1<\/td>\n<td style=\"vertical-align: top;\"><a href=\"\/index.php\/osobnosti\/andrej-rudnickij\/\"><span style=\"color: #ee8027;\">Andrej Rudnickij<\/span><\/a><\/td>\n<td style=\"vertical-align: top;\">2013<\/td>\n<\/tr>\n<tr style=\"background-color: #f2f2f2;\">\n<td style=\"vertical-align: top;\">1<\/td>\n<td style=\"vertical-align: top;\"><a href=\"\/index.php\/osobnosti\/xavier-panseri\/\"><span style=\"color: #ee8027;\">Xavier Panseri<\/span><\/a><\/td>\n<td style=\"vertical-align: top;\">2014<\/td>\n<\/tr>\n<\/tbody>\n<\/table>\n<p>[\/vc_column_text][\/vc_column_inner][\/vc_row_inner][\/vc_tta_section][vc_tta_section title=&#8221;Sekce 2&#8243; tab_id=&#8221;1566309378718-fb670e21-7abb&#8221;][\/vc_tta_section][\/vc_tta_pageable][\/vc_column][\/vc_row]<\/p>\n","protected":false},"excerpt":{"rendered":"<p>[vc_row][vc_column][vc_btn title=&#8221;Baja Poland&#8221; style=&#8221;outline&#8221; shape=&#8221;square&#8221; color=&#8221;warning&#8221; size=&#8221;xs&#8221; align=&#8221;right&#8221; i_align=&#8221;right&#8221; i_icon_fontawesome=&#8221;fa fa-chevron-up&#8221; css_animation=&#8221;fadeIn&#8221; add_icon=&#8221;true&#8221; css=&#8221;.vc_custom_1628507656031{padding-right: 1px !important;padding-left: 1px !important;}&#8221; link=&#8221;url:%2Findex.php%2Fsouteze%2F%23poland|||&#8221;][vc_btn title=&#8221;Auto&#8221; style=&#8221;classic&#8221; shape=&#8221;square&#8221; color=&#8221;warning&#8221; size=&#8221;xs&#8221; css_animation=&#8221;fadeIn&#8221; css=&#8221;.vc_custom_1628507665816{padding-right: 1px !important;padding-left: 1px !important;}&#8221; link=&#8221;url:%2Findex.php%2Fsouteze%2Fpoland-vitezove%2F%23auto|||&#8221;][vc_tta_pageable no_fill_content_area=&#8221;1&#8243; active_section=&#8221;1&#8243; pagination_style=&#8221;&#8221; css_animation=&#8221;fadeIn&#8221;][vc_tta_section title=&#8221;Auto&#8221; tab_id=&#8221;auto&#8221;][vc_column_text css_animation=&#8221;fadeIn&#8221; css=&#8221;.vc_custom_1628507633977{padding-top: 200px !important;padding-right: 15px !important;padding-bottom: 15px !important;padding-left: 15px !important;background: #f2f2f2 url(https:\/\/www.dakarmania.cz\/wp-content\/uploads\/2019\/08\/14-poland-winners-01.jpg?id=10753) !important;background-position: center !important;background-repeat: no-repeat !important;background-size: cover [&hellip;]<\/p>\n","protected":false},"author":1,"featured_media":9141,"parent":4410,"menu_order":0,"comment_status":"closed","ping_status":"closed","template":"page-templates\/builder.php","meta":{"footnotes":""},"class_list":["post-9135","page","type-page","status-publish","has-post-thumbnail","hentry"],"yoast_head":"<!-- This site is optimized with the Yoast SEO plugin v24.9 - https:\/\/yoast.com\/wordpress\/plugins\/seo\/ -->\n<title>Baja Poland: V\u00edt\u011bzov\u00e9 - DAKARMANIA.cz<\/title>\n<meta name=\"robots\" content=\"index, follow, max-snippet:-1, max-image-preview:large, max-video-preview:-1\" \/>\n<link rel=\"canonical\" href=\"https:\/\/www.dakarmania.cz\/index.php\/souteze\/poland-vitezove\/\" \/>\n<meta property=\"og:locale\" content=\"cs_CZ\" \/>\n<meta property=\"og:type\" content=\"article\" \/>\n<meta property=\"og:title\" content=\"Baja Poland: V\u00edt\u011bzov\u00e9 - DAKARMANIA.cz\" \/>\n<meta property=\"og:description\" content=\"[vc_row][vc_column][vc_btn title=&#8221;Baja Poland&#8221; style=&#8221;outline&#8221; shape=&#8221;square&#8221; color=&#8221;warning&#8221; size=&#8221;xs&#8221; align=&#8221;right&#8221; i_align=&#8221;right&#8221; i_icon_fontawesome=&#8221;fa fa-chevron-up&#8221; css_animation=&#8221;fadeIn&#8221; add_icon=&#8221;true&#8221; css=&#8221;.vc_custom_1628507656031{padding-right: 1px !important;padding-left: 1px !important;}&#8221; link=&#8221;url:%2Findex.php%2Fsouteze%2F%23poland|||&#8221;][vc_btn title=&#8221;Auto&#8221; style=&#8221;classic&#8221; shape=&#8221;square&#8221; color=&#8221;warning&#8221; size=&#8221;xs&#8221; css_animation=&#8221;fadeIn&#8221; css=&#8221;.vc_custom_1628507665816{padding-right: 1px !important;padding-left: 1px !important;}&#8221; link=&#8221;url:%2Findex.php%2Fsouteze%2Fpoland-vitezove%2F%23auto|||&#8221;][vc_tta_pageable no_fill_content_area=&#8221;1&#8243; active_section=&#8221;1&#8243; pagination_style=&#8221;&#8221; css_animation=&#8221;fadeIn&#8221;][vc_tta_section title=&#8221;Auto&#8221; tab_id=&#8221;auto&#8221;][vc_column_text css_animation=&#8221;fadeIn&#8221; css=&#8221;.vc_custom_1628507633977{padding-top: 200px !important;padding-right: 15px !important;padding-bottom: 15px !important;padding-left: 15px !important;background: #f2f2f2 url(https:\/\/www.dakarmania.cz\/wp-content\/uploads\/2019\/08\/14-poland-winners-01.jpg?id=10753) !important;background-position: center !important;background-repeat: no-repeat !important;background-size: cover [&hellip;]\" \/>\n<meta property=\"og:url\" content=\"https:\/\/www.dakarmania.cz\/index.php\/souteze\/poland-vitezove\/\" \/>\n<meta property=\"og:site_name\" content=\"DAKARMANIA.cz\" \/>\n<meta property=\"article:publisher\" content=\"https:\/\/www.facebook.com\/dakarmania\/\" \/>\n<meta property=\"article:modified_time\" content=\"2023-07-19T11:51:29+00:00\" \/>\n<meta property=\"og:image\" content=\"https:\/\/www.dakarmania.cz\/wp-content\/uploads\/2019\/07\/15-poland-holowczyc-winner.jpg\" \/>\n\t<meta property=\"og:image:width\" content=\"1600\" \/>\n\t<meta property=\"og:image:height\" content=\"709\" \/>\n\t<meta property=\"og:image:type\" content=\"image\/jpeg\" \/>\n<meta name=\"twitter:card\" content=\"summary_large_image\" \/>\n<meta name=\"twitter:label1\" content=\"Odhadovan\u00e1 doba \u010dten\u00ed\" \/>\n\t<meta name=\"twitter:data1\" content=\"2 minuty\" \/>\n<script type=\"application\/ld+json\" class=\"yoast-schema-graph\">{\"@context\":\"https:\/\/schema.org\",\"@graph\":[{\"@type\":\"WebPage\",\"@id\":\"https:\/\/www.dakarmania.cz\/index.php\/souteze\/poland-vitezove\/\",\"url\":\"https:\/\/www.dakarmania.cz\/index.php\/souteze\/poland-vitezove\/\",\"name\":\"Baja Poland: V\u00edt\u011bzov\u00e9 - DAKARMANIA.cz\",\"isPartOf\":{\"@id\":\"https:\/\/www.dakarmania.cz\/#website\"},\"primaryImageOfPage\":{\"@id\":\"https:\/\/www.dakarmania.cz\/index.php\/souteze\/poland-vitezove\/#primaryimage\"},\"image\":{\"@id\":\"https:\/\/www.dakarmania.cz\/index.php\/souteze\/poland-vitezove\/#primaryimage\"},\"thumbnailUrl\":\"https:\/\/www.dakarmania.cz\/wp-content\/uploads\/2019\/07\/15-poland-holowczyc-winner.jpg\",\"datePublished\":\"2019-07-25T14:05:18+00:00\",\"dateModified\":\"2023-07-19T11:51:29+00:00\",\"breadcrumb\":{\"@id\":\"https:\/\/www.dakarmania.cz\/index.php\/souteze\/poland-vitezove\/#breadcrumb\"},\"inLanguage\":\"cs\",\"potentialAction\":[{\"@type\":\"ReadAction\",\"target\":[\"https:\/\/www.dakarmania.cz\/index.php\/souteze\/poland-vitezove\/\"]}]},{\"@type\":\"ImageObject\",\"inLanguage\":\"cs\",\"@id\":\"https:\/\/www.dakarmania.cz\/index.php\/souteze\/poland-vitezove\/#primaryimage\",\"url\":\"https:\/\/www.dakarmania.cz\/wp-content\/uploads\/2019\/07\/15-poland-holowczyc-winner.jpg\",\"contentUrl\":\"https:\/\/www.dakarmania.cz\/wp-content\/uploads\/2019\/07\/15-poland-holowczyc-winner.jpg\",\"width\":1600,\"height\":709,\"caption\":\"V roce 2015, bezprost\u0159edn\u011b po sv\u00e9m p\u00e1t\u00e9m v\u00edt\u011bzstv\u00ed na dom\u00e1c\u00ed Baja Poland, ozn\u00e1mil Krzysztof Ho\u0142owczyc ukon\u010den\u00ed kari\u00e9ry. \u00a9 BMW AG\"},{\"@type\":\"BreadcrumbList\",\"@id\":\"https:\/\/www.dakarmania.cz\/index.php\/souteze\/poland-vitezove\/#breadcrumb\",\"itemListElement\":[{\"@type\":\"ListItem\",\"position\":1,\"name\":\"Dom\u016f\",\"item\":\"https:\/\/www.dakarmania.cz\/\"},{\"@type\":\"ListItem\",\"position\":2,\"name\":\"Sout\u011b\u017ee\",\"item\":\"https:\/\/www.dakarmania.cz\/index.php\/souteze\/\"},{\"@type\":\"ListItem\",\"position\":3,\"name\":\"Baja Poland: V\u00edt\u011bzov\u00e9\"}]},{\"@type\":\"WebSite\",\"@id\":\"https:\/\/www.dakarmania.cz\/#website\",\"url\":\"https:\/\/www.dakarmania.cz\/\",\"name\":\"DAKARMANIA.cz\",\"description\":\"\u017dijeme Dakarem cel\u00fd rok\",\"publisher\":{\"@id\":\"https:\/\/www.dakarmania.cz\/#organization\"},\"potentialAction\":[{\"@type\":\"SearchAction\",\"target\":{\"@type\":\"EntryPoint\",\"urlTemplate\":\"https:\/\/www.dakarmania.cz\/?s={search_term_string}\"},\"query-input\":{\"@type\":\"PropertyValueSpecification\",\"valueRequired\":true,\"valueName\":\"search_term_string\"}}],\"inLanguage\":\"cs\"},{\"@type\":\"Organization\",\"@id\":\"https:\/\/www.dakarmania.cz\/#organization\",\"name\":\"DAKAR MANIA\",\"url\":\"https:\/\/www.dakarmania.cz\/\",\"logo\":{\"@type\":\"ImageObject\",\"inLanguage\":\"cs\",\"@id\":\"https:\/\/www.dakarmania.cz\/#\/schema\/logo\/image\/\",\"url\":\"https:\/\/www.dakarmania.cz\/wp-content\/uploads\/2018\/12\/Dakar-Mania-Logo-Square-Orange.png\",\"contentUrl\":\"https:\/\/www.dakarmania.cz\/wp-content\/uploads\/2018\/12\/Dakar-Mania-Logo-Square-Orange.png\",\"width\":992,\"height\":992,\"caption\":\"DAKAR MANIA\"},\"image\":{\"@id\":\"https:\/\/www.dakarmania.cz\/#\/schema\/logo\/image\/\"},\"sameAs\":[\"https:\/\/www.facebook.com\/dakarmania\/\"]}]}<\/script>\n<!-- \/ Yoast SEO plugin. -->","yoast_head_json":{"title":"Baja Poland: V\u00edt\u011bzov\u00e9 - DAKARMANIA.cz","robots":{"index":"index","follow":"follow","max-snippet":"max-snippet:-1","max-image-preview":"max-image-preview:large","max-video-preview":"max-video-preview:-1"},"canonical":"https:\/\/www.dakarmania.cz\/index.php\/souteze\/poland-vitezove\/","og_locale":"cs_CZ","og_type":"article","og_title":"Baja Poland: V\u00edt\u011bzov\u00e9 - DAKARMANIA.cz","og_description":"[vc_row][vc_column][vc_btn title=&#8221;Baja Poland&#8221; style=&#8221;outline&#8221; shape=&#8221;square&#8221; color=&#8221;warning&#8221; size=&#8221;xs&#8221; align=&#8221;right&#8221; i_align=&#8221;right&#8221; i_icon_fontawesome=&#8221;fa fa-chevron-up&#8221; css_animation=&#8221;fadeIn&#8221; add_icon=&#8221;true&#8221; css=&#8221;.vc_custom_1628507656031{padding-right: 1px !important;padding-left: 1px !important;}&#8221; link=&#8221;url:%2Findex.php%2Fsouteze%2F%23poland|||&#8221;][vc_btn title=&#8221;Auto&#8221; style=&#8221;classic&#8221; shape=&#8221;square&#8221; color=&#8221;warning&#8221; size=&#8221;xs&#8221; css_animation=&#8221;fadeIn&#8221; css=&#8221;.vc_custom_1628507665816{padding-right: 1px !important;padding-left: 1px !important;}&#8221; link=&#8221;url:%2Findex.php%2Fsouteze%2Fpoland-vitezove%2F%23auto|||&#8221;][vc_tta_pageable no_fill_content_area=&#8221;1&#8243; active_section=&#8221;1&#8243; pagination_style=&#8221;&#8221; css_animation=&#8221;fadeIn&#8221;][vc_tta_section title=&#8221;Auto&#8221; tab_id=&#8221;auto&#8221;][vc_column_text css_animation=&#8221;fadeIn&#8221; css=&#8221;.vc_custom_1628507633977{padding-top: 200px !important;padding-right: 15px !important;padding-bottom: 15px !important;padding-left: 15px !important;background: #f2f2f2 url(https:\/\/www.dakarmania.cz\/wp-content\/uploads\/2019\/08\/14-poland-winners-01.jpg?id=10753) !important;background-position: center !important;background-repeat: no-repeat !important;background-size: cover [&hellip;]","og_url":"https:\/\/www.dakarmania.cz\/index.php\/souteze\/poland-vitezove\/","og_site_name":"DAKARMANIA.cz","article_publisher":"https:\/\/www.facebook.com\/dakarmania\/","article_modified_time":"2023-07-19T11:51:29+00:00","og_image":[{"width":1600,"height":709,"url":"https:\/\/www.dakarmania.cz\/wp-content\/uploads\/2019\/07\/15-poland-holowczyc-winner.jpg","type":"image\/jpeg"}],"twitter_card":"summary_large_image","twitter_misc":{"Odhadovan\u00e1 doba \u010dten\u00ed":"2 minuty"},"schema":{"@context":"https:\/\/schema.org","@graph":[{"@type":"WebPage","@id":"https:\/\/www.dakarmania.cz\/index.php\/souteze\/poland-vitezove\/","url":"https:\/\/www.dakarmania.cz\/index.php\/souteze\/poland-vitezove\/","name":"Baja Poland: V\u00edt\u011bzov\u00e9 - DAKARMANIA.cz","isPartOf":{"@id":"https:\/\/www.dakarmania.cz\/#website"},"primaryImageOfPage":{"@id":"https:\/\/www.dakarmania.cz\/index.php\/souteze\/poland-vitezove\/#primaryimage"},"image":{"@id":"https:\/\/www.dakarmania.cz\/index.php\/souteze\/poland-vitezove\/#primaryimage"},"thumbnailUrl":"https:\/\/www.dakarmania.cz\/wp-content\/uploads\/2019\/07\/15-poland-holowczyc-winner.jpg","datePublished":"2019-07-25T14:05:18+00:00","dateModified":"2023-07-19T11:51:29+00:00","breadcrumb":{"@id":"https:\/\/www.dakarmania.cz\/index.php\/souteze\/poland-vitezove\/#breadcrumb"},"inLanguage":"cs","potentialAction":[{"@type":"ReadAction","target":["https:\/\/www.dakarmania.cz\/index.php\/souteze\/poland-vitezove\/"]}]},{"@type":"ImageObject","inLanguage":"cs","@id":"https:\/\/www.dakarmania.cz\/index.php\/souteze\/poland-vitezove\/#primaryimage","url":"https:\/\/www.dakarmania.cz\/wp-content\/uploads\/2019\/07\/15-poland-holowczyc-winner.jpg","contentUrl":"https:\/\/www.dakarmania.cz\/wp-content\/uploads\/2019\/07\/15-poland-holowczyc-winner.jpg","width":1600,"height":709,"caption":"V roce 2015, bezprost\u0159edn\u011b po sv\u00e9m p\u00e1t\u00e9m v\u00edt\u011bzstv\u00ed na dom\u00e1c\u00ed Baja Poland, ozn\u00e1mil Krzysztof Ho\u0142owczyc ukon\u010den\u00ed kari\u00e9ry. \u00a9 BMW AG"},{"@type":"BreadcrumbList","@id":"https:\/\/www.dakarmania.cz\/index.php\/souteze\/poland-vitezove\/#breadcrumb","itemListElement":[{"@type":"ListItem","position":1,"name":"Dom\u016f","item":"https:\/\/www.dakarmania.cz\/"},{"@type":"ListItem","position":2,"name":"Sout\u011b\u017ee","item":"https:\/\/www.dakarmania.cz\/index.php\/souteze\/"},{"@type":"ListItem","position":3,"name":"Baja Poland: V\u00edt\u011bzov\u00e9"}]},{"@type":"WebSite","@id":"https:\/\/www.dakarmania.cz\/#website","url":"https:\/\/www.dakarmania.cz\/","name":"DAKARMANIA.cz","description":"\u017dijeme Dakarem cel\u00fd rok","publisher":{"@id":"https:\/\/www.dakarmania.cz\/#organization"},"potentialAction":[{"@type":"SearchAction","target":{"@type":"EntryPoint","urlTemplate":"https:\/\/www.dakarmania.cz\/?s={search_term_string}"},"query-input":{"@type":"PropertyValueSpecification","valueRequired":true,"valueName":"search_term_string"}}],"inLanguage":"cs"},{"@type":"Organization","@id":"https:\/\/www.dakarmania.cz\/#organization","name":"DAKAR MANIA","url":"https:\/\/www.dakarmania.cz\/","logo":{"@type":"ImageObject","inLanguage":"cs","@id":"https:\/\/www.dakarmania.cz\/#\/schema\/logo\/image\/","url":"https:\/\/www.dakarmania.cz\/wp-content\/uploads\/2018\/12\/Dakar-Mania-Logo-Square-Orange.png","contentUrl":"https:\/\/www.dakarmania.cz\/wp-content\/uploads\/2018\/12\/Dakar-Mania-Logo-Square-Orange.png","width":992,"height":992,"caption":"DAKAR MANIA"},"image":{"@id":"https:\/\/www.dakarmania.cz\/#\/schema\/logo\/image\/"},"sameAs":["https:\/\/www.facebook.com\/dakarmania\/"]}]}},"amp_enabled":false,"_links":{"self":[{"href":"https:\/\/www.dakarmania.cz\/index.php\/wp-json\/wp\/v2\/pages\/9135","targetHints":{"allow":["GET"]}}],"collection":[{"href":"https:\/\/www.dakarmania.cz\/index.php\/wp-json\/wp\/v2\/pages"}],"about":[{"href":"https:\/\/www.dakarmania.cz\/index.php\/wp-json\/wp\/v2\/types\/page"}],"author":[{"embeddable":true,"href":"https:\/\/www.dakarmania.cz\/index.php\/wp-json\/wp\/v2\/users\/1"}],"replies":[{"embeddable":true,"href":"https:\/\/www.dakarmania.cz\/index.php\/wp-json\/wp\/v2\/comments?post=9135"}],"version-history":[{"count":25,"href":"https:\/\/www.dakarmania.cz\/index.php\/wp-json\/wp\/v2\/pages\/9135\/revisions"}],"predecessor-version":[{"id":27935,"href":"https:\/\/www.dakarmania.cz\/index.php\/wp-json\/wp\/v2\/pages\/9135\/revisions\/27935"}],"up":[{"embeddable":true,"href":"https:\/\/www.dakarmania.cz\/index.php\/wp-json\/wp\/v2\/pages\/4410"}],"wp:featuredmedia":[{"embeddable":true,"href":"https:\/\/www.dakarmania.cz\/index.php\/wp-json\/wp\/v2\/media\/9141"}],"wp:attachment":[{"href":"https:\/\/www.dakarmania.cz\/index.php\/wp-json\/wp\/v2\/media?parent=9135"}],"curies":[{"name":"wp","href":"https:\/\/api.w.org\/{rel}","templated":true}]}}